{"id":10410,"date":"2023-12-27T23:34:11","date_gmt":"2023-12-27T23:34:11","guid":{"rendered":"https:\/\/tedenloesopreis.nl\/?page_id=10410"},"modified":"2024-01-01T18:07:30","modified_gmt":"2024-01-01T18:07:30","slug":"iberie-2019-campings","status":"publish","type":"page","link":"https:\/\/tedenloesopreis.nl\/index.php\/iberie-2019-campings\/","title":{"rendered":"IBERI\u00cb-2019-CAMPINGS"},"content":{"rendered":"\n<div class=\"wp-block-columns is-layout-flex wp-container-core-columns-is-layout-9d6595d7 wp-block-columns-is-layout-flex\">\n<div class=\"wp-block-column is-layout-flow wp-block-column-is-layout-flow\" style=\"flex-basis:33.33%\">\n<p><a href=\"http:\/\/tedenloesopreis.nl\/index.php\/iberie-2019\/\">terug<\/a><\/p>\n<\/div>\n\n\n\n<div class=\"wp-block-column is-layout-flow wp-block-column-is-layout-flow\" style=\"flex-basis:66.66%\">\n<p><strong>IBERI\u00cb 2019<br>CAMPINGS EN CAMPERPLAATSEN<\/strong><\/p>\n<\/div>\n<\/div>\n\n\n\n<div class=\"wp-block-columns is-layout-flex wp-container-core-columns-is-layout-9d6595d7 wp-block-columns-is-layout-flex\">\n<div class=\"wp-block-column is-layout-flow wp-block-column-is-layout-flow\">\n<p><a href=\"https:\/\/www.campercontact.com\/nl\/frankrijk\/ile-de-france\/melun\/55390\/camping-la-belle-etoile\" target=\"_blank\" rel=\"noreferrer noopener\">01: Melun<\/a><br><a href=\"https:\/\/www.campercontact.com\/nl\/frankrijk\/nouvelle-aquitaine\/aixe-sur-vienne\/15811\/camping-municipal-les-greves\" target=\"_blank\" rel=\"noreferrer noopener\">02: Aixe-sur-Vienne<\/a><br><a href=\"https:\/\/www.campercontact.com\/nl\/frankrijk\/nouvelle-aquitaine\/urrugne\/25948\/camping-larrouleta\" target=\"_blank\" rel=\"noreferrer noopener\">03: Urrugne<\/a><br><a href=\"https:\/\/www.campercontact.com\/nl\/spanje\/castilie-en-leon\/cardenajimeno\/28612\/camping-fuentes-blancas\" target=\"_blank\" rel=\"noreferrer noopener\">05: Burgos<\/a><br><a href=\"https:\/\/www.campercontact.com\/nl\/spanje\/castilie-en-leon\/cabrerizos\/26715\/camping-don-quijote\" target=\"_blank\" rel=\"noreferrer noopener\">06: Salamanca<\/a><br><a href=\"https:\/\/www.campercontact.com\/nl\/spanje\/extremadura\/caceres\/10606\/caceres-camping-cat1\" target=\"_blank\" rel=\"noreferrer noopener\">09: C\u00e1ceres<\/a><br><a href=\"https:\/\/www.campercontact.com\/nl\/spanje\/andalusie\/el-rocio\/6647\/camping-la-aldea\" target=\"_blank\" rel=\"noreferrer noopener\">10: El Rocio<\/a><br><a href=\"https:\/\/www.campercontact.com\/nl\/portugal\/faro\/tavira\/9024\/campismo-ria-formosa\" target=\"_blank\" rel=\"noreferrer noopener\">11: Tavira<\/a><br><a href=\"https:\/\/www.campercontact.com\/nl\/portugal\/faro\/lagos\/46600\/camping-turiscampo\" target=\"_blank\" rel=\"noreferrer noopener\">14: Lagos<\/a><br><a href=\"https:\/\/www.campercontact.com\/nl\/portugal\/beja\/19408\/serro-da-bica\" target=\"_blank\" rel=\"noreferrer noopener\">17: Ourique<\/a><br><a href=\"https:\/\/www.campercontact.com\/nl\/portugal\/evora\/evora\/41187\/orbitur-evora\" target=\"_blank\" rel=\"noreferrer noopener\">18: \u00c9vora<\/a><\/p>\n<\/div>\n\n\n\n<div class=\"wp-block-column is-layout-flow wp-block-column-is-layout-flow\">\n<p><a href=\"https:\/\/www.campercontact.com\/nl\/portugal\/lissabon\/lissabon\/14248\/parque-campismo-monsanto\" target=\"_blank\" rel=\"noreferrer noopener\">19: Lissabon<\/a><br><a href=\"https:\/\/www.info4camper.com\/parque_odrinhas_parque_sao_joao_das_lampas_parquecaravana.html?lg=nl\" target=\"_blank\" rel=\"noreferrer noopener\">21: Odrinhas<\/a><br><a href=\"https:\/\/www.eurocampings.nl\/portugal\/leiria\/nazare\/camping-orbitur-valado-106354\/?l=region\" target=\"_blank\" rel=\"noreferrer noopener\">22: Nazar\u00e9<\/a><br><a href=\"https:\/\/www.campercontact.com\/nl\/portugal\/coimbra\/coimbra\/10003\/camping-parque-municipal-de-campismo\" target=\"_blank\" rel=\"noreferrer noopener\">31: Coimbra<\/a><br><a href=\"https:\/\/www.campercontact.com\/nl\/portugal\/viseu\/27961\/quinta-chave-grande\" target=\"_blank\" rel=\"noreferrer noopener\">32: Casfreires<\/a><br><a href=\"https:\/\/www.campercontact.com\/nl\/portugal\/viseu\/lamego\/22148\/lamego\" target=\"_blank\" rel=\"noreferrer noopener\">34: Lamego<\/a><br><a href=\"https:\/\/www.campercontact.com\/nl\/portugal\/porto\/vila-nova-de-gaia\/10002\/camping-salgueiros\" target=\"_blank\" rel=\"noreferrer noopener\">36: Vila Nova de Gaia<\/a><br><a href=\"https:\/\/www.campercontact.com\/nl\/portugal\/braga\/braga\/29018\/parque-municipal-de-campismo\" target=\"_blank\" rel=\"noreferrer noopener\">38: Braga<\/a><br><a href=\"https:\/\/www.eurocampings.nl\/portugal\/viana-do-castelo\/vila-praia-de-ancora\/parque-de-campismo-do-paco-110690\/?l=region\" target=\"_blank\" rel=\"noreferrer noopener\">40: \u0100ncora<\/a><br><a href=\"https:\/\/www.campercontact.com\/nl\/spanje\/galicie\/santiago-de-compostella\/43226\/camping-as-cancelas\" target=\"_blank\" rel=\"noreferrer noopener\">43: Santiago de Compostela<\/a><\/p>\n<\/div>\n\n\n\n<div class=\"wp-block-column is-layout-flow wp-block-column-is-layout-flow\">\n<p><a href=\"https:\/\/www.campercontact.com\/nl\/spanje\/galicie\/oleiros\/66213\/camping-los-manzanos\" target=\"_blank\" rel=\"noreferrer noopener\">45: A Coru\u00f1a<\/a><br><a href=\"https:\/\/www.campercontact.com\/nl\/spanje\/galicie\/barreiros\/86049\/camping-a-gaivota\" target=\"_blank\" rel=\"noreferrer noopener\">46: San Cosme de Barreiros<\/a><br><a href=\"https:\/\/www.campercontact.com\/nl\/spanje\/asturie\/ribadesella\/40979\/camping-ribadesella\" target=\"_blank\" rel=\"noreferrer noopener\">47: Ribadesella<\/a><br><a href=\"https:\/\/www.campercontact.com\/nl\/spanje\/cantabrie\/camaleno\/46778\/camping-la-viorna\" target=\"_blank\" rel=\"noreferrer noopener\">48: Potes<\/a><br><a href=\"https:\/\/www.campercontact.com\/nl\/spanje\/cantabrie\/san-vicente-de-la-barquera\/55482\/camping-oyambre\" target=\"_blank\" rel=\"noreferrer noopener\">50: San Vicente de la Barquera<\/a><br><a href=\"https:\/\/www.campercontact.com\/nl\/spanje\/baskenland\/deba\/57900\/camping-bungalows-itxaspe\" target=\"_blank\" rel=\"noreferrer noopener\">52: Itxaspes<\/a><br><a href=\"https:\/\/www.campercontact.com\/nl\/frankrijk\/nouvelle-aquitaine\/urrugne\/25948\/camping-larrouleta\" target=\"_blank\" rel=\"noreferrer noopener\">53: Urrugne<\/a><br><a href=\"https:\/\/www.campercontact.com\/nl\/frankrijk\/nouvelle-aquitaine\/douville\/59361\/camping-lestaubiere\" target=\"_blank\" rel=\"noreferrer noopener\">55: Douville<\/a><br><a href=\"https:\/\/www.campercontact.com\/nl\/frankrijk\/centre\/bourges\/48517\/camping-robinson\" target=\"_blank\" rel=\"noreferrer noopener\">56: Bourges<\/a><br><a href=\"https:\/\/www.campercontact.com\/nl\/frankrijk\/hauts-de-france\/cessieres-suzy\/57662\/les-etangs-du-moulin\" target=\"_blank\" rel=\"noreferrer noopener\">57: Suzy<\/a><br><br><br><br><br><br><br><br><br><br><br><br><br><br><br><br><br><br><br><br><br><br><br><br><br><br><br><br><br><br><\/p>\n<\/div>\n<\/div>\n","protected":false},"excerpt":{"rendered":"<p>terug IBERI\u00cb 2019CAMPINGS EN CAMPERPLAATSEN 01: Melun02: Aixe-sur-Vienne03: Urrugne05: Burgos06: Salamanca09: C\u00e1ceres10: El Rocio11: Tavira14: Lagos17: Ourique18: \u00c9vora 19: Lissabon21: Odrinhas22: Nazar\u00e931: Coimbra32: Casfreires34: Lamego36: Vila Nova de [&hellip;]<\/p>\n","protected":false},"author":1,"featured_media":0,"parent":0,"menu_order":0,"comment_status":"closed","ping_status":"closed","template":"","meta":{"footnotes":""},"class_list":["post-10410","page","type-page","status-publish","hentry"],"_links":{"self":[{"href":"https:\/\/tedenloesopreis.nl\/index.php\/wp-json\/wp\/v2\/pages\/10410","targetHints":{"allow":["GET"]}}],"collection":[{"href":"https:\/\/tedenloesopreis.nl\/index.php\/wp-json\/wp\/v2\/pages"}],"about":[{"href":"https:\/\/tedenloesopreis.nl\/index.php\/wp-json\/wp\/v2\/types\/page"}],"author":[{"embeddable":true,"href":"https:\/\/tedenloesopreis.nl\/index.php\/wp-json\/wp\/v2\/users\/1"}],"replies":[{"embeddable":true,"href":"https:\/\/tedenloesopreis.nl\/index.php\/wp-json\/wp\/v2\/comments?post=10410"}],"version-history":[{"count":3,"href":"https:\/\/tedenloesopreis.nl\/index.php\/wp-json\/wp\/v2\/pages\/10410\/revisions"}],"predecessor-version":[{"id":10953,"href":"https:\/\/tedenloesopreis.nl\/index.php\/wp-json\/wp\/v2\/pages\/10410\/revisions\/10953"}],"wp:attachment":[{"href":"https:\/\/tedenloesopreis.nl\/index.php\/wp-json\/wp\/v2\/media?parent=10410"}],"curies":[{"name":"wp","href":"https:\/\/api.w.org\/{rel}","templated":true}]}}