{"id":10442,"date":"2023-12-28T09:46:37","date_gmt":"2023-12-28T09:46:37","guid":{"rendered":"https:\/\/tedenloesopreis.nl\/?page_id=10442"},"modified":"2026-03-29T17:09:24","modified_gmt":"2026-03-29T17:09:24","slug":"scandinavie-2022","status":"publish","type":"page","link":"https:\/\/tedenloesopreis.nl\/index.php\/scandinavie-2022\/","title":{"rendered":"SCANDINAVI\u00cb-2022"},"content":{"rendered":"\n<div style=\"height:35px\" aria-hidden=\"true\" id=\"titel\" class=\"wp-block-spacer\"><\/div>\n\n\n\n<div class=\"wp-block-columns is-layout-flex wp-container-core-columns-is-layout-9d6595d7 wp-block-columns-is-layout-flex\">\n<div class=\"wp-block-column is-layout-flow wp-block-column-is-layout-flow\" style=\"flex-basis:33.33%\"><\/div>\n\n\n\n<div class=\"wp-block-column is-layout-flow wp-block-column-is-layout-flow\" style=\"flex-basis:66.66%\">\n<p class=\"has-larger-font-size\"><strong>SCANDINAVI\u00cb 2022<\/strong><\/p>\n<\/div>\n<\/div>\n\n\n\n<div class=\"wp-block-columns is-layout-flex wp-container-core-columns-is-layout-9d6595d7 wp-block-columns-is-layout-flex\">\n<div class=\"wp-block-column is-layout-flow wp-block-column-is-layout-flow\" style=\"flex-basis:33.33%\">\n<figure class=\"wp-block-image size-full\"><a href=\"https:\/\/tedenloesopreis.nl\/wp-content\/uploads\/2023\/12\/IMG_4739-1024x768-1.jpeg\" target=\"_blank\" rel=\"noreferrer noopener\"><img loading=\"lazy\" decoding=\"async\" width=\"1024\" height=\"768\" src=\"https:\/\/tedenloesopreis.nl\/wp-content\/uploads\/2023\/12\/IMG_4739-1024x768-1.jpeg\" alt=\"\" class=\"wp-image-10443\" srcset=\"https:\/\/tedenloesopreis.nl\/wp-content\/uploads\/2023\/12\/IMG_4739-1024x768-1.jpeg 1024w, https:\/\/tedenloesopreis.nl\/wp-content\/uploads\/2023\/12\/IMG_4739-1024x768-1-300x225.jpeg 300w, https:\/\/tedenloesopreis.nl\/wp-content\/uploads\/2023\/12\/IMG_4739-1024x768-1-768x576.jpeg 768w\" sizes=\"auto, (max-width: 1024px) 100vw, 1024px\" \/><\/a><\/figure>\n<\/div>\n\n\n\n<div class=\"wp-block-column is-layout-flow wp-block-column-is-layout-flow\" style=\"flex-basis:66.66%\">\n<p>In 2022 hebben we van 20 juli tot en met 7 september een rondreis gemaakt door Scandinavi\u00eb: via West-Zweden en Noorwegen naar de Noordkaap, naar het oosten tot aan de Russische grens, en via Fins Lapland en het binnenland van Zweden weer terug.<br>In 50 dagen hebben we 36 etappes gereden. Daarbij hebben we 8992 kilometer afgelegd.<\/p>\n\n\n\n<p><br><a href=\"https:\/\/tedenloesopreis.nl\/index.php\/scandinavie-2022-overzicht\/\">verkenner<\/a> (verslagen, etappes, afstanden)<br><br><a href=\"https:\/\/www.google.com\/maps\/d\/viewer?mid=1JXg3kcMmNidKmm6P1B2ZgSXR9_mYWe4&amp;femb=1&amp;ll=65.79338843364111%2C15.451843136414869&amp;z=3\" target=\"_blank\" rel=\"noreferrer noopener\">routekaart<\/a><br><a href=\"http:\/\/tedenloesopreis.nl\/index.php\/scandinavie-2022-campings\/\">campings en camperplaatsen<\/a><br><a href=\"https:\/\/tedenloesopreis.nl\/index.php\/scandinavie-2022-tags\/\">tags<\/a><br><br><a href=\"http:\/\/tedenloesopreis.nl\/index.php\/scandinavie-2022-inleiding\/\">inleiding<\/a><\/p>\n<\/div>\n<\/div>\n\n\n\n<div class=\"wp-block-columns is-layout-flex wp-container-core-columns-is-layout-9d6595d7 wp-block-columns-is-layout-flex\">\n<div class=\"wp-block-column is-layout-flow wp-block-column-is-layout-flow\">\n<p class=\"has-orange-background-color has-background\" id=\"dag01\"><\/p>\n<\/div>\n<\/div>\n\n\n\n<div class=\"wp-block-columns is-layout-flex wp-container-core-columns-is-layout-9d6595d7 wp-block-columns-is-layout-flex\">\n<div class=\"wp-block-column is-layout-flow wp-block-column-is-layout-flow\" style=\"flex-basis:33.33%\">\n<p><a href=\"#titel\">top<\/a><\/p>\n<\/div>\n\n\n\n<div class=\"wp-block-column is-layout-flow wp-block-column-is-layout-flow\" style=\"flex-basis:66.66%\">\n<p><strong>DE HITTE ACHTERNA<\/strong><br>dag 01 &nbsp; &nbsp; &nbsp; wo 20 juli 2022<br><a href=\"https:\/\/www.google.com\/maps\/d\/edit?mid=1-E4Y4gW24P7noSacrVAaoG2fuibC6Hg&amp;ll=52.423461035920134%2C6.07114782168026&amp;z=8\" target=\"_blank\" rel=\"noreferrer noopener\">Tilburg \u2013 Westerstede<\/a>&nbsp;&nbsp; &nbsp; &nbsp; 357 km<\/p>\n<\/div>\n<\/div>\n\n\n\n<div style=\"height:20px\" aria-hidden=\"true\" class=\"wp-block-spacer\"><\/div>\n\n\n\n<div class=\"wp-block-columns is-layout-flex wp-container-core-columns-is-layout-9d6595d7 wp-block-columns-is-layout-flex\">\n<div class=\"wp-block-column is-layout-flow wp-block-column-is-layout-flow\" style=\"flex-basis:33.33%\"><\/div>\n\n\n\n<div class=\"wp-block-column is-layout-flow wp-block-column-is-layout-flow\" style=\"flex-basis:66.66%\">\n<p>De hittegolf trok gisteren in noordwestelijke richting over Nederland. We zullen er niet aan ontkomen: we gaan deze golf op onze sloffen inhalen.<\/p>\n\n\n\n<p>We hebben i.v.m. de te verwachten hoge temperaturen in Noord-Duitsland twee opties in gedachten:<br>1. we stoppen op tijd op de camperplaats in Westerstede en zoeken daar een schaduwrijk plaatsje onder de bomen,<br>2. we rijden, met de airco op volle kracht, door tot in de loop van de avond, als de temperatuur weer een beetje zal zijn gezakt.<\/p>\n\n\n\n<p>Daarom rijden we via Zwolle en Hoogeveen naar Meppen. Bij Meppen, net over de grens achter Klazienaveen, kunnen we een definitieve keuze maken: linksaf over de \u201c31\u201d en de \u201c28\u201d naar Westerstede of rechtdoor, over de \u201c402\u201d en de \u201c213\u201d, naar Cloppenburg, waar we voor de kilometers de \u201c1\u201d nemen naar Bremen en Hamburg.<\/p>\n\n\n\n<p>We zijn van plan om vlak voor Meppen, in Twist, relatief goedkoop te tanken. Dat blijkt echter geen goed idee. Als wij bij het tankstation aankomen, staat er een behoorlijk lange rij met Nederlandse auto\u2019s. We stellen het tanken daarom maar uit tot morgenvroeg.<\/p>\n\n\n\n<p>Onze route-voorkeur gaat uit naar de Westerstede-variant. Die camperplaats bevalt ons altijd weer, en de logische vervolgroute, via het Elbe-veer van Wischhafen naar Gl\u00fcckstadt, vinden wij veel prettiger dan de autosnelwegen bij Bremen en Hamburg. Daarom raadplegen wij in Twist de Top-Platz-app (onze favoriet als we in Duitsland zijn) en zien in die app dat er op dat moment nog voldoende plaatsen beschikbaar zijn in Westerstede. Er is dus een redelijk grote kans, dat we daar een plaatsje in de schaduw kunnen vinden. Dus slaan we in Meppen linksaf.<\/p>\n\n\n\n<p>We arriveren tegen vieren bij de&nbsp;<a href=\"https:\/\/www.campercontact.com\/nl\/duitsland\/nedersaksen\/westerstede\/74953\/camping-und-stellplatz-westerstede\" target=\"_blank\" rel=\"noreferrer noopener\">camperplaats<\/a>&nbsp;van Westerstede en vinden er inderdaad een prima plaatsje in de schaduw.&nbsp;In het begin van de avond vieren we de start van de vakantie bij het Griekse restaurant dat op het terrein van de camperplaats is gevestigd.<\/p>\n<\/div>\n<\/div>\n\n\n\n<div class=\"wp-block-columns is-layout-flex wp-container-core-columns-is-layout-9d6595d7 wp-block-columns-is-layout-flex\">\n<div class=\"wp-block-column is-layout-flow wp-block-column-is-layout-flow\"><\/div>\n\n\n\n<div class=\"wp-block-column is-layout-flow wp-block-column-is-layout-flow\">\n<figure class=\"wp-block-image size-full\"><a href=\"https:\/\/tedenloesopreis.nl\/wp-content\/uploads\/2023\/12\/IMG_4354-1024x768-1.jpeg\" target=\"_blank\" rel=\"noreferrer noopener\"><img loading=\"lazy\" decoding=\"async\" width=\"1024\" height=\"768\" src=\"https:\/\/tedenloesopreis.nl\/wp-content\/uploads\/2023\/12\/IMG_4354-1024x768-1.jpeg\" alt=\"\" class=\"wp-image-10457\" srcset=\"https:\/\/tedenloesopreis.nl\/wp-content\/uploads\/2023\/12\/IMG_4354-1024x768-1.jpeg 1024w, https:\/\/tedenloesopreis.nl\/wp-content\/uploads\/2023\/12\/IMG_4354-1024x768-1-300x225.jpeg 300w, https:\/\/tedenloesopreis.nl\/wp-content\/uploads\/2023\/12\/IMG_4354-1024x768-1-768x576.jpeg 768w\" sizes=\"auto, (max-width: 1024px) 100vw, 1024px\" \/><\/a><figcaption class=\"wp-element-caption\"><em>een plaatsje in de schaduw in Westerstede<\/em><\/figcaption><\/figure>\n<\/div>\n\n\n\n<div class=\"wp-block-column is-layout-flow wp-block-column-is-layout-flow\">\n<figure class=\"wp-block-image size-full\"><a href=\"https:\/\/tedenloesopreis.nl\/wp-content\/uploads\/2023\/12\/IMG_4355-1024x768-1.jpeg\" target=\"_blank\" rel=\"noreferrer noopener\"><img loading=\"lazy\" decoding=\"async\" width=\"1024\" height=\"768\" src=\"https:\/\/tedenloesopreis.nl\/wp-content\/uploads\/2023\/12\/IMG_4355-1024x768-1.jpeg\" alt=\"\" class=\"wp-image-10458\" srcset=\"https:\/\/tedenloesopreis.nl\/wp-content\/uploads\/2023\/12\/IMG_4355-1024x768-1.jpeg 1024w, https:\/\/tedenloesopreis.nl\/wp-content\/uploads\/2023\/12\/IMG_4355-1024x768-1-300x225.jpeg 300w, https:\/\/tedenloesopreis.nl\/wp-content\/uploads\/2023\/12\/IMG_4355-1024x768-1-768x576.jpeg 768w\" sizes=\"auto, (max-width: 1024px) 100vw, 1024px\" \/><\/a><figcaption class=\"wp-element-caption\"><em>het is vrij rustig op de camperplaats<\/em><\/figcaption><\/figure>\n<\/div>\n<\/div>\n\n\n\n<div style=\"height:35px\" aria-hidden=\"true\" class=\"wp-block-spacer\"><\/div>\n\n\n\n<div class=\"wp-block-columns is-layout-flex wp-container-core-columns-is-layout-9d6595d7 wp-block-columns-is-layout-flex\">\n<div class=\"wp-block-column is-layout-flow wp-block-column-is-layout-flow\">\n<p class=\"has-orange-background-color has-background\" id=\"dag02\"><\/p>\n<\/div>\n<\/div>\n\n\n\n<div class=\"wp-block-columns is-layout-flex wp-container-core-columns-is-layout-9d6595d7 wp-block-columns-is-layout-flex\">\n<div class=\"wp-block-column is-layout-flow wp-block-column-is-layout-flow\" style=\"flex-basis:33.33%\">\n<p><a href=\"#titel\">top<\/a><\/p>\n<\/div>\n\n\n\n<div class=\"wp-block-column is-layout-flow wp-block-column-is-layout-flow\" style=\"flex-basis:66.66%\">\n<p><strong>HET VLOT MAAR NIET<\/strong><br>dag 02 &nbsp; &nbsp; &nbsp; do 21 juli 2022<br><a href=\"https:\/\/www.google.com\/maps\/d\/edit?mid=1_LH9tAvaHuF56VoBFsFvd4fLyfXUqms&amp;ll=54.665060100843036%2C7.9107545634260426&amp;z=7\" target=\"_blank\" rel=\"noreferrer noopener\">Westerstede \u2013 Tinglev<\/a>&nbsp;&nbsp; &nbsp; &nbsp; 304 km<\/p>\n<\/div>\n<\/div>\n\n\n\n<div style=\"height:20px\" aria-hidden=\"true\" class=\"wp-block-spacer\"><\/div>\n\n\n\n<div class=\"wp-block-columns is-layout-flex wp-container-core-columns-is-layout-9d6595d7 wp-block-columns-is-layout-flex\">\n<div class=\"wp-block-column is-layout-flow wp-block-column-is-layout-flow\" style=\"flex-basis:33.33%\"><\/div>\n\n\n\n<div class=\"wp-block-column is-layout-flow wp-block-column-is-layout-flow\" style=\"flex-basis:66.66%\">\n<p>Door te kiezen voor een route over Westerstede, kies je ook voor de veerdienst van Wischhafen naar Gl\u00fcckstad. Dat is de enige manier om de Elbe ten noorden van Hamburg over te steken. Daarom rijden we vanuit Westerstede binnendoor, via Jade en de Wesertunnel, naar de \u201c27\u201d bij Bremerhafen. Iets ten noorden van Bremerhafen slaan we rechtsaf naar Bad Bederkesa en Lamstedt, waar we de \u201c495\u201d naar Wischhafen nemen.<\/p>\n\n\n\n<p>Natuurlijk verwacht je enige wachttijd bij de veerdienst, ook al varen er 5 ponten, maar vandaag is de wachttijd uitzonderlijk lang. Na zo\u2019n 15 minuten in de wachtrij te hebben stilgestaan, valt ons op dat er helemaal geen tegenliggers zijn te bespeuren. Zou de veerdienst ook \u201cmittagsruhe\u201d houden? Waarschijnlijk niet. Als we niet veel later worden gepasseerd door een ambulance, begint het te dagen: er is een ongeluk gebeurd en daardoor ligt de hele veerdienst plat. Het duurt uiteindelijk ruim 2 uur, voordat we aan de overkant zijn. Tijdens de overtocht valt overigens op, dat de veerboot erg langzaam vaart in de zijtak bij Wischhafen. Ook valt op, dat de volgende veerboot op de Elbe blijft wachten tot onze veerboot de zijtak heeft verlaten. Er zit dus niet zo veel vaart in de dienstregeling. Tegen het einde van onze reis zal duidelijk worden, waarom dit het geval is.<\/p>\n<\/div>\n<\/div>\n\n\n\n<div class=\"wp-block-columns is-layout-flex wp-container-core-columns-is-layout-9d6595d7 wp-block-columns-is-layout-flex\">\n<div class=\"wp-block-column is-layout-flow wp-block-column-is-layout-flow\"><\/div>\n\n\n\n<div class=\"wp-block-column is-layout-flow wp-block-column-is-layout-flow\">\n<figure class=\"wp-block-image size-full\"><a href=\"https:\/\/tedenloesopreis.nl\/wp-content\/uploads\/2023\/12\/IMG_4362-1024x768-1.jpeg\" target=\"_blank\" rel=\"noreferrer noopener\"><img loading=\"lazy\" decoding=\"async\" width=\"1024\" height=\"768\" src=\"https:\/\/tedenloesopreis.nl\/wp-content\/uploads\/2023\/12\/IMG_4362-1024x768-1.jpeg\" alt=\"\" class=\"wp-image-10461\" srcset=\"https:\/\/tedenloesopreis.nl\/wp-content\/uploads\/2023\/12\/IMG_4362-1024x768-1.jpeg 1024w, https:\/\/tedenloesopreis.nl\/wp-content\/uploads\/2023\/12\/IMG_4362-1024x768-1-300x225.jpeg 300w, https:\/\/tedenloesopreis.nl\/wp-content\/uploads\/2023\/12\/IMG_4362-1024x768-1-768x576.jpeg 768w\" sizes=\"auto, (max-width: 1024px) 100vw, 1024px\" \/><\/a><figcaption class=\"wp-element-caption\"><em>midden op de (lege) Elb<\/em>e<\/figcaption><\/figure>\n<\/div>\n\n\n\n<div class=\"wp-block-column is-layout-flow wp-block-column-is-layout-flow\">\n<figure class=\"wp-block-image size-full\"><a href=\"https:\/\/tedenloesopreis.nl\/wp-content\/uploads\/2023\/12\/IMG_4363-1024x768-1.jpeg\" target=\"_blank\" rel=\"noreferrer noopener\"><img loading=\"lazy\" decoding=\"async\" width=\"1024\" height=\"768\" src=\"https:\/\/tedenloesopreis.nl\/wp-content\/uploads\/2023\/12\/IMG_4363-1024x768-1.jpeg\" alt=\"\" class=\"wp-image-10462\" srcset=\"https:\/\/tedenloesopreis.nl\/wp-content\/uploads\/2023\/12\/IMG_4363-1024x768-1.jpeg 1024w, https:\/\/tedenloesopreis.nl\/wp-content\/uploads\/2023\/12\/IMG_4363-1024x768-1-300x225.jpeg 300w, https:\/\/tedenloesopreis.nl\/wp-content\/uploads\/2023\/12\/IMG_4363-1024x768-1-768x576.jpeg 768w\" sizes=\"auto, (max-width: 1024px) 100vw, 1024px\" \/><\/a><figcaption class=\"wp-element-caption\"><em>bijna in Gl\u00fcckstadt<\/em><\/figcaption><\/figure>\n<\/div>\n<\/div>\n\n\n\n<div class=\"wp-block-columns is-layout-flex wp-container-core-columns-is-layout-9d6595d7 wp-block-columns-is-layout-flex\">\n<div class=\"wp-block-column is-vertically-aligned-bottom is-layout-flow wp-block-column-is-layout-flow\" style=\"flex-basis:33.33%\">\n<figure class=\"wp-block-image size-full\"><a href=\"https:\/\/tedenloesopreis.nl\/wp-content\/uploads\/2023\/12\/IMG_4364-1-1024x768-1.jpeg\" target=\"_blank\" rel=\"noreferrer noopener\"><img loading=\"lazy\" decoding=\"async\" width=\"1024\" height=\"768\" src=\"https:\/\/tedenloesopreis.nl\/wp-content\/uploads\/2023\/12\/IMG_4364-1-1024x768-1.jpeg\" alt=\"\" class=\"wp-image-10463\" srcset=\"https:\/\/tedenloesopreis.nl\/wp-content\/uploads\/2023\/12\/IMG_4364-1-1024x768-1.jpeg 1024w, https:\/\/tedenloesopreis.nl\/wp-content\/uploads\/2023\/12\/IMG_4364-1-1024x768-1-300x225.jpeg 300w, https:\/\/tedenloesopreis.nl\/wp-content\/uploads\/2023\/12\/IMG_4364-1-1024x768-1-768x576.jpeg 768w\" sizes=\"auto, (max-width: 1024px) 100vw, 1024px\" \/><\/a><figcaption class=\"wp-element-caption\"><em>camperplaats in Tinglev<\/em><\/figcaption><\/figure>\n<\/div>\n\n\n\n<div class=\"wp-block-column is-layout-flow wp-block-column-is-layout-flow\" style=\"flex-basis:66.66%\">\n<p id=\"flensburg\">We rijden binnendoor, over de \u201c77\u201d, naar Rendsburg, waar we de autosnelweg naar het noorden opdraaien. Zo\u2019n 15 kilometer voor Flensburg kondigt zich de tweede grote hindernis van de dag aan: bij de Deense grens staat een flinke file met een (door TomTom) geschatte vertraging van 40 minuten. Er wordt een alternatieve route over de \u201c200\u201d voorgesteld met een vertraging van \u201cmaar 25 minuten\u201d. Uiteindelijk duurt het toch nog ruim een uur om de laatste 800 meter naar de grens af te leggen. De Deense grensbeambten willen van iedere niet-Deen het paspoort zien. Hoezo vrij verkeer van mensen en goederen in de Europese Gemeenschap?<\/p>\n\n\n\n<p>Gelukkig is niet alles kommer en kwel vandaag. Door alle vertragingen is het oorspronkelijke doel, doorrijden naar Odense op Jutland, niet meer haalbaar. We moeten dus op zoek naar een andere plek. We staan nu op een heel erg leuke&nbsp;<a href=\"https:\/\/www.norcamp.de\/en\/denmark\/stellplads-green.3164.1.openaction.owner.html\" target=\"_blank\" rel=\"noreferrer noopener\">camperplaat<\/a><a href=\"https:\/\/www.norcamp.de\/en\/denmark\/photos\/stellplads-green.3164.27.html\" target=\"_blank\" rel=\"noreferrer noopener\">s<\/a>, net over de grens, met een fraai uitzicht op een meertje.<\/p>\n<\/div>\n<\/div>\n\n\n\n<div style=\"height:35px\" aria-hidden=\"true\" class=\"wp-block-spacer\"><\/div>\n\n\n\n<div class=\"wp-block-columns is-layout-flex wp-container-core-columns-is-layout-9d6595d7 wp-block-columns-is-layout-flex\">\n<div class=\"wp-block-column is-layout-flow wp-block-column-is-layout-flow\">\n<p class=\"has-orange-background-color has-background\" id=\"dag03\"><\/p>\n<\/div>\n<\/div>\n\n\n\n<div class=\"wp-block-columns is-layout-flex wp-container-core-columns-is-layout-9d6595d7 wp-block-columns-is-layout-flex\">\n<div class=\"wp-block-column is-layout-flow wp-block-column-is-layout-flow\" style=\"flex-basis:33.33%\">\n<p><a href=\"#titel\">top<\/a><\/p>\n<\/div>\n\n\n\n<div class=\"wp-block-column is-layout-flow wp-block-column-is-layout-flow\" style=\"flex-basis:66.66%\">\n<p><strong>FLINK OPGESCHOTEN<\/strong><br>dag 03 &nbsp; &nbsp; &nbsp; vr 22 juli 2022<br><a href=\"https:\/\/www.google.com\/maps\/d\/viewer?mid=1F0XnbPz5g9wUrEdG7JYN8xEHvDmQqUk&amp;ll=55.71249142430106%2C11.120346021980616&amp;z=8\" target=\"_blank\" rel=\"noreferrer noopener\">Tinglev \u2013 V\u00e5xtorp<\/a>&nbsp;&nbsp; &nbsp; &nbsp; 445 km<\/p>\n<\/div>\n<\/div>\n\n\n\n<div style=\"height:20px\" aria-hidden=\"true\" class=\"wp-block-spacer\"><\/div>\n\n\n\n<div class=\"wp-block-columns is-layout-flex wp-container-core-columns-is-layout-9d6595d7 wp-block-columns-is-layout-flex\">\n<div class=\"wp-block-column is-layout-flow wp-block-column-is-layout-flow\" style=\"flex-basis:33.33%\"><\/div>\n\n\n\n<div class=\"wp-block-column is-layout-flow wp-block-column-is-layout-flow\" style=\"flex-basis:66.66%\">\n<p id=\"bruggen\">Er is vandaag geen enkele beer op de weg, en het verkeer is niet al te druk. We kunnen dus op onze sloffen doorrijden naar Zuid-Zweden.&nbsp;<\/p>\n\n\n\n<p>Onderweg \u201cdoen\u201d we de drie grote bruggen. De brug over de Lilleb\u00e6lt is tolvrij. Voor de overige grote bruggen hebben we de Bro Pass (zie de toelichting aan de voet van deze pagina). Met de bijbehorende transponder achter de voorruit gaat het passeren van de tolpoortjes bij de Storeb\u00e6ltbrug en de \u00d8resundbrug zonder te stoppen. De transponder geeft een enkele piep en de slagboom gaat direct open. De Zweedse douane laat het bij een vriendelijk zwaaien.<\/p>\n<\/div>\n<\/div>\n\n\n\n<div class=\"wp-block-columns is-layout-flex wp-container-core-columns-is-layout-9d6595d7 wp-block-columns-is-layout-flex\">\n<div class=\"wp-block-column is-layout-flow wp-block-column-is-layout-flow\"><\/div>\n\n\n\n<div class=\"wp-block-column is-layout-flow wp-block-column-is-layout-flow\">\n<figure class=\"wp-block-image size-full\"><a href=\"https:\/\/tedenloesopreis.nl\/wp-content\/uploads\/2023\/12\/IMG_4370-1024x768-1.jpeg\" target=\"_blank\" rel=\"noreferrer noopener\"><img loading=\"lazy\" decoding=\"async\" width=\"1024\" height=\"768\" src=\"https:\/\/tedenloesopreis.nl\/wp-content\/uploads\/2023\/12\/IMG_4370-1024x768-1.jpeg\" alt=\"\" class=\"wp-image-10467\" srcset=\"https:\/\/tedenloesopreis.nl\/wp-content\/uploads\/2023\/12\/IMG_4370-1024x768-1.jpeg 1024w, https:\/\/tedenloesopreis.nl\/wp-content\/uploads\/2023\/12\/IMG_4370-1024x768-1-300x225.jpeg 300w, https:\/\/tedenloesopreis.nl\/wp-content\/uploads\/2023\/12\/IMG_4370-1024x768-1-768x576.jpeg 768w\" sizes=\"auto, (max-width: 1024px) 100vw, 1024px\" \/><\/a><figcaption class=\"wp-element-caption\"><em>brug 1 over de Lilleb\u00e6lt<\/em><\/figcaption><\/figure>\n<\/div>\n\n\n\n<div class=\"wp-block-column is-layout-flow wp-block-column-is-layout-flow\">\n<figure class=\"wp-block-image size-full\"><a href=\"https:\/\/tedenloesopreis.nl\/wp-content\/uploads\/2023\/12\/IMG_4383-1024x768-1.jpeg\" target=\"_blank\" rel=\"noreferrer noopener\"><img loading=\"lazy\" decoding=\"async\" width=\"1024\" height=\"768\" src=\"https:\/\/tedenloesopreis.nl\/wp-content\/uploads\/2023\/12\/IMG_4383-1024x768-1.jpeg\" alt=\"\" class=\"wp-image-10468\" srcset=\"https:\/\/tedenloesopreis.nl\/wp-content\/uploads\/2023\/12\/IMG_4383-1024x768-1.jpeg 1024w, https:\/\/tedenloesopreis.nl\/wp-content\/uploads\/2023\/12\/IMG_4383-1024x768-1-300x225.jpeg 300w, https:\/\/tedenloesopreis.nl\/wp-content\/uploads\/2023\/12\/IMG_4383-1024x768-1-768x576.jpeg 768w\" sizes=\"auto, (max-width: 1024px) 100vw, 1024px\" \/><\/a><figcaption class=\"wp-element-caption\"><em>brug 2 over de Storeb\u00e6lt<\/em><\/figcaption><\/figure>\n<\/div>\n<\/div>\n\n\n\n<div class=\"wp-block-columns is-layout-flex wp-container-core-columns-is-layout-9d6595d7 wp-block-columns-is-layout-flex\">\n<div class=\"wp-block-column is-layout-flow wp-block-column-is-layout-flow\"><\/div>\n\n\n\n<div class=\"wp-block-column is-layout-flow wp-block-column-is-layout-flow\">\n<figure class=\"wp-block-image size-full\"><a href=\"https:\/\/tedenloesopreis.nl\/wp-content\/uploads\/2023\/12\/IMG_4386-1024x768-2.jpeg\" target=\"_blank\" rel=\"noreferrer noopener\"><img loading=\"lazy\" decoding=\"async\" width=\"1024\" height=\"768\" src=\"https:\/\/tedenloesopreis.nl\/wp-content\/uploads\/2023\/12\/IMG_4386-1024x768-2.jpeg\" alt=\"\" class=\"wp-image-10469\" srcset=\"https:\/\/tedenloesopreis.nl\/wp-content\/uploads\/2023\/12\/IMG_4386-1024x768-2.jpeg 1024w, https:\/\/tedenloesopreis.nl\/wp-content\/uploads\/2023\/12\/IMG_4386-1024x768-2-300x225.jpeg 300w, https:\/\/tedenloesopreis.nl\/wp-content\/uploads\/2023\/12\/IMG_4386-1024x768-2-768x576.jpeg 768w\" sizes=\"auto, (max-width: 1024px) 100vw, 1024px\" \/><\/a><figcaption class=\"wp-element-caption\"><em>in de tunnel onder de \u00d8resund<\/em><\/figcaption><\/figure>\n<\/div>\n\n\n\n<div class=\"wp-block-column is-layout-flow wp-block-column-is-layout-flow\">\n<figure class=\"wp-block-image size-full\"><a href=\"https:\/\/tedenloesopreis.nl\/wp-content\/uploads\/2023\/12\/IMG_4394-1024x768-2.jpeg\" target=\"_blank\" rel=\"noreferrer noopener\"><img loading=\"lazy\" decoding=\"async\" width=\"1024\" height=\"768\" src=\"https:\/\/tedenloesopreis.nl\/wp-content\/uploads\/2023\/12\/IMG_4394-1024x768-2.jpeg\" alt=\"\" class=\"wp-image-10470\" srcset=\"https:\/\/tedenloesopreis.nl\/wp-content\/uploads\/2023\/12\/IMG_4394-1024x768-2.jpeg 1024w, https:\/\/tedenloesopreis.nl\/wp-content\/uploads\/2023\/12\/IMG_4394-1024x768-2-300x225.jpeg 300w, https:\/\/tedenloesopreis.nl\/wp-content\/uploads\/2023\/12\/IMG_4394-1024x768-2-768x576.jpeg 768w\" sizes=\"auto, (max-width: 1024px) 100vw, 1024px\" \/><\/a><figcaption class=\"wp-element-caption\"><em>brug 3 over de \u00d8resund<\/em><\/figcaption><\/figure>\n<\/div>\n<\/div>\n\n\n\n<div class=\"wp-block-columns is-layout-flex wp-container-core-columns-is-layout-9d6595d7 wp-block-columns-is-layout-flex\">\n<div class=\"wp-block-column is-layout-flow wp-block-column-is-layout-flow\" style=\"flex-basis:33.33%\"><\/div>\n\n\n\n<div class=\"wp-block-column is-layout-flow wp-block-column-is-layout-flow\" style=\"flex-basis:66.66%\">\n<p>We leggen vandaag met 445 km een flinke afstand af, waarvan het laatste stuk over de E6 langs de Zweedse westkust. Voor een camping rijden we een stukje landinwaarts, want de campings aan de Zweedse westkust zijn peperduur en vaak heel erg druk. We staan nu op een prachtige&nbsp;<a href=\"https:\/\/www.campercontact.com\/nl\/zweden\/hallands-lan\/vaxtorp\/64715\/vaxtorps-camping-stugby\" target=\"_blank\" rel=\"noreferrer noopener\">natuurcamping<\/a>&nbsp;bij het plaatsje V\u00e5xtorp.<\/p>\n<\/div>\n<\/div>\n\n\n\n<div class=\"wp-block-columns is-layout-flex wp-container-core-columns-is-layout-9d6595d7 wp-block-columns-is-layout-flex\">\n<div class=\"wp-block-column is-layout-flow wp-block-column-is-layout-flow\"><\/div>\n\n\n\n<div class=\"wp-block-column is-layout-flow wp-block-column-is-layout-flow\">\n<figure class=\"wp-block-image size-full\"><a href=\"https:\/\/tedenloesopreis.nl\/wp-content\/uploads\/2023\/12\/IMG_4397-1024x768-1.jpeg\" target=\"_blank\" rel=\"noreferrer noopener\"><img loading=\"lazy\" decoding=\"async\" width=\"1024\" height=\"768\" src=\"https:\/\/tedenloesopreis.nl\/wp-content\/uploads\/2023\/12\/IMG_4397-1024x768-1.jpeg\" alt=\"\" class=\"wp-image-10471\" srcset=\"https:\/\/tedenloesopreis.nl\/wp-content\/uploads\/2023\/12\/IMG_4397-1024x768-1.jpeg 1024w, https:\/\/tedenloesopreis.nl\/wp-content\/uploads\/2023\/12\/IMG_4397-1024x768-1-300x225.jpeg 300w, https:\/\/tedenloesopreis.nl\/wp-content\/uploads\/2023\/12\/IMG_4397-1024x768-1-768x576.jpeg 768w\" sizes=\"auto, (max-width: 1024px) 100vw, 1024px\" \/><\/a><figcaption class=\"wp-element-caption\"><em>de camping in V\u00e5xtorp<\/em><\/figcaption><\/figure>\n<\/div>\n\n\n\n<div class=\"wp-block-column is-layout-flow wp-block-column-is-layout-flow\">\n<figure class=\"wp-block-image size-full\"><a href=\"https:\/\/tedenloesopreis.nl\/wp-content\/uploads\/2023\/12\/IMG_4398-1024x768-1.jpeg\" target=\"_blank\" rel=\"noreferrer noopener\"><img loading=\"lazy\" decoding=\"async\" width=\"1024\" height=\"768\" src=\"https:\/\/tedenloesopreis.nl\/wp-content\/uploads\/2023\/12\/IMG_4398-1024x768-1.jpeg\" alt=\"\" class=\"wp-image-10472\" srcset=\"https:\/\/tedenloesopreis.nl\/wp-content\/uploads\/2023\/12\/IMG_4398-1024x768-1.jpeg 1024w, https:\/\/tedenloesopreis.nl\/wp-content\/uploads\/2023\/12\/IMG_4398-1024x768-1-300x225.jpeg 300w, https:\/\/tedenloesopreis.nl\/wp-content\/uploads\/2023\/12\/IMG_4398-1024x768-1-768x576.jpeg 768w\" sizes=\"auto, (max-width: 1024px) 100vw, 1024px\" \/><\/a><figcaption class=\"wp-element-caption\"><em>de camping in V\u00e5xtorp<\/em><\/figcaption><\/figure>\n<\/div>\n<\/div>\n\n\n\n<div class=\"wp-block-columns is-layout-flex wp-container-core-columns-is-layout-9d6595d7 wp-block-columns-is-layout-flex\">\n<div class=\"wp-block-column is-layout-flow wp-block-column-is-layout-flow\" style=\"flex-basis:33.33%\"><\/div>\n\n\n\n<div class=\"wp-block-column is-layout-flow wp-block-column-is-layout-flow\" style=\"flex-basis:66.66%\">\n<p id=\"bruggentoelichting\"><strong><em>Toelichting voor alle camperaars die over de grote bruggen rijden<br><\/em><\/strong><br><em>De Bro Pass is eigenlijk een abonnement op de \u00d8resundbrug dat ook kan worden gebruikt op de Storeb\u00e6ltbrug, bij alle tolpoorten in Noorwegen en Zweden, en bij meerdere ferries in Noorwegen (zie ook &nbsp;<a href=\"http:\/\/www.oresundsbron.com\/\" target=\"_blank\" rel=\"noreferrer noopener\">www.oresundsbron.com<\/a>). Het abonnement kost in 2022 voor een camper \u20ac 44,58. Bij de eerste passage over de \u00d8resundbrug krijg je al een korting die groter is dan de abonnementsprijs. Dat is dus snel terugverdiend. Ook op de Storeb\u00e6ltbrug en de Noorse tolpoortjes krijg je met de Bro Pass een flinke korting. De Noorse tolpoortjes en ferries werken overigens met kentekenherkenning en niet met de transponder,&nbsp;<br>De \u00d8resundbrug-organisatie verzorgt de administratieve afhandeling van alle tolgelden die je verschuldigd bent (waarschijnlijk daarom krijg je korting bij de Noorse tolpoortjes). Ze brengen de bedragen in rekening op de geregistreerde creditcard.<\/em><\/p>\n<\/div>\n<\/div>\n\n\n\n<div style=\"height:35px\" aria-hidden=\"true\" class=\"wp-block-spacer\"><\/div>\n\n\n\n<div class=\"wp-block-columns is-layout-flex wp-container-core-columns-is-layout-9d6595d7 wp-block-columns-is-layout-flex\">\n<div class=\"wp-block-column is-layout-flow wp-block-column-is-layout-flow\">\n<p class=\"has-orange-background-color has-background\" id=\"dag04\"><\/p>\n<\/div>\n<\/div>\n\n\n\n<div class=\"wp-block-columns is-layout-flex wp-container-core-columns-is-layout-9d6595d7 wp-block-columns-is-layout-flex\">\n<div class=\"wp-block-column is-layout-flow wp-block-column-is-layout-flow\" style=\"flex-basis:33.33%\">\n<p><a href=\"#titel\">top<\/a><\/p>\n<\/div>\n\n\n\n<div class=\"wp-block-column is-layout-flow wp-block-column-is-layout-flow\" style=\"flex-basis:66.66%\">\n<p><strong>G\u00d6TEBORG VOORBIJ<\/strong><br>dag 04 &nbsp; &nbsp; &nbsp; za 23 juli 2022<br><a href=\"https:\/\/www.google.com\/maps\/d\/viewer?mid=1aAD9lDKotssQSNDDo7HMhKcaeZnzpAw&amp;ll=57.44348530859307%2C11.661048298345058&amp;z=8\" target=\"_blank\" rel=\"noreferrer noopener\">V\u00e5xtorp \u2013 Trollh\u00e4ttan<\/a>       255 km<\/p>\n<\/div>\n<\/div>\n\n\n\n<div style=\"height:20px\" aria-hidden=\"true\" class=\"wp-block-spacer\"><\/div>\n\n\n\n<div class=\"wp-block-columns is-layout-flex wp-container-core-columns-is-layout-9d6595d7 wp-block-columns-is-layout-flex\">\n<div class=\"wp-block-column is-layout-flow wp-block-column-is-layout-flow\" style=\"flex-basis:33.33%\">\n<figure class=\"wp-block-image size-full\"><a href=\"https:\/\/tedenloesopreis.nl\/wp-content\/uploads\/2023\/12\/IMG_4400-1024x768-1.jpeg\" target=\"_blank\" rel=\"noreferrer noopener\"><img loading=\"lazy\" decoding=\"async\" width=\"1024\" height=\"768\" src=\"https:\/\/tedenloesopreis.nl\/wp-content\/uploads\/2023\/12\/IMG_4400-1024x768-1.jpeg\" alt=\"\" class=\"wp-image-10474\" srcset=\"https:\/\/tedenloesopreis.nl\/wp-content\/uploads\/2023\/12\/IMG_4400-1024x768-1.jpeg 1024w, https:\/\/tedenloesopreis.nl\/wp-content\/uploads\/2023\/12\/IMG_4400-1024x768-1-300x225.jpeg 300w, https:\/\/tedenloesopreis.nl\/wp-content\/uploads\/2023\/12\/IMG_4400-1024x768-1-768x576.jpeg 768w\" sizes=\"auto, (max-width: 1024px) 100vw, 1024px\" \/><\/a><figcaption class=\"wp-element-caption\"><em>de camping in Trollh\u00e4ttan<\/em><\/figcaption><\/figure>\n<\/div>\n\n\n\n<div class=\"wp-block-column is-layout-flow wp-block-column-is-layout-flow\" style=\"flex-basis:66.66%\">\n<p>We rijden vandaag zo\u2019n 250 km verder. Vanuit V\u00e5xtorp gaan we over de \u201824\u2019 richting Mellbystrand, Daar nemen we weer de E6 in noordelijke richting. We hebben wat oponthoud in G\u00f6teborg, Daar staat vaak een file op de E6 voor de tunnel onder de G\u00f6ta \u00e4lv. Wij gaan v\u00f3\u00f3r die tunnel rechtsaf naar de E45 en hebben daarom veel minder last van die file.&nbsp;<\/p>\n\n\n\n<p>We komen rond 13:00 uur aan op de&nbsp;<a href=\"https:\/\/www.campercontact.com\/nl\/zweden\/vastra-gotalands-lan\/trollhattan\/57463\/trollhattans-camping-city\" target=\"_blank\" rel=\"noreferrer noopener\">camping<\/a>&nbsp;van Trollh\u00e4ttan. Morgen houden we hier, na 4 reisdagen en 1361 km, een rustdag.<\/p>\n<\/div>\n<\/div>\n\n\n\n<div style=\"height:35px\" aria-hidden=\"true\" class=\"wp-block-spacer\"><\/div>\n\n\n\n<div class=\"wp-block-columns is-layout-flex wp-container-core-columns-is-layout-9d6595d7 wp-block-columns-is-layout-flex\">\n<div class=\"wp-block-column is-layout-flow wp-block-column-is-layout-flow\">\n<p class=\"has-orange-background-color has-background\" id=\"dag05\"><\/p>\n<\/div>\n<\/div>\n\n\n\n<div class=\"wp-block-columns is-layout-flex wp-container-core-columns-is-layout-9d6595d7 wp-block-columns-is-layout-flex\">\n<div class=\"wp-block-column is-layout-flow wp-block-column-is-layout-flow\" style=\"flex-basis:33.33%\">\n<p><a href=\"#titel\">top<\/a><\/p>\n<\/div>\n\n\n\n<div class=\"wp-block-column is-layout-flow wp-block-column-is-layout-flow\" style=\"flex-basis:66.66%\">\n<p><strong>DE SLUIZEN VAN TROLH\u00c4TTAN<\/strong><br>dag 05 &nbsp; &nbsp; &nbsp; zo 23 juli 2022<br>Trollh\u00e4ttan &nbsp; &nbsp; &nbsp; 0 km<\/p>\n<\/div>\n<\/div>\n\n\n\n<div style=\"height:20px\" aria-hidden=\"true\" class=\"wp-block-spacer\"><\/div>\n\n\n\n<div class=\"wp-block-columns is-layout-flex wp-container-core-columns-is-layout-9d6595d7 wp-block-columns-is-layout-flex\">\n<div class=\"wp-block-column is-layout-flow wp-block-column-is-layout-flow\" style=\"flex-basis:33.33%\"><\/div>\n\n\n\n<div class=\"wp-block-column is-layout-flow wp-block-column-is-layout-flow\" style=\"flex-basis:66.66%\">\n<p>Vandaag fietsen we naar de sluizen van Trollh\u00e4ttan. Deze liggen in de G\u00f6ta \u00e4lv, een riviertje dat zorgt voor de afvoer van het water van het V\u00e4nernmeer naar het Kattegat bij G\u00f6teborg.<\/p>\n\n\n\n<p>In het begin van de 19e eeuw wilde Zweden een vaarweg van de Oostzee naar de Noordzee hebben, waarbij ze geen last zouden hebben van Deense interventies. Er moest immers flink tol worden betaald aan Denemarken bij passage van de Lilleb\u00e6lt, Storeb\u00e6lt en \u00d8resund. Daarom hebben ze het G\u00f6ta-kanaal gegraven van het V\u00e4nermeer naar de Oostzee (de route loopt via verschillende meren, zoals het V\u00e4tternmeer).&nbsp;<\/p>\n\n\n\n<p>Om de verbinding compleet te maken, is tegelijkertijd de G\u00f6ta \u00e4lv tot aan het V\u00e4nernmeer bevaarbaar gemaakt.&nbsp;Bij Trollh\u00e4ttan kende de G\u00f6ta \u00e4lv een verzameling watervallen. Deze zijn rond 1830 vervangen door het Tollh\u00e4ttan-kanaal, met 11 sluizen: de 3 bovenste sluizen, de 4 middelste sluizen en de 4 onderste sluizen. Deze zijn inmiddels allemaal buiten functie gesteld na de bouw van 4 bredere en langere sluizen met een grotere schuthoogte. Dit was nodig omdat de industrie aan het V\u00e4nernmeer voor grotere schepen bereikbaar moest worden. Tijdens ons bezoek passeert een flinke boot de nieuwe sluizen. Het is de Emilia van ruim 3700 ton. Ter vergelijking: het europaschip, het grootste binnenvaartschip op de Nederlandse rivieren, is ongeveer 1550 ton.<\/p>\n\n\n\n<p>Bij ons bezoek aan het sluizen-complex valt op, dat de oude sluisjes enerzijds worden gezien als industri\u00eble monumenten met een grote culturele waarde, anderzijds nogal worden verwaarloosd. De bovenste drie sluisjes hebben bijvoorbeeld inmiddels de status van plantenbak gekregen.<\/p>\n<\/div>\n<\/div>\n\n\n\n<div class=\"wp-block-columns is-layout-flex wp-container-core-columns-is-layout-9d6595d7 wp-block-columns-is-layout-flex\">\n<div class=\"wp-block-column is-layout-flow wp-block-column-is-layout-flow\">\n<figure class=\"wp-block-image size-full\"><a href=\"https:\/\/tedenloesopreis.nl\/wp-content\/uploads\/2023\/12\/IMG_4408-768x1024-1.jpeg\" target=\"_blank\" rel=\"noreferrer noopener\"><img loading=\"lazy\" decoding=\"async\" width=\"768\" height=\"1024\" src=\"https:\/\/tedenloesopreis.nl\/wp-content\/uploads\/2023\/12\/IMG_4408-768x1024-1.jpeg\" alt=\"\" class=\"wp-image-10476\" srcset=\"https:\/\/tedenloesopreis.nl\/wp-content\/uploads\/2023\/12\/IMG_4408-768x1024-1.jpeg 768w, https:\/\/tedenloesopreis.nl\/wp-content\/uploads\/2023\/12\/IMG_4408-768x1024-1-225x300.jpeg 225w\" sizes=\"auto, (max-width: 768px) 100vw, 768px\" \/><\/a><figcaption class=\"wp-element-caption\"><em>de bovenste drie oude sluisjes als plantenbak<\/em><\/figcaption><\/figure>\n<\/div>\n\n\n\n<div class=\"wp-block-column is-layout-flow wp-block-column-is-layout-flow\">\n<figure class=\"wp-block-image size-full\"><a href=\"https:\/\/tedenloesopreis.nl\/wp-content\/uploads\/2023\/12\/IMG_4410-1024x768-1.jpeg\" target=\"_blank\" rel=\"noreferrer noopener\"><img loading=\"lazy\" decoding=\"async\" width=\"1024\" height=\"768\" src=\"https:\/\/tedenloesopreis.nl\/wp-content\/uploads\/2023\/12\/IMG_4410-1024x768-1.jpeg\" alt=\"\" class=\"wp-image-10477\" srcset=\"https:\/\/tedenloesopreis.nl\/wp-content\/uploads\/2023\/12\/IMG_4410-1024x768-1.jpeg 1024w, https:\/\/tedenloesopreis.nl\/wp-content\/uploads\/2023\/12\/IMG_4410-1024x768-1-300x225.jpeg 300w, https:\/\/tedenloesopreis.nl\/wp-content\/uploads\/2023\/12\/IMG_4410-1024x768-1-768x576.jpeg 768w\" sizes=\"auto, (max-width: 1024px) 100vw, 1024px\" \/><\/a><figcaption class=\"wp-element-caption\"><em>bovenste drie oude sluisjes en bovenste nieuwe sluis<\/em><\/figcaption><\/figure>\n<\/div>\n\n\n\n<div class=\"wp-block-column is-layout-flow wp-block-column-is-layout-flow\">\n<figure class=\"wp-block-image size-full\"><a href=\"https:\/\/tedenloesopreis.nl\/wp-content\/uploads\/2023\/12\/IMG_4413-768x1024-1.jpeg\" target=\"_blank\" rel=\"noreferrer noopener\"><img loading=\"lazy\" decoding=\"async\" width=\"768\" height=\"1024\" src=\"https:\/\/tedenloesopreis.nl\/wp-content\/uploads\/2023\/12\/IMG_4413-768x1024-1.jpeg\" alt=\"\" class=\"wp-image-10478\" srcset=\"https:\/\/tedenloesopreis.nl\/wp-content\/uploads\/2023\/12\/IMG_4413-768x1024-1.jpeg 768w, https:\/\/tedenloesopreis.nl\/wp-content\/uploads\/2023\/12\/IMG_4413-768x1024-1-225x300.jpeg 225w\" sizes=\"auto, (max-width: 768px) 100vw, 768px\" \/><\/a><figcaption class=\"wp-element-caption\"><em>de vier middelste oude sluisjes<\/em><\/figcaption><\/figure>\n<\/div>\n<\/div>\n\n\n\n<div class=\"wp-block-columns is-layout-flex wp-container-core-columns-is-layout-9d6595d7 wp-block-columns-is-layout-flex\">\n<div class=\"wp-block-column is-layout-flow wp-block-column-is-layout-flow\">\n<figure class=\"wp-block-image size-full\"><a href=\"https:\/\/tedenloesopreis.nl\/wp-content\/uploads\/2023\/12\/IMG_4416-768x1024-1.jpeg\" target=\"_blank\" rel=\"noreferrer noopener\"><img loading=\"lazy\" decoding=\"async\" width=\"768\" height=\"1024\" src=\"https:\/\/tedenloesopreis.nl\/wp-content\/uploads\/2023\/12\/IMG_4416-768x1024-1.jpeg\" alt=\"\" class=\"wp-image-10479\" srcset=\"https:\/\/tedenloesopreis.nl\/wp-content\/uploads\/2023\/12\/IMG_4416-768x1024-1.jpeg 768w, https:\/\/tedenloesopreis.nl\/wp-content\/uploads\/2023\/12\/IMG_4416-768x1024-1-225x300.jpeg 225w\" sizes=\"auto, (max-width: 768px) 100vw, 768px\" \/><\/a><figcaption class=\"wp-element-caption\"><em>drie nieuwe sluiskolken op een rijtje<\/em><\/figcaption><\/figure>\n<\/div>\n\n\n\n<div class=\"wp-block-column is-layout-flow wp-block-column-is-layout-flow\">\n<figure class=\"wp-block-image size-full\"><a href=\"https:\/\/tedenloesopreis.nl\/wp-content\/uploads\/2023\/12\/IMG_4415-1024x768-1.jpeg\" target=\"_blank\" rel=\"noreferrer noopener\"><img loading=\"lazy\" decoding=\"async\" width=\"1024\" height=\"768\" src=\"https:\/\/tedenloesopreis.nl\/wp-content\/uploads\/2023\/12\/IMG_4415-1024x768-1.jpeg\" alt=\"\" class=\"wp-image-10480\" srcset=\"https:\/\/tedenloesopreis.nl\/wp-content\/uploads\/2023\/12\/IMG_4415-1024x768-1.jpeg 1024w, https:\/\/tedenloesopreis.nl\/wp-content\/uploads\/2023\/12\/IMG_4415-1024x768-1-300x225.jpeg 300w, https:\/\/tedenloesopreis.nl\/wp-content\/uploads\/2023\/12\/IMG_4415-1024x768-1-768x576.jpeg 768w\" sizes=\"auto, (max-width: 1024px) 100vw, 1024px\" \/><\/a><figcaption class=\"wp-element-caption\"><em>de Emilia op weg naar de bovenste nieuwe sluis<\/em><\/figcaption><\/figure>\n<\/div>\n\n\n\n<div class=\"wp-block-column is-layout-flow wp-block-column-is-layout-flow\">\n<figure class=\"wp-block-image size-full\"><a href=\"https:\/\/tedenloesopreis.nl\/wp-content\/uploads\/2023\/12\/IMG_4418-1024x768-1.jpeg\" target=\"_blank\" rel=\"noreferrer noopener\"><img loading=\"lazy\" decoding=\"async\" width=\"1024\" height=\"768\" src=\"https:\/\/tedenloesopreis.nl\/wp-content\/uploads\/2023\/12\/IMG_4418-1024x768-1.jpeg\" alt=\"\" class=\"wp-image-10481\" srcset=\"https:\/\/tedenloesopreis.nl\/wp-content\/uploads\/2023\/12\/IMG_4418-1024x768-1.jpeg 1024w, https:\/\/tedenloesopreis.nl\/wp-content\/uploads\/2023\/12\/IMG_4418-1024x768-1-300x225.jpeg 300w, https:\/\/tedenloesopreis.nl\/wp-content\/uploads\/2023\/12\/IMG_4418-1024x768-1-768x576.jpeg 768w\" sizes=\"auto, (max-width: 1024px) 100vw, 1024px\" \/><\/a><figcaption class=\"wp-element-caption\"><em>de Emilia in de G\u00f6ta \u00e4lv<\/em><\/figcaption><\/figure>\n<\/div>\n<\/div>\n\n\n\n<div style=\"height:25px\" aria-hidden=\"true\" class=\"wp-block-spacer\"><\/div>\n\n\n\n<div class=\"wp-block-columns is-layout-flex wp-container-core-columns-is-layout-9d6595d7 wp-block-columns-is-layout-flex\">\n<div class=\"wp-block-column is-layout-flow wp-block-column-is-layout-flow\">\n<p class=\"has-orange-background-color has-background\" id=\"dag06\"><\/p>\n<\/div>\n<\/div>\n\n\n\n<div class=\"wp-block-columns is-layout-flex wp-container-core-columns-is-layout-9d6595d7 wp-block-columns-is-layout-flex\">\n<div class=\"wp-block-column is-layout-flow wp-block-column-is-layout-flow\" style=\"flex-basis:33.33%\">\n<p><a href=\"#titel\">top<\/a><\/p>\n<\/div>\n\n\n\n<div class=\"wp-block-column is-layout-flow wp-block-column-is-layout-flow\" style=\"flex-basis:66.66%\">\n<p><strong>IN NOORWEGEN<\/strong><br>dag 06 &nbsp; &nbsp; &nbsp; ma 25 juli 202<br><a href=\"https:\/\/www.google.com\/maps\/d\/viewer?mid=1xSU3uS5e9wQWcCGb4WaNppPcEPpqrfE&amp;ll=59.32982141815948%2C11.468757109374984&amp;z=7\" target=\"_blank\" rel=\"noreferrer noopener\">Trollh\u00e4ttan \u2013 Tr\u00f8gstad<\/a>&nbsp;&nbsp; &nbsp;&nbsp; &nbsp;235 km<\/p>\n<\/div>\n<\/div>\n\n\n\n<div style=\"height:20px\" aria-hidden=\"true\" class=\"wp-block-spacer\"><\/div>\n\n\n\n<div class=\"wp-block-columns is-layout-flex wp-container-core-columns-is-layout-9d6595d7 wp-block-columns-is-layout-flex\">\n<div class=\"wp-block-column is-layout-flow wp-block-column-is-layout-flow\" style=\"flex-basis:33.33%\"><\/div>\n\n\n\n<div class=\"wp-block-column is-layout-flow wp-block-column-is-layout-flow\" style=\"flex-basis:66.66%\">\n<p>Tijdens de vorige reizen naar Noorwegen zijn we nooit naar Oslo gegaan. Dat doen we deze keer w\u00e9l. Oslo kent maar \u00e9\u00e9n acceptabele camperplaats van waaruit je per fiets naar de stad kunt. Die plek is al in de loop van de ochtend vol. We moeten dus op betrekkelijk korte afstand van Oslo overnachten. Daarom staan we nu op een&nbsp;<a href=\"https:\/\/www.campercontact.com\/nl\/noorwegen\/viken\/trgstad\/50828\/olberg-camping\" target=\"_blank\" rel=\"noreferrer noopener\">camping<\/a>&nbsp;in Tr\u00f8gstad, vlak boven Mysen. Morgen hoeven we nog maar 60 km te rijden.<br><br>Over vandaag kunnen we kort zijn: de ruitenwissers staan continu aan. N\u00fa is het eventjes droog, bij 17\u00b0C. De route is toeristisch: de E45 tot aan \u00c5m\u00e5l, vandaar een binnendoortje naar Grinsbyn, via de E18 naar Mysen, en tenslotte een klein stukje \u201c22\u201d. Onderweg kruisen we twee keer het Dalsland-kanaal, ter hoogte van H\u00e5verud en bij T\u00f6ckfors. In beide gevallen regent het veel te hard om uit te stappen. Wellicht komen we hier nog een keer op de terugweg<\/p>\n\n\n\n<p>Voor Marij: een paar kilometer westelijk van Grinsbyn zien we een bord dat verwijst naar Camp Grinsby. Misschien komen we ook daar nog op de terugweg.<\/p>\n<\/div>\n<\/div>\n\n\n\n<div class=\"wp-block-columns is-layout-flex wp-container-core-columns-is-layout-9d6595d7 wp-block-columns-is-layout-flex\">\n<div class=\"wp-block-column is-layout-flow wp-block-column-is-layout-flow\"><\/div>\n\n\n\n<div class=\"wp-block-column is-layout-flow wp-block-column-is-layout-flow\">\n<figure class=\"wp-block-image size-full\"><a href=\"https:\/\/tedenloesopreis.nl\/wp-content\/uploads\/2023\/12\/IMG_4421-1024x768-1.jpeg\" target=\"_blank\" rel=\"noreferrer noopener\"><img loading=\"lazy\" decoding=\"async\" width=\"1024\" height=\"768\" src=\"https:\/\/tedenloesopreis.nl\/wp-content\/uploads\/2023\/12\/IMG_4421-1024x768-1.jpeg\" alt=\"\" class=\"wp-image-10484\" srcset=\"https:\/\/tedenloesopreis.nl\/wp-content\/uploads\/2023\/12\/IMG_4421-1024x768-1.jpeg 1024w, https:\/\/tedenloesopreis.nl\/wp-content\/uploads\/2023\/12\/IMG_4421-1024x768-1-300x225.jpeg 300w, https:\/\/tedenloesopreis.nl\/wp-content\/uploads\/2023\/12\/IMG_4421-1024x768-1-768x576.jpeg 768w\" sizes=\"auto, (max-width: 1024px) 100vw, 1024px\" \/><\/a><figcaption class=\"wp-element-caption\"><em>de camping in Tr\u00f8gstad<\/em><\/figcaption><\/figure>\n<\/div>\n\n\n\n<div class=\"wp-block-column is-layout-flow wp-block-column-is-layout-flow\">\n<figure class=\"wp-block-image size-full\"><a href=\"https:\/\/tedenloesopreis.nl\/wp-content\/uploads\/2023\/12\/IMG_4422-1024x768-1.jpeg\" target=\"_blank\" rel=\"noreferrer noopener\"><img loading=\"lazy\" decoding=\"async\" width=\"1024\" height=\"768\" src=\"https:\/\/tedenloesopreis.nl\/wp-content\/uploads\/2023\/12\/IMG_4422-1024x768-1.jpeg\" alt=\"\" class=\"wp-image-10485\" srcset=\"https:\/\/tedenloesopreis.nl\/wp-content\/uploads\/2023\/12\/IMG_4422-1024x768-1.jpeg 1024w, https:\/\/tedenloesopreis.nl\/wp-content\/uploads\/2023\/12\/IMG_4422-1024x768-1-300x225.jpeg 300w, https:\/\/tedenloesopreis.nl\/wp-content\/uploads\/2023\/12\/IMG_4422-1024x768-1-768x576.jpeg 768w\" sizes=\"auto, (max-width: 1024px) 100vw, 1024px\" \/><\/a><figcaption class=\"wp-element-caption\"><em>de camping in Tr\u00f8gstad<\/em><\/figcaption><\/figure>\n<\/div>\n<\/div>\n\n\n\n<div style=\"height:35px\" aria-hidden=\"true\" class=\"wp-block-spacer\"><\/div>\n\n\n\n<div class=\"wp-block-columns is-layout-flex wp-container-core-columns-is-layout-9d6595d7 wp-block-columns-is-layout-flex\">\n<div class=\"wp-block-column is-layout-flow wp-block-column-is-layout-flow\">\n<p class=\"has-orange-background-color has-background\" id=\"dag07\"><\/p>\n<\/div>\n<\/div>\n\n\n\n<div class=\"wp-block-columns is-layout-flex wp-container-core-columns-is-layout-9d6595d7 wp-block-columns-is-layout-flex\">\n<div class=\"wp-block-column is-layout-flow wp-block-column-is-layout-flow\" style=\"flex-basis:33.33%\">\n<p><a href=\"#titel\">top<\/a><\/p>\n<\/div>\n\n\n\n<div class=\"wp-block-column is-layout-flow wp-block-column-is-layout-flow\" style=\"flex-basis:66.66%\">\n<p><strong>DIE WEERGODEN TOCH<\/strong><br>dag 07 &nbsp; &nbsp; &nbsp; di 26 juli 2022 &nbsp; &nbsp; &nbsp; <br><a href=\"https:\/\/www.google.com\/maps\/d\/viewer?mid=122ovSgdi7OjHfvkGcJ7qSMJBqfA-dYI&amp;ll=60.411846196923875%2C10.710993767197191&amp;z=8\" target=\"_blank\" rel=\"noreferrer noopener\">Tr\u00f8gstad \u2013 Lillehammer<\/a>&nbsp;&nbsp; &nbsp; &nbsp; 208 km<\/p>\n<\/div>\n<\/div>\n\n\n\n<div style=\"height:20px\" aria-hidden=\"true\" class=\"wp-block-spacer\"><\/div>\n\n\n\n<div class=\"wp-block-columns is-layout-flex wp-container-core-columns-is-layout-9d6595d7 wp-block-columns-is-layout-flex\">\n<div class=\"wp-block-column is-vertically-aligned-center is-layout-flow wp-block-column-is-layout-flow\" style=\"flex-basis:33.33%\">\n<figure class=\"wp-block-image size-full\"><a href=\"https:\/\/tedenloesopreis.nl\/wp-content\/uploads\/2023\/12\/IMG_4425-1024x768-1.jpeg\" target=\"_blank\" rel=\"noreferrer noopener\"><img loading=\"lazy\" decoding=\"async\" width=\"1024\" height=\"768\" src=\"https:\/\/tedenloesopreis.nl\/wp-content\/uploads\/2023\/12\/IMG_4425-1024x768-1.jpeg\" alt=\"\" class=\"wp-image-10487\" srcset=\"https:\/\/tedenloesopreis.nl\/wp-content\/uploads\/2023\/12\/IMG_4425-1024x768-1.jpeg 1024w, https:\/\/tedenloesopreis.nl\/wp-content\/uploads\/2023\/12\/IMG_4425-1024x768-1-300x225.jpeg 300w, https:\/\/tedenloesopreis.nl\/wp-content\/uploads\/2023\/12\/IMG_4425-1024x768-1-768x576.jpeg 768w\" sizes=\"auto, (max-width: 1024px) 100vw, 1024px\" \/><\/a><figcaption class=\"wp-element-caption\"><em>de camping in Lillehammer<\/em><\/figcaption><\/figure>\n<\/div>\n\n\n\n<div class=\"wp-block-column is-layout-flow wp-block-column-is-layout-flow\" style=\"flex-basis:66.66%\">\n<p>Het was de bedoeling om vandaag naar Oslo te gaan. Het weerbericht voor Oslo is echter verre van gunstig: regen van 13:00 tot 19:00. Dat is wellicht niet erg voor museumbezoekers, maar voor mensen die graag naar en door de stad fietsen, is dat vervelend. Daarom passen we de plannen maar aan. We rijden over de \u201c22\u201d naar Lillestr\u00f8m en gaan vervolgens noordwaarts over de E6 naar Lillehammer. Wellicht zien we Oslo nog op de terugweg.<\/p>\n\n\n\n<p>We staan nu op een&nbsp;<a href=\"https:\/\/www.campercontact.com\/nl\/noorwegen\/innlandet\/lillehammer\/50020\/lillehammer-turistsenter\" target=\"_blank\" rel=\"noreferrer noopener\">camping<\/a>&nbsp;in Lillehammer. We zijn hier om twee redenen:<br>1. Het is vrij druk in Zuid-Noorwegen. Je moet dus op tijd op zoek naar een camping. Daarom rijden we op een dag niet meer dan 250 km. Vandaag waren het er 208.<br>2. We willen de Peer Gynt route rijden, een prachtige onverharde weg langs de rand van de Jotunheimen. Deze route begint iets ten noorden van Lillehammer.<\/p>\n\n\n\n<p>Op dit moment is het nog redelijk weer in Lillehammer, met blauwe plekken tussen de wolken. Het regenweer van Oslo komt ons echter achterna en zal hier rond 17:00 arriveren.<\/p>\n<\/div>\n<\/div>\n\n\n\n<div style=\"height:35px\" aria-hidden=\"true\" class=\"wp-block-spacer\"><\/div>\n\n\n\n<div class=\"wp-block-columns is-layout-flex wp-container-core-columns-is-layout-9d6595d7 wp-block-columns-is-layout-flex\">\n<div class=\"wp-block-column is-layout-flow wp-block-column-is-layout-flow\">\n<p class=\"has-orange-background-color has-background\" id=\"dag08\"><\/p>\n<\/div>\n<\/div>\n\n\n\n<div class=\"wp-block-columns is-layout-flex wp-container-core-columns-is-layout-9d6595d7 wp-block-columns-is-layout-flex\">\n<div class=\"wp-block-column is-layout-flow wp-block-column-is-layout-flow\" style=\"flex-basis:33.33%\">\n<p><a href=\"#titel\">top<\/a><\/p>\n<\/div>\n\n\n\n<div class=\"wp-block-column is-layout-flow wp-block-column-is-layout-flow\" style=\"flex-basis:66.66%\">\n<p><strong>ZONNIG LILLEHAMMER<\/strong><br>dag 08 &nbsp; &nbsp; &nbsp; wo 27 juli 2022<br>Lillehammer &nbsp; &nbsp; &nbsp; 0 km<\/p>\n<\/div>\n<\/div>\n\n\n\n<div style=\"height:20px\" aria-hidden=\"true\" class=\"wp-block-spacer\"><\/div>\n\n\n\n<div class=\"wp-block-columns is-layout-flex wp-container-core-columns-is-layout-9d6595d7 wp-block-columns-is-layout-flex\">\n<div class=\"wp-block-column is-layout-flow wp-block-column-is-layout-flow\" style=\"flex-basis:33.33%\"><\/div>\n\n\n\n<div class=\"wp-block-column is-layout-flow wp-block-column-is-layout-flow\" style=\"flex-basis:66.66%\">\n<p>Het weer van vandaag is, zeker voor Noorse begrippen, prima te hebben: 22\u00b0 en nagenoeg onbewolkt. We zijn daarom nog maar een dagje in Lillehammer gebleven.<\/p>\n\n\n\n<p>\u2018s-Ochtends fietsen we langs de rivier, de L\u00e5gen, naar een shopping-mall voor wat boodschappen. In de loop van de middag fietsen we naar het centrum van de stad, waar we een terrasje pikken. Even verderop in de hoofdstraat zien we een terrasje dat ons sterk doet denken aan 2017. Na even te hebben gezocht in het foto-album van dat jaar, blijkt er in die vijf jaar, met uitzondering van het weer, niet veel te zijn veranderd.&nbsp;<\/p>\n\n\n\n<p>Morgen rijden we weer verder.<\/p>\n<\/div>\n<\/div>\n\n\n\n<div class=\"wp-block-columns is-layout-flex wp-container-core-columns-is-layout-9d6595d7 wp-block-columns-is-layout-flex\">\n<div class=\"wp-block-column is-layout-flow wp-block-column-is-layout-flow\">\n<figure class=\"wp-block-image size-full\"><a href=\"https:\/\/tedenloesopreis.nl\/wp-content\/uploads\/2023\/12\/IMG_4426-1024x768-1.jpeg\" target=\"_blank\" rel=\"noreferrer noopener\"><img loading=\"lazy\" decoding=\"async\" width=\"1024\" height=\"768\" src=\"https:\/\/tedenloesopreis.nl\/wp-content\/uploads\/2023\/12\/IMG_4426-1024x768-1.jpeg\" alt=\"\" class=\"wp-image-10489\" srcset=\"https:\/\/tedenloesopreis.nl\/wp-content\/uploads\/2023\/12\/IMG_4426-1024x768-1.jpeg 1024w, https:\/\/tedenloesopreis.nl\/wp-content\/uploads\/2023\/12\/IMG_4426-1024x768-1-300x225.jpeg 300w, https:\/\/tedenloesopreis.nl\/wp-content\/uploads\/2023\/12\/IMG_4426-1024x768-1-768x576.jpeg 768w\" sizes=\"auto, (max-width: 1024px) 100vw, 1024px\" \/><\/a><figcaption class=\"wp-element-caption\"><em>fietspad langs de L\u00e5gen<\/em><\/figcaption><\/figure>\n<\/div>\n\n\n\n<div class=\"wp-block-column is-layout-flow wp-block-column-is-layout-flow\">\n<figure class=\"wp-block-image size-full\"><a href=\"https:\/\/tedenloesopreis.nl\/wp-content\/uploads\/2023\/12\/IMG_4431-1024x768-1.jpeg\" target=\"_blank\" rel=\"noreferrer noopener\"><img loading=\"lazy\" decoding=\"async\" width=\"1024\" height=\"768\" src=\"https:\/\/tedenloesopreis.nl\/wp-content\/uploads\/2023\/12\/IMG_4431-1024x768-1.jpeg\" alt=\"\" class=\"wp-image-10490\" srcset=\"https:\/\/tedenloesopreis.nl\/wp-content\/uploads\/2023\/12\/IMG_4431-1024x768-1.jpeg 1024w, https:\/\/tedenloesopreis.nl\/wp-content\/uploads\/2023\/12\/IMG_4431-1024x768-1-300x225.jpeg 300w, https:\/\/tedenloesopreis.nl\/wp-content\/uploads\/2023\/12\/IMG_4431-1024x768-1-768x576.jpeg 768w\" sizes=\"auto, (max-width: 1024px) 100vw, 1024px\" \/><\/a><figcaption class=\"wp-element-caption\"><em>terrasje in 2022<\/em><\/figcaption><\/figure>\n<\/div>\n\n\n\n<div class=\"wp-block-column is-layout-flow wp-block-column-is-layout-flow\">\n<figure class=\"wp-block-image size-full\"><a href=\"https:\/\/tedenloesopreis.nl\/wp-content\/uploads\/2023\/12\/IMG_3327-1024x768-2.jpg\" target=\"_blank\" rel=\"noreferrer noopener\"><img loading=\"lazy\" decoding=\"async\" width=\"1024\" height=\"768\" src=\"https:\/\/tedenloesopreis.nl\/wp-content\/uploads\/2023\/12\/IMG_3327-1024x768-2.jpg\" alt=\"\" class=\"wp-image-10491\" srcset=\"https:\/\/tedenloesopreis.nl\/wp-content\/uploads\/2023\/12\/IMG_3327-1024x768-2.jpg 1024w, https:\/\/tedenloesopreis.nl\/wp-content\/uploads\/2023\/12\/IMG_3327-1024x768-2-300x225.jpg 300w, https:\/\/tedenloesopreis.nl\/wp-content\/uploads\/2023\/12\/IMG_3327-1024x768-2-768x576.jpg 768w\" sizes=\"auto, (max-width: 1024px) 100vw, 1024px\" \/><\/a><figcaption class=\"wp-element-caption\"><em>terrasje in 2017<\/em><\/figcaption><\/figure>\n<\/div>\n<\/div>\n\n\n\n<div style=\"height:35px\" aria-hidden=\"true\" class=\"wp-block-spacer\"><\/div>\n\n\n\n<div class=\"wp-block-columns is-layout-flex wp-container-core-columns-is-layout-9d6595d7 wp-block-columns-is-layout-flex\">\n<div class=\"wp-block-column is-layout-flow wp-block-column-is-layout-flow\">\n<p class=\"has-orange-background-color has-background\" id=\"dag09\"><\/p>\n<\/div>\n<\/div>\n\n\n\n<div class=\"wp-block-columns is-layout-flex wp-container-core-columns-is-layout-9d6595d7 wp-block-columns-is-layout-flex\">\n<div class=\"wp-block-column is-layout-flow wp-block-column-is-layout-flow\" style=\"flex-basis:33.33%\">\n<p><a href=\"#titel\">top<\/a><\/p>\n<\/div>\n\n\n\n<div class=\"wp-block-column is-layout-flow wp-block-column-is-layout-flow\" style=\"flex-basis:66.66%\">\n<p><strong>PRACHTIGE LANDSCHAPPEN<\/strong><br>dag 09 &nbsp; &nbsp; &nbsp; do 28 juli 2022<br><a href=\"https:\/\/www.google.com\/maps\/d\/viewer?mid=1uFQxxyzOQeJqrVQNi4x1hqbF_aedBTs&amp;ll=61.68666300016988%2C9.662122311572698&amp;z=8\" target=\"_blank\" rel=\"noreferrer noopener\">Lillehammer \u2013 Dalholen<\/a>&nbsp;&nbsp; &nbsp; &nbsp; 183 km<\/p>\n<\/div>\n<\/div>\n\n\n\n<div style=\"height:20px\" aria-hidden=\"true\" class=\"wp-block-spacer\"><\/div>\n\n\n\n<div class=\"wp-block-columns is-layout-flex wp-container-core-columns-is-layout-9d6595d7 wp-block-columns-is-layout-flex\">\n<div class=\"wp-block-column is-layout-flow wp-block-column-is-layout-flow\" style=\"flex-basis:33.33%\"><\/div>\n\n\n\n<div class=\"wp-block-column is-layout-flow wp-block-column-is-layout-flow\" style=\"flex-basis:66.66%\">\n<p>Vanochtend rijden we via Follebu en Svingvoll (achtereenvolgens de Fv255 en de Fv254) naar Skei. Bij dit wintersportplaatsje, nu nagenoeg uitgestorven, begint de Peer Gynt Vegen, een onverharde weg door een prachtig landschap aan de rand van de Jotunheimen. Vooral het gedeelte tussen Skei en G\u00e5l\u00e5 is heel erg mooi. Op een plek boven twee meertjes hebben we een van de mooiste cappuccino-stops van deze reis (uit een zakje, deze keer).<\/p>\n<\/div>\n<\/div>\n\n\n\n<div class=\"wp-block-columns is-layout-flex wp-container-core-columns-is-layout-9d6595d7 wp-block-columns-is-layout-flex\">\n<div class=\"wp-block-column is-layout-flow wp-block-column-is-layout-flow\">\n<figure class=\"wp-block-image size-full\"><a href=\"https:\/\/tedenloesopreis.nl\/wp-content\/uploads\/2023\/12\/IMG_4432-1024x768-1.jpeg\" target=\"_blank\" rel=\"noreferrer noopener\"><img loading=\"lazy\" decoding=\"async\" width=\"1024\" height=\"768\" src=\"https:\/\/tedenloesopreis.nl\/wp-content\/uploads\/2023\/12\/IMG_4432-1024x768-1.jpeg\" alt=\"\" class=\"wp-image-10493\" srcset=\"https:\/\/tedenloesopreis.nl\/wp-content\/uploads\/2023\/12\/IMG_4432-1024x768-1.jpeg 1024w, https:\/\/tedenloesopreis.nl\/wp-content\/uploads\/2023\/12\/IMG_4432-1024x768-1-300x225.jpeg 300w, https:\/\/tedenloesopreis.nl\/wp-content\/uploads\/2023\/12\/IMG_4432-1024x768-1-768x576.jpeg 768w\" sizes=\"auto, (max-width: 1024px) 100vw, 1024px\" \/><\/a><figcaption class=\"wp-element-caption\"><em>de Peer Gynt Vegen net na Skei<\/em><\/figcaption><\/figure>\n<\/div>\n\n\n\n<div class=\"wp-block-column is-layout-flow wp-block-column-is-layout-flow\">\n<figure class=\"wp-block-image size-full\"><a href=\"https:\/\/tedenloesopreis.nl\/wp-content\/uploads\/2023\/12\/IMG_4436-1024x768-1.jpeg\" target=\"_blank\" rel=\"noreferrer noopener\"><img loading=\"lazy\" decoding=\"async\" width=\"1024\" height=\"768\" src=\"https:\/\/tedenloesopreis.nl\/wp-content\/uploads\/2023\/12\/IMG_4436-1024x768-1.jpeg\" alt=\"\" class=\"wp-image-10494\" srcset=\"https:\/\/tedenloesopreis.nl\/wp-content\/uploads\/2023\/12\/IMG_4436-1024x768-1.jpeg 1024w, https:\/\/tedenloesopreis.nl\/wp-content\/uploads\/2023\/12\/IMG_4436-1024x768-1-300x225.jpeg 300w, https:\/\/tedenloesopreis.nl\/wp-content\/uploads\/2023\/12\/IMG_4436-1024x768-1-768x576.jpeg 768w\" sizes=\"auto, (max-width: 1024px) 100vw, 1024px\" \/><\/a><figcaption class=\"wp-element-caption\"><em>onderweg op de Peer Gynt Vegen<\/em><\/figcaption><\/figure>\n<\/div>\n\n\n\n<div class=\"wp-block-column is-layout-flow wp-block-column-is-layout-flow\">\n<figure class=\"wp-block-image size-full\"><a href=\"https:\/\/tedenloesopreis.nl\/wp-content\/uploads\/2023\/12\/IMG_4441-1024x768-1.jpeg\" target=\"_blank\" rel=\"noreferrer noopener\"><img loading=\"lazy\" decoding=\"async\" width=\"1024\" height=\"768\" src=\"https:\/\/tedenloesopreis.nl\/wp-content\/uploads\/2023\/12\/IMG_4441-1024x768-1.jpeg\" alt=\"\" class=\"wp-image-10495\" srcset=\"https:\/\/tedenloesopreis.nl\/wp-content\/uploads\/2023\/12\/IMG_4441-1024x768-1.jpeg 1024w, https:\/\/tedenloesopreis.nl\/wp-content\/uploads\/2023\/12\/IMG_4441-1024x768-1-300x225.jpeg 300w, https:\/\/tedenloesopreis.nl\/wp-content\/uploads\/2023\/12\/IMG_4441-1024x768-1-768x576.jpeg 768w\" sizes=\"auto, (max-width: 1024px) 100vw, 1024px\" \/><\/a><figcaption class=\"wp-element-caption\"><em>we zijn bijna bij de cappuccino-stop<\/em><\/figcaption><\/figure>\n<\/div>\n<\/div>\n\n\n\n<div class=\"wp-block-columns is-layout-flex wp-container-core-columns-is-layout-9d6595d7 wp-block-columns-is-layout-flex\">\n<div class=\"wp-block-column is-layout-flow wp-block-column-is-layout-flow\">\n<figure class=\"wp-block-image size-full\"><a href=\"https:\/\/tedenloesopreis.nl\/wp-content\/uploads\/2023\/12\/IMG_4442-1024x768-1.jpeg\" target=\"_blank\" rel=\"noreferrer noopener\"><img loading=\"lazy\" decoding=\"async\" width=\"1024\" height=\"768\" src=\"https:\/\/tedenloesopreis.nl\/wp-content\/uploads\/2023\/12\/IMG_4442-1024x768-1.jpeg\" alt=\"\" class=\"wp-image-10496\" srcset=\"https:\/\/tedenloesopreis.nl\/wp-content\/uploads\/2023\/12\/IMG_4442-1024x768-1.jpeg 1024w, https:\/\/tedenloesopreis.nl\/wp-content\/uploads\/2023\/12\/IMG_4442-1024x768-1-300x225.jpeg 300w, https:\/\/tedenloesopreis.nl\/wp-content\/uploads\/2023\/12\/IMG_4442-1024x768-1-768x576.jpeg 768w\" sizes=\"auto, (max-width: 1024px) 100vw, 1024px\" \/><\/a><figcaption class=\"wp-element-caption\"><em>hier hadden we een prachtige cappuccino-stop<\/em><\/figcaption><\/figure>\n<\/div>\n\n\n\n<div class=\"wp-block-column is-layout-flow wp-block-column-is-layout-flow\">\n<figure class=\"wp-block-image size-full\"><a href=\"https:\/\/tedenloesopreis.nl\/wp-content\/uploads\/2023\/12\/IMG_4454-1024x768-1.jpeg\" target=\"_blank\" rel=\"noreferrer noopener\"><img loading=\"lazy\" decoding=\"async\" width=\"1024\" height=\"768\" src=\"https:\/\/tedenloesopreis.nl\/wp-content\/uploads\/2023\/12\/IMG_4454-1024x768-1.jpeg\" alt=\"\" class=\"wp-image-10497\" srcset=\"https:\/\/tedenloesopreis.nl\/wp-content\/uploads\/2023\/12\/IMG_4454-1024x768-1.jpeg 1024w, https:\/\/tedenloesopreis.nl\/wp-content\/uploads\/2023\/12\/IMG_4454-1024x768-1-300x225.jpeg 300w, https:\/\/tedenloesopreis.nl\/wp-content\/uploads\/2023\/12\/IMG_4454-1024x768-1-768x576.jpeg 768w\" sizes=\"auto, (max-width: 1024px) 100vw, 1024px\" \/><\/a><figcaption class=\"wp-element-caption\"><em>tegenliggers op de Peer Gynt Vegen<\/em><\/figcaption><\/figure>\n<\/div>\n\n\n\n<div class=\"wp-block-column is-layout-flow wp-block-column-is-layout-flow\">\n<figure class=\"wp-block-image size-full\"><a href=\"https:\/\/tedenloesopreis.nl\/wp-content\/uploads\/2023\/12\/IMG_4465-1024x768-1.jpeg\" target=\"_blank\" rel=\"noreferrer noopener\"><img loading=\"lazy\" decoding=\"async\" width=\"1024\" height=\"768\" src=\"https:\/\/tedenloesopreis.nl\/wp-content\/uploads\/2023\/12\/IMG_4465-1024x768-1.jpeg\" alt=\"\" class=\"wp-image-10498\" srcset=\"https:\/\/tedenloesopreis.nl\/wp-content\/uploads\/2023\/12\/IMG_4465-1024x768-1.jpeg 1024w, https:\/\/tedenloesopreis.nl\/wp-content\/uploads\/2023\/12\/IMG_4465-1024x768-1-300x225.jpeg 300w, https:\/\/tedenloesopreis.nl\/wp-content\/uploads\/2023\/12\/IMG_4465-1024x768-1-768x576.jpeg 768w\" sizes=\"auto, (max-width: 1024px) 100vw, 1024px\" \/><\/a><figcaption class=\"wp-element-caption\"><em>de Peer Gynt Vegen vlak voor G\u00e5l\u00e5<\/em><\/figcaption><\/figure>\n<\/div>\n<\/div>\n\n\n\n<div class=\"wp-block-columns is-layout-flex wp-container-core-columns-is-layout-9d6595d7 wp-block-columns-is-layout-flex\">\n<div class=\"wp-block-column is-layout-flow wp-block-column-is-layout-flow\" style=\"flex-basis:33.33%\"><\/div>\n\n\n\n<div class=\"wp-block-column is-layout-flow wp-block-column-is-layout-flow\" style=\"flex-basis:66.66%\">\n<p id=\"rondane\">Na G\u00e5l\u00e5 zoeken we de E6 weer op. Die volgen we een klein stukje, richting Lillehammer, om vlak voor Ringebu af te slaan naar de Fv27. Deze weg gaat dwars door de Rondane, ook al zo\u2019n schitterend woest gebied.<\/p>\n<\/div>\n<\/div>\n\n\n\n<div class=\"wp-block-columns is-layout-flex wp-container-core-columns-is-layout-9d6595d7 wp-block-columns-is-layout-flex\">\n<div class=\"wp-block-column is-layout-flow wp-block-column-is-layout-flow\">\n<figure class=\"wp-block-image size-full\"><a href=\"https:\/\/tedenloesopreis.nl\/wp-content\/uploads\/2023\/12\/IMG_4472-1024x768-1.jpeg\" target=\"_blank\" rel=\"noreferrer noopener\"><img loading=\"lazy\" decoding=\"async\" width=\"1024\" height=\"768\" src=\"https:\/\/tedenloesopreis.nl\/wp-content\/uploads\/2023\/12\/IMG_4472-1024x768-1.jpeg\" alt=\"\" class=\"wp-image-10499\" srcset=\"https:\/\/tedenloesopreis.nl\/wp-content\/uploads\/2023\/12\/IMG_4472-1024x768-1.jpeg 1024w, https:\/\/tedenloesopreis.nl\/wp-content\/uploads\/2023\/12\/IMG_4472-1024x768-1-300x225.jpeg 300w, https:\/\/tedenloesopreis.nl\/wp-content\/uploads\/2023\/12\/IMG_4472-1024x768-1-768x576.jpeg 768w\" sizes=\"auto, (max-width: 1024px) 100vw, 1024px\" \/><\/a><figcaption class=\"wp-element-caption\"><em>het begin van de Rondane<\/em><\/figcaption><\/figure>\n<\/div>\n\n\n\n<div class=\"wp-block-column is-layout-flow wp-block-column-is-layout-flow\">\n<figure class=\"wp-block-image size-full\"><a href=\"https:\/\/tedenloesopreis.nl\/wp-content\/uploads\/2023\/12\/IMG_4477-1024x768-1.jpeg\" target=\"_blank\" rel=\"noreferrer noopener\"><img loading=\"lazy\" decoding=\"async\" width=\"1024\" height=\"768\" src=\"https:\/\/tedenloesopreis.nl\/wp-content\/uploads\/2023\/12\/IMG_4477-1024x768-1.jpeg\" alt=\"\" class=\"wp-image-10500\" srcset=\"https:\/\/tedenloesopreis.nl\/wp-content\/uploads\/2023\/12\/IMG_4477-1024x768-1.jpeg 1024w, https:\/\/tedenloesopreis.nl\/wp-content\/uploads\/2023\/12\/IMG_4477-1024x768-1-300x225.jpeg 300w, https:\/\/tedenloesopreis.nl\/wp-content\/uploads\/2023\/12\/IMG_4477-1024x768-1-768x576.jpeg 768w\" sizes=\"auto, (max-width: 1024px) 100vw, 1024px\" \/><\/a><figcaption class=\"wp-element-caption\"><em>halverwege de Rondane<\/em><\/figcaption><\/figure>\n<\/div>\n\n\n\n<div class=\"wp-block-column is-layout-flow wp-block-column-is-layout-flow\">\n<figure class=\"wp-block-image size-full\"><a href=\"https:\/\/tedenloesopreis.nl\/wp-content\/uploads\/2023\/12\/IMG_4483-1024x950-1.jpeg\" target=\"_blank\" rel=\"noreferrer noopener\"><img loading=\"lazy\" decoding=\"async\" width=\"1024\" height=\"950\" src=\"https:\/\/tedenloesopreis.nl\/wp-content\/uploads\/2023\/12\/IMG_4483-1024x950-1.jpeg\" alt=\"\" class=\"wp-image-10501\" srcset=\"https:\/\/tedenloesopreis.nl\/wp-content\/uploads\/2023\/12\/IMG_4483-1024x950-1.jpeg 1024w, https:\/\/tedenloesopreis.nl\/wp-content\/uploads\/2023\/12\/IMG_4483-1024x950-1-300x278.jpeg 300w, https:\/\/tedenloesopreis.nl\/wp-content\/uploads\/2023\/12\/IMG_4483-1024x950-1-768x713.jpeg 768w\" sizes=\"auto, (max-width: 1024px) 100vw, 1024px\" \/><\/a><figcaption class=\"wp-element-caption\"><em>het einde van de Rondane<\/em><\/figcaption><\/figure>\n<\/div>\n<\/div>\n\n\n\n<div class=\"wp-block-columns is-layout-flex wp-container-core-columns-is-layout-9d6595d7 wp-block-columns-is-layout-flex\">\n<div class=\"wp-block-column is-layout-flow wp-block-column-is-layout-flow\" style=\"flex-basis:33.33%\">\n<figure class=\"wp-block-image size-full\"><a href=\"https:\/\/tedenloesopreis.nl\/wp-content\/uploads\/2023\/12\/IMG_4484-1024x768-1.jpeg\" target=\"_blank\" rel=\"noreferrer noopener\"><img loading=\"lazy\" decoding=\"async\" width=\"1024\" height=\"768\" src=\"https:\/\/tedenloesopreis.nl\/wp-content\/uploads\/2023\/12\/IMG_4484-1024x768-1.jpeg\" alt=\"\" class=\"wp-image-10502\" srcset=\"https:\/\/tedenloesopreis.nl\/wp-content\/uploads\/2023\/12\/IMG_4484-1024x768-1.jpeg 1024w, https:\/\/tedenloesopreis.nl\/wp-content\/uploads\/2023\/12\/IMG_4484-1024x768-1-300x225.jpeg 300w, https:\/\/tedenloesopreis.nl\/wp-content\/uploads\/2023\/12\/IMG_4484-1024x768-1-768x576.jpeg 768w\" sizes=\"auto, (max-width: 1024px) 100vw, 1024px\" \/><\/a><figcaption class=\"wp-element-caption\"><em>de camping in Dalholen<\/em><\/figcaption><\/figure>\n<\/div>\n\n\n\n<div class=\"wp-block-column is-layout-flow wp-block-column-is-layout-flow\" style=\"flex-basis:66.66%\">\n<p>Aan het einde van de Fv27, bij Folldal, rijden we nog een klein stukje westwaarts over de Fv29, naar de&nbsp;<a href=\"https:\/\/www.campercontact.com\/nl\/noorwegen\/innlandet\/dalholen\/100061\/fjellsyn-camping\" target=\"_blank\" rel=\"noreferrer noopener\">camping<\/a>&nbsp;in Dalholen.<\/p>\n<\/div>\n<\/div>\n\n\n\n<div style=\"height:35px\" aria-hidden=\"true\" class=\"wp-block-spacer\"><\/div>\n\n\n\n<div class=\"wp-block-columns is-layout-flex wp-container-core-columns-is-layout-9d6595d7 wp-block-columns-is-layout-flex\">\n<div class=\"wp-block-column is-layout-flow wp-block-column-is-layout-flow\">\n<p class=\"has-orange-background-color has-background\" id=\"dag10\"><\/p>\n<\/div>\n<\/div>\n\n\n\n<div class=\"wp-block-columns is-layout-flex wp-container-core-columns-is-layout-9d6595d7 wp-block-columns-is-layout-flex\">\n<div class=\"wp-block-column is-layout-flow wp-block-column-is-layout-flow\" style=\"flex-basis:33.33%\">\n<p><a href=\"#titel\">top<\/a><\/p>\n<\/div>\n\n\n\n<div class=\"wp-block-column is-layout-flow wp-block-column-is-layout-flow\" style=\"flex-basis:66.66%\">\n<p><strong>TRONDHEIM VOORBIJ<\/strong><br>dag 10 &nbsp; &nbsp; &nbsp; vr 29 juli 2022<br><a href=\"https:\/\/www.google.com\/maps\/d\/viewer?mid=1lM0qe7-0RqT_O_vB1OHLzGOmgS9sJ3A&amp;ll=63.18051013803203%2C9.514266992187498&amp;z=6\" target=\"_blank\" rel=\"noreferrer noopener\">Dalholen \u2013 Steinkjer<\/a>&nbsp;&nbsp; &nbsp; &nbsp; 314 km<\/p>\n<\/div>\n<\/div>\n\n\n\n<div style=\"height:20px\" aria-hidden=\"true\" class=\"wp-block-spacer\"><\/div>\n\n\n\n<div class=\"wp-block-columns is-layout-flex wp-container-core-columns-is-layout-9d6595d7 wp-block-columns-is-layout-flex\">\n<div class=\"wp-block-column is-layout-flow wp-block-column-is-layout-flow\" style=\"flex-basis:33.33%\"><\/div>\n\n\n\n<div class=\"wp-block-column is-layout-flow wp-block-column-is-layout-flow\" style=\"flex-basis:66.66%\">\n<p>We gaan vanochtend via de Fv29 naar Hjerkinn. Dat is zo\u2019n 17 km. Daarna brengen we bijna 300 km door op de E6, tot een paar km boven Steinkjer. Daar stoppen we tegen vieren op een prettige&nbsp;<a href=\"https:\/\/www.campercontact.com\/nl\/noorwegen\/trndelag\/steinkjer\/67951\/fllingstua-camping\" target=\"_blank\" rel=\"noreferrer noopener\">camping<\/a>, aan een mooi meer.<\/p>\n\n\n\n<p>De afstand van vandaag is &nbsp;iets groter dan de voorgenomen dagafstand van 250 km, maar soms kan het niet anders. Het gebied rond Trondheim is, afgezien van de stad zelf, niet zo toeristisch, dus zijn de goede campings of camperplaatsen er nogal schaars.<\/p>\n<\/div>\n<\/div>\n\n\n\n<div class=\"wp-block-columns is-layout-flex wp-container-core-columns-is-layout-9d6595d7 wp-block-columns-is-layout-flex\">\n<div class=\"wp-block-column is-layout-flow wp-block-column-is-layout-flow\"><\/div>\n\n\n\n<div class=\"wp-block-column is-layout-flow wp-block-column-is-layout-flow\">\n<figure class=\"wp-block-image size-full\"><a href=\"https:\/\/tedenloesopreis.nl\/wp-content\/uploads\/2023\/12\/IMG_4486-1024x768-1.jpeg\" target=\"_blank\" rel=\"noreferrer noopener\"><img loading=\"lazy\" decoding=\"async\" width=\"1024\" height=\"768\" src=\"https:\/\/tedenloesopreis.nl\/wp-content\/uploads\/2023\/12\/IMG_4486-1024x768-1.jpeg\" alt=\"\" class=\"wp-image-10504\" srcset=\"https:\/\/tedenloesopreis.nl\/wp-content\/uploads\/2023\/12\/IMG_4486-1024x768-1.jpeg 1024w, https:\/\/tedenloesopreis.nl\/wp-content\/uploads\/2023\/12\/IMG_4486-1024x768-1-300x225.jpeg 300w, https:\/\/tedenloesopreis.nl\/wp-content\/uploads\/2023\/12\/IMG_4486-1024x768-1-768x576.jpeg 768w\" sizes=\"auto, (max-width: 1024px) 100vw, 1024px\" \/><\/a><figcaption class=\"wp-element-caption\"><em>de camping in Steinkjer<\/em><\/figcaption><\/figure>\n<\/div>\n\n\n\n<div class=\"wp-block-column is-layout-flow wp-block-column-is-layout-flow\">\n<figure class=\"wp-block-image size-full\"><a href=\"https:\/\/tedenloesopreis.nl\/wp-content\/uploads\/2023\/12\/IMG_4488-1024x768-1.jpeg\" target=\"_blank\" rel=\"noreferrer noopener\"><img loading=\"lazy\" decoding=\"async\" width=\"1024\" height=\"768\" src=\"https:\/\/tedenloesopreis.nl\/wp-content\/uploads\/2023\/12\/IMG_4488-1024x768-1.jpeg\" alt=\"\" class=\"wp-image-10505\" srcset=\"https:\/\/tedenloesopreis.nl\/wp-content\/uploads\/2023\/12\/IMG_4488-1024x768-1.jpeg 1024w, https:\/\/tedenloesopreis.nl\/wp-content\/uploads\/2023\/12\/IMG_4488-1024x768-1-300x225.jpeg 300w, https:\/\/tedenloesopreis.nl\/wp-content\/uploads\/2023\/12\/IMG_4488-1024x768-1-768x576.jpeg 768w\" sizes=\"auto, (max-width: 1024px) 100vw, 1024px\" \/><\/a><figcaption class=\"wp-element-caption\"><em>de camping in Steinkjer<\/em><\/figcaption><\/figure>\n<\/div>\n<\/div>\n\n\n\n<div style=\"height:35px\" aria-hidden=\"true\" class=\"wp-block-spacer\"><\/div>\n\n\n\n<div class=\"wp-block-columns is-layout-flex wp-container-core-columns-is-layout-9d6595d7 wp-block-columns-is-layout-flex\">\n<div class=\"wp-block-column is-layout-flow wp-block-column-is-layout-flow\">\n<p class=\"has-orange-background-color has-background\" id=\"dag11\"><\/p>\n<\/div>\n<\/div>\n\n\n\n<div class=\"wp-block-columns is-layout-flex wp-container-core-columns-is-layout-9d6595d7 wp-block-columns-is-layout-flex\">\n<div class=\"wp-block-column is-layout-flow wp-block-column-is-layout-flow\" style=\"flex-basis:33.33%\">\n<p><a href=\"#titel\">top<\/a><\/p>\n<\/div>\n\n\n\n<div class=\"wp-block-column is-layout-flow wp-block-column-is-layout-flow\" style=\"flex-basis:66.66%\">\n<p><strong>EEN STUK NOORDELIJKER<\/strong><br>dag 11&nbsp; &nbsp; &nbsp; &nbsp;za 30 juli 2022<br><a href=\"https:\/\/www.google.com\/maps\/d\/edit?mid=1g4OJNQWPaPlfFWSj4Xz-ldj9vqHRXGs&amp;ll=65.19581000368463%2C11.890566953125003&amp;z=6\" target=\"_blank\" rel=\"noreferrer noopener\">Steinkjer \u2013 Mosj\u00f8en<\/a>&nbsp;&nbsp; &nbsp; &nbsp; 254 km<\/p>\n<\/div>\n<\/div>\n\n\n\n<div style=\"height:20px\" aria-hidden=\"true\" class=\"wp-block-spacer\"><\/div>\n\n\n\n<div class=\"wp-block-columns is-layout-flex wp-container-core-columns-is-layout-9d6595d7 wp-block-columns-is-layout-flex\">\n<div class=\"wp-block-column is-layout-flow wp-block-column-is-layout-flow\" style=\"flex-basis:33.33%\"><\/div>\n\n\n\n<div class=\"wp-block-column is-layout-flow wp-block-column-is-layout-flow\" style=\"flex-basis:66.66%\">\n<p>We houden ons qua afstand vandaag goed aan het plan. Na 254 km stoppen we (net na 14:00 uur) in Mosj\u00f8en. Hier houden we morgen een rustdag. Niet zozeer, omdat het een prima camping is \u2013 de plaatsen zijn goed, maar het sanitair is nogal rommelig \u2013 maar vooral omdat Mosj\u00f8en een gezellig stadje is.<\/p>\n\n\n\n<p>We brengen de hele dag door op de E6. Deze voert door een wisselend landschap. Soms rijd je tussen de boerderijen, dan weer door een dicht bos. Af en toe rijd je door een kloof langs een riviertje, dan weer zit je op een hoogvlakte met besneeuwde toppen in de verte.<\/p>\n\n\n\n<p id=\"e6\">De E6 is er in drie versies. Versie 1 is de originele weg. Deze is vrij smal en wemelt van de bochten. De maximumsnelheid is 70 km\/uur, maar dat haal je lang niet overal. Versie 2 volgt nog het originele trac\u0117, maar is iets verbreed. Er is een gele middenstreep aangebracht. De bochten zijn echter nog steeds talrijk, dus de snelheid is verre van constant. Je mag er 80 km\/uur rijden. Versie 3 heeft dezelfde breedte als versie 2, maar de krappe bochten zijn aangepakt. De maximumsnelheid is er 90 km\/uur en met de cruise control ingeschakeld, is het er prettig rijden.<\/p>\n<\/div>\n<\/div>\n\n\n\n<div class=\"wp-block-columns is-layout-flex wp-container-core-columns-is-layout-9d6595d7 wp-block-columns-is-layout-flex\">\n<div class=\"wp-block-column is-layout-flow wp-block-column-is-layout-flow\">\n<figure class=\"wp-block-image size-full\"><a href=\"https:\/\/tedenloesopreis.nl\/wp-content\/uploads\/2023\/12\/IMG_4510-1024x768-1.jpeg\" target=\"_blank\" rel=\"noreferrer noopener\"><img loading=\"lazy\" decoding=\"async\" width=\"1024\" height=\"768\" src=\"https:\/\/tedenloesopreis.nl\/wp-content\/uploads\/2023\/12\/IMG_4510-1024x768-1.jpeg\" alt=\"\" class=\"wp-image-10507\" srcset=\"https:\/\/tedenloesopreis.nl\/wp-content\/uploads\/2023\/12\/IMG_4510-1024x768-1.jpeg 1024w, https:\/\/tedenloesopreis.nl\/wp-content\/uploads\/2023\/12\/IMG_4510-1024x768-1-300x225.jpeg 300w, https:\/\/tedenloesopreis.nl\/wp-content\/uploads\/2023\/12\/IMG_4510-1024x768-1-768x576.jpeg 768w\" sizes=\"auto, (max-width: 1024px) 100vw, 1024px\" \/><\/a><figcaption class=\"wp-element-caption\"><em>versie 1 van de E6: het bochtige origineel<\/em><\/figcaption><\/figure>\n<\/div>\n\n\n\n<div class=\"wp-block-column is-layout-flow wp-block-column-is-layout-flow\">\n<figure class=\"wp-block-image size-full\"><a href=\"https:\/\/tedenloesopreis.nl\/wp-content\/uploads\/2023\/12\/IMG_4491-1024x768-1.jpeg\" target=\"_blank\" rel=\"noreferrer noopener\"><img loading=\"lazy\" decoding=\"async\" width=\"1024\" height=\"768\" src=\"https:\/\/tedenloesopreis.nl\/wp-content\/uploads\/2023\/12\/IMG_4491-1024x768-1.jpeg\" alt=\"\" class=\"wp-image-10508\" srcset=\"https:\/\/tedenloesopreis.nl\/wp-content\/uploads\/2023\/12\/IMG_4491-1024x768-1.jpeg 1024w, https:\/\/tedenloesopreis.nl\/wp-content\/uploads\/2023\/12\/IMG_4491-1024x768-1-300x225.jpeg 300w, https:\/\/tedenloesopreis.nl\/wp-content\/uploads\/2023\/12\/IMG_4491-1024x768-1-768x576.jpeg 768w\" sizes=\"auto, (max-width: 1024px) 100vw, 1024px\" \/><\/a><figcaption class=\"wp-element-caption\"><em>versie 2 van de E6: breder maar nog steeds bochtig<\/em><\/figcaption><\/figure>\n<\/div>\n\n\n\n<div class=\"wp-block-column is-layout-flow wp-block-column-is-layout-flow\">\n<figure class=\"wp-block-image size-full\"><a href=\"https:\/\/tedenloesopreis.nl\/wp-content\/uploads\/2023\/12\/IMG_4504-1024x768-1.jpeg\" target=\"_blank\" rel=\"noreferrer noopener\"><img loading=\"lazy\" decoding=\"async\" width=\"1024\" height=\"768\" src=\"https:\/\/tedenloesopreis.nl\/wp-content\/uploads\/2023\/12\/IMG_4504-1024x768-1.jpeg\" alt=\"\" class=\"wp-image-10509\" srcset=\"https:\/\/tedenloesopreis.nl\/wp-content\/uploads\/2023\/12\/IMG_4504-1024x768-1.jpeg 1024w, https:\/\/tedenloesopreis.nl\/wp-content\/uploads\/2023\/12\/IMG_4504-1024x768-1-300x225.jpeg 300w, https:\/\/tedenloesopreis.nl\/wp-content\/uploads\/2023\/12\/IMG_4504-1024x768-1-768x576.jpeg 768w\" sizes=\"auto, (max-width: 1024px) 100vw, 1024px\" \/><\/a><figcaption class=\"wp-element-caption\"><em>versie 3 van de E6: de bochten zijn veel ruimer<\/em><\/figcaption><\/figure>\n<\/div>\n<\/div>\n\n\n\n<div class=\"wp-block-columns is-layout-flex wp-container-core-columns-is-layout-9d6595d7 wp-block-columns-is-layout-flex\">\n<div class=\"wp-block-column is-layout-flow wp-block-column-is-layout-flow\" style=\"flex-basis:33.33%\">\n<figure class=\"wp-block-image size-full\"><a href=\"https:\/\/tedenloesopreis.nl\/wp-content\/uploads\/2023\/12\/IMG_4519-1024x768-1.jpeg\" target=\"_blank\" rel=\"noreferrer noopener\"><img loading=\"lazy\" decoding=\"async\" width=\"1024\" height=\"768\" src=\"https:\/\/tedenloesopreis.nl\/wp-content\/uploads\/2023\/12\/IMG_4519-1024x768-1.jpeg\" alt=\"\" class=\"wp-image-10510\" srcset=\"https:\/\/tedenloesopreis.nl\/wp-content\/uploads\/2023\/12\/IMG_4519-1024x768-1.jpeg 1024w, https:\/\/tedenloesopreis.nl\/wp-content\/uploads\/2023\/12\/IMG_4519-1024x768-1-300x225.jpeg 300w, https:\/\/tedenloesopreis.nl\/wp-content\/uploads\/2023\/12\/IMG_4519-1024x768-1-768x576.jpeg 768w\" sizes=\"auto, (max-width: 1024px) 100vw, 1024px\" \/><\/a><figcaption class=\"wp-element-caption\"><em>genoeg plaats op de camping in Mosj\u00f8en<\/em><\/figcaption><\/figure>\n<\/div>\n\n\n\n<div class=\"wp-block-column is-layout-flow wp-block-column-is-layout-flow\" style=\"flex-basis:66.66%\">\n<p>Een van de redenen om per dag niet meer dan zo\u2019n 250 km te rijden, is de veronderstelde drukte op de campings. Nu we echter Trondheim voorbij zijn en daarmee het toeristische fjordengebied achter ons laten, blijkt het met die drukte wel mee te vallen. Er is genoeg plaats op de&nbsp;<a href=\"https:\/\/www.campercontact.com\/nl\/noorwegen\/nordland\/mosjen\/67291\/mosjen-camping\" target=\"_blank\" rel=\"noreferrer noopener\">camping<\/a>&nbsp;in Mosj\u00f8en.<\/p>\n<\/div>\n<\/div>\n\n\n\n<div style=\"height:35px\" aria-hidden=\"true\" class=\"wp-block-spacer\"><\/div>\n\n\n\n<div class=\"wp-block-columns is-layout-flex wp-container-core-columns-is-layout-9d6595d7 wp-block-columns-is-layout-flex\">\n<div class=\"wp-block-column is-layout-flow wp-block-column-is-layout-flow\">\n<p class=\"has-orange-background-color has-background\" id=\"dag12\"><\/p>\n<\/div>\n<\/div>\n\n\n\n<div class=\"wp-block-columns is-layout-flex wp-container-core-columns-is-layout-9d6595d7 wp-block-columns-is-layout-flex\">\n<div class=\"wp-block-column is-layout-flow wp-block-column-is-layout-flow\" style=\"flex-basis:33.33%\">\n<p><a href=\"#titel\">top<\/a><\/p>\n<\/div>\n\n\n\n<div class=\"wp-block-column is-layout-flow wp-block-column-is-layout-flow\" style=\"flex-basis:66.66%\">\n<p><strong>MOSJ\u00d8EN (MOESJEUN)<\/strong><br>dag 12 &nbsp; &nbsp; &nbsp; zo 31 juli 2022<br>Mosj\u00f8en &nbsp; &nbsp; &nbsp; 0 km<\/p>\n<\/div>\n<\/div>\n\n\n\n<div style=\"height:20px\" aria-hidden=\"true\" class=\"wp-block-spacer\"><\/div>\n\n\n\n<div class=\"wp-block-columns is-layout-flex wp-container-core-columns-is-layout-9d6595d7 wp-block-columns-is-layout-flex\">\n<div class=\"wp-block-column is-layout-flow wp-block-column-is-layout-flow\" style=\"flex-basis:33.33%\"><\/div>\n\n\n\n<div class=\"wp-block-column is-layout-flow wp-block-column-is-layout-flow\" style=\"flex-basis:66.66%\">\n<p>Een flink deel van de dag besteden we aan overleg: waar gaat de reis nog meer heen? We weten al min of meer, hoe de terugreis via Zweden zal zijn, maar wat doen we met de Noorse items op onze to-do-list:<br>1. de Noordkaap zien bij mooi weer,<br>2. langs de Noors-Russiche grens naar Grense Jakobselv,<br>3. naar Kiruna, zien hoe ze daar een compleet stadje verplaatsen, omdat het plaatselijke mijnbouwbedrijf bij het ijzererts wil kunnen dat nu nog \u2018veilig\u2019 onder het stadje ligt,<br>4. door Noors, Zweeds en Fins Lapland.<\/p>\n\n\n\n<p>Maar we willen daarbij zo weinig mogelijk uitdaging bieden aan de muggen die er ongetwijfeld zijn in de noordelijke binnenlanden.<\/p>\n\n\n\n<p>We kiezen (vooralsnog) voor een variant met een bezoek aan de Noordkaap zonder overnachtingen in potenti\u00eble muggengebieden. Mocht het \u2018muggenalarm\u2019 echter meevallen, dan worden de plannen bijgesteld. Mocht het weer op de Noordkaap beroerd zijn, dan worden de plannen ook aangepast.<\/p>\n\n\n\n<p>Voor de komende twee weken wordt voor het noorden van Scandinavi\u00eb helaas wisselvallig weer voorspeld. De bewolking komt hier al flink opzetten, maar het blijft droog als wij naar en door het stadje fietsen. Aan het water staan nog de nodige oude houten huisjes (dat is vrij zeldzaam in Noorwegen, want de meeste zijn in de loop van de tijd afgebrand). De sfeer in het stadje valt helaas tegen, want hier wordt serieus aan zondagsrust gedaan. Zowat alles is gesloten.<\/p>\n<\/div>\n<\/div>\n\n\n\n<div class=\"wp-block-columns is-layout-flex wp-container-core-columns-is-layout-9d6595d7 wp-block-columns-is-layout-flex\">\n<div class=\"wp-block-column is-layout-flow wp-block-column-is-layout-flow\"><\/div>\n\n\n\n<div class=\"wp-block-column is-layout-flow wp-block-column-is-layout-flow\">\n<figure class=\"wp-block-image size-full\"><a href=\"https:\/\/tedenloesopreis.nl\/wp-content\/uploads\/2023\/12\/IMG_4520-1024x768-1.jpeg\" target=\"_blank\" rel=\"noreferrer noopener\"><img loading=\"lazy\" decoding=\"async\" width=\"1024\" height=\"768\" src=\"https:\/\/tedenloesopreis.nl\/wp-content\/uploads\/2023\/12\/IMG_4520-1024x768-1.jpeg\" alt=\"\" class=\"wp-image-10512\" srcset=\"https:\/\/tedenloesopreis.nl\/wp-content\/uploads\/2023\/12\/IMG_4520-1024x768-1.jpeg 1024w, https:\/\/tedenloesopreis.nl\/wp-content\/uploads\/2023\/12\/IMG_4520-1024x768-1-300x225.jpeg 300w, https:\/\/tedenloesopreis.nl\/wp-content\/uploads\/2023\/12\/IMG_4520-1024x768-1-768x576.jpeg 768w\" sizes=\"auto, (max-width: 1024px) 100vw, 1024px\" \/><\/a><figcaption class=\"wp-element-caption\"><em>Mosj\u00f8en<\/em><\/figcaption><\/figure>\n<\/div>\n\n\n\n<div class=\"wp-block-column is-layout-flow wp-block-column-is-layout-flow\">\n<figure class=\"wp-block-image size-full\"><a href=\"https:\/\/tedenloesopreis.nl\/wp-content\/uploads\/2023\/12\/IMG_4521-1024x768-1.jpeg\" target=\"_blank\" rel=\"noreferrer noopener\"><img loading=\"lazy\" decoding=\"async\" width=\"1024\" height=\"768\" src=\"https:\/\/tedenloesopreis.nl\/wp-content\/uploads\/2023\/12\/IMG_4521-1024x768-1.jpeg\" alt=\"\" class=\"wp-image-10513\" srcset=\"https:\/\/tedenloesopreis.nl\/wp-content\/uploads\/2023\/12\/IMG_4521-1024x768-1.jpeg 1024w, https:\/\/tedenloesopreis.nl\/wp-content\/uploads\/2023\/12\/IMG_4521-1024x768-1-300x225.jpeg 300w, https:\/\/tedenloesopreis.nl\/wp-content\/uploads\/2023\/12\/IMG_4521-1024x768-1-768x576.jpeg 768w\" sizes=\"auto, (max-width: 1024px) 100vw, 1024px\" \/><\/a><figcaption class=\"wp-element-caption\"><em>Mosj\u00f8en<\/em><\/figcaption><\/figure>\n<\/div>\n<\/div>\n\n\n\n<div class=\"wp-block-columns is-layout-flex wp-container-core-columns-is-layout-9d6595d7 wp-block-columns-is-layout-flex\">\n<div class=\"wp-block-column is-layout-flow wp-block-column-is-layout-flow\"><\/div>\n\n\n\n<div class=\"wp-block-column is-layout-flow wp-block-column-is-layout-flow\">\n<figure class=\"wp-block-image size-full\"><a href=\"https:\/\/tedenloesopreis.nl\/wp-content\/uploads\/2023\/12\/IMG_4522-1024x768-1.jpeg\" target=\"_blank\" rel=\"noreferrer noopener\"><img loading=\"lazy\" decoding=\"async\" width=\"1024\" height=\"768\" src=\"https:\/\/tedenloesopreis.nl\/wp-content\/uploads\/2023\/12\/IMG_4522-1024x768-1.jpeg\" alt=\"\" class=\"wp-image-10514\" srcset=\"https:\/\/tedenloesopreis.nl\/wp-content\/uploads\/2023\/12\/IMG_4522-1024x768-1.jpeg 1024w, https:\/\/tedenloesopreis.nl\/wp-content\/uploads\/2023\/12\/IMG_4522-1024x768-1-300x225.jpeg 300w, https:\/\/tedenloesopreis.nl\/wp-content\/uploads\/2023\/12\/IMG_4522-1024x768-1-768x576.jpeg 768w\" sizes=\"auto, (max-width: 1024px) 100vw, 1024px\" \/><\/a><figcaption class=\"wp-element-caption\"><em>Mosj\u00f8en<\/em><\/figcaption><\/figure>\n<\/div>\n\n\n\n<div class=\"wp-block-column is-layout-flow wp-block-column-is-layout-flow\">\n<figure class=\"wp-block-image size-full\"><a href=\"https:\/\/tedenloesopreis.nl\/wp-content\/uploads\/2023\/12\/IMG_4523-1024x768-1.jpeg\" target=\"_blank\" rel=\"noreferrer noopener\"><img loading=\"lazy\" decoding=\"async\" width=\"1024\" height=\"768\" src=\"https:\/\/tedenloesopreis.nl\/wp-content\/uploads\/2023\/12\/IMG_4523-1024x768-1.jpeg\" alt=\"\" class=\"wp-image-10515\" srcset=\"https:\/\/tedenloesopreis.nl\/wp-content\/uploads\/2023\/12\/IMG_4523-1024x768-1.jpeg 1024w, https:\/\/tedenloesopreis.nl\/wp-content\/uploads\/2023\/12\/IMG_4523-1024x768-1-300x225.jpeg 300w, https:\/\/tedenloesopreis.nl\/wp-content\/uploads\/2023\/12\/IMG_4523-1024x768-1-768x576.jpeg 768w\" sizes=\"auto, (max-width: 1024px) 100vw, 1024px\" \/><\/a><figcaption class=\"wp-element-caption\"><em>Mosj\u00f8en<\/em><\/figcaption><\/figure>\n<\/div>\n<\/div>\n\n\n\n<div style=\"height:35px\" aria-hidden=\"true\" class=\"wp-block-spacer\"><\/div>\n\n\n\n<div class=\"wp-block-columns is-layout-flex wp-container-core-columns-is-layout-9d6595d7 wp-block-columns-is-layout-flex\">\n<div class=\"wp-block-column is-layout-flow wp-block-column-is-layout-flow\">\n<p class=\"has-orange-background-color has-background\" id=\"dag13\"><\/p>\n<\/div>\n<\/div>\n\n\n\n<div class=\"wp-block-columns is-layout-flex wp-container-core-columns-is-layout-9d6595d7 wp-block-columns-is-layout-flex\">\n<div class=\"wp-block-column is-layout-flow wp-block-column-is-layout-flow\" style=\"flex-basis:33.33%\">\n<p><a href=\"#titel\">top<\/a><\/p>\n<\/div>\n\n\n\n<div class=\"wp-block-column is-layout-flow wp-block-column-is-layout-flow\" style=\"flex-basis:66.66%\">\n<p><strong>BOVEN DE POOLCIRKEL<\/strong><br>dag 13 &nbsp; &nbsp; &nbsp; ma 01 augustus 2022<br><a href=\"https:\/\/www.google.com\/maps\/d\/viewer?mid=1SIZfsulG__gkOXz7G_J4AsPPUaJyRZ8&amp;ll=66.62792994590932%2C11.074726922238568&amp;z=6\" target=\"_blank\" rel=\"noreferrer noopener\">Mosj\u00f8en \u2013 Fauske<\/a>&nbsp;&nbsp; &nbsp; &nbsp; 269 km<\/p>\n<\/div>\n<\/div>\n\n\n\n<div style=\"height:20px\" aria-hidden=\"true\" class=\"wp-block-spacer\"><\/div>\n\n\n\n<div class=\"wp-block-columns is-layout-flex wp-container-core-columns-is-layout-9d6595d7 wp-block-columns-is-layout-flex\">\n<div class=\"wp-block-column is-layout-flow wp-block-column-is-layout-flow\" style=\"flex-basis:33.33%\"><\/div>\n\n\n\n<div class=\"wp-block-column is-layout-flow wp-block-column-is-layout-flow\" style=\"flex-basis:66.66%\">\n<p>We zijn weer 269 km verder. De start neemt wel wat meer tijd in beslag dan gewoonlijk, want we moeten eerst nog boodschappen doen (dat doen we normaal een dag eerder, maar op zondag waren de winkels in Mosj\u00f8en gesloten) en tanken. Nu is tanken met de buzz al nooit een pretje \u2013 met een tankinhoud van 120 liter \u2013 maar met de huidige prijzen krab je je nog eens extra achter het oor: 99,7 liter voor 2200,50 NOK oftewel \u20ac232,85. We zijn echter niet ontevreden over het verbruik van de buzz. Hij rijdt 1:10,7.<\/p>\n\n\n\n<p>Om 10:30 beginnen we aan de tocht over de E6. Er is sprake van zware bewolking met af en toe wat regen.<\/p>\n<\/div>\n<\/div>\n\n\n\n<div class=\"wp-block-columns is-layout-flex wp-container-core-columns-is-layout-9d6595d7 wp-block-columns-is-layout-flex\">\n<div class=\"wp-block-column is-layout-flow wp-block-column-is-layout-flow\">\n<figure class=\"wp-block-image size-full\"><a href=\"https:\/\/tedenloesopreis.nl\/wp-content\/uploads\/2023\/12\/IMG_4529-1024x768-1.jpeg\" target=\"_blank\" rel=\"noreferrer noopener\"><img loading=\"lazy\" decoding=\"async\" width=\"1024\" height=\"768\" src=\"https:\/\/tedenloesopreis.nl\/wp-content\/uploads\/2023\/12\/IMG_4529-1024x768-1.jpeg\" alt=\"\" class=\"wp-image-10517\" srcset=\"https:\/\/tedenloesopreis.nl\/wp-content\/uploads\/2023\/12\/IMG_4529-1024x768-1.jpeg 1024w, https:\/\/tedenloesopreis.nl\/wp-content\/uploads\/2023\/12\/IMG_4529-1024x768-1-300x225.jpeg 300w, https:\/\/tedenloesopreis.nl\/wp-content\/uploads\/2023\/12\/IMG_4529-1024x768-1-768x576.jpeg 768w\" sizes=\"auto, (max-width: 1024px) 100vw, 1024px\" \/><\/a><figcaption class=\"wp-element-caption\"><em>Op de E6<\/em><\/figcaption><\/figure>\n<\/div>\n\n\n\n<div class=\"wp-block-column is-layout-flow wp-block-column-is-layout-flow\">\n<figure class=\"wp-block-image size-full\"><a href=\"https:\/\/tedenloesopreis.nl\/wp-content\/uploads\/2023\/12\/IMG_4531-1024x768-1.jpeg\" target=\"_blank\" rel=\"noreferrer noopener\"><img loading=\"lazy\" decoding=\"async\" width=\"1024\" height=\"768\" src=\"https:\/\/tedenloesopreis.nl\/wp-content\/uploads\/2023\/12\/IMG_4531-1024x768-1.jpeg\" alt=\"\" class=\"wp-image-10518\" srcset=\"https:\/\/tedenloesopreis.nl\/wp-content\/uploads\/2023\/12\/IMG_4531-1024x768-1.jpeg 1024w, https:\/\/tedenloesopreis.nl\/wp-content\/uploads\/2023\/12\/IMG_4531-1024x768-1-300x225.jpeg 300w, https:\/\/tedenloesopreis.nl\/wp-content\/uploads\/2023\/12\/IMG_4531-1024x768-1-768x576.jpeg 768w\" sizes=\"auto, (max-width: 1024px) 100vw, 1024px\" \/><\/a><figcaption class=\"wp-element-caption\"><em>Op de E6<\/em><\/figcaption><\/figure>\n<\/div>\n\n\n\n<div class=\"wp-block-column is-layout-flow wp-block-column-is-layout-flow\">\n<figure class=\"wp-block-image size-full\"><a href=\"https:\/\/tedenloesopreis.nl\/wp-content\/uploads\/2023\/12\/IMG_4535-1024x768-1.jpeg\" target=\"_blank\" rel=\"noreferrer noopener\"><img loading=\"lazy\" decoding=\"async\" width=\"1024\" height=\"768\" src=\"https:\/\/tedenloesopreis.nl\/wp-content\/uploads\/2023\/12\/IMG_4535-1024x768-1.jpeg\" alt=\"\" class=\"wp-image-10519\" srcset=\"https:\/\/tedenloesopreis.nl\/wp-content\/uploads\/2023\/12\/IMG_4535-1024x768-1.jpeg 1024w, https:\/\/tedenloesopreis.nl\/wp-content\/uploads\/2023\/12\/IMG_4535-1024x768-1-300x225.jpeg 300w, https:\/\/tedenloesopreis.nl\/wp-content\/uploads\/2023\/12\/IMG_4535-1024x768-1-768x576.jpeg 768w\" sizes=\"auto, (max-width: 1024px) 100vw, 1024px\" \/><\/a><figcaption class=\"wp-element-caption\"><em>Op de E6<\/em><\/figcaption><\/figure>\n<\/div>\n<\/div>\n\n\n\n<div class=\"wp-block-columns is-layout-flex wp-container-core-columns-is-layout-9d6595d7 wp-block-columns-is-layout-flex\">\n<div class=\"wp-block-column is-layout-flow wp-block-column-is-layout-flow\" style=\"flex-basis:33.33%\"><\/div>\n\n\n\n<div class=\"wp-block-column is-layout-flow wp-block-column-is-layout-flow\" style=\"flex-basis:66.66%\">\n<p id=\"poolcirkel\">Na de Korgfjelltunnel (8,5 km lang) is de bewolking veel minder zwaar. Er zitten zowaar blauwe plekken tussen, zeker als we&nbsp;de Saltfjellet oprijden. Ergens op die hoogvlakte kruis je de Poolcirkel.<\/p>\n<\/div>\n<\/div>\n\n\n\n<div class=\"wp-block-columns is-layout-flex wp-container-core-columns-is-layout-9d6595d7 wp-block-columns-is-layout-flex\">\n<div class=\"wp-block-column is-layout-flow wp-block-column-is-layout-flow\">\n<figure class=\"wp-block-image size-full\"><a href=\"https:\/\/tedenloesopreis.nl\/wp-content\/uploads\/2023\/12\/IMG_4541-1024x768-1.jpeg\" target=\"_blank\" rel=\"noreferrer noopener\"><img loading=\"lazy\" decoding=\"async\" width=\"1024\" height=\"768\" src=\"https:\/\/tedenloesopreis.nl\/wp-content\/uploads\/2023\/12\/IMG_4541-1024x768-1.jpeg\" alt=\"\" class=\"wp-image-10520\" srcset=\"https:\/\/tedenloesopreis.nl\/wp-content\/uploads\/2023\/12\/IMG_4541-1024x768-1.jpeg 1024w, https:\/\/tedenloesopreis.nl\/wp-content\/uploads\/2023\/12\/IMG_4541-1024x768-1-300x225.jpeg 300w, https:\/\/tedenloesopreis.nl\/wp-content\/uploads\/2023\/12\/IMG_4541-1024x768-1-768x576.jpeg 768w\" sizes=\"auto, (max-width: 1024px) 100vw, 1024px\" \/><\/a><figcaption class=\"wp-element-caption\"><em>Op de Saltfjellet<\/em><\/figcaption><\/figure>\n<\/div>\n\n\n\n<div class=\"wp-block-column is-layout-flow wp-block-column-is-layout-flow\">\n<figure class=\"wp-block-image size-full\"><a href=\"https:\/\/tedenloesopreis.nl\/wp-content\/uploads\/2023\/12\/IMG_4546-1024x768-1.jpeg\" target=\"_blank\" rel=\"noreferrer noopener\"><img loading=\"lazy\" decoding=\"async\" width=\"1024\" height=\"768\" src=\"https:\/\/tedenloesopreis.nl\/wp-content\/uploads\/2023\/12\/IMG_4546-1024x768-1.jpeg\" alt=\"\" class=\"wp-image-10521\" srcset=\"https:\/\/tedenloesopreis.nl\/wp-content\/uploads\/2023\/12\/IMG_4546-1024x768-1.jpeg 1024w, https:\/\/tedenloesopreis.nl\/wp-content\/uploads\/2023\/12\/IMG_4546-1024x768-1-300x225.jpeg 300w, https:\/\/tedenloesopreis.nl\/wp-content\/uploads\/2023\/12\/IMG_4546-1024x768-1-768x576.jpeg 768w\" sizes=\"auto, (max-width: 1024px) 100vw, 1024px\" \/><\/a><figcaption class=\"wp-element-caption\"><em>Op de Saltfjellet<\/em><\/figcaption><\/figure>\n<\/div>\n\n\n\n<div class=\"wp-block-column is-layout-flow wp-block-column-is-layout-flow\">\n<figure class=\"wp-block-image size-full\"><a href=\"https:\/\/tedenloesopreis.nl\/wp-content\/uploads\/2023\/12\/IMG_4548-1024x768-1.jpeg\" target=\"_blank\" rel=\"noreferrer noopener\"><img loading=\"lazy\" decoding=\"async\" width=\"1024\" height=\"768\" src=\"https:\/\/tedenloesopreis.nl\/wp-content\/uploads\/2023\/12\/IMG_4548-1024x768-1.jpeg\" alt=\"\" class=\"wp-image-10522\" srcset=\"https:\/\/tedenloesopreis.nl\/wp-content\/uploads\/2023\/12\/IMG_4548-1024x768-1.jpeg 1024w, https:\/\/tedenloesopreis.nl\/wp-content\/uploads\/2023\/12\/IMG_4548-1024x768-1-300x225.jpeg 300w, https:\/\/tedenloesopreis.nl\/wp-content\/uploads\/2023\/12\/IMG_4548-1024x768-1-768x576.jpeg 768w\" sizes=\"auto, (max-width: 1024px) 100vw, 1024px\" \/><\/a><figcaption class=\"wp-element-caption\"><em>Lunch op de poolcirkel<\/em><\/figcaption><\/figure>\n<\/div>\n<\/div>\n\n\n\n<div class=\"wp-block-columns is-layout-flex wp-container-core-columns-is-layout-9d6595d7 wp-block-columns-is-layout-flex\">\n<div class=\"wp-block-column is-layout-flow wp-block-column-is-layout-flow\" style=\"flex-basis:33.33%\"><\/div>\n\n\n\n<div class=\"wp-block-column is-layout-flow wp-block-column-is-layout-flow\" style=\"flex-basis:66.66%\">\n<p>Ook al is het weer vandaag niet florisant, in vergelijking met de reis van 2017 is het stukken beter. Toen reden we door de wolken.<\/p>\n<\/div>\n<\/div>\n\n\n\n<div class=\"wp-block-columns is-layout-flex wp-container-core-columns-is-layout-9d6595d7 wp-block-columns-is-layout-flex\">\n<div class=\"wp-block-column is-layout-flow wp-block-column-is-layout-flow\"><\/div>\n\n\n\n<div class=\"wp-block-column is-layout-flow wp-block-column-is-layout-flow\">\n<figure class=\"wp-block-image size-full\"><a href=\"https:\/\/tedenloesopreis.nl\/wp-content\/uploads\/2023\/12\/img_2767jpg-1024x768-1.jpg\" target=\"_blank\" rel=\"noreferrer noopener\"><img loading=\"lazy\" decoding=\"async\" width=\"1024\" height=\"768\" src=\"https:\/\/tedenloesopreis.nl\/wp-content\/uploads\/2023\/12\/img_2767jpg-1024x768-1.jpg\" alt=\"\" class=\"wp-image-10523\" srcset=\"https:\/\/tedenloesopreis.nl\/wp-content\/uploads\/2023\/12\/img_2767jpg-1024x768-1.jpg 1024w, https:\/\/tedenloesopreis.nl\/wp-content\/uploads\/2023\/12\/img_2767jpg-1024x768-1-300x225.jpg 300w, https:\/\/tedenloesopreis.nl\/wp-content\/uploads\/2023\/12\/img_2767jpg-1024x768-1-768x576.jpg 768w\" sizes=\"auto, (max-width: 1024px) 100vw, 1024px\" \/><\/a><figcaption class=\"wp-element-caption\"><em>Het weer op de Saltfjellet in 2017<\/em><\/figcaption><\/figure>\n<\/div>\n\n\n\n<div class=\"wp-block-column is-layout-flow wp-block-column-is-layout-flow\">\n<figure class=\"wp-block-image size-full\"><a href=\"https:\/\/tedenloesopreis.nl\/wp-content\/uploads\/2023\/12\/IMG_4553-1024x768-1.jpeg\" target=\"_blank\" rel=\"noreferrer noopener\"><img loading=\"lazy\" decoding=\"async\" width=\"1024\" height=\"768\" src=\"https:\/\/tedenloesopreis.nl\/wp-content\/uploads\/2023\/12\/IMG_4553-1024x768-1.jpeg\" alt=\"\" class=\"wp-image-10524\" srcset=\"https:\/\/tedenloesopreis.nl\/wp-content\/uploads\/2023\/12\/IMG_4553-1024x768-1.jpeg 1024w, https:\/\/tedenloesopreis.nl\/wp-content\/uploads\/2023\/12\/IMG_4553-1024x768-1-300x225.jpeg 300w, https:\/\/tedenloesopreis.nl\/wp-content\/uploads\/2023\/12\/IMG_4553-1024x768-1-768x576.jpeg 768w\" sizes=\"auto, (max-width: 1024px) 100vw, 1024px\" \/><\/a><figcaption class=\"wp-element-caption\"><em>Het weer op de Saltfjellet in 2022<\/em><\/figcaption><\/figure>\n<\/div>\n<\/div>\n\n\n\n<div class=\"wp-block-columns is-layout-flex wp-container-core-columns-is-layout-9d6595d7 wp-block-columns-is-layout-flex\">\n<div class=\"wp-block-column is-layout-flow wp-block-column-is-layout-flow\" style=\"flex-basis:33.33%\"><\/div>\n\n\n\n<div class=\"wp-block-column is-layout-flow wp-block-column-is-layout-flow\" style=\"flex-basis:66.66%\">\n<p>We komen om 15:00 aan op een&nbsp;<a href=\"https:\/\/www.campercontact.com\/nl\/noorwegen\/nordland\/fauske\/71049\/lundhgda-camping-og-motell\" target=\"_blank\" rel=\"noreferrer noopener\">camping<\/a>&nbsp;in Fauske. Deze maakt een ietwat rommelige indruk, maar het uitzicht is fraai.<\/p>\n<\/div>\n<\/div>\n\n\n\n<div class=\"wp-block-columns is-layout-flex wp-container-core-columns-is-layout-9d6595d7 wp-block-columns-is-layout-flex\">\n<div class=\"wp-block-column is-layout-flow wp-block-column-is-layout-flow\">\n<figure class=\"wp-block-image size-full\"><a href=\"https:\/\/tedenloesopreis.nl\/wp-content\/uploads\/2023\/12\/IMG_4564-1024x768-1.jpeg\" target=\"_blank\" rel=\"noreferrer noopener\"><img loading=\"lazy\" decoding=\"async\" width=\"1024\" height=\"768\" src=\"https:\/\/tedenloesopreis.nl\/wp-content\/uploads\/2023\/12\/IMG_4564-1024x768-1.jpeg\" alt=\"\" class=\"wp-image-10525\" srcset=\"https:\/\/tedenloesopreis.nl\/wp-content\/uploads\/2023\/12\/IMG_4564-1024x768-1.jpeg 1024w, https:\/\/tedenloesopreis.nl\/wp-content\/uploads\/2023\/12\/IMG_4564-1024x768-1-300x225.jpeg 300w, https:\/\/tedenloesopreis.nl\/wp-content\/uploads\/2023\/12\/IMG_4564-1024x768-1-768x576.jpeg 768w\" sizes=\"auto, (max-width: 1024px) 100vw, 1024px\" \/><\/a><figcaption class=\"wp-element-caption\"><em>de camping in Fauske<\/em><\/figcaption><\/figure>\n<\/div>\n\n\n\n<div class=\"wp-block-column is-layout-flow wp-block-column-is-layout-flow\">\n<figure class=\"wp-block-image size-full\"><a href=\"https:\/\/tedenloesopreis.nl\/wp-content\/uploads\/2023\/12\/IMG_4565-1024x768-1.jpeg\" target=\"_blank\" rel=\"noreferrer noopener\"><img loading=\"lazy\" decoding=\"async\" width=\"1024\" height=\"768\" src=\"https:\/\/tedenloesopreis.nl\/wp-content\/uploads\/2023\/12\/IMG_4565-1024x768-1.jpeg\" alt=\"\" class=\"wp-image-10526\" srcset=\"https:\/\/tedenloesopreis.nl\/wp-content\/uploads\/2023\/12\/IMG_4565-1024x768-1.jpeg 1024w, https:\/\/tedenloesopreis.nl\/wp-content\/uploads\/2023\/12\/IMG_4565-1024x768-1-300x225.jpeg 300w, https:\/\/tedenloesopreis.nl\/wp-content\/uploads\/2023\/12\/IMG_4565-1024x768-1-768x576.jpeg 768w\" sizes=\"auto, (max-width: 1024px) 100vw, 1024px\" \/><\/a><figcaption class=\"wp-element-caption\"><em>de camping in Fauske<\/em><\/figcaption><\/figure>\n<\/div>\n\n\n\n<div class=\"wp-block-column is-layout-flow wp-block-column-is-layout-flow\">\n<figure class=\"wp-block-image size-full\"><a href=\"https:\/\/tedenloesopreis.nl\/wp-content\/uploads\/2023\/12\/IMG_4568-1024x768-1.jpeg\" target=\"_blank\" rel=\"noreferrer noopener\"><img loading=\"lazy\" decoding=\"async\" width=\"1024\" height=\"768\" src=\"https:\/\/tedenloesopreis.nl\/wp-content\/uploads\/2023\/12\/IMG_4568-1024x768-1.jpeg\" alt=\"\" class=\"wp-image-10527\" srcset=\"https:\/\/tedenloesopreis.nl\/wp-content\/uploads\/2023\/12\/IMG_4568-1024x768-1.jpeg 1024w, https:\/\/tedenloesopreis.nl\/wp-content\/uploads\/2023\/12\/IMG_4568-1024x768-1-300x225.jpeg 300w, https:\/\/tedenloesopreis.nl\/wp-content\/uploads\/2023\/12\/IMG_4568-1024x768-1-768x576.jpeg 768w\" sizes=\"auto, (max-width: 1024px) 100vw, 1024px\" \/><\/a><figcaption class=\"wp-element-caption\"><em>het uitzicht vanaf de camping in Fauske<\/em><\/figcaption><\/figure>\n<\/div>\n<\/div>\n\n\n\n<div style=\"height:35px\" aria-hidden=\"true\" class=\"wp-block-spacer\"><\/div>\n\n\n\n<div class=\"wp-block-columns is-layout-flex wp-container-core-columns-is-layout-9d6595d7 wp-block-columns-is-layout-flex\">\n<div class=\"wp-block-column is-layout-flow wp-block-column-is-layout-flow\">\n<p class=\"has-orange-background-color has-background\" id=\"dag14\"><\/p>\n<\/div>\n<\/div>\n\n\n\n<div class=\"wp-block-columns is-layout-flex wp-container-core-columns-is-layout-9d6595d7 wp-block-columns-is-layout-flex\">\n<div class=\"wp-block-column is-layout-flow wp-block-column-is-layout-flow\" style=\"flex-basis:33.33%\">\n<p><a href=\"#titel\">top<\/a><\/p>\n<\/div>\n\n\n\n<div class=\"wp-block-column is-layout-flow wp-block-column-is-layout-flow\" style=\"flex-basis:66.66%\">\n<p><strong>BIJNA IN NARVIK<\/strong><br>dag 14 &nbsp; &nbsp; &nbsp; di 02 augustus 2022<br><a href=\"https:\/\/www.google.com\/maps\/d\/viewer?mid=1rg7KYoBMLusuUeGhuw4wi7Xei-W_5fI&amp;ll=68.0191660502602%2C15.048848495540408&amp;z=7\" target=\"_blank\" rel=\"noreferrer noopener\">Fauske \u2013 Ballangen<\/a> &nbsp; &nbsp; &nbsp; 209 km<\/p>\n<\/div>\n<\/div>\n\n\n\n<div style=\"height:20px\" aria-hidden=\"true\" class=\"wp-block-spacer\"><\/div>\n\n\n\n<div class=\"wp-block-columns is-layout-flex wp-container-core-columns-is-layout-9d6595d7 wp-block-columns-is-layout-flex\">\n<div class=\"wp-block-column is-layout-flow wp-block-column-is-layout-flow\" style=\"flex-basis:33.33%\"><\/div>\n\n\n\n<div class=\"wp-block-column is-layout-flow wp-block-column-is-layout-flow\" style=\"flex-basis:66.66%\">\n<p>We zijn weer wat noordelijker op de E6, om precies te zijn: 209 km. Dat is een relatief korte afstand, maar de acceptabele campings\/camperplaatsen liggen nu eenmaal niet altijd op de gewenste afstand van elkaar.&nbsp;<\/p>\n\n\n\n<p>De rit &nbsp;wordt vandaag onderbroken door de ferry van Bognes naar Skarberget, een overtocht over het Tysfjord van pakweg 20 minuten. Vanaf de ferry hebben we een mooi uitzicht op de pieken van de Lofoten. Slechts weinigen aan boord zullen zich realiseren, dat zij een van de diepste fjorden van Noorwegen oversteken. Plaatselijk staat er wel 850 meter water onder de boot.<\/p>\n<\/div>\n<\/div>\n\n\n\n<div class=\"wp-block-columns is-layout-flex wp-container-core-columns-is-layout-9d6595d7 wp-block-columns-is-layout-flex\">\n<div class=\"wp-block-column is-layout-flow wp-block-column-is-layout-flow\">\n<figure class=\"wp-block-image size-full\"><a href=\"https:\/\/tedenloesopreis.nl\/wp-content\/uploads\/2023\/12\/IMG_4571-1024x768-1.jpeg\" target=\"_blank\" rel=\"noreferrer noopener\"><img loading=\"lazy\" decoding=\"async\" width=\"1024\" height=\"768\" src=\"https:\/\/tedenloesopreis.nl\/wp-content\/uploads\/2023\/12\/IMG_4571-1024x768-1.jpeg\" alt=\"\" class=\"wp-image-10529\" srcset=\"https:\/\/tedenloesopreis.nl\/wp-content\/uploads\/2023\/12\/IMG_4571-1024x768-1.jpeg 1024w, https:\/\/tedenloesopreis.nl\/wp-content\/uploads\/2023\/12\/IMG_4571-1024x768-1-300x225.jpeg 300w, https:\/\/tedenloesopreis.nl\/wp-content\/uploads\/2023\/12\/IMG_4571-1024x768-1-768x576.jpeg 768w\" sizes=\"auto, (max-width: 1024px) 100vw, 1024px\" \/><\/a><figcaption class=\"wp-element-caption\"><em>vanochtend op de E6<\/em><\/figcaption><\/figure>\n<\/div>\n\n\n\n<div class=\"wp-block-column is-layout-flow wp-block-column-is-layout-flow\">\n<figure class=\"wp-block-image size-full\"><a href=\"https:\/\/tedenloesopreis.nl\/wp-content\/uploads\/2023\/12\/IMG_4575-1024x768-1.jpeg\" target=\"_blank\" rel=\"noreferrer noopener\"><img loading=\"lazy\" decoding=\"async\" width=\"1024\" height=\"768\" src=\"https:\/\/tedenloesopreis.nl\/wp-content\/uploads\/2023\/12\/IMG_4575-1024x768-1.jpeg\" alt=\"\" class=\"wp-image-10530\" srcset=\"https:\/\/tedenloesopreis.nl\/wp-content\/uploads\/2023\/12\/IMG_4575-1024x768-1.jpeg 1024w, https:\/\/tedenloesopreis.nl\/wp-content\/uploads\/2023\/12\/IMG_4575-1024x768-1-300x225.jpeg 300w, https:\/\/tedenloesopreis.nl\/wp-content\/uploads\/2023\/12\/IMG_4575-1024x768-1-768x576.jpeg 768w\" sizes=\"auto, (max-width: 1024px) 100vw, 1024px\" \/><\/a><figcaption class=\"wp-element-caption\"><em>de ferry van &nbsp;Bognes naar Skarberget<\/em><\/figcaption><\/figure>\n<\/div>\n\n\n\n<div class=\"wp-block-column is-layout-flow wp-block-column-is-layout-flow\">\n<figure class=\"wp-block-image size-full\"><a href=\"https:\/\/tedenloesopreis.nl\/wp-content\/uploads\/2023\/12\/IMG_4574-1024x804-1.jpeg\" target=\"_blank\" rel=\"noreferrer noopener\"><img loading=\"lazy\" decoding=\"async\" width=\"1024\" height=\"804\" src=\"https:\/\/tedenloesopreis.nl\/wp-content\/uploads\/2023\/12\/IMG_4574-1024x804-1.jpeg\" alt=\"\" class=\"wp-image-10531\" srcset=\"https:\/\/tedenloesopreis.nl\/wp-content\/uploads\/2023\/12\/IMG_4574-1024x804-1.jpeg 1024w, https:\/\/tedenloesopreis.nl\/wp-content\/uploads\/2023\/12\/IMG_4574-1024x804-1-300x236.jpeg 300w, https:\/\/tedenloesopreis.nl\/wp-content\/uploads\/2023\/12\/IMG_4574-1024x804-1-768x603.jpeg 768w\" sizes=\"auto, (max-width: 1024px) 100vw, 1024px\" \/><\/a><figcaption class=\"wp-element-caption\"><em>zicht vanaf de ferry op de pieken van de Lofoten<\/em><\/figcaption><\/figure>\n<\/div>\n<\/div>\n\n\n\n<div class=\"wp-block-columns is-layout-flex wp-container-core-columns-is-layout-9d6595d7 wp-block-columns-is-layout-flex\">\n<div class=\"wp-block-column is-layout-flow wp-block-column-is-layout-flow\"><\/div>\n\n\n\n<div class=\"wp-block-column is-layout-flow wp-block-column-is-layout-flow\">\n<figure class=\"wp-block-image size-full\"><a href=\"https:\/\/tedenloesopreis.nl\/wp-content\/uploads\/2023\/12\/IMG_4579-1024x768-1.jpeg\" target=\"_blank\" rel=\"noreferrer noopener\"><img loading=\"lazy\" decoding=\"async\" width=\"1024\" height=\"768\" src=\"https:\/\/tedenloesopreis.nl\/wp-content\/uploads\/2023\/12\/IMG_4579-1024x768-1.jpeg\" alt=\"\" class=\"wp-image-10532\" srcset=\"https:\/\/tedenloesopreis.nl\/wp-content\/uploads\/2023\/12\/IMG_4579-1024x768-1.jpeg 1024w, https:\/\/tedenloesopreis.nl\/wp-content\/uploads\/2023\/12\/IMG_4579-1024x768-1-300x225.jpeg 300w, https:\/\/tedenloesopreis.nl\/wp-content\/uploads\/2023\/12\/IMG_4579-1024x768-1-768x576.jpeg 768w\" sizes=\"auto, (max-width: 1024px) 100vw, 1024px\" \/><\/a><figcaption class=\"wp-element-caption\"><em>de Kjeringstraumen<\/em><\/figcaption><\/figure>\n<\/div>\n\n\n\n<div class=\"wp-block-column is-layout-flow wp-block-column-is-layout-flow\">\n<figure class=\"wp-block-image size-full\"><a href=\"https:\/\/tedenloesopreis.nl\/wp-content\/uploads\/2023\/12\/IMG_4582-1024x768-1.jpeg\" target=\"_blank\" rel=\"noreferrer noopener\"><img loading=\"lazy\" decoding=\"async\" width=\"1024\" height=\"768\" src=\"https:\/\/tedenloesopreis.nl\/wp-content\/uploads\/2023\/12\/IMG_4582-1024x768-1.jpeg\" alt=\"\" class=\"wp-image-10533\" srcset=\"https:\/\/tedenloesopreis.nl\/wp-content\/uploads\/2023\/12\/IMG_4582-1024x768-1.jpeg 1024w, https:\/\/tedenloesopreis.nl\/wp-content\/uploads\/2023\/12\/IMG_4582-1024x768-1-300x225.jpeg 300w, https:\/\/tedenloesopreis.nl\/wp-content\/uploads\/2023\/12\/IMG_4582-1024x768-1-768x576.jpeg 768w\" sizes=\"auto, (max-width: 1024px) 100vw, 1024px\" \/><\/a><figcaption class=\"wp-element-caption\"><em>het Efjord<\/em><\/figcaption><\/figure>\n<\/div>\n<\/div>\n\n\n\n<div class=\"wp-block-columns is-layout-flex wp-container-core-columns-is-layout-9d6595d7 wp-block-columns-is-layout-flex\">\n<div class=\"wp-block-column is-layout-flow wp-block-column-is-layout-flow\" style=\"flex-basis:33.33%\">\n<figure class=\"wp-block-image size-full\"><a href=\"https:\/\/tedenloesopreis.nl\/wp-content\/uploads\/2023\/12\/IMG_4585-1024x768-1.jpeg\" target=\"_blank\" rel=\"noreferrer noopener\"><img loading=\"lazy\" decoding=\"async\" width=\"1024\" height=\"768\" src=\"https:\/\/tedenloesopreis.nl\/wp-content\/uploads\/2023\/12\/IMG_4585-1024x768-1.jpeg\" alt=\"\" class=\"wp-image-10534\" srcset=\"https:\/\/tedenloesopreis.nl\/wp-content\/uploads\/2023\/12\/IMG_4585-1024x768-1.jpeg 1024w, https:\/\/tedenloesopreis.nl\/wp-content\/uploads\/2023\/12\/IMG_4585-1024x768-1-300x225.jpeg 300w, https:\/\/tedenloesopreis.nl\/wp-content\/uploads\/2023\/12\/IMG_4585-1024x768-1-768x576.jpeg 768w\" sizes=\"auto, (max-width: 1024px) 100vw, 1024px\" \/><\/a><figcaption class=\"wp-element-caption\"><em>de camping van Ballangen<\/em><\/figcaption><\/figure>\n<\/div>\n\n\n\n<div class=\"wp-block-column is-layout-flow wp-block-column-is-layout-flow\" style=\"flex-basis:66.66%\">\n<p>We hebben een plaatsje gevonden op de&nbsp;<a href=\"https:\/\/www.campercontact.com\/nl\/noorwegen\/nordland\/ballangen\/50503\/ballangen-camping\" target=\"_blank\" rel=\"noreferrer noopener\">camping<\/a>&nbsp;in Ballangen, een klein stukje ten zuiden van Narvik. Het is bewolkt maar droog, 11\u00b0C.&nbsp;Morgen nemen we voor twee dagen afscheid van de E6. We maken dan een zijsprongetje door Zweden en Finland.<\/p>\n<\/div>\n<\/div>\n\n\n\n<div style=\"height:35px\" aria-hidden=\"true\" class=\"wp-block-spacer\"><\/div>\n\n\n\n<div class=\"wp-block-columns is-layout-flex wp-container-core-columns-is-layout-9d6595d7 wp-block-columns-is-layout-flex\">\n<div class=\"wp-block-column is-layout-flow wp-block-column-is-layout-flow\">\n<p class=\"has-orange-background-color has-background\" id=\"dag15\"><\/p>\n<\/div>\n<\/div>\n\n\n\n<div class=\"wp-block-columns is-layout-flex wp-container-core-columns-is-layout-9d6595d7 wp-block-columns-is-layout-flex\">\n<div class=\"wp-block-column is-layout-flow wp-block-column-is-layout-flow\" style=\"flex-basis:33.33%\">\n<p><a href=\"#titel\">top<\/a><\/p>\n<\/div>\n\n\n\n<div class=\"wp-block-column is-layout-flow wp-block-column-is-layout-flow\" style=\"flex-basis:66.66%\">\n<p><strong>UITSTAPJE NAAR ZWEDEN<\/strong><br>dag 15 &nbsp; &nbsp; &nbsp; wo 03 augustus 2022<br><a href=\"https:\/\/www.google.com\/maps\/d\/viewer?mid=1xr-uJsz-XTa7XlU1iC0LRY_K-5aNSgY&amp;ll=68.29433624068137%2C18.04995023228979&amp;z=7\" target=\"_blank\" rel=\"noreferrer noopener\">Ballangen \u2013 Kiruna<\/a>&nbsp;&nbsp; &nbsp; &nbsp; 232 km<\/p>\n<\/div>\n<\/div>\n\n\n\n<div style=\"height:20px\" aria-hidden=\"true\" class=\"wp-block-spacer\"><\/div>\n\n\n\n<div class=\"wp-block-columns is-layout-flex wp-container-core-columns-is-layout-9d6595d7 wp-block-columns-is-layout-flex\">\n<div class=\"wp-block-column is-layout-flow wp-block-column-is-layout-flow\" style=\"flex-basis:33.33%\">\n<figure class=\"wp-block-image size-full\"><a href=\"https:\/\/tedenloesopreis.nl\/wp-content\/uploads\/2023\/12\/IMG_4628-1024x768-1.jpeg\" target=\"_blank\" rel=\"noreferrer noopener\"><img loading=\"lazy\" decoding=\"async\" width=\"1024\" height=\"768\" src=\"https:\/\/tedenloesopreis.nl\/wp-content\/uploads\/2023\/12\/IMG_4628-1024x768-1.jpeg\" alt=\"\" class=\"wp-image-10536\" srcset=\"https:\/\/tedenloesopreis.nl\/wp-content\/uploads\/2023\/12\/IMG_4628-1024x768-1.jpeg 1024w, https:\/\/tedenloesopreis.nl\/wp-content\/uploads\/2023\/12\/IMG_4628-1024x768-1-300x225.jpeg 300w, https:\/\/tedenloesopreis.nl\/wp-content\/uploads\/2023\/12\/IMG_4628-1024x768-1-768x576.jpeg 768w\" sizes=\"auto, (max-width: 1024px) 100vw, 1024px\" \/><\/a><figcaption class=\"wp-element-caption\"><em>de camping bij Kiruna<\/em><\/figcaption><\/figure>\n<\/div>\n\n\n\n<div class=\"wp-block-column is-layout-flow wp-block-column-is-layout-flow\" style=\"flex-basis:66.66%\">\n<p>We zijn weer 232 km verder. We staan op een&nbsp;<a href=\"https:\/\/www.campercontact.com\/nl\/zweden\/norrbottens-lan\/kiruna\/55629\/camp-alta-arctic-wilderness-camp\" target=\"_blank\" rel=\"noreferrer noopener\">camping<\/a>&nbsp;aan een meer zo\u2019n 10 km ten oosten van Kiruna. Het is hier bewolkt, droog, 17\u00b0C. Het waait behoorlijk, maar dat is niet erg, want daardoor zijn er helemaal geen muggen.<\/p>\n\n\n\n<p>We rijden vanochtend, met zo af en toe een zonnetje, eerst naar Narvik. Daar steken we met de nieuwe hangbrug het fjord over. Daarna gaan we rechtsaf, de E10 op, richting Kiruna en Lule\u00e5. Deze weg gaat, aan de Noorse kant van de grens, door een opvallend woest, stenig landschap, dat ons een beetje doet denken aan het gebied richting Gamvik (Noordkaap 2018). Het Zweedse deel van de weg gaat aanvankelijk door een wijdser landschap, met veel water, en daarin de nodige eilanden.<\/p>\n<\/div>\n<\/div>\n\n\n\n<div class=\"wp-block-columns is-layout-flex wp-container-core-columns-is-layout-9d6595d7 wp-block-columns-is-layout-flex\">\n<div class=\"wp-block-column is-layout-flow wp-block-column-is-layout-flow\"><\/div>\n\n\n\n<div class=\"wp-block-column is-layout-flow wp-block-column-is-layout-flow\">\n<figure class=\"wp-block-image size-full\"><a href=\"https:\/\/tedenloesopreis.nl\/wp-content\/uploads\/2023\/12\/IMG_4603-1024x768-1.jpeg\" target=\"_blank\" rel=\"noreferrer noopener\"><img loading=\"lazy\" decoding=\"async\" width=\"1024\" height=\"768\" src=\"https:\/\/tedenloesopreis.nl\/wp-content\/uploads\/2023\/12\/IMG_4603-1024x768-1.jpeg\" alt=\"\" class=\"wp-image-10537\" srcset=\"https:\/\/tedenloesopreis.nl\/wp-content\/uploads\/2023\/12\/IMG_4603-1024x768-1.jpeg 1024w, https:\/\/tedenloesopreis.nl\/wp-content\/uploads\/2023\/12\/IMG_4603-1024x768-1-300x225.jpeg 300w, https:\/\/tedenloesopreis.nl\/wp-content\/uploads\/2023\/12\/IMG_4603-1024x768-1-768x576.jpeg 768w\" sizes=\"auto, (max-width: 1024px) 100vw, 1024px\" \/><\/a><figcaption class=\"wp-element-caption\"><em>vlak voor Narvik: een laatste blik op de Lofoten<\/em><\/figcaption><\/figure>\n<\/div>\n\n\n\n<div class=\"wp-block-column is-layout-flow wp-block-column-is-layout-flow\">\n<figure class=\"wp-block-image size-full\"><a href=\"https:\/\/tedenloesopreis.nl\/wp-content\/uploads\/2023\/12\/IMG_4606-1024x768-1.jpeg\" target=\"_blank\" rel=\"noreferrer noopener\"><img loading=\"lazy\" decoding=\"async\" width=\"1024\" height=\"768\" src=\"https:\/\/tedenloesopreis.nl\/wp-content\/uploads\/2023\/12\/IMG_4606-1024x768-1.jpeg\" alt=\"\" class=\"wp-image-10538\" srcset=\"https:\/\/tedenloesopreis.nl\/wp-content\/uploads\/2023\/12\/IMG_4606-1024x768-1.jpeg 1024w, https:\/\/tedenloesopreis.nl\/wp-content\/uploads\/2023\/12\/IMG_4606-1024x768-1-300x225.jpeg 300w, https:\/\/tedenloesopreis.nl\/wp-content\/uploads\/2023\/12\/IMG_4606-1024x768-1-768x576.jpeg 768w\" sizes=\"auto, (max-width: 1024px) 100vw, 1024px\" \/><\/a><figcaption class=\"wp-element-caption\"><em>de nieuwe brug bij Narvik<\/em><\/figcaption><\/figure>\n<\/div>\n<\/div>\n\n\n\n<div class=\"wp-block-columns is-layout-flex wp-container-core-columns-is-layout-9d6595d7 wp-block-columns-is-layout-flex\">\n<div class=\"wp-block-column is-layout-flow wp-block-column-is-layout-flow\">\n<figure class=\"wp-block-image size-full\"><a href=\"https:\/\/tedenloesopreis.nl\/wp-content\/uploads\/2023\/12\/IMG_4623-1024x768-1.jpeg\" target=\"_blank\" rel=\"noreferrer noopener\"><img loading=\"lazy\" decoding=\"async\" width=\"1024\" height=\"768\" src=\"https:\/\/tedenloesopreis.nl\/wp-content\/uploads\/2023\/12\/IMG_4623-1024x768-1.jpeg\" alt=\"\" class=\"wp-image-10539\" srcset=\"https:\/\/tedenloesopreis.nl\/wp-content\/uploads\/2023\/12\/IMG_4623-1024x768-1.jpeg 1024w, https:\/\/tedenloesopreis.nl\/wp-content\/uploads\/2023\/12\/IMG_4623-1024x768-1-300x225.jpeg 300w, https:\/\/tedenloesopreis.nl\/wp-content\/uploads\/2023\/12\/IMG_4623-1024x768-1-768x576.jpeg 768w\" sizes=\"auto, (max-width: 1024px) 100vw, 1024px\" \/><\/a><figcaption class=\"wp-element-caption\"><em>het Noorse deel van de E10 is vaak erg stenig<\/em><\/figcaption><\/figure>\n<\/div>\n\n\n\n<div class=\"wp-block-column is-layout-flow wp-block-column-is-layout-flow\">\n<figure class=\"wp-block-image size-full\"><a href=\"https:\/\/tedenloesopreis.nl\/wp-content\/uploads\/2023\/12\/IMG_4624-1024x768-1.jpeg\" target=\"_blank\" rel=\"noreferrer noopener\"><img loading=\"lazy\" decoding=\"async\" width=\"1024\" height=\"768\" src=\"https:\/\/tedenloesopreis.nl\/wp-content\/uploads\/2023\/12\/IMG_4624-1024x768-1.jpeg\" alt=\"\" class=\"wp-image-10540\" srcset=\"https:\/\/tedenloesopreis.nl\/wp-content\/uploads\/2023\/12\/IMG_4624-1024x768-1.jpeg 1024w, https:\/\/tedenloesopreis.nl\/wp-content\/uploads\/2023\/12\/IMG_4624-1024x768-1-300x225.jpeg 300w, https:\/\/tedenloesopreis.nl\/wp-content\/uploads\/2023\/12\/IMG_4624-1024x768-1-768x576.jpeg 768w\" sizes=\"auto, (max-width: 1024px) 100vw, 1024px\" \/><\/a><figcaption class=\"wp-element-caption\"><em>de grens<\/em><\/figcaption><\/figure>\n<\/div>\n\n\n\n<div class=\"wp-block-column is-layout-flow wp-block-column-is-layout-flow\">\n<figure class=\"wp-block-image size-full\"><a href=\"https:\/\/tedenloesopreis.nl\/wp-content\/uploads\/2023\/12\/IMG_4626-1024x768-1.jpeg\" target=\"_blank\" rel=\"noreferrer noopener\"><img loading=\"lazy\" decoding=\"async\" width=\"1024\" height=\"768\" src=\"https:\/\/tedenloesopreis.nl\/wp-content\/uploads\/2023\/12\/IMG_4626-1024x768-1.jpeg\" alt=\"\" class=\"wp-image-10541\" srcset=\"https:\/\/tedenloesopreis.nl\/wp-content\/uploads\/2023\/12\/IMG_4626-1024x768-1.jpeg 1024w, https:\/\/tedenloesopreis.nl\/wp-content\/uploads\/2023\/12\/IMG_4626-1024x768-1-300x225.jpeg 300w, https:\/\/tedenloesopreis.nl\/wp-content\/uploads\/2023\/12\/IMG_4626-1024x768-1-768x576.jpeg 768w\" sizes=\"auto, (max-width: 1024px) 100vw, 1024px\" \/><\/a><figcaption class=\"wp-element-caption\"><em>het Zweedse deel van de E10: meren en eilandjes<\/em><\/figcaption><\/figure>\n<\/div>\n<\/div>\n\n\n\n<div class=\"wp-block-columns is-layout-flex wp-container-core-columns-is-layout-9d6595d7 wp-block-columns-is-layout-flex\">\n<div class=\"wp-block-column is-layout-flow wp-block-column-is-layout-flow\" style=\"flex-basis:33.33%\"><\/div>\n\n\n\n<div class=\"wp-block-column is-layout-flow wp-block-column-is-layout-flow\" style=\"flex-basis:66.66%\">\n<p id=\"kiruna\"><em><strong>Toelichting<\/strong><br><br>We hebben het uitstapje naar Zweden vooral gepland, omdat we benieuwd zijn naar de situatie in en rond Kiruna. Pal ten zuiden van die stad ligt een staatsmijn die het beste (= het zuiverste) ijzererts van de wereld levert. Was er aanvankelijk sprake van dagbouw, sinds enige jaren is de dagbouwmijn uitgeput en is men ondergronds gaan mijnen. De mijngangen bevinden zich inmiddels diep onder de stad..&nbsp;<br><br>Het staatsmijnbouwbedrijf ondervindt op twee manieren hinder van de stad:<br>\u2013 door de mijngangen onder de stad is er sprake van verzakkingen in de stad; het ondergronds mijnen onder Kiruna zal binnenkort moeten worden gestaakt,<br>\u2013 Kiruna verhindert dagbouw op de plaats waar de stad zich thans bevindt; toch ligt daar nog een aanzienlijke hoeveelheid ijzererts voor het opscheppen.<br><br>Er is besloten om een deel van Kiruna te verplaatsen. Dit gebeurt op kosten van het staatsmijnbouwbedrijf. Blijkbaar is de winning van ijzererts een lucratieve bezigheid. Enige markante gebouwen in het centrum van de stad zullen in hun geheel worden verplaatst. Een ander deel van de bebouwing zal worden afgebroken om elders opnieuw te worden opgebouwd. Het resterende deel wordt gesloopt en vervangen door nieuwbouw. We hadden gehoopt om het een en ander van deze werkzaamheden te zien, maar dat is niet het geval. De enige waarneembare tekenen van de verplaatsingsoperatie zijn de reconstructie van de E10 en de spoorlijn Lule\u00e5-Narvik. De weg en de spoorlijn lagen tussen Kiruna en de mijn, en vormden dus een stevige barri\u00e8re. Deze zijn inmiddels geruimd. De E10 is verplaatst naar de noordkant van de stad en het station van Kiruna is veranderd in een kopstation. De oude directe verbinding met Lule\u00e5 is vervangen door een lus die in westwaartse richting vertrekt en met een grote boog om de west- en de zuidzijde van de mijn naar het oosten afbuigt.&nbsp;<\/em><\/p>\n<\/div>\n<\/div>\n\n\n\n<div style=\"height:35px\" aria-hidden=\"true\" class=\"wp-block-spacer\"><\/div>\n\n\n\n<div class=\"wp-block-columns is-layout-flex wp-container-core-columns-is-layout-9d6595d7 wp-block-columns-is-layout-flex\">\n<div class=\"wp-block-column is-layout-flow wp-block-column-is-layout-flow\">\n<p class=\"has-orange-background-color has-background\" id=\"dag16\"><\/p>\n<\/div>\n<\/div>\n\n\n\n<div class=\"wp-block-columns is-layout-flex wp-container-core-columns-is-layout-9d6595d7 wp-block-columns-is-layout-flex\">\n<div class=\"wp-block-column is-layout-flow wp-block-column-is-layout-flow\" style=\"flex-basis:33.33%\">\n<p><a href=\"#titel\">top<\/a><\/p>\n<\/div>\n\n\n\n<div class=\"wp-block-column is-layout-flow wp-block-column-is-layout-flow\" style=\"flex-basis:66.66%\">\n<p><strong>WEER TERUG OP DE E6<\/strong><br>dag 16 &nbsp; &nbsp; &nbsp; do 04 augustus 2022<br><a href=\"https:\/\/www.google.com\/maps\/d\/viewer?mid=1mRX-brY-42QF7WkslYxTCjCBu1dwpS4&amp;ll=68.76445213778625%2C19.46448416015626&amp;z=6\" target=\"_blank\" rel=\"noreferrer noopener\">Kiruna \u2013 Skibotn<\/a>&nbsp;&nbsp; &nbsp; &nbsp; 324 km<\/p>\n<\/div>\n<\/div>\n\n\n\n<div style=\"height:20px\" aria-hidden=\"true\" class=\"wp-block-spacer\"><\/div>\n\n\n\n<div class=\"wp-block-columns is-layout-flex wp-container-core-columns-is-layout-9d6595d7 wp-block-columns-is-layout-flex\">\n<div class=\"wp-block-column is-layout-flow wp-block-column-is-layout-flow\" style=\"flex-basis:33.33%\">\n<figure class=\"wp-block-image size-full\"><a href=\"https:\/\/tedenloesopreis.nl\/wp-content\/uploads\/2023\/12\/IMG_4660-1-1024x768-1.jpeg\" target=\"_blank\" rel=\"noreferrer noopener\"><img loading=\"lazy\" decoding=\"async\" width=\"1024\" height=\"768\" src=\"https:\/\/tedenloesopreis.nl\/wp-content\/uploads\/2023\/12\/IMG_4660-1-1024x768-1.jpeg\" alt=\"\" class=\"wp-image-10543\" srcset=\"https:\/\/tedenloesopreis.nl\/wp-content\/uploads\/2023\/12\/IMG_4660-1-1024x768-1.jpeg 1024w, https:\/\/tedenloesopreis.nl\/wp-content\/uploads\/2023\/12\/IMG_4660-1-1024x768-1-300x225.jpeg 300w, https:\/\/tedenloesopreis.nl\/wp-content\/uploads\/2023\/12\/IMG_4660-1-1024x768-1-768x576.jpeg 768w\" sizes=\"auto, (max-width: 1024px) 100vw, 1024px\" \/><\/a><figcaption class=\"wp-element-caption\"><em>de camping van Skibotn<\/em><\/figcaption><\/figure>\n<\/div>\n\n\n\n<div class=\"wp-block-column is-layout-flow wp-block-column-is-layout-flow\" style=\"flex-basis:66.66%\">\n<p>Na een rit van 324 km zijn we weer in Noorwegen. We staan nu op een&nbsp;<a href=\"https:\/\/www.campercontact.com\/nl\/noorwegen\/storfjord-kommune\/skibotn\/45081\/olderelv-camping\" target=\"_blank\" rel=\"noreferrer noopener\">camping<\/a>&nbsp;in Skibotn, aan de E6. Het is hier halfbewolkt en, om 15:30, 19\u00b0C.&nbsp;<\/p>\n\n\n\n<p>Vandaag hebben we een Lapland-reisdag. Vanuit Kiruna rijden we nog een stukje op de E10 richting Lule\u00e5. In Svappavaara slaan we linksaf, de E45 op (deze weg zullen we op de terugreis nog vaker volgen). Bij Karesuando (Zweeds Saami) en Kaaresuvanto (Fins Saami), rijden we Finland binnen. We slaan hier linksaf, de E8 op (deze weg gaat naar Troms\u00f8). Even voorbij Kilpisj\u00e4rvi rijden we Noorwegen binnen. Vlak voor Skibotn komen we de E6 weer tegen.<\/p>\n\n\n\n<p>Zweeds Lapland is overwegend bebost met dwergberken, met zo af en toe een meertje. Je zou dus kunnen spreken van \u201ceeuwig zingende bosjes\u201d.&nbsp;Fins Lapland is veel minder bebost. Regelmatig zie je grote vlakten met drassig terrein, vaak met ondiep, stilstand water. Dit is dus echt muggengebied. Daarom zijn we niet gestopt bij de camping bij Kilpisj\u00e4rvi, maar doorgereden naar Skibotn.&nbsp;<\/p>\n\n\n\n<p>De wegen in Fins Lapland zijn vaak kilometerslang kaarsrecht. Je moet echter wel erg attent blijven, want voor je het weet, loopt er een rendier de weg op.&nbsp;Het Noorse deel van de rit is net zoals het begin van de E10 richting Kiruna: woest en stenig.<\/p>\n<\/div>\n<\/div>\n\n\n\n<div class=\"wp-block-columns is-layout-flex wp-container-core-columns-is-layout-9d6595d7 wp-block-columns-is-layout-flex\">\n<div class=\"wp-block-column is-layout-flow wp-block-column-is-layout-flow\"><\/div>\n\n\n\n<div class=\"wp-block-column is-layout-flow wp-block-column-is-layout-flow\">\n<figure class=\"wp-block-image size-full\"><a href=\"https:\/\/tedenloesopreis.nl\/wp-content\/uploads\/2023\/12\/IMG_4633-1-1024x768-1.jpeg\" target=\"_blank\" rel=\"noreferrer noopener\"><img loading=\"lazy\" decoding=\"async\" width=\"1024\" height=\"768\" src=\"https:\/\/tedenloesopreis.nl\/wp-content\/uploads\/2023\/12\/IMG_4633-1-1024x768-1.jpeg\" alt=\"\" class=\"wp-image-10544\" srcset=\"https:\/\/tedenloesopreis.nl\/wp-content\/uploads\/2023\/12\/IMG_4633-1-1024x768-1.jpeg 1024w, https:\/\/tedenloesopreis.nl\/wp-content\/uploads\/2023\/12\/IMG_4633-1-1024x768-1-300x225.jpeg 300w, https:\/\/tedenloesopreis.nl\/wp-content\/uploads\/2023\/12\/IMG_4633-1-1024x768-1-768x576.jpeg 768w\" sizes=\"auto, (max-width: 1024px) 100vw, 1024px\" \/><\/a><figcaption class=\"wp-element-caption\"><em>Zweeds Lapland: eeuwig zingende bosjes<\/em><\/figcaption><\/figure>\n<\/div>\n\n\n\n<div class=\"wp-block-column is-layout-flow wp-block-column-is-layout-flow\">\n<figure class=\"wp-block-image size-full\"><a href=\"https:\/\/tedenloesopreis.nl\/wp-content\/uploads\/2023\/12\/IMG_4636-1-1024x636-1.jpeg\" target=\"_blank\" rel=\"noreferrer noopener\"><img loading=\"lazy\" decoding=\"async\" width=\"1024\" height=\"636\" src=\"https:\/\/tedenloesopreis.nl\/wp-content\/uploads\/2023\/12\/IMG_4636-1-1024x636-1.jpeg\" alt=\"\" class=\"wp-image-10545\" srcset=\"https:\/\/tedenloesopreis.nl\/wp-content\/uploads\/2023\/12\/IMG_4636-1-1024x636-1.jpeg 1024w, https:\/\/tedenloesopreis.nl\/wp-content\/uploads\/2023\/12\/IMG_4636-1-1024x636-1-300x186.jpeg 300w, https:\/\/tedenloesopreis.nl\/wp-content\/uploads\/2023\/12\/IMG_4636-1-1024x636-1-768x477.jpeg 768w\" sizes=\"auto, (max-width: 1024px) 100vw, 1024px\" \/><\/a><figcaption class=\"wp-element-caption\"><em>met zo af en toe een meertje<\/em><\/figcaption><\/figure>\n<\/div>\n<\/div>\n\n\n\n<div class=\"wp-block-columns is-layout-flex wp-container-core-columns-is-layout-9d6595d7 wp-block-columns-is-layout-flex\">\n<div class=\"wp-block-column is-layout-flow wp-block-column-is-layout-flow\">\n<figure class=\"wp-block-image size-full\"><a href=\"https:\/\/tedenloesopreis.nl\/wp-content\/uploads\/2023\/12\/IMG_4639-1-1024x768-1.jpeg\" target=\"_blank\" rel=\"noreferrer noopener\"><img loading=\"lazy\" decoding=\"async\" width=\"1024\" height=\"768\" src=\"https:\/\/tedenloesopreis.nl\/wp-content\/uploads\/2023\/12\/IMG_4639-1-1024x768-1.jpeg\" alt=\"\" class=\"wp-image-10546\" srcset=\"https:\/\/tedenloesopreis.nl\/wp-content\/uploads\/2023\/12\/IMG_4639-1-1024x768-1.jpeg 1024w, https:\/\/tedenloesopreis.nl\/wp-content\/uploads\/2023\/12\/IMG_4639-1-1024x768-1-300x225.jpeg 300w, https:\/\/tedenloesopreis.nl\/wp-content\/uploads\/2023\/12\/IMG_4639-1-1024x768-1-768x576.jpeg 768w\" sizes=\"auto, (max-width: 1024px) 100vw, 1024px\" \/><\/a><figcaption class=\"wp-element-caption\"><em>de Zweeds-Finse grens<\/em><\/figcaption><\/figure>\n<\/div>\n\n\n\n<div class=\"wp-block-column is-layout-flow wp-block-column-is-layout-flow\">\n<figure class=\"wp-block-image size-full\"><a href=\"https:\/\/tedenloesopreis.nl\/wp-content\/uploads\/2023\/12\/IMG_4645-1-1024x768-1.jpeg\" target=\"_blank\" rel=\"noreferrer noopener\"><img loading=\"lazy\" decoding=\"async\" width=\"1024\" height=\"768\" src=\"https:\/\/tedenloesopreis.nl\/wp-content\/uploads\/2023\/12\/IMG_4645-1-1024x768-1.jpeg\" alt=\"\" class=\"wp-image-10547\" srcset=\"https:\/\/tedenloesopreis.nl\/wp-content\/uploads\/2023\/12\/IMG_4645-1-1024x768-1.jpeg 1024w, https:\/\/tedenloesopreis.nl\/wp-content\/uploads\/2023\/12\/IMG_4645-1-1024x768-1-300x225.jpeg 300w, https:\/\/tedenloesopreis.nl\/wp-content\/uploads\/2023\/12\/IMG_4645-1-1024x768-1-768x576.jpeg 768w\" sizes=\"auto, (max-width: 1024px) 100vw, 1024px\" \/><\/a><figcaption class=\"wp-element-caption\"><em>Fins Lapland: kaarsrechte wegen in een open terrein<\/em><\/figcaption><\/figure>\n<\/div>\n\n\n\n<div class=\"wp-block-column is-layout-flow wp-block-column-is-layout-flow\">\n<figure class=\"wp-block-image size-full\"><a href=\"https:\/\/tedenloesopreis.nl\/wp-content\/uploads\/2023\/12\/IMG_4655-1-1024x814-1.jpeg\" target=\"_blank\" rel=\"noreferrer noopener\"><img loading=\"lazy\" decoding=\"async\" width=\"1024\" height=\"814\" src=\"https:\/\/tedenloesopreis.nl\/wp-content\/uploads\/2023\/12\/IMG_4655-1-1024x814-1.jpeg\" alt=\"\" class=\"wp-image-10548\" srcset=\"https:\/\/tedenloesopreis.nl\/wp-content\/uploads\/2023\/12\/IMG_4655-1-1024x814-1.jpeg 1024w, https:\/\/tedenloesopreis.nl\/wp-content\/uploads\/2023\/12\/IMG_4655-1-1024x814-1-300x238.jpeg 300w, https:\/\/tedenloesopreis.nl\/wp-content\/uploads\/2023\/12\/IMG_4655-1-1024x814-1-768x611.jpeg 768w\" sizes=\"auto, (max-width: 1024px) 100vw, 1024px\" \/><\/a><figcaption class=\"wp-element-caption\"><em>met zo af en toe een bijzondere weggebruiker<\/em><\/figcaption><\/figure>\n<\/div>\n<\/div>\n\n\n\n<div style=\"height:35px\" aria-hidden=\"true\" class=\"wp-block-spacer\"><\/div>\n\n\n\n<div class=\"wp-block-columns is-layout-flex wp-container-core-columns-is-layout-9d6595d7 wp-block-columns-is-layout-flex\">\n<div class=\"wp-block-column is-layout-flow wp-block-column-is-layout-flow\">\n<p class=\"has-orange-background-color has-background\" id=\"dag17\"><\/p>\n<\/div>\n<\/div>\n\n\n\n<div class=\"wp-block-columns is-layout-flex wp-container-core-columns-is-layout-9d6595d7 wp-block-columns-is-layout-flex\">\n<div class=\"wp-block-column is-layout-flow wp-block-column-is-layout-flow\" style=\"flex-basis:33.33%\">\n<p><a href=\"#titel\">top<\/a><\/p>\n<\/div>\n\n\n\n<div class=\"wp-block-column is-layout-flow wp-block-column-is-layout-flow\" style=\"flex-basis:66.66%\">\n<p><strong>NA REGEN KOMT ZONNESCHIJN (EN HOE)<\/strong><br>dag 17 &nbsp; &nbsp;&nbsp; &nbsp;vr 05 augustus 2022<br><a href=\"https:\/\/www.google.com\/maps\/d\/viewer?mid=1IvhQrhX428B7fNjPW2a5uOayabX65bg&amp;ll=69.92019121763228%2C21.564022675781235&amp;z=7\" target=\"_blank\" rel=\"noreferrer noopener\">Skibotn \u2013 Alta<\/a>&nbsp;&nbsp; &nbsp; &nbsp; 266 km<\/p>\n<\/div>\n<\/div>\n\n\n\n<div style=\"height:20px\" aria-hidden=\"true\" class=\"wp-block-spacer\"><\/div>\n\n\n\n<div class=\"wp-block-columns is-layout-flex wp-container-core-columns-is-layout-9d6595d7 wp-block-columns-is-layout-flex\">\n<div class=\"wp-block-column is-layout-flow wp-block-column-is-layout-flow\" style=\"flex-basis:33.33%\"><\/div>\n\n\n\n<div class=\"wp-block-column is-layout-flow wp-block-column-is-layout-flow\" style=\"flex-basis:66.66%\">\n<p>Na een rit van 266 km staan we op een&nbsp;<a href=\"https:\/\/www.campercontact.com\/nl\/noorwegen\/troms-og-finnmark\/alta\/20913\/alta-river-camping\" target=\"_blank\" rel=\"noreferrer noopener\">camping<\/a>&nbsp;in Alta. Het is hier nu (17:30) droog, lichtbewolkt, 14\u00b0C.<\/p>\n\n\n\n<p>De dag begint echter met een bijzonder stevig onweer, met flinke rukwinden en z\u00f3veel regen, dat de ruitenwissers het niet goed kunnen verwerken. De snelheid komt dan ook maar zelden boven de 40 km\/uur. Tegen lunchtijd klaart het eindelijk een beetje op, en nu schijnt er een vrolijk zonnetje.<\/p>\n<\/div>\n<\/div>\n\n\n\n<div class=\"wp-block-columns is-layout-flex wp-container-core-columns-is-layout-9d6595d7 wp-block-columns-is-layout-flex\">\n<div class=\"wp-block-column is-layout-flow wp-block-column-is-layout-flow\">\n<figure class=\"wp-block-image size-full\"><a href=\"https:\/\/tedenloesopreis.nl\/wp-content\/uploads\/2023\/12\/IMG_4663-1024x768-1.jpeg\" target=\"_blank\" rel=\"noreferrer noopener\"><img loading=\"lazy\" decoding=\"async\" width=\"1024\" height=\"768\" src=\"https:\/\/tedenloesopreis.nl\/wp-content\/uploads\/2023\/12\/IMG_4663-1024x768-1.jpeg\" alt=\"\" class=\"wp-image-10550\" srcset=\"https:\/\/tedenloesopreis.nl\/wp-content\/uploads\/2023\/12\/IMG_4663-1024x768-1.jpeg 1024w, https:\/\/tedenloesopreis.nl\/wp-content\/uploads\/2023\/12\/IMG_4663-1024x768-1-300x225.jpeg 300w, https:\/\/tedenloesopreis.nl\/wp-content\/uploads\/2023\/12\/IMG_4663-1024x768-1-768x576.jpeg 768w\" sizes=\"auto, (max-width: 1024px) 100vw, 1024px\" \/><\/a><figcaption class=\"wp-element-caption\"><em>zo is het vanochtend<\/em><\/figcaption><\/figure>\n<\/div>\n\n\n\n<div class=\"wp-block-column is-layout-flow wp-block-column-is-layout-flow\">\n<figure class=\"wp-block-image size-full\"><a href=\"https:\/\/tedenloesopreis.nl\/wp-content\/uploads\/2023\/12\/IMG_4677-1024x768-1.jpeg\" target=\"_blank\" rel=\"noreferrer noopener\"><img loading=\"lazy\" decoding=\"async\" width=\"1024\" height=\"768\" src=\"https:\/\/tedenloesopreis.nl\/wp-content\/uploads\/2023\/12\/IMG_4677-1024x768-1.jpeg\" alt=\"\" class=\"wp-image-10551\" srcset=\"https:\/\/tedenloesopreis.nl\/wp-content\/uploads\/2023\/12\/IMG_4677-1024x768-1.jpeg 1024w, https:\/\/tedenloesopreis.nl\/wp-content\/uploads\/2023\/12\/IMG_4677-1024x768-1-300x225.jpeg 300w, https:\/\/tedenloesopreis.nl\/wp-content\/uploads\/2023\/12\/IMG_4677-1024x768-1-768x576.jpeg 768w\" sizes=\"auto, (max-width: 1024px) 100vw, 1024px\" \/><\/a><figcaption class=\"wp-element-caption\"><em>zo is het rond de middag<\/em><\/figcaption><\/figure>\n<\/div>\n\n\n\n<div class=\"wp-block-column is-layout-flow wp-block-column-is-layout-flow\">\n<figure class=\"wp-block-image size-full\"><a href=\"https:\/\/tedenloesopreis.nl\/wp-content\/uploads\/2023\/12\/IMG_4687-1024x768-1.jpeg\" target=\"_blank\" rel=\"noreferrer noopener\"><img loading=\"lazy\" decoding=\"async\" width=\"1024\" height=\"768\" src=\"https:\/\/tedenloesopreis.nl\/wp-content\/uploads\/2023\/12\/IMG_4687-1024x768-1.jpeg\" alt=\"\" class=\"wp-image-10552\" srcset=\"https:\/\/tedenloesopreis.nl\/wp-content\/uploads\/2023\/12\/IMG_4687-1024x768-1.jpeg 1024w, https:\/\/tedenloesopreis.nl\/wp-content\/uploads\/2023\/12\/IMG_4687-1024x768-1-300x225.jpeg 300w, https:\/\/tedenloesopreis.nl\/wp-content\/uploads\/2023\/12\/IMG_4687-1024x768-1-768x576.jpeg 768w\" sizes=\"auto, (max-width: 1024px) 100vw, 1024px\" \/><\/a><figcaption class=\"wp-element-caption\"><em>zo is het in het begin van de middag<\/em><\/figcaption><\/figure>\n<\/div>\n<\/div>\n\n\n\n<div class=\"wp-block-columns is-layout-flex wp-container-core-columns-is-layout-9d6595d7 wp-block-columns-is-layout-flex\">\n<div class=\"wp-block-column is-layout-flow wp-block-column-is-layout-flow\"><\/div>\n\n\n\n<div class=\"wp-block-column is-layout-flow wp-block-column-is-layout-flow\">\n<figure class=\"wp-block-image size-full\"><a href=\"https:\/\/tedenloesopreis.nl\/wp-content\/uploads\/2023\/12\/IMG_4689-1024x768-1.jpeg\" target=\"_blank\" rel=\"noreferrer noopener\"><img loading=\"lazy\" decoding=\"async\" width=\"1024\" height=\"768\" src=\"https:\/\/tedenloesopreis.nl\/wp-content\/uploads\/2023\/12\/IMG_4689-1024x768-1.jpeg\" alt=\"\" class=\"wp-image-10553\" srcset=\"https:\/\/tedenloesopreis.nl\/wp-content\/uploads\/2023\/12\/IMG_4689-1024x768-1.jpeg 1024w, https:\/\/tedenloesopreis.nl\/wp-content\/uploads\/2023\/12\/IMG_4689-1024x768-1-300x225.jpeg 300w, https:\/\/tedenloesopreis.nl\/wp-content\/uploads\/2023\/12\/IMG_4689-1024x768-1-768x576.jpeg 768w\" sizes=\"auto, (max-width: 1024px) 100vw, 1024px\" \/><\/a><figcaption class=\"wp-element-caption\"><em>zo is het halverwege de middag<\/em><\/figcaption><\/figure>\n<\/div>\n\n\n\n<div class=\"wp-block-column is-layout-flow wp-block-column-is-layout-flow\">\n<figure class=\"wp-block-image size-full\"><a href=\"https:\/\/tedenloesopreis.nl\/wp-content\/uploads\/2023\/12\/IMG_4695-1024x768-1.jpeg\" target=\"_blank\" rel=\"noreferrer noopener\"><img loading=\"lazy\" decoding=\"async\" width=\"1024\" height=\"768\" src=\"https:\/\/tedenloesopreis.nl\/wp-content\/uploads\/2023\/12\/IMG_4695-1024x768-1.jpeg\" alt=\"\" class=\"wp-image-10554\" srcset=\"https:\/\/tedenloesopreis.nl\/wp-content\/uploads\/2023\/12\/IMG_4695-1024x768-1.jpeg 1024w, https:\/\/tedenloesopreis.nl\/wp-content\/uploads\/2023\/12\/IMG_4695-1024x768-1-300x225.jpeg 300w, https:\/\/tedenloesopreis.nl\/wp-content\/uploads\/2023\/12\/IMG_4695-1024x768-1-768x576.jpeg 768w\" sizes=\"auto, (max-width: 1024px) 100vw, 1024px\" \/><\/a><figcaption class=\"wp-element-caption\"><em>zo is het vroeg in de avond op de camping in Alta<\/em><\/figcaption><\/figure>\n<\/div>\n<\/div>\n\n\n\n<div style=\"height:35px\" aria-hidden=\"true\" class=\"wp-block-spacer\"><\/div>\n\n\n\n<div class=\"wp-block-columns is-layout-flex wp-container-core-columns-is-layout-9d6595d7 wp-block-columns-is-layout-flex\">\n<div class=\"wp-block-column is-layout-flow wp-block-column-is-layout-flow\">\n<p class=\"has-orange-background-color has-background\" id=\"dag18\"><\/p>\n<\/div>\n<\/div>\n\n\n\n<div class=\"wp-block-columns is-layout-flex wp-container-core-columns-is-layout-9d6595d7 wp-block-columns-is-layout-flex\">\n<div class=\"wp-block-column is-layout-flow wp-block-column-is-layout-flow\" style=\"flex-basis:33.33%\">\n<p><a href=\"#titel\">top<\/a><\/p>\n<\/div>\n\n\n\n<div class=\"wp-block-column is-layout-flow wp-block-column-is-layout-flow\" style=\"flex-basis:66.66%\">\n<p><strong>WEER OP DE NOORDKAAP<\/strong><br>dag 18 &nbsp; &nbsp; &nbsp; za 06 augustus 2022<br><a href=\"https:\/\/www.google.com\/maps\/d\/viewer?mid=10ZxjNw_i5BpjBGBLCK-kMCalruPopak&amp;ll=70.68815036765665%2C24.052562265625035&amp;z=6\" target=\"_blank\" rel=\"noreferrer noopener\">Alta \u2013 Nordkapp<\/a>&nbsp; &nbsp; &nbsp; &nbsp;243 km<\/p>\n<\/div>\n<\/div>\n\n\n\n<div style=\"height:20px\" aria-hidden=\"true\" class=\"wp-block-spacer\"><\/div>\n\n\n\n<div class=\"wp-block-columns is-layout-flex wp-container-core-columns-is-layout-9d6595d7 wp-block-columns-is-layout-flex\">\n<div class=\"wp-block-column is-layout-flow wp-block-column-is-layout-flow\" style=\"flex-basis:33.33%\"><\/div>\n\n\n\n<div class=\"wp-block-column is-layout-flow wp-block-column-is-layout-flow\" style=\"flex-basis:66.66%\">\n<p>We worden wakker met prachtig weer, Het Noordkaap-avontuur kan gewoonweg niet mislukken. Voor de zekerheid kijken we toch nog even naar de webcam van de Noordkaap. We gaan!!!!!<\/p>\n\n\n\n<p>De reis verloopt voorspoedig.&nbsp;We vertrekken om 09:00. Bij de splitsing van Olderfjord (Noordkaap linksaf, Lakselv rechtsaf) bekijken we voor de zekerheid nog maar eens de webcam van de Noordkaap. Er is geen twijfel mogelijk: zo\u2019n zonnige Noordkaap kun je niet negeren. We slaan dus linksaf, de E69 op.<\/p>\n<\/div>\n<\/div>\n\n\n\n<div class=\"wp-block-columns is-layout-flex wp-container-core-columns-is-layout-9d6595d7 wp-block-columns-is-layout-flex\">\n<div class=\"wp-block-column is-layout-flow wp-block-column-is-layout-flow\">\n<figure class=\"wp-block-image size-full\"><a href=\"https:\/\/tedenloesopreis.nl\/wp-content\/uploads\/2023\/12\/IMG_0054-1024x768-1.png\" target=\"_blank\" rel=\"noreferrer noopener\"><img loading=\"lazy\" decoding=\"async\" width=\"1024\" height=\"768\" src=\"https:\/\/tedenloesopreis.nl\/wp-content\/uploads\/2023\/12\/IMG_0054-1024x768-1.png\" alt=\"\" class=\"wp-image-10558\" srcset=\"https:\/\/tedenloesopreis.nl\/wp-content\/uploads\/2023\/12\/IMG_0054-1024x768-1.png 1024w, https:\/\/tedenloesopreis.nl\/wp-content\/uploads\/2023\/12\/IMG_0054-1024x768-1-300x225.png 300w, https:\/\/tedenloesopreis.nl\/wp-content\/uploads\/2023\/12\/IMG_0054-1024x768-1-768x576.png 768w\" sizes=\"auto, (max-width: 1024px) 100vw, 1024px\" \/><\/a><figcaption class=\"wp-element-caption\"><em>de Noordkaap-webcam \u2018s-ochtends vroeg<\/em><\/figcaption><\/figure>\n<\/div>\n\n\n\n<div class=\"wp-block-column is-layout-flow wp-block-column-is-layout-flow\">\n<figure class=\"wp-block-image size-full\"><a href=\"https:\/\/tedenloesopreis.nl\/wp-content\/uploads\/2023\/12\/IMG_4697-1024x768-1.jpeg\" target=\"_blank\" rel=\"noreferrer noopener\"><img loading=\"lazy\" decoding=\"async\" width=\"1024\" height=\"768\" src=\"https:\/\/tedenloesopreis.nl\/wp-content\/uploads\/2023\/12\/IMG_4697-1024x768-1.jpeg\" alt=\"\" class=\"wp-image-10559\" srcset=\"https:\/\/tedenloesopreis.nl\/wp-content\/uploads\/2023\/12\/IMG_4697-1024x768-1.jpeg 1024w, https:\/\/tedenloesopreis.nl\/wp-content\/uploads\/2023\/12\/IMG_4697-1024x768-1-300x225.jpeg 300w, https:\/\/tedenloesopreis.nl\/wp-content\/uploads\/2023\/12\/IMG_4697-1024x768-1-768x576.jpeg 768w\" sizes=\"auto, (max-width: 1024px) 100vw, 1024px\" \/><\/a><figcaption class=\"wp-element-caption\"><em>ergens op de hoogvlakte tussen Alta en Skaidi<\/em><\/figcaption><\/figure>\n<\/div>\n\n\n\n<div class=\"wp-block-column is-layout-flow wp-block-column-is-layout-flow\">\n<figure class=\"wp-block-image size-full\"><a href=\"https:\/\/tedenloesopreis.nl\/wp-content\/uploads\/2023\/12\/IMG_4699-1024x768-1.jpeg\" target=\"_blank\" rel=\"noreferrer noopener\"><img loading=\"lazy\" decoding=\"async\" width=\"1024\" height=\"768\" src=\"https:\/\/tedenloesopreis.nl\/wp-content\/uploads\/2023\/12\/IMG_4699-1024x768-1.jpeg\" alt=\"\" class=\"wp-image-10560\" srcset=\"https:\/\/tedenloesopreis.nl\/wp-content\/uploads\/2023\/12\/IMG_4699-1024x768-1.jpeg 1024w, https:\/\/tedenloesopreis.nl\/wp-content\/uploads\/2023\/12\/IMG_4699-1024x768-1-300x225.jpeg 300w, https:\/\/tedenloesopreis.nl\/wp-content\/uploads\/2023\/12\/IMG_4699-1024x768-1-768x576.jpeg 768w\" sizes=\"auto, (max-width: 1024px) 100vw, 1024px\" \/><\/a><figcaption class=\"wp-element-caption\"><em>een tegenligger op de E69<\/em><\/figcaption><\/figure>\n<\/div>\n<\/div>\n\n\n\n<div class=\"wp-block-columns is-layout-flex wp-container-core-columns-is-layout-9d6595d7 wp-block-columns-is-layout-flex\">\n<div class=\"wp-block-column is-layout-flow wp-block-column-is-layout-flow\">\n<figure class=\"wp-block-image size-full\"><a href=\"https:\/\/tedenloesopreis.nl\/wp-content\/uploads\/2023\/12\/IMG_4706-1024x768-1.jpeg\" target=\"_blank\" rel=\"noreferrer noopener\"><img loading=\"lazy\" decoding=\"async\" width=\"1024\" height=\"768\" src=\"https:\/\/tedenloesopreis.nl\/wp-content\/uploads\/2023\/12\/IMG_4706-1024x768-1.jpeg\" alt=\"\" class=\"wp-image-10561\" srcset=\"https:\/\/tedenloesopreis.nl\/wp-content\/uploads\/2023\/12\/IMG_4706-1024x768-1.jpeg 1024w, https:\/\/tedenloesopreis.nl\/wp-content\/uploads\/2023\/12\/IMG_4706-1024x768-1-300x225.jpeg 300w, https:\/\/tedenloesopreis.nl\/wp-content\/uploads\/2023\/12\/IMG_4706-1024x768-1-768x576.jpeg 768w\" sizes=\"auto, (max-width: 1024px) 100vw, 1024px\" \/><\/a><figcaption class=\"wp-element-caption\"><em>nog een paar rendieren<\/em><\/figcaption><\/figure>\n<\/div>\n\n\n\n<div class=\"wp-block-column is-layout-flow wp-block-column-is-layout-flow\">\n<figure class=\"wp-block-image size-full\"><a href=\"https:\/\/tedenloesopreis.nl\/wp-content\/uploads\/2023\/12\/IMG_4707-1024x768-1.jpeg\" target=\"_blank\" rel=\"noreferrer noopener\"><img loading=\"lazy\" decoding=\"async\" width=\"1024\" height=\"768\" src=\"https:\/\/tedenloesopreis.nl\/wp-content\/uploads\/2023\/12\/IMG_4707-1024x768-1.jpeg\" alt=\"\" class=\"wp-image-10562\" srcset=\"https:\/\/tedenloesopreis.nl\/wp-content\/uploads\/2023\/12\/IMG_4707-1024x768-1.jpeg 1024w, https:\/\/tedenloesopreis.nl\/wp-content\/uploads\/2023\/12\/IMG_4707-1024x768-1-300x225.jpeg 300w, https:\/\/tedenloesopreis.nl\/wp-content\/uploads\/2023\/12\/IMG_4707-1024x768-1-768x576.jpeg 768w\" sizes=\"auto, (max-width: 1024px) 100vw, 1024px\" \/><\/a><figcaption class=\"wp-element-caption\"><em>tijd voor een ruime koffiepauze<\/em><\/figcaption><\/figure>\n<\/div>\n\n\n\n<div class=\"wp-block-column is-layout-flow wp-block-column-is-layout-flow\">\n<figure class=\"wp-block-image size-full\"><a href=\"https:\/\/tedenloesopreis.nl\/wp-content\/uploads\/2023\/12\/IMG_4712-1024x768-1.jpeg\" target=\"_blank\" rel=\"noreferrer noopener\"><img loading=\"lazy\" decoding=\"async\" width=\"1024\" height=\"768\" src=\"https:\/\/tedenloesopreis.nl\/wp-content\/uploads\/2023\/12\/IMG_4712-1024x768-1.jpeg\" alt=\"\" class=\"wp-image-10563\" srcset=\"https:\/\/tedenloesopreis.nl\/wp-content\/uploads\/2023\/12\/IMG_4712-1024x768-1.jpeg 1024w, https:\/\/tedenloesopreis.nl\/wp-content\/uploads\/2023\/12\/IMG_4712-1024x768-1-300x225.jpeg 300w, https:\/\/tedenloesopreis.nl\/wp-content\/uploads\/2023\/12\/IMG_4712-1024x768-1-768x576.jpeg 768w\" sizes=\"auto, (max-width: 1024px) 100vw, 1024px\" \/><\/a><figcaption class=\"wp-element-caption\"><em>de tunnel naar het eiland Mager\u00f8ya<\/em><\/figcaption><\/figure>\n<\/div>\n<\/div>\n\n\n\n<div class=\"wp-block-columns is-layout-flex wp-container-core-columns-is-layout-9d6595d7 wp-block-columns-is-layout-flex\">\n<div class=\"wp-block-column is-layout-flow wp-block-column-is-layout-flow\">\n<figure class=\"wp-block-image size-full\"><a href=\"https:\/\/tedenloesopreis.nl\/wp-content\/uploads\/2023\/12\/IMG_4715-1024x768-1.jpeg\" target=\"_blank\" rel=\"noreferrer noopener\"><img loading=\"lazy\" decoding=\"async\" width=\"1024\" height=\"768\" src=\"https:\/\/tedenloesopreis.nl\/wp-content\/uploads\/2023\/12\/IMG_4715-1024x768-1.jpeg\" alt=\"\" class=\"wp-image-10564\" srcset=\"https:\/\/tedenloesopreis.nl\/wp-content\/uploads\/2023\/12\/IMG_4715-1024x768-1.jpeg 1024w, https:\/\/tedenloesopreis.nl\/wp-content\/uploads\/2023\/12\/IMG_4715-1024x768-1-300x225.jpeg 300w, https:\/\/tedenloesopreis.nl\/wp-content\/uploads\/2023\/12\/IMG_4715-1024x768-1-768x576.jpeg 768w\" sizes=\"auto, (max-width: 1024px) 100vw, 1024px\" \/><\/a><figcaption class=\"wp-element-caption\"><em>we zijn op Mager\u00f8ya<\/em><\/figcaption><\/figure>\n<\/div>\n\n\n\n<div class=\"wp-block-column is-layout-flow wp-block-column-is-layout-flow\">\n<figure class=\"wp-block-image size-full\"><a href=\"https:\/\/tedenloesopreis.nl\/wp-content\/uploads\/2023\/12\/IMG_4717-1024x768-1.jpeg\" target=\"_blank\" rel=\"noreferrer noopener\"><img loading=\"lazy\" decoding=\"async\" width=\"1024\" height=\"768\" src=\"https:\/\/tedenloesopreis.nl\/wp-content\/uploads\/2023\/12\/IMG_4717-1024x768-1.jpeg\" alt=\"\" class=\"wp-image-10565\" srcset=\"https:\/\/tedenloesopreis.nl\/wp-content\/uploads\/2023\/12\/IMG_4717-1024x768-1.jpeg 1024w, https:\/\/tedenloesopreis.nl\/wp-content\/uploads\/2023\/12\/IMG_4717-1024x768-1-300x225.jpeg 300w, https:\/\/tedenloesopreis.nl\/wp-content\/uploads\/2023\/12\/IMG_4717-1024x768-1-768x576.jpeg 768w\" sizes=\"auto, (max-width: 1024px) 100vw, 1024px\" \/><\/a><figcaption class=\"wp-element-caption\"><em>onderweg naar Honningsv\u00e5g<\/em><\/figcaption><\/figure>\n<\/div>\n\n\n\n<div class=\"wp-block-column is-layout-flow wp-block-column-is-layout-flow\">\n<figure class=\"wp-block-image size-full\"><a href=\"https:\/\/tedenloesopreis.nl\/wp-content\/uploads\/2023\/12\/IMG_4718-1024x768-1.jpeg\" target=\"_blank\" rel=\"noreferrer noopener\"><img loading=\"lazy\" decoding=\"async\" width=\"1024\" height=\"768\" src=\"https:\/\/tedenloesopreis.nl\/wp-content\/uploads\/2023\/12\/IMG_4718-1024x768-1.jpeg\" alt=\"\" class=\"wp-image-10566\" srcset=\"https:\/\/tedenloesopreis.nl\/wp-content\/uploads\/2023\/12\/IMG_4718-1024x768-1.jpeg 1024w, https:\/\/tedenloesopreis.nl\/wp-content\/uploads\/2023\/12\/IMG_4718-1024x768-1-300x225.jpeg 300w, https:\/\/tedenloesopreis.nl\/wp-content\/uploads\/2023\/12\/IMG_4718-1024x768-1-768x576.jpeg 768w\" sizes=\"auto, (max-width: 1024px) 100vw, 1024px\" \/><\/a><figcaption class=\"wp-element-caption\"><em>voorbij Honningsv\u00e5g<\/em><\/figcaption><\/figure>\n<\/div>\n<\/div>\n\n\n\n<div class=\"wp-block-columns is-layout-flex wp-container-core-columns-is-layout-9d6595d7 wp-block-columns-is-layout-flex\">\n<div class=\"wp-block-column is-layout-flow wp-block-column-is-layout-flow\">\n<figure class=\"wp-block-image size-full\"><a href=\"https:\/\/tedenloesopreis.nl\/wp-content\/uploads\/2023\/12\/IMG_4721-1024x768-1.jpeg\" target=\"_blank\" rel=\"noreferrer noopener\"><img loading=\"lazy\" decoding=\"async\" width=\"1024\" height=\"768\" src=\"https:\/\/tedenloesopreis.nl\/wp-content\/uploads\/2023\/12\/IMG_4721-1024x768-1.jpeg\" alt=\"\" class=\"wp-image-10567\" srcset=\"https:\/\/tedenloesopreis.nl\/wp-content\/uploads\/2023\/12\/IMG_4721-1024x768-1.jpeg 1024w, https:\/\/tedenloesopreis.nl\/wp-content\/uploads\/2023\/12\/IMG_4721-1024x768-1-300x225.jpeg 300w, https:\/\/tedenloesopreis.nl\/wp-content\/uploads\/2023\/12\/IMG_4721-1024x768-1-768x576.jpeg 768w\" sizes=\"auto, (max-width: 1024px) 100vw, 1024px\" \/><\/a><figcaption class=\"wp-element-caption\"><em>onderweg naar de Noordkaap<\/em><\/figcaption><\/figure>\n<\/div>\n\n\n\n<div class=\"wp-block-column is-layout-flow wp-block-column-is-layout-flow\">\n<figure class=\"wp-block-image size-full\"><a href=\"https:\/\/tedenloesopreis.nl\/wp-content\/uploads\/2023\/12\/IMG_4725-1024x768-1.jpeg\" target=\"_blank\" rel=\"noreferrer noopener\"><img loading=\"lazy\" decoding=\"async\" width=\"1024\" height=\"768\" src=\"https:\/\/tedenloesopreis.nl\/wp-content\/uploads\/2023\/12\/IMG_4725-1024x768-1.jpeg\" alt=\"\" class=\"wp-image-10568\" srcset=\"https:\/\/tedenloesopreis.nl\/wp-content\/uploads\/2023\/12\/IMG_4725-1024x768-1.jpeg 1024w, https:\/\/tedenloesopreis.nl\/wp-content\/uploads\/2023\/12\/IMG_4725-1024x768-1-300x225.jpeg 300w, https:\/\/tedenloesopreis.nl\/wp-content\/uploads\/2023\/12\/IMG_4725-1024x768-1-768x576.jpeg 768w\" sizes=\"auto, (max-width: 1024px) 100vw, 1024px\" \/><\/a><figcaption class=\"wp-element-caption\"><em>onderweg naar de Noordkaap<\/em><\/figcaption><\/figure>\n<\/div>\n\n\n\n<div class=\"wp-block-column is-layout-flow wp-block-column-is-layout-flow\">\n<figure class=\"wp-block-image size-full\"><a href=\"https:\/\/tedenloesopreis.nl\/wp-content\/uploads\/2023\/12\/IMG_4726-1024x768-1.jpeg\" target=\"_blank\" rel=\"noreferrer noopener\"><img loading=\"lazy\" decoding=\"async\" width=\"1024\" height=\"768\" src=\"https:\/\/tedenloesopreis.nl\/wp-content\/uploads\/2023\/12\/IMG_4726-1024x768-1.jpeg\" alt=\"\" class=\"wp-image-10569\" srcset=\"https:\/\/tedenloesopreis.nl\/wp-content\/uploads\/2023\/12\/IMG_4726-1024x768-1.jpeg 1024w, https:\/\/tedenloesopreis.nl\/wp-content\/uploads\/2023\/12\/IMG_4726-1024x768-1-300x225.jpeg 300w, https:\/\/tedenloesopreis.nl\/wp-content\/uploads\/2023\/12\/IMG_4726-1024x768-1-768x576.jpeg 768w\" sizes=\"auto, (max-width: 1024px) 100vw, 1024px\" \/><\/a><figcaption class=\"wp-element-caption\"><em>we naderen de Noordkaap<\/em><\/figcaption><\/figure>\n<\/div>\n<\/div>\n\n\n\n<div class=\"wp-block-columns is-layout-flex wp-container-core-columns-is-layout-9d6595d7 wp-block-columns-is-layout-flex\">\n<div class=\"wp-block-column is-layout-flow wp-block-column-is-layout-flow\"><\/div>\n\n\n\n<div class=\"wp-block-column is-layout-flow wp-block-column-is-layout-flow\">\n<figure class=\"wp-block-image size-full\"><a href=\"https:\/\/tedenloesopreis.nl\/wp-content\/uploads\/2023\/12\/IMG_4727-1024x768-1.jpeg\" target=\"_blank\" rel=\"noreferrer noopener\"><img loading=\"lazy\" decoding=\"async\" width=\"1024\" height=\"768\" src=\"https:\/\/tedenloesopreis.nl\/wp-content\/uploads\/2023\/12\/IMG_4727-1024x768-1.jpeg\" alt=\"\" class=\"wp-image-10570\" srcset=\"https:\/\/tedenloesopreis.nl\/wp-content\/uploads\/2023\/12\/IMG_4727-1024x768-1.jpeg 1024w, https:\/\/tedenloesopreis.nl\/wp-content\/uploads\/2023\/12\/IMG_4727-1024x768-1-300x225.jpeg 300w, https:\/\/tedenloesopreis.nl\/wp-content\/uploads\/2023\/12\/IMG_4727-1024x768-1-768x576.jpeg 768w\" sizes=\"auto, (max-width: 1024px) 100vw, 1024px\" \/><\/a><figcaption class=\"wp-element-caption\"><em>we zijn bijna op de Noordkaap<\/em><\/figcaption><\/figure>\n<\/div>\n\n\n\n<div class=\"wp-block-column is-layout-flow wp-block-column-is-layout-flow\">\n<figure class=\"wp-block-image size-full\"><a href=\"https:\/\/tedenloesopreis.nl\/wp-content\/uploads\/2023\/12\/IMG_4729-1024x768-1.jpeg\" target=\"_blank\" rel=\"noreferrer noopener\"><img loading=\"lazy\" decoding=\"async\" width=\"1024\" height=\"768\" src=\"https:\/\/tedenloesopreis.nl\/wp-content\/uploads\/2023\/12\/IMG_4729-1024x768-1.jpeg\" alt=\"\" class=\"wp-image-10571\" srcset=\"https:\/\/tedenloesopreis.nl\/wp-content\/uploads\/2023\/12\/IMG_4729-1024x768-1.jpeg 1024w, https:\/\/tedenloesopreis.nl\/wp-content\/uploads\/2023\/12\/IMG_4729-1024x768-1-300x225.jpeg 300w, https:\/\/tedenloesopreis.nl\/wp-content\/uploads\/2023\/12\/IMG_4729-1024x768-1-768x576.jpeg 768w\" sizes=\"auto, (max-width: 1024px) 100vw, 1024px\" \/><\/a><figcaption class=\"wp-element-caption\"><em>we staan voor de slagboom van de Noordkaap<\/em><\/figcaption><\/figure>\n<\/div>\n<\/div>\n\n\n\n<div class=\"wp-block-columns is-layout-flex wp-container-core-columns-is-layout-9d6595d7 wp-block-columns-is-layout-flex\">\n<div class=\"wp-block-column is-layout-flow wp-block-column-is-layout-flow\" style=\"flex-basis:33.33%\"><\/div>\n\n\n\n<div class=\"wp-block-column is-layout-flow wp-block-column-is-layout-flow\" style=\"flex-basis:66.66%\">\n<p>Om 13:15 rijden we, na 243 km rijden en een ruime koffiepauze, weer het&nbsp;<a href=\"https:\/\/www.campercontact.com\/nl\/noorwegen\/troms-og-finnmark\/nordkapp\/10202\/nordkapphallen\" target=\"_blank\" rel=\"noreferrer noopener\">parkeerterrein<\/a>&nbsp;van de Noordkaap op. Het is hier lekker zonnig, met wat wolkenflarden, vrij winderig, 17\u00b0C.&nbsp;We wisten niet, dat de Barentszzee z\u00f3 blauw kon zijn. Wat een verschil met 2018, toen je, met enige overdrijving, nauwelijks een hand voor ogen kon zien.<\/p>\n<\/div>\n<\/div>\n\n\n\n<div class=\"wp-block-columns is-layout-flex wp-container-core-columns-is-layout-9d6595d7 wp-block-columns-is-layout-flex\">\n<div class=\"wp-block-column is-layout-flow wp-block-column-is-layout-flow\">\n<figure class=\"wp-block-image size-full\"><a href=\"https:\/\/tedenloesopreis.nl\/wp-content\/uploads\/2023\/12\/IMG_4731-1024x768-1.jpeg\" target=\"_blank\" rel=\"noreferrer noopener\"><img loading=\"lazy\" decoding=\"async\" width=\"1024\" height=\"768\" src=\"https:\/\/tedenloesopreis.nl\/wp-content\/uploads\/2023\/12\/IMG_4731-1024x768-1.jpeg\" alt=\"\" class=\"wp-image-10572\" srcset=\"https:\/\/tedenloesopreis.nl\/wp-content\/uploads\/2023\/12\/IMG_4731-1024x768-1.jpeg 1024w, https:\/\/tedenloesopreis.nl\/wp-content\/uploads\/2023\/12\/IMG_4731-1024x768-1-300x225.jpeg 300w, https:\/\/tedenloesopreis.nl\/wp-content\/uploads\/2023\/12\/IMG_4731-1024x768-1-768x576.jpeg 768w\" sizes=\"auto, (max-width: 1024px) 100vw, 1024px\" \/><\/a><figcaption class=\"wp-element-caption\"><em>we zijn gearriveerd<\/em><\/figcaption><\/figure>\n<\/div>\n\n\n\n<div class=\"wp-block-column is-layout-flow wp-block-column-is-layout-flow\">\n<figure class=\"wp-block-image size-full\"><a href=\"https:\/\/tedenloesopreis.nl\/wp-content\/uploads\/2023\/12\/IMG_4735-1024x768-1.jpeg\" target=\"_blank\" rel=\"noreferrer noopener\"><img loading=\"lazy\" decoding=\"async\" width=\"1024\" height=\"768\" src=\"https:\/\/tedenloesopreis.nl\/wp-content\/uploads\/2023\/12\/IMG_4735-1024x768-1.jpeg\" alt=\"\" class=\"wp-image-10573\" srcset=\"https:\/\/tedenloesopreis.nl\/wp-content\/uploads\/2023\/12\/IMG_4735-1024x768-1.jpeg 1024w, https:\/\/tedenloesopreis.nl\/wp-content\/uploads\/2023\/12\/IMG_4735-1024x768-1-300x225.jpeg 300w, https:\/\/tedenloesopreis.nl\/wp-content\/uploads\/2023\/12\/IMG_4735-1024x768-1-768x576.jpeg 768w\" sizes=\"auto, (max-width: 1024px) 100vw, 1024px\" \/><\/a><figcaption class=\"wp-element-caption\"><em>wat is de Barentszzee blauw!!!<\/em><\/figcaption><\/figure>\n<\/div>\n\n\n\n<div class=\"wp-block-column is-layout-flow wp-block-column-is-layout-flow\">\n<figure class=\"wp-block-image size-full\"><a href=\"https:\/\/tedenloesopreis.nl\/wp-content\/uploads\/2023\/12\/IMG_4739-1-1024x768-2.jpeg\" target=\"_blank\" rel=\"noreferrer noopener\"><img loading=\"lazy\" decoding=\"async\" width=\"1024\" height=\"768\" src=\"https:\/\/tedenloesopreis.nl\/wp-content\/uploads\/2023\/12\/IMG_4739-1-1024x768-2.jpeg\" alt=\"\" class=\"wp-image-10574\" srcset=\"https:\/\/tedenloesopreis.nl\/wp-content\/uploads\/2023\/12\/IMG_4739-1-1024x768-2.jpeg 1024w, https:\/\/tedenloesopreis.nl\/wp-content\/uploads\/2023\/12\/IMG_4739-1-1024x768-2-300x225.jpeg 300w, https:\/\/tedenloesopreis.nl\/wp-content\/uploads\/2023\/12\/IMG_4739-1-1024x768-2-768x576.jpeg 768w\" sizes=\"auto, (max-width: 1024px) 100vw, 1024px\" \/><\/a><figcaption class=\"wp-element-caption\"><em>op de Noordkaap<\/em><\/figcaption><\/figure>\n<\/div>\n<\/div>\n\n\n\n<div class=\"wp-block-columns is-layout-flex wp-container-core-columns-is-layout-9d6595d7 wp-block-columns-is-layout-flex\">\n<div class=\"wp-block-column is-layout-flow wp-block-column-is-layout-flow\" style=\"flex-basis:33.33%\"><\/div>\n\n\n\n<div class=\"wp-block-column is-layout-flow wp-block-column-is-layout-flow\" style=\"flex-basis:66.66%\">\n<p>\u2018s-Avonds worden we nog getrakteerd op een prachtige zonsondergang.<\/p>\n<\/div>\n<\/div>\n\n\n\n<div class=\"wp-block-columns is-layout-flex wp-container-core-columns-is-layout-9d6595d7 wp-block-columns-is-layout-flex\">\n<div class=\"wp-block-column is-layout-flow wp-block-column-is-layout-flow\"><\/div>\n\n\n\n<div class=\"wp-block-column is-layout-flow wp-block-column-is-layout-flow\">\n<figure class=\"wp-block-image size-full\"><a href=\"https:\/\/tedenloesopreis.nl\/wp-content\/uploads\/2023\/12\/IMG_4765-1024x768-1.jpeg\" target=\"_blank\" rel=\"noreferrer noopener\"><img loading=\"lazy\" decoding=\"async\" width=\"1024\" height=\"768\" src=\"https:\/\/tedenloesopreis.nl\/wp-content\/uploads\/2023\/12\/IMG_4765-1024x768-1.jpeg\" alt=\"\" class=\"wp-image-10575\" srcset=\"https:\/\/tedenloesopreis.nl\/wp-content\/uploads\/2023\/12\/IMG_4765-1024x768-1.jpeg 1024w, https:\/\/tedenloesopreis.nl\/wp-content\/uploads\/2023\/12\/IMG_4765-1024x768-1-300x225.jpeg 300w, https:\/\/tedenloesopreis.nl\/wp-content\/uploads\/2023\/12\/IMG_4765-1024x768-1-768x576.jpeg 768w\" sizes=\"auto, (max-width: 1024px) 100vw, 1024px\" \/><\/a><figcaption class=\"wp-element-caption\"><em>op een rijtje in de laatste zonnestralen<\/em><\/figcaption><\/figure>\n<\/div>\n\n\n\n<div class=\"wp-block-column is-layout-flow wp-block-column-is-layout-flow\">\n<figure class=\"wp-block-image size-full\"><a href=\"https:\/\/tedenloesopreis.nl\/wp-content\/uploads\/2023\/12\/IMG_4766-1024x768-1.jpeg\" target=\"_blank\" rel=\"noreferrer noopener\"><img loading=\"lazy\" decoding=\"async\" width=\"1024\" height=\"768\" src=\"https:\/\/tedenloesopreis.nl\/wp-content\/uploads\/2023\/12\/IMG_4766-1024x768-1.jpeg\" alt=\"\" class=\"wp-image-10576\" srcset=\"https:\/\/tedenloesopreis.nl\/wp-content\/uploads\/2023\/12\/IMG_4766-1024x768-1.jpeg 1024w, https:\/\/tedenloesopreis.nl\/wp-content\/uploads\/2023\/12\/IMG_4766-1024x768-1-300x225.jpeg 300w, https:\/\/tedenloesopreis.nl\/wp-content\/uploads\/2023\/12\/IMG_4766-1024x768-1-768x576.jpeg 768w\" sizes=\"auto, (max-width: 1024px) 100vw, 1024px\" \/><\/a><figcaption class=\"wp-element-caption\"><em>de zon gaat voor even onder in de Barentszzee<\/em><\/figcaption><\/figure>\n<\/div>\n<\/div>\n\n\n\n<div style=\"height:35px\" aria-hidden=\"true\" class=\"wp-block-spacer\"><\/div>\n\n\n\n<div class=\"wp-block-columns is-layout-flex wp-container-core-columns-is-layout-9d6595d7 wp-block-columns-is-layout-flex\">\n<div class=\"wp-block-column is-layout-flow wp-block-column-is-layout-flow\">\n<p class=\"has-orange-background-color has-background\" id=\"dag19\"><\/p>\n<\/div>\n<\/div>\n\n\n\n<div class=\"wp-block-columns is-layout-flex wp-container-core-columns-is-layout-9d6595d7 wp-block-columns-is-layout-flex\">\n<div class=\"wp-block-column is-layout-flow wp-block-column-is-layout-flow\" style=\"flex-basis:33.33%\">\n<p><a href=\"#titel\">top<\/a><\/p>\n<\/div>\n\n\n\n<div class=\"wp-block-column is-layout-flow wp-block-column-is-layout-flow\" style=\"flex-basis:66.66%\">\n<p><strong>WEER NET ALS TOEN<\/strong><br>dag 19 &nbsp; &nbsp; &nbsp; zo 07 augustus 2022<br><a href=\"https:\/\/www.google.com\/maps\/d\/viewer?mid=1EGbKlIrhfmfEVnKGAand7VgEQ58al-k&amp;ll=71.12223321902555%2C25.72480038574218&amp;z=9\" target=\"_blank\" rel=\"noreferrer noopener\">Nordkapp \u2013 Honningsv\u00e5g<\/a>&nbsp;&nbsp; &nbsp;&nbsp; &nbsp;26 km<\/p>\n<\/div>\n<\/div>\n\n\n\n<div style=\"height:20px\" aria-hidden=\"true\" class=\"wp-block-spacer\"><\/div>\n\n\n\n<div class=\"wp-block-columns is-layout-flex wp-container-core-columns-is-layout-9d6595d7 wp-block-columns-is-layout-flex\">\n<div class=\"wp-block-column is-layout-flow wp-block-column-is-layout-flow\" style=\"flex-basis:33.33%\"><\/div>\n\n\n\n<div class=\"wp-block-column is-layout-flow wp-block-column-is-layout-flow\" style=\"flex-basis:66.66%\">\n<p>Als we vanochtend wakker worden, is de overeenkomst met 2018 groot. Door de regendruppels zien we de buurcamper en verder niets. Alleen de kleur van de buurcamper is anders. Naar het zuiden rijdend, wordt het wel weer wat helderder, net als in 2018, maar het blijft regenen.<\/p>\n<\/div>\n<\/div>\n\n\n\n<div class=\"wp-block-columns is-layout-flex wp-container-core-columns-is-layout-9d6595d7 wp-block-columns-is-layout-flex\">\n<div class=\"wp-block-column is-layout-flow wp-block-column-is-layout-flow\">\n<figure class=\"wp-block-image size-full\"><a href=\"https:\/\/tedenloesopreis.nl\/wp-content\/uploads\/2023\/12\/IMG_4768-1024x768-1.jpeg\" target=\"_blank\" rel=\"noreferrer noopener\"><img loading=\"lazy\" decoding=\"async\" width=\"1024\" height=\"768\" src=\"https:\/\/tedenloesopreis.nl\/wp-content\/uploads\/2023\/12\/IMG_4768-1024x768-1.jpeg\" alt=\"\" class=\"wp-image-10578\" srcset=\"https:\/\/tedenloesopreis.nl\/wp-content\/uploads\/2023\/12\/IMG_4768-1024x768-1.jpeg 1024w, https:\/\/tedenloesopreis.nl\/wp-content\/uploads\/2023\/12\/IMG_4768-1024x768-1-300x225.jpeg 300w, https:\/\/tedenloesopreis.nl\/wp-content\/uploads\/2023\/12\/IMG_4768-1024x768-1-768x576.jpeg 768w\" sizes=\"auto, (max-width: 1024px) 100vw, 1024px\" \/><\/a><figcaption class=\"wp-element-caption\"><em>zo worden we wakker<\/em><\/figcaption><\/figure>\n<\/div>\n\n\n\n<div class=\"wp-block-column is-layout-flow wp-block-column-is-layout-flow\">\n<figure class=\"wp-block-image size-full\"><a href=\"https:\/\/tedenloesopreis.nl\/wp-content\/uploads\/2023\/12\/IMG_4773-1024x768-1.jpeg\" target=\"_blank\" rel=\"noreferrer noopener\"><img loading=\"lazy\" decoding=\"async\" width=\"1024\" height=\"768\" src=\"https:\/\/tedenloesopreis.nl\/wp-content\/uploads\/2023\/12\/IMG_4773-1024x768-1.jpeg\" alt=\"\" class=\"wp-image-10579\" srcset=\"https:\/\/tedenloesopreis.nl\/wp-content\/uploads\/2023\/12\/IMG_4773-1024x768-1.jpeg 1024w, https:\/\/tedenloesopreis.nl\/wp-content\/uploads\/2023\/12\/IMG_4773-1024x768-1-300x225.jpeg 300w, https:\/\/tedenloesopreis.nl\/wp-content\/uploads\/2023\/12\/IMG_4773-1024x768-1-768x576.jpeg 768w\" sizes=\"auto, (max-width: 1024px) 100vw, 1024px\" \/><\/a><figcaption class=\"wp-element-caption\"><em>het blauwe van gisteren is grijs geworden<\/em><\/figcaption><\/figure>\n<\/div>\n\n\n\n<div class=\"wp-block-column is-layout-flow wp-block-column-is-layout-flow\">\n<figure class=\"wp-block-image size-full\"><a href=\"https:\/\/tedenloesopreis.nl\/wp-content\/uploads\/2023\/12\/IMG_4782-1024x768-1.jpeg\" target=\"_blank\" rel=\"noreferrer noopener\"><img loading=\"lazy\" decoding=\"async\" width=\"1024\" height=\"768\" src=\"https:\/\/tedenloesopreis.nl\/wp-content\/uploads\/2023\/12\/IMG_4782-1024x768-1.jpeg\" alt=\"\" class=\"wp-image-10580\" srcset=\"https:\/\/tedenloesopreis.nl\/wp-content\/uploads\/2023\/12\/IMG_4782-1024x768-1.jpeg 1024w, https:\/\/tedenloesopreis.nl\/wp-content\/uploads\/2023\/12\/IMG_4782-1024x768-1-300x225.jpeg 300w, https:\/\/tedenloesopreis.nl\/wp-content\/uploads\/2023\/12\/IMG_4782-1024x768-1-768x576.jpeg 768w\" sizes=\"auto, (max-width: 1024px) 100vw, 1024px\" \/><\/a><figcaption class=\"wp-element-caption\"><em>dit zag er gisteren heel anders uit<\/em><\/figcaption><\/figure>\n<\/div>\n<\/div>\n\n\n\n<div class=\"wp-block-columns is-layout-flex wp-container-core-columns-is-layout-9d6595d7 wp-block-columns-is-layout-flex\">\n<div class=\"wp-block-column is-layout-flow wp-block-column-is-layout-flow\" style=\"flex-basis:33.33%\"><\/div>\n\n\n\n<div class=\"wp-block-column is-layout-flow wp-block-column-is-layout-flow\" style=\"flex-basis:66.66%\">\n<p>Na 26 kilometer stoppen we op een&nbsp;<a href=\"https:\/\/www.campercontact.com\/nl\/noorwegen\/troms-og-finnmark\/honningsvag\/12523\/nordkapp-camping\" target=\"_blank\" rel=\"noreferrer noopener\">camping<\/a>&nbsp;vlak voor Honningsv\u00e5g. Dit is de enige camping in de wijde omgeving met acceptabele voorzieningen. Hier houden we pas-op-de-plaats voor de rest van de dag, want we hebben wel wat behoefte aan rust. Onze laatste rustdag was namelijk op 31 juli, in Mosj\u00f8en. Daarna hebben we elke dag gereden.<\/p>\n\n\n\n<p id=\"rendieren\">Er staan twee tentjes van fietsers. Verder hebben we het rijk alleen, althans, dat lijkt aanvankelijk zo. &nbsp;Al snel blijkt echter, dat de camperplaats in een trekroute voor de plaatselijke rendieren ligt. Om de haverklap komt er een groepje voorbijgelopen.&nbsp;We vervelen ons tijdens deze rust(mid)dag dus geen moment.<\/p>\n<\/div>\n<\/div>\n\n\n\n<div class=\"wp-block-columns is-layout-flex wp-container-core-columns-is-layout-9d6595d7 wp-block-columns-is-layout-flex\">\n<div class=\"wp-block-column is-layout-flow wp-block-column-is-layout-flow\">\n<figure class=\"wp-block-image size-full\"><a href=\"https:\/\/tedenloesopreis.nl\/wp-content\/uploads\/2023\/12\/IMG_4785-1024x768-1.jpeg\" target=\"_blank\" rel=\"noreferrer noopener\"><img loading=\"lazy\" decoding=\"async\" width=\"1024\" height=\"768\" src=\"https:\/\/tedenloesopreis.nl\/wp-content\/uploads\/2023\/12\/IMG_4785-1024x768-1.jpeg\" alt=\"\" class=\"wp-image-10581\" srcset=\"https:\/\/tedenloesopreis.nl\/wp-content\/uploads\/2023\/12\/IMG_4785-1024x768-1.jpeg 1024w, https:\/\/tedenloesopreis.nl\/wp-content\/uploads\/2023\/12\/IMG_4785-1024x768-1-300x225.jpeg 300w, https:\/\/tedenloesopreis.nl\/wp-content\/uploads\/2023\/12\/IMG_4785-1024x768-1-768x576.jpeg 768w\" sizes=\"auto, (max-width: 1024px) 100vw, 1024px\" \/><\/a><figcaption class=\"wp-element-caption\"><em>de camperplaats van Honningsv\u00e5g<\/em><\/figcaption><\/figure>\n<\/div>\n\n\n\n<div class=\"wp-block-column is-layout-flow wp-block-column-is-layout-flow\">\n<figure class=\"wp-block-image size-full\"><a href=\"https:\/\/tedenloesopreis.nl\/wp-content\/uploads\/2023\/12\/IMG_4789-1024x768-1.jpeg\" target=\"_blank\" rel=\"noreferrer noopener\"><img loading=\"lazy\" decoding=\"async\" width=\"1024\" height=\"768\" src=\"https:\/\/tedenloesopreis.nl\/wp-content\/uploads\/2023\/12\/IMG_4789-1024x768-1.jpeg\" alt=\"\" class=\"wp-image-10582\" srcset=\"https:\/\/tedenloesopreis.nl\/wp-content\/uploads\/2023\/12\/IMG_4789-1024x768-1.jpeg 1024w, https:\/\/tedenloesopreis.nl\/wp-content\/uploads\/2023\/12\/IMG_4789-1024x768-1-300x225.jpeg 300w, https:\/\/tedenloesopreis.nl\/wp-content\/uploads\/2023\/12\/IMG_4789-1024x768-1-768x576.jpeg 768w\" sizes=\"auto, (max-width: 1024px) 100vw, 1024px\" \/><\/a><figcaption class=\"wp-element-caption\"><em>bezoek van rendieren<\/em><\/figcaption><\/figure>\n<\/div>\n\n\n\n<div class=\"wp-block-column is-layout-flow wp-block-column-is-layout-flow\">\n<figure class=\"wp-block-image size-full\"><a href=\"https:\/\/tedenloesopreis.nl\/wp-content\/uploads\/2023\/12\/IMG_4794-1024x768-1.jpeg\" target=\"_blank\" rel=\"noreferrer noopener\"><img loading=\"lazy\" decoding=\"async\" width=\"1024\" height=\"768\" src=\"https:\/\/tedenloesopreis.nl\/wp-content\/uploads\/2023\/12\/IMG_4794-1024x768-1.jpeg\" alt=\"\" class=\"wp-image-10583\" srcset=\"https:\/\/tedenloesopreis.nl\/wp-content\/uploads\/2023\/12\/IMG_4794-1024x768-1.jpeg 1024w, https:\/\/tedenloesopreis.nl\/wp-content\/uploads\/2023\/12\/IMG_4794-1024x768-1-300x225.jpeg 300w, https:\/\/tedenloesopreis.nl\/wp-content\/uploads\/2023\/12\/IMG_4794-1024x768-1-768x576.jpeg 768w\" sizes=\"auto, (max-width: 1024px) 100vw, 1024px\" \/><\/a><figcaption class=\"wp-element-caption\"><em>nog meer rendieren<\/em><\/figcaption><\/figure>\n<\/div>\n<\/div>\n\n\n\n<div style=\"height:35px\" aria-hidden=\"true\" class=\"wp-block-spacer\"><\/div>\n\n\n\n<div class=\"wp-block-columns is-layout-flex wp-container-core-columns-is-layout-9d6595d7 wp-block-columns-is-layout-flex\">\n<div class=\"wp-block-column is-layout-flow wp-block-column-is-layout-flow\">\n<p class=\"has-orange-background-color has-background\" id=\"dag20\"><\/p>\n<\/div>\n<\/div>\n\n\n\n<div class=\"wp-block-columns is-layout-flex wp-container-core-columns-is-layout-9d6595d7 wp-block-columns-is-layout-flex\">\n<div class=\"wp-block-column is-layout-flow wp-block-column-is-layout-flow\" style=\"flex-basis:33.33%\">\n<p><a href=\"#titel\">top<\/a><\/p>\n<\/div>\n\n\n\n<div class=\"wp-block-column is-layout-flow wp-block-column-is-layout-flow\" style=\"flex-basis:66.66%\">\n<p><strong>KAMPEREN OF PARKEREN<\/strong><br>dag 20 &nbsp; &nbsp; &nbsp; ma 08 augustus 2022<br><a href=\"https:\/\/www.google.com\/maps\/d\/viewer?mid=1r4L9DMiztwL_SXD24xlHLCrtg_VsJWk&amp;ll=70.78700220289677%2C25.362677031249987&amp;z=7\" target=\"_blank\" rel=\"noreferrer noopener\">Honningsv\u00e5g \u2013 Lakselv<\/a>&nbsp;&nbsp; &nbsp; &nbsp; 169 km<\/p>\n<\/div>\n<\/div>\n\n\n\n<div style=\"height:20px\" aria-hidden=\"true\" class=\"wp-block-spacer\"><\/div>\n\n\n\n<div class=\"wp-block-columns is-layout-flex wp-container-core-columns-is-layout-9d6595d7 wp-block-columns-is-layout-flex\">\n<div class=\"wp-block-column is-layout-flow wp-block-column-is-layout-flow\" style=\"flex-basis:33.33%\"><\/div>\n\n\n\n<div class=\"wp-block-column is-layout-flow wp-block-column-is-layout-flow\" style=\"flex-basis:66.66%\">\n<p>Vandaag rijden we 169 km zuidwaarts. Dat is een relatief korte afstand, maar de muggenvrije campings zijn hier dungezaaid, dus je hebt niet veel keuze. We staan nu op een&nbsp;<a href=\"https:\/\/www.campercontact.com\/nl\/noorwegen\/troms-og-finnmark\/lakselv\/73867\/fjordutsiken-porsanger-as\">camping<\/a>&nbsp;in Lakselv. Nou ja, een camping, je kunt er de buzz parkeren bij een stopcontact, maar de bewoners van de kamers in het pension, vooral rijdend in een auto van een uitzendbureau, vinden dat de \u201ccamping\u201d vooral een parkeerterrein is. Laten we maar zeggen dat het een gezellige chaos is.<\/p>\n<\/div>\n<\/div>\n\n\n\n<div class=\"wp-block-columns is-layout-flex wp-container-core-columns-is-layout-9d6595d7 wp-block-columns-is-layout-flex\">\n<div class=\"wp-block-column is-layout-flow wp-block-column-is-layout-flow\">\n<figure class=\"wp-block-image size-full\"><a href=\"https:\/\/tedenloesopreis.nl\/wp-content\/uploads\/2023\/12\/IMG_4804-1024x768-1.jpeg\" target=\"_blank\" rel=\"noreferrer noopener\"><img loading=\"lazy\" decoding=\"async\" width=\"1024\" height=\"768\" src=\"https:\/\/tedenloesopreis.nl\/wp-content\/uploads\/2023\/12\/IMG_4804-1024x768-1.jpeg\" alt=\"\" class=\"wp-image-10585\" srcset=\"https:\/\/tedenloesopreis.nl\/wp-content\/uploads\/2023\/12\/IMG_4804-1024x768-1.jpeg 1024w, https:\/\/tedenloesopreis.nl\/wp-content\/uploads\/2023\/12\/IMG_4804-1024x768-1-300x225.jpeg 300w, https:\/\/tedenloesopreis.nl\/wp-content\/uploads\/2023\/12\/IMG_4804-1024x768-1-768x576.jpeg 768w\" sizes=\"auto, (max-width: 1024px) 100vw, 1024px\" \/><\/a><figcaption class=\"wp-element-caption\"><em>koffiepauze op dezelfde plek<\/em><\/figcaption><\/figure>\n<\/div>\n\n\n\n<div class=\"wp-block-column is-layout-flow wp-block-column-is-layout-flow\">\n<figure class=\"wp-block-image size-full\"><a href=\"https:\/\/tedenloesopreis.nl\/wp-content\/uploads\/2023\/12\/IMG_4833-1024x768-1.jpeg\" target=\"_blank\" rel=\"noreferrer noopener\"><img loading=\"lazy\" decoding=\"async\" width=\"1024\" height=\"768\" src=\"https:\/\/tedenloesopreis.nl\/wp-content\/uploads\/2023\/12\/IMG_4833-1024x768-1.jpeg\" alt=\"\" class=\"wp-image-10586\" srcset=\"https:\/\/tedenloesopreis.nl\/wp-content\/uploads\/2023\/12\/IMG_4833-1024x768-1.jpeg 1024w, https:\/\/tedenloesopreis.nl\/wp-content\/uploads\/2023\/12\/IMG_4833-1024x768-1-300x225.jpeg 300w, https:\/\/tedenloesopreis.nl\/wp-content\/uploads\/2023\/12\/IMG_4833-1024x768-1-768x576.jpeg 768w\" sizes=\"auto, (max-width: 1024px) 100vw, 1024px\" \/><\/a><figcaption class=\"wp-element-caption\"><em>de camping van Lakselv<\/em><\/figcaption><\/figure>\n<\/div>\n\n\n\n<div class=\"wp-block-column is-layout-flow wp-block-column-is-layout-flow\">\n<figure class=\"wp-block-image size-full\"><a href=\"https:\/\/tedenloesopreis.nl\/wp-content\/uploads\/2023\/12\/IMG_4846-1024x768-1.jpeg\" target=\"_blank\" rel=\"noreferrer noopener\"><img loading=\"lazy\" decoding=\"async\" width=\"1024\" height=\"768\" src=\"https:\/\/tedenloesopreis.nl\/wp-content\/uploads\/2023\/12\/IMG_4846-1024x768-1.jpeg\" alt=\"\" class=\"wp-image-10587\" srcset=\"https:\/\/tedenloesopreis.nl\/wp-content\/uploads\/2023\/12\/IMG_4846-1024x768-1.jpeg 1024w, https:\/\/tedenloesopreis.nl\/wp-content\/uploads\/2023\/12\/IMG_4846-1024x768-1-300x225.jpeg 300w, https:\/\/tedenloesopreis.nl\/wp-content\/uploads\/2023\/12\/IMG_4846-1024x768-1-768x576.jpeg 768w\" sizes=\"auto, (max-width: 1024px) 100vw, 1024px\" \/><\/a><figcaption class=\"wp-element-caption\"><em>of de parkeerplaats van Lakselv?<\/em><\/figcaption><\/figure>\n<\/div>\n<\/div>\n\n\n\n<div style=\"height:35px\" aria-hidden=\"true\" class=\"wp-block-spacer\"><\/div>\n\n\n\n<div class=\"wp-block-columns is-layout-flex wp-container-core-columns-is-layout-9d6595d7 wp-block-columns-is-layout-flex\">\n<div class=\"wp-block-column is-layout-flow wp-block-column-is-layout-flow\">\n<p class=\"has-orange-background-color has-background\" id=\"dag21\"><\/p>\n<\/div>\n<\/div>\n\n\n\n<div class=\"wp-block-columns is-layout-flex wp-container-core-columns-is-layout-9d6595d7 wp-block-columns-is-layout-flex\">\n<div class=\"wp-block-column is-layout-flow wp-block-column-is-layout-flow\" style=\"flex-basis:33.33%\">\n<p><a href=\"#titel\">top<\/a><\/p>\n<\/div>\n\n\n\n<div class=\"wp-block-column is-layout-flow wp-block-column-is-layout-flow\" style=\"flex-basis:66.66%\">\n<p><strong>DOOR NOORS LAPLAND<\/strong><br>dag 21 &nbsp; &nbsp; &nbsp; di 09 augustus 2022<br><a href=\"https:\/\/www.google.com\/maps\/d\/viewer?mid=1MQzqlw28XDfCmZ23pQJa4RSjTLsfSP4&amp;ll=69.84084584147634%2C26.15909492187499&amp;z=8\" target=\"_blank\" rel=\"noreferrer noopener\">Lakselv \u2013 Tana bru<\/a>&nbsp;&nbsp; &nbsp; &nbsp; 259 km<\/p>\n<\/div>\n<\/div>\n\n\n\n<div style=\"height:20px\" aria-hidden=\"true\" class=\"wp-block-spacer\"><\/div>\n\n\n\n<div class=\"wp-block-columns is-layout-flex wp-container-core-columns-is-layout-9d6595d7 wp-block-columns-is-layout-flex\">\n<div class=\"wp-block-column is-layout-flow wp-block-column-is-layout-flow\" style=\"flex-basis:33.33%\"><\/div>\n\n\n\n<div class=\"wp-block-column is-layout-flow wp-block-column-is-layout-flow\" style=\"flex-basis:66.66%\">\n<p>Er gebeurt vandaag niet veel opzienbarends. Het is een doodgewone reisdag. We rijden maar weer eens een dagje over de E6, door een niet zo indrukwekkend landschap.<\/p>\n\n\n\n<p id=\"karasjok\">Vanuit Lakselv gaan we eerst zuidwaarts naar Karasjok. Dat is de hoofdplaats voor de Noorse Sami. Ze hebben er hun eigen volksvergadering. &nbsp;Onze hoop om er meer te weten te komen over de Sami-cultuur, is tevergeefs. Alles is er gesloten.<\/p>\n\n\n\n<p id=\"utsjoki\">Na Karasjok volgen we de rivier de Tana in de richting van Tana bru (brug over de Tana). Onderweg zien we de brug bij Utsjoki. Daar gaan we even Finland in, Niet alleen om te tanken (de diesel is er per liter zo\u2019n 25 cent goedkoper), maar ook om een hamburger te eten in het eettentje waar we ook in 2018 hebben aangelegd.<\/p>\n\n\n\n<p>In Tana gaan&nbsp;we naar de plaatselijke&nbsp;<a href=\"https:\/\/www.campercontact.com\/nl\/noorwegen\/troms-og-finnmark\/tana\/65823\/evla-tana-hotel-og-camping\" target=\"_blank\" rel=\"noreferrer noopener\">camping<\/a>&nbsp;. Deze oogt nogal verwaarloosd, maar de camperplaatsen zijn okay.<\/p>\n<\/div>\n<\/div>\n\n\n\n<div class=\"wp-block-columns is-layout-flex wp-container-core-columns-is-layout-9d6595d7 wp-block-columns-is-layout-flex\">\n<div class=\"wp-block-column is-layout-flow wp-block-column-is-layout-flow\">\n<figure class=\"wp-block-image size-full\"><a href=\"https:\/\/tedenloesopreis.nl\/wp-content\/uploads\/2023\/12\/IMG_4851-1024x768-1.jpeg\" target=\"_blank\" rel=\"noreferrer noopener\"><img loading=\"lazy\" decoding=\"async\" width=\"1024\" height=\"768\" src=\"https:\/\/tedenloesopreis.nl\/wp-content\/uploads\/2023\/12\/IMG_4851-1024x768-1.jpeg\" alt=\"\" class=\"wp-image-10589\" srcset=\"https:\/\/tedenloesopreis.nl\/wp-content\/uploads\/2023\/12\/IMG_4851-1024x768-1.jpeg 1024w, https:\/\/tedenloesopreis.nl\/wp-content\/uploads\/2023\/12\/IMG_4851-1024x768-1-300x225.jpeg 300w, https:\/\/tedenloesopreis.nl\/wp-content\/uploads\/2023\/12\/IMG_4851-1024x768-1-768x576.jpeg 768w\" sizes=\"auto, (max-width: 1024px) 100vw, 1024px\" \/><\/a><figcaption class=\"wp-element-caption\"><em>Sami-parlement in Karasjok<\/em><\/figcaption><\/figure>\n<\/div>\n\n\n\n<div class=\"wp-block-column is-layout-flow wp-block-column-is-layout-flow\">\n<figure class=\"wp-block-image size-full\"><a href=\"https:\/\/tedenloesopreis.nl\/wp-content\/uploads\/2023\/12\/IMG_4852-1024x768-1.jpeg\" target=\"_blank\" rel=\"noreferrer noopener\"><img loading=\"lazy\" decoding=\"async\" width=\"1024\" height=\"768\" src=\"https:\/\/tedenloesopreis.nl\/wp-content\/uploads\/2023\/12\/IMG_4852-1024x768-1.jpeg\" alt=\"\" class=\"wp-image-10590\" srcset=\"https:\/\/tedenloesopreis.nl\/wp-content\/uploads\/2023\/12\/IMG_4852-1024x768-1.jpeg 1024w, https:\/\/tedenloesopreis.nl\/wp-content\/uploads\/2023\/12\/IMG_4852-1024x768-1-300x225.jpeg 300w, https:\/\/tedenloesopreis.nl\/wp-content\/uploads\/2023\/12\/IMG_4852-1024x768-1-768x576.jpeg 768w\" sizes=\"auto, (max-width: 1024px) 100vw, 1024px\" \/><\/a><figcaption class=\"wp-element-caption\"><em>langs de Tana (een beetje saai)<\/em><\/figcaption><\/figure>\n<\/div>\n\n\n\n<div class=\"wp-block-column is-layout-flow wp-block-column-is-layout-flow\">\n<figure class=\"wp-block-image size-full\"><a href=\"https:\/\/tedenloesopreis.nl\/wp-content\/uploads\/2023\/12\/IMG_4861-1024x768-1.jpeg\" target=\"_blank\" rel=\"noreferrer noopener\"><img loading=\"lazy\" decoding=\"async\" width=\"1024\" height=\"768\" src=\"https:\/\/tedenloesopreis.nl\/wp-content\/uploads\/2023\/12\/IMG_4861-1024x768-1.jpeg\" alt=\"\" class=\"wp-image-10591\" srcset=\"https:\/\/tedenloesopreis.nl\/wp-content\/uploads\/2023\/12\/IMG_4861-1024x768-1.jpeg 1024w, https:\/\/tedenloesopreis.nl\/wp-content\/uploads\/2023\/12\/IMG_4861-1024x768-1-300x225.jpeg 300w, https:\/\/tedenloesopreis.nl\/wp-content\/uploads\/2023\/12\/IMG_4861-1024x768-1-768x576.jpeg 768w\" sizes=\"auto, (max-width: 1024px) 100vw, 1024px\" \/><\/a><figcaption class=\"wp-element-caption\"><em>nog steeds langs de Tana (nog steeds een beetje saai)<\/em><\/figcaption><\/figure>\n<\/div>\n<\/div>\n\n\n\n<div class=\"wp-block-columns is-layout-flex wp-container-core-columns-is-layout-9d6595d7 wp-block-columns-is-layout-flex\">\n<div class=\"wp-block-column is-layout-flow wp-block-column-is-layout-flow\">\n<figure class=\"wp-block-image size-full\"><a href=\"https:\/\/tedenloesopreis.nl\/wp-content\/uploads\/2023\/12\/IMG_4870-1024x768-1.jpeg\" target=\"_blank\" rel=\"noreferrer noopener\"><img loading=\"lazy\" decoding=\"async\" width=\"1024\" height=\"768\" src=\"https:\/\/tedenloesopreis.nl\/wp-content\/uploads\/2023\/12\/IMG_4870-1024x768-1.jpeg\" alt=\"\" class=\"wp-image-10592\" srcset=\"https:\/\/tedenloesopreis.nl\/wp-content\/uploads\/2023\/12\/IMG_4870-1024x768-1.jpeg 1024w, https:\/\/tedenloesopreis.nl\/wp-content\/uploads\/2023\/12\/IMG_4870-1024x768-1-300x225.jpeg 300w, https:\/\/tedenloesopreis.nl\/wp-content\/uploads\/2023\/12\/IMG_4870-1024x768-1-768x576.jpeg 768w\" sizes=\"auto, (max-width: 1024px) 100vw, 1024px\" \/><\/a><figcaption class=\"wp-element-caption\"><em>de brug van Tana<\/em><\/figcaption><\/figure>\n<\/div>\n\n\n\n<div class=\"wp-block-column is-layout-flow wp-block-column-is-layout-flow\">\n<figure class=\"wp-block-image size-full\"><a href=\"https:\/\/tedenloesopreis.nl\/wp-content\/uploads\/2023\/12\/IMG_4871-1024x768-1.jpeg\" target=\"_blank\" rel=\"noreferrer noopener\"><img loading=\"lazy\" decoding=\"async\" width=\"1024\" height=\"768\" src=\"https:\/\/tedenloesopreis.nl\/wp-content\/uploads\/2023\/12\/IMG_4871-1024x768-1.jpeg\" alt=\"\" class=\"wp-image-10593\" srcset=\"https:\/\/tedenloesopreis.nl\/wp-content\/uploads\/2023\/12\/IMG_4871-1024x768-1.jpeg 1024w, https:\/\/tedenloesopreis.nl\/wp-content\/uploads\/2023\/12\/IMG_4871-1024x768-1-300x225.jpeg 300w, https:\/\/tedenloesopreis.nl\/wp-content\/uploads\/2023\/12\/IMG_4871-1024x768-1-768x576.jpeg 768w\" sizes=\"auto, (max-width: 1024px) 100vw, 1024px\" \/><\/a><figcaption class=\"wp-element-caption\"><em>de camping van Tana Bru<\/em><\/figcaption><\/figure>\n<\/div>\n\n\n\n<div class=\"wp-block-column is-layout-flow wp-block-column-is-layout-flow\">\n<figure class=\"wp-block-image size-full\"><a href=\"https:\/\/tedenloesopreis.nl\/wp-content\/uploads\/2023\/12\/IMG_4872-1024x768-1.jpeg\" target=\"_blank\" rel=\"noreferrer noopener\"><img loading=\"lazy\" decoding=\"async\" width=\"1024\" height=\"768\" src=\"https:\/\/tedenloesopreis.nl\/wp-content\/uploads\/2023\/12\/IMG_4872-1024x768-1.jpeg\" alt=\"\" class=\"wp-image-10594\" srcset=\"https:\/\/tedenloesopreis.nl\/wp-content\/uploads\/2023\/12\/IMG_4872-1024x768-1.jpeg 1024w, https:\/\/tedenloesopreis.nl\/wp-content\/uploads\/2023\/12\/IMG_4872-1024x768-1-300x225.jpeg 300w, https:\/\/tedenloesopreis.nl\/wp-content\/uploads\/2023\/12\/IMG_4872-1024x768-1-768x576.jpeg 768w\" sizes=\"auto, (max-width: 1024px) 100vw, 1024px\" \/><\/a><figcaption class=\"wp-element-caption\"><em>een beetje verwaarloosd<\/em><\/figcaption><\/figure>\n<\/div>\n<\/div>\n\n\n\n<div style=\"height:35px\" aria-hidden=\"true\" class=\"wp-block-spacer\"><\/div>\n\n\n\n<div class=\"wp-block-columns is-layout-flex wp-container-core-columns-is-layout-9d6595d7 wp-block-columns-is-layout-flex\">\n<div class=\"wp-block-column is-layout-flow wp-block-column-is-layout-flow\">\n<p class=\"has-orange-background-color has-background\" id=\"dag22\"><\/p>\n<\/div>\n<\/div>\n\n\n\n<div class=\"wp-block-columns is-layout-flex wp-container-core-columns-is-layout-9d6595d7 wp-block-columns-is-layout-flex\">\n<div class=\"wp-block-column is-layout-flow wp-block-column-is-layout-flow\" style=\"flex-basis:33.33%\">\n<p><a href=\"#titel\">top<\/a><\/p>\n<\/div>\n\n\n\n<div class=\"wp-block-column is-layout-flow wp-block-column-is-layout-flow\" style=\"flex-basis:66.66%\">\n<p><strong>TOT DE GRENS, NIET EROVER<\/strong><br>dag 22 &nbsp; &nbsp; &nbsp; wo 10 augustus 2022<br><a href=\"https:\/\/www.google.com\/maps\/d\/viewer?mid=1KE9yJGYOCUomVC7A1hYoKAGOgavIbpw&amp;ll=70.1781175648091%2C29.561702979012253&amp;z=7\" target=\"_blank\" rel=\"noreferrer noopener\">Tana bru \u2013 Kirkenes<\/a>&nbsp;&nbsp; &nbsp; &nbsp; 249 km<\/p>\n<\/div>\n<\/div>\n\n\n\n<div style=\"height:20px\" aria-hidden=\"true\" class=\"wp-block-spacer\"><\/div>\n\n\n\n<div class=\"wp-block-columns is-layout-flex wp-container-core-columns-is-layout-9d6595d7 wp-block-columns-is-layout-flex\">\n<div class=\"wp-block-column is-layout-flow wp-block-column-is-layout-flow\" style=\"flex-basis:33.33%\"><\/div>\n\n\n\n<div class=\"wp-block-column is-layout-flow wp-block-column-is-layout-flow\" style=\"flex-basis:66.66%\">\n<p>Vandaag werken we weer een punt van onze to-do-list weg. We rijden naar Grense Jacobselv. Dat is het meest noordoostelijke punt van Noorwegen, op de grens met Rusland. In 2018 waren we in de buurt, maar we durfden toen de tocht niet aan, omdat de weg van Kirkenes naar Grense Jacobselv erg slecht zou zijn. Welnu, dat klopt, maar het is vooral het verharde gedeelte van de weg dat dit predikaat verdient. We hebben inmiddels op meer onverharde wegen gereden, dus we durven het nu wel aan.<\/p>\n\n\n\n<p>Vanaf Tana bru gaan we vanochtend verder op de E6. Het landschap is boeiend. Stenig gebied wordt afgewisseld met toendra-achtig gebied. Bij het plaatsje Neiden (kijk maar op de plattegrond) stuiten we op een lang traject waar de verharding volledig is gefreesd. Onder aanvoering van een verkeersregelaar rijden we in colonne over de resterende steenslag.<\/p>\n<\/div>\n<\/div>\n\n\n\n<div class=\"wp-block-columns is-layout-flex wp-container-core-columns-is-layout-9d6595d7 wp-block-columns-is-layout-flex\">\n<div class=\"wp-block-column is-layout-flow wp-block-column-is-layout-flow\">\n<figure class=\"wp-block-image size-full\"><a href=\"https:\/\/tedenloesopreis.nl\/wp-content\/uploads\/2023\/12\/IMG_4885-1024x768-1.jpeg\" target=\"_blank\" rel=\"noreferrer noopener\"><img loading=\"lazy\" decoding=\"async\" width=\"1024\" height=\"768\" src=\"https:\/\/tedenloesopreis.nl\/wp-content\/uploads\/2023\/12\/IMG_4885-1024x768-1.jpeg\" alt=\"\" class=\"wp-image-10596\" srcset=\"https:\/\/tedenloesopreis.nl\/wp-content\/uploads\/2023\/12\/IMG_4885-1024x768-1.jpeg 1024w, https:\/\/tedenloesopreis.nl\/wp-content\/uploads\/2023\/12\/IMG_4885-1024x768-1-300x225.jpeg 300w, https:\/\/tedenloesopreis.nl\/wp-content\/uploads\/2023\/12\/IMG_4885-1024x768-1-768x576.jpeg 768w\" sizes=\"auto, (max-width: 1024px) 100vw, 1024px\" \/><\/a><figcaption class=\"wp-element-caption\"><em>onderweg naar Kirkenes: vrij steenachtig<\/em><\/figcaption><\/figure>\n<\/div>\n\n\n\n<div class=\"wp-block-column is-layout-flow wp-block-column-is-layout-flow\">\n<figure class=\"wp-block-image size-full\"><a href=\"https:\/\/tedenloesopreis.nl\/wp-content\/uploads\/2023\/12\/IMG_4893-1024x768-1.jpeg\" target=\"_blank\" rel=\"noreferrer noopener\"><img loading=\"lazy\" decoding=\"async\" width=\"1024\" height=\"768\" src=\"https:\/\/tedenloesopreis.nl\/wp-content\/uploads\/2023\/12\/IMG_4893-1024x768-1.jpeg\" alt=\"\" class=\"wp-image-10597\" srcset=\"https:\/\/tedenloesopreis.nl\/wp-content\/uploads\/2023\/12\/IMG_4893-1024x768-1.jpeg 1024w, https:\/\/tedenloesopreis.nl\/wp-content\/uploads\/2023\/12\/IMG_4893-1024x768-1-300x225.jpeg 300w, https:\/\/tedenloesopreis.nl\/wp-content\/uploads\/2023\/12\/IMG_4893-1024x768-1-768x576.jpeg 768w\" sizes=\"auto, (max-width: 1024px) 100vw, 1024px\" \/><\/a><figcaption class=\"wp-element-caption\"><em>onderweg naar Kirkenes: toendra-achtig<\/em><\/figcaption><\/figure>\n<\/div>\n\n\n\n<div class=\"wp-block-column is-layout-flow wp-block-column-is-layout-flow\">\n<figure class=\"wp-block-image size-full\"><a href=\"https:\/\/tedenloesopreis.nl\/wp-content\/uploads\/2023\/12\/IMG_4897-1024x768-1.jpeg\" target=\"_blank\" rel=\"noreferrer noopener\"><img loading=\"lazy\" decoding=\"async\" width=\"1024\" height=\"768\" src=\"https:\/\/tedenloesopreis.nl\/wp-content\/uploads\/2023\/12\/IMG_4897-1024x768-1.jpeg\" alt=\"\" class=\"wp-image-10598\" srcset=\"https:\/\/tedenloesopreis.nl\/wp-content\/uploads\/2023\/12\/IMG_4897-1024x768-1.jpeg 1024w, https:\/\/tedenloesopreis.nl\/wp-content\/uploads\/2023\/12\/IMG_4897-1024x768-1-300x225.jpeg 300w, https:\/\/tedenloesopreis.nl\/wp-content\/uploads\/2023\/12\/IMG_4897-1024x768-1-768x576.jpeg 768w\" sizes=\"auto, (max-width: 1024px) 100vw, 1024px\" \/><\/a><figcaption class=\"wp-element-caption\"><em>in&nbsp;colonne&nbsp;over de steenslag<\/em><\/figcaption><\/figure>\n<\/div>\n<\/div>\n\n\n\n<div class=\"wp-block-columns is-layout-flex wp-container-core-columns-is-layout-9d6595d7 wp-block-columns-is-layout-flex\">\n<div class=\"wp-block-column is-layout-flow wp-block-column-is-layout-flow\" style=\"flex-basis:33.33%\"><\/div>\n\n\n\n<div class=\"wp-block-column is-layout-flow wp-block-column-is-layout-flow\" style=\"flex-basis:66.66%\">\n<p id=\"moermansk\">Een stukje achter Kirkenes \u2013 de weg heet inmiddels E105, en gaat naar Moermansk \u2013 zien we de Noors-Russische grens. Deze zit momenteel min of meer potdicht.<\/p>\n<\/div>\n<\/div>\n\n\n\n<div class=\"wp-block-columns is-layout-flex wp-container-core-columns-is-layout-9d6595d7 wp-block-columns-is-layout-flex\">\n<div class=\"wp-block-column is-layout-flow wp-block-column-is-layout-flow\"><\/div>\n\n\n\n<div class=\"wp-block-column is-layout-flow wp-block-column-is-layout-flow\">\n<figure class=\"wp-block-image size-full\"><a href=\"https:\/\/tedenloesopreis.nl\/wp-content\/uploads\/2023\/12\/IMG_4905-1-1024x768-1.jpeg\" target=\"_blank\" rel=\"noreferrer noopener\"><img loading=\"lazy\" decoding=\"async\" width=\"1024\" height=\"768\" src=\"https:\/\/tedenloesopreis.nl\/wp-content\/uploads\/2023\/12\/IMG_4905-1-1024x768-1.jpeg\" alt=\"\" class=\"wp-image-10599\" srcset=\"https:\/\/tedenloesopreis.nl\/wp-content\/uploads\/2023\/12\/IMG_4905-1-1024x768-1.jpeg 1024w, https:\/\/tedenloesopreis.nl\/wp-content\/uploads\/2023\/12\/IMG_4905-1-1024x768-1-300x225.jpeg 300w, https:\/\/tedenloesopreis.nl\/wp-content\/uploads\/2023\/12\/IMG_4905-1-1024x768-1-768x576.jpeg 768w\" sizes=\"auto, (max-width: 1024px) 100vw, 1024px\" \/><\/a><figcaption class=\"wp-element-caption\"><em>de gesloten grensovergang naar Moermansk<\/em><\/figcaption><\/figure>\n<\/div>\n\n\n\n<div class=\"wp-block-column is-layout-flow wp-block-column-is-layout-flow\"><\/div>\n<\/div>\n\n\n\n<div class=\"wp-block-columns is-layout-flex wp-container-core-columns-is-layout-9d6595d7 wp-block-columns-is-layout-flex\">\n<div class=\"wp-block-column is-layout-flow wp-block-column-is-layout-flow\" style=\"flex-basis:33.33%\"><\/div>\n\n\n\n<div class=\"wp-block-column is-layout-flow wp-block-column-is-layout-flow\" style=\"flex-basis:66.66%\">\n<p id=\"grense\">Pal voor de grens slaan we linksaf richting Grense Jakobselv. Het is een afstand van 44 km. De laatste 10 km zijn onverhard. Dat zijn overigens de beste kilometers. Het verharde gedeelte zit vaak zo vol met bulten en gaten, dat je met de buzz ( met bladveren op de achteras) gemiddeld niet harder rijdt dan zo\u2019n 30 km\/uur. Het onverharde gedeelte is in betrekkelijk goede staat, alhoewel je op losse steenslag nu ook niet veel harder wilt rijden i.v.m. het lawaai.<\/p>\n<\/div>\n<\/div>\n\n\n\n<div class=\"wp-block-columns is-layout-flex wp-container-core-columns-is-layout-9d6595d7 wp-block-columns-is-layout-flex\">\n<div class=\"wp-block-column is-layout-flow wp-block-column-is-layout-flow\"><\/div>\n\n\n\n<div class=\"wp-block-column is-layout-flow wp-block-column-is-layout-flow\">\n<figure class=\"wp-block-image size-full\"><a href=\"https:\/\/tedenloesopreis.nl\/wp-content\/uploads\/2023\/12\/IMG_4912-1024x768-1.jpeg\" target=\"_blank\" rel=\"noreferrer noopener\"><img loading=\"lazy\" decoding=\"async\" width=\"1024\" height=\"768\" src=\"https:\/\/tedenloesopreis.nl\/wp-content\/uploads\/2023\/12\/IMG_4912-1024x768-1.jpeg\" alt=\"\" class=\"wp-image-10600\" srcset=\"https:\/\/tedenloesopreis.nl\/wp-content\/uploads\/2023\/12\/IMG_4912-1024x768-1.jpeg 1024w, https:\/\/tedenloesopreis.nl\/wp-content\/uploads\/2023\/12\/IMG_4912-1024x768-1-300x225.jpeg 300w, https:\/\/tedenloesopreis.nl\/wp-content\/uploads\/2023\/12\/IMG_4912-1024x768-1-768x576.jpeg 768w\" sizes=\"auto, (max-width: 1024px) 100vw, 1024px\" \/><\/a><figcaption class=\"wp-element-caption\"><em>het begin van de weg naar Grense Jakobselv<\/em><\/figcaption><\/figure>\n<\/div>\n\n\n\n<div class=\"wp-block-column is-layout-flow wp-block-column-is-layout-flow\">\n<figure class=\"wp-block-image size-full\"><a href=\"https:\/\/tedenloesopreis.nl\/wp-content\/uploads\/2023\/12\/IMG_4914-1024x768-1.jpeg\" target=\"_blank\" rel=\"noreferrer noopener\"><img loading=\"lazy\" decoding=\"async\" width=\"1024\" height=\"768\" src=\"https:\/\/tedenloesopreis.nl\/wp-content\/uploads\/2023\/12\/IMG_4914-1024x768-1.jpeg\" alt=\"\" class=\"wp-image-10601\" srcset=\"https:\/\/tedenloesopreis.nl\/wp-content\/uploads\/2023\/12\/IMG_4914-1024x768-1.jpeg 1024w, https:\/\/tedenloesopreis.nl\/wp-content\/uploads\/2023\/12\/IMG_4914-1024x768-1-300x225.jpeg 300w, https:\/\/tedenloesopreis.nl\/wp-content\/uploads\/2023\/12\/IMG_4914-1024x768-1-768x576.jpeg 768w\" sizes=\"auto, (max-width: 1024px) 100vw, 1024px\" \/><\/a><figcaption class=\"wp-element-caption\"><em>het begin van het onverharde gedeelte<\/em><\/figcaption><\/figure>\n<\/div>\n<\/div>\n\n\n\n<div class=\"wp-block-columns is-layout-flex wp-container-core-columns-is-layout-9d6595d7 wp-block-columns-is-layout-flex\">\n<div class=\"wp-block-column is-layout-flow wp-block-column-is-layout-flow\" style=\"flex-basis:33.33%\"><\/div>\n\n\n\n<div class=\"wp-block-column is-layout-flow wp-block-column-is-layout-flow\" style=\"flex-basis:66.66%\">\n<p>De laatste 10 km van de onverharde weg loopt langs een riviertje dat hier de grens vormt tussen Noorwegen en Rusland. Je wordt in meerdere talen gewaarschuwd om toch vooral niet naar de overkant te gaan. Van militaire activiteit (verhoogde waakzaamheid o.i.d.) merken we echter niets. W\u00e9l zie je af en toe uitkijktorens aan de Russische kant. Het is echter niet duidelijk, of deze bemand zijn. We zien ook nog een Noorse militaire loods, met een verzameling legergroene quads voor de deur, maar ook daar is geen levende ziel te bekennen.<\/p>\n<\/div>\n<\/div>\n\n\n\n<div class=\"wp-block-columns is-layout-flex wp-container-core-columns-is-layout-9d6595d7 wp-block-columns-is-layout-flex\">\n<div class=\"wp-block-column is-layout-flow wp-block-column-is-layout-flow\">\n<figure class=\"wp-block-image size-full\"><a href=\"https:\/\/tedenloesopreis.nl\/wp-content\/uploads\/2023\/12\/IMG_4917-1024x768-1.jpeg\" target=\"_blank\" rel=\"noreferrer noopener\"><img loading=\"lazy\" decoding=\"async\" width=\"1024\" height=\"768\" src=\"https:\/\/tedenloesopreis.nl\/wp-content\/uploads\/2023\/12\/IMG_4917-1024x768-1.jpeg\" alt=\"\" class=\"wp-image-10602\" srcset=\"https:\/\/tedenloesopreis.nl\/wp-content\/uploads\/2023\/12\/IMG_4917-1024x768-1.jpeg 1024w, https:\/\/tedenloesopreis.nl\/wp-content\/uploads\/2023\/12\/IMG_4917-1024x768-1-300x225.jpeg 300w, https:\/\/tedenloesopreis.nl\/wp-content\/uploads\/2023\/12\/IMG_4917-1024x768-1-768x576.jpeg 768w\" sizes=\"auto, (max-width: 1024px) 100vw, 1024px\" \/><\/a><figcaption class=\"wp-element-caption\"><em>de grensrivier<\/em><\/figcaption><\/figure>\n<\/div>\n\n\n\n<div class=\"wp-block-column is-layout-flow wp-block-column-is-layout-flow\">\n<figure class=\"wp-block-image size-full\"><a href=\"https:\/\/tedenloesopreis.nl\/wp-content\/uploads\/2023\/12\/IMG_4941-1024x768-1.jpeg\" target=\"_blank\" rel=\"noreferrer noopener\"><img loading=\"lazy\" decoding=\"async\" width=\"1024\" height=\"768\" src=\"https:\/\/tedenloesopreis.nl\/wp-content\/uploads\/2023\/12\/IMG_4941-1024x768-1.jpeg\" alt=\"\" class=\"wp-image-10603\" srcset=\"https:\/\/tedenloesopreis.nl\/wp-content\/uploads\/2023\/12\/IMG_4941-1024x768-1.jpeg 1024w, https:\/\/tedenloesopreis.nl\/wp-content\/uploads\/2023\/12\/IMG_4941-1024x768-1-300x225.jpeg 300w, https:\/\/tedenloesopreis.nl\/wp-content\/uploads\/2023\/12\/IMG_4941-1024x768-1-768x576.jpeg 768w\" sizes=\"auto, (max-width: 1024px) 100vw, 1024px\" \/><\/a><figcaption class=\"wp-element-caption\"><em>de waarschuwing<\/em><\/figcaption><\/figure>\n<\/div>\n\n\n\n<div class=\"wp-block-column is-layout-flow wp-block-column-is-layout-flow\">\n<figure class=\"wp-block-image size-full\"><a href=\"https:\/\/tedenloesopreis.nl\/wp-content\/uploads\/2023\/12\/IMG_4919-1024x768-1.jpeg\" target=\"_blank\" rel=\"noreferrer noopener\"><img loading=\"lazy\" decoding=\"async\" width=\"1024\" height=\"768\" src=\"https:\/\/tedenloesopreis.nl\/wp-content\/uploads\/2023\/12\/IMG_4919-1024x768-1.jpeg\" alt=\"\" class=\"wp-image-10604\" srcset=\"https:\/\/tedenloesopreis.nl\/wp-content\/uploads\/2023\/12\/IMG_4919-1024x768-1.jpeg 1024w, https:\/\/tedenloesopreis.nl\/wp-content\/uploads\/2023\/12\/IMG_4919-1024x768-1-300x225.jpeg 300w, https:\/\/tedenloesopreis.nl\/wp-content\/uploads\/2023\/12\/IMG_4919-1024x768-1-768x576.jpeg 768w\" sizes=\"auto, (max-width: 1024px) 100vw, 1024px\" \/><\/a><figcaption class=\"wp-element-caption\"><em>Russische toezicht?<\/em><\/figcaption><\/figure>\n<\/div>\n<\/div>\n\n\n\n<div class=\"wp-block-columns is-layout-flex wp-container-core-columns-is-layout-9d6595d7 wp-block-columns-is-layout-flex\">\n<div class=\"wp-block-column is-layout-flow wp-block-column-is-layout-flow\" style=\"flex-basis:33.33%\"><\/div>\n\n\n\n<div class=\"wp-block-column is-layout-flow wp-block-column-is-layout-flow\" style=\"flex-basis:66.66%\">\n<p id=\"oscar\">Vlak voor het einde van de weg staat de Koning Oscar II kapel, vrij moederziel alleen in het landschap. De kapel is van 1869, en vlak daarna vernoemd naar koning Oscar II, ter herinnering aan zijn bezoek aan de kapel. De kapel en het naastliggende kerkhof (het ligt er behoorlijk vol) zijn helaas afgesloten.<\/p>\n<\/div>\n<\/div>\n\n\n\n<div class=\"wp-block-columns is-layout-flex wp-container-core-columns-is-layout-9d6595d7 wp-block-columns-is-layout-flex\">\n<div class=\"wp-block-column is-layout-flow wp-block-column-is-layout-flow\"><\/div>\n\n\n\n<div class=\"wp-block-column is-layout-flow wp-block-column-is-layout-flow\">\n<figure class=\"wp-block-image size-full\"><a href=\"https:\/\/tedenloesopreis.nl\/wp-content\/uploads\/2023\/12\/IMG_4921-1024x768-1.jpeg\" target=\"_blank\" rel=\"noreferrer noopener\"><img loading=\"lazy\" decoding=\"async\" width=\"1024\" height=\"768\" src=\"https:\/\/tedenloesopreis.nl\/wp-content\/uploads\/2023\/12\/IMG_4921-1024x768-1.jpeg\" alt=\"\" class=\"wp-image-10605\" srcset=\"https:\/\/tedenloesopreis.nl\/wp-content\/uploads\/2023\/12\/IMG_4921-1024x768-1.jpeg 1024w, https:\/\/tedenloesopreis.nl\/wp-content\/uploads\/2023\/12\/IMG_4921-1024x768-1-300x225.jpeg 300w, https:\/\/tedenloesopreis.nl\/wp-content\/uploads\/2023\/12\/IMG_4921-1024x768-1-768x576.jpeg 768w\" sizes=\"auto, (max-width: 1024px) 100vw, 1024px\" \/><\/a><figcaption class=\"wp-element-caption\"><em>aangekomen in Grense Jakobselv<\/em><\/figcaption><\/figure>\n<\/div>\n\n\n\n<div class=\"wp-block-column is-layout-flow wp-block-column-is-layout-flow\">\n<figure class=\"wp-block-image size-full\"><a href=\"https:\/\/tedenloesopreis.nl\/wp-content\/uploads\/2023\/12\/IMG_4938-1024x768-1.jpeg\" target=\"_blank\" rel=\"noreferrer noopener\"><img loading=\"lazy\" decoding=\"async\" width=\"1024\" height=\"768\" src=\"https:\/\/tedenloesopreis.nl\/wp-content\/uploads\/2023\/12\/IMG_4938-1024x768-1.jpeg\" alt=\"\" class=\"wp-image-10606\" srcset=\"https:\/\/tedenloesopreis.nl\/wp-content\/uploads\/2023\/12\/IMG_4938-1024x768-1.jpeg 1024w, https:\/\/tedenloesopreis.nl\/wp-content\/uploads\/2023\/12\/IMG_4938-1024x768-1-300x225.jpeg 300w, https:\/\/tedenloesopreis.nl\/wp-content\/uploads\/2023\/12\/IMG_4938-1024x768-1-768x576.jpeg 768w\" sizes=\"auto, (max-width: 1024px) 100vw, 1024px\" \/><\/a><figcaption class=\"wp-element-caption\"><em>de Koning Oscar II kapel<\/em><\/figcaption><\/figure>\n<\/div>\n<\/div>\n\n\n\n<div class=\"wp-block-columns is-layout-flex wp-container-core-columns-is-layout-9d6595d7 wp-block-columns-is-layout-flex\">\n<div class=\"wp-block-column is-layout-flow wp-block-column-is-layout-flow\" style=\"flex-basis:33.33%\"><\/div>\n\n\n\n<div class=\"wp-block-column is-layout-flow wp-block-column-is-layout-flow\" style=\"flex-basis:66.66%\">\n<p>Aan het einde van de weg heb je het gevoel, dat je aan het einde van de wereld bent. Met een grijze Barentszzee voor je, grijze rotsen aan de ene kant en Rusland aan de andere kant, kun je nog maar \u00e9\u00e9n kant uit: terugkeren.<\/p>\n<\/div>\n<\/div>\n\n\n\n<div class=\"wp-block-columns is-layout-flex wp-container-core-columns-is-layout-9d6595d7 wp-block-columns-is-layout-flex\">\n<div class=\"wp-block-column is-layout-flow wp-block-column-is-layout-flow\">\n<figure class=\"wp-block-image size-full\"><a href=\"https:\/\/tedenloesopreis.nl\/wp-content\/uploads\/2023\/12\/IMG_4923-1024x768-1.jpeg\" target=\"_blank\" rel=\"noreferrer noopener\"><img loading=\"lazy\" decoding=\"async\" width=\"1024\" height=\"768\" src=\"https:\/\/tedenloesopreis.nl\/wp-content\/uploads\/2023\/12\/IMG_4923-1024x768-1.jpeg\" alt=\"\" class=\"wp-image-10607\" srcset=\"https:\/\/tedenloesopreis.nl\/wp-content\/uploads\/2023\/12\/IMG_4923-1024x768-1.jpeg 1024w, https:\/\/tedenloesopreis.nl\/wp-content\/uploads\/2023\/12\/IMG_4923-1024x768-1-300x225.jpeg 300w, https:\/\/tedenloesopreis.nl\/wp-content\/uploads\/2023\/12\/IMG_4923-1024x768-1-768x576.jpeg 768w\" sizes=\"auto, (max-width: 1024px) 100vw, 1024px\" \/><\/a><figcaption class=\"wp-element-caption\"><em>een grijze Barentszzee<\/em><\/figcaption><\/figure>\n<\/div>\n\n\n\n<div class=\"wp-block-column is-layout-flow wp-block-column-is-layout-flow\">\n<figure class=\"wp-block-image size-full\"><a href=\"https:\/\/tedenloesopreis.nl\/wp-content\/uploads\/2023\/12\/IMG_4929-1024x768-1.jpeg\" target=\"_blank\" rel=\"noreferrer noopener\"><img loading=\"lazy\" decoding=\"async\" width=\"1024\" height=\"768\" src=\"https:\/\/tedenloesopreis.nl\/wp-content\/uploads\/2023\/12\/IMG_4929-1024x768-1.jpeg\" alt=\"\" class=\"wp-image-10608\" srcset=\"https:\/\/tedenloesopreis.nl\/wp-content\/uploads\/2023\/12\/IMG_4929-1024x768-1.jpeg 1024w, https:\/\/tedenloesopreis.nl\/wp-content\/uploads\/2023\/12\/IMG_4929-1024x768-1-300x225.jpeg 300w, https:\/\/tedenloesopreis.nl\/wp-content\/uploads\/2023\/12\/IMG_4929-1024x768-1-768x576.jpeg 768w\" sizes=\"auto, (max-width: 1024px) 100vw, 1024px\" \/><\/a><figcaption class=\"wp-element-caption\"><em>grijze rotsen aan de ene kant<\/em><\/figcaption><\/figure>\n<\/div>\n\n\n\n<div class=\"wp-block-column is-layout-flow wp-block-column-is-layout-flow\">\n<figure class=\"wp-block-image size-full\"><a href=\"https:\/\/tedenloesopreis.nl\/wp-content\/uploads\/2023\/12\/IMG_4930-1024x768-1.jpeg\" target=\"_blank\" rel=\"noreferrer noopener\"><img loading=\"lazy\" decoding=\"async\" width=\"1024\" height=\"768\" src=\"https:\/\/tedenloesopreis.nl\/wp-content\/uploads\/2023\/12\/IMG_4930-1024x768-1.jpeg\" alt=\"\" class=\"wp-image-10609\" srcset=\"https:\/\/tedenloesopreis.nl\/wp-content\/uploads\/2023\/12\/IMG_4930-1024x768-1.jpeg 1024w, https:\/\/tedenloesopreis.nl\/wp-content\/uploads\/2023\/12\/IMG_4930-1024x768-1-300x225.jpeg 300w, https:\/\/tedenloesopreis.nl\/wp-content\/uploads\/2023\/12\/IMG_4930-1024x768-1-768x576.jpeg 768w\" sizes=\"auto, (max-width: 1024px) 100vw, 1024px\" \/><\/a><figcaption class=\"wp-element-caption\"><em>Rusland aan de andere kant<\/em><\/figcaption><\/figure>\n<\/div>\n<\/div>\n\n\n\n<div class=\"wp-block-columns is-layout-flex wp-container-core-columns-is-layout-9d6595d7 wp-block-columns-is-layout-flex\">\n<div class=\"wp-block-column is-layout-flow wp-block-column-is-layout-flow\" style=\"flex-basis:33.33%\"><\/div>\n\n\n\n<div class=\"wp-block-column is-layout-flow wp-block-column-is-layout-flow\" style=\"flex-basis:66.66%\">\n<p>We staan nu op een prima&nbsp;<a href=\"https:\/\/www.campercontact.com\/nl\/noorwegen\/troms-og-finnmark\/kirkenes\/66417\/bobilparkering-kirkenes-kirkenes-havn\" target=\"_blank\" rel=\"noreferrer noopener\">camperplaats<\/a>&nbsp;in Kirkenes. Min of meer direct tegenover ons is de aanlegsteiger van de Hurtigruten. Dagelijks loopt deze om 09:00 uur binnen.<\/p>\n<\/div>\n<\/div>\n\n\n\n<div class=\"wp-block-columns is-layout-flex wp-container-core-columns-is-layout-9d6595d7 wp-block-columns-is-layout-flex\">\n<div class=\"wp-block-column is-layout-flow wp-block-column-is-layout-flow\"><\/div>\n\n\n\n<div class=\"wp-block-column is-layout-flow wp-block-column-is-layout-flow\">\n<figure class=\"wp-block-image size-full\"><a href=\"https:\/\/tedenloesopreis.nl\/wp-content\/uploads\/2023\/12\/IMG_4944-1024x768-1.jpeg\" target=\"_blank\" rel=\"noreferrer noopener\"><img loading=\"lazy\" decoding=\"async\" width=\"1024\" height=\"768\" src=\"https:\/\/tedenloesopreis.nl\/wp-content\/uploads\/2023\/12\/IMG_4944-1024x768-1.jpeg\" alt=\"\" class=\"wp-image-10610\" srcset=\"https:\/\/tedenloesopreis.nl\/wp-content\/uploads\/2023\/12\/IMG_4944-1024x768-1.jpeg 1024w, https:\/\/tedenloesopreis.nl\/wp-content\/uploads\/2023\/12\/IMG_4944-1024x768-1-300x225.jpeg 300w, https:\/\/tedenloesopreis.nl\/wp-content\/uploads\/2023\/12\/IMG_4944-1024x768-1-768x576.jpeg 768w\" sizes=\"auto, (max-width: 1024px) 100vw, 1024px\" \/><\/a><figcaption class=\"wp-element-caption\"><em>de camperplaats van Kirkenes<\/em><\/figcaption><\/figure>\n<\/div>\n\n\n\n<div class=\"wp-block-column is-layout-flow wp-block-column-is-layout-flow\">\n<figure class=\"wp-block-image size-full\"><a href=\"https:\/\/tedenloesopreis.nl\/wp-content\/uploads\/2023\/12\/IMG_4943-1024x768-1.jpeg\" target=\"_blank\" rel=\"noreferrer noopener\"><img loading=\"lazy\" decoding=\"async\" width=\"1024\" height=\"768\" src=\"https:\/\/tedenloesopreis.nl\/wp-content\/uploads\/2023\/12\/IMG_4943-1024x768-1.jpeg\" alt=\"\" class=\"wp-image-10611\" srcset=\"https:\/\/tedenloesopreis.nl\/wp-content\/uploads\/2023\/12\/IMG_4943-1024x768-1.jpeg 1024w, https:\/\/tedenloesopreis.nl\/wp-content\/uploads\/2023\/12\/IMG_4943-1024x768-1-300x225.jpeg 300w, https:\/\/tedenloesopreis.nl\/wp-content\/uploads\/2023\/12\/IMG_4943-1024x768-1-768x576.jpeg 768w\" sizes=\"auto, (max-width: 1024px) 100vw, 1024px\" \/><\/a><figcaption class=\"wp-element-caption\"><em>de camperplaats van Kirkenes<\/em><\/figcaption><\/figure>\n<\/div>\n<\/div>\n\n\n\n<div style=\"height:35px\" aria-hidden=\"true\" class=\"wp-block-spacer\"><\/div>\n\n\n\n<div class=\"wp-block-columns is-layout-flex wp-container-core-columns-is-layout-9d6595d7 wp-block-columns-is-layout-flex\">\n<div class=\"wp-block-column is-layout-flow wp-block-column-is-layout-flow\">\n<p class=\"has-orange-background-color has-background\" id=\"dag23\"><\/p>\n<\/div>\n<\/div>\n\n\n\n<div class=\"wp-block-columns is-layout-flex wp-container-core-columns-is-layout-9d6595d7 wp-block-columns-is-layout-flex\">\n<div class=\"wp-block-column is-layout-flow wp-block-column-is-layout-flow\" style=\"flex-basis:33.33%\">\n<p><a href=\"#titel\">top<\/a><\/p>\n<\/div>\n\n\n\n<div class=\"wp-block-column is-layout-flow wp-block-column-is-layout-flow\" style=\"flex-basis:66.66%\">\n<p><strong>TIJD VOOR EEN RUSTDAG<\/strong><br>dag 23 &nbsp; &nbsp; &nbsp; do 11 augustus 2022<br>Kirkenes &nbsp; &nbsp; &nbsp; 0 km<\/p>\n<\/div>\n<\/div>\n\n\n\n<div style=\"height:20px\" aria-hidden=\"true\" class=\"wp-block-spacer\"><\/div>\n\n\n\n<div class=\"wp-block-columns is-layout-flex wp-container-core-columns-is-layout-9d6595d7 wp-block-columns-is-layout-flex\">\n<div class=\"wp-block-column is-layout-flow wp-block-column-is-layout-flow\" style=\"flex-basis:33.33%\"><\/div>\n\n\n\n<div class=\"wp-block-column is-layout-flow wp-block-column-is-layout-flow\" style=\"flex-basis:66.66%\">\n<p>We blijven vandaag in Kirkenes. Afgezien van de rustmiddag in Honningsv\u00e5g (op dag 19), de laatste echte rustdag is al weer 11 dagen geleden (op dag 12 in Mosj\u00f8en). De verklaring hiervoor is bekend: i.v.m. het goede weer op de Noordkaap hebben we de geplande rustdagen in Alta overgeslagen. Het is dus hoog tijd om eens een hele dag pauze te nemen.<\/p>\n\n\n\n<p>De ochtend verloopt allerminst saai. Zo is er sprake van wateroverlast na de overvloedige regen van afgelopen nacht. Door een defect aan de pomp (we staan relatief laag) komt een deel van de camperplaats onder water te staan. Er zijn meerdere \u201cmannetjes\u201d nodig om de pomp weer aan de praat te krijgen.<\/p>\n\n\n\n<p>Om negen uur komt de Hurtigruten aanvaren. Deze boot kondigt zijn komst altijd met luide stem aan. Kirkenes is het einde van de route noordwaarts. Een aantal reizigers verlaat hier de boot en stapt in een van de klaarstaande bussen die naar het vliegveld rijden. Er zijn ook mensen die in Kirkenes opstappen voor de tocht zuidwaarts. De grootste groep reizigers blijft echter aan boord. Een deel van deze groep gaat wat wandelen, gaat even op quad-safari, of stapt in de bus voor een kleine excursie. Er is voortdurend iets te doen. De boot vertrekt om 12:30, alweer met luide stem.<\/p>\n<\/div>\n<\/div>\n\n\n\n<div class=\"wp-block-columns is-layout-flex wp-container-core-columns-is-layout-9d6595d7 wp-block-columns-is-layout-flex\">\n<div class=\"wp-block-column is-layout-flow wp-block-column-is-layout-flow\"><\/div>\n\n\n\n<div class=\"wp-block-column is-layout-flow wp-block-column-is-layout-flow\">\n<figure class=\"wp-block-image size-full\"><a href=\"https:\/\/tedenloesopreis.nl\/wp-content\/uploads\/2023\/12\/IMG_4946-1024x768-1.jpeg\" target=\"_blank\" rel=\"noreferrer noopener\"><img loading=\"lazy\" decoding=\"async\" width=\"1024\" height=\"768\" src=\"https:\/\/tedenloesopreis.nl\/wp-content\/uploads\/2023\/12\/IMG_4946-1024x768-1.jpeg\" alt=\"\" class=\"wp-image-10613\" srcset=\"https:\/\/tedenloesopreis.nl\/wp-content\/uploads\/2023\/12\/IMG_4946-1024x768-1.jpeg 1024w, https:\/\/tedenloesopreis.nl\/wp-content\/uploads\/2023\/12\/IMG_4946-1024x768-1-300x225.jpeg 300w, https:\/\/tedenloesopreis.nl\/wp-content\/uploads\/2023\/12\/IMG_4946-1024x768-1-768x576.jpeg 768w\" sizes=\"auto, (max-width: 1024px) 100vw, 1024px\" \/><\/a><figcaption class=\"wp-element-caption\"><em>de wateroverlast<\/em><\/figcaption><\/figure>\n<\/div>\n\n\n\n<div class=\"wp-block-column is-layout-flow wp-block-column-is-layout-flow\">\n<figure class=\"wp-block-image size-full\"><a href=\"https:\/\/tedenloesopreis.nl\/wp-content\/uploads\/2023\/12\/IMG_4949-1024x768-1.jpeg\" target=\"_blank\" rel=\"noreferrer noopener\"><img loading=\"lazy\" decoding=\"async\" width=\"1024\" height=\"768\" src=\"https:\/\/tedenloesopreis.nl\/wp-content\/uploads\/2023\/12\/IMG_4949-1024x768-1.jpeg\" alt=\"\" class=\"wp-image-10614\" srcset=\"https:\/\/tedenloesopreis.nl\/wp-content\/uploads\/2023\/12\/IMG_4949-1024x768-1.jpeg 1024w, https:\/\/tedenloesopreis.nl\/wp-content\/uploads\/2023\/12\/IMG_4949-1024x768-1-300x225.jpeg 300w, https:\/\/tedenloesopreis.nl\/wp-content\/uploads\/2023\/12\/IMG_4949-1024x768-1-768x576.jpeg 768w\" sizes=\"auto, (max-width: 1024px) 100vw, 1024px\" \/><\/a><figcaption class=\"wp-element-caption\"><em>de Hurtigruten<\/em><\/figcaption><\/figure>\n<\/div>\n<\/div>\n\n\n\n<div style=\"height:35px\" aria-hidden=\"true\" class=\"wp-block-spacer\"><\/div>\n\n\n\n<div class=\"wp-block-columns is-layout-flex wp-container-core-columns-is-layout-9d6595d7 wp-block-columns-is-layout-flex\">\n<div class=\"wp-block-column is-layout-flow wp-block-column-is-layout-flow\">\n<p class=\"has-orange-background-color has-background\" id=\"dag24\"><\/p>\n<\/div>\n<\/div>\n\n\n\n<div class=\"wp-block-columns is-layout-flex wp-container-core-columns-is-layout-9d6595d7 wp-block-columns-is-layout-flex\">\n<div class=\"wp-block-column is-layout-flow wp-block-column-is-layout-flow\" style=\"flex-basis:33.33%\">\n<p><a href=\"#titel\">top<\/a><\/p>\n<\/div>\n\n\n\n<div class=\"wp-block-column is-layout-flow wp-block-column-is-layout-flow\" style=\"flex-basis:66.66%\">\n<p><strong>IETS VERDER DAN GEDACHT<\/strong><br>dag 24 &nbsp; &nbsp; &nbsp; vr 12 augustus 2022<br><a href=\"https:\/\/www.google.com\/maps\/d\/viewer?mid=1Sb0K3cnsnWCrHiw3SxaPAmoqVC6bxqU&amp;ll=69.16866200816904%2C27.599115406188318&amp;z=6\" target=\"_blank\" rel=\"noreferrer noopener\">Kirkenes \u2013 Sodankyl\u00e4<\/a>&nbsp;&nbsp; &nbsp; &nbsp; 407 km<\/p>\n<\/div>\n<\/div>\n\n\n\n<div style=\"height:20px\" aria-hidden=\"true\" class=\"wp-block-spacer\"><\/div>\n\n\n\n<div class=\"wp-block-columns is-layout-flex wp-container-core-columns-is-layout-9d6595d7 wp-block-columns-is-layout-flex\">\n<div class=\"wp-block-column is-layout-flow wp-block-column-is-layout-flow\" style=\"flex-basis:33.33%\"><\/div>\n\n\n\n<div class=\"wp-block-column is-layout-flow wp-block-column-is-layout-flow\" style=\"flex-basis:66.66%\">\n<p>We rijden vanochtend eerst nog wat door Kirkenes. Het is een levendig stadje, maar niet indrukwekkend. Eenmaal terug op de E6 zetten we koers naar het westen. Het steenslagtraject is er nog steeds, maar er is deze keer geen verkeersregelaar die het tempo van de colonne bepaalt. We rijden het stuk op ons gemak, want anders is het geluid wel heel erg heftig. De vrachtwagenchauffeur achter ons denkt daar heel anders over, en probeert ons tot een hogere snelheid te \u201cverleiden\u201d door bijzonder dicht op ons fietsenrek te kruipen. We zijn dan ook opgelucht, als we bij Neiden linksaf kunnen slaan richting Finland, de Fv 92 op.<\/p>\n\n\n\n<p id=\"noordfinland\">Meteen is goed te merken, dat de Fv 92 voor Noorwegen een onbelangrijke weg is. Hij zit vol hobbels en gaten. Na de passage van de Noorse grenspost wordt de kwaliteit van de weg n\u00f3g beroerder. Wij zijn zeer teleurgesteld in de Finnen. Wat een belabberde weg. Al snel echter moeten wij de Finnen onze excuses aanbieden. De weg blijkt nog Noors te zijn. Na het passeren van de Finse grenspost rijden we over een uitstekende weg. Een klein stukje verder tanken we diesel voor \u20ac1,97 per liter. Dat is zo\u2019n 80 cent goedkoper dan bij onze laatste tankbeurt in Noorwegen.<\/p>\n<\/div>\n<\/div>\n\n\n\n<div class=\"wp-block-columns is-layout-flex wp-container-core-columns-is-layout-9d6595d7 wp-block-columns-is-layout-flex\">\n<div class=\"wp-block-column is-layout-flow wp-block-column-is-layout-flow\">\n<figure class=\"wp-block-image size-full\"><a href=\"https:\/\/tedenloesopreis.nl\/wp-content\/uploads\/2023\/12\/IMG_4964-1024x768-1.jpeg\" target=\"_blank\" rel=\"noreferrer noopener\"><img loading=\"lazy\" decoding=\"async\" width=\"1024\" height=\"768\" src=\"https:\/\/tedenloesopreis.nl\/wp-content\/uploads\/2023\/12\/IMG_4964-1024x768-1.jpeg\" alt=\"\" class=\"wp-image-10616\" srcset=\"https:\/\/tedenloesopreis.nl\/wp-content\/uploads\/2023\/12\/IMG_4964-1024x768-1.jpeg 1024w, https:\/\/tedenloesopreis.nl\/wp-content\/uploads\/2023\/12\/IMG_4964-1024x768-1-300x225.jpeg 300w, https:\/\/tedenloesopreis.nl\/wp-content\/uploads\/2023\/12\/IMG_4964-1024x768-1-768x576.jpeg 768w\" sizes=\"auto, (max-width: 1024px) 100vw, 1024px\" \/><\/a><figcaption class=\"wp-element-caption\"><em>Noord-Finland: goede wegen, veel bomen, veel water<\/em><\/figcaption><\/figure>\n<\/div>\n\n\n\n<div class=\"wp-block-column is-layout-flow wp-block-column-is-layout-flow\">\n<figure class=\"wp-block-image size-full\"><a href=\"https:\/\/tedenloesopreis.nl\/wp-content\/uploads\/2023\/12\/IMG_4960-1024x768-1.jpeg\" target=\"_blank\" rel=\"noreferrer noopener\"><img loading=\"lazy\" decoding=\"async\" width=\"1024\" height=\"768\" src=\"https:\/\/tedenloesopreis.nl\/wp-content\/uploads\/2023\/12\/IMG_4960-1024x768-1.jpeg\" alt=\"\" class=\"wp-image-10617\" srcset=\"https:\/\/tedenloesopreis.nl\/wp-content\/uploads\/2023\/12\/IMG_4960-1024x768-1.jpeg 1024w, https:\/\/tedenloesopreis.nl\/wp-content\/uploads\/2023\/12\/IMG_4960-1024x768-1-300x225.jpeg 300w, https:\/\/tedenloesopreis.nl\/wp-content\/uploads\/2023\/12\/IMG_4960-1024x768-1-768x576.jpeg 768w\" sizes=\"auto, (max-width: 1024px) 100vw, 1024px\" \/><\/a><figcaption class=\"wp-element-caption\"><em>koffiepauze&nbsp;aan het water<\/em><\/figcaption><\/figure>\n<\/div>\n\n\n\n<div class=\"wp-block-column is-layout-flow wp-block-column-is-layout-flow\">\n<figure class=\"wp-block-image size-full\"><a href=\"https:\/\/tedenloesopreis.nl\/wp-content\/uploads\/2023\/12\/IMG_4966-1024x768-1.jpeg\" target=\"_blank\" rel=\"noreferrer noopener\"><img loading=\"lazy\" decoding=\"async\" width=\"1024\" height=\"768\" src=\"https:\/\/tedenloesopreis.nl\/wp-content\/uploads\/2023\/12\/IMG_4966-1024x768-1.jpeg\" alt=\"\" class=\"wp-image-10618\" srcset=\"https:\/\/tedenloesopreis.nl\/wp-content\/uploads\/2023\/12\/IMG_4966-1024x768-1.jpeg 1024w, https:\/\/tedenloesopreis.nl\/wp-content\/uploads\/2023\/12\/IMG_4966-1024x768-1-300x225.jpeg 300w, https:\/\/tedenloesopreis.nl\/wp-content\/uploads\/2023\/12\/IMG_4966-1024x768-1-768x576.jpeg 768w\" sizes=\"auto, (max-width: 1024px) 100vw, 1024px\" \/><\/a><figcaption class=\"wp-element-caption\"><em>nog steeds: goede wegen, bomen en water<\/em><\/figcaption><\/figure>\n<\/div>\n<\/div>\n\n\n\n<div class=\"wp-block-columns is-layout-flex wp-container-core-columns-is-layout-9d6595d7 wp-block-columns-is-layout-flex\">\n<div class=\"wp-block-column is-layout-flow wp-block-column-is-layout-flow\" style=\"flex-basis:33.33%\"><\/div>\n\n\n\n<div class=\"wp-block-column is-layout-flow wp-block-column-is-layout-flow\" style=\"flex-basis:66.66%\">\n<p>Via de \u201c971\u201d rijden we verder Finland in, tot we zo\u2019n 25 km voor Inari op de E75 aankomen. In Inari doen we boodschappen in een supermarkt waar menige AH-XL nog een puntje aan kan zuigen: erg ruim van opzet en met een uitbundig assortiment.<\/p>\n\n\n\n<p>Eigenlijk zijn we van plan om in de buurt van Saariselk\u00e4 te stoppen, maar dat gaat twee keer niet door.&nbsp;Eerst rijden we naar de top van de Kaunisp\u00e4\u00e4n, de hoogste bult in dit gebied, waar we willen overnachten op het parkeerterrein van het restaurant. Het waait daar echter z\u00f3 hard, dat de buzz behoorlijk staat te schudden. We rijden dus maar weer naar beneden en zoeken een klein stukje verder een camping op. Er is geen kip op de camping te bekennen, en het terrein is behoorlijk hellend. Dat is met de oprij-blokken niet te corrigeren.&nbsp;We besluiten om door te rijden naar de camperplaats van de&nbsp;<a href=\"https:\/\/www.campercontact.com\/nl\/finland\/sodankyla\/21059\/sf-caravan-camping-nilimella\" target=\"_blank\" rel=\"noreferrer noopener\">camping<\/a>&nbsp;van Sodankyl\u00e4. Die kennen we nog van de 2018-reis. Hier staan we, na 407 km, vlak en redelijk beschut tegen de wind.<\/p>\n<\/div>\n<\/div>\n\n\n\n<div class=\"wp-block-columns is-layout-flex wp-container-core-columns-is-layout-9d6595d7 wp-block-columns-is-layout-flex\">\n<div class=\"wp-block-column is-layout-flow wp-block-column-is-layout-flow\"><\/div>\n\n\n\n<div class=\"wp-block-column is-layout-flow wp-block-column-is-layout-flow\">\n<figure class=\"wp-block-image size-full\"><a href=\"https:\/\/tedenloesopreis.nl\/wp-content\/uploads\/2023\/12\/IMG_4974-1024x768-1.jpeg\" target=\"_blank\" rel=\"noreferrer noopener\"><img loading=\"lazy\" decoding=\"async\" width=\"1024\" height=\"768\" src=\"https:\/\/tedenloesopreis.nl\/wp-content\/uploads\/2023\/12\/IMG_4974-1024x768-1.jpeg\" alt=\"\" class=\"wp-image-10619\" srcset=\"https:\/\/tedenloesopreis.nl\/wp-content\/uploads\/2023\/12\/IMG_4974-1024x768-1.jpeg 1024w, https:\/\/tedenloesopreis.nl\/wp-content\/uploads\/2023\/12\/IMG_4974-1024x768-1-300x225.jpeg 300w, https:\/\/tedenloesopreis.nl\/wp-content\/uploads\/2023\/12\/IMG_4974-1024x768-1-768x576.jpeg 768w\" sizes=\"auto, (max-width: 1024px) 100vw, 1024px\" \/><\/a><figcaption class=\"wp-element-caption\"><em>veel wind op de top van de Kaunisp\u00e4\u00e4n<\/em><\/figcaption><\/figure>\n<\/div>\n\n\n\n<div class=\"wp-block-column is-layout-flow wp-block-column-is-layout-flow\">\n<figure class=\"wp-block-image size-full\"><a href=\"https:\/\/tedenloesopreis.nl\/wp-content\/uploads\/2023\/12\/IMG_4976-1024x768-1.jpeg\" target=\"_blank\" rel=\"noreferrer noopener\"><img loading=\"lazy\" decoding=\"async\" width=\"1024\" height=\"768\" src=\"https:\/\/tedenloesopreis.nl\/wp-content\/uploads\/2023\/12\/IMG_4976-1024x768-1.jpeg\" alt=\"\" class=\"wp-image-10620\" srcset=\"https:\/\/tedenloesopreis.nl\/wp-content\/uploads\/2023\/12\/IMG_4976-1024x768-1.jpeg 1024w, https:\/\/tedenloesopreis.nl\/wp-content\/uploads\/2023\/12\/IMG_4976-1024x768-1-300x225.jpeg 300w, https:\/\/tedenloesopreis.nl\/wp-content\/uploads\/2023\/12\/IMG_4976-1024x768-1-768x576.jpeg 768w\" sizes=\"auto, (max-width: 1024px) 100vw, 1024px\" \/><\/a><figcaption class=\"wp-element-caption\"><em>de camperplaats van de camping van Sodankyl\u00e4<\/em><\/figcaption><\/figure>\n<\/div>\n<\/div>\n\n\n\n<div style=\"height:35px\" aria-hidden=\"true\" class=\"wp-block-spacer\"><\/div>\n\n\n\n<div class=\"wp-block-columns is-layout-flex wp-container-core-columns-is-layout-9d6595d7 wp-block-columns-is-layout-flex\">\n<div class=\"wp-block-column is-layout-flow wp-block-column-is-layout-flow\">\n<p class=\"has-orange-background-color has-background\" id=\"dag25\"><\/p>\n<\/div>\n<\/div>\n\n\n\n<div class=\"wp-block-columns is-layout-flex wp-container-core-columns-is-layout-9d6595d7 wp-block-columns-is-layout-flex\">\n<div class=\"wp-block-column is-layout-flow wp-block-column-is-layout-flow\" style=\"flex-basis:33.33%\">\n<p><a href=\"#titel\">top<\/a><\/p>\n<\/div>\n\n\n\n<div class=\"wp-block-column is-layout-flow wp-block-column-is-layout-flow\" style=\"flex-basis:66.66%\">\n<p><strong>ONDER DE POOLCIRKEL<\/strong><br>dag 25 &nbsp; &nbsp; &nbsp; za 13 augustus 2022<br><a href=\"https:\/\/www.google.com\/maps\/d\/viewer?mid=1hJgEhcX6SG1djTRtoJf7rTJjCI4miF8&amp;ll=66.97187336665537%2C26.255835&amp;z=8\" target=\"_blank\" rel=\"noreferrer noopener\">Sodankyl\u00e4 \u2013 Rovaniemi<\/a>&nbsp;&nbsp; &nbsp; &nbsp; 133 km<\/p>\n<\/div>\n<\/div>\n\n\n\n<div style=\"height:20px\" aria-hidden=\"true\" class=\"wp-block-spacer\"><\/div>\n\n\n\n<div class=\"wp-block-columns is-layout-flex wp-container-core-columns-is-layout-9d6595d7 wp-block-columns-is-layout-flex\">\n<div class=\"wp-block-column is-layout-flow wp-block-column-is-layout-flow\" style=\"flex-basis:33.33%\"><\/div>\n\n\n\n<div class=\"wp-block-column is-layout-flow wp-block-column-is-layout-flow\" style=\"flex-basis:66.66%\">\n<p>Wat we gisteren m\u00e9\u00e9r hebben gereden, rijden we vandaag minder. We stoppen na 133 kilometer in Rovaniemi, net ten zuiden van de poolcirkel. Bij het binnenrijden van de stad gaan we nog even naar een supermarkt. Deze is n\u00f3g indrukwekkender dan die in Inari. Finland kan voor ons niet meer stuk.<\/p>\n\n\n\n<p>We staan op een&nbsp;<a href=\"https:\/\/www.campercontact.com\/nl\/finland\/rovaniemi\/18309\/napapiirin-saarituvat\" target=\"_blank\" rel=\"noreferrer noopener\">camping<\/a>&nbsp;met een mooie plek aan de rivier Kemijoki. We blijven hier, als de muggen het toestaan, een paar dagen staan.<\/p>\n<\/div>\n<\/div>\n\n\n\n<div class=\"wp-block-columns is-layout-flex wp-container-core-columns-is-layout-9d6595d7 wp-block-columns-is-layout-flex\">\n<div class=\"wp-block-column is-layout-flow wp-block-column-is-layout-flow\">\n<figure class=\"wp-block-image size-full\"><a href=\"https:\/\/tedenloesopreis.nl\/wp-content\/uploads\/2023\/12\/IMG_4977-1024x768-1.jpeg\" target=\"_blank\" rel=\"noreferrer noopener\"><img loading=\"lazy\" decoding=\"async\" width=\"1024\" height=\"768\" src=\"https:\/\/tedenloesopreis.nl\/wp-content\/uploads\/2023\/12\/IMG_4977-1024x768-1.jpeg\" alt=\"\" class=\"wp-image-10622\" srcset=\"https:\/\/tedenloesopreis.nl\/wp-content\/uploads\/2023\/12\/IMG_4977-1024x768-1.jpeg 1024w, https:\/\/tedenloesopreis.nl\/wp-content\/uploads\/2023\/12\/IMG_4977-1024x768-1-300x225.jpeg 300w, https:\/\/tedenloesopreis.nl\/wp-content\/uploads\/2023\/12\/IMG_4977-1024x768-1-768x576.jpeg 768w\" sizes=\"auto, (max-width: 1024px) 100vw, 1024px\" \/><\/a><figcaption class=\"wp-element-caption\"><em>de camping in Rovaniemi<\/em><\/figcaption><\/figure>\n<\/div>\n\n\n\n<div class=\"wp-block-column is-layout-flow wp-block-column-is-layout-flow\">\n<figure class=\"wp-block-image size-full\"><a href=\"https:\/\/tedenloesopreis.nl\/wp-content\/uploads\/2023\/12\/IMG_4978-1024x768-1.jpeg\" target=\"_blank\" rel=\"noreferrer noopener\"><img loading=\"lazy\" decoding=\"async\" width=\"1024\" height=\"768\" src=\"https:\/\/tedenloesopreis.nl\/wp-content\/uploads\/2023\/12\/IMG_4978-1024x768-1.jpeg\" alt=\"\" class=\"wp-image-10623\" srcset=\"https:\/\/tedenloesopreis.nl\/wp-content\/uploads\/2023\/12\/IMG_4978-1024x768-1.jpeg 1024w, https:\/\/tedenloesopreis.nl\/wp-content\/uploads\/2023\/12\/IMG_4978-1024x768-1-300x225.jpeg 300w, https:\/\/tedenloesopreis.nl\/wp-content\/uploads\/2023\/12\/IMG_4978-1024x768-1-768x576.jpeg 768w\" sizes=\"auto, (max-width: 1024px) 100vw, 1024px\" \/><\/a><figcaption class=\"wp-element-caption\"><em>de camping in Rovaniemi<\/em><\/figcaption><\/figure>\n<\/div>\n\n\n\n<div class=\"wp-block-column is-layout-flow wp-block-column-is-layout-flow\">\n<figure class=\"wp-block-image size-full\"><a href=\"https:\/\/tedenloesopreis.nl\/wp-content\/uploads\/2023\/12\/IMG_0057-1024x768-1.jpeg\" target=\"_blank\" rel=\"noreferrer noopener\"><img loading=\"lazy\" decoding=\"async\" width=\"1024\" height=\"768\" src=\"https:\/\/tedenloesopreis.nl\/wp-content\/uploads\/2023\/12\/IMG_0057-1024x768-1.jpeg\" alt=\"\" class=\"wp-image-10624\" srcset=\"https:\/\/tedenloesopreis.nl\/wp-content\/uploads\/2023\/12\/IMG_0057-1024x768-1.jpeg 1024w, https:\/\/tedenloesopreis.nl\/wp-content\/uploads\/2023\/12\/IMG_0057-1024x768-1-300x225.jpeg 300w, https:\/\/tedenloesopreis.nl\/wp-content\/uploads\/2023\/12\/IMG_0057-1024x768-1-768x576.jpeg 768w\" sizes=\"auto, (max-width: 1024px) 100vw, 1024px\" \/><\/a><figcaption class=\"wp-element-caption\"><em>de camping in Rovaniemi<\/em><\/figcaption><\/figure>\n<\/div>\n<\/div>\n\n\n\n<div style=\"height:35px\" aria-hidden=\"true\" class=\"wp-block-spacer\"><\/div>\n\n\n\n<div class=\"wp-block-columns is-layout-flex wp-container-core-columns-is-layout-9d6595d7 wp-block-columns-is-layout-flex\">\n<div class=\"wp-block-column is-layout-flow wp-block-column-is-layout-flow\">\n<p class=\"has-orange-background-color has-background\" id=\"dag26\"><\/p>\n<\/div>\n<\/div>\n\n\n\n<div class=\"wp-block-columns is-layout-flex wp-container-core-columns-is-layout-9d6595d7 wp-block-columns-is-layout-flex\">\n<div class=\"wp-block-column is-layout-flow wp-block-column-is-layout-flow\" style=\"flex-basis:33.33%\">\n<p><a href=\"#titel\">top<\/a><\/p>\n<\/div>\n\n\n\n<div class=\"wp-block-column is-layout-flow wp-block-column-is-layout-flow\" style=\"flex-basis:66.66%\">\n<p><strong>PAS DE VIJFDE RUSTDAG<\/strong><br>dag 26 &nbsp; &nbsp; &nbsp; zo 14 augustus 2022<br>Rovaniemi &nbsp; &nbsp; &nbsp; 0 km<\/p>\n<\/div>\n<\/div>\n\n\n\n<div style=\"height:20px\" aria-hidden=\"true\" class=\"wp-block-spacer\"><\/div>\n\n\n\n<div class=\"wp-block-columns is-layout-flex wp-container-core-columns-is-layout-9d6595d7 wp-block-columns-is-layout-flex\">\n<div class=\"wp-block-column is-layout-flow wp-block-column-is-layout-flow\" style=\"flex-basis:33.33%\"><\/div>\n\n\n\n<div class=\"wp-block-column is-layout-flow wp-block-column-is-layout-flow\" style=\"flex-basis:66.66%\">\n<p>De titel zegt voldoende. We doen vandaag \u201cniets\u201d, en dat is prettig, want we hebben tot nu toe relatief vaak gereden.<\/p>\n\n\n\n<p>We vullen de dag met de gebruikelijke zaken, zoals een wasje doen en de voorraad aanvullen. Ook kijken we naar de activiteit op het water. De rivier kent 18 stuwdammen\/waterkrachtcentrales, waarmee een flink deel van de Finse waterenergie (zo\u2019n 35 %) wordt opgewekt. Door deze stuwdammen is er geen binnenvaart op de rivier mogelijk. De delen tussen deze dammen zijn echter zeer in trek bij pleziervaart en watersport. Vooral de waterscooter is razend populair. Met hoge snelheid komen ze regelmatig voorbijstuiven.<br><br>Morgen gaan we in de buurt wat fietsen. Ze hebben hier prima fietspaden. Misschien komen we de kerstman wel tegen.<\/p>\n<\/div>\n<\/div>\n\n\n\n<div style=\"height:35px\" aria-hidden=\"true\" class=\"wp-block-spacer\"><\/div>\n\n\n\n<div class=\"wp-block-columns is-layout-flex wp-container-core-columns-is-layout-9d6595d7 wp-block-columns-is-layout-flex\">\n<div class=\"wp-block-column is-layout-flow wp-block-column-is-layout-flow\">\n<p class=\"has-orange-background-color has-background\" id=\"dag27\"><\/p>\n<\/div>\n<\/div>\n\n\n\n<div class=\"wp-block-columns is-layout-flex wp-container-core-columns-is-layout-9d6595d7 wp-block-columns-is-layout-flex\">\n<div class=\"wp-block-column is-layout-flow wp-block-column-is-layout-flow\" style=\"flex-basis:33.33%\">\n<p><a href=\"#titel\">top<\/a><\/p>\n<\/div>\n\n\n\n<div class=\"wp-block-column is-layout-flow wp-block-column-is-layout-flow\" style=\"flex-basis:66.66%\">\n<p><strong>HEI, HEI, ALLES IS OKAY<\/strong><br>dag 27 &nbsp; &nbsp; &nbsp; ma 15 augustus 2022<br>Rovaniemi &nbsp; &nbsp; &nbsp; 0 km<\/p>\n<\/div>\n<\/div>\n\n\n\n<div style=\"height:20px\" aria-hidden=\"true\" class=\"wp-block-spacer\"><\/div>\n\n\n\n<div class=\"wp-block-columns is-layout-flex wp-container-core-columns-is-layout-9d6595d7 wp-block-columns-is-layout-flex\">\n<div class=\"wp-block-column is-layout-flow wp-block-column-is-layout-flow\" style=\"flex-basis:33.33%\"><\/div>\n\n\n\n<div class=\"wp-block-column is-layout-flow wp-block-column-is-layout-flow\" style=\"flex-basis:66.66%\">\n<p>\u201cHei hei, alles is okay\u201d roept de Kerstman een beetje knorrig, als hij vermoedt dat hij twee Nederlanders voor zijn neus heeft die er niets voor voelen om 20 euro te betalen voor een foto met hem. Dat is behoorlijk typerend voor de commerci\u00eble sfeer die je overal proeft in het Santa Claus Village. Anders dan tijdens ons bezoek in 2018 klinken er nu overal kerstliedjes (en niet alleen Jingle Bells en Rudolph the red nosed reindeer). En het weer is vandaag heel wat beter dan vier jaar geleden:&nbsp;24\u00b0C en licht bewolkt, en d\u00e1t op de poolcirkel.<\/p>\n\n\n\n<p>We maken wat foto\u2019s van en op de poolcirkel, en fietsen daarna rustig door naar Rovaniemi, om er nog wat laatste goedkope boodschappen te doen. Morgen rijden we immers weer Zweden in, en daar is het toch wel wat duurder dan hier in Finland.<\/p>\n<\/div>\n<\/div>\n\n\n\n<div class=\"wp-block-columns is-layout-flex wp-container-core-columns-is-layout-9d6595d7 wp-block-columns-is-layout-flex\">\n<div class=\"wp-block-column is-layout-flow wp-block-column-is-layout-flow\">\n<figure class=\"wp-block-image size-full\"><a href=\"https:\/\/tedenloesopreis.nl\/wp-content\/uploads\/2023\/12\/IMG_4988-1024x768-1.jpeg\" target=\"_blank\" rel=\"noreferrer noopener\"><img loading=\"lazy\" decoding=\"async\" width=\"1024\" height=\"768\" src=\"https:\/\/tedenloesopreis.nl\/wp-content\/uploads\/2023\/12\/IMG_4988-1024x768-1.jpeg\" alt=\"\" class=\"wp-image-10627\" srcset=\"https:\/\/tedenloesopreis.nl\/wp-content\/uploads\/2023\/12\/IMG_4988-1024x768-1.jpeg 1024w, https:\/\/tedenloesopreis.nl\/wp-content\/uploads\/2023\/12\/IMG_4988-1024x768-1-300x225.jpeg 300w, https:\/\/tedenloesopreis.nl\/wp-content\/uploads\/2023\/12\/IMG_4988-1024x768-1-768x576.jpeg 768w\" sizes=\"auto, (max-width: 1024px) 100vw, 1024px\" \/><\/a><figcaption class=\"wp-element-caption\"><em>op de poolcirkel<\/em><\/figcaption><\/figure>\n<\/div>\n\n\n\n<div class=\"wp-block-column is-layout-flow wp-block-column-is-layout-flow\">\n<figure class=\"wp-block-image size-full\"><a href=\"https:\/\/tedenloesopreis.nl\/wp-content\/uploads\/2023\/12\/IMG_4992-1024x768-1.jpeg\" target=\"_blank\" rel=\"noreferrer noopener\"><img loading=\"lazy\" decoding=\"async\" width=\"1024\" height=\"768\" src=\"https:\/\/tedenloesopreis.nl\/wp-content\/uploads\/2023\/12\/IMG_4992-1024x768-1.jpeg\" alt=\"\" class=\"wp-image-10628\" srcset=\"https:\/\/tedenloesopreis.nl\/wp-content\/uploads\/2023\/12\/IMG_4992-1024x768-1.jpeg 1024w, https:\/\/tedenloesopreis.nl\/wp-content\/uploads\/2023\/12\/IMG_4992-1024x768-1-300x225.jpeg 300w, https:\/\/tedenloesopreis.nl\/wp-content\/uploads\/2023\/12\/IMG_4992-1024x768-1-768x576.jpeg 768w\" sizes=\"auto, (max-width: 1024px) 100vw, 1024px\" \/><\/a><figcaption class=\"wp-element-caption\"><em>over de poolcirkel<\/em><\/figcaption><\/figure>\n<\/div>\n\n\n\n<div class=\"wp-block-column is-layout-flow wp-block-column-is-layout-flow\">\n<figure class=\"wp-block-image size-full\"><a href=\"https:\/\/tedenloesopreis.nl\/wp-content\/uploads\/2023\/12\/IMG_4995-768x1024-1.jpeg\" target=\"_blank\" rel=\"noreferrer noopener\"><img loading=\"lazy\" decoding=\"async\" width=\"768\" height=\"1024\" src=\"https:\/\/tedenloesopreis.nl\/wp-content\/uploads\/2023\/12\/IMG_4995-768x1024-1.jpeg\" alt=\"\" class=\"wp-image-10629\" srcset=\"https:\/\/tedenloesopreis.nl\/wp-content\/uploads\/2023\/12\/IMG_4995-768x1024-1.jpeg 768w, https:\/\/tedenloesopreis.nl\/wp-content\/uploads\/2023\/12\/IMG_4995-768x1024-1-225x300.jpeg 225w\" sizes=\"auto, (max-width: 768px) 100vw, 768px\" \/><\/a><figcaption class=\"wp-element-caption\"><em>hier kun je de kerstman ontmoeten (als je maar betaalt)<\/em><\/figcaption><\/figure>\n<\/div>\n<\/div>\n\n\n\n<div style=\"height:35px\" aria-hidden=\"true\" class=\"wp-block-spacer\"><\/div>\n\n\n\n<div class=\"wp-block-columns is-layout-flex wp-container-core-columns-is-layout-9d6595d7 wp-block-columns-is-layout-flex\">\n<div class=\"wp-block-column is-layout-flow wp-block-column-is-layout-flow\">\n<p class=\"has-orange-background-color has-background\" id=\"dag28\"><\/p>\n<\/div>\n<\/div>\n\n\n\n<div class=\"wp-block-columns is-layout-flex wp-container-core-columns-is-layout-9d6595d7 wp-block-columns-is-layout-flex\">\n<div class=\"wp-block-column is-layout-flow wp-block-column-is-layout-flow\" style=\"flex-basis:33.33%\">\n<p><a href=\"#titel\">top<\/a><\/p>\n<\/div>\n\n\n\n<div class=\"wp-block-column is-layout-flow wp-block-column-is-layout-flow\" style=\"flex-basis:66.66%\">\n<p><strong>WEER IN ZWEDEN<\/strong><br>dag 28 &nbsp; &nbsp; &nbsp; di 16 augustus 2022<br><a href=\"https:\/\/www.google.com\/maps\/d\/viewer?mid=1dahcJxweRzobrCFYXPQeIxHfP8M7k-c&amp;ll=66.30881471933088%2C23.92462782521391&amp;z=8\" target=\"_blank\" rel=\"noreferrer noopener\">Rovaniemi \u2013 T\u00f6rehamn<\/a>&nbsp;&nbsp; &nbsp; &nbsp; 261 km<\/p>\n<\/div>\n<\/div>\n\n\n\n<div style=\"height:20px\" aria-hidden=\"true\" class=\"wp-block-spacer\"><\/div>\n\n\n\n<div class=\"wp-block-columns is-layout-flex wp-container-core-columns-is-layout-9d6595d7 wp-block-columns-is-layout-flex\">\n<div class=\"wp-block-column is-layout-flow wp-block-column-is-layout-flow\" style=\"flex-basis:33.33%\">\n<figure class=\"wp-block-image size-full\"><a href=\"https:\/\/tedenloesopreis.nl\/wp-content\/uploads\/2023\/12\/IMG_5020-1024x768-1.jpeg\" target=\"_blank\" rel=\"noreferrer noopener\"><img loading=\"lazy\" decoding=\"async\" width=\"1024\" height=\"768\" src=\"https:\/\/tedenloesopreis.nl\/wp-content\/uploads\/2023\/12\/IMG_5020-1024x768-1.jpeg\" alt=\"\" class=\"wp-image-10631\" srcset=\"https:\/\/tedenloesopreis.nl\/wp-content\/uploads\/2023\/12\/IMG_5020-1024x768-1.jpeg 1024w, https:\/\/tedenloesopreis.nl\/wp-content\/uploads\/2023\/12\/IMG_5020-1024x768-1-300x225.jpeg 300w, https:\/\/tedenloesopreis.nl\/wp-content\/uploads\/2023\/12\/IMG_5020-1024x768-1-768x576.jpeg 768w\" sizes=\"auto, (max-width: 1024px) 100vw, 1024px\" \/><\/a><figcaption class=\"wp-element-caption\"><em>de camping in T\u00f6rehamn<\/em><\/figcaption><\/figure>\n<\/div>\n\n\n\n<div class=\"wp-block-column is-layout-flow wp-block-column-is-layout-flow\" style=\"flex-basis:66.66%\">\n<p>We staan op een&nbsp;<a href=\"https:\/\/www.campercontact.com\/nl\/zweden\/norrbottens-lan\/torehamn\/22133\/tore-camping\" target=\"_blank\" rel=\"noreferrer noopener\">camping<\/a>&nbsp;in T\u00f6re aan de Botnische golf. Het is hier nu 25\u00b0C en lichtbewolkt. Dat is genieten zolang het nog kan, want voor de komende dagen wordt wisselvallig weer voorspeld.<\/p>\n\n\n\n<p>We trekken ons vandaag niets aan van de suggesties die TomTom biedt. Die vindt nl. dat wij vanaf Rovaniemi de E75 moeten afrijden tot de Botnische golf om daar via de E8 en de E4 richting Lule\u00e5 te gaan. Die route hebben we echter al in 2018 gereden. Daarom draaien we deze keer nog voor Rovaniemi de \u201c79\u201d op, bij Sinett\u00e4 linksaf de \u201c83\u201d op tot aan Pello, daar linksaf de E8 tot Aavasaksa, rechtsaf Zweden in over de \u201c98\u201d tot aan de E10, linksaf en dan alsmaar rechtdoor tot aan de camping. Bij elkaar 261 km, waarvan zo\u2019n 30 km van het type wasbord, want op flinke stukken van de \u201c98\u201d zijn wegwerkzaamheden en ontbreekt het asfalt. We rijden daar over de steenslag-fundering.<\/p>\n\n\n\n<p id=\"poolcirkele8\">Onderweg passeren we nog twee keer de poolcirkel. De \u201c83\u201d loopt namelijk een beetje noordwaarts. Tussen Rovaniemi en Pello merken we er niets van, maar ergens tussen Pello en Aavasaksa komen we de poolcirkel weer tegen, althans, dat beweert het restaurant naast het tankstation waar we nog wat (relatief) goedkope Finse diesel tanken.<\/p>\n\n\n\n<p>Dat tanken in Finland is trouwens een verhaal apart. Alle tankstations die wij hebben bezocht, zijn automaten, en daar kun je nooit je tank zomaar volgooien. Je moet vooraf aangeven, voor hoeveel euro je wilt tanken. Kies je een te hoog bedrag, dan stopt het tanken weliswaar zodra de tank vol is, maar het resterende bedrag krijg je niet terug. Je blijft dus vanzelf aan de veilige kant bij de keuze van het bedrag.<\/p>\n<\/div>\n<\/div>\n\n\n\n<div class=\"wp-block-columns is-layout-flex wp-container-core-columns-is-layout-9d6595d7 wp-block-columns-is-layout-flex\">\n<div class=\"wp-block-column is-layout-flow wp-block-column-is-layout-flow\"><\/div>\n\n\n\n<div class=\"wp-block-column is-layout-flow wp-block-column-is-layout-flow\">\n<figure class=\"wp-block-image size-full\"><a href=\"https:\/\/tedenloesopreis.nl\/wp-content\/uploads\/2023\/12\/IMG_5008-1024x768-1.jpeg\" target=\"_blank\" rel=\"noreferrer noopener\"><img loading=\"lazy\" decoding=\"async\" width=\"1024\" height=\"768\" src=\"https:\/\/tedenloesopreis.nl\/wp-content\/uploads\/2023\/12\/IMG_5008-1024x768-1.jpeg\" alt=\"\" class=\"wp-image-10632\" srcset=\"https:\/\/tedenloesopreis.nl\/wp-content\/uploads\/2023\/12\/IMG_5008-1024x768-1.jpeg 1024w, https:\/\/tedenloesopreis.nl\/wp-content\/uploads\/2023\/12\/IMG_5008-1024x768-1-300x225.jpeg 300w, https:\/\/tedenloesopreis.nl\/wp-content\/uploads\/2023\/12\/IMG_5008-1024x768-1-768x576.jpeg 768w\" sizes=\"auto, (max-width: 1024px) 100vw, 1024px\" \/><\/a><figcaption class=\"wp-element-caption\"><em>tanken op de poolcirkel<\/em><\/figcaption><\/figure>\n<\/div>\n\n\n\n<div class=\"wp-block-column is-layout-flow wp-block-column-is-layout-flow\">\n<figure class=\"wp-block-image size-full\"><a href=\"https:\/\/tedenloesopreis.nl\/wp-content\/uploads\/2023\/12\/IMG_5014-1024x768-1.jpeg\" target=\"_blank\" rel=\"noreferrer noopener\"><img loading=\"lazy\" decoding=\"async\" width=\"1024\" height=\"768\" src=\"https:\/\/tedenloesopreis.nl\/wp-content\/uploads\/2023\/12\/IMG_5014-1024x768-1.jpeg\" alt=\"\" class=\"wp-image-10633\" srcset=\"https:\/\/tedenloesopreis.nl\/wp-content\/uploads\/2023\/12\/IMG_5014-1024x768-1.jpeg 1024w, https:\/\/tedenloesopreis.nl\/wp-content\/uploads\/2023\/12\/IMG_5014-1024x768-1-300x225.jpeg 300w, https:\/\/tedenloesopreis.nl\/wp-content\/uploads\/2023\/12\/IMG_5014-1024x768-1-768x576.jpeg 768w\" sizes=\"auto, (max-width: 1024px) 100vw, 1024px\" \/><\/a><figcaption class=\"wp-element-caption\"><em>het wasbord op de \u201c98\u201d<\/em><\/figcaption><\/figure>\n<\/div>\n<\/div>\n\n\n\n<div style=\"height:35px\" aria-hidden=\"true\" class=\"wp-block-spacer\"><\/div>\n\n\n\n<div class=\"wp-block-columns is-layout-flex wp-container-core-columns-is-layout-9d6595d7 wp-block-columns-is-layout-flex\">\n<div class=\"wp-block-column is-layout-flow wp-block-column-is-layout-flow\">\n<p class=\"has-orange-background-color has-background\" id=\"dag29\"><\/p>\n<\/div>\n<\/div>\n\n\n\n<div class=\"wp-block-columns is-layout-flex wp-container-core-columns-is-layout-9d6595d7 wp-block-columns-is-layout-flex\">\n<div class=\"wp-block-column is-layout-flow wp-block-column-is-layout-flow\" style=\"flex-basis:33.33%\">\n<p><a href=\"#titel\">top<\/a><\/p>\n<\/div>\n\n\n\n<div class=\"wp-block-column is-layout-flow wp-block-column-is-layout-flow\" style=\"flex-basis:66.66%\">\n<p><strong>OP WEG NAAR HET WESTEN<\/strong><br>dag 29 &nbsp; &nbsp; &nbsp; wo 17 augustus 2022<br><a href=\"https:\/\/www.google.com\/maps\/d\/viewer?mid=1CW4zP0RFFrjrkH_cvK79jUVrupAl1A8&amp;ll=65.6109821919701%2C20.071579982960532&amp;z=7\" target=\"_blank\" rel=\"noreferrer noopener\">T\u00f6rehamn \u2013 Sorsele<\/a>&nbsp;&nbsp; &nbsp; &nbsp; 287 km<\/p>\n<\/div>\n<\/div>\n\n\n\n<div style=\"height:20px\" aria-hidden=\"true\" class=\"wp-block-spacer\"><\/div>\n\n\n\n<div class=\"wp-block-columns is-layout-flex wp-container-core-columns-is-layout-9d6595d7 wp-block-columns-is-layout-flex\">\n<div class=\"wp-block-column is-layout-flow wp-block-column-is-layout-flow\" style=\"flex-basis:33.33%\">\n<figure class=\"wp-block-image size-full\"><a href=\"https:\/\/tedenloesopreis.nl\/wp-content\/uploads\/2023\/12\/IMG_5035-1024x768-1.jpeg\" target=\"_blank\" rel=\"noreferrer noopener\"><img loading=\"lazy\" decoding=\"async\" width=\"1024\" height=\"768\" src=\"https:\/\/tedenloesopreis.nl\/wp-content\/uploads\/2023\/12\/IMG_5035-1024x768-1.jpeg\" alt=\"\" class=\"wp-image-10637\" srcset=\"https:\/\/tedenloesopreis.nl\/wp-content\/uploads\/2023\/12\/IMG_5035-1024x768-1.jpeg 1024w, https:\/\/tedenloesopreis.nl\/wp-content\/uploads\/2023\/12\/IMG_5035-1024x768-1-300x225.jpeg 300w, https:\/\/tedenloesopreis.nl\/wp-content\/uploads\/2023\/12\/IMG_5035-1024x768-1-768x576.jpeg 768w\" sizes=\"auto, (max-width: 1024px) 100vw, 1024px\" \/><\/a><figcaption class=\"wp-element-caption\"><em>de camping in Sorsele<\/em><\/figcaption><\/figure>\n<\/div>\n\n\n\n<div class=\"wp-block-column is-layout-flow wp-block-column-is-layout-flow\" style=\"flex-basis:66.66%\">\n<p>Een van de bekendere toeristische bestemmingen in Zweden is de Vildmarksv\u00e4gen, de Wildernisweg of de Wildernisroute. Deze loopt van Vilhelmina over Klimpfj\u00e4ll en G\u00e4ddede naar Str\u00f6msund. Deze route willen we gaan rijden. De afstand tussen T\u00f6re, waar we afgelopen nacht stonden, en Vilhelmina vinden wij te groot om in \u00e9\u00e9n dag te rijden. Daarom stoppen we \u201conderweg\u201d op een&nbsp;<a href=\"https:\/\/www.campercontact.com\/nl\/zweden\/vasterbottens-lan\/sorsele\/91801\/sorsele-camping\" target=\"_blank\" rel=\"noreferrer noopener\">camping<\/a>&nbsp;in Sorsele.<\/p>\n\n\n\n<p>We rijden vandaag 287 km. Vanuit T\u00f6re de E4 naar het zuiden, iets voorbij Lule\u00e5 rechtsaf, de \u201c94\u201d via \u00c4lvsbyn naar Arvidsjaur, en daar de E45 zuidwaarts. De E45 is vrij eentonig in dit deel van Zweden: de trajecten met alleen maar dichte naaldbossen worden afgewisseld met parkachtige stukken, met op coniferen lijkende begroeiing.<\/p>\n\n\n\n<p>De weersomstandigheden zijn erg wisselend. In \u00c4lvsbyn hebben we een koffiepauze in de stralende zon bij 27\u00b0C, ter hoogte van Slagn\u00e4s is de temperatuur gezakt tot 12\u00b0C en komt de regen met bakken naar beneden. Hier, in Sorsele, breekt de zon weer voorzichtig door en is het 19\u00b0C.<\/p>\n<\/div>\n<\/div>\n\n\n\n<div class=\"wp-block-columns is-layout-flex wp-container-core-columns-is-layout-9d6595d7 wp-block-columns-is-layout-flex\">\n<div class=\"wp-block-column is-layout-flow wp-block-column-is-layout-flow\"><\/div>\n\n\n\n<div class=\"wp-block-column is-layout-flow wp-block-column-is-layout-flow\">\n<figure class=\"wp-block-image size-full\"><a href=\"https:\/\/tedenloesopreis.nl\/wp-content\/uploads\/2023\/12\/IMG_5027-1024x768-1.jpeg\" target=\"_blank\" rel=\"noreferrer noopener\"><img loading=\"lazy\" decoding=\"async\" width=\"1024\" height=\"768\" src=\"https:\/\/tedenloesopreis.nl\/wp-content\/uploads\/2023\/12\/IMG_5027-1024x768-1.jpeg\" alt=\"\" class=\"wp-image-10635\" srcset=\"https:\/\/tedenloesopreis.nl\/wp-content\/uploads\/2023\/12\/IMG_5027-1024x768-1.jpeg 1024w, https:\/\/tedenloesopreis.nl\/wp-content\/uploads\/2023\/12\/IMG_5027-1024x768-1-300x225.jpeg 300w, https:\/\/tedenloesopreis.nl\/wp-content\/uploads\/2023\/12\/IMG_5027-1024x768-1-768x576.jpeg 768w\" sizes=\"auto, (max-width: 1024px) 100vw, 1024px\" \/><\/a><figcaption class=\"wp-element-caption\"><em>de E45 met dichte naaldbossen<\/em><\/figcaption><\/figure>\n<\/div>\n\n\n\n<div class=\"wp-block-column is-layout-flow wp-block-column-is-layout-flow\">\n<figure class=\"wp-block-image size-full\"><a href=\"https:\/\/tedenloesopreis.nl\/wp-content\/uploads\/2023\/12\/IMG_5033-1024x768-1.jpeg\" target=\"_blank\" rel=\"noreferrer noopener\"><img loading=\"lazy\" decoding=\"async\" width=\"1024\" height=\"768\" src=\"https:\/\/tedenloesopreis.nl\/wp-content\/uploads\/2023\/12\/IMG_5033-1024x768-1.jpeg\" alt=\"\" class=\"wp-image-10636\" srcset=\"https:\/\/tedenloesopreis.nl\/wp-content\/uploads\/2023\/12\/IMG_5033-1024x768-1.jpeg 1024w, https:\/\/tedenloesopreis.nl\/wp-content\/uploads\/2023\/12\/IMG_5033-1024x768-1-300x225.jpeg 300w, https:\/\/tedenloesopreis.nl\/wp-content\/uploads\/2023\/12\/IMG_5033-1024x768-1-768x576.jpeg 768w\" sizes=\"auto, (max-width: 1024px) 100vw, 1024px\" \/><\/a><figcaption class=\"wp-element-caption\"><em>de E45 in een parkachtig landschap<\/em><\/figcaption><\/figure>\n<\/div>\n<\/div>\n\n\n\n<div style=\"height:35px\" aria-hidden=\"true\" class=\"wp-block-spacer\"><\/div>\n\n\n\n<div class=\"wp-block-columns is-layout-flex wp-container-core-columns-is-layout-9d6595d7 wp-block-columns-is-layout-flex\">\n<div class=\"wp-block-column is-layout-flow wp-block-column-is-layout-flow\">\n<p class=\"has-orange-background-color has-background\" id=\"dag30\"><\/p>\n<\/div>\n<\/div>\n\n\n\n<div class=\"wp-block-columns is-layout-flex wp-container-core-columns-is-layout-9d6595d7 wp-block-columns-is-layout-flex\">\n<div class=\"wp-block-column is-layout-flow wp-block-column-is-layout-flow\" style=\"flex-basis:33.33%\">\n<p><a href=\"#titel\">top<\/a><\/p>\n<\/div>\n\n\n\n<div class=\"wp-block-column is-layout-flow wp-block-column-is-layout-flow\" style=\"flex-basis:66.66%\">\n<p><strong>ALLERLEI BOMEN<\/strong><br>dag 30 &nbsp; &nbsp; &nbsp; do 18 augustus 2022<br><a href=\"https:\/\/www.google.com\/maps\/d\/viewer?mid=1bMDBOfBLsU2BwZpoIM7ytgk6Eb4D058&amp;ll=65.09477149612603%2C17.132260000000013&amp;z=7\" target=\"_blank\" rel=\"noreferrer noopener\">Sorsele \u2013 Vilhelmina<\/a>&nbsp;&nbsp; &nbsp; &nbsp; 138 km<\/p>\n<\/div>\n<\/div>\n\n\n\n<div style=\"height:20px\" aria-hidden=\"true\" class=\"wp-block-spacer\"><\/div>\n\n\n\n<div class=\"wp-block-columns is-layout-flex wp-container-core-columns-is-layout-9d6595d7 wp-block-columns-is-layout-flex\">\n<div class=\"wp-block-column is-layout-flow wp-block-column-is-layout-flow\" style=\"flex-basis:33.33%\">\n<figure class=\"wp-block-image size-full\"><a href=\"https:\/\/tedenloesopreis.nl\/wp-content\/uploads\/2023\/12\/IMG_5038-1024x768-1.jpeg\" target=\"_blank\" rel=\"noreferrer noopener\"><img loading=\"lazy\" decoding=\"async\" width=\"1024\" height=\"768\" src=\"https:\/\/tedenloesopreis.nl\/wp-content\/uploads\/2023\/12\/IMG_5038-1024x768-1.jpeg\" alt=\"\" class=\"wp-image-10639\" srcset=\"https:\/\/tedenloesopreis.nl\/wp-content\/uploads\/2023\/12\/IMG_5038-1024x768-1.jpeg 1024w, https:\/\/tedenloesopreis.nl\/wp-content\/uploads\/2023\/12\/IMG_5038-1024x768-1-300x225.jpeg 300w, https:\/\/tedenloesopreis.nl\/wp-content\/uploads\/2023\/12\/IMG_5038-1024x768-1-768x576.jpeg 768w\" sizes=\"auto, (max-width: 1024px) 100vw, 1024px\" \/><\/a><figcaption class=\"wp-element-caption\"><em>vanochtend in Sorsele: zonnig weer<\/em><\/figcaption><\/figure>\n<\/div>\n\n\n\n<div class=\"wp-block-column is-layout-flow wp-block-column-is-layout-flow\" style=\"flex-basis:66.66%\">\n<p>Het is een vrij korte etappe: 138 km op de E45 van Sorsele naar Vilhelmina. Het is hier nu bewolkt, 16\u00b0C.&nbsp;<\/p>\n\n\n\n<p id=\"inlandsbanan\">Onderweg zien we heel veel bomen. Voor de verandering zijn dat niet allemaal groene bomen. Regelmatig komen we de overwegbomen van de Inlandsbanan tegen. Dat is een spoorlijn, overwegend toeristisch, tussen Mora en G\u00e4llivare. Deze rijdt alleen in de zomermaanden: een maal per dag noordwaarts en een maal per dag zuidwaarts. Onderweg zien we tot onze verbazing in de verte een korte rood-witte trein (een \u201ctweetje\u201d) door het terrein rijden. De foto\u2019s van deze trein zijn helaas mislukt.<\/p>\n\n\n\n<p>De&nbsp;<a href=\"https:\/\/www.campercontact.com\/nl\/zweden\/vasterbottens-lan\/lovliden\/44664\/kolgardens-stugby-camping\" target=\"_blank\" rel=\"noreferrer noopener\">camping<\/a>&nbsp;bij Vilhelmina ziet er goed verzorgd uit. Helaas is het restaurant, waarmee ze adverteren, gesloten, want het hoogseizoen is voorbij. We doen dus maar weer een greep in onze noodvoorraad.<\/p>\n\n\n\n<p>Morgen houden we hier een rustdag. Zaterdag trekken we de Zweedse wildernis in.<\/p>\n<\/div>\n<\/div>\n\n\n\n<div class=\"wp-block-columns is-layout-flex wp-container-core-columns-is-layout-9d6595d7 wp-block-columns-is-layout-flex\">\n<div class=\"wp-block-column is-layout-flow wp-block-column-is-layout-flow\"><\/div>\n\n\n\n<div class=\"wp-block-column is-layout-flow wp-block-column-is-layout-flow\">\n<figure class=\"wp-block-image size-full\"><a href=\"https:\/\/tedenloesopreis.nl\/wp-content\/uploads\/2023\/12\/IMG_5045-1024x768-1.jpeg\" target=\"_blank\" rel=\"noreferrer noopener\"><img loading=\"lazy\" decoding=\"async\" width=\"1024\" height=\"768\" src=\"https:\/\/tedenloesopreis.nl\/wp-content\/uploads\/2023\/12\/IMG_5045-1024x768-1.jpeg\" alt=\"\" class=\"wp-image-10640\" srcset=\"https:\/\/tedenloesopreis.nl\/wp-content\/uploads\/2023\/12\/IMG_5045-1024x768-1.jpeg 1024w, https:\/\/tedenloesopreis.nl\/wp-content\/uploads\/2023\/12\/IMG_5045-1024x768-1-300x225.jpeg 300w, https:\/\/tedenloesopreis.nl\/wp-content\/uploads\/2023\/12\/IMG_5045-1024x768-1-768x576.jpeg 768w\" sizes=\"auto, (max-width: 1024px) 100vw, 1024px\" \/><\/a><figcaption class=\"wp-element-caption\"><em>de E45 tussen de bomen<\/em><\/figcaption><\/figure>\n<\/div>\n\n\n\n<div class=\"wp-block-column is-layout-flow wp-block-column-is-layout-flow\">\n<figure class=\"wp-block-image size-full\"><a href=\"https:\/\/tedenloesopreis.nl\/wp-content\/uploads\/2023\/12\/IMG_5047-1024x768-1.jpeg\" target=\"_blank\" rel=\"noreferrer noopener\"><img loading=\"lazy\" decoding=\"async\" width=\"1024\" height=\"768\" src=\"https:\/\/tedenloesopreis.nl\/wp-content\/uploads\/2023\/12\/IMG_5047-1024x768-1.jpeg\" alt=\"\" class=\"wp-image-10641\" srcset=\"https:\/\/tedenloesopreis.nl\/wp-content\/uploads\/2023\/12\/IMG_5047-1024x768-1.jpeg 1024w, https:\/\/tedenloesopreis.nl\/wp-content\/uploads\/2023\/12\/IMG_5047-1024x768-1-300x225.jpeg 300w, https:\/\/tedenloesopreis.nl\/wp-content\/uploads\/2023\/12\/IMG_5047-1024x768-1-768x576.jpeg 768w\" sizes=\"auto, (max-width: 1024px) 100vw, 1024px\" \/><\/a><figcaption class=\"wp-element-caption\"><em>de overwegbomen van de Inlandsbanen<\/em><\/figcaption><\/figure>\n<\/div>\n<\/div>\n\n\n\n<div style=\"height:35px\" aria-hidden=\"true\" class=\"wp-block-spacer\"><\/div>\n\n\n\n<div class=\"wp-block-columns is-layout-flex wp-container-core-columns-is-layout-9d6595d7 wp-block-columns-is-layout-flex\">\n<div class=\"wp-block-column is-layout-flow wp-block-column-is-layout-flow\">\n<p class=\"has-orange-background-color has-background\" id=\"dag31\"><\/p>\n<\/div>\n<\/div>\n\n\n\n<div class=\"wp-block-columns is-layout-flex wp-container-core-columns-is-layout-9d6595d7 wp-block-columns-is-layout-flex\">\n<div class=\"wp-block-column is-layout-flow wp-block-column-is-layout-flow\" style=\"flex-basis:33.33%\">\n<p><a href=\"#titel\">top<\/a><\/p>\n<\/div>\n\n\n\n<div class=\"wp-block-column is-layout-flow wp-block-column-is-layout-flow\" style=\"flex-basis:66.66%\">\n<p><strong>WAT EEN MUGGEN<\/strong><br>dag 31 &nbsp; &nbsp; &nbsp; vr 19 augustus 2022<br>Vilhelmina &nbsp; &nbsp; &nbsp; 0 km<\/p>\n<\/div>\n<\/div>\n\n\n\n<div style=\"height:20px\" aria-hidden=\"true\" class=\"wp-block-spacer\"><\/div>\n\n\n\n<div class=\"wp-block-columns is-layout-flex wp-container-core-columns-is-layout-9d6595d7 wp-block-columns-is-layout-flex\">\n<div class=\"wp-block-column is-layout-flow wp-block-column-is-layout-flow\" style=\"flex-basis:33.33%\">\n<figure class=\"wp-block-image size-full\"><a href=\"https:\/\/tedenloesopreis.nl\/wp-content\/uploads\/2023\/12\/IMG_5064-1024x768-1.jpeg\" target=\"_blank\" rel=\"noreferrer noopener\"><img loading=\"lazy\" decoding=\"async\" width=\"1024\" height=\"768\" src=\"https:\/\/tedenloesopreis.nl\/wp-content\/uploads\/2023\/12\/IMG_5064-1024x768-1.jpeg\" alt=\"\" class=\"wp-image-10643\" srcset=\"https:\/\/tedenloesopreis.nl\/wp-content\/uploads\/2023\/12\/IMG_5064-1024x768-1.jpeg 1024w, https:\/\/tedenloesopreis.nl\/wp-content\/uploads\/2023\/12\/IMG_5064-1024x768-1-300x225.jpeg 300w, https:\/\/tedenloesopreis.nl\/wp-content\/uploads\/2023\/12\/IMG_5064-1024x768-1-768x576.jpeg 768w\" sizes=\"auto, (max-width: 1024px) 100vw, 1024px\" \/><\/a><figcaption class=\"wp-element-caption\"><em>onze nieuwe plek in Vilhelmina<\/em><\/figcaption><\/figure>\n<\/div>\n\n\n\n<div class=\"wp-block-column is-layout-flow wp-block-column-is-layout-flow\" style=\"flex-basis:66.66%\">\n<p>Gisterenavond zaten er behoorlijk wat muggen in de buzz. Uit nader onderzoek blijkt, dat er achter de struiken naast onze plaats een greppeltje ligt, met nogal wat natte plekken. Nu zijn de Zweedse muggen langzamer dan de Nederlandse, dus ze zijn wel te vangen, maar dat vangen houdt niet op. Steeds weer duiken er nieuwe muggen op. Blijkbaar heeft de buzz een aantal openingen waar muggen door naar binnen kunnen (ventilatie-openingen in het dashboard, roosters van de koelkast, rooster in de vloer van de gasflessen-kast) en die zijn onmogelijk potdicht te krijgen. &nbsp;<\/p>\n\n\n\n<p>We menen uiteindelijk alle muggen te hebben gevangen, maar in de loop van de nacht komen er toch weer enkele nieuwe gasten binnen.&nbsp;Ted wordt vanochtend wakker als \u00e9\u00e9n van die gasten in het puntje van zijn neus bijt.&nbsp;We verkassen daarom naar een andere plek van de camping, waar zich, zo op het oog, geen grote muggenkolonie bevindt. We krijgen hier in de loop van de avond zo af en toe bezoek, maar lang niet zo veel als gisteren. We zijn benieuwd, hoe dat morgen op de wildernisroute zal zijn.<\/p>\n<\/div>\n<\/div>\n\n\n\n<div style=\"height:35px\" aria-hidden=\"true\" class=\"wp-block-spacer\"><\/div>\n\n\n\n<div class=\"wp-block-columns is-layout-flex wp-container-core-columns-is-layout-9d6595d7 wp-block-columns-is-layout-flex\">\n<div class=\"wp-block-column is-layout-flow wp-block-column-is-layout-flow\">\n<p class=\"has-orange-background-color has-background\" id=\"dag32\"><\/p>\n<\/div>\n<\/div>\n\n\n\n<div class=\"wp-block-columns is-layout-flex wp-container-core-columns-is-layout-9d6595d7 wp-block-columns-is-layout-flex\">\n<div class=\"wp-block-column is-layout-flow wp-block-column-is-layout-flow\" style=\"flex-basis:33.33%\">\n<p><a href=\"#titel\">top<\/a><\/p>\n<\/div>\n\n\n\n<div class=\"wp-block-column is-layout-flow wp-block-column-is-layout-flow\" style=\"flex-basis:66.66%\">\n<p><strong>EEN NATTE WILDERNIS<\/strong><br>dag 32 &nbsp; &nbsp; &nbsp; za 20 augustus 2022<br><a href=\"https:\/\/www.google.com\/maps\/d\/viewer?mid=1cPi3sGABFMZ51hxjgAfsGkgpgRYOt5w&amp;ll=64.9758470656256%2C15.29761621093753&amp;z=8\" target=\"_blank\" rel=\"noreferrer noopener\">Vilhelmina \u2013 G\u00e4ddede<\/a>&nbsp;&nbsp; &nbsp; &nbsp; 246 km<\/p>\n<\/div>\n<\/div>\n\n\n\n<div style=\"height:20px\" aria-hidden=\"true\" class=\"wp-block-spacer\"><\/div>\n\n\n\n<div class=\"wp-block-columns is-layout-flex wp-container-core-columns-is-layout-9d6595d7 wp-block-columns-is-layout-flex\">\n<div class=\"wp-block-column is-layout-flow wp-block-column-is-layout-flow\" style=\"flex-basis:33.33%\"><\/div>\n\n\n\n<div class=\"wp-block-column is-layout-flow wp-block-column-is-layout-flow\" style=\"flex-basis:66.66%\">\n<p>Om met het goede nieuws te beginnen: de dag is tot nu toe muggenvrij verlopen (afgezien van de vier muggen die de nacht in Vilhelmina met ons hebben doorgebracht en die vanochtend al snel zijn gesneuveld).<\/p>\n\n\n\n<p>Minder goed nieuws: het regent een groot deel van de dag. De wildernisroute ziet er dan nogal mysterieus uit, met grauwe luchten en nevelslierten. Overigens vinden wij de titel \u201cwildernisroute\u201d een beetje overdreven. De riviertjes in het gebied stromen weliswaar wild, soms met prachtige stroomversnellingen of watervallen, zoals de Trappstegforsen (Traptredenwaterval), maar het terrein is eerder ruw en leeg dan wild. Van het aanwezige wild merken we niets, afgezien van een paar rendieren, dus ook niet die verdwaalde beer op de weg, waar Ria op zinspeelde.<\/p>\n<\/div>\n<\/div>\n\n\n\n<div class=\"wp-block-columns is-layout-flex wp-container-core-columns-is-layout-9d6595d7 wp-block-columns-is-layout-flex\">\n<div class=\"wp-block-column is-layout-flow wp-block-column-is-layout-flow\">\n<figure class=\"wp-block-image size-full\"><a href=\"https:\/\/tedenloesopreis.nl\/wp-content\/uploads\/2023\/12\/IMG_5077-1024x768-1.jpeg\" target=\"_blank\" rel=\"noreferrer noopener\"><img loading=\"lazy\" decoding=\"async\" width=\"1024\" height=\"768\" src=\"https:\/\/tedenloesopreis.nl\/wp-content\/uploads\/2023\/12\/IMG_5077-1024x768-1.jpeg\" alt=\"\" class=\"wp-image-10645\" srcset=\"https:\/\/tedenloesopreis.nl\/wp-content\/uploads\/2023\/12\/IMG_5077-1024x768-1.jpeg 1024w, https:\/\/tedenloesopreis.nl\/wp-content\/uploads\/2023\/12\/IMG_5077-1024x768-1-300x225.jpeg 300w, https:\/\/tedenloesopreis.nl\/wp-content\/uploads\/2023\/12\/IMG_5077-1024x768-1-768x576.jpeg 768w\" sizes=\"auto, (max-width: 1024px) 100vw, 1024px\" \/><\/a><figcaption class=\"wp-element-caption\"><em>de Wildernisroute<\/em><\/figcaption><\/figure>\n<\/div>\n\n\n\n<div class=\"wp-block-column is-layout-flow wp-block-column-is-layout-flow\">\n<figure class=\"wp-block-image size-full\"><a href=\"https:\/\/tedenloesopreis.nl\/wp-content\/uploads\/2023\/12\/IMG_5081-1024x768-1.jpeg\" target=\"_blank\" rel=\"noreferrer noopener\"><img loading=\"lazy\" decoding=\"async\" width=\"1024\" height=\"768\" src=\"https:\/\/tedenloesopreis.nl\/wp-content\/uploads\/2023\/12\/IMG_5081-1024x768-1.jpeg\" alt=\"\" class=\"wp-image-10646\" srcset=\"https:\/\/tedenloesopreis.nl\/wp-content\/uploads\/2023\/12\/IMG_5081-1024x768-1.jpeg 1024w, https:\/\/tedenloesopreis.nl\/wp-content\/uploads\/2023\/12\/IMG_5081-1024x768-1-300x225.jpeg 300w, https:\/\/tedenloesopreis.nl\/wp-content\/uploads\/2023\/12\/IMG_5081-1024x768-1-768x576.jpeg 768w\" sizes=\"auto, (max-width: 1024px) 100vw, 1024px\" \/><\/a><figcaption class=\"wp-element-caption\"><em>de Wildernisroute<\/em><\/figcaption><\/figure>\n<\/div>\n\n\n\n<div class=\"wp-block-column is-layout-flow wp-block-column-is-layout-flow\">\n<figure class=\"wp-block-image size-full\"><a href=\"https:\/\/tedenloesopreis.nl\/wp-content\/uploads\/2023\/12\/IMG_5088-1024x768-1.jpeg\" target=\"_blank\" rel=\"noreferrer noopener\"><img loading=\"lazy\" decoding=\"async\" width=\"1024\" height=\"768\" src=\"https:\/\/tedenloesopreis.nl\/wp-content\/uploads\/2023\/12\/IMG_5088-1024x768-1.jpeg\" alt=\"\" class=\"wp-image-10647\" srcset=\"https:\/\/tedenloesopreis.nl\/wp-content\/uploads\/2023\/12\/IMG_5088-1024x768-1.jpeg 1024w, https:\/\/tedenloesopreis.nl\/wp-content\/uploads\/2023\/12\/IMG_5088-1024x768-1-300x225.jpeg 300w, https:\/\/tedenloesopreis.nl\/wp-content\/uploads\/2023\/12\/IMG_5088-1024x768-1-768x576.jpeg 768w\" sizes=\"auto, (max-width: 1024px) 100vw, 1024px\" \/><\/a><figcaption class=\"wp-element-caption\"><em>de Wildernisroute<\/em><\/figcaption><\/figure>\n<\/div>\n<\/div>\n\n\n\n<div class=\"wp-block-columns is-layout-flex wp-container-core-columns-is-layout-9d6595d7 wp-block-columns-is-layout-flex\">\n<div class=\"wp-block-column is-layout-flow wp-block-column-is-layout-flow\">\n<figure class=\"wp-block-image size-full\"><a href=\"https:\/\/tedenloesopreis.nl\/wp-content\/uploads\/2023\/12\/IMG_5075-1024x768-1.jpeg\" target=\"_blank\" rel=\"noreferrer noopener\"><img loading=\"lazy\" decoding=\"async\" width=\"1024\" height=\"768\" src=\"https:\/\/tedenloesopreis.nl\/wp-content\/uploads\/2023\/12\/IMG_5075-1024x768-1.jpeg\" alt=\"\" class=\"wp-image-10648\" srcset=\"https:\/\/tedenloesopreis.nl\/wp-content\/uploads\/2023\/12\/IMG_5075-1024x768-1.jpeg 1024w, https:\/\/tedenloesopreis.nl\/wp-content\/uploads\/2023\/12\/IMG_5075-1024x768-1-300x225.jpeg 300w, https:\/\/tedenloesopreis.nl\/wp-content\/uploads\/2023\/12\/IMG_5075-1024x768-1-768x576.jpeg 768w\" sizes=\"auto, (max-width: 1024px) 100vw, 1024px\" \/><\/a><figcaption class=\"wp-element-caption\"><em>de Traptredenwaterval<\/em><\/figcaption><\/figure>\n<\/div>\n\n\n\n<div class=\"wp-block-column is-layout-flow wp-block-column-is-layout-flow\">\n<figure class=\"wp-block-image size-full\"><a href=\"https:\/\/tedenloesopreis.nl\/wp-content\/uploads\/2023\/12\/IMG_5091-1024x768-1.jpeg\" target=\"_blank\" rel=\"noreferrer noopener\"><img loading=\"lazy\" decoding=\"async\" width=\"1024\" height=\"768\" src=\"https:\/\/tedenloesopreis.nl\/wp-content\/uploads\/2023\/12\/IMG_5091-1024x768-1.jpeg\" alt=\"\" class=\"wp-image-10649\" srcset=\"https:\/\/tedenloesopreis.nl\/wp-content\/uploads\/2023\/12\/IMG_5091-1024x768-1.jpeg 1024w, https:\/\/tedenloesopreis.nl\/wp-content\/uploads\/2023\/12\/IMG_5091-1024x768-1-300x225.jpeg 300w, https:\/\/tedenloesopreis.nl\/wp-content\/uploads\/2023\/12\/IMG_5091-1024x768-1-768x576.jpeg 768w\" sizes=\"auto, (max-width: 1024px) 100vw, 1024px\" \/><\/a><figcaption class=\"wp-element-caption\"><em>wild op de Wildernisroute<\/em><\/figcaption><\/figure>\n<\/div>\n\n\n\n<div class=\"wp-block-column is-layout-flow wp-block-column-is-layout-flow\">\n<figure class=\"wp-block-image size-full\"><a href=\"https:\/\/tedenloesopreis.nl\/wp-content\/uploads\/2023\/12\/IMG_5095-1024x768-1.jpeg\" target=\"_blank\" rel=\"noreferrer noopener\"><img loading=\"lazy\" decoding=\"async\" width=\"1024\" height=\"768\" src=\"https:\/\/tedenloesopreis.nl\/wp-content\/uploads\/2023\/12\/IMG_5095-1024x768-1.jpeg\" alt=\"\" class=\"wp-image-10650\" srcset=\"https:\/\/tedenloesopreis.nl\/wp-content\/uploads\/2023\/12\/IMG_5095-1024x768-1.jpeg 1024w, https:\/\/tedenloesopreis.nl\/wp-content\/uploads\/2023\/12\/IMG_5095-1024x768-1-300x225.jpeg 300w, https:\/\/tedenloesopreis.nl\/wp-content\/uploads\/2023\/12\/IMG_5095-1024x768-1-768x576.jpeg 768w\" sizes=\"auto, (max-width: 1024px) 100vw, 1024px\" \/><\/a><figcaption class=\"wp-element-caption\"><em>de Wildernisroute<\/em><\/figcaption><\/figure>\n<\/div>\n<\/div>\n\n\n\n<div class=\"wp-block-columns is-layout-flex wp-container-core-columns-is-layout-9d6595d7 wp-block-columns-is-layout-flex\">\n<div class=\"wp-block-column is-layout-flow wp-block-column-is-layout-flow\" style=\"flex-basis:33.33%\"><\/div>\n\n\n\n<div class=\"wp-block-column is-layout-flow wp-block-column-is-layout-flow\" style=\"flex-basis:66.66%\">\n<p id=\"ankarede\">Tegen drie\u00ebn klaart het weer ineens op . Het is droog als wij bij Stora Bl\u00e5sj\u00f6n een smal zijstraatje naar Ankarede inslaan. Dat is een voor Sami\u2019s belangrijke plek. In de kapel van Ankarede werd\/wordt getrouwd, op het kerkhof werden\/worden de overledenen begraven (deze werden in het voorjaar in bevroren toestand per slede naar Ankarede gebracht). Elke Sami-familie heeft er een eigen Sami-hut.<\/p>\n<\/div>\n<\/div>\n\n\n\n<div class=\"wp-block-columns is-layout-flex wp-container-core-columns-is-layout-9d6595d7 wp-block-columns-is-layout-flex\">\n<div class=\"wp-block-column is-layout-flow wp-block-column-is-layout-flow\">\n<figure class=\"wp-block-image size-full\"><a href=\"https:\/\/tedenloesopreis.nl\/wp-content\/uploads\/2023\/12\/IMG_5104-1024x768-1.jpeg\" target=\"_blank\" rel=\"noreferrer noopener\"><img loading=\"lazy\" decoding=\"async\" width=\"1024\" height=\"768\" src=\"https:\/\/tedenloesopreis.nl\/wp-content\/uploads\/2023\/12\/IMG_5104-1024x768-1.jpeg\" alt=\"\" class=\"wp-image-10651\" srcset=\"https:\/\/tedenloesopreis.nl\/wp-content\/uploads\/2023\/12\/IMG_5104-1024x768-1.jpeg 1024w, https:\/\/tedenloesopreis.nl\/wp-content\/uploads\/2023\/12\/IMG_5104-1024x768-1-300x225.jpeg 300w, https:\/\/tedenloesopreis.nl\/wp-content\/uploads\/2023\/12\/IMG_5104-1024x768-1-768x576.jpeg 768w\" sizes=\"auto, (max-width: 1024px) 100vw, 1024px\" \/><\/a><figcaption class=\"wp-element-caption\"><em>Sami-kerkje en -kerkhof van Ankarede<\/em><\/figcaption><\/figure>\n<\/div>\n\n\n\n<div class=\"wp-block-column is-layout-flow wp-block-column-is-layout-flow\">\n<figure class=\"wp-block-image size-full\"><a href=\"https:\/\/tedenloesopreis.nl\/wp-content\/uploads\/2023\/12\/IMG_5106-1024x768-1.jpeg\" target=\"_blank\" rel=\"noreferrer noopener\"><img loading=\"lazy\" decoding=\"async\" width=\"1024\" height=\"768\" src=\"https:\/\/tedenloesopreis.nl\/wp-content\/uploads\/2023\/12\/IMG_5106-1024x768-1.jpeg\" alt=\"\" class=\"wp-image-10652\" srcset=\"https:\/\/tedenloesopreis.nl\/wp-content\/uploads\/2023\/12\/IMG_5106-1024x768-1.jpeg 1024w, https:\/\/tedenloesopreis.nl\/wp-content\/uploads\/2023\/12\/IMG_5106-1024x768-1-300x225.jpeg 300w, https:\/\/tedenloesopreis.nl\/wp-content\/uploads\/2023\/12\/IMG_5106-1024x768-1-768x576.jpeg 768w\" sizes=\"auto, (max-width: 1024px) 100vw, 1024px\" \/><\/a><figcaption class=\"wp-element-caption\"><em>Sami-hutten in Ankarede<\/em><\/figcaption><\/figure>\n<\/div>\n\n\n\n<div class=\"wp-block-column is-layout-flow wp-block-column-is-layout-flow\">\n<figure class=\"wp-block-image size-full\"><a href=\"https:\/\/tedenloesopreis.nl\/wp-content\/uploads\/2023\/12\/IMG_5105-1024x768-1.jpeg\" target=\"_blank\" rel=\"noreferrer noopener\"><img loading=\"lazy\" decoding=\"async\" width=\"1024\" height=\"768\" src=\"https:\/\/tedenloesopreis.nl\/wp-content\/uploads\/2023\/12\/IMG_5105-1024x768-1.jpeg\" alt=\"\" class=\"wp-image-10653\" srcset=\"https:\/\/tedenloesopreis.nl\/wp-content\/uploads\/2023\/12\/IMG_5105-1024x768-1.jpeg 1024w, https:\/\/tedenloesopreis.nl\/wp-content\/uploads\/2023\/12\/IMG_5105-1024x768-1-300x225.jpeg 300w, https:\/\/tedenloesopreis.nl\/wp-content\/uploads\/2023\/12\/IMG_5105-1024x768-1-768x576.jpeg 768w\" sizes=\"auto, (max-width: 1024px) 100vw, 1024px\" \/><\/a><figcaption class=\"wp-element-caption\"><em>Sami-hutten in Ankarede<\/em><\/figcaption><\/figure>\n<\/div>\n<\/div>\n\n\n\n<div class=\"wp-block-columns is-layout-flex wp-container-core-columns-is-layout-9d6595d7 wp-block-columns-is-layout-flex\">\n<div class=\"wp-block-column is-layout-flow wp-block-column-is-layout-flow\" style=\"flex-basis:33.33%\"><\/div>\n\n\n\n<div class=\"wp-block-column is-layout-flow wp-block-column-is-layout-flow\" style=\"flex-basis:66.66%\">\n<p>We komen, na een rit van 246 km, aan op een&nbsp;<a href=\"https:\/\/www.campercontact.com\/nl\/zweden\/jamtlands-lan\/gaddede\/66852\/gaddede-camping-stugby\" target=\"_blank\" rel=\"noreferrer noopener\">camping<\/a>&nbsp;in G\u00e4ddede. Het wolkendek is inmiddels grotendeels opgelost, en we genieten (alweer) van een prachtig uitzicht over het water. We gebruiken een eenvoudige, smakelijke, maaltijd in het restaurant van de camping. De dag eindigt met een mooie zonsondergang.<\/p>\n<\/div>\n<\/div>\n\n\n\n<div class=\"wp-block-columns is-layout-flex wp-container-core-columns-is-layout-9d6595d7 wp-block-columns-is-layout-flex\">\n<div class=\"wp-block-column is-layout-flow wp-block-column-is-layout-flow\">\n<figure class=\"wp-block-image size-full\"><a href=\"https:\/\/tedenloesopreis.nl\/wp-content\/uploads\/2023\/12\/IMG_5112-1024x768-1.jpeg\" target=\"_blank\" rel=\"noreferrer noopener\"><img loading=\"lazy\" decoding=\"async\" width=\"1024\" height=\"768\" src=\"https:\/\/tedenloesopreis.nl\/wp-content\/uploads\/2023\/12\/IMG_5112-1024x768-1.jpeg\" alt=\"\" class=\"wp-image-10654\" srcset=\"https:\/\/tedenloesopreis.nl\/wp-content\/uploads\/2023\/12\/IMG_5112-1024x768-1.jpeg 1024w, https:\/\/tedenloesopreis.nl\/wp-content\/uploads\/2023\/12\/IMG_5112-1024x768-1-300x225.jpeg 300w, https:\/\/tedenloesopreis.nl\/wp-content\/uploads\/2023\/12\/IMG_5112-1024x768-1-768x576.jpeg 768w\" sizes=\"auto, (max-width: 1024px) 100vw, 1024px\" \/><\/a><figcaption class=\"wp-element-caption\"><em>onze plaats op de camping van G\u00e4ddede<\/em><\/figcaption><\/figure>\n<\/div>\n\n\n\n<div class=\"wp-block-column is-layout-flow wp-block-column-is-layout-flow\">\n<figure class=\"wp-block-image size-full\"><a href=\"https:\/\/tedenloesopreis.nl\/wp-content\/uploads\/2023\/12\/IMG_5114-1024x768-1.jpeg\" target=\"_blank\" rel=\"noreferrer noopener\"><img loading=\"lazy\" decoding=\"async\" width=\"1024\" height=\"768\" src=\"https:\/\/tedenloesopreis.nl\/wp-content\/uploads\/2023\/12\/IMG_5114-1024x768-1.jpeg\" alt=\"\" class=\"wp-image-10655\" srcset=\"https:\/\/tedenloesopreis.nl\/wp-content\/uploads\/2023\/12\/IMG_5114-1024x768-1.jpeg 1024w, https:\/\/tedenloesopreis.nl\/wp-content\/uploads\/2023\/12\/IMG_5114-1024x768-1-300x225.jpeg 300w, https:\/\/tedenloesopreis.nl\/wp-content\/uploads\/2023\/12\/IMG_5114-1024x768-1-768x576.jpeg 768w\" sizes=\"auto, (max-width: 1024px) 100vw, 1024px\" \/><\/a><figcaption class=\"wp-element-caption\"><em>met een fraai uitzicht over het water<\/em><\/figcaption><\/figure>\n<\/div>\n\n\n\n<div class=\"wp-block-column is-layout-flow wp-block-column-is-layout-flow\">\n<figure class=\"wp-block-image size-full\"><a href=\"https:\/\/tedenloesopreis.nl\/wp-content\/uploads\/2023\/12\/IMG_5118-1024x768-1.jpeg\" target=\"_blank\" rel=\"noreferrer noopener\"><img loading=\"lazy\" decoding=\"async\" width=\"1024\" height=\"768\" src=\"https:\/\/tedenloesopreis.nl\/wp-content\/uploads\/2023\/12\/IMG_5118-1024x768-1.jpeg\" alt=\"\" class=\"wp-image-10656\" srcset=\"https:\/\/tedenloesopreis.nl\/wp-content\/uploads\/2023\/12\/IMG_5118-1024x768-1.jpeg 1024w, https:\/\/tedenloesopreis.nl\/wp-content\/uploads\/2023\/12\/IMG_5118-1024x768-1-300x225.jpeg 300w, https:\/\/tedenloesopreis.nl\/wp-content\/uploads\/2023\/12\/IMG_5118-1024x768-1-768x576.jpeg 768w\" sizes=\"auto, (max-width: 1024px) 100vw, 1024px\" \/><\/a><figcaption class=\"wp-element-caption\"><em>en een mooie zonsondergang<\/em><\/figcaption><\/figure>\n<\/div>\n<\/div>\n\n\n\n<div style=\"height:35px\" aria-hidden=\"true\" class=\"wp-block-spacer\"><\/div>\n\n\n\n<div class=\"wp-block-columns is-layout-flex wp-container-core-columns-is-layout-9d6595d7 wp-block-columns-is-layout-flex\">\n<div class=\"wp-block-column is-layout-flow wp-block-column-is-layout-flow\">\n<p class=\"has-orange-background-color has-background\" id=\"dag33\"><\/p>\n<\/div>\n<\/div>\n\n\n\n<div class=\"wp-block-columns is-layout-flex wp-container-core-columns-is-layout-9d6595d7 wp-block-columns-is-layout-flex\">\n<div class=\"wp-block-column is-layout-flow wp-block-column-is-layout-flow\" style=\"flex-basis:33.33%\">\n<p><a href=\"#titel\">top<\/a><\/p>\n<\/div>\n\n\n\n<div class=\"wp-block-column is-layout-flow wp-block-column-is-layout-flow\" style=\"flex-basis:66.66%\">\n<p><strong>RAMMELEND NAAR DALARNA<\/strong><br>dag 33 &nbsp; &nbsp;&nbsp; &nbsp;zo 21 augustus 2022<br><a href=\"https:\/\/www.google.com\/maps\/d\/viewer?mid=1FwDTepBrRrrNnzJseLf2y4DVq-r1Wd4&amp;ll=64.09936365279616%2C14.696134777137523&amp;z=7\" target=\"_blank\" rel=\"noreferrer noopener\">G\u00e4ddede \u2013 \u00d6stersund<\/a>&nbsp;&nbsp; &nbsp; &nbsp; 245 km<\/p>\n<\/div>\n<\/div>\n\n\n\n<div style=\"height:20px\" aria-hidden=\"true\" class=\"wp-block-spacer\"><\/div>\n\n\n\n<div class=\"wp-block-columns is-layout-flex wp-container-core-columns-is-layout-9d6595d7 wp-block-columns-is-layout-flex\">\n<div class=\"wp-block-column is-layout-flow wp-block-column-is-layout-flow\" style=\"flex-basis:33.33%\"><\/div>\n\n\n\n<div class=\"wp-block-column is-layout-flow wp-block-column-is-layout-flow\" style=\"flex-basis:66.66%\">\n<p>De volgende bestemming is het Siljan-meer in de provincie Dalarna. Deze provincie wordt ook wel \u201cZweden in het klein\u201d genoemd.<\/p>\n\n\n\n<p>Zoals gebruikelijk in Scandinavi\u00eb, is het een flink eind rijden, pakweg 540 km. Daarom hebben we, na 245 km, een tussenstop. Het is dus een gewone reisdag, alhoewel, er is wel een rammelend detail.<\/p>\n\n\n\n<p id=\"alanaset\">Het eerste deel van de route gaat over de \u201c342\u201d. &nbsp;Onderweg zien we een kerktoren boven de bomen uitsteken, Omdat het tijd is voor een koffiepauze, slaan we af en zoeken we de toren op. Het blijkt de kerk van Alan\u00e4set te zijn. Het valt ons op dat het terrein zo keurig verzorgd is, wat in schril contrast is met de rommelige indruk die het plaatsje zelf maakt. Ook valt op dat er naast de poort van het kerkhof een kruiwagen staat en een bord met tuingereedschap. We vragen ons af, of dat in Nederland ook zou blijven staan\/hangen.&nbsp;<\/p>\n<\/div>\n<\/div>\n\n\n\n<div class=\"wp-block-columns is-layout-flex wp-container-core-columns-is-layout-9d6595d7 wp-block-columns-is-layout-flex\">\n<div class=\"wp-block-column is-layout-flow wp-block-column-is-layout-flow\"><\/div>\n\n\n\n<div class=\"wp-block-column is-layout-flow wp-block-column-is-layout-flow\">\n<figure class=\"wp-block-image size-full\"><a href=\"https:\/\/tedenloesopreis.nl\/wp-content\/uploads\/2023\/12\/IMG_5123-1024x768-1.jpeg\" target=\"_blank\" rel=\"noreferrer noopener\"><img loading=\"lazy\" decoding=\"async\" width=\"1024\" height=\"768\" src=\"https:\/\/tedenloesopreis.nl\/wp-content\/uploads\/2023\/12\/IMG_5123-1024x768-1.jpeg\" alt=\"\" class=\"wp-image-10658\" srcset=\"https:\/\/tedenloesopreis.nl\/wp-content\/uploads\/2023\/12\/IMG_5123-1024x768-1.jpeg 1024w, https:\/\/tedenloesopreis.nl\/wp-content\/uploads\/2023\/12\/IMG_5123-1024x768-1-300x225.jpeg 300w, https:\/\/tedenloesopreis.nl\/wp-content\/uploads\/2023\/12\/IMG_5123-1024x768-1-768x576.jpeg 768w\" sizes=\"auto, (max-width: 1024px) 100vw, 1024px\" \/><\/a><figcaption class=\"wp-element-caption\"><em>koffiepauze in Alan\u00e4set<\/em><\/figcaption><\/figure>\n<\/div>\n\n\n\n<div class=\"wp-block-column is-layout-flow wp-block-column-is-layout-flow\">\n<figure class=\"wp-block-image size-full\"><a href=\"https:\/\/tedenloesopreis.nl\/wp-content\/uploads\/2023\/12\/IMG_5125-1024x768-1.jpeg\" target=\"_blank\" rel=\"noreferrer noopener\"><img loading=\"lazy\" decoding=\"async\" width=\"1024\" height=\"768\" src=\"https:\/\/tedenloesopreis.nl\/wp-content\/uploads\/2023\/12\/IMG_5125-1024x768-1.jpeg\" alt=\"\" class=\"wp-image-10659\" srcset=\"https:\/\/tedenloesopreis.nl\/wp-content\/uploads\/2023\/12\/IMG_5125-1024x768-1.jpeg 1024w, https:\/\/tedenloesopreis.nl\/wp-content\/uploads\/2023\/12\/IMG_5125-1024x768-1-300x225.jpeg 300w, https:\/\/tedenloesopreis.nl\/wp-content\/uploads\/2023\/12\/IMG_5125-1024x768-1-768x576.jpeg 768w\" sizes=\"auto, (max-width: 1024px) 100vw, 1024px\" \/><\/a><figcaption class=\"wp-element-caption\"><em>keurig verzorgd kerkje van Alan\u00e4set<\/em><\/figcaption><\/figure>\n<\/div>\n<\/div>\n\n\n\n<div class=\"wp-block-columns is-layout-flex wp-container-core-columns-is-layout-9d6595d7 wp-block-columns-is-layout-flex\">\n<div class=\"wp-block-column is-layout-flow wp-block-column-is-layout-flow\" style=\"flex-basis:33.33%\">\n<figure class=\"wp-block-image size-full\"><a href=\"https:\/\/tedenloesopreis.nl\/wp-content\/uploads\/2023\/12\/IMG_5128-1024x768-1.jpeg\" target=\"_blank\" rel=\"noreferrer noopener\"><img loading=\"lazy\" decoding=\"async\" width=\"1024\" height=\"768\" src=\"https:\/\/tedenloesopreis.nl\/wp-content\/uploads\/2023\/12\/IMG_5128-1024x768-1.jpeg\" alt=\"\" class=\"wp-image-10660\" srcset=\"https:\/\/tedenloesopreis.nl\/wp-content\/uploads\/2023\/12\/IMG_5128-1024x768-1.jpeg 1024w, https:\/\/tedenloesopreis.nl\/wp-content\/uploads\/2023\/12\/IMG_5128-1024x768-1-300x225.jpeg 300w, https:\/\/tedenloesopreis.nl\/wp-content\/uploads\/2023\/12\/IMG_5128-1024x768-1-768x576.jpeg 768w\" sizes=\"auto, (max-width: 1024px) 100vw, 1024px\" \/><\/a><figcaption class=\"wp-element-caption\"><em>de rammel-omleiding<\/em><\/figcaption><\/figure>\n<\/div>\n\n\n\n<div class=\"wp-block-column is-layout-flow wp-block-column-is-layout-flow\" style=\"flex-basis:66.66%\">\n<p id=\"stromsund\">We rijden verder richting Str\u00f6msund. Als we daar rechtsaf de E45 willen opdraaien, staan we voor een wegversperring i.v.m. werkzaamheden aan een brug. De omleidingsroute wordt duidelijk aangegeven. Na zo\u2019n 5 km gaat deze rechtsaf, een onverharde weg op, die 16 km lang is. Op zich niet zo\u2019n verrassing, die onverharde weg, want in Midden-Zweden heb je maar \u00e9\u00e9n normale weg noord-zuid: de E45. Alle andere verharde wegen lopen er van oost naar west, naar de kust.&nbsp;Aanvankelijk is de weg van redelijke kwaliteit, tenminste, onze rijstrook. Na enige tijd ontstaat er een file. Deze wordt veroorzaakt door een grader die bezig is om onze rijstrook te egaliseren. Als we deze machine hebben ingehaald, wordt pas echt duidelijk waarom hij aan het egaliseren is. De weg zit vol met gaten. Dat wordt een rammelrit van jewelste.<\/p>\n\n\n\n<p>We staan nu op een&nbsp;<a href=\"https:\/\/www.campercontact.com\/nl\/zweden\/jamtlands-lan\/odenslund-odenskog\/66446\/ostersunds-stugby-camping\" target=\"_blank\" rel=\"noreferrer noopener\">camping<\/a>&nbsp;in \u00d6stersund. Morgen rijden we naar Mora.<\/p>\n<\/div>\n<\/div>\n\n\n\n<div class=\"wp-block-columns is-layout-flex wp-container-core-columns-is-layout-9d6595d7 wp-block-columns-is-layout-flex\">\n<div class=\"wp-block-column is-layout-flow wp-block-column-is-layout-flow\"><\/div>\n\n\n\n<div class=\"wp-block-column is-layout-flow wp-block-column-is-layout-flow\">\n<figure class=\"wp-block-image size-full\"><a href=\"https:\/\/tedenloesopreis.nl\/wp-content\/uploads\/2023\/12\/IMG_5130-1024x768-1.jpeg\" target=\"_blank\" rel=\"noreferrer noopener\"><img loading=\"lazy\" decoding=\"async\" width=\"1024\" height=\"768\" src=\"https:\/\/tedenloesopreis.nl\/wp-content\/uploads\/2023\/12\/IMG_5130-1024x768-1.jpeg\" alt=\"\" class=\"wp-image-10661\" srcset=\"https:\/\/tedenloesopreis.nl\/wp-content\/uploads\/2023\/12\/IMG_5130-1024x768-1.jpeg 1024w, https:\/\/tedenloesopreis.nl\/wp-content\/uploads\/2023\/12\/IMG_5130-1024x768-1-300x225.jpeg 300w, https:\/\/tedenloesopreis.nl\/wp-content\/uploads\/2023\/12\/IMG_5130-1024x768-1-768x576.jpeg 768w\" sizes=\"auto, (max-width: 1024px) 100vw, 1024px\" \/><\/a><figcaption class=\"wp-element-caption\"><em>de camping in \u00d6stersund<\/em><\/figcaption><\/figure>\n<\/div>\n\n\n\n<div class=\"wp-block-column is-layout-flow wp-block-column-is-layout-flow\">\n<figure class=\"wp-block-image size-full\"><a href=\"https:\/\/tedenloesopreis.nl\/wp-content\/uploads\/2023\/12\/IMG_5131-1024x768-1.jpeg\" target=\"_blank\" rel=\"noreferrer noopener\"><img loading=\"lazy\" decoding=\"async\" width=\"1024\" height=\"768\" src=\"https:\/\/tedenloesopreis.nl\/wp-content\/uploads\/2023\/12\/IMG_5131-1024x768-1.jpeg\" alt=\"\" class=\"wp-image-10662\" srcset=\"https:\/\/tedenloesopreis.nl\/wp-content\/uploads\/2023\/12\/IMG_5131-1024x768-1.jpeg 1024w, https:\/\/tedenloesopreis.nl\/wp-content\/uploads\/2023\/12\/IMG_5131-1024x768-1-300x225.jpeg 300w, https:\/\/tedenloesopreis.nl\/wp-content\/uploads\/2023\/12\/IMG_5131-1024x768-1-768x576.jpeg 768w\" sizes=\"auto, (max-width: 1024px) 100vw, 1024px\" \/><\/a><figcaption class=\"wp-element-caption\"><em>het is heel rustig op de camping in \u00d6stersund<\/em><\/figcaption><\/figure>\n<\/div>\n<\/div>\n\n\n\n<div style=\"height:35px\" aria-hidden=\"true\" class=\"wp-block-spacer\"><\/div>\n\n\n\n<div class=\"wp-block-columns is-layout-flex wp-container-core-columns-is-layout-9d6595d7 wp-block-columns-is-layout-flex\">\n<div class=\"wp-block-column is-layout-flow wp-block-column-is-layout-flow\">\n<p class=\"has-orange-background-color has-background\" id=\"dag34\"><\/p>\n<\/div>\n<\/div>\n\n\n\n<div class=\"wp-block-columns is-layout-flex wp-container-core-columns-is-layout-9d6595d7 wp-block-columns-is-layout-flex\">\n<div class=\"wp-block-column is-layout-flow wp-block-column-is-layout-flow\" style=\"flex-basis:33.33%\">\n<p><a href=\"#titel\">top<\/a><\/p>\n<\/div>\n\n\n\n<div class=\"wp-block-column is-layout-flow wp-block-column-is-layout-flow\" style=\"flex-basis:66.66%\">\n<p><strong>DAT WAS DAN DE E45<\/strong><br>dag 34 &nbsp; &nbsp; &nbsp;&nbsp;ma 22 augustus 2022<br><a href=\"https:\/\/www.google.com\/maps\/d\/viewer?mid=1AlxMyXvRbo7RiApzOnng2QBBbBzXzjs&amp;ll=62.09044913460708%2C14.833204999999985&amp;z=7\" target=\"_blank\" rel=\"noreferrer noopener\">\u00d6stersund \u2013 Mora<\/a>&nbsp;&nbsp; &nbsp; &nbsp; 310 km<\/p>\n<\/div>\n<\/div>\n\n\n\n<div style=\"height:20px\" aria-hidden=\"true\" class=\"wp-block-spacer\"><\/div>\n\n\n\n<div class=\"wp-block-columns is-layout-flex wp-container-core-columns-is-layout-9d6595d7 wp-block-columns-is-layout-flex\">\n<div class=\"wp-block-column is-vertically-aligned-bottom is-layout-flow wp-block-column-is-layout-flow\" style=\"flex-basis:33.33%\">\n<figure class=\"wp-block-image size-full\"><a href=\"https:\/\/tedenloesopreis.nl\/wp-content\/uploads\/2023\/12\/IMG_5142-1024x768-1.jpeg\" target=\"_blank\" rel=\"noreferrer noopener\"><img loading=\"lazy\" decoding=\"async\" width=\"1024\" height=\"768\" src=\"https:\/\/tedenloesopreis.nl\/wp-content\/uploads\/2023\/12\/IMG_5142-1024x768-1.jpeg\" alt=\"\" class=\"wp-image-10664\" srcset=\"https:\/\/tedenloesopreis.nl\/wp-content\/uploads\/2023\/12\/IMG_5142-1024x768-1.jpeg 1024w, https:\/\/tedenloesopreis.nl\/wp-content\/uploads\/2023\/12\/IMG_5142-1024x768-1-300x225.jpeg 300w, https:\/\/tedenloesopreis.nl\/wp-content\/uploads\/2023\/12\/IMG_5142-1024x768-1-768x576.jpeg 768w\" sizes=\"auto, (max-width: 1024px) 100vw, 1024px\" \/><\/a><figcaption class=\"wp-element-caption\"><em>opvallend stenig landschap bij Loos<\/em><\/figcaption><\/figure>\n<\/div>\n\n\n\n<div class=\"wp-block-column is-layout-flow wp-block-column-is-layout-flow\" style=\"flex-basis:66.66%\">\n<p>Na 310 km nemen we, voorlopig, afscheid van de E45. We ontmoeten de E45 weer in Denemarken, want deze weg \u201csteekt over\u201d van G\u00f6teborg naar Frederikshavn en gaat verder zuidwaarts naar Sicili\u00eb.&nbsp;<\/p>\n\n\n\n<p>We rijden niet de hele dag over de E45. TomTom adviseert een&nbsp;binnenboortje om de knik via Sveg te vermijden. Vrij veel van onze voorliggers lijken ook voor&nbsp;deze alternatieve route te kiezen, dus wij sluiten ons bij hen aan en slaan linksaf de \u201c296\u201d op, naar K\u00e5rb\u00f6le. Bij deze plaats rijden al die voorliggers echter rechtdoor naar de&nbsp;kust, naar Hudiksvall, terwijl TomTom rechtsaf wil, via de \u201c296\u201d naar Loos. We komen nauwelijks ander verkeer tegen, waardoor je je op een gegeven moment gaat afvragen, of je wel op de juiste weg zit. De route is landschappelijk wel interessant, vooral het deel net achter Loos. Dat voert door een nogal opvallend stenig landschap. Dat is weer eens wat anders dan al die bomen.<\/p>\n\n\n\n<p id=\"stuga\">We staan nu op een&nbsp;<a href=\"https:\/\/www.campercontact.com\/nl\/zweden\/dalarnas-lan\/mora\/81706\/camping-amasangsarden\" target=\"_blank\" rel=\"noreferrer noopener\">camping<\/a>&nbsp;bij Mora. Deze camping lijkt wel op een openluchtmuseum, met een aantal mooie antieke stuga (blokhutten).<\/p>\n<\/div>\n<\/div>\n\n\n\n<div class=\"wp-block-columns is-layout-flex wp-container-core-columns-is-layout-9d6595d7 wp-block-columns-is-layout-flex\">\n<div class=\"wp-block-column is-layout-flow wp-block-column-is-layout-flow\"><\/div>\n\n\n\n<div class=\"wp-block-column is-layout-flow wp-block-column-is-layout-flow\">\n<figure class=\"wp-block-image size-full\"><a href=\"https:\/\/tedenloesopreis.nl\/wp-content\/uploads\/2023\/12\/IMG_5146-1024x768-1.jpeg\" target=\"_blank\" rel=\"noreferrer noopener\"><img loading=\"lazy\" decoding=\"async\" width=\"1024\" height=\"768\" src=\"https:\/\/tedenloesopreis.nl\/wp-content\/uploads\/2023\/12\/IMG_5146-1024x768-1.jpeg\" alt=\"\" class=\"wp-image-10665\" srcset=\"https:\/\/tedenloesopreis.nl\/wp-content\/uploads\/2023\/12\/IMG_5146-1024x768-1.jpeg 1024w, https:\/\/tedenloesopreis.nl\/wp-content\/uploads\/2023\/12\/IMG_5146-1024x768-1-300x225.jpeg 300w, https:\/\/tedenloesopreis.nl\/wp-content\/uploads\/2023\/12\/IMG_5146-1024x768-1-768x576.jpeg 768w\" sizes=\"auto, (max-width: 1024px) 100vw, 1024px\" \/><\/a><figcaption class=\"wp-element-caption\"><em>camping in Mora<\/em><\/figcaption><\/figure>\n<\/div>\n\n\n\n<div class=\"wp-block-column is-layout-flow wp-block-column-is-layout-flow\">\n<figure class=\"wp-block-image size-full\"><a href=\"https:\/\/tedenloesopreis.nl\/wp-content\/uploads\/2023\/12\/IMG_5151-1024x768-1.jpeg\" target=\"_blank\" rel=\"noreferrer noopener\"><img loading=\"lazy\" decoding=\"async\" width=\"1024\" height=\"768\" src=\"https:\/\/tedenloesopreis.nl\/wp-content\/uploads\/2023\/12\/IMG_5151-1024x768-1.jpeg\" alt=\"\" class=\"wp-image-10666\" srcset=\"https:\/\/tedenloesopreis.nl\/wp-content\/uploads\/2023\/12\/IMG_5151-1024x768-1.jpeg 1024w, https:\/\/tedenloesopreis.nl\/wp-content\/uploads\/2023\/12\/IMG_5151-1024x768-1-300x225.jpeg 300w, https:\/\/tedenloesopreis.nl\/wp-content\/uploads\/2023\/12\/IMG_5151-1024x768-1-768x576.jpeg 768w\" sizes=\"auto, (max-width: 1024px) 100vw, 1024px\" \/><\/a><figcaption class=\"wp-element-caption\"><em>met mooie antieke stuga<\/em><\/figcaption><\/figure>\n<\/div>\n<\/div>\n\n\n\n<div style=\"height:35px\" aria-hidden=\"true\" class=\"wp-block-spacer\"><\/div>\n\n\n\n<div class=\"wp-block-columns is-layout-flex wp-container-core-columns-is-layout-9d6595d7 wp-block-columns-is-layout-flex\">\n<div class=\"wp-block-column is-layout-flow wp-block-column-is-layout-flow\">\n<p class=\"has-orange-background-color has-background\" id=\"dag35\"><\/p>\n<\/div>\n<\/div>\n\n\n\n<div class=\"wp-block-columns is-layout-flex wp-container-core-columns-is-layout-9d6595d7 wp-block-columns-is-layout-flex\">\n<div class=\"wp-block-column is-layout-flow wp-block-column-is-layout-flow\" style=\"flex-basis:33.33%\">\n<p><a href=\"#titel\">top<\/a><\/p>\n<\/div>\n\n\n\n<div class=\"wp-block-column is-layout-flow wp-block-column-is-layout-flow\" style=\"flex-basis:66.66%\">\n<p><strong>HANS CHRISTIAN ANDERSEN<\/strong><br>dag 35 &nbsp; &nbsp; &nbsp; di 23 augustus 2022<br><a href=\"https:\/\/www.google.com\/maps\/d\/viewer?mid=1tvz3PAwQhx-8IYSfd5q4T2EWtzZem-I&amp;ll=60.931116348092154%2C14.765430700274091&amp;z=9\" target=\"_blank\" rel=\"noreferrer noopener\">Mora \u2013 T\u00e4llberg<\/a>&nbsp;&nbsp; &nbsp; &nbsp; 57 km<\/p>\n<\/div>\n<\/div>\n\n\n\n<div style=\"height:20px\" aria-hidden=\"true\" class=\"wp-block-spacer\"><\/div>\n\n\n\n<div class=\"wp-block-columns is-layout-flex wp-container-core-columns-is-layout-9d6595d7 wp-block-columns-is-layout-flex\">\n<div class=\"wp-block-column is-layout-flow wp-block-column-is-layout-flow\" style=\"flex-basis:33.33%\"><\/div>\n\n\n\n<div class=\"wp-block-column is-layout-flow wp-block-column-is-layout-flow\" style=\"flex-basis:66.66%\">\n<p>Op advies van Hans Christian Andersen rijden we vandaag naar T\u00e4llberg. Volgens hem zou iedereen ooit in zijn leven daar naar toe moeten gaan vanwege de rust en de gemoedelijkheid die er heerst.&nbsp;<\/p>\n\n\n\n<p id=\"nusnas\">De route naar T\u00e4llberg gaat over Nusn\u00e4s. Daar produceert Nils Olsson de bekende Dalarna-paardjes, oorspronkelijk alleen roodgekleurd, maar tegenwoordig in allerlei kleuren verkrijgbaar. We nemen een kijkje in de werkplaats, die louter voor de toeristen in bedrijf wordt gehouden (de meeste werkzaamheden worden elders uitgevoerd). Zo zie je er schilders die de paardjes voorzien van de tradionele decoratie.<\/p>\n\n\n\n<p>Tegenover het bedrijf staat de kerkboot van Nusn\u00e4s. Daarmee gingen de dorpelingen in het verleden op zondag over het Siljan-meer naar de kerk in Mora. Reizen over land ging toen nog moeizaam en duurde veel langer.<\/p>\n<\/div>\n<\/div>\n\n\n\n<div class=\"wp-block-columns is-layout-flex wp-container-core-columns-is-layout-9d6595d7 wp-block-columns-is-layout-flex\">\n<div class=\"wp-block-column is-layout-flow wp-block-column-is-layout-flow\">\n<figure class=\"wp-block-image size-full\"><a href=\"https:\/\/tedenloesopreis.nl\/wp-content\/uploads\/2023\/12\/IMG_5153-1024x768-1.jpeg\" target=\"_blank\" rel=\"noreferrer noopener\"><img loading=\"lazy\" decoding=\"async\" width=\"1024\" height=\"768\" src=\"https:\/\/tedenloesopreis.nl\/wp-content\/uploads\/2023\/12\/IMG_5153-1024x768-1.jpeg\" alt=\"\" class=\"wp-image-10668\" srcset=\"https:\/\/tedenloesopreis.nl\/wp-content\/uploads\/2023\/12\/IMG_5153-1024x768-1.jpeg 1024w, https:\/\/tedenloesopreis.nl\/wp-content\/uploads\/2023\/12\/IMG_5153-1024x768-1-300x225.jpeg 300w, https:\/\/tedenloesopreis.nl\/wp-content\/uploads\/2023\/12\/IMG_5153-1024x768-1-768x576.jpeg 768w\" sizes=\"auto, (max-width: 1024px) 100vw, 1024px\" \/><\/a><figcaption class=\"wp-element-caption\"><em>een groot Dalarna-paard in Nusn\u00e4s<\/em><\/figcaption><\/figure>\n<\/div>\n\n\n\n<div class=\"wp-block-column is-layout-flow wp-block-column-is-layout-flow\">\n<figure class=\"wp-block-image size-full\"><a href=\"https:\/\/tedenloesopreis.nl\/wp-content\/uploads\/2023\/12\/IMG_5158-1024x768-1.jpeg\" target=\"_blank\" rel=\"noreferrer noopener\"><img loading=\"lazy\" decoding=\"async\" width=\"1024\" height=\"768\" src=\"https:\/\/tedenloesopreis.nl\/wp-content\/uploads\/2023\/12\/IMG_5158-1024x768-1.jpeg\" alt=\"\" class=\"wp-image-10670\" srcset=\"https:\/\/tedenloesopreis.nl\/wp-content\/uploads\/2023\/12\/IMG_5158-1024x768-1.jpeg 1024w, https:\/\/tedenloesopreis.nl\/wp-content\/uploads\/2023\/12\/IMG_5158-1024x768-1-300x225.jpeg 300w, https:\/\/tedenloesopreis.nl\/wp-content\/uploads\/2023\/12\/IMG_5158-1024x768-1-768x576.jpeg 768w\" sizes=\"auto, (max-width: 1024px) 100vw, 1024px\" \/><\/a><figcaption class=\"wp-element-caption\"><em>schilderen van Dalarna-paardjes<\/em><\/figcaption><\/figure>\n<\/div>\n\n\n\n<div class=\"wp-block-column is-layout-flow wp-block-column-is-layout-flow\">\n<figure class=\"wp-block-image size-full\"><a href=\"https:\/\/tedenloesopreis.nl\/wp-content\/uploads\/2023\/12\/IMG_5160-1024x768-1.jpeg\" target=\"_blank\" rel=\"noreferrer noopener\"><img loading=\"lazy\" decoding=\"async\" width=\"1024\" height=\"768\" src=\"https:\/\/tedenloesopreis.nl\/wp-content\/uploads\/2023\/12\/IMG_5160-1024x768-1.jpeg\" alt=\"\" class=\"wp-image-10669\" srcset=\"https:\/\/tedenloesopreis.nl\/wp-content\/uploads\/2023\/12\/IMG_5160-1024x768-1.jpeg 1024w, https:\/\/tedenloesopreis.nl\/wp-content\/uploads\/2023\/12\/IMG_5160-1024x768-1-300x225.jpeg 300w, https:\/\/tedenloesopreis.nl\/wp-content\/uploads\/2023\/12\/IMG_5160-1024x768-1-768x576.jpeg 768w\" sizes=\"auto, (max-width: 1024px) 100vw, 1024px\" \/><\/a><figcaption class=\"wp-element-caption\"><em>de oude kerkboot van Nusn\u00e4s<\/em><\/figcaption><\/figure>\n<\/div>\n<\/div>\n\n\n\n<div class=\"wp-block-columns is-layout-flex wp-container-core-columns-is-layout-9d6595d7 wp-block-columns-is-layout-flex\">\n<div class=\"wp-block-column is-layout-flow wp-block-column-is-layout-flow\" style=\"flex-basis:33.33%\"><\/div>\n\n\n\n<div class=\"wp-block-column is-layout-flow wp-block-column-is-layout-flow\" style=\"flex-basis:66.66%\">\n<p>T\u00e4llberg is een plaatsje met hoofdzakelijk oude houten huizen. Nu worden ook heden nog veel Zweedse huizen van hout gebouwd, maar dan volgens de moderne methode: een skelet van balken, afgetimmerd met planken. De oude Zweedse houten huizen zijn van het type blokhut en werden van uitsluitend balken gebouwd. T\u00e4llberg staat vol met die oude houten huizen. Het maakt een zeer authentieke indruk.<\/p>\n<\/div>\n<\/div>\n\n\n\n<div class=\"wp-block-columns is-layout-flex wp-container-core-columns-is-layout-9d6595d7 wp-block-columns-is-layout-flex\">\n<div class=\"wp-block-column is-layout-flow wp-block-column-is-layout-flow\"><\/div>\n\n\n\n<div class=\"wp-block-column is-layout-flow wp-block-column-is-layout-flow\">\n<figure class=\"wp-block-image size-full\"><a href=\"https:\/\/tedenloesopreis.nl\/wp-content\/uploads\/2023\/12\/IMG_5169-1024x768-1.jpeg\" target=\"_blank\" rel=\"noreferrer noopener\"><img loading=\"lazy\" decoding=\"async\" width=\"1024\" height=\"768\" src=\"https:\/\/tedenloesopreis.nl\/wp-content\/uploads\/2023\/12\/IMG_5169-1024x768-1.jpeg\" alt=\"\" class=\"wp-image-10671\" srcset=\"https:\/\/tedenloesopreis.nl\/wp-content\/uploads\/2023\/12\/IMG_5169-1024x768-1.jpeg 1024w, https:\/\/tedenloesopreis.nl\/wp-content\/uploads\/2023\/12\/IMG_5169-1024x768-1-300x225.jpeg 300w, https:\/\/tedenloesopreis.nl\/wp-content\/uploads\/2023\/12\/IMG_5169-1024x768-1-768x576.jpeg 768w\" sizes=\"auto, (max-width: 1024px) 100vw, 1024px\" \/><\/a><figcaption class=\"wp-element-caption\"><em>T\u00e4llberg<\/em><\/figcaption><\/figure>\n<\/div>\n\n\n\n<div class=\"wp-block-column is-layout-flow wp-block-column-is-layout-flow\">\n<figure class=\"wp-block-image size-full\"><a href=\"https:\/\/tedenloesopreis.nl\/wp-content\/uploads\/2023\/12\/IMG_5173-1024x768-1.jpeg\" target=\"_blank\" rel=\"noreferrer noopener\"><img loading=\"lazy\" decoding=\"async\" width=\"1024\" height=\"768\" src=\"https:\/\/tedenloesopreis.nl\/wp-content\/uploads\/2023\/12\/IMG_5173-1024x768-1.jpeg\" alt=\"\" class=\"wp-image-10672\" srcset=\"https:\/\/tedenloesopreis.nl\/wp-content\/uploads\/2023\/12\/IMG_5173-1024x768-1.jpeg 1024w, https:\/\/tedenloesopreis.nl\/wp-content\/uploads\/2023\/12\/IMG_5173-1024x768-1-300x225.jpeg 300w, https:\/\/tedenloesopreis.nl\/wp-content\/uploads\/2023\/12\/IMG_5173-1024x768-1-768x576.jpeg 768w\" sizes=\"auto, (max-width: 1024px) 100vw, 1024px\" \/><\/a><figcaption class=\"wp-element-caption\"><em>T\u00e4llberg<\/em><\/figcaption><\/figure>\n<\/div>\n<\/div>\n\n\n\n<div class=\"wp-block-columns is-layout-flex wp-container-core-columns-is-layout-9d6595d7 wp-block-columns-is-layout-flex\">\n<div class=\"wp-block-column is-layout-flow wp-block-column-is-layout-flow\" style=\"flex-basis:33.33%\"><\/div>\n\n\n\n<div class=\"wp-block-column is-layout-flow wp-block-column-is-layout-flow\" style=\"flex-basis:66.66%\">\n<p>Op de&nbsp;<a href=\"https:\/\/www.campercontact.com\/nl\/zweden\/dalarnas-lan\/tallberg\/24287\/tallbergs-camping\" target=\"_blank\" rel=\"noreferrer noopener\">camping<\/a>&nbsp;van T\u00e4llberg vinden we een leuke plek.<\/p>\n<\/div>\n<\/div>\n\n\n\n<div class=\"wp-block-columns is-layout-flex wp-container-core-columns-is-layout-9d6595d7 wp-block-columns-is-layout-flex\">\n<div class=\"wp-block-column is-layout-flow wp-block-column-is-layout-flow\"><\/div>\n\n\n\n<div class=\"wp-block-column is-layout-flow wp-block-column-is-layout-flow\">\n<figure class=\"wp-block-image size-full\"><a href=\"https:\/\/tedenloesopreis.nl\/wp-content\/uploads\/2023\/12\/IMG_5162-1024x768-1.jpeg\" target=\"_blank\" rel=\"noreferrer noopener\"><img loading=\"lazy\" decoding=\"async\" width=\"1024\" height=\"768\" src=\"https:\/\/tedenloesopreis.nl\/wp-content\/uploads\/2023\/12\/IMG_5162-1024x768-1.jpeg\" alt=\"\" class=\"wp-image-10673\" srcset=\"https:\/\/tedenloesopreis.nl\/wp-content\/uploads\/2023\/12\/IMG_5162-1024x768-1.jpeg 1024w, https:\/\/tedenloesopreis.nl\/wp-content\/uploads\/2023\/12\/IMG_5162-1024x768-1-300x225.jpeg 300w, https:\/\/tedenloesopreis.nl\/wp-content\/uploads\/2023\/12\/IMG_5162-1024x768-1-768x576.jpeg 768w\" sizes=\"auto, (max-width: 1024px) 100vw, 1024px\" \/><\/a><figcaption class=\"wp-element-caption\"><em>de camping in T\u00e4llberg<\/em><\/figcaption><\/figure>\n<\/div>\n\n\n\n<div class=\"wp-block-column is-layout-flow wp-block-column-is-layout-flow\">\n<figure class=\"wp-block-image size-full\"><a href=\"https:\/\/tedenloesopreis.nl\/wp-content\/uploads\/2023\/12\/IMG_5167-1024x768-1.jpeg\" target=\"_blank\" rel=\"noreferrer noopener\"><img loading=\"lazy\" decoding=\"async\" width=\"1024\" height=\"768\" src=\"https:\/\/tedenloesopreis.nl\/wp-content\/uploads\/2023\/12\/IMG_5167-1024x768-1.jpeg\" alt=\"\" class=\"wp-image-10674\" srcset=\"https:\/\/tedenloesopreis.nl\/wp-content\/uploads\/2023\/12\/IMG_5167-1024x768-1.jpeg 1024w, https:\/\/tedenloesopreis.nl\/wp-content\/uploads\/2023\/12\/IMG_5167-1024x768-1-300x225.jpeg 300w, https:\/\/tedenloesopreis.nl\/wp-content\/uploads\/2023\/12\/IMG_5167-1024x768-1-768x576.jpeg 768w\" sizes=\"auto, (max-width: 1024px) 100vw, 1024px\" \/><\/a><figcaption class=\"wp-element-caption\"><em>de camping in T\u00e4llberg<\/em><\/figcaption><\/figure>\n<\/div>\n<\/div>\n\n\n\n<div style=\"height:35px\" aria-hidden=\"true\" class=\"wp-block-spacer\"><\/div>\n\n\n\n<div class=\"wp-block-columns is-layout-flex wp-container-core-columns-is-layout-9d6595d7 wp-block-columns-is-layout-flex\">\n<div class=\"wp-block-column is-layout-flow wp-block-column-is-layout-flow\">\n<p class=\"has-orange-background-color has-background\" id=\"dag36\"><\/p>\n<\/div>\n<\/div>\n\n\n\n<div class=\"wp-block-columns is-layout-flex wp-container-core-columns-is-layout-9d6595d7 wp-block-columns-is-layout-flex\">\n<div class=\"wp-block-column is-layout-flow wp-block-column-is-layout-flow\" style=\"flex-basis:33.33%\">\n<p><a href=\"#titel\">top<\/a><\/p>\n<\/div>\n\n\n\n<div class=\"wp-block-column is-layout-flow wp-block-column-is-layout-flow\" style=\"flex-basis:66.66%\">\n<p><strong>RUSTDAG IN T\u00c4LLBERG<\/strong><br>dag 36 &nbsp; &nbsp; &nbsp; wo 24 augustus 2022<br>T\u00e4llberg &nbsp; &nbsp; &nbsp; 0 km<\/p>\n<\/div>\n<\/div>\n\n\n\n<div style=\"height:20px\" aria-hidden=\"true\" class=\"wp-block-spacer\"><\/div>\n\n\n\n<div class=\"wp-block-columns is-layout-flex wp-container-core-columns-is-layout-9d6595d7 wp-block-columns-is-layout-flex\">\n<div class=\"wp-block-column is-layout-flow wp-block-column-is-layout-flow\" style=\"flex-basis:33.33%\"><\/div>\n\n\n\n<div class=\"wp-block-column is-layout-flow wp-block-column-is-layout-flow\" style=\"flex-basis:66.66%\">\n<p>We kunnen nu al stellen, dat we vandaag niks doen. We zitten lekker voor de buzz.<\/p>\n\n\n\n<p>De zon staat eind augustus al weer wat lager. Hij schijnt z\u00f3 stevig onder de luifel door, dat we de \u201cgaatjes-sunblocker\u201d er maar inschuiven. \u2018s-Avonds hebben we de zoveelste mooie zonsondergang.<\/p>\n<\/div>\n<\/div>\n\n\n\n<div class=\"wp-block-columns is-layout-flex wp-container-core-columns-is-layout-9d6595d7 wp-block-columns-is-layout-flex\">\n<div class=\"wp-block-column is-layout-flow wp-block-column-is-layout-flow\"><\/div>\n\n\n\n<div class=\"wp-block-column is-layout-flow wp-block-column-is-layout-flow\">\n<figure class=\"wp-block-image size-full\"><a href=\"https:\/\/tedenloesopreis.nl\/wp-content\/uploads\/2023\/12\/IMG_5180-1024x768-1.jpeg\" target=\"_blank\" rel=\"noreferrer noopener\"><img loading=\"lazy\" decoding=\"async\" width=\"1024\" height=\"768\" src=\"https:\/\/tedenloesopreis.nl\/wp-content\/uploads\/2023\/12\/IMG_5180-1024x768-1.jpeg\" alt=\"\" class=\"wp-image-10676\" srcset=\"https:\/\/tedenloesopreis.nl\/wp-content\/uploads\/2023\/12\/IMG_5180-1024x768-1.jpeg 1024w, https:\/\/tedenloesopreis.nl\/wp-content\/uploads\/2023\/12\/IMG_5180-1024x768-1-300x225.jpeg 300w, https:\/\/tedenloesopreis.nl\/wp-content\/uploads\/2023\/12\/IMG_5180-1024x768-1-768x576.jpeg 768w\" sizes=\"auto, (max-width: 1024px) 100vw, 1024px\" \/><\/a><figcaption class=\"wp-element-caption\"><em>een&nbsp;sublocker&nbsp;ivm de laagstaande zon<\/em><\/figcaption><\/figure>\n<\/div>\n\n\n\n<div class=\"wp-block-column is-layout-flow wp-block-column-is-layout-flow\">\n<figure class=\"wp-block-image size-full\"><a href=\"https:\/\/tedenloesopreis.nl\/wp-content\/uploads\/2023\/12\/IMG_5175-1024x768-1.jpeg\" target=\"_blank\" rel=\"noreferrer noopener\"><img loading=\"lazy\" decoding=\"async\" width=\"1024\" height=\"768\" src=\"https:\/\/tedenloesopreis.nl\/wp-content\/uploads\/2023\/12\/IMG_5175-1024x768-1.jpeg\" alt=\"\" class=\"wp-image-10677\" srcset=\"https:\/\/tedenloesopreis.nl\/wp-content\/uploads\/2023\/12\/IMG_5175-1024x768-1.jpeg 1024w, https:\/\/tedenloesopreis.nl\/wp-content\/uploads\/2023\/12\/IMG_5175-1024x768-1-300x225.jpeg 300w, https:\/\/tedenloesopreis.nl\/wp-content\/uploads\/2023\/12\/IMG_5175-1024x768-1-768x576.jpeg 768w\" sizes=\"auto, (max-width: 1024px) 100vw, 1024px\" \/><\/a><figcaption class=\"wp-element-caption\"><em>de zoveelste mooie zonsondergang<\/em><\/figcaption><\/figure>\n<\/div>\n<\/div>\n\n\n\n<div style=\"height:35px\" aria-hidden=\"true\" class=\"wp-block-spacer\"><\/div>\n\n\n\n<div class=\"wp-block-columns is-layout-flex wp-container-core-columns-is-layout-9d6595d7 wp-block-columns-is-layout-flex\">\n<div class=\"wp-block-column is-layout-flow wp-block-column-is-layout-flow\">\n<p class=\"has-orange-background-color has-background\" id=\"dag37\"><\/p>\n<\/div>\n<\/div>\n\n\n\n<div class=\"wp-block-columns is-layout-flex wp-container-core-columns-is-layout-9d6595d7 wp-block-columns-is-layout-flex\">\n<div class=\"wp-block-column is-layout-flow wp-block-column-is-layout-flow\" style=\"flex-basis:33.33%\">\n<p><a href=\"#titel\">top<\/a><\/p>\n<\/div>\n\n\n\n<div class=\"wp-block-column is-layout-flow wp-block-column-is-layout-flow\" style=\"flex-basis:66.66%\">\n<p><strong>FIETSEN NAAR LEKSAND<\/strong><br>dag 37 &nbsp; &nbsp; &nbsp; do 25 augustus 2022<br>T\u00e4llberg &nbsp; &nbsp; &nbsp; 0 km<\/p>\n<\/div>\n<\/div>\n\n\n\n<div style=\"height:20px\" aria-hidden=\"true\" class=\"wp-block-spacer\"><\/div>\n\n\n\n<div class=\"wp-block-columns is-layout-flex wp-container-core-columns-is-layout-9d6595d7 wp-block-columns-is-layout-flex\">\n<div class=\"wp-block-column is-layout-flow wp-block-column-is-layout-flow\" style=\"flex-basis:33.33%\"><\/div>\n\n\n\n<div class=\"wp-block-column is-layout-flow wp-block-column-is-layout-flow\" style=\"flex-basis:66.66%\">\n<p>We fietsen vandaag langs het Siljan-meer naar Leksand. Een fraaie route met leuke dorpjes en fraaie uitkijken op het meer.<\/p>\n\n\n\n<p>Leksand is een levendig stadje dat ons in de hoofdstraat weet te verleiden om op een van de terrasjes een simpele maaltijd te verorberen. Het&nbsp;heeft een uitbundig openluchtmuseum met oude houten gebouwen uit de streek, waaronder een oude klokkentoren die ook dienst deed als brandalarm.<\/p>\n<\/div>\n<\/div>\n\n\n\n<div class=\"wp-block-columns is-layout-flex wp-container-core-columns-is-layout-9d6595d7 wp-block-columns-is-layout-flex\">\n<div class=\"wp-block-column is-layout-flow wp-block-column-is-layout-flow\"><\/div>\n\n\n\n<div class=\"wp-block-column is-layout-flow wp-block-column-is-layout-flow\">\n<figure class=\"wp-block-image size-full\"><a href=\"https:\/\/tedenloesopreis.nl\/wp-content\/uploads\/2023\/12\/IMG_5200-1-1024x768-1.jpeg\" target=\"_blank\" rel=\"noreferrer noopener\"><img loading=\"lazy\" decoding=\"async\" width=\"1024\" height=\"768\" src=\"https:\/\/tedenloesopreis.nl\/wp-content\/uploads\/2023\/12\/IMG_5200-1-1024x768-1.jpeg\" alt=\"\" class=\"wp-image-10681\" srcset=\"https:\/\/tedenloesopreis.nl\/wp-content\/uploads\/2023\/12\/IMG_5200-1-1024x768-1.jpeg 1024w, https:\/\/tedenloesopreis.nl\/wp-content\/uploads\/2023\/12\/IMG_5200-1-1024x768-1-300x225.jpeg 300w, https:\/\/tedenloesopreis.nl\/wp-content\/uploads\/2023\/12\/IMG_5200-1-1024x768-1-768x576.jpeg 768w\" sizes=\"auto, (max-width: 1024px) 100vw, 1024px\" \/><\/a><figcaption class=\"wp-element-caption\"><em><em>langs het Siljan-meer naar Leksand<\/em><\/em><\/figcaption><\/figure>\n<\/div>\n\n\n\n<div class=\"wp-block-column is-layout-flow wp-block-column-is-layout-flow\">\n<figure class=\"wp-block-image size-full\"><a href=\"https:\/\/tedenloesopreis.nl\/wp-content\/uploads\/2023\/12\/IMG_5198-1-1024x768-2.jpeg\" target=\"_blank\" rel=\"noreferrer noopener\"><img loading=\"lazy\" decoding=\"async\" width=\"1024\" height=\"768\" src=\"https:\/\/tedenloesopreis.nl\/wp-content\/uploads\/2023\/12\/IMG_5198-1-1024x768-2.jpeg\" alt=\"\" class=\"wp-image-10680\" srcset=\"https:\/\/tedenloesopreis.nl\/wp-content\/uploads\/2023\/12\/IMG_5198-1-1024x768-2.jpeg 1024w, https:\/\/tedenloesopreis.nl\/wp-content\/uploads\/2023\/12\/IMG_5198-1-1024x768-2-300x225.jpeg 300w, https:\/\/tedenloesopreis.nl\/wp-content\/uploads\/2023\/12\/IMG_5198-1-1024x768-2-768x576.jpeg 768w\" sizes=\"auto, (max-width: 1024px) 100vw, 1024px\" \/><\/a><figcaption class=\"wp-element-caption\"><em><em>hoofdstraat van Leksand<\/em><\/em><\/figcaption><\/figure>\n<\/div>\n<\/div>\n\n\n\n<div class=\"wp-block-columns is-layout-flex wp-container-core-columns-is-layout-9d6595d7 wp-block-columns-is-layout-flex\">\n<div class=\"wp-block-column is-layout-flow wp-block-column-is-layout-flow\"><\/div>\n\n\n\n<div class=\"wp-block-column is-layout-flow wp-block-column-is-layout-flow\">\n<figure class=\"wp-block-image size-full\"><a href=\"https:\/\/tedenloesopreis.nl\/wp-content\/uploads\/2023\/12\/IMG_5187-1-1024x768-1.jpeg\" target=\"_blank\" rel=\"noreferrer noopener\"><img loading=\"lazy\" decoding=\"async\" width=\"1024\" height=\"768\" src=\"https:\/\/tedenloesopreis.nl\/wp-content\/uploads\/2023\/12\/IMG_5187-1-1024x768-1.jpeg\" alt=\"\" class=\"wp-image-10682\" srcset=\"https:\/\/tedenloesopreis.nl\/wp-content\/uploads\/2023\/12\/IMG_5187-1-1024x768-1.jpeg 1024w, https:\/\/tedenloesopreis.nl\/wp-content\/uploads\/2023\/12\/IMG_5187-1-1024x768-1-300x225.jpeg 300w, https:\/\/tedenloesopreis.nl\/wp-content\/uploads\/2023\/12\/IMG_5187-1-1024x768-1-768x576.jpeg 768w\" sizes=\"auto, (max-width: 1024px) 100vw, 1024px\" \/><\/a><figcaption class=\"wp-element-caption\"><em>openluchtmuseum in Leksand<\/em><\/figcaption><\/figure>\n<\/div>\n\n\n\n<div class=\"wp-block-column is-layout-flow wp-block-column-is-layout-flow\">\n<figure class=\"wp-block-image size-full\"><a href=\"https:\/\/tedenloesopreis.nl\/wp-content\/uploads\/2023\/12\/IMG_5193-1-1024x768-1.jpeg\" target=\"_blank\" rel=\"noreferrer noopener\"><img loading=\"lazy\" decoding=\"async\" width=\"1024\" height=\"768\" src=\"https:\/\/tedenloesopreis.nl\/wp-content\/uploads\/2023\/12\/IMG_5193-1-1024x768-1.jpeg\" alt=\"\" class=\"wp-image-10683\" srcset=\"https:\/\/tedenloesopreis.nl\/wp-content\/uploads\/2023\/12\/IMG_5193-1-1024x768-1.jpeg 1024w, https:\/\/tedenloesopreis.nl\/wp-content\/uploads\/2023\/12\/IMG_5193-1-1024x768-1-300x225.jpeg 300w, https:\/\/tedenloesopreis.nl\/wp-content\/uploads\/2023\/12\/IMG_5193-1-1024x768-1-768x576.jpeg 768w\" sizes=\"auto, (max-width: 1024px) 100vw, 1024px\" \/><\/a><figcaption class=\"wp-element-caption\"><em>openluchtmuseum in Leksand<\/em><\/figcaption><\/figure>\n<\/div>\n<\/div>\n\n\n\n<div class=\"wp-block-columns is-layout-flex wp-container-core-columns-is-layout-9d6595d7 wp-block-columns-is-layout-flex\">\n<div class=\"wp-block-column is-layout-flow wp-block-column-is-layout-flow\"><\/div>\n\n\n\n<div class=\"wp-block-column is-layout-flow wp-block-column-is-layout-flow\">\n<figure class=\"wp-block-image size-full\"><a href=\"https:\/\/tedenloesopreis.nl\/wp-content\/uploads\/2023\/12\/IMG_5197-768x1024-1.jpeg\" target=\"_blank\" rel=\"noreferrer noopener\"><img loading=\"lazy\" decoding=\"async\" width=\"768\" height=\"1024\" src=\"https:\/\/tedenloesopreis.nl\/wp-content\/uploads\/2023\/12\/IMG_5197-768x1024-1.jpeg\" alt=\"\" class=\"wp-image-10684\" srcset=\"https:\/\/tedenloesopreis.nl\/wp-content\/uploads\/2023\/12\/IMG_5197-768x1024-1.jpeg 768w, https:\/\/tedenloesopreis.nl\/wp-content\/uploads\/2023\/12\/IMG_5197-768x1024-1-225x300.jpeg 225w\" sizes=\"auto, (max-width: 768px) 100vw, 768px\" \/><\/a><figcaption class=\"wp-element-caption\"><em>klokkentoren<\/em><\/figcaption><\/figure>\n<\/div>\n\n\n\n<div class=\"wp-block-column is-layout-flow wp-block-column-is-layout-flow\">\n<figure class=\"wp-block-image size-full\"><a href=\"https:\/\/tedenloesopreis.nl\/wp-content\/uploads\/2023\/12\/IMG_5195-768x1024-1.jpeg\" target=\"_blank\" rel=\"noreferrer noopener\"><img loading=\"lazy\" decoding=\"async\" width=\"768\" height=\"1024\" src=\"https:\/\/tedenloesopreis.nl\/wp-content\/uploads\/2023\/12\/IMG_5195-768x1024-1.jpeg\" alt=\"\" class=\"wp-image-10685\" srcset=\"https:\/\/tedenloesopreis.nl\/wp-content\/uploads\/2023\/12\/IMG_5195-768x1024-1.jpeg 768w, https:\/\/tedenloesopreis.nl\/wp-content\/uploads\/2023\/12\/IMG_5195-768x1024-1-225x300.jpeg 225w\" sizes=\"auto, (max-width: 768px) 100vw, 768px\" \/><\/a><figcaption class=\"wp-element-caption\"><em>met brandalarm<\/em><\/figcaption><\/figure>\n<\/div>\n<\/div>\n\n\n\n<div style=\"height:36px\" aria-hidden=\"true\" class=\"wp-block-spacer\"><\/div>\n\n\n\n<div class=\"wp-block-columns is-layout-flex wp-container-core-columns-is-layout-9d6595d7 wp-block-columns-is-layout-flex\">\n<div class=\"wp-block-column is-layout-flow wp-block-column-is-layout-flow\">\n<p class=\"has-orange-background-color has-background\" id=\"dag38\"><\/p>\n<\/div>\n<\/div>\n\n\n\n<div class=\"wp-block-columns is-layout-flex wp-container-core-columns-is-layout-9d6595d7 wp-block-columns-is-layout-flex\">\n<div class=\"wp-block-column is-layout-flow wp-block-column-is-layout-flow\" style=\"flex-basis:33.33%\">\n<p><a href=\"#titel\">top<\/a><\/p>\n<\/div>\n\n\n\n<div class=\"wp-block-column is-layout-flow wp-block-column-is-layout-flow\" style=\"flex-basis:66.66%\">\n<p><strong>AAN HET G\u00d6TA-KANAAL<\/strong><br>dag 38 &nbsp; &nbsp; &nbsp; vr 26 augustus 2022<br><a href=\"https:\/\/www.google.com\/maps\/d\/viewer?mid=1qVgAIpWblJSs4c3RvT4Q667cszEnH5g&amp;ll=59.741529282057535%2C14.084958762716798&amp;z=6\" target=\"_blank\" rel=\"noreferrer noopener\">T\u00e4llberg \u2013 Karlsborg<\/a>&nbsp;&nbsp; &nbsp; &nbsp; 343 km<\/p>\n<\/div>\n<\/div>\n\n\n\n<div style=\"height:20px\" aria-hidden=\"true\" class=\"wp-block-spacer\"><\/div>\n\n\n\n<div class=\"wp-block-columns is-layout-flex wp-container-core-columns-is-layout-9d6595d7 wp-block-columns-is-layout-flex\">\n<div class=\"wp-block-column is-layout-flow wp-block-column-is-layout-flow\" style=\"flex-basis:33.33%\">\n<figure class=\"wp-block-image size-full\"><a href=\"https:\/\/tedenloesopreis.nl\/wp-content\/uploads\/2023\/12\/IMG_5207-1024x768-1.jpeg\" target=\"_blank\" rel=\"noreferrer noopener\"><img loading=\"lazy\" decoding=\"async\" width=\"1024\" height=\"768\" src=\"https:\/\/tedenloesopreis.nl\/wp-content\/uploads\/2023\/12\/IMG_5207-1024x768-1.jpeg\" alt=\"\" class=\"wp-image-10687\" srcset=\"https:\/\/tedenloesopreis.nl\/wp-content\/uploads\/2023\/12\/IMG_5207-1024x768-1.jpeg 1024w, https:\/\/tedenloesopreis.nl\/wp-content\/uploads\/2023\/12\/IMG_5207-1024x768-1-300x225.jpeg 300w, https:\/\/tedenloesopreis.nl\/wp-content\/uploads\/2023\/12\/IMG_5207-1024x768-1-768x576.jpeg 768w\" sizes=\"auto, (max-width: 1024px) 100vw, 1024px\" \/><\/a><figcaption class=\"wp-element-caption\"><em>het landschap bij \u00d6rebro<\/em><\/figcaption><\/figure>\n\n\n\n<figure class=\"wp-block-image size-full\"><a href=\"https:\/\/tedenloesopreis.nl\/wp-content\/uploads\/2023\/12\/IMG_5212-1024x768-2.jpeg\" target=\"_blank\" rel=\"noreferrer noopener\"><img loading=\"lazy\" decoding=\"async\" width=\"1024\" height=\"768\" src=\"https:\/\/tedenloesopreis.nl\/wp-content\/uploads\/2023\/12\/IMG_5212-1024x768-2.jpeg\" alt=\"\" class=\"wp-image-10689\" srcset=\"https:\/\/tedenloesopreis.nl\/wp-content\/uploads\/2023\/12\/IMG_5212-1024x768-2.jpeg 1024w, https:\/\/tedenloesopreis.nl\/wp-content\/uploads\/2023\/12\/IMG_5212-1024x768-2-300x225.jpeg 300w, https:\/\/tedenloesopreis.nl\/wp-content\/uploads\/2023\/12\/IMG_5212-1024x768-2-768x576.jpeg 768w\" sizes=\"auto, (max-width: 1024px) 100vw, 1024px\" \/><\/a><figcaption class=\"wp-element-caption\"><em>aan het G\u00f6ta-kanaal<\/em><\/figcaption><\/figure>\n<\/div>\n\n\n\n<div class=\"wp-block-column is-layout-flow wp-block-column-is-layout-flow\" style=\"flex-basis:66.66%\">\n<p>We strijken neer op een&nbsp;<a href=\"https:\/\/www.campercontact.com\/nl\/zweden\/vastra-gotalands-lan\/karlsborg\/66769\/karlsborgs-camping\" target=\"_blank\" rel=\"noreferrer noopener\">camping<\/a>&nbsp;in Karlsborg. We rijden vandaag voor onze doen een behoorlijk eind: 343 km. Dat is mede de schuld van TomTom, die ons op de route van T\u00e4llberg naar Karlsborg via allerlei onverharde wegen stuurt. Op een gegeven moment zijn we dat zat, draaien we om en bedenken zelf een route. We rijden vandaag over de \u201c70\u201d tot Djur\u00e5s, de E16 tot G\u00e5sholmen, de \u201c66\u201d tot Ludvika, de \u201c50\u201d tot \u00d6rebro (Eurebroe), de E20\/\u201d50\u201d tot Askersund, de \u201c49\u201d tot Karlsborg. Overigens valt op, dat Google Maps precies dezelfde rotroute adviseert als TomTom. Je zou bijna denken, dat TomTom de engine voor Google Maps levert.<\/p>\n\n\n\n<p>Het landschap is inmiddels wel veranderd. De eeuwig-zingende-bossen maken regelmatig plaats voor land dat in cultuur is gebracht.<\/p>\n\n\n\n<p>Karlsborg ligt aan het G\u00f6ta-kanaal, op de plaats waar dat kanaal uitmondt in het V\u00e4ttern-meer. We willen vanaf hier een eind gaan fietsen, o.a. naar de sluis van Forsvik, maar de route daarnaartoe blijkt behoorlijk fietsonvriendelijk. Bovendien is voor morgen nogal wat regen voorspeld. We passen dus onze plannen maar weer eens aan.<\/p>\n\n\n\n<p>Waar Nederland veel Chinese restaurants kent\/kende, zie je in Zweden veel Thaise restaurants. Op advies van onze overbuurman op de camping gaan we naar de \u201ceerste Thai die je in het plaatsje tegenkomt\u201d. We eten daar een voortreffelijke curry.<\/p>\n<\/div>\n<\/div>\n\n\n\n<div style=\"height:35px\" aria-hidden=\"true\" class=\"wp-block-spacer\"><\/div>\n\n\n\n<div class=\"wp-block-columns is-layout-flex wp-container-core-columns-is-layout-9d6595d7 wp-block-columns-is-layout-flex\">\n<div class=\"wp-block-column is-layout-flow wp-block-column-is-layout-flow\">\n<p class=\"has-orange-background-color has-background\" id=\"dag39\"><\/p>\n<\/div>\n<\/div>\n\n\n\n<div class=\"wp-block-columns is-layout-flex wp-container-core-columns-is-layout-9d6595d7 wp-block-columns-is-layout-flex\">\n<div class=\"wp-block-column is-layout-flow wp-block-column-is-layout-flow\" style=\"flex-basis:33.33%\">\n<p><a href=\"#titel\">top<\/a><\/p>\n<\/div>\n\n\n\n<div class=\"wp-block-column is-layout-flow wp-block-column-is-layout-flow\" style=\"flex-basis:66.66%\">\n<p><strong>DE REGEN UITZITTEN<\/strong><br>dag 39 &nbsp; &nbsp; &nbsp; za 27 augustus 2022<br>Karlsborg &nbsp; &nbsp; &nbsp; 0 km<\/p>\n<\/div>\n<\/div>\n\n\n\n<div style=\"height:20px\" aria-hidden=\"true\" class=\"wp-block-spacer\"><\/div>\n\n\n\n<div class=\"wp-block-columns is-layout-flex wp-container-core-columns-is-layout-9d6595d7 wp-block-columns-is-layout-flex\">\n<div class=\"wp-block-column is-layout-flow wp-block-column-is-layout-flow\" style=\"flex-basis:33.33%\"><\/div>\n\n\n\n<div class=\"wp-block-column is-layout-flow wp-block-column-is-layout-flow\" style=\"flex-basis:66.66%\">\n<p>Vanochtend fietsen we naar de vesting van Karlsborg. De bouw van deze vesting begon in 1809, vlak nadat Zweden in de zoveelste Finse oorlog flink had verloren van Rusland en daarbij o.a. Finland en \u00c5land moest afstaan. Uit vrees voor nog meer Russische aanvallen werd besloten om centraal in Zweden een vesting te bouwen met een garnizoen van 6000 soldaten waar in geval van dreiging het koningshuis, de regering en de volksvertegenwoordiging zich konden verschansen en waar de goudreserve veilig kon worden bewaard. Momenteel is er een museum en biedt de vesting onderdak aan een paar kleinere militaire eenheden.&nbsp;<\/p>\n<\/div>\n<\/div>\n\n\n\n<div class=\"wp-block-columns is-layout-flex wp-container-core-columns-is-layout-9d6595d7 wp-block-columns-is-layout-flex\">\n<div class=\"wp-block-column is-layout-flow wp-block-column-is-layout-flow\">\n<figure class=\"wp-block-image size-full\"><a href=\"https:\/\/tedenloesopreis.nl\/wp-content\/uploads\/2023\/12\/IMG_5213-1024x768-1.jpeg\" target=\"_blank\" rel=\"noreferrer noopener\"><img loading=\"lazy\" decoding=\"async\" width=\"1024\" height=\"768\" src=\"https:\/\/tedenloesopreis.nl\/wp-content\/uploads\/2023\/12\/IMG_5213-1024x768-1.jpeg\" alt=\"\" class=\"wp-image-10691\" srcset=\"https:\/\/tedenloesopreis.nl\/wp-content\/uploads\/2023\/12\/IMG_5213-1024x768-1.jpeg 1024w, https:\/\/tedenloesopreis.nl\/wp-content\/uploads\/2023\/12\/IMG_5213-1024x768-1-300x225.jpeg 300w, https:\/\/tedenloesopreis.nl\/wp-content\/uploads\/2023\/12\/IMG_5213-1024x768-1-768x576.jpeg 768w\" sizes=\"auto, (max-width: 1024px) 100vw, 1024px\" \/><\/a><figcaption class=\"wp-element-caption\"><em>de vesting van Karlsborg<\/em><\/figcaption><\/figure>\n<\/div>\n\n\n\n<div class=\"wp-block-column is-layout-flow wp-block-column-is-layout-flow\">\n<figure class=\"wp-block-image size-full\"><a href=\"https:\/\/tedenloesopreis.nl\/wp-content\/uploads\/2023\/12\/IMG_5216-1024x768-1.jpeg\" target=\"_blank\" rel=\"noreferrer noopener\"><img loading=\"lazy\" decoding=\"async\" width=\"1024\" height=\"768\" src=\"https:\/\/tedenloesopreis.nl\/wp-content\/uploads\/2023\/12\/IMG_5216-1024x768-1.jpeg\" alt=\"\" class=\"wp-image-10692\" srcset=\"https:\/\/tedenloesopreis.nl\/wp-content\/uploads\/2023\/12\/IMG_5216-1024x768-1.jpeg 1024w, https:\/\/tedenloesopreis.nl\/wp-content\/uploads\/2023\/12\/IMG_5216-1024x768-1-300x225.jpeg 300w, https:\/\/tedenloesopreis.nl\/wp-content\/uploads\/2023\/12\/IMG_5216-1024x768-1-768x576.jpeg 768w\" sizes=\"auto, (max-width: 1024px) 100vw, 1024px\" \/><\/a><figcaption class=\"wp-element-caption\"><em>de vesting van Karlsborg<\/em><\/figcaption><\/figure>\n<\/div>\n\n\n\n<div class=\"wp-block-column is-layout-flow wp-block-column-is-layout-flow\">\n<figure class=\"wp-block-image size-full\"><a href=\"https:\/\/tedenloesopreis.nl\/wp-content\/uploads\/2023\/12\/IMG_5218-1024x768-1.jpeg\" target=\"_blank\" rel=\"noreferrer noopener\"><img loading=\"lazy\" decoding=\"async\" width=\"1024\" height=\"768\" src=\"https:\/\/tedenloesopreis.nl\/wp-content\/uploads\/2023\/12\/IMG_5218-1024x768-1.jpeg\" alt=\"\" class=\"wp-image-10693\" srcset=\"https:\/\/tedenloesopreis.nl\/wp-content\/uploads\/2023\/12\/IMG_5218-1024x768-1.jpeg 1024w, https:\/\/tedenloesopreis.nl\/wp-content\/uploads\/2023\/12\/IMG_5218-1024x768-1-300x225.jpeg 300w, https:\/\/tedenloesopreis.nl\/wp-content\/uploads\/2023\/12\/IMG_5218-1024x768-1-768x576.jpeg 768w\" sizes=\"auto, (max-width: 1024px) 100vw, 1024px\" \/><\/a><figcaption class=\"wp-element-caption\"><em>de vesting van Karlsborg<\/em><\/figcaption><\/figure>\n<\/div>\n<\/div>\n\n\n\n<div class=\"wp-block-columns is-layout-flex wp-container-core-columns-is-layout-9d6595d7 wp-block-columns-is-layout-flex\">\n<div class=\"wp-block-column is-layout-flow wp-block-column-is-layout-flow\">\n<figure class=\"wp-block-image size-full\"><a href=\"https:\/\/tedenloesopreis.nl\/wp-content\/uploads\/2023\/12\/IMG_5219-1024x768-1.jpeg\" target=\"_blank\" rel=\"noreferrer noopener\"><img loading=\"lazy\" decoding=\"async\" width=\"1024\" height=\"768\" src=\"https:\/\/tedenloesopreis.nl\/wp-content\/uploads\/2023\/12\/IMG_5219-1024x768-1.jpeg\" alt=\"\" class=\"wp-image-10694\" srcset=\"https:\/\/tedenloesopreis.nl\/wp-content\/uploads\/2023\/12\/IMG_5219-1024x768-1.jpeg 1024w, https:\/\/tedenloesopreis.nl\/wp-content\/uploads\/2023\/12\/IMG_5219-1024x768-1-300x225.jpeg 300w, https:\/\/tedenloesopreis.nl\/wp-content\/uploads\/2023\/12\/IMG_5219-1024x768-1-768x576.jpeg 768w\" sizes=\"auto, (max-width: 1024px) 100vw, 1024px\" \/><\/a><figcaption class=\"wp-element-caption\"><em>de vesting van Karlsborg<\/em><\/figcaption><\/figure>\n<\/div>\n\n\n\n<div class=\"wp-block-column is-layout-flow wp-block-column-is-layout-flow\">\n<figure class=\"wp-block-image size-full\"><a href=\"https:\/\/tedenloesopreis.nl\/wp-content\/uploads\/2023\/12\/IMG_5221-1024x768-1.jpeg\" target=\"_blank\" rel=\"noreferrer noopener\"><img loading=\"lazy\" decoding=\"async\" width=\"1024\" height=\"768\" src=\"https:\/\/tedenloesopreis.nl\/wp-content\/uploads\/2023\/12\/IMG_5221-1024x768-1.jpeg\" alt=\"\" class=\"wp-image-10695\" srcset=\"https:\/\/tedenloesopreis.nl\/wp-content\/uploads\/2023\/12\/IMG_5221-1024x768-1.jpeg 1024w, https:\/\/tedenloesopreis.nl\/wp-content\/uploads\/2023\/12\/IMG_5221-1024x768-1-300x225.jpeg 300w, https:\/\/tedenloesopreis.nl\/wp-content\/uploads\/2023\/12\/IMG_5221-1024x768-1-768x576.jpeg 768w\" sizes=\"auto, (max-width: 1024px) 100vw, 1024px\" \/><\/a><figcaption class=\"wp-element-caption\"><em>de vesting van Karlsborg<\/em><\/figcaption><\/figure>\n<\/div>\n\n\n\n<div class=\"wp-block-column is-layout-flow wp-block-column-is-layout-flow\">\n<figure class=\"wp-block-image size-full\"><a href=\"https:\/\/tedenloesopreis.nl\/wp-content\/uploads\/2023\/12\/IMG_5222-1024x768-1.jpeg\" target=\"_blank\" rel=\"noreferrer noopener\"><img loading=\"lazy\" decoding=\"async\" width=\"1024\" height=\"768\" src=\"https:\/\/tedenloesopreis.nl\/wp-content\/uploads\/2023\/12\/IMG_5222-1024x768-1.jpeg\" alt=\"\" class=\"wp-image-10696\" srcset=\"https:\/\/tedenloesopreis.nl\/wp-content\/uploads\/2023\/12\/IMG_5222-1024x768-1.jpeg 1024w, https:\/\/tedenloesopreis.nl\/wp-content\/uploads\/2023\/12\/IMG_5222-1024x768-1-300x225.jpeg 300w, https:\/\/tedenloesopreis.nl\/wp-content\/uploads\/2023\/12\/IMG_5222-1024x768-1-768x576.jpeg 768w\" sizes=\"auto, (max-width: 1024px) 100vw, 1024px\" \/><\/a><figcaption class=\"wp-element-caption\"><em>de vesting van Karlsborg<\/em><\/figcaption><\/figure>\n<\/div>\n<\/div>\n\n\n\n<div class=\"wp-block-columns is-layout-flex wp-container-core-columns-is-layout-9d6595d7 wp-block-columns-is-layout-flex\">\n<div class=\"wp-block-column is-layout-flow wp-block-column-is-layout-flow\" style=\"flex-basis:33.33%\"><\/div>\n\n\n\n<div class=\"wp-block-column is-layout-flow wp-block-column-is-layout-flow\" style=\"flex-basis:66.66%\">\n<p>Vanaf 12:00 uur regent het min of meer onophoudelijk, met af en toe een flinke klap onweer. Het blijft zo tot maandag, eind van de middag. Tot die tijd doen we het maar rustig aan.&nbsp;<\/p>\n<\/div>\n<\/div>\n\n\n\n<div style=\"height:35px\" aria-hidden=\"true\" class=\"wp-block-spacer\"><\/div>\n\n\n\n<div class=\"wp-block-columns is-layout-flex wp-container-core-columns-is-layout-9d6595d7 wp-block-columns-is-layout-flex\">\n<div class=\"wp-block-column is-layout-flow wp-block-column-is-layout-flow\">\n<p class=\"has-orange-background-color has-background\" id=\"dag40\"><\/p>\n<\/div>\n<\/div>\n\n\n\n<div class=\"wp-block-columns is-layout-flex wp-container-core-columns-is-layout-9d6595d7 wp-block-columns-is-layout-flex\">\n<div class=\"wp-block-column is-layout-flow wp-block-column-is-layout-flow\" style=\"flex-basis:33.33%\">\n<p><a href=\"#titel\">top<\/a><\/p>\n<\/div>\n\n\n\n<div class=\"wp-block-column is-layout-flow wp-block-column-is-layout-flow\" style=\"flex-basis:66.66%\">\n<p><strong>AAN DE ANDERE KANT<\/strong><br>dag 40 &nbsp; &nbsp; &nbsp; zo 28 augustus 2022<br><a href=\"https:\/\/www.google.com\/maps\/d\/viewer?mid=1KQ0gBbXOe7wWmcGsoDq0J9FLx4A4fGw&amp;ll=58.76240345935735%2C14.882351330217812&amp;z=9\" target=\"_blank\" rel=\"noreferrer noopener\">Karlsborg \u2013 Borensberg<\/a>&nbsp;&nbsp; &nbsp; &nbsp; 106 km<\/p>\n<\/div>\n<\/div>\n\n\n\n<div style=\"height:20px\" aria-hidden=\"true\" class=\"wp-block-spacer\"><\/div>\n\n\n\n<div class=\"wp-block-columns is-layout-flex wp-container-core-columns-is-layout-9d6595d7 wp-block-columns-is-layout-flex\">\n<div class=\"wp-block-column is-layout-flow wp-block-column-is-layout-flow\" style=\"flex-basis:33.33%\">\n<figure class=\"wp-block-image size-full\"><a href=\"https:\/\/tedenloesopreis.nl\/wp-content\/uploads\/2023\/12\/IMG_9980-1024x768-1.jpeg\" target=\"_blank\" rel=\"noreferrer noopener\"><img loading=\"lazy\" decoding=\"async\" width=\"1024\" height=\"768\" src=\"https:\/\/tedenloesopreis.nl\/wp-content\/uploads\/2023\/12\/IMG_9980-1024x768-1.jpeg\" alt=\"\" class=\"wp-image-10698\" srcset=\"https:\/\/tedenloesopreis.nl\/wp-content\/uploads\/2023\/12\/IMG_9980-1024x768-1.jpeg 1024w, https:\/\/tedenloesopreis.nl\/wp-content\/uploads\/2023\/12\/IMG_9980-1024x768-1-300x225.jpeg 300w, https:\/\/tedenloesopreis.nl\/wp-content\/uploads\/2023\/12\/IMG_9980-1024x768-1-768x576.jpeg 768w\" sizes=\"auto, (max-width: 1024px) 100vw, 1024px\" \/><\/a><figcaption class=\"wp-element-caption\"><em>de&nbsp;camping&nbsp;van Borensberg<\/em><\/figcaption><\/figure>\n<\/div>\n\n\n\n<div class=\"wp-block-column is-layout-flow wp-block-column-is-layout-flow\" style=\"flex-basis:66.66%\">\n<p>Zijn we aanvankelijk van plan om vandaag de regen in Karlsborg \u201cuit te zitten\u201d, bij nader inzien lijkt het ons logischer om een regendag te gebruiken als verplaatsingsdag. We rijden naar de andere kant van het V\u00e4ttern, naar het plaatsje Borensberg. Vanaf hier zijn fietstochten te maken langs het G\u00f6ta-kanaal.<\/p>\n\n\n\n<p>We staan op de&nbsp;<a href=\"https:\/\/www.campercontact.com\/nl\/zweden\/ostergotlands-lan\/borensberg\/64614\/strandbadets-camping\" target=\"_blank\" rel=\"noreferrer noopener\">camping<\/a>&nbsp;van Borensberg. Nu maar afwachten of het weer voor morgen beter is dan dat van vandaag. Er wordt veel regen voorspeld, maar zowel Buienradar als Weeronline zitten er voor Zweden regelmatig behoorlijk naast.<\/p>\n\n\n\n<p>Het blijft trouwens elke keer weer slikken als je hier gaat tanken. Niet alleen is diesel in Zweden flink wat duurder dan Euro-95, in dit deel van Zweden hebben de tankstations blijkbaar prijsafspraken gemaakt, want je betaalt overal 255,9 kronen per liter diesel. Dat is ongeveer \u20ac2,50 per liter. Dat is flink wat meer dan in Noord-Finland (\u20ac1,99) of in Noord-Zweden (\u20ac2,18).<\/p>\n<\/div>\n<\/div>\n\n\n\n<div style=\"height:35px\" aria-hidden=\"true\" class=\"wp-block-spacer\"><\/div>\n\n\n\n<div class=\"wp-block-columns is-layout-flex wp-container-core-columns-is-layout-9d6595d7 wp-block-columns-is-layout-flex\">\n<div class=\"wp-block-column is-layout-flow wp-block-column-is-layout-flow\">\n<p class=\"has-orange-background-color has-background\" id=\"dag41\"><\/p>\n<\/div>\n<\/div>\n\n\n\n<div class=\"wp-block-columns is-layout-flex wp-container-core-columns-is-layout-9d6595d7 wp-block-columns-is-layout-flex\">\n<div class=\"wp-block-column is-layout-flow wp-block-column-is-layout-flow\" style=\"flex-basis:33.33%\">\n<p><a href=\"#titel\">top<\/a><\/p>\n<\/div>\n\n\n\n<div class=\"wp-block-column is-layout-flow wp-block-column-is-layout-flow\" style=\"flex-basis:66.66%\">\n<p><strong>HET ZOU REGENEN. NIET DUS.<\/strong><br>dag 41 &nbsp; &nbsp; &nbsp; ma 29 augustus 2022<br>Borensberg &nbsp; &nbsp; &nbsp; 0 km<\/p>\n<\/div>\n<\/div>\n\n\n\n<div style=\"height:20px\" aria-hidden=\"true\" class=\"wp-block-spacer\"><\/div>\n\n\n\n<div class=\"wp-block-columns is-layout-flex wp-container-core-columns-is-layout-9d6595d7 wp-block-columns-is-layout-flex\">\n<div class=\"wp-block-column is-layout-flow wp-block-column-is-layout-flow\" style=\"flex-basis:33.33%\"><\/div>\n\n\n\n<div class=\"wp-block-column is-layout-flow wp-block-column-is-layout-flow\" style=\"flex-basis:66.66%\">\n<p>Volgens de weersvoorspellingen regent het vanmiddag stevig. Daarom gaan we vandaag niet fietsen. Als blijkt dat de voorspellingen niet kloppen, is het te laat om nog te vertrekken. We gaan nog wel naar het dorp voor wat boodschappen, en&nbsp;we gaan nog even kijken bij de plaatselijke sluis in het G\u00f6ta-kanaal.<\/p>\n<\/div>\n<\/div>\n\n\n\n<div class=\"wp-block-columns is-layout-flex wp-container-core-columns-is-layout-9d6595d7 wp-block-columns-is-layout-flex\">\n<div class=\"wp-block-column is-layout-flow wp-block-column-is-layout-flow\"><\/div>\n\n\n\n<div class=\"wp-block-column is-layout-flow wp-block-column-is-layout-flow\">\n<figure class=\"wp-block-image size-full\"><a href=\"https:\/\/tedenloesopreis.nl\/wp-content\/uploads\/2023\/12\/IMG_5230-1024x768-1.jpeg\" target=\"_blank\" rel=\"noreferrer noopener\"><img loading=\"lazy\" decoding=\"async\" width=\"1024\" height=\"768\" src=\"https:\/\/tedenloesopreis.nl\/wp-content\/uploads\/2023\/12\/IMG_5230-1024x768-1.jpeg\" alt=\"\" class=\"wp-image-10700\" srcset=\"https:\/\/tedenloesopreis.nl\/wp-content\/uploads\/2023\/12\/IMG_5230-1024x768-1.jpeg 1024w, https:\/\/tedenloesopreis.nl\/wp-content\/uploads\/2023\/12\/IMG_5230-1024x768-1-300x225.jpeg 300w, https:\/\/tedenloesopreis.nl\/wp-content\/uploads\/2023\/12\/IMG_5230-1024x768-1-768x576.jpeg 768w\" sizes=\"auto, (max-width: 1024px) 100vw, 1024px\" \/><\/a><figcaption class=\"wp-element-caption\"><em>de camping van Borensberg<\/em><\/figcaption><\/figure>\n<\/div>\n\n\n\n<div class=\"wp-block-column is-layout-flow wp-block-column-is-layout-flow\">\n<figure class=\"wp-block-image size-full\"><a href=\"https:\/\/tedenloesopreis.nl\/wp-content\/uploads\/2023\/12\/IMG_5232-1024x768-1.jpeg\" target=\"_blank\" rel=\"noreferrer noopener\"><img loading=\"lazy\" decoding=\"async\" width=\"1024\" height=\"768\" src=\"https:\/\/tedenloesopreis.nl\/wp-content\/uploads\/2023\/12\/IMG_5232-1024x768-1.jpeg\" alt=\"\" class=\"wp-image-10701\" srcset=\"https:\/\/tedenloesopreis.nl\/wp-content\/uploads\/2023\/12\/IMG_5232-1024x768-1.jpeg 1024w, https:\/\/tedenloesopreis.nl\/wp-content\/uploads\/2023\/12\/IMG_5232-1024x768-1-300x225.jpeg 300w, https:\/\/tedenloesopreis.nl\/wp-content\/uploads\/2023\/12\/IMG_5232-1024x768-1-768x576.jpeg 768w\" sizes=\"auto, (max-width: 1024px) 100vw, 1024px\" \/><\/a><figcaption class=\"wp-element-caption\"><em>de camping van Borensberg<\/em><\/figcaption><\/figure>\n<\/div>\n<\/div>\n\n\n\n<div style=\"height:35px\" aria-hidden=\"true\" class=\"wp-block-spacer\"><\/div>\n\n\n\n<div class=\"wp-block-columns is-layout-flex wp-container-core-columns-is-layout-9d6595d7 wp-block-columns-is-layout-flex\">\n<div class=\"wp-block-column is-layout-flow wp-block-column-is-layout-flow\">\n<p class=\"has-orange-background-color has-background\" id=\"dag42\"><\/p>\n<\/div>\n<\/div>\n\n\n\n<div class=\"wp-block-columns is-layout-flex wp-container-core-columns-is-layout-9d6595d7 wp-block-columns-is-layout-flex\">\n<div class=\"wp-block-column is-layout-flow wp-block-column-is-layout-flow\" style=\"flex-basis:33.33%\">\n<p><a href=\"#titel\">top<\/a><\/p>\n<\/div>\n\n\n\n<div class=\"wp-block-column is-layout-flow wp-block-column-is-layout-flow\" style=\"flex-basis:66.66%\">\n<p><strong>LANGS HET G\u00d6TA-KANAAL<\/strong><br>dag 42 &nbsp; &nbsp; &nbsp; di 30 augustus 2022<br>Borensberg &nbsp; &nbsp; &nbsp; 0 km<\/p>\n<\/div>\n<\/div>\n\n\n\n<div style=\"height:20px\" aria-hidden=\"true\" class=\"wp-block-spacer\"><\/div>\n\n\n\n<div class=\"wp-block-columns is-layout-flex wp-container-core-columns-is-layout-9d6595d7 wp-block-columns-is-layout-flex\">\n<div class=\"wp-block-column is-layout-flow wp-block-column-is-layout-flow\" style=\"flex-basis:33.33%\"><\/div>\n\n\n\n<div class=\"wp-block-column is-layout-flow wp-block-column-is-layout-flow\" style=\"flex-basis:66.66%\">\n<p>We fietsen vandaag heerlijk langs het G\u00f6ta-kanaal. Fietsen over het jaagpad heeft maar \u00e9\u00e9n bezwaar. Je moet er ook op de terugweg over rijden. Er is nl. geen jaagpad aan de overzijde van het kanaal, en er zijn al helemaal geen andere fietspaden in de buurt.&nbsp;<\/p>\n\n\n\n<p>We zien onderweg 2 boten en 3 bruggetjes. Die bruggetjes zijn bijzonder, want ze worden niet gehesen of gedraaid, maar \u201copengerold\u201d. In gesloten toestand (gesloten voor varend verkeer) ligt het brugdek voor iets meer dan 50% op een van de oevers, op wielen. Moet de brug worden geopend, dan rollen de wielen de hele brug op het droge.&nbsp;<\/p>\n\n\n\n<p>Morgen beginnen we aan de terugweg. Dat doen we, in een rustig tempo, via Kalmar, Karlskrona, Ystad en Haderslev, tenminste, dat is momenteel het plan. Hoe we van Haderslev naar huis rijden, dat zien we op het laatste moment. Dat hangt af van de wachttijden voor het Elbe-veer van Gl\u00fcckstadt naar Wischhafen en van de werkzaamheden rond Hamburg en Bremen.<\/p>\n<\/div>\n<\/div>\n\n\n\n<div class=\"wp-block-columns is-layout-flex wp-container-core-columns-is-layout-9d6595d7 wp-block-columns-is-layout-flex\">\n<div class=\"wp-block-column is-layout-flow wp-block-column-is-layout-flow\">\n<figure class=\"wp-block-image size-full\"><a href=\"https:\/\/tedenloesopreis.nl\/wp-content\/uploads\/2023\/12\/IMG_5237-1-1024x768-1.jpeg\" target=\"_blank\" rel=\"noreferrer noopener\"><img loading=\"lazy\" decoding=\"async\" width=\"1024\" height=\"768\" src=\"https:\/\/tedenloesopreis.nl\/wp-content\/uploads\/2023\/12\/IMG_5237-1-1024x768-1.jpeg\" alt=\"\" class=\"wp-image-10703\" srcset=\"https:\/\/tedenloesopreis.nl\/wp-content\/uploads\/2023\/12\/IMG_5237-1-1024x768-1.jpeg 1024w, https:\/\/tedenloesopreis.nl\/wp-content\/uploads\/2023\/12\/IMG_5237-1-1024x768-1-300x225.jpeg 300w, https:\/\/tedenloesopreis.nl\/wp-content\/uploads\/2023\/12\/IMG_5237-1-1024x768-1-768x576.jpeg 768w\" sizes=\"auto, (max-width: 1024px) 100vw, 1024px\" \/><\/a><figcaption class=\"wp-element-caption\"><em>langs het G\u00f6ta-kanaal<\/em><\/figcaption><\/figure>\n<\/div>\n\n\n\n<div class=\"wp-block-column is-layout-flow wp-block-column-is-layout-flow\">\n<figure class=\"wp-block-image size-full\"><a href=\"https:\/\/tedenloesopreis.nl\/wp-content\/uploads\/2023\/12\/IMG_5244-1-1024x768-1.jpeg\" target=\"_blank\" rel=\"noreferrer noopener\"><img loading=\"lazy\" decoding=\"async\" width=\"1024\" height=\"768\" src=\"https:\/\/tedenloesopreis.nl\/wp-content\/uploads\/2023\/12\/IMG_5244-1-1024x768-1.jpeg\" alt=\"\" class=\"wp-image-10704\" srcset=\"https:\/\/tedenloesopreis.nl\/wp-content\/uploads\/2023\/12\/IMG_5244-1-1024x768-1.jpeg 1024w, https:\/\/tedenloesopreis.nl\/wp-content\/uploads\/2023\/12\/IMG_5244-1-1024x768-1-300x225.jpeg 300w, https:\/\/tedenloesopreis.nl\/wp-content\/uploads\/2023\/12\/IMG_5244-1-1024x768-1-768x576.jpeg 768w\" sizes=\"auto, (max-width: 1024px) 100vw, 1024px\" \/><\/a><figcaption class=\"wp-element-caption\"><em>we zien twee boten onderweg<\/em><\/figcaption><\/figure>\n<\/div>\n\n\n\n<div class=\"wp-block-column is-layout-flow wp-block-column-is-layout-flow\">\n<figure class=\"wp-block-image size-full\"><a href=\"https:\/\/tedenloesopreis.nl\/wp-content\/uploads\/2023\/12\/IMG_5246-1-1024x768-1.jpeg\" target=\"_blank\" rel=\"noreferrer noopener\"><img loading=\"lazy\" decoding=\"async\" width=\"1024\" height=\"768\" src=\"https:\/\/tedenloesopreis.nl\/wp-content\/uploads\/2023\/12\/IMG_5246-1-1024x768-1.jpeg\" alt=\"\" class=\"wp-image-10705\" srcset=\"https:\/\/tedenloesopreis.nl\/wp-content\/uploads\/2023\/12\/IMG_5246-1-1024x768-1.jpeg 1024w, https:\/\/tedenloesopreis.nl\/wp-content\/uploads\/2023\/12\/IMG_5246-1-1024x768-1-300x225.jpeg 300w, https:\/\/tedenloesopreis.nl\/wp-content\/uploads\/2023\/12\/IMG_5246-1-1024x768-1-768x576.jpeg 768w\" sizes=\"auto, (max-width: 1024px) 100vw, 1024px\" \/><\/a><figcaption class=\"wp-element-caption\"><em>en drie bijzondere rolbruggetjes<\/em><\/figcaption><\/figure>\n<\/div>\n<\/div>\n\n\n\n<div style=\"height:35px\" aria-hidden=\"true\" class=\"wp-block-spacer\"><\/div>\n\n\n\n<div class=\"wp-block-columns is-layout-flex wp-container-core-columns-is-layout-9d6595d7 wp-block-columns-is-layout-flex\">\n<div class=\"wp-block-column is-layout-flow wp-block-column-is-layout-flow\">\n<p class=\"has-orange-background-color has-background\" id=\"dag43\"><\/p>\n<\/div>\n<\/div>\n\n\n\n<div class=\"wp-block-columns is-layout-flex wp-container-core-columns-is-layout-9d6595d7 wp-block-columns-is-layout-flex\">\n<div class=\"wp-block-column is-layout-flow wp-block-column-is-layout-flow\" style=\"flex-basis:33.33%\">\n<p><a href=\"#titel\">top<\/a><\/p>\n<\/div>\n\n\n\n<div class=\"wp-block-column is-layout-flow wp-block-column-is-layout-flow\" style=\"flex-basis:66.66%\">\n<p><strong>VIA BERG NAAR KALMAR<\/strong><br>dag 43 &nbsp; &nbsp; &nbsp; wo 31 augustus 2022<br><a href=\"https:\/\/www.google.com\/maps\/d\/viewer?mid=1O60aONPRsBe1pLBzq4UIdz0UACc4ErE&amp;ll=57.57530577553456%2C15.533333582190071&amp;z=6\" target=\"_blank\" rel=\"noreferrer noopener\">Borensberg \u2013 L\u00e4ckeby<\/a>&nbsp;&nbsp; &nbsp; &nbsp; 249 km<\/p>\n<\/div>\n<\/div>\n\n\n\n<div style=\"height:20px\" aria-hidden=\"true\" class=\"wp-block-spacer\"><\/div>\n\n\n\n<div class=\"wp-block-columns is-layout-flex wp-container-core-columns-is-layout-9d6595d7 wp-block-columns-is-layout-flex\">\n<div class=\"wp-block-column is-layout-flow wp-block-column-is-layout-flow\" style=\"flex-basis:33.33%\"><\/div>\n\n\n\n<div class=\"wp-block-column is-layout-flow wp-block-column-is-layout-flow\" style=\"flex-basis:66.66%\">\n<p>Een modale rit van 249 km brengt ons in de buurt van Kalmar.<br><br>Vanochtend nemen we eerst een kijkje bij de sluizen van Berg. Daar mondt het G\u00f6ta-kanaal uit in het Roxen-meer (om aan de andere kant van het meer weer vrolijk verder te gaan richting Oostzee). Met 10 sluizen wordt er een flink hoogteverschil overbrugd: de sluizen 1 t\/m 7 vormen de sluizentrap van Berg. De sluizen 8 en 9 liggen aan de andere kant van de haven van Berg. Nog iets verder ligt sluis 10. Het is duidelijk dat het vakantieseizoen in Zweden nu wel voorbij is, zowel op het land \u2013 de parkeerplaats was bijna helemaal leeg \u2013 als op het water \u2013 er was geen boot te bekennen.<\/p>\n<\/div>\n<\/div>\n\n\n\n<div class=\"wp-block-columns is-layout-flex wp-container-core-columns-is-layout-9d6595d7 wp-block-columns-is-layout-flex\">\n<div class=\"wp-block-column is-layout-flow wp-block-column-is-layout-flow\">\n<figure class=\"wp-block-image size-full\"><a href=\"https:\/\/tedenloesopreis.nl\/wp-content\/uploads\/2023\/12\/IMG_5253-1024x768-1.jpeg\" target=\"_blank\" rel=\"noreferrer noopener\"><img loading=\"lazy\" decoding=\"async\" width=\"1024\" height=\"768\" src=\"https:\/\/tedenloesopreis.nl\/wp-content\/uploads\/2023\/12\/IMG_5253-1024x768-1.jpeg\" alt=\"\" class=\"wp-image-10707\" srcset=\"https:\/\/tedenloesopreis.nl\/wp-content\/uploads\/2023\/12\/IMG_5253-1024x768-1.jpeg 1024w, https:\/\/tedenloesopreis.nl\/wp-content\/uploads\/2023\/12\/IMG_5253-1024x768-1-300x225.jpeg 300w, https:\/\/tedenloesopreis.nl\/wp-content\/uploads\/2023\/12\/IMG_5253-1024x768-1-768x576.jpeg 768w\" sizes=\"auto, (max-width: 1024px) 100vw, 1024px\" \/><\/a><figcaption class=\"wp-element-caption\"><em>sluis 7<\/em><\/figcaption><\/figure>\n<\/div>\n\n\n\n<div class=\"wp-block-column is-layout-flow wp-block-column-is-layout-flow\">\n<figure class=\"wp-block-image size-full\"><a href=\"https:\/\/tedenloesopreis.nl\/wp-content\/uploads\/2023\/12\/IMG_5255-1024x768-1.jpeg\" target=\"_blank\" rel=\"noreferrer noopener\"><img loading=\"lazy\" decoding=\"async\" width=\"1024\" height=\"768\" src=\"https:\/\/tedenloesopreis.nl\/wp-content\/uploads\/2023\/12\/IMG_5255-1024x768-1.jpeg\" alt=\"\" class=\"wp-image-10708\" srcset=\"https:\/\/tedenloesopreis.nl\/wp-content\/uploads\/2023\/12\/IMG_5255-1024x768-1.jpeg 1024w, https:\/\/tedenloesopreis.nl\/wp-content\/uploads\/2023\/12\/IMG_5255-1024x768-1-300x225.jpeg 300w, https:\/\/tedenloesopreis.nl\/wp-content\/uploads\/2023\/12\/IMG_5255-1024x768-1-768x576.jpeg 768w\" sizes=\"auto, (max-width: 1024px) 100vw, 1024px\" \/><\/a><figcaption class=\"wp-element-caption\"><em>sluis 1 t\/m 6 vanuit sluis 7<\/em><\/figcaption><\/figure>\n<\/div>\n\n\n\n<div class=\"wp-block-column is-layout-flow wp-block-column-is-layout-flow\">\n<figure class=\"wp-block-image size-full\"><a href=\"https:\/\/tedenloesopreis.nl\/wp-content\/uploads\/2023\/12\/IMG_5256-1024x768-1.jpeg\" target=\"_blank\" rel=\"noreferrer noopener\"><img loading=\"lazy\" decoding=\"async\" width=\"1024\" height=\"768\" src=\"https:\/\/tedenloesopreis.nl\/wp-content\/uploads\/2023\/12\/IMG_5256-1024x768-1.jpeg\" alt=\"\" class=\"wp-image-10709\" srcset=\"https:\/\/tedenloesopreis.nl\/wp-content\/uploads\/2023\/12\/IMG_5256-1024x768-1.jpeg 1024w, https:\/\/tedenloesopreis.nl\/wp-content\/uploads\/2023\/12\/IMG_5256-1024x768-1-300x225.jpeg 300w, https:\/\/tedenloesopreis.nl\/wp-content\/uploads\/2023\/12\/IMG_5256-1024x768-1-768x576.jpeg 768w\" sizes=\"auto, (max-width: 1024px) 100vw, 1024px\" \/><\/a><figcaption class=\"wp-element-caption\"><em>sluizen 8 en 9 vanuit sluis 7<\/em><\/figcaption><\/figure>\n<\/div>\n<\/div>\n\n\n\n<div class=\"wp-block-columns is-layout-flex wp-container-core-columns-is-layout-9d6595d7 wp-block-columns-is-layout-flex\">\n<div class=\"wp-block-column is-layout-flow wp-block-column-is-layout-flow\" style=\"flex-basis:33.33%\"><\/div>\n\n\n\n<div class=\"wp-block-column is-layout-flow wp-block-column-is-layout-flow\" style=\"flex-basis:66.66%\">\n<p>Via weg \u201c34\u201d, en een klein stukje over de E22, &nbsp;rijden we vervolgens richting Kalmar. We staan op een&nbsp;<a href=\"https:\/\/www.campercontact.com\/nl\/zweden\/kalmar-lan\/lackeby\/65673\/kalmar-camping-rafshagsudden\" target=\"_blank\" rel=\"noreferrer noopener\">camping<\/a>&nbsp;in L\u00e4ckeby\/Rafshagen. We kiezen niet voor de camping of voor een van de camperplaatsen in Kalmar zelf. Die hebben nogal matige reviews. We rijden morgenvroeg met de buzz naar Kalmar, zetten deze op een camperplaats, halen de fietsen van het rek, en gaan Kalmar verkennen. In de loop van de middag rijden we dan verder naar Karlskrona.<\/p>\n<\/div>\n<\/div>\n\n\n\n<div class=\"wp-block-columns is-layout-flex wp-container-core-columns-is-layout-9d6595d7 wp-block-columns-is-layout-flex\">\n<div class=\"wp-block-column is-layout-flow wp-block-column-is-layout-flow\"><\/div>\n\n\n\n<div class=\"wp-block-column is-layout-flow wp-block-column-is-layout-flow\">\n<figure class=\"wp-block-image size-full\"><a href=\"https:\/\/tedenloesopreis.nl\/wp-content\/uploads\/2023\/12\/IMG_5267-1024x768-1.jpeg\" target=\"_blank\" rel=\"noreferrer noopener\"><img loading=\"lazy\" decoding=\"async\" width=\"1024\" height=\"768\" src=\"https:\/\/tedenloesopreis.nl\/wp-content\/uploads\/2023\/12\/IMG_5267-1024x768-1.jpeg\" alt=\"\" class=\"wp-image-10711\" srcset=\"https:\/\/tedenloesopreis.nl\/wp-content\/uploads\/2023\/12\/IMG_5267-1024x768-1.jpeg 1024w, https:\/\/tedenloesopreis.nl\/wp-content\/uploads\/2023\/12\/IMG_5267-1024x768-1-300x225.jpeg 300w, https:\/\/tedenloesopreis.nl\/wp-content\/uploads\/2023\/12\/IMG_5267-1024x768-1-768x576.jpeg 768w\" sizes=\"auto, (max-width: 1024px) 100vw, 1024px\" \/><\/a><figcaption class=\"wp-element-caption\"><em>de camping in L\u00e4ckeby\/Rafshagen<\/em><\/figcaption><\/figure>\n<\/div>\n\n\n\n<div class=\"wp-block-column is-layout-flow wp-block-column-is-layout-flow\"><\/div>\n<\/div>\n\n\n\n<div style=\"height:35px\" aria-hidden=\"true\" class=\"wp-block-spacer\"><\/div>\n\n\n\n<div class=\"wp-block-columns is-layout-flex wp-container-core-columns-is-layout-9d6595d7 wp-block-columns-is-layout-flex\">\n<div class=\"wp-block-column is-layout-flow wp-block-column-is-layout-flow\">\n<p class=\"has-orange-background-color has-background\" id=\"dag44\"><\/p>\n<\/div>\n<\/div>\n\n\n\n<div class=\"wp-block-columns is-layout-flex wp-container-core-columns-is-layout-9d6595d7 wp-block-columns-is-layout-flex\">\n<div class=\"wp-block-column is-layout-flow wp-block-column-is-layout-flow\" style=\"flex-basis:33.33%\">\n<p><a href=\"#titel\">top<\/a><\/p>\n<\/div>\n\n\n\n<div class=\"wp-block-column is-layout-flow wp-block-column-is-layout-flow\" style=\"flex-basis:66.66%\">\n<p><strong>VIA KALMAR NAAR KARLSKRONA<\/strong><br>dag 44 &nbsp; &nbsp;   do 01 september 2022<br><a href=\"https:\/\/www.google.com\/maps\/d\/viewer?mid=1CcU28554fvQstrZ0JXTu2jLFsSQiOpk&amp;ll=56.61362401072399%2C16.339818220227336&amp;z=8\" target=\"_blank\" rel=\"noreferrer noopener\">L\u00e4ckeby \u2013 Kalmar \u2013 Karlskrona<\/a>&nbsp;&nbsp; &nbsp;107 km<\/p>\n<\/div>\n<\/div>\n\n\n\n<div style=\"height:20px\" aria-hidden=\"true\" class=\"wp-block-spacer\"><\/div>\n\n\n\n<div class=\"wp-block-columns is-layout-flex wp-container-core-columns-is-layout-9d6595d7 wp-block-columns-is-layout-flex\">\n<div class=\"wp-block-column is-layout-flow wp-block-column-is-layout-flow\" style=\"flex-basis:33.33%\"><\/div>\n\n\n\n<div class=\"wp-block-column is-layout-flow wp-block-column-is-layout-flow\" style=\"flex-basis:66.66%\">\n<p>Zoals gepland, rijden we vanochtend eerst naar Kalmar. We zetten de buzz op een parkeerplaats (24 uur voor \u20ac0,98, kom daar in Nederland nog maar eens om), halen de fietsen van het rek, en fietsen naar de stad.<\/p>\n\n\n\n<p>Kalmar heeft een gezellig, hier en daar historisch, centrum. D\u00e9 trekpleister is het slot van Kalmar. Dat ligt bijzonder fraai en indrukwekkend op een eilandje, vrij ver buiten het centrum. De wijk rondom het slot was vroeger het centrum van Kalmar, tot om onduidelijke redenen rond 1600 werd besloten om het centrum te verplaatsen naar de huidige positie. Het gebied rond het slot werd een buitenwijk met kleine houten huisjes. Om eerlijk te zijn, dat vinden wij het prettigste gedeelte van de stad.<\/p>\n<\/div>\n<\/div>\n\n\n\n<div class=\"wp-block-columns is-layout-flex wp-container-core-columns-is-layout-9d6595d7 wp-block-columns-is-layout-flex\">\n<div class=\"wp-block-column is-layout-flow wp-block-column-is-layout-flow\">\n<figure class=\"wp-block-image size-full\"><a href=\"https:\/\/tedenloesopreis.nl\/wp-content\/uploads\/2023\/12\/IMG_5270-1024x768-1.jpeg\" target=\"_blank\" rel=\"noreferrer noopener\"><img loading=\"lazy\" decoding=\"async\" width=\"1024\" height=\"768\" src=\"https:\/\/tedenloesopreis.nl\/wp-content\/uploads\/2023\/12\/IMG_5270-1024x768-1.jpeg\" alt=\"\" class=\"wp-image-10713\" srcset=\"https:\/\/tedenloesopreis.nl\/wp-content\/uploads\/2023\/12\/IMG_5270-1024x768-1.jpeg 1024w, https:\/\/tedenloesopreis.nl\/wp-content\/uploads\/2023\/12\/IMG_5270-1024x768-1-300x225.jpeg 300w, https:\/\/tedenloesopreis.nl\/wp-content\/uploads\/2023\/12\/IMG_5270-1024x768-1-768x576.jpeg 768w\" sizes=\"auto, (max-width: 1024px) 100vw, 1024px\" \/><\/a><figcaption class=\"wp-element-caption\"><em>de Dom van Kalmar<\/em><\/figcaption><\/figure>\n<\/div>\n\n\n\n<div class=\"wp-block-column is-layout-flow wp-block-column-is-layout-flow\">\n<figure class=\"wp-block-image size-full\"><a href=\"https:\/\/tedenloesopreis.nl\/wp-content\/uploads\/2023\/12\/IMG_5275-1-1024x768-1.jpeg\" target=\"_blank\" rel=\"noreferrer noopener\"><img loading=\"lazy\" decoding=\"async\" width=\"1024\" height=\"768\" src=\"https:\/\/tedenloesopreis.nl\/wp-content\/uploads\/2023\/12\/IMG_5275-1-1024x768-1.jpeg\" alt=\"\" class=\"wp-image-10714\" srcset=\"https:\/\/tedenloesopreis.nl\/wp-content\/uploads\/2023\/12\/IMG_5275-1-1024x768-1.jpeg 1024w, https:\/\/tedenloesopreis.nl\/wp-content\/uploads\/2023\/12\/IMG_5275-1-1024x768-1-300x225.jpeg 300w, https:\/\/tedenloesopreis.nl\/wp-content\/uploads\/2023\/12\/IMG_5275-1-1024x768-1-768x576.jpeg 768w\" sizes=\"auto, (max-width: 1024px) 100vw, 1024px\" \/><\/a><figcaption class=\"wp-element-caption\"><em>het slot van Kalmar, waterkant<\/em><\/figcaption><\/figure>\n<\/div>\n\n\n\n<div class=\"wp-block-column is-layout-flow wp-block-column-is-layout-flow\">\n<figure class=\"wp-block-image size-full\"><a href=\"https:\/\/tedenloesopreis.nl\/wp-content\/uploads\/2023\/12\/IMG_5276-1-1024x768-1.jpeg\" target=\"_blank\" rel=\"noreferrer noopener\"><img loading=\"lazy\" decoding=\"async\" width=\"1024\" height=\"768\" src=\"https:\/\/tedenloesopreis.nl\/wp-content\/uploads\/2023\/12\/IMG_5276-1-1024x768-1.jpeg\" alt=\"\" class=\"wp-image-10715\" srcset=\"https:\/\/tedenloesopreis.nl\/wp-content\/uploads\/2023\/12\/IMG_5276-1-1024x768-1.jpeg 1024w, https:\/\/tedenloesopreis.nl\/wp-content\/uploads\/2023\/12\/IMG_5276-1-1024x768-1-300x225.jpeg 300w, https:\/\/tedenloesopreis.nl\/wp-content\/uploads\/2023\/12\/IMG_5276-1-1024x768-1-768x576.jpeg 768w\" sizes=\"auto, (max-width: 1024px) 100vw, 1024px\" \/><\/a><figcaption class=\"wp-element-caption\"><em>het slot van Kalmar, landkant<\/em><\/figcaption><\/figure>\n<\/div>\n<\/div>\n\n\n\n<div class=\"wp-block-columns is-layout-flex wp-container-core-columns-is-layout-9d6595d7 wp-block-columns-is-layout-flex\">\n<div class=\"wp-block-column is-layout-flow wp-block-column-is-layout-flow\"><\/div>\n\n\n\n<div class=\"wp-block-column is-layout-flow wp-block-column-is-layout-flow\">\n<figure class=\"wp-block-image size-full\"><a href=\"https:\/\/tedenloesopreis.nl\/wp-content\/uploads\/2023\/12\/IMG_5280-1024x768-1.jpeg\" target=\"_blank\" rel=\"noreferrer noopener\"><img loading=\"lazy\" decoding=\"async\" width=\"1024\" height=\"768\" src=\"https:\/\/tedenloesopreis.nl\/wp-content\/uploads\/2023\/12\/IMG_5280-1024x768-1.jpeg\" alt=\"\" class=\"wp-image-10716\" srcset=\"https:\/\/tedenloesopreis.nl\/wp-content\/uploads\/2023\/12\/IMG_5280-1024x768-1.jpeg 1024w, https:\/\/tedenloesopreis.nl\/wp-content\/uploads\/2023\/12\/IMG_5280-1024x768-1-300x225.jpeg 300w, https:\/\/tedenloesopreis.nl\/wp-content\/uploads\/2023\/12\/IMG_5280-1024x768-1-768x576.jpeg 768w\" sizes=\"auto, (max-width: 1024px) 100vw, 1024px\" \/><\/a><figcaption class=\"wp-element-caption\"><em>het slot van Kalmar, binnenplein<\/em><\/figcaption><\/figure>\n<\/div>\n\n\n\n<div class=\"wp-block-column is-layout-flow wp-block-column-is-layout-flow\">\n<figure class=\"wp-block-image size-full\"><a href=\"https:\/\/tedenloesopreis.nl\/wp-content\/uploads\/2023\/12\/IMG_5283-1024x768-1.jpeg\" target=\"_blank\" rel=\"noreferrer noopener\"><img loading=\"lazy\" decoding=\"async\" width=\"1024\" height=\"768\" src=\"https:\/\/tedenloesopreis.nl\/wp-content\/uploads\/2023\/12\/IMG_5283-1024x768-1.jpeg\" alt=\"\" class=\"wp-image-10717\" srcset=\"https:\/\/tedenloesopreis.nl\/wp-content\/uploads\/2023\/12\/IMG_5283-1024x768-1.jpeg 1024w, https:\/\/tedenloesopreis.nl\/wp-content\/uploads\/2023\/12\/IMG_5283-1024x768-1-300x225.jpeg 300w, https:\/\/tedenloesopreis.nl\/wp-content\/uploads\/2023\/12\/IMG_5283-1024x768-1-768x576.jpeg 768w\" sizes=\"auto, (max-width: 1024px) 100vw, 1024px\" \/><\/a><figcaption class=\"wp-element-caption\"><em>oude houten huizen in het oude centrum van Kalmar<\/em><\/figcaption><\/figure>\n<\/div>\n<\/div>\n\n\n\n<div class=\"wp-block-columns is-layout-flex wp-container-core-columns-is-layout-9d6595d7 wp-block-columns-is-layout-flex\">\n<div class=\"wp-block-column is-layout-flow wp-block-column-is-layout-flow\" style=\"flex-basis:33.33%\">\n<figure class=\"wp-block-image size-full\"><a href=\"https:\/\/tedenloesopreis.nl\/wp-content\/uploads\/2023\/12\/IMG_5288-1024x768-1.jpeg\" target=\"_blank\" rel=\"noreferrer noopener\"><img loading=\"lazy\" decoding=\"async\" width=\"1024\" height=\"768\" src=\"https:\/\/tedenloesopreis.nl\/wp-content\/uploads\/2023\/12\/IMG_5288-1024x768-1.jpeg\" alt=\"\" class=\"wp-image-10718\" srcset=\"https:\/\/tedenloesopreis.nl\/wp-content\/uploads\/2023\/12\/IMG_5288-1024x768-1.jpeg 1024w, https:\/\/tedenloesopreis.nl\/wp-content\/uploads\/2023\/12\/IMG_5288-1024x768-1-300x225.jpeg 300w, https:\/\/tedenloesopreis.nl\/wp-content\/uploads\/2023\/12\/IMG_5288-1024x768-1-768x576.jpeg 768w\" sizes=\"auto, (max-width: 1024px) 100vw, 1024px\" \/><\/a><figcaption class=\"wp-element-caption\"><em>de camping in Karlskrona<\/em><\/figcaption><\/figure>\n<\/div>\n\n\n\n<div class=\"wp-block-column is-layout-flow wp-block-column-is-layout-flow\" style=\"flex-basis:66.66%\">\n<p>In de loop van de middag rijden we een kleine 100 km verder naar het zuiden. We staan nu op een&nbsp;<a href=\"https:\/\/www.campercontact.com\/nl\/zweden\/blekinge-lan\/karlskrona\/78594\/dragso-camping-stugby\" target=\"_blank\" rel=\"noreferrer noopener\">camping<\/a>&nbsp;in Karlskrona, sinds 1680 de marinebasis van Zweden. We gaan morgen een kijkje nemen in de stad.<\/p>\n<\/div>\n<\/div>\n\n\n\n<div style=\"height:36px\" aria-hidden=\"true\" class=\"wp-block-spacer\"><\/div>\n\n\n\n<div class=\"wp-block-columns is-layout-flex wp-container-core-columns-is-layout-9d6595d7 wp-block-columns-is-layout-flex\">\n<div class=\"wp-block-column is-layout-flow wp-block-column-is-layout-flow\">\n<p class=\"has-orange-background-color has-background\" id=\"dag45\"><\/p>\n<\/div>\n<\/div>\n\n\n\n<div class=\"wp-block-columns is-layout-flex wp-container-core-columns-is-layout-9d6595d7 wp-block-columns-is-layout-flex\">\n<div class=\"wp-block-column is-layout-flow wp-block-column-is-layout-flow\" style=\"flex-basis:33.33%\">\n<p><a href=\"#titel\">top<\/a><\/p>\n<\/div>\n\n\n\n<div class=\"wp-block-column is-layout-flow wp-block-column-is-layout-flow\" style=\"flex-basis:66.66%\">\n<p><strong>GEMIEZER EN FALUN-ROOD<\/strong><br>dag 45 &nbsp; &nbsp; &nbsp; vr 02 september 2022<br>Karlskrona &nbsp; &nbsp; &nbsp; 0 km<\/p>\n<\/div>\n<\/div>\n\n\n\n<div style=\"height:20px\" aria-hidden=\"true\" class=\"wp-block-spacer\"><\/div>\n\n\n\n<div class=\"wp-block-columns is-layout-flex wp-container-core-columns-is-layout-9d6595d7 wp-block-columns-is-layout-flex\">\n<div class=\"wp-block-column is-layout-flow wp-block-column-is-layout-flow\" style=\"flex-basis:33.33%\"><\/div>\n\n\n\n<div class=\"wp-block-column is-layout-flow wp-block-column-is-layout-flow\" style=\"flex-basis:66.66%\">\n<p>Als we vanochtend opstaan, miezert het. Het gemiezer stopt om 09:00, begint weer om 09:30, stopt weer om 10:00, begint weer om 10:30, enz.. We laten de fietsen maar op het fietsenrek staan. Tegen het einde van de middag komt er hier en daar een beetje blauw tussen de grijze wolken, en maken we maar een kleine wandeling naar en door Br\u00e4ndaholm, een schiereilandje aan het eilandje Drags\u00f6, waarop onze camping ligt. Br\u00e4ndaholm bestaat uit een verzameling typisch Zweedse plattelandshuisjes, allemaal geschilderd in de al even typische kleur Falun-rood.<\/p>\n\n\n\n<p>Het is jammer, dat we Karlskrona niet hebben bezocht. Dat doen we morgenvroeg wel met de Buzz.<\/p>\n<\/div>\n<\/div>\n\n\n\n<div class=\"wp-block-columns is-layout-flex wp-container-core-columns-is-layout-9d6595d7 wp-block-columns-is-layout-flex\">\n<div class=\"wp-block-column is-layout-flow wp-block-column-is-layout-flow\">\n<figure class=\"wp-block-image size-full\"><a href=\"https:\/\/tedenloesopreis.nl\/wp-content\/uploads\/2023\/12\/IMG_5292-1024x768-1.jpeg\" target=\"_blank\" rel=\"noreferrer noopener\"><img loading=\"lazy\" decoding=\"async\" width=\"1024\" height=\"768\" src=\"https:\/\/tedenloesopreis.nl\/wp-content\/uploads\/2023\/12\/IMG_5292-1024x768-1.jpeg\" alt=\"\" class=\"wp-image-10720\" srcset=\"https:\/\/tedenloesopreis.nl\/wp-content\/uploads\/2023\/12\/IMG_5292-1024x768-1.jpeg 1024w, https:\/\/tedenloesopreis.nl\/wp-content\/uploads\/2023\/12\/IMG_5292-1024x768-1-300x225.jpeg 300w, https:\/\/tedenloesopreis.nl\/wp-content\/uploads\/2023\/12\/IMG_5292-1024x768-1-768x576.jpeg 768w\" sizes=\"auto, (max-width: 1024px) 100vw, 1024px\" \/><\/a><figcaption class=\"wp-element-caption\"><em>Br\u00e4ndaholm<\/em><\/figcaption><\/figure>\n<\/div>\n\n\n\n<div class=\"wp-block-column is-layout-flow wp-block-column-is-layout-flow\">\n<figure class=\"wp-block-image size-full\"><a href=\"https:\/\/tedenloesopreis.nl\/wp-content\/uploads\/2023\/12\/IMG_5294-1024x768-1.jpeg\" target=\"_blank\" rel=\"noreferrer noopener\"><img loading=\"lazy\" decoding=\"async\" width=\"1024\" height=\"768\" src=\"https:\/\/tedenloesopreis.nl\/wp-content\/uploads\/2023\/12\/IMG_5294-1024x768-1.jpeg\" alt=\"\" class=\"wp-image-10721\" srcset=\"https:\/\/tedenloesopreis.nl\/wp-content\/uploads\/2023\/12\/IMG_5294-1024x768-1.jpeg 1024w, https:\/\/tedenloesopreis.nl\/wp-content\/uploads\/2023\/12\/IMG_5294-1024x768-1-300x225.jpeg 300w, https:\/\/tedenloesopreis.nl\/wp-content\/uploads\/2023\/12\/IMG_5294-1024x768-1-768x576.jpeg 768w\" sizes=\"auto, (max-width: 1024px) 100vw, 1024px\" \/><\/a><figcaption class=\"wp-element-caption\"><em>Br\u00e4ndaholm<\/em><\/figcaption><\/figure>\n<\/div>\n\n\n\n<div class=\"wp-block-column is-layout-flow wp-block-column-is-layout-flow\">\n<figure class=\"wp-block-image size-full\"><a href=\"https:\/\/tedenloesopreis.nl\/wp-content\/uploads\/2023\/12\/IMG_5300-1024x768-1.jpeg\" target=\"_blank\" rel=\"noreferrer noopener\"><img loading=\"lazy\" decoding=\"async\" width=\"1024\" height=\"768\" src=\"https:\/\/tedenloesopreis.nl\/wp-content\/uploads\/2023\/12\/IMG_5300-1024x768-1.jpeg\" alt=\"\" class=\"wp-image-10722\" srcset=\"https:\/\/tedenloesopreis.nl\/wp-content\/uploads\/2023\/12\/IMG_5300-1024x768-1.jpeg 1024w, https:\/\/tedenloesopreis.nl\/wp-content\/uploads\/2023\/12\/IMG_5300-1024x768-1-300x225.jpeg 300w, https:\/\/tedenloesopreis.nl\/wp-content\/uploads\/2023\/12\/IMG_5300-1024x768-1-768x576.jpeg 768w\" sizes=\"auto, (max-width: 1024px) 100vw, 1024px\" \/><\/a><figcaption class=\"wp-element-caption\"><em>Br\u00e4ndaholm<\/em><\/figcaption><\/figure>\n<\/div>\n<\/div>\n\n\n\n<div style=\"height:35px\" aria-hidden=\"true\" class=\"wp-block-spacer\"><\/div>\n\n\n\n<div class=\"wp-block-columns is-layout-flex wp-container-core-columns-is-layout-9d6595d7 wp-block-columns-is-layout-flex\">\n<div class=\"wp-block-column is-layout-flow wp-block-column-is-layout-flow\">\n<p class=\"has-orange-background-color has-background\" id=\"dag46\"><\/p>\n<\/div>\n<\/div>\n\n\n\n<div class=\"wp-block-columns is-layout-flex wp-container-core-columns-is-layout-9d6595d7 wp-block-columns-is-layout-flex\">\n<div class=\"wp-block-column is-layout-flow wp-block-column-is-layout-flow\" style=\"flex-basis:33.33%\">\n<p><a href=\"#titel\">top<\/a><\/p>\n<\/div>\n\n\n\n<div class=\"wp-block-column is-layout-flow wp-block-column-is-layout-flow\" style=\"flex-basis:66.66%\">\n<p><strong>TWEEMAAL SCHEEPSRECHT<\/strong><br>dag 46 &nbsp; &nbsp; &nbsp; za 03 september 2022<br><a href=\"https:\/\/www.google.com\/maps\/d\/viewer?mid=1MdpIBBxcfBx0-Xxx3xNYoLkpkQnoQYU&amp;ll=56.06143770484836%2C14.652301251351687&amp;z=8\" target=\"_blank\" rel=\"noreferrer noopener\">Karlskrona \u2013 Ystad<\/a>&nbsp;&nbsp; &nbsp; &nbsp; 205 km<\/p>\n<\/div>\n<\/div>\n\n\n\n<div style=\"height:20px\" aria-hidden=\"true\" class=\"wp-block-spacer\"><\/div>\n\n\n\n<div class=\"wp-block-columns is-layout-flex wp-container-core-columns-is-layout-9d6595d7 wp-block-columns-is-layout-flex\">\n<div class=\"wp-block-column is-layout-flow wp-block-column-is-layout-flow\" style=\"flex-basis:33.33%\">\n<figure class=\"wp-block-image size-full\"><a href=\"https:\/\/tedenloesopreis.nl\/wp-content\/uploads\/2023\/12\/IMG_5313-1-1024x768-1.jpeg\" target=\"_blank\" rel=\"noreferrer noopener\"><img loading=\"lazy\" decoding=\"async\" width=\"1024\" height=\"768\" src=\"https:\/\/tedenloesopreis.nl\/wp-content\/uploads\/2023\/12\/IMG_5313-1-1024x768-1.jpeg\" alt=\"\" class=\"wp-image-10724\" srcset=\"https:\/\/tedenloesopreis.nl\/wp-content\/uploads\/2023\/12\/IMG_5313-1-1024x768-1.jpeg 1024w, https:\/\/tedenloesopreis.nl\/wp-content\/uploads\/2023\/12\/IMG_5313-1-1024x768-1-300x225.jpeg 300w, https:\/\/tedenloesopreis.nl\/wp-content\/uploads\/2023\/12\/IMG_5313-1-1024x768-1-768x576.jpeg 768w\" sizes=\"auto, (max-width: 1024px) 100vw, 1024px\" \/><\/a><figcaption class=\"wp-element-caption\"><em>Ystad: de camperplaats<\/em><\/figcaption><\/figure>\n<\/div>\n\n\n\n<div class=\"wp-block-column is-layout-flow wp-block-column-is-layout-flow\" style=\"flex-basis:66.66%\">\n<p>In 2018, toen we voor de eerste keer naar de Noordkaap gingen, hebben we in Ystad overnacht op de camperplaats bij de jachthaven. Aan die jachthaven is een visrestaurant dat plaatselijk goed scoort. Toen we daar destijds wilden gaan eten, bleek het restaurant op maandag gesloten.<\/p>\n\n\n\n<p>Omdat het maar een kleine zijsprong is tussen Karlskrona en Malm\u00f6, besluiten we om dit jaar nog een keer naar de&nbsp;<a href=\"https:\/\/www.campercontact.com\/nl\/zweden\/skane-lan\/ystad\/30420\/ystads-marina\" target=\"_blank\" rel=\"noreferrer noopener\">camperplaats<\/a>&nbsp;in Ystad te gaan. Op zondagen is het restaurant immers w\u00e9l geopend. Wat blijkt echter: voor het restaurant is de herfst al aangebroken. Het is \u201cclosed for the season\u201d, alleen weet hun website dat nog niet. Er zit niets anders op, dan dat we nog een keer teruggaan naar Ystad.<\/p>\n\n\n\n<p id=\"ystad\">Vanavond zijn we iets verderop aan de haven een hapje gaan eten. Daarna zijn we nog even Ystad ingefietst. Een lieflijk stadje met een pitoresk centrum met vrij veel oude vakwerkhuizen en behoorlijk wat baksteengotiek, maar dat wisten we al van het vorige bezoek.<\/p>\n<\/div>\n<\/div>\n\n\n\n<div class=\"wp-block-columns is-layout-flex wp-container-core-columns-is-layout-9d6595d7 wp-block-columns-is-layout-flex\">\n<div class=\"wp-block-column is-layout-flow wp-block-column-is-layout-flow\"><\/div>\n\n\n\n<div class=\"wp-block-column is-layout-flow wp-block-column-is-layout-flow\">\n<figure class=\"wp-block-image size-full\"><a href=\"https:\/\/tedenloesopreis.nl\/wp-content\/uploads\/2023\/12\/IMG_5311-1-1024x768-1.jpeg\" target=\"_blank\" rel=\"noreferrer noopener\"><img loading=\"lazy\" decoding=\"async\" width=\"1024\" height=\"768\" src=\"https:\/\/tedenloesopreis.nl\/wp-content\/uploads\/2023\/12\/IMG_5311-1-1024x768-1.jpeg\" alt=\"\" class=\"wp-image-10725\" srcset=\"https:\/\/tedenloesopreis.nl\/wp-content\/uploads\/2023\/12\/IMG_5311-1-1024x768-1.jpeg 1024w, https:\/\/tedenloesopreis.nl\/wp-content\/uploads\/2023\/12\/IMG_5311-1-1024x768-1-300x225.jpeg 300w, https:\/\/tedenloesopreis.nl\/wp-content\/uploads\/2023\/12\/IMG_5311-1-1024x768-1-768x576.jpeg 768w\" sizes=\"auto, (max-width: 1024px) 100vw, 1024px\" \/><\/a><figcaption class=\"wp-element-caption\"><em>Ystad: de Markt<\/em><\/figcaption><\/figure>\n<\/div>\n\n\n\n<div class=\"wp-block-column is-layout-flow wp-block-column-is-layout-flow\">\n<figure class=\"wp-block-image size-full\"><a href=\"https:\/\/tedenloesopreis.nl\/wp-content\/uploads\/2023\/12\/IMG_5310-1-1024x768-1.jpeg\" target=\"_blank\" rel=\"noreferrer noopener\"><img loading=\"lazy\" decoding=\"async\" width=\"1024\" height=\"768\" src=\"https:\/\/tedenloesopreis.nl\/wp-content\/uploads\/2023\/12\/IMG_5310-1-1024x768-1.jpeg\" alt=\"\" class=\"wp-image-10726\" srcset=\"https:\/\/tedenloesopreis.nl\/wp-content\/uploads\/2023\/12\/IMG_5310-1-1024x768-1.jpeg 1024w, https:\/\/tedenloesopreis.nl\/wp-content\/uploads\/2023\/12\/IMG_5310-1-1024x768-1-300x225.jpeg 300w, https:\/\/tedenloesopreis.nl\/wp-content\/uploads\/2023\/12\/IMG_5310-1-1024x768-1-768x576.jpeg 768w\" sizes=\"auto, (max-width: 1024px) 100vw, 1024px\" \/><\/a><figcaption class=\"wp-element-caption\"><em>Ystad: vakwerkhuizen en baksteengotiek<\/em><\/figcaption><\/figure>\n<\/div>\n<\/div>\n\n\n\n<div class=\"wp-block-columns is-layout-flex wp-container-core-columns-is-layout-9d6595d7 wp-block-columns-is-layout-flex\">\n<div class=\"wp-block-column is-layout-flow wp-block-column-is-layout-flow\" style=\"flex-basis:33.33%\"><\/div>\n\n\n\n<div class=\"wp-block-column is-layout-flow wp-block-column-is-layout-flow\" style=\"flex-basis:66.66%\">\n<p id=\"karlskrona\">Vanochtend gaan we met de buzz eerst nog even naar Karlskrona. Er zijn wat barokgebouwen, maar lang niet genoeg om het predikaat \u201ceen echte barokstad\u201d te verdienen. Het marinekwartier is hermetisch afgesloten.&nbsp;<\/p>\n\n\n\n<p>Een afscheidscadeautje is er ook. Vanuit Karlskrona hebben we een mooi uitzicht op Br\u00e4ndaholm. We snappen nu, waarom dat groepje huizen zo vaak wordt gebruikt voor ansichtkaarten.<\/p>\n<\/div>\n<\/div>\n\n\n\n<div class=\"wp-block-columns is-layout-flex wp-container-core-columns-is-layout-9d6595d7 wp-block-columns-is-layout-flex\">\n<div class=\"wp-block-column is-layout-flow wp-block-column-is-layout-flow\">\n<figure class=\"wp-block-image size-full\"><a href=\"https:\/\/tedenloesopreis.nl\/wp-content\/uploads\/2023\/12\/IMG_5302-1024x768-1.jpeg\" target=\"_blank\" rel=\"noreferrer noopener\"><img loading=\"lazy\" decoding=\"async\" width=\"1024\" height=\"768\" src=\"https:\/\/tedenloesopreis.nl\/wp-content\/uploads\/2023\/12\/IMG_5302-1024x768-1.jpeg\" alt=\"\" class=\"wp-image-10727\" srcset=\"https:\/\/tedenloesopreis.nl\/wp-content\/uploads\/2023\/12\/IMG_5302-1024x768-1.jpeg 1024w, https:\/\/tedenloesopreis.nl\/wp-content\/uploads\/2023\/12\/IMG_5302-1024x768-1-300x225.jpeg 300w, https:\/\/tedenloesopreis.nl\/wp-content\/uploads\/2023\/12\/IMG_5302-1024x768-1-768x576.jpeg 768w\" sizes=\"auto, (max-width: 1024px) 100vw, 1024px\" \/><\/a><figcaption class=\"wp-element-caption\"><em>Karlskrona, Markt met Frederikskerk<\/em><\/figcaption><\/figure>\n<\/div>\n\n\n\n<div class=\"wp-block-column is-layout-flow wp-block-column-is-layout-flow\">\n<figure class=\"wp-block-image size-full\"><a href=\"https:\/\/tedenloesopreis.nl\/wp-content\/uploads\/2023\/12\/IMG_5301-1024x768-1.jpeg\" target=\"_blank\" rel=\"noreferrer noopener\"><img loading=\"lazy\" decoding=\"async\" width=\"1024\" height=\"768\" src=\"https:\/\/tedenloesopreis.nl\/wp-content\/uploads\/2023\/12\/IMG_5301-1024x768-1.jpeg\" alt=\"\" class=\"wp-image-10728\" srcset=\"https:\/\/tedenloesopreis.nl\/wp-content\/uploads\/2023\/12\/IMG_5301-1024x768-1.jpeg 1024w, https:\/\/tedenloesopreis.nl\/wp-content\/uploads\/2023\/12\/IMG_5301-1024x768-1-300x225.jpeg 300w, https:\/\/tedenloesopreis.nl\/wp-content\/uploads\/2023\/12\/IMG_5301-1024x768-1-768x576.jpeg 768w\" sizes=\"auto, (max-width: 1024px) 100vw, 1024px\" \/><\/a><figcaption class=\"wp-element-caption\"><em>Karlskrona: Drievoudigheidskerk<\/em><\/figcaption><\/figure>\n<\/div>\n\n\n\n<div class=\"wp-block-column is-layout-flow wp-block-column-is-layout-flow\">\n<figure class=\"wp-block-image size-full\"><a href=\"https:\/\/tedenloesopreis.nl\/wp-content\/uploads\/2023\/12\/brandaholm-2-1024x683-1.jpeg\" target=\"_blank\" rel=\"noreferrer noopener\"><img loading=\"lazy\" decoding=\"async\" width=\"1024\" height=\"683\" src=\"https:\/\/tedenloesopreis.nl\/wp-content\/uploads\/2023\/12\/brandaholm-2-1024x683-1.jpeg\" alt=\"\" class=\"wp-image-10729\" srcset=\"https:\/\/tedenloesopreis.nl\/wp-content\/uploads\/2023\/12\/brandaholm-2-1024x683-1.jpeg 1024w, https:\/\/tedenloesopreis.nl\/wp-content\/uploads\/2023\/12\/brandaholm-2-1024x683-1-300x200.jpeg 300w, https:\/\/tedenloesopreis.nl\/wp-content\/uploads\/2023\/12\/brandaholm-2-1024x683-1-768x512.jpeg 768w\" sizes=\"auto, (max-width: 1024px) 100vw, 1024px\" \/><\/a><figcaption class=\"wp-element-caption\"><em>gezicht op Br\u00e4ndaholm<\/em><\/figcaption><\/figure>\n<\/div>\n<\/div>\n\n\n\n<div style=\"height:36px\" aria-hidden=\"true\" class=\"wp-block-spacer\"><\/div>\n\n\n\n<div class=\"wp-block-columns is-layout-flex wp-container-core-columns-is-layout-9d6595d7 wp-block-columns-is-layout-flex\">\n<div class=\"wp-block-column is-layout-flow wp-block-column-is-layout-flow\">\n<p class=\"has-orange-background-color has-background\" id=\"dag47\"><\/p>\n<\/div>\n<\/div>\n\n\n\n<div class=\"wp-block-columns is-layout-flex wp-container-core-columns-is-layout-9d6595d7 wp-block-columns-is-layout-flex\">\n<div class=\"wp-block-column is-layout-flow wp-block-column-is-layout-flow\" style=\"flex-basis:33.33%\">\n<p><a href=\"#titel\">top<\/a><\/p>\n<\/div>\n\n\n\n<div class=\"wp-block-column is-layout-flow wp-block-column-is-layout-flow\" style=\"flex-basis:66.66%\">\n<p><strong>HET RONDJE IS ROND<\/strong><br>dag 47 &nbsp;  &nbsp; &nbsp;zo 04 september 2022<br><a href=\"https:\/\/www.google.com\/maps\/d\/viewer?mid=19kMNB9SHRP6GSYvv9qU7zXQRql0gzzk&amp;ll=55.54627354074493%2C11.42513582050527&amp;z=8\" target=\"_blank\" rel=\"noreferrer noopener\">Ystad \u2013 Haderslev<\/a>&nbsp;&nbsp; &nbsp;  &nbsp;345 km<\/p>\n<\/div>\n<\/div>\n\n\n\n<div style=\"height:20px\" aria-hidden=\"true\" class=\"wp-block-spacer\"><\/div>\n\n\n\n<div class=\"wp-block-columns is-layout-flex wp-container-core-columns-is-layout-9d6595d7 wp-block-columns-is-layout-flex\">\n<div class=\"wp-block-column is-layout-flow wp-block-column-is-layout-flow\" style=\"flex-basis:33.33%\"><\/div>\n\n\n\n<div class=\"wp-block-column is-layout-flow wp-block-column-is-layout-flow\" style=\"flex-basis:66.66%\">\n<p id=\"bruggenterug\">Op 22 juli reden we langs Malm\u00f6. Nu, 44 dagen later, zijn we daar weer. Het Scandinavisch rondje (6959 km, 31 campings\/camperplaatsen) is dus voltooid.<br><br>Het begin van de rit van vandaag gaat door het typische landschap van Sk\u00e5ne, dat de graanschuur van Zweden wordt genoemd. Overal zie je de gele graanstoppelvelden, en hier en daar een boerderij, natuurlijk in Falun-rood.<br><br>Na Sk\u00e5ne komen de drie grote bruggen. Vooral bij de \u00d8resundbrug is het bijzonder helder. Vanaf de Zweedse kant kun je Kopenhagen goed zien liggen.<\/p>\n\n\n\n<p>Na 345 km komen we aan bij een&nbsp;<a href=\"https:\/\/www.campercontact.com\/nl\/denemarken\/haderslev\/12578\/danhostel-haderslev-vandrerhjem-campingplads\" target=\"_blank\" rel=\"noreferrer noopener\">camping<\/a>&nbsp;in Haderslev, op Jutland.&nbsp;&nbsp;&nbsp;Morgen houden we hier nog een rustdag. Resten ons daarna nog 2 etappes naar huis.<\/p>\n<\/div>\n<\/div>\n\n\n\n<div class=\"wp-block-columns is-layout-flex wp-container-core-columns-is-layout-9d6595d7 wp-block-columns-is-layout-flex\">\n<div class=\"wp-block-column is-layout-flow wp-block-column-is-layout-flow\">\n<figure class=\"wp-block-image size-full\"><a href=\"https:\/\/tedenloesopreis.nl\/wp-content\/uploads\/2023\/12\/IMG_5319-1024x768-1.jpeg\" target=\"_blank\" rel=\"noreferrer noopener\"><img loading=\"lazy\" decoding=\"async\" width=\"1024\" height=\"768\" src=\"https:\/\/tedenloesopreis.nl\/wp-content\/uploads\/2023\/12\/IMG_5319-1024x768-1.jpeg\" alt=\"\" class=\"wp-image-10731\" srcset=\"https:\/\/tedenloesopreis.nl\/wp-content\/uploads\/2023\/12\/IMG_5319-1024x768-1.jpeg 1024w, https:\/\/tedenloesopreis.nl\/wp-content\/uploads\/2023\/12\/IMG_5319-1024x768-1-300x225.jpeg 300w, https:\/\/tedenloesopreis.nl\/wp-content\/uploads\/2023\/12\/IMG_5319-1024x768-1-768x576.jpeg 768w\" sizes=\"auto, (max-width: 1024px) 100vw, 1024px\" \/><\/a><figcaption class=\"wp-element-caption\"><em>het landschap van Sk\u00e5ne<\/em><\/figcaption><\/figure>\n<\/div>\n\n\n\n<div class=\"wp-block-column is-layout-flow wp-block-column-is-layout-flow\">\n<figure class=\"wp-block-image size-full\"><a href=\"https:\/\/tedenloesopreis.nl\/wp-content\/uploads\/2023\/12\/IMG_5328-1024x768-1.jpeg\" target=\"_blank\" rel=\"noreferrer noopener\"><img loading=\"lazy\" decoding=\"async\" width=\"1024\" height=\"768\" src=\"https:\/\/tedenloesopreis.nl\/wp-content\/uploads\/2023\/12\/IMG_5328-1024x768-1.jpeg\" alt=\"\" class=\"wp-image-10732\" srcset=\"https:\/\/tedenloesopreis.nl\/wp-content\/uploads\/2023\/12\/IMG_5328-1024x768-1.jpeg 1024w, https:\/\/tedenloesopreis.nl\/wp-content\/uploads\/2023\/12\/IMG_5328-1024x768-1-300x225.jpeg 300w, https:\/\/tedenloesopreis.nl\/wp-content\/uploads\/2023\/12\/IMG_5328-1024x768-1-768x576.jpeg 768w\" sizes=\"auto, (max-width: 1024px) 100vw, 1024px\" \/><\/a><figcaption class=\"wp-element-caption\"><em>helder zicht op Kopenhagen vanaf de Oresundbrug<\/em><\/figcaption><\/figure>\n<\/div>\n\n\n\n<div class=\"wp-block-column is-layout-flow wp-block-column-is-layout-flow\">\n<figure class=\"wp-block-image size-full\"><a href=\"https:\/\/tedenloesopreis.nl\/wp-content\/uploads\/2023\/12\/IMG_5341-768x1024-1.jpeg\" target=\"_blank\" rel=\"noreferrer noopener\"><img loading=\"lazy\" decoding=\"async\" width=\"768\" height=\"1024\" src=\"https:\/\/tedenloesopreis.nl\/wp-content\/uploads\/2023\/12\/IMG_5341-768x1024-1.jpeg\" alt=\"\" class=\"wp-image-10733\" srcset=\"https:\/\/tedenloesopreis.nl\/wp-content\/uploads\/2023\/12\/IMG_5341-768x1024-1.jpeg 768w, https:\/\/tedenloesopreis.nl\/wp-content\/uploads\/2023\/12\/IMG_5341-768x1024-1-225x300.jpeg 225w\" sizes=\"auto, (max-width: 768px) 100vw, 768px\" \/><\/a><figcaption class=\"wp-element-caption\"><em>op de Storeb\u00e6ltbrug<\/em><\/figcaption><\/figure>\n<\/div>\n<\/div>\n\n\n\n<div class=\"wp-block-columns is-layout-flex wp-container-core-columns-is-layout-9d6595d7 wp-block-columns-is-layout-flex\">\n<div class=\"wp-block-column is-layout-flow wp-block-column-is-layout-flow\">\n<figure class=\"wp-block-image size-full\"><a href=\"https:\/\/tedenloesopreis.nl\/wp-content\/uploads\/2023\/12\/IMG_5346-1024x768-1.jpeg\" target=\"_blank\" rel=\"noreferrer noopener\"><img loading=\"lazy\" decoding=\"async\" width=\"1024\" height=\"768\" src=\"https:\/\/tedenloesopreis.nl\/wp-content\/uploads\/2023\/12\/IMG_5346-1024x768-1.jpeg\" alt=\"\" class=\"wp-image-10734\" srcset=\"https:\/\/tedenloesopreis.nl\/wp-content\/uploads\/2023\/12\/IMG_5346-1024x768-1.jpeg 1024w, https:\/\/tedenloesopreis.nl\/wp-content\/uploads\/2023\/12\/IMG_5346-1024x768-1-300x225.jpeg 300w, https:\/\/tedenloesopreis.nl\/wp-content\/uploads\/2023\/12\/IMG_5346-1024x768-1-768x576.jpeg 768w\" sizes=\"auto, (max-width: 1024px) 100vw, 1024px\" \/><\/a><figcaption class=\"wp-element-caption\"><em>op de Storeb\u00e6ltbrug<\/em><\/figcaption><\/figure>\n<\/div>\n\n\n\n<div class=\"wp-block-column is-layout-flow wp-block-column-is-layout-flow\">\n<figure class=\"wp-block-image size-full\"><a href=\"https:\/\/tedenloesopreis.nl\/wp-content\/uploads\/2023\/12\/IMG_5349-1024x768-1.jpeg\" target=\"_blank\" rel=\"noreferrer noopener\"><img loading=\"lazy\" decoding=\"async\" width=\"1024\" height=\"768\" src=\"https:\/\/tedenloesopreis.nl\/wp-content\/uploads\/2023\/12\/IMG_5349-1024x768-1.jpeg\" alt=\"\" class=\"wp-image-10735\" srcset=\"https:\/\/tedenloesopreis.nl\/wp-content\/uploads\/2023\/12\/IMG_5349-1024x768-1.jpeg 1024w, https:\/\/tedenloesopreis.nl\/wp-content\/uploads\/2023\/12\/IMG_5349-1024x768-1-300x225.jpeg 300w, https:\/\/tedenloesopreis.nl\/wp-content\/uploads\/2023\/12\/IMG_5349-1024x768-1-768x576.jpeg 768w\" sizes=\"auto, (max-width: 1024px) 100vw, 1024px\" \/><\/a><figcaption class=\"wp-element-caption\"><em>de Lilleb\u00e6lt<\/em><\/figcaption><\/figure>\n<\/div>\n\n\n\n<div class=\"wp-block-column is-layout-flow wp-block-column-is-layout-flow\">\n<figure class=\"wp-block-image size-full\"><a href=\"https:\/\/tedenloesopreis.nl\/wp-content\/uploads\/2023\/12\/IMG_5350-1024x768-1.jpeg\" target=\"_blank\" rel=\"noreferrer noopener\"><img loading=\"lazy\" decoding=\"async\" width=\"1024\" height=\"768\" src=\"https:\/\/tedenloesopreis.nl\/wp-content\/uploads\/2023\/12\/IMG_5350-1024x768-1.jpeg\" alt=\"\" class=\"wp-image-10736\" srcset=\"https:\/\/tedenloesopreis.nl\/wp-content\/uploads\/2023\/12\/IMG_5350-1024x768-1.jpeg 1024w, https:\/\/tedenloesopreis.nl\/wp-content\/uploads\/2023\/12\/IMG_5350-1024x768-1-300x225.jpeg 300w, https:\/\/tedenloesopreis.nl\/wp-content\/uploads\/2023\/12\/IMG_5350-1024x768-1-768x576.jpeg 768w\" sizes=\"auto, (max-width: 1024px) 100vw, 1024px\" \/><\/a><figcaption class=\"wp-element-caption\"><em>de camping in Haderslev<\/em><\/figcaption><\/figure>\n<\/div>\n<\/div>\n\n\n\n<div style=\"height:35px\" aria-hidden=\"true\" class=\"wp-block-spacer\"><\/div>\n\n\n\n<div class=\"wp-block-columns is-layout-flex wp-container-core-columns-is-layout-9d6595d7 wp-block-columns-is-layout-flex\">\n<div class=\"wp-block-column is-layout-flow wp-block-column-is-layout-flow\">\n<p class=\"has-orange-background-color has-background\" id=\"dag48\"><\/p>\n<\/div>\n<\/div>\n\n\n\n<div class=\"wp-block-columns is-layout-flex wp-container-core-columns-is-layout-9d6595d7 wp-block-columns-is-layout-flex\">\n<div class=\"wp-block-column is-layout-flow wp-block-column-is-layout-flow\" style=\"flex-basis:33.33%\">\n<p><a href=\"#titel\">top<\/a><\/p>\n<\/div>\n\n\n\n<div class=\"wp-block-column is-layout-flow wp-block-column-is-layout-flow\" style=\"flex-basis:66.66%\">\n<p><strong>RUSTDAG IN HADERSLEV<\/strong><br>dag 48 &nbsp;  &nbsp; &nbsp;ma 05 september 2022<br>Haderslev &nbsp; &nbsp;&nbsp; &nbsp;0 km<\/p>\n<\/div>\n<\/div>\n\n\n\n<div style=\"height:20px\" aria-hidden=\"true\" class=\"wp-block-spacer\"><\/div>\n\n\n\n<div class=\"wp-block-columns is-layout-flex wp-container-core-columns-is-layout-9d6595d7 wp-block-columns-is-layout-flex\">\n<div class=\"wp-block-column is-layout-flow wp-block-column-is-layout-flow\" style=\"flex-basis:33.33%\">\n<figure class=\"wp-block-image size-full\"><a href=\"https:\/\/tedenloesopreis.nl\/wp-content\/uploads\/2023\/12\/IMG_5352-1024x768-1.jpeg\" target=\"_blank\" rel=\"noreferrer noopener\"><img loading=\"lazy\" decoding=\"async\" width=\"1024\" height=\"768\" src=\"https:\/\/tedenloesopreis.nl\/wp-content\/uploads\/2023\/12\/IMG_5352-1024x768-1.jpeg\" alt=\"\" class=\"wp-image-10738\" srcset=\"https:\/\/tedenloesopreis.nl\/wp-content\/uploads\/2023\/12\/IMG_5352-1024x768-1.jpeg 1024w, https:\/\/tedenloesopreis.nl\/wp-content\/uploads\/2023\/12\/IMG_5352-1024x768-1-300x225.jpeg 300w, https:\/\/tedenloesopreis.nl\/wp-content\/uploads\/2023\/12\/IMG_5352-1024x768-1-768x576.jpeg 768w\" sizes=\"auto, (max-width: 1024px) 100vw, 1024px\" \/><\/a><figcaption class=\"wp-element-caption\"><em>het is al betrekkelijk leeg op de camping in Haderslev<\/em><\/figcaption><\/figure>\n<\/div>\n\n\n\n<div class=\"wp-block-column is-layout-flow wp-block-column-is-layout-flow\" style=\"flex-basis:66.66%\">\n<p>We ondernemen vandaag niets, behalve een fietstochtje naar de supermarkt in Haderslev.<\/p>\n\n\n\n<p>Morgen rijden we Duitsland binnen. Vlak voor Rendsburg beslissen we, op basis van de beschikbare verkeersinformatie, of we met het Elbe-veer van Gl\u00fcckstadt naar Wischhafen oversteken, of dat we door de tunnel in Hamburg gaan. We hopen dat de wachttijden in Gl\u00fcckstadt meevallen, want dan wordt Westerstede onze laatste overnachting van deze reis, zodat we daar nog een keer naar de Griek kunnen gaan, net zoals op de eerste dag.<\/p>\n<\/div>\n<\/div>\n\n\n\n<div style=\"height:35px\" aria-hidden=\"true\" class=\"wp-block-spacer\"><\/div>\n\n\n\n<div class=\"wp-block-columns is-layout-flex wp-container-core-columns-is-layout-9d6595d7 wp-block-columns-is-layout-flex\">\n<div class=\"wp-block-column is-layout-flow wp-block-column-is-layout-flow\">\n<p class=\"has-orange-background-color has-background\" id=\"dag49\"><\/p>\n<\/div>\n<\/div>\n\n\n\n<div class=\"wp-block-columns is-layout-flex wp-container-core-columns-is-layout-9d6595d7 wp-block-columns-is-layout-flex\">\n<div class=\"wp-block-column is-layout-flow wp-block-column-is-layout-flow\" style=\"flex-basis:33.33%\">\n<p><a href=\"#titel\">top<\/a><\/p>\n<\/div>\n\n\n\n<div class=\"wp-block-column is-layout-flow wp-block-column-is-layout-flow\" style=\"flex-basis:66.66%\">\n<p><strong>TOCH MAAR VIA HAMBURG<\/strong><br>dag 49  &nbsp;   &nbsp;di 06 september 2022<br><a href=\"https:\/\/www.google.com\/maps\/d\/viewer?mid=1XBe41LvORo1VMSsDo_sWN2Fp_xhG2cU&amp;ll=54.72210399067815%2C8.51070963681071&amp;z=6\" target=\"_blank\" rel=\"noreferrer noopener\">Haderslev \u2013 Wildeshausen<\/a>&nbsp;&nbsp;  &nbsp; &nbsp;363 km<\/p>\n<\/div>\n<\/div>\n\n\n\n<div style=\"height:20px\" aria-hidden=\"true\" class=\"wp-block-spacer\"><\/div>\n\n\n\n<div class=\"wp-block-columns is-layout-flex wp-container-core-columns-is-layout-9d6595d7 wp-block-columns-is-layout-flex\">\n<div class=\"wp-block-column is-vertically-aligned-bottom is-layout-flow wp-block-column-is-layout-flow\" style=\"flex-basis:33.33%\">\n<figure class=\"wp-block-image size-full\"><a href=\"https:\/\/tedenloesopreis.nl\/wp-content\/uploads\/2023\/12\/IMG_5354-1024x768-1.jpeg\" target=\"_blank\" rel=\"noreferrer noopener\"><img loading=\"lazy\" decoding=\"async\" width=\"1024\" height=\"768\" src=\"https:\/\/tedenloesopreis.nl\/wp-content\/uploads\/2023\/12\/IMG_5354-1024x768-1.jpeg\" alt=\"\" class=\"wp-image-10740\" srcset=\"https:\/\/tedenloesopreis.nl\/wp-content\/uploads\/2023\/12\/IMG_5354-1024x768-1.jpeg 1024w, https:\/\/tedenloesopreis.nl\/wp-content\/uploads\/2023\/12\/IMG_5354-1024x768-1-300x225.jpeg 300w, https:\/\/tedenloesopreis.nl\/wp-content\/uploads\/2023\/12\/IMG_5354-1024x768-1-768x576.jpeg 768w\" sizes=\"auto, (max-width: 1024px) 100vw, 1024px\" \/><\/a><figcaption class=\"wp-element-caption\"><em>de camperplaats in Wildeshausen<\/em><\/figcaption><\/figure>\n<\/div>\n\n\n\n<div class=\"wp-block-column is-layout-flow wp-block-column-is-layout-flow\" style=\"flex-basis:66.66%\">\n<p>We rijden toch maar door de Hamburgse tunnel. De wachttijden bij Gl\u00fcckstad zijn te onvoorspelbaar. Dat is, zo lezen we op internet, vooral het gevolg van de verzanding van de zijtakken van de Elbe<em>*)<\/em>. De veerstoep van Wischhafen ligt aan zo\u2019n zijtak. Door de verzanding kunnen&nbsp;de veerboten bij laagwater nog maar voor een deel van hun capaciteit aan voertuigen meenemen. Op het moment dat wij willen overvaren, is het dubbel-droevig gesteld met de capaciteit van de veerdienst: het is eb op de Noordzee, en de waterstand in de Elbe is door de droogte extreem laag. De veerboten varen, volgens berichten op internet, momenteel maar met 30% van hun capaciteit. Dat gebeurt de afgelopen weken regelmatig. Eind augustus was de wachttijd in Gl\u00fcckstad meer dan 5 uur.&nbsp;<\/p>\n\n\n\n<p>Wij besluiten dus om via Hamburg en Bremen te rijden. Wij zijn geen liefhebbers van de drukte op de Duitse autobahn, en zeker niet van drukte rond Hamburg, waar nog steeds aan de weg wordt gewerkt (dat was al in 2018 zo), maar we hebben in feite geen keuze.&nbsp;<\/p>\n\n\n\n<p>We staan nu op een aardige&nbsp;<a href=\"https:\/\/www.campercontact.com\/nl\/duitsland\/nedersaksen\/wildeshausen\/737\/wohnmobilstellplatz-wildeshausen\" target=\"_blank\" rel=\"noreferrer noopener\">camperplaats<\/a>&nbsp;in Wildeshausen, een klein stukje voorbij Bremen. Jammer, dat we niet naar de Griek in Westerstede kunnen gaan. Het geluk lacht ons echter toe: op 450 meter afstand van de camperplaats is een Grieks restaurant dat vandaag gewoon geopend is.<\/p>\n<\/div>\n<\/div>\n\n\n\n<div class=\"wp-block-columns is-layout-flex wp-container-core-columns-is-layout-9d6595d7 wp-block-columns-is-layout-flex\">\n<div class=\"wp-block-column is-vertically-aligned-bottom is-layout-flow wp-block-column-is-layout-flow\" style=\"flex-basis:33.33%\">\n<figure class=\"wp-block-image size-full\"><a href=\"https:\/\/tedenloesopreis.nl\/wp-content\/uploads\/2023\/12\/IMG_4358-1-1024x768-1.jpeg\" target=\"_blank\" rel=\"noreferrer noopener\"><img loading=\"lazy\" decoding=\"async\" width=\"1024\" height=\"768\" src=\"https:\/\/tedenloesopreis.nl\/wp-content\/uploads\/2023\/12\/IMG_4358-1-1024x768-1.jpeg\" alt=\"\" class=\"wp-image-10741\" srcset=\"https:\/\/tedenloesopreis.nl\/wp-content\/uploads\/2023\/12\/IMG_4358-1-1024x768-1.jpeg 1024w, https:\/\/tedenloesopreis.nl\/wp-content\/uploads\/2023\/12\/IMG_4358-1-1024x768-1-300x225.jpeg 300w, https:\/\/tedenloesopreis.nl\/wp-content\/uploads\/2023\/12\/IMG_4358-1-1024x768-1-768x576.jpeg 768w\" sizes=\"auto, (max-width: 1024px) 100vw, 1024px\" \/><\/a><\/figure>\n<\/div>\n\n\n\n<div class=\"wp-block-column is-layout-flow wp-block-column-is-layout-flow\" style=\"flex-basis:66.66%\">\n<p id=\"elbe\"><em>*)&nbsp;<strong>Toelichting<\/strong><br><\/em><br><em>De verzanding van de zijtakken van de Elbe is het gevolg van het uitdiepen van de Elbe (waardoor Hamburg voor grotere schepen bereikbaar is geworden). Door deze uitdieping stroomt er met vloed veel meer water de Elbe in. Daarmee komt ook veel meer sediment (zand) in de rivier. Dat sediment komt ook in de zijtakken terecht. Bij eb stroomt het water in de Elbe weer met relatief grote snelheid naar zee, waardoor ook veel van het aangevoerde sediment weer wordt afgevoerd. Die snelheden treden echter niet op in de zijtakken, waardoor relatief veel van het aangevoerde sediment in die zijtakken achterblijft. Hierdoor neemt niet alleen de diepgang in de vaargeul af, maar ook de breedte van de vaargeul. De veerboten kunnen niet alleen minder voertuigen meenemen, ze kunnen elkaar ook niet meer passeren in de zijtakken. Ze moeten in dieper water op elkaar wachten, waardoor de frequentie van de dienst afneemt.<\/em><\/p>\n\n\n\n<p><em>Op nevenstaande foto, genomen op de heenweg, is duidelijk te zien dat de oevers van de zijtak bij Wischhafen flink zijn verzand.<\/em><\/p>\n<\/div>\n<\/div>\n\n\n\n<div style=\"height:35px\" aria-hidden=\"true\" class=\"wp-block-spacer\"><\/div>\n\n\n\n<div class=\"wp-block-columns is-layout-flex wp-container-core-columns-is-layout-9d6595d7 wp-block-columns-is-layout-flex\">\n<div class=\"wp-block-column is-layout-flow wp-block-column-is-layout-flow\">\n<p class=\"has-orange-background-color has-background\" id=\"dag50\"><\/p>\n<\/div>\n<\/div>\n\n\n\n<div class=\"wp-block-columns is-layout-flex wp-container-core-columns-is-layout-9d6595d7 wp-block-columns-is-layout-flex\">\n<div class=\"wp-block-column is-layout-flow wp-block-column-is-layout-flow\" style=\"flex-basis:33.33%\">\n<p><a href=\"#titel\">top<\/a><\/p>\n<\/div>\n\n\n\n<div class=\"wp-block-column is-layout-flow wp-block-column-is-layout-flow\" style=\"flex-basis:66.66%\">\n<p><strong>WEER THUIS<\/strong><br>dag 50  &nbsp; &nbsp; &nbsp;wo 07 september 2022<br><a href=\"https:\/\/www.google.com\/maps\/d\/viewer?mid=1wGRuYJGrIQtu-V2ZmURqq2ou3bnvAzM&amp;ll=52.54139588162285%2C6.390958599407627&amp;z=7\" target=\"_blank\" rel=\"noreferrer noopener\">Wildeshausen \u2013 Tilburg<\/a>&nbsp;&nbsp; &nbsp;  &nbsp;389 km<\/p>\n<\/div>\n<\/div>\n\n\n\n<div style=\"height:20px\" aria-hidden=\"true\" class=\"wp-block-spacer\"><\/div>\n\n\n\n<div class=\"wp-block-columns is-layout-flex wp-container-core-columns-is-layout-9d6595d7 wp-block-columns-is-layout-flex\">\n<div class=\"wp-block-column is-layout-flow wp-block-column-is-layout-flow\" style=\"flex-basis:33.33%\">\n<figure class=\"wp-block-image size-full\"><a href=\"https:\/\/tedenloesopreis.nl\/wp-content\/uploads\/2023\/12\/IMG_5360-1024x768-1.jpeg\" target=\"_blank\" rel=\"noreferrer noopener\"><img loading=\"lazy\" decoding=\"async\" width=\"1024\" height=\"768\" src=\"https:\/\/tedenloesopreis.nl\/wp-content\/uploads\/2023\/12\/IMG_5360-1024x768-1.jpeg\" alt=\"\" class=\"wp-image-10743\" srcset=\"https:\/\/tedenloesopreis.nl\/wp-content\/uploads\/2023\/12\/IMG_5360-1024x768-1.jpeg 1024w, https:\/\/tedenloesopreis.nl\/wp-content\/uploads\/2023\/12\/IMG_5360-1024x768-1-300x225.jpeg 300w, https:\/\/tedenloesopreis.nl\/wp-content\/uploads\/2023\/12\/IMG_5360-1024x768-1-768x576.jpeg 768w\" sizes=\"auto, (max-width: 1024px) 100vw, 1024px\" \/><\/a><figcaption class=\"wp-element-caption\"><em>het fietsenrek is weer ingeklapt<\/em><\/figcaption><\/figure>\n<\/div>\n\n\n\n<div class=\"wp-block-column is-layout-flow wp-block-column-is-layout-flow\" style=\"flex-basis:66.66%\">\n<p>We hebben niet zo\u2019n trek in de drukte op de Duitse autobanen, Daarom rijden we vanuit Wildeshausen binnendoor naar Meppen. Daar steken we de grens over.<\/p>\n\n\n\n<p>Aanvankelijk hebben we in Nederland de snelweg bijna helemaal voor ons alleen, maar voorbij Meppel wordt het flink druk, en komt de ergernis opzetten. Wij rijden braaf 100 km per uur, maar daarmee zijn wij een uitzondering. Wij passeren tot aan Tilburg, afgezien van vrachtwagens, slechts 3 auto\u2019s. Alle andere weggebruikers komen ons voorbijgereden, en vaak nog met een behoorlijk snelheidsverschil.<\/p>\n\n\n\n<p>Na 8992 km, verdeeld over 36 etappes, zijn we weer thuis. De fietsen staan weer in de schuur, en het fietsenrek is weer ingeklapt.<br><br><br><br><br><br><br><br><br><br><br><br><br><br><br><br><br><br><br><br><br><br><br><br><br><br><br><br><br><br><br><br><br><br><br><br><br><br><br><br><br><br><br><br><br><br><br><br><br><\/p>\n\n\n\n<p><\/p>\n<\/div>\n<\/div>\n","protected":false},"excerpt":{"rendered":"<p>SCANDINAVI\u00cb 2022 In 2022 hebben we van 20 juli tot en met 7 september een rondreis gemaakt door Scandinavi\u00eb: via West-Zweden en Noorwegen naar de Noordkaap, naar het [&hellip;]<\/p>\n","protected":false},"author":1,"featured_media":0,"parent":0,"menu_order":0,"comment_status":"closed","ping_status":"closed","template":"","meta":{"footnotes":""},"class_list":["post-10442","page","type-page","status-publish","hentry"],"_links":{"self":[{"href":"https:\/\/tedenloesopreis.nl\/index.php\/wp-json\/wp\/v2\/pages\/10442","targetHints":{"allow":["GET"]}}],"collection":[{"href":"https:\/\/tedenloesopreis.nl\/index.php\/wp-json\/wp\/v2\/pages"}],"about":[{"href":"https:\/\/tedenloesopreis.nl\/index.php\/wp-json\/wp\/v2\/types\/page"}],"author":[{"embeddable":true,"href":"https:\/\/tedenloesopreis.nl\/index.php\/wp-json\/wp\/v2\/users\/1"}],"replies":[{"embeddable":true,"href":"https:\/\/tedenloesopreis.nl\/index.php\/wp-json\/wp\/v2\/comments?post=10442"}],"version-history":[{"count":97,"href":"https:\/\/tedenloesopreis.nl\/index.php\/wp-json\/wp\/v2\/pages\/10442\/revisions"}],"predecessor-version":[{"id":13181,"href":"https:\/\/tedenloesopreis.nl\/index.php\/wp-json\/wp\/v2\/pages\/10442\/revisions\/13181"}],"wp:attachment":[{"href":"https:\/\/tedenloesopreis.nl\/index.php\/wp-json\/wp\/v2\/media?parent=10442"}],"curies":[{"name":"wp","href":"https:\/\/api.w.org\/{rel}","templated":true}]}}