{"id":10798,"date":"2023-12-29T16:06:46","date_gmt":"2023-12-29T16:06:46","guid":{"rendered":"https:\/\/tedenloesopreis.nl\/?page_id=10798"},"modified":"2024-01-02T22:35:19","modified_gmt":"2024-01-02T22:35:19","slug":"midden-europa-2023-campings","status":"publish","type":"page","link":"https:\/\/tedenloesopreis.nl\/index.php\/midden-europa-2023-campings\/","title":{"rendered":"MIDDEN-EUROPA-2023-CAMPINGS"},"content":{"rendered":"\n<div class=\"wp-block-columns is-layout-flex wp-container-core-columns-is-layout-9d6595d7 wp-block-columns-is-layout-flex\">\n<div class=\"wp-block-column is-layout-flow wp-block-column-is-layout-flow\" style=\"flex-basis:33.33%\">\n<p><a href=\"http:\/\/tedenloesopreis.nl\/index.php\/midden-europa-2023\/\">terug<\/a><\/p>\n<\/div>\n\n\n\n<div class=\"wp-block-column is-layout-flow wp-block-column-is-layout-flow\" style=\"flex-basis:66.66%\">\n<p><strong>MIDDEN-EUROPA 2023<br>CAMPINGS EN CAMPERPLAATSEN<\/strong><\/p>\n<\/div>\n<\/div>\n\n\n\n<div class=\"wp-block-columns is-layout-flex wp-container-core-columns-is-layout-9d6595d7 wp-block-columns-is-layout-flex\">\n<div class=\"wp-block-column is-layout-flow wp-block-column-is-layout-flow\">\n<p><a href=\"https:\/\/www.campercontact.com\/nl\/nederland\/gelderland\/zevenaar\/100352\/charme-camping-zevenaar\" target=\"_blank\" rel=\"noreferrer noopener\">01: \u00a0Zevenaar<\/a><br><a href=\"https:\/\/www.campercontact.com\/nl\/duitsland\/noordrijn-westfalen\/erwitte\/171\/an-den-sole-thermen\" target=\"_blank\" rel=\"noreferrer noopener\">02: \u00a0Erwitte<\/a><br><a href=\"https:\/\/www.campercontact.com\/nl\/duitsland\/hessen\/fritzlar\/42571\/ederauen\" target=\"_blank\" rel=\"noreferrer noopener\">03: \u00a0Fritzlar<\/a><br><a href=\"https:\/\/www.campercontact.com\/nl\/duitsland\/nedersaksen\/goslar\/92838\/harz-camp-goslar\" target=\"_blank\" rel=\"noreferrer noopener\">04: \u00a0Goslar<\/a><br><a href=\"https:\/\/www.campercontact.com\/nl\/duitsland\/saksen-anhalt\/quedlinburg\/88089\/parking-hotel-am-kurpark\" target=\"_blank\" rel=\"noreferrer noopener\">06: \u00a0Bad Suderode<\/a><br><a href=\"https:\/\/www.campercontact.com\/nl\/duitsland\/saksen\/leipzig\/99001\/parken-am-goldstuck-\" target=\"_blank\" rel=\"noreferrer noopener\">08: \u00a0Leipzig<\/a><br><a href=\"https:\/\/www.campercontact.com\/nl\/duitsland\/saksen\/schonau-berzdorf-auf-dem-eigen\/102684\/ferienpark-berzdorfer-see\" target=\"_blank\" rel=\"noreferrer noopener\">09: \u00a0Sch\u00f6nau-Berzdorf<\/a><br><a href=\"https:\/\/www.campercontact.com\/nl\/polen\/neder-silezie\/wrocaw\/18476\/camping-olimpijski-nr-117\" target=\"_blank\" rel=\"noreferrer noopener\">11: \u00a0Wroclaw<\/a><a href=\"https:\/\/www.campercontact.com\/nl\/duitsland\/saksen\/schonau-berzdorf-auf-dem-eigen\/102684\/ferienpark-berzdorfer-see\" target=\"_blank\" rel=\"noreferrer noopener\"><\/a><br><a href=\"https:\/\/www.campercontact.com\/nl\/polen\/woiwodschap-silezie\/katowice\/28758\/camping-nr-215-dolina\" target=\"_blank\" rel=\"noreferrer noopener\">14: \u00a0Katowice<\/a><br><a href=\"https:\/\/www.campercontact.com\/nl\/polen\/woiwodschap-klein-polen\/oswiecim\/29309\/camping-centre-for-dialogue-and-prayer\" target=\"_blank\" rel=\"noreferrer noopener\">16: \u00a0Auschwitz<\/a><\/p>\n<\/div>\n\n\n\n<div class=\"wp-block-column is-layout-flow wp-block-column-is-layout-flow\">\n<p><a href=\"https:\/\/www.campercontact.com\/nl\/tsjechie\/olomouc\/olomouc\/66727\/resort-krazna-morava\" target=\"_blank\" rel=\"noreferrer noopener\">18: &nbsp;Olomouc<\/a><br><a href=\"https:\/\/www.campercontact.com\/nl\/tsjechie\/pardubice\/sadek\/29205\/camping-lidmiluv-mlyn\" target=\"_blank\" rel=\"noreferrer noopener\">20: &nbsp;S\u00e1dek<\/a><br><a href=\"https:\/\/www.campercontact.com\/nl\/tsjechie\/vysocina\/opatov\/15080\/svr-camping-vidlak\" target=\"_blank\" rel=\"noreferrer noopener\">21: &nbsp;Opatov<\/a><br><a href=\"https:\/\/www.campercontact.com\/nl\/tsjechie\/vysocina\/horni-dubenky\/23210\/camping-chadimuv-mlyn\" target=\"_blank\" rel=\"noreferrer noopener\">24: &nbsp;Horn\u00ed Dubenky<\/a><br><a href=\"https:\/\/www.campercontact.com\/nl\/tsjechie\/midden-bohemen\/kutna-hora\/12074\/atc-kutna-hora\" target=\"_blank\" rel=\"noreferrer noopener\">25: &nbsp;Kutn\u00e1 Hora<\/a><br><a href=\"https:\/\/www.campercontact.com\/nl\/tsjechie\/zuid-bohemen\/mirovice\/14934\/svr-camping-en-guesthouse-pliskovice\" target=\"_blank\" rel=\"noreferrer noopener\">27: &nbsp;Pl\u00ed\u0161kovice<\/a><br><a href=\"https:\/\/www.campercontact.com\/nl\/tsjechie\/zuid-bohemen\/frymburk\/19622\/camping-frymburk\" target=\"_blank\" rel=\"noreferrer noopener\">28: &nbsp;Frymburg<\/a><br><a href=\"https:\/\/www.campercontact.com\/nl\/tsjechie\/zuid-bohemen\/kajov\/100481\/camping-fox-\" target=\"_blank\" rel=\"noreferrer noopener\">31: &nbsp;Cesk\u00fd Krumlov<\/a><br><a href=\"https:\/\/www.campercontact.com\/nl\/oostenrijk\/opper-oostenrijk\/au-an-der-donau\/12118\/camping\" target=\"_blank\" rel=\"noreferrer noopener\">32: &nbsp;Au an der Donau<\/a><\/p>\n<\/div>\n\n\n\n<div class=\"wp-block-column is-layout-flow wp-block-column-is-layout-flow\">\n<p><a href=\"https:\/\/www.campercontact.com\/nl\/duitsland\/beieren\/passau\/21096\/parkdeck-ilzbrucke\" target=\"_blank\" rel=\"noreferrer noopener\">36: \u00a0Passau<\/a><br><a href=\"https:\/\/www.campercontact.com\/nl\/duitsland\/beieren\/inzell\/25666\/camping-lindlbauer\" target=\"_blank\" rel=\"noreferrer noopener\">37: \u00a0Inzell<\/a><br><a href=\"https:\/\/www.campercontact.com\/nl\/duitsland\/beieren\/bad-feilnbach\/65863\/kaiser-camping-outdoor-resort-bad-feilnbach\" target=\"_blank\" rel=\"noreferrer noopener\">38: \u00a0Bad Feilnbach<\/a><br><a href=\"https:\/\/www.campercontact.com\/nl\/duitsland\/beieren\/mittenwald\/20223\/alpen-caravanpark-tennsee\" target=\"_blank\" rel=\"noreferrer noopener\">39: \u00a0Mittenwald<\/a><br><a href=\"https:\/\/www.campercontact.com\/nl\/duitsland\/beieren\/augsburg\/24526\/bella-augusta\" target=\"_blank\" rel=\"noreferrer noopener\">41: \u00a0Augsburg<\/a><br><a href=\"https:\/\/www.campercontact.com\/nl\/duitsland\/beieren\/rothenburg-ob-der-tauber\/26713\/camping-tauber-idyll\" target=\"_blank\" rel=\"noreferrer noopener\">42: \u00a0Rothenburg o.T.<\/a><br><a href=\"https:\/\/www.campercontact.com\/nl\/duitsland\/baden-wurttemberg\/hemsbach\/58485\/camping-wiesensee\" target=\"_blank\" rel=\"noreferrer noopener\">44: \u00a0Hemsbach<\/a><br><a href=\"https:\/\/www.campercontact.com\/nl\/duitsland\/rijnland-palts\/schalkenmehren\/92019\/wohnmobilpark-vulkaneifel\" target=\"_blank\" rel=\"noreferrer noopener\">45: \u00a0Schalkenmehren<\/a><br><a href=\"https:\/\/www.campercontact.com\/nl\/nederland\/limburg\/berg-en-terblijt\/29773\/europarcs-poort-van-maastricht\" target=\"_blank\" rel=\"noreferrer noopener\">46: \u00a0Berg en Terblijt<\/a><br><br><br><br><br><br><br><br><br><br><br><br><br><br><br><br><br><br><br><br><br><br><br><br><br><br><br><br><br><br><br><br><br><br><br><br><br><br><br><br><br><br><br><br><br><br><\/p>\n<\/div>\n<\/div>\n","protected":false},"excerpt":{"rendered":"<p>terug MIDDEN-EUROPA 2023CAMPINGS EN CAMPERPLAATSEN 01: \u00a0Zevenaar02: \u00a0Erwitte03: \u00a0Fritzlar04: \u00a0Goslar06: \u00a0Bad Suderode08: \u00a0Leipzig09: \u00a0Sch\u00f6nau-Berzdorf11: \u00a0Wroclaw14: \u00a0Katowice16: \u00a0Auschwitz 18: &nbsp;Olomouc20: &nbsp;S\u00e1dek21: &nbsp;Opatov24: &nbsp;Horn\u00ed Dubenky25: &nbsp;Kutn\u00e1 Hora27: &nbsp;Pl\u00ed\u0161kovice28: &nbsp;Frymburg31: &nbsp;Cesk\u00fd [&hellip;]<\/p>\n","protected":false},"author":1,"featured_media":0,"parent":0,"menu_order":0,"comment_status":"closed","ping_status":"closed","template":"","meta":{"footnotes":""},"class_list":["post-10798","page","type-page","status-publish","hentry"],"_links":{"self":[{"href":"https:\/\/tedenloesopreis.nl\/index.php\/wp-json\/wp\/v2\/pages\/10798","targetHints":{"allow":["GET"]}}],"collection":[{"href":"https:\/\/tedenloesopreis.nl\/index.php\/wp-json\/wp\/v2\/pages"}],"about":[{"href":"https:\/\/tedenloesopreis.nl\/index.php\/wp-json\/wp\/v2\/types\/page"}],"author":[{"embeddable":true,"href":"https:\/\/tedenloesopreis.nl\/index.php\/wp-json\/wp\/v2\/users\/1"}],"replies":[{"embeddable":true,"href":"https:\/\/tedenloesopreis.nl\/index.php\/wp-json\/wp\/v2\/comments?post=10798"}],"version-history":[{"count":3,"href":"https:\/\/tedenloesopreis.nl\/index.php\/wp-json\/wp\/v2\/pages\/10798\/revisions"}],"predecessor-version":[{"id":11010,"href":"https:\/\/tedenloesopreis.nl\/index.php\/wp-json\/wp\/v2\/pages\/10798\/revisions\/11010"}],"wp:attachment":[{"href":"https:\/\/tedenloesopreis.nl\/index.php\/wp-json\/wp\/v2\/media?parent=10798"}],"curies":[{"name":"wp","href":"https:\/\/api.w.org\/{rel}","templated":true}]}}