{"id":7830,"date":"2023-12-04T14:10:26","date_gmt":"2023-12-04T14:10:26","guid":{"rendered":"https:\/\/tedenloesopreis.nl\/?page_id=7830"},"modified":"2025-05-11T10:52:36","modified_gmt":"2025-05-11T10:52:36","slug":"midden-europa-2023","status":"publish","type":"page","link":"https:\/\/tedenloesopreis.nl\/index.php\/midden-europa-2023\/","title":{"rendered":"MIDDEN-EUROPA-2023"},"content":{"rendered":"\n<div style=\"height:35px\" aria-hidden=\"true\" id=\"titel\" class=\"wp-block-spacer\"><\/div>\n\n\n\n<div class=\"wp-block-columns is-layout-flex wp-container-core-columns-is-layout-9d6595d7 wp-block-columns-is-layout-flex\">\n<div class=\"wp-block-column is-layout-flow wp-block-column-is-layout-flow\" style=\"flex-basis:33.33%\"><\/div>\n\n\n\n<div class=\"wp-block-column is-layout-flow wp-block-column-is-layout-flow\" style=\"flex-basis:66.66%\">\n<p class=\"has-larger-font-size\" id=\"titel\"><strong>MIDDEN-EUROPA 2023<\/strong><\/p>\n<\/div>\n<\/div>\n\n\n\n<div style=\"height:35px\" aria-hidden=\"true\" class=\"wp-block-spacer\"><\/div>\n\n\n\n<div class=\"wp-block-columns is-layout-flex wp-container-core-columns-is-layout-9d6595d7 wp-block-columns-is-layout-flex\">\n<div class=\"wp-block-column is-layout-flow wp-block-column-is-layout-flow\" style=\"flex-basis:33.33%\">\n<figure class=\"wp-block-image size-full\"><img loading=\"lazy\" decoding=\"async\" width=\"1024\" height=\"768\" src=\"https:\/\/tedenloesopreis.nl\/wp-content\/uploads\/2023\/12\/IMG_6362-1024x768-2.jpeg\" alt=\"\" class=\"wp-image-7574\" srcset=\"https:\/\/tedenloesopreis.nl\/wp-content\/uploads\/2023\/12\/IMG_6362-1024x768-2.jpeg 1024w, https:\/\/tedenloesopreis.nl\/wp-content\/uploads\/2023\/12\/IMG_6362-1024x768-2-300x225.jpeg 300w, https:\/\/tedenloesopreis.nl\/wp-content\/uploads\/2023\/12\/IMG_6362-1024x768-2-768x576.jpeg 768w\" sizes=\"auto, (max-width: 1024px) 100vw, 1024px\" \/><\/figure>\n<\/div>\n\n\n\n<div class=\"wp-block-column is-layout-flow wp-block-column-is-layout-flow\" style=\"flex-basis:66.66%\">\n<p>In 2023 hebben we van 13 mei tot en met 1 juli een rondreis gemaakt door Midden-Europa: Duitsland, Polen, Tsjechi\u00eb en Oostenrijk. &nbsp;<br>In 50 dagen hebben we 29 etappes gereden, waarbij we 4243 km hebben afgelegd.<br><br><a href=\"https:\/\/www.google.com\/maps\/d\/viewer?mid=1oeNt3LVQMnEblPz-5VO9yz4EOaQ2yp4&amp;femb=1&amp;ll=50.0282810674507%2C11.569905780308169&amp;z=6\" target=\"_blank\" rel=\"noreferrer noopener\">routekaart<\/a><br><a href=\"http:\/\/tedenloesopreis.nl\/index.php\/midden-europa-2023-campings\/\">campings en camperplaatsen<\/a> <br><a href=\"http:\/\/tedenloesopreis.nl\/index.php\/midden-europa-2023-inhoud\/\">inhoud<\/a><br><a href=\"https:\/\/tedenloesopreis.nl\/index.php\/midden-europa-2023-tags\/\">tags<\/a><br><br><a href=\"http:\/\/tedenloesopreis.nl\/index.php\/midden-europa-2023-inleiding\/\">inleiding<\/a><\/p>\n<\/div>\n<\/div>\n\n\n\n<div style=\"height:35px\" aria-hidden=\"true\" class=\"wp-block-spacer\"><\/div>\n\n\n\n<div class=\"wp-block-columns is-layout-flex wp-container-core-columns-is-layout-9d6595d7 wp-block-columns-is-layout-flex\">\n<div class=\"wp-block-column is-layout-flow wp-block-column-is-layout-flow\">\n<p class=\"has-orange-background-color has-background\" id=\"dag01\"><\/p>\n<\/div>\n<\/div>\n\n\n\n<div class=\"wp-block-columns is-layout-flex wp-container-core-columns-is-layout-9d6595d7 wp-block-columns-is-layout-flex\">\n<div class=\"wp-block-column is-layout-flow wp-block-column-is-layout-flow\" style=\"flex-basis:33.33%\">\n<p><a href=\"#titel\">top<\/a><\/p>\n<\/div>\n\n\n\n<div class=\"wp-block-column is-layout-flow wp-block-column-is-layout-flow\" style=\"flex-basis:66.66%\">\n<p><strong>WEER ONDERWEG<br><\/strong>dag 01 \u00a0 \u00a0 \u00a0za 13 mei 2023<br><a href=\"https:\/\/www.google.com\/maps\/d\/edit?mid=1z4X1JzQrmnr9kW7oLMklxE3K9bLf7NU&amp;ll=51.781385108469664%2C5.5552689917672815&amp;z=10\" target=\"_blank\" rel=\"noreferrer noopener\">Tilburg \u2013 Zevenaar<\/a>\u00a0\u00a0 \u00a0 \u00a0112 km<\/p>\n<\/div>\n<\/div>\n\n\n\n<div style=\"height:20px\" aria-hidden=\"true\" class=\"wp-block-spacer\"><\/div>\n\n\n\n<div class=\"wp-block-columns is-layout-flex wp-container-core-columns-is-layout-9d6595d7 wp-block-columns-is-layout-flex\">\n<div class=\"wp-block-column is-layout-flow wp-block-column-is-layout-flow\" style=\"flex-basis:33.33%\">\n<figure class=\"wp-block-image size-full\"><a href=\"https:\/\/tedenloesopreis.nl\/wp-content\/uploads\/2023\/12\/IMG_6036-1024x768-1.jpeg\" target=\"_blank\" rel=\"noreferrer noopener\"><img loading=\"lazy\" decoding=\"async\" width=\"1024\" height=\"768\" src=\"https:\/\/tedenloesopreis.nl\/wp-content\/uploads\/2023\/12\/IMG_6036-1024x768-1.jpeg\" alt=\"\" class=\"wp-image-7581\" srcset=\"https:\/\/tedenloesopreis.nl\/wp-content\/uploads\/2023\/12\/IMG_6036-1024x768-1.jpeg 1024w, https:\/\/tedenloesopreis.nl\/wp-content\/uploads\/2023\/12\/IMG_6036-1024x768-1-300x225.jpeg 300w, https:\/\/tedenloesopreis.nl\/wp-content\/uploads\/2023\/12\/IMG_6036-1024x768-1-768x576.jpeg 768w\" sizes=\"auto, (max-width: 1024px) 100vw, 1024px\" \/><\/a><figcaption class=\"wp-element-caption\"><em>de camping in Zevenaar<\/em><\/figcaption><\/figure>\n<\/div>\n\n\n\n<div class=\"wp-block-column is-layout-flow wp-block-column-is-layout-flow\" style=\"flex-basis:66.66%\">\n<p>Vandaag vieren Ria en Frans hun verjaardag met een lunch, ergens in Berkel-Enschot. We vertrekken daar rond 15:30, en rijden nog even door de wasstraat, want de Mazda zit vol met vogelpoep. Die laten we er liever niet voor 7 weken op.<\/p>\n\n\n\n<p>We zijn om 16:30 weer thuis. We zetten de fietsen op de buzz en vertrekken naar Zevenaar, waar we, na 112 km, een plaatsje vinden op de camping van Buitengoed de Panoven (deze camping is inmiddels opgeheven). We eten er nog een broodje en fietsen rond 19:30 naar het centrum van Zevenaar. Daar ontmoeten we onze zoon Bartek \u2013 hij woont in Zevenaar \u2013 op een van de terrassen op de Markt.&nbsp;<\/p>\n\n\n\n<p>Rond middernacht fietsen we weer naar de camping. Daar stellen we vast, dat onze stroomaansluiting niet (meer?) werkt. Ook alle andere zichtbare stopcontacten zijn spanningsloos. Uiteindelijk vinden we, door het snoer van de enige andere camper te volgen, nog een werkend stopcontact, verstopt aan de achterkant van een betonnen paaltje met een kraan.<\/p>\n<\/div>\n<\/div>\n\n\n\n<div style=\"height:35px\" aria-hidden=\"true\" class=\"wp-block-spacer\"><\/div>\n\n\n\n<div style=\"height:35px\" aria-hidden=\"true\" class=\"wp-block-spacer\"><\/div>\n\n\n\n<div class=\"wp-block-columns is-layout-flex wp-container-core-columns-is-layout-9d6595d7 wp-block-columns-is-layout-flex\">\n<div class=\"wp-block-column is-layout-flow wp-block-column-is-layout-flow\">\n<p class=\"has-orange-background-color has-background\" id=\"dag02\"><\/p>\n<\/div>\n<\/div>\n\n\n\n<div class=\"wp-block-columns is-layout-flex wp-container-core-columns-is-layout-9d6595d7 wp-block-columns-is-layout-flex\">\n<div class=\"wp-block-column is-layout-flow wp-block-column-is-layout-flow\" style=\"flex-basis:33.33%\">\n<p><a href=\"#titel\">top<\/a><\/p>\n<\/div>\n\n\n\n<div class=\"wp-block-column is-layout-flow wp-block-column-is-layout-flow\" style=\"flex-basis:66.66%\">\n<p><strong>BINNENDOOR IN DUITSLAND<br><\/strong>dag 02 &nbsp; &nbsp; &nbsp; zo 14 mei 2023<br><a href=\"https:\/\/www.google.com\/maps\/d\/edit?mid=1JtYqljOzfGqwMIEIpve8sSbBYph3YJs&amp;ll=51.866551851586294%2C7.105343152813868&amp;z=9\" target=\"_blank\" rel=\"noreferrer noopener\">Zevenaar \u2013 Erwitte<\/a>&nbsp;&nbsp;  &nbsp; &nbsp;209 km<\/p>\n<\/div>\n<\/div>\n\n\n\n<div style=\"height:20px\" aria-hidden=\"true\" class=\"wp-block-spacer\"><\/div>\n\n\n\n<div class=\"wp-block-columns is-layout-flex wp-container-core-columns-is-layout-9d6595d7 wp-block-columns-is-layout-flex\">\n<div class=\"wp-block-column is-layout-flow wp-block-column-is-layout-flow\" style=\"flex-basis:33.33%\">\n<figure class=\"wp-block-image size-full\"><a href=\"https:\/\/tedenloesopreis.nl\/wp-content\/uploads\/2023\/12\/IMG_6041-1024x768-1.jpeg\" target=\"_blank\" rel=\"noreferrer noopener\"><img loading=\"lazy\" decoding=\"async\" width=\"1024\" height=\"768\" src=\"https:\/\/tedenloesopreis.nl\/wp-content\/uploads\/2023\/12\/IMG_6041-1024x768-1.jpeg\" alt=\"\" class=\"wp-image-7585\" srcset=\"https:\/\/tedenloesopreis.nl\/wp-content\/uploads\/2023\/12\/IMG_6041-1024x768-1.jpeg 1024w, https:\/\/tedenloesopreis.nl\/wp-content\/uploads\/2023\/12\/IMG_6041-1024x768-1-300x225.jpeg 300w, https:\/\/tedenloesopreis.nl\/wp-content\/uploads\/2023\/12\/IMG_6041-1024x768-1-768x576.jpeg 768w\" sizes=\"auto, (max-width: 1024px) 100vw, 1024px\" \/><\/a><figcaption class=\"wp-element-caption\"><em>de camperplaats in Erwitte<\/em><\/figcaption><\/figure>\n<\/div>\n\n\n\n<div class=\"wp-block-column is-layout-flow wp-block-column-is-layout-flow\" style=\"flex-basis:66.66%\">\n<p>Na een rit van 209 km komen we aan op de&nbsp;<a href=\"https:\/\/www.campercontact.com\/nl\/duitsland\/noordrijn-westfalen\/erwitte\/171\/an-den-sole-thermen\" target=\"_blank\" rel=\"noreferrer noopener\">camperplaats van Erwitte<\/a>.&nbsp;<\/p>\n\n\n\n<p>We rijden binnendoor, via Zeddam, Terborg en Ulft, naar Dinxperlo, waar we diesel tanken (in Duitsland is die duurder dan in Nederland) en bij de plaatselijke Jumbo nog wat boodschappen doen (in Duitsland zijn de winkels op zondagen gesloten).<\/p>\n\n\n\n<p>We rijden, nog steeds binnendoor, verder via Bocholt, Borken, D\u00fclmen, Ahlen, Beckum en Lippstadt naar Erwitte.<\/p>\n\n\n\n<p>De camperplaats ligt aan de rand van het plaatselijke kuuroord, een gebied met baden en hotels, dat een vrij deftige sfeer ademt. We fietsen, op aanraden van de buurman op de camperplaats, naar de plaatselijke Chinees, waar we een prima Moederdagdiner genieten.<\/p>\n<\/div>\n<\/div>\n\n\n\n<div style=\"height:35px\" aria-hidden=\"true\" class=\"wp-block-spacer\"><\/div>\n\n\n\n<div class=\"wp-block-columns is-layout-flex wp-container-core-columns-is-layout-9d6595d7 wp-block-columns-is-layout-flex\">\n<div class=\"wp-block-column is-layout-flow wp-block-column-is-layout-flow\">\n<p class=\"has-orange-background-color has-background\" id=\"dag03\"><\/p>\n<\/div>\n<\/div>\n\n\n\n<div class=\"wp-block-columns is-layout-flex wp-container-core-columns-is-layout-9d6595d7 wp-block-columns-is-layout-flex\">\n<div class=\"wp-block-column is-layout-flow wp-block-column-is-layout-flow\" style=\"flex-basis:33.33%\">\n<p><a href=\"#titel\">top<\/a><\/p>\n<\/div>\n\n\n\n<div class=\"wp-block-column is-layout-flow wp-block-column-is-layout-flow\" style=\"flex-basis:66.66%\">\n<p><strong>DE EERSTE VAKWERKHUIZEN<\/strong><br>dag 03 &nbsp; &nbsp;&nbsp; &nbsp;ma 15 mei 2023<br><a href=\"https:\/\/www.google.com\/maps\/d\/edit?mid=1z5BqhT0xsx4JkTwB6_HemTbHxOVxXyM&amp;ll=51.38516713386947%2C8.726456245183645&amp;z=10\" target=\"_blank\" rel=\"noreferrer noopener\">Erwitte \u2013 Fritzlar<\/a>&nbsp;&nbsp; &nbsp; &nbsp;&nbsp;121 km<\/p>\n<\/div>\n<\/div>\n\n\n\n<div style=\"height:20px\" aria-hidden=\"true\" class=\"wp-block-spacer\"><\/div>\n\n\n\n<div class=\"wp-block-columns is-layout-flex wp-container-core-columns-is-layout-9d6595d7 wp-block-columns-is-layout-flex\">\n<div class=\"wp-block-column is-layout-flow wp-block-column-is-layout-flow\" style=\"flex-basis:33.33%\">\n<figure class=\"wp-block-image size-full\"><a href=\"https:\/\/tedenloesopreis.nl\/wp-content\/uploads\/2023\/12\/IMG_6055-1024x768-1.jpeg\" target=\"_blank\" rel=\"noreferrer noopener\"><img loading=\"lazy\" decoding=\"async\" width=\"1024\" height=\"768\" src=\"https:\/\/tedenloesopreis.nl\/wp-content\/uploads\/2023\/12\/IMG_6055-1024x768-1.jpeg\" alt=\"\" class=\"wp-image-7587\" srcset=\"https:\/\/tedenloesopreis.nl\/wp-content\/uploads\/2023\/12\/IMG_6055-1024x768-1.jpeg 1024w, https:\/\/tedenloesopreis.nl\/wp-content\/uploads\/2023\/12\/IMG_6055-1024x768-1-300x225.jpeg 300w, https:\/\/tedenloesopreis.nl\/wp-content\/uploads\/2023\/12\/IMG_6055-1024x768-1-768x576.jpeg 768w\" sizes=\"auto, (max-width: 1024px) 100vw, 1024px\" \/><\/a><figcaption class=\"wp-element-caption\"><em>de camperplaats in Fritzlar<\/em><\/figcaption><\/figure>\n<\/div>\n\n\n\n<div class=\"wp-block-column is-layout-flow wp-block-column-is-layout-flow\" style=\"flex-basis:66.66%\">\n<p id=\"fritzlar\">Vandaag rijden we een vrij kort stuk in zuidoostelijke richting. Binnendoor (natuurlijk) gaan we via R\u00fcthen, Brilon, Bad Arolsen en Wolfhagen naar Fritzlar. Onderweg pauzeren we even voor oploskoffie (i.p.v. cappuccino) met echte arretjescake (gekocht in Dinxperlo). Op de&nbsp;<a href=\"https:\/\/www.campercontact.com\/nl\/duitsland\/hessen\/fritzlar\/42571\/ederauen\" target=\"_blank\" rel=\"noreferrer noopener\">camperplaats van Fritzlar<\/a>&nbsp;is nog ruimte genoeg.<br><br>Fritzlar is het eerste middeleeuwse vakwerkstadje op deze reis. Het is ontstaan op de plaats waar Bonifatius (jawel, die van Dokkum) rond 723 een heidense Donar-eik omhakte, om te bewijzen dat de goden van de lokale bewoners, de Chatten, niet bestaan (want er kwam geen reactie op het omhakken). Op die plaats, en met het hout van de gevelde eik, zo vertelt de overlevering, bouwde Bonifatius een abdij. Daarmee ontstond het eerste gebouw van Fritzlar.<\/p>\n\n\n\n<p>In de loop van de middag fietsen we naar het stadje, een stevige klim, want de oude binnenstad ligt op een heuvel. Op zich is dit wel een uitdaging, want steeds als wij in de buurt zijn van het centrale plein, stuiten we op een eenrichtingsweg en moeten we weer naar beneden rijden. Op een gegeven moment lappen we de verkeersregels maar aan onze laars en rijden we tegen het verkeer in naar boven.&nbsp;<\/p>\n\n\n\n<p>De Marktplatz is ongetwijfeld het fraaiste stuk van Fritzlar, maar ook de Dom, het Hochzeitshaus en de Grauen Turm zijn zeer de moeite waard.<\/p>\n<\/div>\n<\/div>\n\n\n\n<div class=\"wp-block-columns is-layout-flex wp-container-core-columns-is-layout-9d6595d7 wp-block-columns-is-layout-flex\">\n<div class=\"wp-block-column is-layout-flow wp-block-column-is-layout-flow\">\n<figure class=\"wp-block-image size-full\"><a href=\"https:\/\/tedenloesopreis.nl\/wp-content\/uploads\/2023\/12\/IMG_6047-1024x768-1.jpeg\" target=\"_blank\" rel=\"noreferrer noopener\"><img loading=\"lazy\" decoding=\"async\" width=\"1024\" height=\"768\" src=\"https:\/\/tedenloesopreis.nl\/wp-content\/uploads\/2023\/12\/IMG_6047-1024x768-1.jpeg\" alt=\"\" class=\"wp-image-7588\" srcset=\"https:\/\/tedenloesopreis.nl\/wp-content\/uploads\/2023\/12\/IMG_6047-1024x768-1.jpeg 1024w, https:\/\/tedenloesopreis.nl\/wp-content\/uploads\/2023\/12\/IMG_6047-1024x768-1-300x225.jpeg 300w, https:\/\/tedenloesopreis.nl\/wp-content\/uploads\/2023\/12\/IMG_6047-1024x768-1-768x576.jpeg 768w\" sizes=\"auto, (max-width: 1024px) 100vw, 1024px\" \/><\/a><figcaption class=\"wp-element-caption\"><em>Marktplatz<\/em><\/figcaption><\/figure>\n<\/div>\n\n\n\n<div class=\"wp-block-column is-layout-flow wp-block-column-is-layout-flow\">\n<figure class=\"wp-block-image size-full\"><a href=\"https:\/\/tedenloesopreis.nl\/wp-content\/uploads\/2023\/12\/IMG_6049-1024x768-1.jpeg\" target=\"_blank\" rel=\"noreferrer noopener\"><img loading=\"lazy\" decoding=\"async\" width=\"1024\" height=\"768\" src=\"https:\/\/tedenloesopreis.nl\/wp-content\/uploads\/2023\/12\/IMG_6049-1024x768-1.jpeg\" alt=\"\" class=\"wp-image-7589\" srcset=\"https:\/\/tedenloesopreis.nl\/wp-content\/uploads\/2023\/12\/IMG_6049-1024x768-1.jpeg 1024w, https:\/\/tedenloesopreis.nl\/wp-content\/uploads\/2023\/12\/IMG_6049-1024x768-1-300x225.jpeg 300w, https:\/\/tedenloesopreis.nl\/wp-content\/uploads\/2023\/12\/IMG_6049-1024x768-1-768x576.jpeg 768w\" sizes=\"auto, (max-width: 1024px) 100vw, 1024px\" \/><\/a><figcaption class=\"wp-element-caption\"><em>Zwischen den Kr\u00e4men<\/em><\/figcaption><\/figure>\n<\/div>\n\n\n\n<div class=\"wp-block-column is-layout-flow wp-block-column-is-layout-flow\">\n<figure class=\"wp-block-image size-full\"><a href=\"https:\/\/tedenloesopreis.nl\/wp-content\/uploads\/2023\/12\/IMG_6054-1024x768-1.jpeg\" target=\"_blank\" rel=\"noreferrer noopener\"><img loading=\"lazy\" decoding=\"async\" width=\"1024\" height=\"768\" src=\"https:\/\/tedenloesopreis.nl\/wp-content\/uploads\/2023\/12\/IMG_6054-1024x768-1.jpeg\" alt=\"\" class=\"wp-image-7590\" srcset=\"https:\/\/tedenloesopreis.nl\/wp-content\/uploads\/2023\/12\/IMG_6054-1024x768-1.jpeg 1024w, https:\/\/tedenloesopreis.nl\/wp-content\/uploads\/2023\/12\/IMG_6054-1024x768-1-300x225.jpeg 300w, https:\/\/tedenloesopreis.nl\/wp-content\/uploads\/2023\/12\/IMG_6054-1024x768-1-768x576.jpeg 768w\" sizes=\"auto, (max-width: 1024px) 100vw, 1024px\" \/><\/a><figcaption class=\"wp-element-caption\"><em>Hochzeitshaus<\/em><\/figcaption><\/figure>\n<\/div>\n<\/div>\n\n\n\n<div class=\"wp-block-columns is-layout-flex wp-container-core-columns-is-layout-9d6595d7 wp-block-columns-is-layout-flex\">\n<div class=\"wp-block-column is-layout-flow wp-block-column-is-layout-flow\">\n<figure class=\"wp-block-image size-full\"><a href=\"https:\/\/tedenloesopreis.nl\/wp-content\/uploads\/2023\/12\/IMG_6050-768x1024-1.jpeg\" target=\"_blank\" rel=\"noreferrer noopener\"><img loading=\"lazy\" decoding=\"async\" width=\"768\" height=\"1024\" src=\"https:\/\/tedenloesopreis.nl\/wp-content\/uploads\/2023\/12\/IMG_6050-768x1024-1.jpeg\" alt=\"\" class=\"wp-image-7591\" srcset=\"https:\/\/tedenloesopreis.nl\/wp-content\/uploads\/2023\/12\/IMG_6050-768x1024-1.jpeg 768w, https:\/\/tedenloesopreis.nl\/wp-content\/uploads\/2023\/12\/IMG_6050-768x1024-1-225x300.jpeg 225w\" sizes=\"auto, (max-width: 768px) 100vw, 768px\" \/><\/a><figcaption class=\"wp-element-caption\"><em>de dom van Fritzlar<\/em><\/figcaption><\/figure>\n<\/div>\n\n\n\n<div class=\"wp-block-column is-layout-flow wp-block-column-is-layout-flow\">\n<figure class=\"wp-block-image size-full\"><a href=\"https:\/\/tedenloesopreis.nl\/wp-content\/uploads\/2023\/12\/IMG_6052-768x1024-1.jpeg\" target=\"_blank\" rel=\"noreferrer noopener\"><img loading=\"lazy\" decoding=\"async\" width=\"768\" height=\"1024\" src=\"https:\/\/tedenloesopreis.nl\/wp-content\/uploads\/2023\/12\/IMG_6052-768x1024-1.jpeg\" alt=\"\" class=\"wp-image-7592\" srcset=\"https:\/\/tedenloesopreis.nl\/wp-content\/uploads\/2023\/12\/IMG_6052-768x1024-1.jpeg 768w, https:\/\/tedenloesopreis.nl\/wp-content\/uploads\/2023\/12\/IMG_6052-768x1024-1-225x300.jpeg 225w\" sizes=\"auto, (max-width: 768px) 100vw, 768px\" \/><\/a><figcaption class=\"wp-element-caption\"><em>Grauen Turm<\/em><\/figcaption><\/figure>\n<\/div>\n\n\n\n<div class=\"wp-block-column is-layout-flow wp-block-column-is-layout-flow\">\n<figure class=\"wp-block-image size-full\"><a href=\"https:\/\/tedenloesopreis.nl\/wp-content\/uploads\/2023\/12\/IMG_6045-768x1024-1.jpeg\" target=\"_blank\" rel=\"noreferrer noopener\"><img loading=\"lazy\" decoding=\"async\" width=\"768\" height=\"1024\" src=\"https:\/\/tedenloesopreis.nl\/wp-content\/uploads\/2023\/12\/IMG_6045-768x1024-1.jpeg\" alt=\"\" class=\"wp-image-7593\" srcset=\"https:\/\/tedenloesopreis.nl\/wp-content\/uploads\/2023\/12\/IMG_6045-768x1024-1.jpeg 768w, https:\/\/tedenloesopreis.nl\/wp-content\/uploads\/2023\/12\/IMG_6045-768x1024-1-225x300.jpeg 225w\" sizes=\"auto, (max-width: 768px) 100vw, 768px\" \/><\/a><figcaption class=\"wp-element-caption\"><em>Winterturm<\/em><\/figcaption><\/figure>\n<\/div>\n<\/div>\n\n\n\n<div style=\"height:35px\" aria-hidden=\"true\" class=\"wp-block-spacer\"><\/div>\n\n\n\n<div class=\"wp-block-columns is-layout-flex wp-container-core-columns-is-layout-9d6595d7 wp-block-columns-is-layout-flex\">\n<div class=\"wp-block-column is-layout-flow wp-block-column-is-layout-flow\">\n<p class=\"has-orange-background-color has-background\" id=\"dag04\"><\/p>\n<\/div>\n<\/div>\n\n\n\n<div class=\"wp-block-columns is-layout-flex wp-container-core-columns-is-layout-9d6595d7 wp-block-columns-is-layout-flex\">\n<div class=\"wp-block-column is-layout-flow wp-block-column-is-layout-flow\" style=\"flex-basis:33.33%\">\n<p><a href=\"#titel\">top<\/a><\/p>\n<\/div>\n\n\n\n<div class=\"wp-block-column is-layout-flow wp-block-column-is-layout-flow\" style=\"flex-basis:66.66%\">\n<p><strong>DWARS DOOR DE HARZ<\/strong><br>dag 04 &nbsp; &nbsp; &nbsp;&nbsp;di 16 mei 2023<br><a href=\"https:\/\/www.google.com\/maps\/d\/edit?mid=17AqfOfRHo31Lt-ScZMko8TjZaldBJas&amp;ll=51.50057329965969%2C9.842989151602874&amp;z=9\" target=\"_blank\" rel=\"noreferrer noopener\">Fritzlar \u2013 Goslar<\/a>&nbsp;&nbsp; &nbsp;&nbsp; &nbsp;164 km<\/p>\n<\/div>\n<\/div>\n\n\n\n<div style=\"height:20px\" aria-hidden=\"true\" class=\"wp-block-spacer\"><\/div>\n\n\n\n<div class=\"wp-block-columns is-layout-flex wp-container-core-columns-is-layout-9d6595d7 wp-block-columns-is-layout-flex\">\n<div class=\"wp-block-column is-layout-flow wp-block-column-is-layout-flow\" style=\"flex-basis:33.33%\">\n<figure class=\"wp-block-image size-full\"><a href=\"https:\/\/tedenloesopreis.nl\/wp-content\/uploads\/2023\/12\/IMG_6070-1024x768-1.jpeg\" target=\"_blank\" rel=\"noreferrer noopener\"><img loading=\"lazy\" decoding=\"async\" width=\"1024\" height=\"768\" src=\"https:\/\/tedenloesopreis.nl\/wp-content\/uploads\/2023\/12\/IMG_6070-1024x768-1.jpeg\" alt=\"\" class=\"wp-image-7596\" srcset=\"https:\/\/tedenloesopreis.nl\/wp-content\/uploads\/2023\/12\/IMG_6070-1024x768-1.jpeg 1024w, https:\/\/tedenloesopreis.nl\/wp-content\/uploads\/2023\/12\/IMG_6070-1024x768-1-300x225.jpeg 300w, https:\/\/tedenloesopreis.nl\/wp-content\/uploads\/2023\/12\/IMG_6070-1024x768-1-768x576.jpeg 768w\" sizes=\"auto, (max-width: 1024px) 100vw, 1024px\" \/><\/a><figcaption class=\"wp-element-caption\"><em>camperplaatsen op de camping in Goslar<\/em><\/figcaption><\/figure>\n<\/div>\n\n\n\n<div class=\"wp-block-column is-layout-flow wp-block-column-is-layout-flow\" style=\"flex-basis:66.66%\">\n<p>Na 164 km staan we op een&nbsp;<a href=\"https:\/\/www.campercontact.com\/nl\/duitsland\/nedersaksen\/goslar\/92838\/harz-camp-goslar\" target=\"_blank\" rel=\"noreferrer noopener\">camping bij Goslar<\/a>.<\/p>\n\n\n\n<p>Volgens het oorspronkelijke plan zouden we vandaag binnendoor naar Goslar rijden. Daar zouden we de buzz parkeren, de fietsen eraf halen, de altstad bekijken. Daarna zouden we een klein stukje terugrijden naar de camping. Morgen zouden we daar een rustdag houden. Het loopt echter anders, en dat is te danken aan TomTom.<\/p>\n\n\n\n<p id=\"tomtom\">Bij het vertrek vanochtend vragen we TomTom om een route naar Goslar, met vermijding van snelwegen. De suggestie van TomTom is teleurstellend: dwars door Kassel, dwars door Hannoverisch M\u00fcnden, dwars door G\u00f6ttingen, dwars door Northeim, met een grote boog om het Nationalpark Harz heen. We vragen om een alternatief, en dat ziet er op het eerste gezicht goed uit: binnendoor naar Osterode am Harz, daarna door het Nationalpark, via Clausthal-Zellerfeld, naar Goslar. Deze binnendoorroute blijkt echter alleen te doen zonder tegenliggers. Als we het zoveelste smalle straatje worden opgestuurd, besluiten we om toch maar via Kassel en G\u00f6ttingen te rijden.&nbsp;<\/p>\n\n\n\n<p>Als we tegen 13:00 uur door Northeim rijden, zien we een McDonalds liggen. We hebben trek, dus stoppen we.&nbsp;<\/p>\n\n\n\n<p>Net voorbij de Mac begint de \u201c241\u201d, naar Ostenrode am Harz. Deze gaat verder naar Goslar, en voert langs de camping. Als we tegen 15:00 ter hoogte van de camping zijn, besluiten we om daar te stoppen, want het is eigenlijk al te laat om nog op ons gemak naar Goslar te gaan. Dat doen we morgen.<\/p>\n<\/div>\n<\/div>\n\n\n\n<div style=\"height:35px\" aria-hidden=\"true\" class=\"wp-block-spacer\"><\/div>\n\n\n\n<div class=\"wp-block-columns is-layout-flex wp-container-core-columns-is-layout-9d6595d7 wp-block-columns-is-layout-flex\">\n<div class=\"wp-block-column is-layout-flow wp-block-column-is-layout-flow\">\n<p class=\"has-orange-background-color has-background\" id=\"dag05\"><\/p>\n<\/div>\n<\/div>\n\n\n\n<div class=\"wp-block-columns is-layout-flex wp-container-core-columns-is-layout-9d6595d7 wp-block-columns-is-layout-flex\">\n<div class=\"wp-block-column is-layout-flow wp-block-column-is-layout-flow\" style=\"flex-basis:33.33%\">\n<p><a href=\"#titel\">top<\/a><\/p>\n<\/div>\n\n\n\n<div class=\"wp-block-column is-layout-flow wp-block-column-is-layout-flow\" style=\"flex-basis:66.66%\">\n<p><strong>LEVE DE DIKKE BANDEN<br><\/strong>dag 05 &nbsp;&nbsp; &nbsp; &nbsp;wo 17 mei 2023<br>Goslar &nbsp;  &nbsp; &nbsp;0 km<\/p>\n<\/div>\n<\/div>\n\n\n\n<div style=\"height:20px\" aria-hidden=\"true\" class=\"wp-block-spacer\"><\/div>\n\n\n\n<div class=\"wp-block-columns is-layout-flex wp-container-core-columns-is-layout-9d6595d7 wp-block-columns-is-layout-flex\">\n<div class=\"wp-block-column is-layout-flow wp-block-column-is-layout-flow\" style=\"flex-basis:33.33%\"><\/div>\n\n\n\n<div class=\"wp-block-column is-layout-flow wp-block-column-is-layout-flow\" style=\"flex-basis:66.66%\">\n<p>Allereerst: de kalender zegt dat over een dikke maand de zomer begint, maar de thermometer en het gevoel zeggen iets anders. Afgelopen nacht was het maar een klein beetje boven nul, en vandaag wordt het in Goslar hoogstens 9\u00b0C. Er staat een stevige, frisse, wind, en het voelt koud aan, behalve als zo af en toe het zonnetje even door de wolken breekt.<\/p>\n\n\n\n<p>Als wij vanochtend tegen 11:00 uur op de fiets stappen, hebben we er een beetje spijt van dat we de handschoenen en de binnenmutsen van de fietshelmen niet hebben meegenomen. Dat is echter weer snel vergeten als wij bij de camping de B241 oversteken en het bospad oprijden. De fietsroute naar Goslar heeft wel wat weg van het parcours van een veldrit: grote keien, losliggende stenen (op een gedeelte met een dwarshelling in de richting van het naastliggende beekje), waterstroompjes, plassen, modderpoelen. Kortom, een traject waar MvdP zich wel thuis zal voelen. We zijn blij, dat onze fietsen relatief dikke banden hebben, en dat de ondersteuning ons door de modder trekt. Nog een positief aspect: we hebben het er behoorlijk warm van gekregen.<\/p>\n\n\n\n<p>Goslar heeft een prachtige Altstadt met een overdaad aan oude vakwerkhuizen, doorgaans aan smalle straatjes met kinderkopjes. De Markt en het Schuhhof zijn erg mooi, en dat geldt ook voor het Siemenshaus (waar de familie Siemens al in 1693 kantoor hield) en het Kaiserpfalz (gebouwd in de 11e eeuw, als verblijf voor de keizers van het Heilige Roomse Rijk). Ook het gebied langs de Abzucht, een beekje dat door de stad loopt, vinden wij zeer de moeite waard, b.v. de Glockengie\u00dferstra\u00dfe. Het is dus aangenaam vertoeven in Goslar.<\/p>\n<\/div>\n<\/div>\n\n\n\n<div class=\"wp-block-columns is-layout-flex wp-container-core-columns-is-layout-9d6595d7 wp-block-columns-is-layout-flex\">\n<div class=\"wp-block-column is-layout-flow wp-block-column-is-layout-flow\">\n<figure class=\"wp-block-image size-full\"><a href=\"https:\/\/tedenloesopreis.nl\/wp-content\/uploads\/2023\/12\/IMG_6062-1024x768-1.jpeg\" target=\"_blank\" rel=\"noreferrer noopener\"><img loading=\"lazy\" decoding=\"async\" width=\"1024\" height=\"768\" src=\"https:\/\/tedenloesopreis.nl\/wp-content\/uploads\/2023\/12\/IMG_6062-1024x768-1.jpeg\" alt=\"\" class=\"wp-image-7598\" srcset=\"https:\/\/tedenloesopreis.nl\/wp-content\/uploads\/2023\/12\/IMG_6062-1024x768-1.jpeg 1024w, https:\/\/tedenloesopreis.nl\/wp-content\/uploads\/2023\/12\/IMG_6062-1024x768-1-300x225.jpeg 300w, https:\/\/tedenloesopreis.nl\/wp-content\/uploads\/2023\/12\/IMG_6062-1024x768-1-768x576.jpeg 768w\" sizes=\"auto, (max-width: 1024px) 100vw, 1024px\" \/><\/a><figcaption class=\"wp-element-caption\"><em>Markt<\/em><\/figcaption><\/figure>\n<\/div>\n\n\n\n<div class=\"wp-block-column is-layout-flow wp-block-column-is-layout-flow\">\n<figure class=\"wp-block-image size-full\"><a href=\"https:\/\/tedenloesopreis.nl\/wp-content\/uploads\/2023\/12\/IMG_6064-1024x768-1.jpeg\" target=\"_blank\" rel=\"noreferrer noopener\"><img loading=\"lazy\" decoding=\"async\" width=\"1024\" height=\"768\" src=\"https:\/\/tedenloesopreis.nl\/wp-content\/uploads\/2023\/12\/IMG_6064-1024x768-1.jpeg\" alt=\"\" class=\"wp-image-7599\" srcset=\"https:\/\/tedenloesopreis.nl\/wp-content\/uploads\/2023\/12\/IMG_6064-1024x768-1.jpeg 1024w, https:\/\/tedenloesopreis.nl\/wp-content\/uploads\/2023\/12\/IMG_6064-1024x768-1-300x225.jpeg 300w, https:\/\/tedenloesopreis.nl\/wp-content\/uploads\/2023\/12\/IMG_6064-1024x768-1-768x576.jpeg 768w\" sizes=\"auto, (max-width: 1024px) 100vw, 1024px\" \/><\/a><figcaption class=\"wp-element-caption\"><em>Markt<\/em><\/figcaption><\/figure>\n<\/div>\n\n\n\n<div class=\"wp-block-column is-layout-flow wp-block-column-is-layout-flow\">\n<figure class=\"wp-block-image size-full\"><a href=\"https:\/\/tedenloesopreis.nl\/wp-content\/uploads\/2023\/12\/IMG_6066-1024x768-1.jpeg\" target=\"_blank\" rel=\"noreferrer noopener\"><img loading=\"lazy\" decoding=\"async\" width=\"1024\" height=\"768\" src=\"https:\/\/tedenloesopreis.nl\/wp-content\/uploads\/2023\/12\/IMG_6066-1024x768-1.jpeg\" alt=\"\" class=\"wp-image-7600\" srcset=\"https:\/\/tedenloesopreis.nl\/wp-content\/uploads\/2023\/12\/IMG_6066-1024x768-1.jpeg 1024w, https:\/\/tedenloesopreis.nl\/wp-content\/uploads\/2023\/12\/IMG_6066-1024x768-1-300x225.jpeg 300w, https:\/\/tedenloesopreis.nl\/wp-content\/uploads\/2023\/12\/IMG_6066-1024x768-1-768x576.jpeg 768w\" sizes=\"auto, (max-width: 1024px) 100vw, 1024px\" \/><\/a><figcaption class=\"wp-element-caption\"><em>Shuhhof<\/em><\/figcaption><\/figure>\n<\/div>\n<\/div>\n\n\n\n<div class=\"wp-block-columns is-layout-flex wp-container-core-columns-is-layout-9d6595d7 wp-block-columns-is-layout-flex\">\n<div class=\"wp-block-column is-layout-flow wp-block-column-is-layout-flow\"><\/div>\n\n\n\n<div class=\"wp-block-column is-layout-flow wp-block-column-is-layout-flow\">\n<figure class=\"wp-block-image size-full\"><a href=\"https:\/\/tedenloesopreis.nl\/wp-content\/uploads\/2023\/12\/IMG_6061-768x1024-1.jpeg\" target=\"_blank\" rel=\"noreferrer noopener\"><img loading=\"lazy\" decoding=\"async\" width=\"768\" height=\"1024\" src=\"https:\/\/tedenloesopreis.nl\/wp-content\/uploads\/2023\/12\/IMG_6061-768x1024-1.jpeg\" alt=\"\" class=\"wp-image-7601\" srcset=\"https:\/\/tedenloesopreis.nl\/wp-content\/uploads\/2023\/12\/IMG_6061-768x1024-1.jpeg 768w, https:\/\/tedenloesopreis.nl\/wp-content\/uploads\/2023\/12\/IMG_6061-768x1024-1-225x300.jpeg 225w\" sizes=\"auto, (max-width: 768px) 100vw, 768px\" \/><\/a><figcaption class=\"wp-element-caption\"><em>Siemenshaus<\/em><\/figcaption><\/figure>\n<\/div>\n\n\n\n<div class=\"wp-block-column is-layout-flow wp-block-column-is-layout-flow\">\n<figure class=\"wp-block-image size-full\"><a href=\"https:\/\/tedenloesopreis.nl\/wp-content\/uploads\/2023\/12\/IMG_6068-1024x768-1.jpeg\" target=\"_blank\" rel=\"noreferrer noopener\"><img loading=\"lazy\" decoding=\"async\" width=\"1024\" height=\"768\" src=\"https:\/\/tedenloesopreis.nl\/wp-content\/uploads\/2023\/12\/IMG_6068-1024x768-1.jpeg\" alt=\"\" class=\"wp-image-7602\" srcset=\"https:\/\/tedenloesopreis.nl\/wp-content\/uploads\/2023\/12\/IMG_6068-1024x768-1.jpeg 1024w, https:\/\/tedenloesopreis.nl\/wp-content\/uploads\/2023\/12\/IMG_6068-1024x768-1-300x225.jpeg 300w, https:\/\/tedenloesopreis.nl\/wp-content\/uploads\/2023\/12\/IMG_6068-1024x768-1-768x576.jpeg 768w\" sizes=\"auto, (max-width: 1024px) 100vw, 1024px\" \/><\/a><figcaption class=\"wp-element-caption\"><em>Kaiserpfalz<\/em><\/figcaption><\/figure>\n<\/div>\n<\/div>\n\n\n\n<div class=\"wp-block-columns is-layout-flex wp-container-core-columns-is-layout-9d6595d7 wp-block-columns-is-layout-flex\">\n<div class=\"wp-block-column is-layout-flow wp-block-column-is-layout-flow\"><\/div>\n\n\n\n<div class=\"wp-block-column is-layout-flow wp-block-column-is-layout-flow\">\n<figure class=\"wp-block-image size-full\"><a href=\"https:\/\/tedenloesopreis.nl\/wp-content\/uploads\/2023\/12\/IMG_6069-1024x768-1.jpeg\" target=\"_blank\" rel=\"noreferrer noopener\"><img loading=\"lazy\" decoding=\"async\" width=\"1024\" height=\"768\" src=\"https:\/\/tedenloesopreis.nl\/wp-content\/uploads\/2023\/12\/IMG_6069-1024x768-1.jpeg\" alt=\"\" class=\"wp-image-7603\" srcset=\"https:\/\/tedenloesopreis.nl\/wp-content\/uploads\/2023\/12\/IMG_6069-1024x768-1.jpeg 1024w, https:\/\/tedenloesopreis.nl\/wp-content\/uploads\/2023\/12\/IMG_6069-1024x768-1-300x225.jpeg 300w, https:\/\/tedenloesopreis.nl\/wp-content\/uploads\/2023\/12\/IMG_6069-1024x768-1-768x576.jpeg 768w\" sizes=\"auto, (max-width: 1024px) 100vw, 1024px\" \/><\/a><figcaption class=\"wp-element-caption\"><em>aan de Abzucht<\/em><\/figcaption><\/figure>\n<\/div>\n\n\n\n<div class=\"wp-block-column is-layout-flow wp-block-column-is-layout-flow\">\n<figure class=\"wp-block-image size-full\"><a href=\"https:\/\/tedenloesopreis.nl\/wp-content\/uploads\/2023\/12\/IMG_6067-1024x768-1.jpeg\" target=\"_blank\" rel=\"noreferrer noopener\"><img loading=\"lazy\" decoding=\"async\" width=\"1024\" height=\"768\" src=\"https:\/\/tedenloesopreis.nl\/wp-content\/uploads\/2023\/12\/IMG_6067-1024x768-1.jpeg\" alt=\"\" class=\"wp-image-7604\" srcset=\"https:\/\/tedenloesopreis.nl\/wp-content\/uploads\/2023\/12\/IMG_6067-1024x768-1.jpeg 1024w, https:\/\/tedenloesopreis.nl\/wp-content\/uploads\/2023\/12\/IMG_6067-1024x768-1-300x225.jpeg 300w, https:\/\/tedenloesopreis.nl\/wp-content\/uploads\/2023\/12\/IMG_6067-1024x768-1-768x576.jpeg 768w\" sizes=\"auto, (max-width: 1024px) 100vw, 1024px\" \/><\/a><figcaption class=\"wp-element-caption\"><em>Glockengie\u00dferstra\u00dfe<\/em><\/figcaption><\/figure>\n<\/div>\n<\/div>\n\n\n\n<div style=\"height:35px\" aria-hidden=\"true\" class=\"wp-block-spacer\"><\/div>\n\n\n\n<div class=\"wp-block-columns is-layout-flex wp-container-core-columns-is-layout-9d6595d7 wp-block-columns-is-layout-flex\">\n<div class=\"wp-block-column is-layout-flow wp-block-column-is-layout-flow\">\n<p class=\"has-orange-background-color has-background\" id=\"dag06\"><\/p>\n<\/div>\n<\/div>\n\n\n\n<div class=\"wp-block-columns is-layout-flex wp-container-core-columns-is-layout-9d6595d7 wp-block-columns-is-layout-flex\">\n<div class=\"wp-block-column is-layout-flow wp-block-column-is-layout-flow\" style=\"flex-basis:33.33%\">\n<p><a href=\"#titel\">top<\/a><\/p>\n<\/div>\n\n\n\n<div class=\"wp-block-column is-layout-flow wp-block-column-is-layout-flow\" style=\"flex-basis:66.66%\">\n<p><strong>MEER NAAR HET OOSTEN<br><\/strong>dag 06 &nbsp; &nbsp;&nbsp; &nbsp;do 18 mei 2023<br><a href=\"https:\/\/www.google.com\/maps\/d\/edit?mid=1Oq0enhS9HvT16UeenIhBDzvScU0CfuM&amp;ll=51.83930398969283%2C10.759877216796863&amp;z=11\" target=\"_blank\" rel=\"noreferrer noopener\">Goslar \u2013 Bad Suderode<\/a>&nbsp;&nbsp; &nbsp;  &nbsp;74 km<\/p>\n<\/div>\n<\/div>\n\n\n\n<div style=\"height:20px\" aria-hidden=\"true\" class=\"wp-block-spacer\"><\/div>\n\n\n\n<div class=\"wp-block-columns is-layout-flex wp-container-core-columns-is-layout-9d6595d7 wp-block-columns-is-layout-flex\">\n<div class=\"wp-block-column is-layout-flow wp-block-column-is-layout-flow\" style=\"flex-basis:33.33%\">\n<figure class=\"wp-block-image size-full\"><a href=\"https:\/\/tedenloesopreis.nl\/wp-content\/uploads\/2023\/12\/IMG_6071-1024x768-2.jpeg\" target=\"_blank\" rel=\"noreferrer noopener\"><img loading=\"lazy\" decoding=\"async\" width=\"1024\" height=\"768\" src=\"https:\/\/tedenloesopreis.nl\/wp-content\/uploads\/2023\/12\/IMG_6071-1024x768-2.jpeg\" alt=\"\" class=\"wp-image-7608\" srcset=\"https:\/\/tedenloesopreis.nl\/wp-content\/uploads\/2023\/12\/IMG_6071-1024x768-2.jpeg 1024w, https:\/\/tedenloesopreis.nl\/wp-content\/uploads\/2023\/12\/IMG_6071-1024x768-2-300x225.jpeg 300w, https:\/\/tedenloesopreis.nl\/wp-content\/uploads\/2023\/12\/IMG_6071-1024x768-2-768x576.jpeg 768w\" sizes=\"auto, (max-width: 1024px) 100vw, 1024px\" \/><\/a><figcaption class=\"wp-element-caption\"><em>camperplaats Bad Suderode<\/em><\/figcaption><\/figure>\n<\/div>\n\n\n\n<div class=\"wp-block-column is-layout-flow wp-block-column-is-layout-flow\" style=\"flex-basis:66.66%\">\n<p>Vandaag is een verplaatsingsdag. Na 76 km komen we, nog voor lunchtijd, aan op een&nbsp;<a href=\"https:\/\/www.campercontact.com\/nl\/duitsland\/saksen-anhalt\/quedlinburg\/88089\/parking-hotel-am-kurpark\" target=\"_blank\" rel=\"noreferrer noopener\">camperplaats bij een hotel in Bad Suderode<\/a>, een paar kilometer zuidelijk van Quedlinburg.&nbsp;<\/p>\n\n\n\n<p>Tegen onze gewoonte in hebben we hier (en hiervoor in Goslar en hierna in Leipzig) een plaats gereserveerd, want rond Hemelvaart zijn alle campings en camperplaatsen in Duitsland tjokvol. We hebben hier voor twee dagen geboekt. We hebben dus alle tijd om \u2018s-middags lekker te luieren. Morgen fietsen we naar Quedlinburg.<\/p>\n<\/div>\n<\/div>\n\n\n\n<div style=\"height:35px\" aria-hidden=\"true\" class=\"wp-block-spacer\"><\/div>\n\n\n\n<div class=\"wp-block-columns is-layout-flex wp-container-core-columns-is-layout-9d6595d7 wp-block-columns-is-layout-flex\">\n<div class=\"wp-block-column is-layout-flow wp-block-column-is-layout-flow\">\n<p class=\"has-orange-background-color has-background\" id=\"dag07\"><\/p>\n<\/div>\n<\/div>\n\n\n\n<div class=\"wp-block-columns is-layout-flex wp-container-core-columns-is-layout-9d6595d7 wp-block-columns-is-layout-flex\">\n<div class=\"wp-block-column is-layout-flow wp-block-column-is-layout-flow\" style=\"flex-basis:33.33%\">\n<p><a href=\"#titel\">top<\/a><\/p>\n<\/div>\n\n\n\n<div class=\"wp-block-column is-layout-flow wp-block-column-is-layout-flow\" style=\"flex-basis:66.66%\">\n<p><strong>EN DE WINNAAR IS &#8230;..<\/strong><br>dag 07 &nbsp; &nbsp;&nbsp; &nbsp;vr 19 mei 2023<br>Bad Suderode &nbsp; &nbsp;&nbsp; &nbsp;0 km<\/p>\n<\/div>\n<\/div>\n\n\n\n<div style=\"height:20px\" aria-hidden=\"true\" class=\"wp-block-spacer\"><\/div>\n\n\n\n<div class=\"wp-block-columns is-layout-flex wp-container-core-columns-is-layout-9d6595d7 wp-block-columns-is-layout-flex\">\n<div class=\"wp-block-column is-layout-flow wp-block-column-is-layout-flow\" style=\"flex-basis:33.33%\"><\/div>\n\n\n\n<div class=\"wp-block-column is-layout-flow wp-block-column-is-layout-flow\" style=\"flex-basis:66.66%\">\n<p>We fietsen vandaag naar Quedlinburg, en dat is genieten. Niet alleen van de goede fietspaden onderweg, maar ook, eigenlijk vooral, van Quedlinburg.<\/p>\n\n\n\n<p>Elke vergelijking gaat wel ergens mank, maar als we de vakwerkstadjes Fritzlar, Goslar en Quedlinburg dan toch met elkaar moeten vergelijken, dan steekt Quedlinburg er met kop en schouders bovenuit. Dat zal wellicht mede liggen aan de gezellige drukte in het stadje (Hemelvaartvakantie), maar los daarvan, de Altstadt kent geen enkele dissonant. Overal, zowel in de kronkelige straatjes met kinderkopjes als op de pleintjes en pleinen (waaronder de Markt), zowel beneden als op de Schlo\u00dfberg, overal proeft men de middeleeuwen. Quedlinburg verdient dan ook met recht het predikaat \u201cUnesco werelderfgoed\u201d.<\/p>\n<\/div>\n<\/div>\n\n\n\n<div class=\"wp-block-columns is-layout-flex wp-container-core-columns-is-layout-9d6595d7 wp-block-columns-is-layout-flex\">\n<div class=\"wp-block-column is-layout-flow wp-block-column-is-layout-flow\">\n<figure class=\"wp-block-image size-full\"><a href=\"https:\/\/tedenloesopreis.nl\/wp-content\/uploads\/2023\/12\/IMG_6076-1024x768-1.jpeg\" target=\"_blank\" rel=\"noreferrer noopener\"><img loading=\"lazy\" decoding=\"async\" width=\"1024\" height=\"768\" src=\"https:\/\/tedenloesopreis.nl\/wp-content\/uploads\/2023\/12\/IMG_6076-1024x768-1.jpeg\" alt=\"\" class=\"wp-image-7611\" srcset=\"https:\/\/tedenloesopreis.nl\/wp-content\/uploads\/2023\/12\/IMG_6076-1024x768-1.jpeg 1024w, https:\/\/tedenloesopreis.nl\/wp-content\/uploads\/2023\/12\/IMG_6076-1024x768-1-300x225.jpeg 300w, https:\/\/tedenloesopreis.nl\/wp-content\/uploads\/2023\/12\/IMG_6076-1024x768-1-768x576.jpeg 768w\" sizes=\"auto, (max-width: 1024px) 100vw, 1024px\" \/><\/a><figcaption class=\"wp-element-caption\"><em>Schlo\u00dfberg<\/em><\/figcaption><\/figure>\n<\/div>\n\n\n\n<div class=\"wp-block-column is-layout-flow wp-block-column-is-layout-flow\">\n<figure class=\"wp-block-image size-full\"><a href=\"https:\/\/tedenloesopreis.nl\/wp-content\/uploads\/2023\/12\/IMG_6073-1024x768-1.jpeg\" target=\"_blank\" rel=\"noreferrer noopener\"><img loading=\"lazy\" decoding=\"async\" width=\"1024\" height=\"768\" src=\"https:\/\/tedenloesopreis.nl\/wp-content\/uploads\/2023\/12\/IMG_6073-1024x768-1.jpeg\" alt=\"\" class=\"wp-image-7612\" srcset=\"https:\/\/tedenloesopreis.nl\/wp-content\/uploads\/2023\/12\/IMG_6073-1024x768-1.jpeg 1024w, https:\/\/tedenloesopreis.nl\/wp-content\/uploads\/2023\/12\/IMG_6073-1024x768-1-300x225.jpeg 300w, https:\/\/tedenloesopreis.nl\/wp-content\/uploads\/2023\/12\/IMG_6073-1024x768-1-768x576.jpeg 768w\" sizes=\"auto, (max-width: 1024px) 100vw, 1024px\" \/><\/a><figcaption class=\"wp-element-caption\"><em>Schlo\u00dfberg<\/em><\/figcaption><\/figure>\n<\/div>\n\n\n\n<div class=\"wp-block-column is-layout-flow wp-block-column-is-layout-flow\">\n<figure class=\"wp-block-image size-full\"><a href=\"https:\/\/tedenloesopreis.nl\/wp-content\/uploads\/2023\/12\/IMG_6075-1024x768-1.jpeg\" target=\"_blank\" rel=\"noreferrer noopener\"><img loading=\"lazy\" decoding=\"async\" width=\"1024\" height=\"768\" src=\"https:\/\/tedenloesopreis.nl\/wp-content\/uploads\/2023\/12\/IMG_6075-1024x768-1.jpeg\" alt=\"\" class=\"wp-image-7613\" srcset=\"https:\/\/tedenloesopreis.nl\/wp-content\/uploads\/2023\/12\/IMG_6075-1024x768-1.jpeg 1024w, https:\/\/tedenloesopreis.nl\/wp-content\/uploads\/2023\/12\/IMG_6075-1024x768-1-300x225.jpeg 300w, https:\/\/tedenloesopreis.nl\/wp-content\/uploads\/2023\/12\/IMG_6075-1024x768-1-768x576.jpeg 768w\" sizes=\"auto, (max-width: 1024px) 100vw, 1024px\" \/><\/a><figcaption class=\"wp-element-caption\"><em>Schlo\u00dfberg<\/em><\/figcaption><\/figure>\n<\/div>\n<\/div>\n\n\n\n<div class=\"wp-block-columns is-layout-flex wp-container-core-columns-is-layout-9d6595d7 wp-block-columns-is-layout-flex\">\n<div class=\"wp-block-column is-layout-flow wp-block-column-is-layout-flow\"><\/div>\n\n\n\n<div class=\"wp-block-column is-layout-flow wp-block-column-is-layout-flow\">\n<figure class=\"wp-block-image size-full\"><a href=\"https:\/\/tedenloesopreis.nl\/wp-content\/uploads\/2023\/12\/IMG_6078-1024x768-1.jpeg\" target=\"_blank\" rel=\"noreferrer noopener\"><img loading=\"lazy\" decoding=\"async\" width=\"1024\" height=\"768\" src=\"https:\/\/tedenloesopreis.nl\/wp-content\/uploads\/2023\/12\/IMG_6078-1024x768-1.jpeg\" alt=\"\" class=\"wp-image-7614\" srcset=\"https:\/\/tedenloesopreis.nl\/wp-content\/uploads\/2023\/12\/IMG_6078-1024x768-1.jpeg 1024w, https:\/\/tedenloesopreis.nl\/wp-content\/uploads\/2023\/12\/IMG_6078-1024x768-1-300x225.jpeg 300w, https:\/\/tedenloesopreis.nl\/wp-content\/uploads\/2023\/12\/IMG_6078-1024x768-1-768x576.jpeg 768w\" sizes=\"auto, (max-width: 1024px) 100vw, 1024px\" \/><\/a><figcaption class=\"wp-element-caption\"><em>Markt met Rathaus<\/em><\/figcaption><\/figure>\n<\/div>\n\n\n\n<div class=\"wp-block-column is-layout-flow wp-block-column-is-layout-flow\">\n<figure class=\"wp-block-image size-full\"><a href=\"https:\/\/tedenloesopreis.nl\/wp-content\/uploads\/2023\/12\/IMG_6080-1024x768-1.jpeg\" target=\"_blank\" rel=\"noreferrer noopener\"><img loading=\"lazy\" decoding=\"async\" width=\"1024\" height=\"768\" src=\"https:\/\/tedenloesopreis.nl\/wp-content\/uploads\/2023\/12\/IMG_6080-1024x768-1.jpeg\" alt=\"\" class=\"wp-image-7615\" srcset=\"https:\/\/tedenloesopreis.nl\/wp-content\/uploads\/2023\/12\/IMG_6080-1024x768-1.jpeg 1024w, https:\/\/tedenloesopreis.nl\/wp-content\/uploads\/2023\/12\/IMG_6080-1024x768-1-300x225.jpeg 300w, https:\/\/tedenloesopreis.nl\/wp-content\/uploads\/2023\/12\/IMG_6080-1024x768-1-768x576.jpeg 768w\" sizes=\"auto, (max-width: 1024px) 100vw, 1024px\" \/><\/a><figcaption class=\"wp-element-caption\"><em>Markt<\/em><\/figcaption><\/figure>\n<\/div>\n<\/div>\n\n\n\n<div class=\"wp-block-columns is-layout-flex wp-container-core-columns-is-layout-9d6595d7 wp-block-columns-is-layout-flex\">\n<div class=\"wp-block-column is-layout-flow wp-block-column-is-layout-flow\"><\/div>\n\n\n\n<div class=\"wp-block-column is-layout-flow wp-block-column-is-layout-flow\">\n<figure class=\"wp-block-image size-full\"><a href=\"https:\/\/tedenloesopreis.nl\/wp-content\/uploads\/2023\/12\/IMG_6081-1024x768-1.jpeg\" target=\"_blank\" rel=\"noreferrer noopener\"><img loading=\"lazy\" decoding=\"async\" width=\"1024\" height=\"768\" src=\"https:\/\/tedenloesopreis.nl\/wp-content\/uploads\/2023\/12\/IMG_6081-1024x768-1.jpeg\" alt=\"\" class=\"wp-image-7616\" srcset=\"https:\/\/tedenloesopreis.nl\/wp-content\/uploads\/2023\/12\/IMG_6081-1024x768-1.jpeg 1024w, https:\/\/tedenloesopreis.nl\/wp-content\/uploads\/2023\/12\/IMG_6081-1024x768-1-300x225.jpeg 300w, https:\/\/tedenloesopreis.nl\/wp-content\/uploads\/2023\/12\/IMG_6081-1024x768-1-768x576.jpeg 768w\" sizes=\"auto, (max-width: 1024px) 100vw, 1024px\" \/><\/a><figcaption class=\"wp-element-caption\"><em>Breite Stra\u00dfe<\/em><\/figcaption><\/figure>\n<\/div>\n\n\n\n<div class=\"wp-block-column is-layout-flow wp-block-column-is-layout-flow\">\n<figure class=\"wp-block-image size-full\"><a href=\"https:\/\/tedenloesopreis.nl\/wp-content\/uploads\/2023\/12\/IMG_6083-1024x768-1.jpeg\" target=\"_blank\" rel=\"noreferrer noopener\"><img loading=\"lazy\" decoding=\"async\" width=\"1024\" height=\"768\" src=\"https:\/\/tedenloesopreis.nl\/wp-content\/uploads\/2023\/12\/IMG_6083-1024x768-1.jpeg\" alt=\"\" class=\"wp-image-7617\" srcset=\"https:\/\/tedenloesopreis.nl\/wp-content\/uploads\/2023\/12\/IMG_6083-1024x768-1.jpeg 1024w, https:\/\/tedenloesopreis.nl\/wp-content\/uploads\/2023\/12\/IMG_6083-1024x768-1-300x225.jpeg 300w, https:\/\/tedenloesopreis.nl\/wp-content\/uploads\/2023\/12\/IMG_6083-1024x768-1-768x576.jpeg 768w\" sizes=\"auto, (max-width: 1024px) 100vw, 1024px\" \/><\/a><figcaption class=\"wp-element-caption\"><em>St. Benediktii<\/em><\/figcaption><\/figure>\n<\/div>\n<\/div>\n\n\n\n<div class=\"wp-block-columns is-layout-flex wp-container-core-columns-is-layout-9d6595d7 wp-block-columns-is-layout-flex\">\n<div class=\"wp-block-column is-layout-flow wp-block-column-is-layout-flow\" style=\"flex-basis:33.33%\"><\/div>\n\n\n\n<div class=\"wp-block-column is-layout-flow wp-block-column-is-layout-flow\" style=\"flex-basis:66.66%\">\n<p>Nu heeft Quedlinburg t.o.v. Goslar en Fritzlar w\u00e9l het voordeel, dat het in het voormalige Oost-Duitsland ligt. Tot de \u201cWiedervereinigung\u201d in 1990 was het redelijk zwaar verwaarloosd. Het is dus nog maar pas \u201cgereanimeerd\u201d, en ziet er mede daardoor zo mooi uit. Goslar en Fritzlar hebben het \u201cnadeel\u201d, dat ze in het voormalige West-Duitsland liggen. Daarmee misten zij de kapitaalinjectie die Quedlinburg zo heeft geholpen. Ook al gaat de vergelijking hierdoor wellicht een beetje mank, Quedlinburg blijft voor ons de winnaar.<\/p>\n\n\n\n<p>Tot slot reageren we nog op de vraag van Paul en Jeannette. Het klopt dat bijzonder veel naaldbomen in de Harz zijn aangetast door de boomschorskever. Die is vooral actief in de hogere delen. Rond Clausthal-Zellerfeld zagen we grote lappen met dode bomen, hele gebieden waar de bomen waren geveld, heel veel stapels hout die op transport lagen te wachten.<\/p>\n<\/div>\n<\/div>\n\n\n\n<div style=\"height:35px\" aria-hidden=\"true\" class=\"wp-block-spacer\"><\/div>\n\n\n\n<div class=\"wp-block-columns is-layout-flex wp-container-core-columns-is-layout-9d6595d7 wp-block-columns-is-layout-flex\">\n<div class=\"wp-block-column is-layout-flow wp-block-column-is-layout-flow\">\n<p class=\"has-orange-background-color has-background\" id=\"dag08\"><\/p>\n<\/div>\n<\/div>\n\n\n\n<div class=\"wp-block-columns is-layout-flex wp-container-core-columns-is-layout-9d6595d7 wp-block-columns-is-layout-flex\">\n<div class=\"wp-block-column is-layout-flow wp-block-column-is-layout-flow\" style=\"flex-basis:33.33%\">\n<p><a href=\"#titel\">top<\/a><\/p>\n<\/div>\n\n\n\n<div class=\"wp-block-column is-layout-flow wp-block-column-is-layout-flow\" style=\"flex-basis:66.66%\">\n<p><strong>HUTJE-MUTJE IN LEIPZIG<br><\/strong>dag 08 &nbsp; &nbsp;&nbsp; za 20 mei 2023<br><a href=\"https:\/\/www.google.com\/maps\/d\/edit?mid=10yOEax2_Lt9S-8Cuoa8ca8Ji6JYPTR0&amp;ll=51.59342973173805%2C11.696176702899956&amp;z=10\" target=\"_blank\" rel=\"noreferrer noopener\">Bad Suderode \u2013 Leipzig<\/a>&nbsp;&nbsp; &nbsp; &nbsp;132 km<\/p>\n<\/div>\n<\/div>\n\n\n\n<div style=\"height:20px\" aria-hidden=\"true\" class=\"wp-block-spacer\"><\/div>\n\n\n\n<div class=\"wp-block-columns is-layout-flex wp-container-core-columns-is-layout-9d6595d7 wp-block-columns-is-layout-flex\">\n<div class=\"wp-block-column is-layout-flow wp-block-column-is-layout-flow\" style=\"flex-basis:33.33%\"><\/div>\n\n\n\n<div class=\"wp-block-column is-layout-flow wp-block-column-is-layout-flow\" style=\"flex-basis:66.66%\">\n<p>We kiezen er vandaag voor, om niet binnendoor te gaan, maar om over de snelweg te rijden. In het weekend is het in Duitsland op de snelwegen immers betrekkelijk rustig. Kijk je onderweg naar het landschap, dan zie je (nog steeds) grote landbouwpercelen, een overblijfsel van de staatsboerderijen uit de DDR-tijd.<\/p>\n\n\n\n<p>Na een korte rit staan we op een&nbsp;<a href=\"https:\/\/www.campercontact.com\/nl\/duitsland\/saksen\/leipzig\/99001\/parken-am-goldstuck-\" target=\"_blank\" rel=\"noreferrer noopener\">camperplaats in het centrum van Leipzig<\/a>. Voor campers is er in de stad niet zo veel keuze. Daarom hebben we hier gereserveerd. De verharde plaatsen zijn smal en scheef. De informele plaatsen op het gras, en daar staan wij, zijn een stuk vlakker. Met die smalle plaatsen sta je, zowel verhard als op gras, zowat schouder aan schouder.<\/p>\n<\/div>\n<\/div>\n\n\n\n<div class=\"wp-block-columns is-layout-flex wp-container-core-columns-is-layout-9d6595d7 wp-block-columns-is-layout-flex\">\n<div class=\"wp-block-column is-layout-flow wp-block-column-is-layout-flow\">\n<figure class=\"wp-block-image size-full\"><a href=\"https:\/\/tedenloesopreis.nl\/wp-content\/uploads\/2023\/12\/IMG_6086-1024x768-1.jpeg\" target=\"_blank\" rel=\"noreferrer noopener\"><img loading=\"lazy\" decoding=\"async\" width=\"1024\" height=\"768\" src=\"https:\/\/tedenloesopreis.nl\/wp-content\/uploads\/2023\/12\/IMG_6086-1024x768-1.jpeg\" alt=\"\" class=\"wp-image-7619\" srcset=\"https:\/\/tedenloesopreis.nl\/wp-content\/uploads\/2023\/12\/IMG_6086-1024x768-1.jpeg 1024w, https:\/\/tedenloesopreis.nl\/wp-content\/uploads\/2023\/12\/IMG_6086-1024x768-1-300x225.jpeg 300w, https:\/\/tedenloesopreis.nl\/wp-content\/uploads\/2023\/12\/IMG_6086-1024x768-1-768x576.jpeg 768w\" sizes=\"auto, (max-width: 1024px) 100vw, 1024px\" \/><\/a><figcaption class=\"wp-element-caption\"><em>het is druk op de camperplaats in Leipzig<\/em><\/figcaption><\/figure>\n<\/div>\n\n\n\n<div class=\"wp-block-column is-layout-flow wp-block-column-is-layout-flow\">\n<figure class=\"wp-block-image size-full\"><a href=\"https:\/\/tedenloesopreis.nl\/wp-content\/uploads\/2023\/12\/IMG_6087-1024x768-1.jpeg\" target=\"_blank\" rel=\"noreferrer noopener\"><img loading=\"lazy\" decoding=\"async\" width=\"1024\" height=\"768\" src=\"https:\/\/tedenloesopreis.nl\/wp-content\/uploads\/2023\/12\/IMG_6087-1024x768-1.jpeg\" alt=\"\" class=\"wp-image-7620\" srcset=\"https:\/\/tedenloesopreis.nl\/wp-content\/uploads\/2023\/12\/IMG_6087-1024x768-1.jpeg 1024w, https:\/\/tedenloesopreis.nl\/wp-content\/uploads\/2023\/12\/IMG_6087-1024x768-1-300x225.jpeg 300w, https:\/\/tedenloesopreis.nl\/wp-content\/uploads\/2023\/12\/IMG_6087-1024x768-1-768x576.jpeg 768w\" sizes=\"auto, (max-width: 1024px) 100vw, 1024px\" \/><\/a><figcaption class=\"wp-element-caption\"><em>het is druk op de camperplaats in Leipzig<\/em><\/figcaption><\/figure>\n<\/div>\n\n\n\n<div class=\"wp-block-column is-layout-flow wp-block-column-is-layout-flow\">\n<figure class=\"wp-block-image size-full\"><a href=\"https:\/\/tedenloesopreis.nl\/wp-content\/uploads\/2023\/12\/IMG_6089-1024x768-1.jpeg\" target=\"_blank\" rel=\"noreferrer noopener\"><img loading=\"lazy\" decoding=\"async\" width=\"1024\" height=\"768\" src=\"https:\/\/tedenloesopreis.nl\/wp-content\/uploads\/2023\/12\/IMG_6089-1024x768-1.jpeg\" alt=\"\" class=\"wp-image-7621\" srcset=\"https:\/\/tedenloesopreis.nl\/wp-content\/uploads\/2023\/12\/IMG_6089-1024x768-1.jpeg 1024w, https:\/\/tedenloesopreis.nl\/wp-content\/uploads\/2023\/12\/IMG_6089-1024x768-1-300x225.jpeg 300w, https:\/\/tedenloesopreis.nl\/wp-content\/uploads\/2023\/12\/IMG_6089-1024x768-1-768x576.jpeg 768w\" sizes=\"auto, (max-width: 1024px) 100vw, 1024px\" \/><\/a><figcaption class=\"wp-element-caption\"><em>het is krap op de camperplaats in Leipzig<\/em><\/figcaption><\/figure>\n<\/div>\n<\/div>\n\n\n\n<div class=\"wp-block-columns is-layout-flex wp-container-core-columns-is-layout-9d6595d7 wp-block-columns-is-layout-flex\">\n<div class=\"wp-block-column is-layout-flow wp-block-column-is-layout-flow\" style=\"flex-basis:33.33%\"><\/div>\n\n\n\n<div class=\"wp-block-column is-layout-flow wp-block-column-is-layout-flow\" style=\"flex-basis:66.66%\">\n<p id=\"leipzig\">In de loop van de middag fietsen we naar het centrum van Leipzig. Het is er, vooral in de winkelstraten, bijzonder druk. Leipzig is een ambivalente stad. Er staan oude gebouwen, zoals het Altes Rathaus en het Neues Rathaus, er staan gebouwen uit de DDR-tijd (fantasieloze vierkante dozen), en er staan moderne gebouwen, zoals het Museum der Bildenden K\u00fcnste, en dat alles zij aan zij. Wat vooral blijft hangen: het was leuk om vanaf een terrasje naar de passerende mensen te kijken.<\/p>\n<\/div>\n<\/div>\n\n\n\n<div class=\"wp-block-columns is-layout-flex wp-container-core-columns-is-layout-9d6595d7 wp-block-columns-is-layout-flex\">\n<div class=\"wp-block-column is-layout-flow wp-block-column-is-layout-flow\">\n<figure class=\"wp-block-image size-full\"><a href=\"https:\/\/tedenloesopreis.nl\/wp-content\/uploads\/2023\/12\/img_6092.webp\" target=\"_blank\" rel=\"noreferrer noopener\"><img loading=\"lazy\" decoding=\"async\" width=\"340\" height=\"255\" src=\"https:\/\/tedenloesopreis.nl\/wp-content\/uploads\/2023\/12\/img_6092.webp\" alt=\"\" class=\"wp-image-7831\" srcset=\"https:\/\/tedenloesopreis.nl\/wp-content\/uploads\/2023\/12\/img_6092.webp 340w, https:\/\/tedenloesopreis.nl\/wp-content\/uploads\/2023\/12\/img_6092-300x225.webp 300w\" sizes=\"auto, (max-width: 340px) 100vw, 340px\" \/><\/a><figcaption class=\"wp-element-caption\"><em>Altes Rathaus<\/em><\/figcaption><\/figure>\n<\/div>\n\n\n\n<div class=\"wp-block-column is-layout-flow wp-block-column-is-layout-flow\">\n<figure class=\"wp-block-image size-full\"><a href=\"https:\/\/tedenloesopreis.nl\/wp-content\/uploads\/2023\/12\/img_6098.webp\" target=\"_blank\" rel=\"noreferrer noopener\"><img loading=\"lazy\" decoding=\"async\" width=\"340\" height=\"255\" src=\"https:\/\/tedenloesopreis.nl\/wp-content\/uploads\/2023\/12\/img_6098.webp\" alt=\"\" class=\"wp-image-7832\" srcset=\"https:\/\/tedenloesopreis.nl\/wp-content\/uploads\/2023\/12\/img_6098.webp 340w, https:\/\/tedenloesopreis.nl\/wp-content\/uploads\/2023\/12\/img_6098-300x225.webp 300w\" sizes=\"auto, (max-width: 340px) 100vw, 340px\" \/><\/a><figcaption class=\"wp-element-caption\"><em>Neues Rathaus<\/em><\/figcaption><\/figure>\n<\/div>\n\n\n\n<div class=\"wp-block-column is-layout-flow wp-block-column-is-layout-flow\">\n<figure class=\"wp-block-image size-full\"><a href=\"https:\/\/tedenloesopreis.nl\/wp-content\/uploads\/2023\/12\/img_6093.webp\" target=\"_blank\" rel=\"noreferrer noopener\"><img loading=\"lazy\" decoding=\"async\" width=\"340\" height=\"255\" src=\"https:\/\/tedenloesopreis.nl\/wp-content\/uploads\/2023\/12\/img_6093.webp\" alt=\"\" class=\"wp-image-7833\" srcset=\"https:\/\/tedenloesopreis.nl\/wp-content\/uploads\/2023\/12\/img_6093.webp 340w, https:\/\/tedenloesopreis.nl\/wp-content\/uploads\/2023\/12\/img_6093-300x225.webp 300w\" sizes=\"auto, (max-width: 340px) 100vw, 340px\" \/><\/a><figcaption class=\"wp-element-caption\"><em>historisch, DDR en modern (op de achtergrond)<\/em><\/figcaption><\/figure>\n<\/div>\n<\/div>\n\n\n\n<div style=\"height:35px\" aria-hidden=\"true\" class=\"wp-block-spacer\"><\/div>\n\n\n\n<div class=\"wp-block-columns is-layout-flex wp-container-core-columns-is-layout-9d6595d7 wp-block-columns-is-layout-flex\">\n<div class=\"wp-block-column is-layout-flow wp-block-column-is-layout-flow\">\n<p class=\"has-orange-background-color has-background\" id=\"dag09\"><\/p>\n<\/div>\n<\/div>\n\n\n\n<div class=\"wp-block-columns is-layout-flex wp-container-core-columns-is-layout-9d6595d7 wp-block-columns-is-layout-flex\">\n<div class=\"wp-block-column is-layout-flow wp-block-column-is-layout-flow\" style=\"flex-basis:33.33%\">\n<p><a href=\"#titel\">top<\/a><\/p>\n<\/div>\n\n\n\n<div class=\"wp-block-column is-layout-flow wp-block-column-is-layout-flow\" style=\"flex-basis:66.66%\">\n<p><strong>AAN DE DUITS-POOLSE GRENS<br><\/strong>dag 09 &nbsp; &nbsp;   zo 21 mei 2023<br><a href=\"https:\/\/www.google.com\/maps\/d\/edit?mid=1TAcM_hmgk5ctN_SaW3zIJkuwzT8VvrE&amp;ll=51.10739840737201%2C13.521069360714542&amp;z=9\" target=\"_blank\" rel=\"noreferrer noopener\">Leipzig \u2013 Sch\u00f6nau-Berzdorf<\/a>&nbsp;&nbsp;    &nbsp;229 km<\/p>\n<\/div>\n<\/div>\n\n\n\n<div style=\"height:20px\" aria-hidden=\"true\" class=\"wp-block-spacer\"><\/div>\n\n\n\n<div class=\"wp-block-columns is-layout-flex wp-container-core-columns-is-layout-9d6595d7 wp-block-columns-is-layout-flex\">\n<div class=\"wp-block-column is-layout-flow wp-block-column-is-layout-flow\" style=\"flex-basis:33.33%\"><\/div>\n\n\n\n<div class=\"wp-block-column is-layout-flow wp-block-column-is-layout-flow\" style=\"flex-basis:66.66%\">\n<p>Na een rit van 229 km staan we op een gloednieuwe&nbsp;<a href=\"https:\/\/www.campercontact.com\/nl\/duitsland\/saksen\/schonau-berzdorf-auf-dem-eigen\/102684\/ferienpark-berzdorfer-see\" target=\"_blank\" rel=\"noreferrer noopener\">camping bij G\u00f6rlitz<\/a>. We hebben hier, in tegenstelling tot Leipzig, alle ruimte van de wereld.&nbsp;Op deze camping wordt veel aandacht besteed aan de groenvoorziening.<\/p>\n<\/div>\n<\/div>\n\n\n\n<div class=\"wp-block-columns is-layout-flex wp-container-core-columns-is-layout-9d6595d7 wp-block-columns-is-layout-flex\">\n<div class=\"wp-block-column is-layout-flow wp-block-column-is-layout-flow\">\n<figure class=\"wp-block-image size-full\"><a href=\"https:\/\/tedenloesopreis.nl\/wp-content\/uploads\/2023\/12\/IMG_6103-1024x768-1.jpeg\" target=\"_blank\" rel=\"noreferrer noopener\"><img loading=\"lazy\" decoding=\"async\" width=\"1024\" height=\"768\" src=\"https:\/\/tedenloesopreis.nl\/wp-content\/uploads\/2023\/12\/IMG_6103-1024x768-1.jpeg\" alt=\"\" class=\"wp-image-7624\" srcset=\"https:\/\/tedenloesopreis.nl\/wp-content\/uploads\/2023\/12\/IMG_6103-1024x768-1.jpeg 1024w, https:\/\/tedenloesopreis.nl\/wp-content\/uploads\/2023\/12\/IMG_6103-1024x768-1-300x225.jpeg 300w, https:\/\/tedenloesopreis.nl\/wp-content\/uploads\/2023\/12\/IMG_6103-1024x768-1-768x576.jpeg 768w\" sizes=\"auto, (max-width: 1024px) 100vw, 1024px\" \/><\/a><figcaption class=\"wp-element-caption\"><em><em>groene camping in Sch\u00f6nau-Berzdorf<\/em><\/em><\/figcaption><\/figure>\n<\/div>\n\n\n\n<div class=\"wp-block-column is-layout-flow wp-block-column-is-layout-flow\">\n<figure class=\"wp-block-image size-full\"><a href=\"https:\/\/tedenloesopreis.nl\/wp-content\/uploads\/2023\/12\/IMG_6104-1024x768-1.jpeg\" target=\"_blank\" rel=\"noreferrer noopener\"><img loading=\"lazy\" decoding=\"async\" width=\"1024\" height=\"768\" src=\"https:\/\/tedenloesopreis.nl\/wp-content\/uploads\/2023\/12\/IMG_6104-1024x768-1.jpeg\" alt=\"\" class=\"wp-image-7625\" srcset=\"https:\/\/tedenloesopreis.nl\/wp-content\/uploads\/2023\/12\/IMG_6104-1024x768-1.jpeg 1024w, https:\/\/tedenloesopreis.nl\/wp-content\/uploads\/2023\/12\/IMG_6104-1024x768-1-300x225.jpeg 300w, https:\/\/tedenloesopreis.nl\/wp-content\/uploads\/2023\/12\/IMG_6104-1024x768-1-768x576.jpeg 768w\" sizes=\"auto, (max-width: 1024px) 100vw, 1024px\" \/><\/a><figcaption class=\"wp-element-caption\"><em><em>groene camping in Sch\u00f6nau-Berzdorf<\/em><\/em><\/figcaption><\/figure>\n<\/div>\n\n\n\n<div class=\"wp-block-column is-layout-flow wp-block-column-is-layout-flow\">\n<figure class=\"wp-block-image size-full\"><a href=\"https:\/\/tedenloesopreis.nl\/wp-content\/uploads\/2023\/12\/IMG_6107-1024x768-1.jpeg\" target=\"_blank\" rel=\"noreferrer noopener\"><img loading=\"lazy\" decoding=\"async\" width=\"1024\" height=\"768\" src=\"https:\/\/tedenloesopreis.nl\/wp-content\/uploads\/2023\/12\/IMG_6107-1024x768-1.jpeg\" alt=\"\" class=\"wp-image-7626\" srcset=\"https:\/\/tedenloesopreis.nl\/wp-content\/uploads\/2023\/12\/IMG_6107-1024x768-1.jpeg 1024w, https:\/\/tedenloesopreis.nl\/wp-content\/uploads\/2023\/12\/IMG_6107-1024x768-1-300x225.jpeg 300w, https:\/\/tedenloesopreis.nl\/wp-content\/uploads\/2023\/12\/IMG_6107-1024x768-1-768x576.jpeg 768w\" sizes=\"auto, (max-width: 1024px) 100vw, 1024px\" \/><\/a><figcaption class=\"wp-element-caption\"><em><em>groene camping in Sch\u00f6nau-Berzdorf<\/em><\/em><\/figcaption><\/figure>\n<\/div>\n<\/div>\n\n\n\n<div style=\"height:35px\" aria-hidden=\"true\" class=\"wp-block-spacer\"><\/div>\n\n\n\n<div class=\"wp-block-columns is-layout-flex wp-container-core-columns-is-layout-9d6595d7 wp-block-columns-is-layout-flex\">\n<div class=\"wp-block-column is-layout-flow wp-block-column-is-layout-flow\">\n<p class=\"has-orange-background-color has-background\" id=\"dag10\"><\/p>\n<\/div>\n<\/div>\n\n\n\n<div class=\"wp-block-columns is-layout-flex wp-container-core-columns-is-layout-9d6595d7 wp-block-columns-is-layout-flex\">\n<div class=\"wp-block-column is-layout-flow wp-block-column-is-layout-flow\" style=\"flex-basis:33.33%\">\n<p><a href=\"#titel\">top<\/a><\/p>\n<\/div>\n\n\n\n<div class=\"wp-block-column is-layout-flow wp-block-column-is-layout-flow\" style=\"flex-basis:66.66%\">\n<p><strong>EEN GESPLETEN STAD<br><\/strong>dag 10 &nbsp; &nbsp;  &nbsp;ma 22 mei 2023<br>Sch\u00f6nau-Berzdorf &nbsp; &nbsp;&nbsp; &nbsp;0 km<\/p>\n<\/div>\n<\/div>\n\n\n\n<div style=\"height:20px\" aria-hidden=\"true\" class=\"wp-block-spacer\"><\/div>\n\n\n\n<div class=\"wp-block-columns is-layout-flex wp-container-core-columns-is-layout-9d6595d7 wp-block-columns-is-layout-flex\">\n<div class=\"wp-block-column is-layout-flow wp-block-column-is-layout-flow\" style=\"flex-basis:33.33%\">\n<figure class=\"wp-block-image size-full\"><a href=\"https:\/\/tedenloesopreis.nl\/wp-content\/uploads\/2023\/12\/IMG_6111-1024x768-1.jpeg\" target=\"_blank\" rel=\"noreferrer noopener\"><img loading=\"lazy\" decoding=\"async\" width=\"1024\" height=\"768\" src=\"https:\/\/tedenloesopreis.nl\/wp-content\/uploads\/2023\/12\/IMG_6111-1024x768-1.jpeg\" alt=\"\" class=\"wp-image-7628\" srcset=\"https:\/\/tedenloesopreis.nl\/wp-content\/uploads\/2023\/12\/IMG_6111-1024x768-1.jpeg 1024w, https:\/\/tedenloesopreis.nl\/wp-content\/uploads\/2023\/12\/IMG_6111-1024x768-1-300x225.jpeg 300w, https:\/\/tedenloesopreis.nl\/wp-content\/uploads\/2023\/12\/IMG_6111-1024x768-1-768x576.jpeg 768w\" sizes=\"auto, (max-width: 1024px) 100vw, 1024px\" \/><\/a><figcaption class=\"wp-element-caption\"><em>Obermarkt<\/em><\/figcaption><\/figure>\n<\/div>\n\n\n\n<div class=\"wp-block-column is-layout-flow wp-block-column-is-layout-flow\" style=\"flex-basis:66.66%\">\n<p>We fietsen vandaag naar G\u00f6rlitz. Deze plaats heeft een bijzondere plek in ons geheugen. Hier staken we vaak de Duits-Poolse grens over, zowel tijdens het adoptieproces als tijdens latere reizen naar Polen. Vooral de oversteek in december 1991 toen we de jongens hadden opgehaald, staat ons nog heel goed voor ogen.&nbsp;Zouden we geen problemen krijgen omdat de jongens nog een Pools paspoort hadden?<\/p>\n\n\n\n<p>In 2014 waren we weer in G\u00f6rlitz. Loes had de dag ervoor in Krakau een achillespees afgescheurd. Onderweg naar huis, net weer in Duitsland, kregen we motorpech. De sleepdienst pikte ons op en bracht ons naar het ADAC-steunpunt in G\u00f6rlitz. Daar hebben we een heel weekend gebivakkeerd, tot er op maandag eindelijk vervangend vervoer arriveerde (een Volvo helemaal uit Praag, Nienke kan zich dat vast nog wel herinneren).<\/p>\n\n\n\n<p>De fietstocht naar G\u00f6rlitz gaat aanvankelijk over een prima fietspad langs de Berzdorfer See. Aan de rand van G\u00f6rlitz komen we op de B99. Al snel houdt het fietspad op en fietsen we verder over het voetpad (de inboorlingen doen dat massaal, dus wij ook). Zo komen we in de Altstad. De eerste stop is op de Obermarkt. Deze is, mede door de vele geparkeerde auto\u2019s, niet zo indrukwekkend. Er is echter een aardig terrasje met prima Italiaans ijs.<\/p>\n\n\n\n<p>We rijden vervolgens naar de Untermarkt. Daar staan alleen maar prachtige Renaissance-gebouwen. Hier worden door Amerikaanse filmbedrijven regelmatig opnamen gemaakt als het script vraagt om een Renaissance-omgeving. Zo is G\u00f6rlitz aan zijn bijnaam G\u00f6rlywood gekomen.<\/p>\n<\/div>\n<\/div>\n\n\n\n<div class=\"wp-block-columns is-layout-flex wp-container-core-columns-is-layout-9d6595d7 wp-block-columns-is-layout-flex\">\n<div class=\"wp-block-column is-layout-flow wp-block-column-is-layout-flow\">\n<figure class=\"wp-block-image size-full\"><a href=\"https:\/\/tedenloesopreis.nl\/wp-content\/uploads\/2023\/12\/IMG_6112-1024x768-1.jpeg\" target=\"_blank\" rel=\"noreferrer noopener\"><img loading=\"lazy\" decoding=\"async\" width=\"1024\" height=\"768\" src=\"https:\/\/tedenloesopreis.nl\/wp-content\/uploads\/2023\/12\/IMG_6112-1024x768-1.jpeg\" alt=\"\" class=\"wp-image-7629\" srcset=\"https:\/\/tedenloesopreis.nl\/wp-content\/uploads\/2023\/12\/IMG_6112-1024x768-1.jpeg 1024w, https:\/\/tedenloesopreis.nl\/wp-content\/uploads\/2023\/12\/IMG_6112-1024x768-1-300x225.jpeg 300w, https:\/\/tedenloesopreis.nl\/wp-content\/uploads\/2023\/12\/IMG_6112-1024x768-1-768x576.jpeg 768w\" sizes=\"auto, (max-width: 1024px) 100vw, 1024px\" \/><\/a><figcaption class=\"wp-element-caption\"><em>richting Untermarkt<\/em><\/figcaption><\/figure>\n<\/div>\n\n\n\n<div class=\"wp-block-column is-layout-flow wp-block-column-is-layout-flow\">\n<figure class=\"wp-block-image size-full\"><a href=\"https:\/\/tedenloesopreis.nl\/wp-content\/uploads\/2023\/12\/IMG_6113-1024x768-1.jpeg\" target=\"_blank\" rel=\"noreferrer noopener\"><img loading=\"lazy\" decoding=\"async\" width=\"1024\" height=\"768\" src=\"https:\/\/tedenloesopreis.nl\/wp-content\/uploads\/2023\/12\/IMG_6113-1024x768-1.jpeg\" alt=\"\" class=\"wp-image-7630\" srcset=\"https:\/\/tedenloesopreis.nl\/wp-content\/uploads\/2023\/12\/IMG_6113-1024x768-1.jpeg 1024w, https:\/\/tedenloesopreis.nl\/wp-content\/uploads\/2023\/12\/IMG_6113-1024x768-1-300x225.jpeg 300w, https:\/\/tedenloesopreis.nl\/wp-content\/uploads\/2023\/12\/IMG_6113-1024x768-1-768x576.jpeg 768w\" sizes=\"auto, (max-width: 1024px) 100vw, 1024px\" \/><\/a><figcaption class=\"wp-element-caption\"><em>Untermarkt<\/em><\/figcaption><\/figure>\n<\/div>\n\n\n\n<div class=\"wp-block-column is-layout-flow wp-block-column-is-layout-flow\">\n<figure class=\"wp-block-image size-full\"><a href=\"https:\/\/tedenloesopreis.nl\/wp-content\/uploads\/2023\/12\/IMG_6118-1024x768-1.jpeg\" target=\"_blank\" rel=\"noreferrer noopener\"><img loading=\"lazy\" decoding=\"async\" width=\"1024\" height=\"768\" src=\"https:\/\/tedenloesopreis.nl\/wp-content\/uploads\/2023\/12\/IMG_6118-1024x768-1.jpeg\" alt=\"\" class=\"wp-image-7631\" srcset=\"https:\/\/tedenloesopreis.nl\/wp-content\/uploads\/2023\/12\/IMG_6118-1024x768-1.jpeg 1024w, https:\/\/tedenloesopreis.nl\/wp-content\/uploads\/2023\/12\/IMG_6118-1024x768-1-300x225.jpeg 300w, https:\/\/tedenloesopreis.nl\/wp-content\/uploads\/2023\/12\/IMG_6118-1024x768-1-768x576.jpeg 768w\" sizes=\"auto, (max-width: 1024px) 100vw, 1024px\" \/><\/a><figcaption class=\"wp-element-caption\"><em>Untermarkt<\/em><\/figcaption><\/figure>\n<\/div>\n<\/div>\n\n\n\n<div class=\"wp-block-columns is-layout-flex wp-container-core-columns-is-layout-9d6595d7 wp-block-columns-is-layout-flex\">\n<div class=\"wp-block-column is-layout-flow wp-block-column-is-layout-flow\" style=\"flex-basis:33.33%\"><\/div>\n\n\n\n<div class=\"wp-block-column is-layout-flow wp-block-column-is-layout-flow\" style=\"flex-basis:66.66%\">\n<p>We rijden nog wat verder naar de Petruskerk (helaas gesloten i.v.m. een verbouwing). Vanaf het kerkplein heb je een goed zicht op het Poolse Zgorzelec. Het contrast tussen het prachtig gerestaureerde G\u00f6rlitz en het slecht onderhouden Zgorzelec is heel erg groot*).<\/p>\n<\/div>\n<\/div>\n\n\n\n<div class=\"wp-block-columns is-layout-flex wp-container-core-columns-is-layout-9d6595d7 wp-block-columns-is-layout-flex\">\n<div class=\"wp-block-column is-layout-flow wp-block-column-is-layout-flow\"><\/div>\n\n\n\n<div class=\"wp-block-column is-layout-flow wp-block-column-is-layout-flow\">\n<figure class=\"wp-block-image size-full\"><a href=\"https:\/\/tedenloesopreis.nl\/wp-content\/uploads\/2023\/12\/IMG_6116-1024x768-1.jpeg\" target=\"_blank\" rel=\"noreferrer noopener\"><img loading=\"lazy\" decoding=\"async\" width=\"1024\" height=\"768\" src=\"https:\/\/tedenloesopreis.nl\/wp-content\/uploads\/2023\/12\/IMG_6116-1024x768-1.jpeg\" alt=\"\" class=\"wp-image-7632\" srcset=\"https:\/\/tedenloesopreis.nl\/wp-content\/uploads\/2023\/12\/IMG_6116-1024x768-1.jpeg 1024w, https:\/\/tedenloesopreis.nl\/wp-content\/uploads\/2023\/12\/IMG_6116-1024x768-1-300x225.jpeg 300w, https:\/\/tedenloesopreis.nl\/wp-content\/uploads\/2023\/12\/IMG_6116-1024x768-1-768x576.jpeg 768w\" sizes=\"auto, (max-width: 1024px) 100vw, 1024px\" \/><\/a><figcaption class=\"wp-element-caption\"><em>zicht op Zgorzelec<\/em><\/figcaption><\/figure>\n<\/div>\n\n\n\n<div class=\"wp-block-column is-layout-flow wp-block-column-is-layout-flow\"><\/div>\n<\/div>\n\n\n\n<div class=\"wp-block-columns is-layout-flex wp-container-core-columns-is-layout-9d6595d7 wp-block-columns-is-layout-flex\">\n<div class=\"wp-block-column is-layout-flow wp-block-column-is-layout-flow\" style=\"flex-basis:33.33%\"><\/div>\n\n\n\n<div class=\"wp-block-column is-layout-flow wp-block-column-is-layout-flow\" style=\"flex-basis:66.66%\">\n<p><em>*) &nbsp;Tot 1945 was heel Silezi\u00eb Duits grondgebied. Zgorzelec hoorde toen nog gewoon bij G\u00f6rlitz. In 1945 pikte de Sovjet-Unie een flink deel van Oost-Polen in (Lviv was toen nog een Poolse stad). Ter compensatie gingen Silezi\u00eb, Pommeren en een deel van Oost-Pruisen (van Stettin tot Katowice) naar Polen. Polen is dus in 1945 een stuk naar het westen opgeschoven.<\/em><\/p>\n<\/div>\n<\/div>\n\n\n\n<div style=\"height:35px\" aria-hidden=\"true\" class=\"wp-block-spacer\"><\/div>\n\n\n\n<div class=\"wp-block-columns is-layout-flex wp-container-core-columns-is-layout-9d6595d7 wp-block-columns-is-layout-flex\">\n<div class=\"wp-block-column is-layout-flow wp-block-column-is-layout-flow\">\n<p class=\"has-orange-background-color has-background\" id=\"dag11\"><\/p>\n<\/div>\n<\/div>\n\n\n\n<div class=\"wp-block-columns is-layout-flex wp-container-core-columns-is-layout-9d6595d7 wp-block-columns-is-layout-flex\">\n<div class=\"wp-block-column is-layout-flow wp-block-column-is-layout-flow\" style=\"flex-basis:33.33%\">\n<p><a href=\"#titel\">top<\/a><\/p>\n<\/div>\n\n\n\n<div class=\"wp-block-column is-layout-flow wp-block-column-is-layout-flow\" style=\"flex-basis:66.66%\">\n<p><strong>WEER IN POLEN<br><\/strong>dag 11 &nbsp; &nbsp; &nbsp; di 23 mei 2023<br><a href=\"https:\/\/www.google.com\/maps\/d\/edit?mid=1FlLvEEygmA1OqMPrNO2dPBXZ797TW88&amp;ll=51.17413611192673%2C15.938321666881787&amp;z=9\" target=\"_blank\" rel=\"noreferrer noopener\">Sch\u00f6nau-Berzdorf \u2013&nbsp;Wroc\u0142aw<\/a>&nbsp;&nbsp; &nbsp; &nbsp;&nbsp;186&nbsp;km<\/p>\n<\/div>\n<\/div>\n\n\n\n<div style=\"height:20px\" aria-hidden=\"true\" class=\"wp-block-spacer\"><\/div>\n\n\n\n<div class=\"wp-block-columns is-layout-flex wp-container-core-columns-is-layout-9d6595d7 wp-block-columns-is-layout-flex\">\n<div class=\"wp-block-column is-layout-flow wp-block-column-is-layout-flow\" style=\"flex-basis:33.33%\">\n<figure class=\"wp-block-image size-full\"><a href=\"https:\/\/tedenloesopreis.nl\/wp-content\/uploads\/2023\/12\/IMG_6133-1024x768-1.jpeg\" target=\"_blank\" rel=\"noreferrer noopener\"><img loading=\"lazy\" decoding=\"async\" width=\"1024\" height=\"768\" src=\"https:\/\/tedenloesopreis.nl\/wp-content\/uploads\/2023\/12\/IMG_6133-1024x768-1.jpeg\" alt=\"\" class=\"wp-image-7634\" srcset=\"https:\/\/tedenloesopreis.nl\/wp-content\/uploads\/2023\/12\/IMG_6133-1024x768-1.jpeg 1024w, https:\/\/tedenloesopreis.nl\/wp-content\/uploads\/2023\/12\/IMG_6133-1024x768-1-300x225.jpeg 300w, https:\/\/tedenloesopreis.nl\/wp-content\/uploads\/2023\/12\/IMG_6133-1024x768-1-768x576.jpeg 768w\" sizes=\"auto, (max-width: 1024px) 100vw, 1024px\" \/><\/a><figcaption class=\"wp-element-caption\"><em>camping in Wroc\u0142aw<\/em><\/figcaption><\/figure>\n<\/div>\n\n\n\n<div class=\"wp-block-column is-layout-flow wp-block-column-is-layout-flow\" style=\"flex-basis:66.66%\">\n<p>De camping bij G\u00f6rlitz is ons goed bevallen. We hebben overwogen om er nog een dag te blijven, maar de weersverwachting was behoorlijk vochtig. Eerder een reisdag dan een luierdag. We rijden dus Polen binnen.<\/p>\n\n\n\n<p>Na een rit van 186 km staan we op een&nbsp;<a href=\"https:\/\/www.campercontact.com\/nl\/polen\/neder-silezie\/wrocaw\/18476\/camping-olimpijski-nr-117\" target=\"_blank\" rel=\"noreferrer noopener\">camping in Wroc\u0142aw<\/a>. Het is niet de best denkbare camping in de stad, maar hij volstaat en heeft veruit de beste verbindingen met het centrum van de stad, zowel per fiets als met de tram.<br><br>Het is overigens lood om oud ijzer, welke route je rijdt. Ga je binnendoor over de \u201c94\u201d, dan kun je rekenen op een slecht wegdek en veel oponthoud in de dorpjes onderweg. Kies je voor de snelweg, de A4, dan zit je tussen heel erg veel vrachtverkeer en ben je vaak aan het spiegelen, want je voelt er niets voor om aan te sluiten bij een colonne vrachtwagens die wordt aangevoerd door de traagste van het stel.&nbsp;<\/p>\n\n\n\n<p>We kiezen voor de snelweg. Een stukje westelijk van Legnica kruisen de A4 en de \u201c94\u201d elkaar weer. Op die plaats ligt een wegrestaurant waar we in het verleden verschillende keren hebben gegeten. Dat doen we vandaag nog maar een keer. De Poolse keuken is geen spat veranderd: friet met vlees of vis en een flinke portie smakelijke rauwkost (een hoopje rode kool, een hoopje witte kool, een hoopje geraspte wortel, een hoopje biet).<\/p>\n<\/div>\n<\/div>\n\n\n\n<div style=\"height:35px\" aria-hidden=\"true\" class=\"wp-block-spacer\"><\/div>\n\n\n\n<div class=\"wp-block-columns is-layout-flex wp-container-core-columns-is-layout-9d6595d7 wp-block-columns-is-layout-flex\">\n<div class=\"wp-block-column is-layout-flow wp-block-column-is-layout-flow\">\n<p class=\"has-orange-background-color has-background\" id=\"dag12\"><\/p>\n<\/div>\n<\/div>\n\n\n\n<div class=\"wp-block-columns is-layout-flex wp-container-core-columns-is-layout-9d6595d7 wp-block-columns-is-layout-flex\">\n<div class=\"wp-block-column is-layout-flow wp-block-column-is-layout-flow\" style=\"flex-basis:33.33%\">\n<p><a href=\"#titel\">top<\/a><\/p>\n<\/div>\n\n\n\n<div class=\"wp-block-column is-layout-flow wp-block-column-is-layout-flow\" style=\"flex-basis:66.66%\">\n<p><strong>DE GROTE RING<br><\/strong>dag 12 &nbsp;  &nbsp; &nbsp;wo 24 mei 2023<br>Wroc\u0142aw&nbsp; &nbsp; &nbsp;&nbsp; 0 km<\/p>\n<\/div>\n<\/div>\n\n\n\n<div style=\"height:20px\" aria-hidden=\"true\" class=\"wp-block-spacer\"><\/div>\n\n\n\n<div class=\"wp-block-columns is-layout-flex wp-container-core-columns-is-layout-9d6595d7 wp-block-columns-is-layout-flex\">\n<div class=\"wp-block-column is-layout-flow wp-block-column-is-layout-flow\" style=\"flex-basis:33.33%\"><\/div>\n\n\n\n<div class=\"wp-block-column is-layout-flow wp-block-column-is-layout-flow\" style=\"flex-basis:66.66%\">\n<p>Vandaag zien we met eigen ogen, wat anderen ons vertelden: Wroc\u0142aw heeft een prachtige binnenstad. Vooral het marktplein, de Grote Ring, is geweldig. Het plein heeft die naam gekregen, omdat er midden op het plein een flinke blok bebouwing staat, met o.a. het oude raadhuis en het nieuwe raadhuis. Door die bebouwing blijft er van het hele grote plein \u201cslechts\u201d een ring over. De gebouwen aan de markt, en aan het naastgelegen Solnyplein zijn heel erg mooi.<\/p>\n<\/div>\n<\/div>\n\n\n\n<div class=\"wp-block-columns is-layout-flex wp-container-core-columns-is-layout-9d6595d7 wp-block-columns-is-layout-flex\">\n<div class=\"wp-block-column is-layout-flow wp-block-column-is-layout-flow\">\n<figure class=\"wp-block-image size-full\"><a href=\"https:\/\/tedenloesopreis.nl\/wp-content\/uploads\/2023\/12\/IMG_6138-1024x768-1.jpeg\" target=\"_blank\" rel=\"noreferrer noopener\"><img loading=\"lazy\" decoding=\"async\" width=\"1024\" height=\"768\" src=\"https:\/\/tedenloesopreis.nl\/wp-content\/uploads\/2023\/12\/IMG_6138-1024x768-1.jpeg\" alt=\"\" class=\"wp-image-7656\" srcset=\"https:\/\/tedenloesopreis.nl\/wp-content\/uploads\/2023\/12\/IMG_6138-1024x768-1.jpeg 1024w, https:\/\/tedenloesopreis.nl\/wp-content\/uploads\/2023\/12\/IMG_6138-1024x768-1-300x225.jpeg 300w, https:\/\/tedenloesopreis.nl\/wp-content\/uploads\/2023\/12\/IMG_6138-1024x768-1-768x576.jpeg 768w\" sizes=\"auto, (max-width: 1024px) 100vw, 1024px\" \/><\/a><figcaption class=\"wp-element-caption\"><em>Grote Ring<\/em><\/figcaption><\/figure>\n<\/div>\n\n\n\n<div class=\"wp-block-column is-layout-flow wp-block-column-is-layout-flow\">\n<figure class=\"wp-block-image size-full\"><a href=\"https:\/\/tedenloesopreis.nl\/wp-content\/uploads\/2023\/12\/IMG_6141-1024x768-1.jpeg\" target=\"_blank\" rel=\"noreferrer noopener\"><img loading=\"lazy\" decoding=\"async\" width=\"1024\" height=\"768\" src=\"https:\/\/tedenloesopreis.nl\/wp-content\/uploads\/2023\/12\/IMG_6141-1024x768-1.jpeg\" alt=\"\" class=\"wp-image-7657\" srcset=\"https:\/\/tedenloesopreis.nl\/wp-content\/uploads\/2023\/12\/IMG_6141-1024x768-1.jpeg 1024w, https:\/\/tedenloesopreis.nl\/wp-content\/uploads\/2023\/12\/IMG_6141-1024x768-1-300x225.jpeg 300w, https:\/\/tedenloesopreis.nl\/wp-content\/uploads\/2023\/12\/IMG_6141-1024x768-1-768x576.jpeg 768w\" sizes=\"auto, (max-width: 1024px) 100vw, 1024px\" \/><\/a><figcaption class=\"wp-element-caption\"><em>Grote Ring<\/em><\/figcaption><\/figure>\n<\/div>\n\n\n\n<div class=\"wp-block-column is-layout-flow wp-block-column-is-layout-flow\">\n<figure class=\"wp-block-image size-full\"><a href=\"https:\/\/tedenloesopreis.nl\/wp-content\/uploads\/2023\/12\/IMG_6142-1024x768-1.jpeg\" target=\"_blank\" rel=\"noreferrer noopener\"><img loading=\"lazy\" decoding=\"async\" width=\"1024\" height=\"768\" src=\"https:\/\/tedenloesopreis.nl\/wp-content\/uploads\/2023\/12\/IMG_6142-1024x768-1.jpeg\" alt=\"\" class=\"wp-image-7658\" srcset=\"https:\/\/tedenloesopreis.nl\/wp-content\/uploads\/2023\/12\/IMG_6142-1024x768-1.jpeg 1024w, https:\/\/tedenloesopreis.nl\/wp-content\/uploads\/2023\/12\/IMG_6142-1024x768-1-300x225.jpeg 300w, https:\/\/tedenloesopreis.nl\/wp-content\/uploads\/2023\/12\/IMG_6142-1024x768-1-768x576.jpeg 768w\" sizes=\"auto, (max-width: 1024px) 100vw, 1024px\" \/><\/a><figcaption class=\"wp-element-caption\"><em>Grote Ring<\/em><\/figcaption><\/figure>\n<\/div>\n<\/div>\n\n\n\n<div class=\"wp-block-columns is-layout-flex wp-container-core-columns-is-layout-9d6595d7 wp-block-columns-is-layout-flex\">\n<div class=\"wp-block-column is-layout-flow wp-block-column-is-layout-flow\">\n<figure class=\"wp-block-image size-full\"><a href=\"https:\/\/tedenloesopreis.nl\/wp-content\/uploads\/2023\/12\/IMG_6146-1024x768-1.jpeg\" target=\"_blank\" rel=\"noreferrer noopener\"><img loading=\"lazy\" decoding=\"async\" width=\"1024\" height=\"768\" src=\"https:\/\/tedenloesopreis.nl\/wp-content\/uploads\/2023\/12\/IMG_6146-1024x768-1.jpeg\" alt=\"\" class=\"wp-image-7659\" srcset=\"https:\/\/tedenloesopreis.nl\/wp-content\/uploads\/2023\/12\/IMG_6146-1024x768-1.jpeg 1024w, https:\/\/tedenloesopreis.nl\/wp-content\/uploads\/2023\/12\/IMG_6146-1024x768-1-300x225.jpeg 300w, https:\/\/tedenloesopreis.nl\/wp-content\/uploads\/2023\/12\/IMG_6146-1024x768-1-768x576.jpeg 768w\" sizes=\"auto, (max-width: 1024px) 100vw, 1024px\" \/><\/a><figcaption class=\"wp-element-caption\"><em>Grote Ring<\/em><\/figcaption><\/figure>\n<\/div>\n\n\n\n<div class=\"wp-block-column is-layout-flow wp-block-column-is-layout-flow\">\n<figure class=\"wp-block-image size-full\"><a href=\"https:\/\/tedenloesopreis.nl\/wp-content\/uploads\/2023\/12\/IMG_6147-1024x768-1.jpeg\" target=\"_blank\" rel=\"noreferrer noopener\"><img loading=\"lazy\" decoding=\"async\" width=\"1024\" height=\"768\" src=\"https:\/\/tedenloesopreis.nl\/wp-content\/uploads\/2023\/12\/IMG_6147-1024x768-1.jpeg\" alt=\"\" class=\"wp-image-7660\" srcset=\"https:\/\/tedenloesopreis.nl\/wp-content\/uploads\/2023\/12\/IMG_6147-1024x768-1.jpeg 1024w, https:\/\/tedenloesopreis.nl\/wp-content\/uploads\/2023\/12\/IMG_6147-1024x768-1-300x225.jpeg 300w, https:\/\/tedenloesopreis.nl\/wp-content\/uploads\/2023\/12\/IMG_6147-1024x768-1-768x576.jpeg 768w\" sizes=\"auto, (max-width: 1024px) 100vw, 1024px\" \/><\/a><figcaption class=\"wp-element-caption\"><em>Grote Ring<\/em><\/figcaption><\/figure>\n<\/div>\n\n\n\n<div class=\"wp-block-column is-layout-flow wp-block-column-is-layout-flow\">\n<figure class=\"wp-block-image size-full\"><a href=\"https:\/\/tedenloesopreis.nl\/wp-content\/uploads\/2023\/12\/IMG_6149-1024x768-1.jpeg\" target=\"_blank\" rel=\"noreferrer noopener\"><img loading=\"lazy\" decoding=\"async\" width=\"1024\" height=\"768\" src=\"https:\/\/tedenloesopreis.nl\/wp-content\/uploads\/2023\/12\/IMG_6149-1024x768-1.jpeg\" alt=\"\" class=\"wp-image-7661\" srcset=\"https:\/\/tedenloesopreis.nl\/wp-content\/uploads\/2023\/12\/IMG_6149-1024x768-1.jpeg 1024w, https:\/\/tedenloesopreis.nl\/wp-content\/uploads\/2023\/12\/IMG_6149-1024x768-1-300x225.jpeg 300w, https:\/\/tedenloesopreis.nl\/wp-content\/uploads\/2023\/12\/IMG_6149-1024x768-1-768x576.jpeg 768w\" sizes=\"auto, (max-width: 1024px) 100vw, 1024px\" \/><\/a><figcaption class=\"wp-element-caption\"><em>Solnyplein<\/em><\/figcaption><\/figure>\n<\/div>\n<\/div>\n\n\n\n<div class=\"wp-block-columns is-layout-flex wp-container-core-columns-is-layout-9d6595d7 wp-block-columns-is-layout-flex\">\n<div class=\"wp-block-column is-layout-flow wp-block-column-is-layout-flow\" style=\"flex-basis:33.33%\"><\/div>\n\n\n\n<div class=\"wp-block-column is-layout-flow wp-block-column-is-layout-flow\" style=\"flex-basis:66.66%\">\n<p id=\"kabouters\">Een speciale attractie van Wroc\u0142aw wordt gevormd door een verzameling beeldjes van kabouters. Er worden steeds nieuwe geplaatst. Naar verluidt zijn het er inmiddels al 600. Veel van die kabouters staan binnen, bij bedrijven, restaurants, winkelcentra enz., maar pakweg 300 kabouters staan in de openbare ruimte, en kunnen worden \u201cgejaagd\u201d, een variant op Geocaching.<\/p>\n<\/div>\n<\/div>\n\n\n\n<div class=\"wp-block-columns is-layout-flex wp-container-core-columns-is-layout-9d6595d7 wp-block-columns-is-layout-flex\">\n<div class=\"wp-block-column is-layout-flow wp-block-column-is-layout-flow\"><\/div>\n\n\n\n<div class=\"wp-block-column is-layout-flow wp-block-column-is-layout-flow\">\n<figure class=\"wp-block-image size-full\"><a href=\"https:\/\/tedenloesopreis.nl\/wp-content\/uploads\/2023\/12\/IMG_6151-768x1024-1.jpeg\" target=\"_blank\" rel=\"noreferrer noopener\"><img loading=\"lazy\" decoding=\"async\" width=\"768\" height=\"1024\" src=\"https:\/\/tedenloesopreis.nl\/wp-content\/uploads\/2023\/12\/IMG_6151-768x1024-1.jpeg\" alt=\"\" class=\"wp-image-7662\" srcset=\"https:\/\/tedenloesopreis.nl\/wp-content\/uploads\/2023\/12\/IMG_6151-768x1024-1.jpeg 768w, https:\/\/tedenloesopreis.nl\/wp-content\/uploads\/2023\/12\/IMG_6151-768x1024-1-225x300.jpeg 225w\" sizes=\"auto, (max-width: 768px) 100vw, 768px\" \/><\/a><figcaption class=\"wp-element-caption\"><em>\u00e9\u00e9n van de driehonderd publieke kabouters<\/em><\/figcaption><\/figure>\n<\/div>\n\n\n\n<div class=\"wp-block-column is-layout-flow wp-block-column-is-layout-flow\">\n<figure class=\"wp-block-image size-full\"><a href=\"https:\/\/tedenloesopreis.nl\/wp-content\/uploads\/2023\/12\/IMG_6153-1024x768-1.jpeg\" target=\"_blank\" rel=\"noreferrer noopener\"><img loading=\"lazy\" decoding=\"async\" width=\"1024\" height=\"768\" src=\"https:\/\/tedenloesopreis.nl\/wp-content\/uploads\/2023\/12\/IMG_6153-1024x768-1.jpeg\" alt=\"\" class=\"wp-image-7663\" srcset=\"https:\/\/tedenloesopreis.nl\/wp-content\/uploads\/2023\/12\/IMG_6153-1024x768-1.jpeg 1024w, https:\/\/tedenloesopreis.nl\/wp-content\/uploads\/2023\/12\/IMG_6153-1024x768-1-300x225.jpeg 300w, https:\/\/tedenloesopreis.nl\/wp-content\/uploads\/2023\/12\/IMG_6153-1024x768-1-768x576.jpeg 768w\" sizes=\"auto, (max-width: 1024px) 100vw, 1024px\" \/><\/a><figcaption class=\"wp-element-caption\"><em>bij de Tumski-brug<\/em><\/figcaption><\/figure>\n<\/div>\n<\/div>\n\n\n\n<div style=\"height:35px\" aria-hidden=\"true\" class=\"wp-block-spacer\"><\/div>\n\n\n\n<div class=\"wp-block-columns is-layout-flex wp-container-core-columns-is-layout-9d6595d7 wp-block-columns-is-layout-flex\">\n<div class=\"wp-block-column is-layout-flow wp-block-column-is-layout-flow\">\n<p class=\"has-orange-background-color has-background\" id=\"dag13\"><\/p>\n<\/div>\n<\/div>\n\n\n\n<div class=\"wp-block-columns is-layout-flex wp-container-core-columns-is-layout-9d6595d7 wp-block-columns-is-layout-flex\">\n<div class=\"wp-block-column is-layout-flow wp-block-column-is-layout-flow\" style=\"flex-basis:33.33%\">\n<p><a href=\"#titel\">top<\/a><\/p>\n<\/div>\n\n\n\n<div class=\"wp-block-column is-layout-flow wp-block-column-is-layout-flow\" style=\"flex-basis:66.66%\">\n<p><strong>RUST<br><\/strong>dag 13 &nbsp;  &nbsp; &nbsp;do 25 mei 2023<br>Wroc\u0142aw &nbsp;  &nbsp; &nbsp;0&nbsp;km<\/p>\n<\/div>\n<\/div>\n\n\n\n<div style=\"height:20px\" aria-hidden=\"true\" class=\"wp-block-spacer\"><\/div>\n\n\n\n<div class=\"wp-block-columns is-layout-flex wp-container-core-columns-is-layout-9d6595d7 wp-block-columns-is-layout-flex\">\n<div class=\"wp-block-column is-layout-flow wp-block-column-is-layout-flow\" style=\"flex-basis:33.33%\">\n<figure class=\"wp-block-image size-full\"><a href=\"https:\/\/tedenloesopreis.nl\/wp-content\/uploads\/2023\/12\/IMG_0533-768x1024-1.jpeg\" target=\"_blank\" rel=\"noreferrer noopener\"><img loading=\"lazy\" decoding=\"async\" width=\"768\" height=\"1024\" src=\"https:\/\/tedenloesopreis.nl\/wp-content\/uploads\/2023\/12\/IMG_0533-768x1024-1.jpeg\" alt=\"\" class=\"wp-image-7665\" srcset=\"https:\/\/tedenloesopreis.nl\/wp-content\/uploads\/2023\/12\/IMG_0533-768x1024-1.jpeg 768w, https:\/\/tedenloesopreis.nl\/wp-content\/uploads\/2023\/12\/IMG_0533-768x1024-1-225x300.jpeg 225w\" sizes=\"auto, (max-width: 768px) 100vw, 768px\" \/><\/a><figcaption class=\"wp-element-caption\"><em>een flinke wandeling<\/em><\/figcaption><\/figure>\n<\/div>\n\n\n\n<div class=\"wp-block-column is-layout-flow wp-block-column-is-layout-flow\" style=\"flex-basis:66.66%\">\n<p>We doen vandaag helemaal niets, afgezien van wat boodschappen bij de lokale supermarkt en een bezoek aan de loosplaats voor de chemische toilet. Dat is een flinke wandeling naar de andere kant van de camping, in het vervallen oude sanitairgebouw.&nbsp;<\/p>\n<\/div>\n<\/div>\n\n\n\n<div style=\"height:35px\" aria-hidden=\"true\" class=\"wp-block-spacer\"><\/div>\n\n\n\n<div class=\"wp-block-columns is-layout-flex wp-container-core-columns-is-layout-9d6595d7 wp-block-columns-is-layout-flex\">\n<div class=\"wp-block-column is-layout-flow wp-block-column-is-layout-flow\">\n<p class=\"has-orange-background-color has-background\" id=\"dag14\"><\/p>\n<\/div>\n<\/div>\n\n\n\n<div class=\"wp-block-columns is-layout-flex wp-container-core-columns-is-layout-9d6595d7 wp-block-columns-is-layout-flex\">\n<div class=\"wp-block-column is-layout-flow wp-block-column-is-layout-flow\" style=\"flex-basis:33.33%\">\n<p><a href=\"#titel\">top<\/a><\/p>\n<\/div>\n\n\n\n<div class=\"wp-block-column is-layout-flow wp-block-column-is-layout-flow\" style=\"flex-basis:66.66%\">\n<p><strong>NIET DE EERSTE KEER<br><\/strong>dag 14 &nbsp; &nbsp;&nbsp; &nbsp;vr 26 mei 2023<br><a href=\"https:\/\/www.google.com\/maps\/d\/edit?mid=1opSVjhGGozzSqxDvN-Hq3B0oXZBAdzk&amp;ll=50.60098795019209%2C17.900372209721006&amp;z=9\" target=\"_blank\" rel=\"noreferrer noopener\">Wroc\u0142aw \u2013 Katowice<\/a>&nbsp;&nbsp; &nbsp;&nbsp; &nbsp;193&nbsp;km<\/p>\n<\/div>\n<\/div>\n\n\n\n<div style=\"height:20px\" aria-hidden=\"true\" class=\"wp-block-spacer\"><\/div>\n\n\n\n<div class=\"wp-block-columns is-layout-flex wp-container-core-columns-is-layout-9d6595d7 wp-block-columns-is-layout-flex\">\n<div class=\"wp-block-column is-vertically-aligned-bottom is-layout-flow wp-block-column-is-layout-flow\" style=\"flex-basis:33.33%\">\n<figure class=\"wp-block-image size-full\"><a href=\"https:\/\/tedenloesopreis.nl\/wp-content\/uploads\/2023\/12\/IMG_6160-1024x768-1.jpeg\" target=\"_blank\" rel=\"noreferrer noopener\"><img loading=\"lazy\" decoding=\"async\" width=\"1024\" height=\"768\" src=\"https:\/\/tedenloesopreis.nl\/wp-content\/uploads\/2023\/12\/IMG_6160-1024x768-1.jpeg\" alt=\"\" class=\"wp-image-7667\" srcset=\"https:\/\/tedenloesopreis.nl\/wp-content\/uploads\/2023\/12\/IMG_6160-1024x768-1.jpeg 1024w, https:\/\/tedenloesopreis.nl\/wp-content\/uploads\/2023\/12\/IMG_6160-1024x768-1-300x225.jpeg 300w, https:\/\/tedenloesopreis.nl\/wp-content\/uploads\/2023\/12\/IMG_6160-1024x768-1-768x576.jpeg 768w\" sizes=\"auto, (max-width: 1024px) 100vw, 1024px\" \/><\/a><figcaption class=\"wp-element-caption\"><em>camping in Katowice<\/em><\/figcaption><\/figure>\n<\/div>\n\n\n\n<div class=\"wp-block-column is-layout-flow wp-block-column-is-layout-flow\" style=\"flex-basis:66.66%\">\n<p>We rijden vandaag over de \u201c94\u201d naar Katowice. We doen dat niet alleen, omdat we daarmee niet via de tolweg hoeven te gaan, maar ook, eigenlijk vooral, omdat wij die route vroeger ook reden als we naar het kindertehuis in Bytom gingen.<\/p>\n\n\n\n<p>Het eerste stuk van de \u201c94\u201d is een regelrechte rammelramp. We krijgen er bijna spijt van, dat we niet voor de snelweg hebben gekozen. Zodra we echter de provincie Opole binnenrijden, is de weg van prima kwaliteit. De route gaat tegenwoordig met een grote boog om Opole heen, waar we vroeger dwars door die stad reden, met een \u201cminder draagkrachtige\u201d brug over het spoor (maximum snelheid 5 km\/uur, onderlinge afstand minimaal 50 meter).<\/p>\n\n\n\n<p>Vlak voor Bytom gaat de \u201c94\u201d door Miechowice, het dorpje waar eens het kindertehuis heeft gestaan. Daar staat nu een seniorencomplex. Een paar van de vroegere gebouwen zijn blijven staan.<\/p>\n\n\n\n<p>Na een draak van een file in Katowice \u2013 het is er bijzonder druk geworden, en in Polen kennen ze ook verkeershufters \u2013 staan we nu op de&nbsp;<a href=\"https:\/\/www.campercontact.com\/nl\/polen\/woiwodschap-silezie\/katowice\/28758\/camping-nr-215-dolina\" target=\"_blank\" rel=\"noreferrer noopener\">camping bij Katowice<\/a>. We staan op dezelfde plaats als in 2014. Ook toen vonden we dat blijkbaar de minst scheve plek.<\/p>\n<\/div>\n<\/div>\n\n\n\n<div style=\"height:35px\" aria-hidden=\"true\" class=\"wp-block-spacer\"><\/div>\n\n\n\n<div class=\"wp-block-columns is-layout-flex wp-container-core-columns-is-layout-9d6595d7 wp-block-columns-is-layout-flex\">\n<div class=\"wp-block-column is-layout-flow wp-block-column-is-layout-flow\">\n<p class=\"has-orange-background-color has-background\" id=\"dag15\"><\/p>\n<\/div>\n<\/div>\n\n\n\n<div class=\"wp-block-columns is-layout-flex wp-container-core-columns-is-layout-9d6595d7 wp-block-columns-is-layout-flex\">\n<div class=\"wp-block-column is-layout-flow wp-block-column-is-layout-flow\" style=\"flex-basis:33.33%\">\n<p><a href=\"#titel\">top<\/a><\/p>\n<\/div>\n\n\n\n<div class=\"wp-block-column is-layout-flow wp-block-column-is-layout-flow\" style=\"flex-basis:66.66%\">\n<p><strong>OUDERWETS KAMPEREN<br><\/strong>dag 15 &nbsp; &nbsp; &nbsp;&nbsp;za 27 mei 2023<br>Katowice &nbsp; &nbsp;&nbsp; &nbsp;0&nbsp;km<\/p>\n<\/div>\n<\/div>\n\n\n\n<div style=\"height:20px\" aria-hidden=\"true\" class=\"wp-block-spacer\"><\/div>\n\n\n\n<div class=\"wp-block-columns is-layout-flex wp-container-core-columns-is-layout-9d6595d7 wp-block-columns-is-layout-flex\">\n<div class=\"wp-block-column is-layout-flow wp-block-column-is-layout-flow\" style=\"flex-basis:33.33%\"><\/div>\n\n\n\n<div class=\"wp-block-column is-layout-flow wp-block-column-is-layout-flow\" style=\"flex-basis:66.66%\">\n<p>We gaan vandaag niet naar O\u015bwi\u0119cim (Auschwitz).&nbsp;<\/p>\n\n\n\n<p>We hebben al een paar dagen problemen met de waterpomp. Deze maakte steeds meer een fluitend geluid en produceerde steeds minder water. Na de bedden te hebben afgebroken en het bagageruim te hebben leeggemaakt, was het waterreservoir bereikbaar. Bij een inspectie bleek, dat de terugslagklep, de verbinding tussen dompelpomp en slang, bijna helemaal was afgebroken. We hebben ooit wel een reservepomp gekocht, maar toen gaf men ons een exemplaar zonder terugslagklep. Pogingen om de gebroken terugslagklep met ducktape te repareren, mislukten. Uiteindelijk hebben we besloten om maar verder te reizen als ouderwetse kampeerders, zonder water via de pomp.<\/p>\n<\/div>\n<\/div>\n\n\n\n<div class=\"wp-block-columns is-layout-flex wp-container-core-columns-is-layout-9d6595d7 wp-block-columns-is-layout-flex\">\n<div class=\"wp-block-column is-layout-flow wp-block-column-is-layout-flow\"><\/div>\n\n\n\n<div class=\"wp-block-column is-layout-flow wp-block-column-is-layout-flow\">\n<figure class=\"wp-block-image size-full\"><a href=\"https:\/\/tedenloesopreis.nl\/wp-content\/uploads\/2023\/12\/foto1-768x1024-1.jpeg\" target=\"_blank\" rel=\"noreferrer noopener\"><img loading=\"lazy\" decoding=\"async\" width=\"768\" height=\"1024\" src=\"https:\/\/tedenloesopreis.nl\/wp-content\/uploads\/2023\/12\/foto1-768x1024-1.jpeg\" alt=\"\" class=\"wp-image-7668\" srcset=\"https:\/\/tedenloesopreis.nl\/wp-content\/uploads\/2023\/12\/foto1-768x1024-1.jpeg 768w, https:\/\/tedenloesopreis.nl\/wp-content\/uploads\/2023\/12\/foto1-768x1024-1-225x300.jpeg 225w\" sizes=\"auto, (max-width: 768px) 100vw, 768px\" \/><\/a><figcaption class=\"wp-element-caption\"><em>geen water meer van de pomp<\/em><\/figcaption><\/figure>\n<\/div>\n\n\n\n<div class=\"wp-block-column is-layout-flow wp-block-column-is-layout-flow\">\n<figure class=\"wp-block-image size-full\"><a href=\"https:\/\/tedenloesopreis.nl\/wp-content\/uploads\/2023\/12\/image003-768x1024-1.jpg\" target=\"_blank\" rel=\"noreferrer noopener\"><img loading=\"lazy\" decoding=\"async\" width=\"768\" height=\"1024\" src=\"https:\/\/tedenloesopreis.nl\/wp-content\/uploads\/2023\/12\/image003-768x1024-1.jpg\" alt=\"\" class=\"wp-image-7669\" srcset=\"https:\/\/tedenloesopreis.nl\/wp-content\/uploads\/2023\/12\/image003-768x1024-1.jpg 768w, https:\/\/tedenloesopreis.nl\/wp-content\/uploads\/2023\/12\/image003-768x1024-1-225x300.jpg 225w\" sizes=\"auto, (max-width: 768px) 100vw, 768px\" \/><\/a><figcaption class=\"wp-element-caption\"><em>geen water meer van de pomp<\/em><\/figcaption><\/figure>\n<\/div>\n<\/div>\n\n\n\n<div style=\"height:35px\" aria-hidden=\"true\" class=\"wp-block-spacer\"><\/div>\n\n\n\n<div class=\"wp-block-columns is-layout-flex wp-container-core-columns-is-layout-9d6595d7 wp-block-columns-is-layout-flex\">\n<div class=\"wp-block-column is-layout-flow wp-block-column-is-layout-flow\">\n<p class=\"has-orange-background-color has-background\" id=\"dag16\"><\/p>\n<\/div>\n<\/div>\n\n\n\n<div class=\"wp-block-columns is-layout-flex wp-container-core-columns-is-layout-9d6595d7 wp-block-columns-is-layout-flex\">\n<div class=\"wp-block-column is-layout-flow wp-block-column-is-layout-flow\" style=\"flex-basis:33.33%\">\n<p><a href=\"#titel\">top<\/a><\/p>\n<\/div>\n\n\n\n<div class=\"wp-block-column is-layout-flow wp-block-column-is-layout-flow\" style=\"flex-basis:66.66%\">\n<p><strong>HET BLIJFT INDRUKWEKKEND<\/strong><br>dag 16 &nbsp; &nbsp;  &nbsp;zo 28 mei 2023<br><a href=\"https:\/\/www.google.com\/maps\/d\/viewer?mid=1sXrw29VQXyvTSd0G6KFcoCSd8TqwwS0&amp;femb=1&amp;ll=50.13802185995374%2C19.112795000000016&amp;z=11\" target=\"_blank\" rel=\"noreferrer noopener\">Katowice &#8211; Auschwitz<\/a> &nbsp; &nbsp;  &nbsp;38&nbsp;km<\/p>\n<\/div>\n<\/div>\n\n\n\n<div style=\"height:20px\" aria-hidden=\"true\" class=\"wp-block-spacer\"><\/div>\n\n\n\n<div class=\"wp-block-columns is-layout-flex wp-container-core-columns-is-layout-9d6595d7 wp-block-columns-is-layout-flex\">\n<div class=\"wp-block-column is-layout-flow wp-block-column-is-layout-flow\" style=\"flex-basis:33.33%\">\n<figure class=\"wp-block-image size-full\"><a href=\"https:\/\/tedenloesopreis.nl\/wp-content\/uploads\/2023\/12\/IMG_6167-1024x768-1.jpeg\" target=\"_blank\" rel=\"noreferrer noopener\"><img loading=\"lazy\" decoding=\"async\" width=\"1024\" height=\"768\" src=\"https:\/\/tedenloesopreis.nl\/wp-content\/uploads\/2023\/12\/IMG_6167-1024x768-1.jpeg\" alt=\"\" class=\"wp-image-7672\" srcset=\"https:\/\/tedenloesopreis.nl\/wp-content\/uploads\/2023\/12\/IMG_6167-1024x768-1.jpeg 1024w, https:\/\/tedenloesopreis.nl\/wp-content\/uploads\/2023\/12\/IMG_6167-1024x768-1-300x225.jpeg 300w, https:\/\/tedenloesopreis.nl\/wp-content\/uploads\/2023\/12\/IMG_6167-1024x768-1-768x576.jpeg 768w\" sizes=\"auto, (max-width: 1024px) 100vw, 1024px\" \/><\/a><figcaption class=\"wp-element-caption\"><em>camping in Auschwitz<\/em><\/figcaption><\/figure>\n<\/div>\n\n\n\n<div class=\"wp-block-column is-layout-flow wp-block-column-is-layout-flow\" style=\"flex-basis:66.66%\">\n<p id=\"auschwitz\">Na een kort ritje komen we aan op de nieuwe&nbsp;<a href=\"https:\/\/www.campercontact.com\/nl\/polen\/woiwodschap-klein-polen\/oswiecim\/29309\/camping-centre-for-dialogue-and-prayer\" target=\"_blank\" rel=\"noreferrer noopener\">camping in Auschwitz<\/a>, een groot grasveld bij een hotel, met uitstekende voorzieningen.<br><br>Op internet wordt de indruk gewekt, dat je bij Auschwitz alleen maar naar binnen kunt onder begeleiding van een gids (\u20ac20,00 p.p.). Maar wat blijkt: na 16:00 kun je als individu gratis naar binnen bij Auschwitz I, en Auschwitz II (Birkenau) is de hele dag gratis toegankelijk voor individuen. Daarom gaan we vandaag&nbsp;&nbsp;om 16:00 naar Auschwitz I.&nbsp;<\/p>\n\n\n\n<p>Er staat een lange rij voor de beveiliging. Een van de beveiligers sommeert de mensen voor ons om aan de kant te gaan, zodat wij, \u201coudjes\u201d (Ted heeft zijn wandelstok meegenomen), niet zo lang hoeven te wachten. Alle bagage, inclusief portemonnee en iPhone, gaat door een scanapparaat, en wij worden onderzocht met een handscanner.&nbsp;<\/p>\n\n\n\n<p>Eenmaal door de poort met \u201cArbeit macht Frei\u201d, bekijken we verschillende gebouwen van binnen. Daar wordt een gedetailleerd beeld geschetst van de gang van zaken in het kamp. Grote indruk maakt de expositie over medische experimenten, o.a. door Joseph Mengele. Indrukwekkend is ook de verzameling stille getuigen van de massale wreedheid, met een grote stapel kinderschoentjes als triest hoogtepunt.<\/p>\n<\/div>\n<\/div>\n\n\n\n<div class=\"wp-block-columns is-layout-flex wp-container-core-columns-is-layout-9d6595d7 wp-block-columns-is-layout-flex\">\n<div class=\"wp-block-column is-layout-flow wp-block-column-is-layout-flow\">\n<figure class=\"wp-block-image size-full\"><a href=\"https:\/\/tedenloesopreis.nl\/wp-content\/uploads\/2023\/12\/IMG_6171-1024x768-1.jpeg\" target=\"_blank\" rel=\"noreferrer noopener\"><img loading=\"lazy\" decoding=\"async\" width=\"1024\" height=\"768\" src=\"https:\/\/tedenloesopreis.nl\/wp-content\/uploads\/2023\/12\/IMG_6171-1024x768-1.jpeg\" alt=\"\" class=\"wp-image-7673\" srcset=\"https:\/\/tedenloesopreis.nl\/wp-content\/uploads\/2023\/12\/IMG_6171-1024x768-1.jpeg 1024w, https:\/\/tedenloesopreis.nl\/wp-content\/uploads\/2023\/12\/IMG_6171-1024x768-1-300x225.jpeg 300w, https:\/\/tedenloesopreis.nl\/wp-content\/uploads\/2023\/12\/IMG_6171-1024x768-1-768x576.jpeg 768w\" sizes=\"auto, (max-width: 1024px) 100vw, 1024px\" \/><\/a><figcaption class=\"wp-element-caption\"><em>Arbeit macht frei<\/em><\/figcaption><\/figure>\n<\/div>\n\n\n\n<div class=\"wp-block-column is-layout-flow wp-block-column-is-layout-flow\">\n<figure class=\"wp-block-image size-full\"><a href=\"https:\/\/tedenloesopreis.nl\/wp-content\/uploads\/2023\/12\/IMG_6172-1024x768-1.jpeg\" target=\"_blank\" rel=\"noreferrer noopener\"><img loading=\"lazy\" decoding=\"async\" width=\"1024\" height=\"768\" src=\"https:\/\/tedenloesopreis.nl\/wp-content\/uploads\/2023\/12\/IMG_6172-1024x768-1.jpeg\" alt=\"\" class=\"wp-image-7674\" srcset=\"https:\/\/tedenloesopreis.nl\/wp-content\/uploads\/2023\/12\/IMG_6172-1024x768-1.jpeg 1024w, https:\/\/tedenloesopreis.nl\/wp-content\/uploads\/2023\/12\/IMG_6172-1024x768-1-300x225.jpeg 300w, https:\/\/tedenloesopreis.nl\/wp-content\/uploads\/2023\/12\/IMG_6172-1024x768-1-768x576.jpeg 768w\" sizes=\"auto, (max-width: 1024px) 100vw, 1024px\" \/><\/a><figcaption class=\"wp-element-caption\"><em>hoofdstraat Auschwitz I<\/em><\/figcaption><\/figure>\n<\/div>\n\n\n\n<div class=\"wp-block-column is-layout-flow wp-block-column-is-layout-flow\">\n<figure class=\"wp-block-image size-full\"><a href=\"https:\/\/tedenloesopreis.nl\/wp-content\/uploads\/2023\/12\/IMG_6176-768x1024-1.jpeg\" target=\"_blank\" rel=\"noreferrer noopener\"><img loading=\"lazy\" decoding=\"async\" width=\"768\" height=\"1024\" src=\"https:\/\/tedenloesopreis.nl\/wp-content\/uploads\/2023\/12\/IMG_6176-768x1024-1.jpeg\" alt=\"\" class=\"wp-image-7675\" srcset=\"https:\/\/tedenloesopreis.nl\/wp-content\/uploads\/2023\/12\/IMG_6176-768x1024-1.jpeg 768w, https:\/\/tedenloesopreis.nl\/wp-content\/uploads\/2023\/12\/IMG_6176-768x1024-1-225x300.jpeg 225w\" sizes=\"auto, (max-width: 768px) 100vw, 768px\" \/><\/a><figcaption class=\"wp-element-caption\"><em>slachtoffers Mengele<\/em><\/figcaption><\/figure>\n<\/div>\n<\/div>\n\n\n\n<div class=\"wp-block-columns is-layout-flex wp-container-core-columns-is-layout-9d6595d7 wp-block-columns-is-layout-flex\">\n<div class=\"wp-block-column is-layout-flow wp-block-column-is-layout-flow\">\n<figure class=\"wp-block-image size-full\"><a href=\"https:\/\/tedenloesopreis.nl\/wp-content\/uploads\/2023\/12\/IMG_6178-1024x768-1.jpeg\" target=\"_blank\" rel=\"noreferrer noopener\"><img loading=\"lazy\" decoding=\"async\" width=\"1024\" height=\"768\" src=\"https:\/\/tedenloesopreis.nl\/wp-content\/uploads\/2023\/12\/IMG_6178-1024x768-1.jpeg\" alt=\"\" class=\"wp-image-7676\" srcset=\"https:\/\/tedenloesopreis.nl\/wp-content\/uploads\/2023\/12\/IMG_6178-1024x768-1.jpeg 1024w, https:\/\/tedenloesopreis.nl\/wp-content\/uploads\/2023\/12\/IMG_6178-1024x768-1-300x225.jpeg 300w, https:\/\/tedenloesopreis.nl\/wp-content\/uploads\/2023\/12\/IMG_6178-1024x768-1-768x576.jpeg 768w\" sizes=\"auto, (max-width: 1024px) 100vw, 1024px\" \/><\/a><figcaption class=\"wp-element-caption\"><em>een stapel prothesen<\/em><\/figcaption><\/figure>\n<\/div>\n\n\n\n<div class=\"wp-block-column is-layout-flow wp-block-column-is-layout-flow\">\n<figure class=\"wp-block-image size-full\"><a href=\"https:\/\/tedenloesopreis.nl\/wp-content\/uploads\/2023\/12\/IMG_6181-1024x768-1.jpeg\" target=\"_blank\" rel=\"noreferrer noopener\"><img loading=\"lazy\" decoding=\"async\" width=\"1024\" height=\"768\" src=\"https:\/\/tedenloesopreis.nl\/wp-content\/uploads\/2023\/12\/IMG_6181-1024x768-1.jpeg\" alt=\"\" class=\"wp-image-7677\" srcset=\"https:\/\/tedenloesopreis.nl\/wp-content\/uploads\/2023\/12\/IMG_6181-1024x768-1.jpeg 1024w, https:\/\/tedenloesopreis.nl\/wp-content\/uploads\/2023\/12\/IMG_6181-1024x768-1-300x225.jpeg 300w, https:\/\/tedenloesopreis.nl\/wp-content\/uploads\/2023\/12\/IMG_6181-1024x768-1-768x576.jpeg 768w\" sizes=\"auto, (max-width: 1024px) 100vw, 1024px\" \/><\/a><figcaption class=\"wp-element-caption\"><em>een stapel koffers<\/em><\/figcaption><\/figure>\n<\/div>\n\n\n\n<div class=\"wp-block-column is-layout-flow wp-block-column-is-layout-flow\">\n<figure class=\"wp-block-image size-full\"><a href=\"https:\/\/tedenloesopreis.nl\/wp-content\/uploads\/2023\/12\/IMG_6182-1024x768-1.jpeg\" target=\"_blank\" rel=\"noreferrer noopener\"><img loading=\"lazy\" decoding=\"async\" width=\"1024\" height=\"768\" src=\"https:\/\/tedenloesopreis.nl\/wp-content\/uploads\/2023\/12\/IMG_6182-1024x768-1.jpeg\" alt=\"\" class=\"wp-image-7678\" srcset=\"https:\/\/tedenloesopreis.nl\/wp-content\/uploads\/2023\/12\/IMG_6182-1024x768-1.jpeg 1024w, https:\/\/tedenloesopreis.nl\/wp-content\/uploads\/2023\/12\/IMG_6182-1024x768-1-300x225.jpeg 300w, https:\/\/tedenloesopreis.nl\/wp-content\/uploads\/2023\/12\/IMG_6182-1024x768-1-768x576.jpeg 768w\" sizes=\"auto, (max-width: 1024px) 100vw, 1024px\" \/><\/a><figcaption class=\"wp-element-caption\"><em>een stapel kinderschoentjes<\/em><\/figcaption><\/figure>\n<\/div>\n<\/div>\n\n\n\n<div class=\"wp-block-columns is-layout-flex wp-container-core-columns-is-layout-9d6595d7 wp-block-columns-is-layout-flex\">\n<div class=\"wp-block-column is-layout-flow wp-block-column-is-layout-flow\">\n<figure class=\"wp-block-image size-full\"><a href=\"https:\/\/tedenloesopreis.nl\/wp-content\/uploads\/2023\/12\/IMG_6174-1024x768-1.jpeg\" target=\"_blank\" rel=\"noreferrer noopener\"><img loading=\"lazy\" decoding=\"async\" width=\"1024\" height=\"768\" src=\"https:\/\/tedenloesopreis.nl\/wp-content\/uploads\/2023\/12\/IMG_6174-1024x768-1.jpeg\" alt=\"\" class=\"wp-image-7679\" srcset=\"https:\/\/tedenloesopreis.nl\/wp-content\/uploads\/2023\/12\/IMG_6174-1024x768-1.jpeg 1024w, https:\/\/tedenloesopreis.nl\/wp-content\/uploads\/2023\/12\/IMG_6174-1024x768-1-300x225.jpeg 300w, https:\/\/tedenloesopreis.nl\/wp-content\/uploads\/2023\/12\/IMG_6174-1024x768-1-768x576.jpeg 768w\" sizes=\"auto, (max-width: 1024px) 100vw, 1024px\" \/><\/a><figcaption class=\"wp-element-caption\"><em>fusilladeplaats<\/em><\/figcaption><\/figure>\n<\/div>\n\n\n\n<div class=\"wp-block-column is-layout-flow wp-block-column-is-layout-flow\">\n<figure class=\"wp-block-image size-full\"><a href=\"https:\/\/tedenloesopreis.nl\/wp-content\/uploads\/2023\/12\/IMG_6175-1024x768-1.jpeg\" target=\"_blank\" rel=\"noreferrer noopener\"><img loading=\"lazy\" decoding=\"async\" width=\"1024\" height=\"768\" src=\"https:\/\/tedenloesopreis.nl\/wp-content\/uploads\/2023\/12\/IMG_6175-1024x768-1.jpeg\" alt=\"\" class=\"wp-image-7680\" srcset=\"https:\/\/tedenloesopreis.nl\/wp-content\/uploads\/2023\/12\/IMG_6175-1024x768-1.jpeg 1024w, https:\/\/tedenloesopreis.nl\/wp-content\/uploads\/2023\/12\/IMG_6175-1024x768-1-300x225.jpeg 300w, https:\/\/tedenloesopreis.nl\/wp-content\/uploads\/2023\/12\/IMG_6175-1024x768-1-768x576.jpeg 768w\" sizes=\"auto, (max-width: 1024px) 100vw, 1024px\" \/><\/a><figcaption class=\"wp-element-caption\"><em>fusilladeplaats<\/em><\/figcaption><\/figure>\n<\/div>\n\n\n\n<div class=\"wp-block-column is-layout-flow wp-block-column-is-layout-flow\">\n<figure class=\"wp-block-image size-full\"><a href=\"https:\/\/tedenloesopreis.nl\/wp-content\/uploads\/2023\/12\/IMG_6183-1024x768-1.jpeg\" target=\"_blank\" rel=\"noreferrer noopener\"><img loading=\"lazy\" decoding=\"async\" width=\"1024\" height=\"768\" src=\"https:\/\/tedenloesopreis.nl\/wp-content\/uploads\/2023\/12\/IMG_6183-1024x768-1.jpeg\" alt=\"\" class=\"wp-image-7681\" srcset=\"https:\/\/tedenloesopreis.nl\/wp-content\/uploads\/2023\/12\/IMG_6183-1024x768-1.jpeg 1024w, https:\/\/tedenloesopreis.nl\/wp-content\/uploads\/2023\/12\/IMG_6183-1024x768-1-300x225.jpeg 300w, https:\/\/tedenloesopreis.nl\/wp-content\/uploads\/2023\/12\/IMG_6183-1024x768-1-768x576.jpeg 768w\" sizes=\"auto, (max-width: 1024px) 100vw, 1024px\" \/><\/a><figcaption class=\"wp-element-caption\"><em>Zyklon B<\/em><\/figcaption><\/figure>\n<\/div>\n<\/div>\n\n\n\n<div style=\"height:35px\" aria-hidden=\"true\" class=\"wp-block-spacer\"><\/div>\n\n\n\n<div class=\"wp-block-columns is-layout-flex wp-container-core-columns-is-layout-9d6595d7 wp-block-columns-is-layout-flex\">\n<div class=\"wp-block-column is-layout-flow wp-block-column-is-layout-flow\">\n<p class=\"has-orange-background-color has-background\" id=\"dag17\"><\/p>\n<\/div>\n<\/div>\n\n\n\n<div class=\"wp-block-columns is-layout-flex wp-container-core-columns-is-layout-9d6595d7 wp-block-columns-is-layout-flex\">\n<div class=\"wp-block-column is-layout-flow wp-block-column-is-layout-flow\" style=\"flex-basis:33.33%\">\n<p><a href=\"#titel\">top<\/a><\/p>\n<\/div>\n\n\n\n<div class=\"wp-block-column is-layout-flow wp-block-column-is-layout-flow\" style=\"flex-basis:66.66%\">\n<p><strong>DE BEELDEN KOMEN VANZELF<br><\/strong>dag 17 &nbsp; &nbsp;  &nbsp;ma 29 mei 2023<br>Auschwitz &nbsp; &nbsp;  &nbsp;0&nbsp;km<\/p>\n<\/div>\n<\/div>\n\n\n\n<div style=\"height:20px\" aria-hidden=\"true\" class=\"wp-block-spacer\"><\/div>\n\n\n\n<div class=\"wp-block-columns is-layout-flex wp-container-core-columns-is-layout-9d6595d7 wp-block-columns-is-layout-flex\">\n<div class=\"wp-block-column is-layout-flow wp-block-column-is-layout-flow\" style=\"flex-basis:33.33%\">\n<figure class=\"wp-block-image size-full\"><a href=\"https:\/\/tedenloesopreis.nl\/wp-content\/uploads\/2023\/12\/IMG_6190-1024x768-1.jpeg\" target=\"_blank\" rel=\"noreferrer noopener\"><img loading=\"lazy\" decoding=\"async\" width=\"1024\" height=\"768\" src=\"https:\/\/tedenloesopreis.nl\/wp-content\/uploads\/2023\/12\/IMG_6190-1024x768-1.jpeg\" alt=\"\" class=\"wp-image-7682\" srcset=\"https:\/\/tedenloesopreis.nl\/wp-content\/uploads\/2023\/12\/IMG_6190-1024x768-1.jpeg 1024w, https:\/\/tedenloesopreis.nl\/wp-content\/uploads\/2023\/12\/IMG_6190-1024x768-1-300x225.jpeg 300w, https:\/\/tedenloesopreis.nl\/wp-content\/uploads\/2023\/12\/IMG_6190-1024x768-1-768x576.jpeg 768w\" sizes=\"auto, (max-width: 1024px) 100vw, 1024px\" \/><\/a><figcaption class=\"wp-element-caption\"><em>gezicht op Birkenau<\/em><\/figcaption><\/figure>\n<\/div>\n\n\n\n<div class=\"wp-block-column is-layout-flow wp-block-column-is-layout-flow\" style=\"flex-basis:66.66%\">\n<p>Vandaag fietsen we naar Birkenau.&nbsp;<\/p>\n\n\n\n<p>Ook al staat er niet veel meer overeind \u2013 van de meeste houten gebouwen zijn alleen nog maar de stenen fundering en de stenen schoorstenen zichtbaar, en de gaskamers en crematoria zijn door de Duitsers bij hun vlucht opgeblazen \u2013 er is maar weinig voor nodig om een beeld te krijgen van wat er zich hier destijds heeft afgespeeld. Op het perron werd een selectie gedaan: de bruikbare vrouwen gingen naar links, de bruikbare mannen gingen naar rechts, de rest ging naar het einde van het perron, linea recta naar de gaskamers (maar dat wisten de meesten niet, tot er geen water maar gas uit de douchekoppen kwam). Voor sommigen was er nog wat uitstel van executie, want vlak voor de gaskamers was er nog een tweede selectie, die op geschiktheid voor de medische experimenten van Jozef Mengele.<\/p>\n<\/div>\n<\/div>\n\n\n\n<div class=\"wp-block-columns is-layout-flex wp-container-core-columns-is-layout-9d6595d7 wp-block-columns-is-layout-flex\">\n<div class=\"wp-block-column is-layout-flow wp-block-column-is-layout-flow\">\n<figure class=\"wp-block-image size-full\"><a href=\"https:\/\/tedenloesopreis.nl\/wp-content\/uploads\/2023\/12\/IMG_6192-1024x768-1.jpeg\" target=\"_blank\" rel=\"noreferrer noopener\"><img loading=\"lazy\" decoding=\"async\" width=\"1024\" height=\"768\" src=\"https:\/\/tedenloesopreis.nl\/wp-content\/uploads\/2023\/12\/IMG_6192-1024x768-1.jpeg\" alt=\"\" class=\"wp-image-7683\" srcset=\"https:\/\/tedenloesopreis.nl\/wp-content\/uploads\/2023\/12\/IMG_6192-1024x768-1.jpeg 1024w, https:\/\/tedenloesopreis.nl\/wp-content\/uploads\/2023\/12\/IMG_6192-1024x768-1-300x225.jpeg 300w, https:\/\/tedenloesopreis.nl\/wp-content\/uploads\/2023\/12\/IMG_6192-1024x768-1-768x576.jpeg 768w\" sizes=\"auto, (max-width: 1024px) 100vw, 1024px\" \/><\/a><figcaption class=\"wp-element-caption\"><em>geen weg meer terug<\/em><\/figcaption><\/figure>\n<\/div>\n\n\n\n<div class=\"wp-block-column is-layout-flow wp-block-column-is-layout-flow\">\n<figure class=\"wp-block-image size-full\"><a href=\"https:\/\/tedenloesopreis.nl\/wp-content\/uploads\/2023\/12\/IMG_6194-1024x768-1.jpeg\" target=\"_blank\" rel=\"noreferrer noopener\"><img loading=\"lazy\" decoding=\"async\" width=\"1024\" height=\"768\" src=\"https:\/\/tedenloesopreis.nl\/wp-content\/uploads\/2023\/12\/IMG_6194-1024x768-1.jpeg\" alt=\"\" class=\"wp-image-7684\" srcset=\"https:\/\/tedenloesopreis.nl\/wp-content\/uploads\/2023\/12\/IMG_6194-1024x768-1.jpeg 1024w, https:\/\/tedenloesopreis.nl\/wp-content\/uploads\/2023\/12\/IMG_6194-1024x768-1-300x225.jpeg 300w, https:\/\/tedenloesopreis.nl\/wp-content\/uploads\/2023\/12\/IMG_6194-1024x768-1-768x576.jpeg 768w\" sizes=\"auto, (max-width: 1024px) 100vw, 1024px\" \/><\/a><figcaption class=\"wp-element-caption\"><em>eerste selectie: bruikbaar of onbruikbaar<\/em><\/figcaption><\/figure>\n<\/div>\n\n\n\n<div class=\"wp-block-column is-layout-flow wp-block-column-is-layout-flow\">\n<figure class=\"wp-block-image size-full\"><a href=\"https:\/\/tedenloesopreis.nl\/wp-content\/uploads\/2023\/12\/IMG_6200-1024x768-1.jpeg\" target=\"_blank\" rel=\"noreferrer noopener\"><img loading=\"lazy\" decoding=\"async\" width=\"1024\" height=\"768\" src=\"https:\/\/tedenloesopreis.nl\/wp-content\/uploads\/2023\/12\/IMG_6200-1024x768-1.jpeg\" alt=\"\" class=\"wp-image-7685\" srcset=\"https:\/\/tedenloesopreis.nl\/wp-content\/uploads\/2023\/12\/IMG_6200-1024x768-1.jpeg 1024w, https:\/\/tedenloesopreis.nl\/wp-content\/uploads\/2023\/12\/IMG_6200-1024x768-1-300x225.jpeg 300w, https:\/\/tedenloesopreis.nl\/wp-content\/uploads\/2023\/12\/IMG_6200-1024x768-1-768x576.jpeg 768w\" sizes=\"auto, (max-width: 1024px) 100vw, 1024px\" \/><\/a><figcaption class=\"wp-element-caption\"><em>de vernietigde gaskamers<\/em><\/figcaption><\/figure>\n<\/div>\n<\/div>\n\n\n\n<div class=\"wp-block-columns is-layout-flex wp-container-core-columns-is-layout-9d6595d7 wp-block-columns-is-layout-flex\">\n<div class=\"wp-block-column is-layout-flow wp-block-column-is-layout-flow\" style=\"flex-basis:33.33%\"><\/div>\n\n\n\n<div class=\"wp-block-column is-layout-flow wp-block-column-is-layout-flow\" style=\"flex-basis:66.66%\">\n<p>De \u201cbruikbaren\u201d komen terecht in een barak, een paar van steen, de meeste van hout. De inrichting van de barakken is min of meer standaard: er zijn alleen maar slaapplaatsen, stapelbedden van drie etages met 5 personen per etage. De \u201cmazzelaars\u201d slapen op de bovenste etage. Zij hebben geen last van de ontlasting van de mensen boven hen. Het is immers niet toegestaan om \u2018s-nachts de bedden te verlaten. Er is ook geen sanitair in de barakken.<\/p>\n<\/div>\n<\/div>\n\n\n\n<div class=\"wp-block-columns is-layout-flex wp-container-core-columns-is-layout-9d6595d7 wp-block-columns-is-layout-flex\">\n<div class=\"wp-block-column is-layout-flow wp-block-column-is-layout-flow\">\n<figure class=\"wp-block-image size-full\"><a href=\"https:\/\/tedenloesopreis.nl\/wp-content\/uploads\/2023\/12\/IMG_6203-1024x768-1.jpeg\" target=\"_blank\" rel=\"noreferrer noopener\"><img loading=\"lazy\" decoding=\"async\" width=\"1024\" height=\"768\" src=\"https:\/\/tedenloesopreis.nl\/wp-content\/uploads\/2023\/12\/IMG_6203-1024x768-1.jpeg\" alt=\"\" class=\"wp-image-7686\" srcset=\"https:\/\/tedenloesopreis.nl\/wp-content\/uploads\/2023\/12\/IMG_6203-1024x768-1.jpeg 1024w, https:\/\/tedenloesopreis.nl\/wp-content\/uploads\/2023\/12\/IMG_6203-1024x768-1-300x225.jpeg 300w, https:\/\/tedenloesopreis.nl\/wp-content\/uploads\/2023\/12\/IMG_6203-1024x768-1-768x576.jpeg 768w\" sizes=\"auto, (max-width: 1024px) 100vw, 1024px\" \/><\/a><figcaption class=\"wp-element-caption\"><em>restanten van de houten barakken<\/em><\/figcaption><\/figure>\n<\/div>\n\n\n\n<div class=\"wp-block-column is-layout-flow wp-block-column-is-layout-flow\">\n<figure class=\"wp-block-image size-full\"><a href=\"https:\/\/tedenloesopreis.nl\/wp-content\/uploads\/2023\/12\/IMG_6201-1-1024x768-1.jpeg\" target=\"_blank\" rel=\"noreferrer noopener\"><img loading=\"lazy\" decoding=\"async\" width=\"1024\" height=\"768\" src=\"https:\/\/tedenloesopreis.nl\/wp-content\/uploads\/2023\/12\/IMG_6201-1-1024x768-1.jpeg\" alt=\"\" class=\"wp-image-7687\" srcset=\"https:\/\/tedenloesopreis.nl\/wp-content\/uploads\/2023\/12\/IMG_6201-1-1024x768-1.jpeg 1024w, https:\/\/tedenloesopreis.nl\/wp-content\/uploads\/2023\/12\/IMG_6201-1-1024x768-1-300x225.jpeg 300w, https:\/\/tedenloesopreis.nl\/wp-content\/uploads\/2023\/12\/IMG_6201-1-1024x768-1-768x576.jpeg 768w\" sizes=\"auto, (max-width: 1024px) 100vw, 1024px\" \/><\/a><figcaption class=\"wp-element-caption\"><em>stenen barakken<\/em><\/figcaption><\/figure>\n<\/div>\n\n\n\n<div class=\"wp-block-column is-layout-flow wp-block-column-is-layout-flow\">\n<figure class=\"wp-block-image size-full\"><a href=\"https:\/\/tedenloesopreis.nl\/wp-content\/uploads\/2023\/12\/IMG_6204-1-768x1024-1.jpeg\" target=\"_blank\" rel=\"noreferrer noopener\"><img loading=\"lazy\" decoding=\"async\" width=\"768\" height=\"1024\" src=\"https:\/\/tedenloesopreis.nl\/wp-content\/uploads\/2023\/12\/IMG_6204-1-768x1024-1.jpeg\" alt=\"\" class=\"wp-image-7688\" srcset=\"https:\/\/tedenloesopreis.nl\/wp-content\/uploads\/2023\/12\/IMG_6204-1-768x1024-1.jpeg 768w, https:\/\/tedenloesopreis.nl\/wp-content\/uploads\/2023\/12\/IMG_6204-1-768x1024-1-225x300.jpeg 225w\" sizes=\"auto, (max-width: 768px) 100vw, 768px\" \/><\/a><figcaption class=\"wp-element-caption\"><em>3 etages, 5 personen per etage<\/em><\/figcaption><\/figure>\n<\/div>\n<\/div>\n\n\n\n<div style=\"height:35px\" aria-hidden=\"true\" class=\"wp-block-spacer\"><\/div>\n\n\n\n<div class=\"wp-block-columns is-layout-flex wp-container-core-columns-is-layout-9d6595d7 wp-block-columns-is-layout-flex\">\n<div class=\"wp-block-column is-layout-flow wp-block-column-is-layout-flow\">\n<p class=\"has-orange-background-color has-background\" id=\"dag18\"><\/p>\n<\/div>\n<\/div>\n\n\n\n<div class=\"wp-block-columns is-layout-flex wp-container-core-columns-is-layout-9d6595d7 wp-block-columns-is-layout-flex\">\n<div class=\"wp-block-column is-layout-flow wp-block-column-is-layout-flow\" style=\"flex-basis:33.33%\">\n<p><a href=\"#titel\">top<\/a><\/p>\n<\/div>\n\n\n\n<div class=\"wp-block-column is-layout-flow wp-block-column-is-layout-flow\" style=\"flex-basis:66.66%\">\n<p><strong>OP AVONTUUR IN MORAVI\u00cb<br><\/strong>dag 18 &nbsp; &nbsp;&nbsp; &nbsp;di 30 mei 2023<br><a href=\"https:\/\/www.google.com\/maps\/d\/edit?mid=1fdRyi4w9RNOZlkOm57X-NGLjrRXXLPs&amp;ll=49.79827575046431%2C18.14848698823972&amp;z=9\" target=\"_blank\" rel=\"noreferrer noopener\">Auschwitz \u2013 Olomouc<\/a>&nbsp;&nbsp; &nbsp;&nbsp; &nbsp;196&nbsp;km<\/p>\n<\/div>\n<\/div>\n\n\n\n<div style=\"height:20px\" aria-hidden=\"true\" class=\"wp-block-spacer\"><\/div>\n\n\n\n<div class=\"wp-block-columns is-layout-flex wp-container-core-columns-is-layout-9d6595d7 wp-block-columns-is-layout-flex\">\n<div class=\"wp-block-column is-vertically-aligned-bottom is-layout-flow wp-block-column-is-layout-flow\" style=\"flex-basis:33.33%\">\n<figure class=\"wp-block-image size-full\"><a href=\"https:\/\/tedenloesopreis.nl\/wp-content\/uploads\/2023\/12\/IMG_6216-1024x768-1.jpeg\" target=\"_blank\" rel=\"noreferrer noopener\"><img loading=\"lazy\" decoding=\"async\" width=\"1024\" height=\"768\" src=\"https:\/\/tedenloesopreis.nl\/wp-content\/uploads\/2023\/12\/IMG_6216-1024x768-1.jpeg\" alt=\"\" class=\"wp-image-7690\" srcset=\"https:\/\/tedenloesopreis.nl\/wp-content\/uploads\/2023\/12\/IMG_6216-1024x768-1.jpeg 1024w, https:\/\/tedenloesopreis.nl\/wp-content\/uploads\/2023\/12\/IMG_6216-1024x768-1-300x225.jpeg 300w, https:\/\/tedenloesopreis.nl\/wp-content\/uploads\/2023\/12\/IMG_6216-1024x768-1-768x576.jpeg 768w\" sizes=\"auto, (max-width: 1024px) 100vw, 1024px\" \/><\/a><figcaption class=\"wp-element-caption\"><em>camping in Olomouc<\/em><\/figcaption><\/figure>\n<\/div>\n\n\n\n<div class=\"wp-block-column is-layout-flow wp-block-column-is-layout-flow\" style=\"flex-basis:66.66%\">\n<p>Vandaag verlaten we Polen. Via binnendoortjes rijden we naar Zory, waar we de A1 naar Ostrava opdraaien. Bij Ostrava wordt de \u201c1\u201d een tolweg, dus rijden we vanaf hier verder via binnenwegen, meestal van goede kwaliteit, maar soms zo beroerd, dat 30 km\/uur eigenlijk nog te hard is. Moravi\u00eb presenteert zich met een vriendelijk golvend, bosrijk, landschap, met om de haverklap een dorpje.&nbsp;<\/p>\n\n\n\n<p id=\"tomtomtunnel\">Olomouc is, aan de zuidwestkant, een nogal rommelige stad. We vertrouwen op TomTom, maar dat hadden we beter niet kunnen doen. Terwijl we ons in een langzaam rijdende file bevinden, komen we bij een tunneltje, een tunneltje met maar \u00e9\u00e9n rijstrook, dus het verkeer wordt met stoplichten geregeld. Vlak voor onze neus springt het licht op rood. Door een bocht in de weg is er niet zo\u2019n goed zicht op het tunneltje. Als wij weer verder mogen rijden, komt het tunneltje pas goed in beeld, en het is behoorlijk laag. We hebben een flinke rij achter ons en kunnen niets anders meer dan kijken of het gaat passen. Een waarschuwing voor de geringe hoogte is immers niet te bekennen. Bij het begin van de tunnel verklapt de antenne echter, dat wij net iets te hoog zijn, dus stoppen we. Hoe het precies is gegaan, we weten het niet, maar als wij aangeven, achteruit te willen rijden, rijdt de hele rij achter ons (pakweg 6 auto\u2019s) braaf terug. Daardoor kunnen wij zo\u2019n 100 meter, met aan weerszijden maar nauwelijks speling, achteruit rijden (lang leve de grote buitenspiegels en de achteruitrijdcamera).<\/p>\n\n\n\n<p>We staan nu op de enige&nbsp;<a href=\"https:\/\/www.campercontact.com\/nl\/tsjechie\/olomouc\/olomouc\/66727\/resort-krazna-morava\" target=\"_blank\" rel=\"noreferrer noopener\">camping van Olomouc<\/a>, tussen een grote kolonie Engelsen met knapen van caravans en witte bestelbussen, die in van alles en nog wat handel lijken te drijven.<\/p>\n<\/div>\n<\/div>\n\n\n\n<div style=\"height:35px\" aria-hidden=\"true\" class=\"wp-block-spacer\"><\/div>\n\n\n\n<div class=\"wp-block-columns is-layout-flex wp-container-core-columns-is-layout-9d6595d7 wp-block-columns-is-layout-flex\">\n<div class=\"wp-block-column is-layout-flow wp-block-column-is-layout-flow\">\n<p class=\"has-orange-background-color has-background\" id=\"dag19\"><\/p>\n<\/div>\n<\/div>\n\n\n\n<div class=\"wp-block-columns is-layout-flex wp-container-core-columns-is-layout-9d6595d7 wp-block-columns-is-layout-flex\">\n<div class=\"wp-block-column is-layout-flow wp-block-column-is-layout-flow\" style=\"flex-basis:33.33%\">\n<p><a href=\"#titel\">top<\/a><\/p>\n<\/div>\n\n\n\n<div class=\"wp-block-column is-layout-flow wp-block-column-is-layout-flow\" style=\"flex-basis:66.66%\">\n<p><strong>PEST EN ASTRONOMIE<br><\/strong>dag 19 &nbsp;&nbsp; &nbsp; &nbsp;wo 31 mei 2023<br>Olomouc &nbsp; &nbsp;  &nbsp;0&nbsp;km<\/p>\n<\/div>\n<\/div>\n\n\n\n<div style=\"height:20px\" aria-hidden=\"true\" class=\"wp-block-spacer\"><\/div>\n\n\n\n<div class=\"wp-block-columns is-layout-flex wp-container-core-columns-is-layout-9d6595d7 wp-block-columns-is-layout-flex\">\n<div class=\"wp-block-column is-layout-flow wp-block-column-is-layout-flow\" style=\"flex-basis:33.33%\">\n<figure class=\"wp-block-image size-full\"><a href=\"https:\/\/tedenloesopreis.nl\/wp-content\/uploads\/2023\/12\/IMG_6231-768x1024-1.jpeg\" target=\"_blank\" rel=\"noreferrer noopener\"><img loading=\"lazy\" decoding=\"async\" width=\"768\" height=\"1024\" src=\"https:\/\/tedenloesopreis.nl\/wp-content\/uploads\/2023\/12\/IMG_6231-768x1024-1.jpeg\" alt=\"\" class=\"wp-image-7692\" srcset=\"https:\/\/tedenloesopreis.nl\/wp-content\/uploads\/2023\/12\/IMG_6231-768x1024-1.jpeg 768w, https:\/\/tedenloesopreis.nl\/wp-content\/uploads\/2023\/12\/IMG_6231-768x1024-1-225x300.jpeg 225w\" sizes=\"auto, (max-width: 768px) 100vw, 768px\" \/><\/a><figcaption class=\"wp-element-caption\"><em>de pestzuil van Olomouc<\/em><\/figcaption><\/figure>\n<\/div>\n\n\n\n<div class=\"wp-block-column is-layout-flow wp-block-column-is-layout-flow\" style=\"flex-basis:66.66%\">\n<p>Het gaat te ver om Olomouc een indrukwekkende stad te noemen. Het is een statige stad met meerdere monumenten. Het is bovenal een gezellige stad<\/p>\n\n\n\n<p>Het meest gedenkwaardige monument van Olomouc is ongetwijfeld de plaatselijke pestzuil, de Drievuldigheidszuil. Aan de bouw is men in 1716 begonnen ter herdenking van het einde van de pestepidemie die de stad van 1714 tot 1716 had getroffen. Het is deze zwaar barokke zuil, die Olomouc op de lijst van Unesco Werelderfgoederen heeft gebracht.<br><br>We fietsen verder naar de rand van het oude centrum, naar de kathedraal en het kasteel van Olomouc. Het kasteel is alleen van buiten te bekijken, dat valt dus een beetje tegen, en de kathedraal is een gewone kathedraal, dus niet bijzonder. Het fietstochtje zal langer in ons geheugen blijven hangen door de \u2018ruzie\u2019 die we onderweg regelmatig hebben met de tramrails in de weg.<\/p>\n<\/div>\n<\/div>\n\n\n\n<div class=\"wp-block-columns is-layout-flex wp-container-core-columns-is-layout-9d6595d7 wp-block-columns-is-layout-flex\">\n<div class=\"wp-block-column is-layout-flow wp-block-column-is-layout-flow\">\n<figure class=\"wp-block-image size-full\"><a href=\"https:\/\/tedenloesopreis.nl\/wp-content\/uploads\/2023\/12\/IMG_6220-1024x768-1.jpeg\" target=\"_blank\" rel=\"noreferrer noopener\"><img loading=\"lazy\" decoding=\"async\" width=\"1024\" height=\"768\" src=\"https:\/\/tedenloesopreis.nl\/wp-content\/uploads\/2023\/12\/IMG_6220-1024x768-1.jpeg\" alt=\"\" class=\"wp-image-7693\" srcset=\"https:\/\/tedenloesopreis.nl\/wp-content\/uploads\/2023\/12\/IMG_6220-1024x768-1.jpeg 1024w, https:\/\/tedenloesopreis.nl\/wp-content\/uploads\/2023\/12\/IMG_6220-1024x768-1-300x225.jpeg 300w, https:\/\/tedenloesopreis.nl\/wp-content\/uploads\/2023\/12\/IMG_6220-1024x768-1-768x576.jpeg 768w\" sizes=\"auto, (max-width: 1024px) 100vw, 1024px\" \/><\/a><figcaption class=\"wp-element-caption\"><em>het slot van Olomouc<\/em><\/figcaption><\/figure>\n<\/div>\n\n\n\n<div class=\"wp-block-column is-layout-flow wp-block-column-is-layout-flow\">\n<figure class=\"wp-block-image size-full\"><a href=\"https:\/\/tedenloesopreis.nl\/wp-content\/uploads\/2023\/12\/IMG_6221-768x1024-1.jpeg\" target=\"_blank\" rel=\"noreferrer noopener\"><img loading=\"lazy\" decoding=\"async\" width=\"768\" height=\"1024\" src=\"https:\/\/tedenloesopreis.nl\/wp-content\/uploads\/2023\/12\/IMG_6221-768x1024-1.jpeg\" alt=\"\" class=\"wp-image-7694\" srcset=\"https:\/\/tedenloesopreis.nl\/wp-content\/uploads\/2023\/12\/IMG_6221-768x1024-1.jpeg 768w, https:\/\/tedenloesopreis.nl\/wp-content\/uploads\/2023\/12\/IMG_6221-768x1024-1-225x300.jpeg 225w\" sizes=\"auto, (max-width: 768px) 100vw, 768px\" \/><\/a><figcaption class=\"wp-element-caption\"><em>de kathedraal van Olomouc<\/em><\/figcaption><\/figure>\n<\/div>\n\n\n\n<div class=\"wp-block-column is-layout-flow wp-block-column-is-layout-flow\">\n<figure class=\"wp-block-image size-full\"><a href=\"https:\/\/tedenloesopreis.nl\/wp-content\/uploads\/2023\/12\/IMG_6225-1024x768-1.jpeg\" target=\"_blank\" rel=\"noreferrer noopener\"><img loading=\"lazy\" decoding=\"async\" width=\"1024\" height=\"768\" src=\"https:\/\/tedenloesopreis.nl\/wp-content\/uploads\/2023\/12\/IMG_6225-1024x768-1.jpeg\" alt=\"\" class=\"wp-image-7695\" srcset=\"https:\/\/tedenloesopreis.nl\/wp-content\/uploads\/2023\/12\/IMG_6225-1024x768-1.jpeg 1024w, https:\/\/tedenloesopreis.nl\/wp-content\/uploads\/2023\/12\/IMG_6225-1024x768-1-300x225.jpeg 300w, https:\/\/tedenloesopreis.nl\/wp-content\/uploads\/2023\/12\/IMG_6225-1024x768-1-768x576.jpeg 768w\" sizes=\"auto, (max-width: 1024px) 100vw, 1024px\" \/><\/a><figcaption class=\"wp-element-caption\"><em>de kathedraal van Olomouc<\/em><\/figcaption><\/figure>\n<\/div>\n<\/div>\n\n\n\n<div class=\"wp-block-columns is-layout-flex wp-container-core-columns-is-layout-9d6595d7 wp-block-columns-is-layout-flex\">\n<div class=\"wp-block-column is-layout-flow wp-block-column-is-layout-flow\" style=\"flex-basis:33.33%\"><\/div>\n\n\n\n<div class=\"wp-block-column is-layout-flow wp-block-column-is-layout-flow\" style=\"flex-basis:66.66%\">\n<p>We fietsen weer terug naar het centrale plein van de stad. Midden op dat plein staat het stadhuis. Dat is, bij ingewijden, een interessant gebouw door de astronomische klok die er in is verwerkt. De originele klok werd grotendeels verwoest aan het einde van de Tweede Wereldoorlog. Het herstel is in communistische sociaal-realistische stijl uitgevoerd, incl. de verheerlijking van de arbeiders en de belangrijkste communistische leiders.<\/p>\n<\/div>\n<\/div>\n\n\n\n<div class=\"wp-block-columns is-layout-flex wp-container-core-columns-is-layout-9d6595d7 wp-block-columns-is-layout-flex\">\n<div class=\"wp-block-column is-layout-flow wp-block-column-is-layout-flow\">\n<figure class=\"wp-block-image size-full\"><a href=\"https:\/\/tedenloesopreis.nl\/wp-content\/uploads\/2023\/12\/IMG_6227-1024x768-1.jpeg\" target=\"_blank\" rel=\"noreferrer noopener\"><img loading=\"lazy\" decoding=\"async\" width=\"1024\" height=\"768\" src=\"https:\/\/tedenloesopreis.nl\/wp-content\/uploads\/2023\/12\/IMG_6227-1024x768-1.jpeg\" alt=\"\" class=\"wp-image-7696\" srcset=\"https:\/\/tedenloesopreis.nl\/wp-content\/uploads\/2023\/12\/IMG_6227-1024x768-1.jpeg 1024w, https:\/\/tedenloesopreis.nl\/wp-content\/uploads\/2023\/12\/IMG_6227-1024x768-1-300x225.jpeg 300w, https:\/\/tedenloesopreis.nl\/wp-content\/uploads\/2023\/12\/IMG_6227-1024x768-1-768x576.jpeg 768w\" sizes=\"auto, (max-width: 1024px) 100vw, 1024px\" \/><\/a><figcaption class=\"wp-element-caption\"><em>stadhuis<\/em><\/figcaption><\/figure>\n<\/div>\n\n\n\n<div class=\"wp-block-column is-layout-flow wp-block-column-is-layout-flow\">\n<figure class=\"wp-block-image size-full\"><a href=\"https:\/\/tedenloesopreis.nl\/wp-content\/uploads\/2023\/12\/IMG_6229-1024x768-1.jpeg\" target=\"_blank\" rel=\"noreferrer noopener\"><img loading=\"lazy\" decoding=\"async\" width=\"1024\" height=\"768\" src=\"https:\/\/tedenloesopreis.nl\/wp-content\/uploads\/2023\/12\/IMG_6229-1024x768-1.jpeg\" alt=\"\" class=\"wp-image-7697\" srcset=\"https:\/\/tedenloesopreis.nl\/wp-content\/uploads\/2023\/12\/IMG_6229-1024x768-1.jpeg 1024w, https:\/\/tedenloesopreis.nl\/wp-content\/uploads\/2023\/12\/IMG_6229-1024x768-1-300x225.jpeg 300w, https:\/\/tedenloesopreis.nl\/wp-content\/uploads\/2023\/12\/IMG_6229-1024x768-1-768x576.jpeg 768w\" sizes=\"auto, (max-width: 1024px) 100vw, 1024px\" \/><\/a><figcaption class=\"wp-element-caption\"><em>stadhuis met astronomische klok<\/em><br><br><br><\/figcaption><\/figure>\n<\/div>\n\n\n\n<div class=\"wp-block-column is-layout-flow wp-block-column-is-layout-flow\">\n<figure class=\"wp-block-image size-full\"><a href=\"https:\/\/tedenloesopreis.nl\/wp-content\/uploads\/2023\/12\/IMG_6230-768x1024-1.jpeg\" target=\"_blank\" rel=\"noreferrer noopener\"><img loading=\"lazy\" decoding=\"async\" width=\"768\" height=\"1024\" src=\"https:\/\/tedenloesopreis.nl\/wp-content\/uploads\/2023\/12\/IMG_6230-768x1024-1.jpeg\" alt=\"\" class=\"wp-image-7698\" srcset=\"https:\/\/tedenloesopreis.nl\/wp-content\/uploads\/2023\/12\/IMG_6230-768x1024-1.jpeg 768w, https:\/\/tedenloesopreis.nl\/wp-content\/uploads\/2023\/12\/IMG_6230-768x1024-1-225x300.jpeg 225w\" sizes=\"auto, (max-width: 768px) 100vw, 768px\" \/><\/a><figcaption class=\"wp-element-caption\"><em>astronomische klok<\/em><\/figcaption><\/figure>\n<\/div>\n<\/div>\n\n\n\n<div style=\"height:35px\" aria-hidden=\"true\" class=\"wp-block-spacer\"><\/div>\n\n\n\n<div class=\"wp-block-columns is-layout-flex wp-container-core-columns-is-layout-9d6595d7 wp-block-columns-is-layout-flex\">\n<div class=\"wp-block-column is-layout-flow wp-block-column-is-layout-flow\">\n<p class=\"has-orange-background-color has-background\" id=\"dag20\"><\/p>\n<\/div>\n<\/div>\n\n\n\n<div class=\"wp-block-columns is-layout-flex wp-container-core-columns-is-layout-9d6595d7 wp-block-columns-is-layout-flex\">\n<div class=\"wp-block-column is-layout-flow wp-block-column-is-layout-flow\" style=\"flex-basis:33.33%\">\n<p><a href=\"#titel\">top<\/a><\/p>\n<\/div>\n\n\n\n<div class=\"wp-block-column is-layout-flow wp-block-column-is-layout-flow\" style=\"flex-basis:66.66%\">\n<p><strong>GEITEN, DRUKTE, MOLEN<br><\/strong>dag 20 &nbsp; &nbsp;  &nbsp;do 01 juni 2023<br><a href=\"https:\/\/www.google.com\/maps\/d\/edit?mid=1gj7qIWrcuM39gu1oZErwAGNA3b2DyMY&amp;ll=49.73531502155561%2C16.64966702632789&amp;z=10\" target=\"_blank\" rel=\"noreferrer noopener\">Olomouc \u2013 S\u00e1dek<\/a>&nbsp;&nbsp; &nbsp;  &nbsp;156&nbsp;km<\/p>\n<\/div>\n<\/div>\n\n\n\n<div style=\"height:20px\" aria-hidden=\"true\" class=\"wp-block-spacer\"><\/div>\n\n\n\n<div class=\"wp-block-columns is-layout-flex wp-container-core-columns-is-layout-9d6595d7 wp-block-columns-is-layout-flex\">\n<div class=\"wp-block-column is-layout-flow wp-block-column-is-layout-flow\" style=\"flex-basis:33.33%\"><\/div>\n\n\n\n<div class=\"wp-block-column is-layout-flow wp-block-column-is-layout-flow\" style=\"flex-basis:66.66%\">\n<p id=\"tolwegen\">We hebben vandaag weer regelmatig ruzie met TomTom. We zien de meest hobbelige geitenpaadjes die je je maar kunt voorstellen. We zijn zelfs op een gegeven moment woedend op TomTom, omdat hij ons na al die hobbelweggetjes via een tolroute stuurt, terwijl wij toch duidelijk vragen om een tolvrije route. Langs de weg, de R35, staan immers steeds gele borden met een M. Dat is de M van Maut, zo was ons eerder verteld. We zijn op de eerste de beste parkeerplaats gestopt en hebben een digitaal tolvignet gekocht. Later, op de camping waar we nu staan, blijkt, dat die gele M alleen geldt voor vrachtverkeer. Op dit punt verdient TomTom dus onze verontschuldigingen, want we zaten toch niet op een tolweg. Vanwege die geitenpaadjes hebben we ons voorgenomen, om voortaan zelf de route te bepalen, en TomTom alleen nog maar te gebruiken als ori\u00ebntatie-hulpmiddel (waar zijn we en wat is hier de maximum snelheid.)<\/p>\n\n\n\n<p id=\"litomysl\">Nadat we ruim 3 uur hebben gedaan over 132 km, zijn we in Litomy\u0161l (de route van Olomouc naar Litomy\u0161l zou eigenlijk 93 km moeten zijn). Litomy\u0161l is ongetwijfeld een mooi stadje, maar je kunt er \u201cje kont niet keren\u201d, zo druk is het er. Uiteindelijk vinden we een parkeergelegenheid voor de buzz op het centrale plein van de stad (twee plaatsen in elkaars verlengde, want we moeten toch ruim 7 meter kwijt). Het is jammer van het mooie plein, al die geparkeerde auto\u2019s, maar dit is de enige serieuze parkeerplaats (voor maar 43 cent per uur!!!).&nbsp;<\/p>\n<\/div>\n<\/div>\n\n\n\n<div class=\"wp-block-columns is-layout-flex wp-container-core-columns-is-layout-9d6595d7 wp-block-columns-is-layout-flex\">\n<div class=\"wp-block-column is-layout-flow wp-block-column-is-layout-flow\"><\/div>\n\n\n\n<div class=\"wp-block-column is-layout-flow wp-block-column-is-layout-flow\">\n<figure class=\"wp-block-image size-full\"><a href=\"https:\/\/tedenloesopreis.nl\/wp-content\/uploads\/2023\/12\/IMG_6233-1024x768-1.jpeg\" target=\"_blank\" rel=\"noreferrer noopener\"><img loading=\"lazy\" decoding=\"async\" width=\"1024\" height=\"768\" src=\"https:\/\/tedenloesopreis.nl\/wp-content\/uploads\/2023\/12\/IMG_6233-1024x768-1.jpeg\" alt=\"\" class=\"wp-image-7700\" srcset=\"https:\/\/tedenloesopreis.nl\/wp-content\/uploads\/2023\/12\/IMG_6233-1024x768-1.jpeg 1024w, https:\/\/tedenloesopreis.nl\/wp-content\/uploads\/2023\/12\/IMG_6233-1024x768-1-300x225.jpeg 300w, https:\/\/tedenloesopreis.nl\/wp-content\/uploads\/2023\/12\/IMG_6233-1024x768-1-768x576.jpeg 768w\" sizes=\"auto, (max-width: 1024px) 100vw, 1024px\" \/><\/a><figcaption class=\"wp-element-caption\"><em>Litomy\u0161l<\/em><\/figcaption><\/figure>\n<\/div>\n\n\n\n<div class=\"wp-block-column is-layout-flow wp-block-column-is-layout-flow\">\n<figure class=\"wp-block-image size-full\"><a href=\"https:\/\/tedenloesopreis.nl\/wp-content\/uploads\/2023\/12\/IMG_6234-1024x768-1.jpeg\" target=\"_blank\" rel=\"noreferrer noopener\"><img loading=\"lazy\" decoding=\"async\" width=\"1024\" height=\"768\" src=\"https:\/\/tedenloesopreis.nl\/wp-content\/uploads\/2023\/12\/IMG_6234-1024x768-1.jpeg\" alt=\"\" class=\"wp-image-7701\" srcset=\"https:\/\/tedenloesopreis.nl\/wp-content\/uploads\/2023\/12\/IMG_6234-1024x768-1.jpeg 1024w, https:\/\/tedenloesopreis.nl\/wp-content\/uploads\/2023\/12\/IMG_6234-1024x768-1-300x225.jpeg 300w, https:\/\/tedenloesopreis.nl\/wp-content\/uploads\/2023\/12\/IMG_6234-1024x768-1-768x576.jpeg 768w\" sizes=\"auto, (max-width: 1024px) 100vw, 1024px\" \/><\/a><figcaption class=\"wp-element-caption\"><em>Litomy\u0161l<\/em><\/figcaption><\/figure>\n<\/div>\n<\/div>\n\n\n\n<div class=\"wp-block-columns is-layout-flex wp-container-core-columns-is-layout-9d6595d7 wp-block-columns-is-layout-flex\">\n<div class=\"wp-block-column is-layout-flow wp-block-column-is-layout-flow\" style=\"flex-basis:33.33%\"><\/div>\n\n\n\n<div class=\"wp-block-column is-layout-flow wp-block-column-is-layout-flow\" style=\"flex-basis:66.66%\">\n<p>Na een uurtje rijden we verder naar het plaatselijke kasteel. Dat is met de buzz echter niet bereikbaar, en nog een keer een dubbele P op het plein zit er niet in. We zijn daarom maar doorgereden naar de&nbsp;<a href=\"https:\/\/www.campercontact.com\/nl\/tsjechie\/pardubice\/sadek\/29205\/camping-lidmiluv-mlyn\" target=\"_blank\" rel=\"noreferrer noopener\">camping in S\u00e1dek<\/a>, zo\u2019n 25 km zuidelijk van Litomy\u0161l.<\/p>\n\n\n\n<p>De camping is een juweeltje. In de tuin van een paardrijschool, op een schitterend gazon, zijn 4 camperplekken beschikbaar. We hebben er het rijk alleen.<\/p>\n<\/div>\n<\/div>\n\n\n\n<div class=\"wp-block-columns is-layout-flex wp-container-core-columns-is-layout-9d6595d7 wp-block-columns-is-layout-flex\">\n<div class=\"wp-block-column is-layout-flow wp-block-column-is-layout-flow\"><\/div>\n\n\n\n<div class=\"wp-block-column is-layout-flow wp-block-column-is-layout-flow\">\n<figure class=\"wp-block-image size-full\"><a href=\"https:\/\/tedenloesopreis.nl\/wp-content\/uploads\/2023\/12\/IMG_6237-1024x768-1.jpeg\" target=\"_blank\" rel=\"noreferrer noopener\"><img loading=\"lazy\" decoding=\"async\" width=\"1024\" height=\"768\" src=\"https:\/\/tedenloesopreis.nl\/wp-content\/uploads\/2023\/12\/IMG_6237-1024x768-1.jpeg\" alt=\"\" class=\"wp-image-7702\" srcset=\"https:\/\/tedenloesopreis.nl\/wp-content\/uploads\/2023\/12\/IMG_6237-1024x768-1.jpeg 1024w, https:\/\/tedenloesopreis.nl\/wp-content\/uploads\/2023\/12\/IMG_6237-1024x768-1-300x225.jpeg 300w, https:\/\/tedenloesopreis.nl\/wp-content\/uploads\/2023\/12\/IMG_6237-1024x768-1-768x576.jpeg 768w\" sizes=\"auto, (max-width: 1024px) 100vw, 1024px\" \/><\/a><figcaption class=\"wp-element-caption\"><em>camping S\u00e1dek<\/em><\/figcaption><\/figure>\n<\/div>\n\n\n\n<div class=\"wp-block-column is-layout-flow wp-block-column-is-layout-flow\">\n<figure class=\"wp-block-image size-full\"><a href=\"https:\/\/tedenloesopreis.nl\/wp-content\/uploads\/2023\/12\/IMG_6238-1024x768-1.jpeg\" target=\"_blank\" rel=\"noreferrer noopener\"><img loading=\"lazy\" decoding=\"async\" width=\"1024\" height=\"768\" src=\"https:\/\/tedenloesopreis.nl\/wp-content\/uploads\/2023\/12\/IMG_6238-1024x768-1.jpeg\" alt=\"\" class=\"wp-image-7703\" srcset=\"https:\/\/tedenloesopreis.nl\/wp-content\/uploads\/2023\/12\/IMG_6238-1024x768-1.jpeg 1024w, https:\/\/tedenloesopreis.nl\/wp-content\/uploads\/2023\/12\/IMG_6238-1024x768-1-300x225.jpeg 300w, https:\/\/tedenloesopreis.nl\/wp-content\/uploads\/2023\/12\/IMG_6238-1024x768-1-768x576.jpeg 768w\" sizes=\"auto, (max-width: 1024px) 100vw, 1024px\" \/><\/a><figcaption class=\"wp-element-caption\"><em>camping S\u00e1dek<\/em><\/figcaption><\/figure>\n<\/div>\n<\/div>\n\n\n\n<div style=\"height:35px\" aria-hidden=\"true\" class=\"wp-block-spacer\"><\/div>\n\n\n\n<div class=\"wp-block-columns is-layout-flex wp-container-core-columns-is-layout-9d6595d7 wp-block-columns-is-layout-flex\">\n<div class=\"wp-block-column is-layout-flow wp-block-column-is-layout-flow\">\n<p class=\"has-orange-background-color has-background\" id=\"dag21\"><\/p>\n<\/div>\n<\/div>\n\n\n\n<div class=\"wp-block-columns is-layout-flex wp-container-core-columns-is-layout-9d6595d7 wp-block-columns-is-layout-flex\">\n<div class=\"wp-block-column is-layout-flow wp-block-column-is-layout-flow\" style=\"flex-basis:33.33%\">\n<p><a href=\"#titel\">top<\/a><\/p>\n<\/div>\n\n\n\n<div class=\"wp-block-column is-layout-flow wp-block-column-is-layout-flow\" style=\"flex-basis:66.66%\">\n<p><strong>EEN RELIGIEUS TINTJE<br><\/strong>dag 21 &nbsp; &nbsp; &nbsp; &nbsp;vr 02 juni 2023<br><a href=\"https:\/\/www.google.com\/maps\/d\/viewer?mid=1kKnhZt-7sRE3PnxAf4Wq__kmt2WjcSQ&amp;femb=1&amp;ll=49.4363893183854%2C15.96951142781112&amp;z=9\" target=\"_blank\" rel=\"noreferrer noopener\">S\u00e1dek \u2013 Opatov<\/a>&nbsp;&nbsp; &nbsp; &nbsp;112&nbsp;km<\/p>\n<\/div>\n<\/div>\n\n\n\n<div style=\"height:20px\" aria-hidden=\"true\" class=\"wp-block-spacer\"><\/div>\n\n\n\n<div class=\"wp-block-columns is-layout-flex wp-container-core-columns-is-layout-9d6595d7 wp-block-columns-is-layout-flex\">\n<div class=\"wp-block-column is-layout-flow wp-block-column-is-layout-flow\" style=\"flex-basis:33.33%\"><\/div>\n\n\n\n<div class=\"wp-block-column is-layout-flow wp-block-column-is-layout-flow\" style=\"flex-basis:66.66%\">\n<p>Vandaag heeft een religieus tintje, althans, dat is het plan.&nbsp;<\/p>\n\n\n\n<p id=\"zdar\">Allereerst rijden we 33 km over de \u201c353\u201d, de weg waar ook de camping aan ligt, naar \u017d\u010f\u00e1r nad S\u00e1zavou. Daar ligt de bedevaartkerk van St. Johannes Nepomuk, op een heuveltje net buiten het stadje. Het is een buitengewoon voorbeeld van barokgotiek. Het complex bestaat uit twee onderdelen, een vrij kleine vijfpuntige kerk, omgeven door een kerkhof, met daaromheen een tienpuntige overdekte kruisgang. Het complex is in 1994 op de Unesco-lijst gekomen, en moet er toen prachtig uitgezien hebben (zie de luchtfoto uit een folder). Nu is het complex behoorlijk vervallen. De kerk is gesloten, het kerkhof is verplaatst, de kruisgang staat op verschillende plaatsen in de steigers, maar er is niet veel van echte restauratiewerkzaamheden te bespeuren.<\/p>\n<\/div>\n<\/div>\n\n\n\n<div class=\"wp-block-columns is-layout-flex wp-container-core-columns-is-layout-9d6595d7 wp-block-columns-is-layout-flex\">\n<div class=\"wp-block-column is-layout-flow wp-block-column-is-layout-flow\">\n<figure class=\"wp-block-image size-full\"><a href=\"https:\/\/tedenloesopreis.nl\/wp-content\/uploads\/2023\/12\/IMG_6253-1024x768-1.jpeg\" target=\"_blank\" rel=\"noreferrer noopener\"><img loading=\"lazy\" decoding=\"async\" width=\"1024\" height=\"768\" src=\"https:\/\/tedenloesopreis.nl\/wp-content\/uploads\/2023\/12\/IMG_6253-1024x768-1.jpeg\" alt=\"\" class=\"wp-image-7705\" srcset=\"https:\/\/tedenloesopreis.nl\/wp-content\/uploads\/2023\/12\/IMG_6253-1024x768-1.jpeg 1024w, https:\/\/tedenloesopreis.nl\/wp-content\/uploads\/2023\/12\/IMG_6253-1024x768-1-300x225.jpeg 300w, https:\/\/tedenloesopreis.nl\/wp-content\/uploads\/2023\/12\/IMG_6253-1024x768-1-768x576.jpeg 768w\" sizes=\"auto, (max-width: 1024px) 100vw, 1024px\" \/><\/a><figcaption class=\"wp-element-caption\"><em>de bedevaartkerk volgens de folder<\/em><\/figcaption><\/figure>\n<\/div>\n\n\n\n<div class=\"wp-block-column is-layout-flow wp-block-column-is-layout-flow\">\n<figure class=\"wp-block-image size-full\"><a href=\"https:\/\/tedenloesopreis.nl\/wp-content\/uploads\/2023\/12\/IMG_6242-1024x768-1.jpeg\" target=\"_blank\" rel=\"noreferrer noopener\"><img loading=\"lazy\" decoding=\"async\" width=\"1024\" height=\"768\" src=\"https:\/\/tedenloesopreis.nl\/wp-content\/uploads\/2023\/12\/IMG_6242-1024x768-1.jpeg\" alt=\"\" class=\"wp-image-7706\" srcset=\"https:\/\/tedenloesopreis.nl\/wp-content\/uploads\/2023\/12\/IMG_6242-1024x768-1.jpeg 1024w, https:\/\/tedenloesopreis.nl\/wp-content\/uploads\/2023\/12\/IMG_6242-1024x768-1-300x225.jpeg 300w, https:\/\/tedenloesopreis.nl\/wp-content\/uploads\/2023\/12\/IMG_6242-1024x768-1-768x576.jpeg 768w\" sizes=\"auto, (max-width: 1024px) 100vw, 1024px\" \/><\/a><figcaption class=\"wp-element-caption\"><em>geen kerkhof, w\u00e9l steigers<\/em><\/figcaption><\/figure>\n<\/div>\n\n\n\n<div class=\"wp-block-column is-layout-flow wp-block-column-is-layout-flow\">\n<figure class=\"wp-block-image size-full\"><a href=\"https:\/\/tedenloesopreis.nl\/wp-content\/uploads\/2023\/12\/IMG_6247-1024x768-1.jpeg\" target=\"_blank\" rel=\"noreferrer noopener\"><img loading=\"lazy\" decoding=\"async\" width=\"1024\" height=\"768\" src=\"https:\/\/tedenloesopreis.nl\/wp-content\/uploads\/2023\/12\/IMG_6247-1024x768-1.jpeg\" alt=\"\" class=\"wp-image-7707\" srcset=\"https:\/\/tedenloesopreis.nl\/wp-content\/uploads\/2023\/12\/IMG_6247-1024x768-1.jpeg 1024w, https:\/\/tedenloesopreis.nl\/wp-content\/uploads\/2023\/12\/IMG_6247-1024x768-1-300x225.jpeg 300w, https:\/\/tedenloesopreis.nl\/wp-content\/uploads\/2023\/12\/IMG_6247-1024x768-1-768x576.jpeg 768w\" sizes=\"auto, (max-width: 1024px) 100vw, 1024px\" \/><\/a><figcaption class=\"wp-element-caption\"><em>de bedevaartkerk<\/em><\/figcaption><\/figure>\n<\/div>\n<\/div>\n\n\n\n<div class=\"wp-block-columns is-layout-flex wp-container-core-columns-is-layout-9d6595d7 wp-block-columns-is-layout-flex\">\n<div class=\"wp-block-column is-layout-flow wp-block-column-is-layout-flow\" style=\"flex-basis:33.33%\"><\/div>\n\n\n\n<div class=\"wp-block-column is-layout-flow wp-block-column-is-layout-flow\" style=\"flex-basis:66.66%\">\n<p id=\"trebic\">Van \u017d\u010f\u00e1r nad S\u00e1zavou rijden we verder naar T\u0159eb\u00ed\u010d, 49 km verder, over de \u201c37\u201d en de \u201c369\u201d. In T\u0159eb\u00ed\u010d staat een mooie basiliek, ook opgenomen op de Unesco-lijst. Het was vooraf al duidelijk, dat er in de wijde omtrek geen parkeergelegenheid is te vinden. Het leek ons een goed idee om naar de plaatselijke camping te gaan, zodat we morgen met de fiets naar de basiliek zouden kunnen fietsen. De camping is echter niet bereikbaar, want de weg is afgesloten.<\/p>\n\n\n\n<p>We zijn daarom maar doorgereden naar de eerstvolgende acceptabele&nbsp;<a href=\"https:\/\/www.campercontact.com\/nl\/tsjechie\/vysocina\/opatov\/15080\/svr-camping-vidlak\" target=\"_blank\" rel=\"noreferrer noopener\">camping, in Opatov<\/a>. We hebben hier een heel mooi stekkie met fraai uitzicht op een meertje. We denken erover, om hier tot maandag een rustpauze te houden.<\/p>\n<\/div>\n<\/div>\n\n\n\n<div class=\"wp-block-columns is-layout-flex wp-container-core-columns-is-layout-9d6595d7 wp-block-columns-is-layout-flex\">\n<div class=\"wp-block-column is-layout-flow wp-block-column-is-layout-flow\"><\/div>\n\n\n\n<div class=\"wp-block-column is-layout-flow wp-block-column-is-layout-flow\">\n<figure class=\"wp-block-image size-full\"><a href=\"https:\/\/tedenloesopreis.nl\/wp-content\/uploads\/2023\/12\/IMG_6251-1024x768-1.jpeg\" target=\"_blank\" rel=\"noreferrer noopener\"><img loading=\"lazy\" decoding=\"async\" width=\"1024\" height=\"768\" src=\"https:\/\/tedenloesopreis.nl\/wp-content\/uploads\/2023\/12\/IMG_6251-1024x768-1.jpeg\" alt=\"\" class=\"wp-image-7708\" srcset=\"https:\/\/tedenloesopreis.nl\/wp-content\/uploads\/2023\/12\/IMG_6251-1024x768-1.jpeg 1024w, https:\/\/tedenloesopreis.nl\/wp-content\/uploads\/2023\/12\/IMG_6251-1024x768-1-300x225.jpeg 300w, https:\/\/tedenloesopreis.nl\/wp-content\/uploads\/2023\/12\/IMG_6251-1024x768-1-768x576.jpeg 768w\" sizes=\"auto, (max-width: 1024px) 100vw, 1024px\" \/><\/a><figcaption class=\"wp-element-caption\"><em>camping in Opatov<\/em><\/figcaption><\/figure>\n<\/div>\n\n\n\n<div class=\"wp-block-column is-layout-flow wp-block-column-is-layout-flow\">\n<figure class=\"wp-block-image size-full\"><a href=\"https:\/\/tedenloesopreis.nl\/wp-content\/uploads\/2023\/12\/IMG_6252-1024x768-1.jpeg\" target=\"_blank\" rel=\"noreferrer noopener\"><img loading=\"lazy\" decoding=\"async\" width=\"1024\" height=\"768\" src=\"https:\/\/tedenloesopreis.nl\/wp-content\/uploads\/2023\/12\/IMG_6252-1024x768-1.jpeg\" alt=\"\" class=\"wp-image-7709\" srcset=\"https:\/\/tedenloesopreis.nl\/wp-content\/uploads\/2023\/12\/IMG_6252-1024x768-1.jpeg 1024w, https:\/\/tedenloesopreis.nl\/wp-content\/uploads\/2023\/12\/IMG_6252-1024x768-1-300x225.jpeg 300w, https:\/\/tedenloesopreis.nl\/wp-content\/uploads\/2023\/12\/IMG_6252-1024x768-1-768x576.jpeg 768w\" sizes=\"auto, (max-width: 1024px) 100vw, 1024px\" \/><\/a><figcaption class=\"wp-element-caption\"><em>camping in Opatov<\/em><\/figcaption><\/figure>\n<\/div>\n<\/div>\n\n\n\n<div style=\"height:35px\" aria-hidden=\"true\" class=\"wp-block-spacer\"><\/div>\n\n\n\n<div class=\"wp-block-columns is-layout-flex wp-container-core-columns-is-layout-9d6595d7 wp-block-columns-is-layout-flex\">\n<div class=\"wp-block-column is-layout-flow wp-block-column-is-layout-flow\">\n<p class=\"has-orange-background-color has-background\" id=\"dag22\"><\/p>\n<\/div>\n<\/div>\n\n\n\n<div class=\"wp-block-columns is-layout-flex wp-container-core-columns-is-layout-9d6595d7 wp-block-columns-is-layout-flex\">\n<div class=\"wp-block-column is-layout-flow wp-block-column-is-layout-flow\" style=\"flex-basis:33.33%\">\n<p><a href=\"#titel\">top<\/a><\/p>\n<\/div>\n\n\n\n<div class=\"wp-block-column is-layout-flow wp-block-column-is-layout-flow\" style=\"flex-basis:66.66%\">\n<p><strong>RUST<br><\/strong>dag 22 &nbsp; &nbsp;  &nbsp;za 03 juni 2023<br>Opatov&nbsp; &nbsp; &nbsp;&nbsp; 0&nbsp;km<\/p>\n<\/div>\n<\/div>\n\n\n\n<div style=\"height:20px\" aria-hidden=\"true\" class=\"wp-block-spacer\"><\/div>\n\n\n\n<div class=\"wp-block-columns is-layout-flex wp-container-core-columns-is-layout-9d6595d7 wp-block-columns-is-layout-flex\">\n<div class=\"wp-block-column is-layout-flow wp-block-column-is-layout-flow\" style=\"flex-basis:33.33%\"><\/div>\n\n\n\n<div class=\"wp-block-column is-layout-flow wp-block-column-is-layout-flow\" style=\"flex-basis:66.66%\">\n<p>We doen vandaag helemaal niets.&nbsp;<\/p>\n\n\n\n<p>We zouden naar het dorp fietsen, om inkopen te doen, maar de enige winkel aldaar sluit al om 10 uur \u2018s-ochtends. Het is al 12 uur, als dit ons wordt verteld, dus we vissen achter het net. We spreken daarom onze noodvoorraad maar aan.<\/p>\n<\/div>\n<\/div>\n\n\n\n<div style=\"height:35px\" aria-hidden=\"true\" class=\"wp-block-spacer\"><\/div>\n\n\n\n<div class=\"wp-block-columns is-layout-flex wp-container-core-columns-is-layout-9d6595d7 wp-block-columns-is-layout-flex\">\n<div class=\"wp-block-column is-layout-flow wp-block-column-is-layout-flow\">\n<p class=\"has-orange-background-color has-background\" id=\"dag23\"><\/p>\n<\/div>\n<\/div>\n\n\n\n<div class=\"wp-block-columns is-layout-flex wp-container-core-columns-is-layout-9d6595d7 wp-block-columns-is-layout-flex\">\n<div class=\"wp-block-column is-layout-flow wp-block-column-is-layout-flow\" style=\"flex-basis:33.33%\">\n<p><a href=\"#titel\">top<\/a><\/p>\n<\/div>\n\n\n\n<div class=\"wp-block-column is-layout-flow wp-block-column-is-layout-flow\" style=\"flex-basis:66.66%\">\n<p><strong>RUST<br><\/strong>dag 23 &nbsp; &nbsp;  &nbsp;zo 04 juni 2023<br>Opatov&nbsp; &nbsp;  &nbsp; 0&nbsp;km<\/p>\n<\/div>\n<\/div>\n\n\n\n<div style=\"height:20px\" aria-hidden=\"true\" class=\"wp-block-spacer\"><\/div>\n\n\n\n<div class=\"wp-block-columns is-layout-flex wp-container-core-columns-is-layout-9d6595d7 wp-block-columns-is-layout-flex\">\n<div class=\"wp-block-column is-layout-flow wp-block-column-is-layout-flow\" style=\"flex-basis:33.33%\"><\/div>\n\n\n\n<div class=\"wp-block-column is-layout-flow wp-block-column-is-layout-flow\" style=\"flex-basis:66.66%\">\n<p>We doen ook vandaag helemaal niets.&nbsp;<\/p>\n\n\n\n<p>Op zondagen zijn de winkels in Tsjechi\u00eb gesloten. We spreken dus nog maar een keer onze noodvoorraad aan.<\/p>\n<\/div>\n<\/div>\n\n\n\n<div style=\"height:35px\" aria-hidden=\"true\" class=\"wp-block-spacer\"><\/div>\n\n\n\n<div class=\"wp-block-columns is-layout-flex wp-container-core-columns-is-layout-9d6595d7 wp-block-columns-is-layout-flex\">\n<div class=\"wp-block-column is-layout-flow wp-block-column-is-layout-flow\">\n<p class=\"has-orange-background-color has-background\" id=\"dag24\"><\/p>\n<\/div>\n<\/div>\n\n\n\n<div class=\"wp-block-columns is-layout-flex wp-container-core-columns-is-layout-9d6595d7 wp-block-columns-is-layout-flex\">\n<div class=\"wp-block-column is-layout-flow wp-block-column-is-layout-flow\" style=\"flex-basis:33.33%\">\n<p><a href=\"#titel\">top<\/a><\/p>\n<\/div>\n\n\n\n<div class=\"wp-block-column is-layout-flow wp-block-column-is-layout-flow\" style=\"flex-basis:66.66%\">\n<p><strong>UITGERUST<br><\/strong>dag 24 &nbsp; &nbsp; &nbsp;ma 05 juni 2023<br><a href=\"https:\/\/www.google.com\/maps\/d\/edit?mid=1EoQbGrAADxJU3PZjIojNF9DS4W1oAjw&amp;ll=49.2266810873393%2C15.461841285524173&amp;z=11\" target=\"_blank\" rel=\"noreferrer noopener\">Opatov \u2013 Horn\u00ed Dubenky<\/a>&nbsp; &nbsp;&nbsp;&nbsp; 46&nbsp;km<\/p>\n<\/div>\n<\/div>\n\n\n\n<div style=\"height:20px\" aria-hidden=\"true\" class=\"wp-block-spacer\"><\/div>\n\n\n\n<div class=\"wp-block-columns is-layout-flex wp-container-core-columns-is-layout-9d6595d7 wp-block-columns-is-layout-flex\">\n<div class=\"wp-block-column is-layout-flow wp-block-column-is-layout-flow\" style=\"flex-basis:33.33%\"><\/div>\n\n\n\n<div class=\"wp-block-column is-layout-flow wp-block-column-is-layout-flow\" style=\"flex-basis:66.66%\">\n<p>We hebben twee rustdagen gehad in Opatov. De Nederlandse eigenaren van de camping hebben het goed voor elkaar. Er staan vooral Nederlanders. Die komen er blijkbaar al jaren.<\/p>\n\n\n\n<p>We staan nu op een camping bij het dorpje Horn\u00ed Dubenky. Wellicht fronsen Amerikanen hun wenkbrauwen bij het horen van deze plaatsnaam, maar het betekent niets meer dan Boven-Dubenky.&nbsp;<\/p>\n\n\n\n<p id=\"telc\">We rijden vanochtend eerst naar Tel\u010d (25 km), volgens menig beschrijving d\u00e9 parel van de Renaissance van Tsjechi\u00eb. Misschien zijn de inwoners van \u010cesk\u00fd Krumlov het niet eens met het predikaat \u201cd\u00e9 parel\u201d, maar ook zij zullen moeten toegeven, dat Tel\u010d een prachtig plaatsje is. Vooral het centrale plein met haar bonte verzameling arcade-gebouwen verdient een schoonheidsprijs. Zelfs met het sombere weer van vandaag (zwaar bewolkt met regelmatig wat gedruppel) is het er sprookjesachtig.<\/p>\n<\/div>\n<\/div>\n\n\n\n<div class=\"wp-block-columns is-layout-flex wp-container-core-columns-is-layout-9d6595d7 wp-block-columns-is-layout-flex\">\n<div class=\"wp-block-column is-layout-flow wp-block-column-is-layout-flow\">\n<figure class=\"wp-block-image size-full\"><a href=\"https:\/\/tedenloesopreis.nl\/wp-content\/uploads\/2023\/12\/IMG_6254-1024x768-1.jpeg\" target=\"_blank\" rel=\"noreferrer noopener\"><img loading=\"lazy\" decoding=\"async\" width=\"1024\" height=\"768\" src=\"https:\/\/tedenloesopreis.nl\/wp-content\/uploads\/2023\/12\/IMG_6254-1024x768-1.jpeg\" alt=\"\" class=\"wp-image-7712\" srcset=\"https:\/\/tedenloesopreis.nl\/wp-content\/uploads\/2023\/12\/IMG_6254-1024x768-1.jpeg 1024w, https:\/\/tedenloesopreis.nl\/wp-content\/uploads\/2023\/12\/IMG_6254-1024x768-1-300x225.jpeg 300w, https:\/\/tedenloesopreis.nl\/wp-content\/uploads\/2023\/12\/IMG_6254-1024x768-1-768x576.jpeg 768w\" sizes=\"auto, (max-width: 1024px) 100vw, 1024px\" \/><\/a><figcaption class=\"wp-element-caption\"><em>stadsmuur Tel\u010d<\/em><\/figcaption><\/figure>\n<\/div>\n\n\n\n<div class=\"wp-block-column is-layout-flow wp-block-column-is-layout-flow\">\n<figure class=\"wp-block-image size-full\"><a href=\"https:\/\/tedenloesopreis.nl\/wp-content\/uploads\/2023\/12\/IMG_6263-1024x768-1.jpeg\" target=\"_blank\" rel=\"noreferrer noopener\"><img loading=\"lazy\" decoding=\"async\" width=\"1024\" height=\"768\" src=\"https:\/\/tedenloesopreis.nl\/wp-content\/uploads\/2023\/12\/IMG_6263-1024x768-1.jpeg\" alt=\"\" class=\"wp-image-7713\" srcset=\"https:\/\/tedenloesopreis.nl\/wp-content\/uploads\/2023\/12\/IMG_6263-1024x768-1.jpeg 1024w, https:\/\/tedenloesopreis.nl\/wp-content\/uploads\/2023\/12\/IMG_6263-1024x768-1-300x225.jpeg 300w, https:\/\/tedenloesopreis.nl\/wp-content\/uploads\/2023\/12\/IMG_6263-1024x768-1-768x576.jpeg 768w\" sizes=\"auto, (max-width: 1024px) 100vw, 1024px\" \/><\/a><figcaption class=\"wp-element-caption\"><em>straatje in Tel\u010d<\/em><\/figcaption><\/figure>\n<\/div>\n\n\n\n<div class=\"wp-block-column is-layout-flow wp-block-column-is-layout-flow\">\n<figure class=\"wp-block-image size-full\"><a href=\"https:\/\/tedenloesopreis.nl\/wp-content\/uploads\/2023\/12\/IMG_6255-1024x768-1.jpeg\" target=\"_blank\" rel=\"noreferrer noopener\"><img loading=\"lazy\" decoding=\"async\" width=\"1024\" height=\"768\" src=\"https:\/\/tedenloesopreis.nl\/wp-content\/uploads\/2023\/12\/IMG_6255-1024x768-1.jpeg\" alt=\"\" class=\"wp-image-7714\" srcset=\"https:\/\/tedenloesopreis.nl\/wp-content\/uploads\/2023\/12\/IMG_6255-1024x768-1.jpeg 1024w, https:\/\/tedenloesopreis.nl\/wp-content\/uploads\/2023\/12\/IMG_6255-1024x768-1-300x225.jpeg 300w, https:\/\/tedenloesopreis.nl\/wp-content\/uploads\/2023\/12\/IMG_6255-1024x768-1-768x576.jpeg 768w\" sizes=\"auto, (max-width: 1024px) 100vw, 1024px\" \/><\/a><figcaption class=\"wp-element-caption\"><em>bijna op het plein van Tel\u010d<\/em><\/figcaption><\/figure>\n<\/div>\n<\/div>\n\n\n\n<div class=\"wp-block-columns is-layout-flex wp-container-core-columns-is-layout-9d6595d7 wp-block-columns-is-layout-flex\">\n<div class=\"wp-block-column is-layout-flow wp-block-column-is-layout-flow\">\n<figure class=\"wp-block-image size-full\"><a href=\"https:\/\/tedenloesopreis.nl\/wp-content\/uploads\/2023\/12\/IMG_6256-1024x768-1.jpeg\" target=\"_blank\" rel=\"noreferrer noopener\"><img loading=\"lazy\" decoding=\"async\" width=\"1024\" height=\"768\" src=\"https:\/\/tedenloesopreis.nl\/wp-content\/uploads\/2023\/12\/IMG_6256-1024x768-1.jpeg\" alt=\"\" class=\"wp-image-7715\" srcset=\"https:\/\/tedenloesopreis.nl\/wp-content\/uploads\/2023\/12\/IMG_6256-1024x768-1.jpeg 1024w, https:\/\/tedenloesopreis.nl\/wp-content\/uploads\/2023\/12\/IMG_6256-1024x768-1-300x225.jpeg 300w, https:\/\/tedenloesopreis.nl\/wp-content\/uploads\/2023\/12\/IMG_6256-1024x768-1-768x576.jpeg 768w\" sizes=\"auto, (max-width: 1024px) 100vw, 1024px\" \/><\/a><figcaption class=\"wp-element-caption\"><em>het plein van Tel\u010d<\/em><\/figcaption><\/figure>\n<\/div>\n\n\n\n<div class=\"wp-block-column is-layout-flow wp-block-column-is-layout-flow\">\n<figure class=\"wp-block-image size-full\"><a href=\"https:\/\/tedenloesopreis.nl\/wp-content\/uploads\/2023\/12\/IMG_6257-1024x768-1.jpeg\" target=\"_blank\" rel=\"noreferrer noopener\"><img loading=\"lazy\" decoding=\"async\" width=\"1024\" height=\"768\" src=\"https:\/\/tedenloesopreis.nl\/wp-content\/uploads\/2023\/12\/IMG_6257-1024x768-1.jpeg\" alt=\"\" class=\"wp-image-7716\" srcset=\"https:\/\/tedenloesopreis.nl\/wp-content\/uploads\/2023\/12\/IMG_6257-1024x768-1.jpeg 1024w, https:\/\/tedenloesopreis.nl\/wp-content\/uploads\/2023\/12\/IMG_6257-1024x768-1-300x225.jpeg 300w, https:\/\/tedenloesopreis.nl\/wp-content\/uploads\/2023\/12\/IMG_6257-1024x768-1-768x576.jpeg 768w\" sizes=\"auto, (max-width: 1024px) 100vw, 1024px\" \/><\/a><figcaption class=\"wp-element-caption\"><em>het plein van Tel\u010d<\/em><\/figcaption><\/figure>\n<\/div>\n\n\n\n<div class=\"wp-block-column is-layout-flow wp-block-column-is-layout-flow\">\n<figure class=\"wp-block-image size-full\"><a href=\"https:\/\/tedenloesopreis.nl\/wp-content\/uploads\/2023\/12\/IMG_6261-1024x768-1.jpeg\" target=\"_blank\" rel=\"noreferrer noopener\"><img loading=\"lazy\" decoding=\"async\" width=\"1024\" height=\"768\" src=\"https:\/\/tedenloesopreis.nl\/wp-content\/uploads\/2023\/12\/IMG_6261-1024x768-1.jpeg\" alt=\"\" class=\"wp-image-7717\" srcset=\"https:\/\/tedenloesopreis.nl\/wp-content\/uploads\/2023\/12\/IMG_6261-1024x768-1.jpeg 1024w, https:\/\/tedenloesopreis.nl\/wp-content\/uploads\/2023\/12\/IMG_6261-1024x768-1-300x225.jpeg 300w, https:\/\/tedenloesopreis.nl\/wp-content\/uploads\/2023\/12\/IMG_6261-1024x768-1-768x576.jpeg 768w\" sizes=\"auto, (max-width: 1024px) 100vw, 1024px\" \/><\/a><figcaption class=\"wp-element-caption\"><em>het plein van Tel\u010d<\/em><\/figcaption><\/figure>\n<\/div>\n<\/div>\n\n\n\n<div class=\"wp-block-columns is-layout-flex wp-container-core-columns-is-layout-9d6595d7 wp-block-columns-is-layout-flex\">\n<div class=\"wp-block-column is-layout-flow wp-block-column-is-layout-flow\" style=\"flex-basis:33.33%\"><\/div>\n\n\n\n<div class=\"wp-block-column is-layout-flow wp-block-column-is-layout-flow\" style=\"flex-basis:66.66%\">\n<p>Na de lunch rijden we verder naar de&nbsp;<a href=\"https:\/\/www.campercontact.com\/nl\/tsjechie\/vysocina\/horni-dubenky\/23210\/camping-chadimuv-mlyn\" target=\"_blank\" rel=\"noreferrer noopener\">camping<\/a>&nbsp;(21 km), in de tuin van een oude molen annex boerderij. Boer en boerin ontvangen ons allervriendelijkst. We kunnen zelfs wel even hun auto lenen, als we nog boodschappen willen doen. We zijn door dat aanbod aangenaam verrast, maar vriendelijk dank, we hebben nog genoeg aan boord.<\/p>\n\n\n\n<p>We koken, bij bedenkelijk weer zoals vandaag, meestal in de bus. Daar kunnen we met twee gaspitten geen uitbundige maaltijd maken. Voor dergelijke gelegenheden maken we zo af en toe een estafette-grandm\u00e8re: we fruiten eerst de ui en de rauwe ham, vervolgens wokken we de groenten, daarna bakken we aardappelblokjes, we mengen dit alles in een slakom en bakken de helft van het mengsel af (de andere helft is voor morgen of overmorgen).<\/p>\n<\/div>\n<\/div>\n\n\n\n<div class=\"wp-block-columns is-layout-flex wp-container-core-columns-is-layout-9d6595d7 wp-block-columns-is-layout-flex\">\n<div class=\"wp-block-column is-layout-flow wp-block-column-is-layout-flow\"><\/div>\n\n\n\n<div class=\"wp-block-column is-layout-flow wp-block-column-is-layout-flow\">\n<figure class=\"wp-block-image size-full\"><a href=\"https:\/\/tedenloesopreis.nl\/wp-content\/uploads\/2023\/12\/IMG_6269-1-1024x768-1.jpeg\" target=\"_blank\" rel=\"noreferrer noopener\"><img loading=\"lazy\" decoding=\"async\" width=\"1024\" height=\"768\" src=\"https:\/\/tedenloesopreis.nl\/wp-content\/uploads\/2023\/12\/IMG_6269-1-1024x768-1.jpeg\" alt=\"\" class=\"wp-image-7718\" srcset=\"https:\/\/tedenloesopreis.nl\/wp-content\/uploads\/2023\/12\/IMG_6269-1-1024x768-1.jpeg 1024w, https:\/\/tedenloesopreis.nl\/wp-content\/uploads\/2023\/12\/IMG_6269-1-1024x768-1-300x225.jpeg 300w, https:\/\/tedenloesopreis.nl\/wp-content\/uploads\/2023\/12\/IMG_6269-1-1024x768-1-768x576.jpeg 768w\" sizes=\"auto, (max-width: 1024px) 100vw, 1024px\" \/><\/a><figcaption class=\"wp-element-caption\"><em>camping in Horn\u00ed Dubenky<\/em><\/figcaption><\/figure>\n<\/div>\n\n\n\n<div class=\"wp-block-column is-layout-flow wp-block-column-is-layout-flow\">\n<figure class=\"wp-block-image size-full\"><a href=\"https:\/\/tedenloesopreis.nl\/wp-content\/uploads\/2023\/12\/IMG_6271-1024x768-1.jpeg\" target=\"_blank\" rel=\"noreferrer noopener\"><img loading=\"lazy\" decoding=\"async\" width=\"1024\" height=\"768\" src=\"https:\/\/tedenloesopreis.nl\/wp-content\/uploads\/2023\/12\/IMG_6271-1024x768-1.jpeg\" alt=\"\" class=\"wp-image-7719\" srcset=\"https:\/\/tedenloesopreis.nl\/wp-content\/uploads\/2023\/12\/IMG_6271-1024x768-1.jpeg 1024w, https:\/\/tedenloesopreis.nl\/wp-content\/uploads\/2023\/12\/IMG_6271-1024x768-1-300x225.jpeg 300w, https:\/\/tedenloesopreis.nl\/wp-content\/uploads\/2023\/12\/IMG_6271-1024x768-1-768x576.jpeg 768w\" sizes=\"auto, (max-width: 1024px) 100vw, 1024px\" \/><\/a><figcaption class=\"wp-element-caption\"><em>grandm\u00e8re<\/em><\/figcaption><\/figure>\n<\/div>\n<\/div>\n\n\n\n<div style=\"height:35px\" aria-hidden=\"true\" class=\"wp-block-spacer\"><\/div>\n\n\n\n<div class=\"wp-block-columns is-layout-flex wp-container-core-columns-is-layout-9d6595d7 wp-block-columns-is-layout-flex\">\n<div class=\"wp-block-column is-layout-flow wp-block-column-is-layout-flow\">\n<p class=\"has-orange-background-color has-background\" id=\"dag25\"><\/p>\n<\/div>\n<\/div>\n\n\n\n<div class=\"wp-block-columns is-layout-flex wp-container-core-columns-is-layout-9d6595d7 wp-block-columns-is-layout-flex\">\n<div class=\"wp-block-column is-layout-flow wp-block-column-is-layout-flow\" style=\"flex-basis:33.33%\">\n<p><a href=\"#titel\">top<\/a><\/p>\n<\/div>\n\n\n\n<div class=\"wp-block-column is-layout-flow wp-block-column-is-layout-flow\" style=\"flex-basis:66.66%\">\n<p><strong>EEN KORTE REISDAG<br><\/strong>dag 25 &nbsp; &nbsp;&nbsp; &nbsp;di 06 juni 2023<br><a href=\"https:\/\/www.google.com\/maps\/d\/edit?mid=1hqTuoN524KuTlovIGR2MEzEDxic5Zhk&amp;ll=49.60663292748946%2C15.437837669771397&amp;z=9\" target=\"_blank\" rel=\"noreferrer noopener\">Horn\u00ed Dubenky \u2013 Kutn\u00e1 Hora<\/a>&nbsp; &nbsp;&nbsp; &nbsp; 103&nbsp;km<\/p>\n<\/div>\n<\/div>\n\n\n\n<div style=\"height:20px\" aria-hidden=\"true\" class=\"wp-block-spacer\"><\/div>\n\n\n\n<div class=\"wp-block-columns is-layout-flex wp-container-core-columns-is-layout-9d6595d7 wp-block-columns-is-layout-flex\">\n<div class=\"wp-block-column is-layout-flow wp-block-column-is-layout-flow\" style=\"flex-basis:33.33%\"><\/div>\n\n\n\n<div class=\"wp-block-column is-layout-flow wp-block-column-is-layout-flow\" style=\"flex-basis:66.66%\">\n<p>Vandaag is een reisdag. We rijden van Horn\u00ed Dubanky naar Jihlava en vandaar over de 38\u201d naar een&nbsp;<a href=\"https:\/\/www.campercontact.com\/nl\/tsjechie\/midden-bohemen\/kutna-hora\/12074\/atc-kutna-hora\" target=\"_blank\" rel=\"noreferrer noopener\">camping in Kutn\u00e1 Hora<\/a>. \u2018s-Middags blijven we in de buzz, want volgens het weerbericht komt er regen, mogelijk met onweer. Het blijft echter droog, en er zijn soms zelfs blauwe plekken tussen de wolken zichtbaar. We hebben de tijd nuttig besteed met wat luieren en wat huishoudelijke taken.&nbsp;We zien ook, dat de camping-eigenaar een gedreven tuinier is.<\/p>\n<\/div>\n<\/div>\n\n\n\n<div class=\"wp-block-columns is-layout-flex wp-container-core-columns-is-layout-9d6595d7 wp-block-columns-is-layout-flex\">\n<div class=\"wp-block-column is-layout-flow wp-block-column-is-layout-flow\">\n<figure class=\"wp-block-image size-full\"><a href=\"https:\/\/tedenloesopreis.nl\/wp-content\/uploads\/2023\/12\/IMG_6273-1024x768-1.jpeg\" target=\"_blank\" rel=\"noreferrer noopener\"><img loading=\"lazy\" decoding=\"async\" width=\"1024\" height=\"768\" src=\"https:\/\/tedenloesopreis.nl\/wp-content\/uploads\/2023\/12\/IMG_6273-1024x768-1.jpeg\" alt=\"\" class=\"wp-image-7725\" srcset=\"https:\/\/tedenloesopreis.nl\/wp-content\/uploads\/2023\/12\/IMG_6273-1024x768-1.jpeg 1024w, https:\/\/tedenloesopreis.nl\/wp-content\/uploads\/2023\/12\/IMG_6273-1024x768-1-300x225.jpeg 300w, https:\/\/tedenloesopreis.nl\/wp-content\/uploads\/2023\/12\/IMG_6273-1024x768-1-768x576.jpeg 768w\" sizes=\"auto, (max-width: 1024px) 100vw, 1024px\" \/><\/a><figcaption class=\"wp-element-caption\"><em>camping in Kutn\u00e1 Hora<\/em><\/figcaption><\/figure>\n<\/div>\n\n\n\n<div class=\"wp-block-column is-layout-flow wp-block-column-is-layout-flow\">\n<figure class=\"wp-block-image size-full\"><a href=\"https:\/\/tedenloesopreis.nl\/wp-content\/uploads\/2023\/12\/IMG_6275-1024x768-1.jpeg\" target=\"_blank\" rel=\"noreferrer noopener\"><img loading=\"lazy\" decoding=\"async\" width=\"1024\" height=\"768\" src=\"https:\/\/tedenloesopreis.nl\/wp-content\/uploads\/2023\/12\/IMG_6275-1024x768-1.jpeg\" alt=\"\" class=\"wp-image-7726\" srcset=\"https:\/\/tedenloesopreis.nl\/wp-content\/uploads\/2023\/12\/IMG_6275-1024x768-1.jpeg 1024w, https:\/\/tedenloesopreis.nl\/wp-content\/uploads\/2023\/12\/IMG_6275-1024x768-1-300x225.jpeg 300w, https:\/\/tedenloesopreis.nl\/wp-content\/uploads\/2023\/12\/IMG_6275-1024x768-1-768x576.jpeg 768w\" sizes=\"auto, (max-width: 1024px) 100vw, 1024px\" \/><\/a><figcaption class=\"wp-element-caption\"><em>camping in Kutn\u00e1 Hora<\/em><\/figcaption><\/figure>\n<\/div>\n\n\n\n<div class=\"wp-block-column is-layout-flow wp-block-column-is-layout-flow\">\n<figure class=\"wp-block-image size-full\"><a href=\"https:\/\/tedenloesopreis.nl\/wp-content\/uploads\/2023\/12\/IMG_6276-1024x768-1.jpeg\" target=\"_blank\" rel=\"noreferrer noopener\"><img loading=\"lazy\" decoding=\"async\" width=\"1024\" height=\"768\" src=\"https:\/\/tedenloesopreis.nl\/wp-content\/uploads\/2023\/12\/IMG_6276-1024x768-1.jpeg\" alt=\"\" class=\"wp-image-7727\" srcset=\"https:\/\/tedenloesopreis.nl\/wp-content\/uploads\/2023\/12\/IMG_6276-1024x768-1.jpeg 1024w, https:\/\/tedenloesopreis.nl\/wp-content\/uploads\/2023\/12\/IMG_6276-1024x768-1-300x225.jpeg 300w, https:\/\/tedenloesopreis.nl\/wp-content\/uploads\/2023\/12\/IMG_6276-1024x768-1-768x576.jpeg 768w\" sizes=\"auto, (max-width: 1024px) 100vw, 1024px\" \/><\/a><figcaption class=\"wp-element-caption\"><em>camping in Kutn\u00e1 Hora<\/em><\/figcaption><\/figure>\n<\/div>\n<\/div>\n\n\n\n<div style=\"height:35px\" aria-hidden=\"true\" class=\"wp-block-spacer\"><\/div>\n\n\n\n<div class=\"wp-block-columns is-layout-flex wp-container-core-columns-is-layout-9d6595d7 wp-block-columns-is-layout-flex\">\n<div class=\"wp-block-column is-layout-flow wp-block-column-is-layout-flow\">\n<p class=\"has-orange-background-color has-background\" id=\"dag26\"><\/p>\n<\/div>\n<\/div>\n\n\n\n<div class=\"wp-block-columns is-layout-flex wp-container-core-columns-is-layout-9d6595d7 wp-block-columns-is-layout-flex\">\n<div class=\"wp-block-column is-layout-flow wp-block-column-is-layout-flow\" style=\"flex-basis:33.33%\">\n<p><a href=\"#titel\">top<\/a><\/p>\n<\/div>\n\n\n\n<div class=\"wp-block-column is-layout-flow wp-block-column-is-layout-flow\" style=\"flex-basis:66.66%\">\n<p><strong>BOTTEN EN EEN BIJZONDER DAK<br><\/strong>dag 26 &nbsp; &nbsp;&nbsp; &nbsp;wo 07 juni 2023<br>Kutn\u00e1 Hora&nbsp; &nbsp; &nbsp;&nbsp; 0&nbsp;km<\/p>\n<\/div>\n<\/div>\n\n\n\n<div style=\"height:20px\" aria-hidden=\"true\" class=\"wp-block-spacer\"><\/div>\n\n\n\n<div class=\"wp-block-columns is-layout-flex wp-container-core-columns-is-layout-9d6595d7 wp-block-columns-is-layout-flex\">\n<div class=\"wp-block-column is-layout-flow wp-block-column-is-layout-flow\" style=\"flex-basis:33.33%\">\n<figure class=\"wp-block-image size-full\"><a href=\"https:\/\/tedenloesopreis.nl\/wp-content\/uploads\/2023\/12\/IMG_6282-784x1024-2.jpeg\" target=\"_blank\" rel=\"noreferrer noopener\"><img loading=\"lazy\" decoding=\"async\" width=\"784\" height=\"1024\" src=\"https:\/\/tedenloesopreis.nl\/wp-content\/uploads\/2023\/12\/IMG_6282-784x1024-2.jpeg\" alt=\"\" class=\"wp-image-7730\" srcset=\"https:\/\/tedenloesopreis.nl\/wp-content\/uploads\/2023\/12\/IMG_6282-784x1024-2.jpeg 784w, https:\/\/tedenloesopreis.nl\/wp-content\/uploads\/2023\/12\/IMG_6282-784x1024-2-230x300.jpeg 230w, https:\/\/tedenloesopreis.nl\/wp-content\/uploads\/2023\/12\/IMG_6282-784x1024-2-768x1003.jpeg 768w\" sizes=\"auto, (max-width: 784px) 100vw, 784px\" \/><\/a><figcaption class=\"wp-element-caption\"><em>in de Allerheiligenkerk van Sedlec<\/em><\/figcaption><\/figure>\n<\/div>\n\n\n\n<div class=\"wp-block-column is-layout-flow wp-block-column-is-layout-flow\" style=\"flex-basis:66.66%\">\n<p id=\"sedlec\">In de loop van de ochtend fietsen we eerst naar het Ossuarium van Sedlec (een buitenwijk van Kutn\u00e1 Hora). In de kelder van een kleine kerk (de Allerheiligenkerk) tref je heel veel ornamentele versieringen aan, die zijn gemaakt van menselijke schedels en botten. Deze menselijke resten zijn verzameld toen een destijds internationaal populair kerkhof drastisch moest inkrimpen.<\/p>\n<\/div>\n<\/div>\n\n\n\n<div class=\"wp-block-columns is-layout-flex wp-container-core-columns-is-layout-9d6595d7 wp-block-columns-is-layout-flex\">\n<div class=\"wp-block-column is-layout-flow wp-block-column-is-layout-flow\" style=\"flex-basis:33.33%\">\n<figure class=\"wp-block-image size-full\"><a href=\"https:\/\/tedenloesopreis.nl\/wp-content\/uploads\/2023\/12\/IMG_6281-1024x768-1.jpeg\" target=\"_blank\" rel=\"noreferrer noopener\"><img loading=\"lazy\" decoding=\"async\" width=\"1024\" height=\"768\" src=\"https:\/\/tedenloesopreis.nl\/wp-content\/uploads\/2023\/12\/IMG_6281-1024x768-1.jpeg\" alt=\"\" class=\"wp-image-7731\" srcset=\"https:\/\/tedenloesopreis.nl\/wp-content\/uploads\/2023\/12\/IMG_6281-1024x768-1.jpeg 1024w, https:\/\/tedenloesopreis.nl\/wp-content\/uploads\/2023\/12\/IMG_6281-1024x768-1-300x225.jpeg 300w, https:\/\/tedenloesopreis.nl\/wp-content\/uploads\/2023\/12\/IMG_6281-1024x768-1-768x576.jpeg 768w\" sizes=\"auto, (max-width: 1024px) 100vw, 1024px\" \/><\/a><figcaption class=\"wp-element-caption\"><em>centraal plein van Kutn\u00e1 Hora<\/em><\/figcaption><\/figure>\n<\/div>\n\n\n\n<div class=\"wp-block-column is-layout-flow wp-block-column-is-layout-flow\" style=\"flex-basis:66.66%\">\n<p>Via een fraai fietspad rijden we verder naar het centrum van de stad. Dat is een bonte verzameling van smalle middeleeuwse straatjes. Op het hoofdplein vinden we een aardig terras.&nbsp;<\/p>\n<\/div>\n<\/div>\n\n\n\n<div class=\"wp-block-columns is-layout-flex wp-container-core-columns-is-layout-9d6595d7 wp-block-columns-is-layout-flex\">\n<div class=\"wp-block-column is-layout-flow wp-block-column-is-layout-flow\" style=\"flex-basis:33.33%\">\n<figure class=\"wp-block-image size-full\"><a href=\"https:\/\/tedenloesopreis.nl\/wp-content\/uploads\/2023\/12\/IMG_6283-768x1024-1.jpeg\" target=\"_blank\" rel=\"noreferrer noopener\"><img loading=\"lazy\" decoding=\"async\" width=\"768\" height=\"1024\" src=\"https:\/\/tedenloesopreis.nl\/wp-content\/uploads\/2023\/12\/IMG_6283-768x1024-1.jpeg\" alt=\"\" class=\"wp-image-7732\" srcset=\"https:\/\/tedenloesopreis.nl\/wp-content\/uploads\/2023\/12\/IMG_6283-768x1024-1.jpeg 768w, https:\/\/tedenloesopreis.nl\/wp-content\/uploads\/2023\/12\/IMG_6283-768x1024-1-225x300.jpeg 225w\" sizes=\"auto, (max-width: 768px) 100vw, 768px\" \/><\/a><figcaption class=\"wp-element-caption\"><em>St. Jakobskerk<\/em><\/figcaption><\/figure>\n<\/div>\n\n\n\n<div class=\"wp-block-column is-layout-flow wp-block-column-is-layout-flow\" style=\"flex-basis:66.66%\">\n<p>We fietsen nog wat door de stad, langs de St. Jakobskerk, naar de abdij en de St. Barbarakathedraal. Deze laat-gotische kathedraal is behoorlijk opmerkelijk met zijn bijzondere dakvorm.<\/p>\n<\/div>\n<\/div>\n\n\n\n<div class=\"wp-block-columns is-layout-flex wp-container-core-columns-is-layout-9d6595d7 wp-block-columns-is-layout-flex\">\n<div class=\"wp-block-column is-layout-flow wp-block-column-is-layout-flow\"><\/div>\n\n\n\n<div class=\"wp-block-column is-layout-flow wp-block-column-is-layout-flow\">\n<figure class=\"wp-block-image size-full\"><a href=\"https:\/\/tedenloesopreis.nl\/wp-content\/uploads\/2023\/12\/IMG_6284-1024x768-1.jpeg\" target=\"_blank\" rel=\"noreferrer noopener\"><img loading=\"lazy\" decoding=\"async\" width=\"1024\" height=\"768\" src=\"https:\/\/tedenloesopreis.nl\/wp-content\/uploads\/2023\/12\/IMG_6284-1024x768-1.jpeg\" alt=\"\" class=\"wp-image-7733\" srcset=\"https:\/\/tedenloesopreis.nl\/wp-content\/uploads\/2023\/12\/IMG_6284-1024x768-1.jpeg 1024w, https:\/\/tedenloesopreis.nl\/wp-content\/uploads\/2023\/12\/IMG_6284-1024x768-1-300x225.jpeg 300w, https:\/\/tedenloesopreis.nl\/wp-content\/uploads\/2023\/12\/IMG_6284-1024x768-1-768x576.jpeg 768w\" sizes=\"auto, (max-width: 1024px) 100vw, 1024px\" \/><\/a><figcaption class=\"wp-element-caption\"><em>de abdij<\/em><\/figcaption><\/figure>\n<\/div>\n\n\n\n<div class=\"wp-block-column is-layout-flow wp-block-column-is-layout-flow\">\n<figure class=\"wp-block-image size-full\"><a href=\"https:\/\/tedenloesopreis.nl\/wp-content\/uploads\/2023\/12\/IMG_6287-1024x768-1.jpeg\" target=\"_blank\" rel=\"noreferrer noopener\"><img loading=\"lazy\" decoding=\"async\" width=\"1024\" height=\"768\" src=\"https:\/\/tedenloesopreis.nl\/wp-content\/uploads\/2023\/12\/IMG_6287-1024x768-1.jpeg\" alt=\"\" class=\"wp-image-7734\" srcset=\"https:\/\/tedenloesopreis.nl\/wp-content\/uploads\/2023\/12\/IMG_6287-1024x768-1.jpeg 1024w, https:\/\/tedenloesopreis.nl\/wp-content\/uploads\/2023\/12\/IMG_6287-1024x768-1-300x225.jpeg 300w, https:\/\/tedenloesopreis.nl\/wp-content\/uploads\/2023\/12\/IMG_6287-1024x768-1-768x576.jpeg 768w\" sizes=\"auto, (max-width: 1024px) 100vw, 1024px\" \/><\/a><figcaption class=\"wp-element-caption\"><em>Kutn\u00e1 Hora, gezien vanaf de abdij<\/em><\/figcaption><\/figure>\n<\/div>\n<\/div>\n\n\n\n<div class=\"wp-block-columns is-layout-flex wp-container-core-columns-is-layout-9d6595d7 wp-block-columns-is-layout-flex\">\n<div class=\"wp-block-column is-layout-flow wp-block-column-is-layout-flow\"><\/div>\n\n\n\n<div class=\"wp-block-column is-layout-flow wp-block-column-is-layout-flow\">\n<figure class=\"wp-block-image size-full\"><a href=\"https:\/\/tedenloesopreis.nl\/wp-content\/uploads\/2023\/12\/IMG_6286-768x1024-1.jpeg\" target=\"_blank\" rel=\"noreferrer noopener\"><img loading=\"lazy\" decoding=\"async\" width=\"768\" height=\"1024\" src=\"https:\/\/tedenloesopreis.nl\/wp-content\/uploads\/2023\/12\/IMG_6286-768x1024-1.jpeg\" alt=\"\" class=\"wp-image-7735\" srcset=\"https:\/\/tedenloesopreis.nl\/wp-content\/uploads\/2023\/12\/IMG_6286-768x1024-1.jpeg 768w, https:\/\/tedenloesopreis.nl\/wp-content\/uploads\/2023\/12\/IMG_6286-768x1024-1-225x300.jpeg 225w\" sizes=\"auto, (max-width: 768px) 100vw, 768px\" \/><\/a><figcaption class=\"wp-element-caption\"><em>St. Barbarakathedraal<\/em><\/figcaption><\/figure>\n<\/div>\n\n\n\n<div class=\"wp-block-column is-layout-flow wp-block-column-is-layout-flow\">\n<figure class=\"wp-block-image size-full\"><a href=\"https:\/\/tedenloesopreis.nl\/wp-content\/uploads\/2023\/12\/IMG_6289-1024x768-1.jpeg\" target=\"_blank\" rel=\"noreferrer noopener\"><img loading=\"lazy\" decoding=\"async\" width=\"1024\" height=\"768\" src=\"https:\/\/tedenloesopreis.nl\/wp-content\/uploads\/2023\/12\/IMG_6289-1024x768-1.jpeg\" alt=\"\" class=\"wp-image-7736\" srcset=\"https:\/\/tedenloesopreis.nl\/wp-content\/uploads\/2023\/12\/IMG_6289-1024x768-1.jpeg 1024w, https:\/\/tedenloesopreis.nl\/wp-content\/uploads\/2023\/12\/IMG_6289-1024x768-1-300x225.jpeg 300w, https:\/\/tedenloesopreis.nl\/wp-content\/uploads\/2023\/12\/IMG_6289-1024x768-1-768x576.jpeg 768w\" sizes=\"auto, (max-width: 1024px) 100vw, 1024px\" \/><\/a><figcaption class=\"wp-element-caption\"><em>St. Barbarakathedraal<\/em><\/figcaption><\/figure>\n<\/div>\n<\/div>\n\n\n\n<div style=\"height:35px\" aria-hidden=\"true\" class=\"wp-block-spacer\"><\/div>\n\n\n\n<div class=\"wp-block-columns is-layout-flex wp-container-core-columns-is-layout-9d6595d7 wp-block-columns-is-layout-flex\">\n<div class=\"wp-block-column is-layout-flow wp-block-column-is-layout-flow\">\n<p class=\"has-orange-background-color has-background\" id=\"dag27\"><\/p>\n<\/div>\n<\/div>\n\n\n\n<div class=\"wp-block-columns is-layout-flex wp-container-core-columns-is-layout-9d6595d7 wp-block-columns-is-layout-flex\">\n<div class=\"wp-block-column is-layout-flow wp-block-column-is-layout-flow\" style=\"flex-basis:33.33%\">\n<p><a href=\"#titel\">top<\/a><\/p>\n<\/div>\n\n\n\n<div class=\"wp-block-column is-layout-flow wp-block-column-is-layout-flow\" style=\"flex-basis:66.66%\">\n<p><strong>PRAAG IS ERG DRUK<br><\/strong>dag 27 &nbsp; &nbsp; &nbsp;&nbsp;do 08 juni 2023<br><a href=\"https:\/\/www.google.com\/maps\/d\/edit?mid=1rEHV2nxnP4cRK2hEPPvEBHiMOJohUzg&amp;ll=49.853487962936185%2C14.454325044154&amp;z=9\" target=\"_blank\" rel=\"noreferrer noopener\">Kutn\u00e1 Hora \u2013 Pl\u00ed\u0161kovice<\/a>&nbsp; &nbsp; &nbsp;&nbsp; 203&nbsp;km<\/p>\n<\/div>\n<\/div>\n\n\n\n<div style=\"height:20px\" aria-hidden=\"true\" class=\"wp-block-spacer\"><\/div>\n\n\n\n<div class=\"wp-block-columns is-layout-flex wp-container-core-columns-is-layout-9d6595d7 wp-block-columns-is-layout-flex\">\n<div class=\"wp-block-column is-layout-flow wp-block-column-is-layout-flow\" style=\"flex-basis:33.33%\"><\/div>\n\n\n\n<div class=\"wp-block-column is-layout-flow wp-block-column-is-layout-flow\" style=\"flex-basis:66.66%\">\n<p id=\"praag\">Het is niet onze gewoonte om vooraf een camping te reserveren (afgezien van Hemelvaart in Duitsland). Echter toen we hoorden dat het in Praag heel erg druk is, zijn we maar eens gaan bellen. Alles zat vol. Er was een camping die misschien morgen plaats zou hebben, dus dat verwerkten we in ons plan: we bezoeken vandaag Lidice, rijden dan een klein stukje verder naar camping Valek (waar de familie in 1996 kampeerde en waar wij hen opzochten), om dan morgen nog een poging in Praag te wagen. Welnu, dat plan is vervallen. Het kost ons vanochtend bijna twee uur om voorbij Praag te komen. Wat is het daar druk. Omdat we al twee keer in Praag zijn geweest, besluiten we om er dit keer maar niet naar toe te gaan. We gaan natuurlijk wel naar Lidice.<\/p>\n\n\n\n<p id=\"lidice\">In 1942 wordt Reinhard Heydrich, alias de slager van Praag, zwaar gewond bij een aanslag door het Tsjechische verzet. Hij sterft na 8 dagen aan zijn verwondingen. De Nazi\u2019s veronderstellen, dat zijn familieleden bij de aanslag betrokken zijn. Omdat de familie uit Lidice komt, wordt het dorp omsingeld. De mannen vanaf 16 jaar worden ge\u00ebxecuteerd. Hun massagraf is er nog steeds. De vrouwen worden afgevoerd naar vernietigingskampen. De kinderen die niet in aanmerking komen voor een heropvoeding, worden vergast. Het dorp wordt helemaal met de grond gelijkgemaakt *). Alleen een deel van de fundamenten van de boerderij van de familie Horak en wat fundamenten van de school worden later nog teruggevonden.<\/p>\n<\/div>\n<\/div>\n\n\n\n<div class=\"wp-block-columns is-layout-flex wp-container-core-columns-is-layout-9d6595d7 wp-block-columns-is-layout-flex\">\n<div class=\"wp-block-column is-layout-flow wp-block-column-is-layout-flow\">\n<figure class=\"wp-block-image size-full\"><a href=\"https:\/\/tedenloesopreis.nl\/wp-content\/uploads\/2023\/12\/IMG_6293-1024x768-1.jpeg\" target=\"_blank\" rel=\"noreferrer noopener\"><img loading=\"lazy\" decoding=\"async\" width=\"1024\" height=\"768\" src=\"https:\/\/tedenloesopreis.nl\/wp-content\/uploads\/2023\/12\/IMG_6293-1024x768-1.jpeg\" alt=\"\" class=\"wp-image-7738\" srcset=\"https:\/\/tedenloesopreis.nl\/wp-content\/uploads\/2023\/12\/IMG_6293-1024x768-1.jpeg 1024w, https:\/\/tedenloesopreis.nl\/wp-content\/uploads\/2023\/12\/IMG_6293-1024x768-1-300x225.jpeg 300w, https:\/\/tedenloesopreis.nl\/wp-content\/uploads\/2023\/12\/IMG_6293-1024x768-1-768x576.jpeg 768w\" sizes=\"auto, (max-width: 1024px) 100vw, 1024px\" \/><\/a><figcaption class=\"wp-element-caption\"><em>Lidice panorama<\/em><\/figcaption><\/figure>\n<\/div>\n\n\n\n<div class=\"wp-block-column is-layout-flow wp-block-column-is-layout-flow\">\n<figure class=\"wp-block-image size-full\"><a href=\"https:\/\/tedenloesopreis.nl\/wp-content\/uploads\/2023\/12\/IMG_6296-1024x768-1.jpeg\" target=\"_blank\" rel=\"noreferrer noopener\"><img loading=\"lazy\" decoding=\"async\" width=\"1024\" height=\"768\" src=\"https:\/\/tedenloesopreis.nl\/wp-content\/uploads\/2023\/12\/IMG_6296-1024x768-1.jpeg\" alt=\"\" class=\"wp-image-7739\" srcset=\"https:\/\/tedenloesopreis.nl\/wp-content\/uploads\/2023\/12\/IMG_6296-1024x768-1.jpeg 1024w, https:\/\/tedenloesopreis.nl\/wp-content\/uploads\/2023\/12\/IMG_6296-1024x768-1-300x225.jpeg 300w, https:\/\/tedenloesopreis.nl\/wp-content\/uploads\/2023\/12\/IMG_6296-1024x768-1-768x576.jpeg 768w\" sizes=\"auto, (max-width: 1024px) 100vw, 1024px\" \/><\/a><figcaption class=\"wp-element-caption\"><em>deze kinderen hebben het niet overleefd<\/em><\/figcaption><\/figure>\n<\/div>\n\n\n\n<div class=\"wp-block-column is-layout-flow wp-block-column-is-layout-flow\">\n<figure class=\"wp-block-image size-full\"><a href=\"https:\/\/tedenloesopreis.nl\/wp-content\/uploads\/2023\/12\/IMG_6301-768x1024-1.jpeg\" target=\"_blank\" rel=\"noreferrer noopener\"><img loading=\"lazy\" decoding=\"async\" width=\"768\" height=\"1024\" src=\"https:\/\/tedenloesopreis.nl\/wp-content\/uploads\/2023\/12\/IMG_6301-768x1024-1.jpeg\" alt=\"\" class=\"wp-image-7740\" srcset=\"https:\/\/tedenloesopreis.nl\/wp-content\/uploads\/2023\/12\/IMG_6301-768x1024-1.jpeg 768w, https:\/\/tedenloesopreis.nl\/wp-content\/uploads\/2023\/12\/IMG_6301-768x1024-1-225x300.jpeg 225w\" sizes=\"auto, (max-width: 768px) 100vw, 768px\" \/><\/a><figcaption class=\"wp-element-caption\"><em>het massagraf<\/em><\/figcaption><\/figure>\n<\/div>\n<\/div>\n\n\n\n<div class=\"wp-block-columns is-layout-flex wp-container-core-columns-is-layout-9d6595d7 wp-block-columns-is-layout-flex\">\n<div class=\"wp-block-column is-layout-flow wp-block-column-is-layout-flow\"><\/div>\n\n\n\n<div class=\"wp-block-column is-layout-flow wp-block-column-is-layout-flow\">\n<figure class=\"wp-block-image size-full\"><a href=\"https:\/\/tedenloesopreis.nl\/wp-content\/uploads\/2023\/12\/IMG_6302-1024x768-1.jpeg\" target=\"_blank\" rel=\"noreferrer noopener\"><img loading=\"lazy\" decoding=\"async\" width=\"1024\" height=\"768\" src=\"https:\/\/tedenloesopreis.nl\/wp-content\/uploads\/2023\/12\/IMG_6302-1024x768-1.jpeg\" alt=\"\" class=\"wp-image-7741\" srcset=\"https:\/\/tedenloesopreis.nl\/wp-content\/uploads\/2023\/12\/IMG_6302-1024x768-1.jpeg 1024w, https:\/\/tedenloesopreis.nl\/wp-content\/uploads\/2023\/12\/IMG_6302-1024x768-1-300x225.jpeg 300w, https:\/\/tedenloesopreis.nl\/wp-content\/uploads\/2023\/12\/IMG_6302-1024x768-1-768x576.jpeg 768w\" sizes=\"auto, (max-width: 1024px) 100vw, 1024px\" \/><\/a><figcaption class=\"wp-element-caption\"><em>boerderij Horac<\/em><\/figcaption><\/figure>\n<\/div>\n\n\n\n<div class=\"wp-block-column is-layout-flow wp-block-column-is-layout-flow\">\n<figure class=\"wp-block-image size-full\"><a href=\"https:\/\/tedenloesopreis.nl\/wp-content\/uploads\/2023\/12\/IMG_6297-1024x768-1.jpeg\" target=\"_blank\" rel=\"noreferrer noopener\"><img loading=\"lazy\" decoding=\"async\" width=\"1024\" height=\"768\" src=\"https:\/\/tedenloesopreis.nl\/wp-content\/uploads\/2023\/12\/IMG_6297-1024x768-1.jpeg\" alt=\"\" class=\"wp-image-7742\" srcset=\"https:\/\/tedenloesopreis.nl\/wp-content\/uploads\/2023\/12\/IMG_6297-1024x768-1.jpeg 1024w, https:\/\/tedenloesopreis.nl\/wp-content\/uploads\/2023\/12\/IMG_6297-1024x768-1-300x225.jpeg 300w, https:\/\/tedenloesopreis.nl\/wp-content\/uploads\/2023\/12\/IMG_6297-1024x768-1-768x576.jpeg 768w\" sizes=\"auto, (max-width: 1024px) 100vw, 1024px\" \/><\/a><figcaption class=\"wp-element-caption\"><em>fundamenten van de school<\/em><\/figcaption><\/figure>\n<\/div>\n<\/div>\n\n\n\n<div class=\"wp-block-columns is-layout-flex wp-container-core-columns-is-layout-9d6595d7 wp-block-columns-is-layout-flex\">\n<div class=\"wp-block-column is-layout-flow wp-block-column-is-layout-flow\" style=\"flex-basis:33.33%\">\n<figure class=\"wp-block-image size-full\"><a href=\"https:\/\/tedenloesopreis.nl\/wp-content\/uploads\/2023\/12\/IMG_6309-1024x768-1.jpeg\" target=\"_blank\" rel=\"noreferrer noopener\"><img loading=\"lazy\" decoding=\"async\" width=\"1024\" height=\"768\" src=\"https:\/\/tedenloesopreis.nl\/wp-content\/uploads\/2023\/12\/IMG_6309-1024x768-1.jpeg\" alt=\"\" class=\"wp-image-7743\" srcset=\"https:\/\/tedenloesopreis.nl\/wp-content\/uploads\/2023\/12\/IMG_6309-1024x768-1.jpeg 1024w, https:\/\/tedenloesopreis.nl\/wp-content\/uploads\/2023\/12\/IMG_6309-1024x768-1-300x225.jpeg 300w, https:\/\/tedenloesopreis.nl\/wp-content\/uploads\/2023\/12\/IMG_6309-1024x768-1-768x576.jpeg 768w\" sizes=\"auto, (max-width: 1024px) 100vw, 1024px\" \/><\/a><figcaption class=\"wp-element-caption\"><em>camping in Pl\u00ed\u0161kovice<\/em><\/figcaption><\/figure>\n<\/div>\n\n\n\n<div class=\"wp-block-column is-layout-flow wp-block-column-is-layout-flow\" style=\"flex-basis:66.66%\">\n<p>We zijn een stukje doorgereden naar het zuiden, weer over de Praagse ringweg, dus w\u00e9\u00e9r met een flinke vertraging door de files. Dat bevestigt ons in het besluit, om Praag dit keer te mijden. We volgen de \u201c4\u201d tot het dorpje Pl\u00ed\u0161kovice. Daar staan we nu op een&nbsp;<a href=\"https:\/\/www.campercontact.com\/nl\/tsjechie\/zuid-bohemen\/mirovice\/14934\/svr-camping-en-guesthouse-pliskovice\" target=\"_blank\" rel=\"noreferrer noopener\">SVR-camping<\/a>.<\/p>\n<\/div>\n<\/div>\n\n\n\n<div class=\"wp-block-columns is-layout-flex wp-container-core-columns-is-layout-9d6595d7 wp-block-columns-is-layout-flex\">\n<div class=\"wp-block-column is-layout-flow wp-block-column-is-layout-flow\" style=\"flex-basis:33.33%\"><\/div>\n\n\n\n<div class=\"wp-block-column is-layout-flow wp-block-column-is-layout-flow\" style=\"flex-basis:66.66%\">\n<p><em>*) Dit is het essenti\u00eble verschil met Oradour-sur-Glane. Daar zijn de ru\u00efnes van de vernielde gebouwen blijven staan<\/em> <em>(zie hiervoor onze <a href=\"https:\/\/tedenloesopreis.nl\/index.php\/iberie-2019\/#dag02\" target=\"_blank\" rel=\"noreferrer noopener\">Iberi\u00eb-reis in 2019<\/a>)<\/em>.<\/p>\n<\/div>\n<\/div>\n\n\n\n<div style=\"height:35px\" aria-hidden=\"true\" class=\"wp-block-spacer\"><\/div>\n\n\n\n<div class=\"wp-block-columns is-layout-flex wp-container-core-columns-is-layout-9d6595d7 wp-block-columns-is-layout-flex\">\n<div class=\"wp-block-column is-layout-flow wp-block-column-is-layout-flow\">\n<p class=\"has-orange-background-color has-background\" id=\"dag28\"><\/p>\n<\/div>\n<\/div>\n\n\n\n<div class=\"wp-block-columns is-layout-flex wp-container-core-columns-is-layout-9d6595d7 wp-block-columns-is-layout-flex\">\n<div class=\"wp-block-column is-layout-flow wp-block-column-is-layout-flow\" style=\"flex-basis:33.33%\">\n<p><a href=\"#titel\">top<\/a><\/p>\n<\/div>\n\n\n\n<div class=\"wp-block-column is-layout-flow wp-block-column-is-layout-flow\" style=\"flex-basis:66.66%\">\n<p><strong>DAN MAAR EVEN WACHTEN<br><\/strong>dag 28 &nbsp; &nbsp;&nbsp; &nbsp;vr 09 juni 2023<br><a href=\"https:\/\/www.google.com\/maps\/d\/edit?mid=1SVhEodJkAVcUbHwMofe8DN5gr9J2xMI&amp;ll=49.06488446260296%2C14.055459155493295&amp;z=8\" target=\"_blank\" rel=\"noreferrer noopener\">Pl\u00ed\u0161kovice \u2013 Frymburk<\/a>&nbsp;&nbsp; &nbsp;  &nbsp;131&nbsp;km<\/p>\n<\/div>\n<\/div>\n\n\n\n<div style=\"height:20px\" aria-hidden=\"true\" class=\"wp-block-spacer\"><\/div>\n\n\n\n<div class=\"wp-block-columns is-layout-flex wp-container-core-columns-is-layout-9d6595d7 wp-block-columns-is-layout-flex\">\n<div class=\"wp-block-column is-layout-flow wp-block-column-is-layout-flow\" style=\"flex-basis:33.33%\">\n<figure class=\"wp-block-image size-full\"><a href=\"https:\/\/tedenloesopreis.nl\/wp-content\/uploads\/2023\/12\/IMG_6323-1024x768-2.jpeg\" target=\"_blank\" rel=\"noreferrer noopener\"><img loading=\"lazy\" decoding=\"async\" width=\"1024\" height=\"768\" src=\"https:\/\/tedenloesopreis.nl\/wp-content\/uploads\/2023\/12\/IMG_6323-1024x768-2.jpeg\" alt=\"\" class=\"wp-image-7748\" srcset=\"https:\/\/tedenloesopreis.nl\/wp-content\/uploads\/2023\/12\/IMG_6323-1024x768-2.jpeg 1024w, https:\/\/tedenloesopreis.nl\/wp-content\/uploads\/2023\/12\/IMG_6323-1024x768-2-300x225.jpeg 300w, https:\/\/tedenloesopreis.nl\/wp-content\/uploads\/2023\/12\/IMG_6323-1024x768-2-768x576.jpeg 768w\" sizes=\"auto, (max-width: 1024px) 100vw, 1024px\" \/><\/a><figcaption class=\"wp-element-caption\"><em>camping in Frymburk<\/em><\/figcaption><\/figure>\n<\/div>\n\n\n\n<div class=\"wp-block-column is-layout-flow wp-block-column-is-layout-flow\" style=\"flex-basis:66.66%\">\n<p>Volgens het oorspronkelijke plan rijden we vandaag naar \u010cesk\u00fd Krumlov. Volgens de eigenaar van de camping in Pl\u00ed\u0161kovice is dat niet zo\u2019n goed idee. De Tsjechen vieren nl. graag weekend, en bezoeken dan massaal de bekende plaatsen. We besluiten, om zijn raad op te volgen, en zetten koers naar een&nbsp;<a href=\"https:\/\/www.campercontact.com\/nl\/tsjechie\/zuid-bohemen\/frymburk\/19622\/camping-frymburk\" target=\"_blank\" rel=\"noreferrer noopener\">camping in Frymburk<\/a>&nbsp;aan het Lipnomeer, waar, ondanks de weekenddrukte en de nasleep van de Duitse Pinkstervakantie, nog wel een plaatsje op de achterste rij voor ons is. Maandag gaan we dan naar \u010cesk\u00fd Krumlov.<\/p>\n<\/div>\n<\/div>\n\n\n\n<div class=\"wp-block-columns is-layout-flex wp-container-core-columns-is-layout-9d6595d7 wp-block-columns-is-layout-flex\">\n<div class=\"wp-block-column is-layout-flow wp-block-column-is-layout-flow\" style=\"flex-basis:33.33%\"><\/div>\n\n\n\n<div class=\"wp-block-column is-layout-flow wp-block-column-is-layout-flow\" style=\"flex-basis:66.66%\">\n<p id=\"holasovice\">Onderweg bezoeken we Hola\u0161ovice, een dorp met boerderijen rond een brink, ook geplaatst op de lijst met Unesco-werelderfgoederen.<\/p>\n<\/div>\n<\/div>\n\n\n\n<div class=\"wp-block-columns is-layout-flex wp-container-core-columns-is-layout-9d6595d7 wp-block-columns-is-layout-flex\">\n<div class=\"wp-block-column is-layout-flow wp-block-column-is-layout-flow\">\n<figure class=\"wp-block-image size-full\"><a href=\"https:\/\/tedenloesopreis.nl\/wp-content\/uploads\/2023\/12\/IMG_6315-1024x768-1.jpeg\" target=\"_blank\" rel=\"noreferrer noopener\"><img loading=\"lazy\" decoding=\"async\" width=\"1024\" height=\"768\" src=\"https:\/\/tedenloesopreis.nl\/wp-content\/uploads\/2023\/12\/IMG_6315-1024x768-1.jpeg\" alt=\"\" class=\"wp-image-7749\" srcset=\"https:\/\/tedenloesopreis.nl\/wp-content\/uploads\/2023\/12\/IMG_6315-1024x768-1.jpeg 1024w, https:\/\/tedenloesopreis.nl\/wp-content\/uploads\/2023\/12\/IMG_6315-1024x768-1-300x225.jpeg 300w, https:\/\/tedenloesopreis.nl\/wp-content\/uploads\/2023\/12\/IMG_6315-1024x768-1-768x576.jpeg 768w\" sizes=\"auto, (max-width: 1024px) 100vw, 1024px\" \/><\/a><figcaption class=\"wp-element-caption\"><em>Hola\u0161ovice<\/em><\/figcaption><\/figure>\n<\/div>\n\n\n\n<div class=\"wp-block-column is-layout-flow wp-block-column-is-layout-flow\">\n<figure class=\"wp-block-image size-full\"><a href=\"https:\/\/tedenloesopreis.nl\/wp-content\/uploads\/2023\/12\/IMG_6316-1024x768-1.jpeg\" target=\"_blank\" rel=\"noreferrer noopener\"><img loading=\"lazy\" decoding=\"async\" width=\"1024\" height=\"768\" src=\"https:\/\/tedenloesopreis.nl\/wp-content\/uploads\/2023\/12\/IMG_6316-1024x768-1.jpeg\" alt=\"\" class=\"wp-image-7750\" srcset=\"https:\/\/tedenloesopreis.nl\/wp-content\/uploads\/2023\/12\/IMG_6316-1024x768-1.jpeg 1024w, https:\/\/tedenloesopreis.nl\/wp-content\/uploads\/2023\/12\/IMG_6316-1024x768-1-300x225.jpeg 300w, https:\/\/tedenloesopreis.nl\/wp-content\/uploads\/2023\/12\/IMG_6316-1024x768-1-768x576.jpeg 768w\" sizes=\"auto, (max-width: 1024px) 100vw, 1024px\" \/><\/a><figcaption class=\"wp-element-caption\"><em>Hola\u0161ovice<\/em><\/figcaption><\/figure>\n<\/div>\n\n\n\n<div class=\"wp-block-column is-layout-flow wp-block-column-is-layout-flow\">\n<figure class=\"wp-block-image size-full\"><a href=\"https:\/\/tedenloesopreis.nl\/wp-content\/uploads\/2023\/12\/IMG_6319-1024x768-1.jpeg\" target=\"_blank\" rel=\"noreferrer noopener\"><img loading=\"lazy\" decoding=\"async\" width=\"1024\" height=\"768\" src=\"https:\/\/tedenloesopreis.nl\/wp-content\/uploads\/2023\/12\/IMG_6319-1024x768-1.jpeg\" alt=\"\" class=\"wp-image-7751\" srcset=\"https:\/\/tedenloesopreis.nl\/wp-content\/uploads\/2023\/12\/IMG_6319-1024x768-1.jpeg 1024w, https:\/\/tedenloesopreis.nl\/wp-content\/uploads\/2023\/12\/IMG_6319-1024x768-1-300x225.jpeg 300w, https:\/\/tedenloesopreis.nl\/wp-content\/uploads\/2023\/12\/IMG_6319-1024x768-1-768x576.jpeg 768w\" sizes=\"auto, (max-width: 1024px) 100vw, 1024px\" \/><\/a><figcaption class=\"wp-element-caption\"><em>Hola\u0161ovice<\/em><\/figcaption><\/figure>\n<\/div>\n<\/div>\n\n\n\n<div style=\"height:35px\" aria-hidden=\"true\" class=\"wp-block-spacer\"><\/div>\n\n\n\n<div class=\"wp-block-columns is-layout-flex wp-container-core-columns-is-layout-9d6595d7 wp-block-columns-is-layout-flex\">\n<div class=\"wp-block-column is-layout-flow wp-block-column-is-layout-flow\">\n<p class=\"has-orange-background-color has-background\" id=\"dag29\"><\/p>\n<\/div>\n<\/div>\n\n\n\n<div class=\"wp-block-columns is-layout-flex wp-container-core-columns-is-layout-9d6595d7 wp-block-columns-is-layout-flex\">\n<div class=\"wp-block-column is-layout-flow wp-block-column-is-layout-flow\" style=\"flex-basis:33.33%\">\n<p><a href=\"#titel\">top<\/a><\/p>\n<\/div>\n\n\n\n<div class=\"wp-block-column is-layout-flow wp-block-column-is-layout-flow\" style=\"flex-basis:66.66%\">\n<p><strong>RUST<br><\/strong>dag 29 &nbsp; &nbsp;&nbsp; &nbsp;za 10 juni 2023<br>Frymburk&nbsp; &nbsp;  &nbsp; 0&nbsp;km<\/p>\n<\/div>\n<\/div>\n\n\n\n<div style=\"height:20px\" aria-hidden=\"true\" class=\"wp-block-spacer\"><\/div>\n\n\n\n<div class=\"wp-block-columns is-layout-flex wp-container-core-columns-is-layout-9d6595d7 wp-block-columns-is-layout-flex\">\n<div class=\"wp-block-column is-layout-flow wp-block-column-is-layout-flow\" style=\"flex-basis:33.33%\"><\/div>\n\n\n\n<div class=\"wp-block-column is-layout-flow wp-block-column-is-layout-flow\" style=\"flex-basis:66.66%\">\n<p>We doen vandaag helemaal niets, behalve boodschappen in het dorp. We herinneren ons nog goed, hoe het in Opatov ging, dus we gaan vroeg naar de winkel.<\/p>\n<\/div>\n<\/div>\n\n\n\n<div style=\"height:35px\" aria-hidden=\"true\" class=\"wp-block-spacer\"><\/div>\n\n\n\n<div class=\"wp-block-columns is-layout-flex wp-container-core-columns-is-layout-9d6595d7 wp-block-columns-is-layout-flex\">\n<div class=\"wp-block-column is-layout-flow wp-block-column-is-layout-flow\">\n<p class=\"has-orange-background-color has-background\" id=\"dag30\"><\/p>\n<\/div>\n<\/div>\n\n\n\n<div class=\"wp-block-columns is-layout-flex wp-container-core-columns-is-layout-9d6595d7 wp-block-columns-is-layout-flex\">\n<div class=\"wp-block-column is-layout-flow wp-block-column-is-layout-flow\" style=\"flex-basis:33.33%\">\n<p><a href=\"#titel\">top<\/a><\/p>\n<\/div>\n\n\n\n<div class=\"wp-block-column is-layout-flow wp-block-column-is-layout-flow\" style=\"flex-basis:66.66%\">\n<p><strong>RONDJE LIPNO<br><\/strong>dag 30 &nbsp; &nbsp;&nbsp; &nbsp;zo 11 juni 2023<br>Frymburk&nbsp; &nbsp; &nbsp;&nbsp; 0&nbsp;km<\/p>\n<\/div>\n<\/div>\n\n\n\n<div style=\"height:20px\" aria-hidden=\"true\" class=\"wp-block-spacer\"><\/div>\n\n\n\n<div class=\"wp-block-columns is-layout-flex wp-container-core-columns-is-layout-9d6595d7 wp-block-columns-is-layout-flex\">\n<div class=\"wp-block-column is-layout-flow wp-block-column-is-layout-flow\" style=\"flex-basis:33.33%\"><\/div>\n\n\n\n<div class=\"wp-block-column is-layout-flow wp-block-column-is-layout-flow\" style=\"flex-basis:66.66%\">\n<p>Vandaag fietsen we met prima weer, half bewolkt en 21\u00b0C, een bescheiden rondje om het Lipnomeer. We rijden via een prima fietspad, \u201croute 33\u201d, naar de veerstoep van Frymburk. De veerboot ligt al klaar, maar zal dat nog zo\u2019n 40 minuten volhouden, want hij vaart volgens een rustige dienstregeling. Er is gelukkig een ijscostalletje en er is ook nog een leeg bankje. We komen de tijd al likkend en kijkend prima door.<\/p>\n<\/div>\n<\/div>\n\n\n\n<div class=\"wp-block-columns is-layout-flex wp-container-core-columns-is-layout-9d6595d7 wp-block-columns-is-layout-flex\">\n<div class=\"wp-block-column is-layout-flow wp-block-column-is-layout-flow\"><\/div>\n\n\n\n<div class=\"wp-block-column is-layout-flow wp-block-column-is-layout-flow\">\n<figure class=\"wp-block-image size-full\"><a href=\"https:\/\/tedenloesopreis.nl\/wp-content\/uploads\/2023\/12\/IMG_6333-1024x768-1.jpeg\" target=\"_blank\" rel=\"noreferrer noopener\"><img loading=\"lazy\" decoding=\"async\" width=\"1024\" height=\"768\" src=\"https:\/\/tedenloesopreis.nl\/wp-content\/uploads\/2023\/12\/IMG_6333-1024x768-1.jpeg\" alt=\"\" class=\"wp-image-7754\" srcset=\"https:\/\/tedenloesopreis.nl\/wp-content\/uploads\/2023\/12\/IMG_6333-1024x768-1.jpeg 1024w, https:\/\/tedenloesopreis.nl\/wp-content\/uploads\/2023\/12\/IMG_6333-1024x768-1-300x225.jpeg 300w, https:\/\/tedenloesopreis.nl\/wp-content\/uploads\/2023\/12\/IMG_6333-1024x768-1-768x576.jpeg 768w\" sizes=\"auto, (max-width: 1024px) 100vw, 1024px\" \/><\/a><figcaption class=\"wp-element-caption\"><em>veerboot bij Frymburk<\/em><\/figcaption><\/figure>\n<\/div>\n\n\n\n<div class=\"wp-block-column is-layout-flow wp-block-column-is-layout-flow\">\n<figure class=\"wp-block-image size-full\"><a href=\"https:\/\/tedenloesopreis.nl\/wp-content\/uploads\/2023\/12\/IMG_6334-1024x768-1.jpeg\" target=\"_blank\" rel=\"noreferrer noopener\"><img loading=\"lazy\" decoding=\"async\" width=\"1024\" height=\"768\" src=\"https:\/\/tedenloesopreis.nl\/wp-content\/uploads\/2023\/12\/IMG_6334-1024x768-1.jpeg\" alt=\"\" class=\"wp-image-7755\" srcset=\"https:\/\/tedenloesopreis.nl\/wp-content\/uploads\/2023\/12\/IMG_6334-1024x768-1.jpeg 1024w, https:\/\/tedenloesopreis.nl\/wp-content\/uploads\/2023\/12\/IMG_6334-1024x768-1-300x225.jpeg 300w, https:\/\/tedenloesopreis.nl\/wp-content\/uploads\/2023\/12\/IMG_6334-1024x768-1-768x576.jpeg 768w\" sizes=\"auto, (max-width: 1024px) 100vw, 1024px\" \/><\/a><figcaption class=\"wp-element-caption\"><em>camping, gezien vanaf de veerstoep<\/em><\/figcaption><\/figure>\n<\/div>\n<\/div>\n\n\n\n<div class=\"wp-block-columns is-layout-flex wp-container-core-columns-is-layout-9d6595d7 wp-block-columns-is-layout-flex\">\n<div class=\"wp-block-column is-layout-flow wp-block-column-is-layout-flow\" style=\"flex-basis:33.33%\"><\/div>\n\n\n\n<div class=\"wp-block-column is-layout-flow wp-block-column-is-layout-flow\" style=\"flex-basis:66.66%\">\n<p>Aan de overkant slaan we linksaf, richting P\u0159edn\u00ed V\u00fdto\u0148. Tot dat plaatsje fietsen we op de \u201c16316\u201d, maar daar is gelukkig weinig gemotoriseerd verkeer. In P\u0159edn\u00ed V\u00fdto\u0148 begint \u201croute 33\u201d weer. We fietsen vlak langs het water naar de stuwdam waaraan het meer zijn bestaan dankt. Iets verder komen we bij Lipno nad Vitavou, het toeristische centrum van de streek met een jachthaven en een paar bescheiden sneeuwpistes. We leggen daar aan voor een versnapering. Nog een klein stukje verder, en we zijn weer in Frymburk.<\/p>\n<\/div>\n<\/div>\n\n\n\n<div class=\"wp-block-columns is-layout-flex wp-container-core-columns-is-layout-9d6595d7 wp-block-columns-is-layout-flex\">\n<div class=\"wp-block-column is-layout-flow wp-block-column-is-layout-flow\"><\/div>\n\n\n\n<div class=\"wp-block-column is-layout-flow wp-block-column-is-layout-flow\">\n<figure class=\"wp-block-image size-full\"><a href=\"https:\/\/tedenloesopreis.nl\/wp-content\/uploads\/2023\/12\/IMG_6340-1024x768-1.jpeg\" target=\"_blank\" rel=\"noreferrer noopener\"><img loading=\"lazy\" decoding=\"async\" width=\"1024\" height=\"768\" src=\"https:\/\/tedenloesopreis.nl\/wp-content\/uploads\/2023\/12\/IMG_6340-1024x768-1.jpeg\" alt=\"\" class=\"wp-image-7756\" srcset=\"https:\/\/tedenloesopreis.nl\/wp-content\/uploads\/2023\/12\/IMG_6340-1024x768-1.jpeg 1024w, https:\/\/tedenloesopreis.nl\/wp-content\/uploads\/2023\/12\/IMG_6340-1024x768-1-300x225.jpeg 300w, https:\/\/tedenloesopreis.nl\/wp-content\/uploads\/2023\/12\/IMG_6340-1024x768-1-768x576.jpeg 768w\" sizes=\"auto, (max-width: 1024px) 100vw, 1024px\" \/><\/a><figcaption class=\"wp-element-caption\"><em>Lipnomeer<\/em><\/figcaption><\/figure>\n<\/div>\n\n\n\n<div class=\"wp-block-column is-layout-flow wp-block-column-is-layout-flow\">\n<figure class=\"wp-block-image size-full\"><a href=\"https:\/\/tedenloesopreis.nl\/wp-content\/uploads\/2023\/12\/IMG_6346-1024x768-1.jpeg\" target=\"_blank\" rel=\"noreferrer noopener\"><img loading=\"lazy\" decoding=\"async\" width=\"1024\" height=\"768\" src=\"https:\/\/tedenloesopreis.nl\/wp-content\/uploads\/2023\/12\/IMG_6346-1024x768-1.jpeg\" alt=\"\" class=\"wp-image-7757\" srcset=\"https:\/\/tedenloesopreis.nl\/wp-content\/uploads\/2023\/12\/IMG_6346-1024x768-1.jpeg 1024w, https:\/\/tedenloesopreis.nl\/wp-content\/uploads\/2023\/12\/IMG_6346-1024x768-1-300x225.jpeg 300w, https:\/\/tedenloesopreis.nl\/wp-content\/uploads\/2023\/12\/IMG_6346-1024x768-1-768x576.jpeg 768w\" sizes=\"auto, (max-width: 1024px) 100vw, 1024px\" \/><\/a><figcaption class=\"wp-element-caption\"><em>Lipnomeer<\/em><\/figcaption><\/figure>\n<\/div>\n<\/div>\n\n\n\n<div style=\"height:35px\" aria-hidden=\"true\" class=\"wp-block-spacer\"><\/div>\n\n\n\n<div class=\"wp-block-columns is-layout-flex wp-container-core-columns-is-layout-9d6595d7 wp-block-columns-is-layout-flex\">\n<div class=\"wp-block-column is-layout-flow wp-block-column-is-layout-flow\">\n<p class=\"has-orange-background-color has-background\" id=\"dag31\"><\/p>\n<\/div>\n<\/div>\n\n\n\n<div class=\"wp-block-columns is-layout-flex wp-container-core-columns-is-layout-9d6595d7 wp-block-columns-is-layout-flex\">\n<div class=\"wp-block-column is-layout-flow wp-block-column-is-layout-flow\" style=\"flex-basis:33.33%\">\n<p><a href=\"#titel\">top<\/a><\/p>\n<\/div>\n\n\n\n<div class=\"wp-block-column is-layout-flow wp-block-column-is-layout-flow\" style=\"flex-basis:66.66%\">\n<p><strong>LEST BEST<br><\/strong>dag 31    &nbsp; &nbsp;ma 12 juni 2023<br><a href=\"https:\/\/www.google.com\/maps\/d\/edit?mid=1fbp0klLNQKG1j8lBDr4KX6ptBvDBsfY&amp;ll=48.73680851106783%2C14.1588778833008&amp;z=11\" target=\"_blank\" rel=\"noreferrer noopener\">Frymburk \u2013 Cesk\u00fd Krumlov<\/a>&nbsp;    &nbsp; 32&nbsp;km<\/p>\n<\/div>\n<\/div>\n\n\n\n<div style=\"height:20px\" aria-hidden=\"true\" class=\"wp-block-spacer\"><\/div>\n\n\n\n<div class=\"wp-block-columns is-layout-flex wp-container-core-columns-is-layout-9d6595d7 wp-block-columns-is-layout-flex\">\n<div class=\"wp-block-column is-layout-flow wp-block-column-is-layout-flow\" style=\"flex-basis:33.33%\"><\/div>\n\n\n\n<div class=\"wp-block-column is-layout-flow wp-block-column-is-layout-flow\" style=\"flex-basis:66.66%\">\n<p>We hebben het mooiste van Tsjechi\u00eb voor het laatst bewaard.<\/p>\n\n\n\n<p>We fietsen vandaag met wederom aangenaam weer (halfbewolkt 21\u00b0C) langs het riviertje Pole\u010dnice naar Cesk\u00fd Krumlov. Wat is dat een schitterend stadje.&nbsp;<\/p>\n\n\n\n<p>We gaan onder de Pl\u00e1\u0161\u0165ov\u00fd most (letterlijk: bruggebouw;een meerlaagse boogbrug met bebouwing) door en komen via de L\u00e1vka pod Z\u00e1mkem (letterlijk: brug onder het kasteel) in het prachtige oude centrum. Via schilderachtige straatjes rijden we naar het centrale plein. We fietsen door naar het Vyhl\u00eddka na \u010cesk\u00fd Krumlov (letterlijk: Gezicht op \u010cesk\u00fd Krumlov) waar we een een mooi uitzicht hebben over een deel van het stadje.&nbsp;<\/p>\n<\/div>\n<\/div>\n\n\n\n<div class=\"wp-block-columns is-layout-flex wp-container-core-columns-is-layout-9d6595d7 wp-block-columns-is-layout-flex\">\n<div class=\"wp-block-column is-layout-flow wp-block-column-is-layout-flow\">\n<figure class=\"wp-block-image size-full\"><a href=\"https:\/\/tedenloesopreis.nl\/wp-content\/uploads\/2023\/12\/IMG_6347-1024x768-1.jpeg\" target=\"_blank\" rel=\"noreferrer noopener\"><img loading=\"lazy\" decoding=\"async\" width=\"1024\" height=\"768\" src=\"https:\/\/tedenloesopreis.nl\/wp-content\/uploads\/2023\/12\/IMG_6347-1024x768-1.jpeg\" alt=\"\" class=\"wp-image-7759\" srcset=\"https:\/\/tedenloesopreis.nl\/wp-content\/uploads\/2023\/12\/IMG_6347-1024x768-1.jpeg 1024w, https:\/\/tedenloesopreis.nl\/wp-content\/uploads\/2023\/12\/IMG_6347-1024x768-1-300x225.jpeg 300w, https:\/\/tedenloesopreis.nl\/wp-content\/uploads\/2023\/12\/IMG_6347-1024x768-1-768x576.jpeg 768w\" sizes=\"auto, (max-width: 1024px) 100vw, 1024px\" \/><\/a><figcaption class=\"wp-element-caption\"><em>bruggebouw<\/em><\/figcaption><\/figure>\n<\/div>\n\n\n\n<div class=\"wp-block-column is-layout-flow wp-block-column-is-layout-flow\">\n<figure class=\"wp-block-image size-full\"><a href=\"https:\/\/tedenloesopreis.nl\/wp-content\/uploads\/2023\/12\/IMG_6351-1024x768-1.jpeg\" target=\"_blank\" rel=\"noreferrer noopener\"><img loading=\"lazy\" decoding=\"async\" width=\"1024\" height=\"768\" src=\"https:\/\/tedenloesopreis.nl\/wp-content\/uploads\/2023\/12\/IMG_6351-1024x768-1.jpeg\" alt=\"\" class=\"wp-image-7760\" srcset=\"https:\/\/tedenloesopreis.nl\/wp-content\/uploads\/2023\/12\/IMG_6351-1024x768-1.jpeg 1024w, https:\/\/tedenloesopreis.nl\/wp-content\/uploads\/2023\/12\/IMG_6351-1024x768-1-300x225.jpeg 300w, https:\/\/tedenloesopreis.nl\/wp-content\/uploads\/2023\/12\/IMG_6351-1024x768-1-768x576.jpeg 768w\" sizes=\"auto, (max-width: 1024px) 100vw, 1024px\" \/><\/a><figcaption class=\"wp-element-caption\"><em>brug onder het kasteel<\/em><\/figcaption><\/figure>\n<\/div>\n\n\n\n<div class=\"wp-block-column is-layout-flow wp-block-column-is-layout-flow\">\n<figure class=\"wp-block-image size-full\"><a href=\"https:\/\/tedenloesopreis.nl\/wp-content\/uploads\/2023\/12\/IMG_6353-1024x768-1.jpeg\" target=\"_blank\" rel=\"noreferrer noopener\"><img loading=\"lazy\" decoding=\"async\" width=\"1024\" height=\"768\" src=\"https:\/\/tedenloesopreis.nl\/wp-content\/uploads\/2023\/12\/IMG_6353-1024x768-1.jpeg\" alt=\"\" class=\"wp-image-7761\" srcset=\"https:\/\/tedenloesopreis.nl\/wp-content\/uploads\/2023\/12\/IMG_6353-1024x768-1.jpeg 1024w, https:\/\/tedenloesopreis.nl\/wp-content\/uploads\/2023\/12\/IMG_6353-1024x768-1-300x225.jpeg 300w, https:\/\/tedenloesopreis.nl\/wp-content\/uploads\/2023\/12\/IMG_6353-1024x768-1-768x576.jpeg 768w\" sizes=\"auto, (max-width: 1024px) 100vw, 1024px\" \/><\/a><figcaption class=\"wp-element-caption\"><em>schilderachtig straatje<\/em><\/figcaption><\/figure>\n<\/div>\n<\/div>\n\n\n\n<div class=\"wp-block-columns is-layout-flex wp-container-core-columns-is-layout-9d6595d7 wp-block-columns-is-layout-flex\">\n<div class=\"wp-block-column is-layout-flow wp-block-column-is-layout-flow\">\n<figure class=\"wp-block-image size-full\"><a href=\"https:\/\/tedenloesopreis.nl\/wp-content\/uploads\/2023\/12\/IMG_6354-1024x768-1.jpeg\" target=\"_blank\" rel=\"noreferrer noopener\"><img loading=\"lazy\" decoding=\"async\" width=\"1024\" height=\"768\" src=\"https:\/\/tedenloesopreis.nl\/wp-content\/uploads\/2023\/12\/IMG_6354-1024x768-1.jpeg\" alt=\"\" class=\"wp-image-7762\" srcset=\"https:\/\/tedenloesopreis.nl\/wp-content\/uploads\/2023\/12\/IMG_6354-1024x768-1.jpeg 1024w, https:\/\/tedenloesopreis.nl\/wp-content\/uploads\/2023\/12\/IMG_6354-1024x768-1-300x225.jpeg 300w, https:\/\/tedenloesopreis.nl\/wp-content\/uploads\/2023\/12\/IMG_6354-1024x768-1-768x576.jpeg 768w\" sizes=\"auto, (max-width: 1024px) 100vw, 1024px\" \/><\/a><figcaption class=\"wp-element-caption\"><em>schilderachtig straatje<\/em><\/figcaption><\/figure>\n<\/div>\n\n\n\n<div class=\"wp-block-column is-layout-flow wp-block-column-is-layout-flow\">\n<figure class=\"wp-block-image size-full\"><a href=\"https:\/\/tedenloesopreis.nl\/wp-content\/uploads\/2023\/12\/IMG_6355-1024x768-1.jpeg\" target=\"_blank\" rel=\"noreferrer noopener\"><img loading=\"lazy\" decoding=\"async\" width=\"1024\" height=\"768\" src=\"https:\/\/tedenloesopreis.nl\/wp-content\/uploads\/2023\/12\/IMG_6355-1024x768-1.jpeg\" alt=\"\" class=\"wp-image-7763\" srcset=\"https:\/\/tedenloesopreis.nl\/wp-content\/uploads\/2023\/12\/IMG_6355-1024x768-1.jpeg 1024w, https:\/\/tedenloesopreis.nl\/wp-content\/uploads\/2023\/12\/IMG_6355-1024x768-1-300x225.jpeg 300w, https:\/\/tedenloesopreis.nl\/wp-content\/uploads\/2023\/12\/IMG_6355-1024x768-1-768x576.jpeg 768w\" sizes=\"auto, (max-width: 1024px) 100vw, 1024px\" \/><\/a><figcaption class=\"wp-element-caption\"><em>centrale plein<\/em><\/figcaption><\/figure>\n<\/div>\n\n\n\n<div class=\"wp-block-column is-layout-flow wp-block-column-is-layout-flow\">\n<figure class=\"wp-block-image size-full\"><a href=\"https:\/\/tedenloesopreis.nl\/wp-content\/uploads\/2023\/12\/IMG_6358-1024x768-1.jpeg\" target=\"_blank\" rel=\"noreferrer noopener\"><img loading=\"lazy\" decoding=\"async\" width=\"1024\" height=\"768\" src=\"https:\/\/tedenloesopreis.nl\/wp-content\/uploads\/2023\/12\/IMG_6358-1024x768-1.jpeg\" alt=\"\" class=\"wp-image-7764\" srcset=\"https:\/\/tedenloesopreis.nl\/wp-content\/uploads\/2023\/12\/IMG_6358-1024x768-1.jpeg 1024w, https:\/\/tedenloesopreis.nl\/wp-content\/uploads\/2023\/12\/IMG_6358-1024x768-1-300x225.jpeg 300w, https:\/\/tedenloesopreis.nl\/wp-content\/uploads\/2023\/12\/IMG_6358-1024x768-1-768x576.jpeg 768w\" sizes=\"auto, (max-width: 1024px) 100vw, 1024px\" \/><\/a><figcaption class=\"wp-element-caption\"><em>gezicht op \u010cesk\u00fd Krumlov<\/em><\/figcaption><\/figure>\n<\/div>\n<\/div>\n\n\n\n<div class=\"wp-block-columns is-layout-flex wp-container-core-columns-is-layout-9d6595d7 wp-block-columns-is-layout-flex\">\n<div class=\"wp-block-column is-layout-flow wp-block-column-is-layout-flow\" style=\"flex-basis:33.33%\"><\/div>\n\n\n\n<div class=\"wp-block-column is-layout-flow wp-block-column-is-layout-flow\" style=\"flex-basis:66.66%\">\n<p>We zien mensen op de Pl\u00e1\u0161\u0165ov\u00fd most, en zoeken uit, hoe je daar kunt komen. Welnu, via de D\u016fln\u00ed, een steil, smal straatje, komen we er (met de kleinste versnelling en met maximale ondersteuning). Je hebt er een schitterend uitzicht op het stadje, en op de bocht in de Moldau, die Cesk\u00fd Krumlov als het ware omarmt. Een Nederlandse mevrouw biedt aan, om een foto van ons te maken, en zo ontstaat de eerste bemande foto van deze reis.<\/p>\n<\/div>\n<\/div>\n\n\n\n<div class=\"wp-block-columns is-layout-flex wp-container-core-columns-is-layout-9d6595d7 wp-block-columns-is-layout-flex\">\n<div class=\"wp-block-column is-layout-flow wp-block-column-is-layout-flow\">\n<figure class=\"wp-block-image size-full\"><a href=\"https:\/\/tedenloesopreis.nl\/wp-content\/uploads\/2023\/12\/IMG_6361-1024x768-1.jpeg\" target=\"_blank\" rel=\"noreferrer noopener\"><img loading=\"lazy\" decoding=\"async\" width=\"1024\" height=\"768\" src=\"https:\/\/tedenloesopreis.nl\/wp-content\/uploads\/2023\/12\/IMG_6361-1024x768-1.jpeg\" alt=\"\" class=\"wp-image-7765\" srcset=\"https:\/\/tedenloesopreis.nl\/wp-content\/uploads\/2023\/12\/IMG_6361-1024x768-1.jpeg 1024w, https:\/\/tedenloesopreis.nl\/wp-content\/uploads\/2023\/12\/IMG_6361-1024x768-1-300x225.jpeg 300w, https:\/\/tedenloesopreis.nl\/wp-content\/uploads\/2023\/12\/IMG_6361-1024x768-1-768x576.jpeg 768w\" sizes=\"auto, (max-width: 1024px) 100vw, 1024px\" \/><\/a><figcaption class=\"wp-element-caption\"><em>linkerbocht Moldau<\/em><\/figcaption><\/figure>\n<\/div>\n\n\n\n<div class=\"wp-block-column is-layout-flow wp-block-column-is-layout-flow\">\n<figure class=\"wp-block-image size-full\"><a href=\"https:\/\/tedenloesopreis.nl\/wp-content\/uploads\/2023\/12\/IMG_6365-1024x768-1.jpeg\" target=\"_blank\" rel=\"noreferrer noopener\"><img loading=\"lazy\" decoding=\"async\" width=\"1024\" height=\"768\" src=\"https:\/\/tedenloesopreis.nl\/wp-content\/uploads\/2023\/12\/IMG_6365-1024x768-1.jpeg\" alt=\"\" class=\"wp-image-7766\" srcset=\"https:\/\/tedenloesopreis.nl\/wp-content\/uploads\/2023\/12\/IMG_6365-1024x768-1.jpeg 1024w, https:\/\/tedenloesopreis.nl\/wp-content\/uploads\/2023\/12\/IMG_6365-1024x768-1-300x225.jpeg 300w, https:\/\/tedenloesopreis.nl\/wp-content\/uploads\/2023\/12\/IMG_6365-1024x768-1-768x576.jpeg 768w\" sizes=\"auto, (max-width: 1024px) 100vw, 1024px\" \/><\/a><figcaption class=\"wp-element-caption\"><em>rechterbocht Moldau<\/em><\/figcaption><\/figure>\n<\/div>\n\n\n\n<div class=\"wp-block-column is-layout-flow wp-block-column-is-layout-flow\">\n<figure class=\"wp-block-image size-full\"><a href=\"https:\/\/tedenloesopreis.nl\/wp-content\/uploads\/2023\/12\/IMG_6362-1-1024x768-2.jpeg\" target=\"_blank\" rel=\"noreferrer noopener\"><img loading=\"lazy\" decoding=\"async\" width=\"1024\" height=\"768\" src=\"https:\/\/tedenloesopreis.nl\/wp-content\/uploads\/2023\/12\/IMG_6362-1-1024x768-2.jpeg\" alt=\"\" class=\"wp-image-7767\" srcset=\"https:\/\/tedenloesopreis.nl\/wp-content\/uploads\/2023\/12\/IMG_6362-1-1024x768-2.jpeg 1024w, https:\/\/tedenloesopreis.nl\/wp-content\/uploads\/2023\/12\/IMG_6362-1-1024x768-2-300x225.jpeg 300w, https:\/\/tedenloesopreis.nl\/wp-content\/uploads\/2023\/12\/IMG_6362-1-1024x768-2-768x576.jpeg 768w\" sizes=\"auto, (max-width: 1024px) 100vw, 1024px\" \/><\/a><figcaption class=\"wp-element-caption\"><em>bemande foto<\/em><\/figcaption><\/figure>\n<\/div>\n<\/div>\n\n\n\n<div class=\"wp-block-columns is-layout-flex wp-container-core-columns-is-layout-9d6595d7 wp-block-columns-is-layout-flex\">\n<div class=\"wp-block-column is-layout-flow wp-block-column-is-layout-flow\" style=\"flex-basis:33.33%\"><\/div>\n\n\n\n<div class=\"wp-block-column is-layout-flow wp-block-column-is-layout-flow\" style=\"flex-basis:66.66%\">\n<p>De&nbsp;<a href=\"https:\/\/www.campercontact.com\/nl\/tsjechie\/zuid-bohemen\/kajov\/100481\/camping-fox-\" target=\"_blank\" rel=\"noreferrer noopener\">camping<\/a>&nbsp;van vandaag is een beetje rommelig qua organisatie. Ze zijn vooral ingericht voor de ontvangst van grote groepen. Passanten mogen natuurlijk ook overnachten. Er is voor de passanten maar \u00e9\u00e9n douche, en geen openbare kraan of wasbak, want het water zou onbetrouwbaar zijn, zo zei de beheerder.<\/p>\n<\/div>\n<\/div>\n\n\n\n<div class=\"wp-block-columns is-layout-flex wp-container-core-columns-is-layout-9d6595d7 wp-block-columns-is-layout-flex\">\n<div class=\"wp-block-column is-layout-flow wp-block-column-is-layout-flow\">\n<figure class=\"wp-block-image size-full\"><a href=\"https:\/\/tedenloesopreis.nl\/wp-content\/uploads\/2023\/12\/IMG_6369-1024x768-1.jpeg\" target=\"_blank\" rel=\"noreferrer noopener\"><img loading=\"lazy\" decoding=\"async\" width=\"1024\" height=\"768\" src=\"https:\/\/tedenloesopreis.nl\/wp-content\/uploads\/2023\/12\/IMG_6369-1024x768-1.jpeg\" alt=\"\" class=\"wp-image-7768\" srcset=\"https:\/\/tedenloesopreis.nl\/wp-content\/uploads\/2023\/12\/IMG_6369-1024x768-1.jpeg 1024w, https:\/\/tedenloesopreis.nl\/wp-content\/uploads\/2023\/12\/IMG_6369-1024x768-1-300x225.jpeg 300w, https:\/\/tedenloesopreis.nl\/wp-content\/uploads\/2023\/12\/IMG_6369-1024x768-1-768x576.jpeg 768w\" sizes=\"auto, (max-width: 1024px) 100vw, 1024px\" \/><\/a><figcaption class=\"wp-element-caption\"><em>camping bij Cesk\u00fd Krumlov<\/em><\/figcaption><\/figure>\n<\/div>\n\n\n\n<div class=\"wp-block-column is-layout-flow wp-block-column-is-layout-flow\">\n<figure class=\"wp-block-image size-full\"><a href=\"https:\/\/tedenloesopreis.nl\/wp-content\/uploads\/2023\/12\/IMG_6371-1024x768-1.jpeg\" target=\"_blank\" rel=\"noreferrer noopener\"><img loading=\"lazy\" decoding=\"async\" width=\"1024\" height=\"768\" src=\"https:\/\/tedenloesopreis.nl\/wp-content\/uploads\/2023\/12\/IMG_6371-1024x768-1.jpeg\" alt=\"\" class=\"wp-image-7769\" srcset=\"https:\/\/tedenloesopreis.nl\/wp-content\/uploads\/2023\/12\/IMG_6371-1024x768-1.jpeg 1024w, https:\/\/tedenloesopreis.nl\/wp-content\/uploads\/2023\/12\/IMG_6371-1024x768-1-300x225.jpeg 300w, https:\/\/tedenloesopreis.nl\/wp-content\/uploads\/2023\/12\/IMG_6371-1024x768-1-768x576.jpeg 768w\" sizes=\"auto, (max-width: 1024px) 100vw, 1024px\" \/><\/a><figcaption class=\"wp-element-caption\"><em>camping bij Cesk\u00fd Krumlov<\/em><\/figcaption><\/figure>\n<\/div>\n\n\n\n<div class=\"wp-block-column is-layout-flow wp-block-column-is-layout-flow\">\n<figure class=\"wp-block-image size-full\"><a href=\"https:\/\/tedenloesopreis.nl\/wp-content\/uploads\/2023\/12\/IMG_6370-1024x768-1.jpeg\" target=\"_blank\" rel=\"noreferrer noopener\"><img loading=\"lazy\" decoding=\"async\" width=\"1024\" height=\"768\" src=\"https:\/\/tedenloesopreis.nl\/wp-content\/uploads\/2023\/12\/IMG_6370-1024x768-1.jpeg\" alt=\"\" class=\"wp-image-7770\" srcset=\"https:\/\/tedenloesopreis.nl\/wp-content\/uploads\/2023\/12\/IMG_6370-1024x768-1.jpeg 1024w, https:\/\/tedenloesopreis.nl\/wp-content\/uploads\/2023\/12\/IMG_6370-1024x768-1-300x225.jpeg 300w, https:\/\/tedenloesopreis.nl\/wp-content\/uploads\/2023\/12\/IMG_6370-1024x768-1-768x576.jpeg 768w\" sizes=\"auto, (max-width: 1024px) 100vw, 1024px\" \/><\/a><figcaption class=\"wp-element-caption\"><em>camping bij Cesk\u00fd Krumlov<\/em><\/figcaption><\/figure>\n<\/div>\n<\/div>\n\n\n\n<div style=\"height:35px\" aria-hidden=\"true\" class=\"wp-block-spacer\"><\/div>\n\n\n\n<div class=\"wp-block-columns is-layout-flex wp-container-core-columns-is-layout-9d6595d7 wp-block-columns-is-layout-flex\">\n<div class=\"wp-block-column is-layout-flow wp-block-column-is-layout-flow\">\n<p class=\"has-orange-background-color has-background\" id=\"dag32\"><\/p>\n<\/div>\n<\/div>\n\n\n\n<div class=\"wp-block-columns is-layout-flex wp-container-core-columns-is-layout-9d6595d7 wp-block-columns-is-layout-flex\">\n<div class=\"wp-block-column is-layout-flow wp-block-column-is-layout-flow\" style=\"flex-basis:33.33%\">\n<p><a href=\"#titel\">top<\/a><\/p>\n<\/div>\n\n\n\n<div class=\"wp-block-column is-layout-flow wp-block-column-is-layout-flow\" style=\"flex-basis:66.66%\">\n<p><strong>NAAR DE DONAU<br><\/strong>dag 32 &nbsp;  &nbsp;di 13 juni 2023<br><a href=\"https:\/\/www.google.com\/maps\/d\/edit?mid=17u7QPPEacPfLktBc_Jyh2qjmETIBcNc&amp;ll=48.533501363863024%2C14.31316237905908&amp;z=9\" target=\"_blank\" rel=\"noreferrer noopener\">Cesk\u00fd Krumlov \u2013 Au an der Donau<\/a>&nbsp;  &nbsp; 93&nbsp;km<\/p>\n<\/div>\n<\/div>\n\n\n\n<div style=\"height:20px\" aria-hidden=\"true\" class=\"wp-block-spacer\"><\/div>\n\n\n\n<div class=\"wp-block-columns is-layout-flex wp-container-core-columns-is-layout-9d6595d7 wp-block-columns-is-layout-flex\">\n<div class=\"wp-block-column is-vertically-aligned-bottom is-layout-flow wp-block-column-is-layout-flow\" style=\"flex-basis:33.33%\">\n<figure class=\"wp-block-image size-full\"><a href=\"https:\/\/tedenloesopreis.nl\/wp-content\/uploads\/2023\/12\/IMG_6375-1024x768-1.jpeg\" target=\"_blank\" rel=\"noreferrer noopener\"><img loading=\"lazy\" decoding=\"async\" width=\"1024\" height=\"768\" src=\"https:\/\/tedenloesopreis.nl\/wp-content\/uploads\/2023\/12\/IMG_6375-1024x768-1.jpeg\" alt=\"\" class=\"wp-image-7772\" srcset=\"https:\/\/tedenloesopreis.nl\/wp-content\/uploads\/2023\/12\/IMG_6375-1024x768-1.jpeg 1024w, https:\/\/tedenloesopreis.nl\/wp-content\/uploads\/2023\/12\/IMG_6375-1024x768-1-300x225.jpeg 300w, https:\/\/tedenloesopreis.nl\/wp-content\/uploads\/2023\/12\/IMG_6375-1024x768-1-768x576.jpeg 768w\" sizes=\"auto, (max-width: 1024px) 100vw, 1024px\" \/><\/a><figcaption class=\"wp-element-caption\"><em>camping Au an der Donau<\/em><\/figcaption><\/figure>\n<\/div>\n\n\n\n<div class=\"wp-block-column is-layout-flow wp-block-column-is-layout-flow\" style=\"flex-basis:66.66%\">\n<p>We verlaten vandaag Tsjechi\u00eb. Via Kaplice en Freistadt rijden we naar Au an der Donau.&nbsp;<\/p>\n\n\n\n<p>We laten de culturele pareltjes achter ons, maar ook de vaak onverstaanbare en onleesbare omgeving (Google Translate heeft het druk gehad, maar bleef ook regelmatig het antwoord schuldig) en de soms ietwat rommelige campings.&nbsp;<\/p>\n\n\n\n<p>We staan nu op de&nbsp;<a href=\"https:\/\/www.campercontact.com\/nl\/oostenrijk\/opper-oostenrijk\/au-an-der-donau\/12118\/camping\" target=\"_blank\" rel=\"noreferrer noopener\">camping<\/a>&nbsp;waar Ted in 2012 zijn enkel brak. Het was toen al een camping met goede voorzieningen, en met het nieuwe sanitairgebouw is het nog beter geworden. Morgen zetten we de wasmachine aan het werk.&nbsp;<\/p>\n<\/div>\n<\/div>\n\n\n\n<div style=\"height:35px\" aria-hidden=\"true\" class=\"wp-block-spacer\"><\/div>\n\n\n\n<div class=\"wp-block-columns is-layout-flex wp-container-core-columns-is-layout-9d6595d7 wp-block-columns-is-layout-flex\">\n<div class=\"wp-block-column is-layout-flow wp-block-column-is-layout-flow\">\n<p class=\"has-orange-background-color has-background\" id=\"dag33\"><\/p>\n<\/div>\n<\/div>\n\n\n\n<div class=\"wp-block-columns is-layout-flex wp-container-core-columns-is-layout-9d6595d7 wp-block-columns-is-layout-flex\">\n<div class=\"wp-block-column is-layout-flow wp-block-column-is-layout-flow\" style=\"flex-basis:33.33%\">\n<p><a href=\"#titel\">top<\/a><\/p>\n<\/div>\n\n\n\n<div class=\"wp-block-column is-layout-flow wp-block-column-is-layout-flow\" style=\"flex-basis:66.66%\">\n<p><strong>RUST<\/strong><br>dag 33 &nbsp;  &nbsp; &nbsp;wo 14 juni 2023<br>Au an der Donau&nbsp; &nbsp;  &nbsp; 0&nbsp;km<\/p>\n<\/div>\n<\/div>\n\n\n\n<div style=\"height:20px\" aria-hidden=\"true\" class=\"wp-block-spacer\"><\/div>\n\n\n\n<div class=\"wp-block-columns is-layout-flex wp-container-core-columns-is-layout-9d6595d7 wp-block-columns-is-layout-flex\">\n<div class=\"wp-block-column is-layout-flow wp-block-column-is-layout-flow\" style=\"flex-basis:33.33%\"><\/div>\n\n\n\n<div class=\"wp-block-column is-layout-flow wp-block-column-is-layout-flow\" style=\"flex-basis:66.66%\">\n<p>We doen vandaag helemaal niets, behalve wat wasjes en wat boodschappen in Mauthausen.<\/p>\n<\/div>\n<\/div>\n\n\n\n<div style=\"height:35px\" aria-hidden=\"true\" class=\"wp-block-spacer\"><\/div>\n\n\n\n<div class=\"wp-block-columns is-layout-flex wp-container-core-columns-is-layout-9d6595d7 wp-block-columns-is-layout-flex\">\n<div class=\"wp-block-column is-layout-flow wp-block-column-is-layout-flow\">\n<p class=\"has-orange-background-color has-background\" id=\"dag34\"><\/p>\n<\/div>\n<\/div>\n\n\n\n<div class=\"wp-block-columns is-layout-flex wp-container-core-columns-is-layout-9d6595d7 wp-block-columns-is-layout-flex\">\n<div class=\"wp-block-column is-layout-flow wp-block-column-is-layout-flow\" style=\"flex-basis:33.33%\">\n<p><a href=\"#titel\">top<\/a><\/p>\n<\/div>\n\n\n\n<div class=\"wp-block-column is-layout-flow wp-block-column-is-layout-flow\" style=\"flex-basis:66.66%\">\n<p><strong>OM MAAR NIET TE VERGETEN<br><\/strong>dag 34 &nbsp; &nbsp;&nbsp; &nbsp;do 15 juni 2023<br>Au an der Donau&nbsp; &nbsp;&nbsp; &nbsp; 0&nbsp;km<\/p>\n<\/div>\n<\/div>\n\n\n\n<div style=\"height:20px\" aria-hidden=\"true\" class=\"wp-block-spacer\"><\/div>\n\n\n\n<div class=\"wp-block-columns is-layout-flex wp-container-core-columns-is-layout-9d6595d7 wp-block-columns-is-layout-flex\">\n<div class=\"wp-block-column is-layout-flow wp-block-column-is-layout-flow\" style=\"flex-basis:33.33%\"><\/div>\n\n\n\n<div class=\"wp-block-column is-layout-flow wp-block-column-is-layout-flow\" style=\"flex-basis:66.66%\">\n<p>We fietsen vandaag naar het voormalige concentratiekamp Mauthausen. In 2012 was het, met gewone fietsen, nog behoorlijk afzien op die helling van 14%, nu is het met ondersteuning een stuk aangenamer.<\/p>\n<\/div>\n<\/div>\n\n\n\n<div class=\"wp-block-columns is-layout-flex wp-container-core-columns-is-layout-9d6595d7 wp-block-columns-is-layout-flex\">\n<div class=\"wp-block-column is-layout-flow wp-block-column-is-layout-flow\"><\/div>\n\n\n\n<div class=\"wp-block-column is-layout-flow wp-block-column-is-layout-flow\">\n<figure class=\"wp-block-image size-full\"><a href=\"https:\/\/tedenloesopreis.nl\/wp-content\/uploads\/2023\/12\/IMG_6376-1024x490-1.jpeg\" target=\"_blank\" rel=\"noreferrer noopener\"><img loading=\"lazy\" decoding=\"async\" width=\"1024\" height=\"490\" src=\"https:\/\/tedenloesopreis.nl\/wp-content\/uploads\/2023\/12\/IMG_6376-1024x490-1.jpeg\" alt=\"\" class=\"wp-image-7775\" srcset=\"https:\/\/tedenloesopreis.nl\/wp-content\/uploads\/2023\/12\/IMG_6376-1024x490-1.jpeg 1024w, https:\/\/tedenloesopreis.nl\/wp-content\/uploads\/2023\/12\/IMG_6376-1024x490-1-300x144.jpeg 300w, https:\/\/tedenloesopreis.nl\/wp-content\/uploads\/2023\/12\/IMG_6376-1024x490-1-768x368.jpeg 768w\" sizes=\"auto, (max-width: 1024px) 100vw, 1024px\" \/><\/a><figcaption class=\"wp-element-caption\"><em>gezicht op Mauthausen<\/em><\/figcaption><\/figure>\n<\/div>\n\n\n\n<div class=\"wp-block-column is-layout-flow wp-block-column-is-layout-flow\">\n<figure class=\"wp-block-image size-full\"><a href=\"https:\/\/tedenloesopreis.nl\/wp-content\/uploads\/2023\/12\/IMG_6377-1024x489-1.jpeg\" target=\"_blank\" rel=\"noreferrer noopener\"><img loading=\"lazy\" decoding=\"async\" width=\"1024\" height=\"489\" src=\"https:\/\/tedenloesopreis.nl\/wp-content\/uploads\/2023\/12\/IMG_6377-1024x489-1.jpeg\" alt=\"\" class=\"wp-image-7776\" srcset=\"https:\/\/tedenloesopreis.nl\/wp-content\/uploads\/2023\/12\/IMG_6377-1024x489-1.jpeg 1024w, https:\/\/tedenloesopreis.nl\/wp-content\/uploads\/2023\/12\/IMG_6377-1024x489-1-300x143.jpeg 300w, https:\/\/tedenloesopreis.nl\/wp-content\/uploads\/2023\/12\/IMG_6377-1024x489-1-768x367.jpeg 768w\" sizes=\"auto, (max-width: 1024px) 100vw, 1024px\" \/><\/a><figcaption class=\"wp-element-caption\"><em>gezicht op Mauthausen<\/em><\/figcaption><\/figure>\n<\/div>\n<\/div>\n\n\n\n<div class=\"wp-block-columns is-layout-flex wp-container-core-columns-is-layout-9d6595d7 wp-block-columns-is-layout-flex\">\n<div class=\"wp-block-column is-layout-flow wp-block-column-is-layout-flow\"><\/div>\n\n\n\n<div class=\"wp-block-column is-layout-flow wp-block-column-is-layout-flow\">\n<figure class=\"wp-block-image size-full\"><a href=\"https:\/\/tedenloesopreis.nl\/wp-content\/uploads\/2023\/12\/IMG_6378-1024x768-1.jpeg\" target=\"_blank\" rel=\"noreferrer noopener\"><img loading=\"lazy\" decoding=\"async\" width=\"1024\" height=\"768\" src=\"https:\/\/tedenloesopreis.nl\/wp-content\/uploads\/2023\/12\/IMG_6378-1024x768-1.jpeg\" alt=\"\" class=\"wp-image-7777\" srcset=\"https:\/\/tedenloesopreis.nl\/wp-content\/uploads\/2023\/12\/IMG_6378-1024x768-1.jpeg 1024w, https:\/\/tedenloesopreis.nl\/wp-content\/uploads\/2023\/12\/IMG_6378-1024x768-1-300x225.jpeg 300w, https:\/\/tedenloesopreis.nl\/wp-content\/uploads\/2023\/12\/IMG_6378-1024x768-1-768x576.jpeg 768w\" sizes=\"auto, (max-width: 1024px) 100vw, 1024px\" \/><\/a><figcaption class=\"wp-element-caption\"><em>de poort van Mauthausen<\/em><\/figcaption><\/figure>\n<\/div>\n\n\n\n<div class=\"wp-block-column is-layout-flow wp-block-column-is-layout-flow\">\n<figure class=\"wp-block-image size-full\"><a href=\"https:\/\/tedenloesopreis.nl\/wp-content\/uploads\/2023\/12\/IMG_6387-1024x768-1.jpeg\" target=\"_blank\" rel=\"noreferrer noopener\"><img loading=\"lazy\" decoding=\"async\" width=\"1024\" height=\"768\" src=\"https:\/\/tedenloesopreis.nl\/wp-content\/uploads\/2023\/12\/IMG_6387-1024x768-1.jpeg\" alt=\"\" class=\"wp-image-7778\" srcset=\"https:\/\/tedenloesopreis.nl\/wp-content\/uploads\/2023\/12\/IMG_6387-1024x768-1.jpeg 1024w, https:\/\/tedenloesopreis.nl\/wp-content\/uploads\/2023\/12\/IMG_6387-1024x768-1-300x225.jpeg 300w, https:\/\/tedenloesopreis.nl\/wp-content\/uploads\/2023\/12\/IMG_6387-1024x768-1-768x576.jpeg 768w\" sizes=\"auto, (max-width: 1024px) 100vw, 1024px\" \/><\/a><figcaption class=\"wp-element-caption\"><em>naast de poort: het SS-zwembad<\/em><\/figcaption><\/figure>\n<\/div>\n<\/div>\n\n\n\n<div class=\"wp-block-columns is-layout-flex wp-container-core-columns-is-layout-9d6595d7 wp-block-columns-is-layout-flex\">\n<div class=\"wp-block-column is-layout-flow wp-block-column-is-layout-flow\" style=\"flex-basis:33.33%\"><\/div>\n\n\n\n<div class=\"wp-block-column is-layout-flow wp-block-column-is-layout-flow\" style=\"flex-basis:66.66%\">\n<p>Alhoewel KZ Mauthausen geen vernietigingskamp was, zoals Auschwitz, zijn er toch de nodige slachtoffers gevallen onder de ge\u00efnterneerden, vooral Russische krijgsgevangenen en politieke gevangenen. In totaal is ongeveer de helft van de 200.000 gevangenen overleden. Velen stierven aan uitputting door het zware werk in de steengroeve. Ook dysenterie was een belangrijke doodsoorzaak. Er zijn daarnaast ook gevangenen terechtgesteld, waarvan ongeveer 3500 in een gaskamer. Deze gaskamer, een kleintje maar, is nog aanwezig, een unicum, want meestal werden ze door de Duitsers bij hun vlucht vernietigd. Ook de drie ovens van het crematorium zijn gespaard gebleven.&nbsp;<\/p>\n<\/div>\n<\/div>\n\n\n\n<div class=\"wp-block-columns is-layout-flex wp-container-core-columns-is-layout-9d6595d7 wp-block-columns-is-layout-flex\">\n<div class=\"wp-block-column is-layout-flow wp-block-column-is-layout-flow\">\n<figure class=\"wp-block-image size-full\"><a href=\"https:\/\/tedenloesopreis.nl\/wp-content\/uploads\/2023\/12\/IMG_6379-1024x768-1.jpeg\" target=\"_blank\" rel=\"noreferrer noopener\"><img loading=\"lazy\" decoding=\"async\" width=\"1024\" height=\"768\" src=\"https:\/\/tedenloesopreis.nl\/wp-content\/uploads\/2023\/12\/IMG_6379-1024x768-1.jpeg\" alt=\"\" class=\"wp-image-7779\" srcset=\"https:\/\/tedenloesopreis.nl\/wp-content\/uploads\/2023\/12\/IMG_6379-1024x768-1.jpeg 1024w, https:\/\/tedenloesopreis.nl\/wp-content\/uploads\/2023\/12\/IMG_6379-1024x768-1-300x225.jpeg 300w, https:\/\/tedenloesopreis.nl\/wp-content\/uploads\/2023\/12\/IMG_6379-1024x768-1-768x576.jpeg 768w\" sizes=\"auto, (max-width: 1024px) 100vw, 1024px\" \/><\/a><figcaption class=\"wp-element-caption\"><em>het \u201cvoorplein\u201d van Mauthausen<\/em><\/figcaption><\/figure>\n<\/div>\n\n\n\n<div class=\"wp-block-column is-layout-flow wp-block-column-is-layout-flow\">\n<figure class=\"wp-block-image size-full\"><a href=\"https:\/\/tedenloesopreis.nl\/wp-content\/uploads\/2023\/12\/IMG_6381-1024x768-1.jpeg\" target=\"_blank\" rel=\"noreferrer noopener\"><img loading=\"lazy\" decoding=\"async\" width=\"1024\" height=\"768\" src=\"https:\/\/tedenloesopreis.nl\/wp-content\/uploads\/2023\/12\/IMG_6381-1024x768-1.jpeg\" alt=\"\" class=\"wp-image-7780\" srcset=\"https:\/\/tedenloesopreis.nl\/wp-content\/uploads\/2023\/12\/IMG_6381-1024x768-1.jpeg 1024w, https:\/\/tedenloesopreis.nl\/wp-content\/uploads\/2023\/12\/IMG_6381-1024x768-1-300x225.jpeg 300w, https:\/\/tedenloesopreis.nl\/wp-content\/uploads\/2023\/12\/IMG_6381-1024x768-1-768x576.jpeg 768w\" sizes=\"auto, (max-width: 1024px) 100vw, 1024px\" \/><\/a><figcaption class=\"wp-element-caption\"><em>overgebleven deel van het kamp<\/em><\/figcaption><\/figure>\n<\/div>\n\n\n\n<div class=\"wp-block-column is-layout-flow wp-block-column-is-layout-flow\">\n<figure class=\"wp-block-image size-full\"><a href=\"https:\/\/tedenloesopreis.nl\/wp-content\/uploads\/2023\/12\/IMG_6382-1024x768-1.jpeg\" target=\"_blank\" rel=\"noreferrer noopener\"><img loading=\"lazy\" decoding=\"async\" width=\"1024\" height=\"768\" src=\"https:\/\/tedenloesopreis.nl\/wp-content\/uploads\/2023\/12\/IMG_6382-1024x768-1.jpeg\" alt=\"\" class=\"wp-image-7781\" srcset=\"https:\/\/tedenloesopreis.nl\/wp-content\/uploads\/2023\/12\/IMG_6382-1024x768-1.jpeg 1024w, https:\/\/tedenloesopreis.nl\/wp-content\/uploads\/2023\/12\/IMG_6382-1024x768-1-300x225.jpeg 300w, https:\/\/tedenloesopreis.nl\/wp-content\/uploads\/2023\/12\/IMG_6382-1024x768-1-768x576.jpeg 768w\" sizes=\"auto, (max-width: 1024px) 100vw, 1024px\" \/><\/a><figcaption class=\"wp-element-caption\"><em><em>schoorsteen van het crematorium<\/em><\/em><\/figcaption><\/figure>\n<\/div>\n<\/div>\n\n\n\n<div class=\"wp-block-columns is-layout-flex wp-container-core-columns-is-layout-9d6595d7 wp-block-columns-is-layout-flex\">\n<div class=\"wp-block-column is-layout-flow wp-block-column-is-layout-flow\">\n<figure class=\"wp-block-image size-full\"><a href=\"https:\/\/tedenloesopreis.nl\/wp-content\/uploads\/2023\/12\/IMG_6385-1024x768-1.jpeg\" target=\"_blank\" rel=\"noreferrer noopener\"><img loading=\"lazy\" decoding=\"async\" width=\"1024\" height=\"768\" src=\"https:\/\/tedenloesopreis.nl\/wp-content\/uploads\/2023\/12\/IMG_6385-1024x768-1.jpeg\" alt=\"\" class=\"wp-image-7782\" srcset=\"https:\/\/tedenloesopreis.nl\/wp-content\/uploads\/2023\/12\/IMG_6385-1024x768-1.jpeg 1024w, https:\/\/tedenloesopreis.nl\/wp-content\/uploads\/2023\/12\/IMG_6385-1024x768-1-300x225.jpeg 300w, https:\/\/tedenloesopreis.nl\/wp-content\/uploads\/2023\/12\/IMG_6385-1024x768-1-768x576.jpeg 768w\" sizes=\"auto, (max-width: 1024px) 100vw, 1024px\" \/><\/a><figcaption class=\"wp-element-caption\"><em>het gaskamertje<\/em><\/figcaption><\/figure>\n<\/div>\n\n\n\n<div class=\"wp-block-column is-layout-flow wp-block-column-is-layout-flow\">\n<figure class=\"wp-block-image size-full\"><a href=\"https:\/\/tedenloesopreis.nl\/wp-content\/uploads\/2023\/12\/IMG_6383-768x1024-1.jpeg\" target=\"_blank\" rel=\"noreferrer noopener\"><img loading=\"lazy\" decoding=\"async\" width=\"768\" height=\"1024\" src=\"https:\/\/tedenloesopreis.nl\/wp-content\/uploads\/2023\/12\/IMG_6383-768x1024-1.jpeg\" alt=\"\" class=\"wp-image-7783\" srcset=\"https:\/\/tedenloesopreis.nl\/wp-content\/uploads\/2023\/12\/IMG_6383-768x1024-1.jpeg 768w, https:\/\/tedenloesopreis.nl\/wp-content\/uploads\/2023\/12\/IMG_6383-768x1024-1-225x300.jpeg 225w\" sizes=\"auto, (max-width: 768px) 100vw, 768px\" \/><\/a><figcaption class=\"wp-element-caption\"><em>een van de ovens<\/em><\/figcaption><\/figure>\n<\/div>\n\n\n\n<div class=\"wp-block-column is-layout-flow wp-block-column-is-layout-flow\">\n<figure class=\"wp-block-image size-full\"><a href=\"https:\/\/tedenloesopreis.nl\/wp-content\/uploads\/2023\/12\/IMG_6384-768x1024-1.jpeg\" target=\"_blank\" rel=\"noreferrer noopener\"><img loading=\"lazy\" decoding=\"async\" width=\"768\" height=\"1024\" src=\"https:\/\/tedenloesopreis.nl\/wp-content\/uploads\/2023\/12\/IMG_6384-768x1024-1.jpeg\" alt=\"\" class=\"wp-image-7784\" srcset=\"https:\/\/tedenloesopreis.nl\/wp-content\/uploads\/2023\/12\/IMG_6384-768x1024-1.jpeg 768w, https:\/\/tedenloesopreis.nl\/wp-content\/uploads\/2023\/12\/IMG_6384-768x1024-1-225x300.jpeg 225w\" sizes=\"auto, (max-width: 768px) 100vw, 768px\" \/><\/a><figcaption class=\"wp-element-caption\"><em>zoveel slachtoffers<\/em><\/figcaption><\/figure>\n<\/div>\n<\/div>\n\n\n\n<div class=\"wp-block-columns is-layout-flex wp-container-core-columns-is-layout-9d6595d7 wp-block-columns-is-layout-flex\">\n<div class=\"wp-block-column is-layout-flow wp-block-column-is-layout-flow\" style=\"flex-basis:33.33%\"><\/div>\n\n\n\n<div class=\"wp-block-column is-layout-flow wp-block-column-is-layout-flow\" style=\"flex-basis:66.66%\">\n<p>Een merkwaardig detail tot slot: een deel van barak 1 was ingericht als bordeel voor de gevangenen. Het bordeelbezoek moest de arbeidsproductiviteit vergroten. De vrouwen waren doorgaans afkomstig uit Ravensbr\u00fcck, een concentratiekamp speciaal voor vrouwen.<\/p>\n<\/div>\n<\/div>\n\n\n\n<div style=\"height:35px\" aria-hidden=\"true\" class=\"wp-block-spacer\"><\/div>\n\n\n\n<div class=\"wp-block-columns is-layout-flex wp-container-core-columns-is-layout-9d6595d7 wp-block-columns-is-layout-flex\">\n<div class=\"wp-block-column is-layout-flow wp-block-column-is-layout-flow\">\n<p class=\"has-orange-background-color has-background\" id=\"dag35\"><\/p>\n<\/div>\n<\/div>\n\n\n\n<div class=\"wp-block-columns is-layout-flex wp-container-core-columns-is-layout-9d6595d7 wp-block-columns-is-layout-flex\">\n<div class=\"wp-block-column is-layout-flow wp-block-column-is-layout-flow\" style=\"flex-basis:33.33%\">\n<p><a href=\"#titel\">top<\/a><\/p>\n<\/div>\n\n\n\n<div class=\"wp-block-column is-layout-flow wp-block-column-is-layout-flow\" style=\"flex-basis:66.66%\">\n<p><strong>TOCH GEEN RONDJE<br><\/strong>dag 35 &nbsp;  &nbsp; &nbsp;vr 16 juni 2023<br>Au an der Donau&nbsp; &nbsp;  &nbsp; 0&nbsp;km<\/p>\n<\/div>\n<\/div>\n\n\n\n<div style=\"height:20px\" aria-hidden=\"true\" class=\"wp-block-spacer\"><\/div>\n\n\n\n<div class=\"wp-block-columns is-layout-flex wp-container-core-columns-is-layout-9d6595d7 wp-block-columns-is-layout-flex\">\n<div class=\"wp-block-column is-layout-flow wp-block-column-is-layout-flow\" style=\"flex-basis:33.33%\"><\/div>\n\n\n\n<div class=\"wp-block-column is-layout-flow wp-block-column-is-layout-flow\" style=\"flex-basis:66.66%\">\n<p>We willen vanmiddag een rondje Donau fietsen: we rijden eerst naar Mauthausen, nemen daar het fietsveer naar Pyburg, rijden via de zuidelijke oever oostwaarts tot de stuwdam Wallage-Mitterkirchen, en gaan via de noordoever weer naar de camping. Het weer is vandaag echter een vervelende spelbreker. Rond 13:00 begint het te onweren. Het onweer is van korte duur, maar houdt van herhaling, want om 13:30 en 14:00 is het er weer. Al die tijd voorspellen de weer-apps een stralende dag, maar de buienradar laat zien dat er nog meer vervelend weer onderweg is. We besluiten daarom, het fietsrondje te cancellen.<\/p>\n\n\n\n<p>Het is, zoals Frans vandaag appte, goed toeven op de camping in Au. Je verblijft er midden in de natuur (je hoort er voortdurend een heel gevarieerd vogelorkest, af en toe met het donkere geluid van een cruiseboot op de rivier als baspartij), de voorzieningen zijn er uitstekend en de beheerders, Gerhard en Arnold, zijn bijzonder vriendelijk. Als we hier morgen vertrekken, dan is de kans groot, dat we dat niet voor de laatste keer doen.<\/p>\n<\/div>\n<\/div>\n\n\n\n<div style=\"height:35px\" aria-hidden=\"true\" class=\"wp-block-spacer\"><\/div>\n\n\n\n<div class=\"wp-block-columns is-layout-flex wp-container-core-columns-is-layout-9d6595d7 wp-block-columns-is-layout-flex\">\n<div class=\"wp-block-column is-layout-flow wp-block-column-is-layout-flow\">\n<p class=\"has-orange-background-color has-background\" id=\"dag36\"><\/p>\n<\/div>\n<\/div>\n\n\n\n<div class=\"wp-block-columns is-layout-flex wp-container-core-columns-is-layout-9d6595d7 wp-block-columns-is-layout-flex\">\n<div class=\"wp-block-column is-layout-flow wp-block-column-is-layout-flow\" style=\"flex-basis:33.33%\">\n<p><a href=\"#titel\">top<\/a><\/p>\n<\/div>\n\n\n\n<div class=\"wp-block-column is-layout-flow wp-block-column-is-layout-flow\" style=\"flex-basis:66.66%\">\n<p><strong>VANDAAG EVEN NIET<br><\/strong>dag 36 &nbsp;  &nbsp; &nbsp;za 17 juni 2023<br><a href=\"https:\/\/www.google.com\/maps\/d\/edit?mid=1ibvS959m3ObQwC2VzuKbQm9XIaMrqF0&amp;ll=42.43073984148812%2C15.348677927085136&amp;z=6\" target=\"_blank\" rel=\"noreferrer noopener\">Au an der Donau \u2013 Passau<\/a>&nbsp; &nbsp;&nbsp; &nbsp; 117&nbsp;km<\/p>\n<\/div>\n<\/div>\n\n\n\n<div style=\"height:20px\" aria-hidden=\"true\" class=\"wp-block-spacer\"><\/div>\n\n\n\n<div class=\"wp-block-columns is-layout-flex wp-container-core-columns-is-layout-9d6595d7 wp-block-columns-is-layout-flex\">\n<div class=\"wp-block-column is-layout-flow wp-block-column-is-layout-flow\" style=\"flex-basis:33.33%\"><\/div>\n\n\n\n<div class=\"wp-block-column is-layout-flow wp-block-column-is-layout-flow\" style=\"flex-basis:66.66%\">\n<p>We rijden vandaag langs de Donau naar het westen. Dat betekent in eerste instantie, dat we dwars door Linz rijden. Daarna gaat het via de \u201c129\u201d, \u201c131\u201d en \u201c130\u201d naar Passau. We komen net voor 12:00 aan bij de&nbsp;<a href=\"https:\/\/www.campercontact.com\/nl\/duitsland\/beieren\/passau\/21096\/parkdeck-ilzbrucke\" target=\"_blank\" rel=\"noreferrer noopener\">camperplaats<\/a>, waar het in eerste instantie vol lijkt. Als Loes even verder loopt, blijkt er nog \u00e9\u00e9n plaats vrij te zijn. Boffen wij even.<\/p>\n<\/div>\n<\/div>\n\n\n\n<div class=\"wp-block-columns is-layout-flex wp-container-core-columns-is-layout-9d6595d7 wp-block-columns-is-layout-flex\">\n<div class=\"wp-block-column is-layout-flow wp-block-column-is-layout-flow\"><\/div>\n\n\n\n<div class=\"wp-block-column is-layout-flow wp-block-column-is-layout-flow\">\n<figure class=\"wp-block-image size-full\"><a href=\"https:\/\/tedenloesopreis.nl\/wp-content\/uploads\/2023\/12\/IMG_6393-1024x768-1.jpeg\" target=\"_blank\" rel=\"noreferrer noopener\"><img loading=\"lazy\" decoding=\"async\" width=\"1024\" height=\"768\" src=\"https:\/\/tedenloesopreis.nl\/wp-content\/uploads\/2023\/12\/IMG_6393-1024x768-1.jpeg\" alt=\"\" class=\"wp-image-7885\" srcset=\"https:\/\/tedenloesopreis.nl\/wp-content\/uploads\/2023\/12\/IMG_6393-1024x768-1.jpeg 1024w, https:\/\/tedenloesopreis.nl\/wp-content\/uploads\/2023\/12\/IMG_6393-1024x768-1-300x225.jpeg 300w, https:\/\/tedenloesopreis.nl\/wp-content\/uploads\/2023\/12\/IMG_6393-1024x768-1-768x576.jpeg 768w\" sizes=\"auto, (max-width: 1024px) 100vw, 1024px\" \/><\/a><figcaption class=\"wp-element-caption\"><em>camperplaats Passau<\/em><\/figcaption><\/figure>\n<\/div>\n\n\n\n<div class=\"wp-block-column is-layout-flow wp-block-column-is-layout-flow\">\n<figure class=\"wp-block-image size-full\"><a href=\"https:\/\/tedenloesopreis.nl\/wp-content\/uploads\/2023\/12\/IMG_6394-1024x768-1.jpeg\" target=\"_blank\" rel=\"noreferrer noopener\"><img loading=\"lazy\" decoding=\"async\" width=\"1024\" height=\"768\" src=\"https:\/\/tedenloesopreis.nl\/wp-content\/uploads\/2023\/12\/IMG_6394-1024x768-1.jpeg\" alt=\"\" class=\"wp-image-7886\" srcset=\"https:\/\/tedenloesopreis.nl\/wp-content\/uploads\/2023\/12\/IMG_6394-1024x768-1.jpeg 1024w, https:\/\/tedenloesopreis.nl\/wp-content\/uploads\/2023\/12\/IMG_6394-1024x768-1-300x225.jpeg 300w, https:\/\/tedenloesopreis.nl\/wp-content\/uploads\/2023\/12\/IMG_6394-1024x768-1-768x576.jpeg 768w\" sizes=\"auto, (max-width: 1024px) 100vw, 1024px\" \/><\/a><figcaption class=\"wp-element-caption\"><em>camperplaats Passau<\/em><\/figcaption><\/figure>\n<\/div>\n<\/div>\n\n\n\n<div class=\"wp-block-columns is-layout-flex wp-container-core-columns-is-layout-9d6595d7 wp-block-columns-is-layout-flex\">\n<div class=\"wp-block-column is-layout-flow wp-block-column-is-layout-flow\" style=\"flex-basis:33.33%\"><\/div>\n\n\n\n<div class=\"wp-block-column is-layout-flow wp-block-column-is-layout-flow\" style=\"flex-basis:66.66%\">\n<p>Na de lunch gaan wij in de ruststand, want het is nog te warm om naar Passau te gaan. Gaandeweg krijgen we wat last van een onrustige maag en darmen (hebben we iets verkeerds gegeten of gedronken?), en we besluiten om het de rest van de dag rustig aan te doen. Misschien gaan we morgenvroeg nog even in de stad kijken.<\/p>\n\n\n\n<p>Je merkt aan verschillende dingen, dat we weer in Duitsland zijn. De digitale ontwikkeling bevindt zich nog in de kinderschoenen. Voor het parkeren en de stroom heb je weer losse euro\u2019s nodig. Er is geen 4G te bespeuren. Zo af en toe krijg je \u201c\u00e9\u00e9n streepje 3G\u201d.<\/p>\n<\/div>\n<\/div>\n\n\n\n<div style=\"height:35px\" aria-hidden=\"true\" class=\"wp-block-spacer\"><\/div>\n\n\n\n<div class=\"wp-block-columns is-layout-flex wp-container-core-columns-is-layout-9d6595d7 wp-block-columns-is-layout-flex\">\n<div class=\"wp-block-column is-layout-flow wp-block-column-is-layout-flow\">\n<p class=\"has-orange-background-color has-background\" id=\"dag37\"><\/p>\n<\/div>\n<\/div>\n\n\n\n<div class=\"wp-block-columns is-layout-flex wp-container-core-columns-is-layout-9d6595d7 wp-block-columns-is-layout-flex\">\n<div class=\"wp-block-column is-layout-flow wp-block-column-is-layout-flow\" style=\"flex-basis:33.33%\">\n<p><a href=\"#titel\">top<\/a><\/p>\n<\/div>\n\n\n\n<div class=\"wp-block-column is-layout-flow wp-block-column-is-layout-flow\" style=\"flex-basis:66.66%\">\n<p><strong>DAN MAAR HOGEROP<br><\/strong>dag 37 &nbsp; &nbsp;&nbsp; &nbsp;zo 18 juni 2023<br><a href=\"https:\/\/www.google.com\/maps\/d\/edit?mid=1FiayTIKjtMb8Ic6F5BYE5DWOTf4poJI&amp;ll=48.10841149054933%2C13.137947651794128&amp;z=8\" target=\"_blank\" rel=\"noreferrer noopener\">Passau \u2013 Inzell<\/a>&nbsp; &nbsp;  &nbsp; 213&nbsp;km<\/p>\n<\/div>\n<\/div>\n\n\n\n<div style=\"height:20px\" aria-hidden=\"true\" class=\"wp-block-spacer\"><\/div>\n\n\n\n<div class=\"wp-block-columns is-layout-flex wp-container-core-columns-is-layout-9d6595d7 wp-block-columns-is-layout-flex\">\n<div class=\"wp-block-column is-vertically-aligned-bottom is-layout-flow wp-block-column-is-layout-flow\" style=\"flex-basis:33.33%\">\n<figure class=\"wp-block-image size-full\"><a href=\"https:\/\/tedenloesopreis.nl\/wp-content\/uploads\/2023\/12\/IMG_6397-1024x768-1.jpeg\" target=\"_blank\" rel=\"noreferrer noopener\"><img loading=\"lazy\" decoding=\"async\" width=\"1024\" height=\"768\" src=\"https:\/\/tedenloesopreis.nl\/wp-content\/uploads\/2023\/12\/IMG_6397-1024x768-1.jpeg\" alt=\"\" class=\"wp-image-7888\" srcset=\"https:\/\/tedenloesopreis.nl\/wp-content\/uploads\/2023\/12\/IMG_6397-1024x768-1.jpeg 1024w, https:\/\/tedenloesopreis.nl\/wp-content\/uploads\/2023\/12\/IMG_6397-1024x768-1-300x225.jpeg 300w, https:\/\/tedenloesopreis.nl\/wp-content\/uploads\/2023\/12\/IMG_6397-1024x768-1-768x576.jpeg 768w\" sizes=\"auto, (max-width: 1024px) 100vw, 1024px\" \/><\/a><figcaption class=\"wp-element-caption\"><em>camping Inzell<\/em><\/figcaption><\/figure>\n<\/div>\n\n\n\n<div class=\"wp-block-column is-layout-flow wp-block-column-is-layout-flow\" style=\"flex-basis:66.66%\">\n<p id=\"passau\">We gaan vanochtend met de buzz naar de Altstadt van Passau. Volgens de luchtfoto van Google Maps is er parkeergelegenheid op de Residenzplatz en de Domplatz. Welnu, Google Maps mag zijn luchtfoto wel eens verversen, want de toegang tot de Altstadt is hermetisch afgesloten voor gemotoriseerd verkeer. Het is er voorts bijzonder druk met de inhoud van 15 touringcars en 3 cruiseschepen. Wat wij wel goed kunnen zien, is het sterkste punt van de stad: de prachtige ligging aan de Donau en de Inn.<\/p>\n\n\n\n<p>Volgens het originele plan voor de reis gaan we vandaag langs de Donau verder naar het westen. Een blik op de weersvoorspelling zegt echter, dat dit niet zo\u2019n goed idee is. Daarom schakelen we over naar plan E (dit is al de vierde tussentijdse wijziging, maar dat hoort nu eenmaal bij camperen): we zetten koers naar de Deutsche Alpenstra\u00dfe. Op grotere hoogte zijn de temperaturen immers lager.<\/p>\n\n\n\n<p>We rijden over de \u201c12\u201d en de \u201c156\u201d naar Salzburg. We gaan er dwars door het centrum van de stad. We hebben nl. geen Oostenrijks tolvignet gekocht voor dat kleine uitstapje naar Au an der Donau, en mogen dus niet over Autobahnen en Schnellstra\u00dfen. Dat is echter geen ramp, integendeel. Onze route door Salzburg voert nl. langs een aantal plekken waar we tijdens de vakantie van 2007 al eens waren, zoals Schloss Mirabell. We rijden verder naar Berchtesgaden en Sch\u00f6nau am K\u00f6nigssee, waar de Alpenstra\u00dfe begint. We waren in 2007 al eens in de buurt, toen we een bezoek brachten aan het Adelaarsnest, een buitenverblijf van Hitler.<\/p>\n\n\n\n<p>Vanaf Sch\u00f6nau volgen we de Alpenstrasse nog zo\u2019n 35 km. We staan nu op een&nbsp;<a href=\"https:\/\/www.campercontact.com\/nl\/duitsland\/beieren\/inzell\/25666\/camping-lindlbauer\" target=\"_blank\" rel=\"noreferrer noopener\">camping in Inzell<\/a>. Voor de avondmaaltijd wandelen we naar Maximilian\u2019s, een restaurant tegenover het gemeentezwembad. We genieten er van het heerlijke eten (prima kok) en de prettige gastvrijheid (attente gastvrouw).<\/p>\n<\/div>\n<\/div>\n\n\n\n<div style=\"height:35px\" aria-hidden=\"true\" class=\"wp-block-spacer\"><\/div>\n\n\n\n<div class=\"wp-block-columns is-layout-flex wp-container-core-columns-is-layout-9d6595d7 wp-block-columns-is-layout-flex\">\n<div class=\"wp-block-column is-layout-flow wp-block-column-is-layout-flow\">\n<p class=\"has-orange-background-color has-background\" id=\"dag38\"><\/p>\n<\/div>\n<\/div>\n\n\n\n<div class=\"wp-block-columns is-layout-flex wp-container-core-columns-is-layout-9d6595d7 wp-block-columns-is-layout-flex\">\n<div class=\"wp-block-column is-layout-flow wp-block-column-is-layout-flow\" style=\"flex-basis:33.33%\">\n<p><a href=\"#titel\">top<\/a><\/p>\n<\/div>\n\n\n\n<div class=\"wp-block-column is-layout-flow wp-block-column-is-layout-flow\" style=\"flex-basis:66.66%\">\n<p><strong>AIRCO OP VOLLE KRACHT<br><\/strong>dag 38 &nbsp; &nbsp;&nbsp; &nbsp;ma 19 juni 2023<br><a href=\"https:\/\/www.google.com\/maps\/d\/edit?mid=1E5x8JAr5POs_6NiJr9vjRjfSy0eltgE&amp;ll=47.7694177761052%2C12.351309941948085&amp;z=10\" target=\"_blank\" rel=\"noreferrer noopener\">Inzell \u2013 Bad Feilnbach<\/a>&nbsp; &nbsp;&nbsp; &nbsp; 138&nbsp;km<\/p>\n<\/div>\n<\/div>\n\n\n\n<div style=\"height:20px\" aria-hidden=\"true\" class=\"wp-block-spacer\"><\/div>\n\n\n\n<div class=\"wp-block-columns is-layout-flex wp-container-core-columns-is-layout-9d6595d7 wp-block-columns-is-layout-flex\">\n<div class=\"wp-block-column is-layout-flow wp-block-column-is-layout-flow\" style=\"flex-basis:33.33%\">\n<figure class=\"wp-block-image size-full\"><a href=\"https:\/\/tedenloesopreis.nl\/wp-content\/uploads\/2023\/12\/IMG_6400-1024x768-1.jpeg\" target=\"_blank\" rel=\"noreferrer noopener\"><img loading=\"lazy\" decoding=\"async\" width=\"1024\" height=\"768\" src=\"https:\/\/tedenloesopreis.nl\/wp-content\/uploads\/2023\/12\/IMG_6400-1024x768-1.jpeg\" alt=\"\" class=\"wp-image-7890\" srcset=\"https:\/\/tedenloesopreis.nl\/wp-content\/uploads\/2023\/12\/IMG_6400-1024x768-1.jpeg 1024w, https:\/\/tedenloesopreis.nl\/wp-content\/uploads\/2023\/12\/IMG_6400-1024x768-1-300x225.jpeg 300w, https:\/\/tedenloesopreis.nl\/wp-content\/uploads\/2023\/12\/IMG_6400-1024x768-1-768x576.jpeg 768w\" sizes=\"auto, (max-width: 1024px) 100vw, 1024px\" \/><\/a><figcaption class=\"wp-element-caption\"><em>camping Bad Feilnbach<\/em><\/figcaption><\/figure>\n<\/div>\n\n\n\n<div class=\"wp-block-column is-layout-flow wp-block-column-is-layout-flow\" style=\"flex-basis:66.66%\">\n<p>Zelfs op de Deutsche Alpenstra\u00dfe slaat de hitte toe. Het is vanmiddag 33\u00b0C. Een van de betere bezigheden bij zo\u2019n temperatuur is een eind rijden met de airco op volle kracht. De route gaat door een vriendelijk landschap, de uitlopers van de Alpen, met zo af en toe wel erg veel bochten in de weg. We doen dan ook vrij lang over de 138 km van vandaag. We stoppen bij een&nbsp;<a href=\"https:\/\/www.campercontact.com\/nl\/duitsland\/beieren\/bad-feilnbach\/65863\/kaiser-camping-outdoor-resort-bad-feilnbach\" target=\"_blank\" rel=\"noreferrer noopener\">camping in Bad Feilnbach<\/a>.<\/p>\n<\/div>\n<\/div>\n\n\n\n<div style=\"height:35px\" aria-hidden=\"true\" class=\"wp-block-spacer\"><\/div>\n\n\n\n<div class=\"wp-block-columns is-layout-flex wp-container-core-columns-is-layout-9d6595d7 wp-block-columns-is-layout-flex\">\n<div class=\"wp-block-column is-layout-flow wp-block-column-is-layout-flow\">\n<p class=\"has-orange-background-color has-background\" id=\"dag39\"><\/p>\n<\/div>\n<\/div>\n\n\n\n<div class=\"wp-block-columns is-layout-flex wp-container-core-columns-is-layout-9d6595d7 wp-block-columns-is-layout-flex\">\n<div class=\"wp-block-column is-layout-flow wp-block-column-is-layout-flow\" style=\"flex-basis:33.33%\">\n<p><a href=\"#titel\">top<\/a><\/p>\n<\/div>\n\n\n\n<div class=\"wp-block-column is-layout-flow wp-block-column-is-layout-flow\" style=\"flex-basis:66.66%\">\n<p><strong>TOEVAL BESTAAT W\u00c9L<br><\/strong>dag 39 &nbsp; &nbsp;&nbsp; &nbsp;di 20 juni 2023<br><a href=\"https:\/\/www.google.com\/maps\/d\/edit?mid=1R0lfY61o7u8fduwFzVKQEo4kAgxUbIY&amp;ll=47.670821840558624%2C11.628281988368734&amp;z=10\" target=\"_blank\" rel=\"noreferrer noopener\">Bad Feilnbach \u2013 Mittenwald<\/a>&nbsp; &nbsp;  &nbsp; 145&nbsp;km<\/p>\n<\/div>\n<\/div>\n\n\n\n<div style=\"height:20px\" aria-hidden=\"true\" class=\"wp-block-spacer\"><\/div>\n\n\n\n<div class=\"wp-block-columns is-layout-flex wp-container-core-columns-is-layout-9d6595d7 wp-block-columns-is-layout-flex\">\n<div class=\"wp-block-column is-layout-flow wp-block-column-is-layout-flow\" style=\"flex-basis:33.33%\"><\/div>\n\n\n\n<div class=\"wp-block-column is-layout-flow wp-block-column-is-layout-flow\" style=\"flex-basis:66.66%\">\n<p>Ondanks de hoge temperatuur, het is met 30\u00b0C minder warm dan gisteren, maar het voelt veel klammer aan, dankzij de airco en dankzij twee prettige parkeerplaatsen (koffie rond 11:00 en lunch rond 13:00) rijden wij een aangename route. Voor de camping van afgelopen nacht moesten we van de route van de Deutsche Alpenstra\u00dfe afwijken, vandaag zoeken we die, de \u201c307\u201d, weer op bij Aurach.&nbsp;<\/p>\n\n\n\n<p id=\"vijfmeren\">De route van vandaag kun je de vijfmerenroute noemen. We rijden achtereenvolgens langs de Schliersee, de Tegernsee, met het knusse stadje Rottach-Egern, de Sylvensteinsee, een stuwmeer in de Isar, de Kochelsee en de Walchensee. We eindigen bij een mini-meer, de Tennsee, vlak boven het mooie stadje Mittenwald, aan de rand van het Karwendelgebergte, waar we een prettige plek vinden op&nbsp;<a href=\"https:\/\/www.campercontact.com\/nl\/duitsland\/beieren\/mittenwald\/20223\/alpen-caravanpark-tennsee\" target=\"_blank\" rel=\"noreferrer noopener\">camping Tensee<\/a>.<\/p>\n<\/div>\n<\/div>\n\n\n\n<div class=\"wp-block-columns is-layout-flex wp-container-core-columns-is-layout-9d6595d7 wp-block-columns-is-layout-flex\">\n<div class=\"wp-block-column is-layout-flow wp-block-column-is-layout-flow\">\n<figure class=\"wp-block-image size-full\"><a href=\"https:\/\/tedenloesopreis.nl\/wp-content\/uploads\/2023\/12\/IMG_6402-1024x768-1.jpeg\" target=\"_blank\" rel=\"noreferrer noopener\"><img loading=\"lazy\" decoding=\"async\" width=\"1024\" height=\"768\" src=\"https:\/\/tedenloesopreis.nl\/wp-content\/uploads\/2023\/12\/IMG_6402-1024x768-1.jpeg\" alt=\"\" class=\"wp-image-7892\" srcset=\"https:\/\/tedenloesopreis.nl\/wp-content\/uploads\/2023\/12\/IMG_6402-1024x768-1.jpeg 1024w, https:\/\/tedenloesopreis.nl\/wp-content\/uploads\/2023\/12\/IMG_6402-1024x768-1-300x225.jpeg 300w, https:\/\/tedenloesopreis.nl\/wp-content\/uploads\/2023\/12\/IMG_6402-1024x768-1-768x576.jpeg 768w\" sizes=\"auto, (max-width: 1024px) 100vw, 1024px\" \/><\/a><figcaption class=\"wp-element-caption\"><em>Sylvensteinsee<\/em><\/figcaption><\/figure>\n<\/div>\n\n\n\n<div class=\"wp-block-column is-layout-flow wp-block-column-is-layout-flow\">\n<figure class=\"wp-block-image size-full\"><a href=\"https:\/\/tedenloesopreis.nl\/wp-content\/uploads\/2023\/12\/IMG_6401-1024x768-1.jpeg\" target=\"_blank\" rel=\"noreferrer noopener\"><img loading=\"lazy\" decoding=\"async\" width=\"1024\" height=\"768\" src=\"https:\/\/tedenloesopreis.nl\/wp-content\/uploads\/2023\/12\/IMG_6401-1024x768-1.jpeg\" alt=\"\" class=\"wp-image-7893\" srcset=\"https:\/\/tedenloesopreis.nl\/wp-content\/uploads\/2023\/12\/IMG_6401-1024x768-1.jpeg 1024w, https:\/\/tedenloesopreis.nl\/wp-content\/uploads\/2023\/12\/IMG_6401-1024x768-1-300x225.jpeg 300w, https:\/\/tedenloesopreis.nl\/wp-content\/uploads\/2023\/12\/IMG_6401-1024x768-1-768x576.jpeg 768w\" sizes=\"auto, (max-width: 1024px) 100vw, 1024px\" \/><\/a><figcaption class=\"wp-element-caption\"><em>De Isar bij de Sylvensteinsee<\/em><\/figcaption><\/figure>\n<\/div>\n\n\n\n<div class=\"wp-block-column is-layout-flow wp-block-column-is-layout-flow\">\n<figure class=\"wp-block-image size-full\"><a href=\"https:\/\/tedenloesopreis.nl\/wp-content\/uploads\/2023\/12\/IMG_6403-1024x768-1.jpeg\" target=\"_blank\" rel=\"noreferrer noopener\"><img loading=\"lazy\" decoding=\"async\" width=\"1024\" height=\"768\" src=\"https:\/\/tedenloesopreis.nl\/wp-content\/uploads\/2023\/12\/IMG_6403-1024x768-1.jpeg\" alt=\"\" class=\"wp-image-7894\" srcset=\"https:\/\/tedenloesopreis.nl\/wp-content\/uploads\/2023\/12\/IMG_6403-1024x768-1.jpeg 1024w, https:\/\/tedenloesopreis.nl\/wp-content\/uploads\/2023\/12\/IMG_6403-1024x768-1-300x225.jpeg 300w, https:\/\/tedenloesopreis.nl\/wp-content\/uploads\/2023\/12\/IMG_6403-1024x768-1-768x576.jpeg 768w\" sizes=\"auto, (max-width: 1024px) 100vw, 1024px\" \/><\/a><figcaption class=\"wp-element-caption\"><em>camping Mittenwald<\/em><\/figcaption><\/figure>\n<\/div>\n<\/div>\n\n\n\n<div class=\"wp-block-columns is-layout-flex wp-container-core-columns-is-layout-9d6595d7 wp-block-columns-is-layout-flex\">\n<div class=\"wp-block-column is-layout-flow wp-block-column-is-layout-flow\" style=\"flex-basis:33.33%\"><\/div>\n\n\n\n<div class=\"wp-block-column is-layout-flow wp-block-column-is-layout-flow\" style=\"flex-basis:66.66%\">\n<p>Hoezo \u201ctoeval bestaat\u201d? Als wij na het inchecken de camping oprijden, komen het sanitairgebouw aan de rechterhand en het restaurant aan de linkerhand ons al enigszins bekend voor. Als we achteraan op de camping naar een terras zijn gereden, weten we het zeker: hier zijn we al eerder geweest. In 2007, op de terugweg van een vakantie in Oostenrijk, hebben we hier een paar dagen gestaan. In onze herinnering ligt de camping echter niet bij Mittenwald maar dicht bij Garmisch-Partenkirchen, want we zien ons daar nog naar de springschans fietsen.&nbsp;<\/p>\n\n\n\n<p>We overwegen vanochtend nog, om vandaag door te rijden naar Garmisch-P om daar de bewuste camping te zoeken, maar in de buurt van Mittenwald vinden we dat het genoeg is geweest voor vandaag. We kiezen voor een camping aldaar, die goed wordt beoordeeld. Waarmee we per toeval onze Garmisch-P-camping hebben gevonden. Blijkbaar zijn we in 2007 met de fietsen op het dak van de auto van Mittenwald naar Garmisch-P gereden.<\/p>\n<\/div>\n<\/div>\n\n\n\n<div style=\"height:35px\" aria-hidden=\"true\" class=\"wp-block-spacer\"><\/div>\n\n\n\n<div class=\"wp-block-columns is-layout-flex wp-container-core-columns-is-layout-9d6595d7 wp-block-columns-is-layout-flex\">\n<div class=\"wp-block-column is-layout-flow wp-block-column-is-layout-flow\">\n<p class=\"has-orange-background-color has-background\" id=\"dag40\"><\/p>\n<\/div>\n<\/div>\n\n\n\n<div class=\"wp-block-columns is-layout-flex wp-container-core-columns-is-layout-9d6595d7 wp-block-columns-is-layout-flex\">\n<div class=\"wp-block-column is-layout-flow wp-block-column-is-layout-flow\" style=\"flex-basis:33.33%\">\n<p><a href=\"#titel\">top<\/a><\/p>\n<\/div>\n\n\n\n<div class=\"wp-block-column is-layout-flow wp-block-column-is-layout-flow\" style=\"flex-basis:66.66%\">\n<p><strong>RUST<\/strong><br>dag 40 &nbsp; &nbsp;&nbsp; &nbsp;wo 21 juni 2023<br>Mittenwald&nbsp; &nbsp;&nbsp; &nbsp; 0&nbsp;km<\/p>\n<\/div>\n<\/div>\n\n\n\n<div style=\"height:20px\" aria-hidden=\"true\" class=\"wp-block-spacer\"><\/div>\n\n\n\n<div class=\"wp-block-columns is-layout-flex wp-container-core-columns-is-layout-9d6595d7 wp-block-columns-is-layout-flex\">\n<div class=\"wp-block-column is-layout-flow wp-block-column-is-layout-flow\" style=\"flex-basis:33.33%\"><\/div>\n\n\n\n<div class=\"wp-block-column is-layout-flow wp-block-column-is-layout-flow\" style=\"flex-basis:66.66%\">\n<p>We doen vandaag helemaal niets.<\/p>\n<\/div>\n<\/div>\n\n\n\n<div style=\"height:35px\" aria-hidden=\"true\" class=\"wp-block-spacer\"><\/div>\n\n\n\n<div class=\"wp-block-columns is-layout-flex wp-container-core-columns-is-layout-9d6595d7 wp-block-columns-is-layout-flex\">\n<div class=\"wp-block-column is-layout-flow wp-block-column-is-layout-flow\">\n<p class=\"has-orange-background-color has-background\" id=\"dag41\"><\/p>\n<\/div>\n<\/div>\n\n\n\n<div class=\"wp-block-columns is-layout-flex wp-container-core-columns-is-layout-9d6595d7 wp-block-columns-is-layout-flex\">\n<div class=\"wp-block-column is-layout-flow wp-block-column-is-layout-flow\" style=\"flex-basis:33.33%\">\n<p><a href=\"#titel\">top<\/a><\/p>\n<\/div>\n\n\n\n<div class=\"wp-block-column is-layout-flow wp-block-column-is-layout-flow\" style=\"flex-basis:66.66%\">\n<p><strong>OP DE TERUGWEG<br><\/strong>dag 41 &nbsp; &nbsp;&nbsp; &nbsp;do 22 juni 2023<br><a href=\"https:\/\/www.google.com\/maps\/d\/edit?mid=1ExxiwI3lp-XZX3mZBvkgJYcyiPVm6NM&amp;ll=48.46460707782878%2C10.696256138447419&amp;z=9\" target=\"_blank\" rel=\"noreferrer noopener\">Mittenwald \u2013 Augsburg<\/a>&nbsp; &nbsp; &nbsp;&nbsp; 194&nbsp;km<\/p>\n<\/div>\n<\/div>\n\n\n\n<div style=\"height:20px\" aria-hidden=\"true\" class=\"wp-block-spacer\"><\/div>\n\n\n\n<div class=\"wp-block-columns is-layout-flex wp-container-core-columns-is-layout-9d6595d7 wp-block-columns-is-layout-flex\">\n<div class=\"wp-block-column is-layout-flow wp-block-column-is-layout-flow\" style=\"flex-basis:33.33%\"><\/div>\n\n\n\n<div class=\"wp-block-column is-layout-flow wp-block-column-is-layout-flow\" style=\"flex-basis:66.66%\">\n<p>Gisteren hebben we een rustdag genoten: geluierd en \u2018s-avonds gegeten in het restaurant van de camping (smakelijk, net als in 2007).<\/p>\n\n\n\n<p>We rijden vanochtend via de Deutsche Alpenstra\u00dfe naar F\u00fcssen, althans, onze route zou eigenlijk onderdeel van de Deutsche Alpenstra\u00dfe moeten zijn, maar wij begrijpen dat dat niet kan, want onze route loopt voor een deel door Oostenrijk. We rijden de \u201cB2\u201d tot voorbij Garmisch-Partenkirchen, nemen de afslag naar Oberammergau, en vervolgens het binnendoortje door het natuurpark Ammergebergte, langs de Plansee (prima koffiepauze), naar Reutte. Daar rijden we richting F\u00fcssen. Net v\u00f3\u00f3r de grens slaan we af richting Augsburg. We volgen de \u201cB17\u201d tot we in Augsburg zijn.&nbsp;<\/p>\n\n\n\n<p>We staan nu op de&nbsp;<a href=\"https:\/\/www.campercontact.com\/nl\/duitsland\/beieren\/augsburg\/24526\/bella-augusta\" target=\"_blank\" rel=\"noreferrer noopener\">camping<\/a>&nbsp;vlak bij het vliegveld(je) van Augsburg. Hier waren we ook al in 2013, toen we met onze spiksplinternieuwe buzz de Romantische Stra\u00dfe hebben gereden. Het is overigens geen toeval dat we weer op deze camping staan. Er is eenvoudigweg niet zo veel keuze. De volgende acceptabele overnachtingsmogelijkheid is 75 km verder, in N\u00f6rdlingen, maar van die camperplaats is bekend, dat deze waarschijnlijk al vroeg vol staat.<br><br>Net als in 2023 gaan we \u2018s-avonds eten bij de Italiaan op de camping.<\/p>\n<\/div>\n<\/div>\n\n\n\n<div class=\"wp-block-columns is-layout-flex wp-container-core-columns-is-layout-9d6595d7 wp-block-columns-is-layout-flex\">\n<div class=\"wp-block-column is-layout-flow wp-block-column-is-layout-flow\"><\/div>\n\n\n\n<div class=\"wp-block-column is-layout-flow wp-block-column-is-layout-flow\">\n<figure class=\"wp-block-image size-full\"><a href=\"https:\/\/tedenloesopreis.nl\/wp-content\/uploads\/2023\/12\/IMG_6411-1024x768-1.jpeg\" target=\"_blank\" rel=\"noreferrer noopener\"><img loading=\"lazy\" decoding=\"async\" width=\"1024\" height=\"768\" src=\"https:\/\/tedenloesopreis.nl\/wp-content\/uploads\/2023\/12\/IMG_6411-1024x768-1.jpeg\" alt=\"\" class=\"wp-image-7897\" srcset=\"https:\/\/tedenloesopreis.nl\/wp-content\/uploads\/2023\/12\/IMG_6411-1024x768-1.jpeg 1024w, https:\/\/tedenloesopreis.nl\/wp-content\/uploads\/2023\/12\/IMG_6411-1024x768-1-300x225.jpeg 300w, https:\/\/tedenloesopreis.nl\/wp-content\/uploads\/2023\/12\/IMG_6411-1024x768-1-768x576.jpeg 768w\" sizes=\"auto, (max-width: 1024px) 100vw, 1024px\" \/><\/a><figcaption class=\"wp-element-caption\"><em>koffiepauze aan de Plansee<\/em><\/figcaption><\/figure>\n<\/div>\n\n\n\n<div class=\"wp-block-column is-layout-flow wp-block-column-is-layout-flow\">\n<figure class=\"wp-block-image size-full\"><a href=\"https:\/\/tedenloesopreis.nl\/wp-content\/uploads\/2023\/12\/IMG_6412-1024x768-1.jpeg\" target=\"_blank\" rel=\"noreferrer noopener\"><img loading=\"lazy\" decoding=\"async\" width=\"1024\" height=\"768\" src=\"https:\/\/tedenloesopreis.nl\/wp-content\/uploads\/2023\/12\/IMG_6412-1024x768-1.jpeg\" alt=\"\" class=\"wp-image-7898\" srcset=\"https:\/\/tedenloesopreis.nl\/wp-content\/uploads\/2023\/12\/IMG_6412-1024x768-1.jpeg 1024w, https:\/\/tedenloesopreis.nl\/wp-content\/uploads\/2023\/12\/IMG_6412-1024x768-1-300x225.jpeg 300w, https:\/\/tedenloesopreis.nl\/wp-content\/uploads\/2023\/12\/IMG_6412-1024x768-1-768x576.jpeg 768w\" sizes=\"auto, (max-width: 1024px) 100vw, 1024px\" \/><\/a><figcaption class=\"wp-element-caption\"><em>camping in Augsburg<\/em><\/figcaption><\/figure>\n<\/div>\n<\/div>\n\n\n\n<div style=\"height:35px\" aria-hidden=\"true\" class=\"wp-block-spacer\"><\/div>\n\n\n\n<div class=\"wp-block-columns is-layout-flex wp-container-core-columns-is-layout-9d6595d7 wp-block-columns-is-layout-flex\">\n<div class=\"wp-block-column is-layout-flow wp-block-column-is-layout-flow\">\n<p class=\"has-orange-background-color has-background\" id=\"dag42\"><\/p>\n<\/div>\n<\/div>\n\n\n\n<div class=\"wp-block-columns is-layout-flex wp-container-core-columns-is-layout-9d6595d7 wp-block-columns-is-layout-flex\">\n<div class=\"wp-block-column is-layout-flow wp-block-column-is-layout-flow\" style=\"flex-basis:33.33%\">\n<p><a href=\"#titel\">top<\/a><\/p>\n<\/div>\n\n\n\n<div class=\"wp-block-column is-layout-flow wp-block-column-is-layout-flow\" style=\"flex-basis:66.66%\">\n<p><strong>WEER AAN DE TAUBER<br><\/strong>dag 42 &nbsp; &nbsp;&nbsp; &nbsp;vr 23 juni 2023<br><a href=\"https:\/\/www.google.com\/maps\/d\/edit?mid=1oagPuLkf4WAwsMIcFImREKblEHlUujw&amp;ll=48.86945982328015%2C10.40351497018774&amp;z=8\" target=\"_blank\" rel=\"noreferrer noopener\">Augsburg \u2013 Rothenburg o.T.<\/a>&nbsp; &nbsp;  &nbsp; 170&nbsp;km<\/p>\n<\/div>\n<\/div>\n\n\n\n<div style=\"height:20px\" aria-hidden=\"true\" class=\"wp-block-spacer\"><\/div>\n\n\n\n<div class=\"wp-block-columns is-layout-flex wp-container-core-columns-is-layout-9d6595d7 wp-block-columns-is-layout-flex\">\n<div class=\"wp-block-column is-layout-flow wp-block-column-is-layout-flow\" style=\"flex-basis:33.33%\"><\/div>\n\n\n\n<div class=\"wp-block-column is-layout-flow wp-block-column-is-layout-flow\" style=\"flex-basis:66.66%\">\n<p>We rijden vandaag via de Romantische stra\u00dfe van Augsburg naar Rothenburg ob der Tauber. In 2013 reden we de route in omgekeerde richting. We hebben toen uitgebreid Dinkelsb\u00fchl en N\u00f6rdlingen bezocht. Daarom laten we deze plaatsen nu links liggen. Dat doen we ook omdat we merken dat het nu veel en veel drukker is dan 10 jaar geleden. Er zijn vooral v\u00e9\u00e9l meer campers, waardoor de parkeerplaatsen bij trekpleisters als Dinkelsb\u00fchl en N\u00f6rdlingen erg druk zijn. De campings en camperplaatsen staan ook eerder op de dag vol. Je houd daardoor minder tijd over om onderweg iets te bezichtigen.<\/p>\n\n\n\n<p id=\"donauworth\">In 2013 hebben we Donauw\u00f6rth niet bezocht, en reden we Harburg voorbij zonder het op te merken. Deze twee plaatsen hebben we dit keer w\u00e9l bezocht, dat wil zeggen, we zijn met de buzz dwars door Donauw\u00f6rth gereden, maar vonden er geen parkeergelegenheid, en we hebben geluncht aan de voet van de burcht van Harburg.<\/p>\n<\/div>\n<\/div>\n\n\n\n<div class=\"wp-block-columns is-layout-flex wp-container-core-columns-is-layout-9d6595d7 wp-block-columns-is-layout-flex\">\n<div class=\"wp-block-column is-layout-flow wp-block-column-is-layout-flow\"><\/div>\n\n\n\n<div class=\"wp-block-column is-layout-flow wp-block-column-is-layout-flow\">\n<figure class=\"wp-block-image size-full\"><a href=\"https:\/\/tedenloesopreis.nl\/wp-content\/uploads\/2023\/12\/IMG_0598-1024x768-1.jpeg\" target=\"_blank\" rel=\"noreferrer noopener\"><img loading=\"lazy\" decoding=\"async\" width=\"1024\" height=\"768\" src=\"https:\/\/tedenloesopreis.nl\/wp-content\/uploads\/2023\/12\/IMG_0598-1024x768-1.jpeg\" alt=\"\" class=\"wp-image-7900\" srcset=\"https:\/\/tedenloesopreis.nl\/wp-content\/uploads\/2023\/12\/IMG_0598-1024x768-1.jpeg 1024w, https:\/\/tedenloesopreis.nl\/wp-content\/uploads\/2023\/12\/IMG_0598-1024x768-1-300x225.jpeg 300w, https:\/\/tedenloesopreis.nl\/wp-content\/uploads\/2023\/12\/IMG_0598-1024x768-1-768x576.jpeg 768w\" sizes=\"auto, (max-width: 1024px) 100vw, 1024px\" \/><\/a><figcaption class=\"wp-element-caption\"><em>dwars door Donauw\u00f6rth<\/em><\/figcaption><\/figure>\n<\/div>\n\n\n\n<div class=\"wp-block-column is-layout-flow wp-block-column-is-layout-flow\">\n<figure class=\"wp-block-image size-full\"><a href=\"https:\/\/tedenloesopreis.nl\/wp-content\/uploads\/2023\/12\/IMG_0601-1024x768-1.jpeg\" target=\"_blank\" rel=\"noreferrer noopener\"><img loading=\"lazy\" decoding=\"async\" width=\"1024\" height=\"768\" src=\"https:\/\/tedenloesopreis.nl\/wp-content\/uploads\/2023\/12\/IMG_0601-1024x768-1.jpeg\" alt=\"\" class=\"wp-image-7901\" srcset=\"https:\/\/tedenloesopreis.nl\/wp-content\/uploads\/2023\/12\/IMG_0601-1024x768-1.jpeg 1024w, https:\/\/tedenloesopreis.nl\/wp-content\/uploads\/2023\/12\/IMG_0601-1024x768-1-300x225.jpeg 300w, https:\/\/tedenloesopreis.nl\/wp-content\/uploads\/2023\/12\/IMG_0601-1024x768-1-768x576.jpeg 768w\" sizes=\"auto, (max-width: 1024px) 100vw, 1024px\" \/><\/a><figcaption class=\"wp-element-caption\"><em>dwars door Donauw\u00f6rth<\/em><\/figcaption><\/figure>\n<\/div>\n<\/div>\n\n\n\n<div class=\"wp-block-columns is-layout-flex wp-container-core-columns-is-layout-9d6595d7 wp-block-columns-is-layout-flex\">\n<div class=\"wp-block-column is-layout-flow wp-block-column-is-layout-flow\"><\/div>\n\n\n\n<div class=\"wp-block-column is-vertically-aligned-bottom is-layout-flow wp-block-column-is-layout-flow\">\n<figure class=\"wp-block-image size-full\"><a href=\"https:\/\/tedenloesopreis.nl\/wp-content\/uploads\/2023\/12\/IMG_0602-1024x768-1.jpeg\" target=\"_blank\" rel=\"noreferrer noopener\"><img loading=\"lazy\" decoding=\"async\" width=\"1024\" height=\"768\" src=\"https:\/\/tedenloesopreis.nl\/wp-content\/uploads\/2023\/12\/IMG_0602-1024x768-1.jpeg\" alt=\"\" class=\"wp-image-7902\" srcset=\"https:\/\/tedenloesopreis.nl\/wp-content\/uploads\/2023\/12\/IMG_0602-1024x768-1.jpeg 1024w, https:\/\/tedenloesopreis.nl\/wp-content\/uploads\/2023\/12\/IMG_0602-1024x768-1-300x225.jpeg 300w, https:\/\/tedenloesopreis.nl\/wp-content\/uploads\/2023\/12\/IMG_0602-1024x768-1-768x576.jpeg 768w\" sizes=\"auto, (max-width: 1024px) 100vw, 1024px\" \/><\/a><figcaption class=\"wp-element-caption\"><em>de burcht van Harburg<\/em><\/figcaption><\/figure>\n<\/div>\n\n\n\n<div class=\"wp-block-column is-layout-flow wp-block-column-is-layout-flow\">\n<figure class=\"wp-block-image size-full\"><a href=\"https:\/\/tedenloesopreis.nl\/wp-content\/uploads\/2023\/12\/IMG_0605-1024x842-1.jpeg\" target=\"_blank\" rel=\"noreferrer noopener\"><img loading=\"lazy\" decoding=\"async\" width=\"1024\" height=\"842\" src=\"https:\/\/tedenloesopreis.nl\/wp-content\/uploads\/2023\/12\/IMG_0605-1024x842-1.jpeg\" alt=\"\" class=\"wp-image-7903\" srcset=\"https:\/\/tedenloesopreis.nl\/wp-content\/uploads\/2023\/12\/IMG_0605-1024x842-1.jpeg 1024w, https:\/\/tedenloesopreis.nl\/wp-content\/uploads\/2023\/12\/IMG_0605-1024x842-1-300x247.jpeg 300w, https:\/\/tedenloesopreis.nl\/wp-content\/uploads\/2023\/12\/IMG_0605-1024x842-1-768x632.jpeg 768w\" sizes=\"auto, (max-width: 1024px) 100vw, 1024px\" \/><\/a><figcaption class=\"wp-element-caption\"><em>de burcht van Harburg<\/em><\/figcaption><\/figure>\n<\/div>\n<\/div>\n\n\n\n<div class=\"wp-block-columns is-layout-flex wp-container-core-columns-is-layout-9d6595d7 wp-block-columns-is-layout-flex\">\n<div class=\"wp-block-column is-layout-flow wp-block-column-is-layout-flow\" style=\"flex-basis:33.33%\"><\/div>\n\n\n\n<div class=\"wp-block-column is-layout-flow wp-block-column-is-layout-flow\" style=\"flex-basis:66.66%\">\n<p>Als we net na 15:00 in Rothenburg o. T. aankomen, blijkt de camping van 2013, Tauber Romantik, \u201cv\u00f6llig belegt\u201d. We rijden daarom maar door naar&nbsp;<a href=\"https:\/\/www.campercontact.com\/nl\/duitsland\/beieren\/rothenburg-ob-der-tauber\/26713\/camping-tauber-idyll\" target=\"_blank\" rel=\"noreferrer noopener\">camping<\/a>&nbsp;van de buurman, Tauber Idyll, waar nog wat vrije plaatsen zijn.<\/p>\n\n\n\n<p>Het weer vertoont vandaag een flinke dip. Was het gisteren met 33\u00b0C en een hoge luchtvochtigheid behoorlijk afzien, vandaag kwam de thermometer niet boven 19\u00b0C uit. Zaten we gisterenavond te transpireren in de buzz tijdens een onstuimig onweer, vanavond zitten we in de buzz omdat het buiten met 15\u00b0C aan de frisse kant is. Sliepen we afgelopen nacht nog onder een lakentje, voor vannacht hebben we de dekbedden maar weer uit de kast gehaald, want het koelt behoorlijk af. Gelukkig is het naar verwachting morgen prima weer om nog eens naar Rothenburg o.d. T. te fietsen.<\/p>\n<\/div>\n<\/div>\n\n\n\n<div class=\"wp-block-columns is-layout-flex wp-container-core-columns-is-layout-9d6595d7 wp-block-columns-is-layout-flex\">\n<div class=\"wp-block-column is-layout-flow wp-block-column-is-layout-flow\"><\/div>\n\n\n\n<div class=\"wp-block-column is-layout-flow wp-block-column-is-layout-flow\">\n<figure class=\"wp-block-image size-full\"><a href=\"https:\/\/tedenloesopreis.nl\/wp-content\/uploads\/2023\/12\/IMG_6414-1024x768-1.jpeg\" target=\"_blank\" rel=\"noreferrer noopener\"><img loading=\"lazy\" decoding=\"async\" width=\"1024\" height=\"768\" src=\"https:\/\/tedenloesopreis.nl\/wp-content\/uploads\/2023\/12\/IMG_6414-1024x768-1.jpeg\" alt=\"\" class=\"wp-image-7904\" srcset=\"https:\/\/tedenloesopreis.nl\/wp-content\/uploads\/2023\/12\/IMG_6414-1024x768-1.jpeg 1024w, https:\/\/tedenloesopreis.nl\/wp-content\/uploads\/2023\/12\/IMG_6414-1024x768-1-300x225.jpeg 300w, https:\/\/tedenloesopreis.nl\/wp-content\/uploads\/2023\/12\/IMG_6414-1024x768-1-768x576.jpeg 768w\" sizes=\"auto, (max-width: 1024px) 100vw, 1024px\" \/><\/a><figcaption class=\"wp-element-caption\"><em>camping in Rothenburg o.T.<\/em><\/figcaption><\/figure>\n<\/div>\n\n\n\n<div class=\"wp-block-column is-layout-flow wp-block-column-is-layout-flow\">\n<figure class=\"wp-block-image size-full\"><a href=\"https:\/\/tedenloesopreis.nl\/wp-content\/uploads\/2023\/12\/IMG_6415-1024x768-1.jpeg\" target=\"_blank\" rel=\"noreferrer noopener\"><img loading=\"lazy\" decoding=\"async\" width=\"1024\" height=\"768\" src=\"https:\/\/tedenloesopreis.nl\/wp-content\/uploads\/2023\/12\/IMG_6415-1024x768-1.jpeg\" alt=\"\" class=\"wp-image-7905\" srcset=\"https:\/\/tedenloesopreis.nl\/wp-content\/uploads\/2023\/12\/IMG_6415-1024x768-1.jpeg 1024w, https:\/\/tedenloesopreis.nl\/wp-content\/uploads\/2023\/12\/IMG_6415-1024x768-1-300x225.jpeg 300w, https:\/\/tedenloesopreis.nl\/wp-content\/uploads\/2023\/12\/IMG_6415-1024x768-1-768x576.jpeg 768w\" sizes=\"auto, (max-width: 1024px) 100vw, 1024px\" \/><\/a><figcaption class=\"wp-element-caption\"><em>camping in Rothenburg o.T.<\/em><\/figcaption><\/figure>\n<\/div>\n<\/div>\n\n\n\n<div style=\"height:35px\" aria-hidden=\"true\" class=\"wp-block-spacer\"><\/div>\n\n\n\n<div class=\"wp-block-columns is-layout-flex wp-container-core-columns-is-layout-9d6595d7 wp-block-columns-is-layout-flex\">\n<div class=\"wp-block-column is-layout-flow wp-block-column-is-layout-flow\">\n<p class=\"has-orange-background-color has-background\" id=\"dag43\"><\/p>\n<\/div>\n<\/div>\n\n\n\n<div class=\"wp-block-columns is-layout-flex wp-container-core-columns-is-layout-9d6595d7 wp-block-columns-is-layout-flex\">\n<div class=\"wp-block-column is-layout-flow wp-block-column-is-layout-flow\" style=\"flex-basis:33.33%\">\n<p><a href=\"#titel\">top<\/a><\/p>\n<\/div>\n\n\n\n<div class=\"wp-block-column is-layout-flow wp-block-column-is-layout-flow\" style=\"flex-basis:66.66%\">\n<p><strong>EEN OPENLUCHTMUSEUM<br><\/strong>dag 43 &nbsp; &nbsp;  &nbsp;za 24 juni 2023<br>Rothenburg o.T.&nbsp; &nbsp;&nbsp; &nbsp; 0&nbsp;km<\/p>\n<\/div>\n<\/div>\n\n\n\n<div style=\"height:20px\" aria-hidden=\"true\" class=\"wp-block-spacer\"><\/div>\n\n\n\n<div class=\"wp-block-columns is-layout-flex wp-container-core-columns-is-layout-9d6595d7 wp-block-columns-is-layout-flex\">\n<div class=\"wp-block-column is-layout-flow wp-block-column-is-layout-flow\" style=\"flex-basis:33.33%\"><\/div>\n\n\n\n<div class=\"wp-block-column is-layout-flow wp-block-column-is-layout-flow\" style=\"flex-basis:66.66%\">\n<p>We fietsen vandaag met prima weer, 25\u00b0C, naar Rothenburg Ob der Tauber, een kort maar steil klimmetje vanaf de camping.&nbsp;<\/p>\n\n\n\n<p>We rijden de Altstadt binnen via de Klingentor. We bezoeken natuurlijk de Marktplatz, met het Rathaus, en het Pl\u00f6nlein, h\u00e9t beeldmerk van Rothenburg. We rijden ook kriskras door de stad, naar de Spitaltor, de R\u00f6dertor en de Galgentor. Overal manifesteert de Altstadt zich als een museum. Op verschillende plaatsen is het een rammelmuseum, want de kinderkopjes liggen behoorlijk ongelijk. Gelukkig hebben we vrij brede banden op onze fietsen.<\/p>\n<\/div>\n<\/div>\n\n\n\n<div class=\"wp-block-columns is-layout-flex wp-container-core-columns-is-layout-9d6595d7 wp-block-columns-is-layout-flex\">\n<div class=\"wp-block-column is-layout-flow wp-block-column-is-layout-flow\">\n<figure class=\"wp-block-image size-full\"><a href=\"https:\/\/tedenloesopreis.nl\/wp-content\/uploads\/2023\/12\/IMG_6427-768x1024-1.jpeg\" target=\"_blank\" rel=\"noreferrer noopener\"><img loading=\"lazy\" decoding=\"async\" width=\"768\" height=\"1024\" src=\"https:\/\/tedenloesopreis.nl\/wp-content\/uploads\/2023\/12\/IMG_6427-768x1024-1.jpeg\" alt=\"\" class=\"wp-image-7907\" srcset=\"https:\/\/tedenloesopreis.nl\/wp-content\/uploads\/2023\/12\/IMG_6427-768x1024-1.jpeg 768w, https:\/\/tedenloesopreis.nl\/wp-content\/uploads\/2023\/12\/IMG_6427-768x1024-1-225x300.jpeg 225w\" sizes=\"auto, (max-width: 768px) 100vw, 768px\" \/><\/a><figcaption class=\"wp-element-caption\"><em>Klingentor<\/em><\/figcaption><\/figure>\n<\/div>\n\n\n\n<div class=\"wp-block-column is-layout-flow wp-block-column-is-layout-flow\">\n<figure class=\"wp-block-image size-full\"><a href=\"https:\/\/tedenloesopreis.nl\/wp-content\/uploads\/2023\/12\/IMG_6428-1024x768-1.jpeg\" target=\"_blank\" rel=\"noreferrer noopener\"><img loading=\"lazy\" decoding=\"async\" width=\"1024\" height=\"768\" src=\"https:\/\/tedenloesopreis.nl\/wp-content\/uploads\/2023\/12\/IMG_6428-1024x768-1.jpeg\" alt=\"\" class=\"wp-image-7908\" srcset=\"https:\/\/tedenloesopreis.nl\/wp-content\/uploads\/2023\/12\/IMG_6428-1024x768-1.jpeg 1024w, https:\/\/tedenloesopreis.nl\/wp-content\/uploads\/2023\/12\/IMG_6428-1024x768-1-300x225.jpeg 300w, https:\/\/tedenloesopreis.nl\/wp-content\/uploads\/2023\/12\/IMG_6428-1024x768-1-768x576.jpeg 768w\" sizes=\"auto, (max-width: 1024px) 100vw, 1024px\" \/><\/a><figcaption class=\"wp-element-caption\"><em>Rathaus<\/em><\/figcaption><\/figure>\n<\/div>\n\n\n\n<div class=\"wp-block-column is-layout-flow wp-block-column-is-layout-flow\">\n<figure class=\"wp-block-image size-full\"><a href=\"https:\/\/tedenloesopreis.nl\/wp-content\/uploads\/2023\/12\/IMG_6431-1024x768-1.jpeg\" target=\"_blank\" rel=\"noreferrer noopener\"><img loading=\"lazy\" decoding=\"async\" width=\"1024\" height=\"768\" src=\"https:\/\/tedenloesopreis.nl\/wp-content\/uploads\/2023\/12\/IMG_6431-1024x768-1.jpeg\" alt=\"\" class=\"wp-image-7909\" srcset=\"https:\/\/tedenloesopreis.nl\/wp-content\/uploads\/2023\/12\/IMG_6431-1024x768-1.jpeg 1024w, https:\/\/tedenloesopreis.nl\/wp-content\/uploads\/2023\/12\/IMG_6431-1024x768-1-300x225.jpeg 300w, https:\/\/tedenloesopreis.nl\/wp-content\/uploads\/2023\/12\/IMG_6431-1024x768-1-768x576.jpeg 768w\" sizes=\"auto, (max-width: 1024px) 100vw, 1024px\" \/><\/a><figcaption class=\"wp-element-caption\"><em>Marktplatz<\/em><\/figcaption><\/figure>\n<\/div>\n<\/div>\n\n\n\n<div class=\"wp-block-columns is-layout-flex wp-container-core-columns-is-layout-9d6595d7 wp-block-columns-is-layout-flex\">\n<div class=\"wp-block-column is-layout-flow wp-block-column-is-layout-flow\">\n<figure class=\"wp-block-image size-full\"><a href=\"https:\/\/tedenloesopreis.nl\/wp-content\/uploads\/2023\/12\/IMG_6432-1024x768-1.jpeg\" target=\"_blank\" rel=\"noreferrer noopener\"><img loading=\"lazy\" decoding=\"async\" width=\"1024\" height=\"768\" src=\"https:\/\/tedenloesopreis.nl\/wp-content\/uploads\/2023\/12\/IMG_6432-1024x768-1.jpeg\" alt=\"\" class=\"wp-image-7910\" srcset=\"https:\/\/tedenloesopreis.nl\/wp-content\/uploads\/2023\/12\/IMG_6432-1024x768-1.jpeg 1024w, https:\/\/tedenloesopreis.nl\/wp-content\/uploads\/2023\/12\/IMG_6432-1024x768-1-300x225.jpeg 300w, https:\/\/tedenloesopreis.nl\/wp-content\/uploads\/2023\/12\/IMG_6432-1024x768-1-768x576.jpeg 768w\" sizes=\"auto, (max-width: 1024px) 100vw, 1024px\" \/><\/a><figcaption class=\"wp-element-caption\"><em>Pl\u00f6nlein<\/em><\/figcaption><\/figure>\n<\/div>\n\n\n\n<div class=\"wp-block-column is-layout-flow wp-block-column-is-layout-flow\">\n<figure class=\"wp-block-image size-full\"><a href=\"https:\/\/tedenloesopreis.nl\/wp-content\/uploads\/2023\/12\/IMG_6438-1024x768-1.jpeg\" target=\"_blank\" rel=\"noreferrer noopener\"><img loading=\"lazy\" decoding=\"async\" width=\"1024\" height=\"768\" src=\"https:\/\/tedenloesopreis.nl\/wp-content\/uploads\/2023\/12\/IMG_6438-1024x768-1.jpeg\" alt=\"\" class=\"wp-image-7911\" srcset=\"https:\/\/tedenloesopreis.nl\/wp-content\/uploads\/2023\/12\/IMG_6438-1024x768-1.jpeg 1024w, https:\/\/tedenloesopreis.nl\/wp-content\/uploads\/2023\/12\/IMG_6438-1024x768-1-300x225.jpeg 300w, https:\/\/tedenloesopreis.nl\/wp-content\/uploads\/2023\/12\/IMG_6438-1024x768-1-768x576.jpeg 768w\" sizes=\"auto, (max-width: 1024px) 100vw, 1024px\" \/><\/a><figcaption class=\"wp-element-caption\"><em>Herrngasse<\/em><\/figcaption><\/figure>\n<\/div>\n\n\n\n<div class=\"wp-block-column is-layout-flow wp-block-column-is-layout-flow\">\n<figure class=\"wp-block-image size-full\"><a href=\"https:\/\/tedenloesopreis.nl\/wp-content\/uploads\/2023\/12\/IMG_6435-1024x768-1.jpeg\" target=\"_blank\" rel=\"noreferrer noopener\"><img loading=\"lazy\" decoding=\"async\" width=\"1024\" height=\"768\" src=\"https:\/\/tedenloesopreis.nl\/wp-content\/uploads\/2023\/12\/IMG_6435-1024x768-1.jpeg\" alt=\"\" class=\"wp-image-7912\" srcset=\"https:\/\/tedenloesopreis.nl\/wp-content\/uploads\/2023\/12\/IMG_6435-1024x768-1.jpeg 1024w, https:\/\/tedenloesopreis.nl\/wp-content\/uploads\/2023\/12\/IMG_6435-1024x768-1-300x225.jpeg 300w, https:\/\/tedenloesopreis.nl\/wp-content\/uploads\/2023\/12\/IMG_6435-1024x768-1-768x576.jpeg 768w\" sizes=\"auto, (max-width: 1024px) 100vw, 1024px\" \/><\/a><figcaption class=\"wp-element-caption\"><em>Spitalgasse met Siebersturm<\/em><\/figcaption><\/figure>\n<\/div>\n<\/div>\n\n\n\n<div style=\"height:35px\" aria-hidden=\"true\" class=\"wp-block-spacer\"><\/div>\n\n\n\n<div class=\"wp-block-columns is-layout-flex wp-container-core-columns-is-layout-9d6595d7 wp-block-columns-is-layout-flex\">\n<div class=\"wp-block-column is-layout-flow wp-block-column-is-layout-flow\">\n<p class=\"has-orange-background-color has-background\" id=\"dag44\"><\/p>\n<\/div>\n<\/div>\n\n\n\n<div class=\"wp-block-columns is-layout-flex wp-container-core-columns-is-layout-9d6595d7 wp-block-columns-is-layout-flex\">\n<div class=\"wp-block-column is-layout-flow wp-block-column-is-layout-flow\" style=\"flex-basis:33.33%\">\n<p><a href=\"#titel\">top<\/a><\/p>\n<\/div>\n\n\n\n<div class=\"wp-block-column is-layout-flow wp-block-column-is-layout-flow\" style=\"flex-basis:66.66%\">\n<p><strong>VOORUIT, ACHTERUIT<br><\/strong>dag 44 &nbsp; &nbsp;&nbsp; &nbsp;zo 25 juni 2023<br><a href=\"https:\/\/www.google.com\/maps\/d\/edit?mid=1tm6ULEvIBhUMUt5hx4kefyHRRI1M4sM&amp;ll=49.57095351286881%2C9.440520581584453&amp;z=9\" target=\"_blank\" rel=\"noreferrer noopener\">Rothenburg o.T. \u2013 Hemsbach<\/a>&nbsp; &nbsp;&nbsp; &nbsp; 188&nbsp;km<\/p>\n<\/div>\n<\/div>\n\n\n\n<div style=\"height:20px\" aria-hidden=\"true\" class=\"wp-block-spacer\"><\/div>\n\n\n\n<div class=\"wp-block-columns is-layout-flex wp-container-core-columns-is-layout-9d6595d7 wp-block-columns-is-layout-flex\">\n<div class=\"wp-block-column is-vertically-aligned-bottom is-layout-flow wp-block-column-is-layout-flow\" style=\"flex-basis:33.33%\">\n<figure class=\"wp-block-image size-full\"><a href=\"https:\/\/tedenloesopreis.nl\/wp-content\/uploads\/2023\/12\/IMG_6442-1-1024x768-1.jpeg\" target=\"_blank\" rel=\"noreferrer noopener\"><img loading=\"lazy\" decoding=\"async\" width=\"1024\" height=\"768\" src=\"https:\/\/tedenloesopreis.nl\/wp-content\/uploads\/2023\/12\/IMG_6442-1-1024x768-1.jpeg\" alt=\"\" class=\"wp-image-7914\" srcset=\"https:\/\/tedenloesopreis.nl\/wp-content\/uploads\/2023\/12\/IMG_6442-1-1024x768-1.jpeg 1024w, https:\/\/tedenloesopreis.nl\/wp-content\/uploads\/2023\/12\/IMG_6442-1-1024x768-1-300x225.jpeg 300w, https:\/\/tedenloesopreis.nl\/wp-content\/uploads\/2023\/12\/IMG_6442-1-1024x768-1-768x576.jpeg 768w\" sizes=\"auto, (max-width: 1024px) 100vw, 1024px\" \/><\/a><figcaption class=\"wp-element-caption\"><em>camping in Hemsbach<\/em><\/figcaption><\/figure>\n<\/div>\n\n\n\n<div class=\"wp-block-column is-layout-flow wp-block-column-is-layout-flow\" style=\"flex-basis:66.66%\">\n<p>We rijden vandaag nog een stukje van de Romantische Stra\u00dfe: via Creglingen en Bad Mergentheim naar Tauberbischofsheim. Daar verlaten we de Romantische Stra\u00dfe en zetten we koers naar Miltenberg, een mooi stadje aan de Main. Als we in de buurt zijn, bij de plaatselijke MacDonalds, ontdekken we dat de camping tot 15:00 gesloten is. We hebben geen zin om een kleine 2 uur in de zon (30\u00b0C) voor de poort te wachten tot de Mittagsruhe voorbij is. We merken ook, dat we bij deze hitte een beetje \u201cplaatsjesmoe\u201d zijn geworden. Miltenberg kan wel wachten tot een volgende keer. We besluiten om verder te rijden.<\/p>\n\n\n\n<p id=\"furth\">In de buurt van het plaatsje F\u00fcrth verschijnt er op het TomTom-scherm een rode streep op de \u201c38\u201d. De doorgaande route is versperd. TomTom stelt een omleiding voor, maar halverwege deze omleiding is TomTom de draad kwijt. We komen in een smal straatje, met aan het einde een wegafzetting. Op de \u201c38\u201d wordt de plaatselijke optocht gehouden. Alle verenigingen komen zwaaiend voorbij. Wij kunnen niets anders dan wachten, want achter ons staat inmiddels nog een auto. Uiteindelijk besluit de chauffeur achter ons, om maar een heel eind achteruit te rijden. Wij besluiten, om dat ook te doen. Loes loopt al wuivend voorop (eigenlijk: achterop), om eventuele nieuwe achterliggers weg te sturen. Na zo\u2019n 300 meter in het smalle straatje vol geparkeerde&nbsp;&nbsp;auto\u2019s is er eindelijk voldoende plek om te keren. We rijden op het geheugen terug via de gevolgde TomTom-omleiding. Op een gegeven moment zien we borden \u201cUmleitung\u201d. Die brengen ons via smalle straatjes vol geparkeerde auto\u2019s en met veel tegenliggers (die worden immers ook omgeleid) naar de andere kant van het plaatsje. Daar kunnen we weer de \u201c38\u201d op.<\/p>\n\n\n\n<p>We stoppen op een&nbsp;<a href=\"https:\/\/www.campercontact.com\/nl\/duitsland\/baden-wurttemberg\/hemsbach\/58485\/camping-wiesensee\" target=\"_blank\" rel=\"noreferrer noopener\">camping in Hemsbach<\/a>, waar nog net \u00e9\u00e9n plaatsje vrij is.<\/p>\n<\/div>\n<\/div>\n\n\n\n<div style=\"height:35px\" aria-hidden=\"true\" class=\"wp-block-spacer\"><\/div>\n\n\n\n<div class=\"wp-block-columns is-layout-flex wp-container-core-columns-is-layout-9d6595d7 wp-block-columns-is-layout-flex\">\n<div class=\"wp-block-column is-layout-flow wp-block-column-is-layout-flow\">\n<p class=\"has-orange-background-color has-background\" id=\"dag45\"><\/p>\n<\/div>\n<\/div>\n\n\n\n<div class=\"wp-block-columns is-layout-flex wp-container-core-columns-is-layout-9d6595d7 wp-block-columns-is-layout-flex\">\n<div class=\"wp-block-column is-layout-flow wp-block-column-is-layout-flow\" style=\"flex-basis:33.33%\">\n<p><a href=\"#titel\">top<\/a><\/p>\n<\/div>\n\n\n\n<div class=\"wp-block-column is-layout-flow wp-block-column-is-layout-flow\" style=\"flex-basis:66.66%\">\n<p><strong>TUSSEN DE VULKANEN<br><\/strong>dag 45 &nbsp; &nbsp; &nbsp;ma 26 juni 2023<br><a href=\"https:\/\/www.google.com\/maps\/d\/edit?mid=1MP2O6G7f9WzEswWCmEXy74mAwWJPmS0&amp;ll=50.01989281303199%2C7.833136290075302&amp;z=8\" target=\"_blank\" rel=\"noreferrer noopener\">Hemsbach \u2013 Schalkenmehren<\/a>&nbsp; &nbsp; &nbsp; 252&nbsp;km<\/p>\n<\/div>\n<\/div>\n\n\n\n<div style=\"height:20px\" aria-hidden=\"true\" class=\"wp-block-spacer\"><\/div>\n\n\n\n<div class=\"wp-block-columns is-layout-flex wp-container-core-columns-is-layout-9d6595d7 wp-block-columns-is-layout-flex\">\n<div class=\"wp-block-column is-layout-flow wp-block-column-is-layout-flow\" style=\"flex-basis:33.33%\"><\/div>\n\n\n\n<div class=\"wp-block-column is-layout-flow wp-block-column-is-layout-flow\" style=\"flex-basis:66.66%\">\n<p>We staan op een uitstekende&nbsp;<a href=\"https:\/\/www.campercontact.com\/nl\/duitsland\/rijnland-palts\/schalkenmehren\/92019\/wohnmobilpark-vulkaneifel\" target=\"_blank\" rel=\"noreferrer noopener\">camperplaats bij Schalkenmehren<\/a>, een klein dorpje in de Vulkaneifel.&nbsp;<br><br>We hebben het drukkend warme weer vanochtend in Hemsbach achtergelaten: 27\u00b0C bij vertrek rond 10:00, 23\u00b0C bij aankomst rond 16:00 uur. Kwam het afgelopen nacht niet onder de 20\u00b0C, voor vannacht wordt een minimum van 11\u00b0C voorspeld.<\/p>\n\n\n\n<p>Over de reis kunnen we kort zijn: alleen het laatste stuk, tussen de uitgedoofde vulkanen, verdient het predikaat \u201cbijzonder\u201d. De camperplaats ligt aan een populaire fietsroute, die is aangelegd op het trac\u00e9 van de voormalige spoorlijn van Daun naar Bernkastel Kues.<\/p>\n<\/div>\n<\/div>\n\n\n\n<div class=\"wp-block-columns is-layout-flex wp-container-core-columns-is-layout-9d6595d7 wp-block-columns-is-layout-flex\">\n<div class=\"wp-block-column is-layout-flow wp-block-column-is-layout-flow\"><\/div>\n\n\n\n<div class=\"wp-block-column is-layout-flow wp-block-column-is-layout-flow\">\n<figure class=\"wp-block-image size-full\"><a href=\"https:\/\/tedenloesopreis.nl\/wp-content\/uploads\/2023\/12\/IMG_6444-1024x768-1.jpeg\" target=\"_blank\" rel=\"noreferrer noopener\"><img loading=\"lazy\" decoding=\"async\" width=\"1024\" height=\"768\" src=\"https:\/\/tedenloesopreis.nl\/wp-content\/uploads\/2023\/12\/IMG_6444-1024x768-1.jpeg\" alt=\"\" class=\"wp-image-7916\" srcset=\"https:\/\/tedenloesopreis.nl\/wp-content\/uploads\/2023\/12\/IMG_6444-1024x768-1.jpeg 1024w, https:\/\/tedenloesopreis.nl\/wp-content\/uploads\/2023\/12\/IMG_6444-1024x768-1-300x225.jpeg 300w, https:\/\/tedenloesopreis.nl\/wp-content\/uploads\/2023\/12\/IMG_6444-1024x768-1-768x576.jpeg 768w\" sizes=\"auto, (max-width: 1024px) 100vw, 1024px\" \/><\/a><figcaption class=\"wp-element-caption\"><em>camperplaats Schalkenmehren<\/em><\/figcaption><\/figure>\n<\/div>\n\n\n\n<div class=\"wp-block-column is-layout-flow wp-block-column-is-layout-flow\">\n<figure class=\"wp-block-image size-full\"><a href=\"https:\/\/tedenloesopreis.nl\/wp-content\/uploads\/2023\/12\/IMG_6445-1024x768-1.jpeg\" target=\"_blank\" rel=\"noreferrer noopener\"><img loading=\"lazy\" decoding=\"async\" width=\"1024\" height=\"768\" src=\"https:\/\/tedenloesopreis.nl\/wp-content\/uploads\/2023\/12\/IMG_6445-1024x768-1.jpeg\" alt=\"\" class=\"wp-image-7917\" srcset=\"https:\/\/tedenloesopreis.nl\/wp-content\/uploads\/2023\/12\/IMG_6445-1024x768-1.jpeg 1024w, https:\/\/tedenloesopreis.nl\/wp-content\/uploads\/2023\/12\/IMG_6445-1024x768-1-300x225.jpeg 300w, https:\/\/tedenloesopreis.nl\/wp-content\/uploads\/2023\/12\/IMG_6445-1024x768-1-768x576.jpeg 768w\" sizes=\"auto, (max-width: 1024px) 100vw, 1024px\" \/><\/a><figcaption class=\"wp-element-caption\"><em>voormalig station Schalkenmehren<\/em><\/figcaption><\/figure>\n<\/div>\n<\/div>\n\n\n\n<div style=\"height:35px\" aria-hidden=\"true\" class=\"wp-block-spacer\"><\/div>\n\n\n\n<div class=\"wp-block-columns is-layout-flex wp-container-core-columns-is-layout-9d6595d7 wp-block-columns-is-layout-flex\">\n<div class=\"wp-block-column is-layout-flow wp-block-column-is-layout-flow\">\n<p class=\"has-orange-background-color has-background\" id=\"dag46\"><\/p>\n<\/div>\n<\/div>\n\n\n\n<div class=\"wp-block-columns is-layout-flex wp-container-core-columns-is-layout-9d6595d7 wp-block-columns-is-layout-flex\">\n<div class=\"wp-block-column is-layout-flow wp-block-column-is-layout-flow\" style=\"flex-basis:33.33%\">\n<p><a href=\"#titel\">top<\/a><\/p>\n<\/div>\n\n\n\n<div class=\"wp-block-column is-layout-flow wp-block-column-is-layout-flow\" style=\"flex-basis:66.66%\">\n<p><strong>WEER IN HET LAND<br><\/strong>dag 46 &nbsp; &nbsp;di 27 juni 2023<br><a href=\"https:\/\/www.google.com\/maps\/d\/edit?mid=1mYsI_yLk6Rhi1gfGdBuMcmqMcYfK9-k&amp;ll=50.53608501429687%2C6.218574743177777&amp;z=9\" target=\"_blank\" rel=\"noreferrer noopener\">Schalkenmehren \u2013 Berg en Terblijt<\/a><\/p>\n<\/div>\n<\/div>\n\n\n\n<div style=\"height:20px\" aria-hidden=\"true\" class=\"wp-block-spacer\"><\/div>\n\n\n\n<div class=\"wp-block-columns is-layout-flex wp-container-core-columns-is-layout-9d6595d7 wp-block-columns-is-layout-flex\">\n<div class=\"wp-block-column is-layout-flow wp-block-column-is-layout-flow\" style=\"flex-basis:33.33%\">\n<figure class=\"wp-block-image size-full\"><a href=\"https:\/\/tedenloesopreis.nl\/wp-content\/uploads\/2023\/12\/IMG_6446-1024x768-1.jpeg\" target=\"_blank\" rel=\"noreferrer noopener\"><img loading=\"lazy\" decoding=\"async\" width=\"1024\" height=\"768\" src=\"https:\/\/tedenloesopreis.nl\/wp-content\/uploads\/2023\/12\/IMG_6446-1024x768-1.jpeg\" alt=\"\" class=\"wp-image-7919\" srcset=\"https:\/\/tedenloesopreis.nl\/wp-content\/uploads\/2023\/12\/IMG_6446-1024x768-1.jpeg 1024w, https:\/\/tedenloesopreis.nl\/wp-content\/uploads\/2023\/12\/IMG_6446-1024x768-1-300x225.jpeg 300w, https:\/\/tedenloesopreis.nl\/wp-content\/uploads\/2023\/12\/IMG_6446-1024x768-1-768x576.jpeg 768w\" sizes=\"auto, (max-width: 1024px) 100vw, 1024px\" \/><\/a><figcaption class=\"wp-element-caption\"><em>camping Berg en Terblijt<\/em><\/figcaption><\/figure>\n<\/div>\n\n\n\n<div class=\"wp-block-column is-layout-flow wp-block-column-is-layout-flow\" style=\"flex-basis:66.66%\">\n<p>We rijden vandaag 167 km, via Daun, Gerolstein, Pr\u00fcm, \u201c265\u201d, B\u00fclingen, Eupen, Slenaken en Margraten naar een&nbsp;<a href=\"https:\/\/www.campercontact.com\/nl\/nederland\/limburg\/berg-en-terblijt\/29773\/europarcs-poort-van-maastricht\" target=\"_blank\" rel=\"noreferrer noopener\">camping<\/a>&nbsp;in Berg en Terblijt. Daar blijven we nog een paar dagen, voor we weer naar huis rijden.&nbsp;<\/p>\n<\/div>\n<\/div>\n\n\n\n<div style=\"height:35px\" aria-hidden=\"true\" class=\"wp-block-spacer\"><\/div>\n\n\n\n<div class=\"wp-block-columns is-layout-flex wp-container-core-columns-is-layout-9d6595d7 wp-block-columns-is-layout-flex\">\n<div class=\"wp-block-column is-layout-flow wp-block-column-is-layout-flow\">\n<p class=\"has-orange-background-color has-background\" id=\"dag47\"><\/p>\n<\/div>\n<\/div>\n\n\n\n<div class=\"wp-block-columns is-layout-flex wp-container-core-columns-is-layout-9d6595d7 wp-block-columns-is-layout-flex\">\n<div class=\"wp-block-column is-layout-flow wp-block-column-is-layout-flow\" style=\"flex-basis:33.33%\">\n<p><a href=\"#titel\">top<\/a><\/p>\n<\/div>\n\n\n\n<div class=\"wp-block-column is-layout-flow wp-block-column-is-layout-flow\" style=\"flex-basis:66.66%\">\n<p><strong>OMLAAG EN WEER OMHOOG<br><\/strong>dag 47 &nbsp; &nbsp;&nbsp; &nbsp;wo 28 juni 2023<br>Berg en Terblijt&nbsp; &nbsp; &nbsp;&nbsp; 0&nbsp;km<\/p>\n<\/div>\n<\/div>\n\n\n\n<div style=\"height:20px\" aria-hidden=\"true\" class=\"wp-block-spacer\"><\/div>\n\n\n\n<div class=\"wp-block-columns is-layout-flex wp-container-core-columns-is-layout-9d6595d7 wp-block-columns-is-layout-flex\">\n<div class=\"wp-block-column is-layout-flow wp-block-column-is-layout-flow\" style=\"flex-basis:33.33%\"><\/div>\n\n\n\n<div class=\"wp-block-column is-layout-flow wp-block-column-is-layout-flow\" style=\"flex-basis:66.66%\">\n<p>De dag begint met grijs weer, maar tegen drie\u00ebn klaart het een beetje op. We gaan maar eens kijken in Valkenburg.&nbsp;<\/p>\n\n\n\n<p>We fietsen de Cauberg af (niet te hard naar beneden natuurlijk), nemen een terrasje aan de voet van de Cauberg, lopen wat door het centrum (en zien daar nog veel meer terrasjes), kijken even naar de Geul (het water staat behoorlijk laag) en fietsen weer de Cauberg op (niet te hard naar boven, maar dat is logisch; wij zijn per slot van rekening geen MvdP).&nbsp;<\/p>\n\n\n\n<p>We vergeten foto\u2019s te maken in Valkenburg, maar, vrij naar Marij, iedereen weet vast wel hoe het er daar uitziet.<\/p>\n<\/div>\n<\/div>\n\n\n\n<div style=\"height:35px\" aria-hidden=\"true\" class=\"wp-block-spacer\"><\/div>\n\n\n\n<p class=\"has-orange-background-color has-background\" id=\"dag48\"><\/p>\n\n\n\n<div class=\"wp-block-columns is-layout-flex wp-container-core-columns-is-layout-9d6595d7 wp-block-columns-is-layout-flex\">\n<div class=\"wp-block-column is-layout-flow wp-block-column-is-layout-flow\" style=\"flex-basis:33.33%\">\n<p><a href=\"#titel\">top<\/a><\/p>\n<\/div>\n\n\n\n<div class=\"wp-block-column is-layout-flow wp-block-column-is-layout-flow\" style=\"flex-basis:66.66%\">\n<p><strong>RUST<br><\/strong>dag 48 &nbsp;  &nbsp; &nbsp;do 29 juni 2023<br>Berg en Terblijt&nbsp; &nbsp;&nbsp; &nbsp; 0&nbsp;km<\/p>\n<\/div>\n<\/div>\n\n\n\n<div style=\"height:20px\" aria-hidden=\"true\" class=\"wp-block-spacer\"><\/div>\n\n\n\n<div class=\"wp-block-columns is-layout-flex wp-container-core-columns-is-layout-9d6595d7 wp-block-columns-is-layout-flex\">\n<div class=\"wp-block-column is-layout-flow wp-block-column-is-layout-flow\" style=\"flex-basis:33.33%\"><\/div>\n\n\n\n<div class=\"wp-block-column is-layout-flow wp-block-column-is-layout-flow\" style=\"flex-basis:66.66%\">\n<p>We doen vandaag helemaal niets.<\/p>\n<\/div>\n<\/div>\n\n\n\n<div style=\"height:35px\" aria-hidden=\"true\" class=\"wp-block-spacer\"><\/div>\n\n\n\n<div class=\"wp-block-columns is-layout-flex wp-container-core-columns-is-layout-9d6595d7 wp-block-columns-is-layout-flex\">\n<div class=\"wp-block-column is-layout-flow wp-block-column-is-layout-flow\">\n<p class=\"has-orange-background-color has-background\" id=\"dag49\"><\/p>\n<\/div>\n<\/div>\n\n\n\n<div class=\"wp-block-columns is-layout-flex wp-container-core-columns-is-layout-9d6595d7 wp-block-columns-is-layout-flex\">\n<div class=\"wp-block-column is-layout-flow wp-block-column-is-layout-flow\" style=\"flex-basis:33.33%\">\n<p><a href=\"#titel\">top<\/a><\/p>\n<\/div>\n\n\n\n<div class=\"wp-block-column is-layout-flow wp-block-column-is-layout-flow\" style=\"flex-basis:66.66%\">\n<p><strong>DE FA. RIEU IS VOLOP BEZIG<br><\/strong>dag 49 &nbsp; &nbsp;&nbsp; &nbsp;vr 30 juni 2023<br>Berg en Terblijt&nbsp; &nbsp;&nbsp; &nbsp; 0&nbsp;km<\/p>\n<\/div>\n<\/div>\n\n\n\n<div style=\"height:20px\" aria-hidden=\"true\" class=\"wp-block-spacer\"><\/div>\n\n\n\n<div class=\"wp-block-columns is-layout-flex wp-container-core-columns-is-layout-9d6595d7 wp-block-columns-is-layout-flex\">\n<div class=\"wp-block-column is-layout-flow wp-block-column-is-layout-flow\" style=\"flex-basis:33.33%\"><\/div>\n\n\n\n<div class=\"wp-block-column is-layout-flow wp-block-column-is-layout-flow\" style=\"flex-basis:66.66%\">\n<p>Vandaag fietsen we naar Maastricht.<\/p>\n\n\n\n<p>In oktober 2015 waren we ook in Berg en Terblijt. Op zondag 11 oktober fietsten we naar Maastricht. Volgens ons geheugen was het toen betrekkelijk rustig in de stad. Het Vrijthof en de Markt waren behoorlijk leeg, en je had de lege tafeltjes op de terrassen voor het uitzoeken.<\/p>\n\n\n\n<p>Vandaag is Maastricht overvol. Op de Markt is het markt. Het Vrijthof is geconfiskeerd door de fa. Rieu, want over een week begint de zoveelste concertreeks (verschillende terrassen op het Vrijthof proberen nog, vrije plaatsen voor het concert te slijten).&nbsp;<\/p>\n<\/div>\n<\/div>\n\n\n\n<div class=\"wp-block-columns is-layout-flex wp-container-core-columns-is-layout-9d6595d7 wp-block-columns-is-layout-flex\">\n<div class=\"wp-block-column is-layout-flow wp-block-column-is-layout-flow\"><\/div>\n\n\n\n<div class=\"wp-block-column is-layout-flow wp-block-column-is-layout-flow\">\n<figure class=\"wp-block-image size-full\"><a href=\"https:\/\/tedenloesopreis.nl\/wp-content\/uploads\/2023\/12\/IMG_6451-1024x768-1.jpeg\" target=\"_blank\" rel=\"noreferrer noopener\"><img loading=\"lazy\" decoding=\"async\" width=\"1024\" height=\"768\" src=\"https:\/\/tedenloesopreis.nl\/wp-content\/uploads\/2023\/12\/IMG_6451-1024x768-1.jpeg\" alt=\"\" class=\"wp-image-7923\" srcset=\"https:\/\/tedenloesopreis.nl\/wp-content\/uploads\/2023\/12\/IMG_6451-1024x768-1.jpeg 1024w, https:\/\/tedenloesopreis.nl\/wp-content\/uploads\/2023\/12\/IMG_6451-1024x768-1-300x225.jpeg 300w, https:\/\/tedenloesopreis.nl\/wp-content\/uploads\/2023\/12\/IMG_6451-1024x768-1-768x576.jpeg 768w\" sizes=\"auto, (max-width: 1024px) 100vw, 1024px\" \/><\/a><figcaption class=\"wp-element-caption\"><em>Rieu op het Vrijthof<\/em><\/figcaption><\/figure>\n<\/div>\n\n\n\n<div class=\"wp-block-column is-layout-flow wp-block-column-is-layout-flow\">\n<figure class=\"wp-block-image size-full\"><a href=\"https:\/\/tedenloesopreis.nl\/wp-content\/uploads\/2023\/12\/IMG_6452-1024x768-1.jpeg\" target=\"_blank\" rel=\"noreferrer noopener\"><img loading=\"lazy\" decoding=\"async\" width=\"1024\" height=\"768\" src=\"https:\/\/tedenloesopreis.nl\/wp-content\/uploads\/2023\/12\/IMG_6452-1024x768-1.jpeg\" alt=\"\" class=\"wp-image-7924\" srcset=\"https:\/\/tedenloesopreis.nl\/wp-content\/uploads\/2023\/12\/IMG_6452-1024x768-1.jpeg 1024w, https:\/\/tedenloesopreis.nl\/wp-content\/uploads\/2023\/12\/IMG_6452-1024x768-1-300x225.jpeg 300w, https:\/\/tedenloesopreis.nl\/wp-content\/uploads\/2023\/12\/IMG_6452-1024x768-1-768x576.jpeg 768w\" sizes=\"auto, (max-width: 1024px) 100vw, 1024px\" \/><\/a><figcaption class=\"wp-element-caption\"><em>Rieu op het Vrijthof<\/em><\/figcaption><\/figure>\n<\/div>\n<\/div>\n\n\n\n<div class=\"wp-block-columns is-layout-flex wp-container-core-columns-is-layout-9d6595d7 wp-block-columns-is-layout-flex\">\n<div class=\"wp-block-column is-layout-flow wp-block-column-is-layout-flow\" style=\"flex-basis:33.33%\"><\/div>\n\n\n\n<div class=\"wp-block-column is-layout-flow wp-block-column-is-layout-flow\" style=\"flex-basis:66.66%\">\n<p>We concentreren ons dit jaar vooral op de basiliek van Onze Lieve Vrouwe (Sterre der zee). Dat is een typische romaanse kerk: massief en donker. De ingetogenheid van deze kerk contrasteert sterk met het Onze Lieve Vrouweplein. Daar is het een drukte van jewelste. De terrasjes doen er prima zaken.<\/p>\n<\/div>\n<\/div>\n\n\n\n<div class=\"wp-block-columns is-layout-flex wp-container-core-columns-is-layout-9d6595d7 wp-block-columns-is-layout-flex\">\n<div class=\"wp-block-column is-layout-flow wp-block-column-is-layout-flow\">\n<figure class=\"wp-block-image size-full\"><a href=\"https:\/\/tedenloesopreis.nl\/wp-content\/uploads\/2023\/12\/IMG_6453-768x1024-1.jpeg\" target=\"_blank\" rel=\"noreferrer noopener\"><img loading=\"lazy\" decoding=\"async\" width=\"768\" height=\"1024\" src=\"https:\/\/tedenloesopreis.nl\/wp-content\/uploads\/2023\/12\/IMG_6453-768x1024-1.jpeg\" alt=\"\" class=\"wp-image-7925\" srcset=\"https:\/\/tedenloesopreis.nl\/wp-content\/uploads\/2023\/12\/IMG_6453-768x1024-1.jpeg 768w, https:\/\/tedenloesopreis.nl\/wp-content\/uploads\/2023\/12\/IMG_6453-768x1024-1-225x300.jpeg 225w\" sizes=\"auto, (max-width: 768px) 100vw, 768px\" \/><\/a><figcaption class=\"wp-element-caption\"><em>basiliek van Onze Lieve Vrouwe<\/em><\/figcaption><\/figure>\n<\/div>\n\n\n\n<div class=\"wp-block-column is-layout-flow wp-block-column-is-layout-flow\">\n<figure class=\"wp-block-image size-full\"><a href=\"https:\/\/tedenloesopreis.nl\/wp-content\/uploads\/2023\/12\/IMG_6454-768x1024-1.jpeg\" target=\"_blank\" rel=\"noreferrer noopener\"><img loading=\"lazy\" decoding=\"async\" width=\"768\" height=\"1024\" src=\"https:\/\/tedenloesopreis.nl\/wp-content\/uploads\/2023\/12\/IMG_6454-768x1024-1.jpeg\" alt=\"\" class=\"wp-image-7926\" srcset=\"https:\/\/tedenloesopreis.nl\/wp-content\/uploads\/2023\/12\/IMG_6454-768x1024-1.jpeg 768w, https:\/\/tedenloesopreis.nl\/wp-content\/uploads\/2023\/12\/IMG_6454-768x1024-1-225x300.jpeg 225w\" sizes=\"auto, (max-width: 768px) 100vw, 768px\" \/><\/a><figcaption class=\"wp-element-caption\"><em>basiliek van Onze Lieve Vrouwe<\/em><\/figcaption><\/figure>\n<\/div>\n\n\n\n<div class=\"wp-block-column is-layout-flow wp-block-column-is-layout-flow\">\n<figure class=\"wp-block-image size-full\"><a href=\"https:\/\/tedenloesopreis.nl\/wp-content\/uploads\/2023\/12\/IMG_6459-768x1024-1.jpeg\" target=\"_blank\" rel=\"noreferrer noopener\"><img loading=\"lazy\" decoding=\"async\" width=\"768\" height=\"1024\" src=\"https:\/\/tedenloesopreis.nl\/wp-content\/uploads\/2023\/12\/IMG_6459-768x1024-1.jpeg\" alt=\"\" class=\"wp-image-7927\" srcset=\"https:\/\/tedenloesopreis.nl\/wp-content\/uploads\/2023\/12\/IMG_6459-768x1024-1.jpeg 768w, https:\/\/tedenloesopreis.nl\/wp-content\/uploads\/2023\/12\/IMG_6459-768x1024-1-225x300.jpeg 225w\" sizes=\"auto, (max-width: 768px) 100vw, 768px\" \/><\/a><figcaption class=\"wp-element-caption\"><em>basiliek van Onze Lieve Vrouwe<\/em><\/figcaption><\/figure>\n<\/div>\n<\/div>\n\n\n\n<div class=\"wp-block-columns is-layout-flex wp-container-core-columns-is-layout-9d6595d7 wp-block-columns-is-layout-flex\">\n<div class=\"wp-block-column is-layout-flow wp-block-column-is-layout-flow\">\n<figure class=\"wp-block-image size-full\"><a href=\"https:\/\/tedenloesopreis.nl\/wp-content\/uploads\/2023\/12\/IMG_6461-1024x768-1.jpeg\" target=\"_blank\" rel=\"noreferrer noopener\"><img loading=\"lazy\" decoding=\"async\" width=\"1024\" height=\"768\" src=\"https:\/\/tedenloesopreis.nl\/wp-content\/uploads\/2023\/12\/IMG_6461-1024x768-1.jpeg\" alt=\"\" class=\"wp-image-7928\" srcset=\"https:\/\/tedenloesopreis.nl\/wp-content\/uploads\/2023\/12\/IMG_6461-1024x768-1.jpeg 1024w, https:\/\/tedenloesopreis.nl\/wp-content\/uploads\/2023\/12\/IMG_6461-1024x768-1-300x225.jpeg 300w, https:\/\/tedenloesopreis.nl\/wp-content\/uploads\/2023\/12\/IMG_6461-1024x768-1-768x576.jpeg 768w\" sizes=\"auto, (max-width: 1024px) 100vw, 1024px\" \/><\/a><figcaption class=\"wp-element-caption\"><em>drukte op het OLV-plein<\/em><\/figcaption><\/figure>\n<\/div>\n\n\n\n<div class=\"wp-block-column is-layout-flow wp-block-column-is-layout-flow\"><\/div>\n\n\n\n<div class=\"wp-block-column is-layout-flow wp-block-column-is-layout-flow\"><\/div>\n<\/div>\n\n\n\n<div class=\"wp-block-columns is-layout-flex wp-container-core-columns-is-layout-9d6595d7 wp-block-columns-is-layout-flex\">\n<div class=\"wp-block-column is-layout-flow wp-block-column-is-layout-flow\" style=\"flex-basis:33.33%\"><\/div>\n\n\n\n<div class=\"wp-block-column is-layout-flow wp-block-column-is-layout-flow\" style=\"flex-basis:66.66%\">\n<p>We fietsen nog even verder naar de Helpoort, via de Sint Bernardusstraat, en horen onderweg een stadsgids vertellen dat het pand op nummer 13 dienst doet als Pension de Ponti in de serie Flikken Maastricht.<\/p>\n<\/div>\n<\/div>\n\n\n\n<div class=\"wp-block-columns is-layout-flex wp-container-core-columns-is-layout-9d6595d7 wp-block-columns-is-layout-flex\">\n<div class=\"wp-block-column is-layout-flow wp-block-column-is-layout-flow\"><\/div>\n\n\n\n<div class=\"wp-block-column is-layout-flow wp-block-column-is-layout-flow\">\n<figure class=\"wp-block-image size-full\"><a href=\"https:\/\/tedenloesopreis.nl\/wp-content\/uploads\/2023\/12\/IMG_6455-768x1024-1.jpeg\" target=\"_blank\" rel=\"noreferrer noopener\"><img loading=\"lazy\" decoding=\"async\" width=\"768\" height=\"1024\" src=\"https:\/\/tedenloesopreis.nl\/wp-content\/uploads\/2023\/12\/IMG_6455-768x1024-1.jpeg\" alt=\"\" class=\"wp-image-7929\" srcset=\"https:\/\/tedenloesopreis.nl\/wp-content\/uploads\/2023\/12\/IMG_6455-768x1024-1.jpeg 768w, https:\/\/tedenloesopreis.nl\/wp-content\/uploads\/2023\/12\/IMG_6455-768x1024-1-225x300.jpeg 225w\" sizes=\"auto, (max-width: 768px) 100vw, 768px\" \/><\/a><figcaption class=\"wp-element-caption\"><em>Helpoort<\/em><\/figcaption><\/figure>\n<\/div>\n\n\n\n<div class=\"wp-block-column is-layout-flow wp-block-column-is-layout-flow\">\n<figure class=\"wp-block-image size-full\"><a href=\"https:\/\/tedenloesopreis.nl\/wp-content\/uploads\/2023\/12\/IMG_6457-768x1024-1.jpeg\" target=\"_blank\" rel=\"noreferrer noopener\"><img loading=\"lazy\" decoding=\"async\" width=\"768\" height=\"1024\" src=\"https:\/\/tedenloesopreis.nl\/wp-content\/uploads\/2023\/12\/IMG_6457-768x1024-1.jpeg\" alt=\"\" class=\"wp-image-7930\" srcset=\"https:\/\/tedenloesopreis.nl\/wp-content\/uploads\/2023\/12\/IMG_6457-768x1024-1.jpeg 768w, https:\/\/tedenloesopreis.nl\/wp-content\/uploads\/2023\/12\/IMG_6457-768x1024-1-225x300.jpeg 225w\" sizes=\"auto, (max-width: 768px) 100vw, 768px\" \/><\/a><figcaption class=\"wp-element-caption\"><em>Pension de Ponti<\/em><\/figcaption><\/figure>\n<\/div>\n<\/div>\n\n\n\n<div class=\"wp-block-columns is-layout-flex wp-container-core-columns-is-layout-9d6595d7 wp-block-columns-is-layout-flex\">\n<div class=\"wp-block-column is-layout-flow wp-block-column-is-layout-flow\" style=\"flex-basis:33.33%\">\n<figure class=\"wp-block-image size-full\"><a href=\"https:\/\/tedenloesopreis.nl\/wp-content\/uploads\/2023\/12\/IMG_6462-1024x768-1.jpeg\" target=\"_blank\" rel=\"noreferrer noopener\"><img loading=\"lazy\" decoding=\"async\" width=\"1024\" height=\"768\" src=\"https:\/\/tedenloesopreis.nl\/wp-content\/uploads\/2023\/12\/IMG_6462-1024x768-1.jpeg\" alt=\"\" class=\"wp-image-7931\" srcset=\"https:\/\/tedenloesopreis.nl\/wp-content\/uploads\/2023\/12\/IMG_6462-1024x768-1.jpeg 1024w, https:\/\/tedenloesopreis.nl\/wp-content\/uploads\/2023\/12\/IMG_6462-1024x768-1-300x225.jpeg 300w, https:\/\/tedenloesopreis.nl\/wp-content\/uploads\/2023\/12\/IMG_6462-1024x768-1-768x576.jpeg 768w\" sizes=\"auto, (max-width: 1024px) 100vw, 1024px\" \/><\/a><figcaption class=\"wp-element-caption\"><em>scharnierende voetgangersbrug<\/em><\/figcaption><\/figure>\n<\/div>\n\n\n\n<div class=\"wp-block-column is-layout-flow wp-block-column-is-layout-flow\" style=\"flex-basis:66.66%\">\n<p>De terugweg gaat over de Sint Servaasbrug. Net voor onze neus gaan de slagbomen naar beneden, want er komt een schip aan. De rijstrook van de brug wordt geheven. Dat geldt ook voor beide voetgangersstroken, maar deze blijven door de scharnierende en rollende uiteinden voor voetgangers geopend.<\/p>\n<\/div>\n<\/div>\n\n\n\n<div style=\"height:35px\" aria-hidden=\"true\" class=\"wp-block-spacer\"><\/div>\n\n\n\n<div class=\"wp-block-columns is-layout-flex wp-container-core-columns-is-layout-9d6595d7 wp-block-columns-is-layout-flex\">\n<div class=\"wp-block-column is-layout-flow wp-block-column-is-layout-flow\">\n<p class=\"has-orange-background-color has-background\" id=\"dag50\"><\/p>\n<\/div>\n<\/div>\n\n\n\n<div class=\"wp-block-columns is-layout-flex wp-container-core-columns-is-layout-9d6595d7 wp-block-columns-is-layout-flex\">\n<div class=\"wp-block-column is-layout-flow wp-block-column-is-layout-flow\" style=\"flex-basis:33.33%\">\n<p><a href=\"#titel\">top<\/a><\/p>\n<\/div>\n\n\n\n<div class=\"wp-block-column is-layout-flow wp-block-column-is-layout-flow\" style=\"flex-basis:66.66%\">\n<p><strong>WEER THUIS<br><\/strong>dag 50&nbsp; &nbsp; &nbsp; &nbsp;za 01 juli 2023<br><a href=\"https:\/\/www.google.com\/maps\/d\/edit?mid=1OjCC83LyqeMGkpudC5VC4PP5zMJPbrc&amp;ll=51.20290462788029%2C5.494149999999962&amp;z=9\" target=\"_blank\" rel=\"noreferrer noopener\">Berg en Terblijt \u2013 Tilburg<\/a>&nbsp;&nbsp; &nbsp; &nbsp; 129&nbsp;km<\/p>\n<\/div>\n<\/div>\n\n\n\n<div style=\"height:20px\" aria-hidden=\"true\" class=\"wp-block-spacer\"><\/div>\n\n\n\n<div class=\"wp-block-columns is-layout-flex wp-container-core-columns-is-layout-9d6595d7 wp-block-columns-is-layout-flex\">\n<div class=\"wp-block-column is-layout-flow wp-block-column-is-layout-flow\" style=\"flex-basis:33.33%\"><\/div>\n\n\n\n<div class=\"wp-block-column is-layout-flow wp-block-column-is-layout-flow\" style=\"flex-basis:66.66%\">\n<p>Klokslag 11:00 draaien we de straat weer in.<br><br><br><br><br><br><br><br><br><br><br><br><br><br><br><br><br><br><br><br><br><br><br><br><br><br><br><br><br><br><\/p>\n<\/div>\n<\/div>\n","protected":false},"excerpt":{"rendered":"<p>MIDDEN-EUROPA 2023 In 2023 hebben we van 13 mei tot en met 1 juli een rondreis gemaakt door Midden-Europa: Duitsland, Polen, Tsjechi\u00eb en Oostenrijk. &nbsp;In 50 dagen hebben [&hellip;]<\/p>\n","protected":false},"author":1,"featured_media":0,"parent":0,"menu_order":0,"comment_status":"closed","ping_status":"closed","template":"","meta":{"footnotes":""},"class_list":["post-7830","page","type-page","status-publish","hentry"],"_links":{"self":[{"href":"https:\/\/tedenloesopreis.nl\/index.php\/wp-json\/wp\/v2\/pages\/7830","targetHints":{"allow":["GET"]}}],"collection":[{"href":"https:\/\/tedenloesopreis.nl\/index.php\/wp-json\/wp\/v2\/pages"}],"about":[{"href":"https:\/\/tedenloesopreis.nl\/index.php\/wp-json\/wp\/v2\/types\/page"}],"author":[{"embeddable":true,"href":"https:\/\/tedenloesopreis.nl\/index.php\/wp-json\/wp\/v2\/users\/1"}],"replies":[{"embeddable":true,"href":"https:\/\/tedenloesopreis.nl\/index.php\/wp-json\/wp\/v2\/comments?post=7830"}],"version-history":[{"count":119,"href":"https:\/\/tedenloesopreis.nl\/index.php\/wp-json\/wp\/v2\/pages\/7830\/revisions"}],"predecessor-version":[{"id":12416,"href":"https:\/\/tedenloesopreis.nl\/index.php\/wp-json\/wp\/v2\/pages\/7830\/revisions\/12416"}],"wp:attachment":[{"href":"https:\/\/tedenloesopreis.nl\/index.php\/wp-json\/wp\/v2\/media?parent=7830"}],"curies":[{"name":"wp","href":"https:\/\/api.w.org\/{rel}","templated":true}]}}