{"id":8584,"date":"2023-12-08T19:26:56","date_gmt":"2023-12-08T19:26:56","guid":{"rendered":"https:\/\/tedenloesopreis.nl\/?page_id=8584"},"modified":"2025-02-23T18:42:07","modified_gmt":"2025-02-23T18:42:07","slug":"noordkaap-2018","status":"publish","type":"page","link":"https:\/\/tedenloesopreis.nl\/index.php\/noordkaap-2018\/","title":{"rendered":"NOORDKAAP-2018"},"content":{"rendered":"\n<div style=\"height:35px\" aria-hidden=\"true\" class=\"wp-block-spacer\"><\/div>\n\n\n\n<div class=\"wp-block-columns is-layout-flex wp-container-core-columns-is-layout-9d6595d7 wp-block-columns-is-layout-flex\">\n<div class=\"wp-block-column is-layout-flow wp-block-column-is-layout-flow\" style=\"flex-basis:33.33%\"><\/div>\n\n\n\n<div class=\"wp-block-column is-layout-flow wp-block-column-is-layout-flow\" style=\"flex-basis:66.66%\">\n<p class=\"has-larger-font-size\" id=\"titel\"><strong>NOORDKAAP 2018<\/strong><\/p>\n<\/div>\n<\/div>\n\n\n\n<div class=\"wp-block-columns is-layout-flex wp-container-core-columns-is-layout-9d6595d7 wp-block-columns-is-layout-flex\">\n<div class=\"wp-block-column is-layout-flow wp-block-column-is-layout-flow\" style=\"flex-basis:33.33%\">\n<figure class=\"wp-block-image size-full\"><a href=\"https:\/\/tedenloesopreis.nl\/wp-content\/uploads\/2023\/12\/IMG_5117-2-1024x768-2.jpg\" target=\"_blank\" rel=\"noreferrer noopener\"><img loading=\"lazy\" decoding=\"async\" width=\"1024\" height=\"768\" src=\"https:\/\/tedenloesopreis.nl\/wp-content\/uploads\/2023\/12\/IMG_5117-2-1024x768-2.jpg\" alt=\"\" class=\"wp-image-8586\" srcset=\"https:\/\/tedenloesopreis.nl\/wp-content\/uploads\/2023\/12\/IMG_5117-2-1024x768-2.jpg 1024w, https:\/\/tedenloesopreis.nl\/wp-content\/uploads\/2023\/12\/IMG_5117-2-1024x768-2-300x225.jpg 300w, https:\/\/tedenloesopreis.nl\/wp-content\/uploads\/2023\/12\/IMG_5117-2-1024x768-2-768x576.jpg 768w\" sizes=\"auto, (max-width: 1024px) 100vw, 1024px\" \/><\/a><\/figure>\n<\/div>\n\n\n\n<div class=\"wp-block-column is-layout-flow wp-block-column-is-layout-flow\" style=\"flex-basis:66.66%\">\n<p>In 2018 hebben we van 2 juni tot en met 22 juli een rondreis gemaakt door Scandinavi\u00eb: via de Zweedse oostkust en Fins Lapland naar de Noordkaap en via Noorwegen weer terug.<br>In 51 dagen hebben we 35 etappes gereden, waarbij we 10311 km hebben afgelegd.<br><br><a href=\"https:\/\/www.google.com\/maps\/d\/viewer?mid=1DUczrDk0oIYAsrdnm7MusfuVPR3UPRo9&amp;femb=1&amp;ll=63.08803473111228%2C10.180853577639713&amp;z=3\" target=\"_blank\" rel=\"noreferrer noopener\">routekaart<\/a><br><a href=\"http:\/\/tedenloesopreis.nl\/index.php\/noordkaap-2018-campings\/\">campings en camperplaatsen<br><\/a><a href=\"http:\/\/tedenloesopreis.nl\/index.php\/noordkaap-2018-inhoud\/\">inhoud<\/a><br><a href=\"https:\/\/tedenloesopreis.nl\/index.php\/noordkaap-2018-tags\">tags<\/a><br><br><a href=\"http:\/\/tedenloesopreis.nl\/index.php\/noordkaap-2018-inleiding\/\">inleiding<\/a><\/p>\n<\/div>\n<\/div>\n\n\n\n<div style=\"height:35px\" aria-hidden=\"true\" class=\"wp-block-spacer\"><\/div>\n\n\n\n<div class=\"wp-block-columns is-layout-flex wp-container-core-columns-is-layout-9d6595d7 wp-block-columns-is-layout-flex\">\n<div class=\"wp-block-column is-layout-flow wp-block-column-is-layout-flow\">\n<p class=\"has-orange-background-color has-background\" id=\"dag01\"><\/p>\n<\/div>\n<\/div>\n\n\n\n<div class=\"wp-block-columns is-layout-flex wp-container-core-columns-is-layout-9d6595d7 wp-block-columns-is-layout-flex\">\n<div class=\"wp-block-column is-layout-flow wp-block-column-is-layout-flow\" style=\"flex-basis:33.33%\">\n<p class=\"has-small-font-size\"><a href=\"#titel\">top<\/a><\/p>\n<\/div>\n\n\n\n<div class=\"wp-block-column is-layout-flow wp-block-column-is-layout-flow\" style=\"flex-basis:66.66%\">\n<p><strong>AAN DE ELBE<\/strong><br>dag 1 &nbsp; &nbsp;&nbsp; &nbsp;za 2 juni 2018<br><a href=\"https:\/\/www.google.com\/maps\/d\/edit?mid=1A8UpQCL3qbG9s9MX6A-jfLrbYYrVLnHF&amp;ll=52.56346750470047%2C6.706820145677858&amp;z=8\" target=\"_blank\" rel=\"noreferrer noopener\">Tilburg \u2013 Krautsand<\/a>&nbsp;&nbsp; &nbsp; &nbsp;&nbsp;503 km<\/p>\n<\/div>\n<\/div>\n\n\n\n<div style=\"height:20px\" aria-hidden=\"true\" class=\"wp-block-spacer\"><\/div>\n\n\n\n<div class=\"wp-block-columns is-layout-flex wp-container-core-columns-is-layout-9d6595d7 wp-block-columns-is-layout-flex\">\n<div class=\"wp-block-column is-layout-flow wp-block-column-is-layout-flow\" style=\"flex-basis:33.33%\"><\/div>\n\n\n\n<div class=\"wp-block-column is-layout-flow wp-block-column-is-layout-flow\" style=\"flex-basis:66.66%\">\n<p>Tijdens onze reis van 2017 naar Noorwegen hebben we \u2013 op de heenweg \u2013 gemerkt dat het verkeer bij Bremen en vooral bij Hamburg erg druk is, zelfs in het weekend. Daarom zijn we toen op de terugweg maar met een grote boog om Hamburg en Bremen heengereden: we hebben de Elb-Link van Brunsb\u00fcttel naar Cuxhaven genomen. Inmiddels is deze veerdienst failliet, en rest alleen nog de veerdienst tussen Wischhafen en Gl\u00fcckstadt (Elbf\u00e4hre). Deze veerdienst is de laatste tijd erg druk, omdat er ook veel vrachtwagens worden overgezet. Op zaterdagen en zondagen zijn er echter veel minder vrachtwagens op de weg in Duitsland. De wachttijden voor de Elbf\u00e4hre zijn in de weekends dus veel milder, zeker in de vroege en late uren.<\/p>\n\n\n\n<p>We rijden dus op de eerste dag naar de Elbe (we willen zondagochtend oversteken). Vlak voor Wischhafen zou &nbsp;een behoorlijke camping zijn: Campingplatz-Krautsand am Elbstrand. In de buurt is ook een camperplaats (Wohnmobilstellplatz Krautsand), maar volgens de reviews is deze al vroeg in de middag overvol. We mikken dus op de camping.<\/p>\n\n\n\n<p>We vertrekken om 09:30, uitgezwaaid door Paul en Jeannette (onze buren, die, zo weten we, goed op ons huis zullen passen). De heenreis gaat nu eens niet over Arnhem, Apeldoorn en Hengelo, maar over Hooipolder, Utrecht en Zwolle. Bij \u2019t Harde zijn we aan een prettige gewoonte begonnen: we drinken een cappuccino en we nemen ons voor om dat elke ochtend zo rond half elf te doen. Bij Klazienaveen (of all places) steken we de grens over. We besluiten om vlak n\u00e1 de grens, in Twist, te tanken (de diesel in Duitsland is immers een stukje goedkoper). We hopen er ook een hapje te kunnen eten, maar het plaatselijke culinaire aanbod kan ons niet bekoren.&nbsp;<br><br>Via Meppen en Leer rijden we naar Westerstede &nbsp;(over de \u201931\u2019 en de \u201928\u2019). Daar ruilen we de autobahn in voor binnenwegen. Via een hobbelweg over Jade gaan we naar de \u2018437\u2019. Na de Weser-tunnel komen we op de \u201927\u2019, die we een stukje in noordelijke richting volgen \u2013 langs Bremerhaven \u2013 tot we bij afrit 5 afslaan naar Bad Bederkesa en Lamstedt. Daar komen we op de \u2018495\u2019 naar Gl\u00fcckstadt. Vlak voor Wischhafen slaan we rechtsaf en zoeken we&nbsp;<a rel=\"noreferrer noopener\" href=\"https:\/\/www.eurocampings.nl\/duitsland\/nedersaksen\/krautsand\/campingplatz-krautsand-113436\/?l=region\" target=\"_blank\">Campingplatz Krautsand<\/a>&nbsp;op. Daar komen we om 17:00 aan.<\/p>\n\n\n\n<p>Over de route zijn we snel uitgesproken: saai, saai en nog eens saai. Dat geldt vooral voor het stuk tussen Bremerhaven en de Elbe. Dat gebied maakt op ons een zeer verlaten indruk.<br><br>De camping is redelijk voor \u00e9\u00e9n nacht: veel vaste plaatsen, een nogal rommelige inrichting (onze plaats lag vol met losliggende tegels, waarschijnlijk stond hier ooit een stacaravan), het sanitair is vrij goed, wifi is minder overtuigend.<\/p>\n\n\n\n<p>De traditie wil, dat we op de eerste reisdag in Duitsland onderweg \u201cSeelachs mit Kartoffelsalat\u201d eten. In Twist is het daar echter niet van gekomen. Daarom wandelen we aan het begin van de avond naar het Elbestrand, waar zich een visrestaurantje bevindt. Onderweg komen we langs de camperplaats. Deze is inderdaad overvol.<\/p>\n<\/div>\n<\/div>\n\n\n\n<div class=\"wp-block-columns is-layout-flex wp-container-core-columns-is-layout-9d6595d7 wp-block-columns-is-layout-flex\">\n<div class=\"wp-block-column is-layout-flow wp-block-column-is-layout-flow\">\n<figure class=\"wp-block-image size-full\"><a href=\"https:\/\/tedenloesopreis.nl\/wp-content\/uploads\/2023\/12\/IMG_4742-1024x768-1.jpg\" target=\"_blank\" rel=\"noreferrer noopener\"><img loading=\"lazy\" decoding=\"async\" width=\"1024\" height=\"768\" src=\"https:\/\/tedenloesopreis.nl\/wp-content\/uploads\/2023\/12\/IMG_4742-1024x768-1.jpg\" alt=\"\" class=\"wp-image-8602\" srcset=\"https:\/\/tedenloesopreis.nl\/wp-content\/uploads\/2023\/12\/IMG_4742-1024x768-1.jpg 1024w, https:\/\/tedenloesopreis.nl\/wp-content\/uploads\/2023\/12\/IMG_4742-1024x768-1-300x225.jpg 300w, https:\/\/tedenloesopreis.nl\/wp-content\/uploads\/2023\/12\/IMG_4742-1024x768-1-768x576.jpg 768w\" sizes=\"auto, (max-width: 1024px) 100vw, 1024px\" \/><\/a><figcaption class=\"wp-element-caption\"><em>Camping Krautsand<\/em><\/figcaption><\/figure>\n<\/div>\n\n\n\n<div class=\"wp-block-column is-layout-flow wp-block-column-is-layout-flow\">\n<figure class=\"wp-block-image size-full\"><a href=\"https:\/\/tedenloesopreis.nl\/wp-content\/uploads\/2023\/12\/IMG_4746-1024x768-1.jpg\" target=\"_blank\" rel=\"noreferrer noopener\"><img loading=\"lazy\" decoding=\"async\" width=\"1024\" height=\"768\" src=\"https:\/\/tedenloesopreis.nl\/wp-content\/uploads\/2023\/12\/IMG_4746-1024x768-1.jpg\" alt=\"\" class=\"wp-image-8603\" srcset=\"https:\/\/tedenloesopreis.nl\/wp-content\/uploads\/2023\/12\/IMG_4746-1024x768-1.jpg 1024w, https:\/\/tedenloesopreis.nl\/wp-content\/uploads\/2023\/12\/IMG_4746-1024x768-1-300x225.jpg 300w, https:\/\/tedenloesopreis.nl\/wp-content\/uploads\/2023\/12\/IMG_4746-1024x768-1-768x576.jpg 768w\" sizes=\"auto, (max-width: 1024px) 100vw, 1024px\" \/><\/a><figcaption class=\"wp-element-caption\"><em>een lege en nevelige Elbe<\/em><\/figcaption><\/figure>\n<\/div>\n\n\n\n<div class=\"wp-block-column is-layout-flow wp-block-column-is-layout-flow\">\n<figure class=\"wp-block-image size-full\"><a href=\"https:\/\/tedenloesopreis.nl\/wp-content\/uploads\/2023\/12\/IMG_4747-1024x768-1.jpg\" target=\"_blank\" rel=\"noreferrer noopener\"><img loading=\"lazy\" decoding=\"async\" width=\"1024\" height=\"768\" src=\"https:\/\/tedenloesopreis.nl\/wp-content\/uploads\/2023\/12\/IMG_4747-1024x768-1.jpg\" alt=\"\" class=\"wp-image-8604\" srcset=\"https:\/\/tedenloesopreis.nl\/wp-content\/uploads\/2023\/12\/IMG_4747-1024x768-1.jpg 1024w, https:\/\/tedenloesopreis.nl\/wp-content\/uploads\/2023\/12\/IMG_4747-1024x768-1-300x225.jpg 300w, https:\/\/tedenloesopreis.nl\/wp-content\/uploads\/2023\/12\/IMG_4747-1024x768-1-768x576.jpg 768w\" sizes=\"auto, (max-width: 1024px) 100vw, 1024px\" \/><\/a><figcaption class=\"wp-element-caption\"><em>Seelachs mit Kartoffelsalat aan de Elbe<\/em><\/figcaption><\/figure>\n<\/div>\n<\/div>\n\n\n\n<div style=\"height:35px\" aria-hidden=\"true\" class=\"wp-block-spacer\"><\/div>\n\n\n\n<div class=\"wp-block-columns is-layout-flex wp-container-core-columns-is-layout-9d6595d7 wp-block-columns-is-layout-flex\">\n<div class=\"wp-block-column is-layout-flow wp-block-column-is-layout-flow\">\n<p class=\"has-orange-background-color has-background\" id=\"dag02\"><\/p>\n<\/div>\n<\/div>\n\n\n\n<div class=\"wp-block-columns is-layout-flex wp-container-core-columns-is-layout-9d6595d7 wp-block-columns-is-layout-flex\">\n<div class=\"wp-block-column is-layout-flow wp-block-column-is-layout-flow\" style=\"flex-basis:33.33%\">\n<p class=\"has-small-font-size\"><a href=\"#titel\">top<\/a><\/p>\n<\/div>\n\n\n\n<div class=\"wp-block-column is-layout-flow wp-block-column-is-layout-flow\" style=\"flex-basis:66.66%\">\n<p><strong>AAN DE STOREB\u00c6LT<\/strong><br>dag 2 &nbsp; &nbsp;&nbsp; &nbsp;zo 3 juni 2018<br><a href=\"https:\/\/www.google.com\/maps\/d\/edit?mid=1391m9TsDTDaBe-wTw8NHwaS2NxHwC5LD&amp;ll=54.61030952916697%2C9.704384177246078&amp;z=8\" target=\"_blank\" rel=\"noreferrer noopener\">Krautsand \u2013 Kors\u00f8r<\/a>&nbsp;&nbsp; &nbsp;&nbsp; &nbsp;384 km<\/p>\n<\/div>\n<\/div>\n\n\n\n<div style=\"height:20px\" aria-hidden=\"true\" class=\"wp-block-spacer\"><\/div>\n\n\n\n<div class=\"wp-block-columns is-layout-flex wp-container-core-columns-is-layout-9d6595d7 wp-block-columns-is-layout-flex\">\n<div class=\"wp-block-column is-layout-flow wp-block-column-is-layout-flow\" style=\"flex-basis:33.33%\"><\/div>\n\n\n\n<div class=\"wp-block-column is-layout-flow wp-block-column-is-layout-flow\" style=\"flex-basis:66.66%\">\n<p>We vertrekken vanochtend om 08:45 van de camping in Krautsand en rijden naar de veerstoep van Wischhafen. Voor ons is dat behoorlijk vroeg, maar wetende dat de wachttijden bij de veerpont in de loop van de ochtend alsmaar zullen toenemen, ligt het wel voor de hand.<br><br>De verwachting komt uit: we kunnen al met de eerste pont mee naar Gl\u00fcckstadt. &nbsp;Van de tocht over de Elbe krijgen we overigens nauwelijks iets mee. We staan \u201cbekneld\u201d tussen een hoog zijboord en een Duitse camper. Al snel raken we \u2013 door onze schuifdeur \u2013 met onze Duitse buren aan de praat, en voor we het weten, zijn we al aan de overkant (voor \u20ac 17,50).&nbsp;<br><br>Vanuit Gl\u00fcckstadt zoeken &nbsp;we de B5 op: Brunsb\u00fcttel (hier ga je met een hoge brug over het Noord-Oostzee-kanaal), Marne, Heide (met een grote raffinaderij), Husum (populair bij toeristen, het heeft een oud centrum en een mooie Waddenzee-kust), Nieb\u00fcll. Ergens tussen Husum en Heide stoppen we voor de ochtendcappuccino.&nbsp;<\/p>\n\n\n\n<p>We zijn van plan om vlak voor de Duits-Deense-grens, in S\u00fcderl\u00fcgum, nog even te stoppen om de dieseltank te vullen, maar er staat een hele lange rij met Deense auto\u2019s te wachten bij de pomp. We rijden daarom maar gewoon door. Een relatief goedkope tankbeurt van 40 liter heeft, op een te verwachten brandstofverbruik van 1000 liter, per saldo niet zo\u2019n grote invloed.<br><br>In T\u00f8nder, we zijn al in Denemarken, gaan we naar de Mac voor een burger met een maaltijdsalade. Achter T\u00f8nder slaan we af richting Kolding (de \u201925\u2019). In Kolding nemen we de snelweg richting Kopenhagen. Na 2 bruggen (over de Lilleb\u00e6lt en de Storeb\u00e6lt) stoppen we. We staan nu op een camping in Kors\u00f8r (<a rel=\"noreferrer noopener\" href=\"https:\/\/www.campercontact.com\/nl\/denemarken\/korsr\/89013\/storebltcamping-und-feriencenter\" target=\"_blank\">Storeb\u00e6lt Camping &amp; Feriecenter<\/a>). Het weer is hier meer dan prima: 25\u00b0 en nagenoeg onbewolkt. Het uitzicht is de moeite waard.<\/p>\n\n\n\n<p id=\"grotebelt\">De route van vandaag is veel boeiender dan die van gisteren. Aan de binnenwegen tot aan Tonder liggen verschillende leuke plaatsjes, het landschap van Fyn is afwisselend, de bruggen zijn indrukwekkend.<br><br>De camping heeft terecht een hoge waardering. Alleen het internet is defect.<\/p>\n<\/div>\n<\/div>\n\n\n\n<div class=\"wp-block-columns is-layout-flex wp-container-core-columns-is-layout-9d6595d7 wp-block-columns-is-layout-flex\">\n<div class=\"wp-block-column is-layout-flow wp-block-column-is-layout-flow\">\n<figure class=\"wp-block-image size-full\"><a href=\"https:\/\/tedenloesopreis.nl\/wp-content\/uploads\/2023\/12\/IMG_4782-1024x768-1.jpg\" target=\"_blank\" rel=\"noreferrer noopener\"><img loading=\"lazy\" decoding=\"async\" width=\"1024\" height=\"768\" src=\"https:\/\/tedenloesopreis.nl\/wp-content\/uploads\/2023\/12\/IMG_4782-1024x768-1.jpg\" alt=\"\" class=\"wp-image-8606\" srcset=\"https:\/\/tedenloesopreis.nl\/wp-content\/uploads\/2023\/12\/IMG_4782-1024x768-1.jpg 1024w, https:\/\/tedenloesopreis.nl\/wp-content\/uploads\/2023\/12\/IMG_4782-1024x768-1-300x225.jpg 300w, https:\/\/tedenloesopreis.nl\/wp-content\/uploads\/2023\/12\/IMG_4782-1024x768-1-768x576.jpg 768w\" sizes=\"auto, (max-width: 1024px) 100vw, 1024px\" \/><\/a><figcaption class=\"wp-element-caption\"><em>de camping in Kors\u00f8r<\/em><\/figcaption><\/figure>\n<\/div>\n\n\n\n<div class=\"wp-block-column is-layout-flow wp-block-column-is-layout-flow\">\n<figure class=\"wp-block-image size-full\"><a href=\"https:\/\/tedenloesopreis.nl\/wp-content\/uploads\/2023\/12\/IMG_4788-1024x768-1.jpg\" target=\"_blank\" rel=\"noreferrer noopener\"><img loading=\"lazy\" decoding=\"async\" width=\"1024\" height=\"768\" src=\"https:\/\/tedenloesopreis.nl\/wp-content\/uploads\/2023\/12\/IMG_4788-1024x768-1.jpg\" alt=\"\" class=\"wp-image-8607\" srcset=\"https:\/\/tedenloesopreis.nl\/wp-content\/uploads\/2023\/12\/IMG_4788-1024x768-1.jpg 1024w, https:\/\/tedenloesopreis.nl\/wp-content\/uploads\/2023\/12\/IMG_4788-1024x768-1-300x225.jpg 300w, https:\/\/tedenloesopreis.nl\/wp-content\/uploads\/2023\/12\/IMG_4788-1024x768-1-768x576.jpg 768w\" sizes=\"auto, (max-width: 1024px) 100vw, 1024px\" \/><\/a><figcaption class=\"wp-element-caption\"><em>de Storeb\u00e6ltbrug<\/em><\/figcaption><\/figure>\n<\/div>\n\n\n\n<div class=\"wp-block-column is-layout-flow wp-block-column-is-layout-flow\">\n<figure class=\"wp-block-image size-full\"><a href=\"https:\/\/tedenloesopreis.nl\/wp-content\/uploads\/2023\/12\/IMG_4783-1024x768-1.jpg\" target=\"_blank\" rel=\"noreferrer noopener\"><img loading=\"lazy\" decoding=\"async\" width=\"1024\" height=\"768\" src=\"https:\/\/tedenloesopreis.nl\/wp-content\/uploads\/2023\/12\/IMG_4783-1024x768-1.jpg\" alt=\"\" class=\"wp-image-8608\" srcset=\"https:\/\/tedenloesopreis.nl\/wp-content\/uploads\/2023\/12\/IMG_4783-1024x768-1.jpg 1024w, https:\/\/tedenloesopreis.nl\/wp-content\/uploads\/2023\/12\/IMG_4783-1024x768-1-300x225.jpg 300w, https:\/\/tedenloesopreis.nl\/wp-content\/uploads\/2023\/12\/IMG_4783-1024x768-1-768x576.jpg 768w\" sizes=\"auto, (max-width: 1024px) 100vw, 1024px\" \/><\/a><figcaption class=\"wp-element-caption\"><em>de Storeb\u00e6ltbrug \u201cby night\u201d<\/em><\/figcaption><\/figure>\n<\/div>\n<\/div>\n\n\n\n<div style=\"height:35px\" aria-hidden=\"true\" class=\"wp-block-spacer\"><\/div>\n\n\n\n<div class=\"wp-block-columns is-layout-flex wp-container-core-columns-is-layout-9d6595d7 wp-block-columns-is-layout-flex\">\n<div class=\"wp-block-column is-layout-flow wp-block-column-is-layout-flow\">\n<p class=\"has-orange-background-color has-background\" id=\"dag03\"><\/p>\n<\/div>\n<\/div>\n\n\n\n<div class=\"wp-block-columns is-layout-flex wp-container-core-columns-is-layout-9d6595d7 wp-block-columns-is-layout-flex\">\n<div class=\"wp-block-column is-layout-flow wp-block-column-is-layout-flow\" style=\"flex-basis:33.33%\">\n<p class=\"has-small-font-size\"><a href=\"#titel\">top<\/a><\/p>\n<\/div>\n\n\n\n<div class=\"wp-block-column is-layout-flow wp-block-column-is-layout-flow\" style=\"flex-basis:66.66%\">\n<p><strong>WALLANDER WAS HIER<\/strong><br>dag 3 &nbsp; &nbsp; &nbsp;ma 4 juni 2018<br><a href=\"https:\/\/www.google.com\/maps\/d\/edit?mid=1bs3Gs-OO-nHIlK2QMGArm_IFmFW5AO-e&amp;ll=55.483437616025896%2C12.462395000000015&amp;z=9\" target=\"_blank\" rel=\"noreferrer noopener\">Kors\u00f8r \u2013 Ystad<\/a>&nbsp;&nbsp; &nbsp; &nbsp; 196 km<\/p>\n<\/div>\n<\/div>\n\n\n\n<div style=\"height:20px\" aria-hidden=\"true\" class=\"wp-block-spacer\"><\/div>\n\n\n\n<div class=\"wp-block-columns is-layout-flex wp-container-core-columns-is-layout-9d6595d7 wp-block-columns-is-layout-flex\">\n<div class=\"wp-block-column is-layout-flow wp-block-column-is-layout-flow\" style=\"flex-basis:33.33%\"><\/div>\n\n\n\n<div class=\"wp-block-column is-layout-flow wp-block-column-is-layout-flow\" style=\"flex-basis:66.66%\">\n<p>Met opzet rijden we vandaag maar een vrij korte etappe. We willen vroeg in de middag in Ystad zijn, aan de Zweedse zuidkust. Daar is de&nbsp;Britse detective-serie Wallander opgenomen. Herkenbaar is overigens alleen nog het station van Ystad, dat ogenschijnlijk werd gebruikt als het politiebureau van commissaris Wallander.&nbsp;<\/p>\n\n\n\n<p>Ystad heeft een vrij oude kern, smalle straatjes met oude lage huisjes en hier en daar wat oude vakwerkhuizen. Hoogtepunten zijn de Maria-kerk en de restanten van het klooster.&nbsp;<\/p>\n\n\n\n<p>We vertrekken vanochtend om iets na 09:00 uit Kors\u00f8r. Na anderhalf uur zijn we Kopenhagen voorbij en rijden we door de \u00d8resundtunnel en over de \u00d8resundbrug naar Zweden. Op de ring rond Malm\u00f6 nemen we de afslag naar Ystad (over pakweg 45 dagen komen we weer terug op deze plek en is de Scandinavische cirkel rond). Bij de Mac in Svedala (tussen Malm\u00f6 en Ystad) zitten we aan de ochtendcappuccino. In Ystad vinden we, tegen 12 uur, een plekje op de camperplaats bij de jachthaven (<a href=\"https:\/\/www.campercontact.com\/nl\/zweden\/skane-lan\/ystad\/30420\/ystads-marina\" target=\"_blank\" rel=\"noreferrer noopener\">Ystads Marina<\/a>).<\/p>\n\n\n\n<p>In de middag verkennen we Ystad, op de fiets. Het is een leuk stadje (zie eerste alinea), maar vrij rustig. Op maandag is hier nog vrij veel gesloten, ook het visrestaurant aan de jachthaven waar we ons, op basis van Google-reviews, op hadden verheugd. Op zoek naar een pleister op de wonde, bestellen we bij \u2018Kaffestugan i Ystad\u2019 nog maar een cappuccino.<\/p>\n<\/div>\n<\/div>\n\n\n\n<div class=\"wp-block-columns is-layout-flex wp-container-core-columns-is-layout-9d6595d7 wp-block-columns-is-layout-flex\">\n<div class=\"wp-block-column is-layout-flow wp-block-column-is-layout-flow\"><\/div>\n\n\n\n<div class=\"wp-block-column is-layout-flow wp-block-column-is-layout-flow\">\n<figure class=\"wp-block-image size-full\"><a href=\"https:\/\/tedenloesopreis.nl\/wp-content\/uploads\/2023\/12\/IMG_4806-1024x768-1.jpg\" target=\"_blank\" rel=\"noreferrer noopener\"><img loading=\"lazy\" decoding=\"async\" width=\"1024\" height=\"768\" src=\"https:\/\/tedenloesopreis.nl\/wp-content\/uploads\/2023\/12\/IMG_4806-1024x768-1.jpg\" alt=\"\" class=\"wp-image-8612\" srcset=\"https:\/\/tedenloesopreis.nl\/wp-content\/uploads\/2023\/12\/IMG_4806-1024x768-1.jpg 1024w, https:\/\/tedenloesopreis.nl\/wp-content\/uploads\/2023\/12\/IMG_4806-1024x768-1-300x225.jpg 300w, https:\/\/tedenloesopreis.nl\/wp-content\/uploads\/2023\/12\/IMG_4806-1024x768-1-768x576.jpg 768w\" sizes=\"auto, (max-width: 1024px) 100vw, 1024px\" \/><\/a><figcaption class=\"wp-element-caption\"><em>het klooster van Ystad<\/em><\/figcaption><\/figure>\n<\/div>\n\n\n\n<div class=\"wp-block-column is-layout-flow wp-block-column-is-layout-flow\">\n<figure class=\"wp-block-image size-full\"><a href=\"https:\/\/tedenloesopreis.nl\/wp-content\/uploads\/2023\/12\/IMG_4809-1024x768-1.jpg\" target=\"_blank\" rel=\"noreferrer noopener\"><img loading=\"lazy\" decoding=\"async\" width=\"1024\" height=\"768\" src=\"https:\/\/tedenloesopreis.nl\/wp-content\/uploads\/2023\/12\/IMG_4809-1024x768-1.jpg\" alt=\"\" class=\"wp-image-8613\" srcset=\"https:\/\/tedenloesopreis.nl\/wp-content\/uploads\/2023\/12\/IMG_4809-1024x768-1.jpg 1024w, https:\/\/tedenloesopreis.nl\/wp-content\/uploads\/2023\/12\/IMG_4809-1024x768-1-300x225.jpg 300w, https:\/\/tedenloesopreis.nl\/wp-content\/uploads\/2023\/12\/IMG_4809-1024x768-1-768x576.jpg 768w\" sizes=\"auto, (max-width: 1024px) 100vw, 1024px\" \/><\/a><figcaption class=\"wp-element-caption\"><em>het klooster van Ystad<\/em><\/figcaption><\/figure>\n<\/div>\n<\/div>\n\n\n\n<div class=\"wp-block-columns is-layout-flex wp-container-core-columns-is-layout-9d6595d7 wp-block-columns-is-layout-flex\">\n<div class=\"wp-block-column is-layout-flow wp-block-column-is-layout-flow\"><\/div>\n\n\n\n<div class=\"wp-block-column is-layout-flow wp-block-column-is-layout-flow\">\n<figure class=\"wp-block-image size-full\"><a href=\"https:\/\/tedenloesopreis.nl\/wp-content\/uploads\/2023\/12\/IMG_4802-1024x768-1.jpg\" target=\"_blank\" rel=\"noreferrer noopener\"><img loading=\"lazy\" decoding=\"async\" width=\"1024\" height=\"768\" src=\"https:\/\/tedenloesopreis.nl\/wp-content\/uploads\/2023\/12\/IMG_4802-1024x768-1.jpg\" alt=\"\" class=\"wp-image-8614\" srcset=\"https:\/\/tedenloesopreis.nl\/wp-content\/uploads\/2023\/12\/IMG_4802-1024x768-1.jpg 1024w, https:\/\/tedenloesopreis.nl\/wp-content\/uploads\/2023\/12\/IMG_4802-1024x768-1-300x225.jpg 300w, https:\/\/tedenloesopreis.nl\/wp-content\/uploads\/2023\/12\/IMG_4802-1024x768-1-768x576.jpg 768w\" sizes=\"auto, (max-width: 1024px) 100vw, 1024px\" \/><\/a><figcaption class=\"wp-element-caption\"><em>een straatje in Ystad<\/em><\/figcaption><\/figure>\n<\/div>\n\n\n\n<div class=\"wp-block-column is-layout-flow wp-block-column-is-layout-flow\">\n<figure class=\"wp-block-image size-full\"><a href=\"https:\/\/tedenloesopreis.nl\/wp-content\/uploads\/2023\/12\/IMG_4810-1024x768-1.jpg\" target=\"_blank\" rel=\"noreferrer noopener\"><img loading=\"lazy\" decoding=\"async\" width=\"1024\" height=\"768\" src=\"https:\/\/tedenloesopreis.nl\/wp-content\/uploads\/2023\/12\/IMG_4810-1024x768-1.jpg\" alt=\"\" class=\"wp-image-8615\" srcset=\"https:\/\/tedenloesopreis.nl\/wp-content\/uploads\/2023\/12\/IMG_4810-1024x768-1.jpg 1024w, https:\/\/tedenloesopreis.nl\/wp-content\/uploads\/2023\/12\/IMG_4810-1024x768-1-300x225.jpg 300w, https:\/\/tedenloesopreis.nl\/wp-content\/uploads\/2023\/12\/IMG_4810-1024x768-1-768x576.jpg 768w\" sizes=\"auto, (max-width: 1024px) 100vw, 1024px\" \/><\/a><figcaption class=\"wp-element-caption\"><em>station van Ystad \/ politiebureau van Wallander<\/em><\/figcaption><\/figure>\n<\/div>\n<\/div>\n\n\n\n<div class=\"wp-block-columns is-layout-flex wp-container-core-columns-is-layout-9d6595d7 wp-block-columns-is-layout-flex\">\n<div class=\"wp-block-column is-layout-flow wp-block-column-is-layout-flow\" style=\"flex-basis:33.33%\"><\/div>\n\n\n\n<div class=\"wp-block-column is-layout-flow wp-block-column-is-layout-flow\" style=\"flex-basis:66.66%\">\n<p>Er is geen gebrek aan omgevingsgeluid op de camperplaats. Voortdurend hoor je de golven tegen de kust slaan, elk kwartier komt de trein naar\/van Trelleborg voorbij (op een afstand van zo\u2019n 40 meter), en af en toe kondigt een ferry naar\/van Bornholm (een Deens eiland in de Oostzee) of Swinoujscie (een havenstad in Polen, aan de Duits-Poolse grens) luidkeels zijn vertrek\/komst aan.<\/p>\n\n\n\n<p>De camperplaats&nbsp;valt overigens, afgezien van het omgevingsgeluid, niet tegen. Het is er \u2018best wel gezellig\u2019, er is stroom beschikbaar, en de sanitaire voorzieningen zijn goed. In de buurt van het restaurant is wifi beschikbaar.<\/p>\n<\/div>\n<\/div>\n\n\n\n<div class=\"wp-block-columns is-layout-flex wp-container-core-columns-is-layout-9d6595d7 wp-block-columns-is-layout-flex\">\n<div class=\"wp-block-column is-layout-flow wp-block-column-is-layout-flow\"><\/div>\n\n\n\n<div class=\"wp-block-column is-layout-flow wp-block-column-is-layout-flow\">\n<figure class=\"wp-block-image size-full\"><a href=\"https:\/\/tedenloesopreis.nl\/wp-content\/uploads\/2023\/12\/IMG_4794-1024x768-1.jpg\" target=\"_blank\" rel=\"noreferrer noopener\"><img loading=\"lazy\" decoding=\"async\" width=\"1024\" height=\"768\" src=\"https:\/\/tedenloesopreis.nl\/wp-content\/uploads\/2023\/12\/IMG_4794-1024x768-1.jpg\" alt=\"\" class=\"wp-image-8616\" srcset=\"https:\/\/tedenloesopreis.nl\/wp-content\/uploads\/2023\/12\/IMG_4794-1024x768-1.jpg 1024w, https:\/\/tedenloesopreis.nl\/wp-content\/uploads\/2023\/12\/IMG_4794-1024x768-1-300x225.jpg 300w, https:\/\/tedenloesopreis.nl\/wp-content\/uploads\/2023\/12\/IMG_4794-1024x768-1-768x576.jpg 768w\" sizes=\"auto, (max-width: 1024px) 100vw, 1024px\" \/><\/a><figcaption class=\"wp-element-caption\"><em>de camperplaats van Ystad-Marina<\/em><\/figcaption><\/figure>\n<\/div>\n\n\n\n<div class=\"wp-block-column is-layout-flow wp-block-column-is-layout-flow\">\n<figure class=\"wp-block-image size-full\"><a href=\"https:\/\/tedenloesopreis.nl\/wp-content\/uploads\/2023\/12\/IMG_4813-1024x768-1.jpg\" target=\"_blank\" rel=\"noreferrer noopener\"><img loading=\"lazy\" decoding=\"async\" width=\"1024\" height=\"768\" src=\"https:\/\/tedenloesopreis.nl\/wp-content\/uploads\/2023\/12\/IMG_4813-1024x768-1.jpg\" alt=\"\" class=\"wp-image-8617\" srcset=\"https:\/\/tedenloesopreis.nl\/wp-content\/uploads\/2023\/12\/IMG_4813-1024x768-1.jpg 1024w, https:\/\/tedenloesopreis.nl\/wp-content\/uploads\/2023\/12\/IMG_4813-1024x768-1-300x225.jpg 300w, https:\/\/tedenloesopreis.nl\/wp-content\/uploads\/2023\/12\/IMG_4813-1024x768-1-768x576.jpg 768w\" sizes=\"auto, (max-width: 1024px) 100vw, 1024px\" \/><\/a><figcaption class=\"wp-element-caption\"><em>zicht op de \u201cbuzz\u201d vanaf de pier van Ystad<\/em><\/figcaption><\/figure>\n<\/div>\n<\/div>\n\n\n\n<div style=\"height:35px\" aria-hidden=\"true\" class=\"wp-block-spacer\"><\/div>\n\n\n\n<div class=\"wp-block-columns is-layout-flex wp-container-core-columns-is-layout-9d6595d7 wp-block-columns-is-layout-flex\">\n<div class=\"wp-block-column is-layout-flow wp-block-column-is-layout-flow\">\n<p class=\"has-orange-background-color has-background\" id=\"dag04\"><\/p>\n<\/div>\n<\/div>\n\n\n\n<div class=\"wp-block-columns is-layout-flex wp-container-core-columns-is-layout-9d6595d7 wp-block-columns-is-layout-flex\">\n<div class=\"wp-block-column is-layout-flow wp-block-column-is-layout-flow\" style=\"flex-basis:33.33%\">\n<p class=\"has-small-font-size\"><a href=\"#titel\">top<\/a><\/p>\n<\/div>\n\n\n\n<div class=\"wp-block-column is-layout-flow wp-block-column-is-layout-flow\" style=\"flex-basis:66.66%\">\n<p><strong>DE HAVEN VAN OSKAR<\/strong><br>dag 4 &nbsp; &nbsp;&nbsp; &nbsp;di 5 juni 2018<br><a href=\"https:\/\/www.google.com\/maps\/d\/edit?mid=1laPNPpLQqB-nnsvoOIgLAidxTFzOMAIo&amp;ll=56.266048390152164%2C15.121376015624936&amp;z=8\" target=\"_blank\" rel=\"noreferrer noopener\">Ystad \u2013 Oskarshamn<\/a>&nbsp;&nbsp; &nbsp; &nbsp;&nbsp;347 km<\/p>\n<\/div>\n<\/div>\n\n\n\n<div style=\"height:20px\" aria-hidden=\"true\" class=\"wp-block-spacer\"><\/div>\n\n\n\n<div class=\"wp-block-columns is-layout-flex wp-container-core-columns-is-layout-9d6595d7 wp-block-columns-is-layout-flex\">\n<div class=\"wp-block-column is-layout-flow wp-block-column-is-layout-flow\" style=\"flex-basis:33.33%\">\n<figure class=\"wp-block-image size-full\"><a href=\"https:\/\/tedenloesopreis.nl\/wp-content\/uploads\/2023\/12\/IMG_4820-768x1024-1.jpg\" target=\"_blank\" rel=\"noreferrer noopener\"><img loading=\"lazy\" decoding=\"async\" width=\"768\" height=\"1024\" src=\"https:\/\/tedenloesopreis.nl\/wp-content\/uploads\/2023\/12\/IMG_4820-768x1024-1.jpg\" alt=\"\" class=\"wp-image-8619\" srcset=\"https:\/\/tedenloesopreis.nl\/wp-content\/uploads\/2023\/12\/IMG_4820-768x1024-1.jpg 768w, https:\/\/tedenloesopreis.nl\/wp-content\/uploads\/2023\/12\/IMG_4820-768x1024-1-225x300.jpg 225w\" sizes=\"auto, (max-width: 768px) 100vw, 768px\" \/><\/a><figcaption class=\"wp-element-caption\"><em>driestrooks weg (1 + 2) tussen de bomen<\/em><\/figcaption><\/figure>\n<\/div>\n\n\n\n<div class=\"wp-block-column is-layout-flow wp-block-column-is-layout-flow\" style=\"flex-basis:66.66%\">\n<p>Vandaag is een pure reisdag. We rijden van Ystad naar Kristianstad over de \u201919\u2019 en de E22. Even voorbij Kristianstad &nbsp;is het tijd voor de ochtendcappuccino. Vervolgens gaat het, nog steeds over de E22, &nbsp;via Karlskrona en Kalmar naar Oskarshamn (hamn is Zweeds voor haven; onze jongste zoon heet Oskar).<\/p>\n\n\n\n<p>We raken gewend aan de Zweedse hoofdwegen. Deze wegen zijn driestrooks met een lichte geleiderail. Elke rijrichting heeft afwisselend \u00e9\u00e9n of twee rijstroken. Om de (pakweg) 2 km kun je dus inhalen of ingehaald worden.<\/p>\n\n\n\n<p>Het eerste deel van de etappe rijden we door Sk\u00e5ne. Dat is een prettige route door &nbsp;een golvend landschap met graanvelden en grote boerderijen. Vervolgens voldoet het landschap vooral aan het Zweedse stereotype beeld: heel veel bomen links en heel veel bomen rechts, met af en toe in de verte een meertje. Je rijdt bijna voortdurend tussen twee massieve groene wanden.<\/p>\n<\/div>\n<\/div>\n\n\n\n<div class=\"wp-block-columns is-layout-flex wp-container-core-columns-is-layout-9d6595d7 wp-block-columns-is-layout-flex\">\n<div class=\"wp-block-column is-layout-flow wp-block-column-is-layout-flow\" style=\"flex-basis:33.33%\"><\/div>\n\n\n\n<div class=\"wp-block-column is-layout-flow wp-block-column-is-layout-flow\" style=\"flex-basis:66.66%\">\n<p>Op de camping van Oskarshamn (<a href=\"https:\/\/www.eurocampings.nl\/zweden\/kalmar\/oskarshamn\/first-camp-gunnarso-oskarshamn-106968\/?l=region\" target=\"_blank\" rel=\"noreferrer noopener\">First Camp Gunnars\u00f6<\/a>) hebben we een plekje met een mooi uitzicht over de Oostzee.<\/p>\n<\/div>\n<\/div>\n\n\n\n<div class=\"wp-block-columns is-layout-flex wp-container-core-columns-is-layout-9d6595d7 wp-block-columns-is-layout-flex\">\n<div class=\"wp-block-column is-layout-flow wp-block-column-is-layout-flow\"><\/div>\n\n\n\n<div class=\"wp-block-column is-layout-flow wp-block-column-is-layout-flow\">\n<figure class=\"wp-block-image size-full\"><a href=\"https:\/\/tedenloesopreis.nl\/wp-content\/uploads\/2023\/12\/IMG_4817-1024x768-1.jpg\" target=\"_blank\" rel=\"noreferrer noopener\"><img loading=\"lazy\" decoding=\"async\" width=\"1024\" height=\"768\" src=\"https:\/\/tedenloesopreis.nl\/wp-content\/uploads\/2023\/12\/IMG_4817-1024x768-1.jpg\" alt=\"\" class=\"wp-image-8620\" srcset=\"https:\/\/tedenloesopreis.nl\/wp-content\/uploads\/2023\/12\/IMG_4817-1024x768-1.jpg 1024w, https:\/\/tedenloesopreis.nl\/wp-content\/uploads\/2023\/12\/IMG_4817-1024x768-1-300x225.jpg 300w, https:\/\/tedenloesopreis.nl\/wp-content\/uploads\/2023\/12\/IMG_4817-1024x768-1-768x576.jpg 768w\" sizes=\"auto, (max-width: 1024px) 100vw, 1024px\" \/><\/a><figcaption class=\"wp-element-caption\"><em>op de camping van Oskarshamn<\/em><\/figcaption><\/figure>\n<\/div>\n\n\n\n<div class=\"wp-block-column is-layout-flow wp-block-column-is-layout-flow\">\n<figure class=\"wp-block-image size-full\"><a href=\"https:\/\/tedenloesopreis.nl\/wp-content\/uploads\/2023\/12\/IMG_4818-1024x768-1.jpg\" target=\"_blank\" rel=\"noreferrer noopener\"><img loading=\"lazy\" decoding=\"async\" width=\"1024\" height=\"768\" src=\"https:\/\/tedenloesopreis.nl\/wp-content\/uploads\/2023\/12\/IMG_4818-1024x768-1.jpg\" alt=\"\" class=\"wp-image-8621\" srcset=\"https:\/\/tedenloesopreis.nl\/wp-content\/uploads\/2023\/12\/IMG_4818-1024x768-1.jpg 1024w, https:\/\/tedenloesopreis.nl\/wp-content\/uploads\/2023\/12\/IMG_4818-1024x768-1-300x225.jpg 300w, https:\/\/tedenloesopreis.nl\/wp-content\/uploads\/2023\/12\/IMG_4818-1024x768-1-768x576.jpg 768w\" sizes=\"auto, (max-width: 1024px) 100vw, 1024px\" \/><\/a><figcaption class=\"wp-element-caption\"><em>uitzicht vanaf de camping over de Oostzee<\/em><\/figcaption><\/figure>\n<\/div>\n<\/div>\n\n\n\n<div style=\"height:35px\" aria-hidden=\"true\" class=\"wp-block-spacer\"><\/div>\n\n\n\n<div class=\"wp-block-columns is-layout-flex wp-container-core-columns-is-layout-9d6595d7 wp-block-columns-is-layout-flex\">\n<div class=\"wp-block-column is-layout-flow wp-block-column-is-layout-flow\">\n<p class=\"has-orange-background-color has-background\" id=\"dag05\"><\/p>\n<\/div>\n<\/div>\n\n\n\n<div class=\"wp-block-columns is-layout-flex wp-container-core-columns-is-layout-9d6595d7 wp-block-columns-is-layout-flex\">\n<div class=\"wp-block-column is-layout-flow wp-block-column-is-layout-flow\" style=\"flex-basis:33.33%\">\n<p class=\"has-small-font-size\"><a href=\"#titel\">top<\/a><\/p>\n<\/div>\n\n\n\n<div class=\"wp-block-column is-layout-flow wp-block-column-is-layout-flow\" style=\"flex-basis:66.66%\">\n<p><strong>RANDJE STOCKHOLM<\/strong><br>dag 5 &nbsp; &nbsp; &nbsp;wo 6 juni 2018<br><a href=\"https:\/\/www.google.com\/maps\/d\/edit?mid=1pTP3VX5csfkT4SBE81WwoqS-taJnqTdz&amp;ll=58.264384283612245%2C17.142674999999926&amp;z=8\" target=\"_blank\" rel=\"noreferrer noopener\">Oskarshamn \u2013 Stockholm<\/a>&nbsp;&nbsp; &nbsp;&nbsp; &nbsp;356 km<\/p>\n<\/div>\n<\/div>\n\n\n\n<div style=\"height:20px\" aria-hidden=\"true\" class=\"wp-block-spacer\"><\/div>\n\n\n\n<div class=\"wp-block-columns is-layout-flex wp-container-core-columns-is-layout-9d6595d7 wp-block-columns-is-layout-flex\">\n<div class=\"wp-block-column is-layout-flow wp-block-column-is-layout-flow\" style=\"flex-basis:33.33%\">\n<figure class=\"wp-block-image size-full\"><a href=\"https:\/\/tedenloesopreis.nl\/wp-content\/uploads\/2023\/12\/IMG_4820-768x1024-2.jpg\" target=\"_blank\" rel=\"noreferrer noopener\"><img loading=\"lazy\" decoding=\"async\" width=\"768\" height=\"1024\" src=\"https:\/\/tedenloesopreis.nl\/wp-content\/uploads\/2023\/12\/IMG_4820-768x1024-2.jpg\" alt=\"\" class=\"wp-image-8623\" srcset=\"https:\/\/tedenloesopreis.nl\/wp-content\/uploads\/2023\/12\/IMG_4820-768x1024-2.jpg 768w, https:\/\/tedenloesopreis.nl\/wp-content\/uploads\/2023\/12\/IMG_4820-768x1024-2-225x300.jpg 225w\" sizes=\"auto, (max-width: 768px) 100vw, 768px\" \/><\/a><figcaption class=\"wp-element-caption\"><em>en eeuwig zingen de bossen<\/em><\/figcaption><\/figure>\n<\/div>\n\n\n\n<div class=\"wp-block-column is-layout-flow wp-block-column-is-layout-flow\" style=\"flex-basis:66.66%\">\n<p>Vandaag is alweer een reisdag: van Oskarshamn over de E22 naar Norrk\u00f6ping (met een cappuccino-pauze vlak voor Norrk\u00f6ping), en vandaar over de E4\/E20 naar Nyk\u00f6ping, S\u00f6dert\u00e4lje en Stockholm. Bij Stockholm rijden we achtereenvolgens over de \u201975\u2019, de \u201973\u2019 en de \u2018229\u2019.<\/p>\n\n\n\n<p>De route van vandaag is een beetje eentonig. Het grootste deel van de dag zitten we, om Marij (een vriendin) te citeren, tussen de eeuwig zingende bossen. Pas zo\u2019n 40 km voor Stockholm houdt het zingen op.<\/p>\n<\/div>\n<\/div>\n\n\n\n<div class=\"wp-block-columns is-layout-flex wp-container-core-columns-is-layout-9d6595d7 wp-block-columns-is-layout-flex\">\n<div class=\"wp-block-column is-layout-flow wp-block-column-is-layout-flow\" style=\"flex-basis:33.33%\">\n<figure class=\"wp-block-image size-full\"><a href=\"https:\/\/tedenloesopreis.nl\/wp-content\/uploads\/2023\/12\/IMG_4829-1024x768-1.jpg\" target=\"_blank\" rel=\"noreferrer noopener\"><img loading=\"lazy\" decoding=\"async\" width=\"1024\" height=\"768\" src=\"https:\/\/tedenloesopreis.nl\/wp-content\/uploads\/2023\/12\/IMG_4829-1024x768-1.jpg\" alt=\"\" class=\"wp-image-8624\" srcset=\"https:\/\/tedenloesopreis.nl\/wp-content\/uploads\/2023\/12\/IMG_4829-1024x768-1.jpg 1024w, https:\/\/tedenloesopreis.nl\/wp-content\/uploads\/2023\/12\/IMG_4829-1024x768-1-300x225.jpg 300w, https:\/\/tedenloesopreis.nl\/wp-content\/uploads\/2023\/12\/IMG_4829-1024x768-1-768x576.jpg 768w\" sizes=\"auto, (max-width: 1024px) 100vw, 1024px\" \/><\/a><figcaption class=\"wp-element-caption\"><em>de camperplaats van Stockholm<\/em><\/figcaption><\/figure>\n<\/div>\n\n\n\n<div class=\"wp-block-column is-layout-flow wp-block-column-is-layout-flow\" style=\"flex-basis:66.66%\">\n<p>We vinden voor de komende dagen een prima plekje op een camperplaats in \u00c4lta, een voorstadje van Stockholm. Voor de komende dagen, want we blijven nog twee dagen hier: een rustdag en een dagje op de fiets naar Stockholm.<\/p>\n\n\n\n<p>De camperplaats (<a href=\"https:\/\/www.campercontact.com\/nl\/zweden\/stockholms-lan\/skarpnack\/46934\/nordic-camping-citycampstockholm-stallplatsstockholm\" target=\"_blank\" rel=\"noreferrer noopener\">St\u00e4llplatsstockholm<\/a>) bevalt ons goed: prima plaats, prima sanitair, prima wifi, prima fietsverbinding met Stockholm.<\/p>\n<\/div>\n<\/div>\n\n\n\n<div style=\"height:35px\" aria-hidden=\"true\" class=\"wp-block-spacer\"><\/div>\n\n\n\n<div class=\"wp-block-columns is-layout-flex wp-container-core-columns-is-layout-9d6595d7 wp-block-columns-is-layout-flex\">\n<div class=\"wp-block-column is-layout-flow wp-block-column-is-layout-flow\">\n<p class=\"has-orange-background-color has-background\" id=\"dag06\"><\/p>\n<\/div>\n<\/div>\n\n\n\n<div class=\"wp-block-columns is-layout-flex wp-container-core-columns-is-layout-9d6595d7 wp-block-columns-is-layout-flex\">\n<div class=\"wp-block-column is-layout-flow wp-block-column-is-layout-flow\" style=\"flex-basis:33.33%\">\n<p class=\"has-small-font-size\"><a href=\"#titel\">top<\/a><\/p>\n<\/div>\n\n\n\n<div class=\"wp-block-column is-layout-flow wp-block-column-is-layout-flow\" style=\"flex-basis:66.66%\">\n<p><strong>RUSTDAG STOCKHOLM<\/strong><br>dag 6 &nbsp; &nbsp; &nbsp;do 7 juni 2018<br>rustdag Stockholm &nbsp; &nbsp; &nbsp;0 km<\/p>\n<\/div>\n<\/div>\n\n\n\n<div style=\"height:20px\" aria-hidden=\"true\" class=\"wp-block-spacer\"><\/div>\n\n\n\n<div class=\"wp-block-columns is-layout-flex wp-container-core-columns-is-layout-9d6595d7 wp-block-columns-is-layout-flex\">\n<div class=\"wp-block-column is-layout-flow wp-block-column-is-layout-flow\" style=\"flex-basis:33.33%\">\n<figure class=\"wp-block-image size-full\"><a href=\"https:\/\/tedenloesopreis.nl\/wp-content\/uploads\/2023\/12\/IMG_4831-1024x768-1.jpg\" target=\"_blank\" rel=\"noreferrer noopener\"><img loading=\"lazy\" decoding=\"async\" width=\"1024\" height=\"768\" src=\"https:\/\/tedenloesopreis.nl\/wp-content\/uploads\/2023\/12\/IMG_4831-1024x768-1.jpg\" alt=\"\" class=\"wp-image-8628\" srcset=\"https:\/\/tedenloesopreis.nl\/wp-content\/uploads\/2023\/12\/IMG_4831-1024x768-1.jpg 1024w, https:\/\/tedenloesopreis.nl\/wp-content\/uploads\/2023\/12\/IMG_4831-1024x768-1-300x225.jpg 300w, https:\/\/tedenloesopreis.nl\/wp-content\/uploads\/2023\/12\/IMG_4831-1024x768-1-768x576.jpg 768w\" sizes=\"auto, (max-width: 1024px) 100vw, 1024px\" \/><\/a><figcaption class=\"wp-element-caption\"><em>de camperplaats in Stockholm<\/em><\/figcaption><\/figure>\n<\/div>\n\n\n\n<div class=\"wp-block-column is-layout-flow wp-block-column-is-layout-flow\" style=\"flex-basis:66.66%\">\n<p>We doen lekker helemaal niets vandaag, afgezien van een klein fietstochtje naar de plaatselijke supermarkt voor enige inkopen. Het is wel altijd weer even wennen aan die Scandinavische prijzen.&nbsp;<\/p>\n\n\n\n<p>Morgen gaan we op de fiets naar Stockholm. Het is zeer de vraag, of we daar ook een museum zullen gaan bezoeken. We hoorden van andere kampeerders, dat de stad wordt overspoeld met busladingen Chinezen, Japanners en Koreanen, en dat er overal grote wachtrijen waren. We zullen wel zien.<\/p>\n<\/div>\n<\/div>\n\n\n\n<div style=\"height:35px\" aria-hidden=\"true\" class=\"wp-block-spacer\"><\/div>\n\n\n\n<div class=\"wp-block-columns is-layout-flex wp-container-core-columns-is-layout-9d6595d7 wp-block-columns-is-layout-flex\">\n<div class=\"wp-block-column is-layout-flow wp-block-column-is-layout-flow\">\n<p class=\"has-orange-background-color has-background\" id=\"dag07\"><\/p>\n<\/div>\n<\/div>\n\n\n\n<div class=\"wp-block-columns is-layout-flex wp-container-core-columns-is-layout-9d6595d7 wp-block-columns-is-layout-flex\">\n<div class=\"wp-block-column is-layout-flow wp-block-column-is-layout-flow\" style=\"flex-basis:33.33%\">\n<p class=\"has-small-font-size\"><a href=\"#titel\">top<\/a><\/p>\n<\/div>\n\n\n\n<div class=\"wp-block-column is-layout-flow wp-block-column-is-layout-flow\" style=\"flex-basis:66.66%\">\n<p><strong>DAGJE STOCKHOLM<\/strong><br>dag 7 &nbsp; &nbsp; &nbsp;&nbsp;vr 8 juni 2018<br>dagje Stockholm &nbsp; &nbsp; &nbsp;&nbsp;0 km<\/p>\n<\/div>\n<\/div>\n\n\n\n<div style=\"height:20px\" aria-hidden=\"true\" class=\"wp-block-spacer\"><\/div>\n\n\n\n<div class=\"wp-block-columns is-layout-flex wp-container-core-columns-is-layout-9d6595d7 wp-block-columns-is-layout-flex\">\n<div class=\"wp-block-column is-layout-flow wp-block-column-is-layout-flow\" style=\"flex-basis:33.33%\"><\/div>\n\n\n\n<div class=\"wp-block-column is-layout-flow wp-block-column-is-layout-flow\" style=\"flex-basis:66.66%\">\n<p>We gaan vandaag met de fiets naar Stockholm. Dat is genieten (het fietsen): prima fietspaden, goed bewegwijzerd, bij het oversteken altijd voorrang.&nbsp;<\/p>\n\n\n\n<p>Stockholm is indrukwekkend, levendig, maar niet overal even charmant.<\/p>\n\n\n\n<p>Het oude centrum, met oude huizen aan smalle straatjes, is gezellig, maar ook erg toeristisch (veel winkeltjes en eethuisjes), en vaak heel erg druk.<\/p>\n<\/div>\n<\/div>\n\n\n\n<div class=\"wp-block-columns is-layout-flex wp-container-core-columns-is-layout-9d6595d7 wp-block-columns-is-layout-flex\">\n<div class=\"wp-block-column is-layout-flow wp-block-column-is-layout-flow\">\n<figure class=\"wp-block-image size-full\"><a href=\"https:\/\/tedenloesopreis.nl\/wp-content\/uploads\/2023\/12\/IMG_4837-1024x768-1.jpg\" target=\"_blank\" rel=\"noreferrer noopener\"><img loading=\"lazy\" decoding=\"async\" width=\"1024\" height=\"768\" src=\"https:\/\/tedenloesopreis.nl\/wp-content\/uploads\/2023\/12\/IMG_4837-1024x768-1.jpg\" alt=\"\" class=\"wp-image-8630\" srcset=\"https:\/\/tedenloesopreis.nl\/wp-content\/uploads\/2023\/12\/IMG_4837-1024x768-1.jpg 1024w, https:\/\/tedenloesopreis.nl\/wp-content\/uploads\/2023\/12\/IMG_4837-1024x768-1-300x225.jpg 300w, https:\/\/tedenloesopreis.nl\/wp-content\/uploads\/2023\/12\/IMG_4837-1024x768-1-768x576.jpg 768w\" sizes=\"auto, (max-width: 1024px) 100vw, 1024px\" \/><\/a><figcaption class=\"wp-element-caption\"><em>de markt van Stockholm<\/em><\/figcaption><\/figure>\n<\/div>\n\n\n\n<div class=\"wp-block-column is-layout-flow wp-block-column-is-layout-flow\">\n<figure class=\"wp-block-image size-full\"><a href=\"https:\/\/tedenloesopreis.nl\/wp-content\/uploads\/2023\/12\/IMG_4846-768x1024-1.jpg\" target=\"_blank\" rel=\"noreferrer noopener\"><img loading=\"lazy\" decoding=\"async\" width=\"768\" height=\"1024\" src=\"https:\/\/tedenloesopreis.nl\/wp-content\/uploads\/2023\/12\/IMG_4846-768x1024-1.jpg\" alt=\"\" class=\"wp-image-8631\" srcset=\"https:\/\/tedenloesopreis.nl\/wp-content\/uploads\/2023\/12\/IMG_4846-768x1024-1.jpg 768w, https:\/\/tedenloesopreis.nl\/wp-content\/uploads\/2023\/12\/IMG_4846-768x1024-1-225x300.jpg 225w\" sizes=\"auto, (max-width: 768px) 100vw, 768px\" \/><\/a><figcaption class=\"wp-element-caption\"><em>een smal straatje<\/em><\/figcaption><\/figure>\n<\/div>\n\n\n\n<div class=\"wp-block-column is-layout-flow wp-block-column-is-layout-flow\">\n<figure class=\"wp-block-image size-full\"><a href=\"https:\/\/tedenloesopreis.nl\/wp-content\/uploads\/2023\/12\/IMG_4844-768x1024-1.jpg\" target=\"_blank\" rel=\"noreferrer noopener\"><img loading=\"lazy\" decoding=\"async\" width=\"768\" height=\"1024\" src=\"https:\/\/tedenloesopreis.nl\/wp-content\/uploads\/2023\/12\/IMG_4844-768x1024-1.jpg\" alt=\"\" class=\"wp-image-8632\" srcset=\"https:\/\/tedenloesopreis.nl\/wp-content\/uploads\/2023\/12\/IMG_4844-768x1024-1.jpg 768w, https:\/\/tedenloesopreis.nl\/wp-content\/uploads\/2023\/12\/IMG_4844-768x1024-1-225x300.jpg 225w\" sizes=\"auto, (max-width: 768px) 100vw, 768px\" \/><\/a><figcaption class=\"wp-element-caption\"><em>een winkelstraatje<\/em><\/figcaption><\/figure>\n<\/div>\n<\/div>\n\n\n\n<div class=\"wp-block-columns is-layout-flex wp-container-core-columns-is-layout-9d6595d7 wp-block-columns-is-layout-flex\">\n<div class=\"wp-block-column is-layout-flow wp-block-column-is-layout-flow\"><\/div>\n\n\n\n<div class=\"wp-block-column is-layout-flow wp-block-column-is-layout-flow\">\n<figure class=\"wp-block-image size-full\"><a href=\"https:\/\/tedenloesopreis.nl\/wp-content\/uploads\/2023\/12\/IMG_4848-1024x768-1.jpg\" target=\"_blank\" rel=\"noreferrer noopener\"><img loading=\"lazy\" decoding=\"async\" width=\"1024\" height=\"768\" src=\"https:\/\/tedenloesopreis.nl\/wp-content\/uploads\/2023\/12\/IMG_4848-1024x768-1.jpg\" alt=\"\" class=\"wp-image-8633\" srcset=\"https:\/\/tedenloesopreis.nl\/wp-content\/uploads\/2023\/12\/IMG_4848-1024x768-1.jpg 1024w, https:\/\/tedenloesopreis.nl\/wp-content\/uploads\/2023\/12\/IMG_4848-1024x768-1-300x225.jpg 300w, https:\/\/tedenloesopreis.nl\/wp-content\/uploads\/2023\/12\/IMG_4848-1024x768-1-768x576.jpg 768w\" sizes=\"auto, (max-width: 1024px) 100vw, 1024px\" \/><\/a><figcaption class=\"wp-element-caption\"><em>deftigheid aan de rand<\/em><\/figcaption><\/figure>\n<\/div>\n\n\n\n<div class=\"wp-block-column is-layout-flow wp-block-column-is-layout-flow\">\n<figure class=\"wp-block-image size-full\"><a href=\"https:\/\/tedenloesopreis.nl\/wp-content\/uploads\/2023\/12\/IMG_4849-1024x768-1.jpg\" target=\"_blank\" rel=\"noreferrer noopener\"><img loading=\"lazy\" decoding=\"async\" width=\"1024\" height=\"768\" src=\"https:\/\/tedenloesopreis.nl\/wp-content\/uploads\/2023\/12\/IMG_4849-1024x768-1.jpg\" alt=\"\" class=\"wp-image-8634\" srcset=\"https:\/\/tedenloesopreis.nl\/wp-content\/uploads\/2023\/12\/IMG_4849-1024x768-1.jpg 1024w, https:\/\/tedenloesopreis.nl\/wp-content\/uploads\/2023\/12\/IMG_4849-1024x768-1-300x225.jpg 300w, https:\/\/tedenloesopreis.nl\/wp-content\/uploads\/2023\/12\/IMG_4849-1024x768-1-768x576.jpg 768w\" sizes=\"auto, (max-width: 1024px) 100vw, 1024px\" \/><\/a><figcaption class=\"wp-element-caption\"><em>nog meer deftigheid aan de rand<\/em><\/figcaption><\/figure>\n<\/div>\n<\/div>\n\n\n\n<div class=\"wp-block-columns is-layout-flex wp-container-core-columns-is-layout-9d6595d7 wp-block-columns-is-layout-flex\">\n<div class=\"wp-block-column is-layout-flow wp-block-column-is-layout-flow\" style=\"flex-basis:33.33%\">\n<figure class=\"wp-block-image size-full\"><a href=\"https:\/\/tedenloesopreis.nl\/wp-content\/uploads\/2023\/12\/IMG_4835-1-1024x768-1.jpg\" target=\"_blank\" rel=\"noreferrer noopener\"><img loading=\"lazy\" decoding=\"async\" width=\"1024\" height=\"768\" src=\"https:\/\/tedenloesopreis.nl\/wp-content\/uploads\/2023\/12\/IMG_4835-1-1024x768-1.jpg\" alt=\"\" class=\"wp-image-8635\" srcset=\"https:\/\/tedenloesopreis.nl\/wp-content\/uploads\/2023\/12\/IMG_4835-1-1024x768-1.jpg 1024w, https:\/\/tedenloesopreis.nl\/wp-content\/uploads\/2023\/12\/IMG_4835-1-1024x768-1-300x225.jpg 300w, https:\/\/tedenloesopreis.nl\/wp-content\/uploads\/2023\/12\/IMG_4835-1-1024x768-1-768x576.jpg 768w\" sizes=\"auto, (max-width: 1024px) 100vw, 1024px\" \/><\/a><figcaption class=\"wp-element-caption\"><em>koninklijk paleis<\/em><\/figcaption><\/figure>\n<\/div>\n\n\n\n<div class=\"wp-block-column is-layout-flow wp-block-column-is-layout-flow\" style=\"flex-basis:66.66%\">\n<p>Het koninklijk paleis is een erg groot, streng gebouw, en de wisseling van de wacht lijkt vooral gecultiveerd voor de samengestroomde toeristen.<\/p>\n<\/div>\n<\/div>\n\n\n\n<div class=\"wp-block-columns is-layout-flex wp-container-core-columns-is-layout-9d6595d7 wp-block-columns-is-layout-flex\">\n<div class=\"wp-block-column is-layout-flow wp-block-column-is-layout-flow\" style=\"flex-basis:33.33%\">\n<figure class=\"wp-block-image size-full\"><a href=\"https:\/\/tedenloesopreis.nl\/wp-content\/uploads\/2023\/12\/IMG_4850-1024x768-1.jpg\" target=\"_blank\" rel=\"noreferrer noopener\"><img loading=\"lazy\" decoding=\"async\" width=\"1024\" height=\"768\" src=\"https:\/\/tedenloesopreis.nl\/wp-content\/uploads\/2023\/12\/IMG_4850-1024x768-1.jpg\" alt=\"\" class=\"wp-image-8636\" srcset=\"https:\/\/tedenloesopreis.nl\/wp-content\/uploads\/2023\/12\/IMG_4850-1024x768-1.jpg 1024w, https:\/\/tedenloesopreis.nl\/wp-content\/uploads\/2023\/12\/IMG_4850-1024x768-1-300x225.jpg 300w, https:\/\/tedenloesopreis.nl\/wp-content\/uploads\/2023\/12\/IMG_4850-1024x768-1-768x576.jpg 768w\" sizes=\"auto, (max-width: 1024px) 100vw, 1024px\" \/><\/a><figcaption class=\"wp-element-caption\"><em>het nieuwe centrum<\/em><\/figcaption><\/figure>\n<\/div>\n\n\n\n<div class=\"wp-block-column is-layout-flow wp-block-column-is-layout-flow\" style=\"flex-basis:66.66%\">\n<p>Het nieuwe centrum, meteen noordelijk van het oude centrum, is opnieuw ontwikkeld: vooral erg strak en modern, veel glas en beton. Er wordt voortdurend aan de weg gewerkt.<\/p>\n<\/div>\n<\/div>\n\n\n\n<div class=\"wp-block-columns is-layout-flex wp-container-core-columns-is-layout-9d6595d7 wp-block-columns-is-layout-flex\">\n<div class=\"wp-block-column is-layout-flow wp-block-column-is-layout-flow\" style=\"flex-basis:33.33%\"><\/div>\n\n\n\n<div class=\"wp-block-column is-layout-flow wp-block-column-is-layout-flow\" style=\"flex-basis:66.66%\">\n<p>De wijken oostelijk van het centrum zijn klassieker. Hier is het, dat de welgestelden aan het begin van de vorige eeuw hun (soms wat pompeuze) stadspaleizen bouwden.&nbsp;<\/p>\n<\/div>\n<\/div>\n\n\n\n<div class=\"wp-block-columns is-layout-flex wp-container-core-columns-is-layout-9d6595d7 wp-block-columns-is-layout-flex\">\n<div class=\"wp-block-column is-layout-flow wp-block-column-is-layout-flow\"><\/div>\n\n\n\n<div class=\"wp-block-column is-layout-flow wp-block-column-is-layout-flow\">\n<figure class=\"wp-block-image size-full\"><a href=\"https:\/\/tedenloesopreis.nl\/wp-content\/uploads\/2023\/12\/IMG_4851-1024x768-1.jpg\" target=\"_blank\" rel=\"noreferrer noopener\"><img loading=\"lazy\" decoding=\"async\" width=\"1024\" height=\"768\" src=\"https:\/\/tedenloesopreis.nl\/wp-content\/uploads\/2023\/12\/IMG_4851-1024x768-1.jpg\" alt=\"\" class=\"wp-image-8637\" srcset=\"https:\/\/tedenloesopreis.nl\/wp-content\/uploads\/2023\/12\/IMG_4851-1024x768-1.jpg 1024w, https:\/\/tedenloesopreis.nl\/wp-content\/uploads\/2023\/12\/IMG_4851-1024x768-1-300x225.jpg 300w, https:\/\/tedenloesopreis.nl\/wp-content\/uploads\/2023\/12\/IMG_4851-1024x768-1-768x576.jpg 768w\" sizes=\"auto, (max-width: 1024px) 100vw, 1024px\" \/><\/a><figcaption class=\"wp-element-caption\"><em>stadspaleizen aan de Strandv\u00e4gen<\/em><\/figcaption><\/figure>\n<\/div>\n\n\n\n<div class=\"wp-block-column is-layout-flow wp-block-column-is-layout-flow\">\n<figure class=\"wp-block-image size-full\"><a href=\"https:\/\/tedenloesopreis.nl\/wp-content\/uploads\/2023\/12\/IMG_4852-1024x768-1.jpg\" target=\"_blank\" rel=\"noreferrer noopener\"><img loading=\"lazy\" decoding=\"async\" width=\"1024\" height=\"768\" src=\"https:\/\/tedenloesopreis.nl\/wp-content\/uploads\/2023\/12\/IMG_4852-1024x768-1.jpg\" alt=\"\" class=\"wp-image-8638\" srcset=\"https:\/\/tedenloesopreis.nl\/wp-content\/uploads\/2023\/12\/IMG_4852-1024x768-1.jpg 1024w, https:\/\/tedenloesopreis.nl\/wp-content\/uploads\/2023\/12\/IMG_4852-1024x768-1-300x225.jpg 300w, https:\/\/tedenloesopreis.nl\/wp-content\/uploads\/2023\/12\/IMG_4852-1024x768-1-768x576.jpg 768w\" sizes=\"auto, (max-width: 1024px) 100vw, 1024px\" \/><\/a><figcaption class=\"wp-element-caption\"><em>stadspaleizen aan de Strandv\u00e4gen<\/em><\/figcaption><\/figure>\n<\/div>\n<\/div>\n\n\n\n<div class=\"wp-block-columns is-layout-flex wp-container-core-columns-is-layout-9d6595d7 wp-block-columns-is-layout-flex\">\n<div class=\"wp-block-column is-layout-flow wp-block-column-is-layout-flow\" style=\"flex-basis:33.33%\"><\/div>\n\n\n\n<div class=\"wp-block-column is-layout-flow wp-block-column-is-layout-flow\" style=\"flex-basis:66.66%\">\n<p>De museumeilanden Skeppsholmen en Djurg\u00e5rden zijn nagenoeg onbereikbaar (veel bussen met toeristen; overal rijden vrachtwagens vol met feestende scholieren \u2013 geslaagd voor hun examen). We zien de drukte vanaf de rand aan en maken vervolgens maar rechtsomkeert.<\/p>\n\n\n\n<p>Rest ons nog te zeggen dat, naar Scandinavische begrippen, het eten bij Jensens B\u00f6f&nbsp;zeer betaalbaar (en smakelijk) is; moot zalm, malse biefstuk, net zo vaak opscheppen aan de saladebar, voor \u20ac 13,00 p.p. (een tip voor toekomstige Scandinavi\u00eb-gangers).<\/p>\n<\/div>\n<\/div>\n\n\n\n<div class=\"wp-block-columns is-layout-flex wp-container-core-columns-is-layout-9d6595d7 wp-block-columns-is-layout-flex\">\n<div class=\"wp-block-column is-layout-flow wp-block-column-is-layout-flow\"><\/div>\n\n\n\n<div class=\"wp-block-column is-layout-flow wp-block-column-is-layout-flow\">\n<figure class=\"wp-block-image size-full\"><a href=\"https:\/\/tedenloesopreis.nl\/wp-content\/uploads\/2023\/12\/IMG_4853-1024x768-1.jpg\" target=\"_blank\" rel=\"noreferrer noopener\"><img loading=\"lazy\" decoding=\"async\" width=\"1024\" height=\"768\" src=\"https:\/\/tedenloesopreis.nl\/wp-content\/uploads\/2023\/12\/IMG_4853-1024x768-1.jpg\" alt=\"\" class=\"wp-image-8639\" srcset=\"https:\/\/tedenloesopreis.nl\/wp-content\/uploads\/2023\/12\/IMG_4853-1024x768-1.jpg 1024w, https:\/\/tedenloesopreis.nl\/wp-content\/uploads\/2023\/12\/IMG_4853-1024x768-1-300x225.jpg 300w, https:\/\/tedenloesopreis.nl\/wp-content\/uploads\/2023\/12\/IMG_4853-1024x768-1-768x576.jpg 768w\" sizes=\"auto, (max-width: 1024px) 100vw, 1024px\" \/><\/a><figcaption class=\"wp-element-caption\"><em>laatste blik op Stockholm<\/em><\/figcaption><\/figure>\n<\/div>\n\n\n\n<div class=\"wp-block-column is-layout-flow wp-block-column-is-layout-flow\">\n<figure class=\"wp-block-image size-full\"><a href=\"https:\/\/tedenloesopreis.nl\/wp-content\/uploads\/2023\/12\/IMG_4856-1024x768-1.jpg\" target=\"_blank\" rel=\"noreferrer noopener\"><img loading=\"lazy\" decoding=\"async\" width=\"1024\" height=\"768\" src=\"https:\/\/tedenloesopreis.nl\/wp-content\/uploads\/2023\/12\/IMG_4856-1024x768-1.jpg\" alt=\"\" class=\"wp-image-8640\" srcset=\"https:\/\/tedenloesopreis.nl\/wp-content\/uploads\/2023\/12\/IMG_4856-1024x768-1.jpg 1024w, https:\/\/tedenloesopreis.nl\/wp-content\/uploads\/2023\/12\/IMG_4856-1024x768-1-300x225.jpg 300w, https:\/\/tedenloesopreis.nl\/wp-content\/uploads\/2023\/12\/IMG_4856-1024x768-1-768x576.jpg 768w\" sizes=\"auto, (max-width: 1024px) 100vw, 1024px\" \/><\/a><figcaption class=\"wp-element-caption\"><em>laatste blik op Stockholm<\/em><\/figcaption><\/figure>\n<\/div>\n<\/div>\n\n\n\n<div style=\"height:35px\" aria-hidden=\"true\" class=\"wp-block-spacer\"><\/div>\n\n\n\n<div class=\"wp-block-columns is-layout-flex wp-container-core-columns-is-layout-9d6595d7 wp-block-columns-is-layout-flex\">\n<div class=\"wp-block-column is-layout-flow wp-block-column-is-layout-flow\">\n<p class=\"has-orange-background-color has-background\" id=\"dag08\"><\/p>\n<\/div>\n<\/div>\n\n\n\n<div class=\"wp-block-columns is-layout-flex wp-container-core-columns-is-layout-9d6595d7 wp-block-columns-is-layout-flex\">\n<div class=\"wp-block-column is-layout-flow wp-block-column-is-layout-flow\" style=\"flex-basis:33.33%\">\n<p class=\"has-small-font-size\"><a href=\"#titel\">top<\/a><\/p>\n<\/div>\n\n\n\n<div class=\"wp-block-column is-layout-flow wp-block-column-is-layout-flow\" style=\"flex-basis:66.66%\">\n<p><strong>AAN DE BOTNISCHE GOLF<\/strong><br>dag 8 &nbsp; &nbsp; &nbsp;za 9 juni 2018<br><a href=\"https:\/\/www.google.com\/maps\/d\/viewer?mid=1UClayq8ttYToLMJTJma5D1jNPyJKPS2N&amp;ll=60.60155152376985%2C17.39611355957028&amp;z=7\" target=\"_blank\" rel=\"noreferrer noopener\">Stockholm \u2013 Stocka<\/a>&nbsp;&nbsp; &nbsp; &nbsp;342 km<\/p>\n<\/div>\n<\/div>\n\n\n\n<div style=\"height:20px\" aria-hidden=\"true\" class=\"wp-block-spacer\"><\/div>\n\n\n\n<div class=\"wp-block-columns is-layout-flex wp-container-core-columns-is-layout-9d6595d7 wp-block-columns-is-layout-flex\">\n<div class=\"wp-block-column is-layout-flow wp-block-column-is-layout-flow\" style=\"flex-basis:33.33%\"><\/div>\n\n\n\n<div class=\"wp-block-column is-layout-flow wp-block-column-is-layout-flow\" style=\"flex-basis:66.66%\">\n<p>Voor de verandering hebben we vandaag maar weer eens een reisdag. Van Stockholm over de E4, via Uppsala (waar we de ochtendcappuccino drinken), G\u00e4vle, S\u00f6derhamn en Hudiksvall naar Stocka (342 km). Stocka is een klein plaatsje aan de Botnische Golf. We staan er op een camperplaats bij het jachthaventje (<a rel=\"noreferrer noopener\" href=\"https:\/\/www.campercontact.com\/nl\/zweden\/gavleborgs-lan\/stocka\/56610\/stocka-gasthamn\" target=\"_blank\">Stocka G\u00e4sthamn<\/a>).&nbsp;<\/p>\n\n\n\n<p>De reis, meestal auto(snel)weg, verloopt prima. We vertrekken uit Stockholm om 09:45, we komen om 15:15 in Stocka aan. Dat past goed in het plan: \u2018s-ochtends niet al te veel haasten en in de loop van de middag stoppen.<\/p>\n\n\n\n<p>De route is vrij afwisselend: heuvelachtige graslanden met rode Zweedse boerderijen, afgewisseld door bosgebieden.<\/p>\n\n\n\n<p>De camperplaats bevalt ons: ruime plaatsen, niet al te toeristisch, stroom, goed sanitair, mooi uitzicht, ook van de achterste rij.<\/p>\n<\/div>\n<\/div>\n\n\n\n<div class=\"wp-block-columns is-layout-flex wp-container-core-columns-is-layout-9d6595d7 wp-block-columns-is-layout-flex\">\n<div class=\"wp-block-column is-layout-flow wp-block-column-is-layout-flow\">\n<figure class=\"wp-block-image size-full\"><a href=\"https:\/\/tedenloesopreis.nl\/wp-content\/uploads\/2023\/12\/IMG_4864-1024x768-1.jpg\" target=\"_blank\" rel=\"noreferrer noopener\"><img loading=\"lazy\" decoding=\"async\" width=\"1024\" height=\"768\" src=\"https:\/\/tedenloesopreis.nl\/wp-content\/uploads\/2023\/12\/IMG_4864-1024x768-1.jpg\" alt=\"\" class=\"wp-image-8644\" srcset=\"https:\/\/tedenloesopreis.nl\/wp-content\/uploads\/2023\/12\/IMG_4864-1024x768-1.jpg 1024w, https:\/\/tedenloesopreis.nl\/wp-content\/uploads\/2023\/12\/IMG_4864-1024x768-1-300x225.jpg 300w, https:\/\/tedenloesopreis.nl\/wp-content\/uploads\/2023\/12\/IMG_4864-1024x768-1-768x576.jpg 768w\" sizes=\"auto, (max-width: 1024px) 100vw, 1024px\" \/><\/a><figcaption class=\"wp-element-caption\"><em>camperplaats Stocka<\/em><\/figcaption><\/figure>\n<\/div>\n\n\n\n<div class=\"wp-block-column is-layout-flow wp-block-column-is-layout-flow\">\n<figure class=\"wp-block-image size-full\"><a href=\"https:\/\/tedenloesopreis.nl\/wp-content\/uploads\/2023\/12\/IMG_4869-1024x768-1.jpg\" target=\"_blank\" rel=\"noreferrer noopener\"><img loading=\"lazy\" decoding=\"async\" width=\"1024\" height=\"768\" src=\"https:\/\/tedenloesopreis.nl\/wp-content\/uploads\/2023\/12\/IMG_4869-1024x768-1.jpg\" alt=\"\" class=\"wp-image-8645\" srcset=\"https:\/\/tedenloesopreis.nl\/wp-content\/uploads\/2023\/12\/IMG_4869-1024x768-1.jpg 1024w, https:\/\/tedenloesopreis.nl\/wp-content\/uploads\/2023\/12\/IMG_4869-1024x768-1-300x225.jpg 300w, https:\/\/tedenloesopreis.nl\/wp-content\/uploads\/2023\/12\/IMG_4869-1024x768-1-768x576.jpg 768w\" sizes=\"auto, (max-width: 1024px) 100vw, 1024px\" \/><\/a><figcaption class=\"wp-element-caption\"><em>vrij kleinschalig<\/em><\/figcaption><\/figure>\n<\/div>\n\n\n\n<div class=\"wp-block-column is-layout-flow wp-block-column-is-layout-flow\">\n<figure class=\"wp-block-image size-full\"><a href=\"https:\/\/tedenloesopreis.nl\/wp-content\/uploads\/2023\/12\/IMG_4867-1024x768-1.jpg\" target=\"_blank\" rel=\"noreferrer noopener\"><img loading=\"lazy\" decoding=\"async\" width=\"1024\" height=\"768\" src=\"https:\/\/tedenloesopreis.nl\/wp-content\/uploads\/2023\/12\/IMG_4867-1024x768-1.jpg\" alt=\"\" class=\"wp-image-8646\" srcset=\"https:\/\/tedenloesopreis.nl\/wp-content\/uploads\/2023\/12\/IMG_4867-1024x768-1.jpg 1024w, https:\/\/tedenloesopreis.nl\/wp-content\/uploads\/2023\/12\/IMG_4867-1024x768-1-300x225.jpg 300w, https:\/\/tedenloesopreis.nl\/wp-content\/uploads\/2023\/12\/IMG_4867-1024x768-1-768x576.jpg 768w\" sizes=\"auto, (max-width: 1024px) 100vw, 1024px\" \/><\/a><figcaption class=\"wp-element-caption\"><em>met een fraai uitzicht over de Botnische Golf<\/em><\/figcaption><\/figure>\n<\/div>\n<\/div>\n\n\n\n<div style=\"height:35px\" aria-hidden=\"true\" class=\"wp-block-spacer\"><\/div>\n\n\n\n<div class=\"wp-block-columns is-layout-flex wp-container-core-columns-is-layout-9d6595d7 wp-block-columns-is-layout-flex\">\n<div class=\"wp-block-column is-layout-flow wp-block-column-is-layout-flow\">\n<p class=\"has-orange-background-color has-background\" id=\"dag09\"><\/p>\n<\/div>\n<\/div>\n\n\n\n<div class=\"wp-block-columns is-layout-flex wp-container-core-columns-is-layout-9d6595d7 wp-block-columns-is-layout-flex\">\n<div class=\"wp-block-column is-layout-flow wp-block-column-is-layout-flow\" style=\"flex-basis:33.33%\">\n<p class=\"has-small-font-size\"><a href=\"#titel\">top<\/a><\/p>\n<\/div>\n\n\n\n<div class=\"wp-block-column is-layout-flow wp-block-column-is-layout-flow\" style=\"flex-basis:66.66%\">\n<p><strong>H\u00d6GA KUSTEN<\/strong><br>dag 9 &nbsp; &nbsp; &nbsp;zo 10 juni 2018<br><a href=\"https:\/\/www.google.com\/maps\/d\/viewer?mid=1QifsNtV1G74--4xLQ4lzYWUtgatxUcy7&amp;ll=62.85106994006305%2C18.480600833740244&amp;z=8\" target=\"_blank\" rel=\"noreferrer noopener\">Stocka \u2013 Ume\u00e5<\/a>&nbsp;&nbsp; &nbsp; &nbsp;338 km<\/p>\n<\/div>\n<\/div>\n\n\n\n<div style=\"height:20px\" aria-hidden=\"true\" class=\"wp-block-spacer\"><\/div>\n\n\n\n<div class=\"wp-block-columns is-layout-flex wp-container-core-columns-is-layout-9d6595d7 wp-block-columns-is-layout-flex\">\n<div class=\"wp-block-column is-layout-flow wp-block-column-is-layout-flow\" style=\"flex-basis:33.33%\"><\/div>\n\n\n\n<div class=\"wp-block-column is-layout-flow wp-block-column-is-layout-flow\" style=\"flex-basis:66.66%\">\n<p>Vandaag rijden we nog steeds over de E4, van Stocka via&nbsp;Sundsvall en \u00d6rnsk\u00f6ldsvik naar Ume\u00e5.&nbsp;Onderweg, bij het cafetaria van de Mosj\u00f6n-camping in Husum, eten we een smakelijke Fish&amp;Chips (het valt inmiddels wel op, dat er veel vrouwen uit Oost-Azi\u00eb werken in de Zweedse horeca).&nbsp;<\/p>\n\n\n\n<p id=\"hogekusten\">Zweden is een bijzonder groen land. Veel bomen links en veel bomen rechts. Een beetje eentonig. Een uitzondering daarop vormt in ieder geval de regio H\u00f6ga Kusten (Hoge Kusten) tussen H\u00e4rnos\u00e4nd en Docksta. Daar is het gebied woester, geaccidenteerder, en komen de inhammen diep het land in. De rustplaats naast de H\u00f6ga kusten-hangbrug, met een schitterend uitzicht op die brug, vinden wij een prima plaats voor de inmiddels gebruikelijke ochtendcappuccino.<\/p>\n<\/div>\n<\/div>\n\n\n\n<div class=\"wp-block-columns is-layout-flex wp-container-core-columns-is-layout-9d6595d7 wp-block-columns-is-layout-flex\">\n<div class=\"wp-block-column is-layout-flow wp-block-column-is-layout-flow\"><\/div>\n\n\n\n<div class=\"wp-block-column is-layout-flow wp-block-column-is-layout-flow\">\n<figure class=\"wp-block-image size-full\"><a href=\"https:\/\/tedenloesopreis.nl\/wp-content\/uploads\/2023\/12\/IMG_4872-1024x768-1.jpg\" target=\"_blank\" rel=\"noreferrer noopener\"><img loading=\"lazy\" decoding=\"async\" width=\"1024\" height=\"768\" src=\"https:\/\/tedenloesopreis.nl\/wp-content\/uploads\/2023\/12\/IMG_4872-1024x768-1.jpg\" alt=\"\" class=\"wp-image-8648\" srcset=\"https:\/\/tedenloesopreis.nl\/wp-content\/uploads\/2023\/12\/IMG_4872-1024x768-1.jpg 1024w, https:\/\/tedenloesopreis.nl\/wp-content\/uploads\/2023\/12\/IMG_4872-1024x768-1-300x225.jpg 300w, https:\/\/tedenloesopreis.nl\/wp-content\/uploads\/2023\/12\/IMG_4872-1024x768-1-768x576.jpg 768w\" sizes=\"auto, (max-width: 1024px) 100vw, 1024px\" \/><\/a><figcaption class=\"wp-element-caption\"><em>cappuccino bij de H\u00f6ga kusten-hangbrug<\/em><\/figcaption><\/figure>\n<\/div>\n\n\n\n<div class=\"wp-block-column is-layout-flow wp-block-column-is-layout-flow\">\n<figure class=\"wp-block-image size-full\"><a href=\"https:\/\/tedenloesopreis.nl\/wp-content\/uploads\/2023\/12\/IMG_4877-1024x768-1.jpg\" target=\"_blank\" rel=\"noreferrer noopener\"><img loading=\"lazy\" decoding=\"async\" width=\"1024\" height=\"768\" src=\"https:\/\/tedenloesopreis.nl\/wp-content\/uploads\/2023\/12\/IMG_4877-1024x768-1.jpg\" alt=\"\" class=\"wp-image-8649\" srcset=\"https:\/\/tedenloesopreis.nl\/wp-content\/uploads\/2023\/12\/IMG_4877-1024x768-1.jpg 1024w, https:\/\/tedenloesopreis.nl\/wp-content\/uploads\/2023\/12\/IMG_4877-1024x768-1-300x225.jpg 300w, https:\/\/tedenloesopreis.nl\/wp-content\/uploads\/2023\/12\/IMG_4877-1024x768-1-768x576.jpg 768w\" sizes=\"auto, (max-width: 1024px) 100vw, 1024px\" \/><\/a><figcaption class=\"wp-element-caption\"><em>landschap H\u00f6ga Kusten<\/em><\/figcaption><\/figure>\n<\/div>\n<\/div>\n\n\n\n<div class=\"wp-block-columns is-layout-flex wp-container-core-columns-is-layout-9d6595d7 wp-block-columns-is-layout-flex\">\n<div class=\"wp-block-column is-layout-flow wp-block-column-is-layout-flow\" style=\"flex-basis:33.33%\">\n<figure class=\"wp-block-image size-full\"><a href=\"https:\/\/tedenloesopreis.nl\/wp-content\/uploads\/2023\/12\/IMG_4882-1024x768-1.jpg\" target=\"_blank\" rel=\"noreferrer noopener\"><img loading=\"lazy\" decoding=\"async\" width=\"1024\" height=\"768\" src=\"https:\/\/tedenloesopreis.nl\/wp-content\/uploads\/2023\/12\/IMG_4882-1024x768-1.jpg\" alt=\"\" class=\"wp-image-8650\" srcset=\"https:\/\/tedenloesopreis.nl\/wp-content\/uploads\/2023\/12\/IMG_4882-1024x768-1.jpg 1024w, https:\/\/tedenloesopreis.nl\/wp-content\/uploads\/2023\/12\/IMG_4882-1024x768-1-300x225.jpg 300w, https:\/\/tedenloesopreis.nl\/wp-content\/uploads\/2023\/12\/IMG_4882-1024x768-1-768x576.jpg 768w\" sizes=\"auto, (max-width: 1024px) 100vw, 1024px\" \/><\/a><figcaption class=\"wp-element-caption\"><em>op de camping in Ume\u00e5<\/em><\/figcaption><\/figure>\n<\/div>\n\n\n\n<div class=\"wp-block-column is-layout-flow wp-block-column-is-layout-flow\" style=\"flex-basis:66.66%\">\n<p>De camping in Ume\u00e5&nbsp;(<a href=\"https:\/\/www.campercontact.com\/nl\/zweden\/vasterbottens-lan\/umea\/78157\/first-camp-umea\" target=\"_blank\" rel=\"noreferrer noopener\">First Camp Ume\u00e5<\/a>) is vrij goed: heel erg groot en een beetje stoffig, maar met goede sanitaire voorzieningen.<\/p>\n<\/div>\n<\/div>\n\n\n\n<div style=\"height:35px\" aria-hidden=\"true\" class=\"wp-block-spacer\"><\/div>\n\n\n\n<div class=\"wp-block-columns is-layout-flex wp-container-core-columns-is-layout-9d6595d7 wp-block-columns-is-layout-flex\">\n<div class=\"wp-block-column is-layout-flow wp-block-column-is-layout-flow\">\n<p class=\"has-orange-background-color has-background\" id=\"dag10\"><\/p>\n<\/div>\n<\/div>\n\n\n\n<div class=\"wp-block-columns is-layout-flex wp-container-core-columns-is-layout-9d6595d7 wp-block-columns-is-layout-flex\">\n<div class=\"wp-block-column is-layout-flow wp-block-column-is-layout-flow\" style=\"flex-basis:33.33%\">\n<p class=\"has-small-font-size\"><a href=\"#titel\">top<\/a><\/p>\n<\/div>\n\n\n\n<div class=\"wp-block-column is-layout-flow wp-block-column-is-layout-flow\" style=\"flex-basis:66.66%\">\n<p><strong>GAMMELSTAD<\/strong><br>dag 10 &nbsp; &nbsp; &nbsp;ma 11 juni 2018<br><a href=\"https:\/\/www.google.com\/maps\/d\/viewer?mid=1RSMw6Ai73we5MkNSaeFTxb_3gUt4HdSi&amp;ll=64.79388721930619%2C20.964602283935612&amp;z=8\" target=\"_blank\" rel=\"noreferrer noopener\">Ume\u00e5 \u2013 Lule\u00e5<\/a>&nbsp;&nbsp; &nbsp; &nbsp;277 km<\/p>\n<\/div>\n<\/div>\n\n\n\n<div style=\"height:20px\" aria-hidden=\"true\" class=\"wp-block-spacer\"><\/div>\n\n\n\n<div class=\"wp-block-columns is-layout-flex wp-container-core-columns-is-layout-9d6595d7 wp-block-columns-is-layout-flex\">\n<div class=\"wp-block-column is-layout-flow wp-block-column-is-layout-flow\" style=\"flex-basis:33.33%\">\n<figure class=\"wp-block-image size-full\"><a href=\"https:\/\/tedenloesopreis.nl\/wp-content\/uploads\/2023\/12\/IMG_4884-1024x768-1.jpg\" target=\"_blank\" rel=\"noreferrer noopener\"><img loading=\"lazy\" decoding=\"async\" width=\"1024\" height=\"768\" src=\"https:\/\/tedenloesopreis.nl\/wp-content\/uploads\/2023\/12\/IMG_4884-1024x768-1.jpg\" alt=\"\" class=\"wp-image-8652\" srcset=\"https:\/\/tedenloesopreis.nl\/wp-content\/uploads\/2023\/12\/IMG_4884-1024x768-1.jpg 1024w, https:\/\/tedenloesopreis.nl\/wp-content\/uploads\/2023\/12\/IMG_4884-1024x768-1-300x225.jpg 300w, https:\/\/tedenloesopreis.nl\/wp-content\/uploads\/2023\/12\/IMG_4884-1024x768-1-768x576.jpg 768w\" sizes=\"auto, (max-width: 1024px) 100vw, 1024px\" \/><\/a><figcaption class=\"wp-element-caption\"><em>picknick onderweg (bij K\u00e5ge)<\/em><\/figcaption><\/figure>\n<\/div>\n\n\n\n<div class=\"wp-block-column is-layout-flow wp-block-column-is-layout-flow\" style=\"flex-basis:66.66%\">\n<p>We zoeken in Ume\u00e5 maar weer de E4 op, die ons via Skellefte\u00e5 en Pite\u00e5 naar Lule\u00e5 brengt. Alweer is de Noordkaap een stukje dichterbij gekomen, 277 km, om precies te zijn.<br><br>De afgelegde afstand is iets kleiner dan die van voorgaande dagen. Daardoor hebben we tijd, om Gammelstad (bij Lule\u00e5) te bezoeken.<\/p>\n\n\n\n<p>Gammelstad staat op de Werelderfgoedlijst van Unesco. Het is een overblijfsel uit de tijd, dat er in dunbevolkte gebieden weinig kerken waren, zodat het een hele onderneming was, om op zondag naar de kerk te gaan. Voor velen was de kerk z\u00f3 ver weg, dat het niet mogelijk was om op \u00e9\u00e9n dag heen en weer te gaan. Men vertrok dus al op zaterdag, en men overnachtte in een klein houten huisje dat men in de buurt van de kerk had gebouwd. Na de kerkdienst ging men weer naar huis. Al die houten huisjes vormden een stadje, en zo is Gammelstad ontstaan.<\/p>\n<\/div>\n<\/div>\n\n\n\n<div class=\"wp-block-columns is-layout-flex wp-container-core-columns-is-layout-9d6595d7 wp-block-columns-is-layout-flex\">\n<div class=\"wp-block-column is-layout-flow wp-block-column-is-layout-flow\">\n<figure class=\"wp-block-image size-full\"><a href=\"https:\/\/tedenloesopreis.nl\/wp-content\/uploads\/2023\/12\/IMG_4889-1024x768-1.jpg\" target=\"_blank\" rel=\"noreferrer noopener\"><img loading=\"lazy\" decoding=\"async\" width=\"1024\" height=\"768\" src=\"https:\/\/tedenloesopreis.nl\/wp-content\/uploads\/2023\/12\/IMG_4889-1024x768-1.jpg\" alt=\"\" class=\"wp-image-8654\" srcset=\"https:\/\/tedenloesopreis.nl\/wp-content\/uploads\/2023\/12\/IMG_4889-1024x768-1.jpg 1024w, https:\/\/tedenloesopreis.nl\/wp-content\/uploads\/2023\/12\/IMG_4889-1024x768-1-300x225.jpg 300w, https:\/\/tedenloesopreis.nl\/wp-content\/uploads\/2023\/12\/IMG_4889-1024x768-1-768x576.jpg 768w\" sizes=\"auto, (max-width: 1024px) 100vw, 1024px\" \/><\/a><figcaption class=\"wp-element-caption\"><em>Gammelstad<\/em><\/figcaption><\/figure>\n<\/div>\n\n\n\n<div class=\"wp-block-column is-layout-flow wp-block-column-is-layout-flow\">\n<figure class=\"wp-block-image size-full\"><a href=\"https:\/\/tedenloesopreis.nl\/wp-content\/uploads\/2023\/12\/IMG_4895-1024x768-1.jpg\" target=\"_blank\" rel=\"noreferrer noopener\"><img loading=\"lazy\" decoding=\"async\" width=\"1024\" height=\"768\" src=\"https:\/\/tedenloesopreis.nl\/wp-content\/uploads\/2023\/12\/IMG_4895-1024x768-1.jpg\" alt=\"\" class=\"wp-image-8655\" srcset=\"https:\/\/tedenloesopreis.nl\/wp-content\/uploads\/2023\/12\/IMG_4895-1024x768-1.jpg 1024w, https:\/\/tedenloesopreis.nl\/wp-content\/uploads\/2023\/12\/IMG_4895-1024x768-1-300x225.jpg 300w, https:\/\/tedenloesopreis.nl\/wp-content\/uploads\/2023\/12\/IMG_4895-1024x768-1-768x576.jpg 768w\" sizes=\"auto, (max-width: 1024px) 100vw, 1024px\" \/><\/a><figcaption class=\"wp-element-caption\"><em>Gammelstad<\/em><\/figcaption><\/figure>\n<\/div>\n\n\n\n<div class=\"wp-block-column is-layout-flow wp-block-column-is-layout-flow\">\n<figure class=\"wp-block-image size-full\"><a href=\"https:\/\/tedenloesopreis.nl\/wp-content\/uploads\/2023\/12\/568246e8-99a6-4306-bce7-36db10b44136.jpg\" target=\"_blank\" rel=\"noreferrer noopener\"><img loading=\"lazy\" decoding=\"async\" width=\"1024\" height=\"768\" src=\"https:\/\/tedenloesopreis.nl\/wp-content\/uploads\/2023\/12\/568246e8-99a6-4306-bce7-36db10b44136.jpg\" alt=\"\" class=\"wp-image-8656\" srcset=\"https:\/\/tedenloesopreis.nl\/wp-content\/uploads\/2023\/12\/568246e8-99a6-4306-bce7-36db10b44136.jpg 1024w, https:\/\/tedenloesopreis.nl\/wp-content\/uploads\/2023\/12\/568246e8-99a6-4306-bce7-36db10b44136-300x225.jpg 300w, https:\/\/tedenloesopreis.nl\/wp-content\/uploads\/2023\/12\/568246e8-99a6-4306-bce7-36db10b44136-768x576.jpg 768w\" sizes=\"auto, (max-width: 1024px) 100vw, 1024px\" \/><\/a><figcaption class=\"wp-element-caption\"><em>Gammelstad<\/em><\/figcaption><\/figure>\n<\/div>\n<\/div>\n\n\n\n<div class=\"wp-block-columns is-layout-flex wp-container-core-columns-is-layout-9d6595d7 wp-block-columns-is-layout-flex\">\n<div class=\"wp-block-column is-layout-flow wp-block-column-is-layout-flow\" style=\"flex-basis:33.33%\"><\/div>\n\n\n\n<div class=\"wp-block-column is-layout-flow wp-block-column-is-layout-flow\" style=\"flex-basis:66.66%\">\n<p>We hebben een prima plekje op camping&nbsp;<a href=\"https:\/\/www.campercontact.com\/nl\/zweden\/norrbottens-lan\/lulea\/46500\/first-camp-lulea\" target=\"_blank\" rel=\"noreferrer noopener\">First Camp Lule\u00e5<\/a>. We staan pal aan het strand, in de buurt van een van de twee sanitair-gebouwen die al zijn geopend. Het sanitair is van goede kwaliteit. Dat geldt ook voor het wifi-signaal.<\/p>\n<\/div>\n<\/div>\n\n\n\n<div class=\"wp-block-columns is-layout-flex wp-container-core-columns-is-layout-9d6595d7 wp-block-columns-is-layout-flex\">\n<div class=\"wp-block-column is-layout-flow wp-block-column-is-layout-flow\"><\/div>\n\n\n\n<div class=\"wp-block-column is-layout-flow wp-block-column-is-layout-flow\">\n<figure class=\"wp-block-image size-full\"><a href=\"https:\/\/tedenloesopreis.nl\/wp-content\/uploads\/2023\/12\/IMG_4898-1024x768-1.jpg\" target=\"_blank\" rel=\"noreferrer noopener\"><img loading=\"lazy\" decoding=\"async\" width=\"1024\" height=\"768\" src=\"https:\/\/tedenloesopreis.nl\/wp-content\/uploads\/2023\/12\/IMG_4898-1024x768-1.jpg\" alt=\"\" class=\"wp-image-8658\" srcset=\"https:\/\/tedenloesopreis.nl\/wp-content\/uploads\/2023\/12\/IMG_4898-1024x768-1.jpg 1024w, https:\/\/tedenloesopreis.nl\/wp-content\/uploads\/2023\/12\/IMG_4898-1024x768-1-300x225.jpg 300w, https:\/\/tedenloesopreis.nl\/wp-content\/uploads\/2023\/12\/IMG_4898-1024x768-1-768x576.jpg 768w\" sizes=\"auto, (max-width: 1024px) 100vw, 1024px\" \/><\/a><figcaption class=\"wp-element-caption\"><em>op de camping in Lule\u00e5<\/em><\/figcaption><\/figure>\n<\/div>\n\n\n\n<div class=\"wp-block-column is-layout-flow wp-block-column-is-layout-flow\">\n<figure class=\"wp-block-image size-full\"><a href=\"https:\/\/tedenloesopreis.nl\/wp-content\/uploads\/2023\/12\/IMG_4900-1024x768-1.jpg\" target=\"_blank\" rel=\"noreferrer noopener\"><img loading=\"lazy\" decoding=\"async\" width=\"1024\" height=\"768\" src=\"https:\/\/tedenloesopreis.nl\/wp-content\/uploads\/2023\/12\/IMG_4900-1024x768-1.jpg\" alt=\"\" class=\"wp-image-8659\" srcset=\"https:\/\/tedenloesopreis.nl\/wp-content\/uploads\/2023\/12\/IMG_4900-1024x768-1.jpg 1024w, https:\/\/tedenloesopreis.nl\/wp-content\/uploads\/2023\/12\/IMG_4900-1024x768-1-300x225.jpg 300w, https:\/\/tedenloesopreis.nl\/wp-content\/uploads\/2023\/12\/IMG_4900-1024x768-1-768x576.jpg 768w\" sizes=\"auto, (max-width: 1024px) 100vw, 1024px\" \/><\/a><figcaption class=\"wp-element-caption\"><em>uitzicht vanaf de camping<\/em><\/figcaption><\/figure>\n<\/div>\n<\/div>\n\n\n\n<div style=\"height:35px\" aria-hidden=\"true\" class=\"wp-block-spacer\"><\/div>\n\n\n\n<div class=\"wp-block-columns is-layout-flex wp-container-core-columns-is-layout-9d6595d7 wp-block-columns-is-layout-flex\">\n<div class=\"wp-block-column is-layout-flow wp-block-column-is-layout-flow\">\n<p class=\"has-orange-background-color has-background\" id=\"dag11\"><\/p>\n<\/div>\n<\/div>\n\n\n\n<div class=\"wp-block-columns is-layout-flex wp-container-core-columns-is-layout-9d6595d7 wp-block-columns-is-layout-flex\">\n<div class=\"wp-block-column is-layout-flow wp-block-column-is-layout-flow\" style=\"flex-basis:33.33%\">\n<p class=\"has-small-font-size\"><a href=\"#titel\">top<\/a><\/p>\n<\/div>\n\n\n\n<div class=\"wp-block-column is-layout-flow wp-block-column-is-layout-flow\" style=\"flex-basis:66.66%\">\n<p><strong>RUSTDAG LULE\u00c5<\/strong><br>dag 11 &nbsp; &nbsp; &nbsp; di 12 juni 2018<br>rustdag Lule\u00e5 &nbsp; &nbsp; &nbsp;0 km<\/p>\n<\/div>\n<\/div>\n\n\n\n<div style=\"height:20px\" aria-hidden=\"true\" class=\"wp-block-spacer\"><\/div>\n\n\n\n<div class=\"wp-block-columns is-layout-flex wp-container-core-columns-is-layout-9d6595d7 wp-block-columns-is-layout-flex\">\n<div class=\"wp-block-column is-layout-flow wp-block-column-is-layout-flow\" style=\"flex-basis:33.33%\"><\/div>\n\n\n\n<div class=\"wp-block-column is-layout-flow wp-block-column-is-layout-flow\" style=\"flex-basis:66.66%\">\n<p>Vandaag nemen we een rustdag. We schudemmeren een partijtje ondergoed, we gaan op de fiets naar de supermarkt, we luieren lekker verder.&nbsp;<\/p>\n\n\n\n<p>Vannacht is er een flinke dip in het weer gekomen. Het is vandaag maar 11\u00b0C, dat zijn er 10 minder dan gisteren. De foto spreekt al voor zich.&nbsp;<\/p>\n\n\n\n<p>Zijn we vanaf Ystad gewend aan korte-broeken-weer, vandaag zijn we blij, dat we de winterjassen hebben meegenomen. Gelukkig is er een stijgende lijn in het weer voorspeld.<\/p>\n<\/div>\n<\/div>\n\n\n\n<div class=\"wp-block-columns is-layout-flex wp-container-core-columns-is-layout-9d6595d7 wp-block-columns-is-layout-flex\">\n<div class=\"wp-block-column is-layout-flow wp-block-column-is-layout-flow\"><\/div>\n\n\n\n<div class=\"wp-block-column is-layout-flow wp-block-column-is-layout-flow\">\n<figure class=\"wp-block-image size-full\"><a href=\"https:\/\/tedenloesopreis.nl\/wp-content\/uploads\/2023\/12\/IMG_4900-1024x768-2.jpg\" target=\"_blank\" rel=\"noreferrer noopener\"><img loading=\"lazy\" decoding=\"async\" width=\"1024\" height=\"768\" src=\"https:\/\/tedenloesopreis.nl\/wp-content\/uploads\/2023\/12\/IMG_4900-1024x768-2.jpg\" alt=\"\" class=\"wp-image-8661\" srcset=\"https:\/\/tedenloesopreis.nl\/wp-content\/uploads\/2023\/12\/IMG_4900-1024x768-2.jpg 1024w, https:\/\/tedenloesopreis.nl\/wp-content\/uploads\/2023\/12\/IMG_4900-1024x768-2-300x225.jpg 300w, https:\/\/tedenloesopreis.nl\/wp-content\/uploads\/2023\/12\/IMG_4900-1024x768-2-768x576.jpg 768w\" sizes=\"auto, (max-width: 1024px) 100vw, 1024px\" \/><\/a><figcaption class=\"wp-element-caption\"><em>gisteren: prettig weer<\/em><\/figcaption><\/figure>\n<\/div>\n\n\n\n<div class=\"wp-block-column is-layout-flow wp-block-column-is-layout-flow\">\n<figure class=\"wp-block-image size-full\"><a href=\"https:\/\/tedenloesopreis.nl\/wp-content\/uploads\/2023\/12\/IMG_4906-1024x768-1.jpg\" target=\"_blank\" rel=\"noreferrer noopener\"><img loading=\"lazy\" decoding=\"async\" width=\"1024\" height=\"768\" src=\"https:\/\/tedenloesopreis.nl\/wp-content\/uploads\/2023\/12\/IMG_4906-1024x768-1.jpg\" alt=\"\" class=\"wp-image-8662\" srcset=\"https:\/\/tedenloesopreis.nl\/wp-content\/uploads\/2023\/12\/IMG_4906-1024x768-1.jpg 1024w, https:\/\/tedenloesopreis.nl\/wp-content\/uploads\/2023\/12\/IMG_4906-1024x768-1-300x225.jpg 300w, https:\/\/tedenloesopreis.nl\/wp-content\/uploads\/2023\/12\/IMG_4906-1024x768-1-768x576.jpg 768w\" sizes=\"auto, (max-width: 1024px) 100vw, 1024px\" \/><\/a><figcaption class=\"wp-element-caption\"><em>vandaag: het weer is omgeslagen<\/em><\/figcaption><\/figure>\n<\/div>\n<\/div>\n\n\n\n<div style=\"height:35px\" aria-hidden=\"true\" class=\"wp-block-spacer\"><\/div>\n\n\n\n<div class=\"wp-block-columns is-layout-flex wp-container-core-columns-is-layout-9d6595d7 wp-block-columns-is-layout-flex\">\n<div class=\"wp-block-column is-layout-flow wp-block-column-is-layout-flow\">\n<p class=\"has-orange-background-color has-background\" id=\"dag12\"><\/p>\n<\/div>\n<\/div>\n\n\n\n<div class=\"wp-block-columns is-layout-flex wp-container-core-columns-is-layout-9d6595d7 wp-block-columns-is-layout-flex\">\n<div class=\"wp-block-column is-layout-flow wp-block-column-is-layout-flow\" style=\"flex-basis:33.33%\">\n<p class=\"has-small-font-size\"><a href=\"#titel\">top<\/a><\/p>\n<\/div>\n\n\n\n<div class=\"wp-block-column is-layout-flow wp-block-column-is-layout-flow\" style=\"flex-basis:66.66%\">\n<p><strong>KERST IN LAPLAND<\/strong><br>dag 12 &nbsp; &nbsp; &nbsp;&nbsp;wo 13 juni 2018<br><a href=\"https:\/\/www.google.com\/maps\/d\/viewer?mid=1z-KDMrDCDwDVjY2iYGsHyE07kRQk8RrJ&amp;ll=66.52112342367833%2C24.68826851562496&amp;z=8\" target=\"_blank\" rel=\"noreferrer noopener\">Lule\u00e5 \u2013 Sodankyl\u00e4<\/a>&nbsp;&nbsp; &nbsp; &nbsp;383 km<\/p>\n<\/div>\n<\/div>\n\n\n\n<div style=\"height:20px\" aria-hidden=\"true\" class=\"wp-block-spacer\"><\/div>\n\n\n\n<div class=\"wp-block-columns is-layout-flex wp-container-core-columns-is-layout-9d6595d7 wp-block-columns-is-layout-flex\">\n<div class=\"wp-block-column is-layout-flow wp-block-column-is-layout-flow\" style=\"flex-basis:33.33%\">\n<figure class=\"wp-block-image size-full\"><a href=\"https:\/\/tedenloesopreis.nl\/wp-content\/uploads\/2023\/12\/IMG_4908-768x1024-1.jpg\" target=\"_blank\" rel=\"noreferrer noopener\"><img loading=\"lazy\" decoding=\"async\" width=\"768\" height=\"1024\" src=\"https:\/\/tedenloesopreis.nl\/wp-content\/uploads\/2023\/12\/IMG_4908-768x1024-1.jpg\" alt=\"\" class=\"wp-image-8664\" srcset=\"https:\/\/tedenloesopreis.nl\/wp-content\/uploads\/2023\/12\/IMG_4908-768x1024-1.jpg 768w, https:\/\/tedenloesopreis.nl\/wp-content\/uploads\/2023\/12\/IMG_4908-768x1024-1-225x300.jpg 225w\" sizes=\"auto, (max-width: 768px) 100vw, 768px\" \/><\/a><figcaption class=\"wp-element-caption\"><em>zou hier de Kerstman wonen?<\/em><\/figcaption><\/figure>\n<\/div>\n\n\n\n<div class=\"wp-block-column is-layout-flow wp-block-column-is-layout-flow\" style=\"flex-basis:66.66%\">\n<p>We vertrekken pas om 10:30 uit Lule\u00e5. We volgen de E4 naar Haparanda. Daar rijden we Finland binnen. De E4 is hier omgenummerd tot E8. Even voor Kemi slaan we linksaf en volgen de E75 richting Rovaniemi.<\/p>\n\n\n\n<p>We hadden gehoopt, dat we jullie allemaal de groeten hadden kunnen brengen uit Rovaniemi van de Kerstman. Helaas, zijn \u2018residentie\u2019 is maar een zielige bedoening. De meeste \u2018dingen\u2019 (vaak is het niet duidelijk wat er in een blokhut te doen is) zijn gesloten. Je vindt er een indicatie van de poolcirkel. Het is er behoorlijk uitgestorven.<\/p>\n\n\n\n<p>Er zijn verschillende gebouwen, waar de Kerstman zou wonen. In een daarvan nemen we (tegen beter weten in) maar eens een kijkje. Al direct sta je midden in een grote souvenirshop. Ergens in een hoekje zie je een bordje \u201cnaar de Kerstman\u201d. Voor je echter bij hem bent, moet je door een vrij lange gang met onduidelijke commerci\u00eble verleidingen. Aan het einde van die gang zit een ietwat slonzige Kerstman op een houten troon luidkeels te verkondigen dat het streng verboden is om een foto van hem te maken. Die kun je bij hem bestellen. Daarom draaien we meteen om en maken op de terugweg in de gang maar een foto van een monitor waarop de Kerstman is te zien.<\/p>\n<\/div>\n<\/div>\n\n\n\n<div class=\"wp-block-columns is-layout-flex wp-container-core-columns-is-layout-9d6595d7 wp-block-columns-is-layout-flex\">\n<div class=\"wp-block-column is-layout-flow wp-block-column-is-layout-flow\"><\/div>\n\n\n\n<div class=\"wp-block-column is-layout-flow wp-block-column-is-layout-flow\">\n<figure class=\"wp-block-image size-full\"><a href=\"https:\/\/tedenloesopreis.nl\/wp-content\/uploads\/2023\/12\/IMG_4910-1024x768-1.jpg\" target=\"_blank\" rel=\"noreferrer noopener\"><img loading=\"lazy\" decoding=\"async\" width=\"1024\" height=\"768\" src=\"https:\/\/tedenloesopreis.nl\/wp-content\/uploads\/2023\/12\/IMG_4910-1024x768-1.jpg\" alt=\"\" class=\"wp-image-8665\" srcset=\"https:\/\/tedenloesopreis.nl\/wp-content\/uploads\/2023\/12\/IMG_4910-1024x768-1.jpg 1024w, https:\/\/tedenloesopreis.nl\/wp-content\/uploads\/2023\/12\/IMG_4910-1024x768-1-300x225.jpg 300w, https:\/\/tedenloesopreis.nl\/wp-content\/uploads\/2023\/12\/IMG_4910-1024x768-1-768x576.jpg 768w\" sizes=\"auto, (max-width: 1024px) 100vw, 1024px\" \/><\/a><figcaption class=\"wp-element-caption\"><em>onduidelijke commerci\u00eble verleidingen<\/em><\/figcaption><\/figure>\n<\/div>\n\n\n\n<div class=\"wp-block-column is-layout-flow wp-block-column-is-layout-flow\">\n<figure class=\"wp-block-image size-full\"><a href=\"https:\/\/tedenloesopreis.nl\/wp-content\/uploads\/2023\/12\/IMG_4909-1024x768-1.jpg\" target=\"_blank\" rel=\"noreferrer noopener\"><img loading=\"lazy\" decoding=\"async\" width=\"1024\" height=\"768\" src=\"https:\/\/tedenloesopreis.nl\/wp-content\/uploads\/2023\/12\/IMG_4909-1024x768-1.jpg\" alt=\"\" class=\"wp-image-8666\" srcset=\"https:\/\/tedenloesopreis.nl\/wp-content\/uploads\/2023\/12\/IMG_4909-1024x768-1.jpg 1024w, https:\/\/tedenloesopreis.nl\/wp-content\/uploads\/2023\/12\/IMG_4909-1024x768-1-300x225.jpg 300w, https:\/\/tedenloesopreis.nl\/wp-content\/uploads\/2023\/12\/IMG_4909-1024x768-1-768x576.jpg 768w\" sizes=\"auto, (max-width: 1024px) 100vw, 1024px\" \/><\/a><figcaption class=\"wp-element-caption\"><em>de Kerstman op een monitor<\/em><\/figcaption><\/figure>\n<\/div>\n<\/div>\n\n\n\n<div class=\"wp-block-columns is-layout-flex wp-container-core-columns-is-layout-9d6595d7 wp-block-columns-is-layout-flex\">\n<div class=\"wp-block-column is-layout-flow wp-block-column-is-layout-flow\"><\/div>\n\n\n\n<div class=\"wp-block-column is-layout-flow wp-block-column-is-layout-flow\">\n<figure class=\"wp-block-image size-full\"><a href=\"https:\/\/tedenloesopreis.nl\/wp-content\/uploads\/2023\/12\/IMG_4913-1024x768-1.jpg\" target=\"_blank\" rel=\"noreferrer noopener\"><img loading=\"lazy\" decoding=\"async\" width=\"1024\" height=\"768\" src=\"https:\/\/tedenloesopreis.nl\/wp-content\/uploads\/2023\/12\/IMG_4913-1024x768-1.jpg\" alt=\"\" class=\"wp-image-8667\" srcset=\"https:\/\/tedenloesopreis.nl\/wp-content\/uploads\/2023\/12\/IMG_4913-1024x768-1.jpg 1024w, https:\/\/tedenloesopreis.nl\/wp-content\/uploads\/2023\/12\/IMG_4913-1024x768-1-300x225.jpg 300w, https:\/\/tedenloesopreis.nl\/wp-content\/uploads\/2023\/12\/IMG_4913-1024x768-1-768x576.jpg 768w\" sizes=\"auto, (max-width: 1024px) 100vw, 1024px\" \/><\/a><figcaption class=\"wp-element-caption\"><em>de poolcikel<\/em><\/figcaption><\/figure>\n<\/div>\n\n\n\n<div class=\"wp-block-column is-layout-flow wp-block-column-is-layout-flow\">\n<figure class=\"wp-block-image size-full\"><a href=\"https:\/\/tedenloesopreis.nl\/wp-content\/uploads\/2023\/12\/IMG_4914-1024x768-1.jpg\" target=\"_blank\" rel=\"noreferrer noopener\"><img loading=\"lazy\" decoding=\"async\" width=\"1024\" height=\"768\" src=\"https:\/\/tedenloesopreis.nl\/wp-content\/uploads\/2023\/12\/IMG_4914-1024x768-1.jpg\" alt=\"\" class=\"wp-image-8668\" srcset=\"https:\/\/tedenloesopreis.nl\/wp-content\/uploads\/2023\/12\/IMG_4914-1024x768-1.jpg 1024w, https:\/\/tedenloesopreis.nl\/wp-content\/uploads\/2023\/12\/IMG_4914-1024x768-1-300x225.jpg 300w, https:\/\/tedenloesopreis.nl\/wp-content\/uploads\/2023\/12\/IMG_4914-1024x768-1-768x576.jpg 768w\" sizes=\"auto, (max-width: 1024px) 100vw, 1024px\" \/><\/a><figcaption class=\"wp-element-caption\"><em>de meeste \u2018dingen\u2019 zijn dicht<\/em><\/figcaption><\/figure>\n<\/div>\n<\/div>\n\n\n\n<div class=\"wp-block-columns is-layout-flex wp-container-core-columns-is-layout-9d6595d7 wp-block-columns-is-layout-flex\">\n<div class=\"wp-block-column is-layout-flow wp-block-column-is-layout-flow\" style=\"flex-basis:33.33%\">\n<figure class=\"wp-block-image size-full\"><a href=\"https:\/\/tedenloesopreis.nl\/wp-content\/uploads\/2023\/12\/IMG_4916-1024x768-1.jpg\" target=\"_blank\" rel=\"noreferrer noopener\"><img loading=\"lazy\" decoding=\"async\" width=\"1024\" height=\"768\" src=\"https:\/\/tedenloesopreis.nl\/wp-content\/uploads\/2023\/12\/IMG_4916-1024x768-1.jpg\" alt=\"\" class=\"wp-image-8669\" srcset=\"https:\/\/tedenloesopreis.nl\/wp-content\/uploads\/2023\/12\/IMG_4916-1024x768-1.jpg 1024w, https:\/\/tedenloesopreis.nl\/wp-content\/uploads\/2023\/12\/IMG_4916-1024x768-1-300x225.jpg 300w, https:\/\/tedenloesopreis.nl\/wp-content\/uploads\/2023\/12\/IMG_4916-1024x768-1-768x576.jpg 768w\" sizes=\"auto, (max-width: 1024px) 100vw, 1024px\" \/><\/a><figcaption class=\"wp-element-caption\"><em>Lapse bossen zijn minder massaal dan Zweedse<\/em><\/figcaption><\/figure>\n<\/div>\n\n\n\n<div class=\"wp-block-column is-layout-flow wp-block-column-is-layout-flow\" style=\"flex-basis:66.66%\">\n<p>Achter in de souvenirshop is n\u00f3g een bordje. Dat verwijst naar het cafetaria. We drinken er een cappuccino (ook al is de ochtend al lang voorbij). We zitten er bijna helemaal alleen.<\/p>\n\n\n\n<p>Ook op het parkeerterrein is het behoorlijk uitgestorven. Er is geen enkele toeristenbus te bespeuren. De camperplaats is nagenoeg leeg. De vakken op de camperplaats liggen onder een nogal grote helling. Dat alles nodigt niet uit, om in Rovaniemi te overnachten. We rijden &nbsp;dus maar door naar de eerstvolgende overnachtingsmogelijkheid, in Sodankyl\u00e4. Dat is pakweg 120 km verder.&nbsp;<\/p>\n\n\n\n<p>Nog steeds zijn er overal bomen, maar de bomen in Fins Lapland zijn heel wat minder hoog dan onderweg in Zweden. Het bos oogt daardoor minder massaal.<br><br>Ons geplande reisschema is op losse schroeven komen te staan, door verder te rijden naar Sodankyl\u00e4. De volgende geplande stop, in Kaunisp\u00e4\u00e4, is maar 140 km verder. Dat is te weinig voor een dagrit. Tussen Kaunisp\u00e4\u00e4 en de daaropvolgende geplande halte, Vestre Jakobselv in Noorwegen, &nbsp;liggen geen acceptabele overnachtingsplaatsen. De kans bestaat dus, dat we morgen gewoon doorrijden naar Vestre Jakobselv. Dat is een behoorlijk flinke rit, dus we nemen ons voor om vroeg onder de wol te kruipen, zodat we morgen vroeg kunnen vertrekken.<br><br>Het weer valt overigens niet tegen. Het blijft, afgezien van een paar flinke regenbuien vanochtend, droog, 11\u00b0C.<\/p>\n\n\n\n<p>Op de camping van Sodankyl\u00e4 (<a href=\"https:\/\/www.eurocampings.nl\/finland\/lapland\/sodankyla\/camping-nilimella-sodankyla-113381\/\" target=\"_blank\" rel=\"noreferrer noopener\">Camping Nilimella<\/a>) kiezen we voor een plaats op het asfalt (met stroom). Daar staan we beter (vlakker, ruimer) dan op de resterende plaatsen onder de bomen of op het grasveld. We staan er vrij dicht bij de weg, maar we merken haast niets van het verkeerslawaai (afgezien van twee uitrukkende brandweerwagens). Het sanitair is schoon, maar er is onvoldoende capaciteit voor alle kampeerders (er staan heel veel tenten van mensen die op het midzomernachtfeest zijn afgekomen).&nbsp;Wifi heeft een beperkt bereik (alleen in de buurt van de receptie). Aan de overkant van de weg vind je het cafetaria van de camping. Daar hebben ze een eenvoudige kaart.&nbsp;<\/p>\n<\/div>\n<\/div>\n\n\n\n<div style=\"height:35px\" aria-hidden=\"true\" class=\"wp-block-spacer\"><\/div>\n\n\n\n<div class=\"wp-block-columns is-layout-flex wp-container-core-columns-is-layout-9d6595d7 wp-block-columns-is-layout-flex\">\n<div class=\"wp-block-column is-layout-flow wp-block-column-is-layout-flow\">\n<p class=\"has-orange-background-color has-background\" id=\"dag13\"><\/p>\n<\/div>\n<\/div>\n\n\n\n<div class=\"wp-block-columns is-layout-flex wp-container-core-columns-is-layout-9d6595d7 wp-block-columns-is-layout-flex\">\n<div class=\"wp-block-column is-layout-flow wp-block-column-is-layout-flow\" style=\"flex-basis:33.33%\">\n<p class=\"has-small-font-size\"><a href=\"#titel\">top<\/a><\/p>\n<\/div>\n\n\n\n<div class=\"wp-block-column is-layout-flow wp-block-column-is-layout-flow\" style=\"flex-basis:66.66%\">\n<p><strong>DAG LAPLAND<\/strong><br>dag 13 &nbsp; &nbsp; &nbsp;do 14 juni 2018<br><a href=\"https:\/\/www.google.com\/maps\/d\/viewer?mid=1JpgJXjhxTnGxMFFPSCa_RfYmOSxD9Kst&amp;ll=68.87187257107252%2C27.96928810058604&amp;z=7\" target=\"_blank\" rel=\"noreferrer noopener\">Sodankyl\u00e4 \u2013 Vestre Jakobselv<\/a>&nbsp;&nbsp; &nbsp; &nbsp;&nbsp;443 km<\/p>\n<\/div>\n<\/div>\n\n\n\n<div style=\"height:20px\" aria-hidden=\"true\" class=\"wp-block-spacer\"><\/div>\n\n\n\n<div class=\"wp-block-columns is-layout-flex wp-container-core-columns-is-layout-9d6595d7 wp-block-columns-is-layout-flex\">\n<div class=\"wp-block-column is-layout-flow wp-block-column-is-layout-flow\" style=\"flex-basis:33.33%\"><\/div>\n\n\n\n<div class=\"wp-block-column is-layout-flow wp-block-column-is-layout-flow\" style=\"flex-basis:66.66%\">\n<p>Het valt eigenlijk wel mee, die 443 km van Sodankyl\u00e4 naar Vestre Jakobselv. We vertrekken om 09:30 (Finse tijd, 08:30 Nederlandse en Noorse tijd) en zijn om 15:45 op het eindpunt aangekomen. De route is simpel: over de E75, via Ivalo en Inari, naar Utsjoki, daar via de zuidelijke oever van de Karasjohka naar Skiippagurra, tot slot over de E75 naar Vestre Jakobselv.<\/p>\n<\/div>\n<\/div>\n\n\n\n<div class=\"wp-block-columns is-layout-flex wp-container-core-columns-is-layout-9d6595d7 wp-block-columns-is-layout-flex\">\n<div class=\"wp-block-column is-layout-flow wp-block-column-is-layout-flow\">\n<figure class=\"wp-block-image size-full\"><a href=\"https:\/\/tedenloesopreis.nl\/wp-content\/uploads\/2024\/05\/IMG_4923-scaled.jpg\" target=\"_blank\" rel=\"noreferrer noopener\"><img loading=\"lazy\" decoding=\"async\" width=\"2560\" height=\"1920\" src=\"https:\/\/tedenloesopreis.nl\/wp-content\/uploads\/2024\/05\/IMG_4923-scaled.jpg\" alt=\"\" class=\"wp-image-11108\" srcset=\"https:\/\/tedenloesopreis.nl\/wp-content\/uploads\/2024\/05\/IMG_4923-scaled.jpg 2560w, https:\/\/tedenloesopreis.nl\/wp-content\/uploads\/2024\/05\/IMG_4923-300x225.jpg 300w, https:\/\/tedenloesopreis.nl\/wp-content\/uploads\/2024\/05\/IMG_4923-1024x768.jpg 1024w, https:\/\/tedenloesopreis.nl\/wp-content\/uploads\/2024\/05\/IMG_4923-768x576.jpg 768w, https:\/\/tedenloesopreis.nl\/wp-content\/uploads\/2024\/05\/IMG_4923-1536x1152.jpg 1536w, https:\/\/tedenloesopreis.nl\/wp-content\/uploads\/2024\/05\/IMG_4923-2048x1536.jpg 2048w\" sizes=\"auto, (max-width: 2560px) 100vw, 2560px\" \/><\/a><figcaption class=\"wp-element-caption\"><em>steeds vaker zie je water<\/em><\/figcaption><\/figure>\n<\/div>\n\n\n\n<div class=\"wp-block-column is-layout-flow wp-block-column-is-layout-flow\">\n<figure class=\"wp-block-image size-full\"><a href=\"https:\/\/tedenloesopreis.nl\/wp-content\/uploads\/2023\/12\/IMG_4925-1024x768-1.jpg\" target=\"_blank\" rel=\"noreferrer noopener\"><img loading=\"lazy\" decoding=\"async\" width=\"1024\" height=\"768\" src=\"https:\/\/tedenloesopreis.nl\/wp-content\/uploads\/2023\/12\/IMG_4925-1024x768-1.jpg\" alt=\"\" class=\"wp-image-8674\" srcset=\"https:\/\/tedenloesopreis.nl\/wp-content\/uploads\/2023\/12\/IMG_4925-1024x768-1.jpg 1024w, https:\/\/tedenloesopreis.nl\/wp-content\/uploads\/2023\/12\/IMG_4925-1024x768-1-300x225.jpg 300w, https:\/\/tedenloesopreis.nl\/wp-content\/uploads\/2023\/12\/IMG_4925-1024x768-1-768x576.jpg 768w\" sizes=\"auto, (max-width: 1024px) 100vw, 1024px\" \/><\/a><figcaption class=\"wp-element-caption\"><em>met fotogenieke wolken<\/em><\/figcaption><\/figure>\n<\/div>\n\n\n\n<div class=\"wp-block-column is-layout-flow wp-block-column-is-layout-flow\">\n<figure class=\"wp-block-image size-full\"><a href=\"https:\/\/tedenloesopreis.nl\/wp-content\/uploads\/2023\/12\/IMG_4915-1024x768-1.jpg\" target=\"_blank\" rel=\"noreferrer noopener\"><img loading=\"lazy\" decoding=\"async\" width=\"1024\" height=\"768\" src=\"https:\/\/tedenloesopreis.nl\/wp-content\/uploads\/2023\/12\/IMG_4915-1024x768-1.jpg\" alt=\"\" class=\"wp-image-8675\" srcset=\"https:\/\/tedenloesopreis.nl\/wp-content\/uploads\/2023\/12\/IMG_4915-1024x768-1.jpg 1024w, https:\/\/tedenloesopreis.nl\/wp-content\/uploads\/2023\/12\/IMG_4915-1024x768-1-300x225.jpg 300w, https:\/\/tedenloesopreis.nl\/wp-content\/uploads\/2023\/12\/IMG_4915-1024x768-1-768x576.jpg 768w\" sizes=\"auto, (max-width: 1024px) 100vw, 1024px\" \/><\/a><figcaption class=\"wp-element-caption\"><em>groter worden ze niet in Lapland<\/em><\/figcaption><\/figure>\n<\/div>\n<\/div>\n\n\n\n<div class=\"wp-block-columns is-layout-flex wp-container-core-columns-is-layout-9d6595d7 wp-block-columns-is-layout-flex\">\n<div class=\"wp-block-column is-layout-flow wp-block-column-is-layout-flow\" style=\"flex-basis:33.33%\">\n<figure class=\"wp-block-image size-full\"><a href=\"https:\/\/tedenloesopreis.nl\/wp-content\/uploads\/2023\/12\/IMG_4930-1024x768-1.jpg\" target=\"_blank\" rel=\"noreferrer noopener\"><img loading=\"lazy\" decoding=\"async\" width=\"1024\" height=\"768\" src=\"https:\/\/tedenloesopreis.nl\/wp-content\/uploads\/2023\/12\/IMG_4930-1024x768-1.jpg\" alt=\"\" class=\"wp-image-8676\" srcset=\"https:\/\/tedenloesopreis.nl\/wp-content\/uploads\/2023\/12\/IMG_4930-1024x768-1.jpg 1024w, https:\/\/tedenloesopreis.nl\/wp-content\/uploads\/2023\/12\/IMG_4930-1024x768-1-300x225.jpg 300w, https:\/\/tedenloesopreis.nl\/wp-content\/uploads\/2023\/12\/IMG_4930-1024x768-1-768x576.jpg 768w\" sizes=\"auto, (max-width: 1024px) 100vw, 1024px\" \/><\/a><figcaption class=\"wp-element-caption\"><em>Kaunisp\u00e4\u00e4, koud en winderig<\/em><\/figcaption><\/figure>\n<\/div>\n\n\n\n<div class=\"wp-block-column is-layout-flow wp-block-column-is-layout-flow\" style=\"flex-basis:66.66%\">\n<p id=\"kaunispaa\">Na zo\u2019n 140 km komen we bij de oorspronkelijk beoogde overnachtingsplek (Kaunisp\u00e4\u00e4), boven op een flinke heuvel met skiliftje en restaurant. We hebben er maar de (inmiddels) traditionele ochtendcappuccino gedronken. &nbsp;We hebben er geen spijt van, dat Kaunisp\u00e4\u00e4 is weggevallen als overnachtingsplek. Het is er behoorlijk koud, daar boven op die heuvel, het waait er hard, en het is er behoorlijk verlaten.<\/p>\n<\/div>\n<\/div>\n\n\n\n<div class=\"wp-block-columns is-layout-flex wp-container-core-columns-is-layout-9d6595d7 wp-block-columns-is-layout-flex\">\n<div class=\"wp-block-column is-layout-flow wp-block-column-is-layout-flow\" style=\"flex-basis:33.33%\"><\/div>\n\n\n\n<div class=\"wp-block-column is-layout-flow wp-block-column-is-layout-flow\" style=\"flex-basis:66.66%\">\n<p>Het noordelijke deel van Lapland is heel mooi. Een glooiend landschap met deels bomen, maar ook met toendra-achtige vlaktes. Steeds vaker zie je een meer(tje). We ontmoeten onze eerste rendieren (al maken ze hun naam absoluut niet waar).<\/p>\n<\/div>\n<\/div>\n\n\n\n<div class=\"wp-block-columns is-layout-flex wp-container-core-columns-is-layout-9d6595d7 wp-block-columns-is-layout-flex\">\n<div class=\"wp-block-column is-layout-flow wp-block-column-is-layout-flow\">\n<figure class=\"wp-block-image size-full\"><a href=\"https:\/\/tedenloesopreis.nl\/wp-content\/uploads\/2023\/12\/IMG_4944-1024x768-2.jpg\" target=\"_blank\" rel=\"noreferrer noopener\"><img loading=\"lazy\" decoding=\"async\" width=\"1024\" height=\"768\" src=\"https:\/\/tedenloesopreis.nl\/wp-content\/uploads\/2023\/12\/IMG_4944-1024x768-2.jpg\" alt=\"\" class=\"wp-image-8677\" srcset=\"https:\/\/tedenloesopreis.nl\/wp-content\/uploads\/2023\/12\/IMG_4944-1024x768-2.jpg 1024w, https:\/\/tedenloesopreis.nl\/wp-content\/uploads\/2023\/12\/IMG_4944-1024x768-2-300x225.jpg 300w, https:\/\/tedenloesopreis.nl\/wp-content\/uploads\/2023\/12\/IMG_4944-1024x768-2-768x576.jpg 768w\" sizes=\"auto, (max-width: 1024px) 100vw, 1024px\" \/><\/a><figcaption class=\"wp-element-caption\"><em>steeds kleinere bomen, steeds minder bomen<\/em><\/figcaption><\/figure>\n<\/div>\n\n\n\n<div class=\"wp-block-column is-layout-flow wp-block-column-is-layout-flow\">\n<figure class=\"wp-block-image size-full\"><a href=\"https:\/\/tedenloesopreis.nl\/wp-content\/uploads\/2023\/12\/IMG_4954-1024x768-2.jpg\" target=\"_blank\" rel=\"noreferrer noopener\"><img loading=\"lazy\" decoding=\"async\" width=\"1024\" height=\"768\" src=\"https:\/\/tedenloesopreis.nl\/wp-content\/uploads\/2023\/12\/IMG_4954-1024x768-2.jpg\" alt=\"\" class=\"wp-image-8678\" srcset=\"https:\/\/tedenloesopreis.nl\/wp-content\/uploads\/2023\/12\/IMG_4954-1024x768-2.jpg 1024w, https:\/\/tedenloesopreis.nl\/wp-content\/uploads\/2023\/12\/IMG_4954-1024x768-2-300x225.jpg 300w, https:\/\/tedenloesopreis.nl\/wp-content\/uploads\/2023\/12\/IMG_4954-1024x768-2-768x576.jpg 768w\" sizes=\"auto, (max-width: 1024px) 100vw, 1024px\" \/><\/a><figcaption class=\"wp-element-caption\"><em>water<\/em><\/figcaption><\/figure>\n<\/div>\n\n\n\n<div class=\"wp-block-column is-layout-flow wp-block-column-is-layout-flow\">\n<figure class=\"wp-block-image size-full\"><a href=\"https:\/\/tedenloesopreis.nl\/wp-content\/uploads\/2023\/12\/IMG_4957-1024x768-2.jpg\" target=\"_blank\" rel=\"noreferrer noopener\"><img loading=\"lazy\" decoding=\"async\" width=\"1024\" height=\"768\" src=\"https:\/\/tedenloesopreis.nl\/wp-content\/uploads\/2023\/12\/IMG_4957-1024x768-2.jpg\" alt=\"\" class=\"wp-image-8679\" srcset=\"https:\/\/tedenloesopreis.nl\/wp-content\/uploads\/2023\/12\/IMG_4957-1024x768-2.jpg 1024w, https:\/\/tedenloesopreis.nl\/wp-content\/uploads\/2023\/12\/IMG_4957-1024x768-2-300x225.jpg 300w, https:\/\/tedenloesopreis.nl\/wp-content\/uploads\/2023\/12\/IMG_4957-1024x768-2-768x576.jpg 768w\" sizes=\"auto, (max-width: 1024px) 100vw, 1024px\" \/><\/a><figcaption class=\"wp-element-caption\"><em>water<\/em><\/figcaption><\/figure>\n<\/div>\n<\/div>\n\n\n\n<div class=\"wp-block-columns is-layout-flex wp-container-core-columns-is-layout-9d6595d7 wp-block-columns-is-layout-flex\">\n<div class=\"wp-block-column is-layout-flow wp-block-column-is-layout-flow\">\n<figure class=\"wp-block-image size-full\"><a href=\"https:\/\/tedenloesopreis.nl\/wp-content\/uploads\/2023\/12\/IMG_4961-1024x768-1.jpg\" target=\"_blank\" rel=\"noreferrer noopener\"><img loading=\"lazy\" decoding=\"async\" width=\"1024\" height=\"768\" src=\"https:\/\/tedenloesopreis.nl\/wp-content\/uploads\/2023\/12\/IMG_4961-1024x768-1.jpg\" alt=\"\" class=\"wp-image-8680\" srcset=\"https:\/\/tedenloesopreis.nl\/wp-content\/uploads\/2023\/12\/IMG_4961-1024x768-1.jpg 1024w, https:\/\/tedenloesopreis.nl\/wp-content\/uploads\/2023\/12\/IMG_4961-1024x768-1-300x225.jpg 300w, https:\/\/tedenloesopreis.nl\/wp-content\/uploads\/2023\/12\/IMG_4961-1024x768-1-768x576.jpg 768w\" sizes=\"auto, (max-width: 1024px) 100vw, 1024px\" \/><\/a><figcaption class=\"wp-element-caption\"><em>en nog eens water<\/em><\/figcaption><\/figure>\n<\/div>\n\n\n\n<div class=\"wp-block-column is-layout-flow wp-block-column-is-layout-flow\">\n<figure class=\"wp-block-image size-full\"><a href=\"https:\/\/tedenloesopreis.nl\/wp-content\/uploads\/2023\/12\/IMG_4964-1024x768-1.jpg\" target=\"_blank\" rel=\"noreferrer noopener\"><img loading=\"lazy\" decoding=\"async\" width=\"1024\" height=\"768\" src=\"https:\/\/tedenloesopreis.nl\/wp-content\/uploads\/2023\/12\/IMG_4964-1024x768-1.jpg\" alt=\"\" class=\"wp-image-8681\" srcset=\"https:\/\/tedenloesopreis.nl\/wp-content\/uploads\/2023\/12\/IMG_4964-1024x768-1.jpg 1024w, https:\/\/tedenloesopreis.nl\/wp-content\/uploads\/2023\/12\/IMG_4964-1024x768-1-300x225.jpg 300w, https:\/\/tedenloesopreis.nl\/wp-content\/uploads\/2023\/12\/IMG_4964-1024x768-1-768x576.jpg 768w\" sizes=\"auto, (max-width: 1024px) 100vw, 1024px\" \/><\/a><figcaption class=\"wp-element-caption\"><em>toendra-achtig landschap<\/em><\/figcaption><\/figure>\n<\/div>\n\n\n\n<div class=\"wp-block-column is-layout-flow wp-block-column-is-layout-flow\">\n<figure class=\"wp-block-image size-full\"><a href=\"https:\/\/tedenloesopreis.nl\/wp-content\/uploads\/2023\/12\/IMG_4972-1024x768-1.jpg\" target=\"_blank\" rel=\"noreferrer noopener\"><img loading=\"lazy\" decoding=\"async\" width=\"1024\" height=\"768\" src=\"https:\/\/tedenloesopreis.nl\/wp-content\/uploads\/2023\/12\/IMG_4972-1024x768-1.jpg\" alt=\"\" class=\"wp-image-8682\" srcset=\"https:\/\/tedenloesopreis.nl\/wp-content\/uploads\/2023\/12\/IMG_4972-1024x768-1.jpg 1024w, https:\/\/tedenloesopreis.nl\/wp-content\/uploads\/2023\/12\/IMG_4972-1024x768-1-300x225.jpg 300w, https:\/\/tedenloesopreis.nl\/wp-content\/uploads\/2023\/12\/IMG_4972-1024x768-1-768x576.jpg 768w\" sizes=\"auto, (max-width: 1024px) 100vw, 1024px\" \/><\/a><figcaption class=\"wp-element-caption\"><em>onze eerste \u2018ren\u2019dieren<\/em><\/figcaption><\/figure>\n<\/div>\n<\/div>\n\n\n\n<div class=\"wp-block-columns is-layout-flex wp-container-core-columns-is-layout-9d6595d7 wp-block-columns-is-layout-flex\">\n<div class=\"wp-block-column is-layout-flow wp-block-column-is-layout-flow\" style=\"flex-basis:33.33%\">\n<figure class=\"wp-block-image size-full\"><a href=\"https:\/\/tedenloesopreis.nl\/wp-content\/uploads\/2023\/12\/IMG_4984-1-1024x768-1.jpg\" target=\"_blank\" rel=\"noreferrer noopener\"><img loading=\"lazy\" decoding=\"async\" width=\"1024\" height=\"768\" src=\"https:\/\/tedenloesopreis.nl\/wp-content\/uploads\/2023\/12\/IMG_4984-1-1024x768-1.jpg\" alt=\"\" class=\"wp-image-8683\" srcset=\"https:\/\/tedenloesopreis.nl\/wp-content\/uploads\/2023\/12\/IMG_4984-1-1024x768-1.jpg 1024w, https:\/\/tedenloesopreis.nl\/wp-content\/uploads\/2023\/12\/IMG_4984-1-1024x768-1-300x225.jpg 300w, https:\/\/tedenloesopreis.nl\/wp-content\/uploads\/2023\/12\/IMG_4984-1-1024x768-1-768x576.jpg 768w\" sizes=\"auto, (max-width: 1024px) 100vw, 1024px\" \/><\/a><figcaption class=\"wp-element-caption\"><em>het Varangerfjord<\/em><\/figcaption><\/figure>\n<\/div>\n\n\n\n<div class=\"wp-block-column is-layout-flow wp-block-column-is-layout-flow\" style=\"flex-basis:66.66%\">\n<p>In Utsjoki stoppen we voor een burger-lunch. We worden bediend door een meisje dat helemaal naar Helsinki is gegaan voor haar middelbare schoolopleiding, omdat alleen d\u00e1\u00e1r les werd gegeven in het Duits (het blijft onduidelijk, waarom ze dat zo nodig wilde). Ze benut elke gelegenheid om met ons Duits te praten.<\/p>\n\n\n\n<p>Een stukje voor Skiippagurra rijden we Noorwegen binnen. Even later rijden we langs het Varangerfjord. Ook bij bewolkt weer is het Varangerfjord fraai.<\/p>\n<\/div>\n<\/div>\n\n\n\n<div class=\"wp-block-columns is-layout-flex wp-container-core-columns-is-layout-9d6595d7 wp-block-columns-is-layout-flex\">\n<div class=\"wp-block-column is-layout-flow wp-block-column-is-layout-flow\" style=\"flex-basis:33.33%\">\n<figure class=\"wp-block-image size-full\"><a href=\"https:\/\/tedenloesopreis.nl\/wp-content\/uploads\/2023\/12\/IMG_5003-1024x768-1.jpg\" target=\"_blank\" rel=\"noreferrer noopener\"><img loading=\"lazy\" decoding=\"async\" width=\"1024\" height=\"768\" src=\"https:\/\/tedenloesopreis.nl\/wp-content\/uploads\/2023\/12\/IMG_5003-1024x768-1.jpg\" alt=\"\" class=\"wp-image-8684\" srcset=\"https:\/\/tedenloesopreis.nl\/wp-content\/uploads\/2023\/12\/IMG_5003-1024x768-1.jpg 1024w, https:\/\/tedenloesopreis.nl\/wp-content\/uploads\/2023\/12\/IMG_5003-1024x768-1-300x225.jpg 300w, https:\/\/tedenloesopreis.nl\/wp-content\/uploads\/2023\/12\/IMG_5003-1024x768-1-768x576.jpg 768w\" sizes=\"auto, (max-width: 1024px) 100vw, 1024px\" \/><\/a><figcaption class=\"wp-element-caption\"><em>onze plek op de camping in Vestre Jakobselv<\/em><\/figcaption><\/figure>\n<\/div>\n\n\n\n<div class=\"wp-block-column is-layout-flow wp-block-column-is-layout-flow\" style=\"flex-basis:66.66%\">\n<p>Vestre Jakobselv is niet veel meer dan een klein dorp met een kerkje en een schooltje, maar verder geen voorzieningen (afgezien van een tankstation met een kleine shop). De camping luistert naar de naam \u201c<a href=\"https:\/\/www.campercontact.com\/nl\/noorwegen\/troms-og-finnmark\/vestre-jakobselv\/10205\/vestre-jakobselv-camping-og-misjonssenter\" target=\"_blank\" rel=\"noreferrer noopener\">Camping og Misjonssenter<\/a>\u201d. De diepere betekenis van die naam is vooralsnog niet duidelijk.<\/p>\n<\/div>\n<\/div>\n\n\n\n<div style=\"height:35px\" aria-hidden=\"true\" class=\"wp-block-spacer\"><\/div>\n\n\n\n<div class=\"wp-block-columns is-layout-flex wp-container-core-columns-is-layout-9d6595d7 wp-block-columns-is-layout-flex\">\n<div class=\"wp-block-column is-layout-flow wp-block-column-is-layout-flow\">\n<p class=\"has-orange-background-color has-background\" id=\"dag14\"><\/p>\n<\/div>\n<\/div>\n\n\n\n<div class=\"wp-block-columns is-layout-flex wp-container-core-columns-is-layout-9d6595d7 wp-block-columns-is-layout-flex\">\n<div class=\"wp-block-column is-layout-flow wp-block-column-is-layout-flow\" style=\"flex-basis:33.33%\">\n<p class=\"has-small-font-size\"><a href=\"#titel\">top<\/a><\/p>\n<\/div>\n\n\n\n<div class=\"wp-block-column is-layout-flow wp-block-column-is-layout-flow\" style=\"flex-basis:66.66%\">\n<p><strong>RUSTDAG VESTRE JAKOBSELV<\/strong><br>dag 14 &nbsp; &nbsp; &nbsp;vr 15 juni 2018<br>rustdag Vestre Jakobselv &nbsp; &nbsp;&nbsp; &nbsp;0 km<\/p>\n<\/div>\n<\/div>\n\n\n\n<div style=\"height:20px\" aria-hidden=\"true\" class=\"wp-block-spacer\"><\/div>\n\n\n\n<div class=\"wp-block-columns is-layout-flex wp-container-core-columns-is-layout-9d6595d7 wp-block-columns-is-layout-flex\">\n<div class=\"wp-block-column is-layout-flow wp-block-column-is-layout-flow\" style=\"flex-basis:33.33%\">\n<figure class=\"wp-block-image size-full\"><a href=\"https:\/\/tedenloesopreis.nl\/wp-content\/uploads\/2023\/12\/IMG_5004-768x1024-1.jpg\" target=\"_blank\" rel=\"noreferrer noopener\"><img loading=\"lazy\" decoding=\"async\" width=\"768\" height=\"1024\" src=\"https:\/\/tedenloesopreis.nl\/wp-content\/uploads\/2023\/12\/IMG_5004-768x1024-1.jpg\" alt=\"\" class=\"wp-image-8686\" srcset=\"https:\/\/tedenloesopreis.nl\/wp-content\/uploads\/2023\/12\/IMG_5004-768x1024-1.jpg 768w, https:\/\/tedenloesopreis.nl\/wp-content\/uploads\/2023\/12\/IMG_5004-768x1024-1-225x300.jpg 225w\" sizes=\"auto, (max-width: 768px) 100vw, 768px\" \/><\/a><figcaption class=\"wp-element-caption\"><em>een misjonssenter, dat is wel duidelijk<\/em><\/figcaption><\/figure>\n<\/div>\n\n\n\n<div class=\"wp-block-column is-layout-flow wp-block-column-is-layout-flow\" style=\"flex-basis:66.66%\">\n<p>We staan nog steeds op de \u201ccamping og misjonssenter\u201d. De camping wordt beheerd door een vrij conservatief genootschap dat in de omgeving \u201cmissiewerk doet\u201d. Er zijn in deze streek, zo stellen ze, veel athe\u00efsten en leden van de \u201cveel te liberale\u201d staatskerk. Regelmatig worden er bijbelkampen georganiseerd. De camping, incl. hutten, is niets meer of minder dan een bron van inkomsten voor het missiewerk. Als gast van de camping merk je overigens niets van de zendingsdrang van de medewerkers.<\/p>\n\n\n\n<p>De camping is allesbehalve verkeerd. Het sanitair is ruim voldoende, al is het wel even wennen aan de groepsdouche. Het internet is goed, maar het bereik blijft beperkt tot de huiskamer (een grote, lichtelijk muffe, kamer die afgeladen vol staat met bankstellen). In die huiskamer hangt een kanjer van een t.v.-scherm, en dat komt goed uit, als je zo af en toe het WK-voetbal in Rusland wilt volgen.<\/p>\n<\/div>\n<\/div>\n\n\n\n<div class=\"wp-block-columns is-layout-flex wp-container-core-columns-is-layout-9d6595d7 wp-block-columns-is-layout-flex\">\n<div class=\"wp-block-column is-layout-flow wp-block-column-is-layout-flow\">\n<figure class=\"wp-block-image size-full\"><a href=\"https:\/\/tedenloesopreis.nl\/wp-content\/uploads\/2023\/12\/IMG_4993-1024x768-1.jpg\" target=\"_blank\" rel=\"noreferrer noopener\"><img loading=\"lazy\" decoding=\"async\" width=\"1024\" height=\"768\" src=\"https:\/\/tedenloesopreis.nl\/wp-content\/uploads\/2023\/12\/IMG_4993-1024x768-1.jpg\" alt=\"\" class=\"wp-image-8687\" srcset=\"https:\/\/tedenloesopreis.nl\/wp-content\/uploads\/2023\/12\/IMG_4993-1024x768-1.jpg 1024w, https:\/\/tedenloesopreis.nl\/wp-content\/uploads\/2023\/12\/IMG_4993-1024x768-1-300x225.jpg 300w, https:\/\/tedenloesopreis.nl\/wp-content\/uploads\/2023\/12\/IMG_4993-1024x768-1-768x576.jpg 768w\" sizes=\"auto, (max-width: 1024px) 100vw, 1024px\" \/><\/a><figcaption class=\"wp-element-caption\"><em>tankstation annex mini-supermarkt<\/em><\/figcaption><\/figure>\n<\/div>\n\n\n\n<div class=\"wp-block-column is-layout-flow wp-block-column-is-layout-flow\">\n<figure class=\"wp-block-image size-full\"><a href=\"https:\/\/tedenloesopreis.nl\/wp-content\/uploads\/2023\/12\/IMG_4990-1024x768-1.jpg\" target=\"_blank\" rel=\"noreferrer noopener\"><img loading=\"lazy\" decoding=\"async\" width=\"1024\" height=\"768\" src=\"https:\/\/tedenloesopreis.nl\/wp-content\/uploads\/2023\/12\/IMG_4990-1024x768-1.jpg\" alt=\"\" class=\"wp-image-8688\" srcset=\"https:\/\/tedenloesopreis.nl\/wp-content\/uploads\/2023\/12\/IMG_4990-1024x768-1.jpg 1024w, https:\/\/tedenloesopreis.nl\/wp-content\/uploads\/2023\/12\/IMG_4990-1024x768-1-300x225.jpg 300w, https:\/\/tedenloesopreis.nl\/wp-content\/uploads\/2023\/12\/IMG_4990-1024x768-1-768x576.jpg 768w\" sizes=\"auto, (max-width: 1024px) 100vw, 1024px\" \/><\/a><figcaption class=\"wp-element-caption\"><em>hier en daar zijn huisjes gestrooid<\/em><\/figcaption><\/figure>\n<\/div>\n\n\n\n<div class=\"wp-block-column is-layout-flow wp-block-column-is-layout-flow\">\n<figure class=\"wp-block-image size-full\"><a href=\"https:\/\/tedenloesopreis.nl\/wp-content\/uploads\/2023\/12\/IMG_4997-1024x768-1.jpg\" target=\"_blank\" rel=\"noreferrer noopener\"><img loading=\"lazy\" decoding=\"async\" width=\"1024\" height=\"768\" src=\"https:\/\/tedenloesopreis.nl\/wp-content\/uploads\/2023\/12\/IMG_4997-1024x768-1.jpg\" alt=\"\" class=\"wp-image-8689\" srcset=\"https:\/\/tedenloesopreis.nl\/wp-content\/uploads\/2023\/12\/IMG_4997-1024x768-1.jpg 1024w, https:\/\/tedenloesopreis.nl\/wp-content\/uploads\/2023\/12\/IMG_4997-1024x768-1-300x225.jpg 300w, https:\/\/tedenloesopreis.nl\/wp-content\/uploads\/2023\/12\/IMG_4997-1024x768-1-768x576.jpg 768w\" sizes=\"auto, (max-width: 1024px) 100vw, 1024px\" \/><\/a><figcaption class=\"wp-element-caption\"><em>nog meer huisjes<\/em><\/figcaption><\/figure>\n<\/div>\n<\/div>\n\n\n\n<div class=\"wp-block-columns is-layout-flex wp-container-core-columns-is-layout-9d6595d7 wp-block-columns-is-layout-flex\">\n<div class=\"wp-block-column is-layout-flow wp-block-column-is-layout-flow\"><\/div>\n\n\n\n<div class=\"wp-block-column is-layout-flow wp-block-column-is-layout-flow\">\n<figure class=\"wp-block-image size-full\"><a href=\"https:\/\/tedenloesopreis.nl\/wp-content\/uploads\/2023\/12\/IMG_4998-1024x768-1.jpg\" target=\"_blank\" rel=\"noreferrer noopener\"><img loading=\"lazy\" decoding=\"async\" width=\"1024\" height=\"768\" src=\"https:\/\/tedenloesopreis.nl\/wp-content\/uploads\/2023\/12\/IMG_4998-1024x768-1.jpg\" alt=\"\" class=\"wp-image-8690\" srcset=\"https:\/\/tedenloesopreis.nl\/wp-content\/uploads\/2023\/12\/IMG_4998-1024x768-1.jpg 1024w, https:\/\/tedenloesopreis.nl\/wp-content\/uploads\/2023\/12\/IMG_4998-1024x768-1-300x225.jpg 300w, https:\/\/tedenloesopreis.nl\/wp-content\/uploads\/2023\/12\/IMG_4998-1024x768-1-768x576.jpg 768w\" sizes=\"auto, (max-width: 1024px) 100vw, 1024px\" \/><\/a><figcaption class=\"wp-element-caption\"><em>het haventje<\/em><\/figcaption><\/figure>\n<\/div>\n\n\n\n<div class=\"wp-block-column is-layout-flow wp-block-column-is-layout-flow\">\n<figure class=\"wp-block-image size-full\"><a href=\"https:\/\/tedenloesopreis.nl\/wp-content\/uploads\/2023\/12\/IMG_5002-1024x768-1.jpg\" target=\"_blank\" rel=\"noreferrer noopener\"><img loading=\"lazy\" decoding=\"async\" width=\"1024\" height=\"768\" src=\"https:\/\/tedenloesopreis.nl\/wp-content\/uploads\/2023\/12\/IMG_5002-1024x768-1.jpg\" alt=\"\" class=\"wp-image-8691\" srcset=\"https:\/\/tedenloesopreis.nl\/wp-content\/uploads\/2023\/12\/IMG_5002-1024x768-1.jpg 1024w, https:\/\/tedenloesopreis.nl\/wp-content\/uploads\/2023\/12\/IMG_5002-1024x768-1-300x225.jpg 300w, https:\/\/tedenloesopreis.nl\/wp-content\/uploads\/2023\/12\/IMG_5002-1024x768-1-768x576.jpg 768w\" sizes=\"auto, (max-width: 1024px) 100vw, 1024px\" \/><\/a><figcaption class=\"wp-element-caption\"><em>eenzame fietser of toch niet?<\/em><\/figcaption><\/figure>\n<\/div>\n<\/div>\n\n\n\n<div style=\"height:35px\" aria-hidden=\"true\" class=\"wp-block-spacer\"><\/div>\n\n\n\n<div class=\"wp-block-columns is-layout-flex wp-container-core-columns-is-layout-9d6595d7 wp-block-columns-is-layout-flex\">\n<div class=\"wp-block-column is-layout-flow wp-block-column-is-layout-flow\">\n<p class=\"has-orange-background-color has-background\" id=\"dag15\"><\/p>\n<\/div>\n<\/div>\n\n\n\n<div class=\"wp-block-columns is-layout-flex wp-container-core-columns-is-layout-9d6595d7 wp-block-columns-is-layout-flex\">\n<div class=\"wp-block-column is-layout-flow wp-block-column-is-layout-flow\" style=\"flex-basis:33.33%\">\n<p class=\"has-small-font-size\"><a href=\"#titel\">top<\/a><\/p>\n<\/div>\n\n\n\n<div class=\"wp-block-column is-layout-flow wp-block-column-is-layout-flow\" style=\"flex-basis:66.66%\">\n<p><strong>ZOMER AAN DE BARENTSZZEE<\/strong><br>dag 15 &nbsp;   za 16 juni 2018<br><a href=\"https:\/\/www.google.com\/maps\/d\/viewer?mid=1f_BKPzM5u0FmAUt9RIfWwWTmBXdDmuz9&amp;ll=70.32341183870356%2C30.051639257812433&amp;z=9\" target=\"_blank\" rel=\"noreferrer noopener\">Vestre Jakobselv \u2013 Hamningberg v.v.<\/a>&nbsp;   &nbsp;272 km<\/p>\n<\/div>\n<\/div>\n\n\n\n<div style=\"height:20px\" aria-hidden=\"true\" class=\"wp-block-spacer\"><\/div>\n\n\n\n<div class=\"wp-block-columns is-layout-flex wp-container-core-columns-is-layout-9d6595d7 wp-block-columns-is-layout-flex\">\n<div class=\"wp-block-column is-layout-flow wp-block-column-is-layout-flow\" style=\"flex-basis:33.33%\">\n<figure class=\"wp-block-image size-full\"><a href=\"https:\/\/tedenloesopreis.nl\/wp-content\/uploads\/2023\/12\/IMG_5008-1024x768-1.jpg\" target=\"_blank\" rel=\"noreferrer noopener\"><img loading=\"lazy\" decoding=\"async\" width=\"1024\" height=\"768\" src=\"https:\/\/tedenloesopreis.nl\/wp-content\/uploads\/2023\/12\/IMG_5008-1024x768-1.jpg\" alt=\"\" class=\"wp-image-8693\" srcset=\"https:\/\/tedenloesopreis.nl\/wp-content\/uploads\/2023\/12\/IMG_5008-1024x768-1.jpg 1024w, https:\/\/tedenloesopreis.nl\/wp-content\/uploads\/2023\/12\/IMG_5008-1024x768-1-300x225.jpg 300w, https:\/\/tedenloesopreis.nl\/wp-content\/uploads\/2023\/12\/IMG_5008-1024x768-1-768x576.jpg 768w\" sizes=\"auto, (max-width: 1024px) 100vw, 1024px\" \/><\/a><\/figure>\n\n\n\n<figure class=\"wp-block-image size-full\"><a href=\"https:\/\/tedenloesopreis.nl\/wp-content\/uploads\/2023\/12\/IMG_5010-1024x768-1.jpg\" target=\"_blank\" rel=\"noreferrer noopener\"><img loading=\"lazy\" decoding=\"async\" width=\"1024\" height=\"768\" src=\"https:\/\/tedenloesopreis.nl\/wp-content\/uploads\/2023\/12\/IMG_5010-1024x768-1.jpg\" alt=\"\" class=\"wp-image-8694\" srcset=\"https:\/\/tedenloesopreis.nl\/wp-content\/uploads\/2023\/12\/IMG_5010-1024x768-1.jpg 1024w, https:\/\/tedenloesopreis.nl\/wp-content\/uploads\/2023\/12\/IMG_5010-1024x768-1-300x225.jpg 300w, https:\/\/tedenloesopreis.nl\/wp-content\/uploads\/2023\/12\/IMG_5010-1024x768-1-768x576.jpg 768w\" sizes=\"auto, (max-width: 1024px) 100vw, 1024px\" \/><\/a><figcaption class=\"wp-element-caption\"><em>onderweg naar Vard\u00f8 (2x)<\/em><\/figcaption><\/figure>\n<\/div>\n\n\n\n<div class=\"wp-block-column is-layout-flow wp-block-column-is-layout-flow\" style=\"flex-basis:66.66%\">\n<p>We zijn vandaag getuige van een Arctic Summer: in Hamningberg is het 23\u00b0C. Bijzonder, want Hamningberg wordt geacht, een Poolklimaat te hebben. Het zou er nooit warmer zijn dan 10\u00b0C. Zijn we hier dan toch getuige van de opwarming?&nbsp;<\/p>\n\n\n\n<p>De reis gaat allereerst naar Vads\u00f8. Dat is de hoofdstad van de provincie Finmark. Het is vooral een bestuurlijk centrum met een paar supermarkten, en verder niet bijzonder interessant.<\/p>\n\n\n\n<p>Achter Vads\u00f8 valt plotseling op, dat er geen bomen meer staan. Er zijn nog wel lage struikjes. Door dit ruwe landschap rijden we verder naar Vard\u00f8, de meest oostelijke stad van Noorwegen.&nbsp;<\/p>\n\n\n\n<p>Vard\u00f8 ligt op een eiland, en het is tegenwoordig te bereiken via een tunnel. Al in de 18e eeuw stond hier een fort, want om de hoek woont de Russische Beer (dit is niet alleen een meteorologische uitdrukking, het is ook een aloude NAVO-term voor Rusland, net als Chinese Draak). Het fort is er nog steeds, en het kan worden bezocht. Het is er uitgestorven. Vergeleken met Bourtange is het vrij primitief: een stervormige, niet al te hoge, aarden wal met wat (antieke?) kanonnen en binnen de wallen een aantal gebouwen, waarin ooit het garnizoen moet zijn gehuisvest. Alle deuren in het fort zijn gesloten. Dat geldt niet voor de deur van Unnis Kaffebar, waar we ons melden voor de ochtendcappuccino.<\/p>\n\n\n\n<p>Rusland speelt nog steeds een belangrijke rol in Vard\u00f8. De NAVO heeft er, op een hoger gelegen deel, een vrij groot complex met radarinstallaties en antennes.&nbsp;<\/p>\n<\/div>\n<\/div>\n\n\n\n<div class=\"wp-block-columns is-layout-flex wp-container-core-columns-is-layout-9d6595d7 wp-block-columns-is-layout-flex\">\n<div class=\"wp-block-column is-layout-flow wp-block-column-is-layout-flow\">\n<figure class=\"wp-block-image size-full\"><a href=\"https:\/\/tedenloesopreis.nl\/wp-content\/uploads\/2023\/12\/IMG_5012-1024x768-1.jpg\" target=\"_blank\" rel=\"noreferrer noopener\"><img loading=\"lazy\" decoding=\"async\" width=\"1024\" height=\"768\" src=\"https:\/\/tedenloesopreis.nl\/wp-content\/uploads\/2023\/12\/IMG_5012-1024x768-1.jpg\" alt=\"\" class=\"wp-image-8695\" srcset=\"https:\/\/tedenloesopreis.nl\/wp-content\/uploads\/2023\/12\/IMG_5012-1024x768-1.jpg 1024w, https:\/\/tedenloesopreis.nl\/wp-content\/uploads\/2023\/12\/IMG_5012-1024x768-1-300x225.jpg 300w, https:\/\/tedenloesopreis.nl\/wp-content\/uploads\/2023\/12\/IMG_5012-1024x768-1-768x576.jpg 768w\" sizes=\"auto, (max-width: 1024px) 100vw, 1024px\" \/><\/a><figcaption class=\"wp-element-caption\"><em>het fort van Vard\u00f8<\/em><\/figcaption><\/figure>\n<\/div>\n\n\n\n<div class=\"wp-block-column is-layout-flow wp-block-column-is-layout-flow\">\n<figure class=\"wp-block-image size-full\"><a href=\"https:\/\/tedenloesopreis.nl\/wp-content\/uploads\/2023\/12\/IMG_5013-1024x768-1.jpg\" target=\"_blank\" rel=\"noreferrer noopener\"><img loading=\"lazy\" decoding=\"async\" width=\"1024\" height=\"768\" src=\"https:\/\/tedenloesopreis.nl\/wp-content\/uploads\/2023\/12\/IMG_5013-1024x768-1.jpg\" alt=\"\" class=\"wp-image-8696\" srcset=\"https:\/\/tedenloesopreis.nl\/wp-content\/uploads\/2023\/12\/IMG_5013-1024x768-1.jpg 1024w, https:\/\/tedenloesopreis.nl\/wp-content\/uploads\/2023\/12\/IMG_5013-1024x768-1-300x225.jpg 300w, https:\/\/tedenloesopreis.nl\/wp-content\/uploads\/2023\/12\/IMG_5013-1024x768-1-768x576.jpg 768w\" sizes=\"auto, (max-width: 1024px) 100vw, 1024px\" \/><\/a><figcaption class=\"wp-element-caption\"><em>de binnenplaats van het fort&nbsp;<\/em><\/figcaption><\/figure>\n<\/div>\n\n\n\n<div class=\"wp-block-column is-layout-flow wp-block-column-is-layout-flow\">\n<figure class=\"wp-block-image size-full\"><a href=\"https:\/\/tedenloesopreis.nl\/wp-content\/uploads\/2023\/12\/IMG_5014-1024x768-1.jpg\" target=\"_blank\" rel=\"noreferrer noopener\"><img loading=\"lazy\" decoding=\"async\" width=\"1024\" height=\"768\" src=\"https:\/\/tedenloesopreis.nl\/wp-content\/uploads\/2023\/12\/IMG_5014-1024x768-1.jpg\" alt=\"\" class=\"wp-image-8697\" srcset=\"https:\/\/tedenloesopreis.nl\/wp-content\/uploads\/2023\/12\/IMG_5014-1024x768-1.jpg 1024w, https:\/\/tedenloesopreis.nl\/wp-content\/uploads\/2023\/12\/IMG_5014-1024x768-1-300x225.jpg 300w, https:\/\/tedenloesopreis.nl\/wp-content\/uploads\/2023\/12\/IMG_5014-1024x768-1-768x576.jpg 768w\" sizes=\"auto, (max-width: 1024px) 100vw, 1024px\" \/><\/a><figcaption class=\"wp-element-caption\"><em>de poort van het fort<\/em><\/figcaption><\/figure>\n<\/div>\n<\/div>\n\n\n\n<div class=\"wp-block-columns is-layout-flex wp-container-core-columns-is-layout-9d6595d7 wp-block-columns-is-layout-flex\">\n<div class=\"wp-block-column is-layout-flow wp-block-column-is-layout-flow\" style=\"flex-basis:33.33%\"><\/div>\n\n\n\n<div class=\"wp-block-column is-layout-flow wp-block-column-is-layout-flow\" style=\"flex-basis:66.66%\">\n<p>Bij Vard\u00f8 begint de weg naar Hamningberg. Deze weg is \u2013 zeer terecht \u2013 opgenomen in de lijst met 18 Nationale Toeristenwegen (zie www.nasjonaleturistveger.no)<\/p>\n\n\n\n<p>Al na een paar kilometer wordt de weg behoorlijk smal. Alleen door gebruik te maken van de uitwijkplaatsen, kun je tegenliggers de ruimte geven. De weg is vrij bochtig, en gaat omhoog en omlaag. Het zicht op mogelijke tegenliggers is dus regelmatig aan de krappe kant. Je moet dus anticiperend en defensief rijden. Het landschap is leeg, er zijn ook geen struikjes meer. W\u00e9l zijn er veel steen- en rotspartijen. Het water van de Barentszee is, op deze zonnige dag, bijna tropisch blauw van kleur.<\/p>\n<\/div>\n<\/div>\n\n\n\n<div class=\"wp-block-columns is-layout-flex wp-container-core-columns-is-layout-9d6595d7 wp-block-columns-is-layout-flex\">\n<div class=\"wp-block-column is-layout-flow wp-block-column-is-layout-flow\">\n<figure class=\"wp-block-image size-full\"><a href=\"https:\/\/tedenloesopreis.nl\/wp-content\/uploads\/2023\/12\/IMG_5020-1024x768-1.jpg\" target=\"_blank\" rel=\"noreferrer noopener\"><img loading=\"lazy\" decoding=\"async\" width=\"1024\" height=\"768\" src=\"https:\/\/tedenloesopreis.nl\/wp-content\/uploads\/2023\/12\/IMG_5020-1024x768-1.jpg\" alt=\"\" class=\"wp-image-8698\" srcset=\"https:\/\/tedenloesopreis.nl\/wp-content\/uploads\/2023\/12\/IMG_5020-1024x768-1.jpg 1024w, https:\/\/tedenloesopreis.nl\/wp-content\/uploads\/2023\/12\/IMG_5020-1024x768-1-300x225.jpg 300w, https:\/\/tedenloesopreis.nl\/wp-content\/uploads\/2023\/12\/IMG_5020-1024x768-1-768x576.jpg 768w\" sizes=\"auto, (max-width: 1024px) 100vw, 1024px\" \/><\/a><figcaption class=\"wp-element-caption\"><em>naar Hamningberg<\/em><\/figcaption><\/figure>\n<\/div>\n\n\n\n<div class=\"wp-block-column is-layout-flow wp-block-column-is-layout-flow\">\n<figure class=\"wp-block-image size-full\"><a href=\"https:\/\/tedenloesopreis.nl\/wp-content\/uploads\/2023\/12\/IMG_5021-1024x768-1.jpg\" target=\"_blank\" rel=\"noreferrer noopener\"><img loading=\"lazy\" decoding=\"async\" width=\"1024\" height=\"768\" src=\"https:\/\/tedenloesopreis.nl\/wp-content\/uploads\/2023\/12\/IMG_5021-1024x768-1.jpg\" alt=\"\" class=\"wp-image-8699\" srcset=\"https:\/\/tedenloesopreis.nl\/wp-content\/uploads\/2023\/12\/IMG_5021-1024x768-1.jpg 1024w, https:\/\/tedenloesopreis.nl\/wp-content\/uploads\/2023\/12\/IMG_5021-1024x768-1-300x225.jpg 300w, https:\/\/tedenloesopreis.nl\/wp-content\/uploads\/2023\/12\/IMG_5021-1024x768-1-768x576.jpg 768w\" sizes=\"auto, (max-width: 1024px) 100vw, 1024px\" \/><\/a><figcaption class=\"wp-element-caption\"><em>wees gewaarschuwd: het wordt smal en bochtig<\/em><\/figcaption><\/figure>\n<\/div>\n\n\n\n<div class=\"wp-block-column is-layout-flow wp-block-column-is-layout-flow\">\n<figure class=\"wp-block-image size-full\"><a href=\"https:\/\/tedenloesopreis.nl\/wp-content\/uploads\/2023\/12\/IMG_5022-1024x768-1.jpg\" target=\"_blank\" rel=\"noreferrer noopener\"><img loading=\"lazy\" decoding=\"async\" width=\"1024\" height=\"768\" src=\"https:\/\/tedenloesopreis.nl\/wp-content\/uploads\/2023\/12\/IMG_5022-1024x768-1.jpg\" alt=\"\" class=\"wp-image-8700\" srcset=\"https:\/\/tedenloesopreis.nl\/wp-content\/uploads\/2023\/12\/IMG_5022-1024x768-1.jpg 1024w, https:\/\/tedenloesopreis.nl\/wp-content\/uploads\/2023\/12\/IMG_5022-1024x768-1-300x225.jpg 300w, https:\/\/tedenloesopreis.nl\/wp-content\/uploads\/2023\/12\/IMG_5022-1024x768-1-768x576.jpg 768w\" sizes=\"auto, (max-width: 1024px) 100vw, 1024px\" \/><\/a><figcaption class=\"wp-element-caption\"><em>rotsig alom<\/em><\/figcaption><\/figure>\n<\/div>\n<\/div>\n\n\n\n<div class=\"wp-block-columns is-layout-flex wp-container-core-columns-is-layout-9d6595d7 wp-block-columns-is-layout-flex\">\n<div class=\"wp-block-column is-layout-flow wp-block-column-is-layout-flow\">\n<figure class=\"wp-block-image size-full\"><a href=\"https:\/\/tedenloesopreis.nl\/wp-content\/uploads\/2023\/12\/IMG_5024-1024x768-1.jpg\" target=\"_blank\" rel=\"noreferrer noopener\"><img loading=\"lazy\" decoding=\"async\" width=\"1024\" height=\"768\" src=\"https:\/\/tedenloesopreis.nl\/wp-content\/uploads\/2023\/12\/IMG_5024-1024x768-1.jpg\" alt=\"\" class=\"wp-image-8701\" srcset=\"https:\/\/tedenloesopreis.nl\/wp-content\/uploads\/2023\/12\/IMG_5024-1024x768-1.jpg 1024w, https:\/\/tedenloesopreis.nl\/wp-content\/uploads\/2023\/12\/IMG_5024-1024x768-1-300x225.jpg 300w, https:\/\/tedenloesopreis.nl\/wp-content\/uploads\/2023\/12\/IMG_5024-1024x768-1-768x576.jpg 768w\" sizes=\"auto, (max-width: 1024px) 100vw, 1024px\" \/><\/a><figcaption class=\"wp-element-caption\"><em>halverwege Hamningberg<\/em><\/figcaption><\/figure>\n<\/div>\n\n\n\n<div class=\"wp-block-column is-layout-flow wp-block-column-is-layout-flow\">\n<figure class=\"wp-block-image size-full\"><a href=\"https:\/\/tedenloesopreis.nl\/wp-content\/uploads\/2023\/12\/IMG_5031-1024x768-1.jpg\" target=\"_blank\" rel=\"noreferrer noopener\"><img loading=\"lazy\" decoding=\"async\" width=\"1024\" height=\"768\" src=\"https:\/\/tedenloesopreis.nl\/wp-content\/uploads\/2023\/12\/IMG_5031-1024x768-1.jpg\" alt=\"\" class=\"wp-image-8702\" srcset=\"https:\/\/tedenloesopreis.nl\/wp-content\/uploads\/2023\/12\/IMG_5031-1024x768-1.jpg 1024w, https:\/\/tedenloesopreis.nl\/wp-content\/uploads\/2023\/12\/IMG_5031-1024x768-1-300x225.jpg 300w, https:\/\/tedenloesopreis.nl\/wp-content\/uploads\/2023\/12\/IMG_5031-1024x768-1-768x576.jpg 768w\" sizes=\"auto, (max-width: 1024px) 100vw, 1024px\" \/><\/a><figcaption class=\"wp-element-caption\"><em>de laatste sneeuw<\/em><\/figcaption><\/figure>\n<\/div>\n\n\n\n<div class=\"wp-block-column is-layout-flow wp-block-column-is-layout-flow\">\n<figure class=\"wp-block-image size-full\"><a href=\"https:\/\/tedenloesopreis.nl\/wp-content\/uploads\/2023\/12\/IMG_5034-1024x768-1.jpg\" target=\"_blank\" rel=\"noreferrer noopener\"><img loading=\"lazy\" decoding=\"async\" width=\"1024\" height=\"768\" src=\"https:\/\/tedenloesopreis.nl\/wp-content\/uploads\/2023\/12\/IMG_5034-1024x768-1.jpg\" alt=\"\" class=\"wp-image-8703\" srcset=\"https:\/\/tedenloesopreis.nl\/wp-content\/uploads\/2023\/12\/IMG_5034-1024x768-1.jpg 1024w, https:\/\/tedenloesopreis.nl\/wp-content\/uploads\/2023\/12\/IMG_5034-1024x768-1-300x225.jpg 300w, https:\/\/tedenloesopreis.nl\/wp-content\/uploads\/2023\/12\/IMG_5034-1024x768-1-768x576.jpg 768w\" sizes=\"auto, (max-width: 1024px) 100vw, 1024px\" \/><\/a><figcaption class=\"wp-element-caption\"><em>het blijft rotsig<\/em><\/figcaption><\/figure>\n<\/div>\n<\/div>\n\n\n\n<div class=\"wp-block-columns is-layout-flex wp-container-core-columns-is-layout-9d6595d7 wp-block-columns-is-layout-flex\">\n<div class=\"wp-block-column is-layout-flow wp-block-column-is-layout-flow\" style=\"flex-basis:33.33%\"><\/div>\n\n\n\n<div class=\"wp-block-column is-layout-flow wp-block-column-is-layout-flow\" style=\"flex-basis:66.66%\">\n<p>Hamningberg is alleen in de zomer bewoond. Zo te zien, worden de huizen vooral gebruikt als vakantiewoning.<\/p>\n<\/div>\n<\/div>\n\n\n\n<div class=\"wp-block-columns is-layout-flex wp-container-core-columns-is-layout-9d6595d7 wp-block-columns-is-layout-flex\">\n<div class=\"wp-block-column is-layout-flow wp-block-column-is-layout-flow\"><\/div>\n\n\n\n<div class=\"wp-block-column is-layout-flow wp-block-column-is-layout-flow\">\n<figure class=\"wp-block-image size-full\"><a href=\"https:\/\/tedenloesopreis.nl\/wp-content\/uploads\/2023\/12\/IMG_5037-1024x768-1.jpg\" target=\"_blank\" rel=\"noreferrer noopener\"><img loading=\"lazy\" decoding=\"async\" width=\"1024\" height=\"768\" src=\"https:\/\/tedenloesopreis.nl\/wp-content\/uploads\/2023\/12\/IMG_5037-1024x768-1.jpg\" alt=\"\" class=\"wp-image-8704\" srcset=\"https:\/\/tedenloesopreis.nl\/wp-content\/uploads\/2023\/12\/IMG_5037-1024x768-1.jpg 1024w, https:\/\/tedenloesopreis.nl\/wp-content\/uploads\/2023\/12\/IMG_5037-1024x768-1-300x225.jpg 300w, https:\/\/tedenloesopreis.nl\/wp-content\/uploads\/2023\/12\/IMG_5037-1024x768-1-768x576.jpg 768w\" sizes=\"auto, (max-width: 1024px) 100vw, 1024px\" \/><\/a><figcaption class=\"wp-element-caption\"><em>aan de overkant ligt Hamningberg<\/em><\/figcaption><\/figure>\n<\/div>\n\n\n\n<div class=\"wp-block-column is-layout-flow wp-block-column-is-layout-flow\">\n<figure class=\"wp-block-image size-full\"><a href=\"https:\/\/tedenloesopreis.nl\/wp-content\/uploads\/2023\/12\/IMG_5048-1024x768-1.jpg\" target=\"_blank\" rel=\"noreferrer noopener\"><img loading=\"lazy\" decoding=\"async\" width=\"1024\" height=\"768\" src=\"https:\/\/tedenloesopreis.nl\/wp-content\/uploads\/2023\/12\/IMG_5048-1024x768-1.jpg\" alt=\"\" class=\"wp-image-8705\" srcset=\"https:\/\/tedenloesopreis.nl\/wp-content\/uploads\/2023\/12\/IMG_5048-1024x768-1.jpg 1024w, https:\/\/tedenloesopreis.nl\/wp-content\/uploads\/2023\/12\/IMG_5048-1024x768-1-300x225.jpg 300w, https:\/\/tedenloesopreis.nl\/wp-content\/uploads\/2023\/12\/IMG_5048-1024x768-1-768x576.jpg 768w\" sizes=\"auto, (max-width: 1024px) 100vw, 1024px\" \/><\/a><figcaption class=\"wp-element-caption\"><em>Hamningberg van dichterbij<\/em><\/figcaption><\/figure>\n<\/div>\n<\/div>\n\n\n\n<div class=\"wp-block-columns is-layout-flex wp-container-core-columns-is-layout-9d6595d7 wp-block-columns-is-layout-flex\">\n<div class=\"wp-block-column is-layout-flow wp-block-column-is-layout-flow\" style=\"flex-basis:33.33%\"><\/div>\n\n\n\n<div class=\"wp-block-column is-layout-flow wp-block-column-is-layout-flow\" style=\"flex-basis:66.66%\">\n<p>Aan het eind van de middag rijden we via Vard\u00f8 weer terug naar de camping van Vestre Jakobselv.<\/p>\n<\/div>\n<\/div>\n\n\n\n<div class=\"wp-block-columns is-layout-flex wp-container-core-columns-is-layout-9d6595d7 wp-block-columns-is-layout-flex\">\n<div class=\"wp-block-column is-layout-flow wp-block-column-is-layout-flow\">\n<figure class=\"wp-block-image size-full\"><a href=\"https:\/\/tedenloesopreis.nl\/wp-content\/uploads\/2023\/12\/IMG_5049-1024x768-1.jpg\" target=\"_blank\" rel=\"noreferrer noopener\"><img loading=\"lazy\" decoding=\"async\" width=\"1024\" height=\"768\" src=\"https:\/\/tedenloesopreis.nl\/wp-content\/uploads\/2023\/12\/IMG_5049-1024x768-1.jpg\" alt=\"\" class=\"wp-image-8706\" srcset=\"https:\/\/tedenloesopreis.nl\/wp-content\/uploads\/2023\/12\/IMG_5049-1024x768-1.jpg 1024w, https:\/\/tedenloesopreis.nl\/wp-content\/uploads\/2023\/12\/IMG_5049-1024x768-1-300x225.jpg 300w, https:\/\/tedenloesopreis.nl\/wp-content\/uploads\/2023\/12\/IMG_5049-1024x768-1-768x576.jpg 768w\" sizes=\"auto, (max-width: 1024px) 100vw, 1024px\" \/><\/a><figcaption class=\"wp-element-caption\"><em>terug naar Vard\u00f8<\/em><\/figcaption><\/figure>\n<\/div>\n\n\n\n<div class=\"wp-block-column is-layout-flow wp-block-column-is-layout-flow\">\n<figure class=\"wp-block-image size-full\"><a href=\"https:\/\/tedenloesopreis.nl\/wp-content\/uploads\/2023\/12\/IMG_5055-1024x768-1.jpg\" target=\"_blank\" rel=\"noreferrer noopener\"><img loading=\"lazy\" decoding=\"async\" width=\"1024\" height=\"768\" src=\"https:\/\/tedenloesopreis.nl\/wp-content\/uploads\/2023\/12\/IMG_5055-1024x768-1.jpg\" alt=\"\" class=\"wp-image-8707\" srcset=\"https:\/\/tedenloesopreis.nl\/wp-content\/uploads\/2023\/12\/IMG_5055-1024x768-1.jpg 1024w, https:\/\/tedenloesopreis.nl\/wp-content\/uploads\/2023\/12\/IMG_5055-1024x768-1-300x225.jpg 300w, https:\/\/tedenloesopreis.nl\/wp-content\/uploads\/2023\/12\/IMG_5055-1024x768-1-768x576.jpg 768w\" sizes=\"auto, (max-width: 1024px) 100vw, 1024px\" \/><\/a><figcaption class=\"wp-element-caption\"><em>terug naar Vard\u00f8<\/em><\/figcaption><\/figure>\n<\/div>\n\n\n\n<div class=\"wp-block-column is-layout-flow wp-block-column-is-layout-flow\">\n<figure class=\"wp-block-image size-full\"><a href=\"https:\/\/tedenloesopreis.nl\/wp-content\/uploads\/2023\/12\/IMG_5056-1024x768-1.jpg\" target=\"_blank\" rel=\"noreferrer noopener\"><img loading=\"lazy\" decoding=\"async\" width=\"1024\" height=\"768\" src=\"https:\/\/tedenloesopreis.nl\/wp-content\/uploads\/2023\/12\/IMG_5056-1024x768-1.jpg\" alt=\"\" class=\"wp-image-8708\" srcset=\"https:\/\/tedenloesopreis.nl\/wp-content\/uploads\/2023\/12\/IMG_5056-1024x768-1.jpg 1024w, https:\/\/tedenloesopreis.nl\/wp-content\/uploads\/2023\/12\/IMG_5056-1024x768-1-300x225.jpg 300w, https:\/\/tedenloesopreis.nl\/wp-content\/uploads\/2023\/12\/IMG_5056-1024x768-1-768x576.jpg 768w\" sizes=\"auto, (max-width: 1024px) 100vw, 1024px\" \/><\/a><figcaption class=\"wp-element-caption\"><em>in de verte ligt Vard\u00f8 (met de NAVO-basis)<\/em><\/figcaption><\/figure>\n<\/div>\n<\/div>\n\n\n\n<div style=\"height:35px\" aria-hidden=\"true\" class=\"wp-block-spacer\"><\/div>\n\n\n\n<div class=\"wp-block-columns is-layout-flex wp-container-core-columns-is-layout-9d6595d7 wp-block-columns-is-layout-flex\">\n<div class=\"wp-block-column is-layout-flow wp-block-column-is-layout-flow\">\n<p class=\"has-orange-background-color has-background\" id=\"dag16\"><\/p>\n<\/div>\n<\/div>\n\n\n\n<div class=\"wp-block-columns is-layout-flex wp-container-core-columns-is-layout-9d6595d7 wp-block-columns-is-layout-flex\">\n<div class=\"wp-block-column is-layout-flow wp-block-column-is-layout-flow\" style=\"flex-basis:33.33%\">\n<p class=\"has-small-font-size\"><a href=\"#titel\">top<\/a><\/p>\n<\/div>\n\n\n\n<div class=\"wp-block-column is-layout-flow wp-block-column-is-layout-flow\" style=\"flex-basis:66.66%\">\n<p><strong>VERLATEN LANDSCHAP<\/strong><br>dag 16 &nbsp; &nbsp; &nbsp;&nbsp;zo 17 juni 2018<br><a href=\"https:\/\/www.google.com\/maps\/d\/viewer?mid=1Nhh4ZWeVS94JNO_pyS5-da_eZ4qSy6G8&amp;ll=70.48833765318835%2C29.211615292968773&amp;z=9\" target=\"_blank\" rel=\"noreferrer noopener\">Vestre Jakobselv \u2013 Berlev\u00e5g<\/a>&nbsp;&nbsp; &nbsp; &nbsp;258 km<\/p>\n<\/div>\n<\/div>\n\n\n\n<div style=\"height:20px\" aria-hidden=\"true\" class=\"wp-block-spacer\"><\/div>\n\n\n\n<div class=\"wp-block-columns is-layout-flex wp-container-core-columns-is-layout-9d6595d7 wp-block-columns-is-layout-flex\">\n<div class=\"wp-block-column is-layout-flow wp-block-column-is-layout-flow\" style=\"flex-basis:33.33%\">\n<figure class=\"wp-block-image size-full\"><a href=\"https:\/\/tedenloesopreis.nl\/wp-content\/uploads\/2023\/12\/IMG_5060-1024x768-1.jpg\" target=\"_blank\" rel=\"noreferrer noopener\"><img loading=\"lazy\" decoding=\"async\" width=\"1024\" height=\"768\" src=\"https:\/\/tedenloesopreis.nl\/wp-content\/uploads\/2023\/12\/IMG_5060-1024x768-1.jpg\" alt=\"\" class=\"wp-image-8711\" srcset=\"https:\/\/tedenloesopreis.nl\/wp-content\/uploads\/2023\/12\/IMG_5060-1024x768-1.jpg 1024w, https:\/\/tedenloesopreis.nl\/wp-content\/uploads\/2023\/12\/IMG_5060-1024x768-1-300x225.jpg 300w, https:\/\/tedenloesopreis.nl\/wp-content\/uploads\/2023\/12\/IMG_5060-1024x768-1-768x576.jpg 768w\" sizes=\"auto, (max-width: 1024px) 100vw, 1024px\" \/><\/a><figcaption class=\"wp-element-caption\"><em>vlak na middernacht, door het dakluik<\/em><\/figcaption><\/figure>\n<\/div>\n\n\n\n<div class=\"wp-block-column is-layout-flow wp-block-column-is-layout-flow\" style=\"flex-basis:66.66%\">\n<p>Een van de belangrijkste doelen van onze reis: het waarnemen van een middernachtzon. Daarom bezoeken we allerlei plaatsen aan de Noorse noordkust met een vrij uitzicht naar het noorden. We zijn niet in Hamningberg gaan overnachten, omdat daar het vrije uitzicht naar het noorden ontbreekt. Berlev\u00e5g is de eerste echte gelegenheid voor middernachtzon-seeing. Daarna komen nog Slettnes Fyr bij Gamvik, de Noordkaap, Havoysund en Troms\u00f6. Vijf serieuze kansen om de middernachtzon te zien. We schatten de kansen vrij laag in, want de weersverwachting voor de komende veertien dagen laat bijna alleen maar bewolking zien. Dat geldt overigens niet voor afgelopen nacht: de lucht is strakblauw, en er is maar weinig bewolking.<\/p>\n<\/div>\n<\/div>\n\n\n\n<div class=\"wp-block-columns is-layout-flex wp-container-core-columns-is-layout-9d6595d7 wp-block-columns-is-layout-flex\">\n<div class=\"wp-block-column is-layout-flow wp-block-column-is-layout-flow\" style=\"flex-basis:33.33%\">\n<figure class=\"wp-block-image size-full\"><a href=\"https:\/\/tedenloesopreis.nl\/wp-content\/uploads\/2023\/12\/IMG_5062-1024x768-1.jpg\" target=\"_blank\" rel=\"noreferrer noopener\"><img loading=\"lazy\" decoding=\"async\" width=\"1024\" height=\"768\" src=\"https:\/\/tedenloesopreis.nl\/wp-content\/uploads\/2023\/12\/IMG_5062-1024x768-1.jpg\" alt=\"\" class=\"wp-image-8712\" srcset=\"https:\/\/tedenloesopreis.nl\/wp-content\/uploads\/2023\/12\/IMG_5062-1024x768-1.jpg 1024w, https:\/\/tedenloesopreis.nl\/wp-content\/uploads\/2023\/12\/IMG_5062-1024x768-1-300x225.jpg 300w, https:\/\/tedenloesopreis.nl\/wp-content\/uploads\/2023\/12\/IMG_5062-1024x768-1-768x576.jpg 768w\" sizes=\"auto, (max-width: 1024px) 100vw, 1024px\" \/><\/a><figcaption class=\"wp-element-caption\"><em>het kerkje van Nesseby<\/em><\/figcaption><\/figure>\n<\/div>\n\n\n\n<div class=\"wp-block-column is-layout-flow wp-block-column-is-layout-flow\" style=\"flex-basis:66.66%\">\n<p id=\"nesseby\">We rijden vanochtend over de E75\/E6 naar Tana Bru. Onderweg bezoeken we het kerkje van Nesseby. Dat is een, voor Noren, belangrijk monument, omdat het kerkje getuige was van een repressailleaktie van de Duitse bezetter tijdens de tweede Wereldoorlog: geheel Nesseby werd in brand gestoken. Omdat het kerkje op een landtong in zee ligt, is het aan de vlammen ontsnapt. Het valt op, dat de Noren hun monumenten vooral op papier koesteren (veel wegwijzers, uitbundige toelichtingen op borden). Er is, op een enkele toerist na, niemand te bekennen. Het kerkje is op slot.<\/p>\n<\/div>\n<\/div>\n\n\n\n<div class=\"wp-block-columns is-layout-flex wp-container-core-columns-is-layout-9d6595d7 wp-block-columns-is-layout-flex\">\n<div class=\"wp-block-column is-layout-flow wp-block-column-is-layout-flow\" style=\"flex-basis:33.33%\"><\/div>\n\n\n\n<div class=\"wp-block-column is-layout-flow wp-block-column-is-layout-flow\" style=\"flex-basis:66.66%\">\n<p id=\"batsfjordfjell\">Bij Tana Bru nemen we de 890. Deze volgt een tijdje de rechteroever van de rivier. In de buurt van Austertana gaat de weg landinwaarts. Het landschap wordt snel leger (geen bewoning, geen bomen), als de weg de hoogvlakte (de B\u00e5tsfjordfjell) bereikt. Als het dan ook nog gaat regenen, heb je echt het idee, dat je aan het einde van de wereld bent.<\/p>\n<\/div>\n<\/div>\n\n\n\n<div class=\"wp-block-columns is-layout-flex wp-container-core-columns-is-layout-9d6595d7 wp-block-columns-is-layout-flex\">\n<div class=\"wp-block-column is-layout-flow wp-block-column-is-layout-flow\">\n<figure class=\"wp-block-image size-full\"><a href=\"https:\/\/tedenloesopreis.nl\/wp-content\/uploads\/2023\/12\/IMG_5064-1024x768-1.jpg\" target=\"_blank\" rel=\"noreferrer noopener\"><img loading=\"lazy\" decoding=\"async\" width=\"1024\" height=\"768\" src=\"https:\/\/tedenloesopreis.nl\/wp-content\/uploads\/2023\/12\/IMG_5064-1024x768-1.jpg\" alt=\"\" class=\"wp-image-8713\" srcset=\"https:\/\/tedenloesopreis.nl\/wp-content\/uploads\/2023\/12\/IMG_5064-1024x768-1.jpg 1024w, https:\/\/tedenloesopreis.nl\/wp-content\/uploads\/2023\/12\/IMG_5064-1024x768-1-300x225.jpg 300w, https:\/\/tedenloesopreis.nl\/wp-content\/uploads\/2023\/12\/IMG_5064-1024x768-1-768x576.jpg 768w\" sizes=\"auto, (max-width: 1024px) 100vw, 1024px\" \/><\/a><figcaption class=\"wp-element-caption\"><em>de B\u00e5tsfjordfjell<\/em><\/figcaption><\/figure>\n<\/div>\n\n\n\n<div class=\"wp-block-column is-layout-flow wp-block-column-is-layout-flow\">\n<figure class=\"wp-block-image size-full\"><a href=\"https:\/\/tedenloesopreis.nl\/wp-content\/uploads\/2023\/12\/IMG_5069-1024x768-1.jpg\" target=\"_blank\" rel=\"noreferrer noopener\"><img loading=\"lazy\" decoding=\"async\" width=\"1024\" height=\"768\" src=\"https:\/\/tedenloesopreis.nl\/wp-content\/uploads\/2023\/12\/IMG_5069-1024x768-1.jpg\" alt=\"\" class=\"wp-image-8714\" srcset=\"https:\/\/tedenloesopreis.nl\/wp-content\/uploads\/2023\/12\/IMG_5069-1024x768-1.jpg 1024w, https:\/\/tedenloesopreis.nl\/wp-content\/uploads\/2023\/12\/IMG_5069-1024x768-1-300x225.jpg 300w, https:\/\/tedenloesopreis.nl\/wp-content\/uploads\/2023\/12\/IMG_5069-1024x768-1-768x576.jpg 768w\" sizes=\"auto, (max-width: 1024px) 100vw, 1024px\" \/><\/a><figcaption class=\"wp-element-caption\"><em>de B\u00e5tsfjordfjell<\/em><\/figcaption><\/figure>\n<\/div>\n\n\n\n<div class=\"wp-block-column is-layout-flow wp-block-column-is-layout-flow\">\n<figure class=\"wp-block-image size-full\"><a href=\"https:\/\/tedenloesopreis.nl\/wp-content\/uploads\/2023\/12\/IMG_5070-1024x768-1.jpg\" target=\"_blank\" rel=\"noreferrer noopener\"><img loading=\"lazy\" decoding=\"async\" width=\"1024\" height=\"768\" src=\"https:\/\/tedenloesopreis.nl\/wp-content\/uploads\/2023\/12\/IMG_5070-1024x768-1.jpg\" alt=\"\" class=\"wp-image-8715\" srcset=\"https:\/\/tedenloesopreis.nl\/wp-content\/uploads\/2023\/12\/IMG_5070-1024x768-1.jpg 1024w, https:\/\/tedenloesopreis.nl\/wp-content\/uploads\/2023\/12\/IMG_5070-1024x768-1-300x225.jpg 300w, https:\/\/tedenloesopreis.nl\/wp-content\/uploads\/2023\/12\/IMG_5070-1024x768-1-768x576.jpg 768w\" sizes=\"auto, (max-width: 1024px) 100vw, 1024px\" \/><\/a><figcaption class=\"wp-element-caption\"><em>de B\u00e5tsfjordfjell<\/em><\/figcaption><\/figure>\n<\/div>\n<\/div>\n\n\n\n<div class=\"wp-block-columns is-layout-flex wp-container-core-columns-is-layout-9d6595d7 wp-block-columns-is-layout-flex\">\n<div class=\"wp-block-column is-layout-flow wp-block-column-is-layout-flow\" style=\"flex-basis:33.33%\"><\/div>\n\n\n\n<div class=\"wp-block-column is-layout-flow wp-block-column-is-layout-flow\" style=\"flex-basis:66.66%\">\n<p>Midden op de hoogvlakte splitst de weg: de 890 gaat verder naar Berlev\u00e5g, de 891 gaat naar B\u00e5tsfjord. Wij brengen eerst een bezoek aan B\u00e5tsfjord. De tocht over de B\u00e5tsfjordfjell is adembenemend mooi. Zo mooi kan een leeg, ruw landschap zijn. Er ligt nog ijs op de meren. B\u00e5tsfjord is, zo te zien, een bedrijvige vissersplaats, maar op zondag is het behoorlijk uitgestorven. Tot overmaat van ramp is ook de plaatselijke bakkerij (prima koffie), ons met klem aangeraden door onze Duitse buren in Vestre Jakobselv, gesloten. Dan maar geen cappuccino vandaag.<\/p>\n<\/div>\n<\/div>\n\n\n\n<div class=\"wp-block-columns is-layout-flex wp-container-core-columns-is-layout-9d6595d7 wp-block-columns-is-layout-flex\">\n<div class=\"wp-block-column is-layout-flow wp-block-column-is-layout-flow\">\n<figure class=\"wp-block-image size-full\"><a href=\"https:\/\/tedenloesopreis.nl\/wp-content\/uploads\/2023\/12\/IMG_5073-1024x768-1.jpg\" target=\"_blank\" rel=\"noreferrer noopener\"><img loading=\"lazy\" decoding=\"async\" width=\"1024\" height=\"768\" src=\"https:\/\/tedenloesopreis.nl\/wp-content\/uploads\/2023\/12\/IMG_5073-1024x768-1.jpg\" alt=\"\" class=\"wp-image-8716\" srcset=\"https:\/\/tedenloesopreis.nl\/wp-content\/uploads\/2023\/12\/IMG_5073-1024x768-1.jpg 1024w, https:\/\/tedenloesopreis.nl\/wp-content\/uploads\/2023\/12\/IMG_5073-1024x768-1-300x225.jpg 300w, https:\/\/tedenloesopreis.nl\/wp-content\/uploads\/2023\/12\/IMG_5073-1024x768-1-768x576.jpg 768w\" sizes=\"auto, (max-width: 1024px) 100vw, 1024px\" \/><\/a><figcaption class=\"wp-element-caption\"><em>de B\u00e5tsfjordfjell<\/em><\/figcaption><\/figure>\n<\/div>\n\n\n\n<div class=\"wp-block-column is-layout-flow wp-block-column-is-layout-flow\">\n<figure class=\"wp-block-image size-full\"><a href=\"https:\/\/tedenloesopreis.nl\/wp-content\/uploads\/2023\/12\/IMG_5074-1024x768-1.jpg\" target=\"_blank\" rel=\"noreferrer noopener\"><img loading=\"lazy\" decoding=\"async\" width=\"1024\" height=\"768\" src=\"https:\/\/tedenloesopreis.nl\/wp-content\/uploads\/2023\/12\/IMG_5074-1024x768-1.jpg\" alt=\"\" class=\"wp-image-8717\" srcset=\"https:\/\/tedenloesopreis.nl\/wp-content\/uploads\/2023\/12\/IMG_5074-1024x768-1.jpg 1024w, https:\/\/tedenloesopreis.nl\/wp-content\/uploads\/2023\/12\/IMG_5074-1024x768-1-300x225.jpg 300w, https:\/\/tedenloesopreis.nl\/wp-content\/uploads\/2023\/12\/IMG_5074-1024x768-1-768x576.jpg 768w\" sizes=\"auto, (max-width: 1024px) 100vw, 1024px\" \/><\/a><figcaption class=\"wp-element-caption\"><em>de B\u00e5tsfjordfjell<\/em><\/figcaption><\/figure>\n<\/div>\n\n\n\n<div class=\"wp-block-column is-layout-flow wp-block-column-is-layout-flow\">\n<figure class=\"wp-block-image size-full\"><a href=\"https:\/\/tedenloesopreis.nl\/wp-content\/uploads\/2023\/12\/IMG_5081-1024x768-1.jpg\" target=\"_blank\" rel=\"noreferrer noopener\"><img loading=\"lazy\" decoding=\"async\" width=\"1024\" height=\"768\" src=\"https:\/\/tedenloesopreis.nl\/wp-content\/uploads\/2023\/12\/IMG_5081-1024x768-1.jpg\" alt=\"\" class=\"wp-image-8718\" srcset=\"https:\/\/tedenloesopreis.nl\/wp-content\/uploads\/2023\/12\/IMG_5081-1024x768-1.jpg 1024w, https:\/\/tedenloesopreis.nl\/wp-content\/uploads\/2023\/12\/IMG_5081-1024x768-1-300x225.jpg 300w, https:\/\/tedenloesopreis.nl\/wp-content\/uploads\/2023\/12\/IMG_5081-1024x768-1-768x576.jpg 768w\" sizes=\"auto, (max-width: 1024px) 100vw, 1024px\" \/><\/a><figcaption class=\"wp-element-caption\"><em>B\u00e5tsfjord, bedrijvig maar niet in het weekend<\/em><\/figcaption><\/figure>\n<\/div>\n<\/div>\n\n\n\n<div class=\"wp-block-columns is-layout-flex wp-container-core-columns-is-layout-9d6595d7 wp-block-columns-is-layout-flex\">\n<div class=\"wp-block-column is-layout-flow wp-block-column-is-layout-flow\" style=\"flex-basis:33.33%\"><\/div>\n\n\n\n<div class=\"wp-block-column is-layout-flow wp-block-column-is-layout-flow\" style=\"flex-basis:66.66%\">\n<p>We klimmen maar weer de B\u00e5tsfjordfjell op, pauzeren daar boven voor een lunch, draaien bij de splitsing de 890 richting Berlev\u00e5g op, en dalen, na de Kongsfjordfjell, af naar Kongsfjord.<\/p>\n<\/div>\n<\/div>\n\n\n\n<div class=\"wp-block-columns is-layout-flex wp-container-core-columns-is-layout-9d6595d7 wp-block-columns-is-layout-flex\">\n<div class=\"wp-block-column is-layout-flow wp-block-column-is-layout-flow\">\n<figure class=\"wp-block-image size-full\"><a href=\"https:\/\/tedenloesopreis.nl\/wp-content\/uploads\/2023\/12\/IMG_5083-1024x768-1.jpg\" target=\"_blank\" rel=\"noreferrer noopener\"><img loading=\"lazy\" decoding=\"async\" width=\"1024\" height=\"768\" src=\"https:\/\/tedenloesopreis.nl\/wp-content\/uploads\/2023\/12\/IMG_5083-1024x768-1.jpg\" alt=\"\" class=\"wp-image-8719\" srcset=\"https:\/\/tedenloesopreis.nl\/wp-content\/uploads\/2023\/12\/IMG_5083-1024x768-1.jpg 1024w, https:\/\/tedenloesopreis.nl\/wp-content\/uploads\/2023\/12\/IMG_5083-1024x768-1-300x225.jpg 300w, https:\/\/tedenloesopreis.nl\/wp-content\/uploads\/2023\/12\/IMG_5083-1024x768-1-768x576.jpg 768w\" sizes=\"auto, (max-width: 1024px) 100vw, 1024px\" \/><\/a><figcaption class=\"wp-element-caption\"><em>de B\u00e5tsfjordfjell<\/em><\/figcaption><\/figure>\n<\/div>\n\n\n\n<div class=\"wp-block-column is-layout-flow wp-block-column-is-layout-flow\">\n<figure class=\"wp-block-image size-full\"><a href=\"https:\/\/tedenloesopreis.nl\/wp-content\/uploads\/2023\/12\/IMG_5088-1024x768-1.jpg\" target=\"_blank\" rel=\"noreferrer noopener\"><img loading=\"lazy\" decoding=\"async\" width=\"1024\" height=\"768\" src=\"https:\/\/tedenloesopreis.nl\/wp-content\/uploads\/2023\/12\/IMG_5088-1024x768-1.jpg\" alt=\"\" class=\"wp-image-8720\" srcset=\"https:\/\/tedenloesopreis.nl\/wp-content\/uploads\/2023\/12\/IMG_5088-1024x768-1.jpg 1024w, https:\/\/tedenloesopreis.nl\/wp-content\/uploads\/2023\/12\/IMG_5088-1024x768-1-300x225.jpg 300w, https:\/\/tedenloesopreis.nl\/wp-content\/uploads\/2023\/12\/IMG_5088-1024x768-1-768x576.jpg 768w\" sizes=\"auto, (max-width: 1024px) 100vw, 1024px\" \/><\/a><figcaption class=\"wp-element-caption\"><em>er ligt nog ijs<\/em><\/figcaption><\/figure>\n<\/div>\n\n\n\n<div class=\"wp-block-column is-layout-flow wp-block-column-is-layout-flow\">\n<figure class=\"wp-block-image size-full\"><a href=\"https:\/\/tedenloesopreis.nl\/wp-content\/uploads\/2023\/12\/IMG_5091-1024x768-1.jpg\" target=\"_blank\" rel=\"noreferrer noopener\"><img loading=\"lazy\" decoding=\"async\" width=\"1024\" height=\"768\" src=\"https:\/\/tedenloesopreis.nl\/wp-content\/uploads\/2023\/12\/IMG_5091-1024x768-1.jpg\" alt=\"\" class=\"wp-image-8721\" srcset=\"https:\/\/tedenloesopreis.nl\/wp-content\/uploads\/2023\/12\/IMG_5091-1024x768-1.jpg 1024w, https:\/\/tedenloesopreis.nl\/wp-content\/uploads\/2023\/12\/IMG_5091-1024x768-1-300x225.jpg 300w, https:\/\/tedenloesopreis.nl\/wp-content\/uploads\/2023\/12\/IMG_5091-1024x768-1-768x576.jpg 768w\" sizes=\"auto, (max-width: 1024px) 100vw, 1024px\" \/><\/a><figcaption class=\"wp-element-caption\"><em>de Kongsfjordfjell<\/em><\/figcaption><\/figure>\n<\/div>\n<\/div>\n\n\n\n<div class=\"wp-block-columns is-layout-flex wp-container-core-columns-is-layout-9d6595d7 wp-block-columns-is-layout-flex\">\n<div class=\"wp-block-column is-layout-flow wp-block-column-is-layout-flow\" style=\"flex-basis:33.33%\"><\/div>\n\n\n\n<div class=\"wp-block-column is-layout-flow wp-block-column-is-layout-flow\" style=\"flex-basis:66.66%\">\n<p id=\"barentszzee\">Bij Kongsfjord zien we de Barentszzee weer. We rijden vervolgens nog zo\u2019n 30 km over een prachtige kustweg langs de Barentszzee, om in Berlev\u00e5g te belanden.<\/p>\n<\/div>\n<\/div>\n\n\n\n<div class=\"wp-block-columns is-layout-flex wp-container-core-columns-is-layout-9d6595d7 wp-block-columns-is-layout-flex\">\n<div class=\"wp-block-column is-layout-flow wp-block-column-is-layout-flow\">\n<figure class=\"wp-block-image size-full\"><a href=\"https:\/\/tedenloesopreis.nl\/wp-content\/uploads\/2023\/12\/IMG_5094-1024x768-1.jpg\" target=\"_blank\" rel=\"noreferrer noopener\"><img loading=\"lazy\" decoding=\"async\" width=\"1024\" height=\"768\" src=\"https:\/\/tedenloesopreis.nl\/wp-content\/uploads\/2023\/12\/IMG_5094-1024x768-1.jpg\" alt=\"\" class=\"wp-image-8722\" srcset=\"https:\/\/tedenloesopreis.nl\/wp-content\/uploads\/2023\/12\/IMG_5094-1024x768-1.jpg 1024w, https:\/\/tedenloesopreis.nl\/wp-content\/uploads\/2023\/12\/IMG_5094-1024x768-1-300x225.jpg 300w, https:\/\/tedenloesopreis.nl\/wp-content\/uploads\/2023\/12\/IMG_5094-1024x768-1-768x576.jpg 768w\" sizes=\"auto, (max-width: 1024px) 100vw, 1024px\" \/><\/a><figcaption class=\"wp-element-caption\"><em>bij Kongsfjord zien we de Barentszee weer<\/em><\/figcaption><\/figure>\n<\/div>\n\n\n\n<div class=\"wp-block-column is-layout-flow wp-block-column-is-layout-flow\">\n<figure class=\"wp-block-image size-full\"><a href=\"https:\/\/tedenloesopreis.nl\/wp-content\/uploads\/2023\/12\/IMG_5098-1024x768-1.jpg\" target=\"_blank\" rel=\"noreferrer noopener\"><img loading=\"lazy\" decoding=\"async\" width=\"1024\" height=\"768\" src=\"https:\/\/tedenloesopreis.nl\/wp-content\/uploads\/2023\/12\/IMG_5098-1024x768-1.jpg\" alt=\"\" class=\"wp-image-8723\" srcset=\"https:\/\/tedenloesopreis.nl\/wp-content\/uploads\/2023\/12\/IMG_5098-1024x768-1.jpg 1024w, https:\/\/tedenloesopreis.nl\/wp-content\/uploads\/2023\/12\/IMG_5098-1024x768-1-300x225.jpg 300w, https:\/\/tedenloesopreis.nl\/wp-content\/uploads\/2023\/12\/IMG_5098-1024x768-1-768x576.jpg 768w\" sizes=\"auto, (max-width: 1024px) 100vw, 1024px\" \/><\/a><figcaption class=\"wp-element-caption\"><em>langs de Barentszzee, tussen Kongsfjord en Berlev\u00e5g<\/em><\/figcaption><\/figure>\n<\/div>\n\n\n\n<div class=\"wp-block-column is-layout-flow wp-block-column-is-layout-flow\">\n<figure class=\"wp-block-image size-full\"><a href=\"https:\/\/tedenloesopreis.nl\/wp-content\/uploads\/2023\/12\/IMG_5097-1024x768-1.jpg\" target=\"_blank\" rel=\"noreferrer noopener\"><img loading=\"lazy\" decoding=\"async\" width=\"1024\" height=\"768\" src=\"https:\/\/tedenloesopreis.nl\/wp-content\/uploads\/2023\/12\/IMG_5097-1024x768-1.jpg\" alt=\"\" class=\"wp-image-8724\" srcset=\"https:\/\/tedenloesopreis.nl\/wp-content\/uploads\/2023\/12\/IMG_5097-1024x768-1.jpg 1024w, https:\/\/tedenloesopreis.nl\/wp-content\/uploads\/2023\/12\/IMG_5097-1024x768-1-300x225.jpg 300w, https:\/\/tedenloesopreis.nl\/wp-content\/uploads\/2023\/12\/IMG_5097-1024x768-1-768x576.jpg 768w\" sizes=\"auto, (max-width: 1024px) 100vw, 1024px\" \/><\/a><figcaption class=\"wp-element-caption\"><em>langs de Barentszzee, tussen Kongsfjord en Berlev\u00e5g<\/em><\/figcaption><\/figure>\n<\/div>\n<\/div>\n\n\n\n<div class=\"wp-block-columns is-layout-flex wp-container-core-columns-is-layout-9d6595d7 wp-block-columns-is-layout-flex\">\n<div class=\"wp-block-column is-layout-flow wp-block-column-is-layout-flow\" style=\"flex-basis:33.33%\">\n<figure class=\"wp-block-image size-full\"><a href=\"https:\/\/tedenloesopreis.nl\/wp-content\/uploads\/2023\/12\/IMG_5102-1024x768-1.jpg\" target=\"_blank\" rel=\"noreferrer noopener\"><img loading=\"lazy\" decoding=\"async\" width=\"1024\" height=\"768\" src=\"https:\/\/tedenloesopreis.nl\/wp-content\/uploads\/2023\/12\/IMG_5102-1024x768-1.jpg\" alt=\"\" class=\"wp-image-8725\" srcset=\"https:\/\/tedenloesopreis.nl\/wp-content\/uploads\/2023\/12\/IMG_5102-1024x768-1.jpg 1024w, https:\/\/tedenloesopreis.nl\/wp-content\/uploads\/2023\/12\/IMG_5102-1024x768-1-300x225.jpg 300w, https:\/\/tedenloesopreis.nl\/wp-content\/uploads\/2023\/12\/IMG_5102-1024x768-1-768x576.jpg 768w\" sizes=\"auto, (max-width: 1024px) 100vw, 1024px\" \/><\/a><figcaption class=\"wp-element-caption\"><em>de camping van Berlev\u00e5g<\/em><\/figcaption><\/figure>\n<\/div>\n\n\n\n<div class=\"wp-block-column is-layout-flow wp-block-column-is-layout-flow\" style=\"flex-basis:66.66%\">\n<p>De camping in Berlev\u00e5g&nbsp;(<a href=\"https:\/\/www.campercontact.com\/nl\/noorwegen\/troms-og-finnmark\/berlevag\/12526\/berlevag-pensjonat-camping\" target=\"_blank\" rel=\"noreferrer noopener\">Berlev\u00e5g Pensjonat og Camping<\/a>) overtreft alle verwachtingen. Niet alleen zijn de voorzieningen er prima, en is er een knusse huiskamer (met t.v. voor de voetballiefhebbers), er hangt ook een hele prettige, ongedwongen sfeer. Menig bezoeker van de camping is er al eerder geweest.<br><br>Er hangen gaandeweg steeds meer dikke, donkere wolken boven zee. Er zal dus geen middernachtzon te zien zijn, vrezen we. Gelukkig is er nog een ander hoogtepunt. Berlev\u00e5g ligt aan de Hurtigruten, een bootdienst tussen Bergen en Kirkenes, met vrij veel tussenstops. In Berlev\u00e5g komen de boot naar Kirkenes en de boot naar Bergen elkaar elke avond om 22:30 tegen. Dat is vast een fraai schouwspel.<\/p>\n<\/div>\n<\/div>\n\n\n\n<div class=\"wp-block-columns is-layout-flex wp-container-core-columns-is-layout-9d6595d7 wp-block-columns-is-layout-flex\">\n<div class=\"wp-block-column is-layout-flow wp-block-column-is-layout-flow\" style=\"flex-basis:33.33%\">\n<figure class=\"wp-block-image size-full\"><a href=\"https:\/\/tedenloesopreis.nl\/wp-content\/uploads\/2023\/12\/IMG_5112-1024x768-1.jpg\" target=\"_blank\" rel=\"noreferrer noopener\"><img loading=\"lazy\" decoding=\"async\" width=\"1024\" height=\"768\" src=\"https:\/\/tedenloesopreis.nl\/wp-content\/uploads\/2023\/12\/IMG_5112-1024x768-1.jpg\" alt=\"\" class=\"wp-image-8727\" srcset=\"https:\/\/tedenloesopreis.nl\/wp-content\/uploads\/2023\/12\/IMG_5112-1024x768-1.jpg 1024w, https:\/\/tedenloesopreis.nl\/wp-content\/uploads\/2023\/12\/IMG_5112-1024x768-1-300x225.jpg 300w, https:\/\/tedenloesopreis.nl\/wp-content\/uploads\/2023\/12\/IMG_5112-1024x768-1-768x576.jpg 768w\" sizes=\"auto, (max-width: 1024px) 100vw, 1024px\" \/><\/a><figcaption class=\"wp-element-caption\"><em>komen en gaan van Hurtigrutenschepen;&nbsp;zie de strekdam van betonnen driepoten<\/em><\/figcaption><\/figure>\n<\/div>\n\n\n\n<div class=\"wp-block-column is-layout-flow wp-block-column-is-layout-flow\" style=\"flex-basis:66.66%\">\n<p>Later op de avond zijn we getuige van de ontmoeting van de twee Hurtigrutenschepen: de m.s. Polarlys richting Bergen en de m.s. Vester\u00e5len richting Kirkenes. Ze maken buitengaats een klein dansje, waarbij luid heen en weer wordt getoeterd. De Hurtigrutenschepen zijn inmiddels vooral van toeristische waarde, maar in het verleden vormden zij in de winterperioden vaak de enige verbinding tussen de noordelijke havenplaatsjes en de rest van Noorwegen. Alleen met die schepen kon men \u2018s-winters beschikken over brandstof en voedsel. Het was dan ook van belang, dat de schepen ook onder zware weersomstandigheden veilig konden aanleggen. Dat is in Berlev\u00e5g pas gelukt met de bouw van een strekdam die bestaat uit betonnen driepoten.<\/p>\n<\/div>\n<\/div>\n\n\n\n<div style=\"height:35px\" aria-hidden=\"true\" class=\"wp-block-spacer\"><\/div>\n\n\n\n<div class=\"wp-block-columns is-layout-flex wp-container-core-columns-is-layout-9d6595d7 wp-block-columns-is-layout-flex\">\n<div class=\"wp-block-column is-layout-flow wp-block-column-is-layout-flow\">\n<p class=\"has-orange-background-color has-background\" id=\"dag17\"><\/p>\n<\/div>\n<\/div>\n\n\n\n<div class=\"wp-block-columns is-layout-flex wp-container-core-columns-is-layout-9d6595d7 wp-block-columns-is-layout-flex\">\n<div class=\"wp-block-column is-layout-flow wp-block-column-is-layout-flow\" style=\"flex-basis:33.33%\">\n<p class=\"has-small-font-size\"><a href=\"#titel\">top<\/a><\/p>\n<\/div>\n\n\n\n<div class=\"wp-block-column is-layout-flow wp-block-column-is-layout-flow\" style=\"flex-basis:66.66%\">\n<p><strong>WAT EEN MIDDERNACHTZON<\/strong><br>dag 17 &nbsp; &nbsp;&nbsp; &nbsp;ma 18 juni 2018<br>rustdag Berlev\u00e5g &nbsp; &nbsp; &nbsp;0 km<\/p>\n<\/div>\n<\/div>\n\n\n\n<div style=\"height:20px\" aria-hidden=\"true\" class=\"wp-block-spacer\"><\/div>\n\n\n\n<div class=\"wp-block-columns is-layout-flex wp-container-core-columns-is-layout-9d6595d7 wp-block-columns-is-layout-flex\">\n<div class=\"wp-block-column is-layout-flow wp-block-column-is-layout-flow\" style=\"flex-basis:33.33%\"><\/div>\n\n\n\n<div class=\"wp-block-column is-layout-flow wp-block-column-is-layout-flow\" style=\"flex-basis:66.66%\">\n<p>Bij het schrijven van het vorige verslag waren we nogal pessimistisch: de bewolking was zo zwaar, dat er vast geen middernachtzon te zien zou zijn. Maar, tegen tienen steekt er een stevige noordoostelijke wind op, en die verdrijft alle wolken. We fietsen rond 23:30 naar een plek aan de baai, waar we een vrij uitzicht hebben in noordelijke richting. Om 00:05 uur heeft de zon haar laagste stand bereikt, en de reflectie in het zeewater is volgens het boekje. Ook al blijft de zon boven de horizon, en is de lucht helderblauw, op de grond is het toch wel iets donkerder dan overdag. Opvallend is de bijzonder grote lengte van de schaduwen.<\/p>\n<\/div>\n<\/div>\n\n\n\n<div class=\"wp-block-columns is-layout-flex wp-container-core-columns-is-layout-9d6595d7 wp-block-columns-is-layout-flex\">\n<div class=\"wp-block-column is-layout-flow wp-block-column-is-layout-flow\"><\/div>\n\n\n\n<div class=\"wp-block-column is-layout-flow wp-block-column-is-layout-flow\">\n<figure class=\"wp-block-image size-full\"><a href=\"https:\/\/tedenloesopreis.nl\/wp-content\/uploads\/2023\/12\/IMG_5117-2-1024x768-3.jpg\" target=\"_blank\" rel=\"noreferrer noopener\"><img loading=\"lazy\" decoding=\"async\" width=\"1024\" height=\"768\" src=\"https:\/\/tedenloesopreis.nl\/wp-content\/uploads\/2023\/12\/IMG_5117-2-1024x768-3.jpg\" alt=\"\" class=\"wp-image-8729\" srcset=\"https:\/\/tedenloesopreis.nl\/wp-content\/uploads\/2023\/12\/IMG_5117-2-1024x768-3.jpg 1024w, https:\/\/tedenloesopreis.nl\/wp-content\/uploads\/2023\/12\/IMG_5117-2-1024x768-3-300x225.jpg 300w, https:\/\/tedenloesopreis.nl\/wp-content\/uploads\/2023\/12\/IMG_5117-2-1024x768-3-768x576.jpg 768w\" sizes=\"auto, (max-width: 1024px) 100vw, 1024px\" \/><\/a><figcaption class=\"wp-element-caption\"><em>wat een middernachtzon<\/em><\/figcaption><\/figure>\n<\/div>\n\n\n\n<div class=\"wp-block-column is-layout-flow wp-block-column-is-layout-flow\">\n<figure class=\"wp-block-image size-full\"><a href=\"https:\/\/tedenloesopreis.nl\/wp-content\/uploads\/2023\/12\/IMG_5121-1024x768-1.jpg\" target=\"_blank\" rel=\"noreferrer noopener\"><img loading=\"lazy\" decoding=\"async\" width=\"1024\" height=\"768\" src=\"https:\/\/tedenloesopreis.nl\/wp-content\/uploads\/2023\/12\/IMG_5121-1024x768-1.jpg\" alt=\"\" class=\"wp-image-8730\" srcset=\"https:\/\/tedenloesopreis.nl\/wp-content\/uploads\/2023\/12\/IMG_5121-1024x768-1.jpg 1024w, https:\/\/tedenloesopreis.nl\/wp-content\/uploads\/2023\/12\/IMG_5121-1024x768-1-300x225.jpg 300w, https:\/\/tedenloesopreis.nl\/wp-content\/uploads\/2023\/12\/IMG_5121-1024x768-1-768x576.jpg 768w\" sizes=\"auto, (max-width: 1024px) 100vw, 1024px\" \/><\/a><figcaption class=\"wp-element-caption\"><em>Berlev\u00e5g 00:05 = lange schaduwen, heldere hemel<\/em><\/figcaption><\/figure>\n<\/div>\n<\/div>\n\n\n\n<div class=\"wp-block-columns is-layout-flex wp-container-core-columns-is-layout-9d6595d7 wp-block-columns-is-layout-flex\">\n<div class=\"wp-block-column is-layout-flow wp-block-column-is-layout-flow\" style=\"flex-basis:33.33%\"><\/div>\n\n\n\n<div class=\"wp-block-column is-layout-flow wp-block-column-is-layout-flow\" style=\"flex-basis:66.66%\">\n<p>De campingeigenaar vertelt in de loop van de ochtend, dat dit pas de derde heldere nacht is sinds 16 mei. Zwitsers, die hier vanaf 1998 regelmatig komen (dit is hun 10e bezoek), hebben in al die tijd pas drie keer eerder de middernachtzon gezien. We hebben dus flink wat geluk gehad.&nbsp;<\/p>\n\n\n\n<p>Er rest ons, qua middernachtzon, nog maar \u00e9\u00e9n wens: een middernachtzon te zien waarbij de zon deels in het water zakt. Zo\u2019n middernachtzon doet zich alleen voor in het begin of aan het einde van de 24-uur-per-dag-zon-periode. Voor Berlev\u00e5g zou dat betekenen, dat je hier half mei of einde juli moet zijn. In de tussenliggende periode wordt de laagste zonnestand geleidelijk aan hoger, tot deze op 21 juni zijn maximum heeft bereikt. We zagen dus een van de minst lage middernachtzonnen, maar we hebben er toch maar mooi eentje live gezien.<br><br>Vandaag is een luierdag. We fietsen naar het dorp, slaan vers eten in en gaan straks een gezonde maaltijd bereiden (met knolraap, pastinaak, groene paprika, rode paprika, champignons). Vanavond speelt Belgi\u00eb zijn eerste wedstrijd op het WK. Zullen we die maar eens gaan toejuichen?&nbsp;<\/p>\n\n\n\n<p>Morgen trekken we weer verder. We willen naar Slettnes Fyr, een vuurtoren in de buurt van Gamvik. Dat is echter nogal ver (we moeten eerst weer terug naar Tana, want daar is de dichtstbijzijnde brug over de rivier). Ook is het maar de vraag, hoe de \u201898\u2019 er aan toe is (een ronduit beroerde weg waaraan, zo wordt links en rechts geschreven, stevig wordt gewerkt). Zijn we niet al te laat in Ifjord, dan rijden we door naar de vuurtoren. Anders rijden we een stukje verder over de 98 naar Kunes voor een tussenstop.<\/p>\n<\/div>\n<\/div>\n\n\n\n<div style=\"height:35px\" aria-hidden=\"true\" class=\"wp-block-spacer\"><\/div>\n\n\n\n<div class=\"wp-block-columns is-layout-flex wp-container-core-columns-is-layout-9d6595d7 wp-block-columns-is-layout-flex\">\n<div class=\"wp-block-column is-layout-flow wp-block-column-is-layout-flow\">\n<p class=\"has-orange-background-color has-background\" id=\"dag18\"><\/p>\n<\/div>\n<\/div>\n\n\n\n<div class=\"wp-block-columns is-layout-flex wp-container-core-columns-is-layout-9d6595d7 wp-block-columns-is-layout-flex\">\n<div class=\"wp-block-column is-layout-flow wp-block-column-is-layout-flow\" style=\"flex-basis:33.33%\">\n<p class=\"has-small-font-size\"><a href=\"#titel\">top<\/a><\/p>\n<\/div>\n\n\n\n<div class=\"wp-block-column is-layout-flow wp-block-column-is-layout-flow\" style=\"flex-basis:66.66%\">\n<p><strong>WAFELS BIJ DE VUURTOREN<\/strong><br>dag 18 &nbsp; &nbsp; &nbsp;di 19 juni 2018<br><a href=\"https:\/\/www.google.com\/maps\/d\/viewer?mid=1TQiKScyyOnq-ZHsKDn0VNHXx01TD5_U8&amp;ll=70.6627146263734%2C27.86770963867185&amp;z=8\" target=\"_blank\" rel=\"noreferrer noopener\">Berlev\u00e5g \u2013 Slettnes Fyr<\/a>&nbsp;&nbsp; &nbsp; &nbsp;347 km<\/p>\n<\/div>\n<\/div>\n\n\n\n<div style=\"height:20px\" aria-hidden=\"true\" class=\"wp-block-spacer\"><\/div>\n\n\n\n<div class=\"wp-block-columns is-layout-flex wp-container-core-columns-is-layout-9d6595d7 wp-block-columns-is-layout-flex\">\n<div class=\"wp-block-column is-layout-flow wp-block-column-is-layout-flow\" style=\"flex-basis:33.33%\"><\/div>\n\n\n\n<div class=\"wp-block-column is-layout-flow wp-block-column-is-layout-flow\" style=\"flex-basis:66.66%\">\n<p>Tot onze verbazing zijn wij in Slettnes Fyr.<\/p>\n\n\n\n<p>Een bijzondere reis. Om 08:45 vertrekken we uit Berlev\u00e5g. We moeten, zoals gisteren al verteld, weer terug naar Tana Bru, omdat daar de dichtstbijzijnde brug over de rivier (Tanaelva) is. Het is niet vervelend om een route in beide richtingen te rijden. Op de terugweg zie je toch weer andere dingen dan op de heenweg (of: je ziet dezelfde dingen anders).<\/p>\n\n\n\n<p>Tegen 10:30 zijn we in Tana Bru. Daar maken we een flinke pitstop. Tanken voor \u20ac1,75 per liter diesel (niet om over te zeuren; dat wisten we immers vooraf al), boodschappen doen, cappuccino drinken bij de Shell.<\/p>\n\n\n\n<p id=\"rv98\">In Tana Bru beginnen we aan de \u201898\u2019. Tot aan Rustefjelbma volgen we weer de rivier. De weg is redelijk, en er wordt flink aan gewerkt. Het begint echter ook stevig te regenen. Bij Rustefjelbma draaien we naar het westen, en prompt wordt de weg een regelrechte ramp. De meeste gaten in het asfalt zijn weliswaar gevuld, maar iets te ruimhartig, waardoor een echte hobbelweg is ontstaan. We halen hier een gemiddelde van 30 km\/uur.<\/p>\n\n\n\n<p>De laatste 20 kilometer richting Ifjord zijn geheel anders. De weg ligt er, vanaf de klim naar de zoveelste fjell, weer prima bij, het regent niet meer, en de lucht laat steeds meer blauwe plekken zien. Ook deze fjell is weer zeer de moeite waard.<\/p>\n<\/div>\n<\/div>\n\n\n\n<div class=\"wp-block-columns is-layout-flex wp-container-core-columns-is-layout-9d6595d7 wp-block-columns-is-layout-flex\">\n<div class=\"wp-block-column is-layout-flow wp-block-column-is-layout-flow\">\n<figure class=\"wp-block-image size-full\"><a href=\"https:\/\/tedenloesopreis.nl\/wp-content\/uploads\/2023\/12\/IMG_5133-1024x768-1.jpg\" target=\"_blank\" rel=\"noreferrer noopener\"><img loading=\"lazy\" decoding=\"async\" width=\"1024\" height=\"768\" src=\"https:\/\/tedenloesopreis.nl\/wp-content\/uploads\/2023\/12\/IMG_5133-1024x768-1.jpg\" alt=\"\" class=\"wp-image-8732\" srcset=\"https:\/\/tedenloesopreis.nl\/wp-content\/uploads\/2023\/12\/IMG_5133-1024x768-1.jpg 1024w, https:\/\/tedenloesopreis.nl\/wp-content\/uploads\/2023\/12\/IMG_5133-1024x768-1-300x225.jpg 300w, https:\/\/tedenloesopreis.nl\/wp-content\/uploads\/2023\/12\/IMG_5133-1024x768-1-768x576.jpg 768w\" sizes=\"auto, (max-width: 1024px) 100vw, 1024px\" \/><\/a><figcaption class=\"wp-element-caption\"><em>de \u201998\u2019 is in het begin een echte hobbelweg<\/em><\/figcaption><\/figure>\n<\/div>\n\n\n\n<div class=\"wp-block-column is-layout-flow wp-block-column-is-layout-flow\">\n<figure class=\"wp-block-image size-full\"><a href=\"https:\/\/tedenloesopreis.nl\/wp-content\/uploads\/2023\/12\/IMG_5152-1024x768-1.jpg\" target=\"_blank\" rel=\"noreferrer noopener\"><img loading=\"lazy\" decoding=\"async\" width=\"1024\" height=\"768\" src=\"https:\/\/tedenloesopreis.nl\/wp-content\/uploads\/2023\/12\/IMG_5152-1024x768-1.jpg\" alt=\"\" class=\"wp-image-8733\" srcset=\"https:\/\/tedenloesopreis.nl\/wp-content\/uploads\/2023\/12\/IMG_5152-1024x768-1.jpg 1024w, https:\/\/tedenloesopreis.nl\/wp-content\/uploads\/2023\/12\/IMG_5152-1024x768-1-300x225.jpg 300w, https:\/\/tedenloesopreis.nl\/wp-content\/uploads\/2023\/12\/IMG_5152-1024x768-1-768x576.jpg 768w\" sizes=\"auto, (max-width: 1024px) 100vw, 1024px\" \/><\/a><figcaption class=\"wp-element-caption\"><em>het laatste stuk van de \u201998\u2019 is prima<\/em><\/figcaption><\/figure>\n<\/div>\n\n\n\n<div class=\"wp-block-column is-layout-flow wp-block-column-is-layout-flow\">\n<figure class=\"wp-block-image size-full\"><a href=\"https:\/\/tedenloesopreis.nl\/wp-content\/uploads\/2023\/12\/IMG_5158-1024x1024-1.jpg\" target=\"_blank\" rel=\"noreferrer noopener\"><img loading=\"lazy\" decoding=\"async\" width=\"1024\" height=\"1024\" src=\"https:\/\/tedenloesopreis.nl\/wp-content\/uploads\/2023\/12\/IMG_5158-1024x1024-1.jpg\" alt=\"\" class=\"wp-image-8734\" srcset=\"https:\/\/tedenloesopreis.nl\/wp-content\/uploads\/2023\/12\/IMG_5158-1024x1024-1.jpg 1024w, https:\/\/tedenloesopreis.nl\/wp-content\/uploads\/2023\/12\/IMG_5158-1024x1024-1-300x300.jpg 300w, https:\/\/tedenloesopreis.nl\/wp-content\/uploads\/2023\/12\/IMG_5158-1024x1024-1-150x150.jpg 150w, https:\/\/tedenloesopreis.nl\/wp-content\/uploads\/2023\/12\/IMG_5158-1024x1024-1-768x768.jpg 768w\" sizes=\"auto, (max-width: 1024px) 100vw, 1024px\" \/><\/a><figcaption class=\"wp-element-caption\"><em>de fjell vlak voor Ifjord<\/em><\/figcaption><\/figure>\n<\/div>\n<\/div>\n\n\n\n<div class=\"wp-block-columns is-layout-flex wp-container-core-columns-is-layout-9d6595d7 wp-block-columns-is-layout-flex\">\n<div class=\"wp-block-column is-layout-flow wp-block-column-is-layout-flow\" style=\"flex-basis:33.33%\"><\/div>\n\n\n\n<div class=\"wp-block-column is-layout-flow wp-block-column-is-layout-flow\" style=\"flex-basis:66.66%\">\n<p id=\"ifjord\">Als we tegen 14:00 uur bij Ifjord aankomen, vinden we het zonde van het (inmiddels) mooie weer, om \u201csafety first\u201d naar Kunes door te rijden. Het is veel verleidelijker om af te slaan richting Gamvik. Wellicht kan er n\u00f3g een middernachtzon worden gespot.&nbsp;<\/p>\n\n\n\n<p>De weg naar Mehamn volgt aanvankelijk de kust: een mooie slingerweg langs een blauwe zee.<\/p>\n<\/div>\n<\/div>\n\n\n\n<div class=\"wp-block-columns is-layout-flex wp-container-core-columns-is-layout-9d6595d7 wp-block-columns-is-layout-flex\">\n<div class=\"wp-block-column is-layout-flow wp-block-column-is-layout-flow\">\n<figure class=\"wp-block-image size-full\"><a href=\"https:\/\/tedenloesopreis.nl\/wp-content\/uploads\/2023\/12\/IMG_5165-1024x768-1.jpg\" target=\"_blank\" rel=\"noreferrer noopener\"><img loading=\"lazy\" decoding=\"async\" width=\"1024\" height=\"768\" src=\"https:\/\/tedenloesopreis.nl\/wp-content\/uploads\/2023\/12\/IMG_5165-1024x768-1.jpg\" alt=\"\" class=\"wp-image-8735\" srcset=\"https:\/\/tedenloesopreis.nl\/wp-content\/uploads\/2023\/12\/IMG_5165-1024x768-1.jpg 1024w, https:\/\/tedenloesopreis.nl\/wp-content\/uploads\/2023\/12\/IMG_5165-1024x768-1-300x225.jpg 300w, https:\/\/tedenloesopreis.nl\/wp-content\/uploads\/2023\/12\/IMG_5165-1024x768-1-768x576.jpg 768w\" sizes=\"auto, (max-width: 1024px) 100vw, 1024px\" \/><\/a><figcaption class=\"wp-element-caption\"><em>de kust boven Ifjord<\/em><\/figcaption><\/figure>\n<\/div>\n\n\n\n<div class=\"wp-block-column is-layout-flow wp-block-column-is-layout-flow\">\n<figure class=\"wp-block-image size-full\"><a href=\"https:\/\/tedenloesopreis.nl\/wp-content\/uploads\/2023\/12\/IMG_5171-1024x768-1.jpg\" target=\"_blank\" rel=\"noreferrer noopener\"><img loading=\"lazy\" decoding=\"async\" width=\"1024\" height=\"768\" src=\"https:\/\/tedenloesopreis.nl\/wp-content\/uploads\/2023\/12\/IMG_5171-1024x768-1.jpg\" alt=\"\" class=\"wp-image-8736\" srcset=\"https:\/\/tedenloesopreis.nl\/wp-content\/uploads\/2023\/12\/IMG_5171-1024x768-1.jpg 1024w, https:\/\/tedenloesopreis.nl\/wp-content\/uploads\/2023\/12\/IMG_5171-1024x768-1-300x225.jpg 300w, https:\/\/tedenloesopreis.nl\/wp-content\/uploads\/2023\/12\/IMG_5171-1024x768-1-768x576.jpg 768w\" sizes=\"auto, (max-width: 1024px) 100vw, 1024px\" \/><\/a><figcaption class=\"wp-element-caption\"><em>de kust boven Ifjord<\/em><\/figcaption><\/figure>\n<\/div>\n\n\n\n<div class=\"wp-block-column is-layout-flow wp-block-column-is-layout-flow\">\n<figure class=\"wp-block-image size-full\"><a href=\"https:\/\/tedenloesopreis.nl\/wp-content\/uploads\/2023\/12\/IMG_5174-1024x768-1.jpg\" target=\"_blank\" rel=\"noreferrer noopener\"><img loading=\"lazy\" decoding=\"async\" width=\"1024\" height=\"768\" src=\"https:\/\/tedenloesopreis.nl\/wp-content\/uploads\/2023\/12\/IMG_5174-1024x768-1.jpg\" alt=\"\" class=\"wp-image-8737\" srcset=\"https:\/\/tedenloesopreis.nl\/wp-content\/uploads\/2023\/12\/IMG_5174-1024x768-1.jpg 1024w, https:\/\/tedenloesopreis.nl\/wp-content\/uploads\/2023\/12\/IMG_5174-1024x768-1-300x225.jpg 300w, https:\/\/tedenloesopreis.nl\/wp-content\/uploads\/2023\/12\/IMG_5174-1024x768-1-768x576.jpg 768w\" sizes=\"auto, (max-width: 1024px) 100vw, 1024px\" \/><\/a><figcaption class=\"wp-element-caption\"><em>de kust boven Ifjord<\/em><\/figcaption><\/figure>\n<\/div>\n<\/div>\n\n\n\n<div class=\"wp-block-columns is-layout-flex wp-container-core-columns-is-layout-9d6595d7 wp-block-columns-is-layout-flex\">\n<div class=\"wp-block-column is-layout-flow wp-block-column-is-layout-flow\" style=\"flex-basis:33.33%\"><\/div>\n\n\n\n<div class=\"wp-block-column is-layout-flow wp-block-column-is-layout-flow\" style=\"flex-basis:66.66%\">\n<p id=\"gamvikfjell\">Na Bekkarfjord gaat de weg landinwaarts, en komen we op de Gamvikfjell. Deze fjell is heel erg stenig. Het beeld ontstaat van \u201crijden door een maanlandschap\u201d.<\/p>\n<\/div>\n<\/div>\n\n\n\n<div class=\"wp-block-columns is-layout-flex wp-container-core-columns-is-layout-9d6595d7 wp-block-columns-is-layout-flex\">\n<div class=\"wp-block-column is-layout-flow wp-block-column-is-layout-flow\">\n<figure class=\"wp-block-image size-full\"><a href=\"https:\/\/tedenloesopreis.nl\/wp-content\/uploads\/2023\/12\/IMG_5177-1024x768-1.jpg\" target=\"_blank\" rel=\"noreferrer noopener\"><img loading=\"lazy\" decoding=\"async\" width=\"1024\" height=\"768\" src=\"https:\/\/tedenloesopreis.nl\/wp-content\/uploads\/2023\/12\/IMG_5177-1024x768-1.jpg\" alt=\"\" class=\"wp-image-8738\" srcset=\"https:\/\/tedenloesopreis.nl\/wp-content\/uploads\/2023\/12\/IMG_5177-1024x768-1.jpg 1024w, https:\/\/tedenloesopreis.nl\/wp-content\/uploads\/2023\/12\/IMG_5177-1024x768-1-300x225.jpg 300w, https:\/\/tedenloesopreis.nl\/wp-content\/uploads\/2023\/12\/IMG_5177-1024x768-1-768x576.jpg 768w\" sizes=\"auto, (max-width: 1024px) 100vw, 1024px\" \/><\/a><figcaption class=\"wp-element-caption\"><em>de Gamvikfjell<\/em><\/figcaption><\/figure>\n<\/div>\n\n\n\n<div class=\"wp-block-column is-layout-flow wp-block-column-is-layout-flow\">\n<figure class=\"wp-block-image size-full\"><a href=\"https:\/\/tedenloesopreis.nl\/wp-content\/uploads\/2023\/12\/IMG_5178-1024x768-1.jpg\" target=\"_blank\" rel=\"noreferrer noopener\"><img loading=\"lazy\" decoding=\"async\" width=\"1024\" height=\"768\" src=\"https:\/\/tedenloesopreis.nl\/wp-content\/uploads\/2023\/12\/IMG_5178-1024x768-1.jpg\" alt=\"\" class=\"wp-image-8739\" srcset=\"https:\/\/tedenloesopreis.nl\/wp-content\/uploads\/2023\/12\/IMG_5178-1024x768-1.jpg 1024w, https:\/\/tedenloesopreis.nl\/wp-content\/uploads\/2023\/12\/IMG_5178-1024x768-1-300x225.jpg 300w, https:\/\/tedenloesopreis.nl\/wp-content\/uploads\/2023\/12\/IMG_5178-1024x768-1-768x576.jpg 768w\" sizes=\"auto, (max-width: 1024px) 100vw, 1024px\" \/><\/a><figcaption class=\"wp-element-caption\"><em>de Gamvikfjell<\/em><\/figcaption><\/figure>\n<\/div>\n\n\n\n<div class=\"wp-block-column is-layout-flow wp-block-column-is-layout-flow\">\n<figure class=\"wp-block-image size-full\"><a href=\"https:\/\/tedenloesopreis.nl\/wp-content\/uploads\/2023\/12\/IMG_5183-1024x768-1.jpg\" target=\"_blank\" rel=\"noreferrer noopener\"><img loading=\"lazy\" decoding=\"async\" width=\"1024\" height=\"768\" src=\"https:\/\/tedenloesopreis.nl\/wp-content\/uploads\/2023\/12\/IMG_5183-1024x768-1.jpg\" alt=\"\" class=\"wp-image-8740\" srcset=\"https:\/\/tedenloesopreis.nl\/wp-content\/uploads\/2023\/12\/IMG_5183-1024x768-1.jpg 1024w, https:\/\/tedenloesopreis.nl\/wp-content\/uploads\/2023\/12\/IMG_5183-1024x768-1-300x225.jpg 300w, https:\/\/tedenloesopreis.nl\/wp-content\/uploads\/2023\/12\/IMG_5183-1024x768-1-768x576.jpg 768w\" sizes=\"auto, (max-width: 1024px) 100vw, 1024px\" \/><\/a><figcaption class=\"wp-element-caption\"><em>de Gamvikfjell<\/em><\/figcaption><\/figure>\n<\/div>\n<\/div>\n\n\n\n<div class=\"wp-block-columns is-layout-flex wp-container-core-columns-is-layout-9d6595d7 wp-block-columns-is-layout-flex\">\n<div class=\"wp-block-column is-layout-flow wp-block-column-is-layout-flow\">\n<figure class=\"wp-block-image size-full\"><a href=\"https:\/\/tedenloesopreis.nl\/wp-content\/uploads\/2023\/12\/IMG_5184-1024x768-1.jpg\" target=\"_blank\" rel=\"noreferrer noopener\"><img loading=\"lazy\" decoding=\"async\" width=\"1024\" height=\"768\" src=\"https:\/\/tedenloesopreis.nl\/wp-content\/uploads\/2023\/12\/IMG_5184-1024x768-1.jpg\" alt=\"\" class=\"wp-image-8741\" srcset=\"https:\/\/tedenloesopreis.nl\/wp-content\/uploads\/2023\/12\/IMG_5184-1024x768-1.jpg 1024w, https:\/\/tedenloesopreis.nl\/wp-content\/uploads\/2023\/12\/IMG_5184-1024x768-1-300x225.jpg 300w, https:\/\/tedenloesopreis.nl\/wp-content\/uploads\/2023\/12\/IMG_5184-1024x768-1-768x576.jpg 768w\" sizes=\"auto, (max-width: 1024px) 100vw, 1024px\" \/><\/a><figcaption class=\"wp-element-caption\"><em>de Gamvikfjell<\/em><\/figcaption><\/figure>\n<\/div>\n\n\n\n<div class=\"wp-block-column is-layout-flow wp-block-column-is-layout-flow\">\n<figure class=\"wp-block-image size-full\"><a href=\"https:\/\/tedenloesopreis.nl\/wp-content\/uploads\/2023\/12\/IMG_5190-1024x768-1.jpg\" target=\"_blank\" rel=\"noreferrer noopener\"><img loading=\"lazy\" decoding=\"async\" width=\"1024\" height=\"768\" src=\"https:\/\/tedenloesopreis.nl\/wp-content\/uploads\/2023\/12\/IMG_5190-1024x768-1.jpg\" alt=\"\" class=\"wp-image-8742\" srcset=\"https:\/\/tedenloesopreis.nl\/wp-content\/uploads\/2023\/12\/IMG_5190-1024x768-1.jpg 1024w, https:\/\/tedenloesopreis.nl\/wp-content\/uploads\/2023\/12\/IMG_5190-1024x768-1-300x225.jpg 300w, https:\/\/tedenloesopreis.nl\/wp-content\/uploads\/2023\/12\/IMG_5190-1024x768-1-768x576.jpg 768w\" sizes=\"auto, (max-width: 1024px) 100vw, 1024px\" \/><\/a><figcaption class=\"wp-element-caption\"><em>de Gamvikfjell<\/em><\/figcaption><\/figure>\n<\/div>\n\n\n\n<div class=\"wp-block-column is-layout-flow wp-block-column-is-layout-flow\">\n<figure class=\"wp-block-image size-full\"><a href=\"https:\/\/tedenloesopreis.nl\/wp-content\/uploads\/2023\/12\/IMG_5192-1024x768-1.jpg\" target=\"_blank\" rel=\"noreferrer noopener\"><img loading=\"lazy\" decoding=\"async\" width=\"1024\" height=\"768\" src=\"https:\/\/tedenloesopreis.nl\/wp-content\/uploads\/2023\/12\/IMG_5192-1024x768-1.jpg\" alt=\"\" class=\"wp-image-8743\" srcset=\"https:\/\/tedenloesopreis.nl\/wp-content\/uploads\/2023\/12\/IMG_5192-1024x768-1.jpg 1024w, https:\/\/tedenloesopreis.nl\/wp-content\/uploads\/2023\/12\/IMG_5192-1024x768-1-300x225.jpg 300w, https:\/\/tedenloesopreis.nl\/wp-content\/uploads\/2023\/12\/IMG_5192-1024x768-1-768x576.jpg 768w\" sizes=\"auto, (max-width: 1024px) 100vw, 1024px\" \/><\/a><figcaption class=\"wp-element-caption\"><em>de Gamvikfjell<\/em><\/figcaption><\/figure>\n<\/div>\n<\/div>\n\n\n\n<div class=\"wp-block-columns is-layout-flex wp-container-core-columns-is-layout-9d6595d7 wp-block-columns-is-layout-flex\">\n<div class=\"wp-block-column is-layout-flow wp-block-column-is-layout-flow\" style=\"flex-basis:33.33%\"><\/div>\n\n\n\n<div class=\"wp-block-column is-layout-flow wp-block-column-is-layout-flow\" style=\"flex-basis:66.66%\">\n<p>Bij Mehamn gaat de weg even naar zeeniveau, maar verder richting Gamvik is daar weer het maanlandschap. Uiteindelijk wordt er weer afgedaald naar Gamvik, en is er een smal landweggetje richting vuurtoren.<\/p>\n<\/div>\n<\/div>\n\n\n\n<div class=\"wp-block-columns is-layout-flex wp-container-core-columns-is-layout-9d6595d7 wp-block-columns-is-layout-flex\">\n<div class=\"wp-block-column is-layout-flow wp-block-column-is-layout-flow\">\n<figure class=\"wp-block-image size-full\"><a href=\"https:\/\/tedenloesopreis.nl\/wp-content\/uploads\/2023\/12\/IMG_5197-1024x768-1.jpg\" target=\"_blank\" rel=\"noreferrer noopener\"><img loading=\"lazy\" decoding=\"async\" width=\"1024\" height=\"768\" src=\"https:\/\/tedenloesopreis.nl\/wp-content\/uploads\/2023\/12\/IMG_5197-1024x768-1.jpg\" alt=\"\" class=\"wp-image-8744\" srcset=\"https:\/\/tedenloesopreis.nl\/wp-content\/uploads\/2023\/12\/IMG_5197-1024x768-1.jpg 1024w, https:\/\/tedenloesopreis.nl\/wp-content\/uploads\/2023\/12\/IMG_5197-1024x768-1-300x225.jpg 300w, https:\/\/tedenloesopreis.nl\/wp-content\/uploads\/2023\/12\/IMG_5197-1024x768-1-768x576.jpg 768w\" sizes=\"auto, (max-width: 1024px) 100vw, 1024px\" \/><\/a><figcaption class=\"wp-element-caption\"><em>tussen Mehamn en Gamvik<\/em><\/figcaption><\/figure>\n<\/div>\n\n\n\n<div class=\"wp-block-column is-layout-flow wp-block-column-is-layout-flow\">\n<figure class=\"wp-block-image size-full\"><a href=\"https:\/\/tedenloesopreis.nl\/wp-content\/uploads\/2023\/12\/IMG_5199-1024x768-1.jpg\" target=\"_blank\" rel=\"noreferrer noopener\"><img loading=\"lazy\" decoding=\"async\" width=\"1024\" height=\"768\" src=\"https:\/\/tedenloesopreis.nl\/wp-content\/uploads\/2023\/12\/IMG_5199-1024x768-1.jpg\" alt=\"\" class=\"wp-image-8745\" srcset=\"https:\/\/tedenloesopreis.nl\/wp-content\/uploads\/2023\/12\/IMG_5199-1024x768-1.jpg 1024w, https:\/\/tedenloesopreis.nl\/wp-content\/uploads\/2023\/12\/IMG_5199-1024x768-1-300x225.jpg 300w, https:\/\/tedenloesopreis.nl\/wp-content\/uploads\/2023\/12\/IMG_5199-1024x768-1-768x576.jpg 768w\" sizes=\"auto, (max-width: 1024px) 100vw, 1024px\" \/><\/a><figcaption class=\"wp-element-caption\"><em>tussen Mehamn en Gamvik<\/em><\/figcaption><\/figure>\n<\/div>\n\n\n\n<div class=\"wp-block-column is-layout-flow wp-block-column-is-layout-flow\">\n<figure class=\"wp-block-image size-full\"><a href=\"https:\/\/tedenloesopreis.nl\/wp-content\/uploads\/2023\/12\/IMG_5200-1024x768-1.jpg\" target=\"_blank\" rel=\"noreferrer noopener\"><img loading=\"lazy\" decoding=\"async\" width=\"1024\" height=\"768\" src=\"https:\/\/tedenloesopreis.nl\/wp-content\/uploads\/2023\/12\/IMG_5200-1024x768-1.jpg\" alt=\"\" class=\"wp-image-8746\" srcset=\"https:\/\/tedenloesopreis.nl\/wp-content\/uploads\/2023\/12\/IMG_5200-1024x768-1.jpg 1024w, https:\/\/tedenloesopreis.nl\/wp-content\/uploads\/2023\/12\/IMG_5200-1024x768-1-300x225.jpg 300w, https:\/\/tedenloesopreis.nl\/wp-content\/uploads\/2023\/12\/IMG_5200-1024x768-1-768x576.jpg 768w\" sizes=\"auto, (max-width: 1024px) 100vw, 1024px\" \/><\/a><figcaption class=\"wp-element-caption\"><em>tussen Mehamn en Gamvik<\/em><\/figcaption><\/figure>\n<\/div>\n<\/div>\n\n\n\n<div class=\"wp-block-columns is-layout-flex wp-container-core-columns-is-layout-9d6595d7 wp-block-columns-is-layout-flex\">\n<div class=\"wp-block-column is-layout-flow wp-block-column-is-layout-flow\" style=\"flex-basis:33.33%\"><\/div>\n\n\n\n<div class=\"wp-block-column is-layout-flow wp-block-column-is-layout-flow\" style=\"flex-basis:66.66%\">\n<p>We vinden in de buurt van de vuurtoren een&nbsp;<a href=\"https:\/\/www.campercontact.com\/nl\/noorwegen\/troms-og-finnmark\/gamvik\/79117\/slettnes-fyr\" target=\"_blank\" rel=\"noreferrer noopener\">prima plaats<\/a>&nbsp;om te overnachten. We fietsen nog naar de vuurtoren en genieten in het cafeetje bij de vuurtoren van koffie met een lekkere verse wafel. (1)<\/p>\n<\/div>\n<\/div>\n\n\n\n<div class=\"wp-block-columns is-layout-flex wp-container-core-columns-is-layout-9d6595d7 wp-block-columns-is-layout-flex\">\n<div class=\"wp-block-column is-layout-flow wp-block-column-is-layout-flow\">\n<figure class=\"wp-block-image size-full\"><a href=\"https:\/\/tedenloesopreis.nl\/wp-content\/uploads\/2023\/12\/IMG_5201-1024x768-1.jpg\" target=\"_blank\" rel=\"noreferrer noopener\"><img loading=\"lazy\" decoding=\"async\" width=\"1024\" height=\"768\" src=\"https:\/\/tedenloesopreis.nl\/wp-content\/uploads\/2023\/12\/IMG_5201-1024x768-1.jpg\" alt=\"\" class=\"wp-image-8747\" srcset=\"https:\/\/tedenloesopreis.nl\/wp-content\/uploads\/2023\/12\/IMG_5201-1024x768-1.jpg 1024w, https:\/\/tedenloesopreis.nl\/wp-content\/uploads\/2023\/12\/IMG_5201-1024x768-1-300x225.jpg 300w, https:\/\/tedenloesopreis.nl\/wp-content\/uploads\/2023\/12\/IMG_5201-1024x768-1-768x576.jpg 768w\" sizes=\"auto, (max-width: 1024px) 100vw, 1024px\" \/><\/a><figcaption class=\"wp-element-caption\"><em>camperplaats bij Slettnes Fyr<\/em><\/figcaption><\/figure>\n<\/div>\n\n\n\n<div class=\"wp-block-column is-layout-flow wp-block-column-is-layout-flow\">\n<figure class=\"wp-block-image size-full\"><a href=\"https:\/\/tedenloesopreis.nl\/wp-content\/uploads\/2023\/12\/IMG_5202-1024x768-1.jpg\" target=\"_blank\" rel=\"noreferrer noopener\"><img loading=\"lazy\" decoding=\"async\" width=\"1024\" height=\"768\" src=\"https:\/\/tedenloesopreis.nl\/wp-content\/uploads\/2023\/12\/IMG_5202-1024x768-1.jpg\" alt=\"\" class=\"wp-image-8748\" srcset=\"https:\/\/tedenloesopreis.nl\/wp-content\/uploads\/2023\/12\/IMG_5202-1024x768-1.jpg 1024w, https:\/\/tedenloesopreis.nl\/wp-content\/uploads\/2023\/12\/IMG_5202-1024x768-1-300x225.jpg 300w, https:\/\/tedenloesopreis.nl\/wp-content\/uploads\/2023\/12\/IMG_5202-1024x768-1-768x576.jpg 768w\" sizes=\"auto, (max-width: 1024px) 100vw, 1024px\" \/><\/a><figcaption class=\"wp-element-caption\"><em>camperplaats bij Slettnes Fyr<\/em><\/figcaption><\/figure>\n<\/div>\n\n\n\n<div class=\"wp-block-column is-layout-flow wp-block-column-is-layout-flow\">\n<figure class=\"wp-block-image size-full\"><a href=\"https:\/\/tedenloesopreis.nl\/wp-content\/uploads\/2023\/12\/IMG_5204-1024x768-1.jpg\" target=\"_blank\" rel=\"noreferrer noopener\"><img loading=\"lazy\" decoding=\"async\" width=\"1024\" height=\"768\" src=\"https:\/\/tedenloesopreis.nl\/wp-content\/uploads\/2023\/12\/IMG_5204-1024x768-1.jpg\" alt=\"\" class=\"wp-image-8749\" srcset=\"https:\/\/tedenloesopreis.nl\/wp-content\/uploads\/2023\/12\/IMG_5204-1024x768-1.jpg 1024w, https:\/\/tedenloesopreis.nl\/wp-content\/uploads\/2023\/12\/IMG_5204-1024x768-1-300x225.jpg 300w, https:\/\/tedenloesopreis.nl\/wp-content\/uploads\/2023\/12\/IMG_5204-1024x768-1-768x576.jpg 768w\" sizes=\"auto, (max-width: 1024px) 100vw, 1024px\" \/><\/a><figcaption class=\"wp-element-caption\"><em>de vuurtoren en het cafeetje<\/em><\/figcaption><\/figure>\n<\/div>\n<\/div>\n\n\n\n<div class=\"wp-block-columns is-layout-flex wp-container-core-columns-is-layout-9d6595d7 wp-block-columns-is-layout-flex\">\n<div class=\"wp-block-column is-layout-flow wp-block-column-is-layout-flow\" style=\"flex-basis:33.33%\">\n<figure class=\"wp-block-image size-full\"><a href=\"https:\/\/tedenloesopreis.nl\/wp-content\/uploads\/2023\/12\/IMG_5209-1024x768-1.jpg\" target=\"_blank\" rel=\"noreferrer noopener\"><img loading=\"lazy\" decoding=\"async\" width=\"1024\" height=\"768\" src=\"https:\/\/tedenloesopreis.nl\/wp-content\/uploads\/2023\/12\/IMG_5209-1024x768-1.jpg\" alt=\"\" class=\"wp-image-8750\" srcset=\"https:\/\/tedenloesopreis.nl\/wp-content\/uploads\/2023\/12\/IMG_5209-1024x768-1.jpg 1024w, https:\/\/tedenloesopreis.nl\/wp-content\/uploads\/2023\/12\/IMG_5209-1024x768-1-300x225.jpg 300w, https:\/\/tedenloesopreis.nl\/wp-content\/uploads\/2023\/12\/IMG_5209-1024x768-1-768x576.jpg 768w\" sizes=\"auto, (max-width: 1024px) 100vw, 1024px\" \/><\/a><figcaption class=\"wp-element-caption\"><em>Hurtigruten naar Berlev\u00e5g<\/em><\/figcaption><\/figure>\n<\/div>\n\n\n\n<div class=\"wp-block-column is-layout-flow wp-block-column-is-layout-flow\" style=\"flex-basis:66.66%\">\n<p>In de loop van de avond zien we eerst de Hurtigruten naar Berlev\u00e5g langsvaren. Zo\u2019n anderhalf uur later komt de Hurtigruten uit Berlev\u00e5g voorbij.<\/p>\n<\/div>\n<\/div>\n\n\n\n<div class=\"wp-block-columns is-layout-flex wp-container-core-columns-is-layout-9d6595d7 wp-block-columns-is-layout-flex\">\n<div class=\"wp-block-column is-layout-flow wp-block-column-is-layout-flow\" style=\"flex-basis:33.33%\">\n<figure class=\"wp-block-image size-full\"><a href=\"https:\/\/tedenloesopreis.nl\/wp-content\/uploads\/2023\/12\/IMG_5214-1024x768-1.jpg\" target=\"_blank\" rel=\"noreferrer noopener\"><img loading=\"lazy\" decoding=\"async\" width=\"1024\" height=\"768\" src=\"https:\/\/tedenloesopreis.nl\/wp-content\/uploads\/2023\/12\/IMG_5214-1024x768-1.jpg\" alt=\"\" class=\"wp-image-8751\" srcset=\"https:\/\/tedenloesopreis.nl\/wp-content\/uploads\/2023\/12\/IMG_5214-1024x768-1.jpg 1024w, https:\/\/tedenloesopreis.nl\/wp-content\/uploads\/2023\/12\/IMG_5214-1024x768-1-300x225.jpg 300w, https:\/\/tedenloesopreis.nl\/wp-content\/uploads\/2023\/12\/IMG_5214-1024x768-1-768x576.jpg 768w\" sizes=\"auto, (max-width: 1024px) 100vw, 1024px\" \/><\/a><figcaption class=\"wp-element-caption\"><em>de mislukte middernachtzon<\/em><\/figcaption><\/figure>\n<\/div>\n\n\n\n<div class=\"wp-block-column is-layout-flow wp-block-column-is-layout-flow\" style=\"flex-basis:66.66%\">\n<p id=\"middernacht2\">Tegen middernacht wandelen we nog naar een wat hoger gelegen punt en zien daar bijna onze tweede middernachtzon. Helaas blijven er enige sluiers voor de zon hangen. De mislukte middernachtzon ziet er overigens w\u00e9l heel mooi uit.<\/p>\n<\/div>\n<\/div>\n\n\n\n<div class=\"wp-block-columns is-layout-flex wp-container-core-columns-is-layout-9d6595d7 wp-block-columns-is-layout-flex\">\n<div class=\"wp-block-column is-layout-flow wp-block-column-is-layout-flow\" style=\"flex-basis:33.33%\"><\/div>\n\n\n\n<div class=\"wp-block-column is-layout-flow wp-block-column-is-layout-flow\" style=\"flex-basis:66.66%\">\n<p class=\"has-regular-font-size\"><em>(1) &nbsp;Het is het cafeetje bij Slettnes Fyr dat ons heeft doen besluiten om de reis naar de Noordkaap met twee weken uit te stellen. Volgens de website van het cafeetje zou het n.l. nog gesloten zijn op de oorspronkelijk geplande bezoekdag. Dat bracht ons op de gedachte, dat het op dat moment waarschijnlijk nog te vroeg was voor Noord-Noorwegen.<\/em><\/p>\n<\/div>\n<\/div>\n\n\n\n<div style=\"height:35px\" aria-hidden=\"true\" class=\"wp-block-spacer\"><\/div>\n\n\n\n<div class=\"wp-block-columns is-layout-flex wp-container-core-columns-is-layout-9d6595d7 wp-block-columns-is-layout-flex\">\n<div class=\"wp-block-column is-layout-flow wp-block-column-is-layout-flow\">\n<p class=\"has-orange-background-color has-background\" id=\"dag19\"><\/p>\n<\/div>\n<\/div>\n\n\n\n<div class=\"wp-block-columns is-layout-flex wp-container-core-columns-is-layout-9d6595d7 wp-block-columns-is-layout-flex\">\n<div class=\"wp-block-column is-layout-flow wp-block-column-is-layout-flow\" style=\"flex-basis:33.33%\">\n<p class=\"has-small-font-size\"><a href=\"#titel\">top<\/a><\/p>\n<\/div>\n\n\n\n<div class=\"wp-block-column is-layout-flow wp-block-column-is-layout-flow\" style=\"flex-basis:66.66%\">\n<p><strong>EEN GOEDE VOORBEREIDING &#8230;..<\/strong><br>dag 19 &nbsp; &nbsp; &nbsp;wo 20 juni 2018<br><a href=\"https:\/\/www.google.com\/maps\/d\/viewer?mid=1LI9Qsbqff8kkNA-oSsmAqhosoNKJxr8i&amp;ll=70.72686793043093%2C27.12257691894536&amp;z=9\" target=\"_blank\" rel=\"noreferrer noopener\">Slettnes Fyr \u2013 Kunes<\/a>&nbsp;&nbsp; &nbsp; &nbsp;203 km<\/p>\n<\/div>\n<\/div>\n\n\n\n<div style=\"height:20px\" aria-hidden=\"true\" class=\"wp-block-spacer\"><\/div>\n\n\n\n<div class=\"wp-block-columns is-layout-flex wp-container-core-columns-is-layout-9d6595d7 wp-block-columns-is-layout-flex\">\n<div class=\"wp-block-column is-layout-flow wp-block-column-is-layout-flow\" style=\"flex-basis:33.33%\"><\/div>\n\n\n\n<div class=\"wp-block-column is-layout-flow wp-block-column-is-layout-flow\" style=\"flex-basis:66.66%\">\n<p>Op onze reis naar de Noordkaap stoppen we in Kunes. Daar ligt de enige camping tussen Gamvik en de Noordkaap die een positieve beoordeling heeft gekregen voor de sanitaire faciliteiten. Hier kunnen we niet alleen een fatsoenlijke douche nemen, maar ook de toilet en de vuilwatertank legen, de drinkwatertank vullen en een aantal wasjes draaien. De komende stops zijn op de Noordkaap (wellicht 2 nachten) en in Havoysund. Op beide plekken staan we op camperplaatsen zonder voorzieningen. Het is dus belangrijk dat zowel wij als de bus daarop goed zijn voorbereid.&nbsp;<\/p>\n\n\n\n<p>Na een erg actieve zon vannacht (zie ook de mislukte middernachtzon in het vorige verslag) is het ontwaken een teleurstelling: het is behoorlijk mistig.&nbsp;<\/p>\n\n\n\n<p>We vertrekken op ons gemak vanaf Slettnes Fyr. Net voorbij Gamvik zien we een oranje bord met de \u2018kolonnetider\u2019, de vertrektijden van de sneeuwkonvooien. Als er een flink pak sneeuw ligt, mag je met een auto alleen de fjell over, als je aansluit in een konvooi dat vooraf wordt gegaan door een sneeuwruimer en dat wordt gesloten door een bergingsvoertuig. Sinds de aanleg van de wegen in de kop van Noorwegen, zoals de weg van Gamvik naar Mehamn, is de Hurigruten tijdens de winterperiode minder essentieel geworden voor de ontsluiting van het gebied.<\/p>\n<\/div>\n<\/div>\n\n\n\n<div class=\"wp-block-columns is-layout-flex wp-container-core-columns-is-layout-9d6595d7 wp-block-columns-is-layout-flex\">\n<div class=\"wp-block-column is-layout-flow wp-block-column-is-layout-flow\">\n<figure class=\"wp-block-image size-full\"><a href=\"https:\/\/tedenloesopreis.nl\/wp-content\/uploads\/2023\/12\/IMG_5221-1024x768-1.jpg\" target=\"_blank\" rel=\"noreferrer noopener\"><img loading=\"lazy\" decoding=\"async\" width=\"1024\" height=\"768\" src=\"https:\/\/tedenloesopreis.nl\/wp-content\/uploads\/2023\/12\/IMG_5221-1024x768-1.jpg\" alt=\"\" class=\"wp-image-8754\" srcset=\"https:\/\/tedenloesopreis.nl\/wp-content\/uploads\/2023\/12\/IMG_5221-1024x768-1.jpg 1024w, https:\/\/tedenloesopreis.nl\/wp-content\/uploads\/2023\/12\/IMG_5221-1024x768-1-300x225.jpg 300w, https:\/\/tedenloesopreis.nl\/wp-content\/uploads\/2023\/12\/IMG_5221-1024x768-1-768x576.jpg 768w\" sizes=\"auto, (max-width: 1024px) 100vw, 1024px\" \/><\/a><figcaption class=\"wp-element-caption\"><em>mistig ontwaken bij Slettnes Fyr<\/em><\/figcaption><\/figure>\n<\/div>\n\n\n\n<div class=\"wp-block-column is-layout-flow wp-block-column-is-layout-flow\">\n<figure class=\"wp-block-image size-full\"><a href=\"https:\/\/tedenloesopreis.nl\/wp-content\/uploads\/2023\/12\/IMG_5224-1024x768-1.jpg\" target=\"_blank\" rel=\"noreferrer noopener\"><img loading=\"lazy\" decoding=\"async\" width=\"1024\" height=\"768\" src=\"https:\/\/tedenloesopreis.nl\/wp-content\/uploads\/2023\/12\/IMG_5224-1024x768-1.jpg\" alt=\"\" class=\"wp-image-8755\" srcset=\"https:\/\/tedenloesopreis.nl\/wp-content\/uploads\/2023\/12\/IMG_5224-1024x768-1.jpg 1024w, https:\/\/tedenloesopreis.nl\/wp-content\/uploads\/2023\/12\/IMG_5224-1024x768-1-300x225.jpg 300w, https:\/\/tedenloesopreis.nl\/wp-content\/uploads\/2023\/12\/IMG_5224-1024x768-1-768x576.jpg 768w\" sizes=\"auto, (max-width: 1024px) 100vw, 1024px\" \/><\/a><figcaption class=\"wp-element-caption\"><em>vertrektijden sneeuwkonvooien<\/em><\/figcaption><\/figure>\n<\/div>\n\n\n\n<div class=\"wp-block-column is-layout-flow wp-block-column-is-layout-flow\">\n<figure class=\"wp-block-image size-full\"><a href=\"https:\/\/tedenloesopreis.nl\/wp-content\/uploads\/2023\/12\/IMG_5231-1024x768-1.jpg\" target=\"_blank\" rel=\"noreferrer noopener\"><img loading=\"lazy\" decoding=\"async\" width=\"1024\" height=\"768\" src=\"https:\/\/tedenloesopreis.nl\/wp-content\/uploads\/2023\/12\/IMG_5231-1024x768-1.jpg\" alt=\"\" class=\"wp-image-8756\" srcset=\"https:\/\/tedenloesopreis.nl\/wp-content\/uploads\/2023\/12\/IMG_5231-1024x768-1.jpg 1024w, https:\/\/tedenloesopreis.nl\/wp-content\/uploads\/2023\/12\/IMG_5231-1024x768-1-300x225.jpg 300w, https:\/\/tedenloesopreis.nl\/wp-content\/uploads\/2023\/12\/IMG_5231-1024x768-1-768x576.jpg 768w\" sizes=\"auto, (max-width: 1024px) 100vw, 1024px\" \/><\/a><figcaption class=\"wp-element-caption\"><em>van Gamvik naar Mehamn<\/em><\/figcaption><\/figure>\n<\/div>\n<\/div>\n\n\n\n<div class=\"wp-block-columns is-layout-flex wp-container-core-columns-is-layout-9d6595d7 wp-block-columns-is-layout-flex\">\n<div class=\"wp-block-column is-layout-flow wp-block-column-is-layout-flow\">\n<figure class=\"wp-block-image size-full\"><a href=\"https:\/\/tedenloesopreis.nl\/wp-content\/uploads\/2023\/12\/IMG_5229-1024x768-1.jpg\" target=\"_blank\" rel=\"noreferrer noopener\"><img loading=\"lazy\" decoding=\"async\" width=\"1024\" height=\"768\" src=\"https:\/\/tedenloesopreis.nl\/wp-content\/uploads\/2023\/12\/IMG_5229-1024x768-1.jpg\" alt=\"\" class=\"wp-image-8757\" srcset=\"https:\/\/tedenloesopreis.nl\/wp-content\/uploads\/2023\/12\/IMG_5229-1024x768-1.jpg 1024w, https:\/\/tedenloesopreis.nl\/wp-content\/uploads\/2023\/12\/IMG_5229-1024x768-1-300x225.jpg 300w, https:\/\/tedenloesopreis.nl\/wp-content\/uploads\/2023\/12\/IMG_5229-1024x768-1-768x576.jpg 768w\" sizes=\"auto, (max-width: 1024px) 100vw, 1024px\" \/><\/a><figcaption class=\"wp-element-caption\"><em>van Gamvik naar Mehamn<\/em><\/figcaption><\/figure>\n<\/div>\n\n\n\n<div class=\"wp-block-column is-layout-flow wp-block-column-is-layout-flow\">\n<figure class=\"wp-block-image size-full\"><a href=\"https:\/\/tedenloesopreis.nl\/wp-content\/uploads\/2023\/12\/IMG_5226-1024x768-1.jpg\" target=\"_blank\" rel=\"noreferrer noopener\"><img loading=\"lazy\" decoding=\"async\" width=\"1024\" height=\"768\" src=\"https:\/\/tedenloesopreis.nl\/wp-content\/uploads\/2023\/12\/IMG_5226-1024x768-1.jpg\" alt=\"\" class=\"wp-image-8758\" srcset=\"https:\/\/tedenloesopreis.nl\/wp-content\/uploads\/2023\/12\/IMG_5226-1024x768-1.jpg 1024w, https:\/\/tedenloesopreis.nl\/wp-content\/uploads\/2023\/12\/IMG_5226-1024x768-1-300x225.jpg 300w, https:\/\/tedenloesopreis.nl\/wp-content\/uploads\/2023\/12\/IMG_5226-1024x768-1-768x576.jpg 768w\" sizes=\"auto, (max-width: 1024px) 100vw, 1024px\" \/><\/a><figcaption class=\"wp-element-caption\"><em>van Gamvik naar Mehamn<\/em><\/figcaption><\/figure>\n<\/div>\n\n\n\n<div class=\"wp-block-column is-layout-flow wp-block-column-is-layout-flow\">\n<figure class=\"wp-block-image size-full\"><a href=\"https:\/\/tedenloesopreis.nl\/wp-content\/uploads\/2023\/12\/IMG_5225-1024x768-1.jpg\" target=\"_blank\" rel=\"noreferrer noopener\"><img loading=\"lazy\" decoding=\"async\" width=\"1024\" height=\"768\" src=\"https:\/\/tedenloesopreis.nl\/wp-content\/uploads\/2023\/12\/IMG_5225-1024x768-1.jpg\" alt=\"\" class=\"wp-image-8759\" srcset=\"https:\/\/tedenloesopreis.nl\/wp-content\/uploads\/2023\/12\/IMG_5225-1024x768-1.jpg 1024w, https:\/\/tedenloesopreis.nl\/wp-content\/uploads\/2023\/12\/IMG_5225-1024x768-1-300x225.jpg 300w, https:\/\/tedenloesopreis.nl\/wp-content\/uploads\/2023\/12\/IMG_5225-1024x768-1-768x576.jpg 768w\" sizes=\"auto, (max-width: 1024px) 100vw, 1024px\" \/><\/a><figcaption class=\"wp-element-caption\"><em>van Gamvik naar Mehamn<\/em><\/figcaption><\/figure>\n<\/div>\n<\/div>\n\n\n\n<div class=\"wp-block-columns is-layout-flex wp-container-core-columns-is-layout-9d6595d7 wp-block-columns-is-layout-flex\">\n<div class=\"wp-block-column is-layout-flow wp-block-column-is-layout-flow\" style=\"flex-basis:33.33%\"><\/div>\n\n\n\n<div class=\"wp-block-column is-layout-flow wp-block-column-is-layout-flow\" style=\"flex-basis:66.66%\">\n<p>In Mehamn besluiten we, om een kijkje te nemen in het plaatsje. We zien er een bakkerij, en we nemen daar de (vrij vroege) ochtendcappuccino.<\/p>\n\n\n\n<p id=\"kjollefjord\">We rijden verder richting Ifjord (over de \u2018888\u2019), en nemen de afslag naar Kjollefjord voor een bezoek aan dat plaatsje (over de \u2018894\u2019). Zoals gebruikelijk in dit deel van Noorwegen: we rijden die weg ook weer terug.&nbsp;<\/p>\n<\/div>\n<\/div>\n\n\n\n<div class=\"wp-block-columns is-layout-flex wp-container-core-columns-is-layout-9d6595d7 wp-block-columns-is-layout-flex\">\n<div class=\"wp-block-column is-layout-flow wp-block-column-is-layout-flow\">\n<figure class=\"wp-block-image size-full\"><a href=\"https:\/\/tedenloesopreis.nl\/wp-content\/uploads\/2023\/12\/IMG_5244-1024x768-2.jpg\" target=\"_blank\" rel=\"noreferrer noopener\"><img loading=\"lazy\" decoding=\"async\" width=\"1024\" height=\"768\" src=\"https:\/\/tedenloesopreis.nl\/wp-content\/uploads\/2023\/12\/IMG_5244-1024x768-2.jpg\" alt=\"\" class=\"wp-image-8761\" srcset=\"https:\/\/tedenloesopreis.nl\/wp-content\/uploads\/2023\/12\/IMG_5244-1024x768-2.jpg 1024w, https:\/\/tedenloesopreis.nl\/wp-content\/uploads\/2023\/12\/IMG_5244-1024x768-2-300x225.jpg 300w, https:\/\/tedenloesopreis.nl\/wp-content\/uploads\/2023\/12\/IMG_5244-1024x768-2-768x576.jpg 768w\" sizes=\"auto, (max-width: 1024px) 100vw, 1024px\" \/><\/a><figcaption class=\"wp-element-caption\"><em>onderweg naar Kjollefjord<\/em><\/figcaption><\/figure>\n<\/div>\n\n\n\n<div class=\"wp-block-column is-layout-flow wp-block-column-is-layout-flow\">\n<figure class=\"wp-block-image size-full\"><a href=\"https:\/\/tedenloesopreis.nl\/wp-content\/uploads\/2023\/12\/IMG_5243-1024x768-1.jpg\" target=\"_blank\" rel=\"noreferrer noopener\"><img loading=\"lazy\" decoding=\"async\" width=\"1024\" height=\"768\" src=\"https:\/\/tedenloesopreis.nl\/wp-content\/uploads\/2023\/12\/IMG_5243-1024x768-1.jpg\" alt=\"\" class=\"wp-image-8762\" srcset=\"https:\/\/tedenloesopreis.nl\/wp-content\/uploads\/2023\/12\/IMG_5243-1024x768-1.jpg 1024w, https:\/\/tedenloesopreis.nl\/wp-content\/uploads\/2023\/12\/IMG_5243-1024x768-1-300x225.jpg 300w, https:\/\/tedenloesopreis.nl\/wp-content\/uploads\/2023\/12\/IMG_5243-1024x768-1-768x576.jpg 768w\" sizes=\"auto, (max-width: 1024px) 100vw, 1024px\" \/><\/a><figcaption class=\"wp-element-caption\"><em>onderweg naar Kjollefjord<\/em><\/figcaption><\/figure>\n<\/div>\n\n\n\n<div class=\"wp-block-column is-layout-flow wp-block-column-is-layout-flow\">\n<figure class=\"wp-block-image size-full\"><a href=\"https:\/\/tedenloesopreis.nl\/wp-content\/uploads\/2023\/12\/IMG_5234-1024x768-1.jpg\" target=\"_blank\" rel=\"noreferrer noopener\"><img loading=\"lazy\" decoding=\"async\" width=\"1024\" height=\"768\" src=\"https:\/\/tedenloesopreis.nl\/wp-content\/uploads\/2023\/12\/IMG_5234-1024x768-1.jpg\" alt=\"\" class=\"wp-image-8763\" srcset=\"https:\/\/tedenloesopreis.nl\/wp-content\/uploads\/2023\/12\/IMG_5234-1024x768-1.jpg 1024w, https:\/\/tedenloesopreis.nl\/wp-content\/uploads\/2023\/12\/IMG_5234-1024x768-1-300x225.jpg 300w, https:\/\/tedenloesopreis.nl\/wp-content\/uploads\/2023\/12\/IMG_5234-1024x768-1-768x576.jpg 768w\" sizes=\"auto, (max-width: 1024px) 100vw, 1024px\" \/><\/a><figcaption class=\"wp-element-caption\"><em>Kjollefjord<\/em><\/figcaption><\/figure>\n<\/div>\n<\/div>\n\n\n\n<div class=\"wp-block-columns is-layout-flex wp-container-core-columns-is-layout-9d6595d7 wp-block-columns-is-layout-flex\">\n<div class=\"wp-block-column is-layout-flow wp-block-column-is-layout-flow\" style=\"flex-basis:33.33%\"><\/div>\n\n\n\n<div class=\"wp-block-column is-layout-flow wp-block-column-is-layout-flow\" style=\"flex-basis:66.66%\">\n<p>In Ifjord nemen we de \u201998\u2019 naar Lakselv. Dit deel van de \u201998\u2019 is bijna net zo beroerd als het gedeelte bij Rustefjelbma.<\/p>\n\n\n\n<p>De&nbsp;<a href=\"https:\/\/www.campercontact.com\/nl\/noorwegen\/troms-og-finnmark\/kunes\/54474\/kunes-camping\" target=\"_blank\" rel=\"noreferrer noopener\">camping van Kunes<\/a>&nbsp;is heel erg rustig. We staan helemaal alleen op het passantendeel. De sanitaire voorzieningen zijn goed. Ook de installatie voor de verzorging van de bus is prima. Het internet valt tegen.<\/p>\n<\/div>\n<\/div>\n\n\n\n<div style=\"height:35px\" aria-hidden=\"true\" class=\"wp-block-spacer\"><\/div>\n\n\n\n<div class=\"wp-block-columns is-layout-flex wp-container-core-columns-is-layout-9d6595d7 wp-block-columns-is-layout-flex\">\n<div class=\"wp-block-column is-layout-flow wp-block-column-is-layout-flow\">\n<p class=\"has-orange-background-color has-background\" id=\"dag20\"><\/p>\n<\/div>\n<\/div>\n\n\n\n<div class=\"wp-block-columns is-layout-flex wp-container-core-columns-is-layout-9d6595d7 wp-block-columns-is-layout-flex\">\n<div class=\"wp-block-column is-layout-flow wp-block-column-is-layout-flow\" style=\"flex-basis:33.33%\">\n<p class=\"has-small-font-size\"><a href=\"#titel\">top<\/a><\/p>\n<\/div>\n\n\n\n<div class=\"wp-block-column is-layout-flow wp-block-column-is-layout-flow\" style=\"flex-basis:66.66%\">\n<p><strong>RUSTDAG KUNES<\/strong><br>dag 20 &nbsp; &nbsp;&nbsp; &nbsp;do 21 juni 2018<br>rustdag Kunes &nbsp; &nbsp; &nbsp;0 km<\/p>\n<\/div>\n<\/div>\n\n\n\n<div style=\"height:20px\" aria-hidden=\"true\" class=\"wp-block-spacer\"><\/div>\n\n\n\n<div class=\"wp-block-columns is-layout-flex wp-container-core-columns-is-layout-9d6595d7 wp-block-columns-is-layout-flex\">\n<div class=\"wp-block-column is-layout-flow wp-block-column-is-layout-flow\" style=\"flex-basis:33.33%\">\n<figure class=\"wp-block-image size-full\"><a href=\"https:\/\/tedenloesopreis.nl\/wp-content\/uploads\/2023\/12\/IMG_5248-1024x768-1.jpg\" target=\"_blank\" rel=\"noreferrer noopener\"><img loading=\"lazy\" decoding=\"async\" width=\"1024\" height=\"768\" src=\"https:\/\/tedenloesopreis.nl\/wp-content\/uploads\/2023\/12\/IMG_5248-1024x768-1.jpg\" alt=\"\" class=\"wp-image-8765\" srcset=\"https:\/\/tedenloesopreis.nl\/wp-content\/uploads\/2023\/12\/IMG_5248-1024x768-1.jpg 1024w, https:\/\/tedenloesopreis.nl\/wp-content\/uploads\/2023\/12\/IMG_5248-1024x768-1-300x225.jpg 300w, https:\/\/tedenloesopreis.nl\/wp-content\/uploads\/2023\/12\/IMG_5248-1024x768-1-768x576.jpg 768w\" sizes=\"auto, (max-width: 1024px) 100vw, 1024px\" \/><\/a><figcaption class=\"wp-element-caption\"><em>Camping in Kunes;<\/em><br><em>\u2018Cuxhaven\u2019 links, de was achter de voorruit<\/em><\/figcaption><\/figure>\n<\/div>\n\n\n\n<div class=\"wp-block-column is-layout-flow wp-block-column-is-layout-flow\" style=\"flex-basis:66.66%\">\n<p>Vandaag is, zoals gisteren al aangekondigd, een rustdag. Van de voorgenomen aktiviteiten (mens en bus voorbereiden op een paar dagen \u201cwild kamperen\u201d) is het nog niet gekomen, afgezien van een wasje ondergoed. Het regent al de hele dag, dus we blijven lekker in ons \u201chuisje\u201d. We vergaderen o.a. over de invulling van de dagen die we zijn ingelopen op de oorspronkelijke planning (sneller door Finland, rechtstreeks naar Slettnes Fyr). Die dagen gaan we gebruiken om nog eens een stukje van de kustroute \u201817\u2019 te rijden (vorig jaar was het daar slecht weer).&nbsp;<\/p>\n\n\n\n<p>We zijn hier in een deel van Noorwegen, dat niet erg veel toeristen trekt. De meeste Noordkaap-gangers rijden via de directe route: Karasjok, Lakselv en Olderfjord. Er zijn buiten deze route dan ook vrij weinig campings\/camperplaatsen. Dus is er een vrij grote kans, dat je onderweg wat vaker dezelfde mensen ziet. Zo staan \u201cdie Leute aus Cuxhaven\u201d al voor de derde keer naast ons.&nbsp;<\/p>\n\n\n\n<p>Zoals al vermeld, het is vandaag een regendag. Dat geldt ook voor de Noordkaap. Vandaag was dus absoluut geen geschikte Noordkaap-dag. Morgen belooft het de enige korte opklaring van de komende dagen te zijn, dus onze planning is relatief gunstig.<\/p>\n<\/div>\n<\/div>\n\n\n\n<div style=\"height:35px\" aria-hidden=\"true\" class=\"wp-block-spacer\"><\/div>\n\n\n\n<div class=\"wp-block-columns is-layout-flex wp-container-core-columns-is-layout-9d6595d7 wp-block-columns-is-layout-flex\">\n<div class=\"wp-block-column is-layout-flow wp-block-column-is-layout-flow\">\n<p class=\"has-orange-background-color has-background\" id=\"dag21\"><\/p>\n<\/div>\n<\/div>\n\n\n\n<div class=\"wp-block-columns is-layout-flex wp-container-core-columns-is-layout-9d6595d7 wp-block-columns-is-layout-flex\">\n<div class=\"wp-block-column is-layout-flow wp-block-column-is-layout-flow\" style=\"flex-basis:33.33%\">\n<p class=\"has-small-font-size\"><a href=\"#titel\">top<\/a><\/p>\n<\/div>\n\n\n\n<div class=\"wp-block-column is-layout-flow wp-block-column-is-layout-flow\" style=\"flex-basis:66.66%\">\n<p><strong>OP DE NOORDKAAP<\/strong><br>dag 21 &nbsp; &nbsp; &nbsp;vr 22 juni 2018<br><a href=\"https:\/\/www.google.com\/maps\/d\/viewer?mid=1h-wSnVvwtEGYEplnjn0wDtElrxjwX9b_&amp;ll=70.58141221820556%2C25.594795898437482&amp;z=8\" target=\"_blank\" rel=\"noreferrer noopener\">Kunes \u2013 Noordkaap<\/a>&nbsp;&nbsp; &nbsp;&nbsp; &nbsp;283 km<\/p>\n<\/div>\n<\/div>\n\n\n\n<div style=\"height:20px\" aria-hidden=\"true\" class=\"wp-block-spacer\"><\/div>\n\n\n\n<div class=\"wp-block-columns is-layout-flex wp-container-core-columns-is-layout-9d6595d7 wp-block-columns-is-layout-flex\">\n<div class=\"wp-block-column is-layout-flow wp-block-column-is-layout-flow\" style=\"flex-basis:33.33%\"><\/div>\n\n\n\n<div class=\"wp-block-column is-layout-flow wp-block-column-is-layout-flow\" style=\"flex-basis:66.66%\">\n<p>Ze zeggen, dat we op de Noordkaap zijn, maar we weten het niet zeker. We zien, enigszins overdreven, geen hand voor ogen. Wat een mist!!!&nbsp;<\/p>\n\n\n\n<p>We verzorgen vanochtend eerst de buzz. Daarna vertrekken we \u2018in de miezer\u2019 uit Kunes. Als we in Lakselv even stoppen bij de Esso voor de ochtendcappuccino, is het inmiddels droog. Het wordt in noordelijke richting steeds lichter, en ook voorbij de Noordkaaptunnel blijft het bewolkt maar helder. Zo\u2019n twee kilometer voor de Noordkaap duiken we echter de mist in. Deze lijkt steeds dichter te worden.<\/p>\n<\/div>\n<\/div>\n\n\n\n<div class=\"wp-block-columns is-layout-flex wp-container-core-columns-is-layout-9d6595d7 wp-block-columns-is-layout-flex\">\n<div class=\"wp-block-column is-layout-flow wp-block-column-is-layout-flow\">\n<figure class=\"wp-block-image size-full\"><a href=\"https:\/\/tedenloesopreis.nl\/wp-content\/uploads\/2023\/12\/IMG_5257-1024x768-1.jpg\" target=\"_blank\" rel=\"noreferrer noopener\"><img loading=\"lazy\" decoding=\"async\" width=\"1024\" height=\"768\" src=\"https:\/\/tedenloesopreis.nl\/wp-content\/uploads\/2023\/12\/IMG_5257-1024x768-1.jpg\" alt=\"\" class=\"wp-image-8768\" srcset=\"https:\/\/tedenloesopreis.nl\/wp-content\/uploads\/2023\/12\/IMG_5257-1024x768-1.jpg 1024w, https:\/\/tedenloesopreis.nl\/wp-content\/uploads\/2023\/12\/IMG_5257-1024x768-1-300x225.jpg 300w, https:\/\/tedenloesopreis.nl\/wp-content\/uploads\/2023\/12\/IMG_5257-1024x768-1-768x576.jpg 768w\" sizes=\"auto, (max-width: 1024px) 100vw, 1024px\" \/><\/a><figcaption class=\"wp-element-caption\"><em>net voorbij Lakselv<\/em><\/figcaption><\/figure>\n<\/div>\n\n\n\n<div class=\"wp-block-column is-layout-flow wp-block-column-is-layout-flow\">\n<figure class=\"wp-block-image size-full\"><a href=\"https:\/\/tedenloesopreis.nl\/wp-content\/uploads\/2023\/12\/IMG_5261-1024x768-1.jpg\" target=\"_blank\" rel=\"noreferrer noopener\"><img loading=\"lazy\" decoding=\"async\" width=\"1024\" height=\"768\" src=\"https:\/\/tedenloesopreis.nl\/wp-content\/uploads\/2023\/12\/IMG_5261-1024x768-1.jpg\" alt=\"\" class=\"wp-image-8769\" srcset=\"https:\/\/tedenloesopreis.nl\/wp-content\/uploads\/2023\/12\/IMG_5261-1024x768-1.jpg 1024w, https:\/\/tedenloesopreis.nl\/wp-content\/uploads\/2023\/12\/IMG_5261-1024x768-1-300x225.jpg 300w, https:\/\/tedenloesopreis.nl\/wp-content\/uploads\/2023\/12\/IMG_5261-1024x768-1-768x576.jpg 768w\" sizes=\"auto, (max-width: 1024px) 100vw, 1024px\" \/><\/a><figcaption class=\"wp-element-caption\"><em>in de buurt van Olderfjord<\/em><\/figcaption><\/figure>\n<\/div>\n\n\n\n<div class=\"wp-block-column is-layout-flow wp-block-column-is-layout-flow\">\n<figure class=\"wp-block-image size-full\"><a href=\"https:\/\/tedenloesopreis.nl\/wp-content\/uploads\/2023\/12\/IMG_5265-1024x768-1.jpg\" target=\"_blank\" rel=\"noreferrer noopener\"><img loading=\"lazy\" decoding=\"async\" width=\"1024\" height=\"768\" src=\"https:\/\/tedenloesopreis.nl\/wp-content\/uploads\/2023\/12\/IMG_5265-1024x768-1.jpg\" alt=\"\" class=\"wp-image-8770\" srcset=\"https:\/\/tedenloesopreis.nl\/wp-content\/uploads\/2023\/12\/IMG_5265-1024x768-1.jpg 1024w, https:\/\/tedenloesopreis.nl\/wp-content\/uploads\/2023\/12\/IMG_5265-1024x768-1-300x225.jpg 300w, https:\/\/tedenloesopreis.nl\/wp-content\/uploads\/2023\/12\/IMG_5265-1024x768-1-768x576.jpg 768w\" sizes=\"auto, (max-width: 1024px) 100vw, 1024px\" \/><\/a><figcaption class=\"wp-element-caption\"><em>picknick aan de Skarvbergvika<\/em><\/figcaption><\/figure>\n<\/div>\n<\/div>\n\n\n\n<div class=\"wp-block-columns is-layout-flex wp-container-core-columns-is-layout-9d6595d7 wp-block-columns-is-layout-flex\">\n<div class=\"wp-block-column is-layout-flow wp-block-column-is-layout-flow\">\n<figure class=\"wp-block-image size-full\"><a href=\"https:\/\/tedenloesopreis.nl\/wp-content\/uploads\/2023\/12\/IMG_5267-1024x768-1.jpg\" target=\"_blank\" rel=\"noreferrer noopener\"><img loading=\"lazy\" decoding=\"async\" width=\"1024\" height=\"768\" src=\"https:\/\/tedenloesopreis.nl\/wp-content\/uploads\/2023\/12\/IMG_5267-1024x768-1.jpg\" alt=\"\" class=\"wp-image-8771\" srcset=\"https:\/\/tedenloesopreis.nl\/wp-content\/uploads\/2023\/12\/IMG_5267-1024x768-1.jpg 1024w, https:\/\/tedenloesopreis.nl\/wp-content\/uploads\/2023\/12\/IMG_5267-1024x768-1-300x225.jpg 300w, https:\/\/tedenloesopreis.nl\/wp-content\/uploads\/2023\/12\/IMG_5267-1024x768-1-768x576.jpg 768w\" sizes=\"auto, (max-width: 1024px) 100vw, 1024px\" \/><\/a><figcaption class=\"wp-element-caption\"><em>in de buurt van K\u00e5fjord<\/em><\/figcaption><\/figure>\n<\/div>\n\n\n\n<div class=\"wp-block-column is-layout-flow wp-block-column-is-layout-flow\">\n<figure class=\"wp-block-image size-full\"><a href=\"https:\/\/tedenloesopreis.nl\/wp-content\/uploads\/2023\/12\/IMG_5277-768x1024-1.jpg\" target=\"_blank\" rel=\"noreferrer noopener\"><img loading=\"lazy\" decoding=\"async\" width=\"768\" height=\"1024\" src=\"https:\/\/tedenloesopreis.nl\/wp-content\/uploads\/2023\/12\/IMG_5277-768x1024-1.jpg\" alt=\"\" class=\"wp-image-8772\" srcset=\"https:\/\/tedenloesopreis.nl\/wp-content\/uploads\/2023\/12\/IMG_5277-768x1024-1.jpg 768w, https:\/\/tedenloesopreis.nl\/wp-content\/uploads\/2023\/12\/IMG_5277-768x1024-1-225x300.jpg 225w\" sizes=\"auto, (max-width: 768px) 100vw, 768px\" \/><\/a><figcaption class=\"wp-element-caption\"><em>het einde van de Noordkaaptunnel<\/em><\/figcaption><\/figure>\n<\/div>\n\n\n\n<div class=\"wp-block-column is-layout-flow wp-block-column-is-layout-flow\">\n<figure class=\"wp-block-image size-full\"><a href=\"https:\/\/tedenloesopreis.nl\/wp-content\/uploads\/2023\/12\/IMG_5281-1024x768-1.jpg\" target=\"_blank\" rel=\"noreferrer noopener\"><img loading=\"lazy\" decoding=\"async\" width=\"1024\" height=\"768\" src=\"https:\/\/tedenloesopreis.nl\/wp-content\/uploads\/2023\/12\/IMG_5281-1024x768-1.jpg\" alt=\"\" class=\"wp-image-8773\" srcset=\"https:\/\/tedenloesopreis.nl\/wp-content\/uploads\/2023\/12\/IMG_5281-1024x768-1.jpg 1024w, https:\/\/tedenloesopreis.nl\/wp-content\/uploads\/2023\/12\/IMG_5281-1024x768-1-300x225.jpg 300w, https:\/\/tedenloesopreis.nl\/wp-content\/uploads\/2023\/12\/IMG_5281-1024x768-1-768x576.jpg 768w\" sizes=\"auto, (max-width: 1024px) 100vw, 1024px\" \/><\/a><figcaption class=\"wp-element-caption\"><em>op Mager\u00f8ya, bijna bij de Noordkaap<\/em><\/figcaption><\/figure>\n<\/div>\n<\/div>\n\n\n\n<div class=\"wp-block-columns is-layout-flex wp-container-core-columns-is-layout-9d6595d7 wp-block-columns-is-layout-flex\">\n<div class=\"wp-block-column is-layout-flow wp-block-column-is-layout-flow\" style=\"flex-basis:33.33%\"><\/div>\n\n\n\n<div class=\"wp-block-column is-layout-flow wp-block-column-is-layout-flow\" style=\"flex-basis:66.66%\">\n<p>Eigenlijk is het geen mist, maar zijn het laaghangende wolken. De wolken komen uit het noordoosten over zee aangedreven en botsen tegen de vrij hoge Noorse noordkust. We vinden een plaatsje achter de slagbomen bij de&nbsp;<a href=\"https:\/\/www.campercontact.com\/nl\/noorwegen\/troms-og-finnmark\/nordkapp\/10202\/nordkapphallen\" target=\"_blank\" rel=\"noreferrer noopener\">Nordkapphallen<\/a>.<\/p>\n<\/div>\n<\/div>\n\n\n\n<div class=\"wp-block-columns is-layout-flex wp-container-core-columns-is-layout-9d6595d7 wp-block-columns-is-layout-flex\">\n<div class=\"wp-block-column is-layout-flow wp-block-column-is-layout-flow\">\n<figure class=\"wp-block-image size-full\"><a href=\"https:\/\/tedenloesopreis.nl\/wp-content\/uploads\/2023\/12\/IMG_5282-1024x768-1.jpg\" target=\"_blank\" rel=\"noreferrer noopener\"><img loading=\"lazy\" decoding=\"async\" width=\"1024\" height=\"768\" src=\"https:\/\/tedenloesopreis.nl\/wp-content\/uploads\/2023\/12\/IMG_5282-1024x768-1.jpg\" alt=\"\" class=\"wp-image-8774\" srcset=\"https:\/\/tedenloesopreis.nl\/wp-content\/uploads\/2023\/12\/IMG_5282-1024x768-1.jpg 1024w, https:\/\/tedenloesopreis.nl\/wp-content\/uploads\/2023\/12\/IMG_5282-1024x768-1-300x225.jpg 300w, https:\/\/tedenloesopreis.nl\/wp-content\/uploads\/2023\/12\/IMG_5282-1024x768-1-768x576.jpg 768w\" sizes=\"auto, (max-width: 1024px) 100vw, 1024px\" \/><\/a><figcaption class=\"wp-element-caption\"><em>de Noordkaap, een beetje mistig<\/em><\/figcaption><\/figure>\n<\/div>\n\n\n\n<div class=\"wp-block-column is-layout-flow wp-block-column-is-layout-flow\">\n<figure class=\"wp-block-image size-full\"><a href=\"https:\/\/tedenloesopreis.nl\/wp-content\/uploads\/2023\/12\/IMG_5291-1024x768-1.jpg\" target=\"_blank\" rel=\"noreferrer noopener\"><img loading=\"lazy\" decoding=\"async\" width=\"1024\" height=\"768\" src=\"https:\/\/tedenloesopreis.nl\/wp-content\/uploads\/2023\/12\/IMG_5291-1024x768-1.jpg\" alt=\"\" class=\"wp-image-8775\" srcset=\"https:\/\/tedenloesopreis.nl\/wp-content\/uploads\/2023\/12\/IMG_5291-1024x768-1.jpg 1024w, https:\/\/tedenloesopreis.nl\/wp-content\/uploads\/2023\/12\/IMG_5291-1024x768-1-300x225.jpg 300w, https:\/\/tedenloesopreis.nl\/wp-content\/uploads\/2023\/12\/IMG_5291-1024x768-1-768x576.jpg 768w\" sizes=\"auto, (max-width: 1024px) 100vw, 1024px\" \/><\/a><figcaption class=\"wp-element-caption\"><em>de Noordkaap, steeds mistiger<\/em><\/figcaption><\/figure>\n<\/div>\n\n\n\n<div class=\"wp-block-column is-layout-flow wp-block-column-is-layout-flow\">\n<figure class=\"wp-block-image size-full\"><a href=\"https:\/\/tedenloesopreis.nl\/wp-content\/uploads\/2023\/12\/IMG_5289-1024x768-1.jpg\" target=\"_blank\" rel=\"noreferrer noopener\"><img loading=\"lazy\" decoding=\"async\" width=\"1024\" height=\"768\" src=\"https:\/\/tedenloesopreis.nl\/wp-content\/uploads\/2023\/12\/IMG_5289-1024x768-1.jpg\" alt=\"\" class=\"wp-image-8776\" srcset=\"https:\/\/tedenloesopreis.nl\/wp-content\/uploads\/2023\/12\/IMG_5289-1024x768-1.jpg 1024w, https:\/\/tedenloesopreis.nl\/wp-content\/uploads\/2023\/12\/IMG_5289-1024x768-1-300x225.jpg 300w, https:\/\/tedenloesopreis.nl\/wp-content\/uploads\/2023\/12\/IMG_5289-1024x768-1-768x576.jpg 768w\" sizes=\"auto, (max-width: 1024px) 100vw, 1024px\" \/><\/a><figcaption class=\"wp-element-caption\"><em>de Barentshavet is niet te zien<\/em><\/figcaption><\/figure>\n<\/div>\n<\/div>\n\n\n\n<div class=\"wp-block-columns is-layout-flex wp-container-core-columns-is-layout-9d6595d7 wp-block-columns-is-layout-flex\">\n<div class=\"wp-block-column is-layout-flow wp-block-column-is-layout-flow\" style=\"flex-basis:33.33%\"><\/div>\n\n\n\n<div class=\"wp-block-column is-layout-flow wp-block-column-is-layout-flow\" style=\"flex-basis:66.66%\">\n<p>We maken de \u2018verplichte foto\u2019s\u2019 bij de wereldbol en het monumentje voor Oscar II.&nbsp;We houden het vervolgens maar bij de binnenactiviteiten: we bekijken de film, we gaan naar de lichtshow, de ondergrondse kapel en de expositie over de Noordkaap. We eten een hapje in het restaurant.&nbsp;<\/p>\n<\/div>\n<\/div>\n\n\n\n<div class=\"wp-block-columns is-layout-flex wp-container-core-columns-is-layout-9d6595d7 wp-block-columns-is-layout-flex\">\n<div class=\"wp-block-column is-layout-flow wp-block-column-is-layout-flow\">\n<figure class=\"wp-block-image size-full\"><a href=\"https:\/\/tedenloesopreis.nl\/wp-content\/uploads\/2023\/12\/IMG_5290-768x1024-1.jpg\" target=\"_blank\" rel=\"noreferrer noopener\"><img loading=\"lazy\" decoding=\"async\" width=\"768\" height=\"1024\" src=\"https:\/\/tedenloesopreis.nl\/wp-content\/uploads\/2023\/12\/IMG_5290-768x1024-1.jpg\" alt=\"\" class=\"wp-image-8777\" srcset=\"https:\/\/tedenloesopreis.nl\/wp-content\/uploads\/2023\/12\/IMG_5290-768x1024-1.jpg 768w, https:\/\/tedenloesopreis.nl\/wp-content\/uploads\/2023\/12\/IMG_5290-768x1024-1-225x300.jpg 225w\" sizes=\"auto, (max-width: 768px) 100vw, 768px\" \/><\/a><figcaption class=\"wp-element-caption\"><em>monumentje voor Oscar II in de mist<\/em><\/figcaption><\/figure>\n<\/div>\n\n\n\n<div class=\"wp-block-column is-layout-flow wp-block-column-is-layout-flow\">\n<figure class=\"wp-block-image size-full\"><a href=\"https:\/\/tedenloesopreis.nl\/wp-content\/uploads\/2023\/12\/IMG_5285-768x1024-1.jpg\" target=\"_blank\" rel=\"noreferrer noopener\"><img loading=\"lazy\" decoding=\"async\" width=\"768\" height=\"1024\" src=\"https:\/\/tedenloesopreis.nl\/wp-content\/uploads\/2023\/12\/IMG_5285-768x1024-1.jpg\" alt=\"\" class=\"wp-image-8778\" srcset=\"https:\/\/tedenloesopreis.nl\/wp-content\/uploads\/2023\/12\/IMG_5285-768x1024-1.jpg 768w, https:\/\/tedenloesopreis.nl\/wp-content\/uploads\/2023\/12\/IMG_5285-768x1024-1-225x300.jpg 225w\" sizes=\"auto, (max-width: 768px) 100vw, 768px\" \/><\/a><figcaption class=\"wp-element-caption\"><em>zij heeft het gehaald<\/em><\/figcaption><\/figure>\n<\/div>\n\n\n\n<div class=\"wp-block-column is-layout-flow wp-block-column-is-layout-flow\">\n<figure class=\"wp-block-image size-full\"><a href=\"https:\/\/tedenloesopreis.nl\/wp-content\/uploads\/2023\/12\/IMG_5287-768x1024-1.jpg\" target=\"_blank\" rel=\"noreferrer noopener\"><img loading=\"lazy\" decoding=\"async\" width=\"768\" height=\"1024\" src=\"https:\/\/tedenloesopreis.nl\/wp-content\/uploads\/2023\/12\/IMG_5287-768x1024-1.jpg\" alt=\"\" class=\"wp-image-8779\" srcset=\"https:\/\/tedenloesopreis.nl\/wp-content\/uploads\/2023\/12\/IMG_5287-768x1024-1.jpg 768w, https:\/\/tedenloesopreis.nl\/wp-content\/uploads\/2023\/12\/IMG_5287-768x1024-1-225x300.jpg 225w\" sizes=\"auto, (max-width: 768px) 100vw, 768px\" \/><\/a><figcaption class=\"wp-element-caption\"><em>en hij ook<\/em><\/figcaption><\/figure>\n<\/div>\n<\/div>\n\n\n\n<div class=\"wp-block-columns is-layout-flex wp-container-core-columns-is-layout-9d6595d7 wp-block-columns-is-layout-flex\">\n<div class=\"wp-block-column is-layout-flow wp-block-column-is-layout-flow\" style=\"flex-basis:33.33%\"><\/div>\n\n\n\n<div class=\"wp-block-column is-layout-flow wp-block-column-is-layout-flow\" style=\"flex-basis:66.66%\">\n<p>Volgens het weerbericht voor Skarsv\u00e5g (het dichtsbijzijnde dorp) blijft het de komende 24 uur bewolkt, maar neemt de wind in kracht toe (van 2 naar 4). Wellicht dat daarmee de mist wordt verdreven, zodat we in ieder geval de Barentszee nog kunnen zien. De kans dat we een glimp van de zon opvangen, is ongetwijfeld 0%.<\/p>\n<\/div>\n<\/div>\n\n\n\n<div style=\"height:35px\" aria-hidden=\"true\" class=\"wp-block-spacer\"><\/div>\n\n\n\n<div class=\"wp-block-columns is-layout-flex wp-container-core-columns-is-layout-9d6595d7 wp-block-columns-is-layout-flex\">\n<div class=\"wp-block-column is-layout-flow wp-block-column-is-layout-flow\">\n<p class=\"has-orange-background-color has-background\" id=\"dag22\"><\/p>\n<\/div>\n<\/div>\n\n\n\n<div class=\"wp-block-columns is-layout-flex wp-container-core-columns-is-layout-9d6595d7 wp-block-columns-is-layout-flex\">\n<div class=\"wp-block-column is-layout-flow wp-block-column-is-layout-flow\" style=\"flex-basis:33.33%\">\n<p class=\"has-small-font-size\"><a href=\"#titel\">top<\/a><\/p>\n<\/div>\n\n\n\n<div class=\"wp-block-column is-layout-flow wp-block-column-is-layout-flow\" style=\"flex-basis:66.66%\">\n<p><strong>IET, WIET, WAAI WEG<\/strong><br>dag 22 &nbsp; &nbsp; &nbsp;za 23 juni 2018<br><a href=\"https:\/\/www.google.com\/maps\/d\/viewer?mid=1SsXPbg7vrx_wljyqc-9rOwOtRu-DSObp&amp;ll=70.84837311731445%2C24.959095205078142&amp;z=9\" target=\"_blank\" rel=\"noreferrer noopener\">Noordkaap \u2013 Hav\u00f8ysund<\/a>&nbsp;&nbsp; &nbsp; &nbsp;217 km<\/p>\n<\/div>\n<\/div>\n\n\n\n<div style=\"height:20px\" aria-hidden=\"true\" class=\"wp-block-spacer\"><\/div>\n\n\n\n<div class=\"wp-block-columns is-layout-flex wp-container-core-columns-is-layout-9d6595d7 wp-block-columns-is-layout-flex\">\n<div class=\"wp-block-column is-layout-flow wp-block-column-is-layout-flow\" style=\"flex-basis:33.33%\"><\/div>\n\n\n\n<div class=\"wp-block-column is-layout-flow wp-block-column-is-layout-flow\" style=\"flex-basis:66.66%\">\n<p>Ook rond middernacht is het nog steeds erg mistig op de Noordkaap. Vanochtend is daar nog een flinke regenbui bijgekomen. Volgens de weerberichten heeft het geen enkele zin om nog een dag op de Noordkaap te blijven. We vertrekken dus maar.&nbsp;<\/p>\n\n\n\n<p>We weten van foto\u2019s en van de film die men hier vertoont, hoe het uitzicht vanaf de kaap is. We zijn het eens met Ria en Marie-Louise: het is evenzo een heuglijk feit, op de Noordkaap te zijn geweest. Dat is het meest noordelijke punt van de reis. We beginnen dus aan de terugreis.&nbsp;<\/p>\n\n\n\n<p>We vertrekken in de mist en in de regen. Halverwege Honningsv\u00e5g is het weer droog en is de mist verdwenen. Bij Honningsv\u00e5g, waar we boodschappen doen en ook de ochtendcappuccino drinken, zijn er zelfs blauwe plekken tussen de wolken zichtbaar. Na de Noordkaaptunnel is het echter weer helemaal bewolkt, en dat blijft het de rest van de rit.<\/p>\n<\/div>\n<\/div>\n\n\n\n<div class=\"wp-block-columns is-layout-flex wp-container-core-columns-is-layout-9d6595d7 wp-block-columns-is-layout-flex\">\n<div class=\"wp-block-column is-layout-flow wp-block-column-is-layout-flow\">\n<figure class=\"wp-block-image size-full\"><a href=\"https:\/\/tedenloesopreis.nl\/wp-content\/uploads\/2023\/12\/IMG_5293-1024x768-1.jpg\" target=\"_blank\" rel=\"noreferrer noopener\"><img loading=\"lazy\" decoding=\"async\" width=\"1024\" height=\"768\" src=\"https:\/\/tedenloesopreis.nl\/wp-content\/uploads\/2023\/12\/IMG_5293-1024x768-1.jpg\" alt=\"\" class=\"wp-image-8782\" srcset=\"https:\/\/tedenloesopreis.nl\/wp-content\/uploads\/2023\/12\/IMG_5293-1024x768-1.jpg 1024w, https:\/\/tedenloesopreis.nl\/wp-content\/uploads\/2023\/12\/IMG_5293-1024x768-1-300x225.jpg 300w, https:\/\/tedenloesopreis.nl\/wp-content\/uploads\/2023\/12\/IMG_5293-1024x768-1-768x576.jpg 768w\" sizes=\"auto, (max-width: 1024px) 100vw, 1024px\" \/><\/a><figcaption class=\"wp-element-caption\"><em>zo worden we wakker<\/em><\/figcaption><\/figure>\n<\/div>\n\n\n\n<div class=\"wp-block-column is-layout-flow wp-block-column-is-layout-flow\">\n<figure class=\"wp-block-image size-full\"><a href=\"https:\/\/tedenloesopreis.nl\/wp-content\/uploads\/2023\/12\/IMG_5295-1024x768-1.jpg\" target=\"_blank\" rel=\"noreferrer noopener\"><img loading=\"lazy\" decoding=\"async\" width=\"1024\" height=\"768\" src=\"https:\/\/tedenloesopreis.nl\/wp-content\/uploads\/2023\/12\/IMG_5295-1024x768-1.jpg\" alt=\"\" class=\"wp-image-8783\" srcset=\"https:\/\/tedenloesopreis.nl\/wp-content\/uploads\/2023\/12\/IMG_5295-1024x768-1.jpg 1024w, https:\/\/tedenloesopreis.nl\/wp-content\/uploads\/2023\/12\/IMG_5295-1024x768-1-300x225.jpg 300w, https:\/\/tedenloesopreis.nl\/wp-content\/uploads\/2023\/12\/IMG_5295-1024x768-1-768x576.jpg 768w\" sizes=\"auto, (max-width: 1024px) 100vw, 1024px\" \/><\/a><figcaption class=\"wp-element-caption\"><em>zo vertrekken we<\/em><\/figcaption><\/figure>\n<\/div>\n\n\n\n<div class=\"wp-block-column is-layout-flow wp-block-column-is-layout-flow\">\n<figure class=\"wp-block-image size-full\"><a href=\"https:\/\/tedenloesopreis.nl\/wp-content\/uploads\/2023\/12\/IMG_5302-1024x768-1.jpg\" target=\"_blank\" rel=\"noreferrer noopener\"><img loading=\"lazy\" decoding=\"async\" width=\"1024\" height=\"768\" src=\"https:\/\/tedenloesopreis.nl\/wp-content\/uploads\/2023\/12\/IMG_5302-1024x768-1.jpg\" alt=\"\" class=\"wp-image-8784\" srcset=\"https:\/\/tedenloesopreis.nl\/wp-content\/uploads\/2023\/12\/IMG_5302-1024x768-1.jpg 1024w, https:\/\/tedenloesopreis.nl\/wp-content\/uploads\/2023\/12\/IMG_5302-1024x768-1-300x225.jpg 300w, https:\/\/tedenloesopreis.nl\/wp-content\/uploads\/2023\/12\/IMG_5302-1024x768-1-768x576.jpg 768w\" sizes=\"auto, (max-width: 1024px) 100vw, 1024px\" \/><\/a><figcaption class=\"wp-element-caption\"><em>vlak voor Honningsv\u00e5g<\/em><\/figcaption><\/figure>\n<\/div>\n<\/div>\n\n\n\n<div class=\"wp-block-columns is-layout-flex wp-container-core-columns-is-layout-9d6595d7 wp-block-columns-is-layout-flex\">\n<div class=\"wp-block-column is-layout-flow wp-block-column-is-layout-flow\">\n<figure class=\"wp-block-image size-full\"><a href=\"https:\/\/tedenloesopreis.nl\/wp-content\/uploads\/2023\/12\/IMG_5301-1024x768-1.jpg\" target=\"_blank\" rel=\"noreferrer noopener\"><img loading=\"lazy\" decoding=\"async\" width=\"1024\" height=\"768\" src=\"https:\/\/tedenloesopreis.nl\/wp-content\/uploads\/2023\/12\/IMG_5301-1024x768-1.jpg\" alt=\"\" class=\"wp-image-8785\" srcset=\"https:\/\/tedenloesopreis.nl\/wp-content\/uploads\/2023\/12\/IMG_5301-1024x768-1.jpg 1024w, https:\/\/tedenloesopreis.nl\/wp-content\/uploads\/2023\/12\/IMG_5301-1024x768-1-300x225.jpg 300w, https:\/\/tedenloesopreis.nl\/wp-content\/uploads\/2023\/12\/IMG_5301-1024x768-1-768x576.jpg 768w\" sizes=\"auto, (max-width: 1024px) 100vw, 1024px\" \/><\/a><figcaption class=\"wp-element-caption\"><em>opklaring boven Honningsv\u00e5g<\/em><\/figcaption><\/figure>\n<\/div>\n\n\n\n<div class=\"wp-block-column is-layout-flow wp-block-column-is-layout-flow\">\n<figure class=\"wp-block-image size-full\"><a href=\"https:\/\/tedenloesopreis.nl\/wp-content\/uploads\/2023\/12\/IMG_5311-1024x768-1.jpg\" target=\"_blank\" rel=\"noreferrer noopener\"><img loading=\"lazy\" decoding=\"async\" width=\"1024\" height=\"768\" src=\"https:\/\/tedenloesopreis.nl\/wp-content\/uploads\/2023\/12\/IMG_5311-1024x768-1.jpg\" alt=\"\" class=\"wp-image-8786\" srcset=\"https:\/\/tedenloesopreis.nl\/wp-content\/uploads\/2023\/12\/IMG_5311-1024x768-1.jpg 1024w, https:\/\/tedenloesopreis.nl\/wp-content\/uploads\/2023\/12\/IMG_5311-1024x768-1-300x225.jpg 300w, https:\/\/tedenloesopreis.nl\/wp-content\/uploads\/2023\/12\/IMG_5311-1024x768-1-768x576.jpg 768w\" sizes=\"auto, (max-width: 1024px) 100vw, 1024px\" \/><\/a><figcaption class=\"wp-element-caption\"><em>ingang van de Noordkaaptunnel<\/em><\/figcaption><\/figure>\n<\/div>\n\n\n\n<div class=\"wp-block-column is-layout-flow wp-block-column-is-layout-flow\">\n<figure class=\"wp-block-image size-full\"><a href=\"https:\/\/tedenloesopreis.nl\/wp-content\/uploads\/2023\/12\/IMG_5314-1024x768-1.jpg\" target=\"_blank\" rel=\"noreferrer noopener\"><img loading=\"lazy\" decoding=\"async\" width=\"1024\" height=\"768\" src=\"https:\/\/tedenloesopreis.nl\/wp-content\/uploads\/2023\/12\/IMG_5314-1024x768-1.jpg\" alt=\"\" class=\"wp-image-8787\" srcset=\"https:\/\/tedenloesopreis.nl\/wp-content\/uploads\/2023\/12\/IMG_5314-1024x768-1.jpg 1024w, https:\/\/tedenloesopreis.nl\/wp-content\/uploads\/2023\/12\/IMG_5314-1024x768-1-300x225.jpg 300w, https:\/\/tedenloesopreis.nl\/wp-content\/uploads\/2023\/12\/IMG_5314-1024x768-1-768x576.jpg 768w\" sizes=\"auto, (max-width: 1024px) 100vw, 1024px\" \/><\/a><figcaption class=\"wp-element-caption\"><em>onderweg naar Olderfjord<\/em><\/figcaption><\/figure>\n<\/div>\n<\/div>\n\n\n\n<div class=\"wp-block-columns is-layout-flex wp-container-core-columns-is-layout-9d6595d7 wp-block-columns-is-layout-flex\">\n<div class=\"wp-block-column is-layout-flow wp-block-column-is-layout-flow\" style=\"flex-basis:33.33%\"><\/div>\n\n\n\n<div class=\"wp-block-column is-layout-flow wp-block-column-is-layout-flow\" style=\"flex-basis:66.66%\">\n<p id=\"fv889\">Bij Sm\u00f8rfjord, net voor Olderfjord, gaan we rechtsaf, de 889 op. Het begin van deze weg is niet zo bijzonder. Het is gewoon zaak om aan de andere kant van het schiereiland te komen. Maar daar begint d\u00e1t, wat deze weg heeft gebracht op de lijst met de mooiste toeristische wegen van Noorwegen (zie hiervoor ook&nbsp;<a href=\"http:\/\/www.nasjonaleturistveger.no\/\" target=\"_blank\" rel=\"noreferrer noopener\">www.nasjonaleturistveger.no<\/a>): mooie kust, mooie rotsformaties, mooie hoogvlaktes.<\/p>\n<\/div>\n<\/div>\n\n\n\n<div class=\"wp-block-columns is-layout-flex wp-container-core-columns-is-layout-9d6595d7 wp-block-columns-is-layout-flex\">\n<div class=\"wp-block-column is-layout-flow wp-block-column-is-layout-flow\"><\/div>\n\n\n\n<div class=\"wp-block-column is-layout-flow wp-block-column-is-layout-flow\">\n<figure class=\"wp-block-image size-full\"><a href=\"https:\/\/tedenloesopreis.nl\/wp-content\/uploads\/2023\/12\/IMG_5328-1024x768-1.jpg\" target=\"_blank\" rel=\"noreferrer noopener\"><img loading=\"lazy\" decoding=\"async\" width=\"1024\" height=\"768\" src=\"https:\/\/tedenloesopreis.nl\/wp-content\/uploads\/2023\/12\/IMG_5328-1024x768-1.jpg\" alt=\"\" class=\"wp-image-8788\" srcset=\"https:\/\/tedenloesopreis.nl\/wp-content\/uploads\/2023\/12\/IMG_5328-1024x768-1.jpg 1024w, https:\/\/tedenloesopreis.nl\/wp-content\/uploads\/2023\/12\/IMG_5328-1024x768-1-300x225.jpg 300w, https:\/\/tedenloesopreis.nl\/wp-content\/uploads\/2023\/12\/IMG_5328-1024x768-1-768x576.jpg 768w\" sizes=\"auto, (max-width: 1024px) 100vw, 1024px\" \/><\/a><figcaption class=\"wp-element-caption\"><em>de 889<\/em><\/figcaption><\/figure>\n<\/div>\n\n\n\n<div class=\"wp-block-column is-layout-flow wp-block-column-is-layout-flow\">\n<figure class=\"wp-block-image size-full\"><a href=\"https:\/\/tedenloesopreis.nl\/wp-content\/uploads\/2023\/12\/IMG_5331-1024x768-1.jpg\" target=\"_blank\" rel=\"noreferrer noopener\"><img loading=\"lazy\" decoding=\"async\" width=\"1024\" height=\"768\" src=\"https:\/\/tedenloesopreis.nl\/wp-content\/uploads\/2023\/12\/IMG_5331-1024x768-1.jpg\" alt=\"\" class=\"wp-image-8789\" srcset=\"https:\/\/tedenloesopreis.nl\/wp-content\/uploads\/2023\/12\/IMG_5331-1024x768-1.jpg 1024w, https:\/\/tedenloesopreis.nl\/wp-content\/uploads\/2023\/12\/IMG_5331-1024x768-1-300x225.jpg 300w, https:\/\/tedenloesopreis.nl\/wp-content\/uploads\/2023\/12\/IMG_5331-1024x768-1-768x576.jpg 768w\" sizes=\"auto, (max-width: 1024px) 100vw, 1024px\" \/><\/a><figcaption class=\"wp-element-caption\"><em>architectuur op de 889<\/em><\/figcaption><\/figure>\n<\/div>\n<\/div>\n\n\n\n<div class=\"wp-block-columns is-layout-flex wp-container-core-columns-is-layout-9d6595d7 wp-block-columns-is-layout-flex\">\n<div class=\"wp-block-column is-layout-flow wp-block-column-is-layout-flow\"><\/div>\n\n\n\n<div class=\"wp-block-column is-layout-flow wp-block-column-is-layout-flow\">\n<figure class=\"wp-block-image size-full\"><a href=\"https:\/\/tedenloesopreis.nl\/wp-content\/uploads\/2023\/12\/IMG_5324-1024x768-1.jpg\" target=\"_blank\" rel=\"noreferrer noopener\"><img loading=\"lazy\" decoding=\"async\" width=\"1024\" height=\"768\" src=\"https:\/\/tedenloesopreis.nl\/wp-content\/uploads\/2023\/12\/IMG_5324-1024x768-1.jpg\" alt=\"\" class=\"wp-image-8790\" srcset=\"https:\/\/tedenloesopreis.nl\/wp-content\/uploads\/2023\/12\/IMG_5324-1024x768-1.jpg 1024w, https:\/\/tedenloesopreis.nl\/wp-content\/uploads\/2023\/12\/IMG_5324-1024x768-1-300x225.jpg 300w, https:\/\/tedenloesopreis.nl\/wp-content\/uploads\/2023\/12\/IMG_5324-1024x768-1-768x576.jpg 768w\" sizes=\"auto, (max-width: 1024px) 100vw, 1024px\" \/><\/a><figcaption class=\"wp-element-caption\"><em>de 889<\/em><\/figcaption><\/figure>\n<\/div>\n\n\n\n<div class=\"wp-block-column is-layout-flow wp-block-column-is-layout-flow\">\n<figure class=\"wp-block-image size-full\"><a href=\"https:\/\/tedenloesopreis.nl\/wp-content\/uploads\/2023\/12\/IMG_5330-1024x768-1.jpg\" target=\"_blank\" rel=\"noreferrer noopener\"><img loading=\"lazy\" decoding=\"async\" width=\"1024\" height=\"768\" src=\"https:\/\/tedenloesopreis.nl\/wp-content\/uploads\/2023\/12\/IMG_5330-1024x768-1.jpg\" alt=\"\" class=\"wp-image-8791\" srcset=\"https:\/\/tedenloesopreis.nl\/wp-content\/uploads\/2023\/12\/IMG_5330-1024x768-1.jpg 1024w, https:\/\/tedenloesopreis.nl\/wp-content\/uploads\/2023\/12\/IMG_5330-1024x768-1-300x225.jpg 300w, https:\/\/tedenloesopreis.nl\/wp-content\/uploads\/2023\/12\/IMG_5330-1024x768-1-768x576.jpg 768w\" sizes=\"auto, (max-width: 1024px) 100vw, 1024px\" \/><\/a><figcaption class=\"wp-element-caption\"><em>de 889<\/em><\/figcaption><\/figure>\n<\/div>\n<\/div>\n\n\n\n<div class=\"wp-block-columns is-layout-flex wp-container-core-columns-is-layout-9d6595d7 wp-block-columns-is-layout-flex\">\n<div class=\"wp-block-column is-layout-flow wp-block-column-is-layout-flow\" style=\"flex-basis:33.33%\">\n<figure class=\"wp-block-image size-full\"><a href=\"https:\/\/tedenloesopreis.nl\/wp-content\/uploads\/2023\/12\/IMG_5335-1024x768-1.jpg\" target=\"_blank\" rel=\"noreferrer noopener\"><img loading=\"lazy\" decoding=\"async\" width=\"1024\" height=\"768\" src=\"https:\/\/tedenloesopreis.nl\/wp-content\/uploads\/2023\/12\/IMG_5335-1024x768-1.jpg\" alt=\"\" class=\"wp-image-8792\" srcset=\"https:\/\/tedenloesopreis.nl\/wp-content\/uploads\/2023\/12\/IMG_5335-1024x768-1.jpg 1024w, https:\/\/tedenloesopreis.nl\/wp-content\/uploads\/2023\/12\/IMG_5335-1024x768-1-300x225.jpg 300w, https:\/\/tedenloesopreis.nl\/wp-content\/uploads\/2023\/12\/IMG_5335-1024x768-1-768x576.jpg 768w\" sizes=\"auto, (max-width: 1024px) 100vw, 1024px\" \/><\/a><figcaption class=\"wp-element-caption\"><em>Arctic View<\/em><\/figcaption><\/figure>\n<\/div>\n\n\n\n<div class=\"wp-block-column is-layout-flow wp-block-column-is-layout-flow\" style=\"flex-basis:66.66%\">\n<p id=\"arcticview\">Aan het einde van de weg ligt Hav\u00f8ysund, op het eilandje Hav\u00f8ya. In het centrum van het dorp is een camperplaats, maar die ziet er nogal ongezellig uit. We gaan daarom maar de steile weg naar Arctic View op, en staan nu op het uiterste puntje van het eiland geparkeerd naast het gelijknamige restaurant. Het was hier helder, maar inmiddels is de mist ook hier binnengerold. De restauranteigenaar weet ons echter te vertellen, dat het later op de dag nog zal opklaren, en hij begint daarna meteen uit te leggen, wat we allemaal bij hem kunnen eten. Laten we maar geloven dat het klopt wat hij zegt over het weer (ook al probeert hij je tegelijkertijd een maaltijd te verkopen).<\/p>\n<\/div>\n<\/div>\n\n\n\n<div class=\"wp-block-columns is-layout-flex wp-container-core-columns-is-layout-9d6595d7 wp-block-columns-is-layout-flex\">\n<div class=\"wp-block-column is-layout-flow wp-block-column-is-layout-flow\" style=\"flex-basis:33.33%\"><\/div>\n\n\n\n<div class=\"wp-block-column is-layout-flow wp-block-column-is-layout-flow\" style=\"flex-basis:66.66%\">\n<p>De restauranteigenaar krijgt gelijk, het klaart op. Maar ook: het betrekt weer, klaart weer op, betrekt weer. Ondertussen is de wind behoorlijk in kracht toegenomen (6 tot 7). Reden voor ons, om dwars door de wolken naar het dorp af te dalen om daar een beter beschutte plaats te zoeken.&nbsp;<\/p>\n<\/div>\n<\/div>\n\n\n\n<div class=\"wp-block-columns is-layout-flex wp-container-core-columns-is-layout-9d6595d7 wp-block-columns-is-layout-flex\">\n<div class=\"wp-block-column is-layout-flow wp-block-column-is-layout-flow\"><\/div>\n\n\n\n<div class=\"wp-block-column is-layout-flow wp-block-column-is-layout-flow\">\n<figure class=\"wp-block-image size-full is-resized\"><a href=\"https:\/\/tedenloesopreis.nl\/wp-content\/uploads\/2023\/12\/IMG_5337-1024x768-1.jpg\" target=\"_blank\" rel=\"noreferrer noopener\"><img loading=\"lazy\" decoding=\"async\" width=\"1024\" height=\"768\" src=\"https:\/\/tedenloesopreis.nl\/wp-content\/uploads\/2023\/12\/IMG_5337-1024x768-1.jpg\" alt=\"\" class=\"wp-image-8793\" style=\"width:275px;height:auto\" srcset=\"https:\/\/tedenloesopreis.nl\/wp-content\/uploads\/2023\/12\/IMG_5337-1024x768-1.jpg 1024w, https:\/\/tedenloesopreis.nl\/wp-content\/uploads\/2023\/12\/IMG_5337-1024x768-1-300x225.jpg 300w, https:\/\/tedenloesopreis.nl\/wp-content\/uploads\/2023\/12\/IMG_5337-1024x768-1-768x576.jpg 768w\" sizes=\"auto, (max-width: 1024px) 100vw, 1024px\" \/><\/a><figcaption class=\"wp-element-caption\"><em>het water wordt zichtbaar<\/em><\/figcaption><\/figure>\n<\/div>\n\n\n\n<div class=\"wp-block-column is-layout-flow wp-block-column-is-layout-flow\">\n<figure class=\"wp-block-image size-full\"><a href=\"https:\/\/tedenloesopreis.nl\/wp-content\/uploads\/2023\/12\/IMG_5339-1024x768-1.jpg\" target=\"_blank\" rel=\"noreferrer noopener\"><img loading=\"lazy\" decoding=\"async\" width=\"1024\" height=\"768\" src=\"https:\/\/tedenloesopreis.nl\/wp-content\/uploads\/2023\/12\/IMG_5339-1024x768-1.jpg\" alt=\"\" class=\"wp-image-8794\" srcset=\"https:\/\/tedenloesopreis.nl\/wp-content\/uploads\/2023\/12\/IMG_5339-1024x768-1.jpg 1024w, https:\/\/tedenloesopreis.nl\/wp-content\/uploads\/2023\/12\/IMG_5339-1024x768-1-300x225.jpg 300w, https:\/\/tedenloesopreis.nl\/wp-content\/uploads\/2023\/12\/IMG_5339-1024x768-1-768x576.jpg 768w\" sizes=\"auto, (max-width: 1024px) 100vw, 1024px\" \/><\/a><figcaption class=\"wp-element-caption\"><em>het lijkt op te klaren<\/em><\/figcaption><\/figure>\n<\/div>\n<\/div>\n\n\n\n<div class=\"wp-block-columns is-layout-flex wp-container-core-columns-is-layout-9d6595d7 wp-block-columns-is-layout-flex\">\n<div class=\"wp-block-column is-layout-flow wp-block-column-is-layout-flow\"><\/div>\n\n\n\n<div class=\"wp-block-column is-layout-flow wp-block-column-is-layout-flow\">\n<figure class=\"wp-block-image size-full\"><a href=\"https:\/\/tedenloesopreis.nl\/wp-content\/uploads\/2023\/12\/IMG_5342-1024x768-1.jpg\" target=\"_blank\" rel=\"noreferrer noopener\"><img loading=\"lazy\" decoding=\"async\" width=\"1024\" height=\"768\" src=\"https:\/\/tedenloesopreis.nl\/wp-content\/uploads\/2023\/12\/IMG_5342-1024x768-1.jpg\" alt=\"\" class=\"wp-image-8795\" srcset=\"https:\/\/tedenloesopreis.nl\/wp-content\/uploads\/2023\/12\/IMG_5342-1024x768-1.jpg 1024w, https:\/\/tedenloesopreis.nl\/wp-content\/uploads\/2023\/12\/IMG_5342-1024x768-1-300x225.jpg 300w, https:\/\/tedenloesopreis.nl\/wp-content\/uploads\/2023\/12\/IMG_5342-1024x768-1-768x576.jpg 768w\" sizes=\"auto, (max-width: 1024px) 100vw, 1024px\" \/><\/a><figcaption class=\"wp-element-caption\"><em>het trekt weer dicht<\/em><\/figcaption><\/figure>\n<\/div>\n\n\n\n<div class=\"wp-block-column is-layout-flow wp-block-column-is-layout-flow\">\n<figure class=\"wp-block-image size-full\"><a href=\"https:\/\/tedenloesopreis.nl\/wp-content\/uploads\/2023\/12\/IMG_5343-768x1024-1.jpg\" target=\"_blank\" rel=\"noreferrer noopener\"><img loading=\"lazy\" decoding=\"async\" width=\"768\" height=\"1024\" src=\"https:\/\/tedenloesopreis.nl\/wp-content\/uploads\/2023\/12\/IMG_5343-768x1024-1.jpg\" alt=\"\" class=\"wp-image-8796\" srcset=\"https:\/\/tedenloesopreis.nl\/wp-content\/uploads\/2023\/12\/IMG_5343-768x1024-1.jpg 768w, https:\/\/tedenloesopreis.nl\/wp-content\/uploads\/2023\/12\/IMG_5343-768x1024-1-225x300.jpg 225w\" sizes=\"auto, (max-width: 768px) 100vw, 768px\" \/><\/a><figcaption class=\"wp-element-caption\"><em>door de wolken naar beneden<\/em><\/figcaption><\/figure>\n<\/div>\n<\/div>\n\n\n\n<div class=\"wp-block-columns is-layout-flex wp-container-core-columns-is-layout-9d6595d7 wp-block-columns-is-layout-flex\">\n<div class=\"wp-block-column is-layout-flow wp-block-column-is-layout-flow\" style=\"flex-basis:33.33%\">\n<figure class=\"wp-block-image size-full\"><a href=\"https:\/\/tedenloesopreis.nl\/wp-content\/uploads\/2023\/12\/IMG_5346-1024x768-1.jpg\" target=\"_blank\" rel=\"noreferrer noopener\"><img loading=\"lazy\" decoding=\"async\" width=\"1024\" height=\"768\" src=\"https:\/\/tedenloesopreis.nl\/wp-content\/uploads\/2023\/12\/IMG_5346-1024x768-1.jpg\" alt=\"\" class=\"wp-image-8797\" srcset=\"https:\/\/tedenloesopreis.nl\/wp-content\/uploads\/2023\/12\/IMG_5346-1024x768-1.jpg 1024w, https:\/\/tedenloesopreis.nl\/wp-content\/uploads\/2023\/12\/IMG_5346-1024x768-1-300x225.jpg 300w, https:\/\/tedenloesopreis.nl\/wp-content\/uploads\/2023\/12\/IMG_5346-1024x768-1-768x576.jpg 768w\" sizes=\"auto, (max-width: 1024px) 100vw, 1024px\" \/><\/a><figcaption class=\"wp-element-caption\"><em>overnachten naast rustige buren<\/em><\/figcaption><\/figure>\n<\/div>\n\n\n\n<div class=\"wp-block-column is-layout-flow wp-block-column-is-layout-flow\" style=\"flex-basis:66.66%\">\n<p>Aan de rand van het dorp zien we&nbsp;<a href=\"https:\/\/www.campercontact.com\/nl\/noorwegen\/troms-og-finnmark\/havysund\/70521\/kirkegard\" target=\"_blank\" rel=\"noreferrer noopener\">bij het kerkhof<\/a>&nbsp;een caravan en een camper staan. Daar gaan wij ook maar staan.<\/p>\n<\/div>\n<\/div>\n\n\n\n<div style=\"height:35px\" aria-hidden=\"true\" class=\"wp-block-spacer\"><\/div>\n\n\n\n<div class=\"wp-block-columns is-layout-flex wp-container-core-columns-is-layout-9d6595d7 wp-block-columns-is-layout-flex\">\n<div class=\"wp-block-column is-layout-flow wp-block-column-is-layout-flow\">\n<p class=\"has-orange-background-color has-background\" id=\"dag23\"><\/p>\n<\/div>\n<\/div>\n\n\n\n<div class=\"wp-block-columns is-layout-flex wp-container-core-columns-is-layout-9d6595d7 wp-block-columns-is-layout-flex\">\n<div class=\"wp-block-column is-layout-flow wp-block-column-is-layout-flow\" style=\"flex-basis:33.33%\">\n<p class=\"has-small-font-size\"><a href=\"#titel\">top<\/a><\/p>\n<\/div>\n\n\n\n<div class=\"wp-block-column is-layout-flow wp-block-column-is-layout-flow\" style=\"flex-basis:66.66%\">\n<p><strong>STILTE NA DE STORM<\/strong><br>dag 23 &nbsp; &nbsp; &nbsp;zo 24 juni 2018<br><a href=\"https:\/\/www.google.com\/maps\/d\/viewer?mid=1JSSAfzfV4Rfjwr_H9ofe3-Zn9vG9itN8&amp;ll=70.76636518974475%2C24.44122091796884&amp;z=9\" target=\"_blank\" rel=\"noreferrer noopener\">Hav\u00f8ysund \u2013 Repparfjord<\/a>&nbsp;&nbsp; &nbsp;&nbsp; &nbsp;233 km<\/p>\n<\/div>\n<\/div>\n\n\n\n<div style=\"height:20px\" aria-hidden=\"true\" class=\"wp-block-spacer\"><\/div>\n\n\n\n<div class=\"wp-block-columns is-layout-flex wp-container-core-columns-is-layout-9d6595d7 wp-block-columns-is-layout-flex\">\n<div class=\"wp-block-column is-layout-flow wp-block-column-is-layout-flow\" style=\"flex-basis:33.33%\"><\/div>\n\n\n\n<div class=\"wp-block-column is-layout-flow wp-block-column-is-layout-flow\" style=\"flex-basis:66.66%\">\n<p>Zelfs op de relatief beschutte plaats naast het kerkhof gaat het de hele nacht behoorlijk te keer. Dat heb je bij een slaapplaats die op veren staat (ipv op pootjes, zoals bij een caravan), elke belasting van het koetswerk leidt tot een beweging. Al met al dus een bewogen nacht.&nbsp;<\/p>\n\n\n\n<p>We beginnen om 08:30 uur aan de terugreis over de 889 naar Olderfjord. Het waait nog steeds behoorlijk hard, dus het tempo wordt laag gehouden (de weg is betrekkelijk smal, voor je het weet, wordt je door een rukwind naast de weg gezet).&nbsp;<\/p>\n\n\n\n<p>Om een idee te geven van de leegte van dit deel van Noorwegen: van Hav\u00f8ysund naar de E69 bij Sm\u00f8rfjord is ongeveer 85 km; in 90 minuten halen we 2 fietsers in, komt ons 1 fietser tegemoet (alledrie jongedames met zwaarbepakte fietsen; petje af) en komen we 4 auto\u2019s tegen; daarnaast zien we nog een man die voor zijn huisje staat te roken.<\/p>\n<\/div>\n<\/div>\n\n\n\n<div class=\"wp-block-columns is-layout-flex wp-container-core-columns-is-layout-9d6595d7 wp-block-columns-is-layout-flex\">\n<div class=\"wp-block-column is-layout-flow wp-block-column-is-layout-flow\">\n<figure class=\"wp-block-image size-full\"><a href=\"https:\/\/tedenloesopreis.nl\/wp-content\/uploads\/2023\/12\/IMG_5348-1024x768-1.jpg\" target=\"_blank\" rel=\"noreferrer noopener\"><img loading=\"lazy\" decoding=\"async\" width=\"1024\" height=\"768\" src=\"https:\/\/tedenloesopreis.nl\/wp-content\/uploads\/2023\/12\/IMG_5348-1024x768-1.jpg\" alt=\"\" class=\"wp-image-8800\" srcset=\"https:\/\/tedenloesopreis.nl\/wp-content\/uploads\/2023\/12\/IMG_5348-1024x768-1.jpg 1024w, https:\/\/tedenloesopreis.nl\/wp-content\/uploads\/2023\/12\/IMG_5348-1024x768-1-300x225.jpg 300w, https:\/\/tedenloesopreis.nl\/wp-content\/uploads\/2023\/12\/IMG_5348-1024x768-1-768x576.jpg 768w\" sizes=\"auto, (max-width: 1024px) 100vw, 1024px\" \/><\/a><figcaption class=\"wp-element-caption\"><em>Hav\u00f8ysund in de ochtend<\/em><\/figcaption><\/figure>\n<\/div>\n\n\n\n<div class=\"wp-block-column is-layout-flow wp-block-column-is-layout-flow\">\n<figure class=\"wp-block-image size-full\"><a href=\"https:\/\/tedenloesopreis.nl\/wp-content\/uploads\/2023\/12\/IMG_5353-1024x768-1.jpg\" target=\"_blank\" rel=\"noreferrer noopener\"><img loading=\"lazy\" decoding=\"async\" width=\"1024\" height=\"768\" src=\"https:\/\/tedenloesopreis.nl\/wp-content\/uploads\/2023\/12\/IMG_5353-1024x768-1.jpg\" alt=\"\" class=\"wp-image-8801\" srcset=\"https:\/\/tedenloesopreis.nl\/wp-content\/uploads\/2023\/12\/IMG_5353-1024x768-1.jpg 1024w, https:\/\/tedenloesopreis.nl\/wp-content\/uploads\/2023\/12\/IMG_5353-1024x768-1-300x225.jpg 300w, https:\/\/tedenloesopreis.nl\/wp-content\/uploads\/2023\/12\/IMG_5353-1024x768-1-768x576.jpg 768w\" sizes=\"auto, (max-width: 1024px) 100vw, 1024px\" \/><\/a><figcaption class=\"wp-element-caption\"><em>de \u2018889\u2019 richting Sm\u00f8rfjord<\/em><\/figcaption><\/figure>\n<\/div>\n\n\n\n<div class=\"wp-block-column is-layout-flow wp-block-column-is-layout-flow\">\n<figure class=\"wp-block-image size-full\"><a href=\"https:\/\/tedenloesopreis.nl\/wp-content\/uploads\/2023\/12\/IMG_5356-1024x768-1.jpg\" target=\"_blank\" rel=\"noreferrer noopener\"><img loading=\"lazy\" decoding=\"async\" width=\"1024\" height=\"768\" src=\"https:\/\/tedenloesopreis.nl\/wp-content\/uploads\/2023\/12\/IMG_5356-1024x768-1.jpg\" alt=\"\" class=\"wp-image-8802\" srcset=\"https:\/\/tedenloesopreis.nl\/wp-content\/uploads\/2023\/12\/IMG_5356-1024x768-1.jpg 1024w, https:\/\/tedenloesopreis.nl\/wp-content\/uploads\/2023\/12\/IMG_5356-1024x768-1-300x225.jpg 300w, https:\/\/tedenloesopreis.nl\/wp-content\/uploads\/2023\/12\/IMG_5356-1024x768-1-768x576.jpg 768w\" sizes=\"auto, (max-width: 1024px) 100vw, 1024px\" \/><\/a><figcaption class=\"wp-element-caption\"><em>de \u2018889\u2019 richting Sm\u00f8rfjord<\/em><\/figcaption><\/figure>\n<\/div>\n<\/div>\n\n\n\n<div class=\"wp-block-columns is-layout-flex wp-container-core-columns-is-layout-9d6595d7 wp-block-columns-is-layout-flex\">\n<div class=\"wp-block-column is-layout-flow wp-block-column-is-layout-flow\" style=\"flex-basis:33.33%\"><\/div>\n\n\n\n<div class=\"wp-block-column is-layout-flow wp-block-column-is-layout-flow\" style=\"flex-basis:66.66%\">\n<p id=\"hammerfest\">Bij Olderfjord gaan we rechtsaf richting Hammerfest, over de E6 en, vanaf Skaidi, over de 94. Hammerfest is een compact stadje (10.000 inwoners). Het is duidelijk de belangrijkste stad van Finnmark, al is het niet de hoofdstad (dat is Vads\u00f8). Zo staat in Hammerfest het enige ziekenhuis van Finnmark (met een kleine dependance in Kirkenes). Het centrum kent zowaar hoogbouw (tot wel 6 verdiepingen) aan betrekkelijk smalle straten (je kunt de bus nergens even parkeren). Toeristisch gezien heeft de stad niets te bieden, maar dat wisten we vooraf. Hammerfest is gewoon een van die plekken waar je heen gaat, als je toch in de buurt bent.<\/p>\n<\/div>\n<\/div>\n\n\n\n<div class=\"wp-block-columns is-layout-flex wp-container-core-columns-is-layout-9d6595d7 wp-block-columns-is-layout-flex\">\n<div class=\"wp-block-column is-layout-flow wp-block-column-is-layout-flow\"><\/div>\n\n\n\n<div class=\"wp-block-column is-layout-flow wp-block-column-is-layout-flow\">\n<figure class=\"wp-block-image size-full\"><a href=\"https:\/\/tedenloesopreis.nl\/wp-content\/uploads\/2023\/12\/IMG_5373-1024x768-1.jpg\" target=\"_blank\" rel=\"noreferrer noopener\"><img loading=\"lazy\" decoding=\"async\" width=\"1024\" height=\"768\" src=\"https:\/\/tedenloesopreis.nl\/wp-content\/uploads\/2023\/12\/IMG_5373-1024x768-1.jpg\" alt=\"\" class=\"wp-image-8803\" srcset=\"https:\/\/tedenloesopreis.nl\/wp-content\/uploads\/2023\/12\/IMG_5373-1024x768-1.jpg 1024w, https:\/\/tedenloesopreis.nl\/wp-content\/uploads\/2023\/12\/IMG_5373-1024x768-1-300x225.jpg 300w, https:\/\/tedenloesopreis.nl\/wp-content\/uploads\/2023\/12\/IMG_5373-1024x768-1-768x576.jpg 768w\" sizes=\"auto, (max-width: 1024px) 100vw, 1024px\" \/><\/a><figcaption class=\"wp-element-caption\"><em>zicht op Hammerfest<\/em><\/figcaption><\/figure>\n<\/div>\n\n\n\n<div class=\"wp-block-column is-layout-flow wp-block-column-is-layout-flow\">\n<figure class=\"wp-block-image size-full\"><a href=\"https:\/\/tedenloesopreis.nl\/wp-content\/uploads\/2023\/12\/IMG_5371-1024x768-1.jpg\" target=\"_blank\" rel=\"noreferrer noopener\"><img loading=\"lazy\" decoding=\"async\" width=\"1024\" height=\"768\" src=\"https:\/\/tedenloesopreis.nl\/wp-content\/uploads\/2023\/12\/IMG_5371-1024x768-1.jpg\" alt=\"\" class=\"wp-image-8804\" srcset=\"https:\/\/tedenloesopreis.nl\/wp-content\/uploads\/2023\/12\/IMG_5371-1024x768-1.jpg 1024w, https:\/\/tedenloesopreis.nl\/wp-content\/uploads\/2023\/12\/IMG_5371-1024x768-1-300x225.jpg 300w, https:\/\/tedenloesopreis.nl\/wp-content\/uploads\/2023\/12\/IMG_5371-1024x768-1-768x576.jpg 768w\" sizes=\"auto, (max-width: 1024px) 100vw, 1024px\" \/><\/a><figcaption class=\"wp-element-caption\"><em>de kerk van Hammerfest<\/em><\/figcaption><\/figure>\n<\/div>\n<\/div>\n\n\n\n<div class=\"wp-block-columns is-layout-flex wp-container-core-columns-is-layout-9d6595d7 wp-block-columns-is-layout-flex\">\n<div class=\"wp-block-column is-layout-flow wp-block-column-is-layout-flow\" style=\"flex-basis:33.33%\"><\/div>\n\n\n\n<div class=\"wp-block-column is-layout-flow wp-block-column-is-layout-flow\" style=\"flex-basis:66.66%\">\n<p>Na ons bezoek aan Hammerfest rijden we terug over de 94. Vlak voor Skaidi stoppen we bij een&nbsp;<a href=\"https:\/\/www.campercontact.com\/nl\/noorwegen\/troms-og-finnmark\/kvalsund\/20640\/repparfjord-camping-misjonssenter\" target=\"_blank\" rel=\"noreferrer noopener\">camping<\/a>&nbsp;die wordt gerund door de organisatie die ook de camping van Vestre Jakobselv beheert. Wat een verschil. Is de camping van Vestre Jakobselv erg gastvrij (we bleven er drie dagen), die van Repparfjord is bijzonder spartaans. Zo is het behoorlijk koud in het sanitairgebouw. We waren van plan om hier een rustdag te houden, maar we hebben besloten om morgen toch maar weer verder te rijden, over de E6 zuidwaarts.<\/p>\n<\/div>\n<\/div>\n\n\n\n<div style=\"height:35px\" aria-hidden=\"true\" class=\"wp-block-spacer\"><\/div>\n\n\n\n<div class=\"wp-block-columns is-layout-flex wp-container-core-columns-is-layout-9d6595d7 wp-block-columns-is-layout-flex\">\n<div class=\"wp-block-column is-layout-flow wp-block-column-is-layout-flow\">\n<p class=\"has-orange-background-color has-background\" id=\"dag24\"><\/p>\n<\/div>\n<\/div>\n\n\n\n<div class=\"wp-block-columns is-layout-flex wp-container-core-columns-is-layout-9d6595d7 wp-block-columns-is-layout-flex\">\n<div class=\"wp-block-column is-layout-flow wp-block-column-is-layout-flow\" style=\"flex-basis:33.33%\">\n<p class=\"has-small-font-size\"><a href=\"#titel\">top<\/a><\/p>\n<\/div>\n\n\n\n<div class=\"wp-block-column is-layout-flow wp-block-column-is-layout-flow\" style=\"flex-basis:66.66%\">\n<p><strong>EEN DAGJE OP DE E6<\/strong><br>dag 24 &nbsp; &nbsp; &nbsp;ma 25 juni 2018<br><a href=\"https:\/\/www.google.com\/maps\/d\/viewer?mid=11-MTMvom7DOKts_u98nbTJSN7vSesX9p&amp;ll=70.1745096072904%2C22.586018980712886&amp;z=8\" target=\"_blank\" rel=\"noreferrer noopener\">Repparfjord \u2013 Storslett<\/a>&nbsp;&nbsp; &nbsp; &nbsp;244 km<\/p>\n<\/div>\n<\/div>\n\n\n\n<div style=\"height:20px\" aria-hidden=\"true\" class=\"wp-block-spacer\"><\/div>\n\n\n\n<div class=\"wp-block-columns is-layout-flex wp-container-core-columns-is-layout-9d6595d7 wp-block-columns-is-layout-flex\">\n<div class=\"wp-block-column is-layout-flow wp-block-column-is-layout-flow\" style=\"flex-basis:33.33%\">\n<figure class=\"wp-block-image size-full\"><a href=\"https:\/\/tedenloesopreis.nl\/wp-content\/uploads\/2023\/12\/IMG_5410-1024x768-1.jpg\" target=\"_blank\" rel=\"noreferrer noopener\"><img loading=\"lazy\" decoding=\"async\" width=\"1024\" height=\"768\" src=\"https:\/\/tedenloesopreis.nl\/wp-content\/uploads\/2023\/12\/IMG_5410-1024x768-1.jpg\" alt=\"\" class=\"wp-image-8807\" srcset=\"https:\/\/tedenloesopreis.nl\/wp-content\/uploads\/2023\/12\/IMG_5410-1024x768-1.jpg 1024w, https:\/\/tedenloesopreis.nl\/wp-content\/uploads\/2023\/12\/IMG_5410-1024x768-1-300x225.jpg 300w, https:\/\/tedenloesopreis.nl\/wp-content\/uploads\/2023\/12\/IMG_5410-1024x768-1-768x576.jpg 768w\" sizes=\"auto, (max-width: 1024px) 100vw, 1024px\" \/><\/a><figcaption class=\"wp-element-caption\"><em>tussen Skaidi en Alta<\/em><\/figcaption><\/figure>\n<\/div>\n\n\n\n<div class=\"wp-block-column is-layout-flow wp-block-column-is-layout-flow\" style=\"flex-basis:66.66%\">\n<p>Het is vandaag een aangename reisdag. Het weer is, voor lokale begrippen, zachtaardig (15\u00b0C, nauwelijks wind, hoge bewolking met blauwe plekken). Aangenaam ook, want het landschap is mooi, soms indrukwekkend.&nbsp;<\/p>\n\n\n\n<p id=\"alta\">We vertrekken om 09:30 vanaf de camping. Bij Skaidi gaan we de E6 richting Narvik op. Die weg volgen we de rest van de dag.<br><br>Na zo\u2019n 80 km zijn we in Alta. Daar doen we boodschappen en bestellen bij de plaatselijke Shell de ochtendcappuccino (bij tankstations is de cappuccino meestal een stuk goedkoper dan in een caf\u00e9; vaak is er de kwaliteit ook beter). Daarna gaan we door naar het \u201cMuseum van de rotstekeningen\u201d. We besluiten uiteindelijk om er niet naar binnen te gaan. Niet alleen, omdat de toegangsprijs behoorlijk pittig is, maar ook, omdat er nogal wat moet worden \u201cgeklauterwandeld\u201d, wat voor een vierkante enkel geen pretje is.<\/p>\n<\/div>\n<\/div>\n\n\n\n<div class=\"wp-block-columns is-layout-flex wp-container-core-columns-is-layout-9d6595d7 wp-block-columns-is-layout-flex\">\n<div class=\"wp-block-column is-layout-flow wp-block-column-is-layout-flow\"><\/div>\n\n\n\n<div class=\"wp-block-column is-layout-flow wp-block-column-is-layout-flow\">\n<figure class=\"wp-block-image size-full\"><a href=\"https:\/\/tedenloesopreis.nl\/wp-content\/uploads\/2023\/12\/IMG_5421-1024x768-1.jpg\" target=\"_blank\" rel=\"noreferrer noopener\"><img loading=\"lazy\" decoding=\"async\" width=\"1024\" height=\"768\" src=\"https:\/\/tedenloesopreis.nl\/wp-content\/uploads\/2023\/12\/IMG_5421-1024x768-1.jpg\" alt=\"\" class=\"wp-image-8808\" srcset=\"https:\/\/tedenloesopreis.nl\/wp-content\/uploads\/2023\/12\/IMG_5421-1024x768-1.jpg 1024w, https:\/\/tedenloesopreis.nl\/wp-content\/uploads\/2023\/12\/IMG_5421-1024x768-1-300x225.jpg 300w, https:\/\/tedenloesopreis.nl\/wp-content\/uploads\/2023\/12\/IMG_5421-1024x768-1-768x576.jpg 768w\" sizes=\"auto, (max-width: 1024px) 100vw, 1024px\" \/><\/a><figcaption class=\"wp-element-caption\"><em>het Altafjord bij Kvenvik<\/em><\/figcaption><\/figure>\n<\/div>\n\n\n\n<div class=\"wp-block-column is-layout-flow wp-block-column-is-layout-flow\">\n<figure class=\"wp-block-image size-full\"><a href=\"https:\/\/tedenloesopreis.nl\/wp-content\/uploads\/2023\/12\/IMG_5428-1024x768-1.jpg\" target=\"_blank\" rel=\"noreferrer noopener\"><img loading=\"lazy\" decoding=\"async\" width=\"1024\" height=\"768\" src=\"https:\/\/tedenloesopreis.nl\/wp-content\/uploads\/2023\/12\/IMG_5428-1024x768-1.jpg\" alt=\"\" class=\"wp-image-8809\" srcset=\"https:\/\/tedenloesopreis.nl\/wp-content\/uploads\/2023\/12\/IMG_5428-1024x768-1.jpg 1024w, https:\/\/tedenloesopreis.nl\/wp-content\/uploads\/2023\/12\/IMG_5428-1024x768-1-300x225.jpg 300w, https:\/\/tedenloesopreis.nl\/wp-content\/uploads\/2023\/12\/IMG_5428-1024x768-1-768x576.jpg 768w\" sizes=\"auto, (max-width: 1024px) 100vw, 1024px\" \/><\/a><figcaption class=\"wp-element-caption\"><em>het Altafjord bij Talvik<\/em><\/figcaption><\/figure>\n<\/div>\n<\/div>\n\n\n\n<div class=\"wp-block-columns is-layout-flex wp-container-core-columns-is-layout-9d6595d7 wp-block-columns-is-layout-flex\">\n<div class=\"wp-block-column is-layout-flow wp-block-column-is-layout-flow\" style=\"flex-basis:33.33%\"><\/div>\n\n\n\n<div class=\"wp-block-column is-layout-flow wp-block-column-is-layout-flow\" style=\"flex-basis:66.66%\">\n<p id=\"kvafjellet\">De reis gaat verder langs verschillende fjorden en over verschillende fjells. Het meest indrukwekkend is de rit over de Kv\u00e6nangenfjellet, met een fraai uitzicht op de Kv\u00e6nangenfjord.<\/p>\n<\/div>\n<\/div>\n\n\n\n<div class=\"wp-block-columns is-layout-flex wp-container-core-columns-is-layout-9d6595d7 wp-block-columns-is-layout-flex\">\n<div class=\"wp-block-column is-layout-flow wp-block-column-is-layout-flow\"><\/div>\n\n\n\n<div class=\"wp-block-column is-layout-flow wp-block-column-is-layout-flow\">\n<figure class=\"wp-block-image size-full\"><a href=\"https:\/\/tedenloesopreis.nl\/wp-content\/uploads\/2023\/12\/IMG_5445-1024x768-1.jpg\" target=\"_blank\" rel=\"noreferrer noopener\"><img loading=\"lazy\" decoding=\"async\" width=\"1024\" height=\"768\" src=\"https:\/\/tedenloesopreis.nl\/wp-content\/uploads\/2023\/12\/IMG_5445-1024x768-1.jpg\" alt=\"\" class=\"wp-image-8810\" srcset=\"https:\/\/tedenloesopreis.nl\/wp-content\/uploads\/2023\/12\/IMG_5445-1024x768-1.jpg 1024w, https:\/\/tedenloesopreis.nl\/wp-content\/uploads\/2023\/12\/IMG_5445-1024x768-1-300x225.jpg 300w, https:\/\/tedenloesopreis.nl\/wp-content\/uploads\/2023\/12\/IMG_5445-1024x768-1-768x576.jpg 768w\" sizes=\"auto, (max-width: 1024px) 100vw, 1024px\" \/><\/a><figcaption class=\"wp-element-caption\"><em>Kv\u00e6nangenfjord vanaf Kv\u00e6nangenfjellet<\/em><\/figcaption><\/figure>\n<\/div>\n\n\n\n<div class=\"wp-block-column is-layout-flow wp-block-column-is-layout-flow\">\n<figure class=\"wp-block-image size-full\"><a href=\"https:\/\/tedenloesopreis.nl\/wp-content\/uploads\/2023\/12\/IMG_5446-1024x768-1.jpg\" target=\"_blank\" rel=\"noreferrer noopener\"><img loading=\"lazy\" decoding=\"async\" width=\"1024\" height=\"768\" src=\"https:\/\/tedenloesopreis.nl\/wp-content\/uploads\/2023\/12\/IMG_5446-1024x768-1.jpg\" alt=\"\" class=\"wp-image-8811\" srcset=\"https:\/\/tedenloesopreis.nl\/wp-content\/uploads\/2023\/12\/IMG_5446-1024x768-1.jpg 1024w, https:\/\/tedenloesopreis.nl\/wp-content\/uploads\/2023\/12\/IMG_5446-1024x768-1-300x225.jpg 300w, https:\/\/tedenloesopreis.nl\/wp-content\/uploads\/2023\/12\/IMG_5446-1024x768-1-768x576.jpg 768w\" sizes=\"auto, (max-width: 1024px) 100vw, 1024px\" \/><\/a><figcaption class=\"wp-element-caption\"><em>Kv\u00e6nangenfjord vanaf Kv\u00e6nangenfjellet<\/em><\/figcaption><\/figure>\n<\/div>\n<\/div>\n\n\n\n<div class=\"wp-block-columns is-layout-flex wp-container-core-columns-is-layout-9d6595d7 wp-block-columns-is-layout-flex\">\n<div class=\"wp-block-column is-layout-flow wp-block-column-is-layout-flow\" style=\"flex-basis:33.33%\">\n<figure class=\"wp-block-image size-full\"><a href=\"https:\/\/tedenloesopreis.nl\/wp-content\/uploads\/2023\/12\/IMG_5450-1024x768-1.jpg\" target=\"_blank\" rel=\"noreferrer noopener\"><img loading=\"lazy\" decoding=\"async\" width=\"1024\" height=\"768\" src=\"https:\/\/tedenloesopreis.nl\/wp-content\/uploads\/2023\/12\/IMG_5450-1024x768-1.jpg\" alt=\"\" class=\"wp-image-8812\" srcset=\"https:\/\/tedenloesopreis.nl\/wp-content\/uploads\/2023\/12\/IMG_5450-1024x768-1.jpg 1024w, https:\/\/tedenloesopreis.nl\/wp-content\/uploads\/2023\/12\/IMG_5450-1024x768-1-300x225.jpg 300w, https:\/\/tedenloesopreis.nl\/wp-content\/uploads\/2023\/12\/IMG_5450-1024x768-1-768x576.jpg 768w\" sizes=\"auto, (max-width: 1024px) 100vw, 1024px\" \/><\/a><figcaption class=\"wp-element-caption\"><em>de camping in Storslett<\/em><\/figcaption><\/figure>\n<\/div>\n\n\n\n<div class=\"wp-block-column is-layout-flow wp-block-column-is-layout-flow\" style=\"flex-basis:66.66%\">\n<p>We stoppen bij een camping vlak voor Storslett. Morgen rijden we verder naar Troms\u00f8. We moeten echter nog beslissen, via welke route. We kunnen de E6 volgen tot Nordkjosbotn, om daar de E8 naar Troms\u00f8 te nemen. We kunnen echter ook bij Olderdalen de veerboot nemen naar Lyngseidet, om via de 91, met de veerboot van Svensby naar Breivikeidet, naar Troms\u00f8 te rijden.<\/p>\n\n\n\n<p>De camping in Storslett (<a href=\"https:\/\/www.campercontact.com\/nl\/noorwegen\/nordreisa\/storslett\/50775\/fosselv-camping\" target=\"_blank\" rel=\"noreferrer noopener\">Fosselv Camping<\/a>) is volgens ons een van de weinige acceptabele campings in de buurt. Fosselv Camping is een beetje rommelig, een beetje modderig, maar heeft vrij goede voorzieningen. Onze plaats is prima (zie de foto).<\/p>\n<\/div>\n<\/div>\n\n\n\n<div style=\"height:35px\" aria-hidden=\"true\" class=\"wp-block-spacer\"><\/div>\n\n\n\n<div class=\"wp-block-columns is-layout-flex wp-container-core-columns-is-layout-9d6595d7 wp-block-columns-is-layout-flex\">\n<div class=\"wp-block-column is-layout-flow wp-block-column-is-layout-flow\">\n<p class=\"has-orange-background-color has-background\" id=\"dag25\"><\/p>\n<\/div>\n<\/div>\n\n\n\n<div class=\"wp-block-columns is-layout-flex wp-container-core-columns-is-layout-9d6595d7 wp-block-columns-is-layout-flex\">\n<div class=\"wp-block-column is-layout-flow wp-block-column-is-layout-flow\" style=\"flex-basis:33.33%\">\n<p class=\"has-small-font-size\"><a href=\"#titel\">top<\/a><\/p>\n<\/div>\n\n\n\n<div class=\"wp-block-column is-layout-flow wp-block-column-is-layout-flow\" style=\"flex-basis:66.66%\">\n<p><strong>LAAGHANGENDE BEWOLKING<\/strong><br>dag 25 &nbsp; &nbsp; &nbsp; di 26 juni 2018<br><a href=\"https:\/\/www.google.com\/maps\/d\/viewer?mid=1RPQFiOYsjcKpm-FiAJPQAN6gboEi-2Ok&amp;ll=69.62310485962745%2C19.889309199218708&amp;z=9\" target=\"_blank\" rel=\"noreferrer noopener\">Storslett-Troms\u00f8<\/a>&nbsp;&nbsp; &nbsp; &nbsp;133 km<\/p>\n<\/div>\n<\/div>\n\n\n\n<div style=\"height:20px\" aria-hidden=\"true\" class=\"wp-block-spacer\"><\/div>\n\n\n\n<div class=\"wp-block-columns is-layout-flex wp-container-core-columns-is-layout-9d6595d7 wp-block-columns-is-layout-flex\">\n<div class=\"wp-block-column is-layout-flow wp-block-column-is-layout-flow\" style=\"flex-basis:33.33%\"><\/div>\n\n\n\n<div class=\"wp-block-column is-layout-flow wp-block-column-is-layout-flow\" style=\"flex-basis:66.66%\">\n<p>De dag begint vrij goed. Het is weliswaar sterk bewolkt, maar het is droog. Er is ook niet al te veel wind. Daarom besluiten we, om via weg 91 naar Troms\u00f8 te nemen.&nbsp;<\/p>\n\n\n\n<p>De eerste veerdienst, van Olderdalen naar Lyngseidet, verloopt gesmeerd. We zijn aan boord van een betrekkelijk kleine veerboot. Het uitzicht aan dek is goed. De deining is beperkt.<\/p>\n<\/div>\n<\/div>\n\n\n\n<div class=\"wp-block-columns is-layout-flex wp-container-core-columns-is-layout-9d6595d7 wp-block-columns-is-layout-flex\">\n<div class=\"wp-block-column is-layout-flow wp-block-column-is-layout-flow\">\n<figure class=\"wp-block-image size-full\"><a href=\"https:\/\/tedenloesopreis.nl\/wp-content\/uploads\/2023\/12\/IMG_5455-1024x768-1.jpg\" target=\"_blank\" rel=\"noreferrer noopener\"><img loading=\"lazy\" decoding=\"async\" width=\"1024\" height=\"768\" src=\"https:\/\/tedenloesopreis.nl\/wp-content\/uploads\/2023\/12\/IMG_5455-1024x768-1.jpg\" alt=\"\" class=\"wp-image-8815\" srcset=\"https:\/\/tedenloesopreis.nl\/wp-content\/uploads\/2023\/12\/IMG_5455-1024x768-1.jpg 1024w, https:\/\/tedenloesopreis.nl\/wp-content\/uploads\/2023\/12\/IMG_5455-1024x768-1-300x225.jpg 300w, https:\/\/tedenloesopreis.nl\/wp-content\/uploads\/2023\/12\/IMG_5455-1024x768-1-768x576.jpg 768w\" sizes=\"auto, (max-width: 1024px) 100vw, 1024px\" \/><\/a><figcaption class=\"wp-element-caption\"><em>de eerste Noorse ferry dit jaar (in Olderdalen)<\/em><\/figcaption><\/figure>\n<\/div>\n\n\n\n<div class=\"wp-block-column is-layout-flow wp-block-column-is-layout-flow\">\n<figure class=\"wp-block-image size-full\"><a href=\"https:\/\/tedenloesopreis.nl\/wp-content\/uploads\/2023\/12\/IMG_5457-1024x768-1.jpg\" target=\"_blank\" rel=\"noreferrer noopener\"><img loading=\"lazy\" decoding=\"async\" width=\"1024\" height=\"768\" src=\"https:\/\/tedenloesopreis.nl\/wp-content\/uploads\/2023\/12\/IMG_5457-1024x768-1.jpg\" alt=\"\" class=\"wp-image-8816\" srcset=\"https:\/\/tedenloesopreis.nl\/wp-content\/uploads\/2023\/12\/IMG_5457-1024x768-1.jpg 1024w, https:\/\/tedenloesopreis.nl\/wp-content\/uploads\/2023\/12\/IMG_5457-1024x768-1-300x225.jpg 300w, https:\/\/tedenloesopreis.nl\/wp-content\/uploads\/2023\/12\/IMG_5457-1024x768-1-768x576.jpg 768w\" sizes=\"auto, (max-width: 1024px) 100vw, 1024px\" \/><\/a><figcaption class=\"wp-element-caption\"><em>Olderdalen ligt achter ons<\/em><\/figcaption><\/figure>\n<\/div>\n\n\n\n<div class=\"wp-block-column is-layout-flow wp-block-column-is-layout-flow\">\n<figure class=\"wp-block-image size-full\"><a href=\"https:\/\/tedenloesopreis.nl\/wp-content\/uploads\/2023\/12\/IMG_5458-1024x768-1.jpg\" target=\"_blank\" rel=\"noreferrer noopener\"><img loading=\"lazy\" decoding=\"async\" width=\"1024\" height=\"768\" src=\"https:\/\/tedenloesopreis.nl\/wp-content\/uploads\/2023\/12\/IMG_5458-1024x768-1.jpg\" alt=\"\" class=\"wp-image-8817\" srcset=\"https:\/\/tedenloesopreis.nl\/wp-content\/uploads\/2023\/12\/IMG_5458-1024x768-1.jpg 1024w, https:\/\/tedenloesopreis.nl\/wp-content\/uploads\/2023\/12\/IMG_5458-1024x768-1-300x225.jpg 300w, https:\/\/tedenloesopreis.nl\/wp-content\/uploads\/2023\/12\/IMG_5458-1024x768-1-768x576.jpg 768w\" sizes=\"auto, (max-width: 1024px) 100vw, 1024px\" \/><\/a><figcaption class=\"wp-element-caption\"><em>een van de passagiers<\/em><\/figcaption><\/figure>\n<\/div>\n<\/div>\n\n\n\n<div class=\"wp-block-columns is-layout-flex wp-container-core-columns-is-layout-9d6595d7 wp-block-columns-is-layout-flex\">\n<div class=\"wp-block-column is-layout-flow wp-block-column-is-layout-flow\"><\/div>\n\n\n\n<div class=\"wp-block-column is-layout-flow wp-block-column-is-layout-flow\">\n<figure class=\"wp-block-image size-full\"><a href=\"https:\/\/tedenloesopreis.nl\/wp-content\/uploads\/2023\/12\/IMG_5462-1024x768-1.jpg\" target=\"_blank\" rel=\"noreferrer noopener\"><img loading=\"lazy\" decoding=\"async\" width=\"1024\" height=\"768\" src=\"https:\/\/tedenloesopreis.nl\/wp-content\/uploads\/2023\/12\/IMG_5462-1024x768-1.jpg\" alt=\"\" class=\"wp-image-8818\" srcset=\"https:\/\/tedenloesopreis.nl\/wp-content\/uploads\/2023\/12\/IMG_5462-1024x768-1.jpg 1024w, https:\/\/tedenloesopreis.nl\/wp-content\/uploads\/2023\/12\/IMG_5462-1024x768-1-300x225.jpg 300w, https:\/\/tedenloesopreis.nl\/wp-content\/uploads\/2023\/12\/IMG_5462-1024x768-1-768x576.jpg 768w\" sizes=\"auto, (max-width: 1024px) 100vw, 1024px\" \/><\/a><figcaption class=\"wp-element-caption\"><em>onderweg naar Lyngseidet<\/em><\/figcaption><\/figure>\n<\/div>\n\n\n\n<div class=\"wp-block-column is-layout-flow wp-block-column-is-layout-flow\">\n<figure class=\"wp-block-image size-full\"><a href=\"https:\/\/tedenloesopreis.nl\/wp-content\/uploads\/2023\/12\/IMG_5463-1024x768-1.jpg\" target=\"_blank\" rel=\"noreferrer noopener\"><img loading=\"lazy\" decoding=\"async\" width=\"1024\" height=\"768\" src=\"https:\/\/tedenloesopreis.nl\/wp-content\/uploads\/2023\/12\/IMG_5463-1024x768-1.jpg\" alt=\"\" class=\"wp-image-8819\" srcset=\"https:\/\/tedenloesopreis.nl\/wp-content\/uploads\/2023\/12\/IMG_5463-1024x768-1.jpg 1024w, https:\/\/tedenloesopreis.nl\/wp-content\/uploads\/2023\/12\/IMG_5463-1024x768-1-300x225.jpg 300w, https:\/\/tedenloesopreis.nl\/wp-content\/uploads\/2023\/12\/IMG_5463-1024x768-1-768x576.jpg 768w\" sizes=\"auto, (max-width: 1024px) 100vw, 1024px\" \/><\/a><figcaption class=\"wp-element-caption\"><em>in de verte ligt Lyngseidet (buzz links vooraan)<\/em><\/figcaption><\/figure>\n<\/div>\n<\/div>\n\n\n\n<div class=\"wp-block-columns is-layout-flex wp-container-core-columns-is-layout-9d6595d7 wp-block-columns-is-layout-flex\">\n<div class=\"wp-block-column is-layout-flow wp-block-column-is-layout-flow\" style=\"flex-basis:33.33%\"><\/div>\n\n\n\n<div class=\"wp-block-column is-layout-flow wp-block-column-is-layout-flow\" style=\"flex-basis:66.66%\">\n<p>Eenmaal aan land in Lyngseidet, rijden we min of meer in colonne naar Svensby, om daar de boot naar Breivikeidet te nemen. Onderweg wordt duidelijk, dat de wolken veel lager zijn gaan hangen. De relatief hoge toppen onderweg, tot 1800 meter hoog, zijn daardoor nauwelijks te zien. Jammer, want de toppen hier zijn, net als op de Lofoten, nogal spits en daarmee veel indrukwekkender dan in de rest van Noorwegen, waar ze veel meer afgerond zijn.<\/p>\n<\/div>\n<\/div>\n\n\n\n<div class=\"wp-block-columns is-layout-flex wp-container-core-columns-is-layout-9d6595d7 wp-block-columns-is-layout-flex\">\n<div class=\"wp-block-column is-layout-flow wp-block-column-is-layout-flow\"><\/div>\n\n\n\n<div class=\"wp-block-column is-layout-flow wp-block-column-is-layout-flow\">\n<figure class=\"wp-block-image size-full\"><a href=\"https:\/\/tedenloesopreis.nl\/wp-content\/uploads\/2023\/12\/IMG_5464-1024x768-1.jpg\" target=\"_blank\" rel=\"noreferrer noopener\"><img loading=\"lazy\" decoding=\"async\" width=\"1024\" height=\"768\" src=\"https:\/\/tedenloesopreis.nl\/wp-content\/uploads\/2023\/12\/IMG_5464-1024x768-1.jpg\" alt=\"\" class=\"wp-image-8820\" srcset=\"https:\/\/tedenloesopreis.nl\/wp-content\/uploads\/2023\/12\/IMG_5464-1024x768-1.jpg 1024w, https:\/\/tedenloesopreis.nl\/wp-content\/uploads\/2023\/12\/IMG_5464-1024x768-1-300x225.jpg 300w, https:\/\/tedenloesopreis.nl\/wp-content\/uploads\/2023\/12\/IMG_5464-1024x768-1-768x576.jpg 768w\" sizes=\"auto, (max-width: 1024px) 100vw, 1024px\" \/><\/a><figcaption class=\"wp-element-caption\"><em>net buiten Lyngseidet<\/em><\/figcaption><\/figure>\n<\/div>\n\n\n\n<div class=\"wp-block-column is-layout-flow wp-block-column-is-layout-flow\">\n<figure class=\"wp-block-image size-full\"><a href=\"https:\/\/tedenloesopreis.nl\/wp-content\/uploads\/2023\/12\/IMG_5465-1024x768-1.jpg\" target=\"_blank\" rel=\"noreferrer noopener\"><img loading=\"lazy\" decoding=\"async\" width=\"1024\" height=\"768\" src=\"https:\/\/tedenloesopreis.nl\/wp-content\/uploads\/2023\/12\/IMG_5465-1024x768-1.jpg\" alt=\"\" class=\"wp-image-8821\" srcset=\"https:\/\/tedenloesopreis.nl\/wp-content\/uploads\/2023\/12\/IMG_5465-1024x768-1.jpg 1024w, https:\/\/tedenloesopreis.nl\/wp-content\/uploads\/2023\/12\/IMG_5465-1024x768-1-300x225.jpg 300w, https:\/\/tedenloesopreis.nl\/wp-content\/uploads\/2023\/12\/IMG_5465-1024x768-1-768x576.jpg 768w\" sizes=\"auto, (max-width: 1024px) 100vw, 1024px\" \/><\/a><figcaption class=\"wp-element-caption\"><em>onderweg naar Svensby<\/em><\/figcaption><\/figure>\n<\/div>\n<\/div>\n\n\n\n<div class=\"wp-block-columns is-layout-flex wp-container-core-columns-is-layout-9d6595d7 wp-block-columns-is-layout-flex\">\n<div class=\"wp-block-column is-layout-flow wp-block-column-is-layout-flow\"><\/div>\n\n\n\n<div class=\"wp-block-column is-layout-flow wp-block-column-is-layout-flow\">\n<figure class=\"wp-block-image size-full\"><a href=\"https:\/\/tedenloesopreis.nl\/wp-content\/uploads\/2023\/12\/IMG_5468-1024x768-1.jpg\" target=\"_blank\" rel=\"noreferrer noopener\"><img loading=\"lazy\" decoding=\"async\" width=\"1024\" height=\"768\" src=\"https:\/\/tedenloesopreis.nl\/wp-content\/uploads\/2023\/12\/IMG_5468-1024x768-1.jpg\" alt=\"\" class=\"wp-image-8822\" srcset=\"https:\/\/tedenloesopreis.nl\/wp-content\/uploads\/2023\/12\/IMG_5468-1024x768-1.jpg 1024w, https:\/\/tedenloesopreis.nl\/wp-content\/uploads\/2023\/12\/IMG_5468-1024x768-1-300x225.jpg 300w, https:\/\/tedenloesopreis.nl\/wp-content\/uploads\/2023\/12\/IMG_5468-1024x768-1-768x576.jpg 768w\" sizes=\"auto, (max-width: 1024px) 100vw, 1024px\" \/><\/a><figcaption class=\"wp-element-caption\"><em>onderweg naar Svensby<\/em><\/figcaption><\/figure>\n<\/div>\n\n\n\n<div class=\"wp-block-column is-layout-flow wp-block-column-is-layout-flow\">\n<figure class=\"wp-block-image size-full\"><a href=\"https:\/\/tedenloesopreis.nl\/wp-content\/uploads\/2023\/12\/IMG_5469-1024x768-1.jpg\" target=\"_blank\" rel=\"noreferrer noopener\"><img loading=\"lazy\" decoding=\"async\" width=\"1024\" height=\"768\" src=\"https:\/\/tedenloesopreis.nl\/wp-content\/uploads\/2023\/12\/IMG_5469-1024x768-1.jpg\" alt=\"\" class=\"wp-image-8823\" srcset=\"https:\/\/tedenloesopreis.nl\/wp-content\/uploads\/2023\/12\/IMG_5469-1024x768-1.jpg 1024w, https:\/\/tedenloesopreis.nl\/wp-content\/uploads\/2023\/12\/IMG_5469-1024x768-1-300x225.jpg 300w, https:\/\/tedenloesopreis.nl\/wp-content\/uploads\/2023\/12\/IMG_5469-1024x768-1-768x576.jpg 768w\" sizes=\"auto, (max-width: 1024px) 100vw, 1024px\" \/><\/a><figcaption class=\"wp-element-caption\"><em>uitzicht op Breivikseidet (buzz weer links vooraan)<\/em><\/figcaption><\/figure>\n<\/div>\n<\/div>\n\n\n\n<div class=\"wp-block-columns is-layout-flex wp-container-core-columns-is-layout-9d6595d7 wp-block-columns-is-layout-flex\">\n<div class=\"wp-block-column is-layout-flow wp-block-column-is-layout-flow\" style=\"flex-basis:33.33%\">\n<figure class=\"wp-block-image size-full\"><a href=\"https:\/\/tedenloesopreis.nl\/wp-content\/uploads\/2023\/12\/IMG_5474-1024x768-1.jpg\" target=\"_blank\" rel=\"noreferrer noopener\"><img loading=\"lazy\" decoding=\"async\" width=\"1024\" height=\"768\" src=\"https:\/\/tedenloesopreis.nl\/wp-content\/uploads\/2023\/12\/IMG_5474-1024x768-1.jpg\" alt=\"\" class=\"wp-image-8824\" srcset=\"https:\/\/tedenloesopreis.nl\/wp-content\/uploads\/2023\/12\/IMG_5474-1024x768-1.jpg 1024w, https:\/\/tedenloesopreis.nl\/wp-content\/uploads\/2023\/12\/IMG_5474-1024x768-1-300x225.jpg 300w, https:\/\/tedenloesopreis.nl\/wp-content\/uploads\/2023\/12\/IMG_5474-1024x768-1-768x576.jpg 768w\" sizes=\"auto, (max-width: 1024px) 100vw, 1024px\" \/><\/a><figcaption class=\"wp-element-caption\"><em>richting Troms\u00f8 samen met een Hurtigruten<\/em><\/figcaption><\/figure>\n<\/div>\n\n\n\n<div class=\"wp-block-column is-layout-flow wp-block-column-is-layout-flow\" style=\"flex-basis:66.66%\">\n<p>Eenmaal weer aan wal wordt het er niet beter op. Het uitzicht wordt steeds beperkter, en de windstoten steeds sterker. Zo bereiken we, samen met een Hurtigrutenboot, Troms\u00f8.<\/p>\n<\/div>\n<\/div>\n\n\n\n<div class=\"wp-block-columns is-layout-flex wp-container-core-columns-is-layout-9d6595d7 wp-block-columns-is-layout-flex\">\n<div class=\"wp-block-column is-layout-flow wp-block-column-is-layout-flow\" style=\"flex-basis:33.33%\">\n<figure class=\"wp-block-image size-full\"><a href=\"https:\/\/tedenloesopreis.nl\/wp-content\/uploads\/2023\/12\/IMG_5480-1024x768-1.jpg\" target=\"_blank\" rel=\"noreferrer noopener\"><img loading=\"lazy\" decoding=\"async\" width=\"1024\" height=\"768\" src=\"https:\/\/tedenloesopreis.nl\/wp-content\/uploads\/2023\/12\/IMG_5480-1024x768-1.jpg\" alt=\"\" class=\"wp-image-8825\" srcset=\"https:\/\/tedenloesopreis.nl\/wp-content\/uploads\/2023\/12\/IMG_5480-1024x768-1.jpg 1024w, https:\/\/tedenloesopreis.nl\/wp-content\/uploads\/2023\/12\/IMG_5480-1024x768-1-300x225.jpg 300w, https:\/\/tedenloesopreis.nl\/wp-content\/uploads\/2023\/12\/IMG_5480-1024x768-1-768x576.jpg 768w\" sizes=\"auto, (max-width: 1024px) 100vw, 1024px\" \/><\/a><figcaption class=\"wp-element-caption\"><em>camperplaats in Troms\u00f8<\/em><\/figcaption><\/figure>\n<\/div>\n\n\n\n<div class=\"wp-block-column is-layout-flow wp-block-column-is-layout-flow\" style=\"flex-basis:66.66%\">\n<p>We staan nu op de&nbsp;<a href=\"https:\/\/www.campercontact.com\/nl\/noorwegen\/troms-og-finnmark\/troms\/43388\/troms-lodge-camping\" target=\"_blank\" rel=\"noreferrer noopener\">camping\/camperplaats van Troms\u00f8<\/a>. Een behoorlijk luxe camping met geasfalteerde plaatsen met daarnaast een kunstgrasveldje.<\/p>\n<\/div>\n<\/div>\n\n\n\n<div style=\"height:35px\" aria-hidden=\"true\" class=\"wp-block-spacer\"><\/div>\n\n\n\n<div class=\"wp-block-columns is-layout-flex wp-container-core-columns-is-layout-9d6595d7 wp-block-columns-is-layout-flex\">\n<div class=\"wp-block-column is-layout-flow wp-block-column-is-layout-flow\">\n<p class=\"has-orange-background-color has-background\" id=\"dag26\"><\/p>\n<\/div>\n<\/div>\n\n\n\n<div class=\"wp-block-columns is-layout-flex wp-container-core-columns-is-layout-9d6595d7 wp-block-columns-is-layout-flex\">\n<div class=\"wp-block-column is-layout-flow wp-block-column-is-layout-flow\" style=\"flex-basis:33.33%\">\n<p class=\"has-small-font-size\"><a href=\"#titel\">top<\/a><\/p>\n<\/div>\n\n\n\n<div class=\"wp-block-column is-layout-flow wp-block-column-is-layout-flow\" style=\"flex-basis:66.66%\">\n<p><strong>ROTWEER IN TROMS\u00d8<\/strong><br>dag 26 &nbsp; &nbsp;&nbsp; &nbsp;wo 27 juni 2018<br>rustdag Troms\u00f8 &nbsp; &nbsp; &nbsp;0 km<\/p>\n<\/div>\n<\/div>\n\n\n\n<div style=\"height:20px\" aria-hidden=\"true\" class=\"wp-block-spacer\"><\/div>\n\n\n\n<div class=\"wp-block-columns is-layout-flex wp-container-core-columns-is-layout-9d6595d7 wp-block-columns-is-layout-flex\">\n<div class=\"wp-block-column is-layout-flow wp-block-column-is-layout-flow\" style=\"flex-basis:33.33%\">\n<figure class=\"wp-block-image size-full\"><a href=\"https:\/\/tedenloesopreis.nl\/wp-content\/uploads\/2023\/12\/IMG_5484-768x1024-1.jpg\" target=\"_blank\" rel=\"noreferrer noopener\"><img loading=\"lazy\" decoding=\"async\" width=\"768\" height=\"1024\" src=\"https:\/\/tedenloesopreis.nl\/wp-content\/uploads\/2023\/12\/IMG_5484-768x1024-1.jpg\" alt=\"\" class=\"wp-image-8828\" srcset=\"https:\/\/tedenloesopreis.nl\/wp-content\/uploads\/2023\/12\/IMG_5484-768x1024-1.jpg 768w, https:\/\/tedenloesopreis.nl\/wp-content\/uploads\/2023\/12\/IMG_5484-768x1024-1-225x300.jpg 225w\" sizes=\"auto, (max-width: 768px) 100vw, 768px\" \/><\/a><figcaption class=\"wp-element-caption\"><em>vrienden voor een dag<\/em><\/figcaption><\/figure>\n<\/div>\n\n\n\n<div class=\"wp-block-column is-layout-flow wp-block-column-is-layout-flow\" style=\"flex-basis:66.66%\">\n<p>Het regent en waait de hele dag. We blijven daarom lekker binnen. Wat zijn de wapenfeiten?&nbsp;<\/p>\n\n\n\n<p>We zien Duitsland verliezen van Korea en Zweden winnen van Mexico. We kijken op de laptop. Noorwegen is geen EU-lid, dus we mogen hier niet naar de Ziggo-app kijken. Gelukkig is het internet op de camping goed en heeft de Noorse TV een gratis streaming-service.&nbsp;<\/p>\n\n\n\n<p>We sluiten vriendschap met een aantal eenden. Die verwachten van de camping-gasten korstjes en kruimels. We stellen hen niet teleur.&nbsp;<\/p>\n<\/div>\n<\/div>\n\n\n\n<div class=\"wp-block-columns is-layout-flex wp-container-core-columns-is-layout-9d6595d7 wp-block-columns-is-layout-flex\">\n<div class=\"wp-block-column is-layout-flow wp-block-column-is-layout-flow\" style=\"flex-basis:33.33%\">\n<figure class=\"wp-block-image size-full\"><a href=\"https:\/\/tedenloesopreis.nl\/wp-content\/uploads\/2023\/12\/IMG_5476-1024x768-1.jpg\" target=\"_blank\" rel=\"noreferrer noopener\"><img loading=\"lazy\" decoding=\"async\" width=\"1024\" height=\"768\" src=\"https:\/\/tedenloesopreis.nl\/wp-content\/uploads\/2023\/12\/IMG_5476-1024x768-1.jpg\" alt=\"\" class=\"wp-image-8829\" srcset=\"https:\/\/tedenloesopreis.nl\/wp-content\/uploads\/2023\/12\/IMG_5476-1024x768-1.jpg 1024w, https:\/\/tedenloesopreis.nl\/wp-content\/uploads\/2023\/12\/IMG_5476-1024x768-1-300x225.jpg 300w, https:\/\/tedenloesopreis.nl\/wp-content\/uploads\/2023\/12\/IMG_5476-1024x768-1-768x576.jpg 768w\" sizes=\"auto, (max-width: 1024px) 100vw, 1024px\" \/><\/a><figcaption class=\"wp-element-caption\"><em>winderige brug (op de achtergrond)<\/em><\/figcaption><\/figure>\n<\/div>\n\n\n\n<div class=\"wp-block-column is-layout-flow wp-block-column-is-layout-flow\" style=\"flex-basis:66.66%\">\n<p>Volgens de dames van de receptie is het morgen overwegend droog en zwakt de wind af. Daarom gaan we morgen naar Troms\u00f8, op de fiets over een hele hoge brug, die gisteren en vanochtend nog werd afgeraden voor voetgangers en fietsers ivm de sterke rukwinden.<\/p>\n<\/div>\n<\/div>\n\n\n\n<div style=\"height:35px\" aria-hidden=\"true\" class=\"wp-block-spacer\"><\/div>\n\n\n\n<div class=\"wp-block-columns is-layout-flex wp-container-core-columns-is-layout-9d6595d7 wp-block-columns-is-layout-flex\">\n<div class=\"wp-block-column is-layout-flow wp-block-column-is-layout-flow\">\n<p class=\"has-orange-background-color has-background\" id=\"dag27\"><\/p>\n<\/div>\n<\/div>\n\n\n\n<div class=\"wp-block-columns is-layout-flex wp-container-core-columns-is-layout-9d6595d7 wp-block-columns-is-layout-flex\">\n<div class=\"wp-block-column is-layout-flow wp-block-column-is-layout-flow\" style=\"flex-basis:33.33%\">\n<p class=\"has-small-font-size\"><a href=\"#titel\">top<\/a><\/p>\n<\/div>\n\n\n\n<div class=\"wp-block-column is-layout-flow wp-block-column-is-layout-flow\" style=\"flex-basis:66.66%\">\n<p><strong>DAGJE TROMS\u00d8<\/strong><br>dag 27 &nbsp; &nbsp; &nbsp; do 28 juni 2018<br>dagje Troms\u00f8 &nbsp; &nbsp; &nbsp;15 km<\/p>\n<\/div>\n<\/div>\n\n\n\n<div style=\"height:20px\" aria-hidden=\"true\" class=\"wp-block-spacer\"><\/div>\n\n\n\n<div class=\"wp-block-columns is-layout-flex wp-container-core-columns-is-layout-9d6595d7 wp-block-columns-is-layout-flex\">\n<div class=\"wp-block-column is-layout-flow wp-block-column-is-layout-flow\" style=\"flex-basis:33.33%\"><\/div>\n\n\n\n<div class=\"wp-block-column is-layout-flow wp-block-column-is-layout-flow\" style=\"flex-basis:66.66%\">\n<p>We gaan vandaag naar Troms\u00f8. Onze verwachtingen zijn niet al te hoog gespannen. Dat komt door een meisje uit Troms\u00f8 dat een vakantiebaantje heeft in het cafeetje bij de vuurtoren van Slettnes Fyr. Zij informeerde naar onze plannen. Toen wij o.a. vertelden, dat wij naar Troms\u00f8 gingen, reageerde zij met gefronste wenkbrauwen. Troms\u00f8 is eigenlijk alleen in de winter de moeite waard, vooral door het poollicht. In de zomer is er voor toeristen niet zo veel te zoeken.&nbsp;<\/p>\n\n\n\n<p>We gaan toch maar naar de stad. Omdat het nog steeds stevig waait en regent, gaan we met de buzz. Die stallen we op de camperplaats van de stad. Het is vanaf daar nog maar 750 meter naar het centrum, dus we laten de fietsen maar onder het dekzeil, en gaan lopen. Al snel komt de ergernis. Niet alleen de wegen, maar ook de voetpaden zitten vol met kuilen. Je moet steeds opletten, waar je je voeten zet, want je hebt z\u00f3 natte voeten of, nog vervelender, een enkelblessure. Er valt maar weinig te bewonderen. Er staat nog een paar oude houten huizen in de hoofdstraat, en een houten kathedraal. Het is de meest noordelijke kathedraal ter wereld (eigenlijk is het maar een kathedraaltje; niet zo eentje met een toren die boven de stad uitsteekt). We kunnen de kathedraal niet bezichtigen, want er zijn werkzaamheden.&nbsp;<\/p>\n\n\n\n<p>Aan de oostzijde van het water bevindt zich de IJskathedraal. Ook deze kathedraal is, op het moment dat wij er zijn, niet te bezichtigen.<\/p>\n<\/div>\n<\/div>\n\n\n\n<div class=\"wp-block-columns is-layout-flex wp-container-core-columns-is-layout-9d6595d7 wp-block-columns-is-layout-flex\">\n<div class=\"wp-block-column is-layout-flow wp-block-column-is-layout-flow\">\n<figure class=\"wp-block-image size-full\"><a href=\"https:\/\/tedenloesopreis.nl\/wp-content\/uploads\/2023\/12\/IMG_5494-1024x768-1.jpg\" target=\"_blank\" rel=\"noreferrer noopener\"><img loading=\"lazy\" decoding=\"async\" width=\"1024\" height=\"768\" src=\"https:\/\/tedenloesopreis.nl\/wp-content\/uploads\/2023\/12\/IMG_5494-1024x768-1.jpg\" alt=\"\" class=\"wp-image-8831\" srcset=\"https:\/\/tedenloesopreis.nl\/wp-content\/uploads\/2023\/12\/IMG_5494-1024x768-1.jpg 1024w, https:\/\/tedenloesopreis.nl\/wp-content\/uploads\/2023\/12\/IMG_5494-1024x768-1-300x225.jpg 300w, https:\/\/tedenloesopreis.nl\/wp-content\/uploads\/2023\/12\/IMG_5494-1024x768-1-768x576.jpg 768w\" sizes=\"auto, (max-width: 1024px) 100vw, 1024px\" \/><\/a><figcaption class=\"wp-element-caption\"><em>houten huizen in de hoofdstraat van Troms\u00f8<\/em><\/figcaption><\/figure>\n<\/div>\n\n\n\n<div class=\"wp-block-column is-layout-flow wp-block-column-is-layout-flow\">\n<figure class=\"wp-block-image size-full\"><a href=\"https:\/\/tedenloesopreis.nl\/wp-content\/uploads\/2023\/12\/IMG_5487-768x1024-1.jpg\" target=\"_blank\" rel=\"noreferrer noopener\"><img loading=\"lazy\" decoding=\"async\" width=\"768\" height=\"1024\" src=\"https:\/\/tedenloesopreis.nl\/wp-content\/uploads\/2023\/12\/IMG_5487-768x1024-1.jpg\" alt=\"\" class=\"wp-image-8832\" srcset=\"https:\/\/tedenloesopreis.nl\/wp-content\/uploads\/2023\/12\/IMG_5487-768x1024-1.jpg 768w, https:\/\/tedenloesopreis.nl\/wp-content\/uploads\/2023\/12\/IMG_5487-768x1024-1-225x300.jpg 225w\" sizes=\"auto, (max-width: 768px) 100vw, 768px\" \/><\/a><figcaption class=\"wp-element-caption\"><em>de houten kathedraal van Troms\u00f8<\/em><\/figcaption><\/figure>\n<\/div>\n\n\n\n<div class=\"wp-block-column is-layout-flow wp-block-column-is-layout-flow\">\n<figure class=\"wp-block-image size-full\"><a href=\"https:\/\/tedenloesopreis.nl\/wp-content\/uploads\/2023\/12\/IMG_5507-1024x768-1.jpg\" target=\"_blank\" rel=\"noreferrer noopener\"><img loading=\"lazy\" decoding=\"async\" width=\"1024\" height=\"768\" src=\"https:\/\/tedenloesopreis.nl\/wp-content\/uploads\/2023\/12\/IMG_5507-1024x768-1.jpg\" alt=\"\" class=\"wp-image-8833\" srcset=\"https:\/\/tedenloesopreis.nl\/wp-content\/uploads\/2023\/12\/IMG_5507-1024x768-1.jpg 1024w, https:\/\/tedenloesopreis.nl\/wp-content\/uploads\/2023\/12\/IMG_5507-1024x768-1-300x225.jpg 300w, https:\/\/tedenloesopreis.nl\/wp-content\/uploads\/2023\/12\/IMG_5507-1024x768-1-768x576.jpg 768w\" sizes=\"auto, (max-width: 1024px) 100vw, 1024px\" \/><\/a><figcaption class=\"wp-element-caption\"><em>de IJskathedraal<\/em><\/figcaption><\/figure>\n<\/div>\n<\/div>\n\n\n\n<div style=\"height:35px\" aria-hidden=\"true\" class=\"wp-block-spacer\"><\/div>\n\n\n\n<div class=\"wp-block-columns is-layout-flex wp-container-core-columns-is-layout-9d6595d7 wp-block-columns-is-layout-flex\">\n<div class=\"wp-block-column is-layout-flow wp-block-column-is-layout-flow\">\n<p class=\"has-orange-background-color has-background\" id=\"dag28\"><\/p>\n<\/div>\n<\/div>\n\n\n\n<div class=\"wp-block-columns is-layout-flex wp-container-core-columns-is-layout-9d6595d7 wp-block-columns-is-layout-flex\">\n<div class=\"wp-block-column is-layout-flow wp-block-column-is-layout-flow\" style=\"flex-basis:33.33%\">\n<p class=\"has-small-font-size\"><a href=\"#titel\">top<\/a><\/p>\n<\/div>\n\n\n\n<div class=\"wp-block-column is-layout-flow wp-block-column-is-layout-flow\" style=\"flex-basis:66.66%\">\n<p><strong>EVEN KALM AAN<\/strong><br>dag 28 &nbsp; &nbsp;&nbsp; &nbsp;vr 29 juni 2018<br>rustdag Troms\u00f8 &nbsp; &nbsp;&nbsp; &nbsp;0 km<\/p>\n<\/div>\n<\/div>\n\n\n\n<div style=\"height:20px\" aria-hidden=\"true\" class=\"wp-block-spacer\"><\/div>\n\n\n\n<div class=\"wp-block-columns is-layout-flex wp-container-core-columns-is-layout-9d6595d7 wp-block-columns-is-layout-flex\">\n<div class=\"wp-block-column is-layout-flow wp-block-column-is-layout-flow\" style=\"flex-basis:33.33%\"><\/div>\n\n\n\n<div class=\"wp-block-column is-layout-flow wp-block-column-is-layout-flow\" style=\"flex-basis:66.66%\">\n<p>Ted heeft gisteren, na het bezoek aan Troms\u00f8, last van darmkrampen gekregen en is naar bed gegaan. Die klachten heeft hij wel vaker. Meestal is het na een nachtje weer over. Voor de zekerheid hebben we toch nog maar een dag bijgeboekt.<\/p>\n<\/div>\n<\/div>\n\n\n\n<div style=\"height:35px\" aria-hidden=\"true\" class=\"wp-block-spacer\"><\/div>\n\n\n\n<div class=\"wp-block-columns is-layout-flex wp-container-core-columns-is-layout-9d6595d7 wp-block-columns-is-layout-flex\">\n<div class=\"wp-block-column is-layout-flow wp-block-column-is-layout-flow\">\n<p class=\"has-orange-background-color has-background\" id=\"dag29\"><\/p>\n<\/div>\n<\/div>\n\n\n\n<div class=\"wp-block-columns is-layout-flex wp-container-core-columns-is-layout-9d6595d7 wp-block-columns-is-layout-flex\">\n<div class=\"wp-block-column is-layout-flow wp-block-column-is-layout-flow\" style=\"flex-basis:33.33%\">\n<p class=\"has-small-font-size\"><a href=\"#titel\">top<\/a><\/p>\n<\/div>\n\n\n\n<div class=\"wp-block-column is-layout-flow wp-block-column-is-layout-flow\" style=\"flex-basis:66.66%\">\n<p><strong>SMALLE TUNNELS OP SENJA<\/strong><br>dag 29 &nbsp; &nbsp; &nbsp; za 30 juni 2018<br><a href=\"https:\/\/www.google.com\/maps\/d\/viewer?mid=1B-4Qk2GsSK5q5tZQv9mvIntIqxwHyeP1&amp;ll=69.28843942493775%2C17.795234052734386&amp;z=9\" target=\"_blank\" rel=\"noreferrer noopener\">Troms\u00f8 \u2013 Sj\u00f8vegan<\/a>&nbsp;&nbsp; &nbsp; &nbsp;267 km<\/p>\n<\/div>\n<\/div>\n\n\n\n<div style=\"height:20px\" aria-hidden=\"true\" class=\"wp-block-spacer\"><\/div>\n\n\n\n<div class=\"wp-block-columns is-layout-flex wp-container-core-columns-is-layout-9d6595d7 wp-block-columns-is-layout-flex\">\n<div class=\"wp-block-column is-layout-flow wp-block-column-is-layout-flow\" style=\"flex-basis:33.33%\"><\/div>\n\n\n\n<div class=\"wp-block-column is-layout-flow wp-block-column-is-layout-flow\" style=\"flex-basis:66.66%\">\n<p>Vanochtend vertrekken we vrij vroeg, om 08:30, uit Troms\u00f8. We willen namelijk de veerboot Brensholmen-Botnham hebben van 10:45. Wil je zeker zijn van een plaatsje aan boord (het is maar een kleine veerboot), dan moet je minstens een uur v\u00f3\u00f3r vertrek in de rij op de veerstoep staan. Naar Brensholmen is maar 60 km, maar in Noorwegen doe je daar gemakkelijk een uur over. Daarom vertrekken we om 08:30.<\/p>\n<\/div>\n<\/div>\n\n\n\n<div class=\"wp-block-columns is-layout-flex wp-container-core-columns-is-layout-9d6595d7 wp-block-columns-is-layout-flex\">\n<div class=\"wp-block-column is-layout-flow wp-block-column-is-layout-flow\">\n<figure class=\"wp-block-image size-full\"><a href=\"https:\/\/tedenloesopreis.nl\/wp-content\/uploads\/2023\/12\/IMG_5514-1-1024x768-1.jpg\" target=\"_blank\" rel=\"noreferrer noopener\"><img loading=\"lazy\" decoding=\"async\" width=\"1024\" height=\"768\" src=\"https:\/\/tedenloesopreis.nl\/wp-content\/uploads\/2023\/12\/IMG_5514-1-1024x768-1.jpg\" alt=\"\" class=\"wp-image-8836\" srcset=\"https:\/\/tedenloesopreis.nl\/wp-content\/uploads\/2023\/12\/IMG_5514-1-1024x768-1.jpg 1024w, https:\/\/tedenloesopreis.nl\/wp-content\/uploads\/2023\/12\/IMG_5514-1-1024x768-1-300x225.jpg 300w, https:\/\/tedenloesopreis.nl\/wp-content\/uploads\/2023\/12\/IMG_5514-1-1024x768-1-768x576.jpg 768w\" sizes=\"auto, (max-width: 1024px) 100vw, 1024px\" \/><\/a><figcaption class=\"wp-element-caption\"><em>onderweg naar Brensholmen<\/em><\/figcaption><\/figure>\n<\/div>\n\n\n\n<div class=\"wp-block-column is-layout-flow wp-block-column-is-layout-flow\">\n<figure class=\"wp-block-image size-full\"><a href=\"https:\/\/tedenloesopreis.nl\/wp-content\/uploads\/2023\/12\/IMG_5515-1-1024x768-1.jpg\" target=\"_blank\" rel=\"noreferrer noopener\"><img loading=\"lazy\" decoding=\"async\" width=\"1024\" height=\"768\" src=\"https:\/\/tedenloesopreis.nl\/wp-content\/uploads\/2023\/12\/IMG_5515-1-1024x768-1.jpg\" alt=\"\" class=\"wp-image-8837\" srcset=\"https:\/\/tedenloesopreis.nl\/wp-content\/uploads\/2023\/12\/IMG_5515-1-1024x768-1.jpg 1024w, https:\/\/tedenloesopreis.nl\/wp-content\/uploads\/2023\/12\/IMG_5515-1-1024x768-1-300x225.jpg 300w, https:\/\/tedenloesopreis.nl\/wp-content\/uploads\/2023\/12\/IMG_5515-1-1024x768-1-768x576.jpg 768w\" sizes=\"auto, (max-width: 1024px) 100vw, 1024px\" \/><\/a><figcaption class=\"wp-element-caption\"><em>onderweg naar Brensholmen<\/em><\/figcaption><\/figure>\n<\/div>\n\n\n\n<div class=\"wp-block-column is-layout-flow wp-block-column-is-layout-flow\">\n<figure class=\"wp-block-image size-full\"><a href=\"https:\/\/tedenloesopreis.nl\/wp-content\/uploads\/2023\/12\/IMG_5517-1-1024x768-1.jpg\" target=\"_blank\" rel=\"noreferrer noopener\"><img loading=\"lazy\" decoding=\"async\" width=\"1024\" height=\"768\" src=\"https:\/\/tedenloesopreis.nl\/wp-content\/uploads\/2023\/12\/IMG_5517-1-1024x768-1.jpg\" alt=\"\" class=\"wp-image-8838\" srcset=\"https:\/\/tedenloesopreis.nl\/wp-content\/uploads\/2023\/12\/IMG_5517-1-1024x768-1.jpg 1024w, https:\/\/tedenloesopreis.nl\/wp-content\/uploads\/2023\/12\/IMG_5517-1-1024x768-1-300x225.jpg 300w, https:\/\/tedenloesopreis.nl\/wp-content\/uploads\/2023\/12\/IMG_5517-1-1024x768-1-768x576.jpg 768w\" sizes=\"auto, (max-width: 1024px) 100vw, 1024px\" \/><\/a><figcaption class=\"wp-element-caption\"><em>onderweg naar Brensholmen<\/em><\/figcaption><\/figure>\n<\/div>\n<\/div>\n\n\n\n<div class=\"wp-block-columns is-layout-flex wp-container-core-columns-is-layout-9d6595d7 wp-block-columns-is-layout-flex\">\n<div class=\"wp-block-column is-layout-flow wp-block-column-is-layout-flow\" style=\"flex-basis:33.33%\"><\/div>\n\n\n\n<div class=\"wp-block-column is-layout-flow wp-block-column-is-layout-flow\" style=\"flex-basis:66.66%\">\n<p>De reis naar Brensholmen duurt toch iets langer dan verwacht. We sluiten om 10:00 aan in de wachtrij. Gelukkig kunnen we mee. Sterker nog, nadat alle personenauto\u2019s uit de rij zijn geplukt om de hoeken voor in het schip te vullen, worden wij uit de rij gehaald, omdat we de eerste buscamper zijn. Deze zijn iets smaller dan \u201cgewone\u201d campers, zodat er aan boord naast ons nog precies een Finse touringcar kan worden geplaatst. Dat gaat maar kielekiele. Als de boot te wild op en neer gaat, en de touringcar zal daardoor een beetje gaan schommelen, dan komt hij met zijn spiegel tegen onze bus. Gelukkig schommelt de touringcar niet, en rijden we onbeschadigd bij Botnham het eiland Senja op. Weg 862 is een van de Noorse nationale toeristenwegen. En terecht. We maken een schitterende tocht over het eiland.<\/p>\n<\/div>\n<\/div>\n\n\n\n<div class=\"wp-block-columns is-layout-flex wp-container-core-columns-is-layout-9d6595d7 wp-block-columns-is-layout-flex\">\n<div class=\"wp-block-column is-layout-flow wp-block-column-is-layout-flow\">\n<figure class=\"wp-block-image size-full\"><a href=\"https:\/\/tedenloesopreis.nl\/wp-content\/uploads\/2023\/12\/IMG_5519-1-768x1024-1.jpg\" target=\"_blank\" rel=\"noreferrer noopener\"><img loading=\"lazy\" decoding=\"async\" width=\"768\" height=\"1024\" src=\"https:\/\/tedenloesopreis.nl\/wp-content\/uploads\/2023\/12\/IMG_5519-1-768x1024-1.jpg\" alt=\"\" class=\"wp-image-8839\" srcset=\"https:\/\/tedenloesopreis.nl\/wp-content\/uploads\/2023\/12\/IMG_5519-1-768x1024-1.jpg 768w, https:\/\/tedenloesopreis.nl\/wp-content\/uploads\/2023\/12\/IMG_5519-1-768x1024-1-225x300.jpg 225w\" sizes=\"auto, (max-width: 768px) 100vw, 768px\" \/><\/a><figcaption class=\"wp-element-caption\"><em>Finse bus met uitstekende spiegel<\/em><\/figcaption><\/figure>\n<\/div>\n\n\n\n<div class=\"wp-block-column is-layout-flow wp-block-column-is-layout-flow\">\n<figure class=\"wp-block-image size-full\"><a href=\"https:\/\/tedenloesopreis.nl\/wp-content\/uploads\/2023\/12\/IMG_5524-1-1024x768-1.jpg\" target=\"_blank\" rel=\"noreferrer noopener\"><img loading=\"lazy\" decoding=\"async\" width=\"1024\" height=\"768\" src=\"https:\/\/tedenloesopreis.nl\/wp-content\/uploads\/2023\/12\/IMG_5524-1-1024x768-1.jpg\" alt=\"\" class=\"wp-image-8840\" srcset=\"https:\/\/tedenloesopreis.nl\/wp-content\/uploads\/2023\/12\/IMG_5524-1-1024x768-1.jpg 1024w, https:\/\/tedenloesopreis.nl\/wp-content\/uploads\/2023\/12\/IMG_5524-1-1024x768-1-300x225.jpg 300w, https:\/\/tedenloesopreis.nl\/wp-content\/uploads\/2023\/12\/IMG_5524-1-1024x768-1-768x576.jpg 768w\" sizes=\"auto, (max-width: 1024px) 100vw, 1024px\" \/><\/a><figcaption class=\"wp-element-caption\"><em>Brensholmen ligt achter ons<\/em><\/figcaption><\/figure>\n<\/div>\n\n\n\n<div class=\"wp-block-column is-layout-flow wp-block-column-is-layout-flow\">\n<figure class=\"wp-block-image size-full\"><a href=\"https:\/\/tedenloesopreis.nl\/wp-content\/uploads\/2023\/12\/IMG_5534.webp\" target=\"_blank\" rel=\"noreferrer noopener\"><img loading=\"lazy\" decoding=\"async\" width=\"340\" height=\"255\" src=\"https:\/\/tedenloesopreis.nl\/wp-content\/uploads\/2023\/12\/IMG_5534.webp\" alt=\"\" class=\"wp-image-10878\" srcset=\"https:\/\/tedenloesopreis.nl\/wp-content\/uploads\/2023\/12\/IMG_5534.webp 340w, https:\/\/tedenloesopreis.nl\/wp-content\/uploads\/2023\/12\/IMG_5534-300x225.webp 300w\" sizes=\"auto, (max-width: 340px) 100vw, 340px\" \/><\/a><figcaption class=\"wp-element-caption\"><em>naar Botnhamn<\/em><\/figcaption><\/figure>\n<\/div>\n<\/div>\n\n\n\n<div class=\"wp-block-columns is-layout-flex wp-container-core-columns-is-layout-9d6595d7 wp-block-columns-is-layout-flex\">\n<div class=\"wp-block-column is-layout-flow wp-block-column-is-layout-flow\" style=\"flex-basis:33.33%\"><\/div>\n\n\n\n<div class=\"wp-block-column is-layout-flow wp-block-column-is-layout-flow\" style=\"flex-basis:66.66%\">\n<p id=\"husoy\">Vrijwel aan het begin gaan we weg 277 op (deze hoort ook bij de route), die ons naar Hus\u00f8y brengt. Voorheen was dat een visserseiland (net als Urk), maar het is nu met een dam verbonden met Senja. Het ligt er schitterend bij.<\/p>\n<\/div>\n<\/div>\n\n\n\n<div class=\"wp-block-columns is-layout-flex wp-container-core-columns-is-layout-9d6595d7 wp-block-columns-is-layout-flex\">\n<div class=\"wp-block-column is-layout-flow wp-block-column-is-layout-flow\">\n<figure class=\"wp-block-image size-full\"><a href=\"https:\/\/tedenloesopreis.nl\/wp-content\/uploads\/2023\/12\/IMG_5536-1-1024x768-1.jpg\" target=\"_blank\" rel=\"noreferrer noopener\"><img loading=\"lazy\" decoding=\"async\" width=\"1024\" height=\"768\" src=\"https:\/\/tedenloesopreis.nl\/wp-content\/uploads\/2023\/12\/IMG_5536-1-1024x768-1.jpg\" alt=\"\" class=\"wp-image-8842\" srcset=\"https:\/\/tedenloesopreis.nl\/wp-content\/uploads\/2023\/12\/IMG_5536-1-1024x768-1.jpg 1024w, https:\/\/tedenloesopreis.nl\/wp-content\/uploads\/2023\/12\/IMG_5536-1-1024x768-1-300x225.jpg 300w, https:\/\/tedenloesopreis.nl\/wp-content\/uploads\/2023\/12\/IMG_5536-1-1024x768-1-768x576.jpg 768w\" sizes=\"auto, (max-width: 1024px) 100vw, 1024px\" \/><\/a><figcaption class=\"wp-element-caption\"><em>onderweg naar Hus\u00f8y<\/em><\/figcaption><\/figure>\n<\/div>\n\n\n\n<div class=\"wp-block-column is-layout-flow wp-block-column-is-layout-flow\">\n<figure class=\"wp-block-image size-full\"><a href=\"https:\/\/tedenloesopreis.nl\/wp-content\/uploads\/2023\/12\/IMG_5545-1-1024x768-1.jpg\" target=\"_blank\" rel=\"noreferrer noopener\"><img loading=\"lazy\" decoding=\"async\" width=\"1024\" height=\"768\" src=\"https:\/\/tedenloesopreis.nl\/wp-content\/uploads\/2023\/12\/IMG_5545-1-1024x768-1.jpg\" alt=\"\" class=\"wp-image-8843\" srcset=\"https:\/\/tedenloesopreis.nl\/wp-content\/uploads\/2023\/12\/IMG_5545-1-1024x768-1.jpg 1024w, https:\/\/tedenloesopreis.nl\/wp-content\/uploads\/2023\/12\/IMG_5545-1-1024x768-1-300x225.jpg 300w, https:\/\/tedenloesopreis.nl\/wp-content\/uploads\/2023\/12\/IMG_5545-1-1024x768-1-768x576.jpg 768w\" sizes=\"auto, (max-width: 1024px) 100vw, 1024px\" \/><\/a><figcaption class=\"wp-element-caption\"><em>zo ligt Hus\u00f8y<\/em><\/figcaption><\/figure>\n<\/div>\n\n\n\n<div class=\"wp-block-column is-layout-flow wp-block-column-is-layout-flow\">\n<figure class=\"wp-block-image size-full\"><a href=\"https:\/\/tedenloesopreis.nl\/wp-content\/uploads\/2023\/12\/IMG_5543-1-1024x768-1.jpg\" target=\"_blank\" rel=\"noreferrer noopener\"><img loading=\"lazy\" decoding=\"async\" width=\"1024\" height=\"768\" src=\"https:\/\/tedenloesopreis.nl\/wp-content\/uploads\/2023\/12\/IMG_5543-1-1024x768-1.jpg\" alt=\"\" class=\"wp-image-8844\" srcset=\"https:\/\/tedenloesopreis.nl\/wp-content\/uploads\/2023\/12\/IMG_5543-1-1024x768-1.jpg 1024w, https:\/\/tedenloesopreis.nl\/wp-content\/uploads\/2023\/12\/IMG_5543-1-1024x768-1-300x225.jpg 300w, https:\/\/tedenloesopreis.nl\/wp-content\/uploads\/2023\/12\/IMG_5543-1-1024x768-1-768x576.jpg 768w\" sizes=\"auto, (max-width: 1024px) 100vw, 1024px\" \/><\/a><figcaption class=\"wp-element-caption\"><em>in Hus\u00f8y wordt gevist, zo te zien<\/em><\/figcaption><\/figure>\n<\/div>\n<\/div>\n\n\n\n<div class=\"wp-block-columns is-layout-flex wp-container-core-columns-is-layout-9d6595d7 wp-block-columns-is-layout-flex\">\n<div class=\"wp-block-column is-layout-flow wp-block-column-is-layout-flow\" style=\"flex-basis:33.33%\"><\/div>\n\n\n\n<div class=\"wp-block-column is-layout-flow wp-block-column-is-layout-flow\" style=\"flex-basis:66.66%\">\n<p id=\"fv862\">Verder gaat het weer over de 862. De weg is redelijk smal, en iets bredere tegenliggers kom je allen maar voorbij op de uitwijkplaatsen. Ook de vele tunnels in de route zijn aan de smalle kant, dus ook daar heb je uitwijkplaatsen. In een van die tunnels komen we een ambulance tegen, en geen uitwijkplaats te bekennen. Het is flink passen en meten. Al \u201ckruipend\u201d passeren we elkaar.&nbsp;<\/p>\n\n\n\n<p>Bijzonder aan de smalle tunnels is, dat fietsers zich bij het inrijden kunnen melden door op een knop te drukken. Met een knipperlicht wordt vervolgens het gemotoriseerde verkeer gewaarschuwd, dat er fietsers in de tunnel zijn.&nbsp;<\/p>\n\n\n\n<p>Bijzonder aan de Nationale Toeristenwegen is ook, dat parkeerplaatsen aan die wegen zijn voorzien van bijzondere architectuur. Die van Bergsbotn is heel apart.<\/p>\n<\/div>\n<\/div>\n\n\n\n<div class=\"wp-block-columns is-layout-flex wp-container-core-columns-is-layout-9d6595d7 wp-block-columns-is-layout-flex\">\n<div class=\"wp-block-column is-layout-flow wp-block-column-is-layout-flow\">\n<figure class=\"wp-block-image size-full\"><a href=\"https:\/\/tedenloesopreis.nl\/wp-content\/uploads\/2023\/12\/IMG_5547-1-1024x768-1.jpg\" target=\"_blank\" rel=\"noreferrer noopener\"><img loading=\"lazy\" decoding=\"async\" width=\"1024\" height=\"768\" src=\"https:\/\/tedenloesopreis.nl\/wp-content\/uploads\/2023\/12\/IMG_5547-1-1024x768-1.jpg\" alt=\"\" class=\"wp-image-8845\" srcset=\"https:\/\/tedenloesopreis.nl\/wp-content\/uploads\/2023\/12\/IMG_5547-1-1024x768-1.jpg 1024w, https:\/\/tedenloesopreis.nl\/wp-content\/uploads\/2023\/12\/IMG_5547-1-1024x768-1-300x225.jpg 300w, https:\/\/tedenloesopreis.nl\/wp-content\/uploads\/2023\/12\/IMG_5547-1-1024x768-1-768x576.jpg 768w\" sizes=\"auto, (max-width: 1024px) 100vw, 1024px\" \/><\/a><figcaption class=\"wp-element-caption\"><em>kust op Senja<\/em><\/figcaption><\/figure>\n<\/div>\n\n\n\n<div class=\"wp-block-column is-layout-flow wp-block-column-is-layout-flow\">\n<figure class=\"wp-block-image size-full\"><a href=\"https:\/\/tedenloesopreis.nl\/wp-content\/uploads\/2023\/12\/IMG_5548-1-1024x768-1.jpg\" target=\"_blank\" rel=\"noreferrer noopener\"><img loading=\"lazy\" decoding=\"async\" width=\"1024\" height=\"768\" src=\"https:\/\/tedenloesopreis.nl\/wp-content\/uploads\/2023\/12\/IMG_5548-1-1024x768-1.jpg\" alt=\"\" class=\"wp-image-8846\" srcset=\"https:\/\/tedenloesopreis.nl\/wp-content\/uploads\/2023\/12\/IMG_5548-1-1024x768-1.jpg 1024w, https:\/\/tedenloesopreis.nl\/wp-content\/uploads\/2023\/12\/IMG_5548-1-1024x768-1-300x225.jpg 300w, https:\/\/tedenloesopreis.nl\/wp-content\/uploads\/2023\/12\/IMG_5548-1-1024x768-1-768x576.jpg 768w\" sizes=\"auto, (max-width: 1024px) 100vw, 1024px\" \/><\/a><figcaption class=\"wp-element-caption\"><em>nagenoeg loodrechte rotswanden op Senja<\/em><\/figcaption><\/figure>\n<\/div>\n\n\n\n<div class=\"wp-block-column is-layout-flow wp-block-column-is-layout-flow\">\n<figure class=\"wp-block-image size-full\"><a href=\"https:\/\/tedenloesopreis.nl\/wp-content\/uploads\/2023\/12\/99ac541f-1662-49ff-bcda-e1c3b5d16bfd-1.jpg\" target=\"_blank\" rel=\"noreferrer noopener\"><img loading=\"lazy\" decoding=\"async\" width=\"1024\" height=\"768\" src=\"https:\/\/tedenloesopreis.nl\/wp-content\/uploads\/2023\/12\/99ac541f-1662-49ff-bcda-e1c3b5d16bfd-1.jpg\" alt=\"\" class=\"wp-image-8847\" srcset=\"https:\/\/tedenloesopreis.nl\/wp-content\/uploads\/2023\/12\/99ac541f-1662-49ff-bcda-e1c3b5d16bfd-1.jpg 1024w, https:\/\/tedenloesopreis.nl\/wp-content\/uploads\/2023\/12\/99ac541f-1662-49ff-bcda-e1c3b5d16bfd-1-300x225.jpg 300w, https:\/\/tedenloesopreis.nl\/wp-content\/uploads\/2023\/12\/99ac541f-1662-49ff-bcda-e1c3b5d16bfd-1-768x576.jpg 768w\" sizes=\"auto, (max-width: 1024px) 100vw, 1024px\" \/><\/a><figcaption class=\"wp-element-caption\"><em>bijzondere architectuur bij Bergsbotn<\/em><\/figcaption><\/figure>\n<\/div>\n<\/div>\n\n\n\n<div class=\"wp-block-columns is-layout-flex wp-container-core-columns-is-layout-9d6595d7 wp-block-columns-is-layout-flex\">\n<div class=\"wp-block-column is-layout-flow wp-block-column-is-layout-flow\" style=\"flex-basis:33.33%\">\n<figure class=\"wp-block-image size-full\"><a href=\"https:\/\/tedenloesopreis.nl\/wp-content\/uploads\/2023\/12\/IMG_5563-1-1024x768-1.jpg\" target=\"_blank\" rel=\"noreferrer noopener\"><img loading=\"lazy\" decoding=\"async\" width=\"1024\" height=\"768\" src=\"https:\/\/tedenloesopreis.nl\/wp-content\/uploads\/2023\/12\/IMG_5563-1-1024x768-1.jpg\" alt=\"\" class=\"wp-image-8848\" srcset=\"https:\/\/tedenloesopreis.nl\/wp-content\/uploads\/2023\/12\/IMG_5563-1-1024x768-1.jpg 1024w, https:\/\/tedenloesopreis.nl\/wp-content\/uploads\/2023\/12\/IMG_5563-1-1024x768-1-300x225.jpg 300w, https:\/\/tedenloesopreis.nl\/wp-content\/uploads\/2023\/12\/IMG_5563-1-1024x768-1-768x576.jpg 768w\" sizes=\"auto, (max-width: 1024px) 100vw, 1024px\" \/><\/a><figcaption class=\"wp-element-caption\"><em>Garsnes camping in Sj\u00f8vegan<\/em><\/figcaption><\/figure>\n<\/div>\n\n\n\n<div class=\"wp-block-column is-layout-flow wp-block-column-is-layout-flow\" style=\"flex-basis:66.66%\">\n<p>Aan het einde van de 862 gaan we de 86 richting Finnsnes op. We volgen deze weg tot S\u00f8rreisa. Daar rijden we op de 84 verder naar Sj\u00f8vegan. De camping in Sj\u00f8vegan (Elvelund) is afgeladen vol (er is een groot feest aan de gang). We rijden daarom een klein stukje door naar de volgende camping (<a href=\"https:\/\/www.campercontact.com\/nl\/noorwegen\/troms-og-finnmark\/sjvegan\/44653\/garsnes-camping-garsnes-brygge\" target=\"_blank\" rel=\"noreferrer noopener\">Garsnes Brygge<\/a>).<\/p>\n<\/div>\n<\/div>\n\n\n\n<div style=\"height:35px\" aria-hidden=\"true\" class=\"wp-block-spacer\"><\/div>\n\n\n\n<div class=\"wp-block-columns is-layout-flex wp-container-core-columns-is-layout-9d6595d7 wp-block-columns-is-layout-flex\">\n<div class=\"wp-block-column is-layout-flow wp-block-column-is-layout-flow\">\n<p class=\"has-orange-background-color has-background\" id=\"dag30\"><\/p>\n<\/div>\n<\/div>\n\n\n\n<div class=\"wp-block-columns is-layout-flex wp-container-core-columns-is-layout-9d6595d7 wp-block-columns-is-layout-flex\">\n<div class=\"wp-block-column is-layout-flow wp-block-column-is-layout-flow\" style=\"flex-basis:33.33%\">\n<p class=\"has-small-font-size\"><a href=\"#titel\">top<\/a><\/p>\n<\/div>\n\n\n\n<div class=\"wp-block-column is-layout-flow wp-block-column-is-layout-flow\" style=\"flex-basis:66.66%\">\n<p><strong>WEER OP BEKEND TERREIN<\/strong><br>dag 30 &nbsp; &nbsp; &nbsp;zo 1 juli 2018<br><a href=\"https:\/\/www.google.com\/maps\/d\/viewer?mid=1kibSyNdaCT33HCn7roKrnZK4As_Yvbgv&amp;ll=68.28610750977829%2C16.520046143188424&amp;z=8\" target=\"_blank\" rel=\"noreferrer noopener\">Sj\u00f8vegan \u2013 M\u00f8rsvikbotn<\/a>&nbsp;&nbsp; &nbsp;&nbsp; &nbsp;259 km<\/p>\n<\/div>\n<\/div>\n\n\n\n<div style=\"height:20px\" aria-hidden=\"true\" class=\"wp-block-spacer\"><\/div>\n\n\n\n<div class=\"wp-block-columns is-layout-flex wp-container-core-columns-is-layout-9d6595d7 wp-block-columns-is-layout-flex\">\n<div class=\"wp-block-column is-layout-flow wp-block-column-is-layout-flow\" style=\"flex-basis:33.33%\"><\/div>\n\n\n\n<div class=\"wp-block-column is-layout-flow wp-block-column-is-layout-flow\" style=\"flex-basis:66.66%\">\n<p>Bij het plannen van de reis hebben we drie onderdelen onderscheiden:&nbsp;<br>1. Noordwaarts; van Tilburg naar Vestre Jakobselv,&nbsp;<br>2. Noordkust; van Vestre Jakobselv naar Sj\u00f8vegan,&nbsp;<br>3. Zuidwaarts; van Sj\u00f8vegan naar Tilburg.&nbsp;<\/p>\n\n\n\n<p>Volgens deze indeling beginnen we dus vandaag aan de terugreis. Het is slechts een detail, dat die terugreis 23 dagen gaat duren.&nbsp;<\/p>\n\n\n\n<p>Wat een verschil. Gisteren was het voortdurend bewolkt en was het maximaal 7\u00b0C. Vandaag is het de hele dag vrijwel onbewolkt en wordt het in de loop van de middag wel 22\u00b0C.&nbsp;<\/p>\n\n\n\n<p>Vandaag is het vooral een reisdag.<\/p>\n<\/div>\n<\/div>\n\n\n\n<div class=\"wp-block-columns is-layout-flex wp-container-core-columns-is-layout-9d6595d7 wp-block-columns-is-layout-flex\">\n<div class=\"wp-block-column is-layout-flow wp-block-column-is-layout-flow\"><\/div>\n\n\n\n<div class=\"wp-block-column is-layout-flow wp-block-column-is-layout-flow\">\n<figure class=\"wp-block-image size-full\"><a href=\"https:\/\/tedenloesopreis.nl\/wp-content\/uploads\/2023\/12\/IMG_5565-1024x768-1.jpg\" target=\"_blank\" rel=\"noreferrer noopener\"><img loading=\"lazy\" decoding=\"async\" width=\"1024\" height=\"768\" src=\"https:\/\/tedenloesopreis.nl\/wp-content\/uploads\/2023\/12\/IMG_5565-1024x768-1.jpg\" alt=\"\" class=\"wp-image-8850\" srcset=\"https:\/\/tedenloesopreis.nl\/wp-content\/uploads\/2023\/12\/IMG_5565-1024x768-1.jpg 1024w, https:\/\/tedenloesopreis.nl\/wp-content\/uploads\/2023\/12\/IMG_5565-1024x768-1-300x225.jpg 300w, https:\/\/tedenloesopreis.nl\/wp-content\/uploads\/2023\/12\/IMG_5565-1024x768-1-768x576.jpg 768w\" sizes=\"auto, (max-width: 1024px) 100vw, 1024px\" \/><\/a><figcaption class=\"wp-element-caption\"><em>zo worden we \u2018s-ochtends wakker<\/em><\/figcaption><\/figure>\n<\/div>\n\n\n\n<div class=\"wp-block-column is-layout-flow wp-block-column-is-layout-flow\">\n<figure class=\"wp-block-image size-full\"><a href=\"https:\/\/tedenloesopreis.nl\/wp-content\/uploads\/2023\/12\/IMG_5564-1024x768-1.jpg\" target=\"_blank\" rel=\"noreferrer noopener\"><img loading=\"lazy\" decoding=\"async\" width=\"1024\" height=\"768\" src=\"https:\/\/tedenloesopreis.nl\/wp-content\/uploads\/2023\/12\/IMG_5564-1024x768-1.jpg\" alt=\"\" class=\"wp-image-8851\" srcset=\"https:\/\/tedenloesopreis.nl\/wp-content\/uploads\/2023\/12\/IMG_5564-1024x768-1.jpg 1024w, https:\/\/tedenloesopreis.nl\/wp-content\/uploads\/2023\/12\/IMG_5564-1024x768-1-300x225.jpg 300w, https:\/\/tedenloesopreis.nl\/wp-content\/uploads\/2023\/12\/IMG_5564-1024x768-1-768x576.jpg 768w\" sizes=\"auto, (max-width: 1024px) 100vw, 1024px\" \/><\/a><figcaption class=\"wp-element-caption\"><em>met dit uitzicht<\/em><\/figcaption><\/figure>\n<\/div>\n<\/div>\n\n\n\n<div class=\"wp-block-columns is-layout-flex wp-container-core-columns-is-layout-9d6595d7 wp-block-columns-is-layout-flex\">\n<div class=\"wp-block-column is-layout-flow wp-block-column-is-layout-flow\" style=\"flex-basis:33.33%\"><\/div>\n\n\n\n<div class=\"wp-block-column is-layout-flow wp-block-column-is-layout-flow\" style=\"flex-basis:66.66%\">\n<p>We nemen de \u201984\u2019 naar Fossbakken.<\/p>\n<\/div>\n<\/div>\n\n\n\n<div class=\"wp-block-columns is-layout-flex wp-container-core-columns-is-layout-9d6595d7 wp-block-columns-is-layout-flex\">\n<div class=\"wp-block-column is-layout-flow wp-block-column-is-layout-flow\"><\/div>\n\n\n\n<div class=\"wp-block-column is-layout-flow wp-block-column-is-layout-flow\">\n<figure class=\"wp-block-image size-full\"><a href=\"https:\/\/tedenloesopreis.nl\/wp-content\/uploads\/2023\/12\/IMG_5567-1024x768-1.jpg\" target=\"_blank\" rel=\"noreferrer noopener\"><img loading=\"lazy\" decoding=\"async\" width=\"1024\" height=\"768\" src=\"https:\/\/tedenloesopreis.nl\/wp-content\/uploads\/2023\/12\/IMG_5567-1024x768-1.jpg\" alt=\"\" class=\"wp-image-8852\" srcset=\"https:\/\/tedenloesopreis.nl\/wp-content\/uploads\/2023\/12\/IMG_5567-1024x768-1.jpg 1024w, https:\/\/tedenloesopreis.nl\/wp-content\/uploads\/2023\/12\/IMG_5567-1024x768-1-300x225.jpg 300w, https:\/\/tedenloesopreis.nl\/wp-content\/uploads\/2023\/12\/IMG_5567-1024x768-1-768x576.jpg 768w\" sizes=\"auto, (max-width: 1024px) 100vw, 1024px\" \/><\/a><figcaption class=\"wp-element-caption\"><em>onderweg naar Fossbakken<\/em><\/figcaption><\/figure>\n<\/div>\n\n\n\n<div class=\"wp-block-column is-layout-flow wp-block-column-is-layout-flow\">\n<figure class=\"wp-block-image size-full\"><a href=\"https:\/\/tedenloesopreis.nl\/wp-content\/uploads\/2023\/12\/IMG_5568-1024x768-1.jpg\" target=\"_blank\" rel=\"noreferrer noopener\"><img loading=\"lazy\" decoding=\"async\" width=\"1024\" height=\"768\" src=\"https:\/\/tedenloesopreis.nl\/wp-content\/uploads\/2023\/12\/IMG_5568-1024x768-1.jpg\" alt=\"\" class=\"wp-image-8853\" srcset=\"https:\/\/tedenloesopreis.nl\/wp-content\/uploads\/2023\/12\/IMG_5568-1024x768-1.jpg 1024w, https:\/\/tedenloesopreis.nl\/wp-content\/uploads\/2023\/12\/IMG_5568-1024x768-1-300x225.jpg 300w, https:\/\/tedenloesopreis.nl\/wp-content\/uploads\/2023\/12\/IMG_5568-1024x768-1-768x576.jpg 768w\" sizes=\"auto, (max-width: 1024px) 100vw, 1024px\" \/><\/a><figcaption class=\"wp-element-caption\"><em>onderweg naar Fossbakken<\/em><\/figcaption><\/figure>\n<\/div>\n<\/div>\n\n\n\n<div class=\"wp-block-columns is-layout-flex wp-container-core-columns-is-layout-9d6595d7 wp-block-columns-is-layout-flex\">\n<div class=\"wp-block-column is-layout-flow wp-block-column-is-layout-flow\" style=\"flex-basis:33.33%\"><\/div>\n\n\n\n<div class=\"wp-block-column is-layout-flow wp-block-column-is-layout-flow\" style=\"flex-basis:66.66%\">\n<p>Aan het einde van de \u201984\u2019, bij Fossbakken, komen we bij de E6 (Trondheim nog 875 km, Noordkaap nog 675 km). We draaien naar het zuiden, naar Narvik.<\/p>\n<\/div>\n<\/div>\n\n\n\n<div class=\"wp-block-columns is-layout-flex wp-container-core-columns-is-layout-9d6595d7 wp-block-columns-is-layout-flex\">\n<div class=\"wp-block-column is-layout-flow wp-block-column-is-layout-flow\"><\/div>\n\n\n\n<div class=\"wp-block-column is-layout-flow wp-block-column-is-layout-flow\">\n<figure class=\"wp-block-image size-full\"><a href=\"https:\/\/tedenloesopreis.nl\/wp-content\/uploads\/2023\/12\/IMG_5570-1024x768-1.jpg\" target=\"_blank\" rel=\"noreferrer noopener\"><img loading=\"lazy\" decoding=\"async\" width=\"1024\" height=\"768\" src=\"https:\/\/tedenloesopreis.nl\/wp-content\/uploads\/2023\/12\/IMG_5570-1024x768-1.jpg\" alt=\"\" class=\"wp-image-8854\" srcset=\"https:\/\/tedenloesopreis.nl\/wp-content\/uploads\/2023\/12\/IMG_5570-1024x768-1.jpg 1024w, https:\/\/tedenloesopreis.nl\/wp-content\/uploads\/2023\/12\/IMG_5570-1024x768-1-300x225.jpg 300w, https:\/\/tedenloesopreis.nl\/wp-content\/uploads\/2023\/12\/IMG_5570-1024x768-1-768x576.jpg 768w\" sizes=\"auto, (max-width: 1024px) 100vw, 1024px\" \/><\/a><figcaption class=\"wp-element-caption\"><em>tussen Fossbakken en Narvik<\/em><\/figcaption><\/figure>\n<\/div>\n\n\n\n<div class=\"wp-block-column is-layout-flow wp-block-column-is-layout-flow\">\n<figure class=\"wp-block-image size-full\"><a href=\"https:\/\/tedenloesopreis.nl\/wp-content\/uploads\/2023\/12\/IMG_5575-1024x768-1.jpg\" target=\"_blank\" rel=\"noreferrer noopener\"><img loading=\"lazy\" decoding=\"async\" width=\"1024\" height=\"768\" src=\"https:\/\/tedenloesopreis.nl\/wp-content\/uploads\/2023\/12\/IMG_5575-1024x768-1.jpg\" alt=\"\" class=\"wp-image-8855\" srcset=\"https:\/\/tedenloesopreis.nl\/wp-content\/uploads\/2023\/12\/IMG_5575-1024x768-1.jpg 1024w, https:\/\/tedenloesopreis.nl\/wp-content\/uploads\/2023\/12\/IMG_5575-1024x768-1-300x225.jpg 300w, https:\/\/tedenloesopreis.nl\/wp-content\/uploads\/2023\/12\/IMG_5575-1024x768-1-768x576.jpg 768w\" sizes=\"auto, (max-width: 1024px) 100vw, 1024px\" \/><\/a><figcaption class=\"wp-element-caption\"><em>tussen Fossbakken en Narvik<\/em><\/figcaption><\/figure>\n<\/div>\n<\/div>\n\n\n\n<div class=\"wp-block-columns is-layout-flex wp-container-core-columns-is-layout-9d6595d7 wp-block-columns-is-layout-flex\">\n<div class=\"wp-block-column is-layout-flow wp-block-column-is-layout-flow\"><\/div>\n\n\n\n<div class=\"wp-block-column is-layout-flow wp-block-column-is-layout-flow\">\n<figure class=\"wp-block-image size-full\"><a href=\"https:\/\/tedenloesopreis.nl\/wp-content\/uploads\/2023\/12\/IMG_5578-1024x768-1.jpg\" target=\"_blank\" rel=\"noreferrer noopener\"><img loading=\"lazy\" decoding=\"async\" width=\"1024\" height=\"768\" src=\"https:\/\/tedenloesopreis.nl\/wp-content\/uploads\/2023\/12\/IMG_5578-1024x768-1.jpg\" alt=\"\" class=\"wp-image-8856\" srcset=\"https:\/\/tedenloesopreis.nl\/wp-content\/uploads\/2023\/12\/IMG_5578-1024x768-1.jpg 1024w, https:\/\/tedenloesopreis.nl\/wp-content\/uploads\/2023\/12\/IMG_5578-1024x768-1-300x225.jpg 300w, https:\/\/tedenloesopreis.nl\/wp-content\/uploads\/2023\/12\/IMG_5578-1024x768-1-768x576.jpg 768w\" sizes=\"auto, (max-width: 1024px) 100vw, 1024px\" \/><\/a><figcaption class=\"wp-element-caption\"><em>tussen Fossbakken en Narvik<\/em><\/figcaption><\/figure>\n<\/div>\n\n\n\n<div class=\"wp-block-column is-layout-flow wp-block-column-is-layout-flow\">\n<figure class=\"wp-block-image size-full\"><a href=\"https:\/\/tedenloesopreis.nl\/wp-content\/uploads\/2023\/12\/IMG_5583-1024x768-1.jpg\" target=\"_blank\" rel=\"noreferrer noopener\"><img loading=\"lazy\" decoding=\"async\" width=\"1024\" height=\"768\" src=\"https:\/\/tedenloesopreis.nl\/wp-content\/uploads\/2023\/12\/IMG_5583-1024x768-1.jpg\" alt=\"\" class=\"wp-image-8857\" srcset=\"https:\/\/tedenloesopreis.nl\/wp-content\/uploads\/2023\/12\/IMG_5583-1024x768-1.jpg 1024w, https:\/\/tedenloesopreis.nl\/wp-content\/uploads\/2023\/12\/IMG_5583-1024x768-1-300x225.jpg 300w, https:\/\/tedenloesopreis.nl\/wp-content\/uploads\/2023\/12\/IMG_5583-1024x768-1-768x576.jpg 768w\" sizes=\"auto, (max-width: 1024px) 100vw, 1024px\" \/><\/a><figcaption class=\"wp-element-caption\"><em>de nieuwe brug bij Narvik<\/em><\/figcaption><\/figure>\n<\/div>\n<\/div>\n\n\n\n<div class=\"wp-block-columns is-layout-flex wp-container-core-columns-is-layout-9d6595d7 wp-block-columns-is-layout-flex\">\n<div class=\"wp-block-column is-layout-flow wp-block-column-is-layout-flow\" style=\"flex-basis:33.33%\"><\/div>\n\n\n\n<div class=\"wp-block-column is-layout-flow wp-block-column-is-layout-flow\" style=\"flex-basis:66.66%\">\n<p id=\"narvik\">De eerste stop (afgezien van de ochtend-cappuccino bij de Shell in Bjerkvik) is Narvik. Dat is alweer zo\u2019n plaats waar eigenlijk niets is te vinden, maar waar je toch even gaat kijken. In de hoofdstraat (de E6) vind je moderne hotels en kantoren. Er is geen echt oud centrum te vinden, ook niet bij de kerk van Narvik.<\/p>\n<\/div>\n<\/div>\n\n\n\n<div class=\"wp-block-columns is-layout-flex wp-container-core-columns-is-layout-9d6595d7 wp-block-columns-is-layout-flex\">\n<div class=\"wp-block-column is-layout-flow wp-block-column-is-layout-flow\">\n<figure class=\"wp-block-image size-full\"><a href=\"https:\/\/tedenloesopreis.nl\/wp-content\/uploads\/2023\/12\/IMG_5585-1024x768-1.jpg\" target=\"_blank\" rel=\"noreferrer noopener\"><img loading=\"lazy\" decoding=\"async\" width=\"1024\" height=\"768\" src=\"https:\/\/tedenloesopreis.nl\/wp-content\/uploads\/2023\/12\/IMG_5585-1024x768-1.jpg\" alt=\"\" class=\"wp-image-8858\" srcset=\"https:\/\/tedenloesopreis.nl\/wp-content\/uploads\/2023\/12\/IMG_5585-1024x768-1.jpg 1024w, https:\/\/tedenloesopreis.nl\/wp-content\/uploads\/2023\/12\/IMG_5585-1024x768-1-300x225.jpg 300w, https:\/\/tedenloesopreis.nl\/wp-content\/uploads\/2023\/12\/IMG_5585-1024x768-1-768x576.jpg 768w\" sizes=\"auto, (max-width: 1024px) 100vw, 1024px\" \/><\/a><figcaption class=\"wp-element-caption\"><em>we naderen Narvik<\/em><\/figcaption><\/figure>\n<\/div>\n\n\n\n<div class=\"wp-block-column is-layout-flow wp-block-column-is-layout-flow\">\n<figure class=\"wp-block-image size-full\"><a href=\"https:\/\/tedenloesopreis.nl\/wp-content\/uploads\/2023\/12\/IMG_5592-1024x768-1.jpg\" target=\"_blank\" rel=\"noreferrer noopener\"><img loading=\"lazy\" decoding=\"async\" width=\"1024\" height=\"768\" src=\"https:\/\/tedenloesopreis.nl\/wp-content\/uploads\/2023\/12\/IMG_5592-1024x768-1.jpg\" alt=\"\" class=\"wp-image-8859\" srcset=\"https:\/\/tedenloesopreis.nl\/wp-content\/uploads\/2023\/12\/IMG_5592-1024x768-1.jpg 1024w, https:\/\/tedenloesopreis.nl\/wp-content\/uploads\/2023\/12\/IMG_5592-1024x768-1-300x225.jpg 300w, https:\/\/tedenloesopreis.nl\/wp-content\/uploads\/2023\/12\/IMG_5592-1024x768-1-768x576.jpg 768w\" sizes=\"auto, (max-width: 1024px) 100vw, 1024px\" \/><\/a><figcaption class=\"wp-element-caption\"><em>het enige monument van Narvik: de kerk<\/em><\/figcaption><\/figure>\n<\/div>\n\n\n\n<div class=\"wp-block-column is-layout-flow wp-block-column-is-layout-flow\">\n<figure class=\"wp-block-image size-full\"><a href=\"https:\/\/tedenloesopreis.nl\/wp-content\/uploads\/2023\/12\/IMG_5594-1024x768-1.jpg\" target=\"_blank\" rel=\"noreferrer noopener\"><img loading=\"lazy\" decoding=\"async\" width=\"1024\" height=\"768\" src=\"https:\/\/tedenloesopreis.nl\/wp-content\/uploads\/2023\/12\/IMG_5594-1024x768-1.jpg\" alt=\"\" class=\"wp-image-8860\" srcset=\"https:\/\/tedenloesopreis.nl\/wp-content\/uploads\/2023\/12\/IMG_5594-1024x768-1.jpg 1024w, https:\/\/tedenloesopreis.nl\/wp-content\/uploads\/2023\/12\/IMG_5594-1024x768-1-300x225.jpg 300w, https:\/\/tedenloesopreis.nl\/wp-content\/uploads\/2023\/12\/IMG_5594-1024x768-1-768x576.jpg 768w\" sizes=\"auto, (max-width: 1024px) 100vw, 1024px\" \/><\/a><figcaption class=\"wp-element-caption\"><em>de hoofdstraat van Narvik<\/em><\/figcaption><\/figure>\n<\/div>\n<\/div>\n\n\n\n<div class=\"wp-block-columns is-layout-flex wp-container-core-columns-is-layout-9d6595d7 wp-block-columns-is-layout-flex\">\n<div class=\"wp-block-column is-layout-flow wp-block-column-is-layout-flow\" style=\"flex-basis:33.33%\"><\/div>\n\n\n\n<div class=\"wp-block-column is-layout-flow wp-block-column-is-layout-flow\" style=\"flex-basis:66.66%\">\n<p id=\"skarberget\">We rijden verder naar Skarberget, waar de E6 door het Tysfjord wordt onderbroken.<\/p>\n<\/div>\n<\/div>\n\n\n\n<div class=\"wp-block-columns is-layout-flex wp-container-core-columns-is-layout-9d6595d7 wp-block-columns-is-layout-flex\">\n<div class=\"wp-block-column is-layout-flow wp-block-column-is-layout-flow\"><\/div>\n\n\n\n<div class=\"wp-block-column is-layout-flow wp-block-column-is-layout-flow\">\n<figure class=\"wp-block-image size-full\"><a href=\"https:\/\/tedenloesopreis.nl\/wp-content\/uploads\/2023\/12\/IMG_5610-1024x768-1.jpg\" target=\"_blank\" rel=\"noreferrer noopener\"><img loading=\"lazy\" decoding=\"async\" width=\"1024\" height=\"768\" src=\"https:\/\/tedenloesopreis.nl\/wp-content\/uploads\/2023\/12\/IMG_5610-1024x768-1.jpg\" alt=\"\" class=\"wp-image-8861\" srcset=\"https:\/\/tedenloesopreis.nl\/wp-content\/uploads\/2023\/12\/IMG_5610-1024x768-1.jpg 1024w, https:\/\/tedenloesopreis.nl\/wp-content\/uploads\/2023\/12\/IMG_5610-1024x768-1-300x225.jpg 300w, https:\/\/tedenloesopreis.nl\/wp-content\/uploads\/2023\/12\/IMG_5610-1024x768-1-768x576.jpg 768w\" sizes=\"auto, (max-width: 1024px) 100vw, 1024px\" \/><\/a><figcaption class=\"wp-element-caption\"><em>grillige rotsen onderweg naar Skarberget<\/em><\/figcaption><\/figure>\n<\/div>\n\n\n\n<div class=\"wp-block-column is-layout-flow wp-block-column-is-layout-flow\">\n<figure class=\"wp-block-image size-full\"><a href=\"https:\/\/tedenloesopreis.nl\/wp-content\/uploads\/2023\/12\/IMG_5616-1024x768-1.jpg\" target=\"_blank\" rel=\"noreferrer noopener\"><img loading=\"lazy\" decoding=\"async\" width=\"1024\" height=\"768\" src=\"https:\/\/tedenloesopreis.nl\/wp-content\/uploads\/2023\/12\/IMG_5616-1024x768-1.jpg\" alt=\"\" class=\"wp-image-8862\" srcset=\"https:\/\/tedenloesopreis.nl\/wp-content\/uploads\/2023\/12\/IMG_5616-1024x768-1.jpg 1024w, https:\/\/tedenloesopreis.nl\/wp-content\/uploads\/2023\/12\/IMG_5616-1024x768-1-300x225.jpg 300w, https:\/\/tedenloesopreis.nl\/wp-content\/uploads\/2023\/12\/IMG_5616-1024x768-1-768x576.jpg 768w\" sizes=\"auto, (max-width: 1024px) 100vw, 1024px\" \/><\/a><figcaption class=\"wp-element-caption\"><em>kort voor Skarberget: zicht op de Lofoten<\/em><\/figcaption><\/figure>\n<\/div>\n<\/div>\n\n\n\n<div class=\"wp-block-columns is-layout-flex wp-container-core-columns-is-layout-9d6595d7 wp-block-columns-is-layout-flex\">\n<div class=\"wp-block-column is-layout-flow wp-block-column-is-layout-flow\" style=\"flex-basis:33.33%\"><\/div>\n\n\n\n<div class=\"wp-block-column is-layout-flow wp-block-column-is-layout-flow\" style=\"flex-basis:66.66%\">\n<p>De tweede stop is in Starberget, noodgedwongen, want de veerboot van 13:15 vaart voor onze neus weg. We moeten wachten tot de boot van 14:00 uur. Tijdens de overtocht naar Bognes hebben we een goed zicht op de getande toppen van de Lofoten.<\/p>\n<\/div>\n<\/div>\n\n\n\n<div class=\"wp-block-columns is-layout-flex wp-container-core-columns-is-layout-9d6595d7 wp-block-columns-is-layout-flex\">\n<div class=\"wp-block-column is-layout-flow wp-block-column-is-layout-flow\"><\/div>\n\n\n\n<div class=\"wp-block-column is-layout-flow wp-block-column-is-layout-flow\">\n<figure class=\"wp-block-image size-full\"><a href=\"https:\/\/tedenloesopreis.nl\/wp-content\/uploads\/2023\/12\/IMG_5619-1024x768-1.jpg\" target=\"_blank\" rel=\"noreferrer noopener\"><img loading=\"lazy\" decoding=\"async\" width=\"1024\" height=\"768\" src=\"https:\/\/tedenloesopreis.nl\/wp-content\/uploads\/2023\/12\/IMG_5619-1024x768-1.jpg\" alt=\"\" class=\"wp-image-8863\" srcset=\"https:\/\/tedenloesopreis.nl\/wp-content\/uploads\/2023\/12\/IMG_5619-1024x768-1.jpg 1024w, https:\/\/tedenloesopreis.nl\/wp-content\/uploads\/2023\/12\/IMG_5619-1024x768-1-300x225.jpg 300w, https:\/\/tedenloesopreis.nl\/wp-content\/uploads\/2023\/12\/IMG_5619-1024x768-1-768x576.jpg 768w\" sizes=\"auto, (max-width: 1024px) 100vw, 1024px\" \/><\/a><figcaption class=\"wp-element-caption\"><em>ferry in Skarberget<\/em><\/figcaption><\/figure>\n<\/div>\n\n\n\n<div class=\"wp-block-column is-layout-flow wp-block-column-is-layout-flow\">\n<figure class=\"wp-block-image size-full\"><a href=\"https:\/\/tedenloesopreis.nl\/wp-content\/uploads\/2023\/12\/IMG_5628-1024x768-1.jpg\" target=\"_blank\" rel=\"noreferrer noopener\"><img loading=\"lazy\" decoding=\"async\" width=\"1024\" height=\"768\" src=\"https:\/\/tedenloesopreis.nl\/wp-content\/uploads\/2023\/12\/IMG_5628-1024x768-1.jpg\" alt=\"\" class=\"wp-image-8864\" srcset=\"https:\/\/tedenloesopreis.nl\/wp-content\/uploads\/2023\/12\/IMG_5628-1024x768-1.jpg 1024w, https:\/\/tedenloesopreis.nl\/wp-content\/uploads\/2023\/12\/IMG_5628-1024x768-1-300x225.jpg 300w, https:\/\/tedenloesopreis.nl\/wp-content\/uploads\/2023\/12\/IMG_5628-1024x768-1-768x576.jpg 768w\" sizes=\"auto, (max-width: 1024px) 100vw, 1024px\" \/><\/a><figcaption class=\"wp-element-caption\"><em>bijna in Bognes<\/em><\/figcaption><\/figure>\n<\/div>\n<\/div>\n\n\n\n<div class=\"wp-block-columns is-layout-flex wp-container-core-columns-is-layout-9d6595d7 wp-block-columns-is-layout-flex\">\n<div class=\"wp-block-column is-layout-flow wp-block-column-is-layout-flow\" style=\"flex-basis:33.33%\">\n<figure class=\"wp-block-image size-full\"><a href=\"https:\/\/tedenloesopreis.nl\/wp-content\/uploads\/2023\/12\/IMG_5629-1024x768-1.jpg\" target=\"_blank\" rel=\"noreferrer noopener\"><img loading=\"lazy\" decoding=\"async\" width=\"1024\" height=\"768\" src=\"https:\/\/tedenloesopreis.nl\/wp-content\/uploads\/2023\/12\/IMG_5629-1024x768-1.jpg\" alt=\"\" class=\"wp-image-8865\" srcset=\"https:\/\/tedenloesopreis.nl\/wp-content\/uploads\/2023\/12\/IMG_5629-1024x768-1.jpg 1024w, https:\/\/tedenloesopreis.nl\/wp-content\/uploads\/2023\/12\/IMG_5629-1024x768-1-300x225.jpg 300w, https:\/\/tedenloesopreis.nl\/wp-content\/uploads\/2023\/12\/IMG_5629-1024x768-1-768x576.jpg 768w\" sizes=\"auto, (max-width: 1024px) 100vw, 1024px\" \/><\/a><figcaption class=\"wp-element-caption\"><em>net na Bognes; de Lofoten op de achtergrond<\/em><\/figcaption><\/figure>\n<\/div>\n\n\n\n<div class=\"wp-block-column is-layout-flow wp-block-column-is-layout-flow\" style=\"flex-basis:66.66%\">\n<p>Aan de overkant, in Bognes, begint een traject dat we ook vorig jaar hebben gereden. Toen kwamen we in Bognes aan met de boot uit L\u00f8dingen, op de Lofoten. We hebben een laatste uitzicht op de spitse toppen van de Lofoten.&nbsp;<\/p>\n\n\n\n<p>Het kan niet op vandaag: bij Innhavet drinken we onze tweede cappuccino van vandaag (omdat we hier vorig jaar ook gestopt zijn).<\/p>\n<\/div>\n<\/div>\n\n\n\n<div class=\"wp-block-columns is-layout-flex wp-container-core-columns-is-layout-9d6595d7 wp-block-columns-is-layout-flex\">\n<div class=\"wp-block-column is-layout-flow wp-block-column-is-layout-flow\" style=\"flex-basis:33.33%\">\n<figure class=\"wp-block-image size-full\"><a href=\"https:\/\/tedenloesopreis.nl\/wp-content\/uploads\/2023\/12\/IMG_5633-1024x768-1.jpg\" target=\"_blank\" rel=\"noreferrer noopener\"><img loading=\"lazy\" decoding=\"async\" width=\"1024\" height=\"768\" src=\"https:\/\/tedenloesopreis.nl\/wp-content\/uploads\/2023\/12\/IMG_5633-1024x768-1.jpg\" alt=\"\" class=\"wp-image-8866\" srcset=\"https:\/\/tedenloesopreis.nl\/wp-content\/uploads\/2023\/12\/IMG_5633-1024x768-1.jpg 1024w, https:\/\/tedenloesopreis.nl\/wp-content\/uploads\/2023\/12\/IMG_5633-1024x768-1-300x225.jpg 300w, https:\/\/tedenloesopreis.nl\/wp-content\/uploads\/2023\/12\/IMG_5633-1024x768-1-768x576.jpg 768w\" sizes=\"auto, (max-width: 1024px) 100vw, 1024px\" \/><\/a><figcaption class=\"wp-element-caption\"><em>camping in M\u00f8rsvikbotn<\/em><\/figcaption><\/figure>\n<\/div>\n\n\n\n<div class=\"wp-block-column is-layout-flow wp-block-column-is-layout-flow\" style=\"flex-basis:66.66%\">\n<p>We stoppen in M\u00f8rsvikbotn, op een prima&nbsp;<a href=\"https:\/\/www.campercontact.com\/nl\/noorwegen\/nordland\/mrsvikbotn\/92792\/mrsvikbotn-camping\" target=\"_blank\" rel=\"noreferrer noopener\">camping<\/a>.&nbsp;<\/p>\n<\/div>\n<\/div>\n\n\n\n<div style=\"height:35px\" aria-hidden=\"true\" class=\"wp-block-spacer\"><\/div>\n\n\n\n<div class=\"wp-block-columns is-layout-flex wp-container-core-columns-is-layout-9d6595d7 wp-block-columns-is-layout-flex\">\n<div class=\"wp-block-column is-layout-flow wp-block-column-is-layout-flow\">\n<p class=\"has-orange-background-color has-background\" id=\"dag31\"><\/p>\n<\/div>\n<\/div>\n\n\n\n<div class=\"wp-block-columns is-layout-flex wp-container-core-columns-is-layout-9d6595d7 wp-block-columns-is-layout-flex\">\n<div class=\"wp-block-column is-layout-flow wp-block-column-is-layout-flow\" style=\"flex-basis:33.33%\">\n<p class=\"has-small-font-size\"><a href=\"#titel\">top<\/a><\/p>\n<\/div>\n\n\n\n<div class=\"wp-block-column is-layout-flow wp-block-column-is-layout-flow\" style=\"flex-basis:66.66%\">\n<p><strong>ZONNIG WEER OP DE &#8217;17&#8217;<\/strong><br>dag 31 &nbsp; &nbsp;&nbsp; &nbsp;ma 2 juli 2018<br><a href=\"https:\/\/www.google.com\/maps\/d\/viewer?mid=1gBx9CqqIMS6Rj-HvKmnYcPN_OtlGB3tk&amp;ll=67.22606168990303%2C14.720632490234376&amp;z=8\" target=\"_blank\" rel=\"noreferrer noopener\">M\u00f8rsvikbotn \u2013 Fur\u00f8y<\/a>&nbsp;&nbsp; &nbsp; &nbsp;&nbsp;270 km<\/p>\n<\/div>\n<\/div>\n\n\n\n<div style=\"height:20px\" aria-hidden=\"true\" class=\"wp-block-spacer\"><\/div>\n\n\n\n<div class=\"wp-block-columns is-layout-flex wp-container-core-columns-is-layout-9d6595d7 wp-block-columns-is-layout-flex\">\n<div class=\"wp-block-column is-layout-flow wp-block-column-is-layout-flow\" style=\"flex-basis:33.33%\">\n<figure class=\"wp-block-image size-full\"><a href=\"https:\/\/tedenloesopreis.nl\/wp-content\/uploads\/2023\/12\/IMG_5651-1024x768-1.jpg\" target=\"_blank\" rel=\"noreferrer noopener\"><img loading=\"lazy\" decoding=\"async\" width=\"1024\" height=\"768\" src=\"https:\/\/tedenloesopreis.nl\/wp-content\/uploads\/2023\/12\/IMG_5651-1024x768-1.jpg\" alt=\"\" class=\"wp-image-8869\" srcset=\"https:\/\/tedenloesopreis.nl\/wp-content\/uploads\/2023\/12\/IMG_5651-1024x768-1.jpg 1024w, https:\/\/tedenloesopreis.nl\/wp-content\/uploads\/2023\/12\/IMG_5651-1024x768-1-300x225.jpg 300w, https:\/\/tedenloesopreis.nl\/wp-content\/uploads\/2023\/12\/IMG_5651-1024x768-1-768x576.jpg 768w\" sizes=\"auto, (max-width: 1024px) 100vw, 1024px\" \/><\/a><figcaption class=\"wp-element-caption\"><em>de smalle opening bij Saltstraumen<\/em><\/figcaption><\/figure>\n<\/div>\n\n\n\n<div class=\"wp-block-column is-layout-flow wp-block-column-is-layout-flow\" style=\"flex-basis:66.66%\">\n<p id=\"saltstraumen\">Vorig jaar hebben we, onderweg naar de Lofoten, de kustweg 17 gereden. Tijdens het laatste stuk, tussen Kilboghavn en Saltstraumen, was het weer echter heel erg beroerd. Daarom zijn we nog eens teruggegaan. Het weer is nu in ieder geval v\u00e9\u00e9l beter.&nbsp;<\/p>\n\n\n\n<p>Via de E6 rijden we vanochtend van M\u00f8rsvikbotn naar Fauske. In Fauske stoppen we bij de Shell voor de ochtendcappuccino.&nbsp;Daarna nemen we de \u201880\u2019 richting Bod\u00f8. In L\u00f8ding beginnen we aan de \u201817\u2019.&nbsp;<\/p>\n\n\n\n<p>Al snel zijn we in Saltstraumen. Daar heb je, op het hoogtepunt van vloed en van eb, zeer sterke stromingen, omdat al het water uit of naar het achterliggende fjord door een hele smalle opening moet. We zijn er dit keer op een ongelukkig moment. Het is doodtij, en dan is er geen enkele stroming.<\/p>\n<\/div>\n<\/div>\n\n\n\n<div class=\"wp-block-columns is-layout-flex wp-container-core-columns-is-layout-9d6595d7 wp-block-columns-is-layout-flex\">\n<div class=\"wp-block-column is-layout-flow wp-block-column-is-layout-flow\" style=\"flex-basis:33.33%\"><\/div>\n\n\n\n<div class=\"wp-block-column is-layout-flow wp-block-column-is-layout-flow\" style=\"flex-basis:66.66%\">\n<p>We rijden dus maar door over de \u201917\u2019, over schitterende kustwegen, maar ook over mooie binnendoortjes.<\/p>\n<\/div>\n<\/div>\n\n\n\n<div class=\"wp-block-columns is-layout-flex wp-container-core-columns-is-layout-9d6595d7 wp-block-columns-is-layout-flex\">\n<div class=\"wp-block-column is-layout-flow wp-block-column-is-layout-flow\"><\/div>\n\n\n\n<div class=\"wp-block-column is-layout-flow wp-block-column-is-layout-flow\">\n<figure class=\"wp-block-image size-full\"><a href=\"https:\/\/tedenloesopreis.nl\/wp-content\/uploads\/2023\/12\/IMG_5656-1024x768-1.jpg\" target=\"_blank\" rel=\"noreferrer noopener\"><img loading=\"lazy\" decoding=\"async\" width=\"1024\" height=\"768\" src=\"https:\/\/tedenloesopreis.nl\/wp-content\/uploads\/2023\/12\/IMG_5656-1024x768-1.jpg\" alt=\"\" class=\"wp-image-8870\" srcset=\"https:\/\/tedenloesopreis.nl\/wp-content\/uploads\/2023\/12\/IMG_5656-1024x768-1.jpg 1024w, https:\/\/tedenloesopreis.nl\/wp-content\/uploads\/2023\/12\/IMG_5656-1024x768-1-300x225.jpg 300w, https:\/\/tedenloesopreis.nl\/wp-content\/uploads\/2023\/12\/IMG_5656-1024x768-1-768x576.jpg 768w\" sizes=\"auto, (max-width: 1024px) 100vw, 1024px\" \/><\/a><figcaption class=\"wp-element-caption\"><em>vlak na Saltstraumen<\/em><\/figcaption><\/figure>\n<\/div>\n\n\n\n<div class=\"wp-block-column is-layout-flow wp-block-column-is-layout-flow\">\n<figure class=\"wp-block-image size-full\"><a href=\"https:\/\/tedenloesopreis.nl\/wp-content\/uploads\/2023\/12\/IMG_5661-1024x768-1.jpg\" target=\"_blank\" rel=\"noreferrer noopener\"><img loading=\"lazy\" decoding=\"async\" width=\"1024\" height=\"768\" src=\"https:\/\/tedenloesopreis.nl\/wp-content\/uploads\/2023\/12\/IMG_5661-1024x768-1.jpg\" alt=\"\" class=\"wp-image-8871\" srcset=\"https:\/\/tedenloesopreis.nl\/wp-content\/uploads\/2023\/12\/IMG_5661-1024x768-1.jpg 1024w, https:\/\/tedenloesopreis.nl\/wp-content\/uploads\/2023\/12\/IMG_5661-1024x768-1-300x225.jpg 300w, https:\/\/tedenloesopreis.nl\/wp-content\/uploads\/2023\/12\/IMG_5661-1024x768-1-768x576.jpg 768w\" sizes=\"auto, (max-width: 1024px) 100vw, 1024px\" \/><\/a><figcaption class=\"wp-element-caption\"><em>Kjellingstraumen (picknickplek)<\/em><\/figcaption><\/figure>\n<\/div>\n<\/div>\n\n\n\n<div class=\"wp-block-columns is-layout-flex wp-container-core-columns-is-layout-9d6595d7 wp-block-columns-is-layout-flex\">\n<div class=\"wp-block-column is-layout-flow wp-block-column-is-layout-flow\"><\/div>\n\n\n\n<div class=\"wp-block-column is-layout-flow wp-block-column-is-layout-flow\">\n<figure class=\"wp-block-image size-full\"><a href=\"https:\/\/tedenloesopreis.nl\/wp-content\/uploads\/2023\/12\/IMG_5656-2-1024x768-1.jpg\" target=\"_blank\" rel=\"noreferrer noopener\"><img loading=\"lazy\" decoding=\"async\" width=\"1024\" height=\"768\" src=\"https:\/\/tedenloesopreis.nl\/wp-content\/uploads\/2023\/12\/IMG_5656-2-1024x768-1.jpg\" alt=\"\" class=\"wp-image-8872\" srcset=\"https:\/\/tedenloesopreis.nl\/wp-content\/uploads\/2023\/12\/IMG_5656-2-1024x768-1.jpg 1024w, https:\/\/tedenloesopreis.nl\/wp-content\/uploads\/2023\/12\/IMG_5656-2-1024x768-1-300x225.jpg 300w, https:\/\/tedenloesopreis.nl\/wp-content\/uploads\/2023\/12\/IMG_5656-2-1024x768-1-768x576.jpg 768w\" sizes=\"auto, (max-width: 1024px) 100vw, 1024px\" \/><\/a><figcaption class=\"wp-element-caption\"><em>Storvik (zo heet deze baai)<\/em><\/figcaption><\/figure>\n<\/div>\n\n\n\n<div class=\"wp-block-column is-layout-flow wp-block-column-is-layout-flow\">\n<figure class=\"wp-block-image size-full\"><a href=\"https:\/\/tedenloesopreis.nl\/wp-content\/uploads\/2023\/12\/IMG_5662-1024x768-1.jpg\" target=\"_blank\" rel=\"noreferrer noopener\"><img loading=\"lazy\" decoding=\"async\" width=\"1024\" height=\"768\" src=\"https:\/\/tedenloesopreis.nl\/wp-content\/uploads\/2023\/12\/IMG_5662-1024x768-1.jpg\" alt=\"\" class=\"wp-image-8873\" srcset=\"https:\/\/tedenloesopreis.nl\/wp-content\/uploads\/2023\/12\/IMG_5662-1024x768-1.jpg 1024w, https:\/\/tedenloesopreis.nl\/wp-content\/uploads\/2023\/12\/IMG_5662-1024x768-1-300x225.jpg 300w, https:\/\/tedenloesopreis.nl\/wp-content\/uploads\/2023\/12\/IMG_5662-1024x768-1-768x576.jpg 768w\" sizes=\"auto, (max-width: 1024px) 100vw, 1024px\" \/><\/a><figcaption class=\"wp-element-caption\"><em>de kustweg bij Storvik<\/em><\/figcaption><\/figure>\n<\/div>\n<\/div>\n\n\n\n<div class=\"wp-block-columns is-layout-flex wp-container-core-columns-is-layout-9d6595d7 wp-block-columns-is-layout-flex\">\n<div class=\"wp-block-column is-layout-flow wp-block-column-is-layout-flow\" style=\"flex-basis:33.33%\"><\/div>\n\n\n\n<div class=\"wp-block-column is-layout-flow wp-block-column-is-layout-flow\" style=\"flex-basis:66.66%\">\n<p id=\"svartisen\">We rijden verder naar het Svartisenveld. Dat is de op \u00e9\u00e9n na grootste Noorse ijskap. Via de 8 km lange Svartistunnel, nogal smal, niet al te best verlicht, slecht wegdek, rijden we naar het Nordfjorden. Dat is het fjord waar de Svartisengletsjer in uitstroomt (al is de afstand van het fjord naar de gletsjer inmiddels zo\u2019n 3 km). Vorig jaar was de gletsjer niet te zien, nu is er een prachtig uitzicht op de gletsjer.<\/p>\n<\/div>\n<\/div>\n\n\n\n<div class=\"wp-block-columns is-layout-flex wp-container-core-columns-is-layout-9d6595d7 wp-block-columns-is-layout-flex\">\n<div class=\"wp-block-column is-layout-flow wp-block-column-is-layout-flow\"><\/div>\n\n\n\n<div class=\"wp-block-column is-layout-flow wp-block-column-is-layout-flow\">\n<figure class=\"wp-block-image size-full\"><a href=\"https:\/\/tedenloesopreis.nl\/wp-content\/uploads\/2023\/12\/IMG_5667-1024x768-1.jpg\" target=\"_blank\" rel=\"noreferrer noopener\"><img loading=\"lazy\" decoding=\"async\" width=\"1024\" height=\"768\" src=\"https:\/\/tedenloesopreis.nl\/wp-content\/uploads\/2023\/12\/IMG_5667-1024x768-1.jpg\" alt=\"\" class=\"wp-image-8874\" srcset=\"https:\/\/tedenloesopreis.nl\/wp-content\/uploads\/2023\/12\/IMG_5667-1024x768-1.jpg 1024w, https:\/\/tedenloesopreis.nl\/wp-content\/uploads\/2023\/12\/IMG_5667-1024x768-1-300x225.jpg 300w, https:\/\/tedenloesopreis.nl\/wp-content\/uploads\/2023\/12\/IMG_5667-1024x768-1-768x576.jpg 768w\" sizes=\"auto, (max-width: 1024px) 100vw, 1024px\" \/><\/a><figcaption class=\"wp-element-caption\"><em>de Svartisengletsjer<\/em><\/figcaption><\/figure>\n<\/div>\n\n\n\n<div class=\"wp-block-column is-layout-flow wp-block-column-is-layout-flow\">\n<figure class=\"wp-block-image size-full\"><a href=\"https:\/\/tedenloesopreis.nl\/wp-content\/uploads\/2023\/12\/IMG_5673-1024x768-1.jpg\" target=\"_blank\" rel=\"noreferrer noopener\"><img loading=\"lazy\" decoding=\"async\" width=\"1024\" height=\"768\" src=\"https:\/\/tedenloesopreis.nl\/wp-content\/uploads\/2023\/12\/IMG_5673-1024x768-1.jpg\" alt=\"\" class=\"wp-image-8875\" srcset=\"https:\/\/tedenloesopreis.nl\/wp-content\/uploads\/2023\/12\/IMG_5673-1024x768-1.jpg 1024w, https:\/\/tedenloesopreis.nl\/wp-content\/uploads\/2023\/12\/IMG_5673-1024x768-1-300x225.jpg 300w, https:\/\/tedenloesopreis.nl\/wp-content\/uploads\/2023\/12\/IMG_5673-1024x768-1-768x576.jpg 768w\" sizes=\"auto, (max-width: 1024px) 100vw, 1024px\" \/><\/a><figcaption class=\"wp-element-caption\"><em>de Svartisengletsjer in close-up<\/em><\/figcaption><\/figure>\n<\/div>\n<\/div>\n\n\n\n<div class=\"wp-block-columns is-layout-flex wp-container-core-columns-is-layout-9d6595d7 wp-block-columns-is-layout-flex\">\n<div class=\"wp-block-column is-layout-flow wp-block-column-is-layout-flow\" style=\"flex-basis:33.33%\">\n<figure class=\"wp-block-image size-full\"><a href=\"https:\/\/tedenloesopreis.nl\/wp-content\/uploads\/2023\/12\/IMG_5675-1024x768-1.jpg\" target=\"_blank\" rel=\"noreferrer noopener\"><img loading=\"lazy\" decoding=\"async\" width=\"1024\" height=\"768\" src=\"https:\/\/tedenloesopreis.nl\/wp-content\/uploads\/2023\/12\/IMG_5675-1024x768-1.jpg\" alt=\"\" class=\"wp-image-8876\" srcset=\"https:\/\/tedenloesopreis.nl\/wp-content\/uploads\/2023\/12\/IMG_5675-1024x768-1.jpg 1024w, https:\/\/tedenloesopreis.nl\/wp-content\/uploads\/2023\/12\/IMG_5675-1024x768-1-300x225.jpg 300w, https:\/\/tedenloesopreis.nl\/wp-content\/uploads\/2023\/12\/IMG_5675-1024x768-1-768x576.jpg 768w\" sizes=\"auto, (max-width: 1024px) 100vw, 1024px\" \/><\/a><figcaption class=\"wp-element-caption\"><em>de camping in Fur\u00f8y<\/em><\/figcaption><\/figure>\n<\/div>\n\n\n\n<div class=\"wp-block-column is-layout-flow wp-block-column-is-layout-flow\" style=\"flex-basis:66.66%\">\n<p>We stoppen op de&nbsp;<a href=\"https:\/\/www.campercontact.com\/nl\/noorwegen\/nordland\/halsa\/28172\/fury-camping\" target=\"_blank\" rel=\"noreferrer noopener\">camping van Fur\u00f8y<\/a>. We blijven morgen hier staan.<\/p>\n<\/div>\n<\/div>\n\n\n\n<div style=\"height:35px\" aria-hidden=\"true\" class=\"wp-block-spacer\"><\/div>\n\n\n\n<div class=\"wp-block-columns is-layout-flex wp-container-core-columns-is-layout-9d6595d7 wp-block-columns-is-layout-flex\">\n<div class=\"wp-block-column is-layout-flow wp-block-column-is-layout-flow\">\n<p class=\"has-orange-background-color has-background\" id=\"dag32\"><\/p>\n<\/div>\n<\/div>\n\n\n\n<div class=\"wp-block-columns is-layout-flex wp-container-core-columns-is-layout-9d6595d7 wp-block-columns-is-layout-flex\">\n<div class=\"wp-block-column is-layout-flow wp-block-column-is-layout-flow\" style=\"flex-basis:33.33%\">\n<p class=\"has-small-font-size\"><a href=\"#titel\">top<\/a><\/p>\n<\/div>\n\n\n\n<div class=\"wp-block-column is-layout-flow wp-block-column-is-layout-flow\" style=\"flex-basis:66.66%\">\n<p><strong>RUSTDAG FUR\u00d8Y<\/strong><br>dag 32 &nbsp; &nbsp;&nbsp; &nbsp;di 03 juli 2018<br>rustdag Fur\u00f8y &nbsp; &nbsp; &nbsp;&nbsp;6 km<\/p>\n<\/div>\n<\/div>\n\n\n\n<div style=\"height:20px\" aria-hidden=\"true\" class=\"wp-block-spacer\"><\/div>\n\n\n\n<div class=\"wp-block-columns is-layout-flex wp-container-core-columns-is-layout-9d6595d7 wp-block-columns-is-layout-flex\">\n<div class=\"wp-block-column is-layout-flow wp-block-column-is-layout-flow\" style=\"flex-basis:33.33%\">\n<figure class=\"wp-block-image size-full\"><a href=\"https:\/\/tedenloesopreis.nl\/wp-content\/uploads\/2023\/12\/IMG_5683-1024x768-1.jpg\" target=\"_blank\" rel=\"noreferrer noopener\"><img loading=\"lazy\" decoding=\"async\" width=\"1024\" height=\"768\" src=\"https:\/\/tedenloesopreis.nl\/wp-content\/uploads\/2023\/12\/IMG_5683-1024x768-1.jpg\" alt=\"\" class=\"wp-image-8878\" srcset=\"https:\/\/tedenloesopreis.nl\/wp-content\/uploads\/2023\/12\/IMG_5683-1024x768-1.jpg 1024w, https:\/\/tedenloesopreis.nl\/wp-content\/uploads\/2023\/12\/IMG_5683-1024x768-1-300x225.jpg 300w, https:\/\/tedenloesopreis.nl\/wp-content\/uploads\/2023\/12\/IMG_5683-1024x768-1-768x576.jpg 768w\" sizes=\"auto, (max-width: 1024px) 100vw, 1024px\" \/><\/a><figcaption class=\"wp-element-caption\"><em>Fur\u00f8y: het weer is omgeslagen<\/em><\/figcaption><\/figure>\n<\/div>\n\n\n\n<div class=\"wp-block-column is-layout-flow wp-block-column-is-layout-flow\" style=\"flex-basis:66.66%\">\n<p>Vandaag is een rustdag. We doen helemaal niets, afgezien van wat boodschappen. Opvallend: hier hebben ze volop peterseliewortelen (die passen goed in een koolhydraatarme maaltijd), terwijl die in Nederland nog niet beschikbaar zijn (niet het juiste seizoen).&nbsp;<\/p>\n\n\n\n<p>Helaas is gisterenavond het weer omgeslagen. Het is nu 12\u00b0C en het miezert voortdurend. De lange broek en het vest doen weer dienst.&nbsp;<\/p>\n\n\n\n<p>De camping bevalt ons goed. De voorzieningen zijn prima. Wifi doet het echter alleen dicht bij de receptie. Het lukt dus niet om in de camper naar het voetballen te kijken (streamen van de Noorse zenders). De eigenaresse van de camping is echter zo vriendelijk om mij uit te nodigen om in het keukentje van de receptie naar de wedstrijd te komen kijken.&nbsp;<\/p>\n<\/div>\n<\/div>\n\n\n\n<div style=\"height:35px\" aria-hidden=\"true\" class=\"wp-block-spacer\"><\/div>\n\n\n\n<div class=\"wp-block-columns is-layout-flex wp-container-core-columns-is-layout-9d6595d7 wp-block-columns-is-layout-flex\">\n<div class=\"wp-block-column is-layout-flow wp-block-column-is-layout-flow\">\n<p class=\"has-orange-background-color has-background\" id=\"dag33\"><\/p>\n<\/div>\n<\/div>\n\n\n\n<div class=\"wp-block-columns is-layout-flex wp-container-core-columns-is-layout-9d6595d7 wp-block-columns-is-layout-flex\">\n<div class=\"wp-block-column is-layout-flow wp-block-column-is-layout-flow\" style=\"flex-basis:33.33%\">\n<p class=\"has-small-font-size\"><a href=\"#titel\">top<\/a><\/p>\n<\/div>\n\n\n\n<div class=\"wp-block-column is-layout-flow wp-block-column-is-layout-flow\" style=\"flex-basis:66.66%\">\n<p><strong>TERUG NAAR DE E6<\/strong><br>dag 33 &nbsp; &nbsp; &nbsp;wo 04 juli 2018<br><a href=\"https:\/\/www.google.com\/maps\/d\/viewer?mid=1lKgwMLn_L-PYpteOAGAr_7gDtwXPw4vq&amp;ll=66.48811304176934%2C13.585114999999991&amp;z=9\" target=\"_blank\" rel=\"noreferrer noopener\">Fur\u00f8y \u2013 Yttervik<\/a>&nbsp;&nbsp; &nbsp; &nbsp;&nbsp;143 km<\/p>\n<\/div>\n<\/div>\n\n\n\n<div style=\"height:20px\" aria-hidden=\"true\" class=\"wp-block-spacer\"><\/div>\n\n\n\n<div class=\"wp-block-columns is-layout-flex wp-container-core-columns-is-layout-9d6595d7 wp-block-columns-is-layout-flex\">\n<div class=\"wp-block-column is-layout-flow wp-block-column-is-layout-flow\" style=\"flex-basis:33.33%\">\n<figure class=\"wp-block-image size-full\"><a href=\"https:\/\/tedenloesopreis.nl\/wp-content\/uploads\/2023\/12\/IMG_5689-768x1024-1.jpg\" target=\"_blank\" rel=\"noreferrer noopener\"><img loading=\"lazy\" decoding=\"async\" width=\"768\" height=\"1024\" src=\"https:\/\/tedenloesopreis.nl\/wp-content\/uploads\/2023\/12\/IMG_5689-768x1024-1.jpg\" alt=\"\" class=\"wp-image-8880\" srcset=\"https:\/\/tedenloesopreis.nl\/wp-content\/uploads\/2023\/12\/IMG_5689-768x1024-1.jpg 768w, https:\/\/tedenloesopreis.nl\/wp-content\/uploads\/2023\/12\/IMG_5689-768x1024-1-225x300.jpg 225w\" sizes=\"auto, (max-width: 768px) 100vw, 768px\" \/><\/a><figcaption class=\"wp-element-caption\"><em>we passeren de poolcirkel<\/em><\/figcaption><\/figure>\n<\/div>\n\n\n\n<div class=\"wp-block-column is-layout-flow wp-block-column-is-layout-flow\" style=\"flex-basis:66.66%\">\n<p id=\"poolcirkelfv17\">Eergisteren hebben we het meest noordelijke gedeelte van de kustweg \u201c17\u201d gereden, omdat dat traject vorig jaar \u201cde mist in ging\u201d. Vandaag zoeken we de E6 weer op.&nbsp;<\/p>\n\n\n\n<p>Allereerst is er de overtocht van Fur\u00f8y naar \u00c5gstkardet (we hebben het veerbootje gisteren voortdurend langs zien en horen komen). Vanaf daar rijden we in colonne naar Jektvik. De ferry naar Kilboghamn ligt al op ons te wachten. Tijdens de overtocht passeren we weer de poolcirkel. De boot blijft, anders dan vorig jaar, vrij ver uit de kust. Het is dus eigenlijk niet mogelijk om een goede foto te maken van de wereldbol die de poolcirkel markeert.&nbsp;<br><br>Voorbij Kilboghamn valt vooral op, dat de wegwerkzaamheden van vorig jaar nog steeds niet zijn afgerond.<\/p>\n\n\n\n<p>Het is droog, maar zwaar bewolkt. We maken daarom maar weinig foto\u2019s van onderweg. Het landschap is aardig, maar niet bijzonder indrukwekkend. Het land wordt al weer meer bewoond en bewerkt.<\/p>\n<\/div>\n<\/div>\n\n\n\n<div class=\"wp-block-columns is-layout-flex wp-container-core-columns-is-layout-9d6595d7 wp-block-columns-is-layout-flex\">\n<div class=\"wp-block-column is-layout-flow wp-block-column-is-layout-flow\" style=\"flex-basis:33.33%\"><\/div>\n\n\n\n<div class=\"wp-block-column is-layout-flow wp-block-column-is-layout-flow\" style=\"flex-basis:66.66%\">\n<p>In de buurt van Mo i Rana klaart het weer snel op.<\/p>\n<\/div>\n<\/div>\n\n\n\n<div class=\"wp-block-columns is-layout-flex wp-container-core-columns-is-layout-9d6595d7 wp-block-columns-is-layout-flex\">\n<div class=\"wp-block-column is-layout-flow wp-block-column-is-layout-flow\"><\/div>\n\n\n\n<div class=\"wp-block-column is-layout-flow wp-block-column-is-layout-flow\">\n<figure class=\"wp-block-image size-full\"><a href=\"https:\/\/tedenloesopreis.nl\/wp-content\/uploads\/2023\/12\/IMG_5694-1024x768-1.jpg\" target=\"_blank\" rel=\"noreferrer noopener\"><img loading=\"lazy\" decoding=\"async\" width=\"1024\" height=\"768\" src=\"https:\/\/tedenloesopreis.nl\/wp-content\/uploads\/2023\/12\/IMG_5694-1024x768-1.jpg\" alt=\"\" class=\"wp-image-8881\" srcset=\"https:\/\/tedenloesopreis.nl\/wp-content\/uploads\/2023\/12\/IMG_5694-1024x768-1.jpg 1024w, https:\/\/tedenloesopreis.nl\/wp-content\/uploads\/2023\/12\/IMG_5694-1024x768-1-300x225.jpg 300w, https:\/\/tedenloesopreis.nl\/wp-content\/uploads\/2023\/12\/IMG_5694-1024x768-1-768x576.jpg 768w\" sizes=\"auto, (max-width: 1024px) 100vw, 1024px\" \/><\/a><figcaption class=\"wp-element-caption\"><em>zwaar bewolkt onderweg op de \u201917\u2019<\/em><\/figcaption><\/figure>\n<\/div>\n\n\n\n<div class=\"wp-block-column is-layout-flow wp-block-column-is-layout-flow\">\n<figure class=\"wp-block-image size-full\"><a href=\"https:\/\/tedenloesopreis.nl\/wp-content\/uploads\/2023\/12\/IMG_5697-1024x768-1.jpg\" target=\"_blank\" rel=\"noreferrer noopener\"><img loading=\"lazy\" decoding=\"async\" width=\"1024\" height=\"768\" src=\"https:\/\/tedenloesopreis.nl\/wp-content\/uploads\/2023\/12\/IMG_5697-1024x768-1.jpg\" alt=\"\" class=\"wp-image-8882\" srcset=\"https:\/\/tedenloesopreis.nl\/wp-content\/uploads\/2023\/12\/IMG_5697-1024x768-1.jpg 1024w, https:\/\/tedenloesopreis.nl\/wp-content\/uploads\/2023\/12\/IMG_5697-1024x768-1-300x225.jpg 300w, https:\/\/tedenloesopreis.nl\/wp-content\/uploads\/2023\/12\/IMG_5697-1024x768-1-768x576.jpg 768w\" sizes=\"auto, (max-width: 1024px) 100vw, 1024px\" \/><\/a><figcaption class=\"wp-element-caption\"><em>bij Mo i Rana is het helemaal opgeklaard<\/em><\/figcaption><\/figure>\n<\/div>\n<\/div>\n\n\n\n<div class=\"wp-block-columns is-layout-flex wp-container-core-columns-is-layout-9d6595d7 wp-block-columns-is-layout-flex\">\n<div class=\"wp-block-column is-layout-flow wp-block-column-is-layout-flow\" style=\"flex-basis:33.33%\"><\/div>\n\n\n\n<div class=\"wp-block-column is-layout-flow wp-block-column-is-layout-flow\" style=\"flex-basis:66.66%\">\n<p>We stoppen op een camping aan de E6, net ten zuiden van Mo i Rana (<a href=\"https:\/\/www.campercontact.com\/nl\/noorwegen\/nordland\/dalsgrenda\/65972\/yttervik-camping\" target=\"_blank\" rel=\"noreferrer noopener\">Yttervik camping<\/a>, ruim voldoende). We staan op een klein rotseilandje in het Ranfjorden, in de zon, 15\u00b0C.<\/p>\n<\/div>\n<\/div>\n\n\n\n<div class=\"wp-block-columns is-layout-flex wp-container-core-columns-is-layout-9d6595d7 wp-block-columns-is-layout-flex\">\n<div class=\"wp-block-column is-layout-flow wp-block-column-is-layout-flow\"><\/div>\n\n\n\n<div class=\"wp-block-column is-layout-flow wp-block-column-is-layout-flow\">\n<figure class=\"wp-block-image size-full\"><a href=\"https:\/\/tedenloesopreis.nl\/wp-content\/uploads\/2023\/12\/IMG_5699-1024x768-1.jpg\" target=\"_blank\" rel=\"noreferrer noopener\"><img loading=\"lazy\" decoding=\"async\" width=\"1024\" height=\"768\" src=\"https:\/\/tedenloesopreis.nl\/wp-content\/uploads\/2023\/12\/IMG_5699-1024x768-1.jpg\" alt=\"\" class=\"wp-image-8884\" srcset=\"https:\/\/tedenloesopreis.nl\/wp-content\/uploads\/2023\/12\/IMG_5699-1024x768-1.jpg 1024w, https:\/\/tedenloesopreis.nl\/wp-content\/uploads\/2023\/12\/IMG_5699-1024x768-1-300x225.jpg 300w, https:\/\/tedenloesopreis.nl\/wp-content\/uploads\/2023\/12\/IMG_5699-1024x768-1-768x576.jpg 768w\" sizes=\"auto, (max-width: 1024px) 100vw, 1024px\" \/><\/a><figcaption class=\"wp-element-caption\"><em>smalle maar mooie plek op de camping<\/em><\/figcaption><\/figure>\n<\/div>\n\n\n\n<div class=\"wp-block-column is-layout-flow wp-block-column-is-layout-flow\">\n<figure class=\"wp-block-image size-full\"><a href=\"https:\/\/tedenloesopreis.nl\/wp-content\/uploads\/2023\/12\/IMG_5700-1024x768-1.jpg\" target=\"_blank\" rel=\"noreferrer noopener\"><img loading=\"lazy\" decoding=\"async\" width=\"1024\" height=\"768\" src=\"https:\/\/tedenloesopreis.nl\/wp-content\/uploads\/2023\/12\/IMG_5700-1024x768-1.jpg\" alt=\"\" class=\"wp-image-8883\" srcset=\"https:\/\/tedenloesopreis.nl\/wp-content\/uploads\/2023\/12\/IMG_5700-1024x768-1.jpg 1024w, https:\/\/tedenloesopreis.nl\/wp-content\/uploads\/2023\/12\/IMG_5700-1024x768-1-300x225.jpg 300w, https:\/\/tedenloesopreis.nl\/wp-content\/uploads\/2023\/12\/IMG_5700-1024x768-1-768x576.jpg 768w\" sizes=\"auto, (max-width: 1024px) 100vw, 1024px\" \/><\/a><figcaption class=\"wp-element-caption\"><em>smalle maar mooie plek op de camping<\/em><\/figcaption><\/figure>\n<\/div>\n<\/div>\n\n\n\n<div style=\"height:35px\" aria-hidden=\"true\" class=\"wp-block-spacer\"><\/div>\n\n\n\n<div class=\"wp-block-columns is-layout-flex wp-container-core-columns-is-layout-9d6595d7 wp-block-columns-is-layout-flex\">\n<div class=\"wp-block-column is-layout-flow wp-block-column-is-layout-flow\">\n<p class=\"has-orange-background-color has-background\" id=\"dag34\"><\/p>\n<\/div>\n<\/div>\n\n\n\n<div class=\"wp-block-columns is-layout-flex wp-container-core-columns-is-layout-9d6595d7 wp-block-columns-is-layout-flex\">\n<div class=\"wp-block-column is-layout-flow wp-block-column-is-layout-flow\" style=\"flex-basis:33.33%\">\n<p class=\"has-small-font-size\"><a href=\"#titel\">top<\/a><\/p>\n<\/div>\n\n\n\n<div class=\"wp-block-column is-layout-flow wp-block-column-is-layout-flow\" style=\"flex-basis:66.66%\">\n<p><strong>ADIEU E6 (VOOR EVEN)<\/strong><br>dag 34 &nbsp; &nbsp;&nbsp; &nbsp;do 05 juli 2018<br><a href=\"https:\/\/www.google.com\/maps\/d\/viewer?mid=1C6hTEsxHSZtAcbs3Fkbq9E_3WGlPX516&amp;ll=65.39958639396778%2C12.26598764648441&amp;z=8\" target=\"_blank\" rel=\"noreferrer noopener\">Yttervik \u2013 Namsos<\/a>&nbsp;&nbsp; &nbsp; &nbsp;310 km<\/p>\n<\/div>\n<\/div>\n\n\n\n<div style=\"height:20px\" aria-hidden=\"true\" class=\"wp-block-spacer\"><\/div>\n\n\n\n<div class=\"wp-block-columns is-layout-flex wp-container-core-columns-is-layout-9d6595d7 wp-block-columns-is-layout-flex\">\n<div class=\"wp-block-column is-vertically-aligned-bottom is-layout-flow wp-block-column-is-layout-flow\" style=\"flex-basis:33.33%\">\n<figure class=\"wp-block-image size-full\"><a href=\"https:\/\/tedenloesopreis.nl\/wp-content\/uploads\/2023\/12\/IMG_0017-1024x768-1.jpg\" target=\"_blank\" rel=\"noreferrer noopener\"><img loading=\"lazy\" decoding=\"async\" width=\"1024\" height=\"768\" src=\"https:\/\/tedenloesopreis.nl\/wp-content\/uploads\/2023\/12\/IMG_0017-1024x768-1.jpg\" alt=\"\" class=\"wp-image-8886\" srcset=\"https:\/\/tedenloesopreis.nl\/wp-content\/uploads\/2023\/12\/IMG_0017-1024x768-1.jpg 1024w, https:\/\/tedenloesopreis.nl\/wp-content\/uploads\/2023\/12\/IMG_0017-1024x768-1-300x225.jpg 300w, https:\/\/tedenloesopreis.nl\/wp-content\/uploads\/2023\/12\/IMG_0017-1024x768-1-768x576.jpg 768w\" sizes=\"auto, (max-width: 1024px) 100vw, 1024px\" \/><\/a><figcaption class=\"wp-element-caption\"><em>camping in Namsos<\/em><\/figcaption><\/figure>\n<\/div>\n\n\n\n<div class=\"wp-block-column is-layout-flow wp-block-column-is-layout-flow\" style=\"flex-basis:66.66%\">\n<p>We gebruiken de E6, waar ie voor is bedoeld: kilometers maken. Nu is het, na kustweg 17, tijd voor het volgende deelproject van onze terugreis: de westkust en de zuidkust van Noorwegen. Daarvan hebben we vorig jaar maar een paar kleine stukjes gezien: Bergen, de Atlanterhavsveien en \u00c5lesund. De rest willen we dit jaar bekijken. De E6 zien we pas weer terug, als we Oslo gepasseerd zijn.&nbsp;<\/p>\n\n\n\n<p>Kilometers maken op de E6 valt nog niet zo mee. Zowat de helft van de weg die we vandaag rijden, wordt op de schop genomen. Het lijkt wel alsof de reconstructie van de E6 per kilometer is aanbesteed. Er wordt aan een klein stuk gewerkt, vervolgens is er geen spoor van werk te bespeuren, maar een paar kilometer verder is er weer een klein stukje waaraan wordt gewerkt (alhoewel, meestal staan er wel machines, maar gebeurt er niets).&nbsp;<\/p>\n\n\n\n<p>We volgen vandaag de E6 tot aan Grong. Daar nemen we de 760 naar Skogmo, vanwaar we over de 17 naar Namsos rijden. Daar staan we op&nbsp;<a href=\"https:\/\/www.campercontact.com\/nl\/noorwegen\/trndelag\/namsos\/42596\/namsos-camping\" target=\"_blank\" rel=\"noreferrer noopener\">de camping<\/a>.&nbsp;<\/p>\n\n\n\n<p>Het landschap is vriendelijk, met een lustig slingerende E6. De weg gaat door een dal, doorgaans vrij breed met veel boerderijen, soms heel smal, met nauwelijks ruimte naast de rivier de Namsen.<\/p>\n<\/div>\n<\/div>\n\n\n\n<div style=\"height:35px\" aria-hidden=\"true\" class=\"wp-block-spacer\"><\/div>\n\n\n\n<div class=\"wp-block-columns is-layout-flex wp-container-core-columns-is-layout-9d6595d7 wp-block-columns-is-layout-flex\">\n<div class=\"wp-block-column is-layout-flow wp-block-column-is-layout-flow\">\n<p class=\"has-orange-background-color has-background\" id=\"dag35\"><\/p>\n<\/div>\n<\/div>\n\n\n\n<div class=\"wp-block-columns is-layout-flex wp-container-core-columns-is-layout-9d6595d7 wp-block-columns-is-layout-flex\">\n<div class=\"wp-block-column is-layout-flow wp-block-column-is-layout-flow\" style=\"flex-basis:33.33%\">\n<p class=\"has-small-font-size\"><a href=\"#titel\">top<\/a><\/p>\n<\/div>\n\n\n\n<div class=\"wp-block-column is-layout-flow wp-block-column-is-layout-flow\" style=\"flex-basis:66.66%\">\n<p><strong>RUSTDAG NAMSOS<\/strong><br>dag 35 &nbsp; &nbsp;&nbsp; &nbsp;vr 06 juli 2018<br>rustdag Namsos &nbsp; &nbsp; &nbsp;0 km<\/p>\n<\/div>\n<\/div>\n\n\n\n<div style=\"height:20px\" aria-hidden=\"true\" class=\"wp-block-spacer\"><\/div>\n\n\n\n<div class=\"wp-block-columns is-layout-flex wp-container-core-columns-is-layout-9d6595d7 wp-block-columns-is-layout-flex\">\n<div class=\"wp-block-column is-layout-flow wp-block-column-is-layout-flow\" style=\"flex-basis:33.33%\"><\/div>\n\n\n\n<div class=\"wp-block-column is-layout-flow wp-block-column-is-layout-flow\" style=\"flex-basis:66.66%\">\n<p>We gaan vandaag op de fiets naar Namsos.&nbsp;<\/p>\n\n\n\n<p>Namsos is een klein stadje met ongeveer 10.000 inwoners. Bijzonder aan Namsos is, dat het op 20 april 1940 door de Duitsers is platgebombardeerd ter gelegenheid van Hitlers verjaardag. Er is dus niets van de oude houten kern bewaard gebleven.&nbsp;<\/p>\n\n\n\n<p>Namsos heeft duidelijk een kernfunctie. Er is een ziekenhuis en er is een winkelcentrum (qua grootte vergelijkbaar met het Wagnerplein in Tilburg-Noord) dat niet in verhouding staat tot het aantal inwoners. Het was er gezellig druk.&nbsp;<\/p>\n\n\n\n<p>De fietsinfrastructuur is opmerkelijk goed. Voor het eerst tijdens onze reis kunnen we over fietspaden van de camping naar het centrum rijden. Dat hebben we in Noorwegen nog niet meegemaakt.&nbsp;<\/p>\n\n\n\n<p>Zoals inmiddels gebruikelijk tijdens onze rustdagen: het is weer eens zwaar bewolkt. Gelukkig blijft het droog.<\/p>\n<\/div>\n<\/div>\n\n\n\n<div class=\"wp-block-columns is-layout-flex wp-container-core-columns-is-layout-9d6595d7 wp-block-columns-is-layout-flex\">\n<div class=\"wp-block-column is-layout-flow wp-block-column-is-layout-flow\"><\/div>\n\n\n\n<div class=\"wp-block-column is-layout-flow wp-block-column-is-layout-flow\">\n<figure class=\"wp-block-image size-full\"><a href=\"https:\/\/tedenloesopreis.nl\/wp-content\/uploads\/2023\/12\/IMG_5709-1024x768-1.jpg\" target=\"_blank\" rel=\"noreferrer noopener\"><img loading=\"lazy\" decoding=\"async\" width=\"1024\" height=\"768\" src=\"https:\/\/tedenloesopreis.nl\/wp-content\/uploads\/2023\/12\/IMG_5709-1024x768-1.jpg\" alt=\"\" class=\"wp-image-8889\" srcset=\"https:\/\/tedenloesopreis.nl\/wp-content\/uploads\/2023\/12\/IMG_5709-1024x768-1.jpg 1024w, https:\/\/tedenloesopreis.nl\/wp-content\/uploads\/2023\/12\/IMG_5709-1024x768-1-300x225.jpg 300w, https:\/\/tedenloesopreis.nl\/wp-content\/uploads\/2023\/12\/IMG_5709-1024x768-1-768x576.jpg 768w\" sizes=\"auto, (max-width: 1024px) 100vw, 1024px\" \/><\/a><figcaption class=\"wp-element-caption\"><em>het haventje van Namsos<\/em><\/figcaption><\/figure>\n<\/div>\n\n\n\n<div class=\"wp-block-column is-layout-flow wp-block-column-is-layout-flow\">\n<figure class=\"wp-block-image size-full\"><a href=\"https:\/\/tedenloesopreis.nl\/wp-content\/uploads\/2023\/12\/IMG_5710-1024x768-1.jpg\" target=\"_blank\" rel=\"noreferrer noopener\"><img loading=\"lazy\" decoding=\"async\" width=\"1024\" height=\"768\" src=\"https:\/\/tedenloesopreis.nl\/wp-content\/uploads\/2023\/12\/IMG_5710-1024x768-1.jpg\" alt=\"\" class=\"wp-image-8890\" srcset=\"https:\/\/tedenloesopreis.nl\/wp-content\/uploads\/2023\/12\/IMG_5710-1024x768-1.jpg 1024w, https:\/\/tedenloesopreis.nl\/wp-content\/uploads\/2023\/12\/IMG_5710-1024x768-1-300x225.jpg 300w, https:\/\/tedenloesopreis.nl\/wp-content\/uploads\/2023\/12\/IMG_5710-1024x768-1-768x576.jpg 768w\" sizes=\"auto, (max-width: 1024px) 100vw, 1024px\" \/><\/a><figcaption class=\"wp-element-caption\"><em>het fjord bij Namsos<\/em><\/figcaption><\/figure>\n<\/div>\n<\/div>\n\n\n\n<div style=\"height:35px\" aria-hidden=\"true\" class=\"wp-block-spacer\"><\/div>\n\n\n\n<div class=\"wp-block-columns is-layout-flex wp-container-core-columns-is-layout-9d6595d7 wp-block-columns-is-layout-flex\">\n<div class=\"wp-block-column is-layout-flow wp-block-column-is-layout-flow\">\n<p class=\"has-orange-background-color has-background\" id=\"dag36\"><\/p>\n<\/div>\n<\/div>\n\n\n\n<div class=\"wp-block-columns is-layout-flex wp-container-core-columns-is-layout-9d6595d7 wp-block-columns-is-layout-flex\">\n<div class=\"wp-block-column is-layout-flow wp-block-column-is-layout-flow\" style=\"flex-basis:33.33%\">\n<p class=\"has-small-font-size\"><a href=\"#titel\">top<\/a><\/p>\n<\/div>\n\n\n\n<div class=\"wp-block-column is-layout-flow wp-block-column-is-layout-flow\" style=\"flex-basis:66.66%\">\n<p><strong>MAAR NIET OVER TRONDHEIM<\/strong><br>dag 36 &nbsp; &nbsp; &nbsp;za 07 juli 2018<br><a href=\"https:\/\/www.google.com\/maps\/d\/viewer?mid=1yFXludrO3vDmzOPvhj2x0mJSMVAXW8A0&amp;ll=63.99097364129425%2C10.548322725880457&amp;z=9\" target=\"_blank\" rel=\"noreferrer noopener\">Namsos \u2013 Flakk<\/a>&nbsp;&nbsp; &nbsp;&nbsp; &nbsp;205 km<\/p>\n<\/div>\n<\/div>\n\n\n\n<div style=\"height:20px\" aria-hidden=\"true\" class=\"wp-block-spacer\"><\/div>\n\n\n\n<div class=\"wp-block-columns is-layout-flex wp-container-core-columns-is-layout-9d6595d7 wp-block-columns-is-layout-flex\">\n<div class=\"wp-block-column is-layout-flow wp-block-column-is-layout-flow\" style=\"flex-basis:33.33%\"><\/div>\n\n\n\n<div class=\"wp-block-column is-layout-flow wp-block-column-is-layout-flow\" style=\"flex-basis:66.66%\">\n<p>De route van vandaag gaat met een grote boog noordelijk om Trondheim heen. De E6 rond Trondheim is erg druk en, qua tolgeld, behoorlijk ontmoedigend.&nbsp;We gaan naar de camping in Flakk, pal naast de veerstoep van de veerdienst Flakk-R\u00f8rvik, zo\u2019n 10 km westelijk van Trondheim aan het Trondheimsfjorden.&nbsp;<\/p>\n\n\n\n<p>Het grootste deel van de route van vandaag gaat over de 715. Wij kunnen iedereen die Trondheim wil mijden, aanraden om deze weg te nemen.&nbsp;<\/p>\n\n\n\n<p id=\"osen\">Vanaf Namsos nemen we eerst de 17 richting Steinkjer. Zo\u2019n 15 km buiten Namsos begint de 715. Aanvankelijk gaat deze weg door een dicht dennenbos, maar halverwege Osen\/Steinsdalen komen er open plekken met boerderijen. Na Osen, waar we de ochtendcappuccino drinken, verandert het landschap. Het wordt veel ruwer, de rotsen zijn grilliger. Het is weliswaar lang niet zo indrukwekkend als de natuur in het noorden, maar vergeleken met de saaie E6 tussen Steinkjer en Trondheim is het behoorlijk boeiend en afwisselend.<\/p>\n<\/div>\n<\/div>\n\n\n\n<div class=\"wp-block-columns is-layout-flex wp-container-core-columns-is-layout-9d6595d7 wp-block-columns-is-layout-flex\">\n<div class=\"wp-block-column is-layout-flow wp-block-column-is-layout-flow\">\n<figure class=\"wp-block-image size-full\"><a href=\"https:\/\/tedenloesopreis.nl\/wp-content\/uploads\/2023\/12\/IMG_5720-1024x768-1.jpg\" target=\"_blank\" rel=\"noreferrer noopener\"><img loading=\"lazy\" decoding=\"async\" width=\"1024\" height=\"768\" src=\"https:\/\/tedenloesopreis.nl\/wp-content\/uploads\/2023\/12\/IMG_5720-1024x768-1.jpg\" alt=\"\" class=\"wp-image-8892\" srcset=\"https:\/\/tedenloesopreis.nl\/wp-content\/uploads\/2023\/12\/IMG_5720-1024x768-1.jpg 1024w, https:\/\/tedenloesopreis.nl\/wp-content\/uploads\/2023\/12\/IMG_5720-1024x768-1-300x225.jpg 300w, https:\/\/tedenloesopreis.nl\/wp-content\/uploads\/2023\/12\/IMG_5720-1024x768-1-768x576.jpg 768w\" sizes=\"auto, (max-width: 1024px) 100vw, 1024px\" \/><\/a><figcaption class=\"wp-element-caption\"><em>onderweg naar Osen<\/em><\/figcaption><\/figure>\n<\/div>\n\n\n\n<div class=\"wp-block-column is-layout-flow wp-block-column-is-layout-flow\">\n<figure class=\"wp-block-image size-full\"><a href=\"https:\/\/tedenloesopreis.nl\/wp-content\/uploads\/2023\/12\/IMG_5724-1024x768-1.jpg\" target=\"_blank\" rel=\"noreferrer noopener\"><img loading=\"lazy\" decoding=\"async\" width=\"1024\" height=\"768\" src=\"https:\/\/tedenloesopreis.nl\/wp-content\/uploads\/2023\/12\/IMG_5724-1024x768-1.jpg\" alt=\"\" class=\"wp-image-8893\" srcset=\"https:\/\/tedenloesopreis.nl\/wp-content\/uploads\/2023\/12\/IMG_5724-1024x768-1.jpg 1024w, https:\/\/tedenloesopreis.nl\/wp-content\/uploads\/2023\/12\/IMG_5724-1024x768-1-300x225.jpg 300w, https:\/\/tedenloesopreis.nl\/wp-content\/uploads\/2023\/12\/IMG_5724-1024x768-1-768x576.jpg 768w\" sizes=\"auto, (max-width: 1024px) 100vw, 1024px\" \/><\/a><figcaption class=\"wp-element-caption\"><em>onderweg naar Osen<\/em><\/figcaption><\/figure>\n<\/div>\n\n\n\n<div class=\"wp-block-column is-layout-flow wp-block-column-is-layout-flow\">\n<figure class=\"wp-block-image size-full\"><a href=\"https:\/\/tedenloesopreis.nl\/wp-content\/uploads\/2023\/12\/IMG_5725-1024x768-1.jpg\" target=\"_blank\" rel=\"noreferrer noopener\"><img loading=\"lazy\" decoding=\"async\" width=\"1024\" height=\"768\" src=\"https:\/\/tedenloesopreis.nl\/wp-content\/uploads\/2023\/12\/IMG_5725-1024x768-1.jpg\" alt=\"\" class=\"wp-image-8894\" srcset=\"https:\/\/tedenloesopreis.nl\/wp-content\/uploads\/2023\/12\/IMG_5725-1024x768-1.jpg 1024w, https:\/\/tedenloesopreis.nl\/wp-content\/uploads\/2023\/12\/IMG_5725-1024x768-1-300x225.jpg 300w, https:\/\/tedenloesopreis.nl\/wp-content\/uploads\/2023\/12\/IMG_5725-1024x768-1-768x576.jpg 768w\" sizes=\"auto, (max-width: 1024px) 100vw, 1024px\" \/><\/a><figcaption class=\"wp-element-caption\"><em>stukje voorbij Osen<\/em><\/figcaption><\/figure>\n<\/div>\n<\/div>\n\n\n\n<div class=\"wp-block-columns is-layout-flex wp-container-core-columns-is-layout-9d6595d7 wp-block-columns-is-layout-flex\">\n<div class=\"wp-block-column is-layout-flow wp-block-column-is-layout-flow\">\n<figure class=\"wp-block-image size-full\"><a href=\"https:\/\/tedenloesopreis.nl\/wp-content\/uploads\/2023\/12\/IMG_5726-1024x768-1.jpg\" target=\"_blank\" rel=\"noreferrer noopener\"><img loading=\"lazy\" decoding=\"async\" width=\"1024\" height=\"768\" src=\"https:\/\/tedenloesopreis.nl\/wp-content\/uploads\/2023\/12\/IMG_5726-1024x768-1.jpg\" alt=\"\" class=\"wp-image-8895\" srcset=\"https:\/\/tedenloesopreis.nl\/wp-content\/uploads\/2023\/12\/IMG_5726-1024x768-1.jpg 1024w, https:\/\/tedenloesopreis.nl\/wp-content\/uploads\/2023\/12\/IMG_5726-1024x768-1-300x225.jpg 300w, https:\/\/tedenloesopreis.nl\/wp-content\/uploads\/2023\/12\/IMG_5726-1024x768-1-768x576.jpg 768w\" sizes=\"auto, (max-width: 1024px) 100vw, 1024px\" \/><\/a><figcaption class=\"wp-element-caption\"><em>tussen Osen en \u00c5fjord<\/em><\/figcaption><\/figure>\n<\/div>\n\n\n\n<div class=\"wp-block-column is-layout-flow wp-block-column-is-layout-flow\">\n<figure class=\"wp-block-image size-full\"><a href=\"https:\/\/tedenloesopreis.nl\/wp-content\/uploads\/2023\/12\/IMG_5729-1024x768-1.jpg\" target=\"_blank\" rel=\"noreferrer noopener\"><img loading=\"lazy\" decoding=\"async\" width=\"1024\" height=\"768\" src=\"https:\/\/tedenloesopreis.nl\/wp-content\/uploads\/2023\/12\/IMG_5729-1024x768-1.jpg\" alt=\"\" class=\"wp-image-8896\" srcset=\"https:\/\/tedenloesopreis.nl\/wp-content\/uploads\/2023\/12\/IMG_5729-1024x768-1.jpg 1024w, https:\/\/tedenloesopreis.nl\/wp-content\/uploads\/2023\/12\/IMG_5729-1024x768-1-300x225.jpg 300w, https:\/\/tedenloesopreis.nl\/wp-content\/uploads\/2023\/12\/IMG_5729-1024x768-1-768x576.jpg 768w\" sizes=\"auto, (max-width: 1024px) 100vw, 1024px\" \/><\/a><figcaption class=\"wp-element-caption\"><em>tussen Osen en \u00c5fjord<\/em><\/figcaption><\/figure>\n<\/div>\n\n\n\n<div class=\"wp-block-column is-layout-flow wp-block-column-is-layout-flow\">\n<figure class=\"wp-block-image size-full\"><a href=\"https:\/\/tedenloesopreis.nl\/wp-content\/uploads\/2023\/12\/IMG_5730-1024x768-1.jpg\" target=\"_blank\" rel=\"noreferrer noopener\"><img loading=\"lazy\" decoding=\"async\" width=\"1024\" height=\"768\" src=\"https:\/\/tedenloesopreis.nl\/wp-content\/uploads\/2023\/12\/IMG_5730-1024x768-1.jpg\" alt=\"\" class=\"wp-image-8897\" srcset=\"https:\/\/tedenloesopreis.nl\/wp-content\/uploads\/2023\/12\/IMG_5730-1024x768-1.jpg 1024w, https:\/\/tedenloesopreis.nl\/wp-content\/uploads\/2023\/12\/IMG_5730-1024x768-1-300x225.jpg 300w, https:\/\/tedenloesopreis.nl\/wp-content\/uploads\/2023\/12\/IMG_5730-1024x768-1-768x576.jpg 768w\" sizes=\"auto, (max-width: 1024px) 100vw, 1024px\" \/><\/a><figcaption class=\"wp-element-caption\"><em>tussen Osen en \u00c5fjord<\/em><\/figcaption><\/figure>\n<\/div>\n<\/div>\n\n\n\n<div class=\"wp-block-columns is-layout-flex wp-container-core-columns-is-layout-9d6595d7 wp-block-columns-is-layout-flex\">\n<div class=\"wp-block-column is-layout-flow wp-block-column-is-layout-flow\" style=\"flex-basis:33.33%\"><\/div>\n\n\n\n<div class=\"wp-block-column is-layout-flow wp-block-column-is-layout-flow\" style=\"flex-basis:66.66%\">\n<p>We volgen de 715 tot aan het Trondheimfjord, nemen de ferry van R\u00f8rvik naar Flakk, en rijden direct na aankomst in Flakk de gelijknamige&nbsp;<a href=\"https:\/\/www.campercontact.com\/nl\/noorwegen\/trndelag\/bosberg\/56015\/flakk-camping\" target=\"_blank\" rel=\"noreferrer noopener\">camping<\/a>&nbsp;op.<\/p>\n<\/div>\n<\/div>\n\n\n\n<div class=\"wp-block-columns is-layout-flex wp-container-core-columns-is-layout-9d6595d7 wp-block-columns-is-layout-flex\">\n<div class=\"wp-block-column is-layout-flow wp-block-column-is-layout-flow\">\n<figure class=\"wp-block-image size-full\"><a href=\"https:\/\/tedenloesopreis.nl\/wp-content\/uploads\/2023\/12\/IMG_5735-1024x768-1.jpg\" target=\"_blank\" rel=\"noreferrer noopener\"><img loading=\"lazy\" decoding=\"async\" width=\"1024\" height=\"768\" src=\"https:\/\/tedenloesopreis.nl\/wp-content\/uploads\/2023\/12\/IMG_5735-1024x768-1.jpg\" alt=\"\" class=\"wp-image-8898\" srcset=\"https:\/\/tedenloesopreis.nl\/wp-content\/uploads\/2023\/12\/IMG_5735-1024x768-1.jpg 1024w, https:\/\/tedenloesopreis.nl\/wp-content\/uploads\/2023\/12\/IMG_5735-1024x768-1-300x225.jpg 300w, https:\/\/tedenloesopreis.nl\/wp-content\/uploads\/2023\/12\/IMG_5735-1024x768-1-768x576.jpg 768w\" sizes=\"auto, (max-width: 1024px) 100vw, 1024px\" \/><\/a><figcaption class=\"wp-element-caption\"><em>vertrek uit R\u00f8rvik<\/em><\/figcaption><\/figure>\n<\/div>\n\n\n\n<div class=\"wp-block-column is-layout-flow wp-block-column-is-layout-flow\">\n<figure class=\"wp-block-image size-full\"><a href=\"https:\/\/tedenloesopreis.nl\/wp-content\/uploads\/2023\/12\/IMG_5733-1024x768-1.jpg\" target=\"_blank\" rel=\"noreferrer noopener\"><img loading=\"lazy\" decoding=\"async\" width=\"1024\" height=\"768\" src=\"https:\/\/tedenloesopreis.nl\/wp-content\/uploads\/2023\/12\/IMG_5733-1024x768-1.jpg\" alt=\"\" class=\"wp-image-8899\" srcset=\"https:\/\/tedenloesopreis.nl\/wp-content\/uploads\/2023\/12\/IMG_5733-1024x768-1.jpg 1024w, https:\/\/tedenloesopreis.nl\/wp-content\/uploads\/2023\/12\/IMG_5733-1024x768-1-300x225.jpg 300w, https:\/\/tedenloesopreis.nl\/wp-content\/uploads\/2023\/12\/IMG_5733-1024x768-1-768x576.jpg 768w\" sizes=\"auto, (max-width: 1024px) 100vw, 1024px\" \/><\/a><figcaption class=\"wp-element-caption\"><em>onderweg naar Flakk; de buzz staat weer eens linksvoor<\/em><\/figcaption><\/figure>\n<\/div>\n\n\n\n<div class=\"wp-block-column is-layout-flow wp-block-column-is-layout-flow\">\n<figure class=\"wp-block-image size-full\"><a href=\"https:\/\/tedenloesopreis.nl\/wp-content\/uploads\/2023\/12\/IMG_5736-1024x768-1.jpg\" target=\"_blank\" rel=\"noreferrer noopener\"><img loading=\"lazy\" decoding=\"async\" width=\"1024\" height=\"768\" src=\"https:\/\/tedenloesopreis.nl\/wp-content\/uploads\/2023\/12\/IMG_5736-1024x768-1.jpg\" alt=\"\" class=\"wp-image-8900\" srcset=\"https:\/\/tedenloesopreis.nl\/wp-content\/uploads\/2023\/12\/IMG_5736-1024x768-1.jpg 1024w, https:\/\/tedenloesopreis.nl\/wp-content\/uploads\/2023\/12\/IMG_5736-1024x768-1-300x225.jpg 300w, https:\/\/tedenloesopreis.nl\/wp-content\/uploads\/2023\/12\/IMG_5736-1024x768-1-768x576.jpg 768w\" sizes=\"auto, (max-width: 1024px) 100vw, 1024px\" \/><\/a><figcaption class=\"wp-element-caption\"><em>uitzicht op de camping van Flakk<\/em><\/figcaption><\/figure>\n<\/div>\n<\/div>\n\n\n\n<div style=\"height:35px\" aria-hidden=\"true\" class=\"wp-block-spacer\"><\/div>\n\n\n\n<div class=\"wp-block-columns is-layout-flex wp-container-core-columns-is-layout-9d6595d7 wp-block-columns-is-layout-flex\">\n<div class=\"wp-block-column is-layout-flow wp-block-column-is-layout-flow\">\n<p class=\"has-orange-background-color has-background\" id=\"dag37\"><\/p>\n<\/div>\n<\/div>\n\n\n\n<div class=\"wp-block-columns is-layout-flex wp-container-core-columns-is-layout-9d6595d7 wp-block-columns-is-layout-flex\">\n<div class=\"wp-block-column is-layout-flow wp-block-column-is-layout-flow\" style=\"flex-basis:33.33%\">\n<p class=\"has-small-font-size\"><a href=\"#titel\">top<\/a><\/p>\n<\/div>\n\n\n\n<div class=\"wp-block-column is-layout-flow wp-block-column-is-layout-flow\" style=\"flex-basis:66.66%\">\n<p><strong>VIJF KUNSTWERKEN OP EEN RIJ<\/strong><br>dag 37 &nbsp; &nbsp; &nbsp;zo 8 juli 2018<br><a href=\"https:\/\/www.google.com\/maps\/d\/viewer?mid=1vrLD_Z2dEjz8aim3gbm1A4HpStEGAHqt&amp;ll=63.117349863970404%2C8.778437599487239&amp;z=9\" target=\"_blank\" rel=\"noreferrer noopener\">Flakk \u2013 Molde<\/a>&nbsp;&nbsp; &nbsp; &nbsp;292 km<\/p>\n<\/div>\n<\/div>\n\n\n\n<div style=\"height:20px\" aria-hidden=\"true\" class=\"wp-block-spacer\"><\/div>\n\n\n\n<div class=\"wp-block-columns is-layout-flex wp-container-core-columns-is-layout-9d6595d7 wp-block-columns-is-layout-flex\">\n<div class=\"wp-block-column is-layout-flow wp-block-column-is-layout-flow\" style=\"flex-basis:33.33%\"><\/div>\n\n\n\n<div class=\"wp-block-column is-layout-flow wp-block-column-is-layout-flow\" style=\"flex-basis:66.66%\">\n<p>Allereerst het weerbericht van vandaag: vanochtend schijnt de zon erg vrolijk boven Trondheim en is het tegen 09:00 uur al 17\u00baC (voor de gemiddelde Noor is dit een teken om de korte broek aan te trekken en om de gebruinde bast te ontbloten); in de loop van de ochtend betrekt het; aan het einde van de middag begint het te miezeren.&nbsp;<\/p>\n\n\n\n<p>De E39 speelt vandaag een belangrijke rol. Het is de meest westelijke noord-zuid-route in deze regio. Er is wel een aantal weggetjes dat nog meer naar het westen leidt, maar die gaan allemaal naar eilanden die geliefd zijn bij vogelaars. Voor ons is er dus geen aanleiding om die weggetjes in te slaan.&nbsp;<\/p>\n\n\n\n<p>De E39 begint bij Trondheim als een super-weg: lekker breed en voorzien van een prima wegdek. In Noorwegen zijn deze sprookjes echter vaak maar van korte duur. De weg wordt smaller, en uiteindelijk verdwijnt de gele middenstreep. Dat geeft aan, dat de weg minder dan 5,5 meter breed is (ter vergelijking: een eenvoudige provinciale weg in Nederland is meestal ruim 7 meter breed). Bij zo\u2019n beperkte breedte hoort steevast een beperkte kwaliteit van de verharding. De bestuurder heeft daardoor maar twee halve ogen beschikbaar, om naar de omgeving te kijken. De resterende halve ogen zijn nodig om het wegdek te scannen op gaten en om de bochtige weg te verkennen op tegenliggers.&nbsp;<\/p>\n\n\n\n<p>De hoogtepunten van de E39 zijn de kunstwerken aan weerszijden van het eiland Bergs\u00f8ya. Aan de oostzijde ligt kw1, een behoorlijk lange blauwe stalen pontonbrug (de Bergs\u00f8ysundbrug; daar was onze picknick). Aan de westzijde ligt kw2: een mooie hangbrug (de Gjemnesundbrug).<\/p>\n<\/div>\n<\/div>\n\n\n\n<div class=\"wp-block-columns is-layout-flex wp-container-core-columns-is-layout-9d6595d7 wp-block-columns-is-layout-flex\">\n<div class=\"wp-block-column is-layout-flow wp-block-column-is-layout-flow\"><\/div>\n\n\n\n<div class=\"wp-block-column is-layout-flow wp-block-column-is-layout-flow\">\n<figure class=\"wp-block-image size-full\"><a href=\"https:\/\/tedenloesopreis.nl\/wp-content\/uploads\/2023\/12\/IMG_5753-1024x768-1.jpg\" target=\"_blank\" rel=\"noreferrer noopener\"><img loading=\"lazy\" decoding=\"async\" width=\"1024\" height=\"768\" src=\"https:\/\/tedenloesopreis.nl\/wp-content\/uploads\/2023\/12\/IMG_5753-1024x768-1.jpg\" alt=\"\" class=\"wp-image-8902\" srcset=\"https:\/\/tedenloesopreis.nl\/wp-content\/uploads\/2023\/12\/IMG_5753-1024x768-1.jpg 1024w, https:\/\/tedenloesopreis.nl\/wp-content\/uploads\/2023\/12\/IMG_5753-1024x768-1-300x225.jpg 300w, https:\/\/tedenloesopreis.nl\/wp-content\/uploads\/2023\/12\/IMG_5753-1024x768-1-768x576.jpg 768w\" sizes=\"auto, (max-width: 1024px) 100vw, 1024px\" \/><\/a><figcaption class=\"wp-element-caption\"><em>de blauwe stalen pontonbrug over de Bergs\u00f8ysund<\/em><\/figcaption><\/figure>\n<\/div>\n\n\n\n<div class=\"wp-block-column is-layout-flow wp-block-column-is-layout-flow\">\n<figure class=\"wp-block-image size-full\"><a href=\"https:\/\/tedenloesopreis.nl\/wp-content\/uploads\/2023\/12\/IMG_5755-1024x768-1.jpg\" target=\"_blank\" rel=\"noreferrer noopener\"><img loading=\"lazy\" decoding=\"async\" width=\"1024\" height=\"768\" src=\"https:\/\/tedenloesopreis.nl\/wp-content\/uploads\/2023\/12\/IMG_5755-1024x768-1.jpg\" alt=\"\" class=\"wp-image-8903\" srcset=\"https:\/\/tedenloesopreis.nl\/wp-content\/uploads\/2023\/12\/IMG_5755-1024x768-1.jpg 1024w, https:\/\/tedenloesopreis.nl\/wp-content\/uploads\/2023\/12\/IMG_5755-1024x768-1-300x225.jpg 300w, https:\/\/tedenloesopreis.nl\/wp-content\/uploads\/2023\/12\/IMG_5755-1024x768-1-768x576.jpg 768w\" sizes=\"auto, (max-width: 1024px) 100vw, 1024px\" \/><\/a><figcaption class=\"wp-element-caption\"><em>de Gjemnesundbrug<\/em><\/figcaption><\/figure>\n<\/div>\n<\/div>\n\n\n\n<div class=\"wp-block-columns is-layout-flex wp-container-core-columns-is-layout-9d6595d7 wp-block-columns-is-layout-flex\">\n<div class=\"wp-block-column is-layout-flow wp-block-column-is-layout-flow\" style=\"flex-basis:33.33%\">\n<figure class=\"wp-block-image size-full\"><a href=\"https:\/\/tedenloesopreis.nl\/wp-content\/uploads\/2023\/12\/IMG_5756-1024x768-1.jpg\" target=\"_blank\" rel=\"noreferrer noopener\"><img loading=\"lazy\" decoding=\"async\" width=\"1024\" height=\"768\" src=\"https:\/\/tedenloesopreis.nl\/wp-content\/uploads\/2023\/12\/IMG_5756-1024x768-1.jpg\" alt=\"\" class=\"wp-image-8904\" srcset=\"https:\/\/tedenloesopreis.nl\/wp-content\/uploads\/2023\/12\/IMG_5756-1024x768-1.jpg 1024w, https:\/\/tedenloesopreis.nl\/wp-content\/uploads\/2023\/12\/IMG_5756-1024x768-1-300x225.jpg 300w, https:\/\/tedenloesopreis.nl\/wp-content\/uploads\/2023\/12\/IMG_5756-1024x768-1-768x576.jpg 768w\" sizes=\"auto, (max-width: 1024px) 100vw, 1024px\" \/><\/a><figcaption class=\"wp-element-caption\"><em>de haven van Kristiansund<\/em><\/figcaption><\/figure>\n<\/div>\n\n\n\n<div class=\"wp-block-column is-layout-flow wp-block-column-is-layout-flow\" style=\"flex-basis:66.66%\">\n<p>Net voor de Gjemnesundbrug gaan we de \u201c70\u201d op, richting Kristiansund. Al direct duiken we kw3 in: de Freifjordtunnel (zoals de naam al zegt, gaat deze tunnel \u2013 van 5,8 km \u2013 onder het Freifjord door; 10% omlaag en 10% omhoog). Een paar kilometer na deze tunnel rijden we Kristiansund binnen. Vergeleken met Troms\u00f8 is Kristiansund een verademing. Alles klopt aan deze stad. De gebouwen zijn verzorgd, de wegen zijn van goede kwaliteit, de haven is gezellig druk.&nbsp;<\/p>\n<\/div>\n<\/div>\n\n\n\n<div class=\"wp-block-columns is-layout-flex wp-container-core-columns-is-layout-9d6595d7 wp-block-columns-is-layout-flex\">\n<div class=\"wp-block-column is-layout-flow wp-block-column-is-layout-flow\" style=\"flex-basis:33.33%\">\n<figure class=\"wp-block-image size-full\"><a href=\"https:\/\/tedenloesopreis.nl\/wp-content\/uploads\/2023\/12\/IMG_5768-1024x768-1.jpg\" target=\"_blank\" rel=\"noreferrer noopener\"><img loading=\"lazy\" decoding=\"async\" width=\"1024\" height=\"768\" src=\"https:\/\/tedenloesopreis.nl\/wp-content\/uploads\/2023\/12\/IMG_5768-1024x768-1.jpg\" alt=\"\" class=\"wp-image-8905\" srcset=\"https:\/\/tedenloesopreis.nl\/wp-content\/uploads\/2023\/12\/IMG_5768-1024x768-1.jpg 1024w, https:\/\/tedenloesopreis.nl\/wp-content\/uploads\/2023\/12\/IMG_5768-1024x768-1-300x225.jpg 300w, https:\/\/tedenloesopreis.nl\/wp-content\/uploads\/2023\/12\/IMG_5768-1024x768-1-768x576.jpg 768w\" sizes=\"auto, (max-width: 1024px) 100vw, 1024px\" \/><\/a><figcaption class=\"wp-element-caption\"><em>het laagste punt van de Atlanterhavstunnel<\/em><\/figcaption><\/figure>\n<\/div>\n\n\n\n<div class=\"wp-block-column is-layout-flow wp-block-column-is-layout-flow\" style=\"flex-basis:66.66%\">\n<p>In Kristiansund rijden we de \u201c64\u201d op. Al meteen aan het begin komen we het vierde kunstwerk tegen: de Atlanterhavstunnel (deze gaat onder het Bremsnesfjord door; hij is ook 5,8 km lang, en ook 10% omlaag en 10% omhoog). Deze tunnel is veel nieuwer dan de Freifjordtunnel. Dat merk je aan twee dingen: je moet er tol betalen (pakweg \u20ac16,00) en het hoogtepunt (in dit geval het laagste punt) is feestelijk blauw verlicht.<\/p>\n<\/div>\n<\/div>\n\n\n\n<div class=\"wp-block-columns is-layout-flex wp-container-core-columns-is-layout-9d6595d7 wp-block-columns-is-layout-flex\">\n<div class=\"wp-block-column is-layout-flow wp-block-column-is-layout-flow\" style=\"flex-basis:33.33%\"><\/div>\n\n\n\n<div class=\"wp-block-column is-layout-flow wp-block-column-is-layout-flow\" style=\"flex-basis:66.66%\">\n<p id=\"atlanterhavsveien\">Een paar kilometer na de Atlanterhavstunnel begint de Atlanterhavsveien. We waren hier vorig jaar ook al, maar we kunnen het niet laten om er nog eens heen te gaan. De Atlantershavsveien loopt over een aantal kleine eilandjes, die onderling zijn verbonden met dammen en bruggen. De meest markante brug, het vijfde kunstwerk van vandaag, is de Storseisundbrug. Deze boogbrug ligt in een gebogen wegvak. Door de dubbele kromming ziet de brug er erg bijzonder uit.<\/p>\n<\/div>\n<\/div>\n\n\n\n<div class=\"wp-block-columns is-layout-flex wp-container-core-columns-is-layout-9d6595d7 wp-block-columns-is-layout-flex\">\n<div class=\"wp-block-column is-layout-flow wp-block-column-is-layout-flow\"><\/div>\n\n\n\n<div class=\"wp-block-column is-layout-flow wp-block-column-is-layout-flow\">\n<figure class=\"wp-block-image size-full\"><a href=\"https:\/\/tedenloesopreis.nl\/wp-content\/uploads\/2023\/12\/IMG_5791-1024x768-1.jpg\" target=\"_blank\" rel=\"noreferrer noopener\"><img loading=\"lazy\" decoding=\"async\" width=\"1024\" height=\"768\" src=\"https:\/\/tedenloesopreis.nl\/wp-content\/uploads\/2023\/12\/IMG_5791-1024x768-1.jpg\" alt=\"\" class=\"wp-image-8906\" srcset=\"https:\/\/tedenloesopreis.nl\/wp-content\/uploads\/2023\/12\/IMG_5791-1024x768-1.jpg 1024w, https:\/\/tedenloesopreis.nl\/wp-content\/uploads\/2023\/12\/IMG_5791-1024x768-1-300x225.jpg 300w, https:\/\/tedenloesopreis.nl\/wp-content\/uploads\/2023\/12\/IMG_5791-1024x768-1-768x576.jpg 768w\" sizes=\"auto, (max-width: 1024px) 100vw, 1024px\" \/><\/a><figcaption class=\"wp-element-caption\"><em>de Storseisundbrug komt dichterbij<\/em><\/figcaption><\/figure>\n<\/div>\n\n\n\n<div class=\"wp-block-column is-layout-flow wp-block-column-is-layout-flow\">\n<figure class=\"wp-block-image size-full\"><a href=\"https:\/\/tedenloesopreis.nl\/wp-content\/uploads\/2023\/12\/IMG_5794-1024x768-1.jpg\" target=\"_blank\" rel=\"noreferrer noopener\"><img loading=\"lazy\" decoding=\"async\" width=\"1024\" height=\"768\" src=\"https:\/\/tedenloesopreis.nl\/wp-content\/uploads\/2023\/12\/IMG_5794-1024x768-1.jpg\" alt=\"\" class=\"wp-image-8907\" srcset=\"https:\/\/tedenloesopreis.nl\/wp-content\/uploads\/2023\/12\/IMG_5794-1024x768-1.jpg 1024w, https:\/\/tedenloesopreis.nl\/wp-content\/uploads\/2023\/12\/IMG_5794-1024x768-1-300x225.jpg 300w, https:\/\/tedenloesopreis.nl\/wp-content\/uploads\/2023\/12\/IMG_5794-1024x768-1-768x576.jpg 768w\" sizes=\"auto, (max-width: 1024px) 100vw, 1024px\" \/><\/a><figcaption class=\"wp-element-caption\"><em>de dubbele kromming van de Storseisundbrug<\/em><\/figcaption><\/figure>\n<\/div>\n<\/div>\n\n\n\n<div class=\"wp-block-columns is-layout-flex wp-container-core-columns-is-layout-9d6595d7 wp-block-columns-is-layout-flex\">\n<div class=\"wp-block-column is-layout-flow wp-block-column-is-layout-flow\"><\/div>\n\n\n\n<div class=\"wp-block-column is-layout-flow wp-block-column-is-layout-flow\">\n<figure class=\"wp-block-image size-full\"><a href=\"https:\/\/tedenloesopreis.nl\/wp-content\/uploads\/2023\/12\/IMG_5790-1024x768-1.jpg\" target=\"_blank\" rel=\"noreferrer noopener\"><img loading=\"lazy\" decoding=\"async\" width=\"1024\" height=\"768\" src=\"https:\/\/tedenloesopreis.nl\/wp-content\/uploads\/2023\/12\/IMG_5790-1024x768-1.jpg\" alt=\"\" class=\"wp-image-8908\" srcset=\"https:\/\/tedenloesopreis.nl\/wp-content\/uploads\/2023\/12\/IMG_5790-1024x768-1.jpg 1024w, https:\/\/tedenloesopreis.nl\/wp-content\/uploads\/2023\/12\/IMG_5790-1024x768-1-300x225.jpg 300w, https:\/\/tedenloesopreis.nl\/wp-content\/uploads\/2023\/12\/IMG_5790-1024x768-1-768x576.jpg 768w\" sizes=\"auto, (max-width: 1024px) 100vw, 1024px\" \/><\/a><figcaption class=\"wp-element-caption\"><em>de Atlanterhavsveien: eilandjes en bruggetjes<\/em><\/figcaption><\/figure>\n<\/div>\n\n\n\n<div class=\"wp-block-column is-layout-flow wp-block-column-is-layout-flow\">\n<figure class=\"wp-block-image size-full\"><a href=\"https:\/\/tedenloesopreis.nl\/wp-content\/uploads\/2023\/12\/IMG_5795-1024x768-1.jpg\" target=\"_blank\" rel=\"noreferrer noopener\"><img loading=\"lazy\" decoding=\"async\" width=\"1024\" height=\"768\" src=\"https:\/\/tedenloesopreis.nl\/wp-content\/uploads\/2023\/12\/IMG_5795-1024x768-1.jpg\" alt=\"\" class=\"wp-image-8909\" srcset=\"https:\/\/tedenloesopreis.nl\/wp-content\/uploads\/2023\/12\/IMG_5795-1024x768-1.jpg 1024w, https:\/\/tedenloesopreis.nl\/wp-content\/uploads\/2023\/12\/IMG_5795-1024x768-1-300x225.jpg 300w, https:\/\/tedenloesopreis.nl\/wp-content\/uploads\/2023\/12\/IMG_5795-1024x768-1-768x576.jpg 768w\" sizes=\"auto, (max-width: 1024px) 100vw, 1024px\" \/><\/a><figcaption class=\"wp-element-caption\"><em>sommige eilandjes zijn overgeslagen<\/em><\/figcaption><\/figure>\n<\/div>\n<\/div>\n\n\n\n<div class=\"wp-block-columns is-layout-flex wp-container-core-columns-is-layout-9d6595d7 wp-block-columns-is-layout-flex\">\n<div class=\"wp-block-column is-layout-flow wp-block-column-is-layout-flow\" style=\"flex-basis:33.33%\">\n<figure class=\"wp-block-image size-full\"><a href=\"https:\/\/tedenloesopreis.nl\/wp-content\/uploads\/2023\/12\/IMG_5799-1024x768-1.jpg\" target=\"_blank\" rel=\"noreferrer noopener\"><img loading=\"lazy\" decoding=\"async\" width=\"1024\" height=\"768\" src=\"https:\/\/tedenloesopreis.nl\/wp-content\/uploads\/2023\/12\/IMG_5799-1024x768-1.jpg\" alt=\"\" class=\"wp-image-8910\" srcset=\"https:\/\/tedenloesopreis.nl\/wp-content\/uploads\/2023\/12\/IMG_5799-1024x768-1.jpg 1024w, https:\/\/tedenloesopreis.nl\/wp-content\/uploads\/2023\/12\/IMG_5799-1024x768-1-300x225.jpg 300w, https:\/\/tedenloesopreis.nl\/wp-content\/uploads\/2023\/12\/IMG_5799-1024x768-1-768x576.jpg 768w\" sizes=\"auto, (max-width: 1024px) 100vw, 1024px\" \/><\/a><figcaption class=\"wp-element-caption\"><em>de camping in Molde<\/em><\/figcaption><\/figure>\n<\/div>\n\n\n\n<div class=\"wp-block-column is-layout-flow wp-block-column-is-layout-flow\" style=\"flex-basis:66.66%\">\n<p>Aan het einde van de \u201c64\u201d ligt Molde, naar Noorse begrippen met 26.000 inwoners een betrekkelijk grote stad. Hier staan we op de&nbsp;<a href=\"https:\/\/www.campercontact.com\/nl\/noorwegen\/mre-og-romsdal\/molde\/47388\/kviltorp-camping\" target=\"_blank\" rel=\"noreferrer noopener\">camping<\/a>, precies in het verlengde van de startbaan van het vliegveld van Molde, We hebben al een paar betrekkelijk stevige jongens zien overkomen.<\/p>\n<\/div>\n<\/div>\n\n\n\n<div style=\"height:35px\" aria-hidden=\"true\" class=\"wp-block-spacer\"><\/div>\n\n\n\n<div class=\"wp-block-columns is-layout-flex wp-container-core-columns-is-layout-9d6595d7 wp-block-columns-is-layout-flex\">\n<div class=\"wp-block-column is-layout-flow wp-block-column-is-layout-flow\">\n<p class=\"has-orange-background-color has-background\" id=\"dag38\"><\/p>\n<\/div>\n<\/div>\n\n\n\n<div class=\"wp-block-columns is-layout-flex wp-container-core-columns-is-layout-9d6595d7 wp-block-columns-is-layout-flex\">\n<div class=\"wp-block-column is-layout-flow wp-block-column-is-layout-flow\" style=\"flex-basis:33.33%\">\n<p class=\"has-small-font-size\"><a href=\"#titel\">top<\/a><\/p>\n<\/div>\n\n\n\n<div class=\"wp-block-column is-layout-flow wp-block-column-is-layout-flow\" style=\"flex-basis:66.66%\">\n<p><strong>GROTE FJORDEN<\/strong><br>dag 38 &nbsp; &nbsp; &nbsp;&nbsp;ma 09 juli 2018<br><a href=\"https:\/\/www.google.com\/maps\/d\/viewer?mid=1UeFkhiNG9F9GYVn1UiRSBqaOEgDsLOSP&amp;ll=62.237997787861225%2C6.447389909667902&amp;z=9\" target=\"_blank\" rel=\"noreferrer noopener\">Molde \u2013 Byrkjelo<\/a>&nbsp;&nbsp; &nbsp; &nbsp;205 km<\/p>\n<\/div>\n<\/div>\n\n\n\n<div style=\"height:20px\" aria-hidden=\"true\" class=\"wp-block-spacer\"><\/div>\n\n\n\n<div class=\"wp-block-columns is-layout-flex wp-container-core-columns-is-layout-9d6595d7 wp-block-columns-is-layout-flex\">\n<div class=\"wp-block-column is-layout-flow wp-block-column-is-layout-flow\" style=\"flex-basis:33.33%\">\n<figure class=\"wp-block-image size-full\"><a href=\"https:\/\/tedenloesopreis.nl\/wp-content\/uploads\/2023\/12\/IMG_5806-1024x768-1.jpg\" target=\"_blank\" rel=\"noreferrer noopener\"><img loading=\"lazy\" decoding=\"async\" width=\"1024\" height=\"768\" src=\"https:\/\/tedenloesopreis.nl\/wp-content\/uploads\/2023\/12\/IMG_5806-1024x768-1.jpg\" alt=\"\" class=\"wp-image-8914\" srcset=\"https:\/\/tedenloesopreis.nl\/wp-content\/uploads\/2023\/12\/IMG_5806-1024x768-1.jpg 1024w, https:\/\/tedenloesopreis.nl\/wp-content\/uploads\/2023\/12\/IMG_5806-1024x768-1-300x225.jpg 300w, https:\/\/tedenloesopreis.nl\/wp-content\/uploads\/2023\/12\/IMG_5806-1024x768-1-768x576.jpg 768w\" sizes=\"auto, (max-width: 1024px) 100vw, 1024px\" \/><\/a><figcaption class=\"wp-element-caption\"><em>het Storfjord<\/em><\/figcaption><\/figure>\n<\/div>\n\n\n\n<div class=\"wp-block-column is-layout-flow wp-block-column-is-layout-flow\" style=\"flex-basis:66.66%\">\n<p>We steken vanochtend met de veerboot over van Molde naar Vestnes. Vandaar volgen we nog een klein stukje E39, richting \u00c5lesund.&nbsp;<\/p>\n\n\n\n<p id=\"geirangerfjord\">We rijden maar een klein stukje over de E39, want andere wegen leiden langs veel interessantere plekken. Daarom slaan we in Sj\u00f8holt af, de \u201c650\u201d op, langs het Storfjord, tot aan Liabygda. Daar nemen we de veerboot naar Stranda.<br><br>Vanaf Stranda volgen we de \u201c60\u201d. Een aantal kilometers voor Hellesylt hebben we, net tussen twee tunnels in, een prachtig uitzicht op het begin van het Geirangerfjord. Dat is een zijtak van het Sunnylvsfjord, die op zijn beurt weer een zijtak is van het Storfjord. We zitten er juist te picknicken, als er een Hurtigruten komt aanvaren, onderweg naar Geiranger. Uiteraard hebben we daar foto\u2019s van gemaakt.<\/p>\n<\/div>\n<\/div>\n\n\n\n<div class=\"wp-block-columns is-layout-flex wp-container-core-columns-is-layout-9d6595d7 wp-block-columns-is-layout-flex\">\n<div class=\"wp-block-column is-layout-flow wp-block-column-is-layout-flow\"><\/div>\n\n\n\n<div class=\"wp-block-column is-layout-flow wp-block-column-is-layout-flow\">\n<figure class=\"wp-block-image size-full\"><a href=\"https:\/\/tedenloesopreis.nl\/wp-content\/uploads\/2023\/12\/IMG_5816-1024x768-1.jpg\" target=\"_blank\" rel=\"noreferrer noopener\"><img loading=\"lazy\" decoding=\"async\" width=\"1024\" height=\"768\" src=\"https:\/\/tedenloesopreis.nl\/wp-content\/uploads\/2023\/12\/IMG_5816-1024x768-1.jpg\" alt=\"\" class=\"wp-image-8916\" srcset=\"https:\/\/tedenloesopreis.nl\/wp-content\/uploads\/2023\/12\/IMG_5816-1024x768-1.jpg 1024w, https:\/\/tedenloesopreis.nl\/wp-content\/uploads\/2023\/12\/IMG_5816-1024x768-1-300x225.jpg 300w, https:\/\/tedenloesopreis.nl\/wp-content\/uploads\/2023\/12\/IMG_5816-1024x768-1-768x576.jpg 768w\" sizes=\"auto, (max-width: 1024px) 100vw, 1024px\" \/><\/a><figcaption class=\"wp-element-caption\"><em>daar komt een Hurtigruten<\/em><\/figcaption><\/figure>\n<\/div>\n\n\n\n<div class=\"wp-block-column is-layout-flow wp-block-column-is-layout-flow\">\n<figure class=\"wp-block-image size-full\"><a href=\"https:\/\/tedenloesopreis.nl\/wp-content\/uploads\/2023\/12\/IMG_5825-1024x768-1.jpg\" target=\"_blank\" rel=\"noreferrer noopener\"><img loading=\"lazy\" decoding=\"async\" width=\"1024\" height=\"768\" src=\"https:\/\/tedenloesopreis.nl\/wp-content\/uploads\/2023\/12\/IMG_5825-1024x768-1.jpg\" alt=\"\" class=\"wp-image-8917\" srcset=\"https:\/\/tedenloesopreis.nl\/wp-content\/uploads\/2023\/12\/IMG_5825-1024x768-1.jpg 1024w, https:\/\/tedenloesopreis.nl\/wp-content\/uploads\/2023\/12\/IMG_5825-1024x768-1-300x225.jpg 300w, https:\/\/tedenloesopreis.nl\/wp-content\/uploads\/2023\/12\/IMG_5825-1024x768-1-768x576.jpg 768w\" sizes=\"auto, (max-width: 1024px) 100vw, 1024px\" \/><\/a><figcaption class=\"wp-element-caption\"><em>Hurtigruten aan het begin van het Geirangerfjord<\/em><\/figcaption><\/figure>\n<\/div>\n<\/div>\n\n\n\n<div class=\"wp-block-columns is-layout-flex wp-container-core-columns-is-layout-9d6595d7 wp-block-columns-is-layout-flex\">\n<div class=\"wp-block-column is-layout-flow wp-block-column-is-layout-flow\" style=\"flex-basis:33.33%\"><\/div>\n\n\n\n<div class=\"wp-block-column is-layout-flow wp-block-column-is-layout-flow\" style=\"flex-basis:66.66%\">\n<p>In de buurt van Grod\u00e5s komen de \u201c60\u201d en de E39 samen. We gaan daar richting Stryn. Even verderop gaat de E39 richting Nordfjordeid, en gaat de \u201c60\u201d, nu samen met de \u201c15\u201d, verder richting Stryn. In Stryn gaan deze wegen weer uit elkaar. Wij blijven op de \u201c60\u201d, richting Loen, Olden en Byrkjelo, langs het Innvikfjord.&nbsp;<\/p>\n\n\n\n<p>Vorig jaar wilden we ook van Stryn naar Byrkjelo, maar toen werden we in Olden tegengehouden (na een bezoek aan de Briksdalbre), want verder op de \u201c60\u201d was een brug weggespoeld. Nu mogen we in Olden gewoon doorrijden, en in Utvik komen we een smalle noodbrug tegen.&nbsp;<\/p>\n\n\n\n<p id=\"utvikfjell\">Achter Utvik gaat de weg omhoog naar het Utvikfjell. Tijdens de klim hebben we regelmatig een prachtig uitzicht op het fjord beneden ons.<\/p>\n<\/div>\n<\/div>\n\n\n\n<div class=\"wp-block-columns is-layout-flex wp-container-core-columns-is-layout-9d6595d7 wp-block-columns-is-layout-flex\">\n<div class=\"wp-block-column is-layout-flow wp-block-column-is-layout-flow\"><\/div>\n\n\n\n<div class=\"wp-block-column is-layout-flow wp-block-column-is-layout-flow\">\n<figure class=\"wp-block-image size-full\"><a href=\"https:\/\/tedenloesopreis.nl\/wp-content\/uploads\/2023\/12\/IMG_5827-1024x768-1.jpg\" target=\"_blank\" rel=\"noreferrer noopener\"><img loading=\"lazy\" decoding=\"async\" width=\"1024\" height=\"768\" src=\"https:\/\/tedenloesopreis.nl\/wp-content\/uploads\/2023\/12\/IMG_5827-1024x768-1.jpg\" alt=\"\" class=\"wp-image-8919\" srcset=\"https:\/\/tedenloesopreis.nl\/wp-content\/uploads\/2023\/12\/IMG_5827-1024x768-1.jpg 1024w, https:\/\/tedenloesopreis.nl\/wp-content\/uploads\/2023\/12\/IMG_5827-1024x768-1-300x225.jpg 300w, https:\/\/tedenloesopreis.nl\/wp-content\/uploads\/2023\/12\/IMG_5827-1024x768-1-768x576.jpg 768w\" sizes=\"auto, (max-width: 1024px) 100vw, 1024px\" \/><\/a><figcaption class=\"wp-element-caption\"><em>het Innvikfjord bij Loen<\/em><\/figcaption><\/figure>\n<\/div>\n\n\n\n<div class=\"wp-block-column is-layout-flow wp-block-column-is-layout-flow\">\n<figure class=\"wp-block-image size-full\"><a href=\"https:\/\/tedenloesopreis.nl\/wp-content\/uploads\/2023\/12\/IMG_5832-1024x768-1.jpg\" target=\"_blank\" rel=\"noreferrer noopener\"><img loading=\"lazy\" decoding=\"async\" width=\"1024\" height=\"768\" src=\"https:\/\/tedenloesopreis.nl\/wp-content\/uploads\/2023\/12\/IMG_5832-1024x768-1.jpg\" alt=\"\" class=\"wp-image-8920\" srcset=\"https:\/\/tedenloesopreis.nl\/wp-content\/uploads\/2023\/12\/IMG_5832-1024x768-1.jpg 1024w, https:\/\/tedenloesopreis.nl\/wp-content\/uploads\/2023\/12\/IMG_5832-1024x768-1-300x225.jpg 300w, https:\/\/tedenloesopreis.nl\/wp-content\/uploads\/2023\/12\/IMG_5832-1024x768-1-768x576.jpg 768w\" sizes=\"auto, (max-width: 1024px) 100vw, 1024px\" \/><\/a><figcaption class=\"wp-element-caption\"><em>het Innvikfjord vanaf de Utvikfjell<\/em><\/figcaption><\/figure>\n<\/div>\n<\/div>\n\n\n\n<div class=\"wp-block-columns is-layout-flex wp-container-core-columns-is-layout-9d6595d7 wp-block-columns-is-layout-flex\">\n<div class=\"wp-block-column is-layout-flow wp-block-column-is-layout-flow\" style=\"flex-basis:33.33%\">\n<figure class=\"wp-block-image size-full\"><a href=\"https:\/\/tedenloesopreis.nl\/wp-content\/uploads\/2023\/12\/IMG_5835-1024x768-1.jpg\" target=\"_blank\" rel=\"noreferrer noopener\"><img loading=\"lazy\" decoding=\"async\" width=\"1024\" height=\"768\" src=\"https:\/\/tedenloesopreis.nl\/wp-content\/uploads\/2023\/12\/IMG_5835-1024x768-1.jpg\" alt=\"\" class=\"wp-image-8921\" srcset=\"https:\/\/tedenloesopreis.nl\/wp-content\/uploads\/2023\/12\/IMG_5835-1024x768-1.jpg 1024w, https:\/\/tedenloesopreis.nl\/wp-content\/uploads\/2023\/12\/IMG_5835-1024x768-1-300x225.jpg 300w, https:\/\/tedenloesopreis.nl\/wp-content\/uploads\/2023\/12\/IMG_5835-1024x768-1-768x576.jpg 768w\" sizes=\"auto, (max-width: 1024px) 100vw, 1024px\" \/><\/a><figcaption class=\"wp-element-caption\"><em>op de camping in Byrkjelo<\/em><\/figcaption><\/figure>\n<\/div>\n\n\n\n<div class=\"wp-block-column is-layout-flow wp-block-column-is-layout-flow\" style=\"flex-basis:66.66%\">\n<p>We stoppen op de&nbsp;<a href=\"https:\/\/www.campercontact.com\/nl\/noorwegen\/vestland\/byrkjelo\/55044\/byrkjelo-camping\" target=\"_blank\" rel=\"noreferrer noopener\">camping in Byrkjelo<\/a>. Morgen houden we daar een rustdag.<\/p>\n<\/div>\n<\/div>\n\n\n\n<div style=\"height:35px\" aria-hidden=\"true\" class=\"wp-block-spacer\"><\/div>\n\n\n\n<div class=\"wp-block-columns is-layout-flex wp-container-core-columns-is-layout-9d6595d7 wp-block-columns-is-layout-flex\">\n<div class=\"wp-block-column is-layout-flow wp-block-column-is-layout-flow\">\n<p class=\"has-orange-background-color has-background\" id=\"dag39\"><\/p>\n<\/div>\n<\/div>\n\n\n\n<div class=\"wp-block-columns is-layout-flex wp-container-core-columns-is-layout-9d6595d7 wp-block-columns-is-layout-flex\">\n<div class=\"wp-block-column is-layout-flow wp-block-column-is-layout-flow\" style=\"flex-basis:33.33%\">\n<p class=\"has-small-font-size\"><a href=\"#titel\">top<\/a><\/p>\n<\/div>\n\n\n\n<div class=\"wp-block-column is-layout-flow wp-block-column-is-layout-flow\" style=\"flex-basis:66.66%\">\n<p><strong>RUSTDAG BJYRKELO<\/strong><br>dag 39 &nbsp; &nbsp; &nbsp;di 10 juli 2018<br>rustdag Byrkjelo &nbsp; &nbsp; &nbsp;&nbsp;0 km<\/p>\n<\/div>\n<\/div>\n\n\n\n<div style=\"height:20px\" aria-hidden=\"true\" class=\"wp-block-spacer\"><\/div>\n\n\n\n<div class=\"wp-block-columns is-layout-flex wp-container-core-columns-is-layout-9d6595d7 wp-block-columns-is-layout-flex\">\n<div class=\"wp-block-column is-layout-flow wp-block-column-is-layout-flow\" style=\"flex-basis:33.33%\">\n<figure class=\"wp-block-image size-full\"><a href=\"https:\/\/tedenloesopreis.nl\/wp-content\/uploads\/2023\/12\/IMG_5842-1024x768-1.jpg\" target=\"_blank\" rel=\"noreferrer noopener\"><img loading=\"lazy\" decoding=\"async\" width=\"1024\" height=\"768\" src=\"https:\/\/tedenloesopreis.nl\/wp-content\/uploads\/2023\/12\/IMG_5842-1024x768-1.jpg\" alt=\"\" class=\"wp-image-8923\" srcset=\"https:\/\/tedenloesopreis.nl\/wp-content\/uploads\/2023\/12\/IMG_5842-1024x768-1.jpg 1024w, https:\/\/tedenloesopreis.nl\/wp-content\/uploads\/2023\/12\/IMG_5842-1024x768-1-300x225.jpg 300w, https:\/\/tedenloesopreis.nl\/wp-content\/uploads\/2023\/12\/IMG_5842-1024x768-1-768x576.jpg 768w\" sizes=\"auto, (max-width: 1024px) 100vw, 1024px\" \/><\/a><figcaption class=\"wp-element-caption\"><em>luieren in de schaduw<\/em><\/figcaption><\/figure>\n<\/div>\n\n\n\n<div class=\"wp-block-column is-layout-flow wp-block-column-is-layout-flow\" style=\"flex-basis:66.66%\">\n<p>We hebben vandaag een prettige rustdag. Schaduw zoeken is de belangrijkste activiteit. We&nbsp;zijn er getuige van, dat Belgi\u00eb verliest van Frankrijk. Verder is er echt niets gebeurd.<\/p>\n<\/div>\n<\/div>\n\n\n\n<div style=\"height:36px\" aria-hidden=\"true\" class=\"wp-block-spacer\"><\/div>\n\n\n\n<div class=\"wp-block-columns is-layout-flex wp-container-core-columns-is-layout-9d6595d7 wp-block-columns-is-layout-flex\">\n<div class=\"wp-block-column is-layout-flow wp-block-column-is-layout-flow\">\n<p class=\"has-orange-background-color has-background\" id=\"dag40\"><\/p>\n<\/div>\n<\/div>\n\n\n\n<div class=\"wp-block-columns is-layout-flex wp-container-core-columns-is-layout-9d6595d7 wp-block-columns-is-layout-flex\">\n<div class=\"wp-block-column is-layout-flow wp-block-column-is-layout-flow\" style=\"flex-basis:33.33%\">\n<p class=\"has-small-font-size\"><a href=\"#titel\">top<\/a><\/p>\n<\/div>\n\n\n\n<div class=\"wp-block-column is-layout-flow wp-block-column-is-layout-flow\" style=\"flex-basis:66.66%\">\n<p><strong>DANSJE OP DE VEERBOOT<\/strong><br>dag 40 &nbsp; &nbsp;&nbsp; &nbsp;wo 11 juli 2018<br><a href=\"https:\/\/www.google.com\/maps\/d\/viewer?mid=15nysOafWDh4J-xX_C2rLdKrVwJcuaaJ7&amp;ll=61.02826087605596%2C6.047016142578041&amp;z=8\" target=\"_blank\" rel=\"noreferrer noopener\">Byrkjelo \u2013 Kinsarvik<\/a>&nbsp;&nbsp; &nbsp; &nbsp;&nbsp;263 km<\/p>\n<\/div>\n<\/div>\n\n\n\n<div style=\"height:20px\" aria-hidden=\"true\" class=\"wp-block-spacer\"><\/div>\n\n\n\n<div class=\"wp-block-columns is-layout-flex wp-container-core-columns-is-layout-9d6595d7 wp-block-columns-is-layout-flex\">\n<div class=\"wp-block-column is-layout-flow wp-block-column-is-layout-flow\" style=\"flex-basis:33.33%\"><\/div>\n\n\n\n<div class=\"wp-block-column is-layout-flow wp-block-column-is-layout-flow\" style=\"flex-basis:66.66%\">\n<p>We gaan vandaag eerst via de E39 richting Bergen.&nbsp;<\/p>\n<\/div>\n<\/div>\n\n\n\n<div class=\"wp-block-columns is-layout-flex wp-container-core-columns-is-layout-9d6595d7 wp-block-columns-is-layout-flex\">\n<div class=\"wp-block-column is-layout-flow wp-block-column-is-layout-flow\"><\/div>\n\n\n\n<div class=\"wp-block-column is-layout-flow wp-block-column-is-layout-flow\">\n<figure class=\"wp-block-image size-full\"><a href=\"https:\/\/tedenloesopreis.nl\/wp-content\/uploads\/2023\/12\/IMG_5847-1024x768-1.jpg\" target=\"_blank\" rel=\"noreferrer noopener\"><img loading=\"lazy\" decoding=\"async\" width=\"1024\" height=\"768\" src=\"https:\/\/tedenloesopreis.nl\/wp-content\/uploads\/2023\/12\/IMG_5847-1024x768-1.jpg\" alt=\"\" class=\"wp-image-8926\" srcset=\"https:\/\/tedenloesopreis.nl\/wp-content\/uploads\/2023\/12\/IMG_5847-1024x768-1.jpg 1024w, https:\/\/tedenloesopreis.nl\/wp-content\/uploads\/2023\/12\/IMG_5847-1024x768-1-300x225.jpg 300w, https:\/\/tedenloesopreis.nl\/wp-content\/uploads\/2023\/12\/IMG_5847-1024x768-1-768x576.jpg 768w\" sizes=\"auto, (max-width: 1024px) 100vw, 1024px\" \/><\/a><figcaption class=\"wp-element-caption\"><em>de E39 tussen Byrkjelo en Skei<\/em><\/figcaption><\/figure>\n<\/div>\n\n\n\n<div class=\"wp-block-column is-layout-flow wp-block-column-is-layout-flow\">\n<figure class=\"wp-block-image size-full\"><a href=\"https:\/\/tedenloesopreis.nl\/wp-content\/uploads\/2023\/12\/IMG_5847-1024x768-2.jpg\" target=\"_blank\" rel=\"noreferrer noopener\"><img loading=\"lazy\" decoding=\"async\" width=\"1024\" height=\"768\" src=\"https:\/\/tedenloesopreis.nl\/wp-content\/uploads\/2023\/12\/IMG_5847-1024x768-2.jpg\" alt=\"\" class=\"wp-image-8927\" srcset=\"https:\/\/tedenloesopreis.nl\/wp-content\/uploads\/2023\/12\/IMG_5847-1024x768-2.jpg 1024w, https:\/\/tedenloesopreis.nl\/wp-content\/uploads\/2023\/12\/IMG_5847-1024x768-2-300x225.jpg 300w, https:\/\/tedenloesopreis.nl\/wp-content\/uploads\/2023\/12\/IMG_5847-1024x768-2-768x576.jpg 768w\" sizes=\"auto, (max-width: 1024px) 100vw, 1024px\" \/><\/a><figcaption class=\"wp-element-caption\"><em>de E39 tussen Byrkjelo en Skei<\/em><\/figcaption><\/figure>\n<\/div>\n<\/div>\n\n\n\n<div class=\"wp-block-columns is-layout-flex wp-container-core-columns-is-layout-9d6595d7 wp-block-columns-is-layout-flex\">\n<div class=\"wp-block-column is-layout-flow wp-block-column-is-layout-flow\" style=\"flex-basis:33.33%\"><\/div>\n\n\n\n<div class=\"wp-block-column is-layout-flow wp-block-column-is-layout-flow\" style=\"flex-basis:66.66%\">\n<p id=\"fv13\">Even voor F\u00f8rde rijden we de \u201c13\u201d op. Die verlaten we vandaag niet meer. De \u201c13\u201d gaat eerst over de Gaularfjellet. Het is&nbsp;een van de Nationale Toeristenwegen, en terecht. Een prachtige klim, een prachtige hoogvlakte en een prachtige afdaling.&nbsp;<\/p>\n<\/div>\n<\/div>\n\n\n\n<div class=\"wp-block-columns is-layout-flex wp-container-core-columns-is-layout-9d6595d7 wp-block-columns-is-layout-flex\">\n<div class=\"wp-block-column is-layout-flow wp-block-column-is-layout-flow\"><\/div>\n\n\n\n<div class=\"wp-block-column is-layout-flow wp-block-column-is-layout-flow\">\n<figure class=\"wp-block-image size-full\"><a href=\"https:\/\/tedenloesopreis.nl\/wp-content\/uploads\/2023\/12\/IMG_5857-1024x768-1.jpg\" target=\"_blank\" rel=\"noreferrer noopener\"><img loading=\"lazy\" decoding=\"async\" width=\"1024\" height=\"768\" src=\"https:\/\/tedenloesopreis.nl\/wp-content\/uploads\/2023\/12\/IMG_5857-1024x768-1.jpg\" alt=\"\" class=\"wp-image-8928\" srcset=\"https:\/\/tedenloesopreis.nl\/wp-content\/uploads\/2023\/12\/IMG_5857-1024x768-1.jpg 1024w, https:\/\/tedenloesopreis.nl\/wp-content\/uploads\/2023\/12\/IMG_5857-1024x768-1-300x225.jpg 300w, https:\/\/tedenloesopreis.nl\/wp-content\/uploads\/2023\/12\/IMG_5857-1024x768-1-768x576.jpg 768w\" sizes=\"auto, (max-width: 1024px) 100vw, 1024px\" \/><\/a><figcaption class=\"wp-element-caption\"><em>Gaularfjellet<\/em><\/figcaption><\/figure>\n<\/div>\n\n\n\n<div class=\"wp-block-column is-layout-flow wp-block-column-is-layout-flow\">\n<figure class=\"wp-block-image size-full\"><a href=\"https:\/\/tedenloesopreis.nl\/wp-content\/uploads\/2023\/12\/IMG_5858-1024x768-1.jpg\" target=\"_blank\" rel=\"noreferrer noopener\"><img loading=\"lazy\" decoding=\"async\" width=\"1024\" height=\"768\" src=\"https:\/\/tedenloesopreis.nl\/wp-content\/uploads\/2023\/12\/IMG_5858-1024x768-1.jpg\" alt=\"\" class=\"wp-image-8929\" srcset=\"https:\/\/tedenloesopreis.nl\/wp-content\/uploads\/2023\/12\/IMG_5858-1024x768-1.jpg 1024w, https:\/\/tedenloesopreis.nl\/wp-content\/uploads\/2023\/12\/IMG_5858-1024x768-1-300x225.jpg 300w, https:\/\/tedenloesopreis.nl\/wp-content\/uploads\/2023\/12\/IMG_5858-1024x768-1-768x576.jpg 768w\" sizes=\"auto, (max-width: 1024px) 100vw, 1024px\" \/><\/a><figcaption class=\"wp-element-caption\"><em>Gaularfjellet<\/em><\/figcaption><\/figure>\n<\/div>\n<\/div>\n\n\n\n<div class=\"wp-block-columns is-layout-flex wp-container-core-columns-is-layout-9d6595d7 wp-block-columns-is-layout-flex\">\n<div class=\"wp-block-column is-layout-flow wp-block-column-is-layout-flow\"><\/div>\n\n\n\n<div class=\"wp-block-column is-layout-flow wp-block-column-is-layout-flow\">\n<figure class=\"wp-block-image size-full\"><a href=\"https:\/\/tedenloesopreis.nl\/wp-content\/uploads\/2023\/12\/IMG_5864-1024x768-1.jpg\" target=\"_blank\" rel=\"noreferrer noopener\"><img loading=\"lazy\" decoding=\"async\" width=\"1024\" height=\"768\" src=\"https:\/\/tedenloesopreis.nl\/wp-content\/uploads\/2023\/12\/IMG_5864-1024x768-1.jpg\" alt=\"\" class=\"wp-image-8930\" srcset=\"https:\/\/tedenloesopreis.nl\/wp-content\/uploads\/2023\/12\/IMG_5864-1024x768-1.jpg 1024w, https:\/\/tedenloesopreis.nl\/wp-content\/uploads\/2023\/12\/IMG_5864-1024x768-1-300x225.jpg 300w, https:\/\/tedenloesopreis.nl\/wp-content\/uploads\/2023\/12\/IMG_5864-1024x768-1-768x576.jpg 768w\" sizes=\"auto, (max-width: 1024px) 100vw, 1024px\" \/><\/a><figcaption class=\"wp-element-caption\"><em>uitzichtpunt op de \u201913\u2019<\/em><\/figcaption><\/figure>\n<\/div>\n\n\n\n<div class=\"wp-block-column is-layout-flow wp-block-column-is-layout-flow\">\n<figure class=\"wp-block-image size-full\"><a href=\"https:\/\/tedenloesopreis.nl\/wp-content\/uploads\/2023\/12\/IMG_5860-1024x768-1.jpg\" target=\"_blank\" rel=\"noreferrer noopener\"><img loading=\"lazy\" decoding=\"async\" width=\"1024\" height=\"768\" src=\"https:\/\/tedenloesopreis.nl\/wp-content\/uploads\/2023\/12\/IMG_5860-1024x768-1.jpg\" alt=\"\" class=\"wp-image-8931\" srcset=\"https:\/\/tedenloesopreis.nl\/wp-content\/uploads\/2023\/12\/IMG_5860-1024x768-1.jpg 1024w, https:\/\/tedenloesopreis.nl\/wp-content\/uploads\/2023\/12\/IMG_5860-1024x768-1-300x225.jpg 300w, https:\/\/tedenloesopreis.nl\/wp-content\/uploads\/2023\/12\/IMG_5860-1024x768-1-768x576.jpg 768w\" sizes=\"auto, (max-width: 1024px) 100vw, 1024px\" \/><\/a><figcaption class=\"wp-element-caption\"><em>het uitzicht<\/em><\/figcaption><\/figure>\n<\/div>\n<\/div>\n\n\n\n<div class=\"wp-block-columns is-layout-flex wp-container-core-columns-is-layout-9d6595d7 wp-block-columns-is-layout-flex\">\n<div class=\"wp-block-column is-layout-flow wp-block-column-is-layout-flow\" style=\"flex-basis:33.33%\">\n<figure class=\"wp-block-image size-full\"><a href=\"https:\/\/tedenloesopreis.nl\/wp-content\/uploads\/2023\/12\/IMG_5874-1024x768-1.jpg\" target=\"_blank\" rel=\"noreferrer noopener\"><img loading=\"lazy\" decoding=\"async\" width=\"1024\" height=\"768\" src=\"https:\/\/tedenloesopreis.nl\/wp-content\/uploads\/2023\/12\/IMG_5874-1024x768-1.jpg\" alt=\"\" class=\"wp-image-8932\" srcset=\"https:\/\/tedenloesopreis.nl\/wp-content\/uploads\/2023\/12\/IMG_5874-1024x768-1.jpg 1024w, https:\/\/tedenloesopreis.nl\/wp-content\/uploads\/2023\/12\/IMG_5874-1024x768-1-300x225.jpg 300w, https:\/\/tedenloesopreis.nl\/wp-content\/uploads\/2023\/12\/IMG_5874-1024x768-1-768x576.jpg 768w\" sizes=\"auto, (max-width: 1024px) 100vw, 1024px\" \/><\/a><figcaption class=\"wp-element-caption\"><em>picknick aan het Sognefjord<\/em><\/figcaption><\/figure>\n<\/div>\n\n\n\n<div class=\"wp-block-column is-layout-flow wp-block-column-is-layout-flow\" style=\"flex-basis:66.66%\">\n<p>Aan het einde van de Gaularfjellet komen we aan het Sognefjord, waar we stoppen voor een picknick.&nbsp;<\/p>\n<\/div>\n<\/div>\n\n\n\n<div class=\"wp-block-columns is-layout-flex wp-container-core-columns-is-layout-9d6595d7 wp-block-columns-is-layout-flex\">\n<div class=\"wp-block-column is-layout-flow wp-block-column-is-layout-flow\" style=\"flex-basis:33.33%\">\n<figure class=\"wp-block-image size-full\"><a href=\"https:\/\/tedenloesopreis.nl\/wp-content\/uploads\/2023\/12\/IMG_5879-1024x768-1.jpg\" target=\"_blank\" rel=\"noreferrer noopener\"><img loading=\"lazy\" decoding=\"async\" width=\"1024\" height=\"768\" src=\"https:\/\/tedenloesopreis.nl\/wp-content\/uploads\/2023\/12\/IMG_5879-1024x768-1.jpg\" alt=\"\" class=\"wp-image-8933\" srcset=\"https:\/\/tedenloesopreis.nl\/wp-content\/uploads\/2023\/12\/IMG_5879-1024x768-1.jpg 1024w, https:\/\/tedenloesopreis.nl\/wp-content\/uploads\/2023\/12\/IMG_5879-1024x768-1-300x225.jpg 300w, https:\/\/tedenloesopreis.nl\/wp-content\/uploads\/2023\/12\/IMG_5879-1024x768-1-768x576.jpg 768w\" sizes=\"auto, (max-width: 1024px) 100vw, 1024px\" \/><\/a><figcaption class=\"wp-element-caption\"><em>richting Vangsnes<\/em><\/figcaption><\/figure>\n<\/div>\n\n\n\n<div class=\"wp-block-column is-layout-flow wp-block-column-is-layout-flow\" style=\"flex-basis:66.66%\">\n<p>We rijden verder naar Dragsvik en nemen daar de ferry naar Vangsnes. Die gaat via Hella. Daar moeten we van boord rijden, omkeren en weer aan boord gaan (anders staan we in Vangsnes achterstevoren).<\/p>\n<\/div>\n<\/div>\n\n\n\n<div class=\"wp-block-columns is-layout-flex wp-container-core-columns-is-layout-9d6595d7 wp-block-columns-is-layout-flex\">\n<div class=\"wp-block-column is-layout-flow wp-block-column-is-layout-flow\" style=\"flex-basis:33.33%\"><\/div>\n\n\n\n<div class=\"wp-block-column is-layout-flow wp-block-column-is-layout-flow\" style=\"flex-basis:66.66%\">\n<p>Na Vangsnes klimmen we tegen de Vikafjellet op. Iets minder spectaculair dan de Gaularfjellet, maar toch zeer de moeite waard. &nbsp;<\/p>\n<\/div>\n<\/div>\n\n\n\n<div class=\"wp-block-columns is-layout-flex wp-container-core-columns-is-layout-9d6595d7 wp-block-columns-is-layout-flex\">\n<div class=\"wp-block-column is-layout-flow wp-block-column-is-layout-flow\"><\/div>\n\n\n\n<div class=\"wp-block-column is-layout-flow wp-block-column-is-layout-flow\">\n<figure class=\"wp-block-image size-full\"><a href=\"https:\/\/tedenloesopreis.nl\/wp-content\/uploads\/2023\/12\/IMG_5883-1024x768-1.jpg\" target=\"_blank\" rel=\"noreferrer noopener\"><img loading=\"lazy\" decoding=\"async\" width=\"1024\" height=\"768\" src=\"https:\/\/tedenloesopreis.nl\/wp-content\/uploads\/2023\/12\/IMG_5883-1024x768-1.jpg\" alt=\"\" class=\"wp-image-8934\" srcset=\"https:\/\/tedenloesopreis.nl\/wp-content\/uploads\/2023\/12\/IMG_5883-1024x768-1.jpg 1024w, https:\/\/tedenloesopreis.nl\/wp-content\/uploads\/2023\/12\/IMG_5883-1024x768-1-300x225.jpg 300w, https:\/\/tedenloesopreis.nl\/wp-content\/uploads\/2023\/12\/IMG_5883-1024x768-1-768x576.jpg 768w\" sizes=\"auto, (max-width: 1024px) 100vw, 1024px\" \/><\/a><figcaption class=\"wp-element-caption\"><em>Vikafjellet<\/em><\/figcaption><\/figure>\n<\/div>\n\n\n\n<div class=\"wp-block-column is-layout-flow wp-block-column-is-layout-flow\">\n<figure class=\"wp-block-image size-full\"><a href=\"https:\/\/tedenloesopreis.nl\/wp-content\/uploads\/2023\/12\/IMG_5892-1024x768-1.jpg\" target=\"_blank\" rel=\"noreferrer noopener\"><img loading=\"lazy\" decoding=\"async\" width=\"1024\" height=\"768\" src=\"https:\/\/tedenloesopreis.nl\/wp-content\/uploads\/2023\/12\/IMG_5892-1024x768-1.jpg\" alt=\"\" class=\"wp-image-8935\" srcset=\"https:\/\/tedenloesopreis.nl\/wp-content\/uploads\/2023\/12\/IMG_5892-1024x768-1.jpg 1024w, https:\/\/tedenloesopreis.nl\/wp-content\/uploads\/2023\/12\/IMG_5892-1024x768-1-300x225.jpg 300w, https:\/\/tedenloesopreis.nl\/wp-content\/uploads\/2023\/12\/IMG_5892-1024x768-1-768x576.jpg 768w\" sizes=\"auto, (max-width: 1024px) 100vw, 1024px\" \/><\/a><figcaption class=\"wp-element-caption\"><em>Vikafjellet<\/em><\/figcaption><\/figure>\n<\/div>\n<\/div>\n\n\n\n<div class=\"wp-block-columns is-layout-flex wp-container-core-columns-is-layout-9d6595d7 wp-block-columns-is-layout-flex\">\n<div class=\"wp-block-column is-layout-flow wp-block-column-is-layout-flow\" style=\"flex-basis:33.33%\"><\/div>\n\n\n\n<div class=\"wp-block-column is-layout-flow wp-block-column-is-layout-flow\" style=\"flex-basis:66.66%\">\n<p>Weer beneden, rijden we via Voss naar de Hardangerbrug (hier waren we vorig jaar ook al). Bijzonder, want de brug ligt z\u00f3 laag, dat je via een tunnel tot op brugniveau moet zakken, en vervolgens via een tunnel weer naar boven moet rijden (een hoger liggende brug zou veel langer en daarmee veel duurder zijn).<\/p>\n<\/div>\n<\/div>\n\n\n\n<div class=\"wp-block-columns is-layout-flex wp-container-core-columns-is-layout-9d6595d7 wp-block-columns-is-layout-flex\">\n<div class=\"wp-block-column is-layout-flow wp-block-column-is-layout-flow\"><\/div>\n\n\n\n<div class=\"wp-block-column is-layout-flow wp-block-column-is-layout-flow\">\n<figure class=\"wp-block-image size-full\"><a href=\"https:\/\/tedenloesopreis.nl\/wp-content\/uploads\/2023\/12\/IMG_5904-1024x768-1.jpg\" target=\"_blank\" rel=\"noreferrer noopener\"><img loading=\"lazy\" decoding=\"async\" width=\"1024\" height=\"768\" src=\"https:\/\/tedenloesopreis.nl\/wp-content\/uploads\/2023\/12\/IMG_5904-1024x768-1.jpg\" alt=\"\" class=\"wp-image-8936\" srcset=\"https:\/\/tedenloesopreis.nl\/wp-content\/uploads\/2023\/12\/IMG_5904-1024x768-1.jpg 1024w, https:\/\/tedenloesopreis.nl\/wp-content\/uploads\/2023\/12\/IMG_5904-1024x768-1-300x225.jpg 300w, https:\/\/tedenloesopreis.nl\/wp-content\/uploads\/2023\/12\/IMG_5904-1024x768-1-768x576.jpg 768w\" sizes=\"auto, (max-width: 1024px) 100vw, 1024px\" \/><\/a><figcaption class=\"wp-element-caption\"><em>op de Hardangerbrug<\/em><\/figcaption><\/figure>\n<\/div>\n\n\n\n<div class=\"wp-block-column is-layout-flow wp-block-column-is-layout-flow\">\n<figure class=\"wp-block-image size-full\"><a href=\"https:\/\/tedenloesopreis.nl\/wp-content\/uploads\/2023\/12\/IMG_5915-1024x768-1.jpg\" target=\"_blank\" rel=\"noreferrer noopener\"><img loading=\"lazy\" decoding=\"async\" width=\"1024\" height=\"768\" src=\"https:\/\/tedenloesopreis.nl\/wp-content\/uploads\/2023\/12\/IMG_5915-1024x768-1.jpg\" alt=\"\" class=\"wp-image-8937\" srcset=\"https:\/\/tedenloesopreis.nl\/wp-content\/uploads\/2023\/12\/IMG_5915-1024x768-1.jpg 1024w, https:\/\/tedenloesopreis.nl\/wp-content\/uploads\/2023\/12\/IMG_5915-1024x768-1-300x225.jpg 300w, https:\/\/tedenloesopreis.nl\/wp-content\/uploads\/2023\/12\/IMG_5915-1024x768-1-768x576.jpg 768w\" sizes=\"auto, (max-width: 1024px) 100vw, 1024px\" \/><\/a><figcaption class=\"wp-element-caption\"><em>rotonde in tunnel Hardangervida<\/em><\/figcaption><\/figure>\n<\/div>\n<\/div>\n\n\n\n<div class=\"wp-block-columns is-layout-flex wp-container-core-columns-is-layout-9d6595d7 wp-block-columns-is-layout-flex\">\n<div class=\"wp-block-column is-layout-flow wp-block-column-is-layout-flow\" style=\"flex-basis:33.33%\">\n<figure class=\"wp-block-image size-full\"><a href=\"https:\/\/tedenloesopreis.nl\/wp-content\/uploads\/2023\/12\/IMG_5932-1024x768-1.jpg\" target=\"_blank\" rel=\"noreferrer noopener\"><img loading=\"lazy\" decoding=\"async\" width=\"1024\" height=\"768\" src=\"https:\/\/tedenloesopreis.nl\/wp-content\/uploads\/2023\/12\/IMG_5932-1024x768-1.jpg\" alt=\"\" class=\"wp-image-8938\" srcset=\"https:\/\/tedenloesopreis.nl\/wp-content\/uploads\/2023\/12\/IMG_5932-1024x768-1.jpg 1024w, https:\/\/tedenloesopreis.nl\/wp-content\/uploads\/2023\/12\/IMG_5932-1024x768-1-300x225.jpg 300w, https:\/\/tedenloesopreis.nl\/wp-content\/uploads\/2023\/12\/IMG_5932-1024x768-1-768x576.jpg 768w\" sizes=\"auto, (max-width: 1024px) 100vw, 1024px\" \/><\/a><figcaption class=\"wp-element-caption\"><em>wild aan het fjord in Kinsarvik<\/em><\/figcaption><\/figure>\n<\/div>\n\n\n\n<div class=\"wp-block-column is-layout-flow wp-block-column-is-layout-flow\" style=\"flex-basis:66.66%\">\n<p>We volgen de \u201c13\u201d nog een klein stukje, tot Kinsarvik. De camping in Kinsarvik is vol, dus staan we maar&nbsp;<a href=\"https:\/\/www.campercontact.com\/nl\/noorwegen\/vestland\/kinsarvik\/65599\/esso-tmmestasjon\" target=\"_blank\" rel=\"noreferrer noopener\">wild aan het fjord<\/a>.<\/p>\n<\/div>\n<\/div>\n\n\n\n<div style=\"height:36px\" aria-hidden=\"true\" class=\"wp-block-spacer\"><\/div>\n\n\n\n<div class=\"wp-block-columns is-layout-flex wp-container-core-columns-is-layout-9d6595d7 wp-block-columns-is-layout-flex\">\n<div class=\"wp-block-column is-layout-flow wp-block-column-is-layout-flow\">\n<p class=\"has-orange-background-color has-background\" id=\"dag41\"><\/p>\n<\/div>\n<\/div>\n\n\n\n<div class=\"wp-block-columns is-layout-flex wp-container-core-columns-is-layout-9d6595d7 wp-block-columns-is-layout-flex\">\n<div class=\"wp-block-column is-layout-flow wp-block-column-is-layout-flow\" style=\"flex-basis:33.33%\">\n<p class=\"has-small-font-size\"><a href=\"#titel\">top<\/a><\/p>\n<\/div>\n\n\n\n<div class=\"wp-block-column is-layout-flow wp-block-column-is-layout-flow\" style=\"flex-basis:66.66%\">\n<p><strong>&#8230;.. MAAR NET IETS TE VER WEG<\/strong><br>dag 41 &nbsp; &nbsp;&nbsp; &nbsp;do 12 juli 2018<br><a href=\"https:\/\/www.google.com\/maps\/d\/viewer?mid=1aFsiWBMyNxYsRJPtOy0l5KWC06QyNcnl&amp;ll=59.73694943782897%2C6.16090204606563&amp;z=8\" target=\"_blank\" rel=\"noreferrer noopener\">Kinsarvik \u2013 Tau<\/a>&nbsp;&nbsp; &nbsp; &nbsp;&nbsp;225 km<\/p>\n<\/div>\n<\/div>\n\n\n\n<div style=\"height:20px\" aria-hidden=\"true\" class=\"wp-block-spacer\"><\/div>\n\n\n\n<div class=\"wp-block-columns is-layout-flex wp-container-core-columns-is-layout-9d6595d7 wp-block-columns-is-layout-flex\">\n<div class=\"wp-block-column is-vertically-aligned-bottom is-layout-flow wp-block-column-is-layout-flow\" style=\"flex-basis:33.33%\">\n<figure class=\"wp-block-image size-full\"><a href=\"https:\/\/tedenloesopreis.nl\/wp-content\/uploads\/2023\/12\/IMG_5947-768x1024-1.jpg\" target=\"_blank\" rel=\"noreferrer noopener\"><img loading=\"lazy\" decoding=\"async\" width=\"768\" height=\"1024\" src=\"https:\/\/tedenloesopreis.nl\/wp-content\/uploads\/2023\/12\/IMG_5947-768x1024-1.jpg\" alt=\"\" class=\"wp-image-8940\" srcset=\"https:\/\/tedenloesopreis.nl\/wp-content\/uploads\/2023\/12\/IMG_5947-768x1024-1.jpg 768w, https:\/\/tedenloesopreis.nl\/wp-content\/uploads\/2023\/12\/IMG_5947-768x1024-1-225x300.jpg 225w\" sizes=\"auto, (max-width: 768px) 100vw, 768px\" \/><\/a><figcaption class=\"wp-element-caption\"><em>op de camping in Tau<\/em><\/figcaption><\/figure>\n<\/div>\n\n\n\n<div class=\"wp-block-column is-layout-flow wp-block-column-is-layout-flow\" style=\"flex-basis:66.66%\">\n<p>Stavanger is een mooie stad maar net iets te ver weg.&nbsp;<\/p>\n\n\n\n<p>Soms lukt het niet, om de geplande bestemming te bereiken. De oorzaak ligt in dit geval bij de \u201c13\u201d, want die weg staat vandaag de hele dag op het menu. Het stuk dat wordt gedeeld met de E134, is prima. De overige stukken zijn dat overwegend niet: erg smal, verschillende wegwerkzaamheden met stoplichten. Het schiet werkelijk niet op. Op een gegeven moment merk je, dat je aan het jakkeren bent om de bestemming te halen, en dat je vergeet om van de omgeving te genieten. Daar komt bij, dat Stavanger bij toeristen vrij populair is, waardoor de plekken op de enige acceptabele camping in de loop van de middag wel allemaal bezet zullen raken. Daarom besluiten we tegen 16:30 om uit te wijken naar de&nbsp;<a href=\"https:\/\/www.campercontact.com\/nl\/noorwegen\/rogaland\/tau\/27833\/wathne-camping\" target=\"_blank\" rel=\"noreferrer noopener\">camping in Tau<\/a>, ten noordoosten van Stavanger (maar wel met een hoop water ertussen).<\/p>\n<\/div>\n<\/div>\n\n\n\n<div class=\"wp-block-columns is-layout-flex wp-container-core-columns-is-layout-9d6595d7 wp-block-columns-is-layout-flex\">\n<div class=\"wp-block-column is-layout-flow wp-block-column-is-layout-flow\" style=\"flex-basis:33.33%\"><\/div>\n\n\n\n<div class=\"wp-block-column is-layout-flow wp-block-column-is-layout-flow\" style=\"flex-basis:66.66%\">\n<p id=\"latefossen\">Door al het gedoe van vandaag, hebben we van het tweede deel van de reis geen foto\u2019s gemaakt. Die hebben we w\u00e9l van het eerste deel, van Kinsarvik naar H\u00e5ra. Dat traject hebben we vorig jaar ook gereden, maar toen met belabberd weer. Een paar foto\u2019s die we toen hebben gemaakt, hebben we n\u00f3g eens geschoten.<\/p>\n<\/div>\n<\/div>\n\n\n\n<div class=\"wp-block-columns is-layout-flex wp-container-core-columns-is-layout-9d6595d7 wp-block-columns-is-layout-flex\">\n<div class=\"wp-block-column is-layout-flow wp-block-column-is-layout-flow\"><\/div>\n\n\n\n<div class=\"wp-block-column is-layout-flow wp-block-column-is-layout-flow\">\n<figure class=\"wp-block-image size-full\"><a href=\"https:\/\/tedenloesopreis.nl\/wp-content\/uploads\/2023\/12\/IMG_2391-1-1024x768-1.jpg\" target=\"_blank\" rel=\"noreferrer noopener\"><img loading=\"lazy\" decoding=\"async\" width=\"1024\" height=\"768\" src=\"https:\/\/tedenloesopreis.nl\/wp-content\/uploads\/2023\/12\/IMG_2391-1-1024x768-1.jpg\" alt=\"\" class=\"wp-image-8942\" srcset=\"https:\/\/tedenloesopreis.nl\/wp-content\/uploads\/2023\/12\/IMG_2391-1-1024x768-1.jpg 1024w, https:\/\/tedenloesopreis.nl\/wp-content\/uploads\/2023\/12\/IMG_2391-1-1024x768-1-300x225.jpg 300w, https:\/\/tedenloesopreis.nl\/wp-content\/uploads\/2023\/12\/IMG_2391-1-1024x768-1-768x576.jpg 768w\" sizes=\"auto, (max-width: 1024px) 100vw, 1024px\" \/><\/a><figcaption class=\"wp-element-caption\"><em>picknick aan Hardangerfjord 2017<\/em><\/figcaption><\/figure>\n<\/div>\n\n\n\n<div class=\"wp-block-column is-layout-flow wp-block-column-is-layout-flow\">\n<figure class=\"wp-block-image size-full\"><a href=\"https:\/\/tedenloesopreis.nl\/wp-content\/uploads\/2023\/12\/IMG_5935-1024x768-1.jpg\" target=\"_blank\" rel=\"noreferrer noopener\"><img loading=\"lazy\" decoding=\"async\" width=\"1024\" height=\"768\" src=\"https:\/\/tedenloesopreis.nl\/wp-content\/uploads\/2023\/12\/IMG_5935-1024x768-1.jpg\" alt=\"\" class=\"wp-image-8943\" srcset=\"https:\/\/tedenloesopreis.nl\/wp-content\/uploads\/2023\/12\/IMG_5935-1024x768-1.jpg 1024w, https:\/\/tedenloesopreis.nl\/wp-content\/uploads\/2023\/12\/IMG_5935-1024x768-1-300x225.jpg 300w, https:\/\/tedenloesopreis.nl\/wp-content\/uploads\/2023\/12\/IMG_5935-1024x768-1-768x576.jpg 768w\" sizes=\"auto, (max-width: 1024px) 100vw, 1024px\" \/><\/a><figcaption class=\"wp-element-caption\"><em>picknick aan Hardangerfjord 2018<\/em><\/figcaption><\/figure>\n<\/div>\n<\/div>\n\n\n\n<div class=\"wp-block-columns is-layout-flex wp-container-core-columns-is-layout-9d6595d7 wp-block-columns-is-layout-flex\">\n<div class=\"wp-block-column is-layout-flow wp-block-column-is-layout-flow\"><\/div>\n\n\n\n<div class=\"wp-block-column is-layout-flow wp-block-column-is-layout-flow\">\n<figure class=\"wp-block-image size-full\"><a href=\"https:\/\/tedenloesopreis.nl\/wp-content\/uploads\/2023\/12\/IMG_2390-1-768x1024-1.jpg\" target=\"_blank\" rel=\"noreferrer noopener\"><img loading=\"lazy\" decoding=\"async\" width=\"768\" height=\"1024\" src=\"https:\/\/tedenloesopreis.nl\/wp-content\/uploads\/2023\/12\/IMG_2390-1-768x1024-1.jpg\" alt=\"\" class=\"wp-image-8944\" srcset=\"https:\/\/tedenloesopreis.nl\/wp-content\/uploads\/2023\/12\/IMG_2390-1-768x1024-1.jpg 768w, https:\/\/tedenloesopreis.nl\/wp-content\/uploads\/2023\/12\/IMG_2390-1-768x1024-1-225x300.jpg 225w\" sizes=\"auto, (max-width: 768px) 100vw, 768px\" \/><\/a><figcaption class=\"wp-element-caption\"><em>L\u00e5tefossen 2017<\/em><\/figcaption><\/figure>\n<\/div>\n\n\n\n<div class=\"wp-block-column is-layout-flow wp-block-column-is-layout-flow\">\n<figure class=\"wp-block-image size-full\"><a href=\"https:\/\/tedenloesopreis.nl\/wp-content\/uploads\/2023\/12\/IMG_5942-1024x768-1.jpg\" target=\"_blank\" rel=\"noreferrer noopener\"><img loading=\"lazy\" decoding=\"async\" width=\"1024\" height=\"768\" src=\"https:\/\/tedenloesopreis.nl\/wp-content\/uploads\/2023\/12\/IMG_5942-1024x768-1.jpg\" alt=\"\" class=\"wp-image-8945\" srcset=\"https:\/\/tedenloesopreis.nl\/wp-content\/uploads\/2023\/12\/IMG_5942-1024x768-1.jpg 1024w, https:\/\/tedenloesopreis.nl\/wp-content\/uploads\/2023\/12\/IMG_5942-1024x768-1-300x225.jpg 300w, https:\/\/tedenloesopreis.nl\/wp-content\/uploads\/2023\/12\/IMG_5942-1024x768-1-768x576.jpg 768w\" sizes=\"auto, (max-width: 1024px) 100vw, 1024px\" \/><\/a><figcaption class=\"wp-element-caption\"><em>L\u00e5tefossen 2018<\/em><\/figcaption><\/figure>\n<\/div>\n<\/div>\n\n\n\n<div style=\"height:35px\" aria-hidden=\"true\" class=\"wp-block-spacer\"><\/div>\n\n\n\n<div class=\"wp-block-columns is-layout-flex wp-container-core-columns-is-layout-9d6595d7 wp-block-columns-is-layout-flex\">\n<div class=\"wp-block-column is-layout-flow wp-block-column-is-layout-flow\">\n<p class=\"has-orange-background-color has-background\" id=\"dag42\"><\/p>\n<\/div>\n<\/div>\n\n\n\n<div class=\"wp-block-columns is-layout-flex wp-container-core-columns-is-layout-9d6595d7 wp-block-columns-is-layout-flex\">\n<div class=\"wp-block-column is-layout-flow wp-block-column-is-layout-flow\" style=\"flex-basis:33.33%\">\n<p class=\"has-small-font-size\"><a href=\"#titel\">top<\/a><\/p>\n<\/div>\n\n\n\n<div class=\"wp-block-column is-layout-flow wp-block-column-is-layout-flow\" style=\"flex-basis:66.66%\">\n<p><strong>PREEKSTOEL IN DE WOLKEN<\/strong><br>dag 42 &nbsp; &nbsp; &nbsp;&nbsp;vr 13 juli 2018<br><a href=\"https:\/\/www.google.com\/maps\/d\/viewer?mid=1uS4thPjA_3qDfEL7hL6eME5P5f-vxuy0&amp;ll=58.95253279264701%2C5.795133389924341&amp;z=11\" target=\"_blank\" rel=\"noreferrer noopener\">Tau \u2013 Stavanger<\/a>&nbsp;&nbsp; &nbsp;&nbsp; &nbsp;76 km<\/p>\n<\/div>\n<\/div>\n\n\n\n<div style=\"height:20px\" aria-hidden=\"true\" class=\"wp-block-spacer\"><\/div>\n\n\n\n<div class=\"wp-block-columns is-layout-flex wp-container-core-columns-is-layout-9d6595d7 wp-block-columns-is-layout-flex\">\n<div class=\"wp-block-column is-layout-flow wp-block-column-is-layout-flow\" style=\"flex-basis:33.33%\">\n<figure class=\"wp-block-image size-full\"><a href=\"https:\/\/tedenloesopreis.nl\/wp-content\/uploads\/2023\/12\/IMG_5953-768x1024-1.jpg\" target=\"_blank\" rel=\"noreferrer noopener\"><img loading=\"lazy\" decoding=\"async\" width=\"768\" height=\"1024\" src=\"https:\/\/tedenloesopreis.nl\/wp-content\/uploads\/2023\/12\/IMG_5953-768x1024-1.jpg\" alt=\"\" class=\"wp-image-8949\" srcset=\"https:\/\/tedenloesopreis.nl\/wp-content\/uploads\/2023\/12\/IMG_5953-768x1024-1.jpg 768w, https:\/\/tedenloesopreis.nl\/wp-content\/uploads\/2023\/12\/IMG_5953-768x1024-1-225x300.jpg 225w\" sizes=\"auto, (max-width: 768px) 100vw, 768px\" \/><\/a><figcaption class=\"wp-element-caption\"><em>laaghangende bewolking \u2018s-ochtends<\/em><\/figcaption><\/figure>\n<\/div>\n\n\n\n<div class=\"wp-block-column is-layout-flow wp-block-column-is-layout-flow\" style=\"flex-basis:66.66%\">\n<p>Het weer in Noorwegen is nogal veranderlijk, dit jaar. Was het gisteren met 26\u00b0C voor de Noren blote-basten-weer (de Noorse dames doen driftig mee, en lopen vrolijk rond in hun beha), vandaag blijven met 12\u00b0C de kleren aan. De wolken hangen hardnekkig laag.<\/p>\n<\/div>\n<\/div>\n\n\n\n<div class=\"wp-block-columns is-layout-flex wp-container-core-columns-is-layout-9d6595d7 wp-block-columns-is-layout-flex\">\n<div class=\"wp-block-column is-layout-flow wp-block-column-is-layout-flow\" style=\"flex-basis:33.33%\">\n<figure class=\"wp-block-image size-full\"><a href=\"https:\/\/tedenloesopreis.nl\/wp-content\/uploads\/2023\/12\/IMG_5956-1024x768-1.jpg\" target=\"_blank\" rel=\"noreferrer noopener\"><img loading=\"lazy\" decoding=\"async\" width=\"1024\" height=\"768\" src=\"https:\/\/tedenloesopreis.nl\/wp-content\/uploads\/2023\/12\/IMG_5956-1024x768-1.jpg\" alt=\"\" class=\"wp-image-8950\" srcset=\"https:\/\/tedenloesopreis.nl\/wp-content\/uploads\/2023\/12\/IMG_5956-1024x768-1.jpg 1024w, https:\/\/tedenloesopreis.nl\/wp-content\/uploads\/2023\/12\/IMG_5956-1024x768-1-300x225.jpg 300w, https:\/\/tedenloesopreis.nl\/wp-content\/uploads\/2023\/12\/IMG_5956-1024x768-1-768x576.jpg 768w\" sizes=\"auto, (max-width: 1024px) 100vw, 1024px\" \/><\/a><figcaption class=\"wp-element-caption\"><em>de brug over het Lysefjord in de wolken<\/em><\/figcaption><\/figure>\n<\/div>\n\n\n\n<div class=\"wp-block-column is-layout-flow wp-block-column-is-layout-flow\" style=\"flex-basis:66.66%\">\n<p>Ook het Lysefjord is zwaarbewolkt. We besluiten daarom, om maar niet naar de Preikestolen te gaan.<\/p>\n<\/div>\n<\/div>\n\n\n\n<div class=\"wp-block-columns is-layout-flex wp-container-core-columns-is-layout-9d6595d7 wp-block-columns-is-layout-flex\">\n<div class=\"wp-block-column is-layout-flow wp-block-column-is-layout-flow\" style=\"flex-basis:33.33%\">\n<figure class=\"wp-block-image size-full\"><a href=\"https:\/\/tedenloesopreis.nl\/wp-content\/uploads\/2023\/12\/IMG_5969-1024x768-1.jpg\" target=\"_blank\" rel=\"noreferrer noopener\"><img loading=\"lazy\" decoding=\"async\" width=\"1024\" height=\"768\" src=\"https:\/\/tedenloesopreis.nl\/wp-content\/uploads\/2023\/12\/IMG_5969-1024x768-1.jpg\" alt=\"\" class=\"wp-image-8951\" srcset=\"https:\/\/tedenloesopreis.nl\/wp-content\/uploads\/2023\/12\/IMG_5969-1024x768-1.jpg 1024w, https:\/\/tedenloesopreis.nl\/wp-content\/uploads\/2023\/12\/IMG_5969-1024x768-1-300x225.jpg 300w, https:\/\/tedenloesopreis.nl\/wp-content\/uploads\/2023\/12\/IMG_5969-1024x768-1-768x576.jpg 768w\" sizes=\"auto, (max-width: 1024px) 100vw, 1024px\" \/><\/a><figcaption class=\"wp-element-caption\"><em>Oaness-Lauvikka, onze laatste Noorse ferry?????<\/em><\/figcaption><\/figure>\n<\/div>\n\n\n\n<div class=\"wp-block-column is-layout-flow wp-block-column-is-layout-flow\" style=\"flex-basis:66.66%\">\n<p>We rijden door naar Oaness en nemen daar de veerboot naar Lauvikka. De overtocht is mistig, maar ook een beetje melancholisch, want het is de laatste ferry in Noorwegen (we wisten toen nog niet, dat we een paar dagen later met de boot het Oslofjord zouden oversteken).<\/p>\n<\/div>\n<\/div>\n\n\n\n<div class=\"wp-block-columns is-layout-flex wp-container-core-columns-is-layout-9d6595d7 wp-block-columns-is-layout-flex\">\n<div class=\"wp-block-column is-layout-flow wp-block-column-is-layout-flow\" style=\"flex-basis:33.33%\">\n<figure class=\"wp-block-image size-full\"><a href=\"https:\/\/tedenloesopreis.nl\/wp-content\/uploads\/2023\/12\/IMG_5971-1024x768-1.jpg\" target=\"_blank\" rel=\"noreferrer noopener\"><img loading=\"lazy\" decoding=\"async\" width=\"1024\" height=\"768\" src=\"https:\/\/tedenloesopreis.nl\/wp-content\/uploads\/2023\/12\/IMG_5971-1024x768-1.jpg\" alt=\"\" class=\"wp-image-8952\" srcset=\"https:\/\/tedenloesopreis.nl\/wp-content\/uploads\/2023\/12\/IMG_5971-1024x768-1.jpg 1024w, https:\/\/tedenloesopreis.nl\/wp-content\/uploads\/2023\/12\/IMG_5971-1024x768-1-300x225.jpg 300w, https:\/\/tedenloesopreis.nl\/wp-content\/uploads\/2023\/12\/IMG_5971-1024x768-1-768x576.jpg 768w\" sizes=\"auto, (max-width: 1024px) 100vw, 1024px\" \/><\/a><figcaption class=\"wp-element-caption\"><em>daar sta je dan in Stavanger<\/em><\/figcaption><\/figure>\n<\/div>\n\n\n\n<div class=\"wp-block-column is-layout-flow wp-block-column-is-layout-flow\" style=\"flex-basis:66.66%\">\n<p>Vervolgens &nbsp;rijden we direct naar de&nbsp;<a href=\"https:\/\/www.campercontact.com\/nl\/noorwegen\/rogaland\/stavanger\/28724\/stavanger-camping\" target=\"_blank\" rel=\"noreferrer noopener\">camping in Stavanger<\/a>. Daar komen wij al om 11:00 uur aan, na 76 km (de totaalteller staat inmiddels op 8295 km). De rest van de dag richten &nbsp;we in als rustdag.<\/p>\n<\/div>\n<\/div>\n\n\n\n<div style=\"height:36px\" aria-hidden=\"true\" class=\"wp-block-spacer\"><\/div>\n\n\n\n<div class=\"wp-block-columns is-layout-flex wp-container-core-columns-is-layout-9d6595d7 wp-block-columns-is-layout-flex\">\n<div class=\"wp-block-column is-layout-flow wp-block-column-is-layout-flow\">\n<p class=\"has-orange-background-color has-background\" id=\"dag43\"><\/p>\n<\/div>\n<\/div>\n\n\n\n<div class=\"wp-block-columns is-layout-flex wp-container-core-columns-is-layout-9d6595d7 wp-block-columns-is-layout-flex\">\n<div class=\"wp-block-column is-layout-flow wp-block-column-is-layout-flow\" style=\"flex-basis:33.33%\">\n<p class=\"has-small-font-size\"><a href=\"#titel\">top<\/a><\/p>\n<\/div>\n\n\n\n<div class=\"wp-block-column is-layout-flow wp-block-column-is-layout-flow\" style=\"flex-basis:66.66%\">\n<p><strong>BUREAUCRATIE IN STAVANGER<\/strong><br>dag 43 &nbsp; &nbsp;&nbsp; &nbsp;za 14 juli 2018<br>rustdag Stavanger &nbsp; &nbsp;&nbsp; &nbsp;17 km<\/p>\n<\/div>\n<\/div>\n\n\n\n<div style=\"height:20px\" aria-hidden=\"true\" class=\"wp-block-spacer\"><\/div>\n\n\n\n<div class=\"wp-block-columns is-layout-flex wp-container-core-columns-is-layout-9d6595d7 wp-block-columns-is-layout-flex\">\n<div class=\"wp-block-column is-vertically-aligned-bottom is-layout-flow wp-block-column-is-layout-flow\" style=\"flex-basis:33.33%\">\n<figure class=\"wp-block-image size-full\"><a href=\"https:\/\/tedenloesopreis.nl\/wp-content\/uploads\/2023\/12\/IMG_5976-768x1024-1.jpg\" target=\"_blank\" rel=\"noreferrer noopener\"><img loading=\"lazy\" decoding=\"async\" width=\"768\" height=\"1024\" src=\"https:\/\/tedenloesopreis.nl\/wp-content\/uploads\/2023\/12\/IMG_5976-768x1024-1.jpg\" alt=\"\" class=\"wp-image-8954\" srcset=\"https:\/\/tedenloesopreis.nl\/wp-content\/uploads\/2023\/12\/IMG_5976-768x1024-1.jpg 768w, https:\/\/tedenloesopreis.nl\/wp-content\/uploads\/2023\/12\/IMG_5976-768x1024-1-225x300.jpg 225w\" sizes=\"auto, (max-width: 768px) 100vw, 768px\" \/><\/a><figcaption class=\"wp-element-caption\"><em>zwanenterreur<\/em><\/figcaption><\/figure>\n<\/div>\n\n\n\n<div class=\"wp-block-column is-layout-flow wp-block-column-is-layout-flow\" style=\"flex-basis:66.66%\">\n<p>We leren Stavanger vandaag op een heel andere manier kennen dan de bedoeling was. We waren immers van plan om het oude Stavanger te gaan bekijken. Echter, de maagklachten van Ted zijn weer teruggekomen. De voorraad medicijnen (maagkrampremmers) is bijna op. Daarom besluiten we om \u2018even\u2019 een nieuw voorraadje in te slaan.&nbsp;<\/p>\n\n\n\n<p>\u2018Even\u2019, want zo werkt dat in Nederland. Daar is het medicijn alleen bij de apotheek te verkrijgen, maar dat kan zonder recept. We hopen, dat dat in Noorwegen ook zo zou zijn. Helaas, er is een recept nodig. Dat kan in het weekend alleen worden gehaald bij de Noorse variant van onze huisartsenpost. Daar heeft men echter een bijzondere regeling. De verpleegkundige die de intake doet, kent een prioriteit toe. Toegegeven, het verkrijgen van een recept voor maagkrampremmers heeft geen hoge prioriteit. We begrijpen dus wel, waarom we prioriteit groen kregen. Pas later merken we twee dingen: 1. met groen ben je pas aan de beurt, als er geen enkele rode of gele priotiteit meer zit te wachten; 2 de \u201cinboorlingen\u201d weten dat, en doen bij de intake hun uiterste best om een hoge prioriteit te krijgen. Uiteindelijk duurt het wachten bij de huisartsenpost (die hier Legevakten, oftewel spoedgevallen, wordt genoemd) drie uur.&nbsp;<\/p>\n\n\n\n<p>Door dit alles, en omdat we abusievelijk menen, dat de voetbalwedstrijd Belgi\u00eb-Engeland om 20:00 uur zal worden uitgezonden, besluiten we om de fietstocht naar Stavanger uit te stellen tot morgen. Als we tegen half zes weer op de camping zijn, merken we echter aan Belgische achterburen, dat de wedstrijd al is begonnen. We zien nog net het tweede Belgische doelpunt. De winst van dit alles is, dat we nu weten dat de finale morgen om 16:00 uur begint, en niet om 20:00 uur.&nbsp;<\/p>\n\n\n\n<p>In de loop van de avond besluit een zwanenfamilie om uitgerekend bij onze buzz het avondmaal op te halen. Ze zijn erg hardnekkig, vooral vader zwaan, in het belagen van onze schuifdeur. Onze Duitse buurman is zo vriendelijk om de zwanen met een broodkruimelspoor weer naar het meer terug te brengen.<\/p>\n<\/div>\n<\/div>\n\n\n\n<div style=\"height:35px\" aria-hidden=\"true\" class=\"wp-block-spacer\"><\/div>\n\n\n\n<div class=\"wp-block-columns is-layout-flex wp-container-core-columns-is-layout-9d6595d7 wp-block-columns-is-layout-flex\">\n<div class=\"wp-block-column is-layout-flow wp-block-column-is-layout-flow\">\n<p class=\"has-orange-background-color has-background\" id=\"dag44\"><\/p>\n<\/div>\n<\/div>\n\n\n\n<div class=\"wp-block-columns is-layout-flex wp-container-core-columns-is-layout-9d6595d7 wp-block-columns-is-layout-flex\">\n<div class=\"wp-block-column is-layout-flow wp-block-column-is-layout-flow\" style=\"flex-basis:33.33%\">\n<p class=\"has-small-font-size\"><a href=\"#titel\">top<\/a><\/p>\n<\/div>\n\n\n\n<div class=\"wp-block-column is-layout-flow wp-block-column-is-layout-flow\" style=\"flex-basis:66.66%\">\n<p><strong>RUSTDAG STAVANGER<\/strong><br>dag 44 &nbsp; &nbsp; &nbsp; &nbsp; &nbsp;zo 15 juli 2018<br>rustdag Stavanger &nbsp; &nbsp; &nbsp; &nbsp; &nbsp;0 km<\/p>\n<\/div>\n<\/div>\n\n\n\n<div style=\"height:20px\" aria-hidden=\"true\" class=\"wp-block-spacer\"><\/div>\n\n\n\n<div class=\"wp-block-columns is-layout-flex wp-container-core-columns-is-layout-9d6595d7 wp-block-columns-is-layout-flex\">\n<div class=\"wp-block-column is-layout-flow wp-block-column-is-layout-flow\" style=\"flex-basis:33.33%\">\n<figure class=\"wp-block-image size-full\"><a href=\"https:\/\/tedenloesopreis.nl\/wp-content\/uploads\/2023\/12\/IMG_5982-1024x768-1.jpg\" target=\"_blank\" rel=\"noreferrer noopener\"><img loading=\"lazy\" decoding=\"async\" width=\"1024\" height=\"768\" src=\"https:\/\/tedenloesopreis.nl\/wp-content\/uploads\/2023\/12\/IMG_5982-1024x768-1.jpg\" alt=\"\" class=\"wp-image-8956\" srcset=\"https:\/\/tedenloesopreis.nl\/wp-content\/uploads\/2023\/12\/IMG_5982-1024x768-1.jpg 1024w, https:\/\/tedenloesopreis.nl\/wp-content\/uploads\/2023\/12\/IMG_5982-1024x768-1-300x225.jpg 300w, https:\/\/tedenloesopreis.nl\/wp-content\/uploads\/2023\/12\/IMG_5982-1024x768-1-768x576.jpg 768w\" sizes=\"auto, (max-width: 1024px) 100vw, 1024px\" \/><\/a><figcaption class=\"wp-element-caption\"><em>dus nog wat langer hier in Stavanger<\/em><\/figcaption><\/figure>\n<\/div>\n\n\n\n<div class=\"wp-block-column is-layout-flow wp-block-column-is-layout-flow\" style=\"flex-basis:66.66%\">\n<p>Helaas zijn de klachten van Ted nog niet over. We besluiten om hier te blijven tot het verantwoord is om terug te rijden.<\/p>\n<\/div>\n<\/div>\n\n\n\n<div style=\"height:35px\" aria-hidden=\"true\" class=\"wp-block-spacer\"><\/div>\n\n\n\n<div class=\"wp-block-columns is-layout-flex wp-container-core-columns-is-layout-9d6595d7 wp-block-columns-is-layout-flex\">\n<div class=\"wp-block-column is-layout-flow wp-block-column-is-layout-flow\">\n<p class=\"has-orange-background-color has-background\" id=\"dag45\"><\/p>\n<\/div>\n<\/div>\n\n\n\n<div class=\"wp-block-columns is-layout-flex wp-container-core-columns-is-layout-9d6595d7 wp-block-columns-is-layout-flex\">\n<div class=\"wp-block-column is-layout-flow wp-block-column-is-layout-flow\" style=\"flex-basis:33.33%\">\n<p class=\"has-small-font-size\"><a href=\"#titel\">top<\/a><\/p>\n<\/div>\n\n\n\n<div class=\"wp-block-column is-layout-flow wp-block-column-is-layout-flow\" style=\"flex-basis:66.66%\">\n<p><strong>STAVANGER IS EEN MOOIE STAD<\/strong><br>dag 45 &nbsp; &nbsp;&nbsp; &nbsp;ma 16 juli 2018<br>rustdag Stavanger &nbsp; &nbsp;&nbsp; &nbsp;0 km<\/p>\n<\/div>\n<\/div>\n\n\n\n<div style=\"height:20px\" aria-hidden=\"true\" class=\"wp-block-spacer\"><\/div>\n\n\n\n<div class=\"wp-block-columns is-layout-flex wp-container-core-columns-is-layout-9d6595d7 wp-block-columns-is-layout-flex\">\n<div class=\"wp-block-column is-layout-flow wp-block-column-is-layout-flow\" style=\"flex-basis:33.33%\">\n<figure class=\"wp-block-image size-full\"><a href=\"https:\/\/tedenloesopreis.nl\/wp-content\/uploads\/2023\/12\/IMG_5993-1024x768-1.jpg\" target=\"_blank\" rel=\"noreferrer noopener\"><img loading=\"lazy\" decoding=\"async\" width=\"1024\" height=\"768\" src=\"https:\/\/tedenloesopreis.nl\/wp-content\/uploads\/2023\/12\/IMG_5993-1024x768-1.jpg\" alt=\"\" class=\"wp-image-8958\" srcset=\"https:\/\/tedenloesopreis.nl\/wp-content\/uploads\/2023\/12\/IMG_5993-1024x768-1.jpg 1024w, https:\/\/tedenloesopreis.nl\/wp-content\/uploads\/2023\/12\/IMG_5993-1024x768-1-300x225.jpg 300w, https:\/\/tedenloesopreis.nl\/wp-content\/uploads\/2023\/12\/IMG_5993-1024x768-1-768x576.jpg 768w\" sizes=\"auto, (max-width: 1024px) 100vw, 1024px\" \/><\/a><figcaption class=\"wp-element-caption\"><em>Stavanger is een prima fietsstad<\/em><\/figcaption><\/figure>\n<\/div>\n\n\n\n<div class=\"wp-block-column is-layout-flow wp-block-column-is-layout-flow\" style=\"flex-basis:66.66%\">\n<p>De maagproblemen zijn nog niet helemaal voorbij. Sterker nog, ook Loes krijgt maagklachten. Zou het een virus zijn? Hoe dan ook, met vaak een slokje drinken en met licht verteerbaar voedsel gaat het wel.&nbsp;<\/p>\n\n\n\n<p>We fietsen vandaag naar het oude centrum van Stavanger. Complimenten voor de stad, er is goed aan de fietsers gedacht.&nbsp;<\/p>\n<\/div>\n<\/div>\n\n\n\n<div class=\"wp-block-columns is-layout-flex wp-container-core-columns-is-layout-9d6595d7 wp-block-columns-is-layout-flex\">\n<div class=\"wp-block-column is-layout-flow wp-block-column-is-layout-flow\" style=\"flex-basis:33.33%\"><\/div>\n\n\n\n<div class=\"wp-block-column is-layout-flow wp-block-column-is-layout-flow\" style=\"flex-basis:66.66%\">\n<p>De Gamle Stan (oude stad) is mooi. Smalle straatjes met witte houten huisjes. Fleurig. Gezellig.&nbsp;<\/p>\n<\/div>\n<\/div>\n\n\n\n<div class=\"wp-block-columns is-layout-flex wp-container-core-columns-is-layout-9d6595d7 wp-block-columns-is-layout-flex\">\n<div class=\"wp-block-column is-layout-flow wp-block-column-is-layout-flow\"><\/div>\n\n\n\n<div class=\"wp-block-column is-layout-flow wp-block-column-is-layout-flow\">\n<figure class=\"wp-block-image size-full\"><a href=\"https:\/\/tedenloesopreis.nl\/wp-content\/uploads\/2023\/12\/IMG_5995-1024x1024-1.jpg\" target=\"_blank\" rel=\"noreferrer noopener\"><img loading=\"lazy\" decoding=\"async\" width=\"1024\" height=\"1024\" src=\"https:\/\/tedenloesopreis.nl\/wp-content\/uploads\/2023\/12\/IMG_5995-1024x1024-1.jpg\" alt=\"\" class=\"wp-image-8961\" srcset=\"https:\/\/tedenloesopreis.nl\/wp-content\/uploads\/2023\/12\/IMG_5995-1024x1024-1.jpg 1024w, https:\/\/tedenloesopreis.nl\/wp-content\/uploads\/2023\/12\/IMG_5995-1024x1024-1-300x300.jpg 300w, https:\/\/tedenloesopreis.nl\/wp-content\/uploads\/2023\/12\/IMG_5995-1024x1024-1-150x150.jpg 150w, https:\/\/tedenloesopreis.nl\/wp-content\/uploads\/2023\/12\/IMG_5995-1024x1024-1-768x768.jpg 768w\" sizes=\"auto, (max-width: 1024px) 100vw, 1024px\" \/><\/a><figcaption class=\"wp-element-caption\"><em>smalle straatjes met witte huisjes<\/em><\/figcaption><\/figure>\n<\/div>\n\n\n\n<div class=\"wp-block-column is-layout-flow wp-block-column-is-layout-flow\">\n<figure class=\"wp-block-image size-full\"><a href=\"https:\/\/tedenloesopreis.nl\/wp-content\/uploads\/2023\/12\/IMG_5997-768x1024-2.jpg\" target=\"_blank\" rel=\"noreferrer noopener\"><img loading=\"lazy\" decoding=\"async\" width=\"768\" height=\"1024\" src=\"https:\/\/tedenloesopreis.nl\/wp-content\/uploads\/2023\/12\/IMG_5997-768x1024-2.jpg\" alt=\"\" class=\"wp-image-8960\" srcset=\"https:\/\/tedenloesopreis.nl\/wp-content\/uploads\/2023\/12\/IMG_5997-768x1024-2.jpg 768w, https:\/\/tedenloesopreis.nl\/wp-content\/uploads\/2023\/12\/IMG_5997-768x1024-2-225x300.jpg 225w\" sizes=\"auto, (max-width: 768px) 100vw, 768px\" \/><\/a><figcaption class=\"wp-element-caption\"><em>smalle straatjes met witte huisjes<\/em><\/figcaption><\/figure>\n<\/div>\n<\/div>\n\n\n\n<div class=\"wp-block-columns is-layout-flex wp-container-core-columns-is-layout-9d6595d7 wp-block-columns-is-layout-flex\">\n<div class=\"wp-block-column is-layout-flow wp-block-column-is-layout-flow\">\n<figure class=\"wp-block-image size-full\"><a href=\"https:\/\/tedenloesopreis.nl\/wp-content\/uploads\/2023\/12\/IMG_6003-1024x768-1.jpg\" target=\"_blank\" rel=\"noreferrer noopener\"><img loading=\"lazy\" decoding=\"async\" width=\"1024\" height=\"768\" src=\"https:\/\/tedenloesopreis.nl\/wp-content\/uploads\/2023\/12\/IMG_6003-1024x768-1.jpg\" alt=\"\" class=\"wp-image-8962\" srcset=\"https:\/\/tedenloesopreis.nl\/wp-content\/uploads\/2023\/12\/IMG_6003-1024x768-1.jpg 1024w, https:\/\/tedenloesopreis.nl\/wp-content\/uploads\/2023\/12\/IMG_6003-1024x768-1-300x225.jpg 300w, https:\/\/tedenloesopreis.nl\/wp-content\/uploads\/2023\/12\/IMG_6003-1024x768-1-768x576.jpg 768w\" sizes=\"auto, (max-width: 1024px) 100vw, 1024px\" \/><\/a><figcaption class=\"wp-element-caption\"><em>kleurig en fleurig; gezellig<\/em><\/figcaption><\/figure>\n<\/div>\n\n\n\n<div class=\"wp-block-column is-layout-flow wp-block-column-is-layout-flow\">\n<figure class=\"wp-block-image size-full is-resized\"><a href=\"https:\/\/tedenloesopreis.nl\/wp-content\/uploads\/2023\/12\/IMG_6005-1024x768-1.jpg\" target=\"_blank\" rel=\"noreferrer noopener\"><img loading=\"lazy\" decoding=\"async\" width=\"1024\" height=\"768\" src=\"https:\/\/tedenloesopreis.nl\/wp-content\/uploads\/2023\/12\/IMG_6005-1024x768-1.jpg\" alt=\"\" class=\"wp-image-8963\" style=\"aspect-ratio:1;width:259px;height:auto\" srcset=\"https:\/\/tedenloesopreis.nl\/wp-content\/uploads\/2023\/12\/IMG_6005-1024x768-1.jpg 1024w, https:\/\/tedenloesopreis.nl\/wp-content\/uploads\/2023\/12\/IMG_6005-1024x768-1-300x225.jpg 300w, https:\/\/tedenloesopreis.nl\/wp-content\/uploads\/2023\/12\/IMG_6005-1024x768-1-768x576.jpg 768w\" sizes=\"auto, (max-width: 1024px) 100vw, 1024px\" \/><\/a><figcaption class=\"wp-element-caption\"><em>kleurig en fleurig; gezellig<\/em><\/figcaption><\/figure>\n<\/div>\n\n\n\n<div class=\"wp-block-column is-layout-flow wp-block-column-is-layout-flow\">\n<figure class=\"wp-block-image size-full\"><a href=\"https:\/\/tedenloesopreis.nl\/wp-content\/uploads\/2023\/12\/IMG_6004-1024x768-1.jpg\" target=\"_blank\" rel=\"noreferrer noopener\"><img loading=\"lazy\" decoding=\"async\" width=\"1024\" height=\"768\" src=\"https:\/\/tedenloesopreis.nl\/wp-content\/uploads\/2023\/12\/IMG_6004-1024x768-1.jpg\" alt=\"\" class=\"wp-image-8964\" srcset=\"https:\/\/tedenloesopreis.nl\/wp-content\/uploads\/2023\/12\/IMG_6004-1024x768-1.jpg 1024w, https:\/\/tedenloesopreis.nl\/wp-content\/uploads\/2023\/12\/IMG_6004-1024x768-1-300x225.jpg 300w, https:\/\/tedenloesopreis.nl\/wp-content\/uploads\/2023\/12\/IMG_6004-1024x768-1-768x576.jpg 768w\" sizes=\"auto, (max-width: 1024px) 100vw, 1024px\" \/><\/a><figcaption class=\"wp-element-caption\"><em>kleurig en fleurig; gezellig<\/em><\/figcaption><\/figure>\n<\/div>\n<\/div>\n\n\n\n<div class=\"wp-block-columns is-layout-flex wp-container-core-columns-is-layout-9d6595d7 wp-block-columns-is-layout-flex\">\n<div class=\"wp-block-column is-layout-flow wp-block-column-is-layout-flow\" style=\"flex-basis:33.33%\"><\/div>\n\n\n\n<div class=\"wp-block-column is-layout-flow wp-block-column-is-layout-flow\" style=\"flex-basis:66.66%\">\n<p>Ook de oude haven is boeiend, levendig, al stonden er misschien net iets te veel feesttenten.<\/p>\n<\/div>\n<\/div>\n\n\n\n<div class=\"wp-block-columns is-layout-flex wp-container-core-columns-is-layout-9d6595d7 wp-block-columns-is-layout-flex\">\n<div class=\"wp-block-column is-layout-flow wp-block-column-is-layout-flow\"><\/div>\n\n\n\n<div class=\"wp-block-column is-layout-flow wp-block-column-is-layout-flow\">\n<figure class=\"wp-block-image size-full\"><a href=\"https:\/\/tedenloesopreis.nl\/wp-content\/uploads\/2023\/12\/IMG_5998-1024x768-1.jpg\" target=\"_blank\" rel=\"noreferrer noopener\"><img loading=\"lazy\" decoding=\"async\" width=\"1024\" height=\"768\" src=\"https:\/\/tedenloesopreis.nl\/wp-content\/uploads\/2023\/12\/IMG_5998-1024x768-1.jpg\" alt=\"\" class=\"wp-image-8967\" srcset=\"https:\/\/tedenloesopreis.nl\/wp-content\/uploads\/2023\/12\/IMG_5998-1024x768-1.jpg 1024w, https:\/\/tedenloesopreis.nl\/wp-content\/uploads\/2023\/12\/IMG_5998-1024x768-1-300x225.jpg 300w, https:\/\/tedenloesopreis.nl\/wp-content\/uploads\/2023\/12\/IMG_5998-1024x768-1-768x576.jpg 768w\" sizes=\"auto, (max-width: 1024px) 100vw, 1024px\" \/><\/a><figcaption class=\"wp-element-caption\"><em>de oude haven van Stavanger<\/em><\/figcaption><\/figure>\n<\/div>\n\n\n\n<div class=\"wp-block-column is-layout-flow wp-block-column-is-layout-flow\">\n<figure class=\"wp-block-image size-full\"><a href=\"https:\/\/tedenloesopreis.nl\/wp-content\/uploads\/2023\/12\/IMG_6001-1024x768-2.jpg\" target=\"_blank\" rel=\"noreferrer noopener\"><img loading=\"lazy\" decoding=\"async\" width=\"1024\" height=\"768\" src=\"https:\/\/tedenloesopreis.nl\/wp-content\/uploads\/2023\/12\/IMG_6001-1024x768-2.jpg\" alt=\"\" class=\"wp-image-8966\" srcset=\"https:\/\/tedenloesopreis.nl\/wp-content\/uploads\/2023\/12\/IMG_6001-1024x768-2.jpg 1024w, https:\/\/tedenloesopreis.nl\/wp-content\/uploads\/2023\/12\/IMG_6001-1024x768-2-300x225.jpg 300w, https:\/\/tedenloesopreis.nl\/wp-content\/uploads\/2023\/12\/IMG_6001-1024x768-2-768x576.jpg 768w\" sizes=\"auto, (max-width: 1024px) 100vw, 1024px\" \/><\/a><figcaption class=\"wp-element-caption\"><em>de oude haven van Stavanger<\/em><\/figcaption><\/figure>\n<\/div>\n<\/div>\n\n\n\n<div class=\"wp-block-columns is-layout-flex wp-container-core-columns-is-layout-9d6595d7 wp-block-columns-is-layout-flex\">\n<div class=\"wp-block-column is-layout-flow wp-block-column-is-layout-flow\" style=\"flex-basis:33.33%\"><\/div>\n\n\n\n<div class=\"wp-block-column is-layout-flow wp-block-column-is-layout-flow\" style=\"flex-basis:66.66%\">\n<p>Morgen beginnen we voorzichtig aan de terugreis: 5 reisdagen en 1 rustdag.<\/p>\n<\/div>\n<\/div>\n\n\n\n<div style=\"height:35px\" aria-hidden=\"true\" class=\"wp-block-spacer\"><\/div>\n\n\n\n<div class=\"wp-block-columns is-layout-flex wp-container-core-columns-is-layout-9d6595d7 wp-block-columns-is-layout-flex\">\n<div class=\"wp-block-column is-layout-flow wp-block-column-is-layout-flow\">\n<p class=\"has-orange-background-color has-background\" id=\"dag46\"><\/p>\n<\/div>\n<\/div>\n\n\n\n<div class=\"wp-block-columns is-layout-flex wp-container-core-columns-is-layout-9d6595d7 wp-block-columns-is-layout-flex\">\n<div class=\"wp-block-column is-layout-flow wp-block-column-is-layout-flow\" style=\"flex-basis:33.33%\">\n<p class=\"has-small-font-size\"><a href=\"#titel\">top<\/a><\/p>\n<\/div>\n\n\n\n<div class=\"wp-block-column is-layout-flow wp-block-column-is-layout-flow\" style=\"flex-basis:66.66%\">\n<p><strong>AAN HET SKAGERAK<\/strong><br>dag 46 &nbsp; &nbsp; &nbsp; di 17 juli 2018<br><a href=\"https:\/\/www.google.com\/maps\/d\/viewer?mid=1PhvZc6iFdpvQD_YkAWFzX62zKiWa8-Ss&amp;ll=58.60926006302816%2C7.328375527343706&amp;z=8\" target=\"_blank\" rel=\"noreferrer noopener\">Stavanger \u2013 Rognstranda<\/a>&nbsp;&nbsp; &nbsp; &nbsp;&nbsp;389 km<\/p>\n<\/div>\n<\/div>\n\n\n\n<div style=\"height:20px\" aria-hidden=\"true\" class=\"wp-block-spacer\"><\/div>\n\n\n\n<div class=\"wp-block-columns is-layout-flex wp-container-core-columns-is-layout-9d6595d7 wp-block-columns-is-layout-flex\">\n<div class=\"wp-block-column is-layout-flow wp-block-column-is-layout-flow\" style=\"flex-basis:33.33%\">\n<figure class=\"wp-block-image size-full\"><a href=\"https:\/\/tedenloesopreis.nl\/wp-content\/uploads\/2023\/12\/IMG_6042-1024x768-1.jpg\" target=\"_blank\" rel=\"noreferrer noopener\"><img loading=\"lazy\" decoding=\"async\" width=\"1024\" height=\"768\" src=\"https:\/\/tedenloesopreis.nl\/wp-content\/uploads\/2023\/12\/IMG_6042-1024x768-1.jpg\" alt=\"\" class=\"wp-image-8969\" srcset=\"https:\/\/tedenloesopreis.nl\/wp-content\/uploads\/2023\/12\/IMG_6042-1024x768-1.jpg 1024w, https:\/\/tedenloesopreis.nl\/wp-content\/uploads\/2023\/12\/IMG_6042-1024x768-1-300x225.jpg 300w, https:\/\/tedenloesopreis.nl\/wp-content\/uploads\/2023\/12\/IMG_6042-1024x768-1-768x576.jpg 768w\" sizes=\"auto, (max-width: 1024px) 100vw, 1024px\" \/><\/a><figcaption class=\"wp-element-caption\"><em>op de camping in Rognastranda<\/em><\/figcaption><\/figure>\n<\/div>\n\n\n\n<div class=\"wp-block-column is-layout-flow wp-block-column-is-layout-flow\" style=\"flex-basis:66.66%\">\n<p>Met de gezondheid gaat het de goede kant op.&nbsp;<\/p>\n\n\n\n<p>We zetten vandaag een flinke stap oostwaarts: 389 kilometer langs de zuidkust. Gewoon een kwestie van de E39 volgen tot Kristiansand, en daarna de E18 richting Oslo. We stoppen bij Stathelle (<a rel=\"noreferrer noopener\" href=\"https:\/\/www.campercontact.com\/nl\/noorwegen\/vestfold-og-telemark\/stathelle\/28169\/rognstranda-camping\" target=\"_blank\">Rognstranda Camping<\/a>), dat ligt een klein stukje v\u00f3\u00f3r Skien-Porsgrunn.&nbsp;<br><br>De wegen zijn heel wat beter dan we tijdens de afgelopen etappes gewend zijn, maar het is hier doorgaans maar niks voor mensen die willen opschieten; om de haverklap is er een bebouwd kommetje, en gaat de snelheid flink naar beneden. Aan flitspalen hebben ze in dit deel van Noorwegen geen gebrek. Voordeel van dit alles is, dat het tempo lekker toeristisch blijft, en dat verdient deze streek.&nbsp;<\/p>\n\n\n\n<p>Rond de grotere plaatsen is het vrij wijds (nogal wiedes, daarom liggen die plaatsen daar!), maar verder is het nog behoorlijk rotsig. Er zijn ook nog verschillende fjorden, zonder meer mooi, maar veel minder imposant dan voorheen.<\/p>\n<\/div>\n<\/div>\n\n\n\n<div class=\"wp-block-columns is-layout-flex wp-container-core-columns-is-layout-9d6595d7 wp-block-columns-is-layout-flex\">\n<div class=\"wp-block-column is-layout-flow wp-block-column-is-layout-flow\"><\/div>\n\n\n\n<div class=\"wp-block-column is-layout-flow wp-block-column-is-layout-flow\">\n<figure class=\"wp-block-image size-full\"><a href=\"https:\/\/tedenloesopreis.nl\/wp-content\/uploads\/2023\/12\/IMG_6027-1024x768-1.jpg\" target=\"_blank\" rel=\"noreferrer noopener\"><img loading=\"lazy\" decoding=\"async\" width=\"1024\" height=\"768\" src=\"https:\/\/tedenloesopreis.nl\/wp-content\/uploads\/2023\/12\/IMG_6027-1024x768-1.jpg\" alt=\"\" class=\"wp-image-8970\" srcset=\"https:\/\/tedenloesopreis.nl\/wp-content\/uploads\/2023\/12\/IMG_6027-1024x768-1.jpg 1024w, https:\/\/tedenloesopreis.nl\/wp-content\/uploads\/2023\/12\/IMG_6027-1024x768-1-300x225.jpg 300w, https:\/\/tedenloesopreis.nl\/wp-content\/uploads\/2023\/12\/IMG_6027-1024x768-1-768x576.jpg 768w\" sizes=\"auto, (max-width: 1024px) 100vw, 1024px\" \/><\/a><figcaption class=\"wp-element-caption\"><em>prima wegen<\/em><\/figcaption><\/figure>\n<\/div>\n\n\n\n<div class=\"wp-block-column is-layout-flow wp-block-column-is-layout-flow\">\n<figure class=\"wp-block-image size-full\"><a href=\"https:\/\/tedenloesopreis.nl\/wp-content\/uploads\/2023\/12\/IMG_6028-1024x768-1.jpg\" target=\"_blank\" rel=\"noreferrer noopener\"><img loading=\"lazy\" decoding=\"async\" width=\"1024\" height=\"768\" src=\"https:\/\/tedenloesopreis.nl\/wp-content\/uploads\/2023\/12\/IMG_6028-1024x768-1.jpg\" alt=\"\" class=\"wp-image-8971\" srcset=\"https:\/\/tedenloesopreis.nl\/wp-content\/uploads\/2023\/12\/IMG_6028-1024x768-1.jpg 1024w, https:\/\/tedenloesopreis.nl\/wp-content\/uploads\/2023\/12\/IMG_6028-1024x768-1-300x225.jpg 300w, https:\/\/tedenloesopreis.nl\/wp-content\/uploads\/2023\/12\/IMG_6028-1024x768-1-768x576.jpg 768w\" sizes=\"auto, (max-width: 1024px) 100vw, 1024px\" \/><\/a><figcaption class=\"wp-element-caption\"><em>nog behoorlijk rotsig<\/em><\/figcaption><\/figure>\n<\/div>\n<\/div>\n\n\n\n<div class=\"wp-block-columns is-layout-flex wp-container-core-columns-is-layout-9d6595d7 wp-block-columns-is-layout-flex\">\n<div class=\"wp-block-column is-layout-flow wp-block-column-is-layout-flow\">\n<figure class=\"wp-block-image size-full\"><a href=\"https:\/\/tedenloesopreis.nl\/wp-content\/uploads\/2023\/12\/IMG_6029-1024x768-1.jpg\" target=\"_blank\" rel=\"noreferrer noopener\"><img loading=\"lazy\" decoding=\"async\" width=\"1024\" height=\"768\" src=\"https:\/\/tedenloesopreis.nl\/wp-content\/uploads\/2023\/12\/IMG_6029-1024x768-1.jpg\" alt=\"\" class=\"wp-image-8972\" srcset=\"https:\/\/tedenloesopreis.nl\/wp-content\/uploads\/2023\/12\/IMG_6029-1024x768-1.jpg 1024w, https:\/\/tedenloesopreis.nl\/wp-content\/uploads\/2023\/12\/IMG_6029-1024x768-1-300x225.jpg 300w, https:\/\/tedenloesopreis.nl\/wp-content\/uploads\/2023\/12\/IMG_6029-1024x768-1-768x576.jpg 768w\" sizes=\"auto, (max-width: 1024px) 100vw, 1024px\" \/><\/a><figcaption class=\"wp-element-caption\"><em>af en toe langs een meertje<\/em><\/figcaption><\/figure>\n<\/div>\n\n\n\n<div class=\"wp-block-column is-layout-flow wp-block-column-is-layout-flow\">\n<figure class=\"wp-block-image size-full is-resized\"><a href=\"https:\/\/tedenloesopreis.nl\/wp-content\/uploads\/2023\/12\/IMG_6033-1024x768-1.jpg\" target=\"_blank\" rel=\"noreferrer noopener\"><img loading=\"lazy\" decoding=\"async\" width=\"1024\" height=\"768\" src=\"https:\/\/tedenloesopreis.nl\/wp-content\/uploads\/2023\/12\/IMG_6033-1024x768-1.jpg\" alt=\"\" class=\"wp-image-8973\" style=\"aspect-ratio:1;width:259px;height:auto\" srcset=\"https:\/\/tedenloesopreis.nl\/wp-content\/uploads\/2023\/12\/IMG_6033-1024x768-1.jpg 1024w, https:\/\/tedenloesopreis.nl\/wp-content\/uploads\/2023\/12\/IMG_6033-1024x768-1-300x225.jpg 300w, https:\/\/tedenloesopreis.nl\/wp-content\/uploads\/2023\/12\/IMG_6033-1024x768-1-768x576.jpg 768w\" sizes=\"auto, (max-width: 1024px) 100vw, 1024px\" \/><\/a><figcaption class=\"wp-element-caption\"><em>een mooi fjord, maar niet meer zo imposant<\/em><\/figcaption><\/figure>\n<\/div>\n\n\n\n<div class=\"wp-block-column is-layout-flow wp-block-column-is-layout-flow\">\n<figure class=\"wp-block-image size-full\"><a href=\"https:\/\/tedenloesopreis.nl\/wp-content\/uploads\/2023\/12\/IMG_6034-1024x768-1.jpg\" target=\"_blank\" rel=\"noreferrer noopener\"><img loading=\"lazy\" decoding=\"async\" width=\"1024\" height=\"768\" src=\"https:\/\/tedenloesopreis.nl\/wp-content\/uploads\/2023\/12\/IMG_6034-1024x768-1.jpg\" alt=\"\" class=\"wp-image-8974\" srcset=\"https:\/\/tedenloesopreis.nl\/wp-content\/uploads\/2023\/12\/IMG_6034-1024x768-1.jpg 1024w, https:\/\/tedenloesopreis.nl\/wp-content\/uploads\/2023\/12\/IMG_6034-1024x768-1-300x225.jpg 300w, https:\/\/tedenloesopreis.nl\/wp-content\/uploads\/2023\/12\/IMG_6034-1024x768-1-768x576.jpg 768w\" sizes=\"auto, (max-width: 1024px) 100vw, 1024px\" \/><\/a><figcaption class=\"wp-element-caption\"><em>een prima picknickplek<\/em><\/figcaption><\/figure>\n<\/div>\n<\/div>\n\n\n\n<div class=\"wp-block-columns is-layout-flex wp-container-core-columns-is-layout-9d6595d7 wp-block-columns-is-layout-flex\">\n<div class=\"wp-block-column is-layout-flow wp-block-column-is-layout-flow\" style=\"flex-basis:33.33%\"><\/div>\n\n\n\n<div class=\"wp-block-column is-layout-flow wp-block-column-is-layout-flow\" style=\"flex-basis:66.66%\">\n<p>Morgen rijden we verder over de E18. Bij Drammen slaan we rechtsaf en duiken we onder het Oslofjord door. Daarna pakken we (weer) de E6 en rijden Zweden binnen. We zien wel, tot waar we komen.<\/p>\n<\/div>\n<\/div>\n\n\n\n<div style=\"height:35px\" aria-hidden=\"true\" class=\"wp-block-spacer\"><\/div>\n\n\n\n<div class=\"wp-block-columns is-layout-flex wp-container-core-columns-is-layout-9d6595d7 wp-block-columns-is-layout-flex\">\n<div class=\"wp-block-column is-layout-flow wp-block-column-is-layout-flow\">\n<p class=\"has-orange-background-color has-background\" id=\"dag47\"><\/p>\n<\/div>\n<\/div>\n\n\n\n<div class=\"wp-block-columns is-layout-flex wp-container-core-columns-is-layout-9d6595d7 wp-block-columns-is-layout-flex\">\n<div class=\"wp-block-column is-layout-flow wp-block-column-is-layout-flow\" style=\"flex-basis:33.33%\">\n<p class=\"has-small-font-size\"><a href=\"#titel\">top<\/a><\/p>\n<\/div>\n\n\n\n<div class=\"wp-block-column is-layout-flow wp-block-column-is-layout-flow\" style=\"flex-basis:66.66%\">\n<p><strong>TABEH NOORWEGEN<\/strong><br>dag 47 &nbsp; &nbsp; &nbsp; wo 18 juli 2018<br><a href=\"https:\/\/www.google.com\/maps\/d\/viewer?mid=1XhUn_2mhoY9rs1mOj8IRCS3KZww_Rj7P&amp;ll=58.30163618891426%2C10.735143945312533&amp;z=8\" target=\"_blank\" rel=\"noreferrer noopener\">Rognstranda \u2013 Varberg<\/a>&nbsp;&nbsp; &nbsp; &nbsp; 406 km<\/p>\n<\/div>\n<\/div>\n\n\n\n<div style=\"height:20px\" aria-hidden=\"true\" class=\"wp-block-spacer\"><\/div>\n\n\n\n<div class=\"wp-block-columns is-layout-flex wp-container-core-columns-is-layout-9d6595d7 wp-block-columns-is-layout-flex\">\n<div class=\"wp-block-column is-layout-flow wp-block-column-is-layout-flow\" style=\"flex-basis:33.33%\"><\/div>\n\n\n\n<div class=\"wp-block-column is-layout-flow wp-block-column-is-layout-flow\" style=\"flex-basis:66.66%\">\n<p>We laten Noorwegen achter ons. Gisteren gaven we aan, dat we over de E18 naar Drammen zouden rijden, om daar af te slaan naar de Oslofjordtunnel. Echter, als we in de buurt van T\u00f8nsberg zijn, realiseren we ons, dat we ook de veerboot van Horten naar Moss kunnen nemen. We kunnen de verleiding van een laatste vaartocht over een Noors fjord niet weerstaan (op veruit de grootste veerboot die we hebben meegemaakt: heel veel auto\u2019s, tot 7 rijen breed, en wel 15 flinke vrachtwagens). De overtocht richting Stavanger was dus t\u00f3ch niet de laatste.<\/p>\n<\/div>\n<\/div>\n\n\n\n<div class=\"wp-block-columns is-layout-flex wp-container-core-columns-is-layout-9d6595d7 wp-block-columns-is-layout-flex\">\n<div class=\"wp-block-column is-layout-flow wp-block-column-is-layout-flow\"><\/div>\n\n\n\n<div class=\"wp-block-column is-layout-flow wp-block-column-is-layout-flow\">\n<figure class=\"wp-block-image size-full\"><a href=\"https:\/\/tedenloesopreis.nl\/wp-content\/uploads\/2023\/12\/IMG_6049-1024x768-1.jpg\" target=\"_blank\" rel=\"noreferrer noopener\"><img loading=\"lazy\" decoding=\"async\" width=\"1024\" height=\"768\" src=\"https:\/\/tedenloesopreis.nl\/wp-content\/uploads\/2023\/12\/IMG_6049-1024x768-1.jpg\" alt=\"\" class=\"wp-image-8977\" srcset=\"https:\/\/tedenloesopreis.nl\/wp-content\/uploads\/2023\/12\/IMG_6049-1024x768-1.jpg 1024w, https:\/\/tedenloesopreis.nl\/wp-content\/uploads\/2023\/12\/IMG_6049-1024x768-1-300x225.jpg 300w, https:\/\/tedenloesopreis.nl\/wp-content\/uploads\/2023\/12\/IMG_6049-1024x768-1-768x576.jpg 768w\" sizes=\"auto, (max-width: 1024px) 100vw, 1024px\" \/><\/a><figcaption class=\"wp-element-caption\"><em>vertrek uit Horten<\/em><\/figcaption><\/figure>\n<\/div>\n\n\n\n<div class=\"wp-block-column is-layout-flow wp-block-column-is-layout-flow\">\n<figure class=\"wp-block-image size-full\"><a href=\"https:\/\/tedenloesopreis.nl\/wp-content\/uploads\/2023\/12\/IMG_6050-1024x768-1.jpg\" target=\"_blank\" rel=\"noreferrer noopener\"><img loading=\"lazy\" decoding=\"async\" width=\"1024\" height=\"768\" src=\"https:\/\/tedenloesopreis.nl\/wp-content\/uploads\/2023\/12\/IMG_6050-1024x768-1.jpg\" alt=\"\" class=\"wp-image-8976\" srcset=\"https:\/\/tedenloesopreis.nl\/wp-content\/uploads\/2023\/12\/IMG_6050-1024x768-1.jpg 1024w, https:\/\/tedenloesopreis.nl\/wp-content\/uploads\/2023\/12\/IMG_6050-1024x768-1-300x225.jpg 300w, https:\/\/tedenloesopreis.nl\/wp-content\/uploads\/2023\/12\/IMG_6050-1024x768-1-768x576.jpg 768w\" sizes=\"auto, (max-width: 1024px) 100vw, 1024px\" \/><\/a><figcaption class=\"wp-element-caption\"><em>over een breed gedeelte van het Oslofjord<\/em><\/figcaption><\/figure>\n<\/div>\n<\/div>\n\n\n\n<div class=\"wp-block-columns is-layout-flex wp-container-core-columns-is-layout-9d6595d7 wp-block-columns-is-layout-flex\">\n<div class=\"wp-block-column is-layout-flow wp-block-column-is-layout-flow\" style=\"flex-basis:33.33%\">\n<figure class=\"wp-block-image size-full\"><a href=\"https:\/\/tedenloesopreis.nl\/wp-content\/uploads\/2023\/12\/IMG_6057-1024x768-1.jpg\" target=\"_blank\" rel=\"noreferrer noopener\"><img loading=\"lazy\" decoding=\"async\" width=\"1024\" height=\"768\" src=\"https:\/\/tedenloesopreis.nl\/wp-content\/uploads\/2023\/12\/IMG_6057-1024x768-1.jpg\" alt=\"\" class=\"wp-image-8978\" srcset=\"https:\/\/tedenloesopreis.nl\/wp-content\/uploads\/2023\/12\/IMG_6057-1024x768-1.jpg 1024w, https:\/\/tedenloesopreis.nl\/wp-content\/uploads\/2023\/12\/IMG_6057-1024x768-1-300x225.jpg 300w, https:\/\/tedenloesopreis.nl\/wp-content\/uploads\/2023\/12\/IMG_6057-1024x768-1-768x576.jpg 768w\" sizes=\"auto, (max-width: 1024px) 100vw, 1024px\" \/><\/a><figcaption class=\"wp-element-caption\"><em>Noorwegen ten zuiden van Oslo<\/em><\/figcaption><\/figure>\n<\/div>\n\n\n\n<div class=\"wp-block-column is-layout-flow wp-block-column-is-layout-flow\" style=\"flex-basis:66.66%\">\n<p>Bij Moss zoeken we de E6 op. Het valt op, dat het gebied onder Oslo overwegend een agrarische bestemming heeft.<\/p>\n<\/div>\n<\/div>\n\n\n\n<div class=\"wp-block-columns is-layout-flex wp-container-core-columns-is-layout-9d6595d7 wp-block-columns-is-layout-flex\">\n<div class=\"wp-block-column is-layout-flow wp-block-column-is-layout-flow\" style=\"flex-basis:33.33%\"><\/div>\n\n\n\n<div class=\"wp-block-column is-layout-flow wp-block-column-is-layout-flow\" style=\"flex-basis:66.66%\">\n<p>Eenmaal in Zweden wordt het landschap weer wat afwisselender: lichtelijk glooiend, soms bossig, soms rotsig, soms landbouw, af en toe een fjord, een paar stadjes. Bij G\u00f6teborg wordt het veel stedelijker (allicht). Het blijft verbazen, dat men nog steeds probeert om al het verkeer op de E6 dwars door de stad te krijgen. Bij Kungsbacka nemen we een cappuccino.<\/p>\n\n\n\n<p>We stoppen in Varberg, niet zo ver ten zuiden van G\u00f6teborg. Daar vinden we een plekje op de&nbsp;<a href=\"https:\/\/www.campercontact.com\/nl\/zweden\/hallands-lan\/varberg\/51309\/varbergs-flygklubb\" target=\"_blank\" rel=\"noreferrer noopener\">camperplaats van de plaatselijke vliegclub<\/a>.<br><br>Morgen gaan we over de twee grote bruggen. We verwachten ergens op Fyn (in Denemarken) een plekje voor de nacht te vinden.<\/p>\n<\/div>\n<\/div>\n\n\n\n<div class=\"wp-block-columns is-layout-flex wp-container-core-columns-is-layout-9d6595d7 wp-block-columns-is-layout-flex\">\n<div class=\"wp-block-column is-layout-flow wp-block-column-is-layout-flow\"><\/div>\n\n\n\n<div class=\"wp-block-column is-layout-flow wp-block-column-is-layout-flow\">\n<figure class=\"wp-block-image size-full\"><a href=\"https:\/\/tedenloesopreis.nl\/wp-content\/uploads\/2024\/12\/IMG_6060-1.jpg.webp\" target=\"_blank\" rel=\"noreferrer noopener\"><img loading=\"lazy\" decoding=\"async\" width=\"340\" height=\"255\" src=\"https:\/\/tedenloesopreis.nl\/wp-content\/uploads\/2024\/12\/IMG_6060-1.jpg.webp\" alt=\"\" class=\"wp-image-11593\" srcset=\"https:\/\/tedenloesopreis.nl\/wp-content\/uploads\/2024\/12\/IMG_6060-1.jpg.webp 340w, https:\/\/tedenloesopreis.nl\/wp-content\/uploads\/2024\/12\/IMG_6060-1.jpg-300x225.webp 300w\" sizes=\"auto, (max-width: 340px) 100vw, 340px\" \/><\/a><figcaption class=\"wp-element-caption\"><em>te gast bij de vliegclub van Varberg<\/em><\/figcaption><\/figure>\n<\/div>\n\n\n\n<div class=\"wp-block-column is-layout-flow wp-block-column-is-layout-flow\">\n<figure class=\"wp-block-image size-full\"><img loading=\"lazy\" decoding=\"async\" width=\"340\" height=\"255\" src=\"https:\/\/tedenloesopreis.nl\/wp-content\/uploads\/2024\/12\/IMG_6061-1.jpg-1.webp\" alt=\"\" class=\"wp-image-11596\" srcset=\"https:\/\/tedenloesopreis.nl\/wp-content\/uploads\/2024\/12\/IMG_6061-1.jpg-1.webp 340w, https:\/\/tedenloesopreis.nl\/wp-content\/uploads\/2024\/12\/IMG_6061-1.jpg-1-300x225.webp 300w\" sizes=\"auto, (max-width: 340px) 100vw, 340px\" \/><figcaption class=\"wp-element-caption\"><em>te gast bij de vliegclub van Varberg<\/em><\/figcaption><\/figure>\n<\/div>\n<\/div>\n\n\n\n<div style=\"height:36px\" aria-hidden=\"true\" class=\"wp-block-spacer\"><\/div>\n\n\n\n<div class=\"wp-block-columns is-layout-flex wp-container-core-columns-is-layout-9d6595d7 wp-block-columns-is-layout-flex\">\n<div class=\"wp-block-column is-layout-flow wp-block-column-is-layout-flow\">\n<p class=\"has-orange-background-color has-background\" id=\"dag48\"><\/p>\n<\/div>\n<\/div>\n\n\n\n<div class=\"wp-block-columns is-layout-flex wp-container-core-columns-is-layout-9d6595d7 wp-block-columns-is-layout-flex\">\n<div class=\"wp-block-column is-layout-flow wp-block-column-is-layout-flow\" style=\"flex-basis:33.33%\">\n<p class=\"has-small-font-size\"><a href=\"#titel\">top<\/a><\/p>\n<\/div>\n\n\n\n<div class=\"wp-block-column is-layout-flow wp-block-column-is-layout-flow\" style=\"flex-basis:66.66%\">\n<p><strong>IN HET ZUIDEN VAN FYN<\/strong><br>dag 48 &nbsp; &nbsp; &nbsp; do 19 juli 2018<br><a href=\"https:\/\/www.google.com\/maps\/d\/viewer?mid=1WVTcQJe8SMYmdQD2_S4HqvbWd-j87J7w&amp;ll=56.104636985435924%2C10.979240010137348&amp;z=8\" target=\"_blank\" rel=\"noreferrer noopener\">Varberg \u2013 Faaborg<\/a>&nbsp;&nbsp; &nbsp; &nbsp; 423 km<\/p>\n<\/div>\n<\/div>\n\n\n\n<div style=\"height:20px\" aria-hidden=\"true\" class=\"wp-block-spacer\"><\/div>\n\n\n\n<div class=\"wp-block-columns is-layout-flex wp-container-core-columns-is-layout-9d6595d7 wp-block-columns-is-layout-flex\">\n<div class=\"wp-block-column is-layout-flow wp-block-column-is-layout-flow\" style=\"flex-basis:33.33%\">\n<figure class=\"wp-block-image size-full\"><a href=\"https:\/\/tedenloesopreis.nl\/wp-content\/uploads\/2023\/12\/IMG_6076-1024x768-1.jpg\" target=\"_blank\" rel=\"noreferrer noopener\"><img loading=\"lazy\" decoding=\"async\" width=\"1024\" height=\"768\" src=\"https:\/\/tedenloesopreis.nl\/wp-content\/uploads\/2023\/12\/IMG_6076-1024x768-1.jpg\" alt=\"\" class=\"wp-image-8982\" srcset=\"https:\/\/tedenloesopreis.nl\/wp-content\/uploads\/2023\/12\/IMG_6076-1024x768-1.jpg 1024w, https:\/\/tedenloesopreis.nl\/wp-content\/uploads\/2023\/12\/IMG_6076-1024x768-1-300x225.jpg 300w, https:\/\/tedenloesopreis.nl\/wp-content\/uploads\/2023\/12\/IMG_6076-1024x768-1-768x576.jpg 768w\" sizes=\"auto, (max-width: 1024px) 100vw, 1024px\" \/><\/a><figcaption class=\"wp-element-caption\"><em>\u00d8resundbrug, indrukwekkend<\/em><\/figcaption><\/figure>\n<\/div>\n\n\n\n<div class=\"wp-block-column is-layout-flow wp-block-column-is-layout-flow\" style=\"flex-basis:66.66%\">\n<p>De reis van vandaag verloopt aanvankelijk voorspoedig. We stoppen bij Glumsl\u00f6v voor de ochtendcappuccino. Bij Malm\u00f6 komen we op het knooppunt waar we op de heenweg afsloegen richting Ystad. De Scandinavische cirkel is rond.&nbsp;<\/p>\n\n\n\n<p>Meteen na dit knooppunt komen we in een lange file. Na ruim een uur blijkt, dat drie mannetjes een klein stukje middengeleider (vangrail) aan het herstellen zijn, en daarvoor alle rijstroken hebben afgezet, zodat al het verkeer over een smalle vluchtstrook moet.&nbsp;<\/p>\n\n\n\n<p>Aan het einde van de file rijden we de \u00d8resundbrug op. Het heldere weer maakt veel goed: de volle lengte van de brug en Kopenhagen aan de overkant zijn goed te zien.<\/p>\n<\/div>\n<\/div>\n\n\n\n<div class=\"wp-block-columns is-layout-flex wp-container-core-columns-is-layout-9d6595d7 wp-block-columns-is-layout-flex\">\n<div class=\"wp-block-column is-layout-flow wp-block-column-is-layout-flow\" style=\"flex-basis:33.33%\">\n<figure class=\"wp-block-image size-full\"><a href=\"https:\/\/tedenloesopreis.nl\/wp-content\/uploads\/2023\/12\/IMG_6087-1024x768-1.jpg\" target=\"_blank\" rel=\"noreferrer noopener\"><img loading=\"lazy\" decoding=\"async\" width=\"1024\" height=\"768\" src=\"https:\/\/tedenloesopreis.nl\/wp-content\/uploads\/2023\/12\/IMG_6087-1024x768-1.jpg\" alt=\"\" class=\"wp-image-8983\" srcset=\"https:\/\/tedenloesopreis.nl\/wp-content\/uploads\/2023\/12\/IMG_6087-1024x768-1.jpg 1024w, https:\/\/tedenloesopreis.nl\/wp-content\/uploads\/2023\/12\/IMG_6087-1024x768-1-300x225.jpg 300w, https:\/\/tedenloesopreis.nl\/wp-content\/uploads\/2023\/12\/IMG_6087-1024x768-1-768x576.jpg 768w\" sizes=\"auto, (max-width: 1024px) 100vw, 1024px\" \/><\/a><figcaption class=\"wp-element-caption\"><em>Storeb\u00e6ltbrug, ook indrukwekkend<\/em><\/figcaption><\/figure>\n<\/div>\n\n\n\n<div class=\"wp-block-column is-layout-flow wp-block-column-is-layout-flow\" style=\"flex-basis:66.66%\">\n<p>Ook bij de Storeb\u00e6ltbrug is het helder. Deze brug is echter niet zo fotogeniek bij een rit van oost naar west (nergens zie je de brug van opzij).&nbsp;<\/p>\n<\/div>\n<\/div>\n\n\n\n<div class=\"wp-block-columns is-layout-flex wp-container-core-columns-is-layout-9d6595d7 wp-block-columns-is-layout-flex\">\n<div class=\"wp-block-column is-layout-flow wp-block-column-is-layout-flow\" style=\"flex-basis:33.33%\"><\/div>\n\n\n\n<div class=\"wp-block-column is-layout-flow wp-block-column-is-layout-flow\" style=\"flex-basis:66.66%\">\n<p>We rijden op Fyn naar het zuidwesten, naar Faaborg. Daar hebben we in 2010 met plezier een weekje op de&nbsp;<a rel=\"noreferrer noopener\" href=\"https:\/\/www.campercontact.com\/nl\/denemarken\/faaborg\/55411\/faaborg-camping\" target=\"_blank\">camping<\/a>&nbsp;gestaan (toen nog met de caravan).&nbsp;<\/p>\n\n\n\n<p>Morgen houden we hier onze laatste rustdag.<\/p>\n<\/div>\n<\/div>\n\n\n\n<div style=\"height:35px\" aria-hidden=\"true\" class=\"wp-block-spacer\"><\/div>\n\n\n\n<div class=\"wp-block-columns is-layout-flex wp-container-core-columns-is-layout-9d6595d7 wp-block-columns-is-layout-flex\">\n<div class=\"wp-block-column is-layout-flow wp-block-column-is-layout-flow\">\n<p class=\"has-orange-background-color has-background\" id=\"dag49\"><\/p>\n<\/div>\n<\/div>\n\n\n\n<div class=\"wp-block-columns is-layout-flex wp-container-core-columns-is-layout-9d6595d7 wp-block-columns-is-layout-flex\">\n<div class=\"wp-block-column is-layout-flow wp-block-column-is-layout-flow\" style=\"flex-basis:33.33%\">\n<p class=\"has-small-font-size\"><a href=\"#titel\">top<\/a><\/p>\n<\/div>\n\n\n\n<div class=\"wp-block-column is-layout-flow wp-block-column-is-layout-flow\" style=\"flex-basis:66.66%\">\n<p><strong>FAABORG IS GEZELLIG<\/strong><br>dag 49 &nbsp; &nbsp; &nbsp; vr 20 juli 2018<br>rustdag in Faaborg &nbsp; &nbsp; &nbsp; 0 km<\/p>\n<\/div>\n<\/div>\n\n\n\n<div style=\"height:20px\" aria-hidden=\"true\" class=\"wp-block-spacer\"><\/div>\n\n\n\n<div class=\"wp-block-columns is-layout-flex wp-container-core-columns-is-layout-9d6595d7 wp-block-columns-is-layout-flex\">\n<div class=\"wp-block-column is-layout-flow wp-block-column-is-layout-flow\" style=\"flex-basis:33.33%\"><\/div>\n\n\n\n<div class=\"wp-block-column is-layout-flow wp-block-column-is-layout-flow\" style=\"flex-basis:66.66%\">\n<p>Van onze vakantie (zo noemden we dat toen nog) in 2010 weten we, dat Faaborg een gezellig stadje is. Het is vrij oud, met (helaas) hier en daar wat moderne inpassingen. Het centrum heeft een gezellige torvet (plein), en er zijn smalle straatjes met oude, kleurige huisjes.<\/p>\n<\/div>\n<\/div>\n\n\n\n<div class=\"wp-block-columns is-layout-flex wp-container-core-columns-is-layout-9d6595d7 wp-block-columns-is-layout-flex\">\n<div class=\"wp-block-column is-layout-flow wp-block-column-is-layout-flow\">\n<figure class=\"wp-block-image size-full\"><a href=\"https:\/\/tedenloesopreis.nl\/wp-content\/uploads\/2023\/12\/IMG_6100-1024x768-1.jpg\" target=\"_blank\" rel=\"noreferrer noopener\"><img loading=\"lazy\" decoding=\"async\" width=\"1024\" height=\"768\" src=\"https:\/\/tedenloesopreis.nl\/wp-content\/uploads\/2023\/12\/IMG_6100-1024x768-1.jpg\" alt=\"\" class=\"wp-image-8992\" srcset=\"https:\/\/tedenloesopreis.nl\/wp-content\/uploads\/2023\/12\/IMG_6100-1024x768-1.jpg 1024w, https:\/\/tedenloesopreis.nl\/wp-content\/uploads\/2023\/12\/IMG_6100-1024x768-1-300x225.jpg 300w, https:\/\/tedenloesopreis.nl\/wp-content\/uploads\/2023\/12\/IMG_6100-1024x768-1-768x576.jpg 768w\" sizes=\"auto, (max-width: 1024px) 100vw, 1024px\" \/><\/a><figcaption class=\"wp-element-caption\"><em>gezellig plein in Faaborg<\/em><\/figcaption><\/figure>\n<\/div>\n\n\n\n<div class=\"wp-block-column is-layout-flow wp-block-column-is-layout-flow\">\n<figure class=\"wp-block-image size-full\"><a href=\"https:\/\/tedenloesopreis.nl\/wp-content\/uploads\/2023\/12\/IMG_6099-1024x768-2.jpg\" target=\"_blank\" rel=\"noreferrer noopener\"><img loading=\"lazy\" decoding=\"async\" width=\"1024\" height=\"768\" src=\"https:\/\/tedenloesopreis.nl\/wp-content\/uploads\/2023\/12\/IMG_6099-1024x768-2.jpg\" alt=\"\" class=\"wp-image-8987\" srcset=\"https:\/\/tedenloesopreis.nl\/wp-content\/uploads\/2023\/12\/IMG_6099-1024x768-2.jpg 1024w, https:\/\/tedenloesopreis.nl\/wp-content\/uploads\/2023\/12\/IMG_6099-1024x768-2-300x225.jpg 300w, https:\/\/tedenloesopreis.nl\/wp-content\/uploads\/2023\/12\/IMG_6099-1024x768-2-768x576.jpg 768w\" sizes=\"auto, (max-width: 1024px) 100vw, 1024px\" \/><\/a><figcaption class=\"wp-element-caption\"><em>een straatje in Faaborg<\/em><\/figcaption><\/figure>\n<\/div>\n\n\n\n<div class=\"wp-block-column is-layout-flow wp-block-column-is-layout-flow\">\n<figure class=\"wp-block-image size-full\"><a href=\"https:\/\/tedenloesopreis.nl\/wp-content\/uploads\/2023\/12\/IMG_6101-1024x768-1.jpg\" target=\"_blank\" rel=\"noreferrer noopener\"><img loading=\"lazy\" decoding=\"async\" width=\"1024\" height=\"768\" src=\"https:\/\/tedenloesopreis.nl\/wp-content\/uploads\/2023\/12\/IMG_6101-1024x768-1.jpg\" alt=\"\" class=\"wp-image-8988\" srcset=\"https:\/\/tedenloesopreis.nl\/wp-content\/uploads\/2023\/12\/IMG_6101-1024x768-1.jpg 1024w, https:\/\/tedenloesopreis.nl\/wp-content\/uploads\/2023\/12\/IMG_6101-1024x768-1-300x225.jpg 300w, https:\/\/tedenloesopreis.nl\/wp-content\/uploads\/2023\/12\/IMG_6101-1024x768-1-768x576.jpg 768w\" sizes=\"auto, (max-width: 1024px) 100vw, 1024px\" \/><\/a><figcaption class=\"wp-element-caption\"><em>nog een straatje in Faaborg<\/em><\/figcaption><\/figure>\n<\/div>\n<\/div>\n\n\n\n<div class=\"wp-block-columns is-layout-flex wp-container-core-columns-is-layout-9d6595d7 wp-block-columns-is-layout-flex\">\n<div class=\"wp-block-column is-layout-flow wp-block-column-is-layout-flow\">\n<figure class=\"wp-block-image size-full\"><a href=\"https:\/\/tedenloesopreis.nl\/wp-content\/uploads\/2023\/12\/IMG_6094-1024x768-1.jpg\" target=\"_blank\" rel=\"noreferrer noopener\"><img loading=\"lazy\" decoding=\"async\" width=\"1024\" height=\"768\" src=\"https:\/\/tedenloesopreis.nl\/wp-content\/uploads\/2023\/12\/IMG_6094-1024x768-1.jpg\" alt=\"\" class=\"wp-image-8989\" srcset=\"https:\/\/tedenloesopreis.nl\/wp-content\/uploads\/2023\/12\/IMG_6094-1024x768-1.jpg 1024w, https:\/\/tedenloesopreis.nl\/wp-content\/uploads\/2023\/12\/IMG_6094-1024x768-1-300x225.jpg 300w, https:\/\/tedenloesopreis.nl\/wp-content\/uploads\/2023\/12\/IMG_6094-1024x768-1-768x576.jpg 768w\" sizes=\"auto, (max-width: 1024px) 100vw, 1024px\" \/><\/a><figcaption class=\"wp-element-caption\"><em>een binnenplaats in Faaborg<\/em><\/figcaption><\/figure>\n<\/div>\n\n\n\n<div class=\"wp-block-column is-layout-flow wp-block-column-is-layout-flow\">\n<figure class=\"wp-block-image size-full is-resized\"><a href=\"https:\/\/tedenloesopreis.nl\/wp-content\/uploads\/2023\/12\/IMG_6104-1024x768-1.jpg\" target=\"_blank\" rel=\"noreferrer noopener\"><img loading=\"lazy\" decoding=\"async\" width=\"1024\" height=\"768\" src=\"https:\/\/tedenloesopreis.nl\/wp-content\/uploads\/2023\/12\/IMG_6104-1024x768-1.jpg\" alt=\"\" class=\"wp-image-8990\" style=\"aspect-ratio:1;width:259px;height:auto\" srcset=\"https:\/\/tedenloesopreis.nl\/wp-content\/uploads\/2023\/12\/IMG_6104-1024x768-1.jpg 1024w, https:\/\/tedenloesopreis.nl\/wp-content\/uploads\/2023\/12\/IMG_6104-1024x768-1-300x225.jpg 300w, https:\/\/tedenloesopreis.nl\/wp-content\/uploads\/2023\/12\/IMG_6104-1024x768-1-768x576.jpg 768w\" sizes=\"auto, (max-width: 1024px) 100vw, 1024px\" \/><\/a><figcaption class=\"wp-element-caption\"><em>het jachthaventje van Faaborg<\/em><\/figcaption><\/figure>\n<\/div>\n\n\n\n<div class=\"wp-block-column is-layout-flow wp-block-column-is-layout-flow\">\n<figure class=\"wp-block-image size-full\"><a href=\"https:\/\/tedenloesopreis.nl\/wp-content\/uploads\/2023\/12\/IMG_6107-1024x768-1.jpg\" target=\"_blank\" rel=\"noreferrer noopener\"><img loading=\"lazy\" decoding=\"async\" width=\"1024\" height=\"768\" src=\"https:\/\/tedenloesopreis.nl\/wp-content\/uploads\/2023\/12\/IMG_6107-1024x768-1.jpg\" alt=\"\" class=\"wp-image-8991\" srcset=\"https:\/\/tedenloesopreis.nl\/wp-content\/uploads\/2023\/12\/IMG_6107-1024x768-1.jpg 1024w, https:\/\/tedenloesopreis.nl\/wp-content\/uploads\/2023\/12\/IMG_6107-1024x768-1-300x225.jpg 300w, https:\/\/tedenloesopreis.nl\/wp-content\/uploads\/2023\/12\/IMG_6107-1024x768-1-768x576.jpg 768w\" sizes=\"auto, (max-width: 1024px) 100vw, 1024px\" \/><\/a><figcaption class=\"wp-element-caption\"><em>een fotogeniek stel (in Faaborg)<\/em><\/figcaption><\/figure>\n<\/div>\n<\/div>\n\n\n\n<div class=\"wp-block-columns is-layout-flex wp-container-core-columns-is-layout-9d6595d7 wp-block-columns-is-layout-flex\">\n<div class=\"wp-block-column is-layout-flow wp-block-column-is-layout-flow\" style=\"flex-basis:33.33%\"><\/div>\n\n\n\n<div class=\"wp-block-column is-layout-flow wp-block-column-is-layout-flow\" style=\"flex-basis:66.66%\">\n<p>Morgen gaan we weer verder. Allereerst met de veerboot naar Jutland (we kunnen het niet laten), en dan richting Gl\u00fcckstad. We denken daar onze tweede ferry van de dag te scoren. Over de Elbe zoeken we een plekje voor de nacht.<\/p>\n<\/div>\n<\/div>\n\n\n\n<div style=\"height:35px\" aria-hidden=\"true\" class=\"wp-block-spacer\"><\/div>\n\n\n\n<div class=\"wp-block-columns is-layout-flex wp-container-core-columns-is-layout-9d6595d7 wp-block-columns-is-layout-flex\">\n<div class=\"wp-block-column is-layout-flow wp-block-column-is-layout-flow\">\n<p class=\"has-orange-background-color has-background\" id=\"dag50\"><\/p>\n<\/div>\n<\/div>\n\n\n\n<div class=\"wp-block-columns is-layout-flex wp-container-core-columns-is-layout-9d6595d7 wp-block-columns-is-layout-flex\">\n<div class=\"wp-block-column is-layout-flow wp-block-column-is-layout-flow\" style=\"flex-basis:33.33%\">\n<p class=\"has-small-font-size\"><a href=\"#titel\">top<\/a><\/p>\n<\/div>\n\n\n\n<div class=\"wp-block-column is-layout-flow wp-block-column-is-layout-flow\" style=\"flex-basis:66.66%\">\n<p><strong>TWEE VEERBOTEN VERDER<\/strong><br>dag 50 &nbsp; &nbsp; &nbsp; za 21 juli 2018<br><a href=\"https:\/\/www.google.com\/maps\/d\/viewer?mid=1ppSBQ9S4qvhwpnnp7FQHUjtXE2rX4B2y&amp;ll=54.17173819794004%2C8.761146534423915&amp;z=8\" target=\"_blank\" rel=\"noreferrer noopener\">Faaborg \u2013 Westerstede<\/a>&nbsp;&nbsp; &nbsp; &nbsp; 381 km<\/p>\n<\/div>\n<\/div>\n\n\n\n<div style=\"height:20px\" aria-hidden=\"true\" class=\"wp-block-spacer\"><\/div>\n\n\n\n<div class=\"wp-block-columns is-layout-flex wp-container-core-columns-is-layout-9d6595d7 wp-block-columns-is-layout-flex\">\n<div class=\"wp-block-column is-layout-flow wp-block-column-is-layout-flow\" style=\"flex-basis:33.33%\">\n<figure class=\"wp-block-image size-full\"><a href=\"https:\/\/tedenloesopreis.nl\/wp-content\/uploads\/2023\/12\/IMG_6116-1024x768-1.jpg\" target=\"_blank\" rel=\"noreferrer noopener\"><img loading=\"lazy\" decoding=\"async\" width=\"1024\" height=\"768\" src=\"https:\/\/tedenloesopreis.nl\/wp-content\/uploads\/2023\/12\/IMG_6116-1024x768-1.jpg\" alt=\"\" class=\"wp-image-8994\" srcset=\"https:\/\/tedenloesopreis.nl\/wp-content\/uploads\/2023\/12\/IMG_6116-1024x768-1.jpg 1024w, https:\/\/tedenloesopreis.nl\/wp-content\/uploads\/2023\/12\/IMG_6116-1024x768-1-300x225.jpg 300w, https:\/\/tedenloesopreis.nl\/wp-content\/uploads\/2023\/12\/IMG_6116-1024x768-1-768x576.jpg 768w\" sizes=\"auto, (max-width: 1024px) 100vw, 1024px\" \/><\/a><figcaption class=\"wp-element-caption\"><em>afscheid van Fyn<\/em><\/figcaption><\/figure>\n<\/div>\n\n\n\n<div class=\"wp-block-column is-layout-flow wp-block-column-is-layout-flow\" style=\"flex-basis:66.66%\">\n<p>We denken dat het een goed idee is om twee ferries te nemen vandaag. Wat is het druk op de autosnelwegen in Denemarken en Duitsland.&nbsp;<\/p>\n\n\n\n<p>Door de veerboot van B\u00f8jden naar Fynshav te nemen (incl. de ochtendcappuccino), vermijden we de knelpunten bij Odense en Kolding. Volgens Google Maps is het daar donkerrood tot zwart, wat stilstaand of langzaam rijdend verkeer betekent.<br><br>Als we net ten zuiden van Aabenraa de E45 opdraaien, kunnen we aansluiten in een rij die niet sneller gaat dan 80 km per uur, met om de haverklap een serie rode remlichten, waardoor de snelheid nog verder zakt. Het noordwaartse verkeer staat overwegend stil.&nbsp;<\/p>\n\n\n\n<p>We voelen er niets voor om op zo\u2019n superdrukke autosnelweg te blijven. Daarom rijden we niet door naar Rendsburg, maar nemen we na Flensburg de 200 naar Husum. Daar nemen we de 5 naar Heide en Brunsb\u00fcttel. Voorbij het Nord-Ostseekanaal slaan we af naar Gl\u00fcckstadt. Door daar het veer naar Wischhafen te nemen, omzeilen we veel donkerrood en zwart verkeer bij Hamburg en Bremen.&nbsp;<\/p>\n\n\n\n<p>We hoeven in Gl\u00fcckstadt maar 20 minuten te wachten. Onderweg naar de overkant blijkt de Elbe minder leeg dan bij voorgaande overtochten. Er komt een flink containerschip aan, en de veerboot moet uitwijken om het containerschip voorrang te verlenen.<\/p>\n<\/div>\n<\/div>\n\n\n\n<div class=\"wp-block-columns is-layout-flex wp-container-core-columns-is-layout-9d6595d7 wp-block-columns-is-layout-flex\">\n<div class=\"wp-block-column is-layout-flow wp-block-column-is-layout-flow\"><\/div>\n\n\n\n<div class=\"wp-block-column is-layout-flow wp-block-column-is-layout-flow\">\n<figure class=\"wp-block-image size-full\"><a href=\"https:\/\/tedenloesopreis.nl\/wp-content\/uploads\/2023\/12\/IMG_6120-1024x768-1.jpg\" target=\"_blank\" rel=\"noreferrer noopener\"><img loading=\"lazy\" decoding=\"async\" width=\"1024\" height=\"768\" src=\"https:\/\/tedenloesopreis.nl\/wp-content\/uploads\/2023\/12\/IMG_6120-1024x768-1.jpg\" alt=\"\" class=\"wp-image-8995\" srcset=\"https:\/\/tedenloesopreis.nl\/wp-content\/uploads\/2023\/12\/IMG_6120-1024x768-1.jpg 1024w, https:\/\/tedenloesopreis.nl\/wp-content\/uploads\/2023\/12\/IMG_6120-1024x768-1-300x225.jpg 300w, https:\/\/tedenloesopreis.nl\/wp-content\/uploads\/2023\/12\/IMG_6120-1024x768-1-768x576.jpg 768w\" sizes=\"auto, (max-width: 1024px) 100vw, 1024px\" \/><\/a><figcaption class=\"wp-element-caption\"><em>uitwijken voor een containerschip op de Elbe<\/em><\/figcaption><\/figure>\n<\/div>\n\n\n\n<div class=\"wp-block-column is-layout-flow wp-block-column-is-layout-flow\">\n<figure class=\"wp-block-image size-full\"><a href=\"https:\/\/tedenloesopreis.nl\/wp-content\/uploads\/2023\/12\/IMG_6121-1024x768-1.jpg\" target=\"_blank\" rel=\"noreferrer noopener\"><img loading=\"lazy\" decoding=\"async\" width=\"1024\" height=\"768\" src=\"https:\/\/tedenloesopreis.nl\/wp-content\/uploads\/2023\/12\/IMG_6121-1024x768-1.jpg\" alt=\"\" class=\"wp-image-8996\" srcset=\"https:\/\/tedenloesopreis.nl\/wp-content\/uploads\/2023\/12\/IMG_6121-1024x768-1.jpg 1024w, https:\/\/tedenloesopreis.nl\/wp-content\/uploads\/2023\/12\/IMG_6121-1024x768-1-300x225.jpg 300w, https:\/\/tedenloesopreis.nl\/wp-content\/uploads\/2023\/12\/IMG_6121-1024x768-1-768x576.jpg 768w\" sizes=\"auto, (max-width: 1024px) 100vw, 1024px\" \/><\/a><figcaption class=\"wp-element-caption\"><em>we naderen Wischhafen<\/em><\/figcaption><\/figure>\n<\/div>\n<\/div>\n\n\n\n<div class=\"wp-block-columns is-layout-flex wp-container-core-columns-is-layout-9d6595d7 wp-block-columns-is-layout-flex\">\n<div class=\"wp-block-column is-layout-flow wp-block-column-is-layout-flow\" style=\"flex-basis:33.33%\">\n<figure class=\"wp-block-image size-full\"><a href=\"https:\/\/tedenloesopreis.nl\/wp-content\/uploads\/2023\/12\/IMG_6130-1024x768-1.jpg\" target=\"_blank\" rel=\"noreferrer noopener\"><img loading=\"lazy\" decoding=\"async\" width=\"1024\" height=\"768\" src=\"https:\/\/tedenloesopreis.nl\/wp-content\/uploads\/2023\/12\/IMG_6130-1024x768-1.jpg\" alt=\"\" class=\"wp-image-8997\" srcset=\"https:\/\/tedenloesopreis.nl\/wp-content\/uploads\/2023\/12\/IMG_6130-1024x768-1.jpg 1024w, https:\/\/tedenloesopreis.nl\/wp-content\/uploads\/2023\/12\/IMG_6130-1024x768-1-300x225.jpg 300w, https:\/\/tedenloesopreis.nl\/wp-content\/uploads\/2023\/12\/IMG_6130-1024x768-1-768x576.jpg 768w\" sizes=\"auto, (max-width: 1024px) 100vw, 1024px\" \/><\/a><figcaption class=\"wp-element-caption\"><em>op de camperplaats in Westerstede<\/em><\/figcaption><\/figure>\n<\/div>\n\n\n\n<div class=\"wp-block-column is-layout-flow wp-block-column-is-layout-flow\" style=\"flex-basis:66.66%\">\n<p>Vanaf Wischhafen gaat het via Bad Bederkesa en Bremerhaven naar de Wesertunnel. Vandaar rijden we, net als vorig jaar, naar de&nbsp;<a href=\"https:\/\/www.campercontact.com\/nl\/duitsland\/nedersaksen\/westerstede\/74953\/wohnmobilstellplatz-westerstede\" target=\"_blank\" rel=\"noreferrer noopener\">camperplaats van Westerstede<\/a>, voor de laatste overnachting van deze reis.&nbsp;<\/p>\n\n\n\n<p>De teller staat inmiddels op 9911 km.<\/p>\n<\/div>\n<\/div>\n\n\n\n<div style=\"height:35px\" aria-hidden=\"true\" class=\"wp-block-spacer\"><\/div>\n\n\n\n<div class=\"wp-block-columns is-layout-flex wp-container-core-columns-is-layout-9d6595d7 wp-block-columns-is-layout-flex\">\n<div class=\"wp-block-column is-layout-flow wp-block-column-is-layout-flow\">\n<p class=\"has-orange-background-color has-background\" id=\"dag51\"><\/p>\n<\/div>\n<\/div>\n\n\n\n<div class=\"wp-block-columns is-layout-flex wp-container-core-columns-is-layout-9d6595d7 wp-block-columns-is-layout-flex\">\n<div class=\"wp-block-column is-layout-flow wp-block-column-is-layout-flow\" style=\"flex-basis:33.33%\">\n<p class=\"has-small-font-size\"><a href=\"#titel\">top<\/a><\/p>\n<\/div>\n\n\n\n<div class=\"wp-block-column is-layout-flow wp-block-column-is-layout-flow\" style=\"flex-basis:66.66%\">\n<p><strong>WEER VEILIG THUIS<\/strong><br>dag 51 &nbsp; &nbsp; &nbsp; zo 22 juli 2018<br><a href=\"https:\/\/www.google.com\/maps\/d\/viewer?mid=1hFk73dKiixsPnqc_RSJdASWKLv3fC0n8&amp;ll=52.382957045075194%2C5.919015243190996&amp;z=8\" target=\"_blank\" rel=\"noreferrer noopener\">Westerstede \u2013 Tilburg<\/a>&nbsp;&nbsp; &nbsp; &nbsp; 400 km<\/p>\n<\/div>\n<\/div>\n\n\n\n<div style=\"height:20px\" aria-hidden=\"true\" class=\"wp-block-spacer\"><\/div>\n\n\n\n<div class=\"wp-block-columns is-layout-flex wp-container-core-columns-is-layout-9d6595d7 wp-block-columns-is-layout-flex\">\n<div class=\"wp-block-column is-layout-flow wp-block-column-is-layout-flow\" style=\"flex-basis:33.33%\"><\/div>\n\n\n\n<div class=\"wp-block-column is-layout-flow wp-block-column-is-layout-flow\" style=\"flex-basis:66.66%\">\n<p>We vertrekken vanochtend, net als vorig jaar, op ons gemak uit Westerstede. Dit keer kiezen we voor de route over Groningen en Drente: voorbij Leer de A7 richting Groningen, voorbij Winschoten de N33 naar Assen, bij Assen de A28 naar Zwolle, bij Hattummerbroek de A50 naar Arnhem, even een uitstapje naar Groessen voor een bezoekje aan Bartek en Marloes, vervolgens de A50, N65, A58 naar de Reeshof voor een bezoekje aan Luuk, Floor, Mirjam en Oskar, en uiteindelijk naar huis. De tellerstand komt uit op 10311 kilometer.<br><br><br><br><br><br><br><br><br><br><br><br><br><br><br><br><br><br><br><br><br><br><br><br><br><br><br><br><br><br><br><br><br><br><br><br><\/p>\n<\/div>\n<\/div>\n","protected":false},"excerpt":{"rendered":"<p>NOORDKAAP 2018 In 2018 hebben we van 2 juni tot en met 22 juli een rondreis gemaakt door Scandinavi\u00eb: via de Zweedse oostkust en Fins Lapland naar de [&hellip;]<\/p>\n","protected":false},"author":1,"featured_media":0,"parent":0,"menu_order":0,"comment_status":"closed","ping_status":"closed","template":"","meta":{"footnotes":""},"class_list":["post-8584","page","type-page","status-publish","hentry"],"_links":{"self":[{"href":"https:\/\/tedenloesopreis.nl\/index.php\/wp-json\/wp\/v2\/pages\/8584","targetHints":{"allow":["GET"]}}],"collection":[{"href":"https:\/\/tedenloesopreis.nl\/index.php\/wp-json\/wp\/v2\/pages"}],"about":[{"href":"https:\/\/tedenloesopreis.nl\/index.php\/wp-json\/wp\/v2\/types\/page"}],"author":[{"embeddable":true,"href":"https:\/\/tedenloesopreis.nl\/index.php\/wp-json\/wp\/v2\/users\/1"}],"replies":[{"embeddable":true,"href":"https:\/\/tedenloesopreis.nl\/index.php\/wp-json\/wp\/v2\/comments?post=8584"}],"version-history":[{"count":139,"href":"https:\/\/tedenloesopreis.nl\/index.php\/wp-json\/wp\/v2\/pages\/8584\/revisions"}],"predecessor-version":[{"id":12000,"href":"https:\/\/tedenloesopreis.nl\/index.php\/wp-json\/wp\/v2\/pages\/8584\/revisions\/12000"}],"wp:attachment":[{"href":"https:\/\/tedenloesopreis.nl\/index.php\/wp-json\/wp\/v2\/media?parent=8584"}],"curies":[{"name":"wp","href":"https:\/\/api.w.org\/{rel}","templated":true}]}}