{"id":9094,"date":"2023-12-13T22:35:43","date_gmt":"2023-12-13T22:35:43","guid":{"rendered":"https:\/\/tedenloesopreis.nl\/?page_id=9094"},"modified":"2025-02-24T21:18:44","modified_gmt":"2025-02-24T21:18:44","slug":"iberie-2019","status":"publish","type":"page","link":"https:\/\/tedenloesopreis.nl\/index.php\/iberie-2019\/","title":{"rendered":"IBERI\u00cb-2019"},"content":{"rendered":"\n<div style=\"height:35px\" aria-hidden=\"true\" class=\"wp-block-spacer\"><\/div>\n\n\n\n<div class=\"wp-block-columns is-layout-flex wp-container-core-columns-is-layout-9d6595d7 wp-block-columns-is-layout-flex\">\n<div class=\"wp-block-column is-layout-flow wp-block-column-is-layout-flow\" style=\"flex-basis:33.33%\"><\/div>\n\n\n\n<div class=\"wp-block-column is-layout-flow wp-block-column-is-layout-flow\" style=\"flex-basis:66.66%\">\n<p class=\"has-larger-font-size\" id=\"titel\"><strong>IBERI\u00cb 2019<\/strong><\/p>\n<\/div>\n<\/div>\n\n\n\n<div class=\"wp-block-columns is-layout-flex wp-container-core-columns-is-layout-9d6595d7 wp-block-columns-is-layout-flex\">\n<div class=\"wp-block-column is-layout-flow wp-block-column-is-layout-flow\" style=\"flex-basis:33.33%\">\n<figure class=\"wp-block-image size-full\"><a href=\"https:\/\/tedenloesopreis.nl\/wp-content\/uploads\/2023\/12\/IMG_0753-1-1024x768-2.jpg\" target=\"_blank\" rel=\"noreferrer noopener\"><img loading=\"lazy\" decoding=\"async\" width=\"1024\" height=\"768\" src=\"https:\/\/tedenloesopreis.nl\/wp-content\/uploads\/2023\/12\/IMG_0753-1-1024x768-2.jpg\" alt=\"\" class=\"wp-image-9095\" srcset=\"https:\/\/tedenloesopreis.nl\/wp-content\/uploads\/2023\/12\/IMG_0753-1-1024x768-2.jpg 1024w, https:\/\/tedenloesopreis.nl\/wp-content\/uploads\/2023\/12\/IMG_0753-1-1024x768-2-300x225.jpg 300w, https:\/\/tedenloesopreis.nl\/wp-content\/uploads\/2023\/12\/IMG_0753-1-1024x768-2-768x576.jpg 768w\" sizes=\"auto, (max-width: 1024px) 100vw, 1024px\" \/><\/a><\/figure>\n<\/div>\n\n\n\n<div class=\"wp-block-column is-layout-flow wp-block-column-is-layout-flow\" style=\"flex-basis:66.66%\">\n<p>In 2019 hebben we van 4 mei tot en met 30 juni een rondreis gemaakt door West-Spanje, Portugal en Noord-Spanje.<br>In 58 dagen hebben we 33 etappes gereden, waarbij we 7426 km hebben afgelegd.<\/p>\n\n\n\n<p><a href=\"https:\/\/www.google.com\/maps\/d\/viewer?mid=1TCZ9HQvHEFQCv8VNwVbaHP-AC_ESBZhR&amp;femb=1&amp;ll=44.36152511895688%2C-5.61286797377489&amp;z=4\" target=\"_blank\" rel=\"noreferrer noopener\">routekaart<\/a><br><a href=\"http:\/\/tedenloesopreis.nl\/index.php\/iberie-2019-campings\/\">campings en camperplaatsen<br><\/a><a href=\"http:\/\/tedenloesopreis.nl\/index.php\/iberie-2019-inhoud\/\">inhoud<\/a><br><a href=\"https:\/\/tedenloesopreis.nl\/index.php\/iberie-2019-tags\/\">tags<\/a><br><br><a href=\"http:\/\/tedenloesopreis.nl\/index.php\/iberie-2019-inleiding\/\">inleiding<\/a><br><\/p>\n<\/div>\n<\/div>\n\n\n\n<div style=\"height:35px\" aria-hidden=\"true\" class=\"wp-block-spacer\"><\/div>\n\n\n\n<div class=\"wp-block-columns is-layout-flex wp-container-core-columns-is-layout-9d6595d7 wp-block-columns-is-layout-flex\">\n<div class=\"wp-block-column is-layout-flow wp-block-column-is-layout-flow\">\n<p class=\"has-orange-background-color has-background\" id=\"dag01\"><\/p>\n<\/div>\n<\/div>\n\n\n\n<div class=\"wp-block-columns is-layout-flex wp-container-core-columns-is-layout-9d6595d7 wp-block-columns-is-layout-flex\">\n<div class=\"wp-block-column is-layout-flow wp-block-column-is-layout-flow\" style=\"flex-basis:33.33%\">\n<p class=\"has-small-font-size\"><a href=\"#titel\">top<\/a><\/p>\n<\/div>\n\n\n\n<div class=\"wp-block-column is-layout-flow wp-block-column-is-layout-flow\" style=\"flex-basis:66.66%\">\n<p><strong>IETS VOORBIJ PARIJS<\/strong><br>dag 01 &nbsp; &nbsp; &nbsp;za 4 mei 2019<br><a href=\"https:\/\/www.google.com\/maps\/d\/viewer?mid=1LEtb4JOKChHPUvgeQg3vuSqqfbl69S8S&amp;ll=50.11161351071856%2C3.143886742394879&amp;z=8\" target=\"_blank\" rel=\"noreferrer noopener\">Tilburg \u2013 Melun<\/a>&nbsp;&nbsp; &nbsp; &nbsp;&nbsp;501 km<\/p>\n<\/div>\n<\/div>\n\n\n\n<div style=\"height:20px\" aria-hidden=\"true\" class=\"wp-block-spacer\"><\/div>\n\n\n\n<div class=\"wp-block-columns is-layout-flex wp-container-core-columns-is-layout-9d6595d7 wp-block-columns-is-layout-flex\">\n<div class=\"wp-block-column is-layout-flow wp-block-column-is-layout-flow\" style=\"flex-basis:33.33%\"><\/div>\n\n\n\n<div class=\"wp-block-column is-layout-flow wp-block-column-is-layout-flow\" style=\"flex-basis:66.66%\">\n<p>We rijden vandaag naar Melun, iets voorbij Parijs. Dat is een rit van 501 km, waarmee we op de eerste dag al ongeveer 7% van de geplande afstand afleggen.&nbsp;<\/p>\n\n\n\n<p>Voor deze reis naar Spanje en Portugal zijn Belgi\u00eb en Frankrijk vooral doorreislanden (alhoewel we morgen in de buurt van Limoges w\u00e9l een culturele stop zullen maken). Daarbij hebben we als stelregel, dat we in Frankrijk niet over de tolwegen rijden (tenzij het echt niet anders kan). Ook willen we, om de drukte te ontlopen, enige afstand tot Parijs bewaren.&nbsp;<\/p>\n\n\n\n<p>We vertrekken rond half tien, uitgezwaaid door onze buren Paul en Jeannette (dat is inmiddels een goede gewoonte).&nbsp;We rijden via Breda naar Antwerpen, waar we de afslag naar Brussel nemen. Bij Brussel volgen we de westelijke ring, de E19, ook al hebben TomTom en Google Maps een duidelijke voorkeur voor de oostelijke ring. Als je de E19 maar blijft volgen (en dat doen we al sinds we bij Hazeldonk de grens zijn overgestoken), dan kom je vanzelf in de buurt van Mons (Bergen). Onderweg krijgen we met onze eerste stortbui van de dag te maken. Er zullen er nog verschillende volgen, afgewisseld door zonnige perioden.<\/p>\n<\/div>\n<\/div>\n\n\n\n<div class=\"wp-block-columns is-layout-flex wp-container-core-columns-is-layout-9d6595d7 wp-block-columns-is-layout-flex\">\n<div class=\"wp-block-column is-layout-flow wp-block-column-is-layout-flow\"><\/div>\n\n\n\n<div class=\"wp-block-column is-layout-flow wp-block-column-is-layout-flow\">\n<figure class=\"wp-block-image size-full\"><a href=\"https:\/\/tedenloesopreis.nl\/wp-content\/uploads\/2023\/12\/IMG_0286-1024x768-1.jpg\" target=\"_blank\" rel=\"noreferrer noopener\"><img loading=\"lazy\" decoding=\"async\" width=\"1024\" height=\"768\" src=\"https:\/\/tedenloesopreis.nl\/wp-content\/uploads\/2023\/12\/IMG_0286-1024x768-1.jpg\" alt=\"\" class=\"wp-image-9108\" srcset=\"https:\/\/tedenloesopreis.nl\/wp-content\/uploads\/2023\/12\/IMG_0286-1024x768-1.jpg 1024w, https:\/\/tedenloesopreis.nl\/wp-content\/uploads\/2023\/12\/IMG_0286-1024x768-1-300x225.jpg 300w, https:\/\/tedenloesopreis.nl\/wp-content\/uploads\/2023\/12\/IMG_0286-1024x768-1-768x576.jpg 768w\" sizes=\"auto, (max-width: 1024px) 100vw, 1024px\" \/><\/a><figcaption class=\"wp-element-caption\"><em>stortbui tussen Brussel en Mons (Bergen)<\/em><\/figcaption><\/figure>\n<\/div>\n\n\n\n<div class=\"wp-block-column is-layout-flow wp-block-column-is-layout-flow\">\n<figure class=\"wp-block-image size-full\"><a href=\"https:\/\/tedenloesopreis.nl\/wp-content\/uploads\/2023\/12\/IMG_0288-1024x768-1.jpg\" target=\"_blank\" rel=\"noreferrer noopener\"><img loading=\"lazy\" decoding=\"async\" width=\"1024\" height=\"768\" src=\"https:\/\/tedenloesopreis.nl\/wp-content\/uploads\/2023\/12\/IMG_0288-1024x768-1.jpg\" alt=\"\" class=\"wp-image-9109\" srcset=\"https:\/\/tedenloesopreis.nl\/wp-content\/uploads\/2023\/12\/IMG_0288-1024x768-1.jpg 1024w, https:\/\/tedenloesopreis.nl\/wp-content\/uploads\/2023\/12\/IMG_0288-1024x768-1-300x225.jpg 300w, https:\/\/tedenloesopreis.nl\/wp-content\/uploads\/2023\/12\/IMG_0288-1024x768-1-768x576.jpg 768w\" sizes=\"auto, (max-width: 1024px) 100vw, 1024px\" \/><\/a><figcaption class=\"wp-element-caption\"><em>de eerste druppels<\/em><\/figcaption><\/figure>\n<\/div>\n<\/div>\n\n\n\n<div class=\"wp-block-columns is-layout-flex wp-container-core-columns-is-layout-9d6595d7 wp-block-columns-is-layout-flex\">\n<div class=\"wp-block-column is-layout-flow wp-block-column-is-layout-flow\" style=\"flex-basis:33.33%\">\n<figure class=\"wp-block-image size-full\"><a href=\"https:\/\/tedenloesopreis.nl\/wp-content\/uploads\/2023\/12\/IMG_0289-1024x768-1.jpg\" target=\"_blank\" rel=\"noreferrer noopener\"><img loading=\"lazy\" decoding=\"async\" width=\"1024\" height=\"768\" src=\"https:\/\/tedenloesopreis.nl\/wp-content\/uploads\/2023\/12\/IMG_0289-1024x768-1.jpg\" alt=\"\" class=\"wp-image-9110\" srcset=\"https:\/\/tedenloesopreis.nl\/wp-content\/uploads\/2023\/12\/IMG_0289-1024x768-1.jpg 1024w, https:\/\/tedenloesopreis.nl\/wp-content\/uploads\/2023\/12\/IMG_0289-1024x768-1-300x225.jpg 300w, https:\/\/tedenloesopreis.nl\/wp-content\/uploads\/2023\/12\/IMG_0289-1024x768-1-768x576.jpg 768w\" sizes=\"auto, (max-width: 1024px) 100vw, 1024px\" \/><\/a><figcaption class=\"wp-element-caption\"><em>op de camping in Melun<\/em><\/figcaption><\/figure>\n<\/div>\n\n\n\n<div class=\"wp-block-column is-layout-flow wp-block-column-is-layout-flow\" style=\"flex-basis:66.66%\">\n<p>Bij Mons willen we de R5 richting Maubeuge nemen, maar er wordt ter plaatse behoorlijk aan de E19 gesleuteld. De afslag naar de R5 is niet te vinden (dat kan aan ons liggen), dus we rijden nog een flink stuk verder, nemen een afrit en keren via de tegenoverliggende toerit terug naar Mons, en vinden aldaar nu w\u00e9l een afrit naar de R5. In Maubeuge, het is door al die stortbuien &nbsp;inmiddels afgekoeld tot 5\u00baC, kiezen we voor de N2. We rijden langs Laon en Soissons tot aan vliegveld Charles de Gaulle. Daar begint voor ons La Francilienne (A104\/N104), de buitenste rondweg van Parijs (ongetwijfeld bekend bij bezoekers van Disneyland-Parijs). Deze weg brengt ons in Melun. Daar staan we op camping&nbsp;<a href=\"https:\/\/www.campercontact.com\/nl\/frankrijk\/ile-de-france\/melun\/55390\/camping-la-belle-etoile\" target=\"_blank\" rel=\"noreferrer noopener\">La Belle Etoile<\/a>, aan de oever van de Seine.<\/p>\n<\/div>\n<\/div>\n\n\n\n<div style=\"height:35px\" aria-hidden=\"true\" class=\"wp-block-spacer\"><\/div>\n\n\n\n<div class=\"wp-block-columns is-layout-flex wp-container-core-columns-is-layout-9d6595d7 wp-block-columns-is-layout-flex\">\n<div class=\"wp-block-column is-layout-flow wp-block-column-is-layout-flow\">\n<p class=\"has-orange-background-color has-background\" id=\"dag02\"><\/p>\n<\/div>\n<\/div>\n\n\n\n<div class=\"wp-block-columns is-layout-flex wp-container-core-columns-is-layout-9d6595d7 wp-block-columns-is-layout-flex\">\n<div class=\"wp-block-column is-layout-flow wp-block-column-is-layout-flow\" style=\"flex-basis:33.33%\">\n<p class=\"has-small-font-size\"><a href=\"#titel\">top<\/a><\/p>\n<\/div>\n\n\n\n<div class=\"wp-block-column is-layout-flow wp-block-column-is-layout-flow\" style=\"flex-basis:66.66%\">\n<p><strong>MAG NIET WORDEN VERGETEN<\/strong><br>dag 02 &nbsp; &nbsp; &nbsp;zo 5 mei 2019<br><a href=\"https:\/\/www.google.com\/maps\/d\/viewer?mid=1zkLCrWO7D_xShrBmyRt7LlLK32fUjuf-&amp;ll=47.21872604808547%2C1.9108770685764886&amp;z=8\" target=\"_blank\" rel=\"noreferrer noopener\">Melun \u2013 Aixe-sur-Vienne<\/a>&nbsp;&nbsp; &nbsp; &nbsp;&nbsp;411 km<\/p>\n<\/div>\n<\/div>\n\n\n\n<div style=\"height:20px\" aria-hidden=\"true\" class=\"wp-block-spacer\"><\/div>\n\n\n\n<div class=\"wp-block-columns is-layout-flex wp-container-core-columns-is-layout-9d6595d7 wp-block-columns-is-layout-flex\">\n<div class=\"wp-block-column is-layout-flow wp-block-column-is-layout-flow\" style=\"flex-basis:33.33%\">\n<figure class=\"wp-block-image size-full\"><a href=\"https:\/\/tedenloesopreis.nl\/wp-content\/uploads\/2023\/12\/IMG_0097-1024x768-1.jpeg\" target=\"_blank\" rel=\"noreferrer noopener\"><img loading=\"lazy\" decoding=\"async\" width=\"1024\" height=\"768\" src=\"https:\/\/tedenloesopreis.nl\/wp-content\/uploads\/2023\/12\/IMG_0097-1024x768-1.jpeg\" alt=\"\" class=\"wp-image-9113\" srcset=\"https:\/\/tedenloesopreis.nl\/wp-content\/uploads\/2023\/12\/IMG_0097-1024x768-1.jpeg 1024w, https:\/\/tedenloesopreis.nl\/wp-content\/uploads\/2023\/12\/IMG_0097-1024x768-1-300x225.jpeg 300w, https:\/\/tedenloesopreis.nl\/wp-content\/uploads\/2023\/12\/IMG_0097-1024x768-1-768x576.jpeg 768w\" sizes=\"auto, (max-width: 1024px) 100vw, 1024px\" \/><\/a><figcaption class=\"wp-element-caption\"><em>camping in Aixe sur Vienne<\/em><\/figcaption><\/figure>\n<\/div>\n\n\n\n<div class=\"wp-block-column is-layout-flow wp-block-column-is-layout-flow\" style=\"flex-basis:66.66%\">\n<p id=\"oradour\">We zijn weer 411 km verder. We staan op&nbsp;<a href=\"https:\/\/www.campercontact.com\/nl\/frankrijk\/nouvelle-aquitaine\/aixe-sur-vienne\/15811\/camping-municipal-les-greves\" target=\"_blank\" rel=\"noreferrer noopener\">Camping Municipal Les Gr\u00e8ves<\/a>&nbsp;in Aixe-sur-Vienne, een klein plaatsje ten zuiden van Limoges.&nbsp;<br><br>Het eerste deel van de reis (Melun \u2013 Fontainebleau \u2013 Nemours \u2013 Montargis \u2013 Gien \u2013 La Chapelle d\u2019Angillon \u2013 Vierzon) verloopt een beetje traag. Blijkbaar zijn alle Roma en Sinti met hun busje met daarachter een kanjer van een caravan (vroeger reden ze met grote Tabberts, maar tegenwoordig zijn het vooral Fendts) op weg naar een bijeenkomst. Daarom zijn we blij om bij Vierzon de A20 naar Limoges op te draaien (tolvrij). Iets ten noorden van Limoges nemen we de D2007 richting Perigueux en vervolgens de N141 richting Angoul\u00eame. Op die weg nemen we de afslag naar Oradour-sur-Glane.<br><br>De titel van dit verslag heeft betrekking op Oradour-sur-Glane. Er is waarschijnlijk geen enkele plek in Frankrijk die zoveel trieste herinneringen oproept aan de tweede wereldoorlog. Tijdens de dagen die volgden op D-Day kwam het Franse verzet massaal in actie om de Duitsers te hinderen bij het sturen van versterkingen naar de Normandische invasiestranden. Bij die acties werd een Duitse SS-generaal ontvoerd. De Duitsers besloten, een vergeldingsactie uit te voeren. Het is onduidelijk, waarom zij daarbij Oradour-sur-Glane hebben uitgekozen.&nbsp;<\/p>\n\n\n\n<p>Tweehonderd SS\u2019ers omsingelden het dorp. De mannen van het dorp werden op verschillende plaatsen gefusilleerd, de vrouwen en kinderen werden opgesloten in de kerk, die vervolgens in brand werd gestoken. Tot slot werd het hele dorp opgeblazen en in brand gezet. Op bevel van Charles de Gaulle is het vernietigde plaatsje onaangeroerd gebleven en tot nationaal monument verklaard.<\/p>\n<\/div>\n<\/div>\n\n\n\n<div class=\"wp-block-columns is-layout-flex wp-container-core-columns-is-layout-9d6595d7 wp-block-columns-is-layout-flex\">\n<div class=\"wp-block-column is-layout-flow wp-block-column-is-layout-flow\">\n<figure class=\"wp-block-image size-full\"><a href=\"https:\/\/tedenloesopreis.nl\/wp-content\/uploads\/2023\/12\/IMG_0323-1024x768-1.jpg\" target=\"_blank\" rel=\"noreferrer noopener\"><img loading=\"lazy\" decoding=\"async\" width=\"1024\" height=\"768\" src=\"https:\/\/tedenloesopreis.nl\/wp-content\/uploads\/2023\/12\/IMG_0323-1024x768-1.jpg\" alt=\"\" class=\"wp-image-9114\" srcset=\"https:\/\/tedenloesopreis.nl\/wp-content\/uploads\/2023\/12\/IMG_0323-1024x768-1.jpg 1024w, https:\/\/tedenloesopreis.nl\/wp-content\/uploads\/2023\/12\/IMG_0323-1024x768-1-300x225.jpg 300w, https:\/\/tedenloesopreis.nl\/wp-content\/uploads\/2023\/12\/IMG_0323-1024x768-1-768x576.jpg 768w\" sizes=\"auto, (max-width: 1024px) 100vw, 1024px\" \/><\/a><figcaption class=\"wp-element-caption\"><em>eerste blik op Oradour<\/em><\/figcaption><\/figure>\n<\/div>\n\n\n\n<div class=\"wp-block-column is-layout-flow wp-block-column-is-layout-flow\">\n<figure class=\"wp-block-image size-full\"><a href=\"https:\/\/tedenloesopreis.nl\/wp-content\/uploads\/2023\/12\/IMG_0297-1024x768-1.jpg\" target=\"_blank\" rel=\"noreferrer noopener\"><img loading=\"lazy\" decoding=\"async\" width=\"1024\" height=\"768\" src=\"https:\/\/tedenloesopreis.nl\/wp-content\/uploads\/2023\/12\/IMG_0297-1024x768-1.jpg\" alt=\"\" class=\"wp-image-9115\" srcset=\"https:\/\/tedenloesopreis.nl\/wp-content\/uploads\/2023\/12\/IMG_0297-1024x768-1.jpg 1024w, https:\/\/tedenloesopreis.nl\/wp-content\/uploads\/2023\/12\/IMG_0297-1024x768-1-300x225.jpg 300w, https:\/\/tedenloesopreis.nl\/wp-content\/uploads\/2023\/12\/IMG_0297-1024x768-1-768x576.jpg 768w\" sizes=\"auto, (max-width: 1024px) 100vw, 1024px\" \/><\/a><figcaption class=\"wp-element-caption\"><em>eerste stappen in Oradour<\/em><\/figcaption><\/figure>\n<\/div>\n\n\n\n<div class=\"wp-block-column is-layout-flow wp-block-column-is-layout-flow\">\n<figure class=\"wp-block-image size-full\"><a href=\"https:\/\/tedenloesopreis.nl\/wp-content\/uploads\/2023\/12\/IMG_0299-1024x768-1.jpg\" target=\"_blank\" rel=\"noreferrer noopener\"><img loading=\"lazy\" decoding=\"async\" width=\"1024\" height=\"768\" src=\"https:\/\/tedenloesopreis.nl\/wp-content\/uploads\/2023\/12\/IMG_0299-1024x768-1.jpg\" alt=\"\" class=\"wp-image-9116\" srcset=\"https:\/\/tedenloesopreis.nl\/wp-content\/uploads\/2023\/12\/IMG_0299-1024x768-1.jpg 1024w, https:\/\/tedenloesopreis.nl\/wp-content\/uploads\/2023\/12\/IMG_0299-1024x768-1-300x225.jpg 300w, https:\/\/tedenloesopreis.nl\/wp-content\/uploads\/2023\/12\/IMG_0299-1024x768-1-768x576.jpg 768w\" sizes=\"auto, (max-width: 1024px) 100vw, 1024px\" \/><\/a><figcaption class=\"wp-element-caption\"><em>de hoofdstraat van Oradour<\/em><\/figcaption><\/figure>\n<\/div>\n<\/div>\n\n\n\n<div class=\"wp-block-columns is-layout-flex wp-container-core-columns-is-layout-9d6595d7 wp-block-columns-is-layout-flex\">\n<div class=\"wp-block-column is-layout-flow wp-block-column-is-layout-flow\">\n<figure class=\"wp-block-image size-full\"><a href=\"https:\/\/tedenloesopreis.nl\/wp-content\/uploads\/2023\/12\/IMG_0301-1024x768-1.jpg\" target=\"_blank\" rel=\"noreferrer noopener\"><img loading=\"lazy\" decoding=\"async\" width=\"1024\" height=\"768\" src=\"https:\/\/tedenloesopreis.nl\/wp-content\/uploads\/2023\/12\/IMG_0301-1024x768-1.jpg\" alt=\"\" class=\"wp-image-9117\" srcset=\"https:\/\/tedenloesopreis.nl\/wp-content\/uploads\/2023\/12\/IMG_0301-1024x768-1.jpg 1024w, https:\/\/tedenloesopreis.nl\/wp-content\/uploads\/2023\/12\/IMG_0301-1024x768-1-300x225.jpg 300w, https:\/\/tedenloesopreis.nl\/wp-content\/uploads\/2023\/12\/IMG_0301-1024x768-1-768x576.jpg 768w\" sizes=\"auto, (max-width: 1024px) 100vw, 1024px\" \/><\/a><figcaption class=\"wp-element-caption\"><em>de auto van de dokter<\/em><\/figcaption><\/figure>\n<\/div>\n\n\n\n<div class=\"wp-block-column is-layout-flow wp-block-column-is-layout-flow\">\n<figure class=\"wp-block-image size-full\"><a href=\"https:\/\/tedenloesopreis.nl\/wp-content\/uploads\/2023\/12\/IMG_0302-1024x768-1.jpg\" target=\"_blank\" rel=\"noreferrer noopener\"><img loading=\"lazy\" decoding=\"async\" width=\"1024\" height=\"768\" src=\"https:\/\/tedenloesopreis.nl\/wp-content\/uploads\/2023\/12\/IMG_0302-1024x768-1.jpg\" alt=\"\" class=\"wp-image-9118\" srcset=\"https:\/\/tedenloesopreis.nl\/wp-content\/uploads\/2023\/12\/IMG_0302-1024x768-1.jpg 1024w, https:\/\/tedenloesopreis.nl\/wp-content\/uploads\/2023\/12\/IMG_0302-1024x768-1-300x225.jpg 300w, https:\/\/tedenloesopreis.nl\/wp-content\/uploads\/2023\/12\/IMG_0302-1024x768-1-768x576.jpg 768w\" sizes=\"auto, (max-width: 1024px) 100vw, 1024px\" \/><\/a><figcaption class=\"wp-element-caption\"><em>nog een paar auto\u2019s<\/em><\/figcaption><\/figure>\n<\/div>\n\n\n\n<div class=\"wp-block-column is-layout-flow wp-block-column-is-layout-flow\">\n<figure class=\"wp-block-image size-full\"><a href=\"https:\/\/tedenloesopreis.nl\/wp-content\/uploads\/2023\/12\/IMG_0303-1024x768-1.jpg\" target=\"_blank\" rel=\"noreferrer noopener\"><img loading=\"lazy\" decoding=\"async\" width=\"1024\" height=\"768\" src=\"https:\/\/tedenloesopreis.nl\/wp-content\/uploads\/2023\/12\/IMG_0303-1024x768-1.jpg\" alt=\"\" class=\"wp-image-9119\" srcset=\"https:\/\/tedenloesopreis.nl\/wp-content\/uploads\/2023\/12\/IMG_0303-1024x768-1.jpg 1024w, https:\/\/tedenloesopreis.nl\/wp-content\/uploads\/2023\/12\/IMG_0303-1024x768-1-300x225.jpg 300w, https:\/\/tedenloesopreis.nl\/wp-content\/uploads\/2023\/12\/IMG_0303-1024x768-1-768x576.jpg 768w\" sizes=\"auto, (max-width: 1024px) 100vw, 1024px\" \/><\/a><figcaption class=\"wp-element-caption\"><em>en een fiets<\/em><\/figcaption><\/figure>\n<\/div>\n<\/div>\n\n\n\n<div class=\"wp-block-columns is-layout-flex wp-container-core-columns-is-layout-9d6595d7 wp-block-columns-is-layout-flex\">\n<div class=\"wp-block-column is-layout-flow wp-block-column-is-layout-flow\">\n<figure class=\"wp-block-image size-full\"><a href=\"https:\/\/tedenloesopreis.nl\/wp-content\/uploads\/2023\/12\/IMG_0308-1024x768-1.jpg\" target=\"_blank\" rel=\"noreferrer noopener\"><img loading=\"lazy\" decoding=\"async\" width=\"1024\" height=\"768\" src=\"https:\/\/tedenloesopreis.nl\/wp-content\/uploads\/2023\/12\/IMG_0308-1024x768-1.jpg\" alt=\"\" class=\"wp-image-9120\" srcset=\"https:\/\/tedenloesopreis.nl\/wp-content\/uploads\/2023\/12\/IMG_0308-1024x768-1.jpg 1024w, https:\/\/tedenloesopreis.nl\/wp-content\/uploads\/2023\/12\/IMG_0308-1024x768-1-300x225.jpg 300w, https:\/\/tedenloesopreis.nl\/wp-content\/uploads\/2023\/12\/IMG_0308-1024x768-1-768x576.jpg 768w\" sizes=\"auto, (max-width: 1024px) 100vw, 1024px\" \/><\/a><figcaption class=\"wp-element-caption\"><em>de hoofdstraat ter hoogte van de kerk<\/em><\/figcaption><\/figure>\n<\/div>\n\n\n\n<div class=\"wp-block-column is-layout-flow wp-block-column-is-layout-flow\">\n<figure class=\"wp-block-image size-full\"><a href=\"https:\/\/tedenloesopreis.nl\/wp-content\/uploads\/2023\/12\/IMG_0309-1024x768-1.jpg\" target=\"_blank\" rel=\"noreferrer noopener\"><img loading=\"lazy\" decoding=\"async\" width=\"1024\" height=\"768\" src=\"https:\/\/tedenloesopreis.nl\/wp-content\/uploads\/2023\/12\/IMG_0309-1024x768-1.jpg\" alt=\"\" class=\"wp-image-9121\" srcset=\"https:\/\/tedenloesopreis.nl\/wp-content\/uploads\/2023\/12\/IMG_0309-1024x768-1.jpg 1024w, https:\/\/tedenloesopreis.nl\/wp-content\/uploads\/2023\/12\/IMG_0309-1024x768-1-300x225.jpg 300w, https:\/\/tedenloesopreis.nl\/wp-content\/uploads\/2023\/12\/IMG_0309-1024x768-1-768x576.jpg 768w\" sizes=\"auto, (max-width: 1024px) 100vw, 1024px\" \/><\/a><figcaption class=\"wp-element-caption\"><em>de kerk van Oradour<\/em><\/figcaption><\/figure>\n<\/div>\n\n\n\n<div class=\"wp-block-column is-layout-flow wp-block-column-is-layout-flow\">\n<figure class=\"wp-block-image size-full\"><a href=\"https:\/\/tedenloesopreis.nl\/wp-content\/uploads\/2023\/12\/IMG_0312-768x1024-1.jpg\" target=\"_blank\" rel=\"noreferrer noopener\"><img loading=\"lazy\" decoding=\"async\" width=\"768\" height=\"1024\" src=\"https:\/\/tedenloesopreis.nl\/wp-content\/uploads\/2023\/12\/IMG_0312-768x1024-1.jpg\" alt=\"\" class=\"wp-image-9122\" srcset=\"https:\/\/tedenloesopreis.nl\/wp-content\/uploads\/2023\/12\/IMG_0312-768x1024-1.jpg 768w, https:\/\/tedenloesopreis.nl\/wp-content\/uploads\/2023\/12\/IMG_0312-768x1024-1-225x300.jpg 225w\" sizes=\"auto, (max-width: 768px) 100vw, 768px\" \/><\/a><figcaption class=\"wp-element-caption\"><em>de kerk van Oradour<\/em><\/figcaption><\/figure>\n<\/div>\n<\/div>\n\n\n\n<div class=\"wp-block-columns is-layout-flex wp-container-core-columns-is-layout-9d6595d7 wp-block-columns-is-layout-flex\">\n<div class=\"wp-block-column is-layout-flow wp-block-column-is-layout-flow\">\n<figure class=\"wp-block-image size-full\"><a href=\"https:\/\/tedenloesopreis.nl\/wp-content\/uploads\/2023\/12\/IMG_0311-1024x768-1.jpg\" target=\"_blank\" rel=\"noreferrer noopener\"><img loading=\"lazy\" decoding=\"async\" width=\"1024\" height=\"768\" src=\"https:\/\/tedenloesopreis.nl\/wp-content\/uploads\/2023\/12\/IMG_0311-1024x768-1.jpg\" alt=\"\" class=\"wp-image-9123\" srcset=\"https:\/\/tedenloesopreis.nl\/wp-content\/uploads\/2023\/12\/IMG_0311-1024x768-1.jpg 1024w, https:\/\/tedenloesopreis.nl\/wp-content\/uploads\/2023\/12\/IMG_0311-1024x768-1-300x225.jpg 300w, https:\/\/tedenloesopreis.nl\/wp-content\/uploads\/2023\/12\/IMG_0311-1024x768-1-768x576.jpg 768w\" sizes=\"auto, (max-width: 1024px) 100vw, 1024px\" \/><\/a><figcaption class=\"wp-element-caption\"><em>wat ligt daar bij het altaar?<\/em><\/figcaption><\/figure>\n<\/div>\n\n\n\n<div class=\"wp-block-column is-layout-flow wp-block-column-is-layout-flow\">\n<figure class=\"wp-block-image size-full\"><a href=\"https:\/\/tedenloesopreis.nl\/wp-content\/uploads\/2023\/12\/IMG_0313-1024x768-1.jpg\" target=\"_blank\" rel=\"noreferrer noopener\"><img loading=\"lazy\" decoding=\"async\" width=\"1024\" height=\"768\" src=\"https:\/\/tedenloesopreis.nl\/wp-content\/uploads\/2023\/12\/IMG_0313-1024x768-1.jpg\" alt=\"\" class=\"wp-image-9124\" srcset=\"https:\/\/tedenloesopreis.nl\/wp-content\/uploads\/2023\/12\/IMG_0313-1024x768-1.jpg 1024w, https:\/\/tedenloesopreis.nl\/wp-content\/uploads\/2023\/12\/IMG_0313-1024x768-1-300x225.jpg 300w, https:\/\/tedenloesopreis.nl\/wp-content\/uploads\/2023\/12\/IMG_0313-1024x768-1-768x576.jpg 768w\" sizes=\"auto, (max-width: 1024px) 100vw, 1024px\" \/><\/a><figcaption class=\"wp-element-caption\"><em>dit ligt daar bij het altaar!<\/em><\/figcaption><\/figure>\n<\/div>\n\n\n\n<div class=\"wp-block-column is-layout-flow wp-block-column-is-layout-flow\">\n<figure class=\"wp-block-image size-full\"><a href=\"https:\/\/tedenloesopreis.nl\/wp-content\/uploads\/2023\/12\/IMG_0314-1024x768-1.jpg\" target=\"_blank\" rel=\"noreferrer noopener\"><img loading=\"lazy\" decoding=\"async\" width=\"1024\" height=\"768\" src=\"https:\/\/tedenloesopreis.nl\/wp-content\/uploads\/2023\/12\/IMG_0314-1024x768-1.jpg\" alt=\"\" class=\"wp-image-9125\" srcset=\"https:\/\/tedenloesopreis.nl\/wp-content\/uploads\/2023\/12\/IMG_0314-1024x768-1.jpg 1024w, https:\/\/tedenloesopreis.nl\/wp-content\/uploads\/2023\/12\/IMG_0314-1024x768-1-300x225.jpg 300w, https:\/\/tedenloesopreis.nl\/wp-content\/uploads\/2023\/12\/IMG_0314-1024x768-1-768x576.jpg 768w\" sizes=\"auto, (max-width: 1024px) 100vw, 1024px\" \/><\/a><figcaption class=\"wp-element-caption\"><em>een naaimachine<\/em><\/figcaption><\/figure>\n<\/div>\n<\/div>\n\n\n\n<div class=\"wp-block-columns is-layout-flex wp-container-core-columns-is-layout-9d6595d7 wp-block-columns-is-layout-flex\">\n<div class=\"wp-block-column is-layout-flow wp-block-column-is-layout-flow\">\n<figure class=\"wp-block-image size-full\"><a href=\"https:\/\/tedenloesopreis.nl\/wp-content\/uploads\/2023\/12\/IMG_0316-1024x768-1.jpg\" target=\"_blank\" rel=\"noreferrer noopener\"><img loading=\"lazy\" decoding=\"async\" width=\"1024\" height=\"768\" src=\"https:\/\/tedenloesopreis.nl\/wp-content\/uploads\/2023\/12\/IMG_0316-1024x768-1.jpg\" alt=\"\" class=\"wp-image-9126\" srcset=\"https:\/\/tedenloesopreis.nl\/wp-content\/uploads\/2023\/12\/IMG_0316-1024x768-1.jpg 1024w, https:\/\/tedenloesopreis.nl\/wp-content\/uploads\/2023\/12\/IMG_0316-1024x768-1-300x225.jpg 300w, https:\/\/tedenloesopreis.nl\/wp-content\/uploads\/2023\/12\/IMG_0316-1024x768-1-768x576.jpg 768w\" sizes=\"auto, (max-width: 1024px) 100vw, 1024px\" \/><\/a><figcaption class=\"wp-element-caption\"><em>nog een, van een bekend merk<\/em><\/figcaption><\/figure>\n<\/div>\n\n\n\n<div class=\"wp-block-column is-layout-flow wp-block-column-is-layout-flow\">\n<figure class=\"wp-block-image size-full\"><a href=\"https:\/\/tedenloesopreis.nl\/wp-content\/uploads\/2023\/12\/IMG_0306-1-1024x768-1.jpg\" target=\"_blank\" rel=\"noreferrer noopener\"><img loading=\"lazy\" decoding=\"async\" width=\"1024\" height=\"768\" src=\"https:\/\/tedenloesopreis.nl\/wp-content\/uploads\/2023\/12\/IMG_0306-1-1024x768-1.jpg\" alt=\"\" class=\"wp-image-9127\" srcset=\"https:\/\/tedenloesopreis.nl\/wp-content\/uploads\/2023\/12\/IMG_0306-1-1024x768-1.jpg 1024w, https:\/\/tedenloesopreis.nl\/wp-content\/uploads\/2023\/12\/IMG_0306-1-1024x768-1-300x225.jpg 300w, https:\/\/tedenloesopreis.nl\/wp-content\/uploads\/2023\/12\/IMG_0306-1-1024x768-1-768x576.jpg 768w\" sizes=\"auto, (max-width: 1024px) 100vw, 1024px\" \/><\/a><figcaption class=\"wp-element-caption\"><em>afgeslacht en verbrand; zes mannen konden ontsnappen<\/em><\/figcaption><\/figure>\n<\/div>\n\n\n\n<div class=\"wp-block-column is-layout-flow wp-block-column-is-layout-flow\">\n<figure class=\"wp-block-image size-full\"><a href=\"https:\/\/tedenloesopreis.nl\/wp-content\/uploads\/2023\/12\/IMG_0318-1024x768-1.jpg\" target=\"_blank\" rel=\"noreferrer noopener\"><img loading=\"lazy\" decoding=\"async\" width=\"1024\" height=\"768\" src=\"https:\/\/tedenloesopreis.nl\/wp-content\/uploads\/2023\/12\/IMG_0318-1024x768-1.jpg\" alt=\"\" class=\"wp-image-9128\" srcset=\"https:\/\/tedenloesopreis.nl\/wp-content\/uploads\/2023\/12\/IMG_0318-1024x768-1.jpg 1024w, https:\/\/tedenloesopreis.nl\/wp-content\/uploads\/2023\/12\/IMG_0318-1024x768-1-300x225.jpg 300w, https:\/\/tedenloesopreis.nl\/wp-content\/uploads\/2023\/12\/IMG_0318-1024x768-1-768x576.jpg 768w\" sizes=\"auto, (max-width: 1024px) 100vw, 1024px\" \/><\/a><figcaption class=\"wp-element-caption\"><em>z\u00f3 zag de hoofdstraat van Oradour er eens uit<\/em><\/figcaption><\/figure>\n<\/div>\n<\/div>\n\n\n\n<div style=\"height:35px\" aria-hidden=\"true\" class=\"wp-block-spacer\"><\/div>\n\n\n\n<div class=\"wp-block-columns is-layout-flex wp-container-core-columns-is-layout-9d6595d7 wp-block-columns-is-layout-flex\">\n<div class=\"wp-block-column is-layout-flow wp-block-column-is-layout-flow\">\n<p class=\"has-orange-background-color has-background\" id=\"dag03\"><\/p>\n<\/div>\n<\/div>\n\n\n\n<div class=\"wp-block-columns is-layout-flex wp-container-core-columns-is-layout-9d6595d7 wp-block-columns-is-layout-flex\">\n<div class=\"wp-block-column is-layout-flow wp-block-column-is-layout-flow\" style=\"flex-basis:33.33%\">\n<p class=\"has-small-font-size\"><a href=\"#titel\">top<\/a><\/p>\n<\/div>\n\n\n\n<div class=\"wp-block-column is-layout-flow wp-block-column-is-layout-flow\" style=\"flex-basis:66.66%\">\n<p><strong>BIJNA IN SPANJE<\/strong><br>dag 03 &nbsp; &nbsp;&nbsp; &nbsp;ma 6 mei 2019<br><a href=\"https:\/\/www.google.com\/maps\/d\/viewer?mid=1fzX5dq1z4dxW7sn4UWla3Zu1NPRt_ZN0&amp;ll=44.51159528249283%2C-0.3972904896152052&amp;z=8\" target=\"_blank\" rel=\"noreferrer noopener\">Aixe-sur-Vienne \u2013 Urrugne<\/a>&nbsp;442 km<\/p>\n<\/div>\n<\/div>\n\n\n\n<div style=\"height:20px\" aria-hidden=\"true\" class=\"wp-block-spacer\"><\/div>\n\n\n\n<div class=\"wp-block-columns is-layout-flex wp-container-core-columns-is-layout-9d6595d7 wp-block-columns-is-layout-flex\">\n<div class=\"wp-block-column is-layout-flow wp-block-column-is-layout-flow\" style=\"flex-basis:33.33%\">\n<figure class=\"wp-block-image size-full\"><a href=\"https:\/\/tedenloesopreis.nl\/wp-content\/uploads\/2023\/12\/IMG_0336-1024x768-1.jpg\" target=\"_blank\" rel=\"noreferrer noopener\"><img loading=\"lazy\" decoding=\"async\" width=\"1024\" height=\"768\" src=\"https:\/\/tedenloesopreis.nl\/wp-content\/uploads\/2023\/12\/IMG_0336-1024x768-1.jpg\" alt=\"\" class=\"wp-image-9130\" srcset=\"https:\/\/tedenloesopreis.nl\/wp-content\/uploads\/2023\/12\/IMG_0336-1024x768-1.jpg 1024w, https:\/\/tedenloesopreis.nl\/wp-content\/uploads\/2023\/12\/IMG_0336-1024x768-1-300x225.jpg 300w, https:\/\/tedenloesopreis.nl\/wp-content\/uploads\/2023\/12\/IMG_0336-1024x768-1-768x576.jpg 768w\" sizes=\"auto, (max-width: 1024px) 100vw, 1024px\" \/><\/a><figcaption class=\"wp-element-caption\"><em>de catamaran nadert de rotonde in Houeill\u00e8s<\/em><\/figcaption><\/figure>\n<\/div>\n\n\n\n<div class=\"wp-block-column is-layout-flow wp-block-column-is-layout-flow\" style=\"flex-basis:66.66%\">\n<p>We zijn bijna in Spanje. We staan op&nbsp;<a href=\"https:\/\/www.campercontact.com\/nl\/frankrijk\/nouvelle-aquitaine\/urrugne\/25948\/camping-larrouleta\" target=\"_blank\" rel=\"noreferrer noopener\">camping Larrouleta<\/a>&nbsp;in Urrugne, een klein plaatsje tussen Saint-Jean-de-Luz en de Frans-Spaanse grens.&nbsp;<\/p>\n\n\n\n<p>Het gedeelte tot Mont-de-Marsan (N21 naar P\u00e9rigueux en Bergerac, D933 naar Marmande en Mont-de-Marsan) is al bekend van de Andalusi\u00eb-reis van 2016. Er is echter \u00e9\u00e9n verschil met toen: deze keer komen we tussen Pompogne en Houeill\u00e8s achter een bijzonder transport terecht: er wordt een kanjer van een catamaran vervoerd. Inhalen is geen optie, en tot Houeill\u00e8s is er geen zijweg te bekennen. Als de catamaran op de rotonde in Houeill\u00e8s blijkbaar van plan is om door te rijden naar Mont-de-Marsan, beginnen we maar op goed geluk aan een omweg. We haasten ons over smalle landbouwweggetjes, gelukkig zonder tegenliggers, via Allons naar Losse aan de N524, en met succes, want als we achter Losse weer terug zijn op de D933, zit de catamaran achter ons.<br><br>In Mont de Marsan rijden we over de D824 richting Dax. Iets westelijk van Dax nemen we de A63 richting Spanje. &nbsp;Dit is een tolweg, dus strijdig met onze principes, &nbsp;maar je hebt hier geen keus, want de D810, de voormalige Route Nationale door Bayonne, Biaritz, Bidart en Saint-Jean-de-Luz, is \u00e9\u00e9n grote file.<\/p>\n<\/div>\n<\/div>\n\n\n\n<div style=\"height:35px\" aria-hidden=\"true\" class=\"wp-block-spacer\"><\/div>\n\n\n\n<div class=\"wp-block-columns is-layout-flex wp-container-core-columns-is-layout-9d6595d7 wp-block-columns-is-layout-flex\">\n<div class=\"wp-block-column is-layout-flow wp-block-column-is-layout-flow\">\n<p class=\"has-orange-background-color has-background\" id=\"dag04\"><\/p>\n<\/div>\n<\/div>\n\n\n\n<div class=\"wp-block-columns is-layout-flex wp-container-core-columns-is-layout-9d6595d7 wp-block-columns-is-layout-flex\">\n<div class=\"wp-block-column is-layout-flow wp-block-column-is-layout-flow\" style=\"flex-basis:33.33%\">\n<p class=\"has-small-font-size\"><a href=\"#titel\">top<\/a><\/p>\n<\/div>\n\n\n\n<div class=\"wp-block-column is-layout-flow wp-block-column-is-layout-flow\" style=\"flex-basis:66.66%\">\n<p><strong>LEKKER IN DE ZON<\/strong><br>dag 04 &nbsp; &nbsp; &nbsp;di 7 mei 2019<br>Urrugne &nbsp; &nbsp; &nbsp; 0 km<\/p>\n<\/div>\n<\/div>\n\n\n\n<div style=\"height:20px\" aria-hidden=\"true\" class=\"wp-block-spacer\"><\/div>\n\n\n\n<div class=\"wp-block-columns is-layout-flex wp-container-core-columns-is-layout-9d6595d7 wp-block-columns-is-layout-flex\">\n<div class=\"wp-block-column is-layout-flow wp-block-column-is-layout-flow\" style=\"flex-basis:33.33%\">\n<figure class=\"wp-block-image size-full\"><a href=\"https:\/\/tedenloesopreis.nl\/wp-content\/uploads\/2023\/12\/IMG_0099-1024x768-1.jpeg\" target=\"_blank\" rel=\"noreferrer noopener\"><img loading=\"lazy\" decoding=\"async\" width=\"1024\" height=\"768\" src=\"https:\/\/tedenloesopreis.nl\/wp-content\/uploads\/2023\/12\/IMG_0099-1024x768-1.jpeg\" alt=\"\" class=\"wp-image-9134\" srcset=\"https:\/\/tedenloesopreis.nl\/wp-content\/uploads\/2023\/12\/IMG_0099-1024x768-1.jpeg 1024w, https:\/\/tedenloesopreis.nl\/wp-content\/uploads\/2023\/12\/IMG_0099-1024x768-1-300x225.jpeg 300w, https:\/\/tedenloesopreis.nl\/wp-content\/uploads\/2023\/12\/IMG_0099-1024x768-1-768x576.jpeg 768w\" sizes=\"auto, (max-width: 1024px) 100vw, 1024px\" \/><\/a><figcaption class=\"wp-element-caption\"><em>met luifel en zonblokker op de camping van Urrugne<\/em><\/figcaption><\/figure>\n<\/div>\n\n\n\n<div class=\"wp-block-column is-layout-flow wp-block-column-is-layout-flow\" style=\"flex-basis:66.66%\">\n<p>We proberen het vol te houden: na drie reisdagen blijft de buzz minstens een dag op z\u2019n plek staan. We houden vandaag dus een rustdag. Met al dat geluier vergeten we bijna om een verslag te schrijven.&nbsp;<\/p>\n\n\n\n<p>Het is goed weer, dus we zetten de luifel uit. We proberen onze \u2018nieuwe\u2019 zonblokker.<br><em>(We hebben dat ding aangeschaft na onze reis door Andalusi\u00eb. Het gebeurde daar nog wel eens dat we zelfs onder de luifel niet in de schaduw konden zitten. De zonblokker ligt al twee jaar achter in de laadruimte, want in Scandinavi\u00eb hadden we dat ding niet nodig. We verwachten dat ie tijdens deze reis geregeld dienst zal doen. Daarom hebben we \u2018m vandaag maar eens uitgeprobeerd.)<\/em><\/p>\n\n\n\n<p>In de loop van de avond testen we het camping-restaurant. We zijn tevreden reizigers.<\/p>\n<\/div>\n<\/div>\n\n\n\n<div style=\"height:35px\" aria-hidden=\"true\" class=\"wp-block-spacer\"><\/div>\n\n\n\n<div class=\"wp-block-columns is-layout-flex wp-container-core-columns-is-layout-9d6595d7 wp-block-columns-is-layout-flex\">\n<div class=\"wp-block-column is-layout-flow wp-block-column-is-layout-flow\">\n<p class=\"has-orange-background-color has-background\" id=\"dag05\"><\/p>\n<\/div>\n<\/div>\n\n\n\n<div class=\"wp-block-columns is-layout-flex wp-container-core-columns-is-layout-9d6595d7 wp-block-columns-is-layout-flex\">\n<div class=\"wp-block-column is-layout-flow wp-block-column-is-layout-flow\" style=\"flex-basis:33.33%\">\n<p class=\"has-small-font-size\"><a href=\"#titel\">top<\/a><\/p>\n<\/div>\n\n\n\n<div class=\"wp-block-column is-layout-flow wp-block-column-is-layout-flow\" style=\"flex-basis:66.66%\">\n<p><strong>DAN MAAR DOORRIJDEN<\/strong><br>dag 05 &nbsp; &nbsp; &nbsp; wo 8 mei 2019<br><a href=\"https:\/\/www.google.com\/maps\/d\/viewer?mid=1W2v39_k6EGuHpKFLWthrPlYQ4E79tfhv&amp;ll=42.86664427756698%2C-2.6889809893791528&amp;z=9\" target=\"_blank\" rel=\"noreferrer noopener\">Urrugne \u2013 Burgos<\/a>&nbsp;&nbsp; &nbsp; &nbsp;&nbsp;257 km<\/p>\n<\/div>\n<\/div>\n\n\n\n<div style=\"height:20px\" aria-hidden=\"true\" class=\"wp-block-spacer\"><\/div>\n\n\n\n<div class=\"wp-block-columns is-layout-flex wp-container-core-columns-is-layout-9d6595d7 wp-block-columns-is-layout-flex\">\n<div class=\"wp-block-column is-layout-flow wp-block-column-is-layout-flow\" style=\"flex-basis:33.33%\"><\/div>\n\n\n\n<div class=\"wp-block-column is-layout-flow wp-block-column-is-layout-flow\" style=\"flex-basis:66.66%\">\n<p>We staan op&nbsp;<a href=\"https:\/\/www.campercontact.com\/nl\/spanje\/castilie-en-leon\/cardenajimeno\/28612\/camping-fuentes-blancas\" target=\"_blank\" rel=\"noreferrer noopener\">camping Fuentes Blancas<\/a>&nbsp;in Burgos. In het reisplan staat, dat we vandaag San Sebastian bezoeken, maar het weer aan de kust is erg beroerd: veel regen en harde windstoten. Dat is verre van ideaal voor een bezoek aan een statige badplaats. We besluiten om San Sebastian op de terugweg \u2019te doen\u2019 en rijden door naar Burgos (over de A-1 naar Vitoria-Gasteiz, vanaf Miranda de Ebro over de N-1 naar Burgos).<\/p>\n\n\n\n<p id=\"burgos\">Tegen het einde van de middag klaart het weer sterk op en rijden we op de fiets langs de rivier naar het centrum van Burgos. Daar vallen twee zaken op: de Arco de Santamaria (een oude stadspoort) en de kathedraal van Burgos. De kathedraal is vooral heel erg imposant (dit kun je niet fotograferen). Het is helaas al te laat, om de kathedraal van binnen te bekijken. Het is toch even wennen aan de Spaanse gewoonten: de restaurants gaan op z\u2019n vroegst om 19:00 uur open, maar de toeristische trekpleisters laten na 17:00 uur niemand meer toe. Het centrum van Burgos is gezellig, met veel pleintjes, een mix van historische en moderne gebouwen.<\/p>\n<\/div>\n<\/div>\n\n\n\n<div class=\"wp-block-columns is-layout-flex wp-container-core-columns-is-layout-9d6595d7 wp-block-columns-is-layout-flex\">\n<div class=\"wp-block-column is-layout-flow wp-block-column-is-layout-flow\">\n<figure class=\"wp-block-image size-full\"><a href=\"https:\/\/tedenloesopreis.nl\/wp-content\/uploads\/2023\/12\/IMG_0339-1024x768-1.jpg\" target=\"_blank\" rel=\"noreferrer noopener\"><img loading=\"lazy\" decoding=\"async\" width=\"1024\" height=\"768\" src=\"https:\/\/tedenloesopreis.nl\/wp-content\/uploads\/2023\/12\/IMG_0339-1024x768-1.jpg\" alt=\"\" class=\"wp-image-9136\" srcset=\"https:\/\/tedenloesopreis.nl\/wp-content\/uploads\/2023\/12\/IMG_0339-1024x768-1.jpg 1024w, https:\/\/tedenloesopreis.nl\/wp-content\/uploads\/2023\/12\/IMG_0339-1024x768-1-300x225.jpg 300w, https:\/\/tedenloesopreis.nl\/wp-content\/uploads\/2023\/12\/IMG_0339-1024x768-1-768x576.jpg 768w\" sizes=\"auto, (max-width: 1024px) 100vw, 1024px\" \/><\/a><figcaption class=\"wp-element-caption\"><em>langs het riviertje naar het centrum van Burgos<\/em><\/figcaption><\/figure>\n<\/div>\n\n\n\n<div class=\"wp-block-column is-layout-flow wp-block-column-is-layout-flow\">\n<figure class=\"wp-block-image size-full\"><a href=\"https:\/\/tedenloesopreis.nl\/wp-content\/uploads\/2023\/12\/IMG_0340-1024x768-1.jpg\" target=\"_blank\" rel=\"noreferrer noopener\"><img loading=\"lazy\" decoding=\"async\" width=\"1024\" height=\"768\" src=\"https:\/\/tedenloesopreis.nl\/wp-content\/uploads\/2023\/12\/IMG_0340-1024x768-1.jpg\" alt=\"\" class=\"wp-image-9137\" srcset=\"https:\/\/tedenloesopreis.nl\/wp-content\/uploads\/2023\/12\/IMG_0340-1024x768-1.jpg 1024w, https:\/\/tedenloesopreis.nl\/wp-content\/uploads\/2023\/12\/IMG_0340-1024x768-1-300x225.jpg 300w, https:\/\/tedenloesopreis.nl\/wp-content\/uploads\/2023\/12\/IMG_0340-1024x768-1-768x576.jpg 768w\" sizes=\"auto, (max-width: 1024px) 100vw, 1024px\" \/><\/a><figcaption class=\"wp-element-caption\"><em>Arco de Santamaria<\/em><\/figcaption><\/figure>\n<\/div>\n\n\n\n<div class=\"wp-block-column is-layout-flow wp-block-column-is-layout-flow\">\n<figure class=\"wp-block-image size-full\"><a href=\"https:\/\/tedenloesopreis.nl\/wp-content\/uploads\/2023\/12\/IMG_0348-1024x946-1.jpg\" target=\"_blank\" rel=\"noreferrer noopener\"><img loading=\"lazy\" decoding=\"async\" width=\"1024\" height=\"946\" src=\"https:\/\/tedenloesopreis.nl\/wp-content\/uploads\/2023\/12\/IMG_0348-1024x946-1.jpg\" alt=\"\" class=\"wp-image-9138\" srcset=\"https:\/\/tedenloesopreis.nl\/wp-content\/uploads\/2023\/12\/IMG_0348-1024x946-1.jpg 1024w, https:\/\/tedenloesopreis.nl\/wp-content\/uploads\/2023\/12\/IMG_0348-1024x946-1-300x277.jpg 300w, https:\/\/tedenloesopreis.nl\/wp-content\/uploads\/2023\/12\/IMG_0348-1024x946-1-768x710.jpg 768w\" sizes=\"auto, (max-width: 1024px) 100vw, 1024px\" \/><\/a><figcaption class=\"wp-element-caption\"><em>typisch veelkleurig plein in Burgos<\/em><\/figcaption><\/figure>\n<\/div>\n<\/div>\n\n\n\n<div class=\"wp-block-columns is-layout-flex wp-container-core-columns-is-layout-9d6595d7 wp-block-columns-is-layout-flex\">\n<div class=\"wp-block-column is-layout-flow wp-block-column-is-layout-flow\">\n<figure class=\"wp-block-image size-full\"><a href=\"https:\/\/tedenloesopreis.nl\/wp-content\/uploads\/2023\/12\/IMG_0344-1024x768-1.jpg\" target=\"_blank\" rel=\"noreferrer noopener\"><img loading=\"lazy\" decoding=\"async\" width=\"1024\" height=\"768\" src=\"https:\/\/tedenloesopreis.nl\/wp-content\/uploads\/2023\/12\/IMG_0344-1024x768-1.jpg\" alt=\"\" class=\"wp-image-9139\" srcset=\"https:\/\/tedenloesopreis.nl\/wp-content\/uploads\/2023\/12\/IMG_0344-1024x768-1.jpg 1024w, https:\/\/tedenloesopreis.nl\/wp-content\/uploads\/2023\/12\/IMG_0344-1024x768-1-300x225.jpg 300w, https:\/\/tedenloesopreis.nl\/wp-content\/uploads\/2023\/12\/IMG_0344-1024x768-1-768x576.jpg 768w\" sizes=\"auto, (max-width: 1024px) 100vw, 1024px\" \/><\/a><figcaption class=\"wp-element-caption\"><em>een deel van de kathedraal van Burgos<\/em><\/figcaption><\/figure>\n<\/div>\n\n\n\n<div class=\"wp-block-column is-layout-flow wp-block-column-is-layout-flow\">\n<figure class=\"wp-block-image size-full\"><a href=\"https:\/\/tedenloesopreis.nl\/wp-content\/uploads\/2023\/12\/IMG_0345-1024x768-1.jpg\" target=\"_blank\" rel=\"noreferrer noopener\"><img loading=\"lazy\" decoding=\"async\" width=\"1024\" height=\"768\" src=\"https:\/\/tedenloesopreis.nl\/wp-content\/uploads\/2023\/12\/IMG_0345-1024x768-1.jpg\" alt=\"\" class=\"wp-image-9140\" srcset=\"https:\/\/tedenloesopreis.nl\/wp-content\/uploads\/2023\/12\/IMG_0345-1024x768-1.jpg 1024w, https:\/\/tedenloesopreis.nl\/wp-content\/uploads\/2023\/12\/IMG_0345-1024x768-1-300x225.jpg 300w, https:\/\/tedenloesopreis.nl\/wp-content\/uploads\/2023\/12\/IMG_0345-1024x768-1-768x576.jpg 768w\" sizes=\"auto, (max-width: 1024px) 100vw, 1024px\" \/><\/a><figcaption class=\"wp-element-caption\"><em>nog een deel van de kathedraal van Burgos<\/em><\/figcaption><\/figure>\n<\/div>\n\n\n\n<div class=\"wp-block-column is-layout-flow wp-block-column-is-layout-flow\">\n<figure class=\"wp-block-image size-full\"><a href=\"https:\/\/tedenloesopreis.nl\/wp-content\/uploads\/2023\/12\/IMG_0347-1024x768-1.jpg\" target=\"_blank\" rel=\"noreferrer noopener\"><img loading=\"lazy\" decoding=\"async\" width=\"1024\" height=\"768\" src=\"https:\/\/tedenloesopreis.nl\/wp-content\/uploads\/2023\/12\/IMG_0347-1024x768-1.jpg\" alt=\"\" class=\"wp-image-9141\" srcset=\"https:\/\/tedenloesopreis.nl\/wp-content\/uploads\/2023\/12\/IMG_0347-1024x768-1.jpg 1024w, https:\/\/tedenloesopreis.nl\/wp-content\/uploads\/2023\/12\/IMG_0347-1024x768-1-300x225.jpg 300w, https:\/\/tedenloesopreis.nl\/wp-content\/uploads\/2023\/12\/IMG_0347-1024x768-1-768x576.jpg 768w\" sizes=\"auto, (max-width: 1024px) 100vw, 1024px\" \/><\/a><figcaption class=\"wp-element-caption\"><em>en nog een deel van de kathedraal van Burgos<\/em><\/figcaption><\/figure>\n<\/div>\n<\/div>\n\n\n\n<div class=\"wp-block-columns is-layout-flex wp-container-core-columns-is-layout-9d6595d7 wp-block-columns-is-layout-flex\">\n<div class=\"wp-block-column is-layout-flow wp-block-column-is-layout-flow\" style=\"flex-basis:33.33%\"><\/div>\n\n\n\n<div class=\"wp-block-column is-layout-flow wp-block-column-is-layout-flow\" style=\"flex-basis:66.66%\">\n<p>\u2019s-Avonds speelt Ajax de returnwedstrijd in de halve finale van de Champions Leage tegen Liverpool. De wifi van de camping is niet geschikt om de wedstrijd te streamen op de iPad. De wedstrijd is ook te zien op een tv-scherm in de kantine, maar daar is geen fatsoenlijke plaats te vinden. Gelukkig hangt er in de Nederlandse caravan aan de overkant van het straatje een forse flatscreen. Omdat de gordijntjes van die caravan open blijven, kunnen we de wedstrijd toch nog redelijk volgen.<\/p>\n<\/div>\n<\/div>\n\n\n\n<div style=\"height:35px\" aria-hidden=\"true\" class=\"wp-block-spacer\"><\/div>\n\n\n\n<div class=\"wp-block-columns is-layout-flex wp-container-core-columns-is-layout-9d6595d7 wp-block-columns-is-layout-flex\">\n<div class=\"wp-block-column is-layout-flow wp-block-column-is-layout-flow\">\n<p class=\"has-orange-background-color has-background\" id=\"dag06\"><\/p>\n<\/div>\n<\/div>\n\n\n\n<div class=\"wp-block-columns is-layout-flex wp-container-core-columns-is-layout-9d6595d7 wp-block-columns-is-layout-flex\">\n<div class=\"wp-block-column is-layout-flow wp-block-column-is-layout-flow\" style=\"flex-basis:33.33%\">\n<p class=\"has-small-font-size\"><a href=\"#titel\">top<\/a><\/p>\n<\/div>\n\n\n\n<div class=\"wp-block-column is-layout-flow wp-block-column-is-layout-flow\" style=\"flex-basis:66.66%\">\n<p><strong>WEER EEN BEETJE ZUIDELIJKER<\/strong><br>dag 06 &nbsp; &nbsp; &nbsp; do 9 mei 2019<br><a href=\"https:\/\/www.google.com\/maps\/d\/viewer?mid=1qYcRySkN18bMmJ-sZ3BwHnTIYvXkyHC0&amp;ll=41.61762477164529%2C-4.567988066499542&amp;z=9\" target=\"_blank\" rel=\"noreferrer noopener\">Burgos \u2013 Salamanca<\/a>&nbsp;&nbsp; &nbsp; &nbsp;&nbsp;255 km<\/p>\n<\/div>\n<\/div>\n\n\n\n<div style=\"height:20px\" aria-hidden=\"true\" class=\"wp-block-spacer\"><\/div>\n\n\n\n<div class=\"wp-block-columns is-layout-flex wp-container-core-columns-is-layout-9d6595d7 wp-block-columns-is-layout-flex\">\n<div class=\"wp-block-column is-layout-flow wp-block-column-is-layout-flow\" style=\"flex-basis:33.33%\">\n<figure class=\"wp-block-image size-full\"><a href=\"https:\/\/tedenloesopreis.nl\/wp-content\/uploads\/2023\/12\/IMG_0101-1024x768-1.jpeg\" target=\"_blank\" rel=\"noreferrer noopener\"><img loading=\"lazy\" decoding=\"async\" width=\"1024\" height=\"768\" src=\"https:\/\/tedenloesopreis.nl\/wp-content\/uploads\/2023\/12\/IMG_0101-1024x768-1.jpeg\" alt=\"\" class=\"wp-image-9143\" srcset=\"https:\/\/tedenloesopreis.nl\/wp-content\/uploads\/2023\/12\/IMG_0101-1024x768-1.jpeg 1024w, https:\/\/tedenloesopreis.nl\/wp-content\/uploads\/2023\/12\/IMG_0101-1024x768-1-300x225.jpeg 300w, https:\/\/tedenloesopreis.nl\/wp-content\/uploads\/2023\/12\/IMG_0101-1024x768-1-768x576.jpeg 768w\" sizes=\"auto, (max-width: 1024px) 100vw, 1024px\" \/><\/a><figcaption class=\"wp-element-caption\"><em>op de camping in Salamanca<\/em><\/figcaption><\/figure>\n<\/div>\n\n\n\n<div class=\"wp-block-column is-layout-flow wp-block-column-is-layout-flow\" style=\"flex-basis:66.66%\">\n<p>Vandaag Is een pure reisdag: 255 km over de A-62 van Burgos naar Salamanca. De kilometerteller staat inmiddels op 1866 km. We hebben nu ongeveer 25% van de geplande route achter de rug.&nbsp;<\/p>\n\n\n\n<p>We staan op&nbsp;<a href=\"https:\/\/www.campercontact.com\/nl\/spanje\/castilie-en-leon\/cabrerizos\/26715\/camping-don-quijote\" target=\"_blank\" rel=\"noreferrer noopener\">camping Don Quijote<\/a>&nbsp;in Cabrerizos, een klein plaatsje direct oostelijk van Salamanca. De camping heeft mooie plaatsen en prima sanitaire voorzieningen. De camping heeft echter een matig wifi-netwerk. Het eurovisie-songfestival zal het dus zonder ons moeten doen.&nbsp;<\/p>\n\n\n\n<p>Morgen houden we weer een rustdag. Voor zaterdag wordt mooi weer voorspeld. Waarschijnlijk fietsen we dan naar de stad.<\/p>\n<\/div>\n<\/div>\n\n\n\n<div style=\"height:35px\" aria-hidden=\"true\" class=\"wp-block-spacer\"><\/div>\n\n\n\n<div class=\"wp-block-columns is-layout-flex wp-container-core-columns-is-layout-9d6595d7 wp-block-columns-is-layout-flex\">\n<div class=\"wp-block-column is-layout-flow wp-block-column-is-layout-flow\">\n<p class=\"has-orange-background-color has-background\" id=\"dag07\"><\/p>\n<\/div>\n<\/div>\n\n\n\n<div class=\"wp-block-columns is-layout-flex wp-container-core-columns-is-layout-9d6595d7 wp-block-columns-is-layout-flex\">\n<div class=\"wp-block-column is-layout-flow wp-block-column-is-layout-flow\" style=\"flex-basis:33.33%\">\n<p class=\"has-small-font-size\"><a href=\"#titel\">top<\/a><\/p>\n<\/div>\n\n\n\n<div class=\"wp-block-column is-layout-flow wp-block-column-is-layout-flow\" style=\"flex-basis:66.66%\">\n<p><strong>EEN WEEK ONDERWEG<\/strong><br>dag 07 &nbsp; &nbsp; &nbsp;&nbsp;vr 10 mei 2019<br>Salamanca &nbsp; &nbsp; &nbsp;0 km<\/p>\n<\/div>\n<\/div>\n\n\n\n<div style=\"height:20px\" aria-hidden=\"true\" class=\"wp-block-spacer\"><\/div>\n\n\n\n<div class=\"wp-block-columns is-layout-flex wp-container-core-columns-is-layout-9d6595d7 wp-block-columns-is-layout-flex\">\n<div class=\"wp-block-column is-layout-flow wp-block-column-is-layout-flow\" style=\"flex-basis:33.33%\"><\/div>\n\n\n\n<div class=\"wp-block-column is-layout-flow wp-block-column-is-layout-flow\" style=\"flex-basis:66.66%\">\n<p>Met betrekking tot het Eurovisie-songfestival zaten we er gisteren behoorlijk naast, want dat is pas over een week. We hebben nog niet vastgesteld of we dit een meevaller of een teleurstelling vinden.&nbsp;<\/p>\n\n\n\n<p>We doen vandaag niets behalve boodschappen bij de Lidl. We kopen daar o.a. 15 liter water. Het Spaanse kraanwater heeft een nogal sterke chloorsmaak, dus dat gebruiken we alleen nog maar om het toilet van de buzz door te spoelen.&nbsp;<\/p>\n\n\n\n<p>In de loop van de middag merken we, dat het korte-broeken-weer is geworden. Morgen is het hier 24\u00b0C, prima weer dus om de stad te bezoeken. We zullen zien of we zonder hulp de kikker in de hoofdpoort van de universiteit kunnen vinden. We voelen ons in ieder geval uitgedaagd door Marij om dat te proberen.<\/p>\n<\/div>\n<\/div>\n\n\n\n<div style=\"height:35px\" aria-hidden=\"true\" class=\"wp-block-spacer\"><\/div>\n\n\n\n<div class=\"wp-block-columns is-layout-flex wp-container-core-columns-is-layout-9d6595d7 wp-block-columns-is-layout-flex\">\n<div class=\"wp-block-column is-layout-flow wp-block-column-is-layout-flow\">\n<p class=\"has-orange-background-color has-background\" id=\"dag08\"><\/p>\n<\/div>\n<\/div>\n\n\n\n<div class=\"wp-block-columns is-layout-flex wp-container-core-columns-is-layout-9d6595d7 wp-block-columns-is-layout-flex\">\n<div class=\"wp-block-column is-layout-flow wp-block-column-is-layout-flow\" style=\"flex-basis:33.33%\">\n<p class=\"has-small-font-size\"><a href=\"#titel\">top<\/a><\/p>\n<\/div>\n\n\n\n<div class=\"wp-block-column is-layout-flow wp-block-column-is-layout-flow\" style=\"flex-basis:66.66%\">\n<p><strong>DE KIKKER GEVONDEN<\/strong><br>dag 08 &nbsp; &nbsp; &nbsp; za 11 mei 2019<br>Salamanca &nbsp; &nbsp; &nbsp;0 km<\/p>\n<\/div>\n<\/div>\n\n\n\n<div style=\"height:20px\" aria-hidden=\"true\" class=\"wp-block-spacer\"><\/div>\n\n\n\n<div class=\"wp-block-columns is-layout-flex wp-container-core-columns-is-layout-9d6595d7 wp-block-columns-is-layout-flex\">\n<div class=\"wp-block-column is-layout-flow wp-block-column-is-layout-flow\" style=\"flex-basis:33.33%\">\n<figure class=\"wp-block-image size-full\"><a href=\"https:\/\/tedenloesopreis.nl\/wp-content\/uploads\/2023\/12\/IMG_0350-1024x768-1.jpg\" target=\"_blank\" rel=\"noreferrer noopener\"><img loading=\"lazy\" decoding=\"async\" width=\"1024\" height=\"768\" src=\"https:\/\/tedenloesopreis.nl\/wp-content\/uploads\/2023\/12\/IMG_0350-1024x768-1.jpg\" alt=\"\" class=\"wp-image-9145\" srcset=\"https:\/\/tedenloesopreis.nl\/wp-content\/uploads\/2023\/12\/IMG_0350-1024x768-1.jpg 1024w, https:\/\/tedenloesopreis.nl\/wp-content\/uploads\/2023\/12\/IMG_0350-1024x768-1-300x225.jpg 300w, https:\/\/tedenloesopreis.nl\/wp-content\/uploads\/2023\/12\/IMG_0350-1024x768-1-768x576.jpg 768w\" sizes=\"auto, (max-width: 1024px) 100vw, 1024px\" \/><\/a><figcaption class=\"wp-element-caption\"><em>fietsen aan het hek<\/em><\/figcaption><\/figure>\n<\/div>\n\n\n\n<div class=\"wp-block-column is-layout-flow wp-block-column-is-layout-flow\" style=\"flex-basis:66.66%\">\n<p>We gaan op de fiets naar Salamanca. Op een klein stukje na, ligt er een prima fietsroute van de camping naar Salamanca. In het centrum van Salamanca is het veel te druk om te fietsen. Daarom maken we de fietsen vast aan een hek in de buurt van de Romeinse brug.<\/p>\n\n\n\n<p>Wat een mooie en vooral gezellige stad is Salamanca. Het is erg druk met inboorlingen (het is zaterdag) en met feestgangers: de universiteit reikt vanochtend flink wat diploma\u2019s uit, en al die geslaagden, herkenbaar aan een gekleurde stola, lopen met hun gasten door de stad. Op het Plaza Mayor is men bezig met de voorbereiding van een festival; het prachtige plein staat vol met kraampjes en een hinderlijk podium. Dat is wel jammer.<\/p>\n<\/div>\n<\/div>\n\n\n\n<div class=\"wp-block-columns is-layout-flex wp-container-core-columns-is-layout-9d6595d7 wp-block-columns-is-layout-flex\">\n<div class=\"wp-block-column is-layout-flow wp-block-column-is-layout-flow\"><\/div>\n\n\n\n<div class=\"wp-block-column is-layout-flow wp-block-column-is-layout-flow\">\n<figure class=\"wp-block-image size-full\"><a href=\"https:\/\/tedenloesopreis.nl\/wp-content\/uploads\/2023\/12\/IMG_0356-1024x768-1.jpg\" target=\"_blank\" rel=\"noreferrer noopener\"><img loading=\"lazy\" decoding=\"async\" width=\"1024\" height=\"768\" src=\"https:\/\/tedenloesopreis.nl\/wp-content\/uploads\/2023\/12\/IMG_0356-1024x768-1.jpg\" alt=\"\" class=\"wp-image-9146\" srcset=\"https:\/\/tedenloesopreis.nl\/wp-content\/uploads\/2023\/12\/IMG_0356-1024x768-1.jpg 1024w, https:\/\/tedenloesopreis.nl\/wp-content\/uploads\/2023\/12\/IMG_0356-1024x768-1-300x225.jpg 300w, https:\/\/tedenloesopreis.nl\/wp-content\/uploads\/2023\/12\/IMG_0356-1024x768-1-768x576.jpg 768w\" sizes=\"auto, (max-width: 1024px) 100vw, 1024px\" \/><\/a><figcaption class=\"wp-element-caption\"><em>Plaza Mayor met hinderlijke stalletjes en podium<\/em><\/figcaption><\/figure>\n<\/div>\n\n\n\n<div class=\"wp-block-column is-layout-flow wp-block-column-is-layout-flow\">\n<figure class=\"wp-block-image size-full\"><a href=\"https:\/\/tedenloesopreis.nl\/wp-content\/uploads\/2023\/12\/IMG_0357-1024x768-1.jpg\" target=\"_blank\" rel=\"noreferrer noopener\"><img loading=\"lazy\" decoding=\"async\" width=\"1024\" height=\"768\" src=\"https:\/\/tedenloesopreis.nl\/wp-content\/uploads\/2023\/12\/IMG_0357-1024x768-1.jpg\" alt=\"\" class=\"wp-image-9147\" srcset=\"https:\/\/tedenloesopreis.nl\/wp-content\/uploads\/2023\/12\/IMG_0357-1024x768-1.jpg 1024w, https:\/\/tedenloesopreis.nl\/wp-content\/uploads\/2023\/12\/IMG_0357-1024x768-1-300x225.jpg 300w, https:\/\/tedenloesopreis.nl\/wp-content\/uploads\/2023\/12\/IMG_0357-1024x768-1-768x576.jpg 768w\" sizes=\"auto, (max-width: 1024px) 100vw, 1024px\" \/><\/a><figcaption class=\"wp-element-caption\"><em>Plaza Mayor<\/em><\/figcaption><\/figure>\n<\/div>\n<\/div>\n\n\n\n<div class=\"wp-block-columns is-layout-flex wp-container-core-columns-is-layout-9d6595d7 wp-block-columns-is-layout-flex\">\n<div class=\"wp-block-column is-layout-flow wp-block-column-is-layout-flow\"><\/div>\n\n\n\n<div class=\"wp-block-column is-layout-flow wp-block-column-is-layout-flow\">\n<figure class=\"wp-block-image size-full\"><a href=\"https:\/\/tedenloesopreis.nl\/wp-content\/uploads\/2023\/12\/IMG_0360-1024x768-1.jpg\" target=\"_blank\" rel=\"noreferrer noopener\"><img loading=\"lazy\" decoding=\"async\" width=\"1024\" height=\"768\" src=\"https:\/\/tedenloesopreis.nl\/wp-content\/uploads\/2023\/12\/IMG_0360-1024x768-1.jpg\" alt=\"\" class=\"wp-image-9148\" srcset=\"https:\/\/tedenloesopreis.nl\/wp-content\/uploads\/2023\/12\/IMG_0360-1024x768-1.jpg 1024w, https:\/\/tedenloesopreis.nl\/wp-content\/uploads\/2023\/12\/IMG_0360-1024x768-1-300x225.jpg 300w, https:\/\/tedenloesopreis.nl\/wp-content\/uploads\/2023\/12\/IMG_0360-1024x768-1-768x576.jpg 768w\" sizes=\"auto, (max-width: 1024px) 100vw, 1024px\" \/><\/a><figcaption class=\"wp-element-caption\"><em>het huis met de schelpen (Casa de las Conchas)<\/em><\/figcaption><\/figure>\n<\/div>\n\n\n\n<div class=\"wp-block-column is-layout-flow wp-block-column-is-layout-flow\">\n<figure class=\"wp-block-image size-full\"><a href=\"https:\/\/tedenloesopreis.nl\/wp-content\/uploads\/2023\/12\/IMG_0361-1024x768-1.jpg\" target=\"_blank\" rel=\"noreferrer noopener\"><img loading=\"lazy\" decoding=\"async\" width=\"1024\" height=\"768\" src=\"https:\/\/tedenloesopreis.nl\/wp-content\/uploads\/2023\/12\/IMG_0361-1024x768-1.jpg\" alt=\"\" class=\"wp-image-9149\" srcset=\"https:\/\/tedenloesopreis.nl\/wp-content\/uploads\/2023\/12\/IMG_0361-1024x768-1.jpg 1024w, https:\/\/tedenloesopreis.nl\/wp-content\/uploads\/2023\/12\/IMG_0361-1024x768-1-300x225.jpg 300w, https:\/\/tedenloesopreis.nl\/wp-content\/uploads\/2023\/12\/IMG_0361-1024x768-1-768x576.jpg 768w\" sizes=\"auto, (max-width: 1024px) 100vw, 1024px\" \/><\/a><figcaption class=\"wp-element-caption\"><em>afgestudeerd<\/em><\/figcaption><\/figure>\n<\/div>\n<\/div>\n\n\n\n<div class=\"wp-block-columns is-layout-flex wp-container-core-columns-is-layout-9d6595d7 wp-block-columns-is-layout-flex\">\n<div class=\"wp-block-column is-layout-flow wp-block-column-is-layout-flow\" style=\"flex-basis:33.33%\"><\/div>\n\n\n\n<div class=\"wp-block-column is-layout-flow wp-block-column-is-layout-flow\" style=\"flex-basis:66.66%\">\n<p>Het is even zoeken, maar uiteindelijk vinden we op eigen kracht de kikker boven de hoofdingang van het universiteitsgebouw. De zoektocht wordt overigens w\u00e9l iets vergemakkelijkt door een mevrouw die blikken kikkers verkoopt en ter verduidelijking een affiche van d\u00e9 kikker heeft staan in haar stalletje. We weten dus, dat we naar een doodshoofd moeten zoeken. Maar zelfs met die informatie lijkt het op het zoeken van een naald in een hooiberg.<\/p>\n<\/div>\n<\/div>\n\n\n\n<div class=\"wp-block-columns is-layout-flex wp-container-core-columns-is-layout-9d6595d7 wp-block-columns-is-layout-flex\">\n<div class=\"wp-block-column is-layout-flow wp-block-column-is-layout-flow\">\n<figure class=\"wp-block-image size-full\"><a href=\"https:\/\/tedenloesopreis.nl\/wp-content\/uploads\/2023\/12\/IMG_0362-1024x768-1.jpg\" target=\"_blank\" rel=\"noreferrer noopener\"><img loading=\"lazy\" decoding=\"async\" width=\"1024\" height=\"768\" src=\"https:\/\/tedenloesopreis.nl\/wp-content\/uploads\/2023\/12\/IMG_0362-1024x768-1.jpg\" alt=\"\" class=\"wp-image-9150\" srcset=\"https:\/\/tedenloesopreis.nl\/wp-content\/uploads\/2023\/12\/IMG_0362-1024x768-1.jpg 1024w, https:\/\/tedenloesopreis.nl\/wp-content\/uploads\/2023\/12\/IMG_0362-1024x768-1-300x225.jpg 300w, https:\/\/tedenloesopreis.nl\/wp-content\/uploads\/2023\/12\/IMG_0362-1024x768-1-768x576.jpg 768w\" sizes=\"auto, (max-width: 1024px) 100vw, 1024px\" \/><\/a><figcaption class=\"wp-element-caption\"><em>de hoofdingang van de universiteit<\/em><\/figcaption><\/figure>\n<\/div>\n\n\n\n<div class=\"wp-block-column is-layout-flow wp-block-column-is-layout-flow\">\n<figure class=\"wp-block-image size-full\"><a href=\"https:\/\/tedenloesopreis.nl\/wp-content\/uploads\/2023\/12\/IMG_0363-768x1024-1.jpg\" target=\"_blank\" rel=\"noreferrer noopener\"><img loading=\"lazy\" decoding=\"async\" width=\"768\" height=\"1024\" src=\"https:\/\/tedenloesopreis.nl\/wp-content\/uploads\/2023\/12\/IMG_0363-768x1024-1.jpg\" alt=\"\" class=\"wp-image-9151\" srcset=\"https:\/\/tedenloesopreis.nl\/wp-content\/uploads\/2023\/12\/IMG_0363-768x1024-1.jpg 768w, https:\/\/tedenloesopreis.nl\/wp-content\/uploads\/2023\/12\/IMG_0363-768x1024-1-225x300.jpg 225w\" sizes=\"auto, (max-width: 768px) 100vw, 768px\" \/><\/a><figcaption class=\"wp-element-caption\"><em>hier ergens moet de kikker zitten<\/em><\/figcaption><\/figure>\n<\/div>\n\n\n\n<div class=\"wp-block-column is-layout-flow wp-block-column-is-layout-flow\">\n<figure class=\"wp-block-image size-full\"><a href=\"https:\/\/tedenloesopreis.nl\/wp-content\/uploads\/2023\/12\/IMG_0365-1024x768-1.jpg\" target=\"_blank\" rel=\"noreferrer noopener\"><img loading=\"lazy\" decoding=\"async\" width=\"1024\" height=\"768\" src=\"https:\/\/tedenloesopreis.nl\/wp-content\/uploads\/2023\/12\/IMG_0365-1024x768-1.jpg\" alt=\"\" class=\"wp-image-9152\" srcset=\"https:\/\/tedenloesopreis.nl\/wp-content\/uploads\/2023\/12\/IMG_0365-1024x768-1.jpg 1024w, https:\/\/tedenloesopreis.nl\/wp-content\/uploads\/2023\/12\/IMG_0365-1024x768-1-300x225.jpg 300w, https:\/\/tedenloesopreis.nl\/wp-content\/uploads\/2023\/12\/IMG_0365-1024x768-1-768x576.jpg 768w\" sizes=\"auto, (max-width: 1024px) 100vw, 1024px\" \/><\/a><figcaption class=\"wp-element-caption\"><em>hier zit de kikker<\/em><\/figcaption><\/figure>\n<\/div>\n<\/div>\n\n\n\n<div class=\"wp-block-columns is-layout-flex wp-container-core-columns-is-layout-9d6595d7 wp-block-columns-is-layout-flex\">\n<div class=\"wp-block-column is-layout-flow wp-block-column-is-layout-flow\" style=\"flex-basis:33.33%\"><\/div>\n\n\n\n<div class=\"wp-block-column is-layout-flow wp-block-column-is-layout-flow\" style=\"flex-basis:66.66%\">\n<p>We zijn erg onder de indruk van de twee kathedralen: een kleine vroeg-gotische kathedraal uit de 12e eeuw en een heel grote laat-gotische maar vooral barokke nieuwe kathedraal (1513-1733).<\/p>\n<\/div>\n<\/div>\n\n\n\n<div class=\"wp-block-columns is-layout-flex wp-container-core-columns-is-layout-9d6595d7 wp-block-columns-is-layout-flex\">\n<div class=\"wp-block-column is-layout-flow wp-block-column-is-layout-flow\">\n<figure class=\"wp-block-image size-full\"><a href=\"https:\/\/tedenloesopreis.nl\/wp-content\/uploads\/2023\/12\/IMG_0353-1024x768-1.jpg\" target=\"_blank\" rel=\"noreferrer noopener\"><img loading=\"lazy\" decoding=\"async\" width=\"1024\" height=\"768\" src=\"https:\/\/tedenloesopreis.nl\/wp-content\/uploads\/2023\/12\/IMG_0353-1024x768-1.jpg\" alt=\"\" class=\"wp-image-9153\" srcset=\"https:\/\/tedenloesopreis.nl\/wp-content\/uploads\/2023\/12\/IMG_0353-1024x768-1.jpg 1024w, https:\/\/tedenloesopreis.nl\/wp-content\/uploads\/2023\/12\/IMG_0353-1024x768-1-300x225.jpg 300w, https:\/\/tedenloesopreis.nl\/wp-content\/uploads\/2023\/12\/IMG_0353-1024x768-1-768x576.jpg 768w\" sizes=\"auto, (max-width: 1024px) 100vw, 1024px\" \/><\/a><figcaption class=\"wp-element-caption\"><em>de nieuwe kathedraal van Salamanca<\/em><\/figcaption><\/figure>\n<\/div>\n\n\n\n<div class=\"wp-block-column is-layout-flow wp-block-column-is-layout-flow\">\n<figure class=\"wp-block-image size-full\"><a href=\"https:\/\/tedenloesopreis.nl\/wp-content\/uploads\/2023\/12\/IMG_0375-768x1024-1.jpg\" target=\"_blank\" rel=\"noreferrer noopener\"><img loading=\"lazy\" decoding=\"async\" width=\"768\" height=\"1024\" src=\"https:\/\/tedenloesopreis.nl\/wp-content\/uploads\/2023\/12\/IMG_0375-768x1024-1.jpg\" alt=\"\" class=\"wp-image-9154\" srcset=\"https:\/\/tedenloesopreis.nl\/wp-content\/uploads\/2023\/12\/IMG_0375-768x1024-1.jpg 768w, https:\/\/tedenloesopreis.nl\/wp-content\/uploads\/2023\/12\/IMG_0375-768x1024-1-225x300.jpg 225w\" sizes=\"auto, (max-width: 768px) 100vw, 768px\" \/><\/a><figcaption class=\"wp-element-caption\"><em>de oude kathedraal van Salamanca<\/em><\/figcaption><\/figure>\n<\/div>\n\n\n\n<div class=\"wp-block-column is-layout-flow wp-block-column-is-layout-flow\">\n<figure class=\"wp-block-image size-full\"><a href=\"https:\/\/tedenloesopreis.nl\/wp-content\/uploads\/2023\/12\/Scherm_afbeelding-2023-11-01-om-15.46.34.png\" target=\"_blank\" rel=\"noreferrer noopener\"><img loading=\"lazy\" decoding=\"async\" width=\"1019\" height=\"759\" src=\"https:\/\/tedenloesopreis.nl\/wp-content\/uploads\/2023\/12\/Scherm_afbeelding-2023-11-01-om-15.46.34.png\" alt=\"\" class=\"wp-image-9155\" srcset=\"https:\/\/tedenloesopreis.nl\/wp-content\/uploads\/2023\/12\/Scherm_afbeelding-2023-11-01-om-15.46.34.png 1019w, https:\/\/tedenloesopreis.nl\/wp-content\/uploads\/2023\/12\/Scherm_afbeelding-2023-11-01-om-15.46.34-300x223.png 300w, https:\/\/tedenloesopreis.nl\/wp-content\/uploads\/2023\/12\/Scherm_afbeelding-2023-11-01-om-15.46.34-768x572.png 768w\" sizes=\"auto, (max-width: 1019px) 100vw, 1019px\" \/><\/a><figcaption class=\"wp-element-caption\"><em>volgens Google: groot-nieuw en klein-oud met \u00e9\u00e9n toren<\/em><\/figcaption><\/figure>\n<\/div>\n<\/div>\n\n\n\n<div class=\"wp-block-columns is-layout-flex wp-container-core-columns-is-layout-9d6595d7 wp-block-columns-is-layout-flex\">\n<div class=\"wp-block-column is-layout-flow wp-block-column-is-layout-flow\">\n<figure class=\"wp-block-image size-full\"><a href=\"https:\/\/tedenloesopreis.nl\/wp-content\/uploads\/2023\/12\/IMG_0372-1024x768-1.jpg\" target=\"_blank\" rel=\"noreferrer noopener\"><img loading=\"lazy\" decoding=\"async\" width=\"1024\" height=\"768\" src=\"https:\/\/tedenloesopreis.nl\/wp-content\/uploads\/2023\/12\/IMG_0372-1024x768-1.jpg\" alt=\"\" class=\"wp-image-9156\" srcset=\"https:\/\/tedenloesopreis.nl\/wp-content\/uploads\/2023\/12\/IMG_0372-1024x768-1.jpg 1024w, https:\/\/tedenloesopreis.nl\/wp-content\/uploads\/2023\/12\/IMG_0372-1024x768-1-300x225.jpg 300w, https:\/\/tedenloesopreis.nl\/wp-content\/uploads\/2023\/12\/IMG_0372-1024x768-1-768x576.jpg 768w\" sizes=\"auto, (max-width: 1024px) 100vw, 1024px\" \/><\/a><figcaption class=\"wp-element-caption\"><em>nieuwe kathedraal<\/em><\/figcaption><\/figure>\n<\/div>\n\n\n\n<div class=\"wp-block-column is-layout-flow wp-block-column-is-layout-flow\">\n<figure class=\"wp-block-image size-full\"><a href=\"https:\/\/tedenloesopreis.nl\/wp-content\/uploads\/2023\/12\/IMG_0371-1024x768-1.jpg\" target=\"_blank\" rel=\"noreferrer noopener\"><img loading=\"lazy\" decoding=\"async\" width=\"1024\" height=\"768\" src=\"https:\/\/tedenloesopreis.nl\/wp-content\/uploads\/2023\/12\/IMG_0371-1024x768-1.jpg\" alt=\"\" class=\"wp-image-9157\" srcset=\"https:\/\/tedenloesopreis.nl\/wp-content\/uploads\/2023\/12\/IMG_0371-1024x768-1.jpg 1024w, https:\/\/tedenloesopreis.nl\/wp-content\/uploads\/2023\/12\/IMG_0371-1024x768-1-300x225.jpg 300w, https:\/\/tedenloesopreis.nl\/wp-content\/uploads\/2023\/12\/IMG_0371-1024x768-1-768x576.jpg 768w\" sizes=\"auto, (max-width: 1024px) 100vw, 1024px\" \/><\/a><figcaption class=\"wp-element-caption\"><em>nieuwe kathedraal<\/em><\/figcaption><\/figure>\n<\/div>\n\n\n\n<div class=\"wp-block-column is-layout-flow wp-block-column-is-layout-flow\">\n<figure class=\"wp-block-image size-full\"><a href=\"https:\/\/tedenloesopreis.nl\/wp-content\/uploads\/2023\/12\/IMG_0373-1024x768-1.jpg\" target=\"_blank\" rel=\"noreferrer noopener\"><img loading=\"lazy\" decoding=\"async\" width=\"1024\" height=\"768\" src=\"https:\/\/tedenloesopreis.nl\/wp-content\/uploads\/2023\/12\/IMG_0373-1024x768-1.jpg\" alt=\"\" class=\"wp-image-9158\" srcset=\"https:\/\/tedenloesopreis.nl\/wp-content\/uploads\/2023\/12\/IMG_0373-1024x768-1.jpg 1024w, https:\/\/tedenloesopreis.nl\/wp-content\/uploads\/2023\/12\/IMG_0373-1024x768-1-300x225.jpg 300w, https:\/\/tedenloesopreis.nl\/wp-content\/uploads\/2023\/12\/IMG_0373-1024x768-1-768x576.jpg 768w\" sizes=\"auto, (max-width: 1024px) 100vw, 1024px\" \/><\/a><figcaption class=\"wp-element-caption\"><em>oude kathedraal<\/em><\/figcaption><\/figure>\n<\/div>\n<\/div>\n\n\n\n<div class=\"wp-block-columns is-layout-flex wp-container-core-columns-is-layout-9d6595d7 wp-block-columns-is-layout-flex\">\n<div class=\"wp-block-column is-layout-flow wp-block-column-is-layout-flow\" style=\"flex-basis:33.33%\"><\/div>\n\n\n\n<div class=\"wp-block-column is-layout-flow wp-block-column-is-layout-flow\" style=\"flex-basis:66.66%\">\n<p>We bezoeken aan het einde van onze tocht door Salamanca nog de Romeinse brug. Vooral het zicht vanaf de brug op het hoger gelegen Salamanca is prachtig.<\/p>\n<\/div>\n<\/div>\n\n\n\n<div class=\"wp-block-columns is-layout-flex wp-container-core-columns-is-layout-9d6595d7 wp-block-columns-is-layout-flex\">\n<div class=\"wp-block-column is-layout-flow wp-block-column-is-layout-flow\">\n<figure class=\"wp-block-image size-full\"><a href=\"https:\/\/tedenloesopreis.nl\/wp-content\/uploads\/2023\/12\/IMG_0377-1024x768-1.jpg\" target=\"_blank\" rel=\"noreferrer noopener\"><img loading=\"lazy\" decoding=\"async\" width=\"1024\" height=\"768\" src=\"https:\/\/tedenloesopreis.nl\/wp-content\/uploads\/2023\/12\/IMG_0377-1024x768-1.jpg\" alt=\"\" class=\"wp-image-9159\" srcset=\"https:\/\/tedenloesopreis.nl\/wp-content\/uploads\/2023\/12\/IMG_0377-1024x768-1.jpg 1024w, https:\/\/tedenloesopreis.nl\/wp-content\/uploads\/2023\/12\/IMG_0377-1024x768-1-300x225.jpg 300w, https:\/\/tedenloesopreis.nl\/wp-content\/uploads\/2023\/12\/IMG_0377-1024x768-1-768x576.jpg 768w\" sizes=\"auto, (max-width: 1024px) 100vw, 1024px\" \/><\/a><figcaption class=\"wp-element-caption\"><em>de Romeinse brug<\/em><\/figcaption><\/figure>\n<\/div>\n\n\n\n<div class=\"wp-block-column is-layout-flow wp-block-column-is-layout-flow\">\n<figure class=\"wp-block-image size-full\"><a href=\"https:\/\/tedenloesopreis.nl\/wp-content\/uploads\/2023\/12\/IMG_0381-1024x768-1.jpg\" target=\"_blank\" rel=\"noreferrer noopener\"><img loading=\"lazy\" decoding=\"async\" width=\"1024\" height=\"768\" src=\"https:\/\/tedenloesopreis.nl\/wp-content\/uploads\/2023\/12\/IMG_0381-1024x768-1.jpg\" alt=\"\" class=\"wp-image-9160\" srcset=\"https:\/\/tedenloesopreis.nl\/wp-content\/uploads\/2023\/12\/IMG_0381-1024x768-1.jpg 1024w, https:\/\/tedenloesopreis.nl\/wp-content\/uploads\/2023\/12\/IMG_0381-1024x768-1-300x225.jpg 300w, https:\/\/tedenloesopreis.nl\/wp-content\/uploads\/2023\/12\/IMG_0381-1024x768-1-768x576.jpg 768w\" sizes=\"auto, (max-width: 1024px) 100vw, 1024px\" \/><\/a><figcaption class=\"wp-element-caption\"><em>Salamanca vanaf de Romeinse brug<\/em><\/figcaption><\/figure>\n<\/div>\n\n\n\n<div class=\"wp-block-column is-layout-flow wp-block-column-is-layout-flow\">\n<figure class=\"wp-block-image size-full\"><a href=\"https:\/\/tedenloesopreis.nl\/wp-content\/uploads\/2023\/12\/IMG_0380-1024x768-1.jpg\" target=\"_blank\" rel=\"noreferrer noopener\"><img loading=\"lazy\" decoding=\"async\" width=\"1024\" height=\"768\" src=\"https:\/\/tedenloesopreis.nl\/wp-content\/uploads\/2023\/12\/IMG_0380-1024x768-1.jpg\" alt=\"\" class=\"wp-image-9161\" srcset=\"https:\/\/tedenloesopreis.nl\/wp-content\/uploads\/2023\/12\/IMG_0380-1024x768-1.jpg 1024w, https:\/\/tedenloesopreis.nl\/wp-content\/uploads\/2023\/12\/IMG_0380-1024x768-1-300x225.jpg 300w, https:\/\/tedenloesopreis.nl\/wp-content\/uploads\/2023\/12\/IMG_0380-1024x768-1-768x576.jpg 768w\" sizes=\"auto, (max-width: 1024px) 100vw, 1024px\" \/><\/a><figcaption class=\"wp-element-caption\"><em>de kathedralen vanaf de Romeinse brug<\/em><\/figcaption><\/figure>\n<\/div>\n<\/div>\n\n\n\n<div style=\"height:35px\" aria-hidden=\"true\" class=\"wp-block-spacer\"><\/div>\n\n\n\n<div class=\"wp-block-columns is-layout-flex wp-container-core-columns-is-layout-9d6595d7 wp-block-columns-is-layout-flex\">\n<div class=\"wp-block-column is-layout-flow wp-block-column-is-layout-flow\">\n<p class=\"has-orange-background-color has-background\" id=\"dag09\"><\/p>\n<\/div>\n<\/div>\n\n\n\n<div class=\"wp-block-columns is-layout-flex wp-container-core-columns-is-layout-9d6595d7 wp-block-columns-is-layout-flex\">\n<div class=\"wp-block-column is-layout-flow wp-block-column-is-layout-flow\" style=\"flex-basis:33.33%\">\n<p class=\"has-small-font-size\"><a href=\"#titel\">top<\/a><\/p>\n<\/div>\n\n\n\n<div class=\"wp-block-column is-layout-flow wp-block-column-is-layout-flow\" style=\"flex-basis:66.66%\">\n<p><strong>NU WORDT HET ECHT WARM<\/strong><br>dag 09 &nbsp; &nbsp; &nbsp; zo 12 mei 2019<br><a href=\"https:\/\/www.google.com\/maps\/d\/viewer?mid=1WF8ejrBhHnZJAbKIzU0vV8QGytx3taix&amp;ll=40.230196373905116%2C-6.007000000000004&amp;z=9\" target=\"_blank\" rel=\"noreferrer noopener\">Salamanca \u2013 C\u00e1ceres<\/a>&nbsp;&nbsp; &nbsp; &nbsp; 224 km<\/p>\n<\/div>\n<\/div>\n\n\n\n<div style=\"height:20px\" aria-hidden=\"true\" class=\"wp-block-spacer\"><\/div>\n\n\n\n<div class=\"wp-block-columns is-layout-flex wp-container-core-columns-is-layout-9d6595d7 wp-block-columns-is-layout-flex\">\n<div class=\"wp-block-column is-layout-flow wp-block-column-is-layout-flow\" style=\"flex-basis:33.33%\">\n<figure class=\"wp-block-image size-full\"><a href=\"https:\/\/tedenloesopreis.nl\/wp-content\/uploads\/2023\/12\/IMG_0116-1024x768-1.jpeg\" target=\"_blank\" rel=\"noreferrer noopener\"><img loading=\"lazy\" decoding=\"async\" width=\"1024\" height=\"768\" src=\"https:\/\/tedenloesopreis.nl\/wp-content\/uploads\/2023\/12\/IMG_0116-1024x768-1.jpeg\" alt=\"\" class=\"wp-image-9163\" srcset=\"https:\/\/tedenloesopreis.nl\/wp-content\/uploads\/2023\/12\/IMG_0116-1024x768-1.jpeg 1024w, https:\/\/tedenloesopreis.nl\/wp-content\/uploads\/2023\/12\/IMG_0116-1024x768-1-300x225.jpeg 300w, https:\/\/tedenloesopreis.nl\/wp-content\/uploads\/2023\/12\/IMG_0116-1024x768-1-768x576.jpeg 768w\" sizes=\"auto, (max-width: 1024px) 100vw, 1024px\" \/><\/a><figcaption class=\"wp-element-caption\"><em>Camping C\u00e1ceres<\/em><\/figcaption><\/figure>\n<\/div>\n\n\n\n<div class=\"wp-block-column is-layout-flow wp-block-column-is-layout-flow\" style=\"flex-basis:66.66%\">\n<p>We staan op&nbsp;<a href=\"https:\/\/www.campercontact.com\/nl\/spanje\/extremadura\/caceres\/10606\/caceres-camping-cat1\" target=\"_blank\" rel=\"noreferrer noopener\">Camping C\u00e1ceres<\/a>. We zitten in het hart van Extremadura, naar verluidt de armste streek van Spanje. Het is hier 31\u00b0C.&nbsp;<\/p>\n\n\n\n<p>Kijk je onderweg om je heen, dan zie je een grote afwisseling. Nog niet zo ver onder Salamanca rijdt je door de uitlopers van de Sierra de Gredos. Daar ligt nog sneeuw op de toppen. Iets zuidelijker rijdt je Extremadura binnen: een licht golvend droog gebied met alleen nog maar kleine kurkeiken. C\u00e1ceres ligt midden in Extremadura.&nbsp;<\/p>\n\n\n\n<p>In C\u00e1ceres rijden we eerst naar een camperplaats nabij het oude centrum. Van daaruit lopen we naar het centrum. (De camping van C\u00e1ceres ligt nogal ver buiten de stad en er zijn geen fietspaden, dus het is onzinnig om vanuit de camping een fietstocht naar het oude centrum te maken.)&nbsp;<\/p>\n\n\n\n<p>C\u00e1ceres heeft een gezellig Plaza Mayor. Net als in Salamanca is er een festival en is de Plaza bedorven door een podium.<\/p>\n<\/div>\n<\/div>\n\n\n\n<div class=\"wp-block-columns is-layout-flex wp-container-core-columns-is-layout-9d6595d7 wp-block-columns-is-layout-flex\">\n<div class=\"wp-block-column is-layout-flow wp-block-column-is-layout-flow\"><\/div>\n\n\n\n<div class=\"wp-block-column is-layout-flow wp-block-column-is-layout-flow\">\n<figure class=\"wp-block-image size-full\"><a href=\"https:\/\/tedenloesopreis.nl\/wp-content\/uploads\/2023\/12\/IMG_0395-1024x768-1.jpg\" target=\"_blank\" rel=\"noreferrer noopener\"><img loading=\"lazy\" decoding=\"async\" width=\"1024\" height=\"768\" src=\"https:\/\/tedenloesopreis.nl\/wp-content\/uploads\/2023\/12\/IMG_0395-1024x768-1.jpg\" alt=\"\" class=\"wp-image-9164\" srcset=\"https:\/\/tedenloesopreis.nl\/wp-content\/uploads\/2023\/12\/IMG_0395-1024x768-1.jpg 1024w, https:\/\/tedenloesopreis.nl\/wp-content\/uploads\/2023\/12\/IMG_0395-1024x768-1-300x225.jpg 300w, https:\/\/tedenloesopreis.nl\/wp-content\/uploads\/2023\/12\/IMG_0395-1024x768-1-768x576.jpg 768w\" sizes=\"auto, (max-width: 1024px) 100vw, 1024px\" \/><\/a><figcaption class=\"wp-element-caption\"><em>ook een podium op het Plaza Mayor van C\u00e1ceres<\/em><\/figcaption><\/figure>\n<\/div>\n\n\n\n<div class=\"wp-block-column is-layout-flow wp-block-column-is-layout-flow\">\n<figure class=\"wp-block-image size-full\"><a href=\"https:\/\/tedenloesopreis.nl\/wp-content\/uploads\/2023\/12\/IMG_0389-1024x768-1.jpg\" target=\"_blank\" rel=\"noreferrer noopener\"><img loading=\"lazy\" decoding=\"async\" width=\"1024\" height=\"768\" src=\"https:\/\/tedenloesopreis.nl\/wp-content\/uploads\/2023\/12\/IMG_0389-1024x768-1.jpg\" alt=\"\" class=\"wp-image-9165\" srcset=\"https:\/\/tedenloesopreis.nl\/wp-content\/uploads\/2023\/12\/IMG_0389-1024x768-1.jpg 1024w, https:\/\/tedenloesopreis.nl\/wp-content\/uploads\/2023\/12\/IMG_0389-1024x768-1-300x225.jpg 300w, https:\/\/tedenloesopreis.nl\/wp-content\/uploads\/2023\/12\/IMG_0389-1024x768-1-768x576.jpg 768w\" sizes=\"auto, (max-width: 1024px) 100vw, 1024px\" \/><\/a><figcaption class=\"wp-element-caption\"><em>het Plaza Mayor van C\u00e1ceres<\/em><\/figcaption><\/figure>\n<\/div>\n<\/div>\n\n\n\n<div class=\"wp-block-columns is-layout-flex wp-container-core-columns-is-layout-9d6595d7 wp-block-columns-is-layout-flex\">\n<div class=\"wp-block-column is-layout-flow wp-block-column-is-layout-flow\">\n<figure class=\"wp-block-image size-full\"><a href=\"https:\/\/tedenloesopreis.nl\/wp-content\/uploads\/2023\/12\/IMG_0388-1024x768-1.jpg\" target=\"_blank\" rel=\"noreferrer noopener\"><img loading=\"lazy\" decoding=\"async\" width=\"1024\" height=\"768\" src=\"https:\/\/tedenloesopreis.nl\/wp-content\/uploads\/2023\/12\/IMG_0388-1024x768-1.jpg\" alt=\"\" class=\"wp-image-9166\" srcset=\"https:\/\/tedenloesopreis.nl\/wp-content\/uploads\/2023\/12\/IMG_0388-1024x768-1.jpg 1024w, https:\/\/tedenloesopreis.nl\/wp-content\/uploads\/2023\/12\/IMG_0388-1024x768-1-300x225.jpg 300w, https:\/\/tedenloesopreis.nl\/wp-content\/uploads\/2023\/12\/IMG_0388-1024x768-1-768x576.jpg 768w\" sizes=\"auto, (max-width: 1024px) 100vw, 1024px\" \/><\/a><figcaption class=\"wp-element-caption\"><em>de oude stad gezien vanaf het Plaza Mayor<\/em><\/figcaption><\/figure>\n<\/div>\n\n\n\n<div class=\"wp-block-column is-layout-flow wp-block-column-is-layout-flow\">\n<figure class=\"wp-block-image size-full\"><a href=\"https:\/\/tedenloesopreis.nl\/wp-content\/uploads\/2023\/12\/IMG_0392-1024x768-1.jpg\" target=\"_blank\" rel=\"noreferrer noopener\"><img loading=\"lazy\" decoding=\"async\" width=\"1024\" height=\"768\" src=\"https:\/\/tedenloesopreis.nl\/wp-content\/uploads\/2023\/12\/IMG_0392-1024x768-1.jpg\" alt=\"\" class=\"wp-image-9167\" srcset=\"https:\/\/tedenloesopreis.nl\/wp-content\/uploads\/2023\/12\/IMG_0392-1024x768-1.jpg 1024w, https:\/\/tedenloesopreis.nl\/wp-content\/uploads\/2023\/12\/IMG_0392-1024x768-1-300x225.jpg 300w, https:\/\/tedenloesopreis.nl\/wp-content\/uploads\/2023\/12\/IMG_0392-1024x768-1-768x576.jpg 768w\" sizes=\"auto, (max-width: 1024px) 100vw, 1024px\" \/><\/a><figcaption class=\"wp-element-caption\"><em>pleintje in de oude stad van C\u00e1ceres<\/em><\/figcaption><\/figure>\n<\/div>\n\n\n\n<div class=\"wp-block-column is-layout-flow wp-block-column-is-layout-flow\">\n<figure class=\"wp-block-image size-full\"><a href=\"https:\/\/tedenloesopreis.nl\/wp-content\/uploads\/2023\/12\/IMG_0394-1024x768-1.jpg\" target=\"_blank\" rel=\"noreferrer noopener\"><img loading=\"lazy\" decoding=\"async\" width=\"1024\" height=\"768\" src=\"https:\/\/tedenloesopreis.nl\/wp-content\/uploads\/2023\/12\/IMG_0394-1024x768-1.jpg\" alt=\"\" class=\"wp-image-9168\" srcset=\"https:\/\/tedenloesopreis.nl\/wp-content\/uploads\/2023\/12\/IMG_0394-1024x768-1.jpg 1024w, https:\/\/tedenloesopreis.nl\/wp-content\/uploads\/2023\/12\/IMG_0394-1024x768-1-300x225.jpg 300w, https:\/\/tedenloesopreis.nl\/wp-content\/uploads\/2023\/12\/IMG_0394-1024x768-1-768x576.jpg 768w\" sizes=\"auto, (max-width: 1024px) 100vw, 1024px\" \/><\/a><figcaption class=\"wp-element-caption\"><em>nog een pleintje in de oude stad<\/em><\/figcaption><\/figure>\n<\/div>\n<\/div>\n\n\n\n<div class=\"wp-block-columns is-layout-flex wp-container-core-columns-is-layout-9d6595d7 wp-block-columns-is-layout-flex\">\n<div class=\"wp-block-column is-layout-flow wp-block-column-is-layout-flow\" style=\"flex-basis:33.33%\"><\/div>\n\n\n\n<div class=\"wp-block-column is-layout-flow wp-block-column-is-layout-flow\" style=\"flex-basis:66.66%\">\n<p>We rijden naar de camping van C\u00e1ceres. Opmerkelijk: elke plaats op deze camping heeft zijn eigen sanitair. Dat is pure luxe. Voorts, de wifi is prima en dat geldt ook voor het camping-restaurant.<\/p>\n<\/div>\n<\/div>\n\n\n\n<div style=\"height:35px\" aria-hidden=\"true\" class=\"wp-block-spacer\"><\/div>\n\n\n\n<div class=\"wp-block-columns is-layout-flex wp-container-core-columns-is-layout-9d6595d7 wp-block-columns-is-layout-flex\">\n<div class=\"wp-block-column is-layout-flow wp-block-column-is-layout-flow\">\n<p class=\"has-orange-background-color has-background\" id=\"dag10\"><\/p>\n<\/div>\n<\/div>\n\n\n\n<div class=\"wp-block-columns is-layout-flex wp-container-core-columns-is-layout-9d6595d7 wp-block-columns-is-layout-flex\">\n<div class=\"wp-block-column is-layout-flow wp-block-column-is-layout-flow\" style=\"flex-basis:33.33%\">\n<p class=\"has-small-font-size\"><a href=\"#titel\">top<\/a><\/p>\n<\/div>\n\n\n\n<div class=\"wp-block-column is-layout-flow wp-block-column-is-layout-flow\" style=\"flex-basis:66.66%\">\n<p><strong>DWARS DOOR EXTREMADURA<\/strong><br>dag 10 &nbsp; &nbsp; &nbsp; ma 13 mei 2019<br><a href=\"https:\/\/www.google.com\/maps\/d\/viewer?mid=1V59qziMqjp2n8JpKtszuZxrCnnq7fda4&amp;ll=38.32083177796585%2C-6.5121960458363795&amp;z=8\" target=\"_blank\" rel=\"noreferrer noopener\">C\u00e1ceres \u2013 El Rocio<\/a>&nbsp;&nbsp; &nbsp; &nbsp; 340 km<\/p>\n<\/div>\n<\/div>\n\n\n\n<div style=\"height:20px\" aria-hidden=\"true\" class=\"wp-block-spacer\"><\/div>\n\n\n\n<div class=\"wp-block-columns is-layout-flex wp-container-core-columns-is-layout-9d6595d7 wp-block-columns-is-layout-flex\">\n<div class=\"wp-block-column is-layout-flow wp-block-column-is-layout-flow\" style=\"flex-basis:33.33%\"><\/div>\n\n\n\n<div class=\"wp-block-column is-layout-flow wp-block-column-is-layout-flow\" style=\"flex-basis:66.66%\">\n<p>Na een flinke rit staan we op&nbsp;<a href=\"https:\/\/www.campercontact.com\/nl\/spanje\/andalusie\/el-rocio\/6647\/camping-la-aldea\" target=\"_blank\" rel=\"noreferrer noopener\">camping La Aldea<\/a>&nbsp;in El Rocio.<\/p>\n\n\n\n<p>We zitten al een tijdje in dubio: gaan we via Sevilla of rijden we door het binnenland van Extremadura. Sevilla staat op het programma, omdat het ons daar in 2016 goed is bevallen. Extremadura komt echter &nbsp;in de belangstelling door een interessant artikel in het maartnummer van het blad TopCamper (waarvan we er drie per jaar ontvangen van de camperverzekeraar) en door enthousiaste verhalen van camperaars in Salamanca. Omdat Meteo Iberica aangeeft dat het vandaag in Sevilla wel eens warmer kan worden dan 37\u00b0C, kiezen we voor de route door Extremadura.&nbsp;<\/p>\n\n\n\n<p>Voor de spoorzoekers: we volgden de A-66 tot aan Zafra, de EX-101 tot aan Frenegal de la Sierra, de N-435 tot aan Valverde del Camino, de A-493 tot aan Bollullos, de A-483 tot aan El Rocio.&nbsp;<\/p>\n\n\n\n<p>Het binnenland van Extremadura is een nagenoeg verlaten gebied met stevige heuvels (tot 12%), droog, ruw. Het landschap wordt ook wel \u2018de dehesa\u2019 genoemd: kurkeiken, schrale grassen, lage struiken, zo hier en daar wat koeien onder de bomen. Heel boeiend.<\/p>\n<\/div>\n<\/div>\n\n\n\n<div class=\"wp-block-columns is-layout-flex wp-container-core-columns-is-layout-9d6595d7 wp-block-columns-is-layout-flex\">\n<div class=\"wp-block-column is-layout-flow wp-block-column-is-layout-flow\">\n<figure class=\"wp-block-image size-full\"><a href=\"https:\/\/tedenloesopreis.nl\/wp-content\/uploads\/2023\/12\/IMG_0408-1024x768-1.jpg\" target=\"_blank\" rel=\"noreferrer noopener\"><img loading=\"lazy\" decoding=\"async\" width=\"1024\" height=\"768\" src=\"https:\/\/tedenloesopreis.nl\/wp-content\/uploads\/2023\/12\/IMG_0408-1024x768-1.jpg\" alt=\"\" class=\"wp-image-9169\" srcset=\"https:\/\/tedenloesopreis.nl\/wp-content\/uploads\/2023\/12\/IMG_0408-1024x768-1.jpg 1024w, https:\/\/tedenloesopreis.nl\/wp-content\/uploads\/2023\/12\/IMG_0408-1024x768-1-300x225.jpg 300w, https:\/\/tedenloesopreis.nl\/wp-content\/uploads\/2023\/12\/IMG_0408-1024x768-1-768x576.jpg 768w\" sizes=\"auto, (max-width: 1024px) 100vw, 1024px\" \/><\/a><figcaption class=\"wp-element-caption\"><em>Extremadura: de dehesa<\/em><\/figcaption><\/figure>\n<\/div>\n\n\n\n<div class=\"wp-block-column is-layout-flow wp-block-column-is-layout-flow\">\n<figure class=\"wp-block-image size-full\"><a href=\"https:\/\/tedenloesopreis.nl\/wp-content\/uploads\/2023\/12\/IMG_0416-1024x768-1.jpg\" target=\"_blank\" rel=\"noreferrer noopener\"><img loading=\"lazy\" decoding=\"async\" width=\"1024\" height=\"768\" src=\"https:\/\/tedenloesopreis.nl\/wp-content\/uploads\/2023\/12\/IMG_0416-1024x768-1.jpg\" alt=\"\" class=\"wp-image-9170\" srcset=\"https:\/\/tedenloesopreis.nl\/wp-content\/uploads\/2023\/12\/IMG_0416-1024x768-1.jpg 1024w, https:\/\/tedenloesopreis.nl\/wp-content\/uploads\/2023\/12\/IMG_0416-1024x768-1-300x225.jpg 300w, https:\/\/tedenloesopreis.nl\/wp-content\/uploads\/2023\/12\/IMG_0416-1024x768-1-768x576.jpg 768w\" sizes=\"auto, (max-width: 1024px) 100vw, 1024px\" \/><\/a><figcaption class=\"wp-element-caption\"><em>Extremadura: de dehesa<\/em><\/figcaption><\/figure>\n<\/div>\n\n\n\n<div class=\"wp-block-column is-layout-flow wp-block-column-is-layout-flow\">\n<figure class=\"wp-block-image size-full\"><a href=\"https:\/\/tedenloesopreis.nl\/wp-content\/uploads\/2023\/12\/IMG_0417-1024x768-1.jpg\" target=\"_blank\" rel=\"noreferrer noopener\"><img loading=\"lazy\" decoding=\"async\" width=\"1024\" height=\"768\" src=\"https:\/\/tedenloesopreis.nl\/wp-content\/uploads\/2023\/12\/IMG_0417-1024x768-1.jpg\" alt=\"\" class=\"wp-image-9171\" srcset=\"https:\/\/tedenloesopreis.nl\/wp-content\/uploads\/2023\/12\/IMG_0417-1024x768-1.jpg 1024w, https:\/\/tedenloesopreis.nl\/wp-content\/uploads\/2023\/12\/IMG_0417-1024x768-1-300x225.jpg 300w, https:\/\/tedenloesopreis.nl\/wp-content\/uploads\/2023\/12\/IMG_0417-1024x768-1-768x576.jpg 768w\" sizes=\"auto, (max-width: 1024px) 100vw, 1024px\" \/><\/a><figcaption class=\"wp-element-caption\"><em>Extremadura: de dehesa<\/em><\/figcaption><\/figure>\n<\/div>\n<\/div>\n\n\n\n<div class=\"wp-block-columns is-layout-flex wp-container-core-columns-is-layout-9d6595d7 wp-block-columns-is-layout-flex\">\n<div class=\"wp-block-column is-layout-flow wp-block-column-is-layout-flow\"><\/div>\n\n\n\n<div class=\"wp-block-column is-layout-flow wp-block-column-is-layout-flow\">\n<figure class=\"wp-block-image size-full\"><a href=\"https:\/\/tedenloesopreis.nl\/wp-content\/uploads\/2023\/12\/IMG_0405-1-1024x768-1.jpg\" target=\"_blank\" rel=\"noreferrer noopener\"><img loading=\"lazy\" decoding=\"async\" width=\"1024\" height=\"768\" src=\"https:\/\/tedenloesopreis.nl\/wp-content\/uploads\/2023\/12\/IMG_0405-1-1024x768-1.jpg\" alt=\"\" class=\"wp-image-9172\" srcset=\"https:\/\/tedenloesopreis.nl\/wp-content\/uploads\/2023\/12\/IMG_0405-1-1024x768-1.jpg 1024w, https:\/\/tedenloesopreis.nl\/wp-content\/uploads\/2023\/12\/IMG_0405-1-1024x768-1-300x225.jpg 300w, https:\/\/tedenloesopreis.nl\/wp-content\/uploads\/2023\/12\/IMG_0405-1-1024x768-1-768x576.jpg 768w\" sizes=\"auto, (max-width: 1024px) 100vw, 1024px\" \/><\/a><figcaption class=\"wp-element-caption\"><em>Extremadura: de dehesa (de koeien staan binnen)<\/em><\/figcaption><\/figure>\n<\/div>\n\n\n\n<div class=\"wp-block-column is-layout-flow wp-block-column-is-layout-flow\">\n<figure class=\"wp-block-image size-full\"><a href=\"https:\/\/tedenloesopreis.nl\/wp-content\/uploads\/2023\/12\/IMG_0413-1024x768-1.jpg\" target=\"_blank\" rel=\"noreferrer noopener\"><img loading=\"lazy\" decoding=\"async\" width=\"1024\" height=\"768\" src=\"https:\/\/tedenloesopreis.nl\/wp-content\/uploads\/2023\/12\/IMG_0413-1024x768-1.jpg\" alt=\"\" class=\"wp-image-9176\" srcset=\"https:\/\/tedenloesopreis.nl\/wp-content\/uploads\/2023\/12\/IMG_0413-1024x768-1.jpg 1024w, https:\/\/tedenloesopreis.nl\/wp-content\/uploads\/2023\/12\/IMG_0413-1024x768-1-300x225.jpg 300w, https:\/\/tedenloesopreis.nl\/wp-content\/uploads\/2023\/12\/IMG_0413-1024x768-1-768x576.jpg 768w\" sizes=\"auto, (max-width: 1024px) 100vw, 1024px\" \/><\/a><figcaption class=\"wp-element-caption\"><em>Extremadura: de dehesa<\/em><\/figcaption><\/figure>\n<\/div>\n<\/div>\n\n\n\n<div class=\"wp-block-columns is-layout-flex wp-container-core-columns-is-layout-9d6595d7 wp-block-columns-is-layout-flex\">\n<div class=\"wp-block-column is-layout-flow wp-block-column-is-layout-flow\" style=\"flex-basis:33.33%\">\n<figure class=\"wp-block-image size-full\"><a href=\"https:\/\/tedenloesopreis.nl\/wp-content\/uploads\/2023\/12\/IMG_0117-1024x768-2.jpeg\" target=\"_blank\" rel=\"noreferrer noopener\"><img loading=\"lazy\" decoding=\"async\" width=\"1024\" height=\"768\" src=\"https:\/\/tedenloesopreis.nl\/wp-content\/uploads\/2023\/12\/IMG_0117-1024x768-2.jpeg\" alt=\"\" class=\"wp-image-9174\" srcset=\"https:\/\/tedenloesopreis.nl\/wp-content\/uploads\/2023\/12\/IMG_0117-1024x768-2.jpeg 1024w, https:\/\/tedenloesopreis.nl\/wp-content\/uploads\/2023\/12\/IMG_0117-1024x768-2-300x225.jpeg 300w, https:\/\/tedenloesopreis.nl\/wp-content\/uploads\/2023\/12\/IMG_0117-1024x768-2-768x576.jpeg 768w\" sizes=\"auto, (max-width: 1024px) 100vw, 1024px\" \/><\/a><figcaption class=\"wp-element-caption\"><em>de camping in El Rocio<\/em><\/figcaption><\/figure>\n<\/div>\n\n\n\n<div class=\"wp-block-column is-layout-flow wp-block-column-is-layout-flow\" style=\"flex-basis:66.66%\">\n<p>El Rocio is een merkwaardig bedevaartplaatsje met uitsluitend zandwegen. Morgenochtend gaan we het bekijken.&nbsp;<\/p>\n\n\n\n<p>Ook de wegen op de camping in El Rocio zijn van zand.<\/p>\n<\/div>\n<\/div>\n\n\n\n<div style=\"height:35px\" aria-hidden=\"true\" class=\"wp-block-spacer\"><\/div>\n\n\n\n<div class=\"wp-block-columns is-layout-flex wp-container-core-columns-is-layout-9d6595d7 wp-block-columns-is-layout-flex\">\n<div class=\"wp-block-column is-layout-flow wp-block-column-is-layout-flow\">\n<p class=\"has-orange-background-color has-background\" id=\"dag11\"><\/p>\n<\/div>\n<\/div>\n\n\n\n<div class=\"wp-block-columns is-layout-flex wp-container-core-columns-is-layout-9d6595d7 wp-block-columns-is-layout-flex\">\n<div class=\"wp-block-column is-layout-flow wp-block-column-is-layout-flow\" style=\"flex-basis:33.33%\">\n<p class=\"has-small-font-size\"><a href=\"#titel\">top<\/a><\/p>\n<\/div>\n\n\n\n<div class=\"wp-block-column is-layout-flow wp-block-column-is-layout-flow\" style=\"flex-basis:66.66%\">\n<p><strong>ZANDWEGEN EN PORTUGAL<\/strong><br>dag 11 &nbsp; &nbsp; &nbsp; di 14 mei 2019<br><a href=\"https:\/\/www.google.com\/maps\/d\/viewer?mid=1gsxqtetPxIQ18VYKr4IgMRuQalPjY6KJ&amp;ll=37.215131566057245%2C-7.0734652220603484&amp;z=10\" target=\"_blank\" rel=\"noreferrer noopener\">El Rocio \u2013 Tavira<\/a>&nbsp;&nbsp; &nbsp; &nbsp;&nbsp;143 km<\/p>\n<\/div>\n<\/div>\n\n\n\n<div style=\"height:20px\" aria-hidden=\"true\" class=\"wp-block-spacer\"><\/div>\n\n\n\n<div class=\"wp-block-columns is-layout-flex wp-container-core-columns-is-layout-9d6595d7 wp-block-columns-is-layout-flex\">\n<div class=\"wp-block-column is-layout-flow wp-block-column-is-layout-flow\" style=\"flex-basis:33.33%\">\n<figure class=\"wp-block-image size-full\"><a href=\"https:\/\/tedenloesopreis.nl\/wp-content\/uploads\/2023\/12\/IMG_0119-1024x768-1.jpeg\" target=\"_blank\" rel=\"noreferrer noopener\"><img loading=\"lazy\" decoding=\"async\" width=\"1024\" height=\"768\" src=\"https:\/\/tedenloesopreis.nl\/wp-content\/uploads\/2023\/12\/IMG_0119-1024x768-1.jpeg\" alt=\"\" class=\"wp-image-9178\" srcset=\"https:\/\/tedenloesopreis.nl\/wp-content\/uploads\/2023\/12\/IMG_0119-1024x768-1.jpeg 1024w, https:\/\/tedenloesopreis.nl\/wp-content\/uploads\/2023\/12\/IMG_0119-1024x768-1-300x225.jpeg 300w, https:\/\/tedenloesopreis.nl\/wp-content\/uploads\/2023\/12\/IMG_0119-1024x768-1-768x576.jpeg 768w\" sizes=\"auto, (max-width: 1024px) 100vw, 1024px\" \/><\/a><figcaption class=\"wp-element-caption\"><em>nationaal park Do\u00f1ana bij El Rocio<\/em><\/figcaption><\/figure>\n<\/div>\n\n\n\n<div class=\"wp-block-column is-layout-flow wp-block-column-is-layout-flow\" style=\"flex-basis:66.66%\">\n<p>Het duurt tot zondag voordat de temperatuur in Sevilla weer draaglijk is (voor ons althans). Daar willen we niet op wachten. We rijden dus maar verder naar het westen.&nbsp;Na een vrij korte rit staan we op camping&nbsp;<a href=\"https:\/\/www.campercontact.com\/nl\/portugal\/faro\/tavira\/9024\/campismo-ria-formosa\" target=\"_blank\" rel=\"noreferrer noopener\">Ria Formosa<\/a>&nbsp;in Tavira. We zijn in Portugal, in de oostelijk Algarve.&nbsp;<\/p>\n\n\n\n<p>We gaan echter eerst naar El Rocio. Dit plaatsje is het eindpunt van de grootste Spaanse bedevaart. Deze begint van oudsher in Sanl\u00facar de Barrameda aan de Quadalquivir. De tocht door het nationale park Do\u00f1ana duurt drie dagen. Do\u00f1ana is een moerassig gebied, waar het \u2018s-zomers wemelt van de muggen. Het is dus een serieuze beproeving om daar drie dagen doorheen te trekken.<br><br>Op de ochtend van 2e Pinksterdag komt men in El Rocio aan om de Heilige Maagd van El Rocio te aanbidden en door het stadje rond te dragen. Op 2e Pinksterdag zijn er wel 1.000.000 mensen in het stadje (daarom zijn we in 2016 niet naar El Rocio gegaan).<\/p>\n\n\n\n<p>De wegen in het stadje zijn allemaal van zand. Regelmatig rijdt er een grader rond om de wegen te egaliseren. Af en toe wordt er wat water op het zand gesproeid, om ernstige stofvorming te voorkomen. De toeristen rijden beschaafd langzaam, de inboorlingen zijn wat minder geduldig en veroorzaken nogal wat stof. De huizen zijn, naar goed Andalusisch gebruik, wit geschilderd.&nbsp;<\/p>\n\n\n\n<p>We zijn op bezoek geweest bij de Heilige Maagd. Ze staat te pronken temidden van een enorm verguld altaarstuk. Voor ons, toch min of meer ontkerkelijkte nuchtere Nederlanders, is de devotie van de Spaanse bezoeker bijna ontroerend.<\/p>\n<\/div>\n<\/div>\n\n\n\n<div class=\"wp-block-columns is-layout-flex wp-container-core-columns-is-layout-9d6595d7 wp-block-columns-is-layout-flex\">\n<div class=\"wp-block-column is-layout-flow wp-block-column-is-layout-flow\"><\/div>\n\n\n\n<div class=\"wp-block-column is-layout-flow wp-block-column-is-layout-flow\">\n<figure class=\"wp-block-image size-full\"><a href=\"https:\/\/tedenloesopreis.nl\/wp-content\/uploads\/2023\/12\/IMG_0121-1024x768-1.jpeg\" target=\"_blank\" rel=\"noreferrer noopener\"><img loading=\"lazy\" decoding=\"async\" width=\"1024\" height=\"768\" src=\"https:\/\/tedenloesopreis.nl\/wp-content\/uploads\/2023\/12\/IMG_0121-1024x768-1.jpeg\" alt=\"\" class=\"wp-image-9179\" srcset=\"https:\/\/tedenloesopreis.nl\/wp-content\/uploads\/2023\/12\/IMG_0121-1024x768-1.jpeg 1024w, https:\/\/tedenloesopreis.nl\/wp-content\/uploads\/2023\/12\/IMG_0121-1024x768-1-300x225.jpeg 300w, https:\/\/tedenloesopreis.nl\/wp-content\/uploads\/2023\/12\/IMG_0121-1024x768-1-768x576.jpeg 768w\" sizes=\"auto, (max-width: 1024px) 100vw, 1024px\" \/><\/a><figcaption class=\"wp-element-caption\"><em>de kerk van de Heilige Maagd, met lokaal o.v.&nbsp;<\/em><\/figcaption><\/figure>\n<\/div>\n\n\n\n<div class=\"wp-block-column is-layout-flow wp-block-column-is-layout-flow\">\n<figure class=\"wp-block-image size-full\"><a href=\"https:\/\/tedenloesopreis.nl\/wp-content\/uploads\/2023\/12\/IMG_0125-1-768x1024-1.jpeg\" target=\"_blank\" rel=\"noreferrer noopener\"><img loading=\"lazy\" decoding=\"async\" width=\"768\" height=\"1024\" src=\"https:\/\/tedenloesopreis.nl\/wp-content\/uploads\/2023\/12\/IMG_0125-1-768x1024-1.jpeg\" alt=\"\" class=\"wp-image-9180\" srcset=\"https:\/\/tedenloesopreis.nl\/wp-content\/uploads\/2023\/12\/IMG_0125-1-768x1024-1.jpeg 768w, https:\/\/tedenloesopreis.nl\/wp-content\/uploads\/2023\/12\/IMG_0125-1-768x1024-1-225x300.jpeg 225w\" sizes=\"auto, (max-width: 768px) 100vw, 768px\" \/><\/a><figcaption class=\"wp-element-caption\"><em>de Heilige Maagd in het goud<\/em><\/figcaption><\/figure>\n<\/div>\n<\/div>\n\n\n\n<div class=\"wp-block-columns is-layout-flex wp-container-core-columns-is-layout-9d6595d7 wp-block-columns-is-layout-flex\">\n<div class=\"wp-block-column is-layout-flow wp-block-column-is-layout-flow\">\n<figure class=\"wp-block-image size-full\"><a href=\"https:\/\/tedenloesopreis.nl\/wp-content\/uploads\/2023\/12\/IMG_0123-1024x768-1.jpeg\" target=\"_blank\" rel=\"noreferrer noopener\"><img loading=\"lazy\" decoding=\"async\" width=\"1024\" height=\"768\" src=\"https:\/\/tedenloesopreis.nl\/wp-content\/uploads\/2023\/12\/IMG_0123-1024x768-1.jpeg\" alt=\"\" class=\"wp-image-9181\" srcset=\"https:\/\/tedenloesopreis.nl\/wp-content\/uploads\/2023\/12\/IMG_0123-1024x768-1.jpeg 1024w, https:\/\/tedenloesopreis.nl\/wp-content\/uploads\/2023\/12\/IMG_0123-1024x768-1-300x225.jpeg 300w, https:\/\/tedenloesopreis.nl\/wp-content\/uploads\/2023\/12\/IMG_0123-1024x768-1-768x576.jpeg 768w\" sizes=\"auto, (max-width: 1024px) 100vw, 1024px\" \/><\/a><figcaption class=\"wp-element-caption\"><em>zandweg en witte gebouwen<\/em><\/figcaption><\/figure>\n<\/div>\n\n\n\n<div class=\"wp-block-column is-layout-flow wp-block-column-is-layout-flow\">\n<figure class=\"wp-block-image size-full\"><a href=\"https:\/\/tedenloesopreis.nl\/wp-content\/uploads\/2023\/12\/IMG_0127-1024x768-1.jpeg\" target=\"_blank\" rel=\"noreferrer noopener\"><img loading=\"lazy\" decoding=\"async\" width=\"1024\" height=\"768\" src=\"https:\/\/tedenloesopreis.nl\/wp-content\/uploads\/2023\/12\/IMG_0127-1024x768-1.jpeg\" alt=\"\" class=\"wp-image-9182\" srcset=\"https:\/\/tedenloesopreis.nl\/wp-content\/uploads\/2023\/12\/IMG_0127-1024x768-1.jpeg 1024w, https:\/\/tedenloesopreis.nl\/wp-content\/uploads\/2023\/12\/IMG_0127-1024x768-1-300x225.jpeg 300w, https:\/\/tedenloesopreis.nl\/wp-content\/uploads\/2023\/12\/IMG_0127-1024x768-1-768x576.jpeg 768w\" sizes=\"auto, (max-width: 1024px) 100vw, 1024px\" \/><\/a><figcaption class=\"wp-element-caption\"><em>zandweg en witte gebouwen<\/em><\/figcaption><\/figure>\n<\/div>\n\n\n\n<div class=\"wp-block-column is-layout-flow wp-block-column-is-layout-flow\">\n<figure class=\"wp-block-image size-full\"><a href=\"https:\/\/tedenloesopreis.nl\/wp-content\/uploads\/2023\/12\/IMG_0130-1024x768-1.jpeg\" target=\"_blank\" rel=\"noreferrer noopener\"><img loading=\"lazy\" decoding=\"async\" width=\"1024\" height=\"768\" src=\"https:\/\/tedenloesopreis.nl\/wp-content\/uploads\/2023\/12\/IMG_0130-1024x768-1.jpeg\" alt=\"\" class=\"wp-image-9183\" srcset=\"https:\/\/tedenloesopreis.nl\/wp-content\/uploads\/2023\/12\/IMG_0130-1024x768-1.jpeg 1024w, https:\/\/tedenloesopreis.nl\/wp-content\/uploads\/2023\/12\/IMG_0130-1024x768-1-300x225.jpeg 300w, https:\/\/tedenloesopreis.nl\/wp-content\/uploads\/2023\/12\/IMG_0130-1024x768-1-768x576.jpeg 768w\" sizes=\"auto, (max-width: 1024px) 100vw, 1024px\" \/><\/a><figcaption class=\"wp-element-caption\"><em>brede zandweg en witte gebouwen<\/em><\/figcaption><\/figure>\n<\/div>\n<\/div>\n\n\n\n<div class=\"wp-block-columns is-layout-flex wp-container-core-columns-is-layout-9d6595d7 wp-block-columns-is-layout-flex\">\n<div class=\"wp-block-column is-layout-flow wp-block-column-is-layout-flow\" style=\"flex-basis:33.33%\"><\/div>\n\n\n\n<div class=\"wp-block-column is-layout-flow wp-block-column-is-layout-flow\" style=\"flex-basis:66.66%\">\n<p>We rijden over de A483 en de A49 richting Portugal. Direct over de grens nemen we de afslag naar Vila Real de Santo Ant\u00f3nio (zou je doorrijden op de A22, dan kom je op een tolweg terecht). In V.R. de S.A. nemen we de N125 naar Tavira.<\/p>\n<\/div>\n<\/div>\n\n\n\n<div style=\"height:35px\" aria-hidden=\"true\" class=\"wp-block-spacer\"><\/div>\n\n\n\n<div class=\"wp-block-columns is-layout-flex wp-container-core-columns-is-layout-9d6595d7 wp-block-columns-is-layout-flex\">\n<div class=\"wp-block-column is-layout-flow wp-block-column-is-layout-flow\">\n<p class=\"has-orange-background-color has-background\" id=\"dag12\"><\/p>\n<\/div>\n<\/div>\n\n\n\n<div class=\"wp-block-columns is-layout-flex wp-container-core-columns-is-layout-9d6595d7 wp-block-columns-is-layout-flex\">\n<div class=\"wp-block-column is-layout-flow wp-block-column-is-layout-flow\" style=\"flex-basis:33.33%\">\n<p class=\"has-small-font-size\"><a href=\"#titel\">top<\/a><\/p>\n<\/div>\n\n\n\n<div class=\"wp-block-column is-layout-flow wp-block-column-is-layout-flow\" style=\"flex-basis:66.66%\">\n<p><strong>WOENSDAG WASDAG<\/strong><br>dag 12 &nbsp; &nbsp; &nbsp; wo 15 mei 2019<br>Tavira &nbsp; &nbsp; &nbsp; 0 km<\/p>\n<\/div>\n<\/div>\n\n\n\n<div style=\"height:20px\" aria-hidden=\"true\" class=\"wp-block-spacer\"><\/div>\n\n\n\n<div class=\"wp-block-columns is-layout-flex wp-container-core-columns-is-layout-9d6595d7 wp-block-columns-is-layout-flex\">\n<div class=\"wp-block-column is-layout-flow wp-block-column-is-layout-flow\" style=\"flex-basis:33.33%\">\n<figure class=\"wp-block-image size-full\"><a href=\"https:\/\/tedenloesopreis.nl\/wp-content\/uploads\/2023\/12\/IMG_0138-1024x768-1.jpeg\" target=\"_blank\" rel=\"noreferrer noopener\"><img loading=\"lazy\" decoding=\"async\" width=\"1024\" height=\"768\" src=\"https:\/\/tedenloesopreis.nl\/wp-content\/uploads\/2023\/12\/IMG_0138-1024x768-1.jpeg\" alt=\"\" class=\"wp-image-9187\" srcset=\"https:\/\/tedenloesopreis.nl\/wp-content\/uploads\/2023\/12\/IMG_0138-1024x768-1.jpeg 1024w, https:\/\/tedenloesopreis.nl\/wp-content\/uploads\/2023\/12\/IMG_0138-1024x768-1-300x225.jpeg 300w, https:\/\/tedenloesopreis.nl\/wp-content\/uploads\/2023\/12\/IMG_0138-1024x768-1-768x576.jpeg 768w\" sizes=\"auto, (max-width: 1024px) 100vw, 1024px\" \/><\/a><figcaption class=\"wp-element-caption\"><em>de camping in Tavira<\/em><\/figcaption><\/figure>\n<\/div>\n\n\n\n<div class=\"wp-block-column is-layout-flow wp-block-column-is-layout-flow\" style=\"flex-basis:66.66%\">\n<p>We hebben, gerekend vanaf Salamanca, drie dagen gereden. Het is dus weer tijd voor een rustdag.&nbsp;<\/p>\n\n\n\n<p>Camping Ria Formosa is goed geoutilleerd. Zo staan er zes moderne wasmachines. We draaien vandaag dus maar een wasje.&nbsp;<\/p>\n\n\n\n<p>Morgen gaan we op de fiets naar Tavira.<\/p>\n<\/div>\n<\/div>\n\n\n\n<div style=\"height:36px\" aria-hidden=\"true\" class=\"wp-block-spacer\"><\/div>\n\n\n\n<div class=\"wp-block-columns is-layout-flex wp-container-core-columns-is-layout-9d6595d7 wp-block-columns-is-layout-flex\">\n<div class=\"wp-block-column is-layout-flow wp-block-column-is-layout-flow\">\n<p class=\"has-orange-background-color has-background\" id=\"dag13\"><\/p>\n<\/div>\n<\/div>\n\n\n\n<div class=\"wp-block-columns is-layout-flex wp-container-core-columns-is-layout-9d6595d7 wp-block-columns-is-layout-flex\">\n<div class=\"wp-block-column is-layout-flow wp-block-column-is-layout-flow\" style=\"flex-basis:33.33%\">\n<p class=\"has-small-font-size\"><a href=\"#titel\">top<\/a><\/p>\n<\/div>\n\n\n\n<div class=\"wp-block-column is-layout-flow wp-block-column-is-layout-flow\" style=\"flex-basis:66.66%\">\n<p><strong>BEST WEL EEN AARDIG STADJE<\/strong><br>dag 13 &nbsp; &nbsp; &nbsp; do 16 mei 2019<br>Tavira &nbsp; &nbsp; &nbsp; 0 km<\/p>\n<\/div>\n<\/div>\n\n\n\n<div style=\"height:20px\" aria-hidden=\"true\" class=\"wp-block-spacer\"><\/div>\n\n\n\n<div class=\"wp-block-columns is-layout-flex wp-container-core-columns-is-layout-9d6595d7 wp-block-columns-is-layout-flex\">\n<div class=\"wp-block-column is-layout-flow wp-block-column-is-layout-flow\" style=\"flex-basis:33.33%\"><\/div>\n\n\n\n<div class=\"wp-block-column is-layout-flow wp-block-column-is-layout-flow\" style=\"flex-basis:66.66%\">\n<p>Tussen Conceic\u00e3o (daar is onze camping) en Tavira ligt een uitstekend fietspad, uiteraard aangelegd met een financi\u00eble bijdrage van de EU. Helaas is de brug over de Ribeira do Almagem vorig jaar aangevaren en daardoor instabiel geworden. Het ontbreekt blijkbaar aan middelen, want de brug is nog niet hersteld.&nbsp;<\/p>\n\n\n\n<p>We moeten dus met de fiets over de N125, de oude, drukke hoofdweg door de Algarve. Dat valt helemaal niet tegen. De weg heeft vrij brede vluchtstroken en de passerende automobilisten doen hun best om zoveel mogelijk afstand te nemen. Ook in de stad is het weggedrag van de plaatselijke bevolking erg beheerst en correct. Wat dit betreft scoort Portugal m\u00e9\u00e9r punten dan Spanje.&nbsp;<\/p>\n\n\n\n<p>Wij vinden Tavira \u2018best wel een aardig stadje\u2019, gezellig druk, veel terrasjes. Jammer, dat je door al die parasols betrekkelijk weinig van het stadje zelf ziet. Tavira is leuk genoeg om even door te fietsen, maar niet heel erg bijzonder.<\/p>\n<\/div>\n<\/div>\n\n\n\n<div class=\"wp-block-columns is-layout-flex wp-container-core-columns-is-layout-9d6595d7 wp-block-columns-is-layout-flex\">\n<div class=\"wp-block-column is-layout-flow wp-block-column-is-layout-flow\">\n<figure class=\"wp-block-image size-full\"><a href=\"https:\/\/tedenloesopreis.nl\/wp-content\/uploads\/2023\/12\/IMG_0145-1024x768-1.jpeg\" target=\"_blank\" rel=\"noreferrer noopener\"><img loading=\"lazy\" decoding=\"async\" width=\"1024\" height=\"768\" src=\"https:\/\/tedenloesopreis.nl\/wp-content\/uploads\/2023\/12\/IMG_0145-1024x768-1.jpeg\" alt=\"\" class=\"wp-image-9190\" srcset=\"https:\/\/tedenloesopreis.nl\/wp-content\/uploads\/2023\/12\/IMG_0145-1024x768-1.jpeg 1024w, https:\/\/tedenloesopreis.nl\/wp-content\/uploads\/2023\/12\/IMG_0145-1024x768-1-300x225.jpeg 300w, https:\/\/tedenloesopreis.nl\/wp-content\/uploads\/2023\/12\/IMG_0145-1024x768-1-768x576.jpeg 768w\" sizes=\"auto, (max-width: 1024px) 100vw, 1024px\" \/><\/a><figcaption class=\"wp-element-caption\"><em>Romeinse brug in Tavira<\/em><\/figcaption><\/figure>\n<\/div>\n\n\n\n<div class=\"wp-block-column is-layout-flow wp-block-column-is-layout-flow\">\n<figure class=\"wp-block-image size-full\"><a href=\"https:\/\/tedenloesopreis.nl\/wp-content\/uploads\/2023\/12\/IMG_0141-1024x768-1.jpeg\" target=\"_blank\" rel=\"noreferrer noopener\"><img loading=\"lazy\" decoding=\"async\" width=\"1024\" height=\"768\" src=\"https:\/\/tedenloesopreis.nl\/wp-content\/uploads\/2023\/12\/IMG_0141-1024x768-1.jpeg\" alt=\"\" class=\"wp-image-9189\" srcset=\"https:\/\/tedenloesopreis.nl\/wp-content\/uploads\/2023\/12\/IMG_0141-1024x768-1.jpeg 1024w, https:\/\/tedenloesopreis.nl\/wp-content\/uploads\/2023\/12\/IMG_0141-1024x768-1-300x225.jpeg 300w, https:\/\/tedenloesopreis.nl\/wp-content\/uploads\/2023\/12\/IMG_0141-1024x768-1-768x576.jpeg 768w\" sizes=\"auto, (max-width: 1024px) 100vw, 1024px\" \/><\/a><figcaption class=\"wp-element-caption\"><em>een typisch straatje in Tavira<\/em><\/figcaption><\/figure>\n<\/div>\n\n\n\n<div class=\"wp-block-column is-layout-flow wp-block-column-is-layout-flow\">\n<figure class=\"wp-block-image size-full\"><a href=\"https:\/\/tedenloesopreis.nl\/wp-content\/uploads\/2023\/12\/IMG_0146-1024x768-1.jpeg\" target=\"_blank\" rel=\"noreferrer noopener\"><img loading=\"lazy\" decoding=\"async\" width=\"1024\" height=\"768\" src=\"https:\/\/tedenloesopreis.nl\/wp-content\/uploads\/2023\/12\/IMG_0146-1024x768-1.jpeg\" alt=\"\" class=\"wp-image-9191\" srcset=\"https:\/\/tedenloesopreis.nl\/wp-content\/uploads\/2023\/12\/IMG_0146-1024x768-1.jpeg 1024w, https:\/\/tedenloesopreis.nl\/wp-content\/uploads\/2023\/12\/IMG_0146-1024x768-1-300x225.jpeg 300w, https:\/\/tedenloesopreis.nl\/wp-content\/uploads\/2023\/12\/IMG_0146-1024x768-1-768x576.jpeg 768w\" sizes=\"auto, (max-width: 1024px) 100vw, 1024px\" \/><\/a><figcaption class=\"wp-element-caption\"><em>Tavira aan de Rio Gil\u00e3o (inzoomen voor het hoofdplein)<\/em><\/figcaption><\/figure>\n<\/div>\n<\/div>\n\n\n\n<div style=\"height:35px\" aria-hidden=\"true\" class=\"wp-block-spacer\"><\/div>\n\n\n\n<div class=\"wp-block-columns is-layout-flex wp-container-core-columns-is-layout-9d6595d7 wp-block-columns-is-layout-flex\">\n<div class=\"wp-block-column is-layout-flow wp-block-column-is-layout-flow\">\n<p class=\"has-orange-background-color has-background\" id=\"dag14\"><\/p>\n<\/div>\n<\/div>\n\n\n\n<div class=\"wp-block-columns is-layout-flex wp-container-core-columns-is-layout-9d6595d7 wp-block-columns-is-layout-flex\">\n<div class=\"wp-block-column is-layout-flow wp-block-column-is-layout-flow\" style=\"flex-basis:33.33%\">\n<p class=\"has-small-font-size\"><a href=\"#titel\">top<\/a><\/p>\n<\/div>\n\n\n\n<div class=\"wp-block-column is-layout-flow wp-block-column-is-layout-flow\" style=\"flex-basis:66.66%\">\n<p><strong>VAN OOST NAAR WEST<\/strong><br>dag 14 &nbsp; &nbsp; &nbsp; vr 17 mei 2019<br><a href=\"https:\/\/www.google.com\/maps\/d\/viewer?mid=1SzBi-pFcOvDt3b6aE7TaPvA3y8Mugzjq&amp;ll=37.06983896301136%2C-8.290810374412327&amp;z=10\" target=\"_blank\" rel=\"noreferrer noopener\">Tavira \u2013 Lagos<\/a>&nbsp;&nbsp; &nbsp; &nbsp;&nbsp;146 km<\/p>\n<\/div>\n<\/div>\n\n\n\n<div style=\"height:20px\" aria-hidden=\"true\" class=\"wp-block-spacer\"><\/div>\n\n\n\n<div class=\"wp-block-columns is-layout-flex wp-container-core-columns-is-layout-9d6595d7 wp-block-columns-is-layout-flex\">\n<div class=\"wp-block-column is-layout-flow wp-block-column-is-layout-flow\" style=\"flex-basis:33.33%\"><\/div>\n\n\n\n<div class=\"wp-block-column is-layout-flow wp-block-column-is-layout-flow\" style=\"flex-basis:66.66%\">\n<p>We zitten op&nbsp;<a href=\"https:\/\/www.campercontact.com\/nl\/portugal\/faro\/lagos\/46600\/camping-turiscampo\" target=\"_blank\" rel=\"noreferrer noopener\">camping Turiscampo<\/a>&nbsp;in het gehucht Espiche, een klein stukje westelijk &nbsp;van Lagos.&nbsp;<\/p>\n\n\n\n<p>Het oostelijke deel en het centrale deel van de Algarve kunnen ons niet zo bekoren. Het gebied is bijna helemaal volgebouwd, met badplaatsen en met industriegebiedjes.&nbsp;<\/p>\n\n\n\n<p id=\"faro\">We bezoeken eerst Faro. We kennen de stad eigenlijk alleen van het vliegveld. Het is een oude stad, maar alleen de stadsmuren en de kathedraal maken indruk. Buiten de stadsmuren is het een moderne stad met brede wegen en hoogbouw. Het vliegveld wordt intensief gebruikt door prijsvechters: om de haverklap komt er een Ryan Air of een Easy Jet laag en luid overvliegen.<\/p>\n<\/div>\n<\/div>\n\n\n\n<div class=\"wp-block-columns is-layout-flex wp-container-core-columns-is-layout-9d6595d7 wp-block-columns-is-layout-flex\">\n<div class=\"wp-block-column is-layout-flow wp-block-column-is-layout-flow\"><\/div>\n\n\n\n<div class=\"wp-block-column is-layout-flow wp-block-column-is-layout-flow\">\n<figure class=\"wp-block-image size-full\"><a href=\"https:\/\/tedenloesopreis.nl\/wp-content\/uploads\/2023\/12\/IMG_0444-1024x768-1.jpg\" target=\"_blank\" rel=\"noreferrer noopener\"><img loading=\"lazy\" decoding=\"async\" width=\"1024\" height=\"768\" src=\"https:\/\/tedenloesopreis.nl\/wp-content\/uploads\/2023\/12\/IMG_0444-1024x768-1.jpg\" alt=\"\" class=\"wp-image-9194\" srcset=\"https:\/\/tedenloesopreis.nl\/wp-content\/uploads\/2023\/12\/IMG_0444-1024x768-1.jpg 1024w, https:\/\/tedenloesopreis.nl\/wp-content\/uploads\/2023\/12\/IMG_0444-1024x768-1-300x225.jpg 300w, https:\/\/tedenloesopreis.nl\/wp-content\/uploads\/2023\/12\/IMG_0444-1024x768-1-768x576.jpg 768w\" sizes=\"auto, (max-width: 1024px) 100vw, 1024px\" \/><\/a><figcaption class=\"wp-element-caption\"><em>de stadsmuren van het oude Faro<\/em><\/figcaption><\/figure>\n<\/div>\n\n\n\n<div class=\"wp-block-column is-layout-flow wp-block-column-is-layout-flow\">\n<figure class=\"wp-block-image size-full\"><a href=\"https:\/\/tedenloesopreis.nl\/wp-content\/uploads\/2023\/12\/IMG_0438-1024x768-1.jpg\" target=\"_blank\" rel=\"noreferrer noopener\"><img loading=\"lazy\" decoding=\"async\" width=\"1024\" height=\"768\" src=\"https:\/\/tedenloesopreis.nl\/wp-content\/uploads\/2023\/12\/IMG_0438-1024x768-1.jpg\" alt=\"\" class=\"wp-image-9195\" srcset=\"https:\/\/tedenloesopreis.nl\/wp-content\/uploads\/2023\/12\/IMG_0438-1024x768-1.jpg 1024w, https:\/\/tedenloesopreis.nl\/wp-content\/uploads\/2023\/12\/IMG_0438-1024x768-1-300x225.jpg 300w, https:\/\/tedenloesopreis.nl\/wp-content\/uploads\/2023\/12\/IMG_0438-1024x768-1-768x576.jpg 768w\" sizes=\"auto, (max-width: 1024px) 100vw, 1024px\" \/><\/a><figcaption class=\"wp-element-caption\"><em>een straatje in het oude Faro<\/em><\/figcaption><\/figure>\n<\/div>\n<\/div>\n\n\n\n<div class=\"wp-block-columns is-layout-flex wp-container-core-columns-is-layout-9d6595d7 wp-block-columns-is-layout-flex\">\n<div class=\"wp-block-column is-layout-flow wp-block-column-is-layout-flow\"><\/div>\n\n\n\n<div class=\"wp-block-column is-layout-flow wp-block-column-is-layout-flow\">\n<figure class=\"wp-block-image size-full\"><a href=\"https:\/\/tedenloesopreis.nl\/wp-content\/uploads\/2023\/12\/IMG_0440-1024x768-1.jpg\" target=\"_blank\" rel=\"noreferrer noopener\"><img loading=\"lazy\" decoding=\"async\" width=\"1024\" height=\"768\" src=\"https:\/\/tedenloesopreis.nl\/wp-content\/uploads\/2023\/12\/IMG_0440-1024x768-1.jpg\" alt=\"\" class=\"wp-image-9196\" srcset=\"https:\/\/tedenloesopreis.nl\/wp-content\/uploads\/2023\/12\/IMG_0440-1024x768-1.jpg 1024w, https:\/\/tedenloesopreis.nl\/wp-content\/uploads\/2023\/12\/IMG_0440-1024x768-1-300x225.jpg 300w, https:\/\/tedenloesopreis.nl\/wp-content\/uploads\/2023\/12\/IMG_0440-1024x768-1-768x576.jpg 768w\" sizes=\"auto, (max-width: 1024px) 100vw, 1024px\" \/><\/a><figcaption class=\"wp-element-caption\"><em>een pleintje in het oude Faro<\/em><\/figcaption><\/figure>\n<\/div>\n\n\n\n<div class=\"wp-block-column is-layout-flow wp-block-column-is-layout-flow\">\n<figure class=\"wp-block-image size-full\"><a href=\"https:\/\/tedenloesopreis.nl\/wp-content\/uploads\/2023\/12\/IMG_0447-1024x768-1.jpg\" target=\"_blank\" rel=\"noreferrer noopener\"><img loading=\"lazy\" decoding=\"async\" width=\"1024\" height=\"768\" src=\"https:\/\/tedenloesopreis.nl\/wp-content\/uploads\/2023\/12\/IMG_0447-1024x768-1.jpg\" alt=\"\" class=\"wp-image-9197\" srcset=\"https:\/\/tedenloesopreis.nl\/wp-content\/uploads\/2023\/12\/IMG_0447-1024x768-1.jpg 1024w, https:\/\/tedenloesopreis.nl\/wp-content\/uploads\/2023\/12\/IMG_0447-1024x768-1-300x225.jpg 300w, https:\/\/tedenloesopreis.nl\/wp-content\/uploads\/2023\/12\/IMG_0447-1024x768-1-768x576.jpg 768w\" sizes=\"auto, (max-width: 1024px) 100vw, 1024px\" \/><\/a><figcaption class=\"wp-element-caption\"><em>het moderne Faro<\/em><\/figcaption><\/figure>\n<\/div>\n<\/div>\n\n\n\n<div class=\"wp-block-columns is-layout-flex wp-container-core-columns-is-layout-9d6595d7 wp-block-columns-is-layout-flex\">\n<div class=\"wp-block-column is-layout-flow wp-block-column-is-layout-flow\" style=\"flex-basis:33.33%\"><\/div>\n\n\n\n<div class=\"wp-block-column is-layout-flow wp-block-column-is-layout-flow\" style=\"flex-basis:66.66%\">\n<p>We laten Albufeira en Portim\u00e3o links liggen. We begrijpen dat deze plaatsen voor menige badgast en partyliefhebber aantrekkelijk zijn, maar de aanblik van kolossale witte toeristencomplexen nodigt ons niet uit voor een nadere kennismaking.&nbsp;<\/p>\n\n\n\n<p id=\"marinha\">Halverwege beide badplaatsen is het iets rustiger. Hier verkennen we de kust: hoge rotskusten met af en toe een klein strandje. Vooral Praia da Marinha is de moeite waard. Dit is geen gebied voor massa-toerisme. Het is eerder bestemd voor de \u201chappy few\u201d, getuige de kapitale huizen die hier staan.<\/p>\n<\/div>\n<\/div>\n\n\n\n<div class=\"wp-block-columns is-layout-flex wp-container-core-columns-is-layout-9d6595d7 wp-block-columns-is-layout-flex\">\n<div class=\"wp-block-column is-layout-flow wp-block-column-is-layout-flow\"><\/div>\n\n\n\n<div class=\"wp-block-column is-layout-flow wp-block-column-is-layout-flow\">\n<figure class=\"wp-block-image size-full\"><a href=\"https:\/\/tedenloesopreis.nl\/wp-content\/uploads\/2023\/12\/IMG_0456-1024x768-1.jpg\" target=\"_blank\" rel=\"noreferrer noopener\"><img loading=\"lazy\" decoding=\"async\" width=\"1024\" height=\"768\" src=\"https:\/\/tedenloesopreis.nl\/wp-content\/uploads\/2023\/12\/IMG_0456-1024x768-1.jpg\" alt=\"\" class=\"wp-image-9198\" srcset=\"https:\/\/tedenloesopreis.nl\/wp-content\/uploads\/2023\/12\/IMG_0456-1024x768-1.jpg 1024w, https:\/\/tedenloesopreis.nl\/wp-content\/uploads\/2023\/12\/IMG_0456-1024x768-1-300x225.jpg 300w, https:\/\/tedenloesopreis.nl\/wp-content\/uploads\/2023\/12\/IMG_0456-1024x768-1-768x576.jpg 768w\" sizes=\"auto, (max-width: 1024px) 100vw, 1024px\" \/><\/a><figcaption class=\"wp-element-caption\"><em>de kust tussen Albufeira en Portim\u00e3o<\/em><\/figcaption><\/figure>\n<\/div>\n\n\n\n<div class=\"wp-block-column is-layout-flow wp-block-column-is-layout-flow\">\n<figure class=\"wp-block-image size-full\"><a href=\"https:\/\/tedenloesopreis.nl\/wp-content\/uploads\/2023\/12\/IMG_0459-1024x768-1.jpg\" target=\"_blank\" rel=\"noreferrer noopener\"><img loading=\"lazy\" decoding=\"async\" width=\"1024\" height=\"768\" src=\"https:\/\/tedenloesopreis.nl\/wp-content\/uploads\/2023\/12\/IMG_0459-1024x768-1.jpg\" alt=\"\" class=\"wp-image-9199\" srcset=\"https:\/\/tedenloesopreis.nl\/wp-content\/uploads\/2023\/12\/IMG_0459-1024x768-1.jpg 1024w, https:\/\/tedenloesopreis.nl\/wp-content\/uploads\/2023\/12\/IMG_0459-1024x768-1-300x225.jpg 300w, https:\/\/tedenloesopreis.nl\/wp-content\/uploads\/2023\/12\/IMG_0459-1024x768-1-768x576.jpg 768w\" sizes=\"auto, (max-width: 1024px) 100vw, 1024px\" \/><\/a><figcaption class=\"wp-element-caption\"><em>Praia da Marinha<\/em><\/figcaption><\/figure>\n<\/div>\n<\/div>\n\n\n\n<div class=\"wp-block-columns is-layout-flex wp-container-core-columns-is-layout-9d6595d7 wp-block-columns-is-layout-flex\">\n<div class=\"wp-block-column is-layout-flow wp-block-column-is-layout-flow\" style=\"flex-basis:33.33%\"><\/div>\n\n\n\n<div class=\"wp-block-column is-layout-flow wp-block-column-is-layout-flow\" style=\"flex-basis:66.66%\">\n<p>Volgens de gidsen is het gebied tussen Lagos en Sagres veel boeiender dan we tot nu toe van de Algarve hebben meegekregen. Die gidsen beschrijven Lagos als de meest authentieke plaats van de Algarve. We zullen de komende dagen zien, of de gidsen gelijk hebben.<\/p>\n<\/div>\n<\/div>\n\n\n\n<div style=\"height:35px\" aria-hidden=\"true\" class=\"wp-block-spacer\"><\/div>\n\n\n\n<div class=\"wp-block-columns is-layout-flex wp-container-core-columns-is-layout-9d6595d7 wp-block-columns-is-layout-flex\">\n<div class=\"wp-block-column is-layout-flow wp-block-column-is-layout-flow\">\n<p class=\"has-orange-background-color has-background\" id=\"dag15\"><\/p>\n<\/div>\n<\/div>\n\n\n\n<div class=\"wp-block-columns is-layout-flex wp-container-core-columns-is-layout-9d6595d7 wp-block-columns-is-layout-flex\">\n<div class=\"wp-block-column is-layout-flow wp-block-column-is-layout-flow\" style=\"flex-basis:33.33%\">\n<p class=\"has-small-font-size\"><a href=\"#titel\">top<\/a><\/p>\n<\/div>\n\n\n\n<div class=\"wp-block-column is-layout-flow wp-block-column-is-layout-flow\" style=\"flex-basis:66.66%\">\n<p><strong>NIETS OP TE MERKEN<\/strong><br>dag 15 &nbsp; &nbsp; &nbsp; za 18 mei 2019<br>Lagos &nbsp; &nbsp; &nbsp; 0 km<\/p>\n<\/div>\n<\/div>\n\n\n\n<div style=\"height:20px\" aria-hidden=\"true\" class=\"wp-block-spacer\"><\/div>\n\n\n\n<div class=\"wp-block-columns is-layout-flex wp-container-core-columns-is-layout-9d6595d7 wp-block-columns-is-layout-flex\">\n<div class=\"wp-block-column is-layout-flow wp-block-column-is-layout-flow\" style=\"flex-basis:33.33%\"><\/div>\n\n\n\n<div class=\"wp-block-column is-layout-flow wp-block-column-is-layout-flow\" style=\"flex-basis:66.66%\">\n<p>Zie de titel van dit verslag.<\/p>\n<\/div>\n<\/div>\n\n\n\n<div style=\"height:35px\" aria-hidden=\"true\" class=\"wp-block-spacer\"><\/div>\n\n\n\n<div class=\"wp-block-columns is-layout-flex wp-container-core-columns-is-layout-9d6595d7 wp-block-columns-is-layout-flex\">\n<div class=\"wp-block-column is-layout-flow wp-block-column-is-layout-flow\">\n<p class=\"has-orange-background-color has-background\" id=\"dag16\"><\/p>\n<\/div>\n<\/div>\n\n\n\n<div class=\"wp-block-columns is-layout-flex wp-container-core-columns-is-layout-9d6595d7 wp-block-columns-is-layout-flex\">\n<div class=\"wp-block-column is-layout-flow wp-block-column-is-layout-flow\" style=\"flex-basis:33.33%\">\n<p class=\"has-small-font-size\"><a href=\"#titel\">top<\/a><\/p>\n<\/div>\n\n\n\n<div class=\"wp-block-column is-layout-flow wp-block-column-is-layout-flow\" style=\"flex-basis:66.66%\">\n<p><strong>WE FIETSEN BINNENDOOR<\/strong><br>dag 16 &nbsp; &nbsp; &nbsp; zo 19 mei 2019<br>Lagos &nbsp; &nbsp; &nbsp;&nbsp;0 km<\/p>\n<\/div>\n<\/div>\n\n\n\n<div style=\"height:20px\" aria-hidden=\"true\" class=\"wp-block-spacer\"><\/div>\n\n\n\n<div class=\"wp-block-columns is-layout-flex wp-container-core-columns-is-layout-9d6595d7 wp-block-columns-is-layout-flex\">\n<div class=\"wp-block-column is-layout-flow wp-block-column-is-layout-flow\" style=\"flex-basis:33.33%\">\n<figure class=\"wp-block-image size-full\"><a href=\"https:\/\/tedenloesopreis.nl\/wp-content\/uploads\/2023\/12\/IMG_0175-1024x768-1.jpeg\" target=\"_blank\" rel=\"noreferrer noopener\"><img loading=\"lazy\" decoding=\"async\" width=\"1024\" height=\"768\" src=\"https:\/\/tedenloesopreis.nl\/wp-content\/uploads\/2023\/12\/IMG_0175-1024x768-1.jpeg\" alt=\"\" class=\"wp-image-9202\" srcset=\"https:\/\/tedenloesopreis.nl\/wp-content\/uploads\/2023\/12\/IMG_0175-1024x768-1.jpeg 1024w, https:\/\/tedenloesopreis.nl\/wp-content\/uploads\/2023\/12\/IMG_0175-1024x768-1-300x225.jpeg 300w, https:\/\/tedenloesopreis.nl\/wp-content\/uploads\/2023\/12\/IMG_0175-1024x768-1-768x576.jpeg 768w\" sizes=\"auto, (max-width: 1024px) 100vw, 1024px\" \/><\/a><figcaption class=\"wp-element-caption\"><em>landschap tussen Luz en Lagos<\/em><\/figcaption><\/figure>\n<\/div>\n\n\n\n<div class=\"wp-block-column is-layout-flow wp-block-column-is-layout-flow\" style=\"flex-basis:66.66%\">\n<p>De directe verbinding met Lagos wordt gevormd door de N125. Deze kent hier echter, in tegenstelling tot bij Tavira, geen vluchtstroken. Dat is niet zo prettig om te fietsen. Daarom gaan we eerst naar Luz, een kleine badplaats ter hoogte van de camping. Vanuit Luz fietsen we binnendoor naar Lagos. Deze route voert door een vriendelijk golvend landschap.<\/p>\n\n\n\n<p>Lagos is veruit de gezelligste, meest relaxte stad die we tot nu toe in de Algarve hebben bezocht. Leuke straatjes, vaak met calcada portuguesa (zwart-witte moza\u00efeken), leuke pleintjes, ook met moza\u00efek, mooie kerken, een robuuste stadsmuur, een prachtig gelegen fort.<\/p>\n<\/div>\n<\/div>\n\n\n\n<div class=\"wp-block-columns is-layout-flex wp-container-core-columns-is-layout-9d6595d7 wp-block-columns-is-layout-flex\">\n<div class=\"wp-block-column is-layout-flow wp-block-column-is-layout-flow\"><\/div>\n\n\n\n<div class=\"wp-block-column is-layout-flow wp-block-column-is-layout-flow\">\n<figure class=\"wp-block-image size-full\"><a href=\"https:\/\/tedenloesopreis.nl\/wp-content\/uploads\/2023\/12\/IMG_0155-768x1024-1.jpeg\" target=\"_blank\" rel=\"noreferrer noopener\"><img loading=\"lazy\" decoding=\"async\" width=\"768\" height=\"1024\" src=\"https:\/\/tedenloesopreis.nl\/wp-content\/uploads\/2023\/12\/IMG_0155-768x1024-1.jpeg\" alt=\"\" class=\"wp-image-9203\" srcset=\"https:\/\/tedenloesopreis.nl\/wp-content\/uploads\/2023\/12\/IMG_0155-768x1024-1.jpeg 768w, https:\/\/tedenloesopreis.nl\/wp-content\/uploads\/2023\/12\/IMG_0155-768x1024-1-225x300.jpeg 225w\" sizes=\"auto, (max-width: 768px) 100vw, 768px\" \/><\/a><figcaption class=\"wp-element-caption\"><em>straatje met calcade portuguesa<\/em><\/figcaption><\/figure>\n<\/div>\n\n\n\n<div class=\"wp-block-column is-layout-flow wp-block-column-is-layout-flow\">\n<figure class=\"wp-block-image size-full\"><a href=\"https:\/\/tedenloesopreis.nl\/wp-content\/uploads\/2023\/12\/IMG_0159-1-768x1024-1.jpeg\" target=\"_blank\" rel=\"noreferrer noopener\"><img loading=\"lazy\" decoding=\"async\" width=\"768\" height=\"1024\" src=\"https:\/\/tedenloesopreis.nl\/wp-content\/uploads\/2023\/12\/IMG_0159-1-768x1024-1.jpeg\" alt=\"\" class=\"wp-image-9204\" srcset=\"https:\/\/tedenloesopreis.nl\/wp-content\/uploads\/2023\/12\/IMG_0159-1-768x1024-1.jpeg 768w, https:\/\/tedenloesopreis.nl\/wp-content\/uploads\/2023\/12\/IMG_0159-1-768x1024-1-225x300.jpeg 225w\" sizes=\"auto, (max-width: 768px) 100vw, 768px\" \/><\/a><figcaption class=\"wp-element-caption\"><em>onze eerste azulejo<\/em><\/figcaption><\/figure>\n<\/div>\n<\/div>\n\n\n\n<div class=\"wp-block-columns is-layout-flex wp-container-core-columns-is-layout-9d6595d7 wp-block-columns-is-layout-flex\">\n<div class=\"wp-block-column is-layout-flow wp-block-column-is-layout-flow\"><\/div>\n\n\n\n<div class=\"wp-block-column is-layout-flow wp-block-column-is-layout-flow\">\n<figure class=\"wp-block-image size-full\"><a href=\"https:\/\/tedenloesopreis.nl\/wp-content\/uploads\/2023\/12\/IMG_0156-1024x768-1.jpeg\" target=\"_blank\" rel=\"noreferrer noopener\"><img loading=\"lazy\" decoding=\"async\" width=\"1024\" height=\"768\" src=\"https:\/\/tedenloesopreis.nl\/wp-content\/uploads\/2023\/12\/IMG_0156-1024x768-1.jpeg\" alt=\"\" class=\"wp-image-9205\" srcset=\"https:\/\/tedenloesopreis.nl\/wp-content\/uploads\/2023\/12\/IMG_0156-1024x768-1.jpeg 1024w, https:\/\/tedenloesopreis.nl\/wp-content\/uploads\/2023\/12\/IMG_0156-1024x768-1-300x225.jpeg 300w, https:\/\/tedenloesopreis.nl\/wp-content\/uploads\/2023\/12\/IMG_0156-1024x768-1-768x576.jpeg 768w\" sizes=\"auto, (max-width: 1024px) 100vw, 1024px\" \/><\/a><figcaption class=\"wp-element-caption\"><em>het meest-betegelde huis van Lagos<\/em><\/figcaption><\/figure>\n<\/div>\n\n\n\n<div class=\"wp-block-column is-layout-flow wp-block-column-is-layout-flow\">\n<figure class=\"wp-block-image size-full\"><a href=\"https:\/\/tedenloesopreis.nl\/wp-content\/uploads\/2023\/12\/IMG_0162-1024x768-1.jpeg\" target=\"_blank\" rel=\"noreferrer noopener\"><img loading=\"lazy\" decoding=\"async\" width=\"1024\" height=\"768\" src=\"https:\/\/tedenloesopreis.nl\/wp-content\/uploads\/2023\/12\/IMG_0162-1024x768-1.jpeg\" alt=\"\" class=\"wp-image-9206\" srcset=\"https:\/\/tedenloesopreis.nl\/wp-content\/uploads\/2023\/12\/IMG_0162-1024x768-1.jpeg 1024w, https:\/\/tedenloesopreis.nl\/wp-content\/uploads\/2023\/12\/IMG_0162-1024x768-1-300x225.jpeg 300w, https:\/\/tedenloesopreis.nl\/wp-content\/uploads\/2023\/12\/IMG_0162-1024x768-1-768x576.jpeg 768w\" sizes=\"auto, (max-width: 1024px) 100vw, 1024px\" \/><\/a><figcaption class=\"wp-element-caption\"><em>plein met kerk in Lagos<\/em><\/figcaption><\/figure>\n<\/div>\n<\/div>\n\n\n\n<div class=\"wp-block-columns is-layout-flex wp-container-core-columns-is-layout-9d6595d7 wp-block-columns-is-layout-flex\">\n<div class=\"wp-block-column is-layout-flow wp-block-column-is-layout-flow\"><\/div>\n\n\n\n<div class=\"wp-block-column is-layout-flow wp-block-column-is-layout-flow\">\n<figure class=\"wp-block-image size-full\"><a href=\"https:\/\/tedenloesopreis.nl\/wp-content\/uploads\/2023\/12\/IMG_0169-1024x768-1.jpeg\" target=\"_blank\" rel=\"noreferrer noopener\"><img loading=\"lazy\" decoding=\"async\" width=\"1024\" height=\"768\" src=\"https:\/\/tedenloesopreis.nl\/wp-content\/uploads\/2023\/12\/IMG_0169-1024x768-1.jpeg\" alt=\"\" class=\"wp-image-9207\" srcset=\"https:\/\/tedenloesopreis.nl\/wp-content\/uploads\/2023\/12\/IMG_0169-1024x768-1.jpeg 1024w, https:\/\/tedenloesopreis.nl\/wp-content\/uploads\/2023\/12\/IMG_0169-1024x768-1-300x225.jpeg 300w, https:\/\/tedenloesopreis.nl\/wp-content\/uploads\/2023\/12\/IMG_0169-1024x768-1-768x576.jpeg 768w\" sizes=\"auto, (max-width: 1024px) 100vw, 1024px\" \/><\/a><figcaption class=\"wp-element-caption\"><em>Lagos: fort met ophaalbrug<\/em><\/figcaption><\/figure>\n<\/div>\n\n\n\n<div class=\"wp-block-column is-layout-flow wp-block-column-is-layout-flow\">\n<figure class=\"wp-block-image size-full\"><a href=\"https:\/\/tedenloesopreis.nl\/wp-content\/uploads\/2023\/12\/IMG_0166-1024x768-1.jpeg\" target=\"_blank\" rel=\"noreferrer noopener\"><img loading=\"lazy\" decoding=\"async\" width=\"1024\" height=\"768\" src=\"https:\/\/tedenloesopreis.nl\/wp-content\/uploads\/2023\/12\/IMG_0166-1024x768-1.jpeg\" alt=\"\" class=\"wp-image-9208\" srcset=\"https:\/\/tedenloesopreis.nl\/wp-content\/uploads\/2023\/12\/IMG_0166-1024x768-1.jpeg 1024w, https:\/\/tedenloesopreis.nl\/wp-content\/uploads\/2023\/12\/IMG_0166-1024x768-1-300x225.jpeg 300w, https:\/\/tedenloesopreis.nl\/wp-content\/uploads\/2023\/12\/IMG_0166-1024x768-1-768x576.jpeg 768w\" sizes=\"auto, (max-width: 1024px) 100vw, 1024px\" \/><\/a><figcaption class=\"wp-element-caption\"><em>genoeg ruimte om te flaneren in Lagos<\/em><\/figcaption><\/figure>\n<\/div>\n<\/div>\n\n\n\n<div class=\"wp-block-columns is-layout-flex wp-container-core-columns-is-layout-9d6595d7 wp-block-columns-is-layout-flex\">\n<div class=\"wp-block-column is-layout-flow wp-block-column-is-layout-flow\" style=\"flex-basis:33.33%\"><\/div>\n\n\n\n<div class=\"wp-block-column is-layout-flow wp-block-column-is-layout-flow\" style=\"flex-basis:66.66%\">\n<p>Op de terugweg fietsen we nog even naar de praia van Luz. Er is niet veel zon om in te baden, dus het strand is vrij leeg. Het is echter goed toeven op een van de terrasjes aan de boulevard.<\/p>\n<\/div>\n<\/div>\n\n\n\n<div class=\"wp-block-columns is-layout-flex wp-container-core-columns-is-layout-9d6595d7 wp-block-columns-is-layout-flex\">\n<div class=\"wp-block-column is-layout-flow wp-block-column-is-layout-flow\"><\/div>\n\n\n\n<div class=\"wp-block-column is-layout-flow wp-block-column-is-layout-flow\">\n<figure class=\"wp-block-image size-full\"><a href=\"https:\/\/tedenloesopreis.nl\/wp-content\/uploads\/2023\/12\/IMG_0177-1024x768-1.jpeg\" target=\"_blank\" rel=\"noreferrer noopener\"><img loading=\"lazy\" decoding=\"async\" width=\"1024\" height=\"768\" src=\"https:\/\/tedenloesopreis.nl\/wp-content\/uploads\/2023\/12\/IMG_0177-1024x768-1.jpeg\" alt=\"\" class=\"wp-image-9209\" srcset=\"https:\/\/tedenloesopreis.nl\/wp-content\/uploads\/2023\/12\/IMG_0177-1024x768-1.jpeg 1024w, https:\/\/tedenloesopreis.nl\/wp-content\/uploads\/2023\/12\/IMG_0177-1024x768-1-300x225.jpeg 300w, https:\/\/tedenloesopreis.nl\/wp-content\/uploads\/2023\/12\/IMG_0177-1024x768-1-768x576.jpeg 768w\" sizes=\"auto, (max-width: 1024px) 100vw, 1024px\" \/><\/a><figcaption class=\"wp-element-caption\"><em>het strand van Luz<\/em><\/figcaption><\/figure>\n<\/div>\n\n\n\n<div class=\"wp-block-column is-layout-flow wp-block-column-is-layout-flow\">\n<figure class=\"wp-block-image size-full\"><a href=\"https:\/\/tedenloesopreis.nl\/wp-content\/uploads\/2023\/12\/IMG_0178-1024x768-1.jpeg\" target=\"_blank\" rel=\"noreferrer noopener\"><img loading=\"lazy\" decoding=\"async\" width=\"1024\" height=\"768\" src=\"https:\/\/tedenloesopreis.nl\/wp-content\/uploads\/2023\/12\/IMG_0178-1024x768-1.jpeg\" alt=\"\" class=\"wp-image-9210\" srcset=\"https:\/\/tedenloesopreis.nl\/wp-content\/uploads\/2023\/12\/IMG_0178-1024x768-1.jpeg 1024w, https:\/\/tedenloesopreis.nl\/wp-content\/uploads\/2023\/12\/IMG_0178-1024x768-1-300x225.jpeg 300w, https:\/\/tedenloesopreis.nl\/wp-content\/uploads\/2023\/12\/IMG_0178-1024x768-1-768x576.jpeg 768w\" sizes=\"auto, (max-width: 1024px) 100vw, 1024px\" \/><\/a><figcaption class=\"wp-element-caption\"><em>de boulevard van Luz<\/em><\/figcaption><\/figure>\n<\/div>\n<\/div>\n\n\n\n<div style=\"height:35px\" aria-hidden=\"true\" class=\"wp-block-spacer\"><\/div>\n\n\n\n<div class=\"wp-block-columns is-layout-flex wp-container-core-columns-is-layout-9d6595d7 wp-block-columns-is-layout-flex\">\n<div class=\"wp-block-column is-layout-flow wp-block-column-is-layout-flow\">\n<p class=\"has-orange-background-color has-background\" id=\"dag17\"><\/p>\n<\/div>\n<\/div>\n\n\n\n<div class=\"wp-block-columns is-layout-flex wp-container-core-columns-is-layout-9d6595d7 wp-block-columns-is-layout-flex\">\n<div class=\"wp-block-column is-layout-flow wp-block-column-is-layout-flow\" style=\"flex-basis:33.33%\">\n<p class=\"has-small-font-size\"><a href=\"#titel\">top<\/a><\/p>\n<\/div>\n\n\n\n<div class=\"wp-block-column is-layout-flow wp-block-column-is-layout-flow\" style=\"flex-basis:66.66%\">\n<p><strong>DWARS DOOR DE SERRA<\/strong><br>dag 17 &nbsp; &nbsp; &nbsp; ma 20 mei 2019<br><a href=\"https:\/\/www.google.com\/maps\/d\/viewer?mid=132TGRRnJjXAmL-SElGVL59FQileR7bzI&amp;ll=37.28512226859649%2C-8.66243031776821&amp;z=10\" target=\"_blank\" rel=\"noreferrer noopener\">Lagos \u2013 Ourique<\/a>&nbsp;&nbsp; &nbsp; &nbsp;191 km<\/p>\n<\/div>\n<\/div>\n\n\n\n<div style=\"height:20px\" aria-hidden=\"true\" class=\"wp-block-spacer\"><\/div>\n\n\n\n<div class=\"wp-block-columns is-layout-flex wp-container-core-columns-is-layout-9d6595d7 wp-block-columns-is-layout-flex\">\n<div class=\"wp-block-column is-layout-flow wp-block-column-is-layout-flow\" style=\"flex-basis:33.33%\"><\/div>\n\n\n\n<div class=\"wp-block-column is-layout-flow wp-block-column-is-layout-flow\" style=\"flex-basis:66.66%\">\n<p>We zijn op&nbsp;<a href=\"https:\/\/www.campercontact.com\/nl\/portugal\/beja\/ourique\/19408\/serro-da-bica\" target=\"_blank\" rel=\"noreferrer noopener\">camping Serro da Bica<\/a>&nbsp;in de buurt van Ourique.&nbsp;<\/p>\n\n\n\n<p id=\"vicente\">Het eerste deel van de tocht gaat langs de zuidkust naar het uiterste puntje van Portugal: Cabo de S\u00e3o Vicente. Als je op de landkaart kijkt, dan zie je duidelijk dat deze kaap helemaal niet het meest westelijke puntje van Portugal is, maar dat wisten ze ten tijde van de grote ontdekkingsreizen nog niet. De kaap was het laatste stuk van het vasteland dat men bij het uitvaren zag. Lagos was immers de thuishaven van de ontdekkingsreizigers.<\/p>\n\n\n\n<p>De kaap is best indrukwekkend. Een ding staat vast: het weer is er stukken beter dan vorig jaar op de Noordkaap. Het is er ook een stuk goedkoper.<\/p>\n<\/div>\n<\/div>\n\n\n\n<div class=\"wp-block-columns is-layout-flex wp-container-core-columns-is-layout-9d6595d7 wp-block-columns-is-layout-flex\">\n<div class=\"wp-block-column is-layout-flow wp-block-column-is-layout-flow\">\n<figure class=\"wp-block-image size-full\"><a href=\"https:\/\/tedenloesopreis.nl\/wp-content\/uploads\/2023\/12\/IMG_0464-1024x768-1.jpg\" target=\"_blank\" rel=\"noreferrer noopener\"><img loading=\"lazy\" decoding=\"async\" width=\"1024\" height=\"768\" src=\"https:\/\/tedenloesopreis.nl\/wp-content\/uploads\/2023\/12\/IMG_0464-1024x768-1.jpg\" alt=\"\" class=\"wp-image-9213\" srcset=\"https:\/\/tedenloesopreis.nl\/wp-content\/uploads\/2023\/12\/IMG_0464-1024x768-1.jpg 1024w, https:\/\/tedenloesopreis.nl\/wp-content\/uploads\/2023\/12\/IMG_0464-1024x768-1-300x225.jpg 300w, https:\/\/tedenloesopreis.nl\/wp-content\/uploads\/2023\/12\/IMG_0464-1024x768-1-768x576.jpg 768w\" sizes=\"auto, (max-width: 1024px) 100vw, 1024px\" \/><\/a><figcaption class=\"wp-element-caption\"><em>Cabo de S\u00e3o Vicente<\/em><\/figcaption><\/figure>\n<\/div>\n\n\n\n<div class=\"wp-block-column is-layout-flow wp-block-column-is-layout-flow\">\n<figure class=\"wp-block-image size-full\"><a href=\"https:\/\/tedenloesopreis.nl\/wp-content\/uploads\/2023\/12\/IMG_0469-768x1024-1.jpg\" target=\"_blank\" rel=\"noreferrer noopener\"><img loading=\"lazy\" decoding=\"async\" width=\"768\" height=\"1024\" src=\"https:\/\/tedenloesopreis.nl\/wp-content\/uploads\/2023\/12\/IMG_0469-768x1024-1.jpg\" alt=\"\" class=\"wp-image-9214\" srcset=\"https:\/\/tedenloesopreis.nl\/wp-content\/uploads\/2023\/12\/IMG_0469-768x1024-1.jpg 768w, https:\/\/tedenloesopreis.nl\/wp-content\/uploads\/2023\/12\/IMG_0469-768x1024-1-225x300.jpg 225w\" sizes=\"auto, (max-width: 768px) 100vw, 768px\" \/><\/a><figcaption class=\"wp-element-caption\"><em>Cabo de S\u00e3o Vicente<\/em><\/figcaption><\/figure>\n<\/div>\n\n\n\n<div class=\"wp-block-column is-layout-flow wp-block-column-is-layout-flow\">\n<figure class=\"wp-block-image size-full\"><a href=\"https:\/\/tedenloesopreis.nl\/wp-content\/uploads\/2023\/12\/IMG_0470-1024x768-1.jpg\" target=\"_blank\" rel=\"noreferrer noopener\"><img loading=\"lazy\" decoding=\"async\" width=\"1024\" height=\"768\" src=\"https:\/\/tedenloesopreis.nl\/wp-content\/uploads\/2023\/12\/IMG_0470-1024x768-1.jpg\" alt=\"\" class=\"wp-image-9215\" srcset=\"https:\/\/tedenloesopreis.nl\/wp-content\/uploads\/2023\/12\/IMG_0470-1024x768-1.jpg 1024w, https:\/\/tedenloesopreis.nl\/wp-content\/uploads\/2023\/12\/IMG_0470-1024x768-1-300x225.jpg 300w, https:\/\/tedenloesopreis.nl\/wp-content\/uploads\/2023\/12\/IMG_0470-1024x768-1-768x576.jpg 768w\" sizes=\"auto, (max-width: 1024px) 100vw, 1024px\" \/><\/a><figcaption class=\"wp-element-caption\"><em>Cabo de S\u00e3o Vicente<\/em><\/figcaption><\/figure>\n<\/div>\n<\/div>\n\n\n\n<div class=\"wp-block-columns is-layout-flex wp-container-core-columns-is-layout-9d6595d7 wp-block-columns-is-layout-flex\">\n<div class=\"wp-block-column is-layout-flow wp-block-column-is-layout-flow\" style=\"flex-basis:33.33%\"><\/div>\n\n\n\n<div class=\"wp-block-column is-layout-flow wp-block-column-is-layout-flow\" style=\"flex-basis:66.66%\">\n<p id=\"sagres\">Van de kaap rijden we terug naar Sagres. Daar bezoeken we het fort. Bij aankomst maakt het een stoere indruk. De landzijde is nog geheel intact. Van de zeezijde is nog maar een vrij klein deel bewaard gebleven. Het is dus eigenlijk nog maar een half fort. Vanaf het fort heb je een mooi uitzicht op Cabo de S\u00e3o Vicente.<\/p>\n<\/div>\n<\/div>\n\n\n\n<div class=\"wp-block-columns is-layout-flex wp-container-core-columns-is-layout-9d6595d7 wp-block-columns-is-layout-flex\">\n<div class=\"wp-block-column is-layout-flow wp-block-column-is-layout-flow\"><\/div>\n\n\n\n<div class=\"wp-block-column is-layout-flow wp-block-column-is-layout-flow\">\n<figure class=\"wp-block-image size-full\"><a href=\"https:\/\/tedenloesopreis.nl\/wp-content\/uploads\/2023\/12\/IMG_0478-1024x768-1.jpg\" target=\"_blank\" rel=\"noreferrer noopener\"><img loading=\"lazy\" decoding=\"async\" width=\"1024\" height=\"768\" src=\"https:\/\/tedenloesopreis.nl\/wp-content\/uploads\/2023\/12\/IMG_0478-1024x768-1.jpg\" alt=\"\" class=\"wp-image-9217\" srcset=\"https:\/\/tedenloesopreis.nl\/wp-content\/uploads\/2023\/12\/IMG_0478-1024x768-1.jpg 1024w, https:\/\/tedenloesopreis.nl\/wp-content\/uploads\/2023\/12\/IMG_0478-1024x768-1-300x225.jpg 300w, https:\/\/tedenloesopreis.nl\/wp-content\/uploads\/2023\/12\/IMG_0478-1024x768-1-768x576.jpg 768w\" sizes=\"auto, (max-width: 1024px) 100vw, 1024px\" \/><\/a><figcaption class=\"wp-element-caption\"><em>het fort bij Sagres<\/em><\/figcaption><\/figure>\n<\/div>\n\n\n\n<div class=\"wp-block-column is-layout-flow wp-block-column-is-layout-flow\">\n<figure class=\"wp-block-image size-full\"><a href=\"https:\/\/tedenloesopreis.nl\/wp-content\/uploads\/2023\/12\/IMG_0480-1024x768-1.jpg\" target=\"_blank\" rel=\"noreferrer noopener\"><img loading=\"lazy\" decoding=\"async\" width=\"1024\" height=\"768\" src=\"https:\/\/tedenloesopreis.nl\/wp-content\/uploads\/2023\/12\/IMG_0480-1024x768-1.jpg\" alt=\"\" class=\"wp-image-9216\" srcset=\"https:\/\/tedenloesopreis.nl\/wp-content\/uploads\/2023\/12\/IMG_0480-1024x768-1.jpg 1024w, https:\/\/tedenloesopreis.nl\/wp-content\/uploads\/2023\/12\/IMG_0480-1024x768-1-300x225.jpg 300w, https:\/\/tedenloesopreis.nl\/wp-content\/uploads\/2023\/12\/IMG_0480-1024x768-1-768x576.jpg 768w\" sizes=\"auto, (max-width: 1024px) 100vw, 1024px\" \/><\/a><figcaption class=\"wp-element-caption\"><em>zicht op Cabo de S\u00e3o Vicente vanaf het fort bij Sagres<\/em><\/figcaption><\/figure>\n<\/div>\n<\/div>\n\n\n\n<div class=\"wp-block-columns is-layout-flex wp-container-core-columns-is-layout-9d6595d7 wp-block-columns-is-layout-flex\">\n<div class=\"wp-block-column is-layout-flow wp-block-column-is-layout-flow\" style=\"flex-basis:33.33%\">\n<figure class=\"wp-block-image size-full\"><a href=\"https:\/\/tedenloesopreis.nl\/wp-content\/uploads\/2023\/12\/IMG_0485-1024x768-1.jpg\" target=\"_blank\" rel=\"noreferrer noopener\"><img loading=\"lazy\" decoding=\"async\" width=\"1024\" height=\"768\" src=\"https:\/\/tedenloesopreis.nl\/wp-content\/uploads\/2023\/12\/IMG_0485-1024x768-1.jpg\" alt=\"\" class=\"wp-image-9218\" srcset=\"https:\/\/tedenloesopreis.nl\/wp-content\/uploads\/2023\/12\/IMG_0485-1024x768-1.jpg 1024w, https:\/\/tedenloesopreis.nl\/wp-content\/uploads\/2023\/12\/IMG_0485-1024x768-1-300x225.jpg 300w, https:\/\/tedenloesopreis.nl\/wp-content\/uploads\/2023\/12\/IMG_0485-1024x768-1-768x576.jpg 768w\" sizes=\"auto, (max-width: 1024px) 100vw, 1024px\" \/><\/a><figcaption class=\"wp-element-caption\"><em>picknick bij Praia da Bordeira<\/em><\/figcaption><\/figure>\n<\/div>\n\n\n\n<div class=\"wp-block-column is-layout-flow wp-block-column-is-layout-flow\" style=\"flex-basis:66.66%\">\n<p>Vanuit Sagres rijden we via de N268 naar het noorden. We hebben een prima picknick bij het Praia da Bordeira.<\/p>\n\n\n\n<p id=\"foia\">In Aljezur (we rijden inmiddels over de N120) nemen we de N267 naar Monchique. Deze weg gaat dwars door de Serra de Monchique. Een serra is voor Portugese begrippen een gebergte of een bergketen, maar in het Europese gebergtenklassement staat de Serra de Monchique ergens tussen de Ardennen en de Vogezen. In de buurt van Monchique slaan we af naar de F\u00f3ia, met 902 meter de hoogste top van de serra. Vanaf daar heb je een vrij uitzicht over het westelijke deel van de Algarve. Je ziet Portim\u00e3o en Lagos duidelijk liggen.<\/p>\n<\/div>\n<\/div>\n\n\n\n<div class=\"wp-block-columns is-layout-flex wp-container-core-columns-is-layout-9d6595d7 wp-block-columns-is-layout-flex\">\n<div class=\"wp-block-column is-layout-flow wp-block-column-is-layout-flow\"><\/div>\n\n\n\n<div class=\"wp-block-column is-layout-flow wp-block-column-is-layout-flow\">\n<figure class=\"wp-block-image size-full\"><a href=\"https:\/\/tedenloesopreis.nl\/wp-content\/uploads\/2023\/12\/IMG_0488-1024x768-1.jpg\" target=\"_blank\" rel=\"noreferrer noopener\"><img loading=\"lazy\" decoding=\"async\" width=\"1024\" height=\"768\" src=\"https:\/\/tedenloesopreis.nl\/wp-content\/uploads\/2023\/12\/IMG_0488-1024x768-1.jpg\" alt=\"\" class=\"wp-image-9219\" srcset=\"https:\/\/tedenloesopreis.nl\/wp-content\/uploads\/2023\/12\/IMG_0488-1024x768-1.jpg 1024w, https:\/\/tedenloesopreis.nl\/wp-content\/uploads\/2023\/12\/IMG_0488-1024x768-1-300x225.jpg 300w, https:\/\/tedenloesopreis.nl\/wp-content\/uploads\/2023\/12\/IMG_0488-1024x768-1-768x576.jpg 768w\" sizes=\"auto, (max-width: 1024px) 100vw, 1024px\" \/><\/a><figcaption class=\"wp-element-caption\"><em>uitzicht (op Portim\u00e3o) vanaf de F\u00f3ia<\/em><\/figcaption><\/figure>\n<\/div>\n\n\n\n<div class=\"wp-block-column is-layout-flow wp-block-column-is-layout-flow\">\n<figure class=\"wp-block-image size-full\"><a href=\"https:\/\/tedenloesopreis.nl\/wp-content\/uploads\/2023\/12\/IMG_0493-1024x768-1.jpg\" target=\"_blank\" rel=\"noreferrer noopener\"><img loading=\"lazy\" decoding=\"async\" width=\"1024\" height=\"768\" src=\"https:\/\/tedenloesopreis.nl\/wp-content\/uploads\/2023\/12\/IMG_0493-1024x768-1.jpg\" alt=\"\" class=\"wp-image-9220\" srcset=\"https:\/\/tedenloesopreis.nl\/wp-content\/uploads\/2023\/12\/IMG_0493-1024x768-1.jpg 1024w, https:\/\/tedenloesopreis.nl\/wp-content\/uploads\/2023\/12\/IMG_0493-1024x768-1-300x225.jpg 300w, https:\/\/tedenloesopreis.nl\/wp-content\/uploads\/2023\/12\/IMG_0493-1024x768-1-768x576.jpg 768w\" sizes=\"auto, (max-width: 1024px) 100vw, 1024px\" \/><\/a><figcaption class=\"wp-element-caption\"><em>de oostelijke Serra de Monchique, gezien vanaf de F\u00f3ia<\/em><\/figcaption><\/figure>\n<\/div>\n<\/div>\n\n\n\n<div class=\"wp-block-columns is-layout-flex wp-container-core-columns-is-layout-9d6595d7 wp-block-columns-is-layout-flex\">\n<div class=\"wp-block-column is-layout-flow wp-block-column-is-layout-flow\" style=\"flex-basis:33.33%\">\n<figure class=\"wp-block-image size-full\"><a href=\"https:\/\/tedenloesopreis.nl\/wp-content\/uploads\/2023\/12\/IMG_0496-1024x768-1.jpg\" target=\"_blank\" rel=\"noreferrer noopener\"><img loading=\"lazy\" decoding=\"async\" width=\"1024\" height=\"768\" src=\"https:\/\/tedenloesopreis.nl\/wp-content\/uploads\/2023\/12\/IMG_0496-1024x768-1.jpg\" alt=\"\" class=\"wp-image-9221\" srcset=\"https:\/\/tedenloesopreis.nl\/wp-content\/uploads\/2023\/12\/IMG_0496-1024x768-1.jpg 1024w, https:\/\/tedenloesopreis.nl\/wp-content\/uploads\/2023\/12\/IMG_0496-1024x768-1-300x225.jpg 300w, https:\/\/tedenloesopreis.nl\/wp-content\/uploads\/2023\/12\/IMG_0496-1024x768-1-768x576.jpg 768w\" sizes=\"auto, (max-width: 1024px) 100vw, 1024px\" \/><\/a><figcaption class=\"wp-element-caption\"><em>brandschade, maar de natuur herstelt zich vrij snel<\/em><\/figcaption><\/figure>\n<\/div>\n\n\n\n<div class=\"wp-block-column is-layout-flow wp-block-column-is-layout-flow\" style=\"flex-basis:66.66%\">\n<p>Vanaf Monchique gaan we verder oostwaarts over de N267. Dit deel van de serra is zwaar getroffen door de massale bosbranden van vorig jaar. Dat levert een behoorlijk triest beeld op, maar we zien ook, dat de natuur al begonnen is om zich te herstellen.&nbsp;<\/p>\n<\/div>\n<\/div>\n\n\n\n<div class=\"wp-block-columns is-layout-flex wp-container-core-columns-is-layout-9d6595d7 wp-block-columns-is-layout-flex\">\n<div class=\"wp-block-column is-layout-flow wp-block-column-is-layout-flow\" style=\"flex-basis:33.33%\">\n<figure class=\"wp-block-image size-full\"><a href=\"https:\/\/tedenloesopreis.nl\/wp-content\/uploads\/2023\/12\/IMG_0499-1024x768-1.jpg\" target=\"_blank\" rel=\"noreferrer noopener\"><img loading=\"lazy\" decoding=\"async\" width=\"1024\" height=\"768\" src=\"https:\/\/tedenloesopreis.nl\/wp-content\/uploads\/2023\/12\/IMG_0499-1024x768-1.jpg\" alt=\"\" class=\"wp-image-9222\" srcset=\"https:\/\/tedenloesopreis.nl\/wp-content\/uploads\/2023\/12\/IMG_0499-1024x768-1.jpg 1024w, https:\/\/tedenloesopreis.nl\/wp-content\/uploads\/2023\/12\/IMG_0499-1024x768-1-300x225.jpg 300w, https:\/\/tedenloesopreis.nl\/wp-content\/uploads\/2023\/12\/IMG_0499-1024x768-1-768x576.jpg 768w\" sizes=\"auto, (max-width: 1024px) 100vw, 1024px\" \/><\/a><figcaption class=\"wp-element-caption\"><em>op de camping bij Ourique<\/em><\/figcaption><\/figure>\n<\/div>\n\n\n\n<div class=\"wp-block-column is-layout-flow wp-block-column-is-layout-flow\" style=\"flex-basis:66.66%\">\n<p>Aan het einde van de N267 nemen we de IC1 in noordelijke richting . We zitten nu in de heuvelachtige uitlopers van de Serra de Monchique.<\/p>\n<\/div>\n<\/div>\n\n\n\n<div style=\"height:35px\" aria-hidden=\"true\" class=\"wp-block-spacer\"><\/div>\n\n\n\n<div class=\"wp-block-columns is-layout-flex wp-container-core-columns-is-layout-9d6595d7 wp-block-columns-is-layout-flex\">\n<div class=\"wp-block-column is-layout-flow wp-block-column-is-layout-flow\">\n<p class=\"has-orange-background-color has-background\" id=\"dag18\"><\/p>\n<\/div>\n<\/div>\n\n\n\n<div class=\"wp-block-columns is-layout-flex wp-container-core-columns-is-layout-9d6595d7 wp-block-columns-is-layout-flex\">\n<div class=\"wp-block-column is-layout-flow wp-block-column-is-layout-flow\" style=\"flex-basis:33.33%\">\n<p class=\"has-small-font-size\"><a href=\"#titel\">top<\/a><\/p>\n<\/div>\n\n\n\n<div class=\"wp-block-column is-layout-flow wp-block-column-is-layout-flow\" style=\"flex-basis:66.66%\">\n<p><strong>KEITJES EN KINDERKOPJES<\/strong><br>dag 18 &nbsp; &nbsp; &nbsp; di 21 mei 2019<br><a href=\"https:\/\/www.google.com\/maps\/d\/viewer?mid=1mGld5nSwIZ6oUwfLiAqhm5-NInMiQQS0&amp;ll=38.078324506083305%2C-8.316780546874957&amp;z=9\" target=\"_blank\" rel=\"noreferrer noopener\">Ourique \u2013 \u00c9vora<\/a>&nbsp;&nbsp; &nbsp; &nbsp; 230 km<\/p>\n<\/div>\n<\/div>\n\n\n\n<div style=\"height:20px\" aria-hidden=\"true\" class=\"wp-block-spacer\"><\/div>\n\n\n\n<div class=\"wp-block-columns is-layout-flex wp-container-core-columns-is-layout-9d6595d7 wp-block-columns-is-layout-flex\">\n<div class=\"wp-block-column is-layout-flow wp-block-column-is-layout-flow\" style=\"flex-basis:33.33%\"><\/div>\n\n\n\n<div class=\"wp-block-column is-layout-flow wp-block-column-is-layout-flow\" style=\"flex-basis:66.66%\">\n<p>We staan nu op de&nbsp;<a href=\"https:\/\/www.campercontact.com\/nl\/portugal\/evora\/evora\/41187\/orbitur-evora\" target=\"_blank\" rel=\"noreferrer noopener\">Orbitur-camping<\/a>&nbsp;in \u00c9vora. &nbsp;<\/p>\n\n\n\n<p>Voor de spoorzoekers: over de IC1 naar Ourique, vandaar over de IP2 naar Beja en Portel, vervolgens over de M538 en de N255 naar Reguengos de Monsaraz, over de N256 en de M514 naar Monsaraz, terug naar Reguengos en over de N256 en de IP2\/N18 naar \u00c9vora.&nbsp;<\/p>\n\n\n\n<p id=\"monsaraz\">Tegen lunchtijd komen we in Monsaraz aan. Na de picknick onder de stadsmuur, met een prachtig uitzicht op het belangrijkste zoetwaterreservoir van Portugal (ontstaan door de aanleg van een stuwdam bij Alqueva), lopen we het ommuurde middeleeuwse stadje in. Het ligt, met een heus kasteel, strategisch op een heuvel. De witgekalkte huisjes liggen aan vrij smalle pittoreske straatjes die zijn geplaveid met kleine (inmiddels spiegelgladde) keitjes.<\/p>\n<\/div>\n<\/div>\n\n\n\n<div class=\"wp-block-columns is-layout-flex wp-container-core-columns-is-layout-9d6595d7 wp-block-columns-is-layout-flex\">\n<div class=\"wp-block-column is-layout-flow wp-block-column-is-layout-flow\">\n<figure class=\"wp-block-image size-full\"><a href=\"https:\/\/tedenloesopreis.nl\/wp-content\/uploads\/2023\/12\/IMG_0512-1024x768-2.jpg\" target=\"_blank\" rel=\"noreferrer noopener\"><img loading=\"lazy\" decoding=\"async\" width=\"1024\" height=\"768\" src=\"https:\/\/tedenloesopreis.nl\/wp-content\/uploads\/2023\/12\/IMG_0512-1024x768-2.jpg\" alt=\"\" class=\"wp-image-9225\" srcset=\"https:\/\/tedenloesopreis.nl\/wp-content\/uploads\/2023\/12\/IMG_0512-1024x768-2.jpg 1024w, https:\/\/tedenloesopreis.nl\/wp-content\/uploads\/2023\/12\/IMG_0512-1024x768-2-300x225.jpg 300w, https:\/\/tedenloesopreis.nl\/wp-content\/uploads\/2023\/12\/IMG_0512-1024x768-2-768x576.jpg 768w\" sizes=\"auto, (max-width: 1024px) 100vw, 1024px\" \/><\/a><figcaption class=\"wp-element-caption\"><em>eerste blik op Monsaraz<\/em><\/figcaption><\/figure>\n<\/div>\n\n\n\n<div class=\"wp-block-column is-layout-flow wp-block-column-is-layout-flow\">\n<figure class=\"wp-block-image size-full\"><a href=\"https:\/\/tedenloesopreis.nl\/wp-content\/uploads\/2023\/12\/IMG_0514-1024x768-2.jpg\" target=\"_blank\" rel=\"noreferrer noopener\"><img loading=\"lazy\" decoding=\"async\" width=\"1024\" height=\"768\" src=\"https:\/\/tedenloesopreis.nl\/wp-content\/uploads\/2023\/12\/IMG_0514-1024x768-2.jpg\" alt=\"\" class=\"wp-image-9224\" srcset=\"https:\/\/tedenloesopreis.nl\/wp-content\/uploads\/2023\/12\/IMG_0514-1024x768-2.jpg 1024w, https:\/\/tedenloesopreis.nl\/wp-content\/uploads\/2023\/12\/IMG_0514-1024x768-2-300x225.jpg 300w, https:\/\/tedenloesopreis.nl\/wp-content\/uploads\/2023\/12\/IMG_0514-1024x768-2-768x576.jpg 768w\" sizes=\"auto, (max-width: 1024px) 100vw, 1024px\" \/><\/a><figcaption class=\"wp-element-caption\"><em>uitzicht tijdens de picknick in Monsaraz<\/em><\/figcaption><\/figure>\n<\/div>\n\n\n\n<div class=\"wp-block-column is-layout-flow wp-block-column-is-layout-flow\">\n<figure class=\"wp-block-image size-full\"><a href=\"https:\/\/tedenloesopreis.nl\/wp-content\/uploads\/2023\/12\/IMG_0523-1024x768-1.jpg\" target=\"_blank\" rel=\"noreferrer noopener\"><img loading=\"lazy\" decoding=\"async\" width=\"1024\" height=\"768\" src=\"https:\/\/tedenloesopreis.nl\/wp-content\/uploads\/2023\/12\/IMG_0523-1024x768-1.jpg\" alt=\"\" class=\"wp-image-9226\" srcset=\"https:\/\/tedenloesopreis.nl\/wp-content\/uploads\/2023\/12\/IMG_0523-1024x768-1.jpg 1024w, https:\/\/tedenloesopreis.nl\/wp-content\/uploads\/2023\/12\/IMG_0523-1024x768-1-300x225.jpg 300w, https:\/\/tedenloesopreis.nl\/wp-content\/uploads\/2023\/12\/IMG_0523-1024x768-1-768x576.jpg 768w\" sizes=\"auto, (max-width: 1024px) 100vw, 1024px\" \/><\/a><figcaption class=\"wp-element-caption\"><em>straatje in Monsaraz<\/em><\/figcaption><\/figure>\n<\/div>\n<\/div>\n\n\n\n<div class=\"wp-block-columns is-layout-flex wp-container-core-columns-is-layout-9d6595d7 wp-block-columns-is-layout-flex\">\n<div class=\"wp-block-column is-layout-flow wp-block-column-is-layout-flow\">\n<figure class=\"wp-block-image size-full\"><a href=\"https:\/\/tedenloesopreis.nl\/wp-content\/uploads\/2023\/12\/IMG_0528-1024x768-1.jpg\" target=\"_blank\" rel=\"noreferrer noopener\"><img loading=\"lazy\" decoding=\"async\" width=\"1024\" height=\"768\" src=\"https:\/\/tedenloesopreis.nl\/wp-content\/uploads\/2023\/12\/IMG_0528-1024x768-1.jpg\" alt=\"\" class=\"wp-image-9227\" srcset=\"https:\/\/tedenloesopreis.nl\/wp-content\/uploads\/2023\/12\/IMG_0528-1024x768-1.jpg 1024w, https:\/\/tedenloesopreis.nl\/wp-content\/uploads\/2023\/12\/IMG_0528-1024x768-1-300x225.jpg 300w, https:\/\/tedenloesopreis.nl\/wp-content\/uploads\/2023\/12\/IMG_0528-1024x768-1-768x576.jpg 768w\" sizes=\"auto, (max-width: 1024px) 100vw, 1024px\" \/><\/a><figcaption class=\"wp-element-caption\"><em>straatje in Monsaraz<\/em><\/figcaption><\/figure>\n<\/div>\n\n\n\n<div class=\"wp-block-column is-layout-flow wp-block-column-is-layout-flow\">\n<figure class=\"wp-block-image size-full\"><a href=\"https:\/\/tedenloesopreis.nl\/wp-content\/uploads\/2023\/12\/IMG_0527-1024x768-1.jpg\" target=\"_blank\" rel=\"noreferrer noopener\"><img loading=\"lazy\" decoding=\"async\" width=\"1024\" height=\"768\" src=\"https:\/\/tedenloesopreis.nl\/wp-content\/uploads\/2023\/12\/IMG_0527-1024x768-1.jpg\" alt=\"\" class=\"wp-image-9228\" srcset=\"https:\/\/tedenloesopreis.nl\/wp-content\/uploads\/2023\/12\/IMG_0527-1024x768-1.jpg 1024w, https:\/\/tedenloesopreis.nl\/wp-content\/uploads\/2023\/12\/IMG_0527-1024x768-1-300x225.jpg 300w, https:\/\/tedenloesopreis.nl\/wp-content\/uploads\/2023\/12\/IMG_0527-1024x768-1-768x576.jpg 768w\" sizes=\"auto, (max-width: 1024px) 100vw, 1024px\" \/><\/a><figcaption class=\"wp-element-caption\"><em>doorkijkje in Monsaraz<\/em><\/figcaption><\/figure>\n<\/div>\n\n\n\n<div class=\"wp-block-column is-layout-flow wp-block-column-is-layout-flow\">\n<figure class=\"wp-block-image size-full\"><a href=\"https:\/\/tedenloesopreis.nl\/wp-content\/uploads\/2023\/12\/IMG_0533-1024x768-1.jpg\" target=\"_blank\" rel=\"noreferrer noopener\"><img loading=\"lazy\" decoding=\"async\" width=\"1024\" height=\"768\" src=\"https:\/\/tedenloesopreis.nl\/wp-content\/uploads\/2023\/12\/IMG_0533-1024x768-1.jpg\" alt=\"\" class=\"wp-image-9229\" srcset=\"https:\/\/tedenloesopreis.nl\/wp-content\/uploads\/2023\/12\/IMG_0533-1024x768-1.jpg 1024w, https:\/\/tedenloesopreis.nl\/wp-content\/uploads\/2023\/12\/IMG_0533-1024x768-1-300x225.jpg 300w, https:\/\/tedenloesopreis.nl\/wp-content\/uploads\/2023\/12\/IMG_0533-1024x768-1-768x576.jpg 768w\" sizes=\"auto, (max-width: 1024px) 100vw, 1024px\" \/><\/a><figcaption class=\"wp-element-caption\"><em>laatste blik op Monsaraz<\/em><\/figcaption><\/figure>\n<\/div>\n<\/div>\n\n\n\n<div class=\"wp-block-columns is-layout-flex wp-container-core-columns-is-layout-9d6595d7 wp-block-columns-is-layout-flex\">\n<div class=\"wp-block-column is-layout-flow wp-block-column-is-layout-flow\" style=\"flex-basis:33.33%\"><\/div>\n\n\n\n<div class=\"wp-block-column is-layout-flow wp-block-column-is-layout-flow\" style=\"flex-basis:66.66%\">\n<p id=\"evora\">Vervolgens rijden we naar de camping van \u00c9vora, waarna we op de fiets de stad ingaan. \u00c9vora was al bewoond door de Romeinen (er staat een oude Romeinse tempel en er is nog een aquaduct). Het heeft zich ontwikkeld tot een vrij grote ommuurde middeleeuwse stad met pleinen, kerken en vooral veel smalle hobbelige straatjes. Het is er behoorlijk druk, want iedereen wil kennelijk met de auto door die smalle, vaak behoorlijk steile, altijd bijzonder hobbelige straatjes naar zijn eigen voordeur. Fietsers op straat zijn dan maar hinderlijk, want je kunt ze niet passeren en ze gaan niet snel genoeg. Wat een herrie maken al die autobanden op die ongelijke kinderkopjes.<\/p>\n\n\n\n<p>Opvallend: verschillende bogen van het aquaduct zijn dichtgemetseld, met een deur erin. Blijkbaar kun je ook daar wonen.<\/p>\n\n\n\n<p>De straatjes rond het hoofdplein zijn autovrij. Daar is het aangenaam vertoeven.<\/p>\n<\/div>\n<\/div>\n\n\n\n<div class=\"wp-block-columns is-layout-flex wp-container-core-columns-is-layout-9d6595d7 wp-block-columns-is-layout-flex\">\n<div class=\"wp-block-column is-layout-flow wp-block-column-is-layout-flow\">\n<figure class=\"wp-block-image size-full\"><a href=\"https:\/\/tedenloesopreis.nl\/wp-content\/uploads\/2023\/12\/IMG_0534-1024x768-1.jpg\" target=\"_blank\" rel=\"noreferrer noopener\"><img loading=\"lazy\" decoding=\"async\" width=\"1024\" height=\"768\" src=\"https:\/\/tedenloesopreis.nl\/wp-content\/uploads\/2023\/12\/IMG_0534-1024x768-1.jpg\" alt=\"\" class=\"wp-image-9230\" srcset=\"https:\/\/tedenloesopreis.nl\/wp-content\/uploads\/2023\/12\/IMG_0534-1024x768-1.jpg 1024w, https:\/\/tedenloesopreis.nl\/wp-content\/uploads\/2023\/12\/IMG_0534-1024x768-1-300x225.jpg 300w, https:\/\/tedenloesopreis.nl\/wp-content\/uploads\/2023\/12\/IMG_0534-1024x768-1-768x576.jpg 768w\" sizes=\"auto, (max-width: 1024px) 100vw, 1024px\" \/><\/a><figcaption class=\"wp-element-caption\"><em>Praca do Giraldo (hoofdplein van \u00c9vora)<\/em><\/figcaption><\/figure>\n<\/div>\n\n\n\n<div class=\"wp-block-column is-layout-flow wp-block-column-is-layout-flow\">\n<figure class=\"wp-block-image size-full\"><a href=\"https:\/\/tedenloesopreis.nl\/wp-content\/uploads\/2023\/12\/IMG_0543-1024x768-1.jpg\" target=\"_blank\" rel=\"noreferrer noopener\"><img loading=\"lazy\" decoding=\"async\" width=\"1024\" height=\"768\" src=\"https:\/\/tedenloesopreis.nl\/wp-content\/uploads\/2023\/12\/IMG_0543-1024x768-1.jpg\" alt=\"\" class=\"wp-image-9231\" srcset=\"https:\/\/tedenloesopreis.nl\/wp-content\/uploads\/2023\/12\/IMG_0543-1024x768-1.jpg 1024w, https:\/\/tedenloesopreis.nl\/wp-content\/uploads\/2023\/12\/IMG_0543-1024x768-1-300x225.jpg 300w, https:\/\/tedenloesopreis.nl\/wp-content\/uploads\/2023\/12\/IMG_0543-1024x768-1-768x576.jpg 768w\" sizes=\"auto, (max-width: 1024px) 100vw, 1024px\" \/><\/a><figcaption class=\"wp-element-caption\"><em>Romeinse tempel in \u00c9vora<\/em><\/figcaption><\/figure>\n<\/div>\n\n\n\n<div class=\"wp-block-column is-layout-flow wp-block-column-is-layout-flow\">\n<figure class=\"wp-block-image size-full\"><a href=\"https:\/\/tedenloesopreis.nl\/wp-content\/uploads\/2023\/12\/IMG_0544-1024x768-1.jpg\" target=\"_blank\" rel=\"noreferrer noopener\"><img loading=\"lazy\" decoding=\"async\" width=\"1024\" height=\"768\" src=\"https:\/\/tedenloesopreis.nl\/wp-content\/uploads\/2023\/12\/IMG_0544-1024x768-1.jpg\" alt=\"\" class=\"wp-image-9232\" srcset=\"https:\/\/tedenloesopreis.nl\/wp-content\/uploads\/2023\/12\/IMG_0544-1024x768-1.jpg 1024w, https:\/\/tedenloesopreis.nl\/wp-content\/uploads\/2023\/12\/IMG_0544-1024x768-1-300x225.jpg 300w, https:\/\/tedenloesopreis.nl\/wp-content\/uploads\/2023\/12\/IMG_0544-1024x768-1-768x576.jpg 768w\" sizes=\"auto, (max-width: 1024px) 100vw, 1024px\" \/><\/a><figcaption class=\"wp-element-caption\"><em>het aquaduct van \u00c9vora<\/em><\/figcaption><\/figure>\n<\/div>\n<\/div>\n\n\n\n<div class=\"wp-block-columns is-layout-flex wp-container-core-columns-is-layout-9d6595d7 wp-block-columns-is-layout-flex\">\n<div class=\"wp-block-column is-layout-flow wp-block-column-is-layout-flow\">\n<figure class=\"wp-block-image size-full\"><a href=\"https:\/\/tedenloesopreis.nl\/wp-content\/uploads\/2023\/12\/IMG_0546-768x1024-1.jpg\" target=\"_blank\" rel=\"noreferrer noopener\"><img loading=\"lazy\" decoding=\"async\" width=\"768\" height=\"1024\" src=\"https:\/\/tedenloesopreis.nl\/wp-content\/uploads\/2023\/12\/IMG_0546-768x1024-1.jpg\" alt=\"\" class=\"wp-image-9233\" srcset=\"https:\/\/tedenloesopreis.nl\/wp-content\/uploads\/2023\/12\/IMG_0546-768x1024-1.jpg 768w, https:\/\/tedenloesopreis.nl\/wp-content\/uploads\/2023\/12\/IMG_0546-768x1024-1-225x300.jpg 225w\" sizes=\"auto, (max-width: 768px) 100vw, 768px\" \/><\/a><figcaption class=\"wp-element-caption\"><em>wonen in een aquaduct<\/em><\/figcaption><\/figure>\n<\/div>\n\n\n\n<div class=\"wp-block-column is-layout-flow wp-block-column-is-layout-flow\">\n<figure class=\"wp-block-image size-full\"><a href=\"https:\/\/tedenloesopreis.nl\/wp-content\/uploads\/2023\/12\/IMG_0551-768x1024-1.jpg\" target=\"_blank\" rel=\"noreferrer noopener\"><img loading=\"lazy\" decoding=\"async\" width=\"768\" height=\"1024\" src=\"https:\/\/tedenloesopreis.nl\/wp-content\/uploads\/2023\/12\/IMG_0551-768x1024-1.jpg\" alt=\"\" class=\"wp-image-9234\" srcset=\"https:\/\/tedenloesopreis.nl\/wp-content\/uploads\/2023\/12\/IMG_0551-768x1024-1.jpg 768w, https:\/\/tedenloesopreis.nl\/wp-content\/uploads\/2023\/12\/IMG_0551-768x1024-1-225x300.jpg 225w\" sizes=\"auto, (max-width: 768px) 100vw, 768px\" \/><\/a><figcaption class=\"wp-element-caption\"><em>straatje in \u00c9vora<\/em><\/figcaption><\/figure>\n<\/div>\n\n\n\n<div class=\"wp-block-column is-layout-flow wp-block-column-is-layout-flow\">\n<figure class=\"wp-block-image size-full\"><a href=\"https:\/\/tedenloesopreis.nl\/wp-content\/uploads\/2023\/12\/IMG_0554-1024x768-2.jpg\" target=\"_blank\" rel=\"noreferrer noopener\"><img loading=\"lazy\" decoding=\"async\" width=\"1024\" height=\"768\" src=\"https:\/\/tedenloesopreis.nl\/wp-content\/uploads\/2023\/12\/IMG_0554-1024x768-2.jpg\" alt=\"\" class=\"wp-image-9235\" srcset=\"https:\/\/tedenloesopreis.nl\/wp-content\/uploads\/2023\/12\/IMG_0554-1024x768-2.jpg 1024w, https:\/\/tedenloesopreis.nl\/wp-content\/uploads\/2023\/12\/IMG_0554-1024x768-2-300x225.jpg 300w, https:\/\/tedenloesopreis.nl\/wp-content\/uploads\/2023\/12\/IMG_0554-1024x768-2-768x576.jpg 768w\" sizes=\"auto, (max-width: 1024px) 100vw, 1024px\" \/><\/a><figcaption class=\"wp-element-caption\"><em>het is gezellig in het centrum van \u00c9vora<\/em><\/figcaption><\/figure>\n<\/div>\n<\/div>\n\n\n\n<div style=\"height:36px\" aria-hidden=\"true\" class=\"wp-block-spacer\"><\/div>\n\n\n\n<div class=\"wp-block-columns is-layout-flex wp-container-core-columns-is-layout-9d6595d7 wp-block-columns-is-layout-flex\">\n<div class=\"wp-block-column is-layout-flow wp-block-column-is-layout-flow\">\n<p class=\"has-orange-background-color has-background\" id=\"dag19\"><\/p>\n<\/div>\n<\/div>\n\n\n\n<div class=\"wp-block-columns is-layout-flex wp-container-core-columns-is-layout-9d6595d7 wp-block-columns-is-layout-flex\">\n<div class=\"wp-block-column is-layout-flow wp-block-column-is-layout-flow\" style=\"flex-basis:33.33%\">\n<p class=\"has-small-font-size\"><a href=\"#titel\">top<\/a><\/p>\n<\/div>\n\n\n\n<div class=\"wp-block-column is-layout-flow wp-block-column-is-layout-flow\" style=\"flex-basis:66.66%\">\n<p><strong>NIETS VERANDERD IN 32 JAAR<\/strong><br>dag 19 &nbsp; &nbsp; &nbsp; wo 22 mei 2019<br><a href=\"https:\/\/www.google.com\/maps\/d\/viewer?mid=1sECHkeEIQWhiXTCFQa1AgfydU63zhRl9&amp;ll=38.69532420971213%2C-8.558884712030025&amp;z=10\" target=\"_blank\" rel=\"noreferrer noopener\">\u00c9vora \u2013 Lissabon<\/a>&nbsp;&nbsp; &nbsp; &nbsp;&nbsp;132 km<\/p>\n<\/div>\n<\/div>\n\n\n\n<div style=\"height:20px\" aria-hidden=\"true\" class=\"wp-block-spacer\"><\/div>\n\n\n\n<div class=\"wp-block-columns is-layout-flex wp-container-core-columns-is-layout-9d6595d7 wp-block-columns-is-layout-flex\">\n<div class=\"wp-block-column is-layout-flow wp-block-column-is-layout-flow\" style=\"flex-basis:33.33%\"><\/div>\n\n\n\n<div class=\"wp-block-column is-layout-flow wp-block-column-is-layout-flow\" style=\"flex-basis:66.66%\">\n<p>We rijden vanochtend richting Lissabon, over de N114\/N4. Bij Montijo nemen we de Vasco da Gama-brug over de Taag, die hier behoorlijk breed is. Via de noordelijke rondweg rijden we Lissabon binnen.&nbsp;<\/p>\n<\/div>\n<\/div>\n\n\n\n<div class=\"wp-block-columns is-layout-flex wp-container-core-columns-is-layout-9d6595d7 wp-block-columns-is-layout-flex\">\n<div class=\"wp-block-column is-layout-flow wp-block-column-is-layout-flow\"><\/div>\n\n\n\n<div class=\"wp-block-column is-layout-flow wp-block-column-is-layout-flow\">\n<figure class=\"wp-block-image size-full\"><a href=\"https:\/\/tedenloesopreis.nl\/wp-content\/uploads\/2023\/12\/IMG_0556-1024x768-1.jpg\" target=\"_blank\" rel=\"noreferrer noopener\"><img loading=\"lazy\" decoding=\"async\" width=\"1024\" height=\"768\" src=\"https:\/\/tedenloesopreis.nl\/wp-content\/uploads\/2023\/12\/IMG_0556-1024x768-1.jpg\" alt=\"\" class=\"wp-image-9237\" srcset=\"https:\/\/tedenloesopreis.nl\/wp-content\/uploads\/2023\/12\/IMG_0556-1024x768-1.jpg 1024w, https:\/\/tedenloesopreis.nl\/wp-content\/uploads\/2023\/12\/IMG_0556-1024x768-1-300x225.jpg 300w, https:\/\/tedenloesopreis.nl\/wp-content\/uploads\/2023\/12\/IMG_0556-1024x768-1-768x576.jpg 768w\" sizes=\"auto, (max-width: 1024px) 100vw, 1024px\" \/><\/a><figcaption class=\"wp-element-caption\"><em>de Taag bij Lissabon is behoorlijk breed<\/em><\/figcaption><\/figure>\n<\/div>\n\n\n\n<div class=\"wp-block-column is-layout-flow wp-block-column-is-layout-flow\">\n<figure class=\"wp-block-image size-full\"><a href=\"https:\/\/tedenloesopreis.nl\/wp-content\/uploads\/2023\/12\/IMG_0562-1024x768-1.jpg\" target=\"_blank\" rel=\"noreferrer noopener\"><img loading=\"lazy\" decoding=\"async\" width=\"1024\" height=\"768\" src=\"https:\/\/tedenloesopreis.nl\/wp-content\/uploads\/2023\/12\/IMG_0562-1024x768-1.jpg\" alt=\"\" class=\"wp-image-9238\" srcset=\"https:\/\/tedenloesopreis.nl\/wp-content\/uploads\/2023\/12\/IMG_0562-1024x768-1.jpg 1024w, https:\/\/tedenloesopreis.nl\/wp-content\/uploads\/2023\/12\/IMG_0562-1024x768-1-300x225.jpg 300w, https:\/\/tedenloesopreis.nl\/wp-content\/uploads\/2023\/12\/IMG_0562-1024x768-1-768x576.jpg 768w\" sizes=\"auto, (max-width: 1024px) 100vw, 1024px\" \/><\/a><figcaption class=\"wp-element-caption\"><em>de Vasco da Gama-brug<\/em><\/figcaption><\/figure>\n<\/div>\n<\/div>\n\n\n\n<div class=\"wp-block-columns is-layout-flex wp-container-core-columns-is-layout-9d6595d7 wp-block-columns-is-layout-flex\">\n<div class=\"wp-block-column is-layout-flow wp-block-column-is-layout-flow\" style=\"flex-basis:33.33%\">\n<figure class=\"wp-block-image size-full\"><a href=\"https:\/\/tedenloesopreis.nl\/wp-content\/uploads\/2023\/12\/IMG_0185-1024x768-1.jpeg\" target=\"_blank\" rel=\"noreferrer noopener\"><img loading=\"lazy\" decoding=\"async\" width=\"1024\" height=\"768\" src=\"https:\/\/tedenloesopreis.nl\/wp-content\/uploads\/2023\/12\/IMG_0185-1024x768-1.jpeg\" alt=\"\" class=\"wp-image-9239\" srcset=\"https:\/\/tedenloesopreis.nl\/wp-content\/uploads\/2023\/12\/IMG_0185-1024x768-1.jpeg 1024w, https:\/\/tedenloesopreis.nl\/wp-content\/uploads\/2023\/12\/IMG_0185-1024x768-1-300x225.jpeg 300w, https:\/\/tedenloesopreis.nl\/wp-content\/uploads\/2023\/12\/IMG_0185-1024x768-1-768x576.jpeg 768w\" sizes=\"auto, (max-width: 1024px) 100vw, 1024px\" \/><\/a><figcaption class=\"wp-element-caption\"><em>op de camping in Lissabon<\/em><\/figcaption><\/figure>\n<\/div>\n\n\n\n<div class=\"wp-block-column is-layout-flow wp-block-column-is-layout-flow\" style=\"flex-basis:66.66%\">\n<p>We staan nu op de stadscamping van Lissabon:&nbsp;<a href=\"https:\/\/www.campercontact.com\/nl\/portugal\/lissabon\/lissabon\/14248\/parque-campismo-monsanto\" target=\"_blank\" rel=\"noreferrer noopener\">Parque Campismo Monsanto<\/a>.&nbsp;We waren in 1987 ook op deze camping. Er is in die 32 jaar nauwelijks iets veranderd. Zo lijken de sanitairgebouwtjes in ieder geval nog hetzelfde, en dat geldt ook voor de pislucht die er in de mannenafdeling hangt. De toilethokken zijn z\u00f3 klein, dat je op de poepdoos moet klimmen om de naar binnen draaiende deur te kunnen sluiten.&nbsp;<\/p>\n\n\n\n<p>Stonden we 32 geleden nog met een tentje ergens tussen de bomen van het bos, nu staan we op een aangewezen plek, een typische plek voor campers en caravans: een betonplaat tussen de bomen met een eigen kraantje, afvoer en afvalbak. Dat lijkt heel wat, maar het is godsonmogelijk om de bus min of meer waterpas te zetten. Hoe kun je het bedenken: betonnen platen die in twee richtingen sterk aflopen.&nbsp;<\/p>\n\n\n\n<p>Nog iets: het is veruit de duurste camping tot nu toe, maar er is geen wifi.&nbsp;<\/p>\n\n\n\n<p>We waren van plan om hier drie nachten te blijven, een dag om nog eens naar Lissabon te gaan en een rustdag (we hebben immers weer drie reisdagen achter ons), maar we denken dat we het bij twee nachten zullen laten.<\/p>\n<\/div>\n<\/div>\n\n\n\n<div style=\"height:35px\" aria-hidden=\"true\" class=\"wp-block-spacer\"><\/div>\n\n\n\n<div class=\"wp-block-columns is-layout-flex wp-container-core-columns-is-layout-9d6595d7 wp-block-columns-is-layout-flex\">\n<div class=\"wp-block-column is-layout-flow wp-block-column-is-layout-flow\">\n<p class=\"has-orange-background-color has-background\" id=\"dag20\"><\/p>\n<\/div>\n<\/div>\n\n\n\n<div class=\"wp-block-columns is-layout-flex wp-container-core-columns-is-layout-9d6595d7 wp-block-columns-is-layout-flex\">\n<div class=\"wp-block-column is-layout-flow wp-block-column-is-layout-flow\" style=\"flex-basis:33.33%\">\n<p class=\"has-small-font-size\"><a href=\"#titel\">top<\/a><\/p>\n<\/div>\n\n\n\n<div class=\"wp-block-column is-layout-flow wp-block-column-is-layout-flow\" style=\"flex-basis:66.66%\">\n<p><strong>MET DE BUS EN MET DE TRAM<\/strong><br>dag 20 &nbsp; &nbsp; &nbsp; do 23 mei 2019<br>Lissabon &nbsp; &nbsp; &nbsp;0 km<\/p>\n<\/div>\n<\/div>\n\n\n\n<div style=\"height:20px\" aria-hidden=\"true\" class=\"wp-block-spacer\"><\/div>\n\n\n\n<div class=\"wp-block-columns is-layout-flex wp-container-core-columns-is-layout-9d6595d7 wp-block-columns-is-layout-flex\">\n<div class=\"wp-block-column is-layout-flow wp-block-column-is-layout-flow\" style=\"flex-basis:33.33%\"><\/div>\n\n\n\n<div class=\"wp-block-column is-layout-flow wp-block-column-is-layout-flow\" style=\"flex-basis:66.66%\">\n<p>We hebben ooit overwogen om met de buzz naar een camperplaats in Lissabon te gaan, om daar de fietsen van de buzz te halen en vrolijk door de stad te fietsen. Menigeen wist echter zeker dat fietsen in Lissabon absoluut gekkenwerk zou zijn (en ze hebben gelijk; we hebben welgeteld \u00e9\u00e9n fietser in de stad gezien). Daarom gaan we met lijn 714 naar Lissabon.&nbsp;<\/p>\n\n\n\n<p>De vorige keer hebben we Lissabon tot in alle uithoeken bezocht. Deze keer willen we vooral de stad proeven. We zullen de stad bekijken vanuit tramlijn 28E. Deze tramlijn geldt als een van topattracties van Lissabon. De lijn wordt gereden met vooroorlogs ogende kleine gele trammetjes&nbsp;<\/p>\n\n\n\n<p>Dus gaan we met 714 naar de stad. We stappen uit bij het Praca do Com\u00e9rcio, het grote plein aan de zuidkant van centrum van de stad. Daar duiken we het metrostation in om dagkaarten voor het openbaar vervoer te kopen.<\/p>\n<\/div>\n<\/div>\n\n\n\n<div class=\"wp-block-columns is-layout-flex wp-container-core-columns-is-layout-9d6595d7 wp-block-columns-is-layout-flex\">\n<div class=\"wp-block-column is-layout-flow wp-block-column-is-layout-flow\">\n<figure class=\"wp-block-image size-full\"><a href=\"https:\/\/tedenloesopreis.nl\/wp-content\/uploads\/2023\/12\/IMG_0568-1024x768-1.jpg\" target=\"_blank\" rel=\"noreferrer noopener\"><img loading=\"lazy\" decoding=\"async\" width=\"1024\" height=\"768\" src=\"https:\/\/tedenloesopreis.nl\/wp-content\/uploads\/2023\/12\/IMG_0568-1024x768-1.jpg\" alt=\"\" class=\"wp-image-9241\" srcset=\"https:\/\/tedenloesopreis.nl\/wp-content\/uploads\/2023\/12\/IMG_0568-1024x768-1.jpg 1024w, https:\/\/tedenloesopreis.nl\/wp-content\/uploads\/2023\/12\/IMG_0568-1024x768-1-300x225.jpg 300w, https:\/\/tedenloesopreis.nl\/wp-content\/uploads\/2023\/12\/IMG_0568-1024x768-1-768x576.jpg 768w\" sizes=\"auto, (max-width: 1024px) 100vw, 1024px\" \/><\/a><figcaption class=\"wp-element-caption\"><em>Pra\u00e7a do Com\u00e9rcio<\/em><\/figcaption><\/figure>\n<\/div>\n\n\n\n<div class=\"wp-block-column is-layout-flow wp-block-column-is-layout-flow\">\n<figure class=\"wp-block-image size-full\"><a href=\"https:\/\/tedenloesopreis.nl\/wp-content\/uploads\/2023\/12\/IMG_0570-1024x768-1.jpg\" target=\"_blank\" rel=\"noreferrer noopener\"><img loading=\"lazy\" decoding=\"async\" width=\"1024\" height=\"768\" src=\"https:\/\/tedenloesopreis.nl\/wp-content\/uploads\/2023\/12\/IMG_0570-1024x768-1.jpg\" alt=\"\" class=\"wp-image-9242\" srcset=\"https:\/\/tedenloesopreis.nl\/wp-content\/uploads\/2023\/12\/IMG_0570-1024x768-1.jpg 1024w, https:\/\/tedenloesopreis.nl\/wp-content\/uploads\/2023\/12\/IMG_0570-1024x768-1-300x225.jpg 300w, https:\/\/tedenloesopreis.nl\/wp-content\/uploads\/2023\/12\/IMG_0570-1024x768-1-768x576.jpg 768w\" sizes=\"auto, (max-width: 1024px) 100vw, 1024px\" \/><\/a><figcaption class=\"wp-element-caption\"><em>Pra\u00e7a do Com\u00e9rcio<\/em><\/figcaption><\/figure>\n<\/div>\n\n\n\n<div class=\"wp-block-column is-layout-flow wp-block-column-is-layout-flow\">\n<figure class=\"wp-block-image size-full\"><a href=\"https:\/\/tedenloesopreis.nl\/wp-content\/uploads\/2023\/12\/IMG_0569-1024x768-1.jpg\" target=\"_blank\" rel=\"noreferrer noopener\"><img loading=\"lazy\" decoding=\"async\" width=\"1024\" height=\"768\" src=\"https:\/\/tedenloesopreis.nl\/wp-content\/uploads\/2023\/12\/IMG_0569-1024x768-1.jpg\" alt=\"\" class=\"wp-image-9243\" srcset=\"https:\/\/tedenloesopreis.nl\/wp-content\/uploads\/2023\/12\/IMG_0569-1024x768-1.jpg 1024w, https:\/\/tedenloesopreis.nl\/wp-content\/uploads\/2023\/12\/IMG_0569-1024x768-1-300x225.jpg 300w, https:\/\/tedenloesopreis.nl\/wp-content\/uploads\/2023\/12\/IMG_0569-1024x768-1-768x576.jpg 768w\" sizes=\"auto, (max-width: 1024px) 100vw, 1024px\" \/><\/a><figcaption class=\"wp-element-caption\"><em>de Taag vanaf het Pra\u00e7a do Com\u00e9rcio<\/em><\/figcaption><\/figure>\n<\/div>\n<\/div>\n\n\n\n<div class=\"wp-block-columns is-layout-flex wp-container-core-columns-is-layout-9d6595d7 wp-block-columns-is-layout-flex\">\n<div class=\"wp-block-column is-layout-flow wp-block-column-is-layout-flow\" style=\"flex-basis:33.33%\"><\/div>\n\n\n\n<div class=\"wp-block-column is-layout-flow wp-block-column-is-layout-flow\" style=\"flex-basis:66.66%\">\n<p id=\"tram\">Met de metro rijden we naar het Praca Martim Moniz. Daar is het vertrekpunt van de 28E. Je moet niet verbaasd zijn, als je een uurtje moet wachten tot je kunt instappen. Het gele trammetje slingert door de smalle straatjes van de stad naar het oosten. De rit duurt zo\u2019n anderhalf uur. Aan het eindpunt stappen we in tramlijn 25E, die ons via een andere route weer naar het centrum brengt.<\/p>\n<\/div>\n<\/div>\n\n\n\n<div class=\"wp-block-columns is-layout-flex wp-container-core-columns-is-layout-9d6595d7 wp-block-columns-is-layout-flex\">\n<div class=\"wp-block-column is-layout-flow wp-block-column-is-layout-flow\">\n<figure class=\"wp-block-image size-full\"><a href=\"https:\/\/tedenloesopreis.nl\/wp-content\/uploads\/2023\/12\/IMG_0573-1024x856-1.jpg\" target=\"_blank\" rel=\"noreferrer noopener\"><img loading=\"lazy\" decoding=\"async\" width=\"1024\" height=\"856\" src=\"https:\/\/tedenloesopreis.nl\/wp-content\/uploads\/2023\/12\/IMG_0573-1024x856-1.jpg\" alt=\"\" class=\"wp-image-9244\" srcset=\"https:\/\/tedenloesopreis.nl\/wp-content\/uploads\/2023\/12\/IMG_0573-1024x856-1.jpg 1024w, https:\/\/tedenloesopreis.nl\/wp-content\/uploads\/2023\/12\/IMG_0573-1024x856-1-300x251.jpg 300w, https:\/\/tedenloesopreis.nl\/wp-content\/uploads\/2023\/12\/IMG_0573-1024x856-1-768x642.jpg 768w\" sizes=\"auto, (max-width: 1024px) 100vw, 1024px\" \/><\/a><figcaption class=\"wp-element-caption\"><em>Praca Martim Moniz:&nbsp;in&nbsp;de rij voor lijn 28E<\/em><\/figcaption><\/figure>\n<\/div>\n\n\n\n<div class=\"wp-block-column is-layout-flow wp-block-column-is-layout-flow\">\n<figure class=\"wp-block-image size-full\"><a href=\"https:\/\/tedenloesopreis.nl\/wp-content\/uploads\/2023\/12\/IMG_0576-768x1024-1.jpg\" target=\"_blank\" rel=\"noreferrer noopener\"><img loading=\"lazy\" decoding=\"async\" width=\"768\" height=\"1024\" src=\"https:\/\/tedenloesopreis.nl\/wp-content\/uploads\/2023\/12\/IMG_0576-768x1024-1.jpg\" alt=\"\" class=\"wp-image-9245\" srcset=\"https:\/\/tedenloesopreis.nl\/wp-content\/uploads\/2023\/12\/IMG_0576-768x1024-1.jpg 768w, https:\/\/tedenloesopreis.nl\/wp-content\/uploads\/2023\/12\/IMG_0576-768x1024-1-225x300.jpg 225w\" sizes=\"auto, (max-width: 768px) 100vw, 768px\" \/><\/a><figcaption class=\"wp-element-caption\"><em>daar is onze tram<\/em><\/figcaption><\/figure>\n<\/div>\n\n\n\n<div class=\"wp-block-column is-layout-flow wp-block-column-is-layout-flow\">\n<figure class=\"wp-block-image size-full\"><a href=\"https:\/\/tedenloesopreis.nl\/wp-content\/uploads\/2023\/12\/IMG_0625-1024x768-1.jpg\" target=\"_blank\" rel=\"noreferrer noopener\"><img loading=\"lazy\" decoding=\"async\" width=\"1024\" height=\"768\" src=\"https:\/\/tedenloesopreis.nl\/wp-content\/uploads\/2023\/12\/IMG_0625-1024x768-1.jpg\" alt=\"\" class=\"wp-image-9246\" srcset=\"https:\/\/tedenloesopreis.nl\/wp-content\/uploads\/2023\/12\/IMG_0625-1024x768-1.jpg 1024w, https:\/\/tedenloesopreis.nl\/wp-content\/uploads\/2023\/12\/IMG_0625-1024x768-1-300x225.jpg 300w, https:\/\/tedenloesopreis.nl\/wp-content\/uploads\/2023\/12\/IMG_0625-1024x768-1-768x576.jpg 768w\" sizes=\"auto, (max-width: 1024px) 100vw, 1024px\" \/><\/a><figcaption class=\"wp-element-caption\"><em>de 28E bij&nbsp;de Miradouro de Santa Luzia<\/em><\/figcaption><\/figure>\n<\/div>\n<\/div>\n\n\n\n<div class=\"wp-block-columns is-layout-flex wp-container-core-columns-is-layout-9d6595d7 wp-block-columns-is-layout-flex\">\n<div class=\"wp-block-column is-layout-flow wp-block-column-is-layout-flow\" style=\"flex-basis:33.33%\"><\/div>\n\n\n\n<div class=\"wp-block-column is-layout-flow wp-block-column-is-layout-flow\" style=\"flex-basis:66.66%\">\n<p>We wandelen wat door het centrum, pikken een terrasje onder de Elevador de Santa Justa, en beginnen vervolgens aan de klim naar de Miradouro de Santa Luzia, vanwaar we via de smalle straatjes van Alfama weer naar het centrum teruglopen (overigens, toen wij in 1987 door Alfama liepen, hing er veel meer was te drogen en waren er nog helemaal geen restaurantjes te bekennen).&nbsp;<\/p>\n<\/div>\n<\/div>\n\n\n\n<div class=\"wp-block-columns is-layout-flex wp-container-core-columns-is-layout-9d6595d7 wp-block-columns-is-layout-flex\">\n<div class=\"wp-block-column is-layout-flow wp-block-column-is-layout-flow\">\n<figure class=\"wp-block-image size-full\" id=\"alfama\"><a href=\"https:\/\/tedenloesopreis.nl\/wp-content\/uploads\/2023\/12\/IMG_0616-768x1024-1.jpg\" target=\"_blank\" rel=\"noreferrer noopener\"><img loading=\"lazy\" decoding=\"async\" width=\"768\" height=\"1024\" src=\"https:\/\/tedenloesopreis.nl\/wp-content\/uploads\/2023\/12\/IMG_0616-768x1024-1.jpg\" alt=\"\" class=\"wp-image-9247\" srcset=\"https:\/\/tedenloesopreis.nl\/wp-content\/uploads\/2023\/12\/IMG_0616-768x1024-1.jpg 768w, https:\/\/tedenloesopreis.nl\/wp-content\/uploads\/2023\/12\/IMG_0616-768x1024-1-225x300.jpg 225w\" sizes=\"auto, (max-width: 768px) 100vw, 768px\" \/><\/a><figcaption class=\"wp-element-caption\"><em>een terrasje pikken bij de Elevador de Santa Justa<\/em><\/figcaption><\/figure>\n<\/div>\n\n\n\n<div class=\"wp-block-column is-layout-flow wp-block-column-is-layout-flow\">\n<figure class=\"wp-block-image size-full\"><a href=\"https:\/\/tedenloesopreis.nl\/wp-content\/uploads\/2023\/12\/IMG_0617-1024x768-1.jpg\" target=\"_blank\" rel=\"noreferrer noopener\"><img loading=\"lazy\" decoding=\"async\" width=\"1024\" height=\"768\" src=\"https:\/\/tedenloesopreis.nl\/wp-content\/uploads\/2023\/12\/IMG_0617-1024x768-1.jpg\" alt=\"\" class=\"wp-image-9248\" srcset=\"https:\/\/tedenloesopreis.nl\/wp-content\/uploads\/2023\/12\/IMG_0617-1024x768-1.jpg 1024w, https:\/\/tedenloesopreis.nl\/wp-content\/uploads\/2023\/12\/IMG_0617-1024x768-1-300x225.jpg 300w, https:\/\/tedenloesopreis.nl\/wp-content\/uploads\/2023\/12\/IMG_0617-1024x768-1-768x576.jpg 768w\" sizes=\"auto, (max-width: 1024px) 100vw, 1024px\" \/><\/a><figcaption class=\"wp-element-caption\"><em>vrij druk voor een doordeweekse dag in mei<\/em><\/figcaption><\/figure>\n<\/div>\n\n\n\n<div class=\"wp-block-column is-layout-flow wp-block-column-is-layout-flow\">\n<figure class=\"wp-block-image size-full\"><a href=\"https:\/\/tedenloesopreis.nl\/wp-content\/uploads\/2023\/12\/IMG_0619-1024x768-1.jpg\" target=\"_blank\" rel=\"noreferrer noopener\"><img loading=\"lazy\" decoding=\"async\" width=\"1024\" height=\"768\" src=\"https:\/\/tedenloesopreis.nl\/wp-content\/uploads\/2023\/12\/IMG_0619-1024x768-1.jpg\" alt=\"\" class=\"wp-image-9249\" srcset=\"https:\/\/tedenloesopreis.nl\/wp-content\/uploads\/2023\/12\/IMG_0619-1024x768-1.jpg 1024w, https:\/\/tedenloesopreis.nl\/wp-content\/uploads\/2023\/12\/IMG_0619-1024x768-1-300x225.jpg 300w, https:\/\/tedenloesopreis.nl\/wp-content\/uploads\/2023\/12\/IMG_0619-1024x768-1-768x576.jpg 768w\" sizes=\"auto, (max-width: 1024px) 100vw, 1024px\" \/><\/a><figcaption class=\"wp-element-caption\"><em>de jacaranda staat prachtig te bloeien<\/em><\/figcaption><\/figure>\n<\/div>\n<\/div>\n\n\n\n<div class=\"wp-block-columns is-layout-flex wp-container-core-columns-is-layout-9d6595d7 wp-block-columns-is-layout-flex\">\n<div class=\"wp-block-column is-layout-flow wp-block-column-is-layout-flow\">\n<figure class=\"wp-block-image size-full\"><a href=\"https:\/\/tedenloesopreis.nl\/wp-content\/uploads\/2023\/12\/IMG_0628-1024x768-1.jpg\" target=\"_blank\" rel=\"noreferrer noopener\"><img loading=\"lazy\" decoding=\"async\" width=\"1024\" height=\"768\" src=\"https:\/\/tedenloesopreis.nl\/wp-content\/uploads\/2023\/12\/IMG_0628-1024x768-1.jpg\" alt=\"\" class=\"wp-image-9250\" srcset=\"https:\/\/tedenloesopreis.nl\/wp-content\/uploads\/2023\/12\/IMG_0628-1024x768-1.jpg 1024w, https:\/\/tedenloesopreis.nl\/wp-content\/uploads\/2023\/12\/IMG_0628-1024x768-1-300x225.jpg 300w, https:\/\/tedenloesopreis.nl\/wp-content\/uploads\/2023\/12\/IMG_0628-1024x768-1-768x576.jpg 768w\" sizes=\"auto, (max-width: 1024px) 100vw, 1024px\" \/><\/a><figcaption class=\"wp-element-caption\"><em>Miradouro de Santa Luzia: Alfama en de Taag<\/em><\/figcaption><\/figure>\n<\/div>\n\n\n\n<div class=\"wp-block-column is-layout-flow wp-block-column-is-layout-flow\">\n<figure class=\"wp-block-image size-full\"><a href=\"https:\/\/tedenloesopreis.nl\/wp-content\/uploads\/2023\/12\/IMG_0630-1-768x1024-1.jpg\" target=\"_blank\" rel=\"noreferrer noopener\"><img loading=\"lazy\" decoding=\"async\" width=\"768\" height=\"1024\" src=\"https:\/\/tedenloesopreis.nl\/wp-content\/uploads\/2023\/12\/IMG_0630-1-768x1024-1.jpg\" alt=\"\" class=\"wp-image-9251\" srcset=\"https:\/\/tedenloesopreis.nl\/wp-content\/uploads\/2023\/12\/IMG_0630-1-768x1024-1.jpg 768w, https:\/\/tedenloesopreis.nl\/wp-content\/uploads\/2023\/12\/IMG_0630-1-768x1024-1-225x300.jpg 225w\" sizes=\"auto, (max-width: 768px) 100vw, 768px\" \/><\/a><figcaption class=\"wp-element-caption\"><em>typisch straatje in Alfama<\/em><\/figcaption><\/figure>\n<\/div>\n\n\n\n<div class=\"wp-block-column is-layout-flow wp-block-column-is-layout-flow\">\n<figure class=\"wp-block-image size-full\"><a href=\"https:\/\/tedenloesopreis.nl\/wp-content\/uploads\/2023\/12\/IMG_0633-1-768x1024-1.jpg\" target=\"_blank\" rel=\"noreferrer noopener\"><img loading=\"lazy\" decoding=\"async\" width=\"768\" height=\"1024\" src=\"https:\/\/tedenloesopreis.nl\/wp-content\/uploads\/2023\/12\/IMG_0633-1-768x1024-1.jpg\" alt=\"\" class=\"wp-image-9252\" srcset=\"https:\/\/tedenloesopreis.nl\/wp-content\/uploads\/2023\/12\/IMG_0633-1-768x1024-1.jpg 768w, https:\/\/tedenloesopreis.nl\/wp-content\/uploads\/2023\/12\/IMG_0633-1-768x1024-1-225x300.jpg 225w\" sizes=\"auto, (max-width: 768px) 100vw, 768px\" \/><\/a><figcaption class=\"wp-element-caption\"><em>typisch straatje in Alfama<\/em><\/figcaption><\/figure>\n<\/div>\n<\/div>\n\n\n\n<div class=\"wp-block-columns is-layout-flex wp-container-core-columns-is-layout-9d6595d7 wp-block-columns-is-layout-flex\">\n<div class=\"wp-block-column is-layout-flow wp-block-column-is-layout-flow\" style=\"flex-basis:33.33%\"><\/div>\n\n\n\n<div class=\"wp-block-column is-layout-flow wp-block-column-is-layout-flow\" style=\"flex-basis:66.66%\">\n<p>De 714 brengt ons weer naar de camping.<\/p>\n<\/div>\n<\/div>\n\n\n\n<div style=\"height:35px\" aria-hidden=\"true\" class=\"wp-block-spacer\"><\/div>\n\n\n\n<div class=\"wp-block-columns is-layout-flex wp-container-core-columns-is-layout-9d6595d7 wp-block-columns-is-layout-flex\">\n<div class=\"wp-block-column is-layout-flow wp-block-column-is-layout-flow\">\n<p class=\"has-orange-background-color has-background\" id=\"dag21\"><\/p>\n<\/div>\n<\/div>\n\n\n\n<div class=\"wp-block-columns is-layout-flex wp-container-core-columns-is-layout-9d6595d7 wp-block-columns-is-layout-flex\">\n<div class=\"wp-block-column is-layout-flow wp-block-column-is-layout-flow\" style=\"flex-basis:33.33%\">\n<p class=\"has-small-font-size\"><a href=\"#titel\">top<\/a><\/p>\n<\/div>\n\n\n\n<div class=\"wp-block-column is-layout-flow wp-block-column-is-layout-flow\" style=\"flex-basis:66.66%\">\n<p><strong>DE KAAP EN DE KASTELEN<\/strong><br>dag 21 &nbsp;&nbsp; &nbsp; &nbsp;vr 24 mei 2019<br><a href=\"https:\/\/www.google.com\/maps\/d\/viewer?mid=18Za6_e5bEzjiLoY9cf8m5_dF5KNDB5g0&amp;ll=38.78487740149554%2C-9.364051923059726&amp;z=11\" target=\"_blank\" rel=\"noreferrer noopener\">Lissabon \u2013 Odrinhas<\/a>&nbsp;&nbsp; &nbsp; &nbsp;78 km<\/p>\n<\/div>\n<\/div>\n\n\n\n<div style=\"height:20px\" aria-hidden=\"true\" class=\"wp-block-spacer\"><\/div>\n\n\n\n<div class=\"wp-block-columns is-layout-flex wp-container-core-columns-is-layout-9d6595d7 wp-block-columns-is-layout-flex\">\n<div class=\"wp-block-column is-layout-flow wp-block-column-is-layout-flow\" style=\"flex-basis:33.33%\"><\/div>\n\n\n\n<div class=\"wp-block-column is-layout-flow wp-block-column-is-layout-flow\" style=\"flex-basis:66.66%\">\n<p>Na een betrekkelijk korte rit staan we op de&nbsp;<a href=\"https:\/\/www.info4camper.com\/parque_odrinhas_parque_sao_joao_das_lampas_parquecaravana.html?lg=nl\" target=\"_blank\" rel=\"noreferrer noopener\">camperplaats in Odrinhas<\/a>, een stukje ten noorden van Sintra.&nbsp;<\/p>\n\n\n\n<p id=\"cabodaroca\">We maken vandaag verschillende stops. We rijden vanochtend eerst langs de kust naar Cascais. Dit lijkt wel het meest welgestelde deel van Portugal. Alleen bij Estoril zien we nog sporen van de stevige bosbranden die hier vorig jaar hebben gewoed. Bij Cascais nemen we de kustweg N247. Je komt dan langs de Cabo Raso (aardig, maar niet voor langer dan een paar minuten) en langs de duinen van Guincho. Deze duinen wandelen gewoon de weg over. Je hebt er een mooi (maar vandaag nogal heiig) uitzicht op de meest westelijke punt van Portugal: Cabo da Roca. Om bij die kaap te komen, moet je een vrij smal kronkelig zijstraatje afrijden, hopend dat je geen tegemoetkomende touringcar treft in een van de bochten. De kaap zelf is erg druk (half Korea was aanwezig) en bijzonder winderig.<\/p>\n<\/div>\n<\/div>\n\n\n\n<div class=\"wp-block-columns is-layout-flex wp-container-core-columns-is-layout-9d6595d7 wp-block-columns-is-layout-flex\">\n<div class=\"wp-block-column is-layout-flow wp-block-column-is-layout-flow\"><\/div>\n\n\n\n<div class=\"wp-block-column is-layout-flow wp-block-column-is-layout-flow\">\n<figure class=\"wp-block-image size-full\"><a href=\"https:\/\/tedenloesopreis.nl\/wp-content\/uploads\/2023\/12\/IMG_0640-1024x768-1.jpg\" target=\"_blank\" rel=\"noreferrer noopener\"><img loading=\"lazy\" decoding=\"async\" width=\"1024\" height=\"768\" src=\"https:\/\/tedenloesopreis.nl\/wp-content\/uploads\/2023\/12\/IMG_0640-1024x768-1.jpg\" alt=\"\" class=\"wp-image-9254\" srcset=\"https:\/\/tedenloesopreis.nl\/wp-content\/uploads\/2023\/12\/IMG_0640-1024x768-1.jpg 1024w, https:\/\/tedenloesopreis.nl\/wp-content\/uploads\/2023\/12\/IMG_0640-1024x768-1-300x225.jpg 300w, https:\/\/tedenloesopreis.nl\/wp-content\/uploads\/2023\/12\/IMG_0640-1024x768-1-768x576.jpg 768w\" sizes=\"auto, (max-width: 1024px) 100vw, 1024px\" \/><\/a><figcaption class=\"wp-element-caption\"><em>Cabo da Roca in de (nevelige) verte<\/em><\/figcaption><\/figure>\n<\/div>\n\n\n\n<div class=\"wp-block-column is-layout-flow wp-block-column-is-layout-flow\">\n<figure class=\"wp-block-image size-full\"><a href=\"https:\/\/tedenloesopreis.nl\/wp-content\/uploads\/2023\/12\/IMG_0642-1024x768-1.jpg\" target=\"_blank\" rel=\"noreferrer noopener\"><img loading=\"lazy\" decoding=\"async\" width=\"1024\" height=\"768\" src=\"https:\/\/tedenloesopreis.nl\/wp-content\/uploads\/2023\/12\/IMG_0642-1024x768-1.jpg\" alt=\"\" class=\"wp-image-9255\" srcset=\"https:\/\/tedenloesopreis.nl\/wp-content\/uploads\/2023\/12\/IMG_0642-1024x768-1.jpg 1024w, https:\/\/tedenloesopreis.nl\/wp-content\/uploads\/2023\/12\/IMG_0642-1024x768-1-300x225.jpg 300w, https:\/\/tedenloesopreis.nl\/wp-content\/uploads\/2023\/12\/IMG_0642-1024x768-1-768x576.jpg 768w\" sizes=\"auto, (max-width: 1024px) 100vw, 1024px\" \/><\/a><figcaption class=\"wp-element-caption\"><em>onderweg naar Cabo da Roca<\/em><\/figcaption><\/figure>\n<\/div>\n<\/div>\n\n\n\n<div class=\"wp-block-columns is-layout-flex wp-container-core-columns-is-layout-9d6595d7 wp-block-columns-is-layout-flex\">\n<div class=\"wp-block-column is-layout-flow wp-block-column-is-layout-flow\"><\/div>\n\n\n\n<div class=\"wp-block-column is-layout-flow wp-block-column-is-layout-flow\">\n<figure class=\"wp-block-image size-full\"><a href=\"https:\/\/tedenloesopreis.nl\/wp-content\/uploads\/2023\/12\/IMG_0643-1024x768-1.jpg\" target=\"_blank\" rel=\"noreferrer noopener\"><img loading=\"lazy\" decoding=\"async\" width=\"1024\" height=\"768\" src=\"https:\/\/tedenloesopreis.nl\/wp-content\/uploads\/2023\/12\/IMG_0643-1024x768-1.jpg\" alt=\"\" class=\"wp-image-9256\" srcset=\"https:\/\/tedenloesopreis.nl\/wp-content\/uploads\/2023\/12\/IMG_0643-1024x768-1.jpg 1024w, https:\/\/tedenloesopreis.nl\/wp-content\/uploads\/2023\/12\/IMG_0643-1024x768-1-300x225.jpg 300w, https:\/\/tedenloesopreis.nl\/wp-content\/uploads\/2023\/12\/IMG_0643-1024x768-1-768x576.jpg 768w\" sizes=\"auto, (max-width: 1024px) 100vw, 1024px\" \/><\/a><figcaption class=\"wp-element-caption\"><em>het is behoorlijk druk op Cabo da Roca<\/em><\/figcaption><\/figure>\n<\/div>\n\n\n\n<div class=\"wp-block-column is-layout-flow wp-block-column-is-layout-flow\">\n<figure class=\"wp-block-image size-full\"><a href=\"https:\/\/tedenloesopreis.nl\/wp-content\/uploads\/2023\/12\/IMG_0644-1024x768-1.jpg\" target=\"_blank\" rel=\"noreferrer noopener\"><img loading=\"lazy\" decoding=\"async\" width=\"1024\" height=\"768\" src=\"https:\/\/tedenloesopreis.nl\/wp-content\/uploads\/2023\/12\/IMG_0644-1024x768-1.jpg\" alt=\"\" class=\"wp-image-9257\" srcset=\"https:\/\/tedenloesopreis.nl\/wp-content\/uploads\/2023\/12\/IMG_0644-1024x768-1.jpg 1024w, https:\/\/tedenloesopreis.nl\/wp-content\/uploads\/2023\/12\/IMG_0644-1024x768-1-300x225.jpg 300w, https:\/\/tedenloesopreis.nl\/wp-content\/uploads\/2023\/12\/IMG_0644-1024x768-1-768x576.jpg 768w\" sizes=\"auto, (max-width: 1024px) 100vw, 1024px\" \/><\/a><figcaption class=\"wp-element-caption\"><em>de oceaan bij Cabo de Roca<\/em><\/figcaption><\/figure>\n<\/div>\n<\/div>\n\n\n\n<div class=\"wp-block-columns is-layout-flex wp-container-core-columns-is-layout-9d6595d7 wp-block-columns-is-layout-flex\">\n<div class=\"wp-block-column is-layout-flow wp-block-column-is-layout-flow\" style=\"flex-basis:33.33%\">\n<figure class=\"wp-block-image size-full\"><a href=\"https:\/\/tedenloesopreis.nl\/wp-content\/uploads\/2023\/12\/IMG_0647-1024x768-1.jpg\" target=\"_blank\" rel=\"noreferrer noopener\"><img loading=\"lazy\" decoding=\"async\" width=\"1024\" height=\"768\" src=\"https:\/\/tedenloesopreis.nl\/wp-content\/uploads\/2023\/12\/IMG_0647-1024x768-1.jpg\" alt=\"\" class=\"wp-image-9258\" srcset=\"https:\/\/tedenloesopreis.nl\/wp-content\/uploads\/2023\/12\/IMG_0647-1024x768-1.jpg 1024w, https:\/\/tedenloesopreis.nl\/wp-content\/uploads\/2023\/12\/IMG_0647-1024x768-1-300x225.jpg 300w, https:\/\/tedenloesopreis.nl\/wp-content\/uploads\/2023\/12\/IMG_0647-1024x768-1-768x576.jpg 768w\" sizes=\"auto, (max-width: 1024px) 100vw, 1024px\" \/><\/a><figcaption class=\"wp-element-caption\"><em>de trein van Portela de Sintra naar Sintra<\/em><\/figcaption><\/figure>\n<\/div>\n\n\n\n<div class=\"wp-block-column is-layout-flow wp-block-column-is-layout-flow\" style=\"flex-basis:66.66%\">\n<p id=\"sintra\">We rijden, nog steeds op de N247, door naar Sintra. Onderweg zien we nog verschillende sporen van de branden van vorig jaar. Het plan is, om de buzz ergens aan de rand van Sintra te stallen om vervolgens op de fiets de paleizen af te rijden. Welnu, het stallen gaat prima (op een grote parkeerplaats bij station Portela de Sintra), maar het fietsen laten we maar achterwege, want we zien dat het erg druk is op straat. We gaan daarom maar, voor \u20ac1,00 p.p., met de trein naar het hoofdstation van Sintra.<\/p>\n\n\n\n<p>Vanaf het station lopen we omhoog naar het historische centrum van Sintra. We hebben ook hier de Lissabonmethode toegepast: niet alles bezoeken (dat hebben we tijdens de vorige reis al gedaan), maar gewoon algemene indrukken proeven. We lopen dus wat door het oude centrum en gaan daarna lekker op een terrasje zitten om de drukte gade te slaan.<\/p>\n<\/div>\n<\/div>\n\n\n\n<div class=\"wp-block-columns is-layout-flex wp-container-core-columns-is-layout-9d6595d7 wp-block-columns-is-layout-flex\">\n<div class=\"wp-block-column is-layout-flow wp-block-column-is-layout-flow\"><\/div>\n\n\n\n<div class=\"wp-block-column is-layout-flow wp-block-column-is-layout-flow\">\n<figure class=\"wp-block-image size-full\"><a href=\"https:\/\/tedenloesopreis.nl\/wp-content\/uploads\/2023\/12\/IMG_0651-1024x768-1.jpg\" target=\"_blank\" rel=\"noreferrer noopener\"><img loading=\"lazy\" decoding=\"async\" width=\"1024\" height=\"768\" src=\"https:\/\/tedenloesopreis.nl\/wp-content\/uploads\/2023\/12\/IMG_0651-1024x768-1.jpg\" alt=\"\" class=\"wp-image-9259\" srcset=\"https:\/\/tedenloesopreis.nl\/wp-content\/uploads\/2023\/12\/IMG_0651-1024x768-1.jpg 1024w, https:\/\/tedenloesopreis.nl\/wp-content\/uploads\/2023\/12\/IMG_0651-1024x768-1-300x225.jpg 300w, https:\/\/tedenloesopreis.nl\/wp-content\/uploads\/2023\/12\/IMG_0651-1024x768-1-768x576.jpg 768w\" sizes=\"auto, (max-width: 1024px) 100vw, 1024px\" \/><\/a><figcaption class=\"wp-element-caption\"><em>het Moorse kasteel in Sintra<\/em><\/figcaption><\/figure>\n<\/div>\n\n\n\n<div class=\"wp-block-column is-layout-flow wp-block-column-is-layout-flow\">\n<figure class=\"wp-block-image size-full\"><a href=\"https:\/\/tedenloesopreis.nl\/wp-content\/uploads\/2023\/12\/IMG_0655-1024x768-1.jpg\" target=\"_blank\" rel=\"noreferrer noopener\"><img loading=\"lazy\" decoding=\"async\" width=\"1024\" height=\"768\" src=\"https:\/\/tedenloesopreis.nl\/wp-content\/uploads\/2023\/12\/IMG_0655-1024x768-1.jpg\" alt=\"\" class=\"wp-image-9260\" srcset=\"https:\/\/tedenloesopreis.nl\/wp-content\/uploads\/2023\/12\/IMG_0655-1024x768-1.jpg 1024w, https:\/\/tedenloesopreis.nl\/wp-content\/uploads\/2023\/12\/IMG_0655-1024x768-1-300x225.jpg 300w, https:\/\/tedenloesopreis.nl\/wp-content\/uploads\/2023\/12\/IMG_0655-1024x768-1-768x576.jpg 768w\" sizes=\"auto, (max-width: 1024px) 100vw, 1024px\" \/><\/a><figcaption class=\"wp-element-caption\"><em>het Pal\u00e1cio Nacional in Sintra<\/em><\/figcaption><\/figure>\n<\/div>\n<\/div>\n\n\n\n<div class=\"wp-block-columns is-layout-flex wp-container-core-columns-is-layout-9d6595d7 wp-block-columns-is-layout-flex\">\n<div class=\"wp-block-column is-layout-flow wp-block-column-is-layout-flow\"><\/div>\n\n\n\n<div class=\"wp-block-column is-layout-flow wp-block-column-is-layout-flow\">\n<figure class=\"wp-block-image size-full\"><a href=\"https:\/\/tedenloesopreis.nl\/wp-content\/uploads\/2023\/12\/IMG_0649-1024x768-1.jpg\" target=\"_blank\" rel=\"noreferrer noopener\"><img loading=\"lazy\" decoding=\"async\" width=\"1024\" height=\"768\" src=\"https:\/\/tedenloesopreis.nl\/wp-content\/uploads\/2023\/12\/IMG_0649-1024x768-1.jpg\" alt=\"\" class=\"wp-image-9261\" srcset=\"https:\/\/tedenloesopreis.nl\/wp-content\/uploads\/2023\/12\/IMG_0649-1024x768-1.jpg 1024w, https:\/\/tedenloesopreis.nl\/wp-content\/uploads\/2023\/12\/IMG_0649-1024x768-1-300x225.jpg 300w, https:\/\/tedenloesopreis.nl\/wp-content\/uploads\/2023\/12\/IMG_0649-1024x768-1-768x576.jpg 768w\" sizes=\"auto, (max-width: 1024px) 100vw, 1024px\" \/><\/a><figcaption class=\"wp-element-caption\"><em>het stadhuis van Sintra<\/em><\/figcaption><\/figure>\n<\/div>\n\n\n\n<div class=\"wp-block-column is-layout-flow wp-block-column-is-layout-flow\">\n<figure class=\"wp-block-image size-full\"><a href=\"https:\/\/tedenloesopreis.nl\/wp-content\/uploads\/2023\/12\/IMG_0659-768x1024-1.jpg\" target=\"_blank\" rel=\"noreferrer noopener\"><img loading=\"lazy\" decoding=\"async\" width=\"768\" height=\"1024\" src=\"https:\/\/tedenloesopreis.nl\/wp-content\/uploads\/2023\/12\/IMG_0659-768x1024-1.jpg\" alt=\"\" class=\"wp-image-9262\" srcset=\"https:\/\/tedenloesopreis.nl\/wp-content\/uploads\/2023\/12\/IMG_0659-768x1024-1.jpg 768w, https:\/\/tedenloesopreis.nl\/wp-content\/uploads\/2023\/12\/IMG_0659-768x1024-1-225x300.jpg 225w\" sizes=\"auto, (max-width: 768px) 100vw, 768px\" \/><\/a><figcaption class=\"wp-element-caption\"><em>het oude centrum van Sintra<\/em><\/figcaption><\/figure>\n<\/div>\n<\/div>\n\n\n\n<div class=\"wp-block-columns is-layout-flex wp-container-core-columns-is-layout-9d6595d7 wp-block-columns-is-layout-flex\">\n<div class=\"wp-block-column is-layout-flow wp-block-column-is-layout-flow\" style=\"flex-basis:33.33%\">\n<figure class=\"wp-block-image size-full\"><a href=\"https:\/\/tedenloesopreis.nl\/wp-content\/uploads\/2023\/12\/IMG_0663-1024x768-1.jpg\" target=\"_blank\" rel=\"noreferrer noopener\"><img loading=\"lazy\" decoding=\"async\" width=\"1024\" height=\"768\" src=\"https:\/\/tedenloesopreis.nl\/wp-content\/uploads\/2023\/12\/IMG_0663-1024x768-1.jpg\" alt=\"\" class=\"wp-image-9263\" srcset=\"https:\/\/tedenloesopreis.nl\/wp-content\/uploads\/2023\/12\/IMG_0663-1024x768-1.jpg 1024w, https:\/\/tedenloesopreis.nl\/wp-content\/uploads\/2023\/12\/IMG_0663-1024x768-1-300x225.jpg 300w, https:\/\/tedenloesopreis.nl\/wp-content\/uploads\/2023\/12\/IMG_0663-1024x768-1-768x576.jpg 768w\" sizes=\"auto, (max-width: 1024px) 100vw, 1024px\" \/><\/a><figcaption class=\"wp-element-caption\"><em>de camperplaats in Odrinhas<\/em><\/figcaption><\/figure>\n<\/div>\n\n\n\n<div class=\"wp-block-column is-layout-flow wp-block-column-is-layout-flow\" style=\"flex-basis:66.66%\">\n<p>Eenmaal terug (met de trein) op het parkeerterrein besluiten we om daar niet te overnachten. We rijden daarom via de N247 een stukje noordwaarts naar het dorpje Odrinhas, waar we op de plaatselijke camperplaats een plekje vinden. De camperplaats vraagt \u20ac10,00 per nacht. Daarvoor krijg je een veilig gevoel (de poort is voortdurend dicht), vlakke plaatsen met een redelijke omvang, en elektriciteit. Er is geen sanitair, maar wel een prima verzorgingsplaats en een zwembad.<\/p>\n<\/div>\n<\/div>\n\n\n\n<div style=\"height:35px\" aria-hidden=\"true\" class=\"wp-block-spacer\"><\/div>\n\n\n\n<div class=\"wp-block-columns is-layout-flex wp-container-core-columns-is-layout-9d6595d7 wp-block-columns-is-layout-flex\">\n<div class=\"wp-block-column is-layout-flow wp-block-column-is-layout-flow\">\n<p class=\"has-orange-background-color has-background\" id=\"dag22\"><\/p>\n<\/div>\n<\/div>\n\n\n\n<div class=\"wp-block-columns is-layout-flex wp-container-core-columns-is-layout-9d6595d7 wp-block-columns-is-layout-flex\">\n<div class=\"wp-block-column is-layout-flow wp-block-column-is-layout-flow\" style=\"flex-basis:33.33%\">\n<p class=\"has-small-font-size\"><a href=\"#titel\">top<\/a><\/p>\n<\/div>\n\n\n\n<div class=\"wp-block-column is-layout-flow wp-block-column-is-layout-flow\" style=\"flex-basis:66.66%\">\n<p><strong>DE WESTKUST EN HET ORKEST<\/strong><br>dag 22 &nbsp; &nbsp; &nbsp; za 25 mei 2019<br><a href=\"https:\/\/www.google.com\/maps\/d\/viewer?mid=1x6OYmLMEeKP0NdvlVWgPKl7WQAEdhAdb&amp;ll=39.222020096735655%2C-9.141217776276344&amp;z=9\" target=\"_blank\" rel=\"noreferrer noopener\">Odrinhas \u2013 Nazar\u00e9<\/a>&nbsp;&nbsp; &nbsp; &nbsp;138 km<\/p>\n<\/div>\n<\/div>\n\n\n\n<div style=\"height:20px\" aria-hidden=\"true\" class=\"wp-block-spacer\"><\/div>\n\n\n\n<div class=\"wp-block-columns is-layout-flex wp-container-core-columns-is-layout-9d6595d7 wp-block-columns-is-layout-flex\">\n<div class=\"wp-block-column is-layout-flow wp-block-column-is-layout-flow\" style=\"flex-basis:33.33%\"><\/div>\n\n\n\n<div class=\"wp-block-column is-layout-flow wp-block-column-is-layout-flow\" style=\"flex-basis:66.66%\">\n<p>Na 138 km zijn we in Nazar\u00e9.&nbsp;<\/p>\n\n\n\n<p>Vanuit Odrinhas gaan we vanochtend vrolijk verder met het volgen van de N247. Deze weg voert door een wisselend landschap: nu eens door het binnenland met om de haverklap een klein dorpje, dan weer langs de kust met regelmatig badplaatsen. De Algarve wordt geprezen, maar het gebied rond Ericeira lijkt ons veel aantrekkelijker.&nbsp;<\/p>\n\n\n\n<p>Net voor Peniche worden we aangenaam verrast door een facetime-gesprek met onze kleinkinderen Floor en Luuk.&nbsp;<\/p>\n\n\n\n<p id=\"obidos\">Bij Peniche gaan we, over de IP6 en de N8, het binnenland in, richting \u00d3bidos. Dat plaatsje heeft wel wat weg van Monsaraz: een plaatsje op een heuvel met flinke stadsmuren. Het is er echter veel drukker met toeristen in de smalle straatjes. Opvallend is het feit, dat zo\u2019n klein plaatsje wel drie kerken heeft. In \u00e9\u00e9n daarvan, de Santa Maria, was juist het plaatselijke jeugdsymfonieorkest aan het repeteren. (Het is vermakelijk om te horen hoe de twee hoornspelers de twintig strijkers compleet inpakken, zowel qua volume als qua zuiverheid). Deze kerk heeft uitbundige azulejos tegen de zijwanden.<\/p>\n<\/div>\n<\/div>\n\n\n\n<div class=\"wp-block-columns is-layout-flex wp-container-core-columns-is-layout-9d6595d7 wp-block-columns-is-layout-flex\">\n<div class=\"wp-block-column is-layout-flow wp-block-column-is-layout-flow\">\n<figure class=\"wp-block-image size-full\"><a href=\"https:\/\/tedenloesopreis.nl\/wp-content\/uploads\/2023\/12\/IMG_0665-1024x768-1.jpg\" target=\"_blank\" rel=\"noreferrer noopener\"><img loading=\"lazy\" decoding=\"async\" width=\"1024\" height=\"768\" src=\"https:\/\/tedenloesopreis.nl\/wp-content\/uploads\/2023\/12\/IMG_0665-1024x768-1.jpg\" alt=\"\" class=\"wp-image-9282\" srcset=\"https:\/\/tedenloesopreis.nl\/wp-content\/uploads\/2023\/12\/IMG_0665-1024x768-1.jpg 1024w, https:\/\/tedenloesopreis.nl\/wp-content\/uploads\/2023\/12\/IMG_0665-1024x768-1-300x225.jpg 300w, https:\/\/tedenloesopreis.nl\/wp-content\/uploads\/2023\/12\/IMG_0665-1024x768-1-768x576.jpg 768w\" sizes=\"auto, (max-width: 1024px) 100vw, 1024px\" \/><\/a><figcaption class=\"wp-element-caption\"><em>aquaduct van \u00d3bidos<\/em><\/figcaption><\/figure>\n<\/div>\n\n\n\n<div class=\"wp-block-column is-layout-flow wp-block-column-is-layout-flow\">\n<figure class=\"wp-block-image size-full\"><a href=\"https:\/\/tedenloesopreis.nl\/wp-content\/uploads\/2023\/12\/IMG_0666-1024x768-1.jpg\" target=\"_blank\" rel=\"noreferrer noopener\"><img loading=\"lazy\" decoding=\"async\" width=\"1024\" height=\"768\" src=\"https:\/\/tedenloesopreis.nl\/wp-content\/uploads\/2023\/12\/IMG_0666-1024x768-1.jpg\" alt=\"\" class=\"wp-image-9283\" srcset=\"https:\/\/tedenloesopreis.nl\/wp-content\/uploads\/2023\/12\/IMG_0666-1024x768-1.jpg 1024w, https:\/\/tedenloesopreis.nl\/wp-content\/uploads\/2023\/12\/IMG_0666-1024x768-1-300x225.jpg 300w, https:\/\/tedenloesopreis.nl\/wp-content\/uploads\/2023\/12\/IMG_0666-1024x768-1-768x576.jpg 768w\" sizes=\"auto, (max-width: 1024px) 100vw, 1024px\" \/><\/a><figcaption class=\"wp-element-caption\"><em>voordeur\u2019 van \u00d3bidos<\/em><\/figcaption><\/figure>\n<\/div>\n\n\n\n<div class=\"wp-block-column is-layout-flow wp-block-column-is-layout-flow\">\n<figure class=\"wp-block-image size-full\"><a href=\"https:\/\/tedenloesopreis.nl\/wp-content\/uploads\/2023\/12\/IMG_0667-1024x768-1.jpg\" target=\"_blank\" rel=\"noreferrer noopener\"><img loading=\"lazy\" decoding=\"async\" width=\"1024\" height=\"768\" src=\"https:\/\/tedenloesopreis.nl\/wp-content\/uploads\/2023\/12\/IMG_0667-1024x768-1.jpg\" alt=\"\" class=\"wp-image-9284\" srcset=\"https:\/\/tedenloesopreis.nl\/wp-content\/uploads\/2023\/12\/IMG_0667-1024x768-1.jpg 1024w, https:\/\/tedenloesopreis.nl\/wp-content\/uploads\/2023\/12\/IMG_0667-1024x768-1-300x225.jpg 300w, https:\/\/tedenloesopreis.nl\/wp-content\/uploads\/2023\/12\/IMG_0667-1024x768-1-768x576.jpg 768w\" sizes=\"auto, (max-width: 1024px) 100vw, 1024px\" \/><\/a><figcaption class=\"wp-element-caption\"><em>straatje in \u00d3bidos<\/em><\/figcaption><\/figure>\n<\/div>\n<\/div>\n\n\n\n<div class=\"wp-block-columns is-layout-flex wp-container-core-columns-is-layout-9d6595d7 wp-block-columns-is-layout-flex\">\n<div class=\"wp-block-column is-layout-flow wp-block-column-is-layout-flow\">\n<figure class=\"wp-block-image size-full\"><a href=\"https:\/\/tedenloesopreis.nl\/wp-content\/uploads\/2023\/12\/IMG_0671-768x1024-1.jpg\" target=\"_blank\" rel=\"noreferrer noopener\"><img loading=\"lazy\" decoding=\"async\" width=\"768\" height=\"1024\" src=\"https:\/\/tedenloesopreis.nl\/wp-content\/uploads\/2023\/12\/IMG_0671-768x1024-1.jpg\" alt=\"\" class=\"wp-image-9285\" srcset=\"https:\/\/tedenloesopreis.nl\/wp-content\/uploads\/2023\/12\/IMG_0671-768x1024-1.jpg 768w, https:\/\/tedenloesopreis.nl\/wp-content\/uploads\/2023\/12\/IMG_0671-768x1024-1-225x300.jpg 225w\" sizes=\"auto, (max-width: 768px) 100vw, 768px\" \/><\/a><figcaption class=\"wp-element-caption\"><em>de San Pedro in \u00d3bidos<\/em><\/figcaption><\/figure>\n<\/div>\n\n\n\n<div class=\"wp-block-column is-layout-flow wp-block-column-is-layout-flow\">\n<figure class=\"wp-block-image size-full\"><a href=\"https:\/\/tedenloesopreis.nl\/wp-content\/uploads\/2023\/12\/IMG_0674-768x1024-1.jpg\" target=\"_blank\" rel=\"noreferrer noopener\"><img loading=\"lazy\" decoding=\"async\" width=\"768\" height=\"1024\" src=\"https:\/\/tedenloesopreis.nl\/wp-content\/uploads\/2023\/12\/IMG_0674-768x1024-1.jpg\" alt=\"\" class=\"wp-image-9286\" srcset=\"https:\/\/tedenloesopreis.nl\/wp-content\/uploads\/2023\/12\/IMG_0674-768x1024-1.jpg 768w, https:\/\/tedenloesopreis.nl\/wp-content\/uploads\/2023\/12\/IMG_0674-768x1024-1-225x300.jpg 225w\" sizes=\"auto, (max-width: 768px) 100vw, 768px\" \/><\/a><figcaption class=\"wp-element-caption\"><em>het altaar van de San Pedro<\/em><\/figcaption><\/figure>\n<\/div>\n\n\n\n<div class=\"wp-block-column is-layout-flow wp-block-column-is-layout-flow\">\n<figure class=\"wp-block-image size-full\"><a href=\"https:\/\/tedenloesopreis.nl\/wp-content\/uploads\/2023\/12\/IMG_0687-1024x768-2.jpg\" target=\"_blank\" rel=\"noreferrer noopener\"><img loading=\"lazy\" decoding=\"async\" width=\"1024\" height=\"768\" src=\"https:\/\/tedenloesopreis.nl\/wp-content\/uploads\/2023\/12\/IMG_0687-1024x768-2.jpg\" alt=\"\" class=\"wp-image-9287\" srcset=\"https:\/\/tedenloesopreis.nl\/wp-content\/uploads\/2023\/12\/IMG_0687-1024x768-2.jpg 1024w, https:\/\/tedenloesopreis.nl\/wp-content\/uploads\/2023\/12\/IMG_0687-1024x768-2-300x225.jpg 300w, https:\/\/tedenloesopreis.nl\/wp-content\/uploads\/2023\/12\/IMG_0687-1024x768-2-768x576.jpg 768w\" sizes=\"auto, (max-width: 1024px) 100vw, 1024px\" \/><\/a><figcaption class=\"wp-element-caption\"><em>de Santa Maria in \u00d3bidos<\/em><\/figcaption><\/figure>\n<\/div>\n<\/div>\n\n\n\n<div class=\"wp-block-columns is-layout-flex wp-container-core-columns-is-layout-9d6595d7 wp-block-columns-is-layout-flex\">\n<div class=\"wp-block-column is-layout-flow wp-block-column-is-layout-flow\">\n<figure class=\"wp-block-image size-full\"><a href=\"https:\/\/tedenloesopreis.nl\/wp-content\/uploads\/2023\/12\/IMG_0678-1024x768-1.jpg\" target=\"_blank\" rel=\"noreferrer noopener\"><img loading=\"lazy\" decoding=\"async\" width=\"1024\" height=\"768\" src=\"https:\/\/tedenloesopreis.nl\/wp-content\/uploads\/2023\/12\/IMG_0678-1024x768-1.jpg\" alt=\"\" class=\"wp-image-9288\" srcset=\"https:\/\/tedenloesopreis.nl\/wp-content\/uploads\/2023\/12\/IMG_0678-1024x768-1.jpg 1024w, https:\/\/tedenloesopreis.nl\/wp-content\/uploads\/2023\/12\/IMG_0678-1024x768-1-300x225.jpg 300w, https:\/\/tedenloesopreis.nl\/wp-content\/uploads\/2023\/12\/IMG_0678-1024x768-1-768x576.jpg 768w\" sizes=\"auto, (max-width: 1024px) 100vw, 1024px\" \/><\/a><figcaption class=\"wp-element-caption\"><em>concert in de Santa Maria<\/em><\/figcaption><\/figure>\n<\/div>\n\n\n\n<div class=\"wp-block-column is-layout-flow wp-block-column-is-layout-flow\">\n<figure class=\"wp-block-image size-full\"><a href=\"https:\/\/tedenloesopreis.nl\/wp-content\/uploads\/2023\/12\/IMG_0679-1024x768-1.jpg\" target=\"_blank\" rel=\"noreferrer noopener\"><img loading=\"lazy\" decoding=\"async\" width=\"1024\" height=\"768\" src=\"https:\/\/tedenloesopreis.nl\/wp-content\/uploads\/2023\/12\/IMG_0679-1024x768-1.jpg\" alt=\"\" class=\"wp-image-9289\" srcset=\"https:\/\/tedenloesopreis.nl\/wp-content\/uploads\/2023\/12\/IMG_0679-1024x768-1.jpg 1024w, https:\/\/tedenloesopreis.nl\/wp-content\/uploads\/2023\/12\/IMG_0679-1024x768-1-300x225.jpg 300w, https:\/\/tedenloesopreis.nl\/wp-content\/uploads\/2023\/12\/IMG_0679-1024x768-1-768x576.jpg 768w\" sizes=\"auto, (max-width: 1024px) 100vw, 1024px\" \/><\/a><figcaption class=\"wp-element-caption\"><em>Azulejos in de Santa Maria<\/em><\/figcaption><\/figure>\n<\/div>\n\n\n\n<div class=\"wp-block-column is-layout-flow wp-block-column-is-layout-flow\">\n<figure class=\"wp-block-image size-full\"><a href=\"https:\/\/tedenloesopreis.nl\/wp-content\/uploads\/2023\/12\/IMG_0688-768x1024-1.jpg\" target=\"_blank\" rel=\"noreferrer noopener\"><img loading=\"lazy\" decoding=\"async\" width=\"768\" height=\"1024\" src=\"https:\/\/tedenloesopreis.nl\/wp-content\/uploads\/2023\/12\/IMG_0688-768x1024-1.jpg\" alt=\"\" class=\"wp-image-9290\" srcset=\"https:\/\/tedenloesopreis.nl\/wp-content\/uploads\/2023\/12\/IMG_0688-768x1024-1.jpg 768w, https:\/\/tedenloesopreis.nl\/wp-content\/uploads\/2023\/12\/IMG_0688-768x1024-1-225x300.jpg 225w\" sizes=\"auto, (max-width: 768px) 100vw, 768px\" \/><\/a><figcaption class=\"wp-element-caption\"><em>straatje in \u00d3bidos<\/em><\/figcaption><\/figure>\n<\/div>\n<\/div>\n\n\n\n<div class=\"wp-block-columns is-layout-flex wp-container-core-columns-is-layout-9d6595d7 wp-block-columns-is-layout-flex\">\n<div class=\"wp-block-column is-layout-flow wp-block-column-is-layout-flow\"><\/div>\n\n\n\n<div class=\"wp-block-column is-layout-flow wp-block-column-is-layout-flow\">\n<figure class=\"wp-block-image size-full\"><a href=\"https:\/\/tedenloesopreis.nl\/wp-content\/uploads\/2023\/12\/IMG_0690-768x1024-1.jpg\" target=\"_blank\" rel=\"noreferrer noopener\"><img loading=\"lazy\" decoding=\"async\" width=\"768\" height=\"1024\" src=\"https:\/\/tedenloesopreis.nl\/wp-content\/uploads\/2023\/12\/IMG_0690-768x1024-1.jpg\" alt=\"\" class=\"wp-image-9291\" srcset=\"https:\/\/tedenloesopreis.nl\/wp-content\/uploads\/2023\/12\/IMG_0690-768x1024-1.jpg 768w, https:\/\/tedenloesopreis.nl\/wp-content\/uploads\/2023\/12\/IMG_0690-768x1024-1-225x300.jpg 225w\" sizes=\"auto, (max-width: 768px) 100vw, 768px\" \/><\/a><figcaption class=\"wp-element-caption\"><em>straatje in \u00d3bidos<\/em><\/figcaption><\/figure>\n<\/div>\n\n\n\n<div class=\"wp-block-column is-layout-flow wp-block-column-is-layout-flow\">\n<figure class=\"wp-block-image size-full\"><a href=\"https:\/\/tedenloesopreis.nl\/wp-content\/uploads\/2023\/12\/IMG_0694-1024x768-1.jpg\" target=\"_blank\" rel=\"noreferrer noopener\"><img loading=\"lazy\" decoding=\"async\" width=\"1024\" height=\"768\" src=\"https:\/\/tedenloesopreis.nl\/wp-content\/uploads\/2023\/12\/IMG_0694-1024x768-1.jpg\" alt=\"\" class=\"wp-image-9292\" srcset=\"https:\/\/tedenloesopreis.nl\/wp-content\/uploads\/2023\/12\/IMG_0694-1024x768-1.jpg 1024w, https:\/\/tedenloesopreis.nl\/wp-content\/uploads\/2023\/12\/IMG_0694-1024x768-1-300x225.jpg 300w, https:\/\/tedenloesopreis.nl\/wp-content\/uploads\/2023\/12\/IMG_0694-1024x768-1-768x576.jpg 768w\" sizes=\"auto, (max-width: 1024px) 100vw, 1024px\" \/><\/a><figcaption class=\"wp-element-caption\"><em>gezicht op \u00d3bidos&nbsp;<\/em><\/figcaption><\/figure>\n<\/div>\n<\/div>\n\n\n\n<div class=\"wp-block-columns is-layout-flex wp-container-core-columns-is-layout-9d6595d7 wp-block-columns-is-layout-flex\">\n<div class=\"wp-block-column is-layout-flow wp-block-column-is-layout-flow\" style=\"flex-basis:33.33%\">\n<figure class=\"wp-block-image size-full\"><a href=\"https:\/\/tedenloesopreis.nl\/wp-content\/uploads\/2023\/12\/IMG_0698-1024x768-1.jpg\" target=\"_blank\" rel=\"noreferrer noopener\"><img loading=\"lazy\" decoding=\"async\" width=\"1024\" height=\"768\" src=\"https:\/\/tedenloesopreis.nl\/wp-content\/uploads\/2023\/12\/IMG_0698-1024x768-1.jpg\" alt=\"\" class=\"wp-image-9280\" srcset=\"https:\/\/tedenloesopreis.nl\/wp-content\/uploads\/2023\/12\/IMG_0698-1024x768-1.jpg 1024w, https:\/\/tedenloesopreis.nl\/wp-content\/uploads\/2023\/12\/IMG_0698-1024x768-1-300x225.jpg 300w, https:\/\/tedenloesopreis.nl\/wp-content\/uploads\/2023\/12\/IMG_0698-1024x768-1-768x576.jpg 768w\" sizes=\"auto, (max-width: 1024px) 100vw, 1024px\" \/><\/a><figcaption class=\"wp-element-caption\"><em>de camping in Nazar\u00e9<\/em><\/figcaption><\/figure>\n<\/div>\n\n\n\n<div class=\"wp-block-column is-layout-flow wp-block-column-is-layout-flow\" style=\"flex-basis:66.66%\">\n<p>Van \u00d3bidos naar Nazar\u00e9 is nog maar een klein stukje. We staan er op dezelfde camping als 32 jaar geleden:&nbsp;<a href=\"https:\/\/www.campercontact.com\/nl\/portugal\/leiria\/lissabon\/19402\/orbitur-valado\" target=\"_blank\" rel=\"noreferrer noopener\">Orbitur Valado<\/a>. We vinden er&nbsp;een prettige, schaduwrijke plaats. Deze plaats bevalt ons z\u00f3 goed, dat we besluiten &nbsp;om hier de gemiste rustdag van Lissabon in te halen.<br><br>Overigens, de opmerking die we gisteren maakten over \u201chalf Zuid-Korea\u201d bij Cabo da Roca, moeten we corrigeren. Het blijken Japanners te zijn (we kwamen ze vandaag in Obid\u00f3s weer tegen).<\/p>\n<\/div>\n<\/div>\n\n\n\n<div style=\"height:35px\" aria-hidden=\"true\" class=\"wp-block-spacer\"><\/div>\n\n\n\n<div class=\"wp-block-columns is-layout-flex wp-container-core-columns-is-layout-9d6595d7 wp-block-columns-is-layout-flex\">\n<div class=\"wp-block-column is-layout-flow wp-block-column-is-layout-flow\">\n<p class=\"has-orange-background-color has-background\" id=\"dag23\"><\/p>\n<\/div>\n<\/div>\n\n\n\n<div class=\"wp-block-columns is-layout-flex wp-container-core-columns-is-layout-9d6595d7 wp-block-columns-is-layout-flex\">\n<div class=\"wp-block-column is-layout-flow wp-block-column-is-layout-flow\" style=\"flex-basis:33.33%\">\n<p class=\"has-small-font-size\"><a href=\"#titel\">top<\/a><\/p>\n<\/div>\n\n\n\n<div class=\"wp-block-column is-layout-flow wp-block-column-is-layout-flow\" style=\"flex-basis:66.66%\">\n<p><strong>ZONDAG RUSTDAG<\/strong><br>dag 23 &nbsp; &nbsp; &nbsp; zo 26 mei 2019<br>Nazar\u00e9 &nbsp; &nbsp; &nbsp;0 km<\/p>\n<\/div>\n<\/div>\n\n\n\n<div style=\"height:20px\" aria-hidden=\"true\" class=\"wp-block-spacer\"><\/div>\n\n\n\n<div class=\"wp-block-columns is-layout-flex wp-container-core-columns-is-layout-9d6595d7 wp-block-columns-is-layout-flex\">\n<div class=\"wp-block-column is-layout-flow wp-block-column-is-layout-flow\" style=\"flex-basis:33.33%\"><\/div>\n\n\n\n<div class=\"wp-block-column is-layout-flow wp-block-column-is-layout-flow\" style=\"flex-basis:66.66%\">\n<p>De camping bevalt ons z\u00f3 goed, dat we besloten hebben om hier nog wat langer te blijven. We hevelen dus niet alleen de gemiste rustdag in Lissabon over, maar ook &nbsp;de wasdag, die gepland was op de volgende camping. Dus vandaag hebben we een rustdag, maandag is wasdag, dinsdag bezoeken we Nazar\u00e9.<\/p>\n<\/div>\n<\/div>\n\n\n\n<div style=\"height:35px\" aria-hidden=\"true\" class=\"wp-block-spacer\"><\/div>\n\n\n\n<div class=\"wp-block-columns is-layout-flex wp-container-core-columns-is-layout-9d6595d7 wp-block-columns-is-layout-flex\">\n<div class=\"wp-block-column is-layout-flow wp-block-column-is-layout-flow\">\n<p class=\"has-orange-background-color has-background\" id=\"dag24\"><\/p>\n<\/div>\n<\/div>\n\n\n\n<div class=\"wp-block-columns is-layout-flex wp-container-core-columns-is-layout-9d6595d7 wp-block-columns-is-layout-flex\">\n<div class=\"wp-block-column is-layout-flow wp-block-column-is-layout-flow\" style=\"flex-basis:33.33%\">\n<p class=\"has-small-font-size\"><a href=\"#titel\">top<\/a><\/p>\n<\/div>\n\n\n\n<div class=\"wp-block-column is-layout-flow wp-block-column-is-layout-flow\" style=\"flex-basis:66.66%\">\n<p><strong>MAANDAG WASDAG EN B-DAG<\/strong><br>dag 24 &nbsp; &nbsp; &nbsp;ma 27 mei 2019<br>Nazar\u00e9 &nbsp; &nbsp; &nbsp;&nbsp;0 km<\/p>\n<\/div>\n<\/div>\n\n\n\n<div style=\"height:20px\" aria-hidden=\"true\" class=\"wp-block-spacer\"><\/div>\n\n\n\n<div class=\"wp-block-columns is-layout-flex wp-container-core-columns-is-layout-9d6595d7 wp-block-columns-is-layout-flex\">\n<div class=\"wp-block-column is-layout-flow wp-block-column-is-layout-flow\" style=\"flex-basis:33.33%\">\n<figure class=\"wp-block-image size-full\"><a href=\"https:\/\/tedenloesopreis.nl\/wp-content\/uploads\/2023\/12\/IMG_0193-1024x768-1.jpeg\" target=\"_blank\" rel=\"noreferrer noopener\"><img loading=\"lazy\" decoding=\"async\" width=\"1024\" height=\"768\" src=\"https:\/\/tedenloesopreis.nl\/wp-content\/uploads\/2023\/12\/IMG_0193-1024x768-1.jpeg\" alt=\"\" class=\"wp-image-9300\" srcset=\"https:\/\/tedenloesopreis.nl\/wp-content\/uploads\/2023\/12\/IMG_0193-1024x768-1.jpeg 1024w, https:\/\/tedenloesopreis.nl\/wp-content\/uploads\/2023\/12\/IMG_0193-1024x768-1-300x225.jpeg 300w, https:\/\/tedenloesopreis.nl\/wp-content\/uploads\/2023\/12\/IMG_0193-1024x768-1-768x576.jpeg 768w\" sizes=\"auto, (max-width: 1024px) 100vw, 1024px\" \/><\/a><figcaption class=\"wp-element-caption\"><em>maandag = wasdag<\/em><\/figcaption><\/figure>\n<\/div>\n\n\n\n<div class=\"wp-block-column is-layout-flow wp-block-column-is-layout-flow\" style=\"flex-basis:66.66%\">\n<p>We wassen er &nbsp;vandaag flink op los: 2 machinewassen en wat handwasjes. Het weer is ons niet al te gunstig gezind: het waait weliswaar flink (kracht 5-6) maar de zon is nagenoeg de hele dag verborgen achter dikke wolken, en op koude lucht (17-19\u00b0) droogt het toch niet zo hard als de spectaculaire wind (zie de foto) doet verwachten.&nbsp;<\/p>\n\n\n\n<p>Het is vandaag ook Beslissings-dag (B-dag, weliswaar 10 dagen eerder dan de echte D-day). Het plan wil, dat we op woensdag van hier, via Alcoba\u00e7a en Fatima, naar een camping bij Tomar gaan. Daar zien we van af. We horen namelijk van camping-genoten dat de bewuste camping meer dan vol is (nog wel met Nederlanders, want de camping-eigenaren zijn Nederlanders; op de camping is het elke middag om 17:00 uur verplicht gezellig doen tijdens een borrel). Daarnaast, en dat is eigenlijk wel het belangrijkste argument, wordt het vanaf woensdag weer flink warm in Portugal, en de temperatuur in Tomar ligt minimaal 5\u00b0 hoger dan hier in Nazar\u00e9, waar de zeewind nog voor enige verfrissing zorgt. Tot slot, we staan hier op een schaduwrijke plek en zo\u2019n plek is in Tomar misschien niet te vinden. Ergo, we blijven nog 3 dagen langer hier en maken tijdens een van die dagen gewoon met de buzz een rondje over Alcoba\u00e7a en Fatima. Misschien doen we op de terugweg nog even Batalha aan.<\/p>\n<\/div>\n<\/div>\n\n\n\n<div style=\"height:35px\" aria-hidden=\"true\" class=\"wp-block-spacer\"><\/div>\n\n\n\n<div class=\"wp-block-columns is-layout-flex wp-container-core-columns-is-layout-9d6595d7 wp-block-columns-is-layout-flex\">\n<div class=\"wp-block-column is-layout-flow wp-block-column-is-layout-flow\">\n<p class=\"has-orange-background-color has-background\" id=\"dag25\"><\/p>\n<\/div>\n<\/div>\n\n\n\n<div class=\"wp-block-columns is-layout-flex wp-container-core-columns-is-layout-9d6595d7 wp-block-columns-is-layout-flex\">\n<div class=\"wp-block-column is-layout-flow wp-block-column-is-layout-flow\" style=\"flex-basis:33.33%\">\n<p class=\"has-small-font-size\"><a href=\"#titel\">top<\/a><\/p>\n<\/div>\n\n\n\n<div class=\"wp-block-column is-layout-flow wp-block-column-is-layout-flow\" style=\"flex-basis:66.66%\">\n<p><strong>NOTENVROUWTJES IN NAZAR\u00c9<\/strong><br>dag 25 &nbsp; &nbsp; &nbsp;di 28 mei 2019<br>Nazar\u00e9 &nbsp; &nbsp; &nbsp;0 km<\/p>\n<\/div>\n<\/div>\n\n\n\n<div style=\"height:20px\" aria-hidden=\"true\" class=\"wp-block-spacer\"><\/div>\n\n\n\n<div class=\"wp-block-columns is-layout-flex wp-container-core-columns-is-layout-9d6595d7 wp-block-columns-is-layout-flex\">\n<div class=\"wp-block-column is-layout-flow wp-block-column-is-layout-flow\" style=\"flex-basis:33.33%\"><\/div>\n\n\n\n<div class=\"wp-block-column is-layout-flow wp-block-column-is-layout-flow\" style=\"flex-basis:66.66%\">\n<p>Geprezen zij de uitvinder van de e-bike. Wat een klimwerk is het, om in Nazar\u00e9 te komen (en er weer uit), en wat een wind staat er hier vandaag.&nbsp;<\/p>\n\n\n\n<p>We fietsen eerst naar O Sitio (Nazar\u00e9-Noord of Hoog-Nazar\u00e9). Het is gezellig druk op het hoofdplein (Largo de Nossa Senhora da Nazar\u00e9). De notenvrouwtjes zijn er nog steeds. Het is vrij druk in de kapel van Onze Lieve Vrouw van Nazar\u00e9, waar, volgens de overlevering, ooit een vrij primitief beeld van Maria heeft gestaan, gesneden door Sint Jozef, haar echtgenoot, en beschilderd door Sint Lucas, een van de evangelisten. Nu staat er in de kelder van de kapel een replica van het beeld.<\/p>\n<\/div>\n<\/div>\n\n\n\n<div class=\"wp-block-columns is-layout-flex wp-container-core-columns-is-layout-9d6595d7 wp-block-columns-is-layout-flex\">\n<div class=\"wp-block-column is-layout-flow wp-block-column-is-layout-flow\">\n<figure class=\"wp-block-image size-full\"><a href=\"https:\/\/tedenloesopreis.nl\/wp-content\/uploads\/2023\/12\/IMG_0704-1024x768-1.jpg\" target=\"_blank\" rel=\"noreferrer noopener\"><img loading=\"lazy\" decoding=\"async\" width=\"1024\" height=\"768\" src=\"https:\/\/tedenloesopreis.nl\/wp-content\/uploads\/2023\/12\/IMG_0704-1024x768-1.jpg\" alt=\"\" class=\"wp-image-9302\" srcset=\"https:\/\/tedenloesopreis.nl\/wp-content\/uploads\/2023\/12\/IMG_0704-1024x768-1.jpg 1024w, https:\/\/tedenloesopreis.nl\/wp-content\/uploads\/2023\/12\/IMG_0704-1024x768-1-300x225.jpg 300w, https:\/\/tedenloesopreis.nl\/wp-content\/uploads\/2023\/12\/IMG_0704-1024x768-1-768x576.jpg 768w\" sizes=\"auto, (max-width: 1024px) 100vw, 1024px\" \/><\/a><figcaption class=\"wp-element-caption\"><em>Largo de Nossa Senhora da Nazar\u00e9<\/em><\/figcaption><\/figure>\n<\/div>\n\n\n\n<div class=\"wp-block-column is-layout-flow wp-block-column-is-layout-flow\">\n<figure class=\"wp-block-image size-full\"><a href=\"https:\/\/tedenloesopreis.nl\/wp-content\/uploads\/2023\/12\/IMG_0705-1024x768-1.jpg\" target=\"_blank\" rel=\"noreferrer noopener\"><img loading=\"lazy\" decoding=\"async\" width=\"1024\" height=\"768\" src=\"https:\/\/tedenloesopreis.nl\/wp-content\/uploads\/2023\/12\/IMG_0705-1024x768-1.jpg\" alt=\"\" class=\"wp-image-9303\" srcset=\"https:\/\/tedenloesopreis.nl\/wp-content\/uploads\/2023\/12\/IMG_0705-1024x768-1.jpg 1024w, https:\/\/tedenloesopreis.nl\/wp-content\/uploads\/2023\/12\/IMG_0705-1024x768-1-300x225.jpg 300w, https:\/\/tedenloesopreis.nl\/wp-content\/uploads\/2023\/12\/IMG_0705-1024x768-1-768x576.jpg 768w\" sizes=\"auto, (max-width: 1024px) 100vw, 1024px\" \/><\/a><figcaption class=\"wp-element-caption\"><em>Nossa Senhora da Nazar\u00e9<\/em><\/figcaption><\/figure>\n<\/div>\n\n\n\n<div class=\"wp-block-column is-layout-flow wp-block-column-is-layout-flow\">\n<figure class=\"wp-block-image size-full\"><a href=\"https:\/\/tedenloesopreis.nl\/wp-content\/uploads\/2023\/12\/IMG_0701-1024x768-1.jpg\" target=\"_blank\" rel=\"noreferrer noopener\"><img loading=\"lazy\" decoding=\"async\" width=\"1024\" height=\"768\" src=\"https:\/\/tedenloesopreis.nl\/wp-content\/uploads\/2023\/12\/IMG_0701-1024x768-1.jpg\" alt=\"\" class=\"wp-image-9304\" srcset=\"https:\/\/tedenloesopreis.nl\/wp-content\/uploads\/2023\/12\/IMG_0701-1024x768-1.jpg 1024w, https:\/\/tedenloesopreis.nl\/wp-content\/uploads\/2023\/12\/IMG_0701-1024x768-1-300x225.jpg 300w, https:\/\/tedenloesopreis.nl\/wp-content\/uploads\/2023\/12\/IMG_0701-1024x768-1-768x576.jpg 768w\" sizes=\"auto, (max-width: 1024px) 100vw, 1024px\" \/><\/a><figcaption class=\"wp-element-caption\"><em>notenvrouwtje in Nazar\u00e9<\/em><\/figcaption><\/figure>\n<\/div>\n<\/div>\n\n\n\n<div class=\"wp-block-columns is-layout-flex wp-container-core-columns-is-layout-9d6595d7 wp-block-columns-is-layout-flex\">\n<div class=\"wp-block-column is-layout-flow wp-block-column-is-layout-flow\"><\/div>\n\n\n\n<div class=\"wp-block-column is-layout-flow wp-block-column-is-layout-flow\">\n<figure class=\"wp-block-image size-full\"><a href=\"https:\/\/tedenloesopreis.nl\/wp-content\/uploads\/2023\/12\/IMG_0703-768x1024-1.jpg\" target=\"_blank\" rel=\"noreferrer noopener\"><img loading=\"lazy\" decoding=\"async\" width=\"768\" height=\"1024\" src=\"https:\/\/tedenloesopreis.nl\/wp-content\/uploads\/2023\/12\/IMG_0703-768x1024-1.jpg\" alt=\"\" class=\"wp-image-9305\" srcset=\"https:\/\/tedenloesopreis.nl\/wp-content\/uploads\/2023\/12\/IMG_0703-768x1024-1.jpg 768w, https:\/\/tedenloesopreis.nl\/wp-content\/uploads\/2023\/12\/IMG_0703-768x1024-1-225x300.jpg 225w\" sizes=\"auto, (max-width: 768px) 100vw, 768px\" \/><\/a><figcaption class=\"wp-element-caption\"><em>in de kapel van Onze Lieve Vrouw van Nazar\u00e9<\/em><\/figcaption><\/figure>\n<\/div>\n\n\n\n<div class=\"wp-block-column is-layout-flow wp-block-column-is-layout-flow\">\n<figure class=\"wp-block-image size-full\"><a href=\"https:\/\/tedenloesopreis.nl\/wp-content\/uploads\/2023\/12\/IMG_0708-768x1024-1.jpg\" target=\"_blank\" rel=\"noreferrer noopener\"><img loading=\"lazy\" decoding=\"async\" width=\"768\" height=\"1024\" src=\"https:\/\/tedenloesopreis.nl\/wp-content\/uploads\/2023\/12\/IMG_0708-768x1024-1.jpg\" alt=\"\" class=\"wp-image-9306\" srcset=\"https:\/\/tedenloesopreis.nl\/wp-content\/uploads\/2023\/12\/IMG_0708-768x1024-1.jpg 768w, https:\/\/tedenloesopreis.nl\/wp-content\/uploads\/2023\/12\/IMG_0708-768x1024-1-225x300.jpg 225w\" sizes=\"auto, (max-width: 768px) 100vw, 768px\" \/><\/a><figcaption class=\"wp-element-caption\"><em>Maria-beeld in de kelder van de kapel<\/em><\/figcaption><\/figure>\n<\/div>\n<\/div>\n\n\n\n<div class=\"wp-block-columns is-layout-flex wp-container-core-columns-is-layout-9d6595d7 wp-block-columns-is-layout-flex\">\n<div class=\"wp-block-column is-layout-flow wp-block-column-is-layout-flow\" style=\"flex-basis:33.33%\"><\/div>\n\n\n\n<div class=\"wp-block-column is-layout-flow wp-block-column-is-layout-flow\" style=\"flex-basis:66.66%\">\n<p>Vanaf de Miradouro do Suberco heb je een fraai uitzicht op Nazar\u00e9, met z\u2019n baai en z\u2019n haventje. Dat haventje was er in 1987 nog niet. Toen werden de vissersbootjes nog met ossen het strand op of het water in gesleept.&nbsp;<\/p>\n\n\n\n<p>De tocht naar het fort en de vuurtoren breken we halverwege af. Er staat z\u00f3 veel wind, dat het niet verantwoord is om verder te gaan. Nazar\u00e9 staat bekend om zijn megagolven (tot 30 m hoog), maar de omstandigheden zijn vandaag niet zo gunstig.<\/p>\n<\/div>\n<\/div>\n\n\n\n<div class=\"wp-block-columns is-layout-flex wp-container-core-columns-is-layout-9d6595d7 wp-block-columns-is-layout-flex\">\n<div class=\"wp-block-column is-layout-flow wp-block-column-is-layout-flow\"><\/div>\n\n\n\n<div class=\"wp-block-column is-layout-flow wp-block-column-is-layout-flow\">\n<figure class=\"wp-block-image size-full\"><a href=\"https:\/\/tedenloesopreis.nl\/wp-content\/uploads\/2023\/12\/IMG_0700-1024x768-1.jpg\" target=\"_blank\" rel=\"noreferrer noopener\"><img loading=\"lazy\" decoding=\"async\" width=\"1024\" height=\"768\" src=\"https:\/\/tedenloesopreis.nl\/wp-content\/uploads\/2023\/12\/IMG_0700-1024x768-1.jpg\" alt=\"\" class=\"wp-image-9307\" srcset=\"https:\/\/tedenloesopreis.nl\/wp-content\/uploads\/2023\/12\/IMG_0700-1024x768-1.jpg 1024w, https:\/\/tedenloesopreis.nl\/wp-content\/uploads\/2023\/12\/IMG_0700-1024x768-1-300x225.jpg 300w, https:\/\/tedenloesopreis.nl\/wp-content\/uploads\/2023\/12\/IMG_0700-1024x768-1-768x576.jpg 768w\" sizes=\"auto, (max-width: 1024px) 100vw, 1024px\" \/><\/a><figcaption class=\"wp-element-caption\"><em>Nazar\u00e9 met strand en haventje<\/em><\/figcaption><\/figure>\n<\/div>\n\n\n\n<div class=\"wp-block-column is-layout-flow wp-block-column-is-layout-flow\">\n<figure class=\"wp-block-image size-full\"><a href=\"https:\/\/tedenloesopreis.nl\/wp-content\/uploads\/2023\/12\/IMG_0710-1024x768-1.jpg\" target=\"_blank\" rel=\"noreferrer noopener\"><img loading=\"lazy\" decoding=\"async\" width=\"1024\" height=\"768\" src=\"https:\/\/tedenloesopreis.nl\/wp-content\/uploads\/2023\/12\/IMG_0710-1024x768-1.jpg\" alt=\"\" class=\"wp-image-9308\" srcset=\"https:\/\/tedenloesopreis.nl\/wp-content\/uploads\/2023\/12\/IMG_0710-1024x768-1.jpg 1024w, https:\/\/tedenloesopreis.nl\/wp-content\/uploads\/2023\/12\/IMG_0710-1024x768-1-300x225.jpg 300w, https:\/\/tedenloesopreis.nl\/wp-content\/uploads\/2023\/12\/IMG_0710-1024x768-1-768x576.jpg 768w\" sizes=\"auto, (max-width: 1024px) 100vw, 1024px\" \/><\/a><figcaption class=\"wp-element-caption\"><em>soms zijn de golven hier 30 meter hoog<\/em><\/figcaption><\/figure>\n<\/div>\n<\/div>\n\n\n\n<div class=\"wp-block-columns is-layout-flex wp-container-core-columns-is-layout-9d6595d7 wp-block-columns-is-layout-flex\">\n<div class=\"wp-block-column is-layout-flow wp-block-column-is-layout-flow\" style=\"flex-basis:33.33%\"><\/div>\n\n\n\n<div class=\"wp-block-column is-layout-flow wp-block-column-is-layout-flow\" style=\"flex-basis:66.66%\">\n<p>We dalen af naar laag-Nazar\u00e9 (dat is flink knijpen in de remmen) en rijden door de de oude stad naar het strand. We zijn toch wel enigszins teleurgesteld, want Nazar\u00e9 heeft vrij veel van zijn ooit zo pittoreske karakter ingeleverd. Was het ooit een bedrijvig vissersplaatsje, het is nu een badplaats met een boulevard vol met horeca. De smalle straatjes die haaks op het strand staan, zijn er nog wel.<\/p>\n<\/div>\n<\/div>\n\n\n\n<div class=\"wp-block-columns is-layout-flex wp-container-core-columns-is-layout-9d6595d7 wp-block-columns-is-layout-flex\">\n<div class=\"wp-block-column is-layout-flow wp-block-column-is-layout-flow\"><\/div>\n\n\n\n<div class=\"wp-block-column is-layout-flow wp-block-column-is-layout-flow\">\n<figure class=\"wp-block-image size-full\"><a href=\"https:\/\/tedenloesopreis.nl\/wp-content\/uploads\/2023\/12\/IMG_0712-1024x768-1.jpg\" target=\"_blank\" rel=\"noreferrer noopener\"><img loading=\"lazy\" decoding=\"async\" width=\"1024\" height=\"768\" src=\"https:\/\/tedenloesopreis.nl\/wp-content\/uploads\/2023\/12\/IMG_0712-1024x768-1.jpg\" alt=\"\" class=\"wp-image-9309\" srcset=\"https:\/\/tedenloesopreis.nl\/wp-content\/uploads\/2023\/12\/IMG_0712-1024x768-1.jpg 1024w, https:\/\/tedenloesopreis.nl\/wp-content\/uploads\/2023\/12\/IMG_0712-1024x768-1-300x225.jpg 300w, https:\/\/tedenloesopreis.nl\/wp-content\/uploads\/2023\/12\/IMG_0712-1024x768-1-768x576.jpg 768w\" sizes=\"auto, (max-width: 1024px) 100vw, 1024px\" \/><\/a><figcaption class=\"wp-element-caption\"><em>de boulevard van Nazar\u00e9<\/em><\/figcaption><\/figure>\n<\/div>\n\n\n\n<div class=\"wp-block-column is-layout-flow wp-block-column-is-layout-flow\">\n<figure class=\"wp-block-image size-full\"><a href=\"https:\/\/tedenloesopreis.nl\/wp-content\/uploads\/2023\/12\/IMG_0713-768x1024-1.jpg\" target=\"_blank\" rel=\"noreferrer noopener\"><img loading=\"lazy\" decoding=\"async\" width=\"768\" height=\"1024\" src=\"https:\/\/tedenloesopreis.nl\/wp-content\/uploads\/2023\/12\/IMG_0713-768x1024-1.jpg\" alt=\"\" class=\"wp-image-9310\" srcset=\"https:\/\/tedenloesopreis.nl\/wp-content\/uploads\/2023\/12\/IMG_0713-768x1024-1.jpg 768w, https:\/\/tedenloesopreis.nl\/wp-content\/uploads\/2023\/12\/IMG_0713-768x1024-1-225x300.jpg 225w\" sizes=\"auto, (max-width: 768px) 100vw, 768px\" \/><\/a><figcaption class=\"wp-element-caption\"><em>de tandradbaan tussen Nazar\u00e9 en O Sitio<\/em><\/figcaption><\/figure>\n<\/div>\n<\/div>\n\n\n\n<div style=\"height:35px\" aria-hidden=\"true\" class=\"wp-block-spacer\"><\/div>\n\n\n\n<div class=\"wp-block-columns is-layout-flex wp-container-core-columns-is-layout-9d6595d7 wp-block-columns-is-layout-flex\">\n<div class=\"wp-block-column is-layout-flow wp-block-column-is-layout-flow\">\n<p class=\"has-orange-background-color has-background\" id=\"dag26\"><\/p>\n<\/div>\n<\/div>\n\n\n\n<div class=\"wp-block-columns is-layout-flex wp-container-core-columns-is-layout-9d6595d7 wp-block-columns-is-layout-flex\">\n<div class=\"wp-block-column is-layout-flow wp-block-column-is-layout-flow\" style=\"flex-basis:33.33%\">\n<p class=\"has-small-font-size\"><a href=\"#titel\">top<\/a><\/p>\n<\/div>\n\n\n\n<div class=\"wp-block-column is-layout-flow wp-block-column-is-layout-flow\" style=\"flex-basis:66.66%\">\n<p><strong>KLOOSTER EN BEDEVAART<\/strong><br>dag 26 &nbsp; &nbsp; &nbsp; wo 29 mei 2019<br><a href=\"https:\/\/www.google.com\/maps\/d\/viewer?mid=19HEaY1jezwwBAXYKg0vMMQQGBL26vyWe&amp;ll=39.61162468651691%2C-8.886410667260058&amp;z=11\" target=\"_blank\" rel=\"noreferrer noopener\">rondje&nbsp;Alcoba\u00e7a en F\u00e1tima<\/a>&nbsp;&nbsp; &nbsp; &nbsp;&nbsp;115 km<\/p>\n<\/div>\n<\/div>\n\n\n\n<div style=\"height:20px\" aria-hidden=\"true\" class=\"wp-block-spacer\"><\/div>\n\n\n\n<div class=\"wp-block-columns is-layout-flex wp-container-core-columns-is-layout-9d6595d7 wp-block-columns-is-layout-flex\">\n<div class=\"wp-block-column is-layout-flow wp-block-column-is-layout-flow\" style=\"flex-basis:33.33%\"><\/div>\n\n\n\n<div class=\"wp-block-column is-layout-flow wp-block-column-is-layout-flow\" style=\"flex-basis:66.66%\">\n<p>We rijden allereerst naar het klooster van Alcoba\u00e7a. Dat is heel simpel: bij de uitgang van de camping linksaf en einde weg rechts.&nbsp;<\/p>\n\n\n\n<p>Het klooster van Alcoba\u00e7a is een typisch Cisterci\u00ebnzer-klooster: heel groot en heel erg sober. Dat geldt ook voor de kloosterkerk: heel groot en heel erg sober. Als je bij binnenkomst een foto van het schip maakt, dan valt het koor haast niet meer te herkennen. Daarom hebben we halverwege de kerk in beide richtingen een foto genomen. Daarop wordt duidelijk: lang, hoog en licht. Een indrukwekkende kerk. Aangenaam ook, want het was buiten ongeveer 34\u00b0 en binnen niet meer dan 18\u00b0. Het klooster zelf wordt momenteel gerestaureerd. Dat hebben we dus niet bekeken. (Dit blijkt een grote vergissing; daarom gaan we twee dagen later nog eens terug.)<\/p>\n<\/div>\n<\/div>\n\n\n\n<div class=\"wp-block-columns is-layout-flex wp-container-core-columns-is-layout-9d6595d7 wp-block-columns-is-layout-flex\">\n<div class=\"wp-block-column is-layout-flow wp-block-column-is-layout-flow\"><\/div>\n\n\n\n<div class=\"wp-block-column is-layout-flow wp-block-column-is-layout-flow\">\n<figure class=\"wp-block-image size-full\"><a href=\"https:\/\/tedenloesopreis.nl\/wp-content\/uploads\/2023\/12\/IMG_0720-1024x768-2.jpg\" target=\"_blank\" rel=\"noreferrer noopener\"><img loading=\"lazy\" decoding=\"async\" width=\"1024\" height=\"768\" src=\"https:\/\/tedenloesopreis.nl\/wp-content\/uploads\/2023\/12\/IMG_0720-1024x768-2.jpg\" alt=\"\" class=\"wp-image-9312\" srcset=\"https:\/\/tedenloesopreis.nl\/wp-content\/uploads\/2023\/12\/IMG_0720-1024x768-2.jpg 1024w, https:\/\/tedenloesopreis.nl\/wp-content\/uploads\/2023\/12\/IMG_0720-1024x768-2-300x225.jpg 300w, https:\/\/tedenloesopreis.nl\/wp-content\/uploads\/2023\/12\/IMG_0720-1024x768-2-768x576.jpg 768w\" sizes=\"auto, (max-width: 1024px) 100vw, 1024px\" \/><\/a><figcaption class=\"wp-element-caption\"><em>het klooster van Alcoba\u00e7a<\/em><\/figcaption><\/figure>\n<\/div>\n\n\n\n<div class=\"wp-block-column is-layout-flow wp-block-column-is-layout-flow\">\n<figure class=\"wp-block-image size-full\"><a href=\"https:\/\/tedenloesopreis.nl\/wp-content\/uploads\/2023\/12\/IMG_0724-768x1024-1.jpg\" target=\"_blank\" rel=\"noreferrer noopener\"><img loading=\"lazy\" decoding=\"async\" width=\"768\" height=\"1024\" src=\"https:\/\/tedenloesopreis.nl\/wp-content\/uploads\/2023\/12\/IMG_0724-768x1024-1.jpg\" alt=\"\" class=\"wp-image-9313\" srcset=\"https:\/\/tedenloesopreis.nl\/wp-content\/uploads\/2023\/12\/IMG_0724-768x1024-1.jpg 768w, https:\/\/tedenloesopreis.nl\/wp-content\/uploads\/2023\/12\/IMG_0724-768x1024-1-225x300.jpg 225w\" sizes=\"auto, (max-width: 768px) 100vw, 768px\" \/><\/a><figcaption class=\"wp-element-caption\"><em>het altaar van de kloosterkerk van Alcoba\u00e7a<\/em><\/figcaption><\/figure>\n<\/div>\n<\/div>\n\n\n\n<div class=\"wp-block-columns is-layout-flex wp-container-core-columns-is-layout-9d6595d7 wp-block-columns-is-layout-flex\">\n<div class=\"wp-block-column is-layout-flow wp-block-column-is-layout-flow\"><\/div>\n\n\n\n<div class=\"wp-block-column is-layout-flow wp-block-column-is-layout-flow\">\n<figure class=\"wp-block-image size-full\"><a href=\"https:\/\/tedenloesopreis.nl\/wp-content\/uploads\/2023\/12\/IMG_0725-1024x768-1.jpg\" target=\"_blank\" rel=\"noreferrer noopener\"><img loading=\"lazy\" decoding=\"async\" width=\"1024\" height=\"768\" src=\"https:\/\/tedenloesopreis.nl\/wp-content\/uploads\/2023\/12\/IMG_0725-1024x768-1.jpg\" alt=\"\" class=\"wp-image-9314\" srcset=\"https:\/\/tedenloesopreis.nl\/wp-content\/uploads\/2023\/12\/IMG_0725-1024x768-1.jpg 1024w, https:\/\/tedenloesopreis.nl\/wp-content\/uploads\/2023\/12\/IMG_0725-1024x768-1-300x225.jpg 300w, https:\/\/tedenloesopreis.nl\/wp-content\/uploads\/2023\/12\/IMG_0725-1024x768-1-768x576.jpg 768w\" sizes=\"auto, (max-width: 1024px) 100vw, 1024px\" \/><\/a><figcaption class=\"wp-element-caption\"><em>de kloosterkerk van Alcoba\u00e7a richting altaar<\/em><\/figcaption><\/figure>\n<\/div>\n\n\n\n<div class=\"wp-block-column is-layout-flow wp-block-column-is-layout-flow\">\n<figure class=\"wp-block-image size-full\"><a href=\"https:\/\/tedenloesopreis.nl\/wp-content\/uploads\/2023\/12\/IMG_0726-1024x768-1.jpg\" target=\"_blank\" rel=\"noreferrer noopener\"><img loading=\"lazy\" decoding=\"async\" width=\"1024\" height=\"768\" src=\"https:\/\/tedenloesopreis.nl\/wp-content\/uploads\/2023\/12\/IMG_0726-1024x768-1.jpg\" alt=\"\" class=\"wp-image-9315\" srcset=\"https:\/\/tedenloesopreis.nl\/wp-content\/uploads\/2023\/12\/IMG_0726-1024x768-1.jpg 1024w, https:\/\/tedenloesopreis.nl\/wp-content\/uploads\/2023\/12\/IMG_0726-1024x768-1-300x225.jpg 300w, https:\/\/tedenloesopreis.nl\/wp-content\/uploads\/2023\/12\/IMG_0726-1024x768-1-768x576.jpg 768w\" sizes=\"auto, (max-width: 1024px) 100vw, 1024px\" \/><\/a><figcaption class=\"wp-element-caption\"><em>de kloosterkerk van Alcoba\u00e7a richting uitgang<\/em><\/figcaption><\/figure>\n<\/div>\n<\/div>\n\n\n\n<div class=\"wp-block-columns is-layout-flex wp-container-core-columns-is-layout-9d6595d7 wp-block-columns-is-layout-flex\">\n<div class=\"wp-block-column is-layout-flow wp-block-column-is-layout-flow\" style=\"flex-basis:33.33%\"><\/div>\n\n\n\n<div class=\"wp-block-column is-layout-flow wp-block-column-is-layout-flow\" style=\"flex-basis:66.66%\">\n<p id=\"fatima\">Van Alcoba\u00e7a rijden we door naar F\u00e1tima (IC9-IC2-IC9). We waren hier in 1987 al eens, en willen het heiligdom nog een keer \u201cmeemaken\u201d. Er zijn opvallend veel Duitse bezoekers. Waarschijnlijk wordt daarom de mis in het Duits gelezen. Er zijn ook enige klassieke bedevaartgangers, die in de brandende zon, op de knie\u00ebn, het immense plein oversteken om te eindigen met een rondje rond de kapel van de verschijningen. We zijn wel enigszins onder de indruk van de devotie in het heiligdom.<\/p>\n<\/div>\n<\/div>\n\n\n\n<div class=\"wp-block-columns is-layout-flex wp-container-core-columns-is-layout-9d6595d7 wp-block-columns-is-layout-flex\">\n<div class=\"wp-block-column is-layout-flow wp-block-column-is-layout-flow\">\n<figure class=\"wp-block-image size-full\"><a href=\"https:\/\/tedenloesopreis.nl\/wp-content\/uploads\/2023\/12\/IMG_0736-1024x768-1.jpg\" target=\"_blank\" rel=\"noreferrer noopener\"><img loading=\"lazy\" decoding=\"async\" width=\"1024\" height=\"768\" src=\"https:\/\/tedenloesopreis.nl\/wp-content\/uploads\/2023\/12\/IMG_0736-1024x768-1.jpg\" alt=\"\" class=\"wp-image-9316\" srcset=\"https:\/\/tedenloesopreis.nl\/wp-content\/uploads\/2023\/12\/IMG_0736-1024x768-1.jpg 1024w, https:\/\/tedenloesopreis.nl\/wp-content\/uploads\/2023\/12\/IMG_0736-1024x768-1-300x225.jpg 300w, https:\/\/tedenloesopreis.nl\/wp-content\/uploads\/2023\/12\/IMG_0736-1024x768-1-768x576.jpg 768w\" sizes=\"auto, (max-width: 1024px) 100vw, 1024px\" \/><\/a><figcaption class=\"wp-element-caption\"><em>het immense plein van F\u00e1tima<\/em><\/figcaption><\/figure>\n<\/div>\n\n\n\n<div class=\"wp-block-column is-layout-flow wp-block-column-is-layout-flow\">\n<figure class=\"wp-block-image size-full\"><a href=\"https:\/\/tedenloesopreis.nl\/wp-content\/uploads\/2023\/12\/IMG_0732-1024x768-1.jpg\" target=\"_blank\" rel=\"noreferrer noopener\"><img loading=\"lazy\" decoding=\"async\" width=\"1024\" height=\"768\" src=\"https:\/\/tedenloesopreis.nl\/wp-content\/uploads\/2023\/12\/IMG_0732-1024x768-1.jpg\" alt=\"\" class=\"wp-image-9317\" srcset=\"https:\/\/tedenloesopreis.nl\/wp-content\/uploads\/2023\/12\/IMG_0732-1024x768-1.jpg 1024w, https:\/\/tedenloesopreis.nl\/wp-content\/uploads\/2023\/12\/IMG_0732-1024x768-1-300x225.jpg 300w, https:\/\/tedenloesopreis.nl\/wp-content\/uploads\/2023\/12\/IMG_0732-1024x768-1-768x576.jpg 768w\" sizes=\"auto, (max-width: 1024px) 100vw, 1024px\" \/><\/a><figcaption class=\"wp-element-caption\"><em>een klassieke bedevaartganger<\/em><\/figcaption><\/figure>\n<\/div>\n\n\n\n<div class=\"wp-block-column is-layout-flow wp-block-column-is-layout-flow\">\n<figure class=\"wp-block-image size-full\"><a href=\"https:\/\/tedenloesopreis.nl\/wp-content\/uploads\/2023\/12\/IMG_0734-1024x768-1.jpg\" target=\"_blank\" rel=\"noreferrer noopener\"><img loading=\"lazy\" decoding=\"async\" width=\"1024\" height=\"768\" src=\"https:\/\/tedenloesopreis.nl\/wp-content\/uploads\/2023\/12\/IMG_0734-1024x768-1.jpg\" alt=\"\" class=\"wp-image-9318\" srcset=\"https:\/\/tedenloesopreis.nl\/wp-content\/uploads\/2023\/12\/IMG_0734-1024x768-1.jpg 1024w, https:\/\/tedenloesopreis.nl\/wp-content\/uploads\/2023\/12\/IMG_0734-1024x768-1-300x225.jpg 300w, https:\/\/tedenloesopreis.nl\/wp-content\/uploads\/2023\/12\/IMG_0734-1024x768-1-768x576.jpg 768w\" sizes=\"auto, (max-width: 1024px) 100vw, 1024px\" \/><\/a><figcaption class=\"wp-element-caption\"><em>de kapel van de verschijningen in F\u00e1tima<\/em><\/figcaption><\/figure>\n<\/div>\n<\/div>\n\n\n\n<div class=\"wp-block-columns is-layout-flex wp-container-core-columns-is-layout-9d6595d7 wp-block-columns-is-layout-flex\">\n<div class=\"wp-block-column is-layout-flow wp-block-column-is-layout-flow\"><\/div>\n\n\n\n<div class=\"wp-block-column is-layout-flow wp-block-column-is-layout-flow\">\n<figure class=\"wp-block-image size-full\"><a href=\"https:\/\/tedenloesopreis.nl\/wp-content\/uploads\/2023\/12\/IMG_0739-1024x768-1.jpg\" target=\"_blank\" rel=\"noreferrer noopener\"><img loading=\"lazy\" decoding=\"async\" width=\"1024\" height=\"768\" src=\"https:\/\/tedenloesopreis.nl\/wp-content\/uploads\/2023\/12\/IMG_0739-1024x768-1.jpg\" alt=\"\" class=\"wp-image-9319\" srcset=\"https:\/\/tedenloesopreis.nl\/wp-content\/uploads\/2023\/12\/IMG_0739-1024x768-1.jpg 1024w, https:\/\/tedenloesopreis.nl\/wp-content\/uploads\/2023\/12\/IMG_0739-1024x768-1-300x225.jpg 300w, https:\/\/tedenloesopreis.nl\/wp-content\/uploads\/2023\/12\/IMG_0739-1024x768-1-768x576.jpg 768w\" sizes=\"auto, (max-width: 1024px) 100vw, 1024px\" \/><\/a><figcaption class=\"wp-element-caption\"><em>de basiliek van F\u00e1tima<\/em><\/figcaption><\/figure>\n<\/div>\n\n\n\n<div class=\"wp-block-column is-layout-flow wp-block-column-is-layout-flow\">\n<figure class=\"wp-block-image size-full\"><a href=\"https:\/\/tedenloesopreis.nl\/wp-content\/uploads\/2023\/12\/IMG_0740-1024x768-1.jpg\" target=\"_blank\" rel=\"noreferrer noopener\"><img loading=\"lazy\" decoding=\"async\" width=\"1024\" height=\"768\" src=\"https:\/\/tedenloesopreis.nl\/wp-content\/uploads\/2023\/12\/IMG_0740-1024x768-1.jpg\" alt=\"\" class=\"wp-image-9320\" srcset=\"https:\/\/tedenloesopreis.nl\/wp-content\/uploads\/2023\/12\/IMG_0740-1024x768-1.jpg 1024w, https:\/\/tedenloesopreis.nl\/wp-content\/uploads\/2023\/12\/IMG_0740-1024x768-1-300x225.jpg 300w, https:\/\/tedenloesopreis.nl\/wp-content\/uploads\/2023\/12\/IMG_0740-1024x768-1-768x576.jpg 768w\" sizes=\"auto, (max-width: 1024px) 100vw, 1024px\" \/><\/a><figcaption class=\"wp-element-caption\"><em>de basiliek van F\u00e1tima<\/em><\/figcaption><\/figure>\n<\/div>\n<\/div>\n\n\n\n<div style=\"height:35px\" aria-hidden=\"true\" class=\"wp-block-spacer\"><\/div>\n\n\n\n<div class=\"wp-block-columns is-layout-flex wp-container-core-columns-is-layout-9d6595d7 wp-block-columns-is-layout-flex\">\n<div class=\"wp-block-column is-layout-flow wp-block-column-is-layout-flow\">\n<p class=\"has-orange-background-color has-background\" id=\"dag27\"><\/p>\n<\/div>\n<\/div>\n\n\n\n<div class=\"wp-block-columns is-layout-flex wp-container-core-columns-is-layout-9d6595d7 wp-block-columns-is-layout-flex\">\n<div class=\"wp-block-column is-layout-flow wp-block-column-is-layout-flow\" style=\"flex-basis:33.33%\">\n<p class=\"has-small-font-size\"><a href=\"#titel\">top<\/a><\/p>\n<\/div>\n\n\n\n<div class=\"wp-block-column is-layout-flow wp-block-column-is-layout-flow\" style=\"flex-basis:66.66%\">\n<p><strong>ZELFS PORTUGEZEN PUFFEN<\/strong><br>dag 27 &nbsp; &nbsp; &nbsp; do 30 mei 2019<br>Nazar\u00e9 &nbsp; &nbsp; &nbsp;&nbsp;0 km<\/p>\n<\/div>\n<\/div>\n\n\n\n<div style=\"height:20px\" aria-hidden=\"true\" class=\"wp-block-spacer\"><\/div>\n\n\n\n<div class=\"wp-block-columns is-layout-flex wp-container-core-columns-is-layout-9d6595d7 wp-block-columns-is-layout-flex\">\n<div class=\"wp-block-column is-layout-flow wp-block-column-is-layout-flow\" style=\"flex-basis:33.33%\"><\/div>\n\n\n\n<div class=\"wp-block-column is-layout-flow wp-block-column-is-layout-flow\" style=\"flex-basis:66.66%\">\n<p>Het is vandaag een kwestie van rustig blijven en stil zitten. De 35\u00b0 voelen erg warm aan. Zelfs de Portugezen klagen over de hitte: veel te warm voor de tijd van het jaar. We wachten tot 17:30 met het doen van boodschappen.&nbsp;<\/p>\n\n\n\n<p>De planning is weer een beetje veranderd. We waren van plan om op bezoek te gaan bij een oud-Avanscollega van Ted. Zijn vrouw, Paula, is een Portugese. Toon en Paula wonen in Eindhoven maar ze hebben ook een huis halverwege Tomar en Coimbra. Bij zijn afscheid van Avans vroeg Toon om lege wijnflessen. Die zou hij vullen met de wijn uit eigen gaard. Pas later werd duidelijk, dat we die fles dan wel zelf moesten komen ophalen. Dat ophalen was het informele doel van deze reis. We zouden hen zaterdag bezoeken, maar dat bleek niet zo\u2019n geschikte dag. Daarom gaan we zondag op bezoek.<\/p>\n<\/div>\n<\/div>\n\n\n\n<div style=\"height:35px\" aria-hidden=\"true\" class=\"wp-block-spacer\"><\/div>\n\n\n\n<div class=\"wp-block-columns is-layout-flex wp-container-core-columns-is-layout-9d6595d7 wp-block-columns-is-layout-flex\">\n<div class=\"wp-block-column is-layout-flow wp-block-column-is-layout-flow\">\n<p class=\"has-orange-background-color has-background\" id=\"dag28\"><\/p>\n<\/div>\n<\/div>\n\n\n\n<div class=\"wp-block-columns is-layout-flex wp-container-core-columns-is-layout-9d6595d7 wp-block-columns-is-layout-flex\">\n<div class=\"wp-block-column is-layout-flow wp-block-column-is-layout-flow\" style=\"flex-basis:33.33%\">\n<p class=\"has-small-font-size\"><a href=\"#titel\">top<\/a><\/p>\n<\/div>\n\n\n\n<div class=\"wp-block-column is-layout-flow wp-block-column-is-layout-flow\" style=\"flex-basis:66.66%\">\n<p><strong>KLOOSTER EN KLOOSTER<\/strong><br>dag 28 &nbsp; &nbsp; &nbsp; vr 31 mei 2019<br><a href=\"https:\/\/www.google.com\/maps\/d\/viewer?mid=1pL7d1oRpsCLJ4nlTRRJv0JP4QFTajxOd&amp;ll=39.6051686770099%2C-8.967243927177488&amp;z=12\" target=\"_blank\" rel=\"noreferrer noopener\">rondje&nbsp;Alcoba\u00e7a en Batalha<\/a>&nbsp;&nbsp; &nbsp; &nbsp;&nbsp;70&nbsp;km<\/p>\n<\/div>\n<\/div>\n\n\n\n<div style=\"height:20px\" aria-hidden=\"true\" class=\"wp-block-spacer\"><\/div>\n\n\n\n<div class=\"wp-block-columns is-layout-flex wp-container-core-columns-is-layout-9d6595d7 wp-block-columns-is-layout-flex\">\n<div class=\"wp-block-column is-layout-flow wp-block-column-is-layout-flow\" style=\"flex-basis:33.33%\"><\/div>\n\n\n\n<div class=\"wp-block-column is-layout-flow wp-block-column-is-layout-flow\" style=\"flex-basis:66.66%\">\n<p>Eergisteren adviseerde men ons om niet het klooster van Alcoba\u00e7a te bezoeken, want het werd gerestaureerd. Een campinggenoot wist ons echter te vertellen, dat er nog genoeg van het klooster resteert dat de moeite van het bekijken waard was. Als we dan toch naar Alcoba\u00e7a zouden gaan, hij wist daar een restaurantje waar je voor een habbekrats (\u20ac8,00) een smakelijke Portugese maaltijd kon eten. Ook de opmerking van Ria over de afzuigkappen, maakte ons nieuwsgierig.&nbsp;<\/p>\n\n\n\n<p>We gaan dus weer naar Alcoba\u00e7a &nbsp;(over de N8-5) en bezoeken het klooster. Heel bijzonder, zoals daar destijds ruim 300 monniken hebben gewoond. De refter waar werd gegeten en geluisterd naar lezingen, het dormitorium waar alle monniken sliepen, de keuken die was afgestemd op het aantal monniken dat in het klooster woonde, met gigantische \u201cafzuigkappen\u201d die plaats boden voor het roosteren van het aantal ossen dat nodig was om alle monniken tegelijkertijd hun maaltijd voor te kunnen zetten. De keuken is een toppunt van toenmalige hygi\u00e8ne, want het water van de nabije rivier werd via bassins in de keuken geleid, zodat voedsel en handen konden worden gereinigd. In de refter is een smal deurtje. Als je daar als monnik niet meer door kon, dan had je je blijkbaar niet aan de soberheidsregels van de orde gehouden, en moest je vasten tot je weer door het deurtje kon. En dit alles: sober en groot (behalve natuurlijk het deurtje).<\/p>\n<\/div>\n<\/div>\n\n\n\n<div class=\"wp-block-columns is-layout-flex wp-container-core-columns-is-layout-9d6595d7 wp-block-columns-is-layout-flex\">\n<div class=\"wp-block-column is-layout-flow wp-block-column-is-layout-flow\">\n<figure class=\"wp-block-image size-full\"><a href=\"https:\/\/tedenloesopreis.nl\/wp-content\/uploads\/2023\/12\/IMG_0742-1024x768-1.jpg\" target=\"_blank\" rel=\"noreferrer noopener\"><img loading=\"lazy\" decoding=\"async\" width=\"1024\" height=\"768\" src=\"https:\/\/tedenloesopreis.nl\/wp-content\/uploads\/2023\/12\/IMG_0742-1024x768-1.jpg\" alt=\"\" class=\"wp-image-9324\" srcset=\"https:\/\/tedenloesopreis.nl\/wp-content\/uploads\/2023\/12\/IMG_0742-1024x768-1.jpg 1024w, https:\/\/tedenloesopreis.nl\/wp-content\/uploads\/2023\/12\/IMG_0742-1024x768-1-300x225.jpg 300w, https:\/\/tedenloesopreis.nl\/wp-content\/uploads\/2023\/12\/IMG_0742-1024x768-1-768x576.jpg 768w\" sizes=\"auto, (max-width: 1024px) 100vw, 1024px\" \/><\/a><figcaption class=\"wp-element-caption\"><em>Alcoba\u00e7a: azelujos in de kloosterhal<\/em><\/figcaption><\/figure>\n<\/div>\n\n\n\n<div class=\"wp-block-column is-layout-flow wp-block-column-is-layout-flow\">\n<figure class=\"wp-block-image size-full\"><a href=\"https:\/\/tedenloesopreis.nl\/wp-content\/uploads\/2023\/12\/IMG_0746-1024x768-3.jpg\" target=\"_blank\" rel=\"noreferrer noopener\"><img loading=\"lazy\" decoding=\"async\" width=\"1024\" height=\"768\" src=\"https:\/\/tedenloesopreis.nl\/wp-content\/uploads\/2023\/12\/IMG_0746-1024x768-3.jpg\" alt=\"\" class=\"wp-image-9325\" srcset=\"https:\/\/tedenloesopreis.nl\/wp-content\/uploads\/2023\/12\/IMG_0746-1024x768-3.jpg 1024w, https:\/\/tedenloesopreis.nl\/wp-content\/uploads\/2023\/12\/IMG_0746-1024x768-3-300x225.jpg 300w, https:\/\/tedenloesopreis.nl\/wp-content\/uploads\/2023\/12\/IMG_0746-1024x768-3-768x576.jpg 768w\" sizes=\"auto, (max-width: 1024px) 100vw, 1024px\" \/><\/a><figcaption class=\"wp-element-caption\"><em>Alcoba\u00e7a: kloostergang<\/em><\/figcaption><\/figure>\n<\/div>\n\n\n\n<div class=\"wp-block-column is-layout-flow wp-block-column-is-layout-flow\">\n<figure class=\"wp-block-image size-full\"><a href=\"https:\/\/tedenloesopreis.nl\/wp-content\/uploads\/2023\/12\/IMG_0753-1024x768-1.jpg\" target=\"_blank\" rel=\"noreferrer noopener\"><img loading=\"lazy\" decoding=\"async\" width=\"1024\" height=\"768\" src=\"https:\/\/tedenloesopreis.nl\/wp-content\/uploads\/2023\/12\/IMG_0753-1024x768-1.jpg\" alt=\"\" class=\"wp-image-9326\" srcset=\"https:\/\/tedenloesopreis.nl\/wp-content\/uploads\/2023\/12\/IMG_0753-1024x768-1.jpg 1024w, https:\/\/tedenloesopreis.nl\/wp-content\/uploads\/2023\/12\/IMG_0753-1024x768-1-300x225.jpg 300w, https:\/\/tedenloesopreis.nl\/wp-content\/uploads\/2023\/12\/IMG_0753-1024x768-1-768x576.jpg 768w\" sizes=\"auto, (max-width: 1024px) 100vw, 1024px\" \/><\/a><figcaption class=\"wp-element-caption\"><em>Alcoba\u00e7a: kloostertuin<\/em><\/figcaption><\/figure>\n<\/div>\n<\/div>\n\n\n\n<div class=\"wp-block-columns is-layout-flex wp-container-core-columns-is-layout-9d6595d7 wp-block-columns-is-layout-flex\">\n<div class=\"wp-block-column is-layout-flow wp-block-column-is-layout-flow\">\n<figure class=\"wp-block-image size-full\"><a href=\"https:\/\/tedenloesopreis.nl\/wp-content\/uploads\/2023\/12\/IMG_0747-1024x768-1.jpg\" target=\"_blank\" rel=\"noreferrer noopener\"><img loading=\"lazy\" decoding=\"async\" width=\"1024\" height=\"768\" src=\"https:\/\/tedenloesopreis.nl\/wp-content\/uploads\/2023\/12\/IMG_0747-1024x768-1.jpg\" alt=\"\" class=\"wp-image-9328\" srcset=\"https:\/\/tedenloesopreis.nl\/wp-content\/uploads\/2023\/12\/IMG_0747-1024x768-1.jpg 1024w, https:\/\/tedenloesopreis.nl\/wp-content\/uploads\/2023\/12\/IMG_0747-1024x768-1-300x225.jpg 300w, https:\/\/tedenloesopreis.nl\/wp-content\/uploads\/2023\/12\/IMG_0747-1024x768-1-768x576.jpg 768w\" sizes=\"auto, (max-width: 1024px) 100vw, 1024px\" \/><\/a><figcaption class=\"wp-element-caption\"><em>Alcoba\u00e7a: de afzuigkap torent boven het klooster uit<\/em><\/figcaption><\/figure>\n<\/div>\n\n\n\n<div class=\"wp-block-column is-layout-flow wp-block-column-is-layout-flow\">\n<figure class=\"wp-block-image size-full\"><a href=\"https:\/\/tedenloesopreis.nl\/wp-content\/uploads\/2023\/12\/IMG_0751-1024x768-2.jpg\" target=\"_blank\" rel=\"noreferrer noopener\"><img loading=\"lazy\" decoding=\"async\" width=\"1024\" height=\"768\" src=\"https:\/\/tedenloesopreis.nl\/wp-content\/uploads\/2023\/12\/IMG_0751-1024x768-2.jpg\" alt=\"\" class=\"wp-image-9327\" srcset=\"https:\/\/tedenloesopreis.nl\/wp-content\/uploads\/2023\/12\/IMG_0751-1024x768-2.jpg 1024w, https:\/\/tedenloesopreis.nl\/wp-content\/uploads\/2023\/12\/IMG_0751-1024x768-2-300x225.jpg 300w, https:\/\/tedenloesopreis.nl\/wp-content\/uploads\/2023\/12\/IMG_0751-1024x768-2-768x576.jpg 768w\" sizes=\"auto, (max-width: 1024px) 100vw, 1024px\" \/><\/a><figcaption class=\"wp-element-caption\"><em>Alcoba\u00e7a: het dormitorium<\/em><\/figcaption><\/figure>\n<\/div>\n\n\n\n<div class=\"wp-block-column is-layout-flow wp-block-column-is-layout-flow\">\n<figure class=\"wp-block-image size-full\"><a href=\"https:\/\/tedenloesopreis.nl\/wp-content\/uploads\/2023\/12\/IMG_0759-1024x768-1.jpg\" target=\"_blank\" rel=\"noreferrer noopener\"><img loading=\"lazy\" decoding=\"async\" width=\"1024\" height=\"768\" src=\"https:\/\/tedenloesopreis.nl\/wp-content\/uploads\/2023\/12\/IMG_0759-1024x768-1.jpg\" alt=\"\" class=\"wp-image-9329\" srcset=\"https:\/\/tedenloesopreis.nl\/wp-content\/uploads\/2023\/12\/IMG_0759-1024x768-1.jpg 1024w, https:\/\/tedenloesopreis.nl\/wp-content\/uploads\/2023\/12\/IMG_0759-1024x768-1-300x225.jpg 300w, https:\/\/tedenloesopreis.nl\/wp-content\/uploads\/2023\/12\/IMG_0759-1024x768-1-768x576.jpg 768w\" sizes=\"auto, (max-width: 1024px) 100vw, 1024px\" \/><\/a><figcaption class=\"wp-element-caption\"><em>Alcoba\u00e7a: de refter<\/em><\/figcaption><\/figure>\n<\/div>\n<\/div>\n\n\n\n<div class=\"wp-block-columns is-layout-flex wp-container-core-columns-is-layout-9d6595d7 wp-block-columns-is-layout-flex\">\n<div class=\"wp-block-column is-layout-flow wp-block-column-is-layout-flow\">\n<figure class=\"wp-block-image size-full\"><a href=\"https:\/\/tedenloesopreis.nl\/wp-content\/uploads\/2023\/12\/IMG_0760-768x1024-1.jpg\" target=\"_blank\" rel=\"noreferrer noopener\"><img loading=\"lazy\" decoding=\"async\" width=\"768\" height=\"1024\" src=\"https:\/\/tedenloesopreis.nl\/wp-content\/uploads\/2023\/12\/IMG_0760-768x1024-1.jpg\" alt=\"\" class=\"wp-image-9330\" srcset=\"https:\/\/tedenloesopreis.nl\/wp-content\/uploads\/2023\/12\/IMG_0760-768x1024-1.jpg 768w, https:\/\/tedenloesopreis.nl\/wp-content\/uploads\/2023\/12\/IMG_0760-768x1024-1-225x300.jpg 225w\" sizes=\"auto, (max-width: 768px) 100vw, 768px\" \/><\/a><figcaption class=\"wp-element-caption\"><em>Alcoba\u00e7a: het smalle deurtje<\/em><\/figcaption><\/figure>\n<\/div>\n\n\n\n<div class=\"wp-block-column is-layout-flow wp-block-column-is-layout-flow\">\n<figure class=\"wp-block-image size-full\"><a href=\"https:\/\/tedenloesopreis.nl\/wp-content\/uploads\/2023\/12\/IMG_0754-768x1024-1.jpg\" target=\"_blank\" rel=\"noreferrer noopener\"><img loading=\"lazy\" decoding=\"async\" width=\"768\" height=\"1024\" src=\"https:\/\/tedenloesopreis.nl\/wp-content\/uploads\/2023\/12\/IMG_0754-768x1024-1.jpg\" alt=\"\" class=\"wp-image-9333\" srcset=\"https:\/\/tedenloesopreis.nl\/wp-content\/uploads\/2023\/12\/IMG_0754-768x1024-1.jpg 768w, https:\/\/tedenloesopreis.nl\/wp-content\/uploads\/2023\/12\/IMG_0754-768x1024-1-225x300.jpg 225w\" sizes=\"auto, (max-width: 768px) 100vw, 768px\" \/><\/a><figcaption class=\"wp-element-caption\"><em>Alcoba\u00e7a: afzuigkappen in de keuken<\/em><\/figcaption><\/figure>\n<\/div>\n\n\n\n<div class=\"wp-block-column is-layout-flow wp-block-column-is-layout-flow\">\n<figure class=\"wp-block-image size-full\"><a href=\"https:\/\/tedenloesopreis.nl\/wp-content\/uploads\/2023\/12\/IMG_0755-768x1024-1.jpg\" target=\"_blank\" rel=\"noreferrer noopener\"><img loading=\"lazy\" decoding=\"async\" width=\"768\" height=\"1024\" src=\"https:\/\/tedenloesopreis.nl\/wp-content\/uploads\/2023\/12\/IMG_0755-768x1024-1.jpg\" alt=\"\" class=\"wp-image-9334\" srcset=\"https:\/\/tedenloesopreis.nl\/wp-content\/uploads\/2023\/12\/IMG_0755-768x1024-1.jpg 768w, https:\/\/tedenloesopreis.nl\/wp-content\/uploads\/2023\/12\/IMG_0755-768x1024-1-225x300.jpg 225w\" sizes=\"auto, (max-width: 768px) 100vw, 768px\" \/><\/a><figcaption class=\"wp-element-caption\"><em>Alcoba\u00e7a: afzuigkappen in de keuken<\/em><\/figcaption><\/figure>\n<\/div>\n<\/div>\n\n\n\n<div class=\"wp-block-columns is-layout-flex wp-container-core-columns-is-layout-9d6595d7 wp-block-columns-is-layout-flex\">\n<div class=\"wp-block-column is-layout-flow wp-block-column-is-layout-flow\"><\/div>\n\n\n\n<div class=\"wp-block-column is-layout-flow wp-block-column-is-layout-flow\"><\/div>\n\n\n\n<div class=\"wp-block-column is-layout-flow wp-block-column-is-layout-flow\"><\/div>\n<\/div>\n\n\n\n<div class=\"wp-block-columns is-layout-flex wp-container-core-columns-is-layout-9d6595d7 wp-block-columns-is-layout-flex\">\n<div class=\"wp-block-column is-layout-flow wp-block-column-is-layout-flow\"><\/div>\n\n\n\n<div class=\"wp-block-column is-layout-flow wp-block-column-is-layout-flow\">\n<figure class=\"wp-block-image size-full\"><a href=\"https:\/\/tedenloesopreis.nl\/wp-content\/uploads\/2023\/12\/IMG_0756-1024x768-2.jpg\" target=\"_blank\" rel=\"noreferrer noopener\"><img loading=\"lazy\" decoding=\"async\" width=\"1024\" height=\"768\" src=\"https:\/\/tedenloesopreis.nl\/wp-content\/uploads\/2023\/12\/IMG_0756-1024x768-2.jpg\" alt=\"\" class=\"wp-image-9335\" srcset=\"https:\/\/tedenloesopreis.nl\/wp-content\/uploads\/2023\/12\/IMG_0756-1024x768-2.jpg 1024w, https:\/\/tedenloesopreis.nl\/wp-content\/uploads\/2023\/12\/IMG_0756-1024x768-2-300x225.jpg 300w, https:\/\/tedenloesopreis.nl\/wp-content\/uploads\/2023\/12\/IMG_0756-1024x768-2-768x576.jpg 768w\" sizes=\"auto, (max-width: 1024px) 100vw, 1024px\" \/><\/a><figcaption class=\"wp-element-caption\"><em>Alcoba\u00e7a: waterbassins in de keuken<\/em><\/figcaption><\/figure>\n<\/div>\n\n\n\n<div class=\"wp-block-column is-layout-flow wp-block-column-is-layout-flow\">\n<figure class=\"wp-block-image size-full\"><a href=\"https:\/\/tedenloesopreis.nl\/wp-content\/uploads\/2023\/12\/IMG_0762-1024x768-2.jpg\" target=\"_blank\" rel=\"noreferrer noopener\"><img loading=\"lazy\" decoding=\"async\" width=\"1024\" height=\"768\" src=\"https:\/\/tedenloesopreis.nl\/wp-content\/uploads\/2023\/12\/IMG_0762-1024x768-2.jpg\" alt=\"\" class=\"wp-image-9336\" srcset=\"https:\/\/tedenloesopreis.nl\/wp-content\/uploads\/2023\/12\/IMG_0762-1024x768-2.jpg 1024w, https:\/\/tedenloesopreis.nl\/wp-content\/uploads\/2023\/12\/IMG_0762-1024x768-2-300x225.jpg 300w, https:\/\/tedenloesopreis.nl\/wp-content\/uploads\/2023\/12\/IMG_0762-1024x768-2-768x576.jpg 768w\" sizes=\"auto, (max-width: 1024px) 100vw, 1024px\" \/><\/a><figcaption class=\"wp-element-caption\"><em>Alcoba\u00e7a: de kloosterkerk in zijn volle lengte<\/em><\/figcaption><\/figure>\n<\/div>\n<\/div>\n\n\n\n<div class=\"wp-block-columns is-layout-flex wp-container-core-columns-is-layout-9d6595d7 wp-block-columns-is-layout-flex\">\n<div class=\"wp-block-column is-layout-flow wp-block-column-is-layout-flow\" style=\"flex-basis:33.33%\">\n<figure class=\"wp-block-image size-full\"><a href=\"https:\/\/tedenloesopreis.nl\/wp-content\/uploads\/2023\/12\/IMG_0764-1024x768-1.jpg\" target=\"_blank\" rel=\"noreferrer noopener\"><img loading=\"lazy\" decoding=\"async\" width=\"1024\" height=\"768\" src=\"https:\/\/tedenloesopreis.nl\/wp-content\/uploads\/2023\/12\/IMG_0764-1024x768-1.jpg\" alt=\"\" class=\"wp-image-9337\" srcset=\"https:\/\/tedenloesopreis.nl\/wp-content\/uploads\/2023\/12\/IMG_0764-1024x768-1.jpg 1024w, https:\/\/tedenloesopreis.nl\/wp-content\/uploads\/2023\/12\/IMG_0764-1024x768-1-300x225.jpg 300w, https:\/\/tedenloesopreis.nl\/wp-content\/uploads\/2023\/12\/IMG_0764-1024x768-1-768x576.jpg 768w\" sizes=\"auto, (max-width: 1024px) 100vw, 1024px\" \/><\/a><figcaption class=\"wp-element-caption\"><em>Alcoba\u00e7a: prima gegeten bij Portas de Fora<\/em><\/figcaption><\/figure>\n<\/div>\n\n\n\n<div class=\"wp-block-column is-layout-flow wp-block-column-is-layout-flow\" style=\"flex-basis:66.66%\">\n<p>Het restaurantje (Portas de Fora) was meer dan de moeite waard.<\/p>\n<\/div>\n<\/div>\n\n\n\n<div class=\"wp-block-columns is-layout-flex wp-container-core-columns-is-layout-9d6595d7 wp-block-columns-is-layout-flex\">\n<div class=\"wp-block-column is-layout-flow wp-block-column-is-layout-flow\" style=\"flex-basis:33.33%\"><\/div>\n\n\n\n<div class=\"wp-block-column is-layout-flow wp-block-column-is-layout-flow\" style=\"flex-basis:66.66%\">\n<p id=\"batalha\">We rijden naar Batalha via de IC9 en de IC2. Is het klooster in Alcoba\u00e7a behoorlijk sober, dat van Batalha is bijzonder flamboyant, behalve het laatst gebouwde deel, dat laat zien dat de religieuze bouwstijl tegen het einde van de 15e eeuw de uitbundige pracht en praal heeft ingeruild voor eenvoud en soberheid. De rondgang in het klooster van Batalha is veel minder openhartig dan in Alcoba\u00e7a. In Batalha loop je vooral door de gangen van het klooster. Alleen de ruimte met het graf van de onbekende soldaat uit de grote oorlog (14-18) is specifiek te noemen, maar natuurlijk niet kenmerkend voor een middeleeuws klooster.&nbsp;<\/p>\n\n\n\n<p>De kloosterkerk van Batalha is iets kleiner dan die van Alcoba\u00e7a, maar veel rijker versierd \u2013 Manuelijns, een overgang van gotiek naar barok \u2013 met prachtig glas-in-lood. Het is duidelijk te zien, dat het complex niet is gebouwd door een religieuze orde, want dan zou het veel eenvoudiger zijn geweest. Het is gebouwd in opdracht van de Portugese koning (de vader van Hendrik de Zeevaarder). Alle familieleden (dus ook genoemde Hendrik) hebben een rijk versierde graftombe. De oudste tombes staan in de Stichterskapel, de latere tombes staan in een merkwaardige onvoltooide kapel, die aan de koorzijde aan de kerk is vastgeplakt. Onvoltooid, want aan de bouw van het dak is men niet meer toegekomen.<\/p>\n<\/div>\n<\/div>\n\n\n\n<div class=\"wp-block-columns is-layout-flex wp-container-core-columns-is-layout-9d6595d7 wp-block-columns-is-layout-flex\">\n<div class=\"wp-block-column is-layout-flow wp-block-column-is-layout-flow\"><\/div>\n\n\n\n<div class=\"wp-block-column is-layout-flow wp-block-column-is-layout-flow\">\n<figure class=\"wp-block-image size-full\"><a href=\"https:\/\/tedenloesopreis.nl\/wp-content\/uploads\/2023\/12\/IMG_0792-1024x739-1.jpg\" target=\"_blank\" rel=\"noreferrer noopener\"><img loading=\"lazy\" decoding=\"async\" width=\"1024\" height=\"739\" src=\"https:\/\/tedenloesopreis.nl\/wp-content\/uploads\/2023\/12\/IMG_0792-1024x739-1.jpg\" alt=\"\" class=\"wp-image-9338\" srcset=\"https:\/\/tedenloesopreis.nl\/wp-content\/uploads\/2023\/12\/IMG_0792-1024x739-1.jpg 1024w, https:\/\/tedenloesopreis.nl\/wp-content\/uploads\/2023\/12\/IMG_0792-1024x739-1-300x217.jpg 300w, https:\/\/tedenloesopreis.nl\/wp-content\/uploads\/2023\/12\/IMG_0792-1024x739-1-768x554.jpg 768w\" sizes=\"auto, (max-width: 1024px) 100vw, 1024px\" \/><\/a><figcaption class=\"wp-element-caption\"><em>Batalha: de kloosterkerk<\/em><\/figcaption><\/figure>\n<\/div>\n\n\n\n<div class=\"wp-block-column is-layout-flow wp-block-column-is-layout-flow\">\n<figure class=\"wp-block-image size-full\"><a href=\"https:\/\/tedenloesopreis.nl\/wp-content\/uploads\/2023\/12\/IMG_0781-1024x768-1.jpg\" target=\"_blank\" rel=\"noreferrer noopener\"><img loading=\"lazy\" decoding=\"async\" width=\"1024\" height=\"768\" src=\"https:\/\/tedenloesopreis.nl\/wp-content\/uploads\/2023\/12\/IMG_0781-1024x768-1.jpg\" alt=\"\" class=\"wp-image-9339\" srcset=\"https:\/\/tedenloesopreis.nl\/wp-content\/uploads\/2023\/12\/IMG_0781-1024x768-1.jpg 1024w, https:\/\/tedenloesopreis.nl\/wp-content\/uploads\/2023\/12\/IMG_0781-1024x768-1-300x225.jpg 300w, https:\/\/tedenloesopreis.nl\/wp-content\/uploads\/2023\/12\/IMG_0781-1024x768-1-768x576.jpg 768w\" sizes=\"auto, (max-width: 1024px) 100vw, 1024px\" \/><\/a><figcaption class=\"wp-element-caption\"><em>Batalha: de kloosterkerk<\/em><\/figcaption><\/figure>\n<\/div>\n<\/div>\n\n\n\n<div class=\"wp-block-columns is-layout-flex wp-container-core-columns-is-layout-9d6595d7 wp-block-columns-is-layout-flex\">\n<div class=\"wp-block-column is-layout-flow wp-block-column-is-layout-flow\">\n<figure class=\"wp-block-image size-full\"><a href=\"https:\/\/tedenloesopreis.nl\/wp-content\/uploads\/2023\/12\/IMG_0768-768x1024-1.jpg\" target=\"_blank\" rel=\"noreferrer noopener\"><img loading=\"lazy\" decoding=\"async\" width=\"768\" height=\"1024\" src=\"https:\/\/tedenloesopreis.nl\/wp-content\/uploads\/2023\/12\/IMG_0768-768x1024-1.jpg\" alt=\"\" class=\"wp-image-9340\" srcset=\"https:\/\/tedenloesopreis.nl\/wp-content\/uploads\/2023\/12\/IMG_0768-768x1024-1.jpg 768w, https:\/\/tedenloesopreis.nl\/wp-content\/uploads\/2023\/12\/IMG_0768-768x1024-1-225x300.jpg 225w\" sizes=\"auto, (max-width: 768px) 100vw, 768px\" \/><\/a><figcaption class=\"wp-element-caption\"><em>Batalha: de kloosterkerk<\/em><\/figcaption><\/figure>\n<\/div>\n\n\n\n<div class=\"wp-block-column is-layout-flow wp-block-column-is-layout-flow\">\n<figure class=\"wp-block-image size-full\"><a href=\"https:\/\/tedenloesopreis.nl\/wp-content\/uploads\/2023\/12\/IMG_0770-768x1024-1.jpg\" target=\"_blank\" rel=\"noreferrer noopener\"><img loading=\"lazy\" decoding=\"async\" width=\"768\" height=\"1024\" src=\"https:\/\/tedenloesopreis.nl\/wp-content\/uploads\/2023\/12\/IMG_0770-768x1024-1.jpg\" alt=\"\" class=\"wp-image-9341\" srcset=\"https:\/\/tedenloesopreis.nl\/wp-content\/uploads\/2023\/12\/IMG_0770-768x1024-1.jpg 768w, https:\/\/tedenloesopreis.nl\/wp-content\/uploads\/2023\/12\/IMG_0770-768x1024-1-225x300.jpg 225w\" sizes=\"auto, (max-width: 768px) 100vw, 768px\" \/><\/a><figcaption class=\"wp-element-caption\"><em>Batalha: de kloosterkerk<\/em><\/figcaption><\/figure>\n<\/div>\n\n\n\n<div class=\"wp-block-column is-layout-flow wp-block-column-is-layout-flow\">\n<figure class=\"wp-block-image size-full\"><a href=\"https:\/\/tedenloesopreis.nl\/wp-content\/uploads\/2023\/12\/IMG_0776-768x1024-1.jpg\" target=\"_blank\" rel=\"noreferrer noopener\"><img loading=\"lazy\" decoding=\"async\" width=\"768\" height=\"1024\" src=\"https:\/\/tedenloesopreis.nl\/wp-content\/uploads\/2023\/12\/IMG_0776-768x1024-1.jpg\" alt=\"\" class=\"wp-image-9342\" srcset=\"https:\/\/tedenloesopreis.nl\/wp-content\/uploads\/2023\/12\/IMG_0776-768x1024-1.jpg 768w, https:\/\/tedenloesopreis.nl\/wp-content\/uploads\/2023\/12\/IMG_0776-768x1024-1-225x300.jpg 225w\" sizes=\"auto, (max-width: 768px) 100vw, 768px\" \/><\/a><figcaption class=\"wp-element-caption\"><em>Batalha: kloostergang<\/em><\/figcaption><\/figure>\n<\/div>\n<\/div>\n\n\n\n<div class=\"wp-block-columns is-layout-flex wp-container-core-columns-is-layout-9d6595d7 wp-block-columns-is-layout-flex\">\n<div class=\"wp-block-column is-layout-flow wp-block-column-is-layout-flow\">\n<figure class=\"wp-block-image size-full\"><a href=\"https:\/\/tedenloesopreis.nl\/wp-content\/uploads\/2023\/12\/IMG_0785-1024x768-2.jpg\" target=\"_blank\" rel=\"noreferrer noopener\"><img loading=\"lazy\" decoding=\"async\" width=\"1024\" height=\"768\" src=\"https:\/\/tedenloesopreis.nl\/wp-content\/uploads\/2023\/12\/IMG_0785-1024x768-2.jpg\" alt=\"\" class=\"wp-image-9343\" srcset=\"https:\/\/tedenloesopreis.nl\/wp-content\/uploads\/2023\/12\/IMG_0785-1024x768-2.jpg 1024w, https:\/\/tedenloesopreis.nl\/wp-content\/uploads\/2023\/12\/IMG_0785-1024x768-2-300x225.jpg 300w, https:\/\/tedenloesopreis.nl\/wp-content\/uploads\/2023\/12\/IMG_0785-1024x768-2-768x576.jpg 768w\" sizes=\"auto, (max-width: 1024px) 100vw, 1024px\" \/><\/a><figcaption class=\"wp-element-caption\"><em>Batalha: het ingetogen nieuwste gedeelte<\/em><\/figcaption><\/figure>\n<\/div>\n\n\n\n<div class=\"wp-block-column is-layout-flow wp-block-column-is-layout-flow\">\n<figure class=\"wp-block-image size-full\"><a href=\"https:\/\/tedenloesopreis.nl\/wp-content\/uploads\/2023\/12\/IMG_0787-1024x768-1.jpg\" target=\"_blank\" rel=\"noreferrer noopener\"><img loading=\"lazy\" decoding=\"async\" width=\"1024\" height=\"768\" src=\"https:\/\/tedenloesopreis.nl\/wp-content\/uploads\/2023\/12\/IMG_0787-1024x768-1.jpg\" alt=\"\" class=\"wp-image-9344\" srcset=\"https:\/\/tedenloesopreis.nl\/wp-content\/uploads\/2023\/12\/IMG_0787-1024x768-1.jpg 1024w, https:\/\/tedenloesopreis.nl\/wp-content\/uploads\/2023\/12\/IMG_0787-1024x768-1-300x225.jpg 300w, https:\/\/tedenloesopreis.nl\/wp-content\/uploads\/2023\/12\/IMG_0787-1024x768-1-768x576.jpg 768w\" sizes=\"auto, (max-width: 1024px) 100vw, 1024px\" \/><\/a><figcaption class=\"wp-element-caption\"><em>Batalha: de onvoltooide kapel<\/em><\/figcaption><\/figure>\n<\/div>\n\n\n\n<div class=\"wp-block-column is-layout-flow wp-block-column-is-layout-flow\">\n<figure class=\"wp-block-image size-full\"><a href=\"https:\/\/tedenloesopreis.nl\/wp-content\/uploads\/2023\/12\/IMG_0766-1-1024x768-1.jpg\" target=\"_blank\" rel=\"noreferrer noopener\"><img loading=\"lazy\" decoding=\"async\" width=\"1024\" height=\"768\" src=\"https:\/\/tedenloesopreis.nl\/wp-content\/uploads\/2023\/12\/IMG_0766-1-1024x768-1.jpg\" alt=\"\" class=\"wp-image-9345\" srcset=\"https:\/\/tedenloesopreis.nl\/wp-content\/uploads\/2023\/12\/IMG_0766-1-1024x768-1.jpg 1024w, https:\/\/tedenloesopreis.nl\/wp-content\/uploads\/2023\/12\/IMG_0766-1-1024x768-1-300x225.jpg 300w, https:\/\/tedenloesopreis.nl\/wp-content\/uploads\/2023\/12\/IMG_0766-1-1024x768-1-768x576.jpg 768w\" sizes=\"auto, (max-width: 1024px) 100vw, 1024px\" \/><\/a><figcaption class=\"wp-element-caption\"><em>Batalha: de onvoltooide kapel<\/em><\/figcaption><\/figure>\n<\/div>\n<\/div>\n\n\n\n<div class=\"wp-block-columns is-layout-flex wp-container-core-columns-is-layout-9d6595d7 wp-block-columns-is-layout-flex\">\n<div class=\"wp-block-column is-layout-flow wp-block-column-is-layout-flow\" style=\"flex-basis:33.33%\"><\/div>\n\n\n\n<div class=\"wp-block-column is-layout-flow wp-block-column-is-layout-flow\" style=\"flex-basis:66.66%\">\n<p>Op de terugweg nemen we, aan de rotonde bij Porto de M\u00f3s, per abuis de N8 i.p.v. de IC2. We rijden dus maar binnendoor, over Alcoba\u00e7a, weer terug naar de camping.<\/p>\n<\/div>\n<\/div>\n\n\n\n<div style=\"height:35px\" aria-hidden=\"true\" class=\"wp-block-spacer\"><\/div>\n\n\n\n<div class=\"wp-block-columns is-layout-flex wp-container-core-columns-is-layout-9d6595d7 wp-block-columns-is-layout-flex\">\n<div class=\"wp-block-column is-layout-flow wp-block-column-is-layout-flow\">\n<p class=\"has-orange-background-color has-background\" id=\"dag29\"><\/p>\n<\/div>\n<\/div>\n\n\n\n<div class=\"wp-block-columns is-layout-flex wp-container-core-columns-is-layout-9d6595d7 wp-block-columns-is-layout-flex\">\n<div class=\"wp-block-column is-layout-flow wp-block-column-is-layout-flow\" style=\"flex-basis:33.33%\">\n<p class=\"has-small-font-size\"><a href=\"#titel\">top<\/a><\/p>\n<\/div>\n\n\n\n<div class=\"wp-block-column is-layout-flow wp-block-column-is-layout-flow\" style=\"flex-basis:66.66%\">\n<p><strong>LUIEREN IN NAZAR\u00c9<\/strong><br>dag 29 &nbsp; &nbsp; &nbsp; za 1 juni 2019<br>Nazar\u00e9 &nbsp; &nbsp; &nbsp; 0 km<\/p>\n<\/div>\n<\/div>\n\n\n\n<div style=\"height:20px\" aria-hidden=\"true\" class=\"wp-block-spacer\"><\/div>\n\n\n\n<div class=\"wp-block-columns is-layout-flex wp-container-core-columns-is-layout-9d6595d7 wp-block-columns-is-layout-flex\">\n<div class=\"wp-block-column is-layout-flow wp-block-column-is-layout-flow\" style=\"flex-basis:33.33%\">\n<figure class=\"wp-block-image size-full\"><a href=\"https:\/\/tedenloesopreis.nl\/wp-content\/uploads\/2023\/12\/IMG_0200-1024x768-1.jpeg\" target=\"_blank\" rel=\"noreferrer noopener\"><img loading=\"lazy\" decoding=\"async\" width=\"1024\" height=\"768\" src=\"https:\/\/tedenloesopreis.nl\/wp-content\/uploads\/2023\/12\/IMG_0200-1024x768-1.jpeg\" alt=\"\" class=\"wp-image-9348\" srcset=\"https:\/\/tedenloesopreis.nl\/wp-content\/uploads\/2023\/12\/IMG_0200-1024x768-1.jpeg 1024w, https:\/\/tedenloesopreis.nl\/wp-content\/uploads\/2023\/12\/IMG_0200-1024x768-1-300x225.jpeg 300w, https:\/\/tedenloesopreis.nl\/wp-content\/uploads\/2023\/12\/IMG_0200-1024x768-1-768x576.jpeg 768w\" sizes=\"auto, (max-width: 1024px) 100vw, 1024px\" \/><\/a><figcaption class=\"wp-element-caption\"><em>uitzicht op de camping in Nazar\u00e9<\/em><\/figcaption><\/figure>\n<\/div>\n\n\n\n<div class=\"wp-block-column is-layout-flow wp-block-column-is-layout-flow\" style=\"flex-basis:66.66%\">\n<p>Op deze camping is het goed vertoeven. We hebben een plaatsje met een prima uitzicht op de \u201cinvalswegen\u201d. Er valt dus regelmatig iets te beleven. Zo kom je goed de dag door.&nbsp;<\/p>\n\n\n\n<p>Aan het eind van de middag fietsen we nog eens naar de supermarkt om het avondmaal bij elkaar te sprokkelen. Daarbij raken we in gesprek met een Portugese mevrouw die van haar 9e tot haar 30e in Duitsland heeft gewoond, en die er zichtbaar van geniet om weer eens Duits te kunnen praten. Vergeleken met de Spanjaarden zijn de Portugezen zonder meer talenwonders.&nbsp;<\/p>\n\n\n\n<p>Morgen, na 8 overnachtingen op \u00e9\u00e9n camping (niet zo gebruikelijk voor camperaars) gaan we weer verder.<\/p>\n<\/div>\n<\/div>\n\n\n\n<div style=\"height:35px\" aria-hidden=\"true\" class=\"wp-block-spacer\"><\/div>\n\n\n\n<div class=\"wp-block-columns is-layout-flex wp-container-core-columns-is-layout-9d6595d7 wp-block-columns-is-layout-flex\">\n<div class=\"wp-block-column is-layout-flow wp-block-column-is-layout-flow\">\n<p class=\"has-orange-background-color has-background\" id=\"dag30\"><\/p>\n<\/div>\n<\/div>\n\n\n\n<div class=\"wp-block-columns is-layout-flex wp-container-core-columns-is-layout-9d6595d7 wp-block-columns-is-layout-flex\">\n<div class=\"wp-block-column is-layout-flow wp-block-column-is-layout-flow\" style=\"flex-basis:33.33%\">\n<p class=\"has-small-font-size\"><a href=\"#titel\">top<\/a><\/p>\n<\/div>\n\n\n\n<div class=\"wp-block-column is-layout-flow wp-block-column-is-layout-flow\" style=\"flex-basis:66.66%\">\n<p><strong>OP BEZOEK<\/strong><br>dag 30 &nbsp; &nbsp; &nbsp; zo 2 juni 2019<br><a href=\"https:\/\/www.google.com\/maps\/d\/viewer?mid=1ITMk2Cuw6Qi5CfwaFBvQ_MyJCjjdAdE7&amp;ll=39.75244043901415%2C-8.740950193098806&amp;z=11\" target=\"_blank\" rel=\"noreferrer noopener\">Nazar\u00e9 \u2013 Vendas de Maria<\/a>&nbsp; &nbsp; &nbsp;&nbsp; 136&nbsp;km<\/p>\n<\/div>\n<\/div>\n\n\n\n<div style=\"height:20px\" aria-hidden=\"true\" class=\"wp-block-spacer\"><\/div>\n\n\n\n<div class=\"wp-block-columns is-layout-flex wp-container-core-columns-is-layout-9d6595d7 wp-block-columns-is-layout-flex\">\n<div class=\"wp-block-column is-layout-flow wp-block-column-is-layout-flow\" style=\"flex-basis:33.33%\"><\/div>\n\n\n\n<div class=\"wp-block-column is-layout-flow wp-block-column-is-layout-flow\" style=\"flex-basis:66.66%\">\n<p>Dit is de dertigste dag van onze reis. We beginnen vandaag dus aan de tweede helft van de reis.<\/p>\n\n\n\n<p id=\"pegoes\">We rijden allereerst naar Tomar. De vorige keer hebben we het stadje al bekeken, incl. het voormalige Tempeliersklooster\/kasteel Convento de Cristo. We gaan deze keer naar het aquaduct van Peg\u00f5es, dat gebouwd is om het Convento de Cristo, gelegen op een heuvel, van water te voorzien. Het is dus een middeleeuws aquaduct, maar het doet in niets onder voor de beroemde Romeinse aquaducten zoals b.v. de Pont du Gare bij N\u00eemes.<\/p>\n<\/div>\n<\/div>\n\n\n\n<div class=\"wp-block-columns is-layout-flex wp-container-core-columns-is-layout-9d6595d7 wp-block-columns-is-layout-flex\">\n<div class=\"wp-block-column is-layout-flow wp-block-column-is-layout-flow\">\n<figure class=\"wp-block-image size-full\"><a href=\"https:\/\/tedenloesopreis.nl\/wp-content\/uploads\/2023\/12\/IMG_0796-768x1024-1.jpg\" target=\"_blank\" rel=\"noreferrer noopener\"><img loading=\"lazy\" decoding=\"async\" width=\"768\" height=\"1024\" src=\"https:\/\/tedenloesopreis.nl\/wp-content\/uploads\/2023\/12\/IMG_0796-768x1024-1.jpg\" alt=\"\" class=\"wp-image-9351\" srcset=\"https:\/\/tedenloesopreis.nl\/wp-content\/uploads\/2023\/12\/IMG_0796-768x1024-1.jpg 768w, https:\/\/tedenloesopreis.nl\/wp-content\/uploads\/2023\/12\/IMG_0796-768x1024-1-225x300.jpg 225w\" sizes=\"auto, (max-width: 768px) 100vw, 768px\" \/><\/a><figcaption class=\"wp-element-caption\"><em>het aquaduct van Peg\u00f5es<\/em><\/figcaption><\/figure>\n<\/div>\n\n\n\n<div class=\"wp-block-column is-layout-flow wp-block-column-is-layout-flow\">\n<figure class=\"wp-block-image size-full\"><a href=\"https:\/\/tedenloesopreis.nl\/wp-content\/uploads\/2023\/12\/IMG_0800-1-1024x768-1.jpg\" target=\"_blank\" rel=\"noreferrer noopener\"><img loading=\"lazy\" decoding=\"async\" width=\"1024\" height=\"768\" src=\"https:\/\/tedenloesopreis.nl\/wp-content\/uploads\/2023\/12\/IMG_0800-1-1024x768-1.jpg\" alt=\"\" class=\"wp-image-9354\" srcset=\"https:\/\/tedenloesopreis.nl\/wp-content\/uploads\/2023\/12\/IMG_0800-1-1024x768-1.jpg 1024w, https:\/\/tedenloesopreis.nl\/wp-content\/uploads\/2023\/12\/IMG_0800-1-1024x768-1-300x225.jpg 300w, https:\/\/tedenloesopreis.nl\/wp-content\/uploads\/2023\/12\/IMG_0800-1-1024x768-1-768x576.jpg 768w\" sizes=\"auto, (max-width: 1024px) 100vw, 1024px\" \/><\/a><\/figure>\n\n\n\n<figure class=\"wp-block-image size-full\"><a href=\"https:\/\/tedenloesopreis.nl\/wp-content\/uploads\/2023\/12\/IMG_0797-1024x768-1.jpg\" target=\"_blank\" rel=\"noreferrer noopener\"><img loading=\"lazy\" decoding=\"async\" width=\"1024\" height=\"768\" src=\"https:\/\/tedenloesopreis.nl\/wp-content\/uploads\/2023\/12\/IMG_0797-1024x768-1.jpg\" alt=\"\" class=\"wp-image-9352\" srcset=\"https:\/\/tedenloesopreis.nl\/wp-content\/uploads\/2023\/12\/IMG_0797-1024x768-1.jpg 1024w, https:\/\/tedenloesopreis.nl\/wp-content\/uploads\/2023\/12\/IMG_0797-1024x768-1-300x225.jpg 300w, https:\/\/tedenloesopreis.nl\/wp-content\/uploads\/2023\/12\/IMG_0797-1024x768-1-768x576.jpg 768w\" sizes=\"auto, (max-width: 1024px) 100vw, 1024px\" \/><\/a><figcaption class=\"wp-element-caption\"><em>het aquaduct van Peg\u00f5es<\/em><\/figcaption><\/figure>\n<\/div>\n\n\n\n<div class=\"wp-block-column is-layout-flow wp-block-column-is-layout-flow\">\n<figure class=\"wp-block-image size-full\"><a href=\"https:\/\/tedenloesopreis.nl\/wp-content\/uploads\/2023\/12\/IMG_0798-1024x768-2.jpg\" target=\"_blank\" rel=\"noreferrer noopener\"><img loading=\"lazy\" decoding=\"async\" width=\"1024\" height=\"768\" src=\"https:\/\/tedenloesopreis.nl\/wp-content\/uploads\/2023\/12\/IMG_0798-1024x768-2.jpg\" alt=\"\" class=\"wp-image-9353\" srcset=\"https:\/\/tedenloesopreis.nl\/wp-content\/uploads\/2023\/12\/IMG_0798-1024x768-2.jpg 1024w, https:\/\/tedenloesopreis.nl\/wp-content\/uploads\/2023\/12\/IMG_0798-1024x768-2-300x225.jpg 300w, https:\/\/tedenloesopreis.nl\/wp-content\/uploads\/2023\/12\/IMG_0798-1024x768-2-768x576.jpg 768w\" sizes=\"auto, (max-width: 1024px) 100vw, 1024px\" \/><\/a><\/figure>\n\n\n\n<figure class=\"wp-block-image size-full\"><a href=\"https:\/\/tedenloesopreis.nl\/wp-content\/uploads\/2023\/12\/IMG_0801-1-1024x768-1.jpg\" target=\"_blank\" rel=\"noreferrer noopener\"><img loading=\"lazy\" decoding=\"async\" width=\"1024\" height=\"768\" src=\"https:\/\/tedenloesopreis.nl\/wp-content\/uploads\/2023\/12\/IMG_0801-1-1024x768-1.jpg\" alt=\"\" class=\"wp-image-9355\" srcset=\"https:\/\/tedenloesopreis.nl\/wp-content\/uploads\/2023\/12\/IMG_0801-1-1024x768-1.jpg 1024w, https:\/\/tedenloesopreis.nl\/wp-content\/uploads\/2023\/12\/IMG_0801-1-1024x768-1-300x225.jpg 300w, https:\/\/tedenloesopreis.nl\/wp-content\/uploads\/2023\/12\/IMG_0801-1-1024x768-1-768x576.jpg 768w\" sizes=\"auto, (max-width: 1024px) 100vw, 1024px\" \/><\/a><figcaption class=\"wp-element-caption\"><em>het aquaduct van Peg\u00f5es<\/em><\/figcaption><\/figure>\n<\/div>\n<\/div>\n\n\n\n<div class=\"wp-block-columns is-layout-flex wp-container-core-columns-is-layout-9d6595d7 wp-block-columns-is-layout-flex\">\n<div class=\"wp-block-column is-layout-flow wp-block-column-is-layout-flow\" style=\"flex-basis:33.33%\">\n<figure class=\"wp-block-image size-full\"><a href=\"https:\/\/tedenloesopreis.nl\/wp-content\/uploads\/2023\/12\/IMG_0803-1024x768-1.jpg\" target=\"_blank\" rel=\"noreferrer noopener\"><img loading=\"lazy\" decoding=\"async\" width=\"1024\" height=\"768\" src=\"https:\/\/tedenloesopreis.nl\/wp-content\/uploads\/2023\/12\/IMG_0803-1024x768-1.jpg\" alt=\"\" class=\"wp-image-9356\" srcset=\"https:\/\/tedenloesopreis.nl\/wp-content\/uploads\/2023\/12\/IMG_0803-1024x768-1.jpg 1024w, https:\/\/tedenloesopreis.nl\/wp-content\/uploads\/2023\/12\/IMG_0803-1024x768-1-300x225.jpg 300w, https:\/\/tedenloesopreis.nl\/wp-content\/uploads\/2023\/12\/IMG_0803-1024x768-1-768x576.jpg 768w\" sizes=\"auto, (max-width: 1024px) 100vw, 1024px\" \/><\/a><figcaption class=\"wp-element-caption\"><em>lunch op de camperplaats van Tomar<\/em><\/figcaption><\/figure>\n<\/div>\n\n\n\n<div class=\"wp-block-column is-layout-flow wp-block-column-is-layout-flow\" style=\"flex-basis:66.66%\">\n<p>We rijden Tomar in, om te lunchen op de plaatselijke camperplaats (de voormalige stadscamping).<\/p>\n<\/div>\n<\/div>\n\n\n\n<div class=\"wp-block-columns is-layout-flex wp-container-core-columns-is-layout-9d6595d7 wp-block-columns-is-layout-flex\">\n<div class=\"wp-block-column is-layout-flow wp-block-column-is-layout-flow\" style=\"flex-basis:33.33%\"><\/div>\n\n\n\n<div class=\"wp-block-column is-layout-flow wp-block-column-is-layout-flow\" style=\"flex-basis:66.66%\">\n<p>Na de lunch rijden we door naar Vendas de Maria, een groepje huizen aan de N110 tussen Tomar en Coimbra. Daar staat het Portugese huis van Toon van de Kerkhof en zijn Portugese vrouw Paula (Paula is in Vendas de Maria geboren en opgegroeid). Toon is een oud-collega van Ted. We worden zeer hartelijk ontvangen, stellen de camper op in een van de wijngaarden, naast het huis van de vader van Paula, maken een rondje over het terrein, krijgen een cursus wijnbouw, zitten gezellig te borrelen &nbsp;en genieten een voortreffelijke originele Portugese maaltijd (arroz de pato, grelos en meloen), rijkelijk vergezeld van prima Portugese wijnen.<\/p>\n<\/div>\n<\/div>\n\n\n\n<div style=\"height:35px\" aria-hidden=\"true\" class=\"wp-block-spacer\"><\/div>\n\n\n\n<div class=\"wp-block-columns is-layout-flex wp-container-core-columns-is-layout-9d6595d7 wp-block-columns-is-layout-flex\">\n<div class=\"wp-block-column is-layout-flow wp-block-column-is-layout-flow\">\n<p class=\"has-orange-background-color has-background\" id=\"dag31\"><\/p>\n<\/div>\n<\/div>\n\n\n\n<div class=\"wp-block-columns is-layout-flex wp-container-core-columns-is-layout-9d6595d7 wp-block-columns-is-layout-flex\">\n<div class=\"wp-block-column is-layout-flow wp-block-column-is-layout-flow\" style=\"flex-basis:33.33%\">\n<p class=\"has-small-font-size\"><a href=\"#titel\">top<\/a><\/p>\n<\/div>\n\n\n\n<div class=\"wp-block-column is-layout-flow wp-block-column-is-layout-flow\" style=\"flex-basis:66.66%\">\n<p><strong>ANDERS DAN VERWACHT<\/strong><br>dag 31 &nbsp; &nbsp; &nbsp; ma 3 juni 2019<br><a href=\"https:\/\/www.google.com\/maps\/d\/viewer?mid=10P4O0rlqPkw2Nne4jlB3XuUXSalHLGpK&amp;ll=40.04696119852218%2C-8.46705888886266&amp;z=11\" target=\"_blank\" rel=\"noreferrer noopener\">Vendas de Maria \u2013 Coimbra<\/a>&nbsp; &nbsp; &nbsp; &nbsp;58&nbsp;km<\/p>\n<\/div>\n<\/div>\n\n\n\n<div style=\"height:20px\" aria-hidden=\"true\" class=\"wp-block-spacer\"><\/div>\n\n\n\n<div class=\"wp-block-columns is-layout-flex wp-container-core-columns-is-layout-9d6595d7 wp-block-columns-is-layout-flex\">\n<div class=\"wp-block-column is-layout-flow wp-block-column-is-layout-flow\" style=\"flex-basis:33.33%\">\n<figure class=\"wp-block-image size-full\"><a href=\"https:\/\/tedenloesopreis.nl\/wp-content\/uploads\/2023\/12\/IMG_0819-1024x768-1.jpg\" target=\"_blank\" rel=\"noreferrer noopener\"><img loading=\"lazy\" decoding=\"async\" width=\"1024\" height=\"768\" src=\"https:\/\/tedenloesopreis.nl\/wp-content\/uploads\/2023\/12\/IMG_0819-1024x768-1.jpg\" alt=\"\" class=\"wp-image-9359\" srcset=\"https:\/\/tedenloesopreis.nl\/wp-content\/uploads\/2023\/12\/IMG_0819-1024x768-1.jpg 1024w, https:\/\/tedenloesopreis.nl\/wp-content\/uploads\/2023\/12\/IMG_0819-1024x768-1-300x225.jpg 300w, https:\/\/tedenloesopreis.nl\/wp-content\/uploads\/2023\/12\/IMG_0819-1024x768-1-768x576.jpg 768w\" sizes=\"auto, (max-width: 1024px) 100vw, 1024px\" \/><\/a><figcaption class=\"wp-element-caption\"><em>op de camping van Coimbra<\/em><\/figcaption><\/figure>\n<\/div>\n\n\n\n<div class=\"wp-block-column is-layout-flow wp-block-column-is-layout-flow\" style=\"flex-basis:66.66%\">\n<p>Na koffie met Portugese cake nemen we afscheid van Toon en Paula. De fles wijn zal moeten wachten: de oogst van 2018 was een mislukking, de oogst van 2017 ligt in Nederland.&nbsp;<\/p>\n\n\n\n<p>Ruim voor lunchtijd zijn we in Coimbra (we volgen de IC3 over Condeixa-a-Nova). De oude stad ziet er van een afstand veelbelovend uit. We rijden naar de plaatselijke&nbsp;<a href=\"https:\/\/www.campercontact.com\/nl\/portugal\/coimbra\/coimbra\/10003\/camping-parque-municipal-de-campismo\" target=\"_blank\" rel=\"noreferrer noopener\">gemeentecamping<\/a>&nbsp;en gaan vandaar met de bus naar het centrum. De wijken rond het oude centrum zijn niet indrukwekkend. Er is veel verkeer met veel herrie. De smalle straatjes van de oude stad zijn rommelig en druk. De oude universiteit oogt streng maar saai. De toegang tot de bibliotheek is uitverkocht. De nieuwere gebouwen van de universiteit zijn vrij eentonig van karakter. De nieuwe kathedraal is er een van 12 in een dozijn. Waarom is de ANWB dan zo enthousiast over Coimbra? Op de routekaart is het immers oranje-gekleurd, dus van grote toeristische waarde. En van een afstand ziet de oude stad er uitnodigend uit. De hoge verwachtingen zijn niet waargemaakt.&nbsp;<\/p>\n\n\n\n<p>Zijn er dan geen vrolijke geluiden? Toch wel. De rit met het elektrische busje naar boven, door die drukke smalle straatjes, is als een heuse kermisattractie. De oude kathedraal en het naastgelegen klooster zijn streng gotisch en daarmee indrukwekkend.<\/p>\n<\/div>\n<\/div>\n\n\n\n<div class=\"wp-block-columns is-layout-flex wp-container-core-columns-is-layout-9d6595d7 wp-block-columns-is-layout-flex\">\n<div class=\"wp-block-column is-layout-flow wp-block-column-is-layout-flow\"><\/div>\n\n\n\n<div class=\"wp-block-column is-layout-flow wp-block-column-is-layout-flow\">\n<figure class=\"wp-block-image size-full\"><a href=\"https:\/\/tedenloesopreis.nl\/wp-content\/uploads\/2023\/12\/IMG_0804-1024x768-1.jpg\" target=\"_blank\" rel=\"noreferrer noopener\"><img loading=\"lazy\" decoding=\"async\" width=\"1024\" height=\"768\" src=\"https:\/\/tedenloesopreis.nl\/wp-content\/uploads\/2023\/12\/IMG_0804-1024x768-1.jpg\" alt=\"\" class=\"wp-image-9360\" srcset=\"https:\/\/tedenloesopreis.nl\/wp-content\/uploads\/2023\/12\/IMG_0804-1024x768-1.jpg 1024w, https:\/\/tedenloesopreis.nl\/wp-content\/uploads\/2023\/12\/IMG_0804-1024x768-1-300x225.jpg 300w, https:\/\/tedenloesopreis.nl\/wp-content\/uploads\/2023\/12\/IMG_0804-1024x768-1-768x576.jpg 768w\" sizes=\"auto, (max-width: 1024px) 100vw, 1024px\" \/><\/a><figcaption class=\"wp-element-caption\"><em>de oude kathedraal van Coimbra<\/em><\/figcaption><\/figure>\n<\/div>\n\n\n\n<div class=\"wp-block-column is-layout-flow wp-block-column-is-layout-flow\">\n<figure class=\"wp-block-image size-full\"><a href=\"https:\/\/tedenloesopreis.nl\/wp-content\/uploads\/2023\/12\/IMG_0806-1024x768-1.jpg\" target=\"_blank\" rel=\"noreferrer noopener\"><img loading=\"lazy\" decoding=\"async\" width=\"1024\" height=\"768\" src=\"https:\/\/tedenloesopreis.nl\/wp-content\/uploads\/2023\/12\/IMG_0806-1024x768-1.jpg\" alt=\"\" class=\"wp-image-9361\" srcset=\"https:\/\/tedenloesopreis.nl\/wp-content\/uploads\/2023\/12\/IMG_0806-1024x768-1.jpg 1024w, https:\/\/tedenloesopreis.nl\/wp-content\/uploads\/2023\/12\/IMG_0806-1024x768-1-300x225.jpg 300w, https:\/\/tedenloesopreis.nl\/wp-content\/uploads\/2023\/12\/IMG_0806-1024x768-1-768x576.jpg 768w\" sizes=\"auto, (max-width: 1024px) 100vw, 1024px\" \/><\/a><figcaption class=\"wp-element-caption\"><em>de oude kathedraal van Coimbra<\/em><\/figcaption><\/figure>\n<\/div>\n<\/div>\n\n\n\n<div class=\"wp-block-columns is-layout-flex wp-container-core-columns-is-layout-9d6595d7 wp-block-columns-is-layout-flex\">\n<div class=\"wp-block-column is-layout-flow wp-block-column-is-layout-flow\">\n<figure class=\"wp-block-image size-full\"><a href=\"https:\/\/tedenloesopreis.nl\/wp-content\/uploads\/2023\/12\/IMG_0810-768x1024-1.jpg\" target=\"_blank\" rel=\"noreferrer noopener\"><img loading=\"lazy\" decoding=\"async\" width=\"768\" height=\"1024\" src=\"https:\/\/tedenloesopreis.nl\/wp-content\/uploads\/2023\/12\/IMG_0810-768x1024-1.jpg\" alt=\"\" class=\"wp-image-9362\" srcset=\"https:\/\/tedenloesopreis.nl\/wp-content\/uploads\/2023\/12\/IMG_0810-768x1024-1.jpg 768w, https:\/\/tedenloesopreis.nl\/wp-content\/uploads\/2023\/12\/IMG_0810-768x1024-1-225x300.jpg 225w\" sizes=\"auto, (max-width: 768px) 100vw, 768px\" \/><\/a><figcaption class=\"wp-element-caption\"><em>de oude kathedraal van Coimbra<\/em><\/figcaption><\/figure>\n<\/div>\n\n\n\n<div class=\"wp-block-column is-layout-flow wp-block-column-is-layout-flow\">\n<figure class=\"wp-block-image size-full\"><a href=\"https:\/\/tedenloesopreis.nl\/wp-content\/uploads\/2023\/12\/IMG_0808-768x1024-1.jpg\" target=\"_blank\" rel=\"noreferrer noopener\"><img loading=\"lazy\" decoding=\"async\" width=\"768\" height=\"1024\" src=\"https:\/\/tedenloesopreis.nl\/wp-content\/uploads\/2023\/12\/IMG_0808-768x1024-1.jpg\" alt=\"\" class=\"wp-image-9363\" srcset=\"https:\/\/tedenloesopreis.nl\/wp-content\/uploads\/2023\/12\/IMG_0808-768x1024-1.jpg 768w, https:\/\/tedenloesopreis.nl\/wp-content\/uploads\/2023\/12\/IMG_0808-768x1024-1-225x300.jpg 225w\" sizes=\"auto, (max-width: 768px) 100vw, 768px\" \/><\/a><figcaption class=\"wp-element-caption\"><em>de oude kathedraal van Coimbra<\/em><\/figcaption><\/figure>\n<\/div>\n\n\n\n<div class=\"wp-block-column is-layout-flow wp-block-column-is-layout-flow\">\n<figure class=\"wp-block-image size-full\"><a href=\"https:\/\/tedenloesopreis.nl\/wp-content\/uploads\/2023\/12\/IMG_0813-768x1024-1.jpg\" target=\"_blank\" rel=\"noreferrer noopener\"><img loading=\"lazy\" decoding=\"async\" width=\"768\" height=\"1024\" src=\"https:\/\/tedenloesopreis.nl\/wp-content\/uploads\/2023\/12\/IMG_0813-768x1024-1.jpg\" alt=\"\" class=\"wp-image-9364\" srcset=\"https:\/\/tedenloesopreis.nl\/wp-content\/uploads\/2023\/12\/IMG_0813-768x1024-1.jpg 768w, https:\/\/tedenloesopreis.nl\/wp-content\/uploads\/2023\/12\/IMG_0813-768x1024-1-225x300.jpg 225w\" sizes=\"auto, (max-width: 768px) 100vw, 768px\" \/><\/a><figcaption class=\"wp-element-caption\"><em>kloostergang<\/em><\/figcaption><\/figure>\n<\/div>\n<\/div>\n\n\n\n<div class=\"wp-block-columns is-layout-flex wp-container-core-columns-is-layout-9d6595d7 wp-block-columns-is-layout-flex\">\n<div class=\"wp-block-column is-layout-flow wp-block-column-is-layout-flow\">\n<figure class=\"wp-block-image size-full\"><a href=\"https:\/\/tedenloesopreis.nl\/wp-content\/uploads\/2023\/12\/IMG_0815-1024x768-1.jpg\" target=\"_blank\" rel=\"noreferrer noopener\"><img loading=\"lazy\" decoding=\"async\" width=\"1024\" height=\"768\" src=\"https:\/\/tedenloesopreis.nl\/wp-content\/uploads\/2023\/12\/IMG_0815-1024x768-1.jpg\" alt=\"\" class=\"wp-image-9365\" srcset=\"https:\/\/tedenloesopreis.nl\/wp-content\/uploads\/2023\/12\/IMG_0815-1024x768-1.jpg 1024w, https:\/\/tedenloesopreis.nl\/wp-content\/uploads\/2023\/12\/IMG_0815-1024x768-1-300x225.jpg 300w, https:\/\/tedenloesopreis.nl\/wp-content\/uploads\/2023\/12\/IMG_0815-1024x768-1-768x576.jpg 768w\" sizes=\"auto, (max-width: 1024px) 100vw, 1024px\" \/><\/a><figcaption class=\"wp-element-caption\"><em>kloostertuin<\/em><\/figcaption><\/figure>\n<\/div>\n\n\n\n<div class=\"wp-block-column is-layout-flow wp-block-column-is-layout-flow\">\n<figure class=\"wp-block-image size-full\"><a href=\"https:\/\/tedenloesopreis.nl\/wp-content\/uploads\/2023\/12\/IMG_0816-768x1024-1.jpg\" target=\"_blank\" rel=\"noreferrer noopener\"><img loading=\"lazy\" decoding=\"async\" width=\"768\" height=\"1024\" src=\"https:\/\/tedenloesopreis.nl\/wp-content\/uploads\/2023\/12\/IMG_0816-768x1024-1.jpg\" alt=\"\" class=\"wp-image-9366\" srcset=\"https:\/\/tedenloesopreis.nl\/wp-content\/uploads\/2023\/12\/IMG_0816-768x1024-1.jpg 768w, https:\/\/tedenloesopreis.nl\/wp-content\/uploads\/2023\/12\/IMG_0816-768x1024-1-225x300.jpg 225w\" sizes=\"auto, (max-width: 768px) 100vw, 768px\" \/><\/a><figcaption class=\"wp-element-caption\"><em>onderweg naar de universiteit<\/em><\/figcaption><\/figure>\n<\/div>\n\n\n\n<div class=\"wp-block-column is-layout-flow wp-block-column-is-layout-flow\">\n<figure class=\"wp-block-image size-full\"><a href=\"https:\/\/tedenloesopreis.nl\/wp-content\/uploads\/2023\/12\/IMG_0817-1024x768-1.jpg\" target=\"_blank\" rel=\"noreferrer noopener\"><img loading=\"lazy\" decoding=\"async\" width=\"1024\" height=\"768\" src=\"https:\/\/tedenloesopreis.nl\/wp-content\/uploads\/2023\/12\/IMG_0817-1024x768-1.jpg\" alt=\"\" class=\"wp-image-9367\" srcset=\"https:\/\/tedenloesopreis.nl\/wp-content\/uploads\/2023\/12\/IMG_0817-1024x768-1.jpg 1024w, https:\/\/tedenloesopreis.nl\/wp-content\/uploads\/2023\/12\/IMG_0817-1024x768-1-300x225.jpg 300w, https:\/\/tedenloesopreis.nl\/wp-content\/uploads\/2023\/12\/IMG_0817-1024x768-1-768x576.jpg 768w\" sizes=\"auto, (max-width: 1024px) 100vw, 1024px\" \/><\/a><figcaption class=\"wp-element-caption\"><em>Coimbra, gezien vanaf de Pte. de Santa Clara<\/em><\/figcaption><\/figure>\n<\/div>\n<\/div>\n\n\n\n<div style=\"height:35px\" aria-hidden=\"true\" class=\"wp-block-spacer\"><\/div>\n\n\n\n<div class=\"wp-block-columns is-layout-flex wp-container-core-columns-is-layout-9d6595d7 wp-block-columns-is-layout-flex\">\n<div class=\"wp-block-column is-layout-flow wp-block-column-is-layout-flow\">\n<p class=\"has-orange-background-color has-background\" id=\"dag32\"><\/p>\n<\/div>\n<\/div>\n\n\n\n<div class=\"wp-block-columns is-layout-flex wp-container-core-columns-is-layout-9d6595d7 wp-block-columns-is-layout-flex\">\n<div class=\"wp-block-column is-layout-flow wp-block-column-is-layout-flow\" style=\"flex-basis:33.33%\">\n<p class=\"has-small-font-size\"><a href=\"#titel\">top<\/a><\/p>\n<\/div>\n\n\n\n<div class=\"wp-block-column is-layout-flow wp-block-column-is-layout-flow\" style=\"flex-basis:66.66%\">\n<p><strong>DE RUITENWISSERS STAAN AAN<\/strong><br>dag 32 &nbsp; &nbsp; &nbsp; di 4 juni 2019<br><a href=\"https:\/\/www.google.com\/maps\/d\/viewer?mid=1WaAArpmHg5b7BdjzEqTMUdhZURpL_XsW&amp;ll=40.56715456493243%2C-8.224688231820894&amp;z=10\" target=\"_blank\" rel=\"noreferrer noopener\">Coimbra \u2013 Casfreires<\/a>&nbsp; &nbsp; &nbsp; &nbsp;135&nbsp;km<\/p>\n<\/div>\n<\/div>\n\n\n\n<div style=\"height:20px\" aria-hidden=\"true\" class=\"wp-block-spacer\"><\/div>\n\n\n\n<div class=\"wp-block-columns is-layout-flex wp-container-core-columns-is-layout-9d6595d7 wp-block-columns-is-layout-flex\">\n<div class=\"wp-block-column is-layout-flow wp-block-column-is-layout-flow\" style=\"flex-basis:33.33%\">\n<figure class=\"wp-block-image size-full\"><a href=\"https:\/\/tedenloesopreis.nl\/wp-content\/uploads\/2023\/12\/IMG_0213-1024x768-1.jpeg\" target=\"_blank\" rel=\"noreferrer noopener\"><img loading=\"lazy\" decoding=\"async\" width=\"1024\" height=\"768\" src=\"https:\/\/tedenloesopreis.nl\/wp-content\/uploads\/2023\/12\/IMG_0213-1024x768-1.jpeg\" alt=\"\" class=\"wp-image-9370\" srcset=\"https:\/\/tedenloesopreis.nl\/wp-content\/uploads\/2023\/12\/IMG_0213-1024x768-1.jpeg 1024w, https:\/\/tedenloesopreis.nl\/wp-content\/uploads\/2023\/12\/IMG_0213-1024x768-1-300x225.jpeg 300w, https:\/\/tedenloesopreis.nl\/wp-content\/uploads\/2023\/12\/IMG_0213-1024x768-1-768x576.jpeg 768w\" sizes=\"auto, (max-width: 1024px) 100vw, 1024px\" \/><\/a><figcaption class=\"wp-element-caption\">&#8216;<em>s-middags klaart het op, dus gaat de luifel uit<\/em><\/figcaption><\/figure>\n<\/div>\n\n\n\n<div class=\"wp-block-column is-layout-flow wp-block-column-is-layout-flow\" style=\"flex-basis:66.66%\">\n<p>Het hele stuk van Coimbra naar Viseu (IP3) hebben de ruitenwissers het druk. In Viseu zwaaien we naar de kathedraal (we waren hier de vorige keer ook al eens) en nemen we de N229 naar S\u00e1t\u00e3o. Daar in de buurt, in het plaatsje Casfreires, staan we op camping&nbsp;<a href=\"https:\/\/www.campercontact.com\/nl\/portugal\/viseu\/casfreires-ferreira-de-aves-satao\/27961\/quinta-chave-grande\" target=\"_blank\" rel=\"noreferrer noopener\">Quinta Chave Grande<\/a>. Lydia, de eigenaresse, is een Portugese die verrassend goed Nederlands spreekt. Dat komt, omdat ze bij de vorige eigenaar, een Nederlander, in dienst is geweest.&nbsp;<\/p>\n\n\n\n<p>Morgen houden we hier een rustdag. De camping leent zich daar zeker toe.<\/p>\n<\/div>\n<\/div>\n\n\n\n<div style=\"height:35px\" aria-hidden=\"true\" class=\"wp-block-spacer\"><\/div>\n\n\n\n<div class=\"wp-block-columns is-layout-flex wp-container-core-columns-is-layout-9d6595d7 wp-block-columns-is-layout-flex\">\n<div class=\"wp-block-column is-layout-flow wp-block-column-is-layout-flow\">\n<p class=\"has-orange-background-color has-background\" id=\"dag33\"><\/p>\n<\/div>\n<\/div>\n\n\n\n<div class=\"wp-block-columns is-layout-flex wp-container-core-columns-is-layout-9d6595d7 wp-block-columns-is-layout-flex\">\n<div class=\"wp-block-column is-layout-flow wp-block-column-is-layout-flow\" style=\"flex-basis:33.33%\">\n<p class=\"has-small-font-size\"><a href=\"#titel\">top<\/a><\/p>\n<\/div>\n\n\n\n<div class=\"wp-block-column is-layout-flow wp-block-column-is-layout-flow\" style=\"flex-basis:66.66%\">\n<p><strong>DAT SCHEELT EEN JAS<\/strong><br>dag 33 &nbsp; &nbsp; &nbsp; wo 5 juni 2019<br>Casfreires&nbsp; &nbsp; &nbsp; &nbsp;0&nbsp;km<\/p>\n<\/div>\n<\/div>\n\n\n\n<div style=\"height:20px\" aria-hidden=\"true\" class=\"wp-block-spacer\"><\/div>\n\n\n\n<div class=\"wp-block-columns is-layout-flex wp-container-core-columns-is-layout-9d6595d7 wp-block-columns-is-layout-flex\">\n<div class=\"wp-block-column is-layout-flow wp-block-column-is-layout-flow\" style=\"flex-basis:33.33%\">\n<figure class=\"wp-block-image size-full\"><a href=\"https:\/\/tedenloesopreis.nl\/wp-content\/uploads\/2023\/12\/IMG_0216-1024x768-1.jpeg\" target=\"_blank\" rel=\"noreferrer noopener\"><img loading=\"lazy\" decoding=\"async\" width=\"1024\" height=\"768\" src=\"https:\/\/tedenloesopreis.nl\/wp-content\/uploads\/2023\/12\/IMG_0216-1024x768-1.jpeg\" alt=\"\" class=\"wp-image-9372\" srcset=\"https:\/\/tedenloesopreis.nl\/wp-content\/uploads\/2023\/12\/IMG_0216-1024x768-1.jpeg 1024w, https:\/\/tedenloesopreis.nl\/wp-content\/uploads\/2023\/12\/IMG_0216-1024x768-1-300x225.jpeg 300w, https:\/\/tedenloesopreis.nl\/wp-content\/uploads\/2023\/12\/IMG_0216-1024x768-1-768x576.jpeg 768w\" sizes=\"auto, (max-width: 1024px) 100vw, 1024px\" \/><\/a><figcaption class=\"wp-element-caption\"><em>meteorologische dip, dus de luifel kan weer dicht<\/em><\/figcaption><\/figure>\n<\/div>\n\n\n\n<div class=\"wp-block-column is-layout-flow wp-block-column-is-layout-flow\" style=\"flex-basis:66.66%\">\n<p>Was het in Coimbra nog in de 30\u00b0, we zitten inmiddels in een meteorologische dip. Het is vandaag 14\u00b0. Gisterenavond hebben we de ventilator ingeruild voor het keramische kacheltje. Dat springt, met de thermostaat op 20\u00b0, geregeld aan.&nbsp;<\/p>\n\n\n\n<p>We overwegen om naar het winkeltje in Lamas de Ferreira te fietsen, maar de luierbui is sterker: we doen vandaag maar weer een greep in de blikken noodvoorraad.<\/p>\n<\/div>\n<\/div>\n\n\n\n<div style=\"height:35px\" aria-hidden=\"true\" class=\"wp-block-spacer\"><\/div>\n\n\n\n<div class=\"wp-block-columns is-layout-flex wp-container-core-columns-is-layout-9d6595d7 wp-block-columns-is-layout-flex\">\n<div class=\"wp-block-column is-layout-flow wp-block-column-is-layout-flow\">\n<p class=\"has-orange-background-color has-background\" id=\"dag34\"><\/p>\n<\/div>\n<\/div>\n\n\n\n<div class=\"wp-block-columns is-layout-flex wp-container-core-columns-is-layout-9d6595d7 wp-block-columns-is-layout-flex\">\n<div class=\"wp-block-column is-layout-flow wp-block-column-is-layout-flow\" style=\"flex-basis:33.33%\">\n<p class=\"has-small-font-size\"><a href=\"#titel\">top<\/a><\/p>\n<\/div>\n\n\n\n<div class=\"wp-block-column is-layout-flow wp-block-column-is-layout-flow\" style=\"flex-basis:66.66%\">\n<p><strong>AAN DE DOURO<\/strong><br>dag 34 &nbsp; &nbsp; &nbsp; do 6 juni 2019<br><a href=\"https:\/\/www.google.com\/maps\/d\/viewer?mid=1BV8HuNc5t3vWB32gxbNbSkSE4NweB2ox&amp;ll=41.0050353728471%2C-7.677665534969149&amp;z=11\" target=\"_blank\" rel=\"noreferrer noopener\">Casfreires \u2013 Lamego<\/a>&nbsp; &nbsp; &nbsp; &nbsp;118&nbsp;km<\/p>\n<\/div>\n<\/div>\n\n\n\n<div style=\"height:20px\" aria-hidden=\"true\" class=\"wp-block-spacer\"><\/div>\n\n\n\n<div class=\"wp-block-columns is-layout-flex wp-container-core-columns-is-layout-9d6595d7 wp-block-columns-is-layout-flex\">\n<div class=\"wp-block-column is-layout-flow wp-block-column-is-layout-flow\" style=\"flex-basis:33.33%\">\n<figure class=\"wp-block-image size-full\"><a href=\"https:\/\/tedenloesopreis.nl\/wp-content\/uploads\/2023\/12\/IMG_0848-1024x768-1.jpg\" target=\"_blank\" rel=\"noreferrer noopener\"><img loading=\"lazy\" decoding=\"async\" width=\"1024\" height=\"768\" src=\"https:\/\/tedenloesopreis.nl\/wp-content\/uploads\/2023\/12\/IMG_0848-1024x768-1.jpg\" alt=\"\" class=\"wp-image-9382\" srcset=\"https:\/\/tedenloesopreis.nl\/wp-content\/uploads\/2023\/12\/IMG_0848-1024x768-1.jpg 1024w, https:\/\/tedenloesopreis.nl\/wp-content\/uploads\/2023\/12\/IMG_0848-1024x768-1-300x225.jpg 300w, https:\/\/tedenloesopreis.nl\/wp-content\/uploads\/2023\/12\/IMG_0848-1024x768-1-768x576.jpg 768w\" sizes=\"auto, (max-width: 1024px) 100vw, 1024px\" \/><\/a><figcaption class=\"wp-element-caption\"><em>op de camping van Lamego<\/em><\/figcaption><\/figure>\n<\/div>\n\n\n\n<div class=\"wp-block-column is-layout-flow wp-block-column-is-layout-flow\" style=\"flex-basis:66.66%\">\n<p>We staan, na een rit van 118 km, op een kleine&nbsp;<a href=\"https:\/\/www.campercontact.com\/nl\/portugal\/viseu\/lamego\/22148\/lamego\" target=\"_blank\" rel=\"noreferrer noopener\">camping in Lamego<\/a>. Eigenlijk is het een luxe camperplaats.<\/p>\n\n\n\n<p>Het weerbericht heeft gisteren beloofd, dat het vandaag voortdurend regent. De camping bij Casfreires is weliswaar uitstekend geoutilleerd, maar op de een of andere manier staan we niet te trappelen om er nog een tweede dag te blijven.&nbsp;<\/p>\n\n\n\n<p>Vanochtend blijkt het weer best wel mee te vallen, dus we vertrekken op tijd. Mocht het weer in de loop van de dag erg vervelend worden, dan is er onderweg vast wel een plekje voor een overnachting te vinden. Welnu, pas nadat we ons laat in de middag installeren op de camping van Lamego, begint het te gieten.&nbsp;<\/p>\n\n\n\n<p>We rijden van de camping in Casfreires een stukje terug tot aan de M581. Die volgen we in noordoostelijke richting tot aan de N226. Daar rijden we richting Moimenta de Beira, waar we de N323 richting Pinh\u00e3o opdraaien. Deze weg gaat door een serra waarvan we de naam niet weten, maar het is er prachtig: flinke hellingen, diepe kloven, kleine dorpjes, zowel hoog tegen de helling als diep in de kloof. Uiteindelijk dalen we langs de oever van de Rio T\u00e1vora af naar de Douro. Het is duidelijk waarneembaar, dat we de Douro naderen: steeds vaker zien we wijngaarden.<\/p>\n<\/div>\n<\/div>\n\n\n\n<div class=\"wp-block-columns is-layout-flex wp-container-core-columns-is-layout-9d6595d7 wp-block-columns-is-layout-flex\">\n<div class=\"wp-block-column is-layout-flow wp-block-column-is-layout-flow\">\n<figure class=\"wp-block-image size-full\"><a href=\"https:\/\/tedenloesopreis.nl\/wp-content\/uploads\/2023\/12\/IMG_0822-1024x768-1.jpg\" target=\"_blank\" rel=\"noreferrer noopener\"><img loading=\"lazy\" decoding=\"async\" width=\"1024\" height=\"768\" src=\"https:\/\/tedenloesopreis.nl\/wp-content\/uploads\/2023\/12\/IMG_0822-1024x768-1.jpg\" alt=\"\" class=\"wp-image-9375\" srcset=\"https:\/\/tedenloesopreis.nl\/wp-content\/uploads\/2023\/12\/IMG_0822-1024x768-1.jpg 1024w, https:\/\/tedenloesopreis.nl\/wp-content\/uploads\/2023\/12\/IMG_0822-1024x768-1-300x225.jpg 300w, https:\/\/tedenloesopreis.nl\/wp-content\/uploads\/2023\/12\/IMG_0822-1024x768-1-768x576.jpg 768w\" sizes=\"auto, (max-width: 1024px) 100vw, 1024px\" \/><\/a><figcaption class=\"wp-element-caption\"><em>op de N323<\/em><\/figcaption><\/figure>\n<\/div>\n\n\n\n<div class=\"wp-block-column is-layout-flow wp-block-column-is-layout-flow\">\n<figure class=\"wp-block-image size-full\"><a href=\"https:\/\/tedenloesopreis.nl\/wp-content\/uploads\/2023\/12\/IMG_0824-1024x768-2.jpg\" target=\"_blank\" rel=\"noreferrer noopener\"><img loading=\"lazy\" decoding=\"async\" width=\"1024\" height=\"768\" src=\"https:\/\/tedenloesopreis.nl\/wp-content\/uploads\/2023\/12\/IMG_0824-1024x768-2.jpg\" alt=\"\" class=\"wp-image-9376\" srcset=\"https:\/\/tedenloesopreis.nl\/wp-content\/uploads\/2023\/12\/IMG_0824-1024x768-2.jpg 1024w, https:\/\/tedenloesopreis.nl\/wp-content\/uploads\/2023\/12\/IMG_0824-1024x768-2-300x225.jpg 300w, https:\/\/tedenloesopreis.nl\/wp-content\/uploads\/2023\/12\/IMG_0824-1024x768-2-768x576.jpg 768w\" sizes=\"auto, (max-width: 1024px) 100vw, 1024px\" \/><\/a><figcaption class=\"wp-element-caption\"><em>op de N323<\/em><\/figcaption><\/figure>\n<\/div>\n\n\n\n<div class=\"wp-block-column is-layout-flow wp-block-column-is-layout-flow\">\n<figure class=\"wp-block-image size-full\"><a href=\"https:\/\/tedenloesopreis.nl\/wp-content\/uploads\/2023\/12\/IMG_0827-1024x768-1.jpg\" target=\"_blank\" rel=\"noreferrer noopener\"><img loading=\"lazy\" decoding=\"async\" width=\"1024\" height=\"768\" src=\"https:\/\/tedenloesopreis.nl\/wp-content\/uploads\/2023\/12\/IMG_0827-1024x768-1.jpg\" alt=\"\" class=\"wp-image-9377\" srcset=\"https:\/\/tedenloesopreis.nl\/wp-content\/uploads\/2023\/12\/IMG_0827-1024x768-1.jpg 1024w, https:\/\/tedenloesopreis.nl\/wp-content\/uploads\/2023\/12\/IMG_0827-1024x768-1-300x225.jpg 300w, https:\/\/tedenloesopreis.nl\/wp-content\/uploads\/2023\/12\/IMG_0827-1024x768-1-768x576.jpg 768w\" sizes=\"auto, (max-width: 1024px) 100vw, 1024px\" \/><\/a><figcaption class=\"wp-element-caption\"><em>langs de Rio T\u00e1vora<\/em><\/figcaption><\/figure>\n<\/div>\n<\/div>\n\n\n\n<div class=\"wp-block-columns is-layout-flex wp-container-core-columns-is-layout-9d6595d7 wp-block-columns-is-layout-flex\">\n<div class=\"wp-block-column is-layout-flow wp-block-column-is-layout-flow\" style=\"flex-basis:33.33%\"><\/div>\n\n\n\n<div class=\"wp-block-column is-layout-flow wp-block-column-is-layout-flow\" style=\"flex-basis:66.66%\">\n<p id=\"pinhao\">We volgen de Douro nog een stukje stroomopwaarts, tot aan Pinh\u00e3o. Dat is momenteel de eindhalte van de Douro-spoorlijn (welke helaas met sluiting wordt bedreigd). Er is, jammer genoeg, geen enkel spoor te bekennen van activiteit op het stationnetje, zodat we ons tevreden moeten stellen met het bekijken van de buitenkant van het stationsgebouw: het is, zowel aan de straat- als aan de spoorzijde, versierd met prachtige azulejos (tegeltableaus).<\/p>\n<\/div>\n<\/div>\n\n\n\n<div class=\"wp-block-columns is-layout-flex wp-container-core-columns-is-layout-9d6595d7 wp-block-columns-is-layout-flex\">\n<div class=\"wp-block-column is-layout-flow wp-block-column-is-layout-flow\"><\/div>\n\n\n\n<div class=\"wp-block-column is-layout-flow wp-block-column-is-layout-flow\">\n<figure class=\"wp-block-image size-full\"><a href=\"https:\/\/tedenloesopreis.nl\/wp-content\/uploads\/2023\/12\/IMG_0836-1-1024x768-1.jpg\" target=\"_blank\" rel=\"noreferrer noopener\"><img loading=\"lazy\" decoding=\"async\" width=\"1024\" height=\"768\" src=\"https:\/\/tedenloesopreis.nl\/wp-content\/uploads\/2023\/12\/IMG_0836-1-1024x768-1.jpg\" alt=\"\" class=\"wp-image-9378\" srcset=\"https:\/\/tedenloesopreis.nl\/wp-content\/uploads\/2023\/12\/IMG_0836-1-1024x768-1.jpg 1024w, https:\/\/tedenloesopreis.nl\/wp-content\/uploads\/2023\/12\/IMG_0836-1-1024x768-1-300x225.jpg 300w, https:\/\/tedenloesopreis.nl\/wp-content\/uploads\/2023\/12\/IMG_0836-1-1024x768-1-768x576.jpg 768w\" sizes=\"auto, (max-width: 1024px) 100vw, 1024px\" \/><\/a><figcaption class=\"wp-element-caption\"><em>het stationnetje van Pinh\u00e3o<\/em><\/figcaption><\/figure>\n<\/div>\n\n\n\n<div class=\"wp-block-column is-layout-flow wp-block-column-is-layout-flow\">\n<figure class=\"wp-block-image size-full\"><a href=\"https:\/\/tedenloesopreis.nl\/wp-content\/uploads\/2023\/12\/IMG_0831-1024x768-1.jpg\" target=\"_blank\" rel=\"noreferrer noopener\"><img loading=\"lazy\" decoding=\"async\" width=\"1024\" height=\"768\" src=\"https:\/\/tedenloesopreis.nl\/wp-content\/uploads\/2023\/12\/IMG_0831-1024x768-1.jpg\" alt=\"\" class=\"wp-image-9379\" srcset=\"https:\/\/tedenloesopreis.nl\/wp-content\/uploads\/2023\/12\/IMG_0831-1024x768-1.jpg 1024w, https:\/\/tedenloesopreis.nl\/wp-content\/uploads\/2023\/12\/IMG_0831-1024x768-1-300x225.jpg 300w, https:\/\/tedenloesopreis.nl\/wp-content\/uploads\/2023\/12\/IMG_0831-1024x768-1-768x576.jpg 768w\" sizes=\"auto, (max-width: 1024px) 100vw, 1024px\" \/><\/a><figcaption class=\"wp-element-caption\"><em>azulejo op het stationnetje van Pinh\u00e3o<\/em><\/figcaption><\/figure>\n<\/div>\n<\/div>\n\n\n\n<div class=\"wp-block-columns is-layout-flex wp-container-core-columns-is-layout-9d6595d7 wp-block-columns-is-layout-flex\">\n<div class=\"wp-block-column is-layout-flow wp-block-column-is-layout-flow\" style=\"flex-basis:33.33%\">\n<figure class=\"wp-block-image size-full\"><a href=\"https:\/\/tedenloesopreis.nl\/wp-content\/uploads\/2023\/12\/IMG_0839-1024x768-1.jpg\" target=\"_blank\" rel=\"noreferrer noopener\"><img loading=\"lazy\" decoding=\"async\" width=\"1024\" height=\"768\" src=\"https:\/\/tedenloesopreis.nl\/wp-content\/uploads\/2023\/12\/IMG_0839-1024x768-1.jpg\" alt=\"\" class=\"wp-image-9380\" srcset=\"https:\/\/tedenloesopreis.nl\/wp-content\/uploads\/2023\/12\/IMG_0839-1024x768-1.jpg 1024w, https:\/\/tedenloesopreis.nl\/wp-content\/uploads\/2023\/12\/IMG_0839-1024x768-1-300x225.jpg 300w, https:\/\/tedenloesopreis.nl\/wp-content\/uploads\/2023\/12\/IMG_0839-1024x768-1-768x576.jpg 768w\" sizes=\"auto, (max-width: 1024px) 100vw, 1024px\" \/><\/a><figcaption class=\"wp-element-caption\"><em>veel wijnbouw langs de Douro<\/em><\/figcaption><\/figure>\n<\/div>\n\n\n\n<div class=\"wp-block-column is-layout-flow wp-block-column-is-layout-flow\" style=\"flex-basis:66.66%\">\n<p>Dit deel van de Douro heeft redelijk flauw hellende oevers. Dat nodigt uit tot wijnbouw.<\/p>\n<\/div>\n<\/div>\n\n\n\n<div class=\"wp-block-columns is-layout-flex wp-container-core-columns-is-layout-9d6595d7 wp-block-columns-is-layout-flex\">\n<div class=\"wp-block-column is-layout-flow wp-block-column-is-layout-flow\" style=\"flex-basis:33.33%\">\n<figure class=\"wp-block-image size-full\"><a href=\"https:\/\/tedenloesopreis.nl\/wp-content\/uploads\/2023\/12\/IMG_0843-1-768x1024-1.jpg\" target=\"_blank\" rel=\"noreferrer noopener\"><img loading=\"lazy\" decoding=\"async\" width=\"768\" height=\"1024\" src=\"https:\/\/tedenloesopreis.nl\/wp-content\/uploads\/2023\/12\/IMG_0843-1-768x1024-1.jpg\" alt=\"\" class=\"wp-image-9381\" srcset=\"https:\/\/tedenloesopreis.nl\/wp-content\/uploads\/2023\/12\/IMG_0843-1-768x1024-1.jpg 768w, https:\/\/tedenloesopreis.nl\/wp-content\/uploads\/2023\/12\/IMG_0843-1-768x1024-1-225x300.jpg 225w\" sizes=\"auto, (max-width: 768px) 100vw, 768px\" \/><\/a><figcaption class=\"wp-element-caption\"><em>nog 20 meter omhoog te gaan<\/em><\/figcaption><\/figure>\n<\/div>\n\n\n\n<div class=\"wp-block-column is-layout-flow wp-block-column-is-layout-flow\" style=\"flex-basis:66.66%\">\n<p id=\"regua\">Van Pinh\u0101o rijden we stroomafwaarts. We stoppen nog even om de Barragem (stuwdam) da Regua te bekijken. Door deze dam ontstaat een hoogteverschil van maximaal 28,5 m. Omdat de Douro bevaarbaar moet zijn, is er ook een sluis aanwezig. Deze sluis overbrugt het hoogteverschil met \u00e9\u00e9n sluiskolk. We hebben nog nooit zo\u2019n diepe kolk gezien.<\/p>\n<\/div>\n<\/div>\n\n\n\n<div class=\"wp-block-columns is-layout-flex wp-container-core-columns-is-layout-9d6595d7 wp-block-columns-is-layout-flex\">\n<div class=\"wp-block-column is-layout-flow wp-block-column-is-layout-flow\" style=\"flex-basis:33.33%\"><\/div>\n\n\n\n<div class=\"wp-block-column is-layout-flow wp-block-column-is-layout-flow\" style=\"flex-basis:66.66%\">\n<p>We stoppen in Lamego, omdat het een van de oudste plaatsen van Portugal is, met verschillende bezienswaardigheden. Zo is daar een bijzonder fraaie kerk: het Santuario de Nossa Senhora dos Rem\u00e9dios, dat met een trappenwerk van 686 treden boven het stadje uittorent (en, naar men hier beweert, gemakkelijk kan wedijveren met de veel bekendere Bom Jesus do Monte bij Braga; we zullen het zien).&nbsp;<\/p>\n\n\n\n<p>Het plan is, om er vanmiddag nog naar toe te lopen, maar de regen gooit roet in het eten. Waarschijnlijk gaan we morgenvroeg.<\/p>\n<\/div>\n<\/div>\n\n\n\n<div style=\"height:35px\" aria-hidden=\"true\" class=\"wp-block-spacer\"><\/div>\n\n\n\n<div class=\"wp-block-columns is-layout-flex wp-container-core-columns-is-layout-9d6595d7 wp-block-columns-is-layout-flex\">\n<div class=\"wp-block-column is-layout-flow wp-block-column-is-layout-flow\">\n<p class=\"has-orange-background-color has-background\" id=\"dag35\"><\/p>\n<\/div>\n<\/div>\n\n\n\n<div class=\"wp-block-columns is-layout-flex wp-container-core-columns-is-layout-9d6595d7 wp-block-columns-is-layout-flex\">\n<div class=\"wp-block-column is-layout-flow wp-block-column-is-layout-flow\" style=\"flex-basis:33.33%\">\n<p class=\"has-small-font-size\"><a href=\"#titel\">top<\/a><\/p>\n<\/div>\n\n\n\n<div class=\"wp-block-column is-layout-flow wp-block-column-is-layout-flow\" style=\"flex-basis:66.66%\">\n<p><strong>EEN TRAP MET 686 TREDEN<\/strong><br>dag 35 &nbsp; &nbsp; &nbsp; vr 7 juni 2019<br>Lamego&nbsp; &nbsp; &nbsp; &nbsp;0&nbsp;km<\/p>\n<\/div>\n<\/div>\n\n\n\n<div style=\"height:20px\" aria-hidden=\"true\" class=\"wp-block-spacer\"><\/div>\n\n\n\n<div class=\"wp-block-columns is-layout-flex wp-container-core-columns-is-layout-9d6595d7 wp-block-columns-is-layout-flex\">\n<div class=\"wp-block-column is-layout-flow wp-block-column-is-layout-flow\" style=\"flex-basis:33.33%\">\n<figure class=\"wp-block-image size-full\"><a href=\"https:\/\/tedenloesopreis.nl\/wp-content\/uploads\/2023\/12\/IMG_0846-1024x768-1.jpg\" target=\"_blank\" rel=\"noreferrer noopener\"><img loading=\"lazy\" decoding=\"async\" width=\"1024\" height=\"768\" src=\"https:\/\/tedenloesopreis.nl\/wp-content\/uploads\/2023\/12\/IMG_0846-1024x768-1.jpg\" alt=\"\" class=\"wp-image-9385\" srcset=\"https:\/\/tedenloesopreis.nl\/wp-content\/uploads\/2023\/12\/IMG_0846-1024x768-1.jpg 1024w, https:\/\/tedenloesopreis.nl\/wp-content\/uploads\/2023\/12\/IMG_0846-1024x768-1-300x225.jpg 300w, https:\/\/tedenloesopreis.nl\/wp-content\/uploads\/2023\/12\/IMG_0846-1024x768-1-768x576.jpg 768w\" sizes=\"auto, (max-width: 1024px) 100vw, 1024px\" \/><\/a><figcaption class=\"wp-element-caption\"><em>uitzicht vanaf de camping<\/em><\/figcaption><\/figure>\n<\/div>\n\n\n\n<div class=\"wp-block-column is-layout-flow wp-block-column-is-layout-flow\" style=\"flex-basis:66.66%\">\n<p>Er zijn twee redenen om nog een dagje in Lamego te blijven:&nbsp;<br>1. het is iets te veel sjouwwerk om in de ochtend snel even Lamego te doen om daarna via de Douro-route naar Porto te jakkeren,&nbsp;<br>2. nu het Nederlands voetbalelftal van Engeland heeft gewonnen, en daardoor op zondag in Porto de finale speelt van de Nations Cup, lijkt het ons wel iets hebben om op zondag de sfeer in Porto te proeven (ipv op de geplande zaterdag); Ted heeft zijn oranje bretels bij zich, en we zijn aan het brainstormen, wat we kunnen doen met vier oranje kussenslopen.&nbsp;<\/p>\n\n\n\n<p>We lopen vanochtend naar het Santu\u00e1rio de Nossa Senhora dos Rem\u00e9dios. Dat is betrekkelijk dicht bij de achteruitgang van de camping (pakweg 700 meter) en min of meer op dezelfde hoogte.&nbsp;<\/p>\n\n\n\n<p>De kerk is barok. Er is behoorlijk wat met bladgoud gestrooid, vooral bij het monumentale altaarstuk, en er zijn enige fraaie azulejos langs de wanden. Centraal in het altaarstuk bevindt zich de Senhora die door menig bedevaartganger wordt aangeroepen ter verlichting van de noden (vandaar de naam van de kerk).&nbsp;<\/p>\n\n\n\n<p>De trap van het Santu\u00e1rio naar het stadje is&nbsp;<br>1. met 686 treden indrukwekkend lang, zowel omlaag als omhoog,&nbsp;<br>2. op de bordessen of patio\u2019s onderweg voorzien van fonteinen, obelisken, standbeelden en prachtige, grote azulejos met bijbelse voorstellingen.<\/p>\n<\/div>\n<\/div>\n\n\n\n<div class=\"wp-block-columns is-layout-flex wp-container-core-columns-is-layout-9d6595d7 wp-block-columns-is-layout-flex\">\n<div class=\"wp-block-column is-layout-flow wp-block-column-is-layout-flow\"><\/div>\n\n\n\n<div class=\"wp-block-column is-layout-flow wp-block-column-is-layout-flow\">\n<figure class=\"wp-block-image size-full\"><a href=\"https:\/\/tedenloesopreis.nl\/wp-content\/uploads\/2023\/12\/IMG_0849-1024x768-1.jpg\" target=\"_blank\" rel=\"noreferrer noopener\"><img loading=\"lazy\" decoding=\"async\" width=\"1024\" height=\"768\" src=\"https:\/\/tedenloesopreis.nl\/wp-content\/uploads\/2023\/12\/IMG_0849-1024x768-1.jpg\" alt=\"\" class=\"wp-image-9386\" srcset=\"https:\/\/tedenloesopreis.nl\/wp-content\/uploads\/2023\/12\/IMG_0849-1024x768-1.jpg 1024w, https:\/\/tedenloesopreis.nl\/wp-content\/uploads\/2023\/12\/IMG_0849-1024x768-1-300x225.jpg 300w, https:\/\/tedenloesopreis.nl\/wp-content\/uploads\/2023\/12\/IMG_0849-1024x768-1-768x576.jpg 768w\" sizes=\"auto, (max-width: 1024px) 100vw, 1024px\" \/><\/a><figcaption class=\"wp-element-caption\"><em>het Santu\u00e1rio van opzij<\/em><\/figcaption><\/figure>\n<\/div>\n\n\n\n<div class=\"wp-block-column is-layout-flow wp-block-column-is-layout-flow\">\n<figure class=\"wp-block-image size-full\"><a href=\"https:\/\/tedenloesopreis.nl\/wp-content\/uploads\/2023\/12\/IMG_0851-768x1024-1.jpg\" target=\"_blank\" rel=\"noreferrer noopener\"><img loading=\"lazy\" decoding=\"async\" width=\"768\" height=\"1024\" src=\"https:\/\/tedenloesopreis.nl\/wp-content\/uploads\/2023\/12\/IMG_0851-768x1024-1.jpg\" alt=\"\" class=\"wp-image-9387\" srcset=\"https:\/\/tedenloesopreis.nl\/wp-content\/uploads\/2023\/12\/IMG_0851-768x1024-1.jpg 768w, https:\/\/tedenloesopreis.nl\/wp-content\/uploads\/2023\/12\/IMG_0851-768x1024-1-225x300.jpg 225w\" sizes=\"auto, (max-width: 768px) 100vw, 768px\" \/><\/a><figcaption class=\"wp-element-caption\"><em>het Santu\u00e1rio gezien vanaf de bovenste patio<\/em><\/figcaption><\/figure>\n<\/div>\n<\/div>\n\n\n\n<div class=\"wp-block-columns is-layout-flex wp-container-core-columns-is-layout-9d6595d7 wp-block-columns-is-layout-flex\">\n<div class=\"wp-block-column is-layout-flow wp-block-column-is-layout-flow\">\n<figure class=\"wp-block-image size-full\"><a href=\"https:\/\/tedenloesopreis.nl\/wp-content\/uploads\/2023\/12\/IMG_0873-1024x768-2.jpg\" target=\"_blank\" rel=\"noreferrer noopener\"><img loading=\"lazy\" decoding=\"async\" width=\"1024\" height=\"768\" src=\"https:\/\/tedenloesopreis.nl\/wp-content\/uploads\/2023\/12\/IMG_0873-1024x768-2.jpg\" alt=\"\" class=\"wp-image-9388\" srcset=\"https:\/\/tedenloesopreis.nl\/wp-content\/uploads\/2023\/12\/IMG_0873-1024x768-2.jpg 1024w, https:\/\/tedenloesopreis.nl\/wp-content\/uploads\/2023\/12\/IMG_0873-1024x768-2-300x225.jpg 300w, https:\/\/tedenloesopreis.nl\/wp-content\/uploads\/2023\/12\/IMG_0873-1024x768-2-768x576.jpg 768w\" sizes=\"auto, (max-width: 1024px) 100vw, 1024px\" \/><\/a><figcaption class=\"wp-element-caption\"><em>het Santu\u00e1rio<\/em><\/figcaption><\/figure>\n<\/div>\n\n\n\n<div class=\"wp-block-column is-layout-flow wp-block-column-is-layout-flow\">\n<figure class=\"wp-block-image size-full\"><a href=\"https:\/\/tedenloesopreis.nl\/wp-content\/uploads\/2023\/12\/IMG_0868-768x1024-1.jpg\" target=\"_blank\" rel=\"noreferrer noopener\"><img loading=\"lazy\" decoding=\"async\" width=\"768\" height=\"1024\" src=\"https:\/\/tedenloesopreis.nl\/wp-content\/uploads\/2023\/12\/IMG_0868-768x1024-1.jpg\" alt=\"\" class=\"wp-image-9389\" srcset=\"https:\/\/tedenloesopreis.nl\/wp-content\/uploads\/2023\/12\/IMG_0868-768x1024-1.jpg 768w, https:\/\/tedenloesopreis.nl\/wp-content\/uploads\/2023\/12\/IMG_0868-768x1024-1-225x300.jpg 225w\" sizes=\"auto, (max-width: 768px) 100vw, 768px\" \/><\/a><figcaption class=\"wp-element-caption\"><em>het Santu\u00e1rio<\/em><\/figcaption><\/figure>\n<\/div>\n\n\n\n<div class=\"wp-block-column is-layout-flow wp-block-column-is-layout-flow\">\n<figure class=\"wp-block-image size-full\"><a href=\"https:\/\/tedenloesopreis.nl\/wp-content\/uploads\/2023\/12\/IMG_0870-768x1024-1.jpg\" target=\"_blank\" rel=\"noreferrer noopener\"><img loading=\"lazy\" decoding=\"async\" width=\"768\" height=\"1024\" src=\"https:\/\/tedenloesopreis.nl\/wp-content\/uploads\/2023\/12\/IMG_0870-768x1024-1.jpg\" alt=\"\" class=\"wp-image-9390\" srcset=\"https:\/\/tedenloesopreis.nl\/wp-content\/uploads\/2023\/12\/IMG_0870-768x1024-1.jpg 768w, https:\/\/tedenloesopreis.nl\/wp-content\/uploads\/2023\/12\/IMG_0870-768x1024-1-225x300.jpg 225w\" sizes=\"auto, (max-width: 768px) 100vw, 768px\" \/><\/a><figcaption class=\"wp-element-caption\"><em>het Santu\u00e1rio<\/em><\/figcaption><\/figure>\n<\/div>\n<\/div>\n\n\n\n<div class=\"wp-block-columns is-layout-flex wp-container-core-columns-is-layout-9d6595d7 wp-block-columns-is-layout-flex\">\n<div class=\"wp-block-column is-layout-flow wp-block-column-is-layout-flow\">\n<figure class=\"wp-block-image size-full\"><a href=\"https:\/\/tedenloesopreis.nl\/wp-content\/uploads\/2023\/12\/IMG_0869-768x1024-1.jpg\" target=\"_blank\" rel=\"noreferrer noopener\"><img loading=\"lazy\" decoding=\"async\" width=\"768\" height=\"1024\" src=\"https:\/\/tedenloesopreis.nl\/wp-content\/uploads\/2023\/12\/IMG_0869-768x1024-1.jpg\" alt=\"\" class=\"wp-image-9391\" srcset=\"https:\/\/tedenloesopreis.nl\/wp-content\/uploads\/2023\/12\/IMG_0869-768x1024-1.jpg 768w, https:\/\/tedenloesopreis.nl\/wp-content\/uploads\/2023\/12\/IMG_0869-768x1024-1-225x300.jpg 225w\" sizes=\"auto, (max-width: 768px) 100vw, 768px\" \/><\/a><figcaption class=\"wp-element-caption\"><em>de sacristie van het Santu\u00e1rio<\/em><\/figcaption><\/figure>\n<\/div>\n\n\n\n<div class=\"wp-block-column is-layout-flow wp-block-column-is-layout-flow\">\n<figure class=\"wp-block-image size-full\"><a href=\"https:\/\/tedenloesopreis.nl\/wp-content\/uploads\/2023\/12\/IMG_0855-1024x768-1.jpg\" target=\"_blank\" rel=\"noreferrer noopener\"><img loading=\"lazy\" decoding=\"async\" width=\"1024\" height=\"768\" src=\"https:\/\/tedenloesopreis.nl\/wp-content\/uploads\/2023\/12\/IMG_0855-1024x768-1.jpg\" alt=\"\" class=\"wp-image-9392\" srcset=\"https:\/\/tedenloesopreis.nl\/wp-content\/uploads\/2023\/12\/IMG_0855-1024x768-1.jpg 1024w, https:\/\/tedenloesopreis.nl\/wp-content\/uploads\/2023\/12\/IMG_0855-1024x768-1-300x225.jpg 300w, https:\/\/tedenloesopreis.nl\/wp-content\/uploads\/2023\/12\/IMG_0855-1024x768-1-768x576.jpg 768w\" sizes=\"auto, (max-width: 1024px) 100vw, 1024px\" \/><\/a><figcaption class=\"wp-element-caption\"><em>halverwege de trap<\/em><\/figcaption><\/figure>\n<\/div>\n\n\n\n<div class=\"wp-block-column is-layout-flow wp-block-column-is-layout-flow\">\n<figure class=\"wp-block-image size-full\"><a href=\"https:\/\/tedenloesopreis.nl\/wp-content\/uploads\/2024\/01\/IMG_0856.jpg.webp\" target=\"_blank\" rel=\"noreferrer noopener\"><img loading=\"lazy\" decoding=\"async\" width=\"340\" height=\"254\" src=\"https:\/\/tedenloesopreis.nl\/wp-content\/uploads\/2024\/01\/IMG_0856.jpg.webp\" alt=\"\" class=\"wp-image-11034\" srcset=\"https:\/\/tedenloesopreis.nl\/wp-content\/uploads\/2024\/01\/IMG_0856.jpg.webp 340w, https:\/\/tedenloesopreis.nl\/wp-content\/uploads\/2024\/01\/IMG_0856.jpg-300x224.webp 300w\" sizes=\"auto, (max-width: 340px) 100vw, 340px\" \/><\/a><figcaption class=\"wp-element-caption\"><em>halverwege de trap<\/em><\/figcaption><\/figure>\n<\/div>\n<\/div>\n\n\n\n<div class=\"wp-block-columns is-layout-flex wp-container-core-columns-is-layout-9d6595d7 wp-block-columns-is-layout-flex\">\n<div class=\"wp-block-column is-layout-flow wp-block-column-is-layout-flow\">\n<figure class=\"wp-block-image size-full\"><a href=\"https:\/\/tedenloesopreis.nl\/wp-content\/uploads\/2023\/12\/IMG_0853-1024x768-1.jpg\" target=\"_blank\" rel=\"noreferrer noopener\"><img loading=\"lazy\" decoding=\"async\" width=\"1024\" height=\"768\" src=\"https:\/\/tedenloesopreis.nl\/wp-content\/uploads\/2023\/12\/IMG_0853-1024x768-1.jpg\" alt=\"\" class=\"wp-image-9394\" srcset=\"https:\/\/tedenloesopreis.nl\/wp-content\/uploads\/2023\/12\/IMG_0853-1024x768-1.jpg 1024w, https:\/\/tedenloesopreis.nl\/wp-content\/uploads\/2023\/12\/IMG_0853-1024x768-1-300x225.jpg 300w, https:\/\/tedenloesopreis.nl\/wp-content\/uploads\/2023\/12\/IMG_0853-1024x768-1-768x576.jpg 768w\" sizes=\"auto, (max-width: 1024px) 100vw, 1024px\" \/><\/a><figcaption class=\"wp-element-caption\"><em>azulejo<\/em><\/figcaption><\/figure>\n<\/div>\n\n\n\n<div class=\"wp-block-column is-layout-flow wp-block-column-is-layout-flow\">\n<figure class=\"wp-block-image size-full\"><a href=\"https:\/\/tedenloesopreis.nl\/wp-content\/uploads\/2023\/12\/IMG_0854-1024x768-1.jpg\" target=\"_blank\" rel=\"noreferrer noopener\"><img loading=\"lazy\" decoding=\"async\" width=\"1024\" height=\"768\" src=\"https:\/\/tedenloesopreis.nl\/wp-content\/uploads\/2023\/12\/IMG_0854-1024x768-1.jpg\" alt=\"\" class=\"wp-image-9395\" srcset=\"https:\/\/tedenloesopreis.nl\/wp-content\/uploads\/2023\/12\/IMG_0854-1024x768-1.jpg 1024w, https:\/\/tedenloesopreis.nl\/wp-content\/uploads\/2023\/12\/IMG_0854-1024x768-1-300x225.jpg 300w, https:\/\/tedenloesopreis.nl\/wp-content\/uploads\/2023\/12\/IMG_0854-1024x768-1-768x576.jpg 768w\" sizes=\"auto, (max-width: 1024px) 100vw, 1024px\" \/><\/a><figcaption class=\"wp-element-caption\"><em>azulejo<\/em><\/figcaption><\/figure>\n<\/div>\n\n\n\n<div class=\"wp-block-column is-layout-flow wp-block-column-is-layout-flow\">\n<figure class=\"wp-block-image size-full\"><a href=\"https:\/\/tedenloesopreis.nl\/wp-content\/uploads\/2023\/12\/IMG_0857-2-768x1024-1.jpg\" target=\"_blank\" rel=\"noreferrer noopener\"><img loading=\"lazy\" decoding=\"async\" width=\"768\" height=\"1024\" src=\"https:\/\/tedenloesopreis.nl\/wp-content\/uploads\/2023\/12\/IMG_0857-2-768x1024-1.jpg\" alt=\"\" class=\"wp-image-9396\" srcset=\"https:\/\/tedenloesopreis.nl\/wp-content\/uploads\/2023\/12\/IMG_0857-2-768x1024-1.jpg 768w, https:\/\/tedenloesopreis.nl\/wp-content\/uploads\/2023\/12\/IMG_0857-2-768x1024-1-225x300.jpg 225w\" sizes=\"auto, (max-width: 768px) 100vw, 768px\" \/><\/a><figcaption class=\"wp-element-caption\"><em>de volledige trap, gezien vanuit Lamego<\/em><\/figcaption><\/figure>\n<\/div>\n<\/div>\n\n\n\n<div class=\"wp-block-columns is-layout-flex wp-container-core-columns-is-layout-9d6595d7 wp-block-columns-is-layout-flex\">\n<div class=\"wp-block-column is-layout-flow wp-block-column-is-layout-flow\" style=\"flex-basis:33.33%\"><\/div>\n\n\n\n<div class=\"wp-block-column is-layout-flow wp-block-column-is-layout-flow\" style=\"flex-basis:66.66%\">\n<p>Als je in het stadje de bedrijvige centrale weg afloopt, dan kom je eerst bij de Capela Esperito Santo.&nbsp;<\/p>\n<\/div>\n<\/div>\n\n\n\n<div class=\"wp-block-columns is-layout-flex wp-container-core-columns-is-layout-9d6595d7 wp-block-columns-is-layout-flex\">\n<div class=\"wp-block-column is-layout-flow wp-block-column-is-layout-flow\"><\/div>\n\n\n\n<div class=\"wp-block-column is-layout-flow wp-block-column-is-layout-flow\">\n<figure class=\"wp-block-image size-full\"><a href=\"https:\/\/tedenloesopreis.nl\/wp-content\/uploads\/2023\/12\/IMG_0858-1024x768-1.jpg\" target=\"_blank\" rel=\"noreferrer noopener\"><img loading=\"lazy\" decoding=\"async\" width=\"1024\" height=\"768\" src=\"https:\/\/tedenloesopreis.nl\/wp-content\/uploads\/2023\/12\/IMG_0858-1024x768-1.jpg\" alt=\"\" class=\"wp-image-9397\" srcset=\"https:\/\/tedenloesopreis.nl\/wp-content\/uploads\/2023\/12\/IMG_0858-1024x768-1.jpg 1024w, https:\/\/tedenloesopreis.nl\/wp-content\/uploads\/2023\/12\/IMG_0858-1024x768-1-300x225.jpg 300w, https:\/\/tedenloesopreis.nl\/wp-content\/uploads\/2023\/12\/IMG_0858-1024x768-1-768x576.jpg 768w\" sizes=\"auto, (max-width: 1024px) 100vw, 1024px\" \/><\/a><figcaption class=\"wp-element-caption\"><em>Capela Esperito Santo<\/em><\/figcaption><\/figure>\n<\/div>\n\n\n\n<div class=\"wp-block-column is-layout-flow wp-block-column-is-layout-flow\">\n<figure class=\"wp-block-image size-full\"><a href=\"https:\/\/tedenloesopreis.nl\/wp-content\/uploads\/2023\/12\/IMG_0859-1024x768-1.jpg\" target=\"_blank\" rel=\"noreferrer noopener\"><img loading=\"lazy\" decoding=\"async\" width=\"1024\" height=\"768\" src=\"https:\/\/tedenloesopreis.nl\/wp-content\/uploads\/2023\/12\/IMG_0859-1024x768-1.jpg\" alt=\"\" class=\"wp-image-9398\" srcset=\"https:\/\/tedenloesopreis.nl\/wp-content\/uploads\/2023\/12\/IMG_0859-1024x768-1.jpg 1024w, https:\/\/tedenloesopreis.nl\/wp-content\/uploads\/2023\/12\/IMG_0859-1024x768-1-300x225.jpg 300w, https:\/\/tedenloesopreis.nl\/wp-content\/uploads\/2023\/12\/IMG_0859-1024x768-1-768x576.jpg 768w\" sizes=\"auto, (max-width: 1024px) 100vw, 1024px\" \/><\/a><figcaption class=\"wp-element-caption\"><em>Capela Esperito Santo<\/em><\/figcaption><\/figure>\n<\/div>\n<\/div>\n\n\n\n<div class=\"wp-block-columns is-layout-flex wp-container-core-columns-is-layout-9d6595d7 wp-block-columns-is-layout-flex\">\n<div class=\"wp-block-column is-layout-flow wp-block-column-is-layout-flow\" style=\"flex-basis:33.33%\"><\/div>\n\n\n\n<div class=\"wp-block-column is-layout-flow wp-block-column-is-layout-flow\" style=\"flex-basis:66.66%\">\n<p>Loop je verder, dan kom je vanzelf bij de kathedraal van Lamego. De bouw is begonnen in 1129. De klokkentoren vertoont nog duidelijke romaanse kenmerken, maar de gevel is in de loop der tijd gotisch geworden. Je denkt in een gotische kathedraal binnen te komen, maar het huidige interieur is uitgesproken barok en rococo: veel bladgoud en rijkelijk voorzien van schilderingen (gemaakt door de schilder die ook verantwoordelijk is voor de azulejos van de trap).<\/p>\n<\/div>\n<\/div>\n\n\n\n<div class=\"wp-block-columns is-layout-flex wp-container-core-columns-is-layout-9d6595d7 wp-block-columns-is-layout-flex\">\n<div class=\"wp-block-column is-layout-flow wp-block-column-is-layout-flow\">\n<figure class=\"wp-block-image size-full\"><a href=\"https:\/\/tedenloesopreis.nl\/wp-content\/uploads\/2023\/12\/IMG_0860-1024x768-1.jpg\" target=\"_blank\" rel=\"noreferrer noopener\"><img loading=\"lazy\" decoding=\"async\" width=\"1024\" height=\"768\" src=\"https:\/\/tedenloesopreis.nl\/wp-content\/uploads\/2023\/12\/IMG_0860-1024x768-1.jpg\" alt=\"\" class=\"wp-image-9399\" srcset=\"https:\/\/tedenloesopreis.nl\/wp-content\/uploads\/2023\/12\/IMG_0860-1024x768-1.jpg 1024w, https:\/\/tedenloesopreis.nl\/wp-content\/uploads\/2023\/12\/IMG_0860-1024x768-1-300x225.jpg 300w, https:\/\/tedenloesopreis.nl\/wp-content\/uploads\/2023\/12\/IMG_0860-1024x768-1-768x576.jpg 768w\" sizes=\"auto, (max-width: 1024px) 100vw, 1024px\" \/><\/a><figcaption class=\"wp-element-caption\"><em>de kathedraal van Lamego<\/em><\/figcaption><\/figure>\n<\/div>\n\n\n\n<div class=\"wp-block-column is-layout-flow wp-block-column-is-layout-flow\">\n<figure class=\"wp-block-image size-full\"><a href=\"https:\/\/tedenloesopreis.nl\/wp-content\/uploads\/2023\/12\/IMG_0861-1024x768-1.jpg\" target=\"_blank\" rel=\"noreferrer noopener\"><img loading=\"lazy\" decoding=\"async\" width=\"1024\" height=\"768\" src=\"https:\/\/tedenloesopreis.nl\/wp-content\/uploads\/2023\/12\/IMG_0861-1024x768-1.jpg\" alt=\"\" class=\"wp-image-9400\" srcset=\"https:\/\/tedenloesopreis.nl\/wp-content\/uploads\/2023\/12\/IMG_0861-1024x768-1.jpg 1024w, https:\/\/tedenloesopreis.nl\/wp-content\/uploads\/2023\/12\/IMG_0861-1024x768-1-300x225.jpg 300w, https:\/\/tedenloesopreis.nl\/wp-content\/uploads\/2023\/12\/IMG_0861-1024x768-1-768x576.jpg 768w\" sizes=\"auto, (max-width: 1024px) 100vw, 1024px\" \/><\/a><figcaption class=\"wp-element-caption\"><em>de kathedraal van Lamego<\/em><\/figcaption><\/figure>\n<\/div>\n\n\n\n<div class=\"wp-block-column is-layout-flow wp-block-column-is-layout-flow\">\n<figure class=\"wp-block-image size-full\"><a href=\"https:\/\/tedenloesopreis.nl\/wp-content\/uploads\/2023\/12\/IMG_0864-768x1024-1.jpg\" target=\"_blank\" rel=\"noreferrer noopener\"><img loading=\"lazy\" decoding=\"async\" width=\"768\" height=\"1024\" src=\"https:\/\/tedenloesopreis.nl\/wp-content\/uploads\/2023\/12\/IMG_0864-768x1024-1.jpg\" alt=\"\" class=\"wp-image-9401\" srcset=\"https:\/\/tedenloesopreis.nl\/wp-content\/uploads\/2023\/12\/IMG_0864-768x1024-1.jpg 768w, https:\/\/tedenloesopreis.nl\/wp-content\/uploads\/2023\/12\/IMG_0864-768x1024-1-225x300.jpg 225w\" sizes=\"auto, (max-width: 768px) 100vw, 768px\" \/><\/a><figcaption class=\"wp-element-caption\"><em>de kathedraal van Lamego<\/em><\/figcaption><\/figure>\n<\/div>\n<\/div>\n\n\n\n<div style=\"height:35px\" aria-hidden=\"true\" class=\"wp-block-spacer\"><\/div>\n\n\n\n<div class=\"wp-block-columns is-layout-flex wp-container-core-columns-is-layout-9d6595d7 wp-block-columns-is-layout-flex\">\n<div class=\"wp-block-column is-layout-flow wp-block-column-is-layout-flow\">\n<p class=\"has-orange-background-color has-background\" id=\"dag36\"><\/p>\n<\/div>\n<\/div>\n\n\n\n<div class=\"wp-block-columns is-layout-flex wp-container-core-columns-is-layout-9d6595d7 wp-block-columns-is-layout-flex\">\n<div class=\"wp-block-column is-layout-flow wp-block-column-is-layout-flow\" style=\"flex-basis:33.33%\">\n<p class=\"has-small-font-size\"><a href=\"#titel\">top<\/a><\/p>\n<\/div>\n\n\n\n<div class=\"wp-block-column is-layout-flow wp-block-column-is-layout-flow\" style=\"flex-basis:66.66%\">\n<p><strong>STROOMAFWAARTS<\/strong><br>dag 36 &nbsp; &nbsp; &nbsp; za 8 juni 2019<br><a href=\"https:\/\/www.google.com\/maps\/d\/viewer?mid=1SiCL8Q-nQFuSlbZXRsitX0K7z_W4mc6A&amp;ll=41.129957636839436%2C-8.257824835300418&amp;z=10\" target=\"_blank\" rel=\"noreferrer noopener\">Lamego \u2013 Vila Nova de Gaia<\/a>&nbsp; &nbsp; &nbsp;&nbsp; 139&nbsp;km<\/p>\n<\/div>\n<\/div>\n\n\n\n<div style=\"height:20px\" aria-hidden=\"true\" class=\"wp-block-spacer\"><\/div>\n\n\n\n<div class=\"wp-block-columns is-layout-flex wp-container-core-columns-is-layout-9d6595d7 wp-block-columns-is-layout-flex\">\n<div class=\"wp-block-column is-layout-flow wp-block-column-is-layout-flow\" style=\"flex-basis:33.33%\"><\/div>\n\n\n\n<div class=\"wp-block-column is-layout-flow wp-block-column-is-layout-flow\" style=\"flex-basis:66.66%\">\n<p>Na een rit van 139 km staan we op&nbsp;<a href=\"https:\/\/www.campercontact.com\/nl\/portugal\/porto\/vila-nova-de-gaia\/10002\/camping-salgueiros\" target=\"_blank\" rel=\"noreferrer noopener\">camping Salgueiros<\/a>&nbsp;in Vila Nova de Gaia. Gaia ligt tegenover Porto aan de Douro. Gaia heeft ruim 300.00 inwoners, en is daarmee toch een stukje groter dan Porto. Toch wordt Gaia gezien als een voorstad van Porto.&nbsp;<\/p>\n\n\n\n<p>Eergisteren hebben we kennisgemaakt met de Douro tussen Pinh\u00e3o en R\u00e9gua. Op dat stuk heeft het Dourodal hoge, niet al te steile hellingen, zodat er veel plaats is voor wijnbouw. Westelijk van R\u00e9gua zijn de hellingen lager en steiler, zodat het aandeel wijnbouw behoorlijk zakt. Westelijk van Resende is het nagenoeg gedaan met de wijnbouw langs de rivier. Op sommige delen zijn de oevers bijna loodrecht.&nbsp;<\/p>\n\n\n\n<p>We volgen vanaf R\u00e9gua de N222. Deze loopt aan de zuidzijde van de Douro, vrijwel steeds hoog boven de rivier. Regelmatig heb je een schitterend uitzicht op de rivier, maar slechts zelden is er de gelegenheid om een foto te nemen.&nbsp;<\/p>\n\n\n\n<p>Bij Ribadouro steken we over naar de noordelijke oever van de Douro. Vlak daarvoor zien we trouwens aan de overkant een trein op de Douro-lijn rijden.&nbsp;<\/p>\n\n\n\n<p>Voorbij Ribadouro volgen we de N108. Deze weg brengt je uiteindelijk in de buurt van Porto.<\/p>\n<\/div>\n<\/div>\n\n\n\n<div class=\"wp-block-columns is-layout-flex wp-container-core-columns-is-layout-9d6595d7 wp-block-columns-is-layout-flex\">\n<div class=\"wp-block-column is-layout-flow wp-block-column-is-layout-flow\">\n<figure class=\"wp-block-image size-full\"><a href=\"https:\/\/tedenloesopreis.nl\/wp-content\/uploads\/2023\/12\/IMG_0876-1024x768-1.jpg\" target=\"_blank\" rel=\"noreferrer noopener\"><img loading=\"lazy\" decoding=\"async\" width=\"1024\" height=\"768\" src=\"https:\/\/tedenloesopreis.nl\/wp-content\/uploads\/2023\/12\/IMG_0876-1024x768-1.jpg\" alt=\"\" class=\"wp-image-9404\" srcset=\"https:\/\/tedenloesopreis.nl\/wp-content\/uploads\/2023\/12\/IMG_0876-1024x768-1.jpg 1024w, https:\/\/tedenloesopreis.nl\/wp-content\/uploads\/2023\/12\/IMG_0876-1024x768-1-300x225.jpg 300w, https:\/\/tedenloesopreis.nl\/wp-content\/uploads\/2023\/12\/IMG_0876-1024x768-1-768x576.jpg 768w\" sizes=\"auto, (max-width: 1024px) 100vw, 1024px\" \/><\/a><figcaption class=\"wp-element-caption\"><em>de Douro tussen R\u00e9gua en Resende<\/em><\/figcaption><\/figure>\n<\/div>\n\n\n\n<div class=\"wp-block-column is-layout-flow wp-block-column-is-layout-flow\">\n<figure class=\"wp-block-image size-full\"><a href=\"https:\/\/tedenloesopreis.nl\/wp-content\/uploads\/2023\/12\/IMG_0878-1024x768-1.jpg\" target=\"_blank\" rel=\"noreferrer noopener\"><img loading=\"lazy\" decoding=\"async\" width=\"1024\" height=\"768\" src=\"https:\/\/tedenloesopreis.nl\/wp-content\/uploads\/2023\/12\/IMG_0878-1024x768-1.jpg\" alt=\"\" class=\"wp-image-9405\" srcset=\"https:\/\/tedenloesopreis.nl\/wp-content\/uploads\/2023\/12\/IMG_0878-1024x768-1.jpg 1024w, https:\/\/tedenloesopreis.nl\/wp-content\/uploads\/2023\/12\/IMG_0878-1024x768-1-300x225.jpg 300w, https:\/\/tedenloesopreis.nl\/wp-content\/uploads\/2023\/12\/IMG_0878-1024x768-1-768x576.jpg 768w\" sizes=\"auto, (max-width: 1024px) 100vw, 1024px\" \/><\/a><figcaption class=\"wp-element-caption\"><em>de Douro tussen R\u00e9gua en Resende<\/em><\/figcaption><\/figure>\n<\/div>\n\n\n\n<div class=\"wp-block-column is-layout-flow wp-block-column-is-layout-flow\">\n<figure class=\"wp-block-image size-full\"><a href=\"https:\/\/tedenloesopreis.nl\/wp-content\/uploads\/2023\/12\/IMG_0881-1024x768-2.jpg\" target=\"_blank\" rel=\"noreferrer noopener\"><img loading=\"lazy\" decoding=\"async\" width=\"1024\" height=\"768\" src=\"https:\/\/tedenloesopreis.nl\/wp-content\/uploads\/2023\/12\/IMG_0881-1024x768-2.jpg\" alt=\"\" class=\"wp-image-9406\" srcset=\"https:\/\/tedenloesopreis.nl\/wp-content\/uploads\/2023\/12\/IMG_0881-1024x768-2.jpg 1024w, https:\/\/tedenloesopreis.nl\/wp-content\/uploads\/2023\/12\/IMG_0881-1024x768-2-300x225.jpg 300w, https:\/\/tedenloesopreis.nl\/wp-content\/uploads\/2023\/12\/IMG_0881-1024x768-2-768x576.jpg 768w\" sizes=\"auto, (max-width: 1024px) 100vw, 1024px\" \/><\/a><figcaption class=\"wp-element-caption\"><em>nogal intensief bewoond<\/em><\/figcaption><\/figure>\n<\/div>\n<\/div>\n\n\n\n<div class=\"wp-block-columns is-layout-flex wp-container-core-columns-is-layout-9d6595d7 wp-block-columns-is-layout-flex\">\n<div class=\"wp-block-column is-layout-flow wp-block-column-is-layout-flow\">\n<figure class=\"wp-block-image size-full\"><a href=\"https:\/\/tedenloesopreis.nl\/wp-content\/uploads\/2023\/12\/IMG_0883-1024x768-1.jpg\" target=\"_blank\" rel=\"noreferrer noopener\"><img loading=\"lazy\" decoding=\"async\" width=\"1024\" height=\"768\" src=\"https:\/\/tedenloesopreis.nl\/wp-content\/uploads\/2023\/12\/IMG_0883-1024x768-1.jpg\" alt=\"\" class=\"wp-image-9407\" srcset=\"https:\/\/tedenloesopreis.nl\/wp-content\/uploads\/2023\/12\/IMG_0883-1024x768-1.jpg 1024w, https:\/\/tedenloesopreis.nl\/wp-content\/uploads\/2023\/12\/IMG_0883-1024x768-1-300x225.jpg 300w, https:\/\/tedenloesopreis.nl\/wp-content\/uploads\/2023\/12\/IMG_0883-1024x768-1-768x576.jpg 768w\" sizes=\"auto, (max-width: 1024px) 100vw, 1024px\" \/><\/a><figcaption class=\"wp-element-caption\"><em>daar rijdt een trein langs de Douro<\/em><\/figcaption><\/figure>\n<\/div>\n\n\n\n<div class=\"wp-block-column is-layout-flow wp-block-column-is-layout-flow\">\n<figure class=\"wp-block-image size-full\"><a href=\"https:\/\/tedenloesopreis.nl\/wp-content\/uploads\/2023\/12\/IMG_0885-1024x768-2.jpg\" target=\"_blank\" rel=\"noreferrer noopener\"><img loading=\"lazy\" decoding=\"async\" width=\"1024\" height=\"768\" src=\"https:\/\/tedenloesopreis.nl\/wp-content\/uploads\/2023\/12\/IMG_0885-1024x768-2.jpg\" alt=\"\" class=\"wp-image-9408\" srcset=\"https:\/\/tedenloesopreis.nl\/wp-content\/uploads\/2023\/12\/IMG_0885-1024x768-2.jpg 1024w, https:\/\/tedenloesopreis.nl\/wp-content\/uploads\/2023\/12\/IMG_0885-1024x768-2-300x225.jpg 300w, https:\/\/tedenloesopreis.nl\/wp-content\/uploads\/2023\/12\/IMG_0885-1024x768-2-768x576.jpg 768w\" sizes=\"auto, (max-width: 1024px) 100vw, 1024px\" \/><\/a><figcaption class=\"wp-element-caption\"><em>en hier stopt die trein op een stationnetje<\/em><\/figcaption><\/figure>\n<\/div>\n\n\n\n<div class=\"wp-block-column is-layout-flow wp-block-column-is-layout-flow\">\n<figure class=\"wp-block-image size-full\"><a href=\"https:\/\/tedenloesopreis.nl\/wp-content\/uploads\/2023\/12\/IMG_0887-1024x768-2.jpg\" target=\"_blank\" rel=\"noreferrer noopener\"><img loading=\"lazy\" decoding=\"async\" width=\"1024\" height=\"768\" src=\"https:\/\/tedenloesopreis.nl\/wp-content\/uploads\/2023\/12\/IMG_0887-1024x768-2.jpg\" alt=\"\" class=\"wp-image-9409\" srcset=\"https:\/\/tedenloesopreis.nl\/wp-content\/uploads\/2023\/12\/IMG_0887-1024x768-2.jpg 1024w, https:\/\/tedenloesopreis.nl\/wp-content\/uploads\/2023\/12\/IMG_0887-1024x768-2-300x225.jpg 300w, https:\/\/tedenloesopreis.nl\/wp-content\/uploads\/2023\/12\/IMG_0887-1024x768-2-768x576.jpg 768w\" sizes=\"auto, (max-width: 1024px) 100vw, 1024px\" \/><\/a><figcaption class=\"wp-element-caption\"><em>de Douro tussen Resende en Ribadouro<\/em><\/figcaption><\/figure>\n<\/div>\n<\/div>\n\n\n\n<div style=\"height:35px\" aria-hidden=\"true\" class=\"wp-block-spacer\"><\/div>\n\n\n\n<div class=\"wp-block-columns is-layout-flex wp-container-core-columns-is-layout-9d6595d7 wp-block-columns-is-layout-flex\">\n<div class=\"wp-block-column is-layout-flow wp-block-column-is-layout-flow\">\n<p class=\"has-orange-background-color has-background\" id=\"dag37\"><\/p>\n<\/div>\n<\/div>\n\n\n\n<div class=\"wp-block-columns is-layout-flex wp-container-core-columns-is-layout-9d6595d7 wp-block-columns-is-layout-flex\">\n<div class=\"wp-block-column is-layout-flow wp-block-column-is-layout-flow\" style=\"flex-basis:33.33%\">\n<p class=\"has-small-font-size\"><a href=\"#titel\">top<\/a><\/p>\n<\/div>\n\n\n\n<div class=\"wp-block-column is-layout-flow wp-block-column-is-layout-flow\" style=\"flex-basis:66.66%\">\n<p><strong>WAT IS HET GEZELLIG<\/strong><br>dag 37 &nbsp; &nbsp; &nbsp; zo 9 juni 2019<br>Vila Nova de Gaia&nbsp; &nbsp; &nbsp; 0&nbsp;km<\/p>\n<\/div>\n<\/div>\n\n\n\n<div style=\"height:20px\" aria-hidden=\"true\" class=\"wp-block-spacer\"><\/div>\n\n\n\n<div class=\"wp-block-columns is-layout-flex wp-container-core-columns-is-layout-9d6595d7 wp-block-columns-is-layout-flex\">\n<div class=\"wp-block-column is-layout-flow wp-block-column-is-layout-flow\" style=\"flex-basis:33.33%\"><\/div>\n\n\n\n<div class=\"wp-block-column is-layout-flow wp-block-column-is-layout-flow\" style=\"flex-basis:66.66%\">\n<p>Volgens sommige campinggenoten kunnen we het best met de lijnbus naar Porto gaan. Andere mensen op de camping vinden de fietstocht naar Porto, langs de kust en vervolgens langs de Douro, prima, maar eenmaal in Porto doe je er verstandig aan om de fiets aan een lantaarnpaal vast te maken en lopend het centrum te bezoeken. Het centrum is immers vrij klein, maar de hoogteverschillen daarentegen erg groot.<\/p>\n\n\n\n<p>Wij lappen beide adviezen gevoeglijk aan onze laars:<br>1. er is hier een prima fietspad langs het water naar Porto; geen lijnbus voor ons vandaag,<br>2. we willen verder dan alleen het centrum; dat is te ver om te lopen; geen fietsen aan een lantaarnpaal dus,<br>3. we menen met onze fietsen de \u201cgevreesde\u201d hellingen wel de baas te kunnen; zijn we immers niet ooit fietsend de steile weg naar Schloss Neuenschwanstein omhoog gegaan.&nbsp;<\/p>\n\n\n\n<p>De fietstocht langs het water (pakweg 10 km) is aanvankelijk heel erg comfortabel: een vrijliggende fietsroute van roodgekleurd asfalt. Na 5 km is het asfalt echter op, en moeten we over kinderkopjes gewoon over de weg rijden. Dat gaat echter goed.&nbsp;<\/p>\n\n\n\n<p>Onderweg rijden we door Afurada, ooit een klein vissersdorpje, nu een van de belangrijkste uitgaanswijken van Gaia. Nergens, zo wordt gezegd, eet je de vis zo lekker als hier. Vlak voor de bekende Luiz I brug ligt de wijk waar alle bekende Porthuizen zijn gevestigd. We zien o.a. Sandeman en Offley.<\/p>\n<\/div>\n<\/div>\n\n\n\n<div class=\"wp-block-columns is-layout-flex wp-container-core-columns-is-layout-9d6595d7 wp-block-columns-is-layout-flex\">\n<div class=\"wp-block-column is-layout-flow wp-block-column-is-layout-flow\">\n<figure class=\"wp-block-image size-full\"><a href=\"https:\/\/tedenloesopreis.nl\/wp-content\/uploads\/2023\/12\/IMG_0891-1024x768-1.jpg\" target=\"_blank\" rel=\"noreferrer noopener\"><img loading=\"lazy\" decoding=\"async\" width=\"1024\" height=\"768\" src=\"https:\/\/tedenloesopreis.nl\/wp-content\/uploads\/2023\/12\/IMG_0891-1024x768-1.jpg\" alt=\"\" class=\"wp-image-9412\" srcset=\"https:\/\/tedenloesopreis.nl\/wp-content\/uploads\/2023\/12\/IMG_0891-1024x768-1.jpg 1024w, https:\/\/tedenloesopreis.nl\/wp-content\/uploads\/2023\/12\/IMG_0891-1024x768-1-300x225.jpg 300w, https:\/\/tedenloesopreis.nl\/wp-content\/uploads\/2023\/12\/IMG_0891-1024x768-1-768x576.jpg 768w\" sizes=\"auto, (max-width: 1024px) 100vw, 1024px\" \/><\/a><figcaption class=\"wp-element-caption\"><em>de Luiz I brug<\/em><\/figcaption><\/figure>\n<\/div>\n\n\n\n<div class=\"wp-block-column is-layout-flow wp-block-column-is-layout-flow\">\n<figure class=\"wp-block-image size-full\"><a href=\"https:\/\/tedenloesopreis.nl\/wp-content\/uploads\/2023\/12\/IMG_0892-1024x768-1.jpg\" target=\"_blank\" rel=\"noreferrer noopener\"><img loading=\"lazy\" decoding=\"async\" width=\"1024\" height=\"768\" src=\"https:\/\/tedenloesopreis.nl\/wp-content\/uploads\/2023\/12\/IMG_0892-1024x768-1.jpg\" alt=\"\" class=\"wp-image-9413\" srcset=\"https:\/\/tedenloesopreis.nl\/wp-content\/uploads\/2023\/12\/IMG_0892-1024x768-1.jpg 1024w, https:\/\/tedenloesopreis.nl\/wp-content\/uploads\/2023\/12\/IMG_0892-1024x768-1-300x225.jpg 300w, https:\/\/tedenloesopreis.nl\/wp-content\/uploads\/2023\/12\/IMG_0892-1024x768-1-768x576.jpg 768w\" sizes=\"auto, (max-width: 1024px) 100vw, 1024px\" \/><\/a><figcaption class=\"wp-element-caption\"><em>zicht op de oude stad<\/em><\/figcaption><\/figure>\n<\/div>\n\n\n\n<div class=\"wp-block-column is-layout-flow wp-block-column-is-layout-flow\">\n<figure class=\"wp-block-image size-full\"><a href=\"https:\/\/tedenloesopreis.nl\/wp-content\/uploads\/2023\/12\/IMG_0894-1024x768-1.jpg\" target=\"_blank\" rel=\"noreferrer noopener\"><img loading=\"lazy\" decoding=\"async\" width=\"1024\" height=\"768\" src=\"https:\/\/tedenloesopreis.nl\/wp-content\/uploads\/2023\/12\/IMG_0894-1024x768-1.jpg\" alt=\"\" class=\"wp-image-9414\" srcset=\"https:\/\/tedenloesopreis.nl\/wp-content\/uploads\/2023\/12\/IMG_0894-1024x768-1.jpg 1024w, https:\/\/tedenloesopreis.nl\/wp-content\/uploads\/2023\/12\/IMG_0894-1024x768-1-300x225.jpg 300w, https:\/\/tedenloesopreis.nl\/wp-content\/uploads\/2023\/12\/IMG_0894-1024x768-1-768x576.jpg 768w\" sizes=\"auto, (max-width: 1024px) 100vw, 1024px\" \/><\/a><figcaption class=\"wp-element-caption\"><em>de Luiz I brug van dichtbij<\/em><\/figcaption><\/figure>\n<\/div>\n<\/div>\n\n\n\n<div class=\"wp-block-columns is-layout-flex wp-container-core-columns-is-layout-9d6595d7 wp-block-columns-is-layout-flex\">\n<div class=\"wp-block-column is-layout-flow wp-block-column-is-layout-flow\"><\/div>\n\n\n\n<div class=\"wp-block-column is-layout-flow wp-block-column-is-layout-flow\">\n<figure class=\"wp-block-image size-full\"><a href=\"https:\/\/tedenloesopreis.nl\/wp-content\/uploads\/2023\/12\/IMG_0898-1024x768-1.jpg\" target=\"_blank\" rel=\"noreferrer noopener\"><img loading=\"lazy\" decoding=\"async\" width=\"1024\" height=\"768\" src=\"https:\/\/tedenloesopreis.nl\/wp-content\/uploads\/2023\/12\/IMG_0898-1024x768-1.jpg\" alt=\"\" class=\"wp-image-9415\" srcset=\"https:\/\/tedenloesopreis.nl\/wp-content\/uploads\/2023\/12\/IMG_0898-1024x768-1.jpg 1024w, https:\/\/tedenloesopreis.nl\/wp-content\/uploads\/2023\/12\/IMG_0898-1024x768-1-300x225.jpg 300w, https:\/\/tedenloesopreis.nl\/wp-content\/uploads\/2023\/12\/IMG_0898-1024x768-1-768x576.jpg 768w\" sizes=\"auto, (max-width: 1024px) 100vw, 1024px\" \/><\/a><figcaption class=\"wp-element-caption\"><em>de oude stad, gezien vanuit Gaia<\/em><\/figcaption><\/figure>\n<\/div>\n\n\n\n<div class=\"wp-block-column is-layout-flow wp-block-column-is-layout-flow\">\n<figure class=\"wp-block-image size-full\"><a href=\"https:\/\/tedenloesopreis.nl\/wp-content\/uploads\/2023\/12\/IMG_0901-1024x768-2.jpg\" target=\"_blank\" rel=\"noreferrer noopener\"><img loading=\"lazy\" decoding=\"async\" width=\"1024\" height=\"768\" src=\"https:\/\/tedenloesopreis.nl\/wp-content\/uploads\/2023\/12\/IMG_0901-1024x768-2.jpg\" alt=\"\" class=\"wp-image-9416\" srcset=\"https:\/\/tedenloesopreis.nl\/wp-content\/uploads\/2023\/12\/IMG_0901-1024x768-2.jpg 1024w, https:\/\/tedenloesopreis.nl\/wp-content\/uploads\/2023\/12\/IMG_0901-1024x768-2-300x225.jpg 300w, https:\/\/tedenloesopreis.nl\/wp-content\/uploads\/2023\/12\/IMG_0901-1024x768-2-768x576.jpg 768w\" sizes=\"auto, (max-width: 1024px) 100vw, 1024px\" \/><\/a><figcaption class=\"wp-element-caption\"><em>de oude stad, gezien vanuit Gaia<\/em><\/figcaption><\/figure>\n<\/div>\n<\/div>\n\n\n\n<div class=\"wp-block-columns is-layout-flex wp-container-core-columns-is-layout-9d6595d7 wp-block-columns-is-layout-flex\">\n<div class=\"wp-block-column is-layout-flow wp-block-column-is-layout-flow\" style=\"flex-basis:33.33%\"><\/div>\n\n\n\n<div class=\"wp-block-column is-layout-flow wp-block-column-is-layout-flow\" style=\"flex-basis:66.66%\">\n<p>We steken de rivier over via de onderste verdieping van de Luiz I brug. Als fietser ben je sneller aan de overkant dan als automobilist, want je kunt de file op de brug (zebrapad aan het einde) gewoon links inhalen; de tegenliggers gaan wel opzij.&nbsp;Aan de Porto-kant gaan we linksaf, over de promenade bij het oude centrum (Ribeira). Heel gezellig, al die terrasjes, al die mensen (vooral Portugezen die de zondag vierden), al die gekleurde huizen aan de rivier.&nbsp;Aan het einde van de promenade beginnen we aan de hellingproef: gewoon een klein verzet kiezen met maximale ondersteuning, lekker midden op de weg rijden, zodat auto\u2019s niet kunnen passeren.<\/p>\n<\/div>\n<\/div>\n\n\n\n<div class=\"wp-block-columns is-layout-flex wp-container-core-columns-is-layout-9d6595d7 wp-block-columns-is-layout-flex\">\n<div class=\"wp-block-column is-layout-flow wp-block-column-is-layout-flow\"><\/div>\n\n\n\n<div class=\"wp-block-column is-layout-flow wp-block-column-is-layout-flow\">\n<figure class=\"wp-block-image size-full\"><a href=\"https:\/\/tedenloesopreis.nl\/wp-content\/uploads\/2023\/12\/IMG_0907-1024x768-2.jpg\" target=\"_blank\" rel=\"noreferrer noopener\"><img loading=\"lazy\" decoding=\"async\" width=\"1024\" height=\"768\" src=\"https:\/\/tedenloesopreis.nl\/wp-content\/uploads\/2023\/12\/IMG_0907-1024x768-2.jpg\" alt=\"\" class=\"wp-image-9417\" srcset=\"https:\/\/tedenloesopreis.nl\/wp-content\/uploads\/2023\/12\/IMG_0907-1024x768-2.jpg 1024w, https:\/\/tedenloesopreis.nl\/wp-content\/uploads\/2023\/12\/IMG_0907-1024x768-2-300x225.jpg 300w, https:\/\/tedenloesopreis.nl\/wp-content\/uploads\/2023\/12\/IMG_0907-1024x768-2-768x576.jpg 768w\" sizes=\"auto, (max-width: 1024px) 100vw, 1024px\" \/><\/a><figcaption class=\"wp-element-caption\"><em>Ribeira<\/em><\/figcaption><\/figure>\n<\/div>\n\n\n\n<div class=\"wp-block-column is-layout-flow wp-block-column-is-layout-flow\">\n<figure class=\"wp-block-image size-full\"><a href=\"https:\/\/tedenloesopreis.nl\/wp-content\/uploads\/2023\/12\/IMG_0909-768x1024-1.jpg\" target=\"_blank\" rel=\"noreferrer noopener\"><img loading=\"lazy\" decoding=\"async\" width=\"768\" height=\"1024\" src=\"https:\/\/tedenloesopreis.nl\/wp-content\/uploads\/2023\/12\/IMG_0909-768x1024-1.jpg\" alt=\"\" class=\"wp-image-9418\" srcset=\"https:\/\/tedenloesopreis.nl\/wp-content\/uploads\/2023\/12\/IMG_0909-768x1024-1.jpg 768w, https:\/\/tedenloesopreis.nl\/wp-content\/uploads\/2023\/12\/IMG_0909-768x1024-1-225x300.jpg 225w\" sizes=\"auto, (max-width: 768px) 100vw, 768px\" \/><\/a><figcaption class=\"wp-element-caption\"><em>de hellingproef<\/em><\/figcaption><\/figure>\n<\/div>\n<\/div>\n\n\n\n<div class=\"wp-block-columns is-layout-flex wp-container-core-columns-is-layout-9d6595d7 wp-block-columns-is-layout-flex\">\n<div class=\"wp-block-column is-layout-flow wp-block-column-is-layout-flow\" style=\"flex-basis:33.33%\"><\/div>\n\n\n\n<div class=\"wp-block-column is-layout-flow wp-block-column-is-layout-flow\" style=\"flex-basis:66.66%\">\n<p>Aan het eind van de klim komen we op de Av. dos Aliados, een van de grotere pleinen in het centrum. Daar staat een aantal grote tv-schermen, want de troostfinale en de finale van de Nations Cup worden vandaag gespeeld. Plotseling komen alle Engelse supporters in beweging, want de politie vindt het blijkbaar beter dat zij op een andere plek naar hun wedstrijd gaan kijken. Het is best wel onheilspellend, die Engelse horde die ineens in onze richting loopt.<\/p>\n<\/div>\n<\/div>\n\n\n\n<div class=\"wp-block-columns is-layout-flex wp-container-core-columns-is-layout-9d6595d7 wp-block-columns-is-layout-flex\">\n<div class=\"wp-block-column is-layout-flow wp-block-column-is-layout-flow\"><\/div>\n\n\n\n<div class=\"wp-block-column is-layout-flow wp-block-column-is-layout-flow\">\n<figure class=\"wp-block-image size-full\"><a href=\"https:\/\/tedenloesopreis.nl\/wp-content\/uploads\/2023\/12\/IMG_0912-1024x768-1.jpg\" target=\"_blank\" rel=\"noreferrer noopener\"><img loading=\"lazy\" decoding=\"async\" width=\"1024\" height=\"768\" src=\"https:\/\/tedenloesopreis.nl\/wp-content\/uploads\/2023\/12\/IMG_0912-1024x768-1.jpg\" alt=\"\" class=\"wp-image-9419\" srcset=\"https:\/\/tedenloesopreis.nl\/wp-content\/uploads\/2023\/12\/IMG_0912-1024x768-1.jpg 1024w, https:\/\/tedenloesopreis.nl\/wp-content\/uploads\/2023\/12\/IMG_0912-1024x768-1-300x225.jpg 300w, https:\/\/tedenloesopreis.nl\/wp-content\/uploads\/2023\/12\/IMG_0912-1024x768-1-768x576.jpg 768w\" sizes=\"auto, (max-width: 1024px) 100vw, 1024px\" \/><\/a><figcaption class=\"wp-element-caption\"><em>veel Engelse supporters bij de Mac<\/em><\/figcaption><\/figure>\n<\/div>\n\n\n\n<div class=\"wp-block-column is-layout-flow wp-block-column-is-layout-flow\">\n<figure class=\"wp-block-image size-full\"><a href=\"https:\/\/tedenloesopreis.nl\/wp-content\/uploads\/2023\/12\/IMG_0913-1024x768-1.jpg\" target=\"_blank\" rel=\"noreferrer noopener\"><img loading=\"lazy\" decoding=\"async\" width=\"1024\" height=\"768\" src=\"https:\/\/tedenloesopreis.nl\/wp-content\/uploads\/2023\/12\/IMG_0913-1024x768-1.jpg\" alt=\"\" class=\"wp-image-9420\" srcset=\"https:\/\/tedenloesopreis.nl\/wp-content\/uploads\/2023\/12\/IMG_0913-1024x768-1.jpg 1024w, https:\/\/tedenloesopreis.nl\/wp-content\/uploads\/2023\/12\/IMG_0913-1024x768-1-300x225.jpg 300w, https:\/\/tedenloesopreis.nl\/wp-content\/uploads\/2023\/12\/IMG_0913-1024x768-1-768x576.jpg 768w\" sizes=\"auto, (max-width: 1024px) 100vw, 1024px\" \/><\/a><figcaption class=\"wp-element-caption\"><em>plotseling komen de Engelsen in beweging<\/em><\/figcaption><\/figure>\n<\/div>\n<\/div>\n\n\n\n<div class=\"wp-block-columns is-layout-flex wp-container-core-columns-is-layout-9d6595d7 wp-block-columns-is-layout-flex\">\n<div class=\"wp-block-column is-layout-flow wp-block-column-is-layout-flow\" style=\"flex-basis:33.33%\"><\/div>\n\n\n\n<div class=\"wp-block-column is-layout-flow wp-block-column-is-layout-flow\" style=\"flex-basis:66.66%\">\n<p>We fietsen &nbsp;verder naar het park waar de oranje-fanzone is ingericht. Het is er nog niet zo druk, maar het is misschien ook nog een beetje vroeg.<\/p>\n<\/div>\n<\/div>\n\n\n\n<div class=\"wp-block-columns is-layout-flex wp-container-core-columns-is-layout-9d6595d7 wp-block-columns-is-layout-flex\">\n<div class=\"wp-block-column is-layout-flow wp-block-column-is-layout-flow\"><\/div>\n\n\n\n<div class=\"wp-block-column is-layout-flow wp-block-column-is-layout-flow\">\n<figure class=\"wp-block-image size-full\"><a href=\"https:\/\/tedenloesopreis.nl\/wp-content\/uploads\/2023\/12\/IMG_0917-1024x768-1.jpg\" target=\"_blank\" rel=\"noreferrer noopener\"><img loading=\"lazy\" decoding=\"async\" width=\"1024\" height=\"768\" src=\"https:\/\/tedenloesopreis.nl\/wp-content\/uploads\/2023\/12\/IMG_0917-1024x768-1.jpg\" alt=\"\" class=\"wp-image-9421\" srcset=\"https:\/\/tedenloesopreis.nl\/wp-content\/uploads\/2023\/12\/IMG_0917-1024x768-1.jpg 1024w, https:\/\/tedenloesopreis.nl\/wp-content\/uploads\/2023\/12\/IMG_0917-1024x768-1-300x225.jpg 300w, https:\/\/tedenloesopreis.nl\/wp-content\/uploads\/2023\/12\/IMG_0917-1024x768-1-768x576.jpg 768w\" sizes=\"auto, (max-width: 1024px) 100vw, 1024px\" \/><\/a><figcaption class=\"wp-element-caption\"><em>het is (nog) betrekkelijk rustig in de oranje-fanzone<\/em><\/figcaption><\/figure>\n<\/div>\n\n\n\n<div class=\"wp-block-column is-layout-flow wp-block-column-is-layout-flow\">\n<figure class=\"wp-block-image size-full\"><a href=\"https:\/\/tedenloesopreis.nl\/wp-content\/uploads\/2023\/12\/IMG_0920-1024x768-1.jpg\" target=\"_blank\" rel=\"noreferrer noopener\"><img loading=\"lazy\" decoding=\"async\" width=\"1024\" height=\"768\" src=\"https:\/\/tedenloesopreis.nl\/wp-content\/uploads\/2023\/12\/IMG_0920-1024x768-1.jpg\" alt=\"\" class=\"wp-image-9422\" srcset=\"https:\/\/tedenloesopreis.nl\/wp-content\/uploads\/2023\/12\/IMG_0920-1024x768-1.jpg 1024w, https:\/\/tedenloesopreis.nl\/wp-content\/uploads\/2023\/12\/IMG_0920-1024x768-1-300x225.jpg 300w, https:\/\/tedenloesopreis.nl\/wp-content\/uploads\/2023\/12\/IMG_0920-1024x768-1-768x576.jpg 768w\" sizes=\"auto, (max-width: 1024px) 100vw, 1024px\" \/><\/a><figcaption class=\"wp-element-caption\"><em>het is (nog) betrekkelijk rustig in de oranje-fanzone<\/em><\/figcaption><\/figure>\n<\/div>\n<\/div>\n\n\n\n<div class=\"wp-block-columns is-layout-flex wp-container-core-columns-is-layout-9d6595d7 wp-block-columns-is-layout-flex\">\n<div class=\"wp-block-column is-layout-flow wp-block-column-is-layout-flow\" style=\"flex-basis:33.33%\"><\/div>\n\n\n\n<div class=\"wp-block-column is-layout-flow wp-block-column-is-layout-flow\" style=\"flex-basis:66.66%\">\n<p>We fietsen terug naar het centrum, bekijken de kathedraal (van buiten), en gaan over de bovenste verdieping van de Luiz I brug weer naar Gaia. Opvallend is, dat die verdieping wordt gedeeld door de metro\/sneltram en vele voetgangers.&nbsp;<\/p>\n<\/div>\n<\/div>\n\n\n\n<div class=\"wp-block-columns is-layout-flex wp-container-core-columns-is-layout-9d6595d7 wp-block-columns-is-layout-flex\">\n<div class=\"wp-block-column is-layout-flow wp-block-column-is-layout-flow\">\n<figure class=\"wp-block-image size-full\"><a href=\"https:\/\/tedenloesopreis.nl\/wp-content\/uploads\/2023\/12\/IMG_0925-768x1024-1.jpg\" target=\"_blank\" rel=\"noreferrer noopener\"><img loading=\"lazy\" decoding=\"async\" width=\"768\" height=\"1024\" src=\"https:\/\/tedenloesopreis.nl\/wp-content\/uploads\/2023\/12\/IMG_0925-768x1024-1.jpg\" alt=\"\" class=\"wp-image-9423\" srcset=\"https:\/\/tedenloesopreis.nl\/wp-content\/uploads\/2023\/12\/IMG_0925-768x1024-1.jpg 768w, https:\/\/tedenloesopreis.nl\/wp-content\/uploads\/2023\/12\/IMG_0925-768x1024-1-225x300.jpg 225w\" sizes=\"auto, (max-width: 768px) 100vw, 768px\" \/><\/a><figcaption class=\"wp-element-caption\"><em>de Torre dos Cl\u00e9rigos rijst boven alles uit<\/em><\/figcaption><\/figure>\n<\/div>\n\n\n\n<div class=\"wp-block-column is-layout-flow wp-block-column-is-layout-flow\">\n<figure class=\"wp-block-image size-full\"><a href=\"https:\/\/tedenloesopreis.nl\/wp-content\/uploads\/2023\/12\/IMG_0927-1024x768-1.jpg\" target=\"_blank\" rel=\"noreferrer noopener\"><img loading=\"lazy\" decoding=\"async\" width=\"1024\" height=\"768\" src=\"https:\/\/tedenloesopreis.nl\/wp-content\/uploads\/2023\/12\/IMG_0927-1024x768-1.jpg\" alt=\"\" class=\"wp-image-9426\" srcset=\"https:\/\/tedenloesopreis.nl\/wp-content\/uploads\/2023\/12\/IMG_0927-1024x768-1.jpg 1024w, https:\/\/tedenloesopreis.nl\/wp-content\/uploads\/2023\/12\/IMG_0927-1024x768-1-300x225.jpg 300w, https:\/\/tedenloesopreis.nl\/wp-content\/uploads\/2023\/12\/IMG_0927-1024x768-1-768x576.jpg 768w\" sizes=\"auto, (max-width: 1024px) 100vw, 1024px\" \/><\/a><figcaption class=\"wp-element-caption\"><em>de kathedraal van Porto<\/em><\/figcaption><\/figure>\n<\/div>\n\n\n\n<div class=\"wp-block-column is-layout-flow wp-block-column-is-layout-flow\">\n<figure class=\"wp-block-image size-full\"><a href=\"https:\/\/tedenloesopreis.nl\/wp-content\/uploads\/2023\/12\/IMG_0930-1024x768-2.jpg\" target=\"_blank\" rel=\"noreferrer noopener\"><img loading=\"lazy\" decoding=\"async\" width=\"1024\" height=\"768\" src=\"https:\/\/tedenloesopreis.nl\/wp-content\/uploads\/2023\/12\/IMG_0930-1024x768-2.jpg\" alt=\"\" class=\"wp-image-9425\" srcset=\"https:\/\/tedenloesopreis.nl\/wp-content\/uploads\/2023\/12\/IMG_0930-1024x768-2.jpg 1024w, https:\/\/tedenloesopreis.nl\/wp-content\/uploads\/2023\/12\/IMG_0930-1024x768-2-300x225.jpg 300w, https:\/\/tedenloesopreis.nl\/wp-content\/uploads\/2023\/12\/IMG_0930-1024x768-2-768x576.jpg 768w\" sizes=\"auto, (max-width: 1024px) 100vw, 1024px\" \/><\/a><figcaption class=\"wp-element-caption\"><em>de bovenste verdieping van de Luiz I brug<\/em><\/figcaption><\/figure>\n<\/div>\n<\/div>\n\n\n\n<div class=\"wp-block-columns is-layout-flex wp-container-core-columns-is-layout-9d6595d7 wp-block-columns-is-layout-flex\">\n<div class=\"wp-block-column is-layout-flow wp-block-column-is-layout-flow\">\n<figure class=\"wp-block-image size-full\"><a href=\"https:\/\/tedenloesopreis.nl\/wp-content\/uploads\/2023\/12\/IMG_0926-1024x768-1.jpg\" target=\"_blank\" rel=\"noreferrer noopener\"><img loading=\"lazy\" decoding=\"async\" width=\"1024\" height=\"768\" src=\"https:\/\/tedenloesopreis.nl\/wp-content\/uploads\/2023\/12\/IMG_0926-1024x768-1.jpg\" alt=\"\" class=\"wp-image-9427\" srcset=\"https:\/\/tedenloesopreis.nl\/wp-content\/uploads\/2023\/12\/IMG_0926-1024x768-1.jpg 1024w, https:\/\/tedenloesopreis.nl\/wp-content\/uploads\/2023\/12\/IMG_0926-1024x768-1-300x225.jpg 300w, https:\/\/tedenloesopreis.nl\/wp-content\/uploads\/2023\/12\/IMG_0926-1024x768-1-768x576.jpg 768w\" sizes=\"auto, (max-width: 1024px) 100vw, 1024px\" \/><\/a><figcaption class=\"wp-element-caption\"><em>vanaf de brug: Gaia, het centrum van de port-productie<\/em><\/figcaption><\/figure>\n<\/div>\n\n\n\n<div class=\"wp-block-column is-layout-flow wp-block-column-is-layout-flow\">\n<figure class=\"wp-block-image size-full\"><a href=\"https:\/\/tedenloesopreis.nl\/wp-content\/uploads\/2023\/12\/IMG_0933-1024x768-1.jpg\" target=\"_blank\" rel=\"noreferrer noopener\"><img loading=\"lazy\" decoding=\"async\" width=\"1024\" height=\"768\" src=\"https:\/\/tedenloesopreis.nl\/wp-content\/uploads\/2023\/12\/IMG_0933-1024x768-1.jpg\" alt=\"\" class=\"wp-image-9428\" srcset=\"https:\/\/tedenloesopreis.nl\/wp-content\/uploads\/2023\/12\/IMG_0933-1024x768-1.jpg 1024w, https:\/\/tedenloesopreis.nl\/wp-content\/uploads\/2023\/12\/IMG_0933-1024x768-1-300x225.jpg 300w, https:\/\/tedenloesopreis.nl\/wp-content\/uploads\/2023\/12\/IMG_0933-1024x768-1-768x576.jpg 768w\" sizes=\"auto, (max-width: 1024px) 100vw, 1024px\" \/><\/a><figcaption class=\"wp-element-caption\"><em>vanaf de brug: de Douro stroomopwaarts<\/em><\/figcaption><\/figure>\n<\/div>\n\n\n\n<div class=\"wp-block-column is-layout-flow wp-block-column-is-layout-flow\">\n<figure class=\"wp-block-image size-full\"><a href=\"https:\/\/tedenloesopreis.nl\/wp-content\/uploads\/2023\/12\/IMG_0934-1024x768-1.jpg\" target=\"_blank\" rel=\"noreferrer noopener\"><img loading=\"lazy\" decoding=\"async\" width=\"1024\" height=\"768\" src=\"https:\/\/tedenloesopreis.nl\/wp-content\/uploads\/2023\/12\/IMG_0934-1024x768-1.jpg\" alt=\"\" class=\"wp-image-9429\" srcset=\"https:\/\/tedenloesopreis.nl\/wp-content\/uploads\/2023\/12\/IMG_0934-1024x768-1.jpg 1024w, https:\/\/tedenloesopreis.nl\/wp-content\/uploads\/2023\/12\/IMG_0934-1024x768-1-300x225.jpg 300w, https:\/\/tedenloesopreis.nl\/wp-content\/uploads\/2023\/12\/IMG_0934-1024x768-1-768x576.jpg 768w\" sizes=\"auto, (max-width: 1024px) 100vw, 1024px\" \/><\/a><figcaption class=\"wp-element-caption\"><em>vanaf de brug: het Mosteiro da Serra do Pilar<\/em><\/figcaption><\/figure>\n<\/div>\n<\/div>\n\n\n\n<div class=\"wp-block-columns is-layout-flex wp-container-core-columns-is-layout-9d6595d7 wp-block-columns-is-layout-flex\">\n<div class=\"wp-block-column is-layout-flow wp-block-column-is-layout-flow\" style=\"flex-basis:33.33%\"><\/div>\n\n\n\n<div class=\"wp-block-column is-layout-flow wp-block-column-is-layout-flow\" style=\"flex-basis:66.66%\">\n<p>Eenmaal in Gaia dalen we weer af naar de Douro, waar we temidden van de beroemde Porthuizen een terrasje opzoeken. Daar zitten we geruime tijd naar het passerende publiek te kijken.<\/p>\n<\/div>\n<\/div>\n\n\n\n<div style=\"height:35px\" aria-hidden=\"true\" class=\"wp-block-spacer\"><\/div>\n\n\n\n<div class=\"wp-block-columns is-layout-flex wp-container-core-columns-is-layout-9d6595d7 wp-block-columns-is-layout-flex\">\n<div class=\"wp-block-column is-layout-flow wp-block-column-is-layout-flow\">\n<p class=\"has-orange-background-color has-background\" id=\"dag38\"><\/p>\n<\/div>\n<\/div>\n\n\n\n<div class=\"wp-block-columns is-layout-flex wp-container-core-columns-is-layout-9d6595d7 wp-block-columns-is-layout-flex\">\n<div class=\"wp-block-column is-layout-flow wp-block-column-is-layout-flow\" style=\"flex-basis:33.33%\">\n<p class=\"has-small-font-size\"><a href=\"#titel\">top<\/a><\/p>\n<\/div>\n\n\n\n<div class=\"wp-block-column is-layout-flow wp-block-column-is-layout-flow\" style=\"flex-basis:66.66%\">\n<p><strong>EN NOG EEN FLINKE TRAP<\/strong><br>dag 38 &nbsp; &nbsp; &nbsp;ma 10 juni 2019<br><a href=\"https:\/\/www.google.com\/maps\/d\/viewer?mid=1PRFH6RNJGSa8z4E9BySzib6BDx8iEJcU&amp;ll=41.340771614286446%2C-8.549075224252197&amp;z=10\" target=\"_blank\" rel=\"noreferrer noopener\">Vila Nova de Gaia \u2013 Braga<\/a>&nbsp; &nbsp; &nbsp;&nbsp; 102&nbsp;km<\/p>\n<\/div>\n<\/div>\n\n\n\n<div style=\"height:20px\" aria-hidden=\"true\" class=\"wp-block-spacer\"><\/div>\n\n\n\n<div class=\"wp-block-columns is-layout-flex wp-container-core-columns-is-layout-9d6595d7 wp-block-columns-is-layout-flex\">\n<div class=\"wp-block-column is-layout-flow wp-block-column-is-layout-flow\" style=\"flex-basis:33.33%\"><\/div>\n\n\n\n<div class=\"wp-block-column is-layout-flow wp-block-column-is-layout-flow\" style=\"flex-basis:66.66%\">\n<p>Na een rit van 102 km staan we op de&nbsp;<a href=\"https:\/\/www.campercontact.com\/nl\/portugal\/braga\/braga\/29018\/parque-municipal-de-campismo\" target=\"_blank\" rel=\"noreferrer noopener\">gemeentecamping<\/a>&nbsp;van Braga.&nbsp;<\/p>\n\n\n\n<p>Vanochtend steken we via de Ponte da Arr\u00e1bida (A1) de Douro over. Na een klein stukje A20 draaien we de N14 op. Bij Trofa slaan we rechtsaf, de N104 op. Aan het einde van deze weg nemen we de N105 naar Guimar\u0101es. In die plaats bezoeken we het kasteel. Al rond 950 werd aan de bouw van het kasteel begonnen. Het is in de loop van de tijd regelmatig aangepast. Momenteel bestaat het uit een flinke donjon met een imposante kasteelmuur. Goed te zien is, dat het kasteel ooit een woonfunctie heeft gehad, want in een van de kasteelmuren zitten vensters. Er hangt ook een schouw aan die muur.<\/p>\n<\/div>\n<\/div>\n\n\n\n<div class=\"wp-block-columns is-layout-flex wp-container-core-columns-is-layout-9d6595d7 wp-block-columns-is-layout-flex\">\n<div class=\"wp-block-column is-layout-flow wp-block-column-is-layout-flow\"><\/div>\n\n\n\n<div class=\"wp-block-column is-layout-flow wp-block-column-is-layout-flow\">\n<figure class=\"wp-block-image size-full\"><a href=\"https:\/\/tedenloesopreis.nl\/wp-content\/uploads\/2023\/12\/IMG_0945-1024x768-1.jpg\" target=\"_blank\" rel=\"noreferrer noopener\"><img loading=\"lazy\" decoding=\"async\" width=\"1024\" height=\"768\" src=\"https:\/\/tedenloesopreis.nl\/wp-content\/uploads\/2023\/12\/IMG_0945-1024x768-1.jpg\" alt=\"\" class=\"wp-image-9433\" srcset=\"https:\/\/tedenloesopreis.nl\/wp-content\/uploads\/2023\/12\/IMG_0945-1024x768-1.jpg 1024w, https:\/\/tedenloesopreis.nl\/wp-content\/uploads\/2023\/12\/IMG_0945-1024x768-1-300x225.jpg 300w, https:\/\/tedenloesopreis.nl\/wp-content\/uploads\/2023\/12\/IMG_0945-1024x768-1-768x576.jpg 768w\" sizes=\"auto, (max-width: 1024px) 100vw, 1024px\" \/><\/a><figcaption class=\"wp-element-caption\"><em>het kasteel van Guimar\u00e3es<\/em><\/figcaption><\/figure>\n<\/div>\n\n\n\n<div class=\"wp-block-column is-layout-flow wp-block-column-is-layout-flow\">\n<figure class=\"wp-block-image size-full\"><a href=\"https:\/\/tedenloesopreis.nl\/wp-content\/uploads\/2023\/12\/IMG_0946-1024x768-1.jpg\" target=\"_blank\" rel=\"noreferrer noopener\"><img loading=\"lazy\" decoding=\"async\" width=\"1024\" height=\"768\" src=\"https:\/\/tedenloesopreis.nl\/wp-content\/uploads\/2023\/12\/IMG_0946-1024x768-1.jpg\" alt=\"\" class=\"wp-image-9434\" srcset=\"https:\/\/tedenloesopreis.nl\/wp-content\/uploads\/2023\/12\/IMG_0946-1024x768-1.jpg 1024w, https:\/\/tedenloesopreis.nl\/wp-content\/uploads\/2023\/12\/IMG_0946-1024x768-1-300x225.jpg 300w, https:\/\/tedenloesopreis.nl\/wp-content\/uploads\/2023\/12\/IMG_0946-1024x768-1-768x576.jpg 768w\" sizes=\"auto, (max-width: 1024px) 100vw, 1024px\" \/><\/a><figcaption class=\"wp-element-caption\"><em>het kasteel van Guimar\u00e3es<\/em><\/figcaption><\/figure>\n<\/div>\n<\/div>\n\n\n\n<div class=\"wp-block-columns is-layout-flex wp-container-core-columns-is-layout-9d6595d7 wp-block-columns-is-layout-flex\">\n<div class=\"wp-block-column is-layout-flow wp-block-column-is-layout-flow\"><\/div>\n\n\n\n<div class=\"wp-block-column is-layout-flow wp-block-column-is-layout-flow\">\n<figure class=\"wp-block-image size-full\"><a href=\"https:\/\/tedenloesopreis.nl\/wp-content\/uploads\/2023\/12\/IMG_0948-768x1024-1.jpg\" target=\"_blank\" rel=\"noreferrer noopener\"><img loading=\"lazy\" decoding=\"async\" width=\"768\" height=\"1024\" src=\"https:\/\/tedenloesopreis.nl\/wp-content\/uploads\/2023\/12\/IMG_0948-768x1024-1.jpg\" alt=\"\" class=\"wp-image-9435\" srcset=\"https:\/\/tedenloesopreis.nl\/wp-content\/uploads\/2023\/12\/IMG_0948-768x1024-1.jpg 768w, https:\/\/tedenloesopreis.nl\/wp-content\/uploads\/2023\/12\/IMG_0948-768x1024-1-225x300.jpg 225w\" sizes=\"auto, (max-width: 768px) 100vw, 768px\" \/><\/a><figcaption class=\"wp-element-caption\"><em>donjon van het kasteel van Guimar\u00e3es<\/em><\/figcaption><\/figure>\n<\/div>\n\n\n\n<div class=\"wp-block-column is-layout-flow wp-block-column-is-layout-flow\">\n<figure class=\"wp-block-image size-full\"><a href=\"https:\/\/tedenloesopreis.nl\/wp-content\/uploads\/2023\/12\/IMG_0951-1024x768-1.jpg\" target=\"_blank\" rel=\"noreferrer noopener\"><img loading=\"lazy\" decoding=\"async\" width=\"1024\" height=\"768\" src=\"https:\/\/tedenloesopreis.nl\/wp-content\/uploads\/2023\/12\/IMG_0951-1024x768-1.jpg\" alt=\"\" class=\"wp-image-9436\" srcset=\"https:\/\/tedenloesopreis.nl\/wp-content\/uploads\/2023\/12\/IMG_0951-1024x768-1.jpg 1024w, https:\/\/tedenloesopreis.nl\/wp-content\/uploads\/2023\/12\/IMG_0951-1024x768-1-300x225.jpg 300w, https:\/\/tedenloesopreis.nl\/wp-content\/uploads\/2023\/12\/IMG_0951-1024x768-1-768x576.jpg 768w\" sizes=\"auto, (max-width: 1024px) 100vw, 1024px\" \/><\/a><figcaption class=\"wp-element-caption\"><em>het kasteel van Guimar\u00e3es<\/em><\/figcaption><\/figure>\n<\/div>\n<\/div>\n\n\n\n<div class=\"wp-block-columns is-layout-flex wp-container-core-columns-is-layout-9d6595d7 wp-block-columns-is-layout-flex\">\n<div class=\"wp-block-column is-layout-flow wp-block-column-is-layout-flow\" style=\"flex-basis:33.33%\"><\/div>\n\n\n\n<div class=\"wp-block-column is-layout-flow wp-block-column-is-layout-flow\" style=\"flex-basis:66.66%\">\n<p id=\"bomjesus\">Vanaf Guimar\u0101es rijden we via de N101 richting Braga. Bij Caldelas beginnen we aan een binnendoortje naar Bom Jesus (M585 en N390). We parkeren de buzz beneden, vlak bij de Elevador: twee wagentjes op rails, onderling verbonden met een kabel. Het bovenste wagentje wordt gevuld met water, waardoor het zwaarder is dan het onderste wagentje. Als de remmen worden gelost, daalt het zwaardere bovenste wagentje en trekt daarmee het lichtere onderste wagentje omhoog. Is het zwaardere wagentje beneden aangekomen, dan wordt het water automatisch geloosd. Tegelijkertijd wordt het nieuwe bovenste wagentje gevuld met water, zodat de rollen zijn omgedraaid.&nbsp;<\/p>\n\n\n\n<p>Bom Jesus heeft overeenkomsten met het Santu\u00e1rio van Lamego: een barokke kerk boven aan een flinke barokke trappartij. Er zijn ook verschillen. Bom Jesus is beter onderhouden dan Lamego. De kerk van Bom Jesus is groter en rijker versierd. De barokke trap van Lamego is een stuk groter. De totale klauterpartij is bij Bom Jesus echter weer flink wat groter, want er liggen ook veel eenvoudige traptreden verborgen in het bos. De relatie met de omgeving is intenser in Lamego: Bom Jesus ligt tussen de bomen, het Santu\u00e1rium van Lamego is onderdeel van de stad. Lamego kent geen waterballastbaan. Tot slot: Bom Jesus is veel toeristischer, met winkeltjes en terrasjes rond de kerk, Lamego is veel ingetogener.&nbsp;<\/p>\n\n\n\n<p>Wij laten dit keer de trappen voor wat zij zijn en nemen een retourtje voor de elevador. De klassieke opname \u201cde trappen van onderaf\u201d is &nbsp;dus niet zelfgemaakt.<\/p>\n<\/div>\n<\/div>\n\n\n\n<div class=\"wp-block-columns is-layout-flex wp-container-core-columns-is-layout-9d6595d7 wp-block-columns-is-layout-flex\">\n<div class=\"wp-block-column is-layout-flow wp-block-column-is-layout-flow\">\n<figure class=\"wp-block-image size-full\"><a href=\"https:\/\/tedenloesopreis.nl\/wp-content\/uploads\/2023\/12\/IMG_0953-1024x768-1.jpg\" target=\"_blank\" rel=\"noreferrer noopener\"><img loading=\"lazy\" decoding=\"async\" width=\"1024\" height=\"768\" src=\"https:\/\/tedenloesopreis.nl\/wp-content\/uploads\/2023\/12\/IMG_0953-1024x768-1.jpg\" alt=\"\" class=\"wp-image-9437\" srcset=\"https:\/\/tedenloesopreis.nl\/wp-content\/uploads\/2023\/12\/IMG_0953-1024x768-1.jpg 1024w, https:\/\/tedenloesopreis.nl\/wp-content\/uploads\/2023\/12\/IMG_0953-1024x768-1-300x225.jpg 300w, https:\/\/tedenloesopreis.nl\/wp-content\/uploads\/2023\/12\/IMG_0953-1024x768-1-768x576.jpg 768w\" sizes=\"auto, (max-width: 1024px) 100vw, 1024px\" \/><\/a><figcaption class=\"wp-element-caption\"><em>de elevador van Bom Jesus<\/em><\/figcaption><\/figure>\n<\/div>\n\n\n\n<div class=\"wp-block-column is-layout-flow wp-block-column-is-layout-flow\">\n<figure class=\"wp-block-image size-full\"><a href=\"https:\/\/tedenloesopreis.nl\/wp-content\/uploads\/2023\/12\/IMG_0954-1024x768-1.jpg\" target=\"_blank\" rel=\"noreferrer noopener\"><img loading=\"lazy\" decoding=\"async\" width=\"1024\" height=\"768\" src=\"https:\/\/tedenloesopreis.nl\/wp-content\/uploads\/2023\/12\/IMG_0954-1024x768-1.jpg\" alt=\"\" class=\"wp-image-9438\" srcset=\"https:\/\/tedenloesopreis.nl\/wp-content\/uploads\/2023\/12\/IMG_0954-1024x768-1.jpg 1024w, https:\/\/tedenloesopreis.nl\/wp-content\/uploads\/2023\/12\/IMG_0954-1024x768-1-300x225.jpg 300w, https:\/\/tedenloesopreis.nl\/wp-content\/uploads\/2023\/12\/IMG_0954-1024x768-1-768x576.jpg 768w\" sizes=\"auto, (max-width: 1024px) 100vw, 1024px\" \/><\/a><figcaption class=\"wp-element-caption\"><em>Bom Jesus<\/em><\/figcaption><\/figure>\n<\/div>\n\n\n\n<div class=\"wp-block-column is-layout-flow wp-block-column-is-layout-flow\">\n<figure class=\"wp-block-image size-full\"><a href=\"https:\/\/tedenloesopreis.nl\/wp-content\/uploads\/2023\/12\/IMG_0956-768x1024-1.jpg\" target=\"_blank\" rel=\"noreferrer noopener\"><img loading=\"lazy\" decoding=\"async\" width=\"768\" height=\"1024\" src=\"https:\/\/tedenloesopreis.nl\/wp-content\/uploads\/2023\/12\/IMG_0956-768x1024-1.jpg\" alt=\"\" class=\"wp-image-9439\" srcset=\"https:\/\/tedenloesopreis.nl\/wp-content\/uploads\/2023\/12\/IMG_0956-768x1024-1.jpg 768w, https:\/\/tedenloesopreis.nl\/wp-content\/uploads\/2023\/12\/IMG_0956-768x1024-1-225x300.jpg 225w\" sizes=\"auto, (max-width: 768px) 100vw, 768px\" \/><\/a><figcaption class=\"wp-element-caption\"><em>Bom Jesus<\/em><\/figcaption><\/figure>\n<\/div>\n<\/div>\n\n\n\n<div class=\"wp-block-columns is-layout-flex wp-container-core-columns-is-layout-9d6595d7 wp-block-columns-is-layout-flex\">\n<div class=\"wp-block-column is-layout-flow wp-block-column-is-layout-flow\"><\/div>\n\n\n\n<div class=\"wp-block-column is-layout-flow wp-block-column-is-layout-flow\">\n<figure class=\"wp-block-image size-full\"><a href=\"https:\/\/tedenloesopreis.nl\/wp-content\/uploads\/2023\/12\/IMG_0955-768x1024-1.jpg\" target=\"_blank\" rel=\"noreferrer noopener\"><img loading=\"lazy\" decoding=\"async\" width=\"768\" height=\"1024\" src=\"https:\/\/tedenloesopreis.nl\/wp-content\/uploads\/2023\/12\/IMG_0955-768x1024-1.jpg\" alt=\"\" class=\"wp-image-9440\" srcset=\"https:\/\/tedenloesopreis.nl\/wp-content\/uploads\/2023\/12\/IMG_0955-768x1024-1.jpg 768w, https:\/\/tedenloesopreis.nl\/wp-content\/uploads\/2023\/12\/IMG_0955-768x1024-1-225x300.jpg 225w\" sizes=\"auto, (max-width: 768px) 100vw, 768px\" \/><\/a><figcaption class=\"wp-element-caption\"><em>Bom Jesus: de trap van bovenaf gezien<\/em><\/figcaption><\/figure>\n<\/div>\n\n\n\n<div class=\"wp-block-column is-layout-flow wp-block-column-is-layout-flow\">\n<figure class=\"wp-block-image size-full\"><a href=\"https:\/\/tedenloesopreis.nl\/wp-content\/uploads\/2023\/12\/IMG_0244-602x1024-1.jpeg\" target=\"_blank\" rel=\"noreferrer noopener\"><img loading=\"lazy\" decoding=\"async\" width=\"602\" height=\"1024\" src=\"https:\/\/tedenloesopreis.nl\/wp-content\/uploads\/2023\/12\/IMG_0244-602x1024-1.jpeg\" alt=\"\" class=\"wp-image-9441\" srcset=\"https:\/\/tedenloesopreis.nl\/wp-content\/uploads\/2023\/12\/IMG_0244-602x1024-1.jpeg 602w, https:\/\/tedenloesopreis.nl\/wp-content\/uploads\/2023\/12\/IMG_0244-602x1024-1-176x300.jpeg 176w\" sizes=\"auto, (max-width: 602px) 100vw, 602px\" \/><\/a><figcaption class=\"wp-element-caption\"><em>Bom Jesus: de trap van onderaf gezien<\/em><\/figcaption><\/figure>\n<\/div>\n<\/div>\n\n\n\n<div style=\"height:35px\" aria-hidden=\"true\" class=\"wp-block-spacer\"><\/div>\n\n\n\n<p class=\"has-orange-background-color has-background\" id=\"dag39\"><\/p>\n\n\n\n<div class=\"wp-block-columns is-layout-flex wp-container-core-columns-is-layout-9d6595d7 wp-block-columns-is-layout-flex\">\n<div class=\"wp-block-column is-layout-flow wp-block-column-is-layout-flow\" style=\"flex-basis:33.33%\">\n<p class=\"has-small-font-size\"><a href=\"#titel\">top<\/a><\/p>\n<\/div>\n\n\n\n<div class=\"wp-block-column is-layout-flow wp-block-column-is-layout-flow\" style=\"flex-basis:66.66%\">\n<p><strong>LIEVER FIETSEN OP DE STOEP<\/strong><br>dag 39 &nbsp; &nbsp; &nbsp; di 11 juni 2019<br>Braga&nbsp; &nbsp; &nbsp; 0&nbsp;km<\/p>\n<\/div>\n<\/div>\n\n\n\n<div style=\"height:20px\" aria-hidden=\"true\" class=\"wp-block-spacer\"><\/div>\n\n\n\n<div class=\"wp-block-columns is-layout-flex wp-container-core-columns-is-layout-9d6595d7 wp-block-columns-is-layout-flex\">\n<div class=\"wp-block-column is-layout-flow wp-block-column-is-layout-flow\" style=\"flex-basis:33.33%\"><\/div>\n\n\n\n<div class=\"wp-block-column is-layout-flow wp-block-column-is-layout-flow\" style=\"flex-basis:66.66%\">\n<p>Na Salamanca en Porto is Braga een goede derde als het gaat om de sfeer in de stad. Het is duidelijk merkbaar een studentenstad.&nbsp;<\/p>\n\n\n\n<p>Wat het fietsen betreft, de stad is z\u00f3 druk, dat je als fietser alleen maar veilig bent op het trottoir. Nu zijn er niet zo veel fietsers, dus het is niet echt storend en wordt dus geaccepteerd. We komen verschillende politieagenten tegen, maar die grijpen niet in (ze hebben wel belangstelling voor onze fietsen).&nbsp;<\/p>\n\n\n\n<p>We beginnen op de Avenida Central en rijden vanaf daar het oude centrum in.<\/p>\n<\/div>\n<\/div>\n\n\n\n<div class=\"wp-block-columns is-layout-flex wp-container-core-columns-is-layout-9d6595d7 wp-block-columns-is-layout-flex\">\n<div class=\"wp-block-column is-layout-flow wp-block-column-is-layout-flow\">\n<figure class=\"wp-block-image size-full\"><a href=\"https:\/\/tedenloesopreis.nl\/wp-content\/uploads\/2023\/12\/IMG_0967-1024x768-1.jpg\" target=\"_blank\" rel=\"noreferrer noopener\"><img loading=\"lazy\" decoding=\"async\" width=\"1024\" height=\"768\" src=\"https:\/\/tedenloesopreis.nl\/wp-content\/uploads\/2023\/12\/IMG_0967-1024x768-1.jpg\" alt=\"\" class=\"wp-image-9443\" srcset=\"https:\/\/tedenloesopreis.nl\/wp-content\/uploads\/2023\/12\/IMG_0967-1024x768-1.jpg 1024w, https:\/\/tedenloesopreis.nl\/wp-content\/uploads\/2023\/12\/IMG_0967-1024x768-1-300x225.jpg 300w, https:\/\/tedenloesopreis.nl\/wp-content\/uploads\/2023\/12\/IMG_0967-1024x768-1-768x576.jpg 768w\" sizes=\"auto, (max-width: 1024px) 100vw, 1024px\" \/><\/a><figcaption class=\"wp-element-caption\"><em>convento aan de Avenida Central<\/em><\/figcaption><\/figure>\n<\/div>\n\n\n\n<div class=\"wp-block-column is-layout-flow wp-block-column-is-layout-flow\">\n<figure class=\"wp-block-image size-full\"><a href=\"https:\/\/tedenloesopreis.nl\/wp-content\/uploads\/2023\/12\/IMG_0968-1024x768-1.jpg\" target=\"_blank\" rel=\"noreferrer noopener\"><img loading=\"lazy\" decoding=\"async\" width=\"1024\" height=\"768\" src=\"https:\/\/tedenloesopreis.nl\/wp-content\/uploads\/2023\/12\/IMG_0968-1024x768-1.jpg\" alt=\"\" class=\"wp-image-9444\" srcset=\"https:\/\/tedenloesopreis.nl\/wp-content\/uploads\/2023\/12\/IMG_0968-1024x768-1.jpg 1024w, https:\/\/tedenloesopreis.nl\/wp-content\/uploads\/2023\/12\/IMG_0968-1024x768-1-300x225.jpg 300w, https:\/\/tedenloesopreis.nl\/wp-content\/uploads\/2023\/12\/IMG_0968-1024x768-1-768x576.jpg 768w\" sizes=\"auto, (max-width: 1024px) 100vw, 1024px\" \/><\/a><figcaption class=\"wp-element-caption\"><em>Avenida Central<\/em><\/figcaption><\/figure>\n<\/div>\n\n\n\n<div class=\"wp-block-column is-layout-flow wp-block-column-is-layout-flow\">\n<figure class=\"wp-block-image size-full\"><a href=\"https:\/\/tedenloesopreis.nl\/wp-content\/uploads\/2023\/12\/IMG_0958-1024x768-1.jpg\" target=\"_blank\" rel=\"noreferrer noopener\"><img loading=\"lazy\" decoding=\"async\" width=\"1024\" height=\"768\" src=\"https:\/\/tedenloesopreis.nl\/wp-content\/uploads\/2023\/12\/IMG_0958-1024x768-1.jpg\" alt=\"\" class=\"wp-image-9445\" srcset=\"https:\/\/tedenloesopreis.nl\/wp-content\/uploads\/2023\/12\/IMG_0958-1024x768-1.jpg 1024w, https:\/\/tedenloesopreis.nl\/wp-content\/uploads\/2023\/12\/IMG_0958-1024x768-1-300x225.jpg 300w, https:\/\/tedenloesopreis.nl\/wp-content\/uploads\/2023\/12\/IMG_0958-1024x768-1-768x576.jpg 768w\" sizes=\"auto, (max-width: 1024px) 100vw, 1024px\" \/><\/a><figcaption class=\"wp-element-caption\"><em>Avenida Central<\/em><\/figcaption><\/figure>\n<\/div>\n<\/div>\n\n\n\n<div class=\"wp-block-columns is-layout-flex wp-container-core-columns-is-layout-9d6595d7 wp-block-columns-is-layout-flex\">\n<div class=\"wp-block-column is-layout-flow wp-block-column-is-layout-flow\"><\/div>\n\n\n\n<div class=\"wp-block-column is-layout-flow wp-block-column-is-layout-flow\">\n<figure class=\"wp-block-image size-full\"><a href=\"https:\/\/tedenloesopreis.nl\/wp-content\/uploads\/2023\/12\/IMG_0972-1024x768-1.jpg\" target=\"_blank\" rel=\"noreferrer noopener\"><img loading=\"lazy\" decoding=\"async\" width=\"1024\" height=\"768\" src=\"https:\/\/tedenloesopreis.nl\/wp-content\/uploads\/2023\/12\/IMG_0972-1024x768-1.jpg\" alt=\"\" class=\"wp-image-9446\" srcset=\"https:\/\/tedenloesopreis.nl\/wp-content\/uploads\/2023\/12\/IMG_0972-1024x768-1.jpg 1024w, https:\/\/tedenloesopreis.nl\/wp-content\/uploads\/2023\/12\/IMG_0972-1024x768-1-300x225.jpg 300w, https:\/\/tedenloesopreis.nl\/wp-content\/uploads\/2023\/12\/IMG_0972-1024x768-1-768x576.jpg 768w\" sizes=\"auto, (max-width: 1024px) 100vw, 1024px\" \/><\/a><figcaption class=\"wp-element-caption\"><em>Jardim de Santa B\u00e1rbara<\/em><\/figcaption><\/figure>\n<\/div>\n\n\n\n<div class=\"wp-block-column is-layout-flow wp-block-column-is-layout-flow\">\n<figure class=\"wp-block-image size-full\"><a href=\"https:\/\/tedenloesopreis.nl\/wp-content\/uploads\/2023\/12\/IMG_0966-1024x768-1.jpg\" target=\"_blank\" rel=\"noreferrer noopener\"><img loading=\"lazy\" decoding=\"async\" width=\"1024\" height=\"768\" src=\"https:\/\/tedenloesopreis.nl\/wp-content\/uploads\/2023\/12\/IMG_0966-1024x768-1.jpg\" alt=\"\" class=\"wp-image-9447\" srcset=\"https:\/\/tedenloesopreis.nl\/wp-content\/uploads\/2023\/12\/IMG_0966-1024x768-1.jpg 1024w, https:\/\/tedenloesopreis.nl\/wp-content\/uploads\/2023\/12\/IMG_0966-1024x768-1-300x225.jpg 300w, https:\/\/tedenloesopreis.nl\/wp-content\/uploads\/2023\/12\/IMG_0966-1024x768-1-768x576.jpg 768w\" sizes=\"auto, (max-width: 1024px) 100vw, 1024px\" \/><\/a><figcaption class=\"wp-element-caption\"><em>een pleintje in Braga<\/em><\/figcaption><\/figure>\n<\/div>\n<\/div>\n\n\n\n<div class=\"wp-block-columns is-layout-flex wp-container-core-columns-is-layout-9d6595d7 wp-block-columns-is-layout-flex\">\n<div class=\"wp-block-column is-layout-flow wp-block-column-is-layout-flow\"><\/div>\n\n\n\n<div class=\"wp-block-column is-layout-flow wp-block-column-is-layout-flow\">\n<figure class=\"wp-block-image size-full\"><a href=\"https:\/\/tedenloesopreis.nl\/wp-content\/uploads\/2023\/12\/IMG_0997-1024x768-1.jpg\" target=\"_blank\" rel=\"noreferrer noopener\"><img loading=\"lazy\" decoding=\"async\" width=\"1024\" height=\"768\" src=\"https:\/\/tedenloesopreis.nl\/wp-content\/uploads\/2023\/12\/IMG_0997-1024x768-1.jpg\" alt=\"\" class=\"wp-image-9448\" srcset=\"https:\/\/tedenloesopreis.nl\/wp-content\/uploads\/2023\/12\/IMG_0997-1024x768-1.jpg 1024w, https:\/\/tedenloesopreis.nl\/wp-content\/uploads\/2023\/12\/IMG_0997-1024x768-1-300x225.jpg 300w, https:\/\/tedenloesopreis.nl\/wp-content\/uploads\/2023\/12\/IMG_0997-1024x768-1-768x576.jpg 768w\" sizes=\"auto, (max-width: 1024px) 100vw, 1024px\" \/><\/a><figcaption class=\"wp-element-caption\"><em>een pleintje in Braga<\/em><\/figcaption><\/figure>\n<\/div>\n\n\n\n<div class=\"wp-block-column is-layout-flow wp-block-column-is-layout-flow\">\n<figure class=\"wp-block-image size-full\"><a href=\"https:\/\/tedenloesopreis.nl\/wp-content\/uploads\/2023\/12\/IMG_0999-1024x768-1.jpg\" target=\"_blank\" rel=\"noreferrer noopener\"><img loading=\"lazy\" decoding=\"async\" width=\"1024\" height=\"768\" src=\"https:\/\/tedenloesopreis.nl\/wp-content\/uploads\/2023\/12\/IMG_0999-1024x768-1.jpg\" alt=\"\" class=\"wp-image-9449\" srcset=\"https:\/\/tedenloesopreis.nl\/wp-content\/uploads\/2023\/12\/IMG_0999-1024x768-1.jpg 1024w, https:\/\/tedenloesopreis.nl\/wp-content\/uploads\/2023\/12\/IMG_0999-1024x768-1-300x225.jpg 300w, https:\/\/tedenloesopreis.nl\/wp-content\/uploads\/2023\/12\/IMG_0999-1024x768-1-768x576.jpg 768w\" sizes=\"auto, (max-width: 1024px) 100vw, 1024px\" \/><\/a><figcaption class=\"wp-element-caption\"><em>een pleintje in Braga<\/em><\/figcaption><\/figure>\n<\/div>\n<\/div>\n\n\n\n<div class=\"wp-block-columns is-layout-flex wp-container-core-columns-is-layout-9d6595d7 wp-block-columns-is-layout-flex\">\n<div class=\"wp-block-column is-layout-flow wp-block-column-is-layout-flow\" style=\"flex-basis:33.33%\"><\/div>\n\n\n\n<div class=\"wp-block-column is-layout-flow wp-block-column-is-layout-flow\" style=\"flex-basis:66.66%\">\n<p>De kathedraal van Braga is heel bijzonder. De bouw is gestart in 1070. Van het oorspronkelijk romaanse gebouw zijn nog maar een paar elementen overgebleven. Aan de buitenkant vallen de barokke kroonvormige torenspitsen op. Binnen is het vooral goed te zien, dat de kathedraal in de loop van de tijd sterk is veranderd. Het meest opvallende is wel het enorme barokke orgel. We bekijken dat graag van dichtbij, maar er zijn op dat moment geen gidsen beschikbaar.<\/p>\n<\/div>\n<\/div>\n\n\n\n<div class=\"wp-block-columns is-layout-flex wp-container-core-columns-is-layout-9d6595d7 wp-block-columns-is-layout-flex\">\n<div class=\"wp-block-column is-layout-flow wp-block-column-is-layout-flow\"><\/div>\n\n\n\n<div class=\"wp-block-column is-layout-flow wp-block-column-is-layout-flow\">\n<figure class=\"wp-block-image size-full\"><a href=\"https:\/\/tedenloesopreis.nl\/wp-content\/uploads\/2023\/12\/IMG_0975-1024x768-1.jpg\" target=\"_blank\" rel=\"noreferrer noopener\"><img loading=\"lazy\" decoding=\"async\" width=\"1024\" height=\"768\" src=\"https:\/\/tedenloesopreis.nl\/wp-content\/uploads\/2023\/12\/IMG_0975-1024x768-1.jpg\" alt=\"\" class=\"wp-image-9450\" srcset=\"https:\/\/tedenloesopreis.nl\/wp-content\/uploads\/2023\/12\/IMG_0975-1024x768-1.jpg 1024w, https:\/\/tedenloesopreis.nl\/wp-content\/uploads\/2023\/12\/IMG_0975-1024x768-1-300x225.jpg 300w, https:\/\/tedenloesopreis.nl\/wp-content\/uploads\/2023\/12\/IMG_0975-1024x768-1-768x576.jpg 768w\" sizes=\"auto, (max-width: 1024px) 100vw, 1024px\" \/><\/a><figcaption class=\"wp-element-caption\"><em>de kathedraal van Braga<\/em><\/figcaption><\/figure>\n<\/div>\n\n\n\n<div class=\"wp-block-column is-layout-flow wp-block-column-is-layout-flow\">\n<figure class=\"wp-block-image size-full\"><a href=\"https:\/\/tedenloesopreis.nl\/wp-content\/uploads\/2023\/12\/IMG_0976-1024x768-1.jpg\" target=\"_blank\" rel=\"noreferrer noopener\"><img loading=\"lazy\" decoding=\"async\" width=\"1024\" height=\"768\" src=\"https:\/\/tedenloesopreis.nl\/wp-content\/uploads\/2023\/12\/IMG_0976-1024x768-1.jpg\" alt=\"\" class=\"wp-image-9451\" srcset=\"https:\/\/tedenloesopreis.nl\/wp-content\/uploads\/2023\/12\/IMG_0976-1024x768-1.jpg 1024w, https:\/\/tedenloesopreis.nl\/wp-content\/uploads\/2023\/12\/IMG_0976-1024x768-1-300x225.jpg 300w, https:\/\/tedenloesopreis.nl\/wp-content\/uploads\/2023\/12\/IMG_0976-1024x768-1-768x576.jpg 768w\" sizes=\"auto, (max-width: 1024px) 100vw, 1024px\" \/><\/a><figcaption class=\"wp-element-caption\"><em>de kathedraal van Braga<\/em><\/figcaption><\/figure>\n<\/div>\n<\/div>\n\n\n\n<div class=\"wp-block-columns is-layout-flex wp-container-core-columns-is-layout-9d6595d7 wp-block-columns-is-layout-flex\">\n<div class=\"wp-block-column is-layout-flow wp-block-column-is-layout-flow\"><\/div>\n\n\n\n<div class=\"wp-block-column is-layout-flow wp-block-column-is-layout-flow\">\n<figure class=\"wp-block-image size-full\"><a href=\"https:\/\/tedenloesopreis.nl\/wp-content\/uploads\/2023\/12\/IMG_0982-1024x768-1.jpg\" target=\"_blank\" rel=\"noreferrer noopener\"><img loading=\"lazy\" decoding=\"async\" width=\"1024\" height=\"768\" src=\"https:\/\/tedenloesopreis.nl\/wp-content\/uploads\/2023\/12\/IMG_0982-1024x768-1.jpg\" alt=\"\" class=\"wp-image-9452\" srcset=\"https:\/\/tedenloesopreis.nl\/wp-content\/uploads\/2023\/12\/IMG_0982-1024x768-1.jpg 1024w, https:\/\/tedenloesopreis.nl\/wp-content\/uploads\/2023\/12\/IMG_0982-1024x768-1-300x225.jpg 300w, https:\/\/tedenloesopreis.nl\/wp-content\/uploads\/2023\/12\/IMG_0982-1024x768-1-768x576.jpg 768w\" sizes=\"auto, (max-width: 1024px) 100vw, 1024px\" \/><\/a><figcaption class=\"wp-element-caption\"><em>de kathedraal van Braga<\/em><\/figcaption><\/figure>\n<\/div>\n\n\n\n<div class=\"wp-block-column is-layout-flow wp-block-column-is-layout-flow\">\n<figure class=\"wp-block-image size-full\"><a href=\"https:\/\/tedenloesopreis.nl\/wp-content\/uploads\/2023\/12\/IMG_0995-1024x768-1.jpg\" target=\"_blank\" rel=\"noreferrer noopener\"><img loading=\"lazy\" decoding=\"async\" width=\"1024\" height=\"768\" src=\"https:\/\/tedenloesopreis.nl\/wp-content\/uploads\/2023\/12\/IMG_0995-1024x768-1.jpg\" alt=\"\" class=\"wp-image-9453\" srcset=\"https:\/\/tedenloesopreis.nl\/wp-content\/uploads\/2023\/12\/IMG_0995-1024x768-1.jpg 1024w, https:\/\/tedenloesopreis.nl\/wp-content\/uploads\/2023\/12\/IMG_0995-1024x768-1-300x225.jpg 300w, https:\/\/tedenloesopreis.nl\/wp-content\/uploads\/2023\/12\/IMG_0995-1024x768-1-768x576.jpg 768w\" sizes=\"auto, (max-width: 1024px) 100vw, 1024px\" \/><\/a><figcaption class=\"wp-element-caption\"><em>het enorme orgel in de kathedraal van Braga<\/em><\/figcaption><\/figure>\n<\/div>\n<\/div>\n\n\n\n<div class=\"wp-block-columns is-layout-flex wp-container-core-columns-is-layout-9d6595d7 wp-block-columns-is-layout-flex\">\n<div class=\"wp-block-column is-layout-flow wp-block-column-is-layout-flow\" style=\"flex-basis:33.33%\"><\/div>\n\n\n\n<div class=\"wp-block-column is-layout-flow wp-block-column-is-layout-flow\" style=\"flex-basis:66.66%\">\n<p>Een andere belangrijke plaats wordt ingenomen door de oude universiteit. Verspreid over de stad vind je verschillende paleizen.&nbsp;<\/p>\n<\/div>\n<\/div>\n\n\n\n<div class=\"wp-block-columns is-layout-flex wp-container-core-columns-is-layout-9d6595d7 wp-block-columns-is-layout-flex\">\n<div class=\"wp-block-column is-layout-flow wp-block-column-is-layout-flow\">\n<figure class=\"wp-block-image size-full\"><a href=\"https:\/\/tedenloesopreis.nl\/wp-content\/uploads\/2023\/12\/IMG_0973-1024x768-1.jpg\" target=\"_blank\" rel=\"noreferrer noopener\"><img loading=\"lazy\" decoding=\"async\" width=\"1024\" height=\"768\" src=\"https:\/\/tedenloesopreis.nl\/wp-content\/uploads\/2023\/12\/IMG_0973-1024x768-1.jpg\" alt=\"\" class=\"wp-image-9454\" srcset=\"https:\/\/tedenloesopreis.nl\/wp-content\/uploads\/2023\/12\/IMG_0973-1024x768-1.jpg 1024w, https:\/\/tedenloesopreis.nl\/wp-content\/uploads\/2023\/12\/IMG_0973-1024x768-1-300x225.jpg 300w, https:\/\/tedenloesopreis.nl\/wp-content\/uploads\/2023\/12\/IMG_0973-1024x768-1-768x576.jpg 768w\" sizes=\"auto, (max-width: 1024px) 100vw, 1024px\" \/><\/a><figcaption class=\"wp-element-caption\"><em>de universiteit van Braga<\/em><\/figcaption><\/figure>\n<\/div>\n\n\n\n<div class=\"wp-block-column is-layout-flow wp-block-column-is-layout-flow\">\n<figure class=\"wp-block-image size-full\"><a href=\"https:\/\/tedenloesopreis.nl\/wp-content\/uploads\/2023\/12\/IMG_0998-1024x768-1.jpg\" target=\"_blank\" rel=\"noreferrer noopener\"><img loading=\"lazy\" decoding=\"async\" width=\"1024\" height=\"768\" src=\"https:\/\/tedenloesopreis.nl\/wp-content\/uploads\/2023\/12\/IMG_0998-1024x768-1.jpg\" alt=\"\" class=\"wp-image-9455\" srcset=\"https:\/\/tedenloesopreis.nl\/wp-content\/uploads\/2023\/12\/IMG_0998-1024x768-1.jpg 1024w, https:\/\/tedenloesopreis.nl\/wp-content\/uploads\/2023\/12\/IMG_0998-1024x768-1-300x225.jpg 300w, https:\/\/tedenloesopreis.nl\/wp-content\/uploads\/2023\/12\/IMG_0998-1024x768-1-768x576.jpg 768w\" sizes=\"auto, (max-width: 1024px) 100vw, 1024px\" \/><\/a><figcaption class=\"wp-element-caption\"><em>een stadspaleis in Braga<\/em><\/figcaption><\/figure>\n<\/div>\n\n\n\n<div class=\"wp-block-column is-layout-flow wp-block-column-is-layout-flow\">\n<figure class=\"wp-block-image size-full\"><a href=\"https:\/\/tedenloesopreis.nl\/wp-content\/uploads\/2023\/12\/IMG_1001-1024x768-1.jpg\" target=\"_blank\" rel=\"noreferrer noopener\"><img loading=\"lazy\" decoding=\"async\" width=\"1024\" height=\"768\" src=\"https:\/\/tedenloesopreis.nl\/wp-content\/uploads\/2023\/12\/IMG_1001-1024x768-1.jpg\" alt=\"\" class=\"wp-image-9456\" srcset=\"https:\/\/tedenloesopreis.nl\/wp-content\/uploads\/2023\/12\/IMG_1001-1024x768-1.jpg 1024w, https:\/\/tedenloesopreis.nl\/wp-content\/uploads\/2023\/12\/IMG_1001-1024x768-1-300x225.jpg 300w, https:\/\/tedenloesopreis.nl\/wp-content\/uploads\/2023\/12\/IMG_1001-1024x768-1-768x576.jpg 768w\" sizes=\"auto, (max-width: 1024px) 100vw, 1024px\" \/><\/a><figcaption class=\"wp-element-caption\"><em>een stadspaleis in Braga<\/em><\/figcaption><\/figure>\n<\/div>\n<\/div>\n\n\n\n<div class=\"wp-block-columns is-layout-flex wp-container-core-columns-is-layout-9d6595d7 wp-block-columns-is-layout-flex\">\n<div class=\"wp-block-column is-layout-flow wp-block-column-is-layout-flow\" style=\"flex-basis:33.33%\"><\/div>\n\n\n\n<div class=\"wp-block-column is-layout-flow wp-block-column-is-layout-flow\" style=\"flex-basis:66.66%\">\n<p>De topper is echter de gezellige sfeer die overal in het centrum, op de pleintjes en in de straatjes, heerst.<\/p>\n<\/div>\n<\/div>\n\n\n\n<div style=\"height:35px\" aria-hidden=\"true\" class=\"wp-block-spacer\"><\/div>\n\n\n\n<div class=\"wp-block-columns is-layout-flex wp-container-core-columns-is-layout-9d6595d7 wp-block-columns-is-layout-flex\">\n<div class=\"wp-block-column is-layout-flow wp-block-column-is-layout-flow\">\n<p class=\"has-orange-background-color has-background\" id=\"dag40\"><\/p>\n<\/div>\n<\/div>\n\n\n\n<div class=\"wp-block-columns is-layout-flex wp-container-core-columns-is-layout-9d6595d7 wp-block-columns-is-layout-flex\">\n<div class=\"wp-block-column is-layout-flow wp-block-column-is-layout-flow\" style=\"flex-basis:33.33%\">\n<p><a href=\"#titel\">top<\/a><\/p>\n<\/div>\n\n\n\n<div class=\"wp-block-column is-layout-flow wp-block-column-is-layout-flow\" style=\"flex-basis:66.66%\">\n<p><strong>TOLWEG MET GATEN EN KUILEN<\/strong><br>dag 40 &nbsp; &nbsp; &nbsp;wo 12 juni 2019<br><a href=\"https:\/\/www.google.com\/maps\/d\/viewer?mid=1N9pBwFL1KialgRQxUx_dLWZ7xUYA4QvQ&amp;ll=41.69869604551276%2C-8.49813810094134&amp;z=11\" target=\"_blank\" rel=\"noreferrer noopener\">Braga \u2013 \u00c2ncora<\/a>&nbsp; &nbsp; &nbsp;&nbsp; 172&nbsp;km<\/p>\n<\/div>\n<\/div>\n\n\n\n<div style=\"height:20px\" aria-hidden=\"true\" class=\"wp-block-spacer\"><\/div>\n\n\n\n<div class=\"wp-block-columns is-layout-flex wp-container-core-columns-is-layout-9d6595d7 wp-block-columns-is-layout-flex\">\n<div class=\"wp-block-column is-layout-flow wp-block-column-is-layout-flow\" style=\"flex-basis:33.33%\">\n<figure class=\"wp-block-image size-full\"><a href=\"https:\/\/tedenloesopreis.nl\/wp-content\/uploads\/2023\/12\/IMG_1002-1024x768-1.jpg\" target=\"_blank\" rel=\"noreferrer noopener\"><img loading=\"lazy\" decoding=\"async\" width=\"1024\" height=\"768\" src=\"https:\/\/tedenloesopreis.nl\/wp-content\/uploads\/2023\/12\/IMG_1002-1024x768-1.jpg\" alt=\"\" class=\"wp-image-9487\" srcset=\"https:\/\/tedenloesopreis.nl\/wp-content\/uploads\/2023\/12\/IMG_1002-1024x768-1.jpg 1024w, https:\/\/tedenloesopreis.nl\/wp-content\/uploads\/2023\/12\/IMG_1002-1024x768-1-300x225.jpg 300w, https:\/\/tedenloesopreis.nl\/wp-content\/uploads\/2023\/12\/IMG_1002-1024x768-1-768x576.jpg 768w\" sizes=\"auto, (max-width: 1024px) 100vw, 1024px\" \/><\/a><figcaption class=\"wp-element-caption\"><em>zicht op Peneda-Ger\u00eas<\/em><\/figcaption><\/figure>\n<\/div>\n\n\n\n<div class=\"wp-block-column is-layout-flow wp-block-column-is-layout-flow\" style=\"flex-basis:66.66%\">\n<p>Na een rit van 171 km staan we op&nbsp;<a href=\"https:\/\/www.campercontact.com\/nl\/portugal\/viana-do-castelo\/5303\/vila-praia-de-ancora\" target=\"_blank\" rel=\"noreferrer noopener\">camping Vila Praia de Ancona<\/a>&nbsp;in \u00c2ncora.&nbsp;<\/p>\n\n\n\n<p>In Braga nemen we de N103 richting Chaves. Ter hoogte van Vieira do Minho slaan we af naar de N304. Na het stuwmeer in de Rio Cavado rijden we via N308-1 het nationale park Peneda-Ger\u00eas binnen. Het park ligt zowel in Spanje als in Portugal. Je vindt er vrij hoge toppen, diepe kloven, watervallen, warmwaterbronnen. Delen zijn bijzonder dichtbebost, dan weer rijdt je tussen kale, stenige hellingen.<br><br>Tot aan Ger\u00eas is de weg uitstekend. Daarna komen vele haarspeldbochten die allemaal met spekgladde kinderkopjes zijn bestraat. Hier moet je tijdig terugschakelen naar de eerste versnelling en kalm de bocht nemen.<\/p>\n\n\n\n<p>Als we alle haarspeldbochten hebben gehad, worden we verrast door een paar petten die tol willen incasseren voor het gebruik van het bovenste deel van de weg door het park. Als tegenprestatie voor het betalen van de tol wordt de weg dramatisch: behoorlijk smal, en vol met gaten en kuilen. Gelukkig komen we alleen maar bescheiden personenwagens tegen, en geen dikke campers, want dan hebben we een dik probleem. Bij de Portugees-Spaanse grens is het over met de spanning. Het Spaanse deel van de weg is nagenoeg perfect. In Lobios gaan we linksaf, richting Portugal, langs de Rio Lima.<\/p>\n<\/div>\n<\/div>\n\n\n\n<div class=\"wp-block-columns is-layout-flex wp-container-core-columns-is-layout-9d6595d7 wp-block-columns-is-layout-flex\">\n<div class=\"wp-block-column is-layout-flow wp-block-column-is-layout-flow\">\n<figure class=\"wp-block-image size-full\"><a href=\"https:\/\/tedenloesopreis.nl\/wp-content\/uploads\/2023\/12\/IMG_1010-1024x768-1.jpg\" target=\"_blank\" rel=\"noreferrer noopener\"><img loading=\"lazy\" decoding=\"async\" width=\"1024\" height=\"768\" src=\"https:\/\/tedenloesopreis.nl\/wp-content\/uploads\/2023\/12\/IMG_1010-1024x768-1.jpg\" alt=\"\" class=\"wp-image-9488\" srcset=\"https:\/\/tedenloesopreis.nl\/wp-content\/uploads\/2023\/12\/IMG_1010-1024x768-1.jpg 1024w, https:\/\/tedenloesopreis.nl\/wp-content\/uploads\/2023\/12\/IMG_1010-1024x768-1-300x225.jpg 300w, https:\/\/tedenloesopreis.nl\/wp-content\/uploads\/2023\/12\/IMG_1010-1024x768-1-768x576.jpg 768w\" sizes=\"auto, (max-width: 1024px) 100vw, 1024px\" \/><\/a><figcaption class=\"wp-element-caption\"><em>de tolweg door het nationale park<\/em><\/figcaption><\/figure>\n<\/div>\n\n\n\n<div class=\"wp-block-column is-layout-flow wp-block-column-is-layout-flow\">\n<figure class=\"wp-block-image size-full\"><a href=\"https:\/\/tedenloesopreis.nl\/wp-content\/uploads\/2023\/12\/IMG_1012-1024x768-1.jpg\" target=\"_blank\" rel=\"noreferrer noopener\"><img loading=\"lazy\" decoding=\"async\" width=\"1024\" height=\"768\" src=\"https:\/\/tedenloesopreis.nl\/wp-content\/uploads\/2023\/12\/IMG_1012-1024x768-1.jpg\" alt=\"\" class=\"wp-image-9489\" srcset=\"https:\/\/tedenloesopreis.nl\/wp-content\/uploads\/2023\/12\/IMG_1012-1024x768-1.jpg 1024w, https:\/\/tedenloesopreis.nl\/wp-content\/uploads\/2023\/12\/IMG_1012-1024x768-1-300x225.jpg 300w, https:\/\/tedenloesopreis.nl\/wp-content\/uploads\/2023\/12\/IMG_1012-1024x768-1-768x576.jpg 768w\" sizes=\"auto, (max-width: 1024px) 100vw, 1024px\" \/><\/a><figcaption class=\"wp-element-caption\"><em>stenige hellingen<\/em><\/figcaption><\/figure>\n<\/div>\n\n\n\n<div class=\"wp-block-column is-layout-flow wp-block-column-is-layout-flow\">\n<figure class=\"wp-block-image size-full\"><a href=\"https:\/\/tedenloesopreis.nl\/wp-content\/uploads\/2023\/12\/IMG_1013-1024x768-1.jpg\" target=\"_blank\" rel=\"noreferrer noopener\"><img loading=\"lazy\" decoding=\"async\" width=\"1024\" height=\"768\" src=\"https:\/\/tedenloesopreis.nl\/wp-content\/uploads\/2023\/12\/IMG_1013-1024x768-1.jpg\" alt=\"\" class=\"wp-image-9490\" srcset=\"https:\/\/tedenloesopreis.nl\/wp-content\/uploads\/2023\/12\/IMG_1013-1024x768-1.jpg 1024w, https:\/\/tedenloesopreis.nl\/wp-content\/uploads\/2023\/12\/IMG_1013-1024x768-1-300x225.jpg 300w, https:\/\/tedenloesopreis.nl\/wp-content\/uploads\/2023\/12\/IMG_1013-1024x768-1-768x576.jpg 768w\" sizes=\"auto, (max-width: 1024px) 100vw, 1024px\" \/><\/a><figcaption class=\"wp-element-caption\"><em>langs de Rio Lima<\/em><\/figcaption><\/figure>\n<\/div>\n<\/div>\n\n\n\n<div class=\"wp-block-columns is-layout-flex wp-container-core-columns-is-layout-9d6595d7 wp-block-columns-is-layout-flex\">\n<div class=\"wp-block-column is-layout-flow wp-block-column-is-layout-flow\" style=\"flex-basis:33.33%\"><\/div>\n\n\n\n<div class=\"wp-block-column is-layout-flow wp-block-column-is-layout-flow\" style=\"flex-basis:66.66%\">\n<p id=\"lindoso\">Bij Lindoso stoppen we even om te kijken naar een oude vesting en naar de voor deze streek kenmerkende voorraadschuurtjes (door de grote platte stenen tussen de poten en de bergruimte is de voorraad onbereikbaar voor ongedierte).<\/p>\n<\/div>\n<\/div>\n\n\n\n<div class=\"wp-block-columns is-layout-flex wp-container-core-columns-is-layout-9d6595d7 wp-block-columns-is-layout-flex\">\n<div class=\"wp-block-column is-layout-flow wp-block-column-is-layout-flow\"><\/div>\n\n\n\n<div class=\"wp-block-column is-layout-flow wp-block-column-is-layout-flow\">\n<figure class=\"wp-block-image size-full\"><a href=\"https:\/\/tedenloesopreis.nl\/wp-content\/uploads\/2023\/12\/IMG_1014-1024x768-1.jpg\" target=\"_blank\" rel=\"noreferrer noopener\"><img loading=\"lazy\" decoding=\"async\" width=\"1024\" height=\"768\" src=\"https:\/\/tedenloesopreis.nl\/wp-content\/uploads\/2023\/12\/IMG_1014-1024x768-1.jpg\" alt=\"\" class=\"wp-image-9491\" srcset=\"https:\/\/tedenloesopreis.nl\/wp-content\/uploads\/2023\/12\/IMG_1014-1024x768-1.jpg 1024w, https:\/\/tedenloesopreis.nl\/wp-content\/uploads\/2023\/12\/IMG_1014-1024x768-1-300x225.jpg 300w, https:\/\/tedenloesopreis.nl\/wp-content\/uploads\/2023\/12\/IMG_1014-1024x768-1-768x576.jpg 768w\" sizes=\"auto, (max-width: 1024px) 100vw, 1024px\" \/><\/a><figcaption class=\"wp-element-caption\">vesting in Lindoso<\/figcaption><\/figure>\n<\/div>\n\n\n\n<div class=\"wp-block-column is-layout-flow wp-block-column-is-layout-flow\">\n<figure class=\"wp-block-image size-full\"><a href=\"https:\/\/tedenloesopreis.nl\/wp-content\/uploads\/2023\/12\/IMG_1015-1024x768-1.jpg\" target=\"_blank\" rel=\"noreferrer noopener\"><img loading=\"lazy\" decoding=\"async\" width=\"1024\" height=\"768\" src=\"https:\/\/tedenloesopreis.nl\/wp-content\/uploads\/2023\/12\/IMG_1015-1024x768-1.jpg\" alt=\"\" class=\"wp-image-9492\" srcset=\"https:\/\/tedenloesopreis.nl\/wp-content\/uploads\/2023\/12\/IMG_1015-1024x768-1.jpg 1024w, https:\/\/tedenloesopreis.nl\/wp-content\/uploads\/2023\/12\/IMG_1015-1024x768-1-300x225.jpg 300w, https:\/\/tedenloesopreis.nl\/wp-content\/uploads\/2023\/12\/IMG_1015-1024x768-1-768x576.jpg 768w\" sizes=\"auto, (max-width: 1024px) 100vw, 1024px\" \/><\/a><figcaption class=\"wp-element-caption\">de schuurtjes in Lindoso<\/figcaption><\/figure>\n<\/div>\n<\/div>\n\n\n\n<div class=\"wp-block-columns is-layout-flex wp-container-core-columns-is-layout-9d6595d7 wp-block-columns-is-layout-flex\">\n<div class=\"wp-block-column is-layout-flow wp-block-column-is-layout-flow\" style=\"flex-basis:33.33%\"><\/div>\n\n\n\n<div class=\"wp-block-column is-layout-flow wp-block-column-is-layout-flow\" style=\"flex-basis:66.66%\">\n<p>Vanaf Ponte de Lima rijden we over de IC28, A27 en A28 naar de camping.<\/p>\n<\/div>\n<\/div>\n\n\n\n<div style=\"height:35px\" aria-hidden=\"true\" class=\"wp-block-spacer\"><\/div>\n\n\n\n<div class=\"wp-block-columns is-layout-flex wp-container-core-columns-is-layout-9d6595d7 wp-block-columns-is-layout-flex\">\n<div class=\"wp-block-column is-layout-flow wp-block-column-is-layout-flow\">\n<p class=\"has-orange-background-color has-background\" id=\"dag41\"><\/p>\n<\/div>\n<\/div>\n\n\n\n<div class=\"wp-block-columns is-layout-flex wp-container-core-columns-is-layout-9d6595d7 wp-block-columns-is-layout-flex\">\n<div class=\"wp-block-column is-layout-flow wp-block-column-is-layout-flow\" style=\"flex-basis:33.33%\">\n<p><a href=\"#titel\">top<\/a><\/p>\n<\/div>\n\n\n\n<div class=\"wp-block-column is-layout-flow wp-block-column-is-layout-flow\" style=\"flex-basis:66.66%\">\n<p><strong>GREEP IN DE NOODVOORRAAD<\/strong><br>dag 41 &nbsp; &nbsp; &nbsp;do 13 juni 2019<br>\u00c2ncora&nbsp; &nbsp; &nbsp; 0&nbsp;km<\/p>\n<\/div>\n<\/div>\n\n\n\n<div style=\"height:20px\" aria-hidden=\"true\" class=\"wp-block-spacer\"><\/div>\n\n\n\n<div class=\"wp-block-columns is-layout-flex wp-container-core-columns-is-layout-9d6595d7 wp-block-columns-is-layout-flex\">\n<div class=\"wp-block-column is-layout-flow wp-block-column-is-layout-flow\" style=\"flex-basis:33.33%\">\n<figure class=\"wp-block-image size-full\"><a href=\"https:\/\/tedenloesopreis.nl\/wp-content\/uploads\/2023\/12\/IMG_0263-1024x768-1.jpeg\" target=\"_blank\" rel=\"noreferrer noopener\"><img loading=\"lazy\" decoding=\"async\" width=\"1024\" height=\"768\" src=\"https:\/\/tedenloesopreis.nl\/wp-content\/uploads\/2023\/12\/IMG_0263-1024x768-1.jpeg\" alt=\"\" class=\"wp-image-9494\" srcset=\"https:\/\/tedenloesopreis.nl\/wp-content\/uploads\/2023\/12\/IMG_0263-1024x768-1.jpeg 1024w, https:\/\/tedenloesopreis.nl\/wp-content\/uploads\/2023\/12\/IMG_0263-1024x768-1-300x225.jpeg 300w, https:\/\/tedenloesopreis.nl\/wp-content\/uploads\/2023\/12\/IMG_0263-1024x768-1-768x576.jpeg 768w\" sizes=\"auto, (max-width: 1024px) 100vw, 1024px\" \/><\/a><figcaption class=\"wp-element-caption\"><em>op de camping in \u00c2ncora<\/em><\/figcaption><\/figure>\n<\/div>\n\n\n\n<div class=\"wp-block-column is-layout-flow wp-block-column-is-layout-flow\" style=\"flex-basis:66.66%\">\n<p>Het is weer eens tijd om een poetsdag te houden. We doen een paar handwasjes &nbsp;en verschonen maar weer eens het beddengoed. We besluiten om daarnaast niets te doen, dus ook geen boodschappen. Daarom nemen we kn\u00e4ckebr\u00f6d uit de noodvoorraad bij de lunch en eten we vanavond \u201cblik uit de noodvoorraad\u201d.<\/p>\n<\/div>\n<\/div>\n\n\n\n<div style=\"height:35px\" aria-hidden=\"true\" class=\"wp-block-spacer\"><\/div>\n\n\n\n<div class=\"wp-block-columns is-layout-flex wp-container-core-columns-is-layout-9d6595d7 wp-block-columns-is-layout-flex\">\n<div class=\"wp-block-column is-layout-flow wp-block-column-is-layout-flow\">\n<div class=\"wp-block-columns is-layout-flex wp-container-core-columns-is-layout-9d6595d7 wp-block-columns-is-layout-flex\">\n<div class=\"wp-block-column is-layout-flow wp-block-column-is-layout-flow\">\n<p class=\"has-orange-background-color has-background\" id=\"dag42\"><\/p>\n<\/div>\n<\/div>\n<\/div>\n<\/div>\n\n\n\n<div class=\"wp-block-columns is-layout-flex wp-container-core-columns-is-layout-9d6595d7 wp-block-columns-is-layout-flex\">\n<div class=\"wp-block-column is-layout-flow wp-block-column-is-layout-flow\" style=\"flex-basis:33.33%\">\n<p><a href=\"#titel\">top<\/a><\/p>\n<\/div>\n\n\n\n<div class=\"wp-block-column is-layout-flow wp-block-column-is-layout-flow\" style=\"flex-basis:66.66%\">\n<p><strong>FIETSPAD LANGS DE ZEE<\/strong><br>dag 42 &nbsp; &nbsp; &nbsp; vr 14 juni 2019<br>\u00c2ncora&nbsp; &nbsp; &nbsp; &nbsp;0&nbsp;km<\/p>\n<\/div>\n<\/div>\n\n\n\n<div style=\"height:20px\" aria-hidden=\"true\" class=\"wp-block-spacer\"><\/div>\n\n\n\n<div class=\"wp-block-columns is-layout-flex wp-container-core-columns-is-layout-9d6595d7 wp-block-columns-is-layout-flex\">\n<div class=\"wp-block-column is-layout-flow wp-block-column-is-layout-flow\" style=\"flex-basis:33.33%\"><\/div>\n\n\n\n<div class=\"wp-block-column is-layout-flow wp-block-column-is-layout-flow\" style=\"flex-basis:66.66%\">\n<p>We fietsen vandaag naar Caminha, dat, zoals de naam al doet vermoeden, aan een van de bedevaartroutes naar Santiago de Compostella ligt.&nbsp;<\/p>\n\n\n\n<p>Vanaf de camping rijden we langs het riviertje de Rio \u00c2ncora naar Vila Praia de \u00c2ncora. Daar begint een fraaie fietsroute langs de zee en, aan het einde, langs de Rio Minho (de grensrivier tussen Spanje en Portugal), naar Caminha. Onderweg komen we verschillende Santiago-lopers tegen.&nbsp;<\/p>\n\n\n\n<p>Caminha is een klein plaatsje met een gezellig plein. Daar leggen we even aan, alvorens we via dezelfde route weer terugfietsen.<\/p>\n<\/div>\n<\/div>\n\n\n\n<div class=\"wp-block-columns is-layout-flex wp-container-core-columns-is-layout-9d6595d7 wp-block-columns-is-layout-flex\">\n<div class=\"wp-block-column is-layout-flow wp-block-column-is-layout-flow\">\n<figure class=\"wp-block-image size-full\"><a href=\"https:\/\/tedenloesopreis.nl\/wp-content\/uploads\/2023\/12\/IMG_1016-1024x768-1.jpg\" target=\"_blank\" rel=\"noreferrer noopener\"><img loading=\"lazy\" decoding=\"async\" width=\"1024\" height=\"768\" src=\"https:\/\/tedenloesopreis.nl\/wp-content\/uploads\/2023\/12\/IMG_1016-1024x768-1.jpg\" alt=\"\" class=\"wp-image-9497\" srcset=\"https:\/\/tedenloesopreis.nl\/wp-content\/uploads\/2023\/12\/IMG_1016-1024x768-1.jpg 1024w, https:\/\/tedenloesopreis.nl\/wp-content\/uploads\/2023\/12\/IMG_1016-1024x768-1-300x225.jpg 300w, https:\/\/tedenloesopreis.nl\/wp-content\/uploads\/2023\/12\/IMG_1016-1024x768-1-768x576.jpg 768w\" sizes=\"auto, (max-width: 1024px) 100vw, 1024px\" \/><\/a><figcaption class=\"wp-element-caption\"><em>de monding van de Rio \u00c2ncora<\/em><\/figcaption><\/figure>\n<\/div>\n\n\n\n<div class=\"wp-block-column is-layout-flow wp-block-column-is-layout-flow\">\n<figure class=\"wp-block-image size-full is-resized\"><a href=\"https:\/\/tedenloesopreis.nl\/wp-content\/uploads\/2023\/12\/IMG_1018-1024x768-1.jpg\" target=\"_blank\" rel=\"noreferrer noopener\"><img loading=\"lazy\" decoding=\"async\" width=\"1024\" height=\"768\" src=\"https:\/\/tedenloesopreis.nl\/wp-content\/uploads\/2023\/12\/IMG_1018-1024x768-1.jpg\" alt=\"\" class=\"wp-image-9498\" style=\"aspect-ratio:1;width:259px;height:auto\" srcset=\"https:\/\/tedenloesopreis.nl\/wp-content\/uploads\/2023\/12\/IMG_1018-1024x768-1.jpg 1024w, https:\/\/tedenloesopreis.nl\/wp-content\/uploads\/2023\/12\/IMG_1018-1024x768-1-300x225.jpg 300w, https:\/\/tedenloesopreis.nl\/wp-content\/uploads\/2023\/12\/IMG_1018-1024x768-1-768x576.jpg 768w\" sizes=\"auto, (max-width: 1024px) 100vw, 1024px\" \/><\/a><figcaption class=\"wp-element-caption\"><em>Vila Praia de \u00c2ncora<\/em><\/figcaption><\/figure>\n<\/div>\n\n\n\n<div class=\"wp-block-column is-layout-flow wp-block-column-is-layout-flow\">\n<figure class=\"wp-block-image size-full\"><a href=\"https:\/\/tedenloesopreis.nl\/wp-content\/uploads\/2023\/12\/IMG_1021-1024x768-1.jpg\" target=\"_blank\" rel=\"noreferrer noopener\"><img loading=\"lazy\" decoding=\"async\" width=\"1024\" height=\"768\" src=\"https:\/\/tedenloesopreis.nl\/wp-content\/uploads\/2023\/12\/IMG_1021-1024x768-1.jpg\" alt=\"\" class=\"wp-image-9499\" srcset=\"https:\/\/tedenloesopreis.nl\/wp-content\/uploads\/2023\/12\/IMG_1021-1024x768-1.jpg 1024w, https:\/\/tedenloesopreis.nl\/wp-content\/uploads\/2023\/12\/IMG_1021-1024x768-1-300x225.jpg 300w, https:\/\/tedenloesopreis.nl\/wp-content\/uploads\/2023\/12\/IMG_1021-1024x768-1-768x576.jpg 768w\" sizes=\"auto, (max-width: 1024px) 100vw, 1024px\" \/><\/a><figcaption class=\"wp-element-caption\"><em>het fort van Vila Praia de \u00c2ncora<\/em><\/figcaption><\/figure>\n<\/div>\n<\/div>\n\n\n\n<div class=\"wp-block-columns is-layout-flex wp-container-core-columns-is-layout-9d6595d7 wp-block-columns-is-layout-flex\">\n<div class=\"wp-block-column is-layout-flow wp-block-column-is-layout-flow\">\n<figure class=\"wp-block-image size-full\"><a href=\"https:\/\/tedenloesopreis.nl\/wp-content\/uploads\/2023\/12\/IMG_1024-1024x768-1.jpg\" target=\"_blank\" rel=\"noreferrer noopener\"><img loading=\"lazy\" decoding=\"async\" width=\"1024\" height=\"768\" src=\"https:\/\/tedenloesopreis.nl\/wp-content\/uploads\/2023\/12\/IMG_1024-1024x768-1.jpg\" alt=\"\" class=\"wp-image-9500\" srcset=\"https:\/\/tedenloesopreis.nl\/wp-content\/uploads\/2023\/12\/IMG_1024-1024x768-1.jpg 1024w, https:\/\/tedenloesopreis.nl\/wp-content\/uploads\/2023\/12\/IMG_1024-1024x768-1-300x225.jpg 300w, https:\/\/tedenloesopreis.nl\/wp-content\/uploads\/2023\/12\/IMG_1024-1024x768-1-768x576.jpg 768w\" sizes=\"auto, (max-width: 1024px) 100vw, 1024px\" \/><\/a><figcaption class=\"wp-element-caption\"><em>het fietspad naar Caminha<\/em><\/figcaption><\/figure>\n<\/div>\n\n\n\n<div class=\"wp-block-column is-layout-flow wp-block-column-is-layout-flow\">\n<figure class=\"wp-block-image size-full\"><a href=\"https:\/\/tedenloesopreis.nl\/wp-content\/uploads\/2023\/12\/IMG_1025-1024x768-1.jpg\" target=\"_blank\" rel=\"noreferrer noopener\"><img loading=\"lazy\" decoding=\"async\" width=\"1024\" height=\"768\" src=\"https:\/\/tedenloesopreis.nl\/wp-content\/uploads\/2023\/12\/IMG_1025-1024x768-1.jpg\" alt=\"\" class=\"wp-image-9501\" srcset=\"https:\/\/tedenloesopreis.nl\/wp-content\/uploads\/2023\/12\/IMG_1025-1024x768-1.jpg 1024w, https:\/\/tedenloesopreis.nl\/wp-content\/uploads\/2023\/12\/IMG_1025-1024x768-1-300x225.jpg 300w, https:\/\/tedenloesopreis.nl\/wp-content\/uploads\/2023\/12\/IMG_1025-1024x768-1-768x576.jpg 768w\" sizes=\"auto, (max-width: 1024px) 100vw, 1024px\" \/><\/a><figcaption class=\"wp-element-caption\"><em>fietsen dicht langs het water<\/em><\/figcaption><\/figure>\n<\/div>\n\n\n\n<div class=\"wp-block-column is-layout-flow wp-block-column-is-layout-flow\">\n<figure class=\"wp-block-image size-full\"><a href=\"https:\/\/tedenloesopreis.nl\/wp-content\/uploads\/2023\/12\/IMG_1028-1024x768-1.jpg\" target=\"_blank\" rel=\"noreferrer noopener\"><img loading=\"lazy\" decoding=\"async\" width=\"1024\" height=\"768\" src=\"https:\/\/tedenloesopreis.nl\/wp-content\/uploads\/2023\/12\/IMG_1028-1024x768-1.jpg\" alt=\"\" class=\"wp-image-9502\" srcset=\"https:\/\/tedenloesopreis.nl\/wp-content\/uploads\/2023\/12\/IMG_1028-1024x768-1.jpg 1024w, https:\/\/tedenloesopreis.nl\/wp-content\/uploads\/2023\/12\/IMG_1028-1024x768-1-300x225.jpg 300w, https:\/\/tedenloesopreis.nl\/wp-content\/uploads\/2023\/12\/IMG_1028-1024x768-1-768x576.jpg 768w\" sizes=\"auto, (max-width: 1024px) 100vw, 1024px\" \/><\/a><figcaption class=\"wp-element-caption\"><em>de monding van de Rio Minho<\/em><\/figcaption><\/figure>\n<\/div>\n<\/div>\n\n\n\n<div class=\"wp-block-columns is-layout-flex wp-container-core-columns-is-layout-9d6595d7 wp-block-columns-is-layout-flex\">\n<div class=\"wp-block-column is-layout-flow wp-block-column-is-layout-flow\">\n<figure class=\"wp-block-image size-full\"><a href=\"https:\/\/tedenloesopreis.nl\/wp-content\/uploads\/2023\/12\/IMG_1030-1024x768-1.jpg\" target=\"_blank\" rel=\"noreferrer noopener\"><img loading=\"lazy\" decoding=\"async\" width=\"1024\" height=\"768\" src=\"https:\/\/tedenloesopreis.nl\/wp-content\/uploads\/2023\/12\/IMG_1030-1024x768-1.jpg\" alt=\"\" class=\"wp-image-9511\" srcset=\"https:\/\/tedenloesopreis.nl\/wp-content\/uploads\/2023\/12\/IMG_1030-1024x768-1.jpg 1024w, https:\/\/tedenloesopreis.nl\/wp-content\/uploads\/2023\/12\/IMG_1030-1024x768-1-300x225.jpg 300w, https:\/\/tedenloesopreis.nl\/wp-content\/uploads\/2023\/12\/IMG_1030-1024x768-1-768x576.jpg 768w\" sizes=\"auto, (max-width: 1024px) 100vw, 1024px\" \/><\/a><figcaption class=\"wp-element-caption\"><em>de overkant is Spaans<\/em><\/figcaption><\/figure>\n<\/div>\n\n\n\n<div class=\"wp-block-column is-layout-flow wp-block-column-is-layout-flow\">\n<figure class=\"wp-block-image size-full\"><a href=\"https:\/\/tedenloesopreis.nl\/wp-content\/uploads\/2023\/12\/IMG_1035-1024x768-3.jpg\" target=\"_blank\" rel=\"noreferrer noopener\"><img loading=\"lazy\" decoding=\"async\" width=\"1024\" height=\"768\" src=\"https:\/\/tedenloesopreis.nl\/wp-content\/uploads\/2023\/12\/IMG_1035-1024x768-3.jpg\" alt=\"\" class=\"wp-image-9510\" srcset=\"https:\/\/tedenloesopreis.nl\/wp-content\/uploads\/2023\/12\/IMG_1035-1024x768-3.jpg 1024w, https:\/\/tedenloesopreis.nl\/wp-content\/uploads\/2023\/12\/IMG_1035-1024x768-3-300x225.jpg 300w, https:\/\/tedenloesopreis.nl\/wp-content\/uploads\/2023\/12\/IMG_1035-1024x768-3-768x576.jpg 768w\" sizes=\"auto, (max-width: 1024px) 100vw, 1024px\" \/><\/a><figcaption class=\"wp-element-caption\"><em>zicht op Caminha<\/em><\/figcaption><\/figure>\n<\/div>\n\n\n\n<div class=\"wp-block-column is-layout-flow wp-block-column-is-layout-flow\">\n<figure class=\"wp-block-image size-full\"><a href=\"https:\/\/tedenloesopreis.nl\/wp-content\/uploads\/2023\/12\/IMG_1032-1024x768-1.jpg\" target=\"_blank\" rel=\"noreferrer noopener\"><img loading=\"lazy\" decoding=\"async\" width=\"1024\" height=\"768\" src=\"https:\/\/tedenloesopreis.nl\/wp-content\/uploads\/2023\/12\/IMG_1032-1024x768-1.jpg\" alt=\"\" class=\"wp-image-9505\" srcset=\"https:\/\/tedenloesopreis.nl\/wp-content\/uploads\/2023\/12\/IMG_1032-1024x768-1.jpg 1024w, https:\/\/tedenloesopreis.nl\/wp-content\/uploads\/2023\/12\/IMG_1032-1024x768-1-300x225.jpg 300w, https:\/\/tedenloesopreis.nl\/wp-content\/uploads\/2023\/12\/IMG_1032-1024x768-1-768x576.jpg 768w\" sizes=\"auto, (max-width: 1024px) 100vw, 1024px\" \/><\/a><figcaption class=\"wp-element-caption\"><em>gezellig plein in Caminha<\/em><\/figcaption><\/figure>\n<\/div>\n<\/div>\n\n\n\n<div class=\"wp-block-columns is-layout-flex wp-container-core-columns-is-layout-9d6595d7 wp-block-columns-is-layout-flex\">\n<div class=\"wp-block-column is-layout-flow wp-block-column-is-layout-flow\">\n<figure class=\"wp-block-image size-full\"><a href=\"https:\/\/tedenloesopreis.nl\/wp-content\/uploads\/2023\/12\/IMG_1033-1024x768-1.jpg\" target=\"_blank\" rel=\"noreferrer noopener\"><img loading=\"lazy\" decoding=\"async\" width=\"1024\" height=\"768\" src=\"https:\/\/tedenloesopreis.nl\/wp-content\/uploads\/2023\/12\/IMG_1033-1024x768-1.jpg\" alt=\"\" class=\"wp-image-9506\" srcset=\"https:\/\/tedenloesopreis.nl\/wp-content\/uploads\/2023\/12\/IMG_1033-1024x768-1.jpg 1024w, https:\/\/tedenloesopreis.nl\/wp-content\/uploads\/2023\/12\/IMG_1033-1024x768-1-300x225.jpg 300w, https:\/\/tedenloesopreis.nl\/wp-content\/uploads\/2023\/12\/IMG_1033-1024x768-1-768x576.jpg 768w\" sizes=\"auto, (max-width: 1024px) 100vw, 1024px\" \/><\/a><figcaption class=\"wp-element-caption\"><em>gezellig plein in Caminha<\/em><\/figcaption><\/figure>\n<\/div>\n\n\n\n<div class=\"wp-block-column is-layout-flow wp-block-column-is-layout-flow\">\n<figure class=\"wp-block-image size-full\"><a href=\"https:\/\/tedenloesopreis.nl\/wp-content\/uploads\/2023\/12\/IMG_1040-1024x768-1.jpg\" target=\"_blank\" rel=\"noreferrer noopener\"><img loading=\"lazy\" decoding=\"async\" width=\"1024\" height=\"768\" src=\"https:\/\/tedenloesopreis.nl\/wp-content\/uploads\/2023\/12\/IMG_1040-1024x768-1.jpg\" alt=\"\" class=\"wp-image-9507\" srcset=\"https:\/\/tedenloesopreis.nl\/wp-content\/uploads\/2023\/12\/IMG_1040-1024x768-1.jpg 1024w, https:\/\/tedenloesopreis.nl\/wp-content\/uploads\/2023\/12\/IMG_1040-1024x768-1-300x225.jpg 300w, https:\/\/tedenloesopreis.nl\/wp-content\/uploads\/2023\/12\/IMG_1040-1024x768-1-768x576.jpg 768w\" sizes=\"auto, (max-width: 1024px) 100vw, 1024px\" \/><\/a><figcaption class=\"wp-element-caption\"><em>wind tegen op de terugweg<\/em><\/figcaption><\/figure>\n<\/div>\n\n\n\n<div class=\"wp-block-column is-layout-flow wp-block-column-is-layout-flow\">\n<figure class=\"wp-block-image size-full\"><a href=\"https:\/\/tedenloesopreis.nl\/wp-content\/uploads\/2023\/12\/IMG_1046-1024x768-1.jpg\" target=\"_blank\" rel=\"noreferrer noopener\"><img loading=\"lazy\" decoding=\"async\" width=\"1024\" height=\"768\" src=\"https:\/\/tedenloesopreis.nl\/wp-content\/uploads\/2023\/12\/IMG_1046-1024x768-1.jpg\" alt=\"\" class=\"wp-image-9508\" srcset=\"https:\/\/tedenloesopreis.nl\/wp-content\/uploads\/2023\/12\/IMG_1046-1024x768-1.jpg 1024w, https:\/\/tedenloesopreis.nl\/wp-content\/uploads\/2023\/12\/IMG_1046-1024x768-1-300x225.jpg 300w, https:\/\/tedenloesopreis.nl\/wp-content\/uploads\/2023\/12\/IMG_1046-1024x768-1-768x576.jpg 768w\" sizes=\"auto, (max-width: 1024px) 100vw, 1024px\" \/><\/a><figcaption class=\"wp-element-caption\"><em>zij zijn onderweg naar Santiago de Compostela<\/em><\/figcaption><\/figure>\n<\/div>\n<\/div>\n\n\n\n<div style=\"height:35px\" aria-hidden=\"true\" class=\"wp-block-spacer\"><\/div>\n\n\n\n<div class=\"wp-block-columns is-layout-flex wp-container-core-columns-is-layout-9d6595d7 wp-block-columns-is-layout-flex\">\n<div class=\"wp-block-column is-layout-flow wp-block-column-is-layout-flow\">\n<p class=\"has-orange-background-color has-background\" id=\"dag43\"><\/p>\n<\/div>\n<\/div>\n\n\n\n<div class=\"wp-block-columns is-layout-flex wp-container-core-columns-is-layout-9d6595d7 wp-block-columns-is-layout-flex\">\n<div class=\"wp-block-column is-layout-flow wp-block-column-is-layout-flow\" style=\"flex-basis:33.33%\">\n<p><a href=\"#titel\">top<\/a><\/p>\n<\/div>\n\n\n\n<div class=\"wp-block-column is-layout-flow wp-block-column-is-layout-flow\" style=\"flex-basis:66.66%\">\n<p><strong>NAAR SINT-JACOB<\/strong><br>dag 43 &nbsp; &nbsp; &nbsp; za 15 juni 2019<br><a href=\"https:\/\/www.google.com\/maps\/d\/viewer?mid=1S8UnZiri5p2JzIDJUksef3VYRLu3u5Zf&amp;ll=42.34362516586564%2C-8.836111981638615&amp;z=9\" target=\"_blank\" rel=\"noreferrer noopener\">\u00c2ncora \u2013 Santiago de Compostela<\/a> 158&nbsp;km<\/p>\n<\/div>\n<\/div>\n\n\n\n<div class=\"wp-block-columns is-layout-flex wp-container-core-columns-is-layout-9d6595d7 wp-block-columns-is-layout-flex\">\n<div class=\"wp-block-column is-layout-flow wp-block-column-is-layout-flow\" style=\"flex-basis:33.33%\">\n<figure class=\"wp-block-image size-full\"><a href=\"https:\/\/tedenloesopreis.nl\/wp-content\/uploads\/2023\/12\/IMG_0273-1024x768-1.jpeg\" target=\"_blank\" rel=\"noreferrer noopener\"><img loading=\"lazy\" decoding=\"async\" width=\"1024\" height=\"768\" src=\"https:\/\/tedenloesopreis.nl\/wp-content\/uploads\/2023\/12\/IMG_0273-1024x768-1.jpeg\" alt=\"\" class=\"wp-image-9514\" srcset=\"https:\/\/tedenloesopreis.nl\/wp-content\/uploads\/2023\/12\/IMG_0273-1024x768-1.jpeg 1024w, https:\/\/tedenloesopreis.nl\/wp-content\/uploads\/2023\/12\/IMG_0273-1024x768-1-300x225.jpeg 300w, https:\/\/tedenloesopreis.nl\/wp-content\/uploads\/2023\/12\/IMG_0273-1024x768-1-768x576.jpeg 768w\" sizes=\"auto, (max-width: 1024px) 100vw, 1024px\" \/><\/a><figcaption class=\"wp-element-caption\"><em>hutje mutje in Santiago de Compostela<\/em><\/figcaption><\/figure>\n<\/div>\n\n\n\n<div class=\"wp-block-column is-layout-flow wp-block-column-is-layout-flow\" style=\"flex-basis:66.66%\">\n<p>Vandaag is een verplaatsingsdag. Na een rit van 158 km staan we op camping&nbsp;<a href=\"https:\/\/www.campercontact.com\/nl\/spanje\/galicie\/santiago-de-compostella\/43226\/camping-as-cancelas\" target=\"_blank\" rel=\"noreferrer noopener\">As Cancelas<\/a>&nbsp;in Santiago de Compostella. Je kunt merken dat het de enige camping is in de wijde omgeving: de plaatsen zijn heel erg klein (caravanners kunnen er w\u00e9l hun caravan kwijt, maar niet hun auto) en de prijzen zijn relatief hoog.&nbsp;<\/p>\n\n\n\n<p>Voor de spoorzoekers:&nbsp;<br>We rijden over de N13 en de A3 richting Valenca, daar gaan we de Rio Minho en de grens over. Verder gaat het over de A-55. Bij O Porri\u00f1o slaan we af naar de N-550, die ons tot aan Santiago bengt.&nbsp;<\/p>\n\n\n\n<p>Nog een feitje: vandaag heeft de buzz de 50.000 km overschreden. Daarvan neemt deze reis er 4691 voor zijn rekening.<\/p>\n<\/div>\n<\/div>\n\n\n\n<div style=\"height:35px\" aria-hidden=\"true\" class=\"wp-block-spacer\"><\/div>\n\n\n\n<div class=\"wp-block-columns is-layout-flex wp-container-core-columns-is-layout-9d6595d7 wp-block-columns-is-layout-flex\">\n<div class=\"wp-block-column is-layout-flow wp-block-column-is-layout-flow\">\n<p class=\"has-orange-background-color has-background\" id=\"dag44\"><\/p>\n<\/div>\n<\/div>\n\n\n\n<div class=\"wp-block-columns is-layout-flex wp-container-core-columns-is-layout-9d6595d7 wp-block-columns-is-layout-flex\">\n<div class=\"wp-block-column is-layout-flow wp-block-column-is-layout-flow\" style=\"flex-basis:33.33%\">\n<p><a href=\"#titel\">top<\/a><\/p>\n<\/div>\n\n\n\n<div class=\"wp-block-column is-layout-flow wp-block-column-is-layout-flow\" style=\"flex-basis:66.66%\">\n<p><strong>NAAR HET WIERROOKVAT<\/strong><br>dag 44 &nbsp; &nbsp;&nbsp; &nbsp;zo 16 juni 2019<br>Santiago de Compostela&nbsp; &nbsp; &nbsp; 0&nbsp;km<\/p>\n<\/div>\n<\/div>\n\n\n\n<div style=\"height:20px\" aria-hidden=\"true\" class=\"wp-block-spacer\"><\/div>\n\n\n\n<div class=\"wp-block-columns is-layout-flex wp-container-core-columns-is-layout-9d6595d7 wp-block-columns-is-layout-flex\">\n<div class=\"wp-block-column is-layout-flow wp-block-column-is-layout-flow\" style=\"flex-basis:33.33%\"><\/div>\n\n\n\n<div class=\"wp-block-column is-layout-flow wp-block-column-is-layout-flow\" style=\"flex-basis:66.66%\">\n<p>We fietsen vandaag naar Santiago de Compostella. Het historische centrum is betrekkelijk klein. Als je een rondje om de kathedraal maakt, dan heb je alle bezienswaardigheden gehad.&nbsp;<\/p>\n\n\n\n<p>Op het plein voor de kathedraal zie je doorgaans vooral de Santiago-lopers binnenkomen. (Zouden het echt allemaal bedevaartgangers zijn?) Vandaag is dat toch wel een beetje anders. Het plein staat vol met de voertuigen van de Spaanse Seat 124-club. Ook zijn er behoorlijk veel wielrenners op het plein. De wandelaars zijn dus flink in de minderheid.<\/p>\n<\/div>\n<\/div>\n\n\n\n<div class=\"wp-block-columns is-layout-flex wp-container-core-columns-is-layout-9d6595d7 wp-block-columns-is-layout-flex\">\n<div class=\"wp-block-column is-layout-flow wp-block-column-is-layout-flow\">\n<figure class=\"wp-block-image size-full\"><a href=\"https:\/\/tedenloesopreis.nl\/wp-content\/uploads\/2023\/12\/IMG_1049-1024x768-1.jpg\" target=\"_blank\" rel=\"noreferrer noopener\"><img loading=\"lazy\" decoding=\"async\" width=\"1024\" height=\"768\" src=\"https:\/\/tedenloesopreis.nl\/wp-content\/uploads\/2023\/12\/IMG_1049-1024x768-1.jpg\" alt=\"\" class=\"wp-image-9526\" srcset=\"https:\/\/tedenloesopreis.nl\/wp-content\/uploads\/2023\/12\/IMG_1049-1024x768-1.jpg 1024w, https:\/\/tedenloesopreis.nl\/wp-content\/uploads\/2023\/12\/IMG_1049-1024x768-1-300x225.jpg 300w, https:\/\/tedenloesopreis.nl\/wp-content\/uploads\/2023\/12\/IMG_1049-1024x768-1-768x576.jpg 768w\" sizes=\"auto, (max-width: 1024px) 100vw, 1024px\" \/><\/a><figcaption class=\"wp-element-caption\"><em>de universiteit van Santiago<\/em><\/figcaption><\/figure>\n<\/div>\n\n\n\n<div class=\"wp-block-column is-layout-flow wp-block-column-is-layout-flow\">\n<figure class=\"wp-block-image size-full\"><a href=\"https:\/\/tedenloesopreis.nl\/wp-content\/uploads\/2023\/12\/IMG_1051-1024x768-2.jpg\" target=\"_blank\" rel=\"noreferrer noopener\"><img loading=\"lazy\" decoding=\"async\" width=\"1024\" height=\"768\" src=\"https:\/\/tedenloesopreis.nl\/wp-content\/uploads\/2023\/12\/IMG_1051-1024x768-2.jpg\" alt=\"\" class=\"wp-image-9516\" srcset=\"https:\/\/tedenloesopreis.nl\/wp-content\/uploads\/2023\/12\/IMG_1051-1024x768-2.jpg 1024w, https:\/\/tedenloesopreis.nl\/wp-content\/uploads\/2023\/12\/IMG_1051-1024x768-2-300x225.jpg 300w, https:\/\/tedenloesopreis.nl\/wp-content\/uploads\/2023\/12\/IMG_1051-1024x768-2-768x576.jpg 768w\" sizes=\"auto, (max-width: 1024px) 100vw, 1024px\" \/><\/a><figcaption class=\"wp-element-caption\"><em>het stadhuis van Santiago<\/em><\/figcaption><\/figure>\n<\/div>\n\n\n\n<div class=\"wp-block-column is-layout-flow wp-block-column-is-layout-flow\">\n<figure class=\"wp-block-image size-full\"><a href=\"https:\/\/tedenloesopreis.nl\/wp-content\/uploads\/2023\/12\/IMG_1053-1024x768-1.jpg\" target=\"_blank\" rel=\"noreferrer noopener\"><img loading=\"lazy\" decoding=\"async\" width=\"1024\" height=\"768\" src=\"https:\/\/tedenloesopreis.nl\/wp-content\/uploads\/2023\/12\/IMG_1053-1024x768-1.jpg\" alt=\"\" class=\"wp-image-9517\" srcset=\"https:\/\/tedenloesopreis.nl\/wp-content\/uploads\/2023\/12\/IMG_1053-1024x768-1.jpg 1024w, https:\/\/tedenloesopreis.nl\/wp-content\/uploads\/2023\/12\/IMG_1053-1024x768-1-300x225.jpg 300w, https:\/\/tedenloesopreis.nl\/wp-content\/uploads\/2023\/12\/IMG_1053-1024x768-1-768x576.jpg 768w\" sizes=\"auto, (max-width: 1024px) 100vw, 1024px\" \/><\/a><figcaption class=\"wp-element-caption\"><em>de Parador (herberg) van Santiago<\/em><\/figcaption><\/figure>\n<\/div>\n<\/div>\n\n\n\n<div class=\"wp-block-columns is-layout-flex wp-container-core-columns-is-layout-9d6595d7 wp-block-columns-is-layout-flex\">\n<div class=\"wp-block-column is-layout-flow wp-block-column-is-layout-flow\"><\/div>\n\n\n\n<div class=\"wp-block-column is-layout-flow wp-block-column-is-layout-flow\">\n<figure class=\"wp-block-image size-full\"><a href=\"https:\/\/tedenloesopreis.nl\/wp-content\/uploads\/2023\/12\/IMG_1054-1024x768-1.jpg\" target=\"_blank\" rel=\"noreferrer noopener\"><img loading=\"lazy\" decoding=\"async\" width=\"1024\" height=\"768\" src=\"https:\/\/tedenloesopreis.nl\/wp-content\/uploads\/2023\/12\/IMG_1054-1024x768-1.jpg\" alt=\"\" class=\"wp-image-9518\" srcset=\"https:\/\/tedenloesopreis.nl\/wp-content\/uploads\/2023\/12\/IMG_1054-1024x768-1.jpg 1024w, https:\/\/tedenloesopreis.nl\/wp-content\/uploads\/2023\/12\/IMG_1054-1024x768-1-300x225.jpg 300w, https:\/\/tedenloesopreis.nl\/wp-content\/uploads\/2023\/12\/IMG_1054-1024x768-1-768x576.jpg 768w\" sizes=\"auto, (max-width: 1024px) 100vw, 1024px\" \/><\/a><figcaption class=\"wp-element-caption\"><em><em>zij heeft het (blijkbaar) gehaald<\/em><\/em><\/figcaption><\/figure>\n<\/div>\n\n\n\n<div class=\"wp-block-column is-layout-flow wp-block-column-is-layout-flow\">\n<figure class=\"wp-block-image size-full\"><a href=\"https:\/\/tedenloesopreis.nl\/wp-content\/uploads\/2023\/12\/IMG_1055-1024x768-1.jpg\" target=\"_blank\" rel=\"noreferrer noopener\"><img loading=\"lazy\" decoding=\"async\" width=\"1024\" height=\"768\" src=\"https:\/\/tedenloesopreis.nl\/wp-content\/uploads\/2023\/12\/IMG_1055-1024x768-1.jpg\" alt=\"\" class=\"wp-image-9519\" srcset=\"https:\/\/tedenloesopreis.nl\/wp-content\/uploads\/2023\/12\/IMG_1055-1024x768-1.jpg 1024w, https:\/\/tedenloesopreis.nl\/wp-content\/uploads\/2023\/12\/IMG_1055-1024x768-1-300x225.jpg 300w, https:\/\/tedenloesopreis.nl\/wp-content\/uploads\/2023\/12\/IMG_1055-1024x768-1-768x576.jpg 768w\" sizes=\"auto, (max-width: 1024px) 100vw, 1024px\" \/><\/a><figcaption class=\"wp-element-caption\"><em>en zij waarschijnlijk ook<\/em><\/figcaption><\/figure>\n<\/div>\n<\/div>\n\n\n\n<div class=\"wp-block-columns is-layout-flex wp-container-core-columns-is-layout-9d6595d7 wp-block-columns-is-layout-flex\">\n<div class=\"wp-block-column is-layout-flow wp-block-column-is-layout-flow\" style=\"flex-basis:33.33%\"><\/div>\n\n\n\n<div class=\"wp-block-column is-layout-flow wp-block-column-is-layout-flow\" style=\"flex-basis:66.66%\">\n<p>De kathedraal is indrukwekkend, maar staat van binnen bijna helemaal in de steigers. Zelfs het beroemde gouden wierookvat, dat op feestdagen aan een stevig touw door het schip van de kathedraal wordt gezwierd, staat op een steigerpijpenplatform.<\/p>\n<\/div>\n<\/div>\n\n\n\n<div class=\"wp-block-columns is-layout-flex wp-container-core-columns-is-layout-9d6595d7 wp-block-columns-is-layout-flex\">\n<div class=\"wp-block-column is-layout-flow wp-block-column-is-layout-flow\"><\/div>\n\n\n\n<div class=\"wp-block-column is-layout-flow wp-block-column-is-layout-flow\">\n<figure class=\"wp-block-image size-full\"><a href=\"https:\/\/tedenloesopreis.nl\/wp-content\/uploads\/2023\/12\/IMG_1050-1024x768-1.jpg\" target=\"_blank\" rel=\"noreferrer noopener\"><img loading=\"lazy\" decoding=\"async\" width=\"1024\" height=\"768\" src=\"https:\/\/tedenloesopreis.nl\/wp-content\/uploads\/2023\/12\/IMG_1050-1024x768-1.jpg\" alt=\"\" class=\"wp-image-9520\" srcset=\"https:\/\/tedenloesopreis.nl\/wp-content\/uploads\/2023\/12\/IMG_1050-1024x768-1.jpg 1024w, https:\/\/tedenloesopreis.nl\/wp-content\/uploads\/2023\/12\/IMG_1050-1024x768-1-300x225.jpg 300w, https:\/\/tedenloesopreis.nl\/wp-content\/uploads\/2023\/12\/IMG_1050-1024x768-1-768x576.jpg 768w\" sizes=\"auto, (max-width: 1024px) 100vw, 1024px\" \/><\/a><figcaption class=\"wp-element-caption\"><em>zijkant van de kathedraal van Santiago<\/em><\/figcaption><\/figure>\n<\/div>\n\n\n\n<div class=\"wp-block-column is-layout-flow wp-block-column-is-layout-flow\">\n<figure class=\"wp-block-image size-full\"><a href=\"https:\/\/tedenloesopreis.nl\/wp-content\/uploads\/2023\/12\/IMG_1052-1024x768-1.jpg\" target=\"_blank\" rel=\"noreferrer noopener\"><img loading=\"lazy\" decoding=\"async\" width=\"1024\" height=\"768\" src=\"https:\/\/tedenloesopreis.nl\/wp-content\/uploads\/2023\/12\/IMG_1052-1024x768-1.jpg\" alt=\"\" class=\"wp-image-9521\" srcset=\"https:\/\/tedenloesopreis.nl\/wp-content\/uploads\/2023\/12\/IMG_1052-1024x768-1.jpg 1024w, https:\/\/tedenloesopreis.nl\/wp-content\/uploads\/2023\/12\/IMG_1052-1024x768-1-300x225.jpg 300w, https:\/\/tedenloesopreis.nl\/wp-content\/uploads\/2023\/12\/IMG_1052-1024x768-1-768x576.jpg 768w\" sizes=\"auto, (max-width: 1024px) 100vw, 1024px\" \/><\/a><figcaption class=\"wp-element-caption\"><em>voorgevel van de kathedraal van Santiago<\/em><\/figcaption><\/figure>\n<\/div>\n<\/div>\n\n\n\n<div class=\"wp-block-columns is-layout-flex wp-container-core-columns-is-layout-9d6595d7 wp-block-columns-is-layout-flex\">\n<div class=\"wp-block-column is-layout-flow wp-block-column-is-layout-flow\"><\/div>\n\n\n\n<div class=\"wp-block-column is-layout-flow wp-block-column-is-layout-flow\">\n<figure class=\"wp-block-image size-full\"><a href=\"https:\/\/tedenloesopreis.nl\/wp-content\/uploads\/2023\/12\/IMG_1057-1024x768-1.jpg\" target=\"_blank\" rel=\"noreferrer noopener\"><img loading=\"lazy\" decoding=\"async\" width=\"1024\" height=\"768\" src=\"https:\/\/tedenloesopreis.nl\/wp-content\/uploads\/2023\/12\/IMG_1057-1024x768-1.jpg\" alt=\"\" class=\"wp-image-9524\" srcset=\"https:\/\/tedenloesopreis.nl\/wp-content\/uploads\/2023\/12\/IMG_1057-1024x768-1.jpg 1024w, https:\/\/tedenloesopreis.nl\/wp-content\/uploads\/2023\/12\/IMG_1057-1024x768-1-300x225.jpg 300w, https:\/\/tedenloesopreis.nl\/wp-content\/uploads\/2023\/12\/IMG_1057-1024x768-1-768x576.jpg 768w\" sizes=\"auto, (max-width: 1024px) 100vw, 1024px\" \/><\/a><figcaption class=\"wp-element-caption\"><em>de kathedraal staat behoorlijk in de steigers<\/em><\/figcaption><\/figure>\n<\/div>\n\n\n\n<div class=\"wp-block-column is-layout-flow wp-block-column-is-layout-flow\">\n<figure class=\"wp-block-image size-full\"><a href=\"https:\/\/tedenloesopreis.nl\/wp-content\/uploads\/2023\/12\/IMG_1060-768x1024-3.jpg\" target=\"_blank\" rel=\"noreferrer noopener\"><img loading=\"lazy\" decoding=\"async\" width=\"768\" height=\"1024\" src=\"https:\/\/tedenloesopreis.nl\/wp-content\/uploads\/2023\/12\/IMG_1060-768x1024-3.jpg\" alt=\"\" class=\"wp-image-9525\" srcset=\"https:\/\/tedenloesopreis.nl\/wp-content\/uploads\/2023\/12\/IMG_1060-768x1024-3.jpg 768w, https:\/\/tedenloesopreis.nl\/wp-content\/uploads\/2023\/12\/IMG_1060-768x1024-3-225x300.jpg 225w\" sizes=\"auto, (max-width: 768px) 100vw, 768px\" \/><\/a><figcaption class=\"wp-element-caption\"><em>dat geldt ook voor het beroemde wierookvat<\/em><\/figcaption><\/figure>\n<\/div>\n<\/div>\n\n\n\n<div style=\"height:35px\" aria-hidden=\"true\" class=\"wp-block-spacer\"><\/div>\n\n\n\n<div class=\"wp-block-columns is-layout-flex wp-container-core-columns-is-layout-9d6595d7 wp-block-columns-is-layout-flex\">\n<div class=\"wp-block-column is-layout-flow wp-block-column-is-layout-flow\">\n<p class=\"has-orange-background-color has-background\" id=\"dag45\"><\/p>\n<\/div>\n<\/div>\n\n\n\n<div class=\"wp-block-columns is-layout-flex wp-container-core-columns-is-layout-9d6595d7 wp-block-columns-is-layout-flex\">\n<div class=\"wp-block-column is-layout-flow wp-block-column-is-layout-flow\" style=\"flex-basis:33.33%\">\n<p><a href=\"#titel\">top<\/a><\/p>\n<\/div>\n\n\n\n<div class=\"wp-block-column is-layout-flow wp-block-column-is-layout-flow\" style=\"flex-basis:66.66%\">\n<p><strong>DOORLOPEN NAAR DE KAAP<\/strong><br>dag 45 &nbsp;&nbsp;  ma 17 juni 2019<br><a href=\"https:\/\/www.google.com\/maps\/d\/edit?mid=1ailk9RUROf75a94fYx31egqGbbfaiwYl&amp;ll=43.09962744520243%2C-8.706015532361118&amp;z=10\" target=\"_blank\" rel=\"noreferrer noopener\">Santiago de Comp. \u2013 A Coru\u00f1a<\/a>&nbsp; 242&nbsp;km<\/p>\n<\/div>\n<\/div>\n\n\n\n<div class=\"wp-block-columns is-layout-flex wp-container-core-columns-is-layout-9d6595d7 wp-block-columns-is-layout-flex\">\n<div class=\"wp-block-column is-layout-flow wp-block-column-is-layout-flow\" style=\"flex-basis:33.33%\"><\/div>\n\n\n\n<div class=\"wp-block-column is-layout-flow wp-block-column-is-layout-flow\" style=\"flex-basis:66.66%\">\n<p>Na een rit van 242 km staan we op camping&nbsp;<a href=\"https:\/\/www.campercontact.com\/nl\/spanje\/galicie\/oleiros\/66213\/camping-los-manzanos\" target=\"_blank\" rel=\"noreferrer noopener\">Los Manzanos<\/a>, iets ten noorden van A Coru\u00f1a.&nbsp;<\/p>\n\n\n\n<p>Het is een rit door een fraai landschap en langs een fraaie kust, maar het weer gooit flink wat roet in het eten. Het is zwaarbewolkt en boven water is het behoorlijk nevelig. Het is dus niet mogelijk om duidelijke foto\u2019s te maken.&nbsp;<\/p>\n\n\n\n<p>Vanuit Santiago rijden we over de AG-56 en CG-1.5 naar Noia. Daar slaan we af naar de AC-550 en rijden over Muros naar Cee. Daar slaan we linksaf naar Cabo Finisterre.&nbsp;<\/p>\n\n\n\n<p id=\"finisterre\">Verschillende Santiago-lopers lopen door naar Cabo Finisterre. Dat is voor hen het echte eindpunt van de tocht. Het gebruik wil, dat op de kaap de schoenen worden verbrand.&nbsp;<\/p>\n\n\n\n<p>Onderweg naar de kaap komen we verschillende wandelaars tegen. We zien er ook een paar op de kaap arriveren. Er worden geen schoenen verbrand, maar aan verschillende zwartgeblakerde plekken op de kaap is echter duidelijk te zien, dat er onlangs nog schoenen zijn aangestoken.<\/p>\n<\/div>\n<\/div>\n\n\n\n<div class=\"wp-block-columns is-layout-flex wp-container-core-columns-is-layout-9d6595d7 wp-block-columns-is-layout-flex\">\n<div class=\"wp-block-column is-layout-flow wp-block-column-is-layout-flow\">\n<figure class=\"wp-block-image size-full\"><a href=\"https:\/\/tedenloesopreis.nl\/wp-content\/uploads\/2023\/12\/IMG_1072-1024x768-1.jpg\" target=\"_blank\" rel=\"noreferrer noopener\"><img loading=\"lazy\" decoding=\"async\" width=\"1024\" height=\"768\" src=\"https:\/\/tedenloesopreis.nl\/wp-content\/uploads\/2023\/12\/IMG_1072-1024x768-1.jpg\" alt=\"\" class=\"wp-image-9528\" srcset=\"https:\/\/tedenloesopreis.nl\/wp-content\/uploads\/2023\/12\/IMG_1072-1024x768-1.jpg 1024w, https:\/\/tedenloesopreis.nl\/wp-content\/uploads\/2023\/12\/IMG_1072-1024x768-1-300x225.jpg 300w, https:\/\/tedenloesopreis.nl\/wp-content\/uploads\/2023\/12\/IMG_1072-1024x768-1-768x576.jpg 768w\" sizes=\"auto, (max-width: 1024px) 100vw, 1024px\" \/><\/a><figcaption class=\"wp-element-caption\"><em>de kust bij Muros<\/em><\/figcaption><\/figure>\n<\/div>\n\n\n\n<div class=\"wp-block-column is-layout-flow wp-block-column-is-layout-flow\">\n<figure class=\"wp-block-image size-full\"><a href=\"https:\/\/tedenloesopreis.nl\/wp-content\/uploads\/2023\/12\/IMG_1077-1024x768-1.jpg\" target=\"_blank\" rel=\"noreferrer noopener\"><img loading=\"lazy\" decoding=\"async\" width=\"1024\" height=\"768\" src=\"https:\/\/tedenloesopreis.nl\/wp-content\/uploads\/2023\/12\/IMG_1077-1024x768-1.jpg\" alt=\"\" class=\"wp-image-9529\" srcset=\"https:\/\/tedenloesopreis.nl\/wp-content\/uploads\/2023\/12\/IMG_1077-1024x768-1.jpg 1024w, https:\/\/tedenloesopreis.nl\/wp-content\/uploads\/2023\/12\/IMG_1077-1024x768-1-300x225.jpg 300w, https:\/\/tedenloesopreis.nl\/wp-content\/uploads\/2023\/12\/IMG_1077-1024x768-1-768x576.jpg 768w\" sizes=\"auto, (max-width: 1024px) 100vw, 1024px\" \/><\/a><figcaption class=\"wp-element-caption\"><em>de kust bij Cabo Finisterre<\/em><\/figcaption><\/figure>\n<\/div>\n\n\n\n<div class=\"wp-block-column is-layout-flow wp-block-column-is-layout-flow\">\n<figure class=\"wp-block-image size-full\"><a href=\"https:\/\/tedenloesopreis.nl\/wp-content\/uploads\/2023\/12\/IMG_1078-1024x768-1.jpg\" target=\"_blank\" rel=\"noreferrer noopener\"><img loading=\"lazy\" decoding=\"async\" width=\"1024\" height=\"768\" src=\"https:\/\/tedenloesopreis.nl\/wp-content\/uploads\/2023\/12\/IMG_1078-1024x768-1.jpg\" alt=\"\" class=\"wp-image-9530\" srcset=\"https:\/\/tedenloesopreis.nl\/wp-content\/uploads\/2023\/12\/IMG_1078-1024x768-1.jpg 1024w, https:\/\/tedenloesopreis.nl\/wp-content\/uploads\/2023\/12\/IMG_1078-1024x768-1-300x225.jpg 300w, https:\/\/tedenloesopreis.nl\/wp-content\/uploads\/2023\/12\/IMG_1078-1024x768-1-768x576.jpg 768w\" sizes=\"auto, (max-width: 1024px) 100vw, 1024px\" \/><\/a><figcaption class=\"wp-element-caption\"><em>Cabo Finisterre<\/em><\/figcaption><\/figure>\n<\/div>\n<\/div>\n\n\n\n<div class=\"wp-block-columns is-layout-flex wp-container-core-columns-is-layout-9d6595d7 wp-block-columns-is-layout-flex\">\n<div class=\"wp-block-column is-layout-flow wp-block-column-is-layout-flow\">\n<figure class=\"wp-block-image size-full\"><a href=\"https:\/\/tedenloesopreis.nl\/wp-content\/uploads\/2023\/12\/IMG_1080-1024x768-1.jpg\" target=\"_blank\" rel=\"noreferrer noopener\"><img loading=\"lazy\" decoding=\"async\" width=\"1024\" height=\"768\" src=\"https:\/\/tedenloesopreis.nl\/wp-content\/uploads\/2023\/12\/IMG_1080-1024x768-1.jpg\" alt=\"\" class=\"wp-image-9531\" srcset=\"https:\/\/tedenloesopreis.nl\/wp-content\/uploads\/2023\/12\/IMG_1080-1024x768-1.jpg 1024w, https:\/\/tedenloesopreis.nl\/wp-content\/uploads\/2023\/12\/IMG_1080-1024x768-1-300x225.jpg 300w, https:\/\/tedenloesopreis.nl\/wp-content\/uploads\/2023\/12\/IMG_1080-1024x768-1-768x576.jpg 768w\" sizes=\"auto, (max-width: 1024px) 100vw, 1024px\" \/><\/a><figcaption class=\"wp-element-caption\"><em>Cabo Finisterre<\/em><\/figcaption><\/figure>\n<\/div>\n\n\n\n<div class=\"wp-block-column is-layout-flow wp-block-column-is-layout-flow\">\n<figure class=\"wp-block-image size-full\"><a href=\"https:\/\/tedenloesopreis.nl\/wp-content\/uploads\/2023\/12\/IMG_1081-1024x768-1.jpg\" target=\"_blank\" rel=\"noreferrer noopener\"><img loading=\"lazy\" decoding=\"async\" width=\"1024\" height=\"768\" src=\"https:\/\/tedenloesopreis.nl\/wp-content\/uploads\/2023\/12\/IMG_1081-1024x768-1.jpg\" alt=\"\" class=\"wp-image-9532\" srcset=\"https:\/\/tedenloesopreis.nl\/wp-content\/uploads\/2023\/12\/IMG_1081-1024x768-1.jpg 1024w, https:\/\/tedenloesopreis.nl\/wp-content\/uploads\/2023\/12\/IMG_1081-1024x768-1-300x225.jpg 300w, https:\/\/tedenloesopreis.nl\/wp-content\/uploads\/2023\/12\/IMG_1081-1024x768-1-768x576.jpg 768w\" sizes=\"auto, (max-width: 1024px) 100vw, 1024px\" \/><\/a><figcaption class=\"wp-element-caption\"><em>Cabo Finisterre<\/em><\/figcaption><\/figure>\n<\/div>\n\n\n\n<div class=\"wp-block-column is-layout-flow wp-block-column-is-layout-flow\">\n<figure class=\"wp-block-image size-full\"><a href=\"https:\/\/tedenloesopreis.nl\/wp-content\/uploads\/2023\/12\/IMG_1083-1024x768-1.jpg\" target=\"_blank\" rel=\"noreferrer noopener\"><img loading=\"lazy\" decoding=\"async\" width=\"1024\" height=\"768\" src=\"https:\/\/tedenloesopreis.nl\/wp-content\/uploads\/2023\/12\/IMG_1083-1024x768-1.jpg\" alt=\"\" class=\"wp-image-9533\" srcset=\"https:\/\/tedenloesopreis.nl\/wp-content\/uploads\/2023\/12\/IMG_1083-1024x768-1.jpg 1024w, https:\/\/tedenloesopreis.nl\/wp-content\/uploads\/2023\/12\/IMG_1083-1024x768-1-300x225.jpg 300w, https:\/\/tedenloesopreis.nl\/wp-content\/uploads\/2023\/12\/IMG_1083-1024x768-1-768x576.jpg 768w\" sizes=\"auto, (max-width: 1024px) 100vw, 1024px\" \/><\/a><figcaption class=\"wp-element-caption\"><em>hier is gestookt<\/em><\/figcaption><\/figure>\n<\/div>\n<\/div>\n\n\n\n<div class=\"wp-block-columns is-layout-flex wp-container-core-columns-is-layout-9d6595d7 wp-block-columns-is-layout-flex\">\n<div class=\"wp-block-column is-layout-flow wp-block-column-is-layout-flow\">\n<figure class=\"wp-block-image size-full\"><a href=\"https:\/\/tedenloesopreis.nl\/wp-content\/uploads\/2023\/12\/IMG_1075-768x1024-1.jpg\" target=\"_blank\" rel=\"noreferrer noopener\"><img loading=\"lazy\" decoding=\"async\" width=\"768\" height=\"1024\" src=\"https:\/\/tedenloesopreis.nl\/wp-content\/uploads\/2023\/12\/IMG_1075-768x1024-1.jpg\" alt=\"\" class=\"wp-image-9534\" srcset=\"https:\/\/tedenloesopreis.nl\/wp-content\/uploads\/2023\/12\/IMG_1075-768x1024-1.jpg 768w, https:\/\/tedenloesopreis.nl\/wp-content\/uploads\/2023\/12\/IMG_1075-768x1024-1-225x300.jpg 225w\" sizes=\"auto, (max-width: 768px) 100vw, 768px\" \/><\/a><figcaption class=\"wp-element-caption\"><em>dit beeld zie je overal<\/em><\/figcaption><\/figure>\n<\/div>\n\n\n\n<div class=\"wp-block-column is-layout-flow wp-block-column-is-layout-flow\">\n<figure class=\"wp-block-image size-full\"><a href=\"https:\/\/tedenloesopreis.nl\/wp-content\/uploads\/2023\/12\/IMG_1084-768x1024-1.jpg\" target=\"_blank\" rel=\"noreferrer noopener\"><img loading=\"lazy\" decoding=\"async\" width=\"768\" height=\"1024\" src=\"https:\/\/tedenloesopreis.nl\/wp-content\/uploads\/2023\/12\/IMG_1084-768x1024-1.jpg\" alt=\"\" class=\"wp-image-9535\" srcset=\"https:\/\/tedenloesopreis.nl\/wp-content\/uploads\/2023\/12\/IMG_1084-768x1024-1.jpg 768w, https:\/\/tedenloesopreis.nl\/wp-content\/uploads\/2023\/12\/IMG_1084-768x1024-1-225x300.jpg 225w\" sizes=\"auto, (max-width: 768px) 100vw, 768px\" \/><\/a><figcaption class=\"wp-element-caption\"><em>zij waren ook hier<\/em><\/figcaption><\/figure>\n<\/div>\n\n\n\n<div class=\"wp-block-column is-layout-flow wp-block-column-is-layout-flow\">\n<figure class=\"wp-block-image size-full\"><a href=\"https:\/\/tedenloesopreis.nl\/wp-content\/uploads\/2023\/12\/IMG_1085-768x1024-1.jpg\" target=\"_blank\" rel=\"noreferrer noopener\"><img loading=\"lazy\" decoding=\"async\" width=\"768\" height=\"1024\" src=\"https:\/\/tedenloesopreis.nl\/wp-content\/uploads\/2023\/12\/IMG_1085-768x1024-1.jpg\" alt=\"\" class=\"wp-image-9536\" srcset=\"https:\/\/tedenloesopreis.nl\/wp-content\/uploads\/2023\/12\/IMG_1085-768x1024-1.jpg 768w, https:\/\/tedenloesopreis.nl\/wp-content\/uploads\/2023\/12\/IMG_1085-768x1024-1-225x300.jpg 225w\" sizes=\"auto, (max-width: 768px) 100vw, 768px\" \/><\/a><figcaption class=\"wp-element-caption\"><em>deze moeten nog worden verstookt<\/em><\/figcaption><\/figure>\n<\/div>\n<\/div>\n\n\n\n<div class=\"wp-block-columns is-layout-flex wp-container-core-columns-is-layout-9d6595d7 wp-block-columns-is-layout-flex\">\n<div class=\"wp-block-column is-layout-flow wp-block-column-is-layout-flow\" style=\"flex-basis:33.33%\"><\/div>\n\n\n\n<div class=\"wp-block-column is-layout-flow wp-block-column-is-layout-flow\" style=\"flex-basis:66.66%\">\n<p>We gaan noordwaarts over de AC-552. Bij A Laracha nemen we een binnenweggetje naar de AC -523. In de buurt van A Coru\u00f1a steken we via de AC-14 en de AC-11 het water over, waarna we in het voorstadje Oleiros de camping oprijden.<\/p>\n<\/div>\n<\/div>\n\n\n\n<div style=\"height:36px\" aria-hidden=\"true\" class=\"wp-block-spacer\"><\/div>\n\n\n\n<div class=\"wp-block-columns is-layout-flex wp-container-core-columns-is-layout-9d6595d7 wp-block-columns-is-layout-flex\">\n<div class=\"wp-block-column is-layout-flow wp-block-column-is-layout-flow\">\n<p class=\"has-orange-background-color has-background\" id=\"dag46\"><\/p>\n<\/div>\n<\/div>\n\n\n\n<div class=\"wp-block-columns is-layout-flex wp-container-core-columns-is-layout-9d6595d7 wp-block-columns-is-layout-flex\">\n<div class=\"wp-block-column is-layout-flow wp-block-column-is-layout-flow\" style=\"flex-basis:33.33%\">\n<p><a href=\"#titel\">top<\/a><\/p>\n<\/div>\n\n\n\n<div class=\"wp-block-column is-layout-flow wp-block-column-is-layout-flow\" style=\"flex-basis:66.66%\">\n<p><strong>HOOFD BOVEN DE WOLKEN<\/strong><br>dag 46 &nbsp; &nbsp; di 18 juni 2019 &nbsp; &nbsp; <br><a href=\"https:\/\/www.google.com\/maps\/d\/edit?mid=1YixVd2tVTQWU8zy49dHSKRTkxGTxT7VQ&amp;ll=43.50128973055734%2C-7.864751708337057&amp;z=10\" target=\"_blank\" rel=\"noreferrer noopener\">A Coru\u00f1a \u2013 San Cosme de Barreiros<\/a>&nbsp;<\/p>\n<\/div>\n<\/div>\n\n\n\n<div style=\"height:20px\" aria-hidden=\"true\" class=\"wp-block-spacer\"><\/div>\n\n\n\n<div class=\"wp-block-columns is-layout-flex wp-container-core-columns-is-layout-9d6595d7 wp-block-columns-is-layout-flex\">\n<div class=\"wp-block-column is-layout-flow wp-block-column-is-layout-flow\" style=\"flex-basis:33.33%\">\n<figure class=\"wp-block-image size-full\"><a href=\"https:\/\/tedenloesopreis.nl\/wp-content\/uploads\/2023\/12\/IMG_1087-1024x768-1.jpg\" target=\"_blank\" rel=\"noreferrer noopener\"><img loading=\"lazy\" decoding=\"async\" width=\"1024\" height=\"768\" src=\"https:\/\/tedenloesopreis.nl\/wp-content\/uploads\/2023\/12\/IMG_1087-1024x768-1.jpg\" alt=\"\" class=\"wp-image-9539\" srcset=\"https:\/\/tedenloesopreis.nl\/wp-content\/uploads\/2023\/12\/IMG_1087-1024x768-1.jpg 1024w, https:\/\/tedenloesopreis.nl\/wp-content\/uploads\/2023\/12\/IMG_1087-1024x768-1-300x225.jpg 300w, https:\/\/tedenloesopreis.nl\/wp-content\/uploads\/2023\/12\/IMG_1087-1024x768-1-768x576.jpg 768w\" sizes=\"auto, (max-width: 1024px) 100vw, 1024px\" \/><\/a><figcaption class=\"wp-element-caption\"><em>Cedeira<\/em><\/figcaption><\/figure>\n<\/div>\n\n\n\n<div class=\"wp-block-column is-layout-flow wp-block-column-is-layout-flow\" style=\"flex-basis:66.66%\">\n<p>Na een rit van 209 km staan we op&nbsp;<a href=\"https:\/\/www.campercontact.com\/nl\/spanje\/galicie\/barreiros\/86049\/camping-a-gaivota\" target=\"_blank\" rel=\"noreferrer noopener\">Camping a Gaivota<\/a>&nbsp;in San Cosme de Barreiros, iets westelijk van Ribadeo.&nbsp;<\/p>\n\n\n\n<p id=\"artabra\">Het weerbericht voorspelt voor de hele dag regen. Dat is eigenlijk wel jammer, want we rijden een landschappelijk erg mooie route. Aanvankelijk lijkt het weerbericht gelijk te hebben. Het hele stuk van A Coru\u00f1a, via Ferrol, naar Cedeira is een vrij trieste rit. Tijdens een kleine pauze in Cedeira (wat doen we, rijden we rechtstreeks naar Ortigueira, of maken we een omweg over de DP-2205?) klaart het weer behoorlijk op. We besluiten de landschappelijk bijzonder mooie Ruta dos Miradoiros de Cari\u00f1o te rijden.<br><br>Het eerste deel, van Cedeira naar San Andr\u00e9s de Teixido is behoorlijk smal en heeft geen uitwijkhavens, wat lastig is bij brede tegenliggers. Gelukkig komen we al snel achter een touringcar te rijden, die als breekijzer fungeert. Dat komt goed van pas, vooral, als we een betonmixer tegenkomen.&nbsp;<\/p>\n\n\n\n<p>De stop in San Andr\u00e9s, een bedevaartplaatsje, gaat niet door, omdat alle parkeerplaatsen bezet zijn. We kunnen de buzz nergens kwijt. We gaan dus maar verder met het tweede deel, dit keer m\u00e9t uitwijkhavens. Dat rijdt een heel stuk geruster. Onderweg stoppen we bij verschillende miradoiros (uitzichtpunten). Regelmatig kijken we op laaghangende wolken. Op het hoogste punt van de route groeit alleen nog maar gras.&nbsp;<\/p>\n<\/div>\n<\/div>\n\n\n\n<div class=\"wp-block-columns is-layout-flex wp-container-core-columns-is-layout-9d6595d7 wp-block-columns-is-layout-flex\">\n<div class=\"wp-block-column is-layout-flow wp-block-column-is-layout-flow\">\n<figure class=\"wp-block-image size-full\"><a href=\"https:\/\/tedenloesopreis.nl\/wp-content\/uploads\/2023\/12\/IMG_1091-1024x768-1.jpg\" target=\"_blank\" rel=\"noreferrer noopener\"><img loading=\"lazy\" decoding=\"async\" width=\"1024\" height=\"768\" src=\"https:\/\/tedenloesopreis.nl\/wp-content\/uploads\/2023\/12\/IMG_1091-1024x768-1.jpg\" alt=\"\" class=\"wp-image-9540\" srcset=\"https:\/\/tedenloesopreis.nl\/wp-content\/uploads\/2023\/12\/IMG_1091-1024x768-1.jpg 1024w, https:\/\/tedenloesopreis.nl\/wp-content\/uploads\/2023\/12\/IMG_1091-1024x768-1-300x225.jpg 300w, https:\/\/tedenloesopreis.nl\/wp-content\/uploads\/2023\/12\/IMG_1091-1024x768-1-768x576.jpg 768w\" sizes=\"auto, (max-width: 1024px) 100vw, 1024px\" \/><\/a><figcaption class=\"wp-element-caption\"><em>ons breekijzer<\/em><\/figcaption><\/figure>\n<\/div>\n\n\n\n<div class=\"wp-block-column is-layout-flow wp-block-column-is-layout-flow\">\n<figure class=\"wp-block-image size-full\"><a href=\"https:\/\/tedenloesopreis.nl\/wp-content\/uploads\/2023\/12\/IMG_1093-1024x768-1.jpg\" target=\"_blank\" rel=\"noreferrer noopener\"><img loading=\"lazy\" decoding=\"async\" width=\"1024\" height=\"768\" src=\"https:\/\/tedenloesopreis.nl\/wp-content\/uploads\/2023\/12\/IMG_1093-1024x768-1.jpg\" alt=\"\" class=\"wp-image-9541\" srcset=\"https:\/\/tedenloesopreis.nl\/wp-content\/uploads\/2023\/12\/IMG_1093-1024x768-1.jpg 1024w, https:\/\/tedenloesopreis.nl\/wp-content\/uploads\/2023\/12\/IMG_1093-1024x768-1-300x225.jpg 300w, https:\/\/tedenloesopreis.nl\/wp-content\/uploads\/2023\/12\/IMG_1093-1024x768-1-768x576.jpg 768w\" sizes=\"auto, (max-width: 1024px) 100vw, 1024px\" \/><\/a><figcaption class=\"wp-element-caption\"><em>uitzicht vanaf een van de miradoires<\/em><\/figcaption><\/figure>\n<\/div>\n\n\n\n<div class=\"wp-block-column is-layout-flow wp-block-column-is-layout-flow\">\n<figure class=\"wp-block-image size-full\"><a href=\"https:\/\/tedenloesopreis.nl\/wp-content\/uploads\/2023\/12\/IMG_1101-1024x768-1.jpg\" target=\"_blank\" rel=\"noreferrer noopener\"><img loading=\"lazy\" decoding=\"async\" width=\"1024\" height=\"768\" src=\"https:\/\/tedenloesopreis.nl\/wp-content\/uploads\/2023\/12\/IMG_1101-1024x768-1.jpg\" alt=\"\" class=\"wp-image-9542\" srcset=\"https:\/\/tedenloesopreis.nl\/wp-content\/uploads\/2023\/12\/IMG_1101-1024x768-1.jpg 1024w, https:\/\/tedenloesopreis.nl\/wp-content\/uploads\/2023\/12\/IMG_1101-1024x768-1-300x225.jpg 300w, https:\/\/tedenloesopreis.nl\/wp-content\/uploads\/2023\/12\/IMG_1101-1024x768-1-768x576.jpg 768w\" sizes=\"auto, (max-width: 1024px) 100vw, 1024px\" \/><\/a><figcaption class=\"wp-element-caption\"><em>pas op voor loslopende koeien<\/em><\/figcaption><\/figure>\n<\/div>\n<\/div>\n\n\n\n<div class=\"wp-block-columns is-layout-flex wp-container-core-columns-is-layout-9d6595d7 wp-block-columns-is-layout-flex\">\n<div class=\"wp-block-column is-layout-flow wp-block-column-is-layout-flow\"><\/div>\n\n\n\n<div class=\"wp-block-column is-layout-flow wp-block-column-is-layout-flow\">\n<figure class=\"wp-block-image size-full\"><a href=\"https:\/\/tedenloesopreis.nl\/wp-content\/uploads\/2023\/12\/IMG_1103-1024x768-1.jpg\" target=\"_blank\" rel=\"noreferrer noopener\"><img loading=\"lazy\" decoding=\"async\" width=\"1024\" height=\"768\" src=\"https:\/\/tedenloesopreis.nl\/wp-content\/uploads\/2023\/12\/IMG_1103-1024x768-1.jpg\" alt=\"\" class=\"wp-image-9543\" srcset=\"https:\/\/tedenloesopreis.nl\/wp-content\/uploads\/2023\/12\/IMG_1103-1024x768-1.jpg 1024w, https:\/\/tedenloesopreis.nl\/wp-content\/uploads\/2023\/12\/IMG_1103-1024x768-1-300x225.jpg 300w, https:\/\/tedenloesopreis.nl\/wp-content\/uploads\/2023\/12\/IMG_1103-1024x768-1-768x576.jpg 768w\" sizes=\"auto, (max-width: 1024px) 100vw, 1024px\" \/><\/a><figcaption class=\"wp-element-caption\"><em>op het hoogste punt<\/em><\/figcaption><\/figure>\n<\/div>\n\n\n\n<div class=\"wp-block-column is-layout-flow wp-block-column-is-layout-flow\">\n<figure class=\"wp-block-image size-full\"><a href=\"https:\/\/tedenloesopreis.nl\/wp-content\/uploads\/2023\/12\/IMG_1108-1024x575-1.jpg\" target=\"_blank\" rel=\"noreferrer noopener\"><img loading=\"lazy\" decoding=\"async\" width=\"1024\" height=\"575\" src=\"https:\/\/tedenloesopreis.nl\/wp-content\/uploads\/2023\/12\/IMG_1108-1024x575-1.jpg\" alt=\"\" class=\"wp-image-9544\" srcset=\"https:\/\/tedenloesopreis.nl\/wp-content\/uploads\/2023\/12\/IMG_1108-1024x575-1.jpg 1024w, https:\/\/tedenloesopreis.nl\/wp-content\/uploads\/2023\/12\/IMG_1108-1024x575-1-300x168.jpg 300w, https:\/\/tedenloesopreis.nl\/wp-content\/uploads\/2023\/12\/IMG_1108-1024x575-1-768x431.jpg 768w\" sizes=\"auto, (max-width: 1024px) 100vw, 1024px\" \/><\/a><figcaption class=\"wp-element-caption\"><em>uitzicht vanaf het hoogste punt<\/em><\/figcaption><\/figure>\n<\/div>\n<\/div>\n\n\n\n<div class=\"wp-block-columns is-layout-flex wp-container-core-columns-is-layout-9d6595d7 wp-block-columns-is-layout-flex\">\n<div class=\"wp-block-column is-layout-flow wp-block-column-is-layout-flow\" style=\"flex-basis:33.33%\">\n<figure class=\"wp-block-image size-full\"><a href=\"https:\/\/tedenloesopreis.nl\/wp-content\/uploads\/2023\/12\/IMG_1110-1024x575-1.jpg\" target=\"_blank\" rel=\"noreferrer noopener\"><img loading=\"lazy\" decoding=\"async\" width=\"1024\" height=\"575\" src=\"https:\/\/tedenloesopreis.nl\/wp-content\/uploads\/2023\/12\/IMG_1110-1024x575-1.jpg\" alt=\"\" class=\"wp-image-9545\" srcset=\"https:\/\/tedenloesopreis.nl\/wp-content\/uploads\/2023\/12\/IMG_1110-1024x575-1.jpg 1024w, https:\/\/tedenloesopreis.nl\/wp-content\/uploads\/2023\/12\/IMG_1110-1024x575-1-300x168.jpg 300w, https:\/\/tedenloesopreis.nl\/wp-content\/uploads\/2023\/12\/IMG_1110-1024x575-1-768x431.jpg 768w\" sizes=\"auto, (max-width: 1024px) 100vw, 1024px\" \/><\/a><figcaption class=\"wp-element-caption\"><em>Porto do Barquiero<\/em><\/figcaption><\/figure>\n<\/div>\n\n\n\n<div class=\"wp-block-column is-layout-flow wp-block-column-is-layout-flow\" style=\"flex-basis:66.66%\">\n<p id=\"barquiero\">Voorbij Cari\u00f1o bezoeken we nog een aantal vissersplaatsjes. Vooral Porto do Barquiero ligt er mooi bij.<\/p>\n<\/div>\n<\/div>\n\n\n\n<div class=\"wp-block-columns is-layout-flex wp-container-core-columns-is-layout-9d6595d7 wp-block-columns-is-layout-flex\">\n<div class=\"wp-block-column is-layout-flow wp-block-column-is-layout-flow\" style=\"flex-basis:33.33%\">\n<figure class=\"wp-block-image size-full\"><a href=\"https:\/\/tedenloesopreis.nl\/wp-content\/uploads\/2023\/12\/IMG_0281-1024x768-1.jpeg\" target=\"_blank\" rel=\"noreferrer noopener\"><img loading=\"lazy\" decoding=\"async\" width=\"1024\" height=\"768\" src=\"https:\/\/tedenloesopreis.nl\/wp-content\/uploads\/2023\/12\/IMG_0281-1024x768-1.jpeg\" alt=\"\" class=\"wp-image-9546\" srcset=\"https:\/\/tedenloesopreis.nl\/wp-content\/uploads\/2023\/12\/IMG_0281-1024x768-1.jpeg 1024w, https:\/\/tedenloesopreis.nl\/wp-content\/uploads\/2023\/12\/IMG_0281-1024x768-1-300x225.jpeg 300w, https:\/\/tedenloesopreis.nl\/wp-content\/uploads\/2023\/12\/IMG_0281-1024x768-1-768x576.jpeg 768w\" sizes=\"auto, (max-width: 1024px) 100vw, 1024px\" \/><\/a><figcaption class=\"wp-element-caption\"><em>de kust bij Barreiros<\/em><\/figcaption><\/figure>\n<\/div>\n\n\n\n<div class=\"wp-block-column is-layout-flow wp-block-column-is-layout-flow\" style=\"flex-basis:66.66%\">\n<p>Het laatste stuk van de rit gaat in de regen door een gebied met relatief veel bebouwing. dus met veel rotondes en verkeersdrempels. We zijn nu in een deel met een minder spectaculaire kust.<\/p>\n<\/div>\n<\/div>\n\n\n\n<div style=\"height:35px\" aria-hidden=\"true\" class=\"wp-block-spacer\"><\/div>\n\n\n\n<div class=\"wp-block-columns is-layout-flex wp-container-core-columns-is-layout-9d6595d7 wp-block-columns-is-layout-flex\">\n<div class=\"wp-block-column is-layout-flow wp-block-column-is-layout-flow\">\n<p class=\"has-orange-background-color has-background\" id=\"dag47\"><\/p>\n<\/div>\n<\/div>\n\n\n\n<div class=\"wp-block-columns is-layout-flex wp-container-core-columns-is-layout-9d6595d7 wp-block-columns-is-layout-flex\">\n<div class=\"wp-block-column is-layout-flow wp-block-column-is-layout-flow\" style=\"flex-basis:33.33%\">\n<p><a href=\"#titel\">top<\/a><\/p>\n<\/div>\n\n\n\n<div class=\"wp-block-column is-layout-flow wp-block-column-is-layout-flow\" style=\"flex-basis:66.66%\">\n<p><strong>VAN GALICI\u00cb NAAR ASTURI\u00cb<\/strong><br>dag 47 &nbsp; &nbsp;wo 19 juni 2019<br><a href=\"https:\/\/www.google.com\/maps\/d\/edit?mid=14yimyotQ3WQALGRbVts5eFsVpxS07L9v&amp;ll=43.50414749145254%2C-6.1920329006661685&amp;z=9\" target=\"_blank\" rel=\"noreferrer noopener\">San Cosme de Barreiros \u2013 Ribadesella<\/a><\/p>\n<\/div>\n<\/div>\n\n\n\n<div style=\"height:20px\" aria-hidden=\"true\" class=\"wp-block-spacer\"><\/div>\n\n\n\n<div class=\"wp-block-columns is-layout-flex wp-container-core-columns-is-layout-9d6595d7 wp-block-columns-is-layout-flex\">\n<div class=\"wp-block-column is-layout-flow wp-block-column-is-layout-flow\" style=\"flex-basis:33.33%\"><\/div>\n\n\n\n<div class=\"wp-block-column is-layout-flow wp-block-column-is-layout-flow\" style=\"flex-basis:66.66%\">\n<p>Na een rit van 239 km staan we op&nbsp;<a href=\"https:\/\/www.campercontact.com\/nl\/spanje\/asturie\/ribadesella\/40979\/camping-ribadesella\" target=\"_blank\" rel=\"noreferrer noopener\">camping Ribadesella<\/a>&nbsp;in de gelijknamige plaats. Het is een verplaatsingsdag, maar wel een met een paar mooie hoogtepunten.&nbsp;<\/p>\n\n\n\n<p>In het deel van Spanje, waar we gisteren zijn aangekomen, is de kust niet zo spectaculair. De kuststrook is vrij vlak. De heuvels liggen een paar kilometer landinwaarts. De oude hoofdweg langs de kust loopt met regelmaat door dorpjes en stadjes. Daarom rijden we over de autosnelweg (de A8).&nbsp;<\/p>\n\n\n\n<p id=\"luarca\">We doen onderweg een paar leuke havenstadjes aan. Zo is Luarca fraai gelegen in een kloof aan de kust.&nbsp;<\/p>\n<\/div>\n<\/div>\n\n\n\n<div class=\"wp-block-columns is-layout-flex wp-container-core-columns-is-layout-9d6595d7 wp-block-columns-is-layout-flex\">\n<div class=\"wp-block-column is-layout-flow wp-block-column-is-layout-flow\"><\/div>\n\n\n\n<div class=\"wp-block-column is-layout-flow wp-block-column-is-layout-flow\">\n<figure class=\"wp-block-image size-full\"><a href=\"https:\/\/tedenloesopreis.nl\/wp-content\/uploads\/2023\/12\/IMG_1117-1024x768-1.jpg\" target=\"_blank\" rel=\"noreferrer noopener\"><img loading=\"lazy\" decoding=\"async\" width=\"1024\" height=\"768\" src=\"https:\/\/tedenloesopreis.nl\/wp-content\/uploads\/2023\/12\/IMG_1117-1024x768-1.jpg\" alt=\"\" class=\"wp-image-9550\" srcset=\"https:\/\/tedenloesopreis.nl\/wp-content\/uploads\/2023\/12\/IMG_1117-1024x768-1.jpg 1024w, https:\/\/tedenloesopreis.nl\/wp-content\/uploads\/2023\/12\/IMG_1117-1024x768-1-300x225.jpg 300w, https:\/\/tedenloesopreis.nl\/wp-content\/uploads\/2023\/12\/IMG_1117-1024x768-1-768x576.jpg 768w\" sizes=\"auto, (max-width: 1024px) 100vw, 1024px\" \/><\/a><figcaption class=\"wp-element-caption\"><em>Luarca vanaf de Mirador de Luarca<\/em><\/figcaption><\/figure>\n<\/div>\n\n\n\n<div class=\"wp-block-column is-layout-flow wp-block-column-is-layout-flow\">\n<figure class=\"wp-block-image size-full\"><a href=\"https:\/\/tedenloesopreis.nl\/wp-content\/uploads\/2023\/12\/IMG_1123-1024x768-2.jpg\" target=\"_blank\" rel=\"noreferrer noopener\"><img loading=\"lazy\" decoding=\"async\" width=\"1024\" height=\"768\" src=\"https:\/\/tedenloesopreis.nl\/wp-content\/uploads\/2023\/12\/IMG_1123-1024x768-2.jpg\" alt=\"\" class=\"wp-image-9549\" srcset=\"https:\/\/tedenloesopreis.nl\/wp-content\/uploads\/2023\/12\/IMG_1123-1024x768-2.jpg 1024w, https:\/\/tedenloesopreis.nl\/wp-content\/uploads\/2023\/12\/IMG_1123-1024x768-2-300x225.jpg 300w, https:\/\/tedenloesopreis.nl\/wp-content\/uploads\/2023\/12\/IMG_1123-1024x768-2-768x576.jpg 768w\" sizes=\"auto, (max-width: 1024px) 100vw, 1024px\" \/><\/a><figcaption class=\"wp-element-caption\"><em>het haventje van Luarca<\/em><\/figcaption><\/figure>\n<\/div>\n<\/div>\n\n\n\n<div class=\"wp-block-columns is-layout-flex wp-container-core-columns-is-layout-9d6595d7 wp-block-columns-is-layout-flex\">\n<div class=\"wp-block-column is-layout-flow wp-block-column-is-layout-flow\" style=\"flex-basis:33.33%\"><\/div>\n\n\n\n<div class=\"wp-block-column is-layout-flow wp-block-column-is-layout-flow\" style=\"flex-basis:66.66%\">\n<p id=\"cudillero\">Het meest indrukwekkend is Cudillero, eveneens in een kloof aan de kust, maar bijzonder schilderachtig.&nbsp;<\/p>\n<\/div>\n<\/div>\n\n\n\n<div class=\"wp-block-columns is-layout-flex wp-container-core-columns-is-layout-9d6595d7 wp-block-columns-is-layout-flex\">\n<div class=\"wp-block-column is-layout-flow wp-block-column-is-layout-flow\"><\/div>\n\n\n\n<div class=\"wp-block-column is-layout-flow wp-block-column-is-layout-flow\">\n<figure class=\"wp-block-image size-full\"><a href=\"https:\/\/tedenloesopreis.nl\/wp-content\/uploads\/2023\/12\/IMG_1133-1024x768-1.jpg\" target=\"_blank\" rel=\"noreferrer noopener\"><img loading=\"lazy\" decoding=\"async\" width=\"1024\" height=\"768\" src=\"https:\/\/tedenloesopreis.nl\/wp-content\/uploads\/2023\/12\/IMG_1133-1024x768-1.jpg\" alt=\"\" class=\"wp-image-9551\" srcset=\"https:\/\/tedenloesopreis.nl\/wp-content\/uploads\/2023\/12\/IMG_1133-1024x768-1.jpg 1024w, https:\/\/tedenloesopreis.nl\/wp-content\/uploads\/2023\/12\/IMG_1133-1024x768-1-300x225.jpg 300w, https:\/\/tedenloesopreis.nl\/wp-content\/uploads\/2023\/12\/IMG_1133-1024x768-1-768x576.jpg 768w\" sizes=\"auto, (max-width: 1024px) 100vw, 1024px\" \/><\/a><figcaption class=\"wp-element-caption\"><em>Cudillera<\/em><\/figcaption><\/figure>\n<\/div>\n\n\n\n<div class=\"wp-block-column is-layout-flow wp-block-column-is-layout-flow\">\n<figure class=\"wp-block-image size-full\"><a href=\"https:\/\/tedenloesopreis.nl\/wp-content\/uploads\/2023\/12\/IMG_1136-1024x768-1.jpg\" target=\"_blank\" rel=\"noreferrer noopener\"><img loading=\"lazy\" decoding=\"async\" width=\"1024\" height=\"768\" src=\"https:\/\/tedenloesopreis.nl\/wp-content\/uploads\/2023\/12\/IMG_1136-1024x768-1.jpg\" alt=\"\" class=\"wp-image-9552\" srcset=\"https:\/\/tedenloesopreis.nl\/wp-content\/uploads\/2023\/12\/IMG_1136-1024x768-1.jpg 1024w, https:\/\/tedenloesopreis.nl\/wp-content\/uploads\/2023\/12\/IMG_1136-1024x768-1-300x225.jpg 300w, https:\/\/tedenloesopreis.nl\/wp-content\/uploads\/2023\/12\/IMG_1136-1024x768-1-768x576.jpg 768w\" sizes=\"auto, (max-width: 1024px) 100vw, 1024px\" \/><\/a><figcaption class=\"wp-element-caption\"><em>Cudillera<\/em><\/figcaption><\/figure>\n<\/div>\n<\/div>\n\n\n\n<div class=\"wp-block-columns is-layout-flex wp-container-core-columns-is-layout-9d6595d7 wp-block-columns-is-layout-flex\">\n<div class=\"wp-block-column is-layout-flow wp-block-column-is-layout-flow\"><\/div>\n\n\n\n<div class=\"wp-block-column is-layout-flow wp-block-column-is-layout-flow\">\n<figure class=\"wp-block-image size-full\"><a href=\"https:\/\/tedenloesopreis.nl\/wp-content\/uploads\/2023\/12\/IMG_1137-1024x768-1.jpg\" target=\"_blank\" rel=\"noreferrer noopener\"><img loading=\"lazy\" decoding=\"async\" width=\"1024\" height=\"768\" src=\"https:\/\/tedenloesopreis.nl\/wp-content\/uploads\/2023\/12\/IMG_1137-1024x768-1.jpg\" alt=\"\" class=\"wp-image-9553\" srcset=\"https:\/\/tedenloesopreis.nl\/wp-content\/uploads\/2023\/12\/IMG_1137-1024x768-1.jpg 1024w, https:\/\/tedenloesopreis.nl\/wp-content\/uploads\/2023\/12\/IMG_1137-1024x768-1-300x225.jpg 300w, https:\/\/tedenloesopreis.nl\/wp-content\/uploads\/2023\/12\/IMG_1137-1024x768-1-768x576.jpg 768w\" sizes=\"auto, (max-width: 1024px) 100vw, 1024px\" \/><\/a><figcaption class=\"wp-element-caption\"><em>Cudillera<\/em><\/figcaption><\/figure>\n<\/div>\n\n\n\n<div class=\"wp-block-column is-layout-flow wp-block-column-is-layout-flow\">\n<figure class=\"wp-block-image size-full\"><a href=\"https:\/\/tedenloesopreis.nl\/wp-content\/uploads\/2023\/12\/IMG_1141-1024x768-1.jpg\" target=\"_blank\" rel=\"noreferrer noopener\"><img loading=\"lazy\" decoding=\"async\" width=\"1024\" height=\"768\" src=\"https:\/\/tedenloesopreis.nl\/wp-content\/uploads\/2023\/12\/IMG_1141-1024x768-1.jpg\" alt=\"\" class=\"wp-image-9554\" srcset=\"https:\/\/tedenloesopreis.nl\/wp-content\/uploads\/2023\/12\/IMG_1141-1024x768-1.jpg 1024w, https:\/\/tedenloesopreis.nl\/wp-content\/uploads\/2023\/12\/IMG_1141-1024x768-1-300x225.jpg 300w, https:\/\/tedenloesopreis.nl\/wp-content\/uploads\/2023\/12\/IMG_1141-1024x768-1-768x576.jpg 768w\" sizes=\"auto, (max-width: 1024px) 100vw, 1024px\" \/><\/a><figcaption class=\"wp-element-caption\"><em>de kust bij Cudillera<\/em><\/figcaption><\/figure>\n<\/div>\n<\/div>\n\n\n\n<div class=\"wp-block-columns is-layout-flex wp-container-core-columns-is-layout-9d6595d7 wp-block-columns-is-layout-flex\">\n<div class=\"wp-block-column is-layout-flow wp-block-column-is-layout-flow\" style=\"flex-basis:33.33%\"><\/div>\n\n\n\n<div class=\"wp-block-column is-layout-flow wp-block-column-is-layout-flow\" style=\"flex-basis:66.66%\">\n<p id=\"penas\">We wandelen ook nog wat in het kustlandschap bij de Faro de Pe\u00f1as.<\/p>\n<\/div>\n<\/div>\n\n\n\n<div class=\"wp-block-columns is-layout-flex wp-container-core-columns-is-layout-9d6595d7 wp-block-columns-is-layout-flex\">\n<div class=\"wp-block-column is-layout-flow wp-block-column-is-layout-flow\">\n<figure class=\"wp-block-image size-full\"><a href=\"https:\/\/tedenloesopreis.nl\/wp-content\/uploads\/2023\/12\/IMG_1144-1024x768-1.jpg\" target=\"_blank\" rel=\"noreferrer noopener\"><img loading=\"lazy\" decoding=\"async\" width=\"1024\" height=\"768\" src=\"https:\/\/tedenloesopreis.nl\/wp-content\/uploads\/2023\/12\/IMG_1144-1024x768-1.jpg\" alt=\"\" class=\"wp-image-9556\" srcset=\"https:\/\/tedenloesopreis.nl\/wp-content\/uploads\/2023\/12\/IMG_1144-1024x768-1.jpg 1024w, https:\/\/tedenloesopreis.nl\/wp-content\/uploads\/2023\/12\/IMG_1144-1024x768-1-300x225.jpg 300w, https:\/\/tedenloesopreis.nl\/wp-content\/uploads\/2023\/12\/IMG_1144-1024x768-1-768x576.jpg 768w\" sizes=\"auto, (max-width: 1024px) 100vw, 1024px\" \/><\/a><figcaption class=\"wp-element-caption\"><em>onderweg naar Faro de Pe\u00f1as<\/em><\/figcaption><\/figure>\n<\/div>\n\n\n\n<div class=\"wp-block-column is-layout-flow wp-block-column-is-layout-flow\">\n<figure class=\"wp-block-image size-full\"><a href=\"https:\/\/tedenloesopreis.nl\/wp-content\/uploads\/2023\/12\/IMG_1147-1024x768-1.jpg\" target=\"_blank\" rel=\"noreferrer noopener\"><img loading=\"lazy\" decoding=\"async\" width=\"1024\" height=\"768\" src=\"https:\/\/tedenloesopreis.nl\/wp-content\/uploads\/2023\/12\/IMG_1147-1024x768-1.jpg\" alt=\"\" class=\"wp-image-9557\" srcset=\"https:\/\/tedenloesopreis.nl\/wp-content\/uploads\/2023\/12\/IMG_1147-1024x768-1.jpg 1024w, https:\/\/tedenloesopreis.nl\/wp-content\/uploads\/2023\/12\/IMG_1147-1024x768-1-300x225.jpg 300w, https:\/\/tedenloesopreis.nl\/wp-content\/uploads\/2023\/12\/IMG_1147-1024x768-1-768x576.jpg 768w\" sizes=\"auto, (max-width: 1024px) 100vw, 1024px\" \/><\/a><figcaption class=\"wp-element-caption\"><em>kust bij Faro de Pe\u00f1as<\/em><\/figcaption><\/figure>\n<\/div>\n\n\n\n<div class=\"wp-block-column is-layout-flow wp-block-column-is-layout-flow\">\n<figure class=\"wp-block-image size-full\"><a href=\"https:\/\/tedenloesopreis.nl\/wp-content\/uploads\/2023\/12\/IMG_1149-1024x768-1.jpg\" target=\"_blank\" rel=\"noreferrer noopener\"><img loading=\"lazy\" decoding=\"async\" width=\"1024\" height=\"768\" src=\"https:\/\/tedenloesopreis.nl\/wp-content\/uploads\/2023\/12\/IMG_1149-1024x768-1.jpg\" alt=\"\" class=\"wp-image-9558\" srcset=\"https:\/\/tedenloesopreis.nl\/wp-content\/uploads\/2023\/12\/IMG_1149-1024x768-1.jpg 1024w, https:\/\/tedenloesopreis.nl\/wp-content\/uploads\/2023\/12\/IMG_1149-1024x768-1-300x225.jpg 300w, https:\/\/tedenloesopreis.nl\/wp-content\/uploads\/2023\/12\/IMG_1149-1024x768-1-768x576.jpg 768w\" sizes=\"auto, (max-width: 1024px) 100vw, 1024px\" \/><\/a><figcaption class=\"wp-element-caption\"><em>Faro de Pe\u00f1as<\/em><\/figcaption><\/figure>\n<\/div>\n<\/div>\n\n\n\n<div class=\"wp-block-columns is-layout-flex wp-container-core-columns-is-layout-9d6595d7 wp-block-columns-is-layout-flex\">\n<div class=\"wp-block-column is-layout-flow wp-block-column-is-layout-flow\" style=\"flex-basis:33.33%\"><\/div>\n\n\n\n<div class=\"wp-block-column is-layout-flow wp-block-column-is-layout-flow\" style=\"flex-basis:66.66%\">\n<p>Morgen verlaten we de kust en rijden we de Picos de Europa in.<\/p>\n<\/div>\n<\/div>\n\n\n\n<div style=\"height:35px\" aria-hidden=\"true\" class=\"wp-block-spacer\"><\/div>\n\n\n\n<div class=\"wp-block-columns is-layout-flex wp-container-core-columns-is-layout-9d6595d7 wp-block-columns-is-layout-flex\">\n<div class=\"wp-block-column is-layout-flow wp-block-column-is-layout-flow\">\n<p class=\"has-orange-background-color has-background\" id=\"dag48\"><\/p>\n<\/div>\n<\/div>\n\n\n\n<div class=\"wp-block-columns is-layout-flex wp-container-core-columns-is-layout-9d6595d7 wp-block-columns-is-layout-flex\">\n<div class=\"wp-block-column is-layout-flow wp-block-column-is-layout-flow\" style=\"flex-basis:33.33%\">\n<p><a href=\"#titel\">top<\/a><\/p>\n<\/div>\n\n\n\n<div class=\"wp-block-column is-layout-flow wp-block-column-is-layout-flow\" style=\"flex-basis:66.66%\">\n<p><strong>SLECHT ZICHT IN DE PICOS<\/strong><br>dag 48 &nbsp; &nbsp; &nbsp;&nbsp;do 20 juni 2019<br><a href=\"https:\/\/www.google.com\/maps\/d\/edit?mid=17He63Xpl9PlSRQQBOHvj7IG9qk00aOgv&amp;ll=43.253411533202296%2C-4.957794405901841&amp;z=11\" target=\"_blank\" rel=\"noreferrer noopener\">Ribadesella \u2013 Potes<\/a>&nbsp; &nbsp; &nbsp; 191&nbsp;km<\/p>\n<\/div>\n<\/div>\n\n\n\n<div style=\"height:20px\" aria-hidden=\"true\" class=\"wp-block-spacer\"><\/div>\n\n\n\n<div class=\"wp-block-columns is-layout-flex wp-container-core-columns-is-layout-9d6595d7 wp-block-columns-is-layout-flex\">\n<div class=\"wp-block-column is-layout-flow wp-block-column-is-layout-flow\" style=\"flex-basis:33.33%\"><\/div>\n\n\n\n<div class=\"wp-block-column is-layout-flow wp-block-column-is-layout-flow\" style=\"flex-basis:66.66%\">\n<p>Na een rit van 191 erg bochtige kilometers staan we op&nbsp;<a href=\"https:\/\/www.campercontact.com\/nl\/spanje\/cantabrie\/camaleno\/46778\/camping-la-viorna\" target=\"_blank\" rel=\"noreferrer noopener\">camping La Viorna<\/a>&nbsp;in Potes.&nbsp;<\/p>\n\n\n\n<p>Van onze vorige reis weten we nog, dat Marij gelijk heeft: als het mooi weer is, zijn de Picos prachtig. Helaas Is het weer vandaag allesbehalve mooi: het miezert regelmatig, en als het niet miezert, dan is er nog dat wolkendek dat maar niet over de bergen kan komen. Vooral aan de noordzijde van de Picos zitten we regelmatig in de wolken.&nbsp;<\/p>\n\n\n\n<p id=\"covadonga\">Niet alleen het weer is bepalend vandaag. Ook de wegomstandigheden zijn van invloed op het verloop van de dag. Dat begint al in Covadonga (Ribadesella &gt; Arriondas &gt; Cangas de Onis &gt; Covadonga). Nog niet zo lang geleden kon je met eigen vervoer naar de meren boven Covadonga. Nu is de weg n\u00e1 Covadonga in het hoogseizoen alleen nog maar geopend voor lokale touringcars en taxi\u2019s. Deze ondernemers hanteren forse tarieven. Daarnaast is er bij de meren waarschijnlijk weinig zicht. Daarom gaan we, in afwijking van het plan, maar niet naar de meren. We bekijken wel nog even de basiliek van Covadonga en de grot Santa Cuevas.<\/p>\n<\/div>\n<\/div>\n\n\n\n<div class=\"wp-block-columns is-layout-flex wp-container-core-columns-is-layout-9d6595d7 wp-block-columns-is-layout-flex\">\n<div class=\"wp-block-column is-layout-flow wp-block-column-is-layout-flow\"><\/div>\n\n\n\n<div class=\"wp-block-column is-layout-flow wp-block-column-is-layout-flow\">\n<figure class=\"wp-block-image size-full\"><a href=\"https:\/\/tedenloesopreis.nl\/wp-content\/uploads\/2023\/12\/IMG_1152-1024x768-1.jpg\" target=\"_blank\" rel=\"noreferrer noopener\"><img loading=\"lazy\" decoding=\"async\" width=\"1024\" height=\"768\" src=\"https:\/\/tedenloesopreis.nl\/wp-content\/uploads\/2023\/12\/IMG_1152-1024x768-1.jpg\" alt=\"\" class=\"wp-image-9561\" srcset=\"https:\/\/tedenloesopreis.nl\/wp-content\/uploads\/2023\/12\/IMG_1152-1024x768-1.jpg 1024w, https:\/\/tedenloesopreis.nl\/wp-content\/uploads\/2023\/12\/IMG_1152-1024x768-1-300x225.jpg 300w, https:\/\/tedenloesopreis.nl\/wp-content\/uploads\/2023\/12\/IMG_1152-1024x768-1-768x576.jpg 768w\" sizes=\"auto, (max-width: 1024px) 100vw, 1024px\" \/><\/a><figcaption class=\"wp-element-caption\"><em>onderweg naar Covadonga<\/em><\/figcaption><\/figure>\n<\/div>\n\n\n\n<div class=\"wp-block-column is-layout-flow wp-block-column-is-layout-flow\">\n<figure class=\"wp-block-image size-full\"><a href=\"https:\/\/tedenloesopreis.nl\/wp-content\/uploads\/2023\/12\/IMG_1153-1024x768-1.jpg\" target=\"_blank\" rel=\"noreferrer noopener\"><img loading=\"lazy\" decoding=\"async\" width=\"1024\" height=\"768\" src=\"https:\/\/tedenloesopreis.nl\/wp-content\/uploads\/2023\/12\/IMG_1153-1024x768-1.jpg\" alt=\"\" class=\"wp-image-9562\" srcset=\"https:\/\/tedenloesopreis.nl\/wp-content\/uploads\/2023\/12\/IMG_1153-1024x768-1.jpg 1024w, https:\/\/tedenloesopreis.nl\/wp-content\/uploads\/2023\/12\/IMG_1153-1024x768-1-300x225.jpg 300w, https:\/\/tedenloesopreis.nl\/wp-content\/uploads\/2023\/12\/IMG_1153-1024x768-1-768x576.jpg 768w\" sizes=\"auto, (max-width: 1024px) 100vw, 1024px\" \/><\/a><figcaption class=\"wp-element-caption\"><em>de basiliek van Covadonga<\/em><\/figcaption><\/figure>\n<\/div>\n<\/div>\n\n\n\n<div class=\"wp-block-columns is-layout-flex wp-container-core-columns-is-layout-9d6595d7 wp-block-columns-is-layout-flex\">\n<div class=\"wp-block-column is-layout-flow wp-block-column-is-layout-flow\"><\/div>\n\n\n\n<div class=\"wp-block-column is-layout-flow wp-block-column-is-layout-flow\">\n<figure class=\"wp-block-image size-full\"><a href=\"https:\/\/tedenloesopreis.nl\/wp-content\/uploads\/2023\/12\/IMG_1159-1024x768-1.jpg\" target=\"_blank\" rel=\"noreferrer noopener\"><img loading=\"lazy\" decoding=\"async\" width=\"1024\" height=\"768\" src=\"https:\/\/tedenloesopreis.nl\/wp-content\/uploads\/2023\/12\/IMG_1159-1024x768-1.jpg\" alt=\"\" class=\"wp-image-9563\" srcset=\"https:\/\/tedenloesopreis.nl\/wp-content\/uploads\/2023\/12\/IMG_1159-1024x768-1.jpg 1024w, https:\/\/tedenloesopreis.nl\/wp-content\/uploads\/2023\/12\/IMG_1159-1024x768-1-300x225.jpg 300w, https:\/\/tedenloesopreis.nl\/wp-content\/uploads\/2023\/12\/IMG_1159-1024x768-1-768x576.jpg 768w\" sizes=\"auto, (max-width: 1024px) 100vw, 1024px\" \/><\/a><figcaption class=\"wp-element-caption\"><em>de grot Santa Cueva<\/em><\/figcaption><\/figure>\n<\/div>\n\n\n\n<div class=\"wp-block-column is-layout-flow wp-block-column-is-layout-flow\">\n<figure class=\"wp-block-image size-full\"><a href=\"https:\/\/tedenloesopreis.nl\/wp-content\/uploads\/2023\/12\/IMG_1160-1024x768-1.jpg\" target=\"_blank\" rel=\"noreferrer noopener\"><img loading=\"lazy\" decoding=\"async\" width=\"1024\" height=\"768\" src=\"https:\/\/tedenloesopreis.nl\/wp-content\/uploads\/2023\/12\/IMG_1160-1024x768-1.jpg\" alt=\"\" class=\"wp-image-9564\" srcset=\"https:\/\/tedenloesopreis.nl\/wp-content\/uploads\/2023\/12\/IMG_1160-1024x768-1.jpg 1024w, https:\/\/tedenloesopreis.nl\/wp-content\/uploads\/2023\/12\/IMG_1160-1024x768-1-300x225.jpg 300w, https:\/\/tedenloesopreis.nl\/wp-content\/uploads\/2023\/12\/IMG_1160-1024x768-1-768x576.jpg 768w\" sizes=\"auto, (max-width: 1024px) 100vw, 1024px\" \/><\/a><figcaption class=\"wp-element-caption\"><em>de grot Santa Cueva<\/em><\/figcaption><\/figure>\n<\/div>\n<\/div>\n\n\n\n<div class=\"wp-block-columns is-layout-flex wp-container-core-columns-is-layout-9d6595d7 wp-block-columns-is-layout-flex\">\n<div class=\"wp-block-column is-layout-flow wp-block-column-is-layout-flow\" style=\"flex-basis:33.33%\"><\/div>\n\n\n\n<div class=\"wp-block-column is-layout-flow wp-block-column-is-layout-flow\" style=\"flex-basis:66.66%\">\n<p>Terug in Cangas de Onis nemen we de N-625 richting Ria\u00f1o. Na Vega de Pervis stuiten we echter op een omleiding. De N-625 is gestremd. We worden omgeleid via het AS-261. Deze volgt het dal van de Ponga, een schitterende route, zo onder in de diepe kloof van het riviertje, tussen kaarsrechte granieten wanden.&nbsp;<\/p>\n<\/div>\n<\/div>\n\n\n\n<div class=\"wp-block-columns is-layout-flex wp-container-core-columns-is-layout-9d6595d7 wp-block-columns-is-layout-flex\">\n<div class=\"wp-block-column is-layout-flow wp-block-column-is-layout-flow\">\n<figure class=\"wp-block-image size-full\"><a href=\"https:\/\/tedenloesopreis.nl\/wp-content\/uploads\/2023\/12\/IMG_1164-1024x768-1.jpg\" target=\"_blank\" rel=\"noreferrer noopener\"><img loading=\"lazy\" decoding=\"async\" width=\"1024\" height=\"768\" src=\"https:\/\/tedenloesopreis.nl\/wp-content\/uploads\/2023\/12\/IMG_1164-1024x768-1.jpg\" alt=\"\" class=\"wp-image-9565\" srcset=\"https:\/\/tedenloesopreis.nl\/wp-content\/uploads\/2023\/12\/IMG_1164-1024x768-1.jpg 1024w, https:\/\/tedenloesopreis.nl\/wp-content\/uploads\/2023\/12\/IMG_1164-1024x768-1-300x225.jpg 300w, https:\/\/tedenloesopreis.nl\/wp-content\/uploads\/2023\/12\/IMG_1164-1024x768-1-768x576.jpg 768w\" sizes=\"auto, (max-width: 1024px) 100vw, 1024px\" \/><\/a><figcaption class=\"wp-element-caption\"><em>het dal van de Ponga<\/em><\/figcaption><\/figure>\n<\/div>\n\n\n\n<div class=\"wp-block-column is-layout-flow wp-block-column-is-layout-flow\">\n<figure class=\"wp-block-image size-full\"><a href=\"https:\/\/tedenloesopreis.nl\/wp-content\/uploads\/2023\/12\/IMG_1165-1024x768-1.jpg\" target=\"_blank\" rel=\"noreferrer noopener\"><img loading=\"lazy\" decoding=\"async\" width=\"1024\" height=\"768\" src=\"https:\/\/tedenloesopreis.nl\/wp-content\/uploads\/2023\/12\/IMG_1165-1024x768-1.jpg\" alt=\"\" class=\"wp-image-9566\" srcset=\"https:\/\/tedenloesopreis.nl\/wp-content\/uploads\/2023\/12\/IMG_1165-1024x768-1.jpg 1024w, https:\/\/tedenloesopreis.nl\/wp-content\/uploads\/2023\/12\/IMG_1165-1024x768-1-300x225.jpg 300w, https:\/\/tedenloesopreis.nl\/wp-content\/uploads\/2023\/12\/IMG_1165-1024x768-1-768x576.jpg 768w\" sizes=\"auto, (max-width: 1024px) 100vw, 1024px\" \/><\/a><figcaption class=\"wp-element-caption\"><em>het dal van de Ponga<\/em><\/figcaption><\/figure>\n<\/div>\n\n\n\n<div class=\"wp-block-column is-layout-flow wp-block-column-is-layout-flow\">\n<figure class=\"wp-block-image size-full\"><a href=\"https:\/\/tedenloesopreis.nl\/wp-content\/uploads\/2023\/12\/IMG_1169-1024x768-1.jpg\" target=\"_blank\" rel=\"noreferrer noopener\"><img loading=\"lazy\" decoding=\"async\" width=\"1024\" height=\"768\" src=\"https:\/\/tedenloesopreis.nl\/wp-content\/uploads\/2023\/12\/IMG_1169-1024x768-1.jpg\" alt=\"\" class=\"wp-image-9567\" srcset=\"https:\/\/tedenloesopreis.nl\/wp-content\/uploads\/2023\/12\/IMG_1169-1024x768-1.jpg 1024w, https:\/\/tedenloesopreis.nl\/wp-content\/uploads\/2023\/12\/IMG_1169-1024x768-1-300x225.jpg 300w, https:\/\/tedenloesopreis.nl\/wp-content\/uploads\/2023\/12\/IMG_1169-1024x768-1-768x576.jpg 768w\" sizes=\"auto, (max-width: 1024px) 100vw, 1024px\" \/><\/a><figcaption class=\"wp-element-caption\"><em>het dal van de Ponga<\/em><\/figcaption><\/figure>\n<\/div>\n<\/div>\n\n\n\n<div class=\"wp-block-columns is-layout-flex wp-container-core-columns-is-layout-9d6595d7 wp-block-columns-is-layout-flex\">\n<div class=\"wp-block-column is-layout-flow wp-block-column-is-layout-flow\" style=\"flex-basis:33.33%\"><\/div>\n\n\n\n<div class=\"wp-block-column is-layout-flow wp-block-column-is-layout-flow\" style=\"flex-basis:66.66%\">\n<p>Bij San Juan de Bele\u00f1o worden we de PO-2 opgestuurd. De borden \u201cverboden voor voertuigen zwaarder dan 4 ton\u201d (de buzz is 3,5 ton) zeggen al genoeg. De weg klimt stevig, en is op sommige stukken z\u00f3 smal, dat zelfs tegenliggende motoren alleen met moeite voorbij kunnen. Daar komt nog eens bij, dat we op de top van de PO-2 dik in de wolken zitten, en dat er ook nog eens rekening moet worden gehouden met loslopende koeien. Het is dan ook een hele opluchting als we weer op de N-625 komen.<\/p>\n<\/div>\n<\/div>\n\n\n\n<div class=\"wp-block-columns is-layout-flex wp-container-core-columns-is-layout-9d6595d7 wp-block-columns-is-layout-flex\">\n<div class=\"wp-block-column is-layout-flow wp-block-column-is-layout-flow\">\n<figure class=\"wp-block-image size-full\"><a href=\"https:\/\/tedenloesopreis.nl\/wp-content\/uploads\/2023\/12\/IMG_1174-1024x768-1.jpg\" target=\"_blank\" rel=\"noreferrer noopener\"><img loading=\"lazy\" decoding=\"async\" width=\"1024\" height=\"768\" src=\"https:\/\/tedenloesopreis.nl\/wp-content\/uploads\/2023\/12\/IMG_1174-1024x768-1.jpg\" alt=\"\" class=\"wp-image-9568\" srcset=\"https:\/\/tedenloesopreis.nl\/wp-content\/uploads\/2023\/12\/IMG_1174-1024x768-1.jpg 1024w, https:\/\/tedenloesopreis.nl\/wp-content\/uploads\/2023\/12\/IMG_1174-1024x768-1-300x225.jpg 300w, https:\/\/tedenloesopreis.nl\/wp-content\/uploads\/2023\/12\/IMG_1174-1024x768-1-768x576.jpg 768w\" sizes=\"auto, (max-width: 1024px) 100vw, 1024px\" \/><\/a><figcaption class=\"wp-element-caption\"><em>op de PO-2<\/em><\/figcaption><\/figure>\n<\/div>\n\n\n\n<div class=\"wp-block-column is-layout-flow wp-block-column-is-layout-flow\">\n<figure class=\"wp-block-image size-full\"><a href=\"https:\/\/tedenloesopreis.nl\/wp-content\/uploads\/2023\/12\/IMG_1176-1024x768-1.jpg\" target=\"_blank\" rel=\"noreferrer noopener\"><img loading=\"lazy\" decoding=\"async\" width=\"1024\" height=\"768\" src=\"https:\/\/tedenloesopreis.nl\/wp-content\/uploads\/2023\/12\/IMG_1176-1024x768-1.jpg\" alt=\"\" class=\"wp-image-9569\" srcset=\"https:\/\/tedenloesopreis.nl\/wp-content\/uploads\/2023\/12\/IMG_1176-1024x768-1.jpg 1024w, https:\/\/tedenloesopreis.nl\/wp-content\/uploads\/2023\/12\/IMG_1176-1024x768-1-300x225.jpg 300w, https:\/\/tedenloesopreis.nl\/wp-content\/uploads\/2023\/12\/IMG_1176-1024x768-1-768x576.jpg 768w\" sizes=\"auto, (max-width: 1024px) 100vw, 1024px\" \/><\/a><figcaption class=\"wp-element-caption\"><em>op de PO-2<\/em><\/figcaption><\/figure>\n<\/div>\n\n\n\n<div class=\"wp-block-column is-layout-flow wp-block-column-is-layout-flow\">\n<figure class=\"wp-block-image size-full\"><a href=\"https:\/\/tedenloesopreis.nl\/wp-content\/uploads\/2023\/12\/IMG_1175-1024x768-1.jpg\" target=\"_blank\" rel=\"noreferrer noopener\"><img loading=\"lazy\" decoding=\"async\" width=\"1024\" height=\"768\" src=\"https:\/\/tedenloesopreis.nl\/wp-content\/uploads\/2023\/12\/IMG_1175-1024x768-1.jpg\" alt=\"\" class=\"wp-image-9570\" srcset=\"https:\/\/tedenloesopreis.nl\/wp-content\/uploads\/2023\/12\/IMG_1175-1024x768-1.jpg 1024w, https:\/\/tedenloesopreis.nl\/wp-content\/uploads\/2023\/12\/IMG_1175-1024x768-1-300x225.jpg 300w, https:\/\/tedenloesopreis.nl\/wp-content\/uploads\/2023\/12\/IMG_1175-1024x768-1-768x576.jpg 768w\" sizes=\"auto, (max-width: 1024px) 100vw, 1024px\" \/><\/a><figcaption class=\"wp-element-caption\"><em>op de PO-2<\/em><\/figcaption><\/figure>\n<\/div>\n<\/div>\n\n\n\n<div class=\"wp-block-columns is-layout-flex wp-container-core-columns-is-layout-9d6595d7 wp-block-columns-is-layout-flex\">\n<div class=\"wp-block-column is-layout-flow wp-block-column-is-layout-flow\" style=\"flex-basis:33.33%\"><\/div>\n\n\n\n<div class=\"wp-block-column is-layout-flow wp-block-column-is-layout-flow\" style=\"flex-basis:66.66%\">\n<p>Volgens plan zullen we een stukje na Oseja de Sajambre een zijweg door het Valdeon-dal nemen. We aarzelen even, maar we hebben het toch maar gedaan. Bij mooi weer is dit een van de mooiste stukken van de Picos, want bij Poseda de Valdeon kom je bijna aan de voet van een paar stevige tweeduizenders. Helaas, die toppen zitten vandaag dik in de wolken. Toch is deze route de moeite waard, want eenmaal over de col (de Puerto de Pandetrave) rijden we door een groen deel van de Picos richting Portilla de la Reina. Daar nemen we de N-621 naar Potes.<\/p>\n<\/div>\n<\/div>\n\n\n\n<div class=\"wp-block-columns is-layout-flex wp-container-core-columns-is-layout-9d6595d7 wp-block-columns-is-layout-flex\">\n<div class=\"wp-block-column is-layout-flow wp-block-column-is-layout-flow\">\n<figure class=\"wp-block-image size-full\"><a href=\"https:\/\/tedenloesopreis.nl\/wp-content\/uploads\/2023\/12\/IMG_1188-1024x768-1.jpg\" target=\"_blank\" rel=\"noreferrer noopener\"><img loading=\"lazy\" decoding=\"async\" width=\"1024\" height=\"768\" src=\"https:\/\/tedenloesopreis.nl\/wp-content\/uploads\/2023\/12\/IMG_1188-1024x768-1.jpg\" alt=\"\" class=\"wp-image-9571\" srcset=\"https:\/\/tedenloesopreis.nl\/wp-content\/uploads\/2023\/12\/IMG_1188-1024x768-1.jpg 1024w, https:\/\/tedenloesopreis.nl\/wp-content\/uploads\/2023\/12\/IMG_1188-1024x768-1-300x225.jpg 300w, https:\/\/tedenloesopreis.nl\/wp-content\/uploads\/2023\/12\/IMG_1188-1024x768-1-768x576.jpg 768w\" sizes=\"auto, (max-width: 1024px) 100vw, 1024px\" \/><\/a><figcaption class=\"wp-element-caption\"><em>onderweg naar Poseda de Valdeon<\/em><\/figcaption><\/figure>\n<\/div>\n\n\n\n<div class=\"wp-block-column is-layout-flow wp-block-column-is-layout-flow\">\n<figure class=\"wp-block-image size-full\"><a href=\"https:\/\/tedenloesopreis.nl\/wp-content\/uploads\/2023\/12\/IMG_1192-1024x768-1.jpg\" target=\"_blank\" rel=\"noreferrer noopener\"><img loading=\"lazy\" decoding=\"async\" width=\"1024\" height=\"768\" src=\"https:\/\/tedenloesopreis.nl\/wp-content\/uploads\/2023\/12\/IMG_1192-1024x768-1.jpg\" alt=\"\" class=\"wp-image-9572\" srcset=\"https:\/\/tedenloesopreis.nl\/wp-content\/uploads\/2023\/12\/IMG_1192-1024x768-1.jpg 1024w, https:\/\/tedenloesopreis.nl\/wp-content\/uploads\/2023\/12\/IMG_1192-1024x768-1-300x225.jpg 300w, https:\/\/tedenloesopreis.nl\/wp-content\/uploads\/2023\/12\/IMG_1192-1024x768-1-768x576.jpg 768w\" sizes=\"auto, (max-width: 1024px) 100vw, 1024px\" \/><\/a><figcaption class=\"wp-element-caption\"><em>de toppen liggen in de wolken<\/em><\/figcaption><\/figure>\n<\/div>\n\n\n\n<div class=\"wp-block-column is-layout-flow wp-block-column-is-layout-flow\">\n<figure class=\"wp-block-image size-full\"><a href=\"https:\/\/tedenloesopreis.nl\/wp-content\/uploads\/2023\/12\/IMG_1194-1024x768-1.jpg\" target=\"_blank\" rel=\"noreferrer noopener\"><img loading=\"lazy\" decoding=\"async\" width=\"1024\" height=\"768\" src=\"https:\/\/tedenloesopreis.nl\/wp-content\/uploads\/2023\/12\/IMG_1194-1024x768-1.jpg\" alt=\"\" class=\"wp-image-9573\" srcset=\"https:\/\/tedenloesopreis.nl\/wp-content\/uploads\/2023\/12\/IMG_1194-1024x768-1.jpg 1024w, https:\/\/tedenloesopreis.nl\/wp-content\/uploads\/2023\/12\/IMG_1194-1024x768-1-300x225.jpg 300w, https:\/\/tedenloesopreis.nl\/wp-content\/uploads\/2023\/12\/IMG_1194-1024x768-1-768x576.jpg 768w\" sizes=\"auto, (max-width: 1024px) 100vw, 1024px\" \/><\/a><figcaption class=\"wp-element-caption\"><em>onderweg naar Portilla de la Reina<\/em><\/figcaption><\/figure>\n<\/div>\n<\/div>\n\n\n\n<div class=\"wp-block-columns is-layout-flex wp-container-core-columns-is-layout-9d6595d7 wp-block-columns-is-layout-flex\">\n<div class=\"wp-block-column is-layout-flow wp-block-column-is-layout-flow\">\n<figure class=\"wp-block-image size-full\"><a href=\"https:\/\/tedenloesopreis.nl\/wp-content\/uploads\/2023\/12\/IMG_1199-1024x768-1.jpg\" target=\"_blank\" rel=\"noreferrer noopener\"><img loading=\"lazy\" decoding=\"async\" width=\"1024\" height=\"768\" src=\"https:\/\/tedenloesopreis.nl\/wp-content\/uploads\/2023\/12\/IMG_1199-1024x768-1.jpg\" alt=\"\" class=\"wp-image-9574\" srcset=\"https:\/\/tedenloesopreis.nl\/wp-content\/uploads\/2023\/12\/IMG_1199-1024x768-1.jpg 1024w, https:\/\/tedenloesopreis.nl\/wp-content\/uploads\/2023\/12\/IMG_1199-1024x768-1-300x225.jpg 300w, https:\/\/tedenloesopreis.nl\/wp-content\/uploads\/2023\/12\/IMG_1199-1024x768-1-768x576.jpg 768w\" sizes=\"auto, (max-width: 1024px) 100vw, 1024px\" \/><\/a><figcaption class=\"wp-element-caption\"><em>onderweg naar Portilla de la Reina<\/em><\/figcaption><\/figure>\n<\/div>\n\n\n\n<div class=\"wp-block-column is-layout-flow wp-block-column-is-layout-flow\">\n<figure class=\"wp-block-image size-full\"><a href=\"https:\/\/tedenloesopreis.nl\/wp-content\/uploads\/2023\/12\/IMG_1200-1024x768-1.jpg\" target=\"_blank\" rel=\"noreferrer noopener\"><img loading=\"lazy\" decoding=\"async\" width=\"1024\" height=\"768\" src=\"https:\/\/tedenloesopreis.nl\/wp-content\/uploads\/2023\/12\/IMG_1200-1024x768-1.jpg\" alt=\"\" class=\"wp-image-9575\" srcset=\"https:\/\/tedenloesopreis.nl\/wp-content\/uploads\/2023\/12\/IMG_1200-1024x768-1.jpg 1024w, https:\/\/tedenloesopreis.nl\/wp-content\/uploads\/2023\/12\/IMG_1200-1024x768-1-300x225.jpg 300w, https:\/\/tedenloesopreis.nl\/wp-content\/uploads\/2023\/12\/IMG_1200-1024x768-1-768x576.jpg 768w\" sizes=\"auto, (max-width: 1024px) 100vw, 1024px\" \/><\/a><figcaption class=\"wp-element-caption\"><em>onderweg naar Portilla de la Reina<\/em><\/figcaption><\/figure>\n<\/div>\n\n\n\n<div class=\"wp-block-column is-layout-flow wp-block-column-is-layout-flow\">\n<figure class=\"wp-block-image size-full\"><a href=\"https:\/\/tedenloesopreis.nl\/wp-content\/uploads\/2023\/12\/IMG_1201-1024x768-1.jpg\" target=\"_blank\" rel=\"noreferrer noopener\"><img loading=\"lazy\" decoding=\"async\" width=\"1024\" height=\"768\" src=\"https:\/\/tedenloesopreis.nl\/wp-content\/uploads\/2023\/12\/IMG_1201-1024x768-1.jpg\" alt=\"\" class=\"wp-image-9576\" srcset=\"https:\/\/tedenloesopreis.nl\/wp-content\/uploads\/2023\/12\/IMG_1201-1024x768-1.jpg 1024w, https:\/\/tedenloesopreis.nl\/wp-content\/uploads\/2023\/12\/IMG_1201-1024x768-1-300x225.jpg 300w, https:\/\/tedenloesopreis.nl\/wp-content\/uploads\/2023\/12\/IMG_1201-1024x768-1-768x576.jpg 768w\" sizes=\"auto, (max-width: 1024px) 100vw, 1024px\" \/><\/a><figcaption class=\"wp-element-caption\"><em>Portilla de la Reina<\/em><\/figcaption><\/figure>\n<\/div>\n<\/div>\n\n\n\n<div class=\"wp-block-columns is-layout-flex wp-container-core-columns-is-layout-9d6595d7 wp-block-columns-is-layout-flex\">\n<div class=\"wp-block-column is-layout-flow wp-block-column-is-layout-flow\" style=\"flex-basis:33.33%\"><\/div>\n\n\n\n<div class=\"wp-block-column is-layout-flow wp-block-column-is-layout-flow\" style=\"flex-basis:66.66%\">\n<p>Ook op de N-621 moeten we over een col (de Puerto de San Glorio). Bijna het hele stuk van deze col naar Potes zitten we in de wolken die vanuit het noordoosten komen aanzetten, en maar niet over de Picos kunnen komen.<\/p>\n<\/div>\n<\/div>\n\n\n\n<div class=\"wp-block-columns is-layout-flex wp-container-core-columns-is-layout-9d6595d7 wp-block-columns-is-layout-flex\">\n<div class=\"wp-block-column is-layout-flow wp-block-column-is-layout-flow\"><\/div>\n\n\n\n<div class=\"wp-block-column is-layout-flow wp-block-column-is-layout-flow\">\n<figure class=\"wp-block-image size-full\"><a href=\"https:\/\/tedenloesopreis.nl\/wp-content\/uploads\/2023\/12\/IMG_1203-1024x768-1.jpg\" target=\"_blank\" rel=\"noreferrer noopener\"><img loading=\"lazy\" decoding=\"async\" width=\"1024\" height=\"768\" src=\"https:\/\/tedenloesopreis.nl\/wp-content\/uploads\/2023\/12\/IMG_1203-1024x768-1.jpg\" alt=\"\" class=\"wp-image-9577\" srcset=\"https:\/\/tedenloesopreis.nl\/wp-content\/uploads\/2023\/12\/IMG_1203-1024x768-1.jpg 1024w, https:\/\/tedenloesopreis.nl\/wp-content\/uploads\/2023\/12\/IMG_1203-1024x768-1-300x225.jpg 300w, https:\/\/tedenloesopreis.nl\/wp-content\/uploads\/2023\/12\/IMG_1203-1024x768-1-768x576.jpg 768w\" sizes=\"auto, (max-width: 1024px) 100vw, 1024px\" \/><\/a><figcaption class=\"wp-element-caption\"><em>richting Potes<\/em><\/figcaption><\/figure>\n<\/div>\n\n\n\n<div class=\"wp-block-column is-layout-flow wp-block-column-is-layout-flow\">\n<figure class=\"wp-block-image size-full\"><a href=\"https:\/\/tedenloesopreis.nl\/wp-content\/uploads\/2023\/12\/IMG_1207-1024x768-1.jpg\" target=\"_blank\" rel=\"noreferrer noopener\"><img loading=\"lazy\" decoding=\"async\" width=\"1024\" height=\"768\" src=\"https:\/\/tedenloesopreis.nl\/wp-content\/uploads\/2023\/12\/IMG_1207-1024x768-1.jpg\" alt=\"\" class=\"wp-image-9578\" srcset=\"https:\/\/tedenloesopreis.nl\/wp-content\/uploads\/2023\/12\/IMG_1207-1024x768-1.jpg 1024w, https:\/\/tedenloesopreis.nl\/wp-content\/uploads\/2023\/12\/IMG_1207-1024x768-1-300x225.jpg 300w, https:\/\/tedenloesopreis.nl\/wp-content\/uploads\/2023\/12\/IMG_1207-1024x768-1-768x576.jpg 768w\" sizes=\"auto, (max-width: 1024px) 100vw, 1024px\" \/><\/a><figcaption class=\"wp-element-caption\"><em>vlak voor Potes klaart het op<\/em><\/figcaption><\/figure>\n<\/div>\n<\/div>\n\n\n\n<div class=\"wp-block-columns is-layout-flex wp-container-core-columns-is-layout-9d6595d7 wp-block-columns-is-layout-flex\">\n<div class=\"wp-block-column is-layout-flow wp-block-column-is-layout-flow\" style=\"flex-basis:33.33%\"><\/div>\n\n\n\n<div class=\"wp-block-column is-layout-flow wp-block-column-is-layout-flow\" style=\"flex-basis:66.66%\">\n<p>Het oorspronkelijke plan wil, dat we niet direct naar de camping gaan, maar eerst nog vanuit Potes naar Fuente D\u00e9 rijden. Dat is het hoogste punt dat je in de Picos met de auto kunt bereiken. In verband met het weer stellen we die rit maar uit.<\/p>\n<\/div>\n<\/div>\n\n\n\n<div style=\"height:35px\" aria-hidden=\"true\" class=\"wp-block-spacer\"><\/div>\n\n\n\n<div class=\"wp-block-columns is-layout-flex wp-container-core-columns-is-layout-9d6595d7 wp-block-columns-is-layout-flex\">\n<div class=\"wp-block-column is-layout-flow wp-block-column-is-layout-flow\">\n<p class=\"has-orange-background-color has-background\" id=\"dag49\"><\/p>\n<\/div>\n<\/div>\n\n\n\n<div class=\"wp-block-columns is-layout-flex wp-container-core-columns-is-layout-9d6595d7 wp-block-columns-is-layout-flex\">\n<div class=\"wp-block-column is-layout-flow wp-block-column-is-layout-flow\" style=\"flex-basis:33.33%\">\n<p><a href=\"#titel\">top<\/a><\/p>\n<\/div>\n\n\n\n<div class=\"wp-block-column is-layout-flow wp-block-column-is-layout-flow\" style=\"flex-basis:66.66%\">\n<p><strong>EVEN GEEN KILOMETERS<\/strong><br>dag 49 &nbsp; &nbsp; &nbsp;vr 21 juni 2019<br>Potes&nbsp; &nbsp; &nbsp; &nbsp;0&nbsp;km<\/p>\n<\/div>\n<\/div>\n\n\n\n<div style=\"height:20px\" aria-hidden=\"true\" class=\"wp-block-spacer\"><\/div>\n\n\n\n<div class=\"wp-block-columns is-layout-flex wp-container-core-columns-is-layout-9d6595d7 wp-block-columns-is-layout-flex\">\n<div class=\"wp-block-column is-layout-flow wp-block-column-is-layout-flow\" style=\"flex-basis:33.33%\"><\/div>\n\n\n\n<div class=\"wp-block-column is-layout-flow wp-block-column-is-layout-flow\" style=\"flex-basis:66.66%\">\n<p>We hebben de afgelopen vier dagen behoorlijk wat kilometers gemaakt. Daarom doen we vandaag lekker helemaal niets.&nbsp;<\/p>\n\n\n\n<p>Volgens het plan blijven we hier nog twee dagen, maar de camping valt ons een beetje tegen, dus morgen trekken we weer verder.<\/p>\n<\/div>\n<\/div>\n\n\n\n<div class=\"wp-block-columns is-layout-flex wp-container-core-columns-is-layout-9d6595d7 wp-block-columns-is-layout-flex\">\n<div class=\"wp-block-column is-layout-flow wp-block-column-is-layout-flow\"><\/div>\n\n\n\n<div class=\"wp-block-column is-layout-flow wp-block-column-is-layout-flow\">\n<figure class=\"wp-block-image size-full\"><a href=\"https:\/\/tedenloesopreis.nl\/wp-content\/uploads\/2023\/12\/IMG_1208-1024x768-1.jpg\" target=\"_blank\" rel=\"noreferrer noopener\"><img loading=\"lazy\" decoding=\"async\" width=\"1024\" height=\"768\" src=\"https:\/\/tedenloesopreis.nl\/wp-content\/uploads\/2023\/12\/IMG_1208-1024x768-1.jpg\" alt=\"\" class=\"wp-image-9580\" srcset=\"https:\/\/tedenloesopreis.nl\/wp-content\/uploads\/2023\/12\/IMG_1208-1024x768-1.jpg 1024w, https:\/\/tedenloesopreis.nl\/wp-content\/uploads\/2023\/12\/IMG_1208-1024x768-1-300x225.jpg 300w, https:\/\/tedenloesopreis.nl\/wp-content\/uploads\/2023\/12\/IMG_1208-1024x768-1-768x576.jpg 768w\" sizes=\"auto, (max-width: 1024px) 100vw, 1024px\" \/><\/a><figcaption class=\"wp-element-caption\"><em>op de camping in Potes<\/em><\/figcaption><\/figure>\n<\/div>\n\n\n\n<div class=\"wp-block-column is-layout-flow wp-block-column-is-layout-flow\">\n<figure class=\"wp-block-image size-full\"><a href=\"https:\/\/tedenloesopreis.nl\/wp-content\/uploads\/2023\/12\/IMG_1209-1024x768-1.jpg\" target=\"_blank\" rel=\"noreferrer noopener\"><img loading=\"lazy\" decoding=\"async\" width=\"1024\" height=\"768\" src=\"https:\/\/tedenloesopreis.nl\/wp-content\/uploads\/2023\/12\/IMG_1209-1024x768-1.jpg\" alt=\"\" class=\"wp-image-9581\" srcset=\"https:\/\/tedenloesopreis.nl\/wp-content\/uploads\/2023\/12\/IMG_1209-1024x768-1.jpg 1024w, https:\/\/tedenloesopreis.nl\/wp-content\/uploads\/2023\/12\/IMG_1209-1024x768-1-300x225.jpg 300w, https:\/\/tedenloesopreis.nl\/wp-content\/uploads\/2023\/12\/IMG_1209-1024x768-1-768x576.jpg 768w\" sizes=\"auto, (max-width: 1024px) 100vw, 1024px\" \/><\/a><figcaption class=\"wp-element-caption\"><em>uitzicht vanaf de camping in Potes<\/em><\/figcaption><\/figure>\n<\/div>\n<\/div>\n\n\n\n<div style=\"height:35px\" aria-hidden=\"true\" class=\"wp-block-spacer\"><\/div>\n\n\n\n<div class=\"wp-block-columns is-layout-flex wp-container-core-columns-is-layout-9d6595d7 wp-block-columns-is-layout-flex\">\n<div class=\"wp-block-column is-layout-flow wp-block-column-is-layout-flow\">\n<p class=\"has-orange-background-color has-background\" id=\"dag50\"><\/p>\n<\/div>\n<\/div>\n\n\n\n<div class=\"wp-block-columns is-layout-flex wp-container-core-columns-is-layout-9d6595d7 wp-block-columns-is-layout-flex\">\n<div class=\"wp-block-column is-layout-flow wp-block-column-is-layout-flow\" style=\"flex-basis:33.33%\">\n<p><a href=\"#titel\">top<\/a><\/p>\n<\/div>\n\n\n\n<div class=\"wp-block-column is-layout-flow wp-block-column-is-layout-flow\" style=\"flex-basis:66.66%\">\n<p><strong>NAAR DE CANTABRISCHE KUST<\/strong><br>dag 50 &nbsp; &nbsp;&nbsp; za 22 juni 2019<br><a href=\"https:\/\/www.google.com\/maps\/d\/edit?mid=1Omf8TLWP3e0PaYLbX9UHLmsl0FK8kuj_&amp;ll=43.26311414373028%2C-4.548126479668677&amp;z=11\" target=\"_blank\" rel=\"noreferrer noopener\">Potes \u2013 San Vicente de la Barquera<\/a><\/p>\n<\/div>\n<\/div>\n\n\n\n<div style=\"height:20px\" aria-hidden=\"true\" class=\"wp-block-spacer\"><\/div>\n\n\n\n<div class=\"wp-block-columns is-layout-flex wp-container-core-columns-is-layout-9d6595d7 wp-block-columns-is-layout-flex\">\n<div class=\"wp-block-column is-layout-flow wp-block-column-is-layout-flow\" style=\"flex-basis:33.33%\"><\/div>\n\n\n\n<div class=\"wp-block-column is-layout-flow wp-block-column-is-layout-flow\" style=\"flex-basis:66.66%\">\n<p>Na een rit van 119 km staan we op&nbsp;<a href=\"https:\/\/www.campercontact.com\/nl\/spanje\/cantabrie\/san-vicente-de-la-barquera\/55482\/camping-oyambre\" target=\"_blank\" rel=\"noreferrer noopener\">Camping Oyambre<\/a>, iets oostelijk van San Vicente de la Barquera.&nbsp;<\/p>\n\n\n\n<p>We zijn vanochtend eerst naar Fuente D\u00e9 gegaan. Dat is een flink komvormig dal, waar de weg ophoudt en een nagenoeg loodrechte helling van 750 meter begint. Het is er hartstikke druk. De rij voor de kabelbaan naar de top (750 meter hoger) zou, qua wachttijd, ook voor de Python op de Efteling hebben kunnen staan. Een mooie bergwereld, maar wel heel erg toeristisch. We zijn er dan ook niet blijven hangen.<\/p>\n<\/div>\n<\/div>\n\n\n\n<div class=\"wp-block-columns is-layout-flex wp-container-core-columns-is-layout-9d6595d7 wp-block-columns-is-layout-flex\">\n<div class=\"wp-block-column is-layout-flow wp-block-column-is-layout-flow\">\n<figure class=\"wp-block-image size-full\"><a href=\"https:\/\/tedenloesopreis.nl\/wp-content\/uploads\/2023\/12\/IMG_1210-1024x768-1.jpg\" target=\"_blank\" rel=\"noreferrer noopener\"><img loading=\"lazy\" decoding=\"async\" width=\"1024\" height=\"768\" src=\"https:\/\/tedenloesopreis.nl\/wp-content\/uploads\/2023\/12\/IMG_1210-1024x768-1.jpg\" alt=\"\" class=\"wp-image-9582\" srcset=\"https:\/\/tedenloesopreis.nl\/wp-content\/uploads\/2023\/12\/IMG_1210-1024x768-1.jpg 1024w, https:\/\/tedenloesopreis.nl\/wp-content\/uploads\/2023\/12\/IMG_1210-1024x768-1-300x225.jpg 300w, https:\/\/tedenloesopreis.nl\/wp-content\/uploads\/2023\/12\/IMG_1210-1024x768-1-768x576.jpg 768w\" sizes=\"auto, (max-width: 1024px) 100vw, 1024px\" \/><\/a><figcaption class=\"wp-element-caption\"><em>onderweg naar Fuente D\u00e9<\/em><\/figcaption><\/figure>\n<\/div>\n\n\n\n<div class=\"wp-block-column is-layout-flow wp-block-column-is-layout-flow\">\n<figure class=\"wp-block-image size-full\"><a href=\"https:\/\/tedenloesopreis.nl\/wp-content\/uploads\/2023\/12\/IMG_1213-1024x768-1.jpg\" target=\"_blank\" rel=\"noreferrer noopener\"><img loading=\"lazy\" decoding=\"async\" width=\"1024\" height=\"768\" src=\"https:\/\/tedenloesopreis.nl\/wp-content\/uploads\/2023\/12\/IMG_1213-1024x768-1.jpg\" alt=\"\" class=\"wp-image-9583\" srcset=\"https:\/\/tedenloesopreis.nl\/wp-content\/uploads\/2023\/12\/IMG_1213-1024x768-1.jpg 1024w, https:\/\/tedenloesopreis.nl\/wp-content\/uploads\/2023\/12\/IMG_1213-1024x768-1-300x225.jpg 300w, https:\/\/tedenloesopreis.nl\/wp-content\/uploads\/2023\/12\/IMG_1213-1024x768-1-768x576.jpg 768w\" sizes=\"auto, (max-width: 1024px) 100vw, 1024px\" \/><\/a><figcaption class=\"wp-element-caption\"><em>onderweg naar Fuente D\u00e9<\/em><\/figcaption><\/figure>\n<\/div>\n\n\n\n<div class=\"wp-block-column is-layout-flow wp-block-column-is-layout-flow\">\n<figure class=\"wp-block-image size-full\"><a href=\"https:\/\/tedenloesopreis.nl\/wp-content\/uploads\/2023\/12\/IMG_1216-1024x768-1.jpg\" target=\"_blank\" rel=\"noreferrer noopener\"><img loading=\"lazy\" decoding=\"async\" width=\"1024\" height=\"768\" src=\"https:\/\/tedenloesopreis.nl\/wp-content\/uploads\/2023\/12\/IMG_1216-1024x768-1.jpg\" alt=\"\" class=\"wp-image-9584\" srcset=\"https:\/\/tedenloesopreis.nl\/wp-content\/uploads\/2023\/12\/IMG_1216-1024x768-1.jpg 1024w, https:\/\/tedenloesopreis.nl\/wp-content\/uploads\/2023\/12\/IMG_1216-1024x768-1-300x225.jpg 300w, https:\/\/tedenloesopreis.nl\/wp-content\/uploads\/2023\/12\/IMG_1216-1024x768-1-768x576.jpg 768w\" sizes=\"auto, (max-width: 1024px) 100vw, 1024px\" \/><\/a><figcaption class=\"wp-element-caption\"><em>Fuente D\u00e9<\/em><\/figcaption><\/figure>\n<\/div>\n<\/div>\n\n\n\n<div class=\"wp-block-columns is-layout-flex wp-container-core-columns-is-layout-9d6595d7 wp-block-columns-is-layout-flex\">\n<div class=\"wp-block-column is-layout-flow wp-block-column-is-layout-flow\" style=\"flex-basis:33.33%\"><\/div>\n\n\n\n<div class=\"wp-block-column is-layout-flow wp-block-column-is-layout-flow\" style=\"flex-basis:66.66%\">\n<p id=\"hermida\">Eenmaal terug in Potes zoeken we de N-621 weer op. Al snel na Potes duikt deze de Desfiladero (kloof) de la Hermida in. Deze is door de Rio Deva uitgeslepen in het kalksteen van de Picos. Op sommige plaatsen zijn de wanden wel 600 meter hoog.<\/p>\n<\/div>\n<\/div>\n\n\n\n<div class=\"wp-block-columns is-layout-flex wp-container-core-columns-is-layout-9d6595d7 wp-block-columns-is-layout-flex\">\n<div class=\"wp-block-column is-layout-flow wp-block-column-is-layout-flow\"><\/div>\n\n\n\n<div class=\"wp-block-column is-layout-flow wp-block-column-is-layout-flow\">\n<figure class=\"wp-block-image size-full\"><a href=\"https:\/\/tedenloesopreis.nl\/wp-content\/uploads\/2023\/12\/IMG_1246-1024x768-1.jpg\" target=\"_blank\" rel=\"noreferrer noopener\"><img loading=\"lazy\" decoding=\"async\" width=\"1024\" height=\"768\" src=\"https:\/\/tedenloesopreis.nl\/wp-content\/uploads\/2023\/12\/IMG_1246-1024x768-1.jpg\" alt=\"\" class=\"wp-image-9585\" srcset=\"https:\/\/tedenloesopreis.nl\/wp-content\/uploads\/2023\/12\/IMG_1246-1024x768-1.jpg 1024w, https:\/\/tedenloesopreis.nl\/wp-content\/uploads\/2023\/12\/IMG_1246-1024x768-1-300x225.jpg 300w, https:\/\/tedenloesopreis.nl\/wp-content\/uploads\/2023\/12\/IMG_1246-1024x768-1-768x576.jpg 768w\" sizes=\"auto, (max-width: 1024px) 100vw, 1024px\" \/><\/a><figcaption class=\"wp-element-caption\"><em>Desfiladero de la Hermida<\/em><\/figcaption><\/figure>\n<\/div>\n\n\n\n<div class=\"wp-block-column is-layout-flow wp-block-column-is-layout-flow\">\n<figure class=\"wp-block-image size-full\"><a href=\"https:\/\/tedenloesopreis.nl\/wp-content\/uploads\/2023\/12\/IMG_1253-768x1024-1.jpg\" target=\"_blank\" rel=\"noreferrer noopener\"><img loading=\"lazy\" decoding=\"async\" width=\"768\" height=\"1024\" src=\"https:\/\/tedenloesopreis.nl\/wp-content\/uploads\/2023\/12\/IMG_1253-768x1024-1.jpg\" alt=\"\" class=\"wp-image-9586\" srcset=\"https:\/\/tedenloesopreis.nl\/wp-content\/uploads\/2023\/12\/IMG_1253-768x1024-1.jpg 768w, https:\/\/tedenloesopreis.nl\/wp-content\/uploads\/2023\/12\/IMG_1253-768x1024-1-225x300.jpg 225w\" sizes=\"auto, (max-width: 768px) 100vw, 768px\" \/><\/a><figcaption class=\"wp-element-caption\"><em>Desfiladero de la Hermida<\/em><\/figcaption><\/figure>\n<\/div>\n<\/div>\n\n\n\n<div class=\"wp-block-columns is-layout-flex wp-container-core-columns-is-layout-9d6595d7 wp-block-columns-is-layout-flex\">\n<div class=\"wp-block-column is-layout-flow wp-block-column-is-layout-flow\" style=\"flex-basis:33.33%\">\n<figure class=\"wp-block-image size-full\"><a href=\"https:\/\/tedenloesopreis.nl\/wp-content\/uploads\/2023\/12\/IMG_1254-1024x768-1.jpg\" target=\"_blank\" rel=\"noreferrer noopener\"><img loading=\"lazy\" decoding=\"async\" width=\"1024\" height=\"768\" src=\"https:\/\/tedenloesopreis.nl\/wp-content\/uploads\/2023\/12\/IMG_1254-1024x768-1.jpg\" alt=\"\" class=\"wp-image-9587\" srcset=\"https:\/\/tedenloesopreis.nl\/wp-content\/uploads\/2023\/12\/IMG_1254-1024x768-1.jpg 1024w, https:\/\/tedenloesopreis.nl\/wp-content\/uploads\/2023\/12\/IMG_1254-1024x768-1-300x225.jpg 300w, https:\/\/tedenloesopreis.nl\/wp-content\/uploads\/2023\/12\/IMG_1254-1024x768-1-768x576.jpg 768w\" sizes=\"auto, (max-width: 1024px) 100vw, 1024px\" \/><\/a><figcaption class=\"wp-element-caption\"><em>de Cantabrische kust<\/em><\/figcaption><\/figure>\n<\/div>\n\n\n\n<div class=\"wp-block-column is-layout-flow wp-block-column-is-layout-flow\" style=\"flex-basis:66.66%\">\n<p>Aan het einde van de N-621 draaien we de N-634 op richting San Vicente de la Barquera. De Cantabrische kust is vrij vlak, rotsig, met verschillende strandjes.<\/p>\n<\/div>\n<\/div>\n\n\n\n<div style=\"height:35px\" aria-hidden=\"true\" class=\"wp-block-spacer\"><\/div>\n\n\n\n<div class=\"wp-block-columns is-layout-flex wp-container-core-columns-is-layout-9d6595d7 wp-block-columns-is-layout-flex\">\n<div class=\"wp-block-column is-layout-flow wp-block-column-is-layout-flow\">\n<p class=\"has-orange-background-color has-background\" id=\"dag51\"><\/p>\n<\/div>\n<\/div>\n\n\n\n<div class=\"wp-block-columns is-layout-flex wp-container-core-columns-is-layout-9d6595d7 wp-block-columns-is-layout-flex\">\n<div class=\"wp-block-column is-layout-flow wp-block-column-is-layout-flow\" style=\"flex-basis:33.33%\">\n<p><a href=\"#titel\">top<\/a><\/p>\n<\/div>\n\n\n\n<div class=\"wp-block-column is-layout-flow wp-block-column-is-layout-flow\" style=\"flex-basis:66.66%\">\n<p><strong>EEN DAGJE ONDER DE LUIFEL<\/strong><br>dag 51 &nbsp; &nbsp; &nbsp;&nbsp;zo 23 juni 2019<br>San Vicente de la Barquera&nbsp; &nbsp; &nbsp;&nbsp; 0&nbsp;km<\/p>\n<\/div>\n<\/div>\n\n\n\n<div style=\"height:20px\" aria-hidden=\"true\" class=\"wp-block-spacer\"><\/div>\n\n\n\n<div class=\"wp-block-columns is-layout-flex wp-container-core-columns-is-layout-9d6595d7 wp-block-columns-is-layout-flex\">\n<div class=\"wp-block-column is-layout-flow wp-block-column-is-layout-flow\" style=\"flex-basis:33.33%\"><\/div>\n\n\n\n<div class=\"wp-block-column is-layout-flow wp-block-column-is-layout-flow\" style=\"flex-basis:66.66%\">\n<p>Volgens het oorspronkelijke plan is er vandaag een rustdag in Potes. Echter, omdat we vandaag in San Vicente zitten, houden we d\u00e1\u00e1r een rustdag. Logisch toch. We zoeken schaduw onder de luifel en genieten van het uitzicht, met sneeuw op de noordelijke hellingen van de Picos.&nbsp;<\/p>\n\n\n\n<p>Morgen gaan we verder langs de kust.<\/p>\n<\/div>\n<\/div>\n\n\n\n<div class=\"wp-block-columns is-layout-flex wp-container-core-columns-is-layout-9d6595d7 wp-block-columns-is-layout-flex\">\n<div class=\"wp-block-column is-layout-flow wp-block-column-is-layout-flow\">\n<figure class=\"wp-block-image size-full\"><a href=\"https:\/\/tedenloesopreis.nl\/wp-content\/uploads\/2023\/12\/IMG_0296-1-1024x768-1.jpeg\" target=\"_blank\" rel=\"noreferrer noopener\"><img loading=\"lazy\" decoding=\"async\" width=\"1024\" height=\"768\" src=\"https:\/\/tedenloesopreis.nl\/wp-content\/uploads\/2023\/12\/IMG_0296-1-1024x768-1.jpeg\" alt=\"\" class=\"wp-image-9592\" srcset=\"https:\/\/tedenloesopreis.nl\/wp-content\/uploads\/2023\/12\/IMG_0296-1-1024x768-1.jpeg 1024w, https:\/\/tedenloesopreis.nl\/wp-content\/uploads\/2023\/12\/IMG_0296-1-1024x768-1-300x225.jpeg 300w, https:\/\/tedenloesopreis.nl\/wp-content\/uploads\/2023\/12\/IMG_0296-1-1024x768-1-768x576.jpeg 768w\" sizes=\"auto, (max-width: 1024px) 100vw, 1024px\" \/><\/a><figcaption class=\"wp-element-caption\"><em>de camping in San Vicente de la Barquera<\/em><\/figcaption><\/figure>\n<\/div>\n\n\n\n<div class=\"wp-block-column is-layout-flow wp-block-column-is-layout-flow\">\n<figure class=\"wp-block-image size-full\"><a href=\"https:\/\/tedenloesopreis.nl\/wp-content\/uploads\/2023\/12\/IMG_0295-1-1024x768-1.jpeg\" target=\"_blank\" rel=\"noreferrer noopener\"><img loading=\"lazy\" decoding=\"async\" width=\"1024\" height=\"768\" src=\"https:\/\/tedenloesopreis.nl\/wp-content\/uploads\/2023\/12\/IMG_0295-1-1024x768-1.jpeg\" alt=\"\" class=\"wp-image-9593\" srcset=\"https:\/\/tedenloesopreis.nl\/wp-content\/uploads\/2023\/12\/IMG_0295-1-1024x768-1.jpeg 1024w, https:\/\/tedenloesopreis.nl\/wp-content\/uploads\/2023\/12\/IMG_0295-1-1024x768-1-300x225.jpeg 300w, https:\/\/tedenloesopreis.nl\/wp-content\/uploads\/2023\/12\/IMG_0295-1-1024x768-1-768x576.jpeg 768w\" sizes=\"auto, (max-width: 1024px) 100vw, 1024px\" \/><\/a><figcaption class=\"wp-element-caption\"><em>het uitzicht vanaf de camping<\/em><\/figcaption><\/figure>\n<\/div>\n\n\n\n<div class=\"wp-block-column is-layout-flow wp-block-column-is-layout-flow\">\n<figure class=\"wp-block-image size-full\"><a href=\"https:\/\/tedenloesopreis.nl\/wp-content\/uploads\/2023\/12\/IMG_1257-1-1024x768-1.jpg\" target=\"_blank\" rel=\"noreferrer noopener\"><img loading=\"lazy\" decoding=\"async\" width=\"1024\" height=\"768\" src=\"https:\/\/tedenloesopreis.nl\/wp-content\/uploads\/2023\/12\/IMG_1257-1-1024x768-1.jpg\" alt=\"\" class=\"wp-image-9594\" srcset=\"https:\/\/tedenloesopreis.nl\/wp-content\/uploads\/2023\/12\/IMG_1257-1-1024x768-1.jpg 1024w, https:\/\/tedenloesopreis.nl\/wp-content\/uploads\/2023\/12\/IMG_1257-1-1024x768-1-300x225.jpg 300w, https:\/\/tedenloesopreis.nl\/wp-content\/uploads\/2023\/12\/IMG_1257-1-1024x768-1-768x576.jpg 768w\" sizes=\"auto, (max-width: 1024px) 100vw, 1024px\" \/><\/a><figcaption class=\"wp-element-caption\"><em>met sneeuw op de toppen van de Picos<\/em><\/figcaption><\/figure>\n<\/div>\n<\/div>\n\n\n\n<div style=\"height:35px\" aria-hidden=\"true\" class=\"wp-block-spacer\"><\/div>\n\n\n\n<div class=\"wp-block-columns is-layout-flex wp-container-core-columns-is-layout-9d6595d7 wp-block-columns-is-layout-flex\">\n<div class=\"wp-block-column is-layout-flow wp-block-column-is-layout-flow\">\n<p class=\"has-orange-background-color has-background\" id=\"dag52\"><\/p>\n<\/div>\n<\/div>\n\n\n\n<div class=\"wp-block-columns is-layout-flex wp-container-core-columns-is-layout-9d6595d7 wp-block-columns-is-layout-flex\">\n<div class=\"wp-block-column is-layout-flow wp-block-column-is-layout-flow\" style=\"flex-basis:33.33%\">\n<p><a href=\"#titel\">top<\/a><\/p>\n<\/div>\n\n\n\n<div class=\"wp-block-column is-layout-flow wp-block-column-is-layout-flow\" style=\"flex-basis:66.66%\">\n<p><strong>WEER IN BASKENLAND<\/strong><br>dag 52 &nbsp;  &nbsp;ma 24 juni 2019<br><a href=\"https:\/\/www.google.com\/maps\/d\/edit?mid=11OZ3mQ5FkTKPKKVObSwpgC8m_YwOhMoQ&amp;ll=43.34158835401111%2C-3.385999392570973&amp;z=9\" target=\"_blank\" rel=\"noreferrer noopener\">San Vicente de la Barquera \u2013 Itxaspe<\/a><\/p>\n<\/div>\n<\/div>\n\n\n\n<div style=\"height:20px\" aria-hidden=\"true\" class=\"wp-block-spacer\"><\/div>\n\n\n\n<div class=\"wp-block-columns is-layout-flex wp-container-core-columns-is-layout-9d6595d7 wp-block-columns-is-layout-flex\">\n<div class=\"wp-block-column is-layout-flow wp-block-column-is-layout-flow\" style=\"flex-basis:33.33%\"><\/div>\n\n\n\n<div class=\"wp-block-column is-layout-flow wp-block-column-is-layout-flow\" style=\"flex-basis:66.66%\">\n<p>Na een rit van 275 km staan we op&nbsp;<a href=\"https:\/\/www.campercontact.com\/nl\/spanje\/baskenland\/deba\/57900\/camping-bungalows-itxaspe\" target=\"_blank\" rel=\"noreferrer noopener\">Camping Itxaspe<\/a>&nbsp;in Itziar, een klein stukje ten oosten van Deba. Die afstand lijkt vooraf goed te doen, zeker met ongeveer 100 km autosnelweg, maar het resterende deel zit z\u00f3 vol met bochten, dat we nog geen 30 km\/uur gemiddeld halen. We komen dan ook pas om 20:00 uur op de camping aan. Waarom niet eerder gestopt? Er zijn simpelweg haast geen acceptabele campings in dit gebied.&nbsp;<\/p>\n\n\n\n<p id=\"santillana\">Vanochtend nemen we eerst, na pakweg 20 km, een kijkje in Santillana del Mar. Santillana geldt als een van de mooiste stadjes in Noord-Spanje. Het bevat nog vrij veel middeleeuwse gebouwen. Het kan qua schoonheid wel een beetje wedijveren met Albarracin (zie onze reis naar Andalusi\u00eb), alleen is Santillana veel toeristischer (om de haverklap kom je een souvenirwinkeltje tegen).<\/p>\n<\/div>\n<\/div>\n\n\n\n<div class=\"wp-block-columns is-layout-flex wp-container-core-columns-is-layout-9d6595d7 wp-block-columns-is-layout-flex\">\n<div class=\"wp-block-column is-layout-flow wp-block-column-is-layout-flow\">\n<figure class=\"wp-block-image size-full\"><a href=\"https:\/\/tedenloesopreis.nl\/wp-content\/uploads\/2023\/12\/IMG_1264-1024x768-1.jpg\" target=\"_blank\" rel=\"noreferrer noopener\"><img loading=\"lazy\" decoding=\"async\" width=\"1024\" height=\"768\" src=\"https:\/\/tedenloesopreis.nl\/wp-content\/uploads\/2023\/12\/IMG_1264-1024x768-1.jpg\" alt=\"\" class=\"wp-image-9596\" srcset=\"https:\/\/tedenloesopreis.nl\/wp-content\/uploads\/2023\/12\/IMG_1264-1024x768-1.jpg 1024w, https:\/\/tedenloesopreis.nl\/wp-content\/uploads\/2023\/12\/IMG_1264-1024x768-1-300x225.jpg 300w, https:\/\/tedenloesopreis.nl\/wp-content\/uploads\/2023\/12\/IMG_1264-1024x768-1-768x576.jpg 768w\" sizes=\"auto, (max-width: 1024px) 100vw, 1024px\" \/><\/a><figcaption class=\"wp-element-caption\"><em>Santillana del Mar<\/em><\/figcaption><\/figure>\n<\/div>\n\n\n\n<div class=\"wp-block-column is-layout-flow wp-block-column-is-layout-flow\">\n<figure class=\"wp-block-image size-full\"><a href=\"https:\/\/tedenloesopreis.nl\/wp-content\/uploads\/2023\/12\/IMG_1266-1024x768-1.jpg\" target=\"_blank\" rel=\"noreferrer noopener\"><img loading=\"lazy\" decoding=\"async\" width=\"1024\" height=\"768\" src=\"https:\/\/tedenloesopreis.nl\/wp-content\/uploads\/2023\/12\/IMG_1266-1024x768-1.jpg\" alt=\"\" class=\"wp-image-9597\" srcset=\"https:\/\/tedenloesopreis.nl\/wp-content\/uploads\/2023\/12\/IMG_1266-1024x768-1.jpg 1024w, https:\/\/tedenloesopreis.nl\/wp-content\/uploads\/2023\/12\/IMG_1266-1024x768-1-300x225.jpg 300w, https:\/\/tedenloesopreis.nl\/wp-content\/uploads\/2023\/12\/IMG_1266-1024x768-1-768x576.jpg 768w\" sizes=\"auto, (max-width: 1024px) 100vw, 1024px\" \/><\/a><figcaption class=\"wp-element-caption\"><em>Santillana del Mar<\/em><\/figcaption><\/figure>\n<\/div>\n\n\n\n<div class=\"wp-block-column is-layout-flow wp-block-column-is-layout-flow\">\n<figure class=\"wp-block-image size-full\"><a href=\"https:\/\/tedenloesopreis.nl\/wp-content\/uploads\/2023\/12\/IMG_1265-1024x768-1.jpg\" target=\"_blank\" rel=\"noreferrer noopener\"><img loading=\"lazy\" decoding=\"async\" width=\"1024\" height=\"768\" src=\"https:\/\/tedenloesopreis.nl\/wp-content\/uploads\/2023\/12\/IMG_1265-1024x768-1.jpg\" alt=\"\" class=\"wp-image-9598\" srcset=\"https:\/\/tedenloesopreis.nl\/wp-content\/uploads\/2023\/12\/IMG_1265-1024x768-1.jpg 1024w, https:\/\/tedenloesopreis.nl\/wp-content\/uploads\/2023\/12\/IMG_1265-1024x768-1-300x225.jpg 300w, https:\/\/tedenloesopreis.nl\/wp-content\/uploads\/2023\/12\/IMG_1265-1024x768-1-768x576.jpg 768w\" sizes=\"auto, (max-width: 1024px) 100vw, 1024px\" \/><\/a><figcaption class=\"wp-element-caption\"><em>Santillana del Mar<\/em><\/figcaption><\/figure>\n<\/div>\n<\/div>\n\n\n\n<div class=\"wp-block-columns is-layout-flex wp-container-core-columns-is-layout-9d6595d7 wp-block-columns-is-layout-flex\">\n<div class=\"wp-block-column is-layout-flow wp-block-column-is-layout-flow\">\n<figure class=\"wp-block-image size-full\"><a href=\"https:\/\/tedenloesopreis.nl\/wp-content\/uploads\/2023\/12\/IMG_1267-768x1024-1.jpg\" target=\"_blank\" rel=\"noreferrer noopener\"><img loading=\"lazy\" decoding=\"async\" width=\"768\" height=\"1024\" src=\"https:\/\/tedenloesopreis.nl\/wp-content\/uploads\/2023\/12\/IMG_1267-768x1024-1.jpg\" alt=\"\" class=\"wp-image-9599\" srcset=\"https:\/\/tedenloesopreis.nl\/wp-content\/uploads\/2023\/12\/IMG_1267-768x1024-1.jpg 768w, https:\/\/tedenloesopreis.nl\/wp-content\/uploads\/2023\/12\/IMG_1267-768x1024-1-225x300.jpg 225w\" sizes=\"auto, (max-width: 768px) 100vw, 768px\" \/><\/a><figcaption class=\"wp-element-caption\"><em>Santillana del Mar<\/em><\/figcaption><\/figure>\n<\/div>\n\n\n\n<div class=\"wp-block-column is-layout-flow wp-block-column-is-layout-flow\">\n<figure class=\"wp-block-image size-full\"><a href=\"https:\/\/tedenloesopreis.nl\/wp-content\/uploads\/2023\/12\/IMG_1268-768x1024-1.jpg\" target=\"_blank\" rel=\"noreferrer noopener\"><img loading=\"lazy\" decoding=\"async\" width=\"768\" height=\"1024\" src=\"https:\/\/tedenloesopreis.nl\/wp-content\/uploads\/2023\/12\/IMG_1268-768x1024-1.jpg\" alt=\"\" class=\"wp-image-9600\" srcset=\"https:\/\/tedenloesopreis.nl\/wp-content\/uploads\/2023\/12\/IMG_1268-768x1024-1.jpg 768w, https:\/\/tedenloesopreis.nl\/wp-content\/uploads\/2023\/12\/IMG_1268-768x1024-1-225x300.jpg 225w\" sizes=\"auto, (max-width: 768px) 100vw, 768px\" \/><\/a><figcaption class=\"wp-element-caption\"><em>Santillana del Mar<\/em><\/figcaption><\/figure>\n<\/div>\n\n\n\n<div class=\"wp-block-column is-layout-flow wp-block-column-is-layout-flow\">\n<figure class=\"wp-block-image size-full\"><a href=\"https:\/\/tedenloesopreis.nl\/wp-content\/uploads\/2023\/12\/IMG_1271-768x1024-1.jpg\" target=\"_blank\" rel=\"noreferrer noopener\"><img loading=\"lazy\" decoding=\"async\" width=\"768\" height=\"1024\" src=\"https:\/\/tedenloesopreis.nl\/wp-content\/uploads\/2023\/12\/IMG_1271-768x1024-1.jpg\" alt=\"\" class=\"wp-image-9601\" srcset=\"https:\/\/tedenloesopreis.nl\/wp-content\/uploads\/2023\/12\/IMG_1271-768x1024-1.jpg 768w, https:\/\/tedenloesopreis.nl\/wp-content\/uploads\/2023\/12\/IMG_1271-768x1024-1-225x300.jpg 225w\" sizes=\"auto, (max-width: 768px) 100vw, 768px\" \/><\/a><figcaption class=\"wp-element-caption\"><em>Santillana del Mar<\/em><\/figcaption><\/figure>\n<\/div>\n<\/div>\n\n\n\n<div class=\"wp-block-columns is-layout-flex wp-container-core-columns-is-layout-9d6595d7 wp-block-columns-is-layout-flex\">\n<div class=\"wp-block-column is-layout-flow wp-block-column-is-layout-flow\">\n<figure class=\"wp-block-image size-full\"><a href=\"https:\/\/tedenloesopreis.nl\/wp-content\/uploads\/2023\/12\/IMG_1273-1024x768-1.jpg\" target=\"_blank\" rel=\"noreferrer noopener\"><img loading=\"lazy\" decoding=\"async\" width=\"1024\" height=\"768\" src=\"https:\/\/tedenloesopreis.nl\/wp-content\/uploads\/2023\/12\/IMG_1273-1024x768-1.jpg\" alt=\"\" class=\"wp-image-9602\" srcset=\"https:\/\/tedenloesopreis.nl\/wp-content\/uploads\/2023\/12\/IMG_1273-1024x768-1.jpg 1024w, https:\/\/tedenloesopreis.nl\/wp-content\/uploads\/2023\/12\/IMG_1273-1024x768-1-300x225.jpg 300w, https:\/\/tedenloesopreis.nl\/wp-content\/uploads\/2023\/12\/IMG_1273-1024x768-1-768x576.jpg 768w\" sizes=\"auto, (max-width: 1024px) 100vw, 1024px\" \/><\/a><figcaption class=\"wp-element-caption\"><em>Santillana del Mar<\/em><\/figcaption><\/figure>\n<\/div>\n\n\n\n<div class=\"wp-block-column is-layout-flow wp-block-column-is-layout-flow\">\n<figure class=\"wp-block-image size-full\"><a href=\"https:\/\/tedenloesopreis.nl\/wp-content\/uploads\/2023\/12\/IMG_1274-1024x768-1.jpg\" target=\"_blank\" rel=\"noreferrer noopener\"><img loading=\"lazy\" decoding=\"async\" width=\"1024\" height=\"768\" src=\"https:\/\/tedenloesopreis.nl\/wp-content\/uploads\/2023\/12\/IMG_1274-1024x768-1.jpg\" alt=\"\" class=\"wp-image-9603\" srcset=\"https:\/\/tedenloesopreis.nl\/wp-content\/uploads\/2023\/12\/IMG_1274-1024x768-1.jpg 1024w, https:\/\/tedenloesopreis.nl\/wp-content\/uploads\/2023\/12\/IMG_1274-1024x768-1-300x225.jpg 300w, https:\/\/tedenloesopreis.nl\/wp-content\/uploads\/2023\/12\/IMG_1274-1024x768-1-768x576.jpg 768w\" sizes=\"auto, (max-width: 1024px) 100vw, 1024px\" \/><\/a><figcaption class=\"wp-element-caption\"><em>Santillana del Mar<\/em><\/figcaption><\/figure>\n<\/div>\n\n\n\n<div class=\"wp-block-column is-layout-flow wp-block-column-is-layout-flow\">\n<figure class=\"wp-block-image size-full\"><a href=\"https:\/\/tedenloesopreis.nl\/wp-content\/uploads\/2023\/12\/IMG_1275-1024x768-1.jpg\" target=\"_blank\" rel=\"noreferrer noopener\"><img loading=\"lazy\" decoding=\"async\" width=\"1024\" height=\"768\" src=\"https:\/\/tedenloesopreis.nl\/wp-content\/uploads\/2023\/12\/IMG_1275-1024x768-1.jpg\" alt=\"\" class=\"wp-image-9604\" srcset=\"https:\/\/tedenloesopreis.nl\/wp-content\/uploads\/2023\/12\/IMG_1275-1024x768-1.jpg 1024w, https:\/\/tedenloesopreis.nl\/wp-content\/uploads\/2023\/12\/IMG_1275-1024x768-1-300x225.jpg 300w, https:\/\/tedenloesopreis.nl\/wp-content\/uploads\/2023\/12\/IMG_1275-1024x768-1-768x576.jpg 768w\" sizes=\"auto, (max-width: 1024px) 100vw, 1024px\" \/><\/a><figcaption class=\"wp-element-caption\"><em>Santillana del Mar<\/em><\/figcaption><\/figure>\n<\/div>\n<\/div>\n\n\n\n<div class=\"wp-block-columns is-layout-flex wp-container-core-columns-is-layout-9d6595d7 wp-block-columns-is-layout-flex\">\n<div class=\"wp-block-column is-layout-flow wp-block-column-is-layout-flow\"><\/div>\n\n\n\n<div class=\"wp-block-column is-layout-flow wp-block-column-is-layout-flow\">\n<figure class=\"wp-block-image size-full\"><a href=\"https:\/\/tedenloesopreis.nl\/wp-content\/uploads\/2023\/12\/IMG_1276-768x1024-1.jpg\" target=\"_blank\" rel=\"noreferrer noopener\"><img loading=\"lazy\" decoding=\"async\" width=\"768\" height=\"1024\" src=\"https:\/\/tedenloesopreis.nl\/wp-content\/uploads\/2023\/12\/IMG_1276-768x1024-1.jpg\" alt=\"\" class=\"wp-image-9607\" srcset=\"https:\/\/tedenloesopreis.nl\/wp-content\/uploads\/2023\/12\/IMG_1276-768x1024-1.jpg 768w, https:\/\/tedenloesopreis.nl\/wp-content\/uploads\/2023\/12\/IMG_1276-768x1024-1-225x300.jpg 225w\" sizes=\"auto, (max-width: 768px) 100vw, 768px\" \/><\/a><figcaption class=\"wp-element-caption\"><em>Santillana del Mar<\/em><\/figcaption><\/figure>\n<\/div>\n\n\n\n<div class=\"wp-block-column is-layout-flow wp-block-column-is-layout-flow\">\n<figure class=\"wp-block-image size-full\"><a href=\"https:\/\/tedenloesopreis.nl\/wp-content\/uploads\/2023\/12\/IMG_1277-1024x768-2.jpg\" target=\"_blank\" rel=\"noreferrer noopener\"><img loading=\"lazy\" decoding=\"async\" width=\"1024\" height=\"768\" src=\"https:\/\/tedenloesopreis.nl\/wp-content\/uploads\/2023\/12\/IMG_1277-1024x768-2.jpg\" alt=\"\" class=\"wp-image-9606\" srcset=\"https:\/\/tedenloesopreis.nl\/wp-content\/uploads\/2023\/12\/IMG_1277-1024x768-2.jpg 1024w, https:\/\/tedenloesopreis.nl\/wp-content\/uploads\/2023\/12\/IMG_1277-1024x768-2-300x225.jpg 300w, https:\/\/tedenloesopreis.nl\/wp-content\/uploads\/2023\/12\/IMG_1277-1024x768-2-768x576.jpg 768w\" sizes=\"auto, (max-width: 1024px) 100vw, 1024px\" \/><\/a><figcaption class=\"wp-element-caption\"><em>Santillana del Mar<\/em><\/figcaption><\/figure>\n<\/div>\n<\/div>\n\n\n\n<div class=\"wp-block-columns is-layout-flex wp-container-core-columns-is-layout-9d6595d7 wp-block-columns-is-layout-flex\">\n<div class=\"wp-block-column is-layout-flow wp-block-column-is-layout-flow\" style=\"flex-basis:33.33%\"><\/div>\n\n\n\n<div class=\"wp-block-column is-layout-flow wp-block-column-is-layout-flow\" style=\"flex-basis:66.66%\">\n<p id=\"gaztelugatxeko\">Na Santillana nemen we de A-8 tot aan Bilbao. Daarna rijden we via de kustweg (Getxo, Plentzia, Armintza, Bakio) naar Gaztelugatxeko (in het Baskisch is er echt geen touw meer aan vast te knopen). Dit is de naam van een bijzonder rotseilandje voor de kust met een 10e-eeuwse kluis\/hermitage. Tegenwoordig is het met een dam verbonden met het vasteland. De wandeling naar het eilandje is iets te lang en te geaccidenteerd voor een vierkante enkel. We lopen daarom niet verder dan naar het uitzichtpunt.&nbsp;<\/p>\n\n\n\n<p>De eerstvolgende acceptabele camping is vervolgens nog zo\u2019n 90 km rijden.<\/p>\n<\/div>\n<\/div>\n\n\n\n<div class=\"wp-block-columns is-layout-flex wp-container-core-columns-is-layout-9d6595d7 wp-block-columns-is-layout-flex\">\n<div class=\"wp-block-column is-layout-flow wp-block-column-is-layout-flow\"><\/div>\n\n\n\n<div class=\"wp-block-column is-layout-flow wp-block-column-is-layout-flow\">\n<figure class=\"wp-block-image size-full\"><a href=\"https:\/\/tedenloesopreis.nl\/wp-content\/uploads\/2023\/12\/IMG_1285-1024x768-1.jpg\" target=\"_blank\" rel=\"noreferrer noopener\"><img loading=\"lazy\" decoding=\"async\" width=\"1024\" height=\"768\" src=\"https:\/\/tedenloesopreis.nl\/wp-content\/uploads\/2023\/12\/IMG_1285-1024x768-1.jpg\" alt=\"\" class=\"wp-image-9608\" srcset=\"https:\/\/tedenloesopreis.nl\/wp-content\/uploads\/2023\/12\/IMG_1285-1024x768-1.jpg 1024w, https:\/\/tedenloesopreis.nl\/wp-content\/uploads\/2023\/12\/IMG_1285-1024x768-1-300x225.jpg 300w, https:\/\/tedenloesopreis.nl\/wp-content\/uploads\/2023\/12\/IMG_1285-1024x768-1-768x576.jpg 768w\" sizes=\"auto, (max-width: 1024px) 100vw, 1024px\" \/><\/a><figcaption class=\"wp-element-caption\"><em>Gaztelugatxeko<\/em><\/figcaption><\/figure>\n<\/div>\n\n\n\n<div class=\"wp-block-column is-layout-flow wp-block-column-is-layout-flow\">\n<figure class=\"wp-block-image size-full\"><a href=\"https:\/\/tedenloesopreis.nl\/wp-content\/uploads\/2023\/12\/IMG_1287-1024x768-1.jpg\" target=\"_blank\" rel=\"noreferrer noopener\"><img loading=\"lazy\" decoding=\"async\" width=\"1024\" height=\"768\" src=\"https:\/\/tedenloesopreis.nl\/wp-content\/uploads\/2023\/12\/IMG_1287-1024x768-1.jpg\" alt=\"\" class=\"wp-image-9609\" srcset=\"https:\/\/tedenloesopreis.nl\/wp-content\/uploads\/2023\/12\/IMG_1287-1024x768-1.jpg 1024w, https:\/\/tedenloesopreis.nl\/wp-content\/uploads\/2023\/12\/IMG_1287-1024x768-1-300x225.jpg 300w, https:\/\/tedenloesopreis.nl\/wp-content\/uploads\/2023\/12\/IMG_1287-1024x768-1-768x576.jpg 768w\" sizes=\"auto, (max-width: 1024px) 100vw, 1024px\" \/><\/a><figcaption class=\"wp-element-caption\"><em>de kust bij Gaztelugatxeko<\/em><\/figcaption><\/figure>\n<\/div>\n<\/div>\n\n\n\n<div style=\"height:35px\" aria-hidden=\"true\" class=\"wp-block-spacer\"><\/div>\n\n\n\n<div class=\"wp-block-columns is-layout-flex wp-container-core-columns-is-layout-9d6595d7 wp-block-columns-is-layout-flex\">\n<div class=\"wp-block-column is-layout-flow wp-block-column-is-layout-flow\">\n<p class=\"has-orange-background-color has-background\" id=\"dag53\"><\/p>\n<\/div>\n<\/div>\n\n\n\n<div class=\"wp-block-columns is-layout-flex wp-container-core-columns-is-layout-9d6595d7 wp-block-columns-is-layout-flex\">\n<div class=\"wp-block-column is-layout-flow wp-block-column-is-layout-flow\" style=\"flex-basis:33.33%\">\n<p><a href=\"#titel\">top<\/a><\/p>\n<\/div>\n\n\n\n<div class=\"wp-block-column is-layout-flow wp-block-column-is-layout-flow\" style=\"flex-basis:66.66%\">\n<p><strong>HET RONDJE IS ROND<\/strong><br>dag 53 &nbsp; &nbsp; &nbsp;di 25 juni 2019<br><a href=\"https:\/\/www.google.com\/maps\/d\/edit?mid=18GB7dUmFpLFbp8JZqAXHRdQROGo_MyeS&amp;ll=43.3343656104649%2C-2.0159498845066626&amp;z=11\" target=\"_blank\" rel=\"noreferrer noopener\">Itxaspe \u2013 Urrugne<\/a>&nbsp; &nbsp; &nbsp; 91&nbsp;km<\/p>\n<\/div>\n<\/div>\n\n\n\n<div style=\"height:20px\" aria-hidden=\"true\" class=\"wp-block-spacer\"><\/div>\n\n\n\n<div class=\"wp-block-columns is-layout-flex wp-container-core-columns-is-layout-9d6595d7 wp-block-columns-is-layout-flex\">\n<div class=\"wp-block-column is-layout-flow wp-block-column-is-layout-flow\" style=\"flex-basis:33.33%\">\n<figure class=\"wp-block-image size-full\"><a href=\"https:\/\/tedenloesopreis.nl\/wp-content\/uploads\/2023\/12\/IMG_0309-1024x768-1.jpeg\" target=\"_blank\" rel=\"noreferrer noopener\"><img loading=\"lazy\" decoding=\"async\" width=\"1024\" height=\"768\" src=\"https:\/\/tedenloesopreis.nl\/wp-content\/uploads\/2023\/12\/IMG_0309-1024x768-1.jpeg\" alt=\"\" class=\"wp-image-9611\" srcset=\"https:\/\/tedenloesopreis.nl\/wp-content\/uploads\/2023\/12\/IMG_0309-1024x768-1.jpeg 1024w, https:\/\/tedenloesopreis.nl\/wp-content\/uploads\/2023\/12\/IMG_0309-1024x768-1-300x225.jpeg 300w, https:\/\/tedenloesopreis.nl\/wp-content\/uploads\/2023\/12\/IMG_0309-1024x768-1-768x576.jpeg 768w\" sizes=\"auto, (max-width: 1024px) 100vw, 1024px\" \/><\/a><figcaption class=\"wp-element-caption\"><em>we zijn weer op de camping in Urrugne<\/em><\/figcaption><\/figure>\n<\/div>\n\n\n\n<div class=\"wp-block-column is-layout-flow wp-block-column-is-layout-flow\" style=\"flex-basis:66.66%\">\n<p>We zijn weer op &nbsp;<a href=\"https:\/\/www.campercontact.com\/nl\/frankrijk\/nouvelle-aquitaine\/urrugne\/25948\/camping-larrouleta\" target=\"_blank\" rel=\"noreferrer noopener\">Camping Larrouleta<\/a>&nbsp;in Urrugne, in Zuid-Frankrijk, dicht bij de Spaanse grens. Het \u201crondje\u201d van 7 weken door Spanje en Portugal zit er nu op.&nbsp;<\/p>\n\n\n\n<p>We rijden vanochtend naar de N-634 en volgen die tot San Sebastian. Daar zijn we met de buzz nog even naar de boulevard gereden. San Sebastian is een statige, bedrijvige en welvarende stad.&nbsp;<\/p>\n\n\n\n<p>Vervolgens rijden we (via de GI-20 en de GI-636) naar Hondarribia (met een middeleeuws centrum), maar daar komen we in een enorme file terecht. Er wordt blijkbaar een groot evenement georganiseerd. In de file wordt je als vanzelf het stadje weer uitgestuurd. We verzetten ons maar niet, en rijden naar Irun, waar we de GI-636 weer opzoeken.<\/p>\n\n\n\n<p>Na een bezoek aan een tankstation (de diesel is in Frankrijk v\u00e9\u00e9l duurder) steken we de grens over en gaan naar de camping.&nbsp;<\/p>\n\n\n\n<p>Net als op de heenweg houden we hier een rustdag.<\/p>\n<\/div>\n<\/div>\n\n\n\n<div style=\"height:35px\" aria-hidden=\"true\" class=\"wp-block-spacer\"><\/div>\n\n\n\n<div class=\"wp-block-columns is-layout-flex wp-container-core-columns-is-layout-9d6595d7 wp-block-columns-is-layout-flex\">\n<div class=\"wp-block-column is-layout-flow wp-block-column-is-layout-flow\">\n<p class=\"has-orange-background-color has-background\" id=\"dag54\"><\/p>\n<\/div>\n<\/div>\n\n\n\n<div class=\"wp-block-columns is-layout-flex wp-container-core-columns-is-layout-9d6595d7 wp-block-columns-is-layout-flex\">\n<div class=\"wp-block-column is-layout-flow wp-block-column-is-layout-flow\" style=\"flex-basis:33.33%\">\n<p><a href=\"#titel\">top<\/a><\/p>\n<\/div>\n\n\n\n<div class=\"wp-block-column is-layout-flow wp-block-column-is-layout-flow\" style=\"flex-basis:66.66%\">\n<p><strong>WARM EN VOCHTIG<\/strong><br>dag 54 &nbsp; &nbsp;&nbsp; &nbsp;wo 26 juni 2019<br>Urrugne&nbsp; &nbsp; &nbsp;&nbsp; 0&nbsp;km<\/p>\n<\/div>\n<\/div>\n\n\n\n<div style=\"height:20px\" aria-hidden=\"true\" class=\"wp-block-spacer\"><\/div>\n\n\n\n<div class=\"wp-block-columns is-layout-flex wp-container-core-columns-is-layout-9d6595d7 wp-block-columns-is-layout-flex\">\n<div class=\"wp-block-column is-layout-flow wp-block-column-is-layout-flow\" style=\"flex-basis:33.33%\"><\/div>\n\n\n\n<div class=\"wp-block-column is-layout-flow wp-block-column-is-layout-flow\" style=\"flex-basis:66.66%\">\n<p>Het is vandaag 34\u00b0. We hebben het al warmer gehad op deze reis (o.a. in Nazar\u00e9), maar vandaag hebben we een luchtvochtigheid van 92%, en dat is nieuw voor ons.&nbsp;<\/p>\n\n\n\n<p>Morgen beginnen we aan de terugreis. Het plan is, om 4 etappes van pakweg 320 km te rijden, maar het zou anders kunnen lopen, als we besluiten om wat verder door te rijden, zodat we nog wat langer kunnen genieten van de airco in de cabine van de buzz.&nbsp;<\/p>\n\n\n\n<p>We zien wel.<\/p>\n<\/div>\n<\/div>\n\n\n\n<div style=\"height:35px\" aria-hidden=\"true\" class=\"wp-block-spacer\"><\/div>\n\n\n\n<div class=\"wp-block-columns is-layout-flex wp-container-core-columns-is-layout-9d6595d7 wp-block-columns-is-layout-flex\">\n<div class=\"wp-block-column is-layout-flow wp-block-column-is-layout-flow\">\n<p class=\"has-orange-background-color has-background\" id=\"dag55\"><\/p>\n<\/div>\n<\/div>\n\n\n\n<div class=\"wp-block-columns is-layout-flex wp-container-core-columns-is-layout-9d6595d7 wp-block-columns-is-layout-flex\">\n<div class=\"wp-block-column is-layout-flow wp-block-column-is-layout-flow\" style=\"flex-basis:33.33%\">\n<p><a href=\"#titel\">top<\/a><\/p>\n<\/div>\n\n\n\n<div class=\"wp-block-column is-layout-flow wp-block-column-is-layout-flow\" style=\"flex-basis:66.66%\">\n<p><strong>DE AIRCO OP VOLLE KRACHT<\/strong><br>dag 55 &nbsp; &nbsp; &nbsp;do 27 juni 2019<br><a href=\"https:\/\/www.google.com\/maps\/d\/edit?mid=1O-u4CmQVboskPDIiaXHQCgD_520fGOlO&amp;ll=44.202798755218176%2C-0.6121718078262584&amp;z=9\" target=\"_blank\" rel=\"noreferrer noopener\">Urrugne \u2013 Douville<\/a>&nbsp; &nbsp; &nbsp;&nbsp; 313&nbsp;km<\/p>\n<\/div>\n<\/div>\n\n\n\n<div style=\"height:20px\" aria-hidden=\"true\" class=\"wp-block-spacer\"><\/div>\n\n\n\n<div class=\"wp-block-columns is-layout-flex wp-container-core-columns-is-layout-9d6595d7 wp-block-columns-is-layout-flex\">\n<div class=\"wp-block-column is-layout-flow wp-block-column-is-layout-flow\" style=\"flex-basis:33.33%\"><\/div>\n\n\n\n<div class=\"wp-block-column is-layout-flow wp-block-column-is-layout-flow\" style=\"flex-basis:66.66%\">\n<p>Na een rit van 313 km staan we op&nbsp;<a href=\"https:\/\/www.campercontact.com\/nl\/frankrijk\/nouvelle-aquitaine\/douville\/59361\/camping-lestaubiere\" target=\"_blank\" rel=\"noreferrer noopener\">Camping Lestaubi\u00e8re<\/a>&nbsp;in Douville, ongeveer halverwege Bergerac en P\u00e9rigueux.&nbsp;<\/p>\n\n\n\n<p>Het is ons gelukt om er 8 uur over te doen: we vertrekken in Urrugne om 10:30 en komen in Douville aan om 18:30. Dat is gelukt door een lange break te houden bij de Mac in Mont de Marsan (prima airco en dito internet), en door een si\u00ebsta te houden in Houeill\u00e8s, op een camperplaats met heel veel knot-platanen, dus met heel veel schaduw. Houeill\u00e8s is overigens de plaats waar we op de heenreis (op de 3e dag) achter een catamaran kwamen te zitten. We denken, dat de producent van die catamaran hier ergens langs de route is gevestigd, want we zien onderweg naar Houeill\u00e8s op een groot parkeerterrein precies zo\u2019n kanjer van een catamaran als op de heenreis.<\/p>\n\n\n\n<p>Een andere reden voor de langere reistijden, en daarmee voor langere airco-tijden, &nbsp;is de nieuwe maximum snelheid op de N- en D-wegen in Frankrijk. Deze is van 90 verlaagd naar 80 km\/uur.<\/p>\n<\/div>\n<\/div>\n\n\n\n<div class=\"wp-block-columns is-layout-flex wp-container-core-columns-is-layout-9d6595d7 wp-block-columns-is-layout-flex\">\n<div class=\"wp-block-column is-layout-flow wp-block-column-is-layout-flow\"><\/div>\n\n\n\n<div class=\"wp-block-column is-layout-flow wp-block-column-is-layout-flow\">\n<figure class=\"wp-block-image size-full\"><a href=\"https:\/\/tedenloesopreis.nl\/wp-content\/uploads\/2023\/12\/IMG_0310-1024x768-1.jpeg\" target=\"_blank\" rel=\"noreferrer noopener\"><img loading=\"lazy\" decoding=\"async\" width=\"1024\" height=\"768\" src=\"https:\/\/tedenloesopreis.nl\/wp-content\/uploads\/2023\/12\/IMG_0310-1024x768-1.jpeg\" alt=\"\" class=\"wp-image-9613\" srcset=\"https:\/\/tedenloesopreis.nl\/wp-content\/uploads\/2023\/12\/IMG_0310-1024x768-1.jpeg 1024w, https:\/\/tedenloesopreis.nl\/wp-content\/uploads\/2023\/12\/IMG_0310-1024x768-1-300x225.jpeg 300w, https:\/\/tedenloesopreis.nl\/wp-content\/uploads\/2023\/12\/IMG_0310-1024x768-1-768x576.jpeg 768w\" sizes=\"auto, (max-width: 1024px) 100vw, 1024px\" \/><\/a><figcaption class=\"wp-element-caption\"><em>schaduw onder de knot-platanen in Houeill\u00e8s<\/em><\/figcaption><\/figure>\n<\/div>\n\n\n\n<div class=\"wp-block-column is-layout-flow wp-block-column-is-layout-flow\">\n<figure class=\"wp-block-image size-full\"><a href=\"https:\/\/tedenloesopreis.nl\/wp-content\/uploads\/2023\/12\/IMG_0312-1024x768-1.jpeg\" target=\"_blank\" rel=\"noreferrer noopener\"><img loading=\"lazy\" decoding=\"async\" width=\"1024\" height=\"768\" src=\"https:\/\/tedenloesopreis.nl\/wp-content\/uploads\/2023\/12\/IMG_0312-1024x768-1.jpeg\" alt=\"\" class=\"wp-image-9614\" srcset=\"https:\/\/tedenloesopreis.nl\/wp-content\/uploads\/2023\/12\/IMG_0312-1024x768-1.jpeg 1024w, https:\/\/tedenloesopreis.nl\/wp-content\/uploads\/2023\/12\/IMG_0312-1024x768-1-300x225.jpeg 300w, https:\/\/tedenloesopreis.nl\/wp-content\/uploads\/2023\/12\/IMG_0312-1024x768-1-768x576.jpeg 768w\" sizes=\"auto, (max-width: 1024px) 100vw, 1024px\" \/><\/a><figcaption class=\"wp-element-caption\"><em>schaduw op de camping in Douville<\/em><\/figcaption><\/figure>\n<\/div>\n<\/div>\n\n\n\n<div style=\"height:35px\" aria-hidden=\"true\" class=\"wp-block-spacer\"><\/div>\n\n\n\n<div class=\"wp-block-columns is-layout-flex wp-container-core-columns-is-layout-9d6595d7 wp-block-columns-is-layout-flex\">\n<div class=\"wp-block-column is-layout-flow wp-block-column-is-layout-flow\">\n<p class=\"has-orange-background-color has-background\" id=\"dag56\"><\/p>\n<\/div>\n<\/div>\n\n\n\n<div class=\"wp-block-columns is-layout-flex wp-container-core-columns-is-layout-9d6595d7 wp-block-columns-is-layout-flex\">\n<div class=\"wp-block-column is-layout-flow wp-block-column-is-layout-flow\" style=\"flex-basis:33.33%\">\n<p><a href=\"#titel\">top<\/a><\/p>\n<\/div>\n\n\n\n<div class=\"wp-block-column is-layout-flow wp-block-column-is-layout-flow\" style=\"flex-basis:66.66%\">\n<p><strong>ILS SONT FOU, UN PEU<\/strong><br>dag 56 &nbsp; &nbsp; &nbsp;vr 28 juni 2019<br><a href=\"https:\/\/www.google.com\/maps\/d\/edit?mid=15oriA0drobvTBL--zyyyQykQd5XlZv_s&amp;ll=45.91403808505372%2C0.7761552483932688&amp;z=8\" target=\"_blank\" rel=\"noreferrer noopener\">Douville \u2013 Bourges<\/a>&nbsp; &nbsp; &nbsp; 370&nbsp;km<\/p>\n<\/div>\n<\/div>\n\n\n\n<div style=\"height:20px\" aria-hidden=\"true\" class=\"wp-block-spacer\"><\/div>\n\n\n\n<div class=\"wp-block-columns is-layout-flex wp-container-core-columns-is-layout-9d6595d7 wp-block-columns-is-layout-flex\">\n<div class=\"wp-block-column is-layout-flow wp-block-column-is-layout-flow\" style=\"flex-basis:33.33%\">\n<figure class=\"wp-block-image size-full\"><a href=\"https:\/\/tedenloesopreis.nl\/wp-content\/uploads\/2023\/12\/IMG_0314-1024x768-1.jpeg\" target=\"_blank\" rel=\"noreferrer noopener\"><img loading=\"lazy\" decoding=\"async\" width=\"1024\" height=\"768\" src=\"https:\/\/tedenloesopreis.nl\/wp-content\/uploads\/2023\/12\/IMG_0314-1024x768-1.jpeg\" alt=\"\" class=\"wp-image-9618\" srcset=\"https:\/\/tedenloesopreis.nl\/wp-content\/uploads\/2023\/12\/IMG_0314-1024x768-1.jpeg 1024w, https:\/\/tedenloesopreis.nl\/wp-content\/uploads\/2023\/12\/IMG_0314-1024x768-1-300x225.jpeg 300w, https:\/\/tedenloesopreis.nl\/wp-content\/uploads\/2023\/12\/IMG_0314-1024x768-1-768x576.jpeg 768w\" sizes=\"auto, (max-width: 1024px) 100vw, 1024px\" \/><\/a><figcaption class=\"wp-element-caption\"><em>op de stadscamping in Bourges (na de verplaatsing)<\/em><\/figcaption><\/figure>\n<\/div>\n\n\n\n<div class=\"wp-block-column is-layout-flow wp-block-column-is-layout-flow\" style=\"flex-basis:66.66%\">\n<p>In Asterix en Obelix wordt regelmatig geroepen \u201cils sont fous, ces Romain\u201d. Vandaag hadden we de neiging om te roepen \u201cils sont fous, ces Francais\u201d, tenminste \u201cun peu\u201d. Waarom? Halverwege een omleiding houden ze op met de bewegwijzering.<\/p>\n\n\n\n<p>Na ruim 8 uur en na 375 km staan we op&nbsp;<a href=\"https:\/\/www.campercontact.com\/nl\/frankrijk\/centre\/bourges\/48517\/camping-robinson\" target=\"_blank\" rel=\"noreferrer noopener\">Camping Robinson<\/a>&nbsp;in Bourges. We vertrekken vanochtend om 10 uur uit Douville. Tegen twaalven zijn we in Aixe sur Vienne, het eindpunt van dag 3. We gaan daar maar eens kijken of de plaatselijke Mac nog steeds zo\u2019n heerlijke maaltijdsalade&nbsp;heeft&nbsp; En we worden op onze wenken bediend, met prima airco en dito internet als bijgerecht.&nbsp;<\/p>\n\n\n\n<p>De strategie van gisteren wordt voortgezet. Als we in Gu\u00e9ret aankomen (Aixe&gt; Limoges &gt; Bourganeuf &gt; Gu\u00e9ret), zoeken we een plaatsje onder de bomen op een parkeerterrein van een grote supermarkt. Het is eerder een power nap dan een si\u00ebsta, maar dan toch, even in de schaduw de oogjes dicht, is niet verkeerd.&nbsp;<\/p>\n\n\n\n<p>Vervolgens gaan de Fransen een beetje vreemd doen. In Gu\u00e9ret begint een omleidingsroute, want de D940 naar La Ch\u00e2tre is geblokkeerd. Al snel rijden we op de N145, de autoweg naar Montlu\u00e7on. Nergens is echter nog enige aanduiding van de \u2018deviation vers La Ch\u00e2tre\u2019 te bespeuren. We rijden dus maar door naar Montlu\u00e7on, en nemen daar de D2144 naar Bourges.&nbsp;<\/p>\n\n\n\n<p>Op de stadscamping kiezen we voor een schaduwrijke plaats dicht bij de ingang. Daar is het echter nogal luidruchtig, want aan de andere kant van de heg ligt een drukke weg. Als het na 20:00 uur niet merkbaar rustiger is geworden, verkassen we naar een plaats midden op de camping, die inmiddels in de schaduw ligt.<\/p>\n<\/div>\n<\/div>\n\n\n\n<div style=\"height:35px\" aria-hidden=\"true\" class=\"wp-block-spacer\"><\/div>\n\n\n\n<div class=\"wp-block-columns is-layout-flex wp-container-core-columns-is-layout-9d6595d7 wp-block-columns-is-layout-flex\">\n<div class=\"wp-block-column is-layout-flow wp-block-column-is-layout-flow\">\n<p class=\"has-orange-background-color has-background\" id=\"dag57\"><\/p>\n<\/div>\n<\/div>\n\n\n\n<div class=\"wp-block-columns is-layout-flex wp-container-core-columns-is-layout-9d6595d7 wp-block-columns-is-layout-flex\">\n<div class=\"wp-block-column is-layout-flow wp-block-column-is-layout-flow\" style=\"flex-basis:33.33%\">\n<p><a href=\"#titel\">top<\/a><\/p>\n<\/div>\n\n\n\n<div class=\"wp-block-column is-layout-flow wp-block-column-is-layout-flow\" style=\"flex-basis:66.66%\">\n<p><strong>LAATSTE OVERNACHTING<\/strong><br>dag 57 &nbsp; &nbsp; &nbsp;za 29 juni 2019<br><a href=\"https:\/\/www.google.com\/maps\/d\/edit?mid=1TrnKBgt4hJg2tpCEM7IsugqtyUVrLNa2&amp;ll=48.37519234786582%2C2.3940182654938535&amp;z=8\" target=\"_blank\" rel=\"noreferrer noopener\">Bourges \u2013 Suzy (Laon)<\/a>&nbsp; &nbsp; &nbsp; 340&nbsp;km<\/p>\n<\/div>\n<\/div>\n\n\n\n<div style=\"height:20px\" aria-hidden=\"true\" class=\"wp-block-spacer\"><\/div>\n\n\n\n<div class=\"wp-block-columns is-layout-flex wp-container-core-columns-is-layout-9d6595d7 wp-block-columns-is-layout-flex\">\n<div class=\"wp-block-column is-layout-flow wp-block-column-is-layout-flow\" style=\"flex-basis:33.33%\"><\/div>\n\n\n\n<div class=\"wp-block-column is-layout-flow wp-block-column-is-layout-flow\" style=\"flex-basis:66.66%\">\n<p>Na een rit van 340 km staan we op camping&nbsp;<a href=\"https:\/\/www.campercontact.com\/nl\/frankrijk\/hauts-de-france\/cessieres-suzy\/57662\/les-etangs-du-moulin\" target=\"_blank\" rel=\"noreferrer noopener\">Les Etangs du Moulin<\/a>&nbsp;in Suzy, net onder Laon. De route kunnen we inmiddels dromen: Bourges &gt; Gien &gt; Montargis &gt; Nemours &gt; Fontainebleau &gt; Melun &gt; La Francilienne &gt; Charles de Gaulle &gt; Soissons.<\/p>\n\n\n\n<p>De tijd heeft hier (in Suzy) min of meer stilgestaan: ze moeten nog aan 3G beginnen. Van de camping mogen we een paar minuten gratis op hun wifi-netwerk. Doen we het langer, dan zitten we vast aan een driedaags abonnement. De passant hangt hier klaarblijkelijk aan de achterste mem. Voor langkampeerders is men veel vriendelijker.&nbsp;<\/p>\n\n\n\n<p>De receptie komt ook niet erg professioneel over. Zo laten ze ons bij het inchecken wel twintig minuten wachten (er is iemand die een probleem heeft met een gehuurde tent, en alle loslopende medewerkers bemoeien zich met die zaak en zien ons domweg niet staan). We vragen om een schaduwrijke plek, maar we worden naar een plek gestuurd waar we in de volle zon staan. We wijzen op twee schaduwrijke plaatsen die speciaal voor campers zijn aangelegd, maar krijgen te horen dat die gereserveerd zijn. Merkwaardig, want ze blijven de hele nacht leeg. &nbsp;<\/p>\n\n\n\n<p>De camping is overigens wel bijzonder: alles ademt een western-sfeer.<\/p>\n<\/div>\n<\/div>\n\n\n\n<div class=\"wp-block-columns is-layout-flex wp-container-core-columns-is-layout-9d6595d7 wp-block-columns-is-layout-flex\">\n<div class=\"wp-block-column is-layout-flow wp-block-column-is-layout-flow\"><\/div>\n\n\n\n<div class=\"wp-block-column is-layout-flow wp-block-column-is-layout-flow\">\n<figure class=\"wp-block-image size-full\"><a href=\"https:\/\/tedenloesopreis.nl\/wp-content\/uploads\/2023\/12\/IMG_0316-2-1024x767-1.jpeg\" target=\"_blank\" rel=\"noreferrer noopener\"><img loading=\"lazy\" decoding=\"async\" width=\"1024\" height=\"767\" src=\"https:\/\/tedenloesopreis.nl\/wp-content\/uploads\/2023\/12\/IMG_0316-2-1024x767-1.jpeg\" alt=\"\" class=\"wp-image-9620\" srcset=\"https:\/\/tedenloesopreis.nl\/wp-content\/uploads\/2023\/12\/IMG_0316-2-1024x767-1.jpeg 1024w, https:\/\/tedenloesopreis.nl\/wp-content\/uploads\/2023\/12\/IMG_0316-2-1024x767-1-300x225.jpeg 300w, https:\/\/tedenloesopreis.nl\/wp-content\/uploads\/2023\/12\/IMG_0316-2-1024x767-1-768x575.jpeg 768w\" sizes=\"auto, (max-width: 1024px) 100vw, 1024px\" \/><\/a><figcaption class=\"wp-element-caption\"><em>op de camping in Suzy<\/em><\/figcaption><\/figure>\n<\/div>\n\n\n\n<div class=\"wp-block-column is-layout-flow wp-block-column-is-layout-flow\">\n<figure class=\"wp-block-image size-full\"><a href=\"https:\/\/tedenloesopreis.nl\/wp-content\/uploads\/2023\/12\/IMG_0317-1024x768-1.jpeg\" target=\"_blank\" rel=\"noreferrer noopener\"><img loading=\"lazy\" decoding=\"async\" width=\"1024\" height=\"768\" src=\"https:\/\/tedenloesopreis.nl\/wp-content\/uploads\/2023\/12\/IMG_0317-1024x768-1.jpeg\" alt=\"\" class=\"wp-image-9621\" srcset=\"https:\/\/tedenloesopreis.nl\/wp-content\/uploads\/2023\/12\/IMG_0317-1024x768-1.jpeg 1024w, https:\/\/tedenloesopreis.nl\/wp-content\/uploads\/2023\/12\/IMG_0317-1024x768-1-300x225.jpeg 300w, https:\/\/tedenloesopreis.nl\/wp-content\/uploads\/2023\/12\/IMG_0317-1024x768-1-768x576.jpeg 768w\" sizes=\"auto, (max-width: 1024px) 100vw, 1024px\" \/><\/a><figcaption class=\"wp-element-caption\"><em>western-sfeer op de camping in Suzy<\/em><\/figcaption><\/figure>\n<\/div>\n<\/div>\n\n\n\n<div style=\"height:35px\" aria-hidden=\"true\" class=\"wp-block-spacer\"><\/div>\n\n\n\n<div class=\"wp-block-columns is-layout-flex wp-container-core-columns-is-layout-9d6595d7 wp-block-columns-is-layout-flex\">\n<div class=\"wp-block-column is-layout-flow wp-block-column-is-layout-flow\">\n<p class=\"has-orange-background-color has-background\" id=\"dag58\"><\/p>\n<\/div>\n<\/div>\n\n\n\n<div class=\"wp-block-columns is-layout-flex wp-container-core-columns-is-layout-9d6595d7 wp-block-columns-is-layout-flex\">\n<div class=\"wp-block-column is-layout-flow wp-block-column-is-layout-flow\" style=\"flex-basis:33.33%\">\n<p><a href=\"#titel\">top<\/a><\/p>\n<\/div>\n\n\n\n<div class=\"wp-block-column is-layout-flow wp-block-column-is-layout-flow\" style=\"flex-basis:66.66%\">\n<p><strong>AAN ALLES KOMT EEN EIND<\/strong><br>dag 58 &nbsp; &nbsp; &nbsp;&nbsp;zo 30 juni 2019<br><a href=\"https:\/\/www.google.com\/maps\/d\/edit?mid=1t7EWkWNdU5mWv2nKjWFsGLX9M6mW-dqO&amp;ll=50.68344617098599%2C4.178673188825556&amp;z=8\" target=\"_blank\" rel=\"noreferrer noopener\">Suzy (Laon) \u2013 Tilburg<\/a>&nbsp; &nbsp; &nbsp; 346&nbsp;km<\/p>\n<\/div>\n<\/div>\n\n\n\n<div style=\"height:20px\" aria-hidden=\"true\" class=\"wp-block-spacer\"><\/div>\n\n\n\n<div class=\"wp-block-columns is-layout-flex wp-container-core-columns-is-layout-9d6595d7 wp-block-columns-is-layout-flex\">\n<div class=\"wp-block-column is-layout-flow wp-block-column-is-layout-flow\" style=\"flex-basis:33.33%\"><\/div>\n\n\n\n<div class=\"wp-block-column is-layout-flow wp-block-column-is-layout-flow\" style=\"flex-basis:66.66%\">\n<p>We zijn &nbsp;weer thuis. Het Is een kwestie van doorrijden: Laon &gt; Maubeuge &gt; Bergen &gt; Brussel &gt; Antwerpen &gt; Breda &gt; Tilburg.&nbsp;<\/p>\n\n\n\n<p>We hebben 7426 kilometer afgelegd, waarbij we 32 campings of camperplaatsen hebben bezocht.<br><br><br><br><br><br><br><br><br><br><br><br><br><br><br><br><br><br><br><br><br><br><br><br><br><br><br><br><br><br><br><br><br><br><br><br><\/p>\n<\/div>\n<\/div>\n","protected":false},"excerpt":{"rendered":"<p>IBERI\u00cb 2019 In 2019 hebben we van 4 mei tot en met 30 juni een rondreis gemaakt door West-Spanje, Portugal en Noord-Spanje.In 58 dagen hebben we 33 etappes [&hellip;]<\/p>\n","protected":false},"author":1,"featured_media":0,"parent":0,"menu_order":0,"comment_status":"closed","ping_status":"closed","template":"","meta":{"footnotes":""},"class_list":["post-9094","page","type-page","status-publish","hentry"],"_links":{"self":[{"href":"https:\/\/tedenloesopreis.nl\/index.php\/wp-json\/wp\/v2\/pages\/9094","targetHints":{"allow":["GET"]}}],"collection":[{"href":"https:\/\/tedenloesopreis.nl\/index.php\/wp-json\/wp\/v2\/pages"}],"about":[{"href":"https:\/\/tedenloesopreis.nl\/index.php\/wp-json\/wp\/v2\/types\/page"}],"author":[{"embeddable":true,"href":"https:\/\/tedenloesopreis.nl\/index.php\/wp-json\/wp\/v2\/users\/1"}],"replies":[{"embeddable":true,"href":"https:\/\/tedenloesopreis.nl\/index.php\/wp-json\/wp\/v2\/comments?post=9094"}],"version-history":[{"count":148,"href":"https:\/\/tedenloesopreis.nl\/index.php\/wp-json\/wp\/v2\/pages\/9094\/revisions"}],"predecessor-version":[{"id":12151,"href":"https:\/\/tedenloesopreis.nl\/index.php\/wp-json\/wp\/v2\/pages\/9094\/revisions\/12151"}],"wp:attachment":[{"href":"https:\/\/tedenloesopreis.nl\/index.php\/wp-json\/wp\/v2\/media?parent=9094"}],"curies":[{"name":"wp","href":"https:\/\/api.w.org\/{rel}","templated":true}]}}